{"id":1033,"date":"2024-09-07T17:18:16","date_gmt":"2024-09-07T17:18:16","guid":{"rendered":"https:\/\/www.cltweb.org\/programas-y-proyectos\/terra-nostra-press\/consejo-editorial\/"},"modified":"2024-09-16T14:37:12","modified_gmt":"2024-09-16T14:37:12","slug":"consejo-editorial","status":"publish","type":"page","link":"https:\/\/www.cltweb.org\/es\/terra-nostra-press\/consejo-editorial\/","title":{"rendered":"Consejo editorial"},"content":{"rendered":"\n<h2 class=\"wp-block-heading\">Consejo editorial de Terra Nostra Press<\/h2>\n\n<ul class=\"wp-block-list\">\n<li><strong>John Emmeus Davis, redactor jefe:<\/strong> Burlington Associates (EEUU)<\/li>\n\n\n\n<li><strong>L\u00ednea Algoed:<\/strong> Centro Cosm\u00f3polis de Investigaci\u00f3n Urbana (B\u00e9lgica)<\/li>\n\n\n\n<li><strong>Yves Cabannes<\/strong> University College London (Portugal)<\/li>\n\n\n\n<li><strong>Mar\u00eda Hern\u00e1ndez Torrales:<\/strong> Facultad de Derecho de la Universidad de Puerto Rico (Puerto Rico)<\/li>\n<\/ul>\n","protected":false},"excerpt":{"rendered":"<p>Consejo editorial de Terra Nostra Press<\/p>\n","protected":false},"author":1,"featured_media":0,"parent":977,"menu_order":0,"comment_status":"closed","ping_status":"closed","template":"","meta":{"give_campaign_id":0,"_tec_requires_first_save":true,"_kad_blocks_custom_css":"","_kad_blocks_head_custom_js":"","_kad_blocks_body_custom_js":"","_kad_blocks_footer_custom_js":"","_EventAllDay":false,"_EventTimezone":"","_EventStartDate":"","_EventEndDate":"","_EventStartDateUTC":"","_EventEndDateUTC":"","_EventShowMap":false,"_EventShowMapLink":false,"_EventURL":"","_EventCost":"","_EventCostDescription":"","_EventCurrencySymbol":"","_EventCurrencyCode":"","_EventCurrencyPosition":"","_EventDateTimeSeparator":"","_EventTimeRangeSeparator":"","_EventOrganizerID":[],"_EventVenueID":[],"_OrganizerEmail":"","_OrganizerPhone":"","_OrganizerWebsite":"","_VenueAddress":"","_VenueCity":"","_VenueCountry":"","_VenueProvince":"","_VenueState":"","_VenueZip":"","_VenuePhone":"","_VenueURL":"","_VenueStateProvince":"","_VenueLat":"","_VenueLng":"","_VenueShowMap":false,"_VenueShowMapLink":false,"_tribe_blocks_recurrence_rules":"","_tribe_blocks_recurrence_description":"","_tribe_blocks_recurrence_exclusions":"","footnotes":""},"categories":[],"tags":[],"class_list":["post-1033","page","type-page","status-publish","hentry"],"blocksy_meta":[],"yoast_head":"<!-- This site is optimized with the Yoast SEO Premium plugin v27.5 (Yoast SEO v27.5) - https:\/\/yoast.com\/product\/yoast-seo-premium-wordpress\/ -->\n<title>Consejo editorial - International Center for Community Land Trusts<\/title>\n<meta name=\"robots\" content=\"index, follow, max-snippet:-1, max-image-preview:large, max-video-preview:-1\" \/>\n<link rel=\"canonical\" href=\"https:\/\/www.cltweb.org\/es\/terra-nostra-press\/consejo-editorial\/\" \/>\n<meta property=\"og:locale\" content=\"es_ES\" \/>\n<meta property=\"og:type\" content=\"article\" \/>\n<meta property=\"og:title\" content=\"Consejo editorial\" \/>\n<meta property=\"og:description\" content=\"Consejo editorial de Terra Nostra Press\" \/>\n<meta property=\"og:url\" content=\"https:\/\/www.cltweb.org\/es\/terra-nostra-press\/consejo-editorial\/\" \/>\n<meta property=\"og:site_name\" content=\"International Center for Community Land Trusts\" \/>\n<meta property=\"article:publisher\" content=\"https:\/\/www.facebook.com\/cltcenter\" \/>\n<meta property=\"article:modified_time\" content=\"2024-09-16T14:37:12+00:00\" \/>\n<meta name=\"twitter:card\" content=\"summary_large_image\" \/>\n<meta name=\"twitter:site\" content=\"@Center4CLTs\" \/>\n<script type=\"application\/ld+json\" class=\"yoast-schema-graph\">{\"@context\":\"https:\\\/\\\/schema.org\",\"@graph\":[{\"@type\":\"WebPage\",\"@id\":\"https:\\\/\\\/www.cltweb.org\\\/es\\\/terra-nostra-press\\\/consejo-editorial\\\/\",\"url\":\"https:\\\/\\\/www.cltweb.org\\\/es\\\/terra-nostra-press\\\/consejo-editorial\\\/\",\"name\":\"Consejo editorial - International Center for Community Land Trusts\",\"isPartOf\":{\"@id\":\"https:\\\/\\\/www.cltweb.org\\\/es\\\/#website\"},\"datePublished\":\"2024-09-07T17:18:16+00:00\",\"dateModified\":\"2024-09-16T14:37:12+00:00\",\"breadcrumb\":{\"@id\":\"https:\\\/\\\/www.cltweb.org\\\/es\\\/terra-nostra-press\\\/consejo-editorial\\\/#breadcrumb\"},\"inLanguage\":\"es\",\"potentialAction\":[{\"@type\":\"ReadAction\",\"target\":[\"https:\\\/\\\/www.cltweb.org\\\/es\\\/terra-nostra-press\\\/consejo-editorial\\\/\"]}]},{\"@type\":\"BreadcrumbList\",\"@id\":\"https:\\\/\\\/www.cltweb.org\\\/es\\\/terra-nostra-press\\\/consejo-editorial\\\/#breadcrumb\",\"itemListElement\":[{\"@type\":\"ListItem\",\"position\":1,\"name\":\"Home\",\"item\":\"https:\\\/\\\/www.cltweb.org\\\/es\\\/\"},{\"@type\":\"ListItem\",\"position\":2,\"name\":\"Terra Nostra Press\",\"item\":\"https:\\\/\\\/www.cltweb.org\\\/es\\\/terra-nostra-press\\\/\"},{\"@type\":\"ListItem\",\"position\":3,\"name\":\"Consejo editorial\"}]},{\"@type\":\"WebSite\",\"@id\":\"https:\\\/\\\/www.cltweb.org\\\/es\\\/#website\",\"url\":\"https:\\\/\\\/www.cltweb.org\\\/es\\\/\",\"name\":\"International Center for Community Land Trusts\",\"description\":\"\",\"publisher\":{\"@id\":\"https:\\\/\\\/www.cltweb.org\\\/es\\\/#organization\"},\"potentialAction\":[{\"@type\":\"SearchAction\",\"target\":{\"@type\":\"EntryPoint\",\"urlTemplate\":\"https:\\\/\\\/www.cltweb.org\\\/es\\\/?s={search_term_string}\"},\"query-input\":{\"@type\":\"PropertyValueSpecification\",\"valueRequired\":true,\"valueName\":\"search_term_string\"}}],\"inLanguage\":\"es\"},{\"@type\":\"Organization\",\"@id\":\"https:\\\/\\\/www.cltweb.org\\\/es\\\/#organization\",\"name\":\"International Center for Community Land Trusts\",\"url\":\"https:\\\/\\\/www.cltweb.org\\\/es\\\/\",\"logo\":{\"@type\":\"ImageObject\",\"inLanguage\":\"es\",\"@id\":\"https:\\\/\\\/www.cltweb.org\\\/es\\\/#\\\/schema\\\/logo\\\/image\\\/\",\"url\":\"https:\\\/\\\/www.cltweb.org\\\/wp-content\\\/uploads\\\/2024\\\/11\\\/New-CLT-Center-Text-logo.png\",\"contentUrl\":\"https:\\\/\\\/www.cltweb.org\\\/wp-content\\\/uploads\\\/2024\\\/11\\\/New-CLT-Center-Text-logo.png\",\"width\":227,\"height\":80,\"caption\":\"International Center for Community Land Trusts\"},\"image\":{\"@id\":\"https:\\\/\\\/www.cltweb.org\\\/es\\\/#\\\/schema\\\/logo\\\/image\\\/\"},\"sameAs\":[\"https:\\\/\\\/www.facebook.com\\\/cltcenter\",\"https:\\\/\\\/x.com\\\/Center4CLTs\",\"https:\\\/\\\/www.instagram.com\\\/cltcenter\\\/\",\"https:\\\/\\\/www.linkedin.com\\\/company\\\/cltcenter\",\"https:\\\/\\\/www.youtube.com\\\/@centerforcltinnovation5313\"],\"description\":\"The International Center for Community Land Trusts is a not-for-profit nongovernmental organization established in 2018 to promote and to support community land trusts and similar strategies of community-led development on community-owned land in countries throughout the world.\",\"email\":\"info@communitylandtrust.net\",\"legalName\":\"International Center for Community Land Trusts\",\"foundingDate\":\"2018-12-01\",\"taxID\":\"84-3858933\",\"numberOfEmployees\":{\"@type\":\"QuantitativeValue\",\"minValue\":\"1\",\"maxValue\":\"10\"}}]}<\/script>\n<!-- \/ Yoast SEO Premium plugin. -->","yoast_head_json":{"title":"Consejo editorial - International Center for Community Land Trusts","robots":{"index":"index","follow":"follow","max-snippet":"max-snippet:-1","max-image-preview":"max-image-preview:large","max-video-preview":"max-video-preview:-1"},"canonical":"https:\/\/www.cltweb.org\/es\/terra-nostra-press\/consejo-editorial\/","og_locale":"es_ES","og_type":"article","og_title":"Consejo editorial","og_description":"Consejo editorial de Terra Nostra Press","og_url":"https:\/\/www.cltweb.org\/es\/terra-nostra-press\/consejo-editorial\/","og_site_name":"International Center for Community Land Trusts","article_publisher":"https:\/\/www.facebook.com\/cltcenter","article_modified_time":"2024-09-16T14:37:12+00:00","twitter_card":"summary_large_image","twitter_site":"@Center4CLTs","schema":{"@context":"https:\/\/schema.org","@graph":[{"@type":"WebPage","@id":"https:\/\/www.cltweb.org\/es\/terra-nostra-press\/consejo-editorial\/","url":"https:\/\/www.cltweb.org\/es\/terra-nostra-press\/consejo-editorial\/","name":"Consejo editorial - International Center for Community Land Trusts","isPartOf":{"@id":"https:\/\/www.cltweb.org\/es\/#website"},"datePublished":"2024-09-07T17:18:16+00:00","dateModified":"2024-09-16T14:37:12+00:00","breadcrumb":{"@id":"https:\/\/www.cltweb.org\/es\/terra-nostra-press\/consejo-editorial\/#breadcrumb"},"inLanguage":"es","potentialAction":[{"@type":"ReadAction","target":["https:\/\/www.cltweb.org\/es\/terra-nostra-press\/consejo-editorial\/"]}]},{"@type":"BreadcrumbList","@id":"https:\/\/www.cltweb.org\/es\/terra-nostra-press\/consejo-editorial\/#breadcrumb","itemListElement":[{"@type":"ListItem","position":1,"name":"Home","item":"https:\/\/www.cltweb.org\/es\/"},{"@type":"ListItem","position":2,"name":"Terra Nostra Press","item":"https:\/\/www.cltweb.org\/es\/terra-nostra-press\/"},{"@type":"ListItem","position":3,"name":"Consejo editorial"}]},{"@type":"WebSite","@id":"https:\/\/www.cltweb.org\/es\/#website","url":"https:\/\/www.cltweb.org\/es\/","name":"International Center for Community Land Trusts","description":"","publisher":{"@id":"https:\/\/www.cltweb.org\/es\/#organization"},"potentialAction":[{"@type":"SearchAction","target":{"@type":"EntryPoint","urlTemplate":"https:\/\/www.cltweb.org\/es\/?s={search_term_string}"},"query-input":{"@type":"PropertyValueSpecification","valueRequired":true,"valueName":"search_term_string"}}],"inLanguage":"es"},{"@type":"Organization","@id":"https:\/\/www.cltweb.org\/es\/#organization","name":"International Center for Community Land Trusts","url":"https:\/\/www.cltweb.org\/es\/","logo":{"@type":"ImageObject","inLanguage":"es","@id":"https:\/\/www.cltweb.org\/es\/#\/schema\/logo\/image\/","url":"https:\/\/www.cltweb.org\/wp-content\/uploads\/2024\/11\/New-CLT-Center-Text-logo.png","contentUrl":"https:\/\/www.cltweb.org\/wp-content\/uploads\/2024\/11\/New-CLT-Center-Text-logo.png","width":227,"height":80,"caption":"International Center for Community Land Trusts"},"image":{"@id":"https:\/\/www.cltweb.org\/es\/#\/schema\/logo\/image\/"},"sameAs":["https:\/\/www.facebook.com\/cltcenter","https:\/\/x.com\/Center4CLTs","https:\/\/www.instagram.com\/cltcenter\/","https:\/\/www.linkedin.com\/company\/cltcenter","https:\/\/www.youtube.com\/@centerforcltinnovation5313"],"description":"The International Center for Community Land Trusts is a not-for-profit nongovernmental organization established in 2018 to promote and to support community land trusts and similar strategies of community-led development on community-owned land in countries throughout the world.","email":"info@communitylandtrust.net","legalName":"International Center for Community Land Trusts","foundingDate":"2018-12-01","taxID":"84-3858933","numberOfEmployees":{"@type":"QuantitativeValue","minValue":"1","maxValue":"10"}}]}},"campaignId":"","taxonomy_info":[],"featured_image_src_large":false,"author_info":{"display_name":"cltredesign_0jp0l4","author_link":"https:\/\/www.cltweb.org\/es\/author\/cltredesign_0jp0l4\/"},"comment_info":0,"jetpack_sharing_enabled":true,"jetpack-related-posts":[{"id":859,"url":"https:\/\/www.cltweb.org\/es\/sobre-nosotros\/junta\/","url_meta":{"origin":1033,"position":0},"title":"Junta Directiva y Personal","author":"cltredesign_0jp0l4","date":"26 de julio de 2024","format":false,"excerpt":"El equipo que dirige el trabajo del Centro CLT.","rel":"","context":"En \u00abSobre nosotros\u00bb","block_context":{"text":"Sobre nosotros","link":"https:\/\/www.cltweb.org\/es\/category\/sobre-nosotros\/"},"img":{"alt_text":"","src":"","width":0,"height":0},"classes":[]},{"id":849,"url":"https:\/\/www.cltweb.org\/es\/sobre-nosotros\/historia\/","url_meta":{"origin":1033,"position":1},"title":"Nuestra historia","author":"cltredesign_0jp0l4","date":"26 de julio de 2024","format":false,"excerpt":"Una cronolog\u00eda de la evoluci\u00f3n del movimiento internacional de CLT.","rel":"","context":"En \u00abSobre nosotros\u00bb","block_context":{"text":"Sobre nosotros","link":"https:\/\/www.cltweb.org\/es\/category\/sobre-nosotros\/"},"img":{"alt_text":"","src":"","width":0,"height":0},"classes":[]},{"id":1023,"url":"https:\/\/www.cltweb.org\/terra-nostra-press\/editorial-board\/","url_meta":{"origin":1033,"position":2},"title":"Editorial Board","author":"cltredesign_0jp0l4","date":"7 de septiembre de 2024","format":false,"excerpt":"Terra Nostra Press Editorial Board John Emmeus Davis, Editor-in-Chief:\u00a0 Burlington Associates (US) Line Algoed:\u00a0 Cosmopolis Centre for Urban Research (Belgium) Yves Cabannes:\u00a0University College London (Portugal) Mar\u00eda Hern\u00e1ndez Torrales:\u00a0\u00a0University of Puerto Rico School of Law (Puerto Rico)","rel":"","context":"Entrada similar","block_context":{"text":"Entrada similar","link":""},"img":{"alt_text":"","src":"","width":0,"height":0},"classes":[]},{"id":1027,"url":"https:\/\/www.cltweb.org\/pt-br\/terra-nostra-press\/conselho-editorial\/","url_meta":{"origin":1033,"position":3},"title":"Conselho Editorial","author":"cltredesign_0jp0l4","date":"7 de septiembre de 2024","format":false,"excerpt":"Conselho editorial da Terra Nostra Press John Emmeus Davis, editor-chefe: Burlington Associates (EUA) Line Algoed: Centro de Pesquisa Urbana Cosmopolis (B\u00e9lgica) Yves Cabannes: University College London (Portugal) Mar\u00eda Hern\u00e1ndez Torrales: Faculdade de Direito da Universidade de Porto Rico (Porto Rico)","rel":"","context":"Entrada similar","block_context":{"text":"Entrada similar","link":""},"img":{"alt_text":"","src":"","width":0,"height":0},"classes":[]},{"id":3817,"url":"https:\/\/www.cltweb.org\/nl\/bibliotheek-met-bronnen\/mondiaal-zuiden\/puerto-rico\/","url_meta":{"origin":1033,"position":4},"title":"Puerto Rico","author":"cltredesign_0jp0l4","date":"19 de octubre de 2024","format":false,"excerpt":"Fideicomiso de la Tierra del Ca\u00f1o Mart\u00edn Pe\u00f1aThe Ca\u00f1o Mart\u00edn Pe\u00f1a Land Trust in San Juan, Puerto Rico, has piloted an approach to community land trusts in informal communities that is inspiring efforts throughout the Global South. INTRODUCCI\u00d3N: El Fideicomiso de la Tierra del Ca\u00f1o Mart\u00edn Pe\u00f1a (Fideicomiso del Ca\u00f1o)\u2026","rel":"","context":"En \u00abMondiaal Zuiden\u00bb","block_context":{"text":"Mondiaal Zuiden","link":"https:\/\/www.cltweb.org\/nl\/category\/mondiaal-zuiden\/"},"img":{"alt_text":"Logo for the Cano Mart\u00edn Pe\u00f1a CLT","src":"https:\/\/i0.wp.com\/www.cltweb.org\/wp-content\/uploads\/2024\/10\/cano-martin-pena-clt-logo.png?resize=350%2C200&ssl=1","width":350,"height":200,"srcset":"https:\/\/i0.wp.com\/www.cltweb.org\/wp-content\/uploads\/2024\/10\/cano-martin-pena-clt-logo.png?resize=350%2C200&ssl=1 1x, https:\/\/i0.wp.com\/www.cltweb.org\/wp-content\/uploads\/2024\/10\/cano-martin-pena-clt-logo.png?resize=525%2C300&ssl=1 1.5x, https:\/\/i0.wp.com\/www.cltweb.org\/wp-content\/uploads\/2024\/10\/cano-martin-pena-clt-logo.png?resize=700%2C400&ssl=1 2x, https:\/\/i0.wp.com\/www.cltweb.org\/wp-content\/uploads\/2024\/10\/cano-martin-pena-clt-logo.png?resize=1050%2C600&ssl=1 3x"},"classes":[]},{"id":3807,"url":"https:\/\/www.cltweb.org\/resources\/global-south\/puerto-rico\/","url_meta":{"origin":1033,"position":5},"title":"Puerto Rico","author":"cltredesign_0jp0l4","date":"19 de octubre de 2024","format":false,"excerpt":"Fideicomiso de la Tierra del Ca\u00f1o Mart\u00edn Pe\u00f1aThe Ca\u00f1o Mart\u00edn Pe\u00f1a Land Trust in San Juan, Puerto Rico, has piloted an approach to community land trusts in informal communities that is inspiring efforts throughout the Global South. INTRODUCCI\u00d3N:\u00a0\u00a0El Fideicomiso de la Tierra del Ca\u00f1o Mart\u00edn Pe\u00f1a (Fideicomiso del Ca\u00f1o) es\u2026","rel":"","context":"En \u00abGlobal South\u00bb","block_context":{"text":"Global South","link":"https:\/\/www.cltweb.org\/category\/global-south\/"},"img":{"alt_text":"Logo for the Cano Mart\u00edn Pe\u00f1a CLT","src":"https:\/\/i0.wp.com\/www.cltweb.org\/wp-content\/uploads\/2024\/10\/cano-martin-pena-clt-logo.png?resize=350%2C200&ssl=1","width":350,"height":200,"srcset":"https:\/\/i0.wp.com\/www.cltweb.org\/wp-content\/uploads\/2024\/10\/cano-martin-pena-clt-logo.png?resize=350%2C200&ssl=1 1x, https:\/\/i0.wp.com\/www.cltweb.org\/wp-content\/uploads\/2024\/10\/cano-martin-pena-clt-logo.png?resize=525%2C300&ssl=1 1.5x, https:\/\/i0.wp.com\/www.cltweb.org\/wp-content\/uploads\/2024\/10\/cano-martin-pena-clt-logo.png?resize=700%2C400&ssl=1 2x, https:\/\/i0.wp.com\/www.cltweb.org\/wp-content\/uploads\/2024\/10\/cano-martin-pena-clt-logo.png?resize=1050%2C600&ssl=1 3x"},"classes":[]}],"_links":{"self":[{"href":"https:\/\/www.cltweb.org\/es\/wp-json\/wp\/v2\/pages\/1033","targetHints":{"allow":["GET"]}}],"collection":[{"href":"https:\/\/www.cltweb.org\/es\/wp-json\/wp\/v2\/pages"}],"about":[{"href":"https:\/\/www.cltweb.org\/es\/wp-json\/wp\/v2\/types\/page"}],"author":[{"embeddable":true,"href":"https:\/\/www.cltweb.org\/es\/wp-json\/wp\/v2\/users\/1"}],"replies":[{"embeddable":true,"href":"https:\/\/www.cltweb.org\/es\/wp-json\/wp\/v2\/comments?post=1033"}],"version-history":[{"count":2,"href":"https:\/\/www.cltweb.org\/es\/wp-json\/wp\/v2\/pages\/1033\/revisions"}],"predecessor-version":[{"id":1037,"href":"https:\/\/www.cltweb.org\/es\/wp-json\/wp\/v2\/pages\/1033\/revisions\/1037"}],"up":[{"embeddable":true,"href":"https:\/\/www.cltweb.org\/es\/wp-json\/wp\/v2\/pages\/977"}],"wp:attachment":[{"href":"https:\/\/www.cltweb.org\/es\/wp-json\/wp\/v2\/media?parent=1033"}],"wp:term":[{"taxonomy":"category","embeddable":true,"href":"https:\/\/www.cltweb.org\/es\/wp-json\/wp\/v2\/categories?post=1033"},{"taxonomy":"post_tag","embeddable":true,"href":"https:\/\/www.cltweb.org\/es\/wp-json\/wp\/v2\/tags?post=1033"}],"curies":[{"name":"wp","href":"https:\/\/api.w.org\/{rel}","templated":true}]}}