{"id":1492,"date":"2024-07-26T17:08:28","date_gmt":"2024-07-26T17:08:28","guid":{"rendered":"https:\/\/www.cltweb.org\/biblioteca-de-recursos\/archivo-de-seminarios-web\/"},"modified":"2024-11-11T22:42:55","modified_gmt":"2024-11-11T22:42:55","slug":"archivo-de-seminarios-web","status":"publish","type":"page","link":"https:\/\/www.cltweb.org\/es\/biblioteca-de-recursos\/archivo-de-seminarios-web\/","title":{"rendered":"Archivo de seminarios web"},"content":{"rendered":"<div\n\t class=\"tribe-common tribe-events tribe-events-view tribe-events-view--list tribe-events-view--shortcode tribe-events-view--shortcode-bdbabbea\" \tdata-js=\"tribe-events-view\"\n\tdata-view-rest-url=\"https:\/\/www.cltweb.org\/es\/wp-json\/tribe\/views\/v2\/html\"\n\tdata-view-rest-method=\"GET\"\n\tdata-view-manage-url=\"\"\n\t\t\tdata-view-shortcode=\"bdbabbea\"\n\t\t\t\tdata-view-breakpoint-pointer=\"81036db4-000d-4ef1-a64e-9a15e0e6f9a1\"\n\t>\n\t<section class=\"tribe-common-l-container tribe-events-l-container\">\n\t\t<div\n\tclass=\"tribe-events-view-loader tribe-common-a11y-hidden\"\n\trole=\"alert\"\n\taria-live=\"polite\"\n>\n\t<span class=\"tribe-events-view-loader__text tribe-common-a11y-visual-hide\">\n\t\t12 eventos encontrados.\t<\/span>\n\t<div class=\"tribe-events-view-loader__dots tribe-common-c-loader\">\n\t\t<svg\n\t class=\"tribe-common-c-svgicon tribe-common-c-svgicon--dot tribe-common-c-loader__dot tribe-common-c-loader__dot--first\" \taria-hidden=\"true\"\n\tviewBox=\"0 0 15 15\"\n\txmlns=\"http:\/\/www.w3.org\/2000\/svg\"\n>\n\t<circle cx=\"7.5\" cy=\"7.5\" r=\"7.5\"\/>\n<\/svg>\n\t\t<svg\n\t class=\"tribe-common-c-svgicon tribe-common-c-svgicon--dot tribe-common-c-loader__dot tribe-common-c-loader__dot--second\" \taria-hidden=\"true\"\n\tviewBox=\"0 0 15 15\"\n\txmlns=\"http:\/\/www.w3.org\/2000\/svg\"\n>\n\t<circle cx=\"7.5\" cy=\"7.5\" r=\"7.5\"\/>\n<\/svg>\n\t\t<svg\n\t class=\"tribe-common-c-svgicon tribe-common-c-svgicon--dot tribe-common-c-loader__dot tribe-common-c-loader__dot--third\" \taria-hidden=\"true\"\n\tviewBox=\"0 0 15 15\"\n\txmlns=\"http:\/\/www.w3.org\/2000\/svg\"\n>\n\t<circle cx=\"7.5\" cy=\"7.5\" r=\"7.5\"\/>\n<\/svg>\n\t<\/div>\n<\/div>\n\n\t\t<script type=\"application\/ld+json\">\r\n[{\"@context\":\"http:\/\/schema.org\",\"@type\":\"Event\",\"name\":\"La Vivienda Inclusiva y el Papel de las CLT: Perspectivas transregionales sobre la pol\\u00edtica inmobiliaria y la asequibilidad a largo plazo\",\"description\":\"&lt;p&gt;Descripci\\u00f3n del seminario A medida que las ciudades de todo el mundo se enfrentan a crisis cada vez m\\u00e1s profundas de asequibilidad de la vivienda, las pol\\u00edticas de vivienda de [&hellip;]&lt;\/p&gt;\\\\n\",\"url\":\"https:\/\/www.cltweb.org\/es\/event\/la-vivienda-inclusiva-y-el-papel-de-las-clt-perspectivas-transregionales-sobre-la-politica-inmobiliaria-y-la-asequibilidad-a-largo-plazo\/\",\"eventAttendanceMode\":\"https:\/\/schema.org\/OfflineEventAttendanceMode\",\"eventStatus\":\"https:\/\/schema.org\/EventScheduled\",\"startDate\":\"2026-02-03T11:00:00+00:00\",\"endDate\":\"2026-02-03T12:30:00+00:00\",\"performer\":\"Organization\"},{\"@context\":\"http:\/\/schema.org\",\"@type\":\"Event\",\"name\":\"Arraigados en la Justicia: Centrar a las comunidades desatendidas en la pr\\u00e1ctica del CLT\",\"description\":\"&lt;p&gt;Este acto forma parte de la Cumbre Virtual 2026 sobre Fideicomisos Comunitarios de la Tierra (CLT), una serie de actos en l\\u00ednea de seis semanas de duraci\\u00f3n, del 5 de [&hellip;]&lt;\/p&gt;\\\\n\",\"image\":\"https:\/\/www.cltweb.org\/wp-content\/uploads\/2026\/03\/Rondo-Event-Square-1.png\",\"url\":\"https:\/\/www.cltweb.org\/es\/event\/arraigados-en-la-justicia-centrar-a-las-comunidades-desatendidas-en-la-practica-del-clt\/\",\"eventAttendanceMode\":\"https:\/\/schema.org\/OfflineEventAttendanceMode\",\"eventStatus\":\"https:\/\/schema.org\/EventScheduled\",\"startDate\":\"2026-05-05T10:00:00-04:00\",\"endDate\":\"2026-05-05T11:30:00-04:00\",\"organizer\":{\"@type\":\"Person\",\"name\":\"Fideicomiso Comunitario de la Tierra de Rondo\",\"description\":\"&lt;p&gt;Rondo Community Land Trust (CLT) es un fideicomiso de la tierra comercial y de vivienda asequible basado en la comunidad que opera en St. Paul y en los condados m\\u00e1s [&hellip;]&lt;\/p&gt;\\\\n\",\"url\":\"https:\/\/www.rondoclt.org\/\",\"telephone\":\"\",\"email\":\"\",\"sameAs\":\"https:\/\/www.rondoclt.org\/\"},\"performer\":\"Organization\"},{\"@context\":\"http:\/\/schema.org\",\"@type\":\"Event\",\"name\":\"Territorios Colectivos en Brasil: Aprendizajes, Desaf\\u00edos y Perspectivas\",\"description\":\"&lt;p&gt;Este acto forma parte de la Cumbre Virtual 2026 sobre Fideicomisos Comunitarios de la Tierra (CLT), una serie de actos en l\\u00ednea de seis semanas de duraci\\u00f3n, del 5 de [&hellip;]&lt;\/p&gt;\\\\n\",\"image\":\"https:\/\/www.cltweb.org\/wp-content\/uploads\/2026\/03\/5-May_Brazil.png\",\"url\":\"https:\/\/www.cltweb.org\/es\/event\/territorios-colectivos-en-brasil-aprendizajes-desafios-y-perspectivas\/\",\"eventAttendanceMode\":\"https:\/\/schema.org\/OfflineEventAttendanceMode\",\"eventStatus\":\"https:\/\/schema.org\/EventScheduled\",\"startDate\":\"2026-05-05T13:00:00-04:00\",\"endDate\":\"2026-05-05T14:30:00-04:00\",\"organizer\":{\"@type\":\"Person\",\"name\":\"Proyecto Favela CLT\",\"description\":\"&lt;p&gt;El proyecto Favela Community Land Trust (Favela-CLT) naci\\u00f3 en agosto de 2018, poco despu\\u00e9s de que la ciudad de R\\u00edo de Janeiro experimentara la mayor oleada de desalojos de su [&hellip;]&lt;\/p&gt;\\\\n\",\"url\":\"https:\/\/www.termoterritorialcoletivo.org\/about\",\"telephone\":\"\",\"email\":\"\",\"sameAs\":\"https:\/\/www.termoterritorialcoletivo.org\/about\"},\"performer\":\"Organization\"},{\"@context\":\"http:\/\/schema.org\",\"@type\":\"Event\",\"name\":\"Dise\\u00f1o de soluciones de tenencia colectiva de la tierra a partir de las aspiraciones comunitarias: La experiencia de Puerto Rico\",\"description\":\"&lt;p&gt;Este acto forma parte de la Cumbre Virtual 2026 sobre Fideicomisos Comunitarios de la Tierra (CLT), una serie de actos en l\\u00ednea de seis semanas de duraci\\u00f3n, del 5 de [&hellip;]&lt;\/p&gt;\\\\n\",\"image\":\"https:\/\/www.cltweb.org\/wp-content\/uploads\/2026\/03\/Puerto-Rico-Event-Square.png\",\"url\":\"https:\/\/www.cltweb.org\/es\/event\/diseno-de-soluciones-de-tenencia-colectiva-de-la-tierra-a-partir-de-las-aspiraciones-comunitarias-la-experiencia-de-puerto-rico\/\",\"eventAttendanceMode\":\"https:\/\/schema.org\/OfflineEventAttendanceMode\",\"eventStatus\":\"https:\/\/schema.org\/EventScheduled\",\"startDate\":\"2026-05-05T13:00:00-04:00\",\"endDate\":\"2026-05-05T14:30:00-04:00\",\"organizer\":{\"@type\":\"Person\",\"name\":\"Fideicomiso de la Tierra Ca\\u00f1o Mart\\u00edn Pe\\u00f1a\",\"description\":\"&lt;p&gt;El CLT Ca\\u00f1o Mart\\u00edn Pe\\u00f1a (el &quot;Ca\\u00f1o&quot;) es el principal mecanismo que tienen las ocho comunidades del Ca\\u00f1o Mart\\u00edn Pe\\u00f1a para superar la pobreza. Creado por la Ley 489 de [&hellip;]&lt;\/p&gt;\\\\n\",\"url\":\"https:\/\/fideicomisomartinpena.org\/\",\"telephone\":\"\",\"email\":\"\",\"sameAs\":\"https:\/\/fideicomisomartinpena.org\/\"},\"performer\":\"Organization\"},{\"@context\":\"http:\/\/schema.org\",\"@type\":\"Event\",\"name\":\"Lo que estamos aprendiendo en el Sur Global: Una conversaci\\u00f3n sobre las CLT en distintos contextos\",\"description\":\"&lt;p&gt;Este acto forma parte de la Cumbre Virtual 2026 sobre Fideicomisos Comunitarios de la Tierra (CLT), una serie de actos en l\\u00ednea de seis semanas de duraci\\u00f3n, del 5 de [&hellip;]&lt;\/p&gt;\\\\n\",\"image\":\"https:\/\/www.cltweb.org\/wp-content\/uploads\/2026\/03\/CLT-Center-Event-Square.png\",\"url\":\"https:\/\/www.cltweb.org\/es\/event\/lo-que-estamos-aprendiendo-en-el-sur-global-una-conversacion-sobre-las-clt-en-distintos-contextos\/\",\"eventAttendanceMode\":\"https:\/\/schema.org\/OfflineEventAttendanceMode\",\"eventStatus\":\"https:\/\/schema.org\/EventScheduled\",\"startDate\":\"2026-05-12T13:00:00-03:00\",\"endDate\":\"2026-05-12T13:30:00-03:00\",\"organizer\":{\"@type\":\"Person\",\"name\":\"Centro Internacional de Fideicomisos Comunitarios de la Tierra\",\"description\":\"\",\"url\":\"https:\/\/www.cltweb.org\",\"telephone\":\"\",\"email\":\"inf&#111;&#64;c&#111;mm&#117;&#110;i&#116;y&#108;a&#110;&#100;&#116;&#114;&#117;&#115;&#116;.&#110;&#101;t\",\"sameAs\":\"https:\/\/www.cltweb.org\"},\"performer\":\"Organization\"},{\"@context\":\"http:\/\/schema.org\",\"@type\":\"Event\",\"name\":\"Los CLT como herramienta para la creaci\\u00f3n de riqueza comunitaria\",\"description\":\"&lt;p&gt;Este acto forma parte de la Cumbre Virtual 2026 sobre Fideicomisos Comunitarios de la Tierra (CLT), una serie de actos en l\\u00ednea de seis semanas de duraci\\u00f3n, del 5 de [&hellip;]&lt;\/p&gt;\\\\n\",\"image\":\"https:\/\/www.cltweb.org\/wp-content\/uploads\/2026\/03\/GBCLTN-Event-Square.png\",\"url\":\"https:\/\/www.cltweb.org\/es\/event\/los-clt-como-herramienta-para-la-creacion-de-riqueza-comunitaria\/\",\"eventAttendanceMode\":\"https:\/\/schema.org\/OfflineEventAttendanceMode\",\"eventStatus\":\"https:\/\/schema.org\/EventScheduled\",\"startDate\":\"2026-05-19T13:00:00-04:00\",\"endDate\":\"2026-05-19T14:00:00-04:00\",\"organizer\":{\"@type\":\"Person\",\"name\":\"Red CLT del Gran Boston\",\"description\":\"&lt;p&gt;La Red de Fideicomisos Comunitarios de la Tierra del Gran Boston apoya a los fideicomisos comunitarios de la tierra (CLT) actuales y emergentes para la planificaci\\u00f3n dirigida por los residentes [&hellip;]&lt;\/p&gt;\\\\n\",\"url\":\"https:\/\/www.dsni.org\/gbcltn\",\"telephone\":\"\",\"email\":\"\",\"sameAs\":\"https:\/\/www.dsni.org\/gbcltn\"},\"performer\":\"Organization\"},{\"@context\":\"http:\/\/schema.org\",\"@type\":\"Event\",\"name\":\"Lanzamiento del Estudio de Viabilidad de la Red Europea: Uso del Enfoque CLT para Renovar el Barrio Autoconstruido Cova da Moura (Portugal)\",\"description\":\"&lt;p&gt;Este acto forma parte de la Cumbre Virtual 2026 sobre Fideicomisos Comunitarios de la Tierra (CLT), una serie de actos en l\\u00ednea de seis semanas de duraci\\u00f3n, del 5 de [&hellip;]&lt;\/p&gt;\\\\n\",\"image\":\"https:\/\/www.cltweb.org\/wp-content\/uploads\/2026\/03\/ECLTN-Event-Square.png\",\"url\":\"https:\/\/www.cltweb.org\/es\/event\/lanzamiento-del-estudio-de-viabilidad-de-la-red-europea-uso-del-enfoque-clt-para-renovar-el-barrio-autoconstruido-cova-da-moura\/\",\"eventAttendanceMode\":\"https:\/\/schema.org\/OfflineEventAttendanceMode\",\"eventStatus\":\"https:\/\/schema.org\/EventScheduled\",\"startDate\":\"2026-05-20T15:00:00+02:00\",\"endDate\":\"2026-05-20T16:15:00+02:00\",\"organizer\":{\"@type\":\"Person\",\"name\":\"Red Europea de CLT\",\"description\":\"&lt;p&gt;La misi\\u00f3n de la Red Europea de CLT es permitir el crecimiento de las CLT en toda Europa y apoyarlas para que maximicen su impacto social y medioambiental a largo [&hellip;]&lt;\/p&gt;\\\\n\",\"image\":\"https:\/\/www.cltweb.org\/wp-content\/uploads\/2026\/03\/ECLTN-logo.png\",\"url\":\"https:\/\/www.clteurope.org\/\",\"telephone\":\"\",\"email\":\"\",\"sameAs\":\"https:\/\/www.clteurope.org\/\"},\"performer\":\"Organization\"},{\"@context\":\"http:\/\/schema.org\",\"@type\":\"Event\",\"name\":\"Tierra, Justicia y Comunidad en Gran Breta\\u00f1a\",\"description\":\"&lt;p&gt;Este acto forma parte de la Cumbre Virtual 2026 sobre Fideicomisos Comunitarios de la Tierra (CLT), una serie de actos en l\\u00ednea de seis semanas de duraci\\u00f3n, del 5 de [&hellip;]&lt;\/p&gt;\\\\n\",\"image\":\"https:\/\/www.cltweb.org\/wp-content\/uploads\/2026\/03\/England-Scotland-Wales-Event-Square.png\",\"url\":\"https:\/\/www.cltweb.org\/es\/event\/tierra-justicia-y-comunidad-en-gran-bretana\/\",\"eventAttendanceMode\":\"https:\/\/schema.org\/OfflineEventAttendanceMode\",\"eventStatus\":\"https:\/\/schema.org\/EventScheduled\",\"startDate\":\"2026-05-21T16:00:00+01:00\",\"endDate\":\"2026-05-21T18:00:00+01:00\",\"organizer\":{\"@type\":\"Person\",\"name\":\"Community Land Trust Network de Inglaterra y Gales\",\"description\":\"&lt;p&gt;La Red de Fideicomisos de la Tierra Comunitaria (CLT ) es el organismo nacional de afiliaci\\u00f3n que apoya a m\\u00e1s de 300 CLT de Inglaterra y Gales. Su misi\\u00f3n es [&hellip;]&lt;\/p&gt;\\\\n\",\"url\":\"https:\/\/www.communitylandtrusts.org.uk\/\",\"telephone\":\"\",\"email\":\"\",\"sameAs\":\"https:\/\/www.communitylandtrusts.org.uk\/\"},\"performer\":\"Organization\"},{\"@context\":\"http:\/\/schema.org\",\"@type\":\"Event\",\"name\":\"Descolonizaci\\u00f3n de los fideicomisos de la tierra comunitarios en Canad\\u00e1\",\"description\":\"&lt;p&gt;Este acto forma parte de la Cumbre Virtual 2026 sobre Fideicomisos Comunitarios de la Tierra (CLT), una serie de actos en l\\u00ednea de seis semanas de duraci\\u00f3n, del 5 de [&hellip;]&lt;\/p&gt;\\\\n\",\"image\":\"https:\/\/www.cltweb.org\/wp-content\/uploads\/2026\/03\/Canada-Event-Square.png\",\"url\":\"https:\/\/www.cltweb.org\/es\/event\/descolonizacion-de-los-fideicomisos-de-la-tierra-comunitarios-en-canada\/\",\"eventAttendanceMode\":\"https:\/\/schema.org\/OfflineEventAttendanceMode\",\"eventStatus\":\"https:\/\/schema.org\/EventScheduled\",\"startDate\":\"2026-05-26T13:00:00-04:00\",\"endDate\":\"2026-05-26T14:30:00-04:00\",\"organizer\":{\"@type\":\"Person\",\"name\":\"Red Canadiense de CLT\",\"description\":\"&lt;p&gt;La Red Canadiense de CLT apoya el crecimiento de los fideicomisos de la tierra comunitarios con el objetivo principal de adquirir, desarrollar y administrar viviendas, terrenos y otros activos permanentemente [&hellip;]&lt;\/p&gt;\\\\n\",\"image\":\"https:\/\/www.cltweb.org\/wp-content\/uploads\/2026\/03\/cnclt.png\",\"url\":\"https:\/\/www.communityland.ca\/\",\"telephone\":\"\",\"email\":\"\",\"sameAs\":\"https:\/\/www.communityland.ca\/\"},\"performer\":\"Organization\"},{\"@context\":\"http:\/\/schema.org\",\"@type\":\"Event\",\"name\":\"OFS\/BRS : \\u00bfUna respuesta a la crisis de la vivienda?\",\"description\":\"&lt;p&gt;Este acto forma parte de la Cumbre Virtual 2026 sobre Fideicomisos Comunitarios de la Tierra (CLT), una serie de actos en l\\u00ednea de seis semanas de duraci\\u00f3n, del 5 de [&hellip;]&lt;\/p&gt;\\\\n\",\"image\":\"https:\/\/www.cltweb.org\/wp-content\/uploads\/2026\/03\/France-Event-Square.png\",\"url\":\"https:\/\/www.cltweb.org\/es\/event\/ofs-brs-una-respuesta-a-la-crisis-de-la-vivienda\/\",\"eventAttendanceMode\":\"https:\/\/schema.org\/OfflineEventAttendanceMode\",\"eventStatus\":\"https:\/\/schema.org\/EventScheduled\",\"startDate\":\"2026-06-03T14:00:00+02:00\",\"endDate\":\"2026-06-03T15:30:00+02:00\",\"organizer\":{\"@type\":\"Person\",\"name\":\"Foncier Solidaire Francia\",\"description\":\"&lt;p&gt;Foncier Solidaire France (FSF) es la red nacional que representa a los Organismes de Foncier Solidaire, organizaciones sin \\u00e1nimo de lucro que promueven la propiedad de vivienda asequible y a [&hellip;]&lt;\/p&gt;\\\\n\",\"image\":\"https:\/\/www.cltweb.org\/wp-content\/uploads\/2026\/03\/Logo_principal.png\",\"url\":\"https:\/\/www.foncier-solidaire.fr\/\",\"telephone\":\"\",\"email\":\"\",\"sameAs\":\"https:\/\/www.foncier-solidaire.fr\/\"},\"performer\":\"Organization\"},{\"@context\":\"http:\/\/schema.org\",\"@type\":\"Event\",\"name\":\"Enfrentarse al Momento: Solidaridad y Asociaciones con los Pueblos Ind\\u00edgenas en el Movimiento CLT de California\",\"description\":\"&lt;p&gt;Este acto forma parte de la Cumbre Virtual 2026 sobre Fideicomisos Comunitarios de la Tierra (CLT), una serie de actos en l\\u00ednea de seis semanas de duraci\\u00f3n, del 5 de [&hellip;]&lt;\/p&gt;\\\\n\",\"image\":\"https:\/\/www.cltweb.org\/wp-content\/uploads\/2026\/03\/California-Event-Square.png\",\"url\":\"https:\/\/www.cltweb.org\/es\/event\/enfrentarse-al-momento-solidaridad-y-asociaciones-con-los-pueblos-indigenas-en-el-movimiento-clt-de-california\/\",\"eventAttendanceMode\":\"https:\/\/schema.org\/OfflineEventAttendanceMode\",\"eventStatus\":\"https:\/\/schema.org\/EventScheduled\",\"startDate\":\"2026-06-09T13:00:00-07:00\",\"endDate\":\"2026-06-09T14:30:00-07:00\",\"organizer\":{\"@type\":\"Person\",\"name\":\"Red de fideicomisos comunitarios de la tierra de California\",\"description\":\"&lt;p&gt;La Red de Fideicomisos Comunitarios de la Tierra de California (CA CLT Network) es una coalici\\u00f3n de m\\u00e1s de 27 organizaciones dedicadas a promover, apoyar y hacer crecer la vivienda [&hellip;]&lt;\/p&gt;\\\\n\",\"image\":\"https:\/\/www.cltweb.org\/wp-content\/uploads\/2026\/03\/CACLTN-logo.png\",\"url\":\"https:\/\/www.cacltnetwork.org\/\",\"telephone\":\"\",\"email\":\"\",\"sameAs\":\"https:\/\/www.cacltnetwork.org\/\"},\"performer\":\"Organization\"},{\"@context\":\"http:\/\/schema.org\",\"@type\":\"Event\",\"name\":\"Tierra y Justicia: La vivienda de las Primeras Naciones y los CLT en Australia\",\"description\":\"&lt;p&gt;Este acto forma parte de la Cumbre Virtual 2026 sobre Fideicomisos Comunitarios de la Tierra (CLT), una serie de actos en l\\u00ednea de seis semanas de duraci\\u00f3n, del 5 de [&hellip;]&lt;\/p&gt;\\\\n\",\"image\":\"https:\/\/www.cltweb.org\/wp-content\/uploads\/2026\/03\/Australia-Event-Square.png\",\"url\":\"https:\/\/www.cltweb.org\/es\/event\/tierra-y-justicia-la-vivienda-de-las-primeras-naciones-y-los-clt-en-australia\/\",\"eventAttendanceMode\":\"https:\/\/schema.org\/OfflineEventAttendanceMode\",\"eventStatus\":\"https:\/\/schema.org\/EventScheduled\",\"startDate\":\"2026-06-10T09:00:00+10:00\",\"endDate\":\"2026-06-10T10:30:00+10:00\",\"organizer\":{\"@type\":\"Person\",\"name\":\"Red Australiana de Fideicomisos Comunitarios de la Tierra\",\"description\":\"&lt;p&gt;La Red Australiana de CLT lidera y apoya la creaci\\u00f3n de CLT en toda Australia.&lt;\/p&gt;\\\\n\",\"image\":\"https:\/\/www.cltweb.org\/wp-content\/uploads\/2026\/03\/ACLTN_Logo_Main_Green_RGB.png\",\"url\":\"https:\/\/www.australiancltnetwork.org.au\/\",\"telephone\":\"\",\"email\":\"\",\"sameAs\":\"https:\/\/www.australiancltnetwork.org.au\/\"},\"performer\":\"Organization\"}]\r\n<\/script>\n\t\t<script data-js=\"tribe-events-view-data\" type=\"application\/json\">\n\t{\"slug\":\"list\",\"prev_url\":\"https:\\\/\\\/www.cltweb.org\\\/es\\\/eventos\\\/lista\\\/?rest_route=%2Fwp%2Fv2%2Fpages%2F1492&shortcode=bdbabbea&eventDisplay=past&eventDate=-90+days\",\"next_url\":\"https:\\\/\\\/www.cltweb.org\\\/es\\\/eventos\\\/lista\\\/p\\u00e1gina\\\/2\\\/?shortcode=bdbabbea&tribe-bar-date=-90+days\",\"view_class\":\"Tribe\\\\Events\\\\Views\\\\V2\\\\Views\\\\List_View\",\"view_slug\":\"list\",\"view_label\":\"Lista\",\"title\":\"Eventos en enero 31 \\u2013 junio 10 \\u2013 International Center for Community Land Trusts\",\"events\":[10000032,10000041,10000045,10000053,10000049,10000057,10000061,10000065,10000070,10000073,10000077,10000081],\"url\":\"https:\\\/\\\/www.cltweb.org\\\/es\\\/eventos\\\/lista\\\/?shortcode=bdbabbea&tribe-bar-date=-90+days\",\"url_event_date\":\"2026-01-31\",\"bar\":{\"keyword\":\"\",\"date\":\"-90 days\"},\"today\":\"2026-05-01 00:00:00\",\"now\":\"2026-05-01 19:10:27\",\"home_url\":\"https:\\\/\\\/www.cltweb.org\\\/es\\\/\",\"rest_url\":\"https:\\\/\\\/www.cltweb.org\\\/es\\\/wp-json\\\/tribe\\\/views\\\/v2\\\/html\",\"rest_method\":\"GET\",\"rest_nonce\":\"\",\"should_manage_url\":false,\"today_url\":\"https:\\\/\\\/www.cltweb.org\\\/es\\\/eventos\\\/lista\\\/?rest_route=%2Fwp%2Fv2%2Fpages%2F1492&shortcode=bdbabbea\",\"today_title\":\"Haz clic para seleccionar la fecha de hoy\",\"today_label\":\"Hoy\",\"prev_label\":\"2026-01-31\",\"next_label\":\"2026-01-31\",\"date_formats\":{\"compact\":\"n\\\/j\\\/Y\",\"month_and_year_compact\":\"n\\\/Y\",\"month_and_year\":\"F Y\",\"time_range_separator\":\" - \",\"date_time_separator\":\" @ \"},\"messages\":[],\"start_of_week\":\"1\",\"header_title\":\"\",\"header_title_element\":\"h1\",\"content_title\":\"\",\"show_content_title\":false,\"breadcrumbs\":[],\"backlink\":false,\"before_events\":\"\",\"after_events\":\"\",\"display_events_bar\":true,\"disable_event_search\":false,\"live_refresh\":true,\"ical\":{\"display_link\":true,\"link\":{\"url\":\"https:\\\/\\\/www.cltweb.org\\\/es\\\/eventos\\\/lista\\\/?shortcode=bdbabbea&#038;tribe-bar-date=-90+days&#038;ical=1\",\"text\":\"Exportar Eventos\",\"title\":\"Usa esto para compartir los datos del calendario con Google Calendar, Apple iCal y otras aplicaciones compatibles\"}},\"container_classes\":{\"0\":\"tribe-common\",\"1\":\"tribe-events\",\"2\":\"tribe-events-view\",\"3\":\"tribe-events-view--list\",\"5\":\"tribe-events-view--shortcode\",\"6\":\"tribe-events-view--shortcode-bdbabbea\"},\"container_data\":{\"shortcode\":\"bdbabbea\"},\"is_past\":false,\"breakpoints\":{\"xsmall\":500,\"medium\":768,\"full\":960},\"breakpoint_pointer\":\"81036db4-000d-4ef1-a64e-9a15e0e6f9a1\",\"is_initial_load\":false,\"public_views\":{\"list\":{\"view_class\":\"Tribe\\\\Events\\\\Views\\\\V2\\\\Views\\\\List_View\",\"view_url\":\"https:\\\/\\\/www.cltweb.org\\\/es\\\/eventos\\\/lista\\\/?shortcode=bdbabbea&tribe-bar-date=2026-01-31\",\"view_label\":\"Lista\",\"aria_label\":\"Mostrar Eventos en la vista Lista\"},\"month\":{\"view_class\":\"Tribe\\\\Events\\\\Views\\\\V2\\\\Views\\\\Month_View\",\"view_url\":\"https:\\\/\\\/www.cltweb.org\\\/es\\\/eventos\\\/mes\\\/2026-01\\\/?shortcode=bdbabbea\",\"view_label\":\"Mes\",\"aria_label\":\"Mostrar Eventos en la vista Mes\"},\"day\":{\"view_class\":\"Tribe\\\\Events\\\\Views\\\\V2\\\\Views\\\\Day_View\",\"view_url\":\"https:\\\/\\\/www.cltweb.org\\\/es\\\/eventos\\\/2026-01-31\\\/?shortcode=bdbabbea\",\"view_label\":\"D\\u00eda\",\"aria_label\":\"Mostrar Eventos en la vista D\\u00eda\"}},\"show_latest_past\":true,\"past\":false,\"show_now\":false,\"now_label\":\"Ahora\",\"now_label_mobile\":\"Ahora\",\"show_end\":true,\"selected_start_datetime\":\"2026-01-31\",\"selected_start_date_mobile\":\"1\\\/31\\\/2026\",\"selected_start_date_label\":\"enero 31\",\"selected_end_datetime\":\"2026-06-10\",\"selected_end_date_mobile\":\"6\\\/10\\\/2026\",\"selected_end_date_label\":\"junio 10\",\"datepicker_date\":\"1\\\/31\\\/2026\",\"subscribe_links\":{\"gcal\":{\"label\":\"Google Calendar\",\"single_label\":\"A\\u00f1adir a Google Calendar\",\"visible\":true,\"block_slug\":\"hasGoogleCalendar\"},\"ical\":{\"label\":\"iCalendar\",\"single_label\":\"Agregar a iCalendar\",\"visible\":true,\"block_slug\":\"hasiCal\"},\"outlook-365\":{\"label\":\"Outlook 365\",\"single_label\":\"Outlook 365\",\"visible\":true,\"block_slug\":\"hasOutlook365\"},\"outlook-live\":{\"label\":\"Outlook Live\",\"single_label\":\"Outlook Live\",\"visible\":true,\"block_slug\":\"hasOutlookLive\"},\"ics\":{\"label\":\"Exportar archivo .ics\",\"single_label\":\"Exportar archivo .ics\",\"visible\":true,\"block_slug\":null},\"outlook-ics\":{\"label\":\"Exportar archivo .ics de Outlook\",\"single_label\":\"Exportar archivo .ics de Outlook\",\"visible\":true,\"block_slug\":null}},\"display_recurring_toggle\":false,\"_context\":{\"slug\":\"list\",\"should_manage_url\":false},\"text\":\"Cargando\\u2026\",\"classes\":[\"tribe-common-c-loader__dot\",\"tribe-common-c-loader__dot--third\"]}<\/script>\n\n\t\t\n\t\t\n<header  class=\"tribe-events-header tribe-events-header--has-event-search\" >\n\t<div class=\"tribe-events-header__content-title\">\n\t<h1 class=\"screen-reader-text tec-a11y-title-hidden\">Eventos<\/h1><\/div>\n\n\t\n\t\n\t\n\t<div class=\"tribe-events-c-top-bar tribe-events-header__top-bar\">\n\n\t<nav class=\"tribe-events-c-top-bar__nav tribe-common-a11y-hidden\" aria-label=\"Paginaci\u00f3n superior de lista eventos\">\n\t<ul class=\"tribe-events-c-top-bar__nav-list\">\n\t\t<li class=\"tribe-events-c-top-bar__nav-list-item\">\n\t<a\n\t\thref=\"https:\/\/www.cltweb.org\/es\/eventos\/lista\/?rest_route=%2Fwp%2Fv2%2Fpages%2F1492&#038;shortcode=bdbabbea&#038;eventDisplay=past&#038;eventDate=-90+days\"\n\t\tclass=\"tribe-common-c-btn-icon tribe-common-c-btn-icon--caret-left tribe-events-c-top-bar__nav-link tribe-events-c-top-bar__nav-link--prev\"\n\t\taria-label=\"Eventos anterior(es)\"\n\t\ttitle=\"Eventos anterior(es)\"\n\t\tdata-js=\"tribe-events-view-link\"\n\t>\n\t\t<svg\n\t class=\"tribe-common-c-svgicon tribe-common-c-svgicon--caret-left tribe-common-c-btn-icon__icon-svg tribe-events-c-top-bar__nav-link-icon-svg\" \taria-hidden=\"true\"\n\tviewBox=\"0 0 10 16\"\n\txmlns=\"http:\/\/www.w3.org\/2000\/svg\"\n>\n\t<path d=\"M9.7 14.4l-1.5 1.5L.3 8 8.2.1l1.5 1.5L3.3 8l6.4 6.4z\"\/>\n<\/svg>\n\t<\/a>\n<\/li>\n\n\t\t<li class=\"tribe-events-c-top-bar__nav-list-item\">\n\t<a\n\t\thref=\"https:\/\/www.cltweb.org\/es\/eventos\/lista\/p\u00e1gina\/2\/?shortcode=bdbabbea&#038;tribe-bar-date=-90+days\"\n\t\tclass=\"tribe-common-c-btn-icon tribe-common-c-btn-icon--caret-right tribe-events-c-top-bar__nav-link tribe-events-c-top-bar__nav-link--next\"\n\t\taria-label=\"Eventos siguiente(s)\"\n\t\ttitle=\"Eventos siguiente(s)\"\n\t\tdata-js=\"tribe-events-view-link\"\n\t>\n\t\t<svg\n\t class=\"tribe-common-c-svgicon tribe-common-c-svgicon--caret-right tribe-common-c-btn-icon__icon-svg tribe-events-c-top-bar__nav-link-icon-svg\" \taria-hidden=\"true\"\n\tviewBox=\"0 0 10 16\"\n\txmlns=\"http:\/\/www.w3.org\/2000\/svg\"\n>\n\t<path d=\"M.3 1.6L1.8.1 9.7 8l-7.9 7.9-1.5-1.5L6.7 8 .3 1.6z\"\/>\n<\/svg>\n\t<\/a>\n<\/li>\n\t<\/ul>\n<\/nav>\n\n\t<a\n\thref=\"https:\/\/www.cltweb.org\/es\/eventos\/lista\/?rest_route=%2Fwp%2Fv2%2Fpages%2F1492&#038;shortcode=bdbabbea\"\n\tclass=\"tribe-common-c-btn-border-small tribe-events-c-top-bar__today-button tribe-common-a11y-hidden\"\n\tdata-js=\"tribe-events-view-link\"\n\taria-description=\"Haz clic para seleccionar la fecha de hoy\"\n>\n\tHoy<\/a>\n\n\t<div class=\"tribe-events-c-top-bar__datepicker\">\n\t<button\n\t\tclass=\"tribe-common-c-btn__clear tribe-common-h3 tribe-common-h--alt tribe-events-c-top-bar__datepicker-button\"\n\t\tdata-js=\"tribe-events-top-bar-datepicker-button\"\n\t\ttype=\"button\"\n\t\taria-description=\"Haz clic para desplegar el selector de fechas\"\n\t>\n\t\t<time\n\t\t\tdatetime=\"2026-01-31\"\n\t\t\tclass=\"tribe-events-c-top-bar__datepicker-time\"\n\t\t>\n\t\t\t\t\t\t\t<span class=\"tribe-events-c-top-bar__datepicker-mobile\">\n\t\t\t\t\t1\/31\/2026\t\t\t\t<\/span>\n\t\t\t\t<span class=\"tribe-events-c-top-bar__datepicker-desktop tribe-common-a11y-hidden\">\n\t\t\t\t\tenero 31\t\t\t\t<\/span>\n\t\t\t\t\t<\/time>\n\t\t\t\t\t<span class=\"tribe-events-c-top-bar__datepicker-separator\"> - <\/span>\n\t\t\t<time\n\t\t\t\tdatetime=\"2026-06-10\"\n\t\t\t\tclass=\"tribe-events-c-top-bar__datepicker-time\"\n\t\t\t>\n\t\t\t\t<span class=\"tribe-events-c-top-bar__datepicker-mobile\">\n\t\t\t\t\t6\/10\/2026\t\t\t\t<\/span>\n\t\t\t\t<span class=\"tribe-events-c-top-bar__datepicker-desktop tribe-common-a11y-hidden\">\n\t\t\t\t\tjunio 10\t\t\t\t<\/span>\n\t\t\t<\/time>\n\t\t\t\t<svg\n\t class=\"tribe-common-c-svgicon tribe-common-c-svgicon--caret-down tribe-events-c-top-bar__datepicker-button-icon-svg\" \taria-hidden=\"true\"\n\tviewBox=\"0 0 10 7\"\n\txmlns=\"http:\/\/www.w3.org\/2000\/svg\"\n>\n\t<path fill-rule=\"evenodd\" clip-rule=\"evenodd\" d=\"M1.008.609L5 4.6 8.992.61l.958.958L5 6.517.05 1.566l.958-.958z\" class=\"tribe-common-c-svgicon__svg-fill\"\/>\n<\/svg>\n\t<\/button>\n\t<label\n\t\tclass=\"tribe-events-c-top-bar__datepicker-label tribe-common-a11y-visual-hide\"\n\t\tfor=\"tribe-events-top-bar-date\"\n\t>\n\t\tSelecciona la fecha.\t<\/label>\n\t<input\n\t\ttype=\"text\"\n\t\tclass=\"tribe-events-c-top-bar__datepicker-input tribe-common-a11y-visual-hide\"\n\t\tdata-js=\"tribe-events-top-bar-date\"\n\t\tid=\"tribe-events-top-bar-date\"\n\t\tname=\"tribe-events-views[tribe-bar-date]\"\n\t\tvalue=\"1\/31\/2026\"\n\t\ttabindex=\"-1\"\n\t\tautocomplete=\"off\"\n\t\treadonly=\"readonly\"\n\t\/>\n\t<div class=\"tribe-events-c-top-bar__datepicker-container\" data-js=\"tribe-events-top-bar-datepicker-container\"><\/div>\n\t<template class=\"tribe-events-c-top-bar__datepicker-template-prev-icon\">\n\t\t<svg\n\t class=\"tribe-common-c-svgicon tribe-common-c-svgicon--caret-left tribe-events-c-top-bar__datepicker-nav-icon-svg\" \taria-hidden=\"true\"\n\tviewBox=\"0 0 10 16\"\n\txmlns=\"http:\/\/www.w3.org\/2000\/svg\"\n>\n\t<path d=\"M9.7 14.4l-1.5 1.5L.3 8 8.2.1l1.5 1.5L3.3 8l6.4 6.4z\"\/>\n<\/svg>\n\t<\/template>\n\t<template class=\"tribe-events-c-top-bar__datepicker-template-next-icon\">\n\t\t<svg\n\t class=\"tribe-common-c-svgicon tribe-common-c-svgicon--caret-right tribe-events-c-top-bar__datepicker-nav-icon-svg\" \taria-hidden=\"true\"\n\tviewBox=\"0 0 10 16\"\n\txmlns=\"http:\/\/www.w3.org\/2000\/svg\"\n>\n\t<path d=\"M.3 1.6L1.8.1 9.7 8l-7.9 7.9-1.5-1.5L6.7 8 .3 1.6z\"\/>\n<\/svg>\n\t<\/template>\n<\/div>\n\n\t\n\t<div class=\"tribe-events-c-top-bar__actions tribe-common-a11y-hidden\">\n\t<\/div>\n\n<\/div>\n<\/header>\n\n\t\t\n\t\t<ul\n\t\t\tclass=\"tribe-events-calendar-list\"\n\t\t\taria-label=\"\n\t\t\tListado de Eventos\t\t\t\"\n\t\t>\n\n\t\t\t\t\t\t\t\n\t\t\t\t<li class=\"tribe-events-calendar-list__month-separator\">\n\t<h3>\n\t\t<time\n\t\t\tclass=\"tribe-events-calendar-list__month-separator-text tribe-common-h7 tribe-common-h6--min-medium tribe-common-h--alt\"\n\t\t>\n\t\t\tfebrero 2026\t\t<\/time>\n\t<\/h3>\n<\/li>\n\n\t\t\t\t<li  class=\"tribe-common-g-row tribe-events-calendar-list__event-row\" >\n\n\t<div  class=\"tribe-events-calendar-list__event-date-tag tribe-common-g-col post-10000032 tribe_events type-tribe_events status-publish hentry tag-fideicomiso-de-la-tierra tag-habitat-para-la-humanidad tag-seminario-web\"  >\n\t<time class=\"tribe-events-calendar-list__event-date-tag-datetime\" datetime=\"2026-02-03\" aria-hidden=\"true\">\n\t\t<span class=\"tribe-events-calendar-list__event-date-tag-weekday\">\n\t\t\tMar\t\t<\/span>\n\t\t<span class=\"tribe-events-calendar-list__event-date-tag-daynum tribe-common-h5 tribe-common-h4--min-medium\">\n\t\t\t3\t\t<\/span>\n\t<\/time>\n<\/div>\n\n\t<div class=\"tribe-events-calendar-list__event-wrapper tribe-common-g-col\">\n\t\t<article  class=\"tribe-events-calendar-list__event tribe-common-g-row tribe-common-g-row--gutters post-10000032 tribe_events type-tribe_events status-publish hentry tag-fideicomiso-de-la-tierra tag-habitat-para-la-humanidad tag-seminario-web\" >\n\t\t\t\n\t\t\t<div class=\"tribe-events-calendar-list__event-details tribe-common-g-col\">\n\n\t\t\t\t<header class=\"tribe-events-calendar-list__event-header\">\n\t\t\t\t\t<h4 class=\"tribe-events-calendar-list__event-title tribe-common-h6 tribe-common-h4--min-medium\">\n\t<a\n\t\thref=\"https:\/\/www.cltweb.org\/es\/event\/la-vivienda-inclusiva-y-el-papel-de-las-clt-perspectivas-transregionales-sobre-la-politica-inmobiliaria-y-la-asequibilidad-a-largo-plazo\/\"\n\t\ttitle=\"La Vivienda Inclusiva y el Papel de las CLT: Perspectivas transregionales sobre la pol\u00edtica inmobiliaria y la asequibilidad a largo plazo\"\n\t\trel=\"bookmark\"\n\t\tclass=\"tribe-events-calendar-list__event-title-link tribe-common-anchor-thin\"\n\t>\n\t\tLa Vivienda Inclusiva y el Papel de las CLT: Perspectivas transregionales sobre la pol\u00edtica inmobiliaria y la asequibilidad a largo plazo\t<\/a>\n<\/h4>\n\t\t\t\t\t<div class=\"tribe-events-calendar-list__event-datetime-wrapper tribe-common-b2\">\n\t\t<time class=\"tribe-events-calendar-list__event-datetime\" datetime=\"2026-02-03\">\n\t\t<span class=\"tribe-event-date-start\">febrero 3 @ 11:00<\/span> - <span class=\"tribe-event-time\">12:30<\/span> <span class='timezone'> UTC+0 <\/span>\t<\/time>\n\t<\/div>\n\t\t\t\t\t\t\t\t\t\t\t\t\t\t<\/header>\n\n\t\t\t\t<div class=\"tribe-events-calendar-list__event-description tribe-common-b2 tribe-common-a11y-hidden\">\n\t<p>Descripci\u00f3n del seminario A medida que las ciudades de todo el mundo se enfrentan a crisis cada vez m\u00e1s profundas de asequibilidad de la vivienda, las pol\u00edticas de vivienda de [&hellip;]<\/p>\n<\/div>\n\t\t\t\t\n\t\t\t<\/div>\n\t\t<\/article>\n\t<\/div>\n\n<\/li>\n\n\t\t\t\t\t\t\t\n\t\t\t\t<li class=\"tribe-events-calendar-list__month-separator\">\n\t<h3>\n\t\t<time\n\t\t\tclass=\"tribe-events-calendar-list__month-separator-text tribe-common-h7 tribe-common-h6--min-medium tribe-common-h--alt\"\n\t\t>\n\t\t\tmayo 2026\t\t<\/time>\n\t<\/h3>\n<\/li>\n\n\t\t\t\t<li  class=\"tribe-common-g-row tribe-events-calendar-list__event-row\" >\n\n\t<div  class=\"tribe-events-calendar-list__event-date-tag tribe-common-g-col post-10000041 tribe_events type-tribe_events status-publish has-post-thumbnail hentry tag-cumbre-virtual-2026 tag-dia-mundial-de-las-tlc tag-fideicomiso-de-la-tierra tag-seminario-web tribe_events_cat-cumbre-virtual-global-clt-2026 cat_cumbre-virtual-global-clt-2026\"  >\n\t<time class=\"tribe-events-calendar-list__event-date-tag-datetime\" datetime=\"2026-05-05\" aria-hidden=\"true\">\n\t\t<span class=\"tribe-events-calendar-list__event-date-tag-weekday\">\n\t\t\tMar\t\t<\/span>\n\t\t<span class=\"tribe-events-calendar-list__event-date-tag-daynum tribe-common-h5 tribe-common-h4--min-medium\">\n\t\t\t5\t\t<\/span>\n\t<\/time>\n<\/div>\n\n\t<div class=\"tribe-events-calendar-list__event-wrapper tribe-common-g-col\">\n\t\t<article  class=\"tribe-events-calendar-list__event tribe-common-g-row tribe-common-g-row--gutters post-10000041 tribe_events type-tribe_events status-publish has-post-thumbnail hentry tag-cumbre-virtual-2026 tag-dia-mundial-de-las-tlc tag-fideicomiso-de-la-tierra tag-seminario-web tribe_events_cat-cumbre-virtual-global-clt-2026 cat_cumbre-virtual-global-clt-2026\" >\n\t\t\t<div class=\"tribe-events-calendar-list__event-featured-image-wrapper tribe-common-g-col\">\n\t<img\n\t\tclass=\"tribe-events-calendar-list__event-featured-image\"\n\t\tsrc=\"https:\/\/www.cltweb.org\/wp-content\/uploads\/2026\/03\/Rondo-Event-Square-1.png\"\n\t\t\t\t\tsrcset=\"https:\/\/www.cltweb.org\/wp-content\/uploads\/2026\/03\/Rondo-Event-Square-1-300x300.png 300w, https:\/\/www.cltweb.org\/wp-content\/uploads\/2026\/03\/Rondo-Event-Square-1-1024x1024.png 1024w, https:\/\/www.cltweb.org\/wp-content\/uploads\/2026\/03\/Rondo-Event-Square-1-150x150.png 150w, https:\/\/www.cltweb.org\/wp-content\/uploads\/2026\/03\/Rondo-Event-Square-1-768x768.png 768w, https:\/\/www.cltweb.org\/wp-content\/uploads\/2026\/03\/Rondo-Event-Square-1.png 1080w\"\n\t\t\t\t\t\t\talt=\"\"\n\t\t\t\t\t\t\ttitle=\"Plaza de Eventos Rondo\"\n\t\t\t\tclass=\"tribe-events-calendar-list__event-featured-image\"\n\t\t\t\t\twidth=\"1080\"\n\t\t\theight=\"1080\"\n\t\t\t\/>\n<\/div>\n\n\t\t\t<div class=\"tribe-events-calendar-list__event-details tribe-common-g-col\">\n\n\t\t\t\t<header class=\"tribe-events-calendar-list__event-header\">\n\t\t\t\t\t<h4 class=\"tribe-events-calendar-list__event-title tribe-common-h6 tribe-common-h4--min-medium\">\n\t<a\n\t\thref=\"https:\/\/www.cltweb.org\/es\/event\/arraigados-en-la-justicia-centrar-a-las-comunidades-desatendidas-en-la-practica-del-clt\/\"\n\t\ttitle=\"Arraigados en la Justicia: Centrar a las comunidades desatendidas en la pr\u00e1ctica del CLT\"\n\t\trel=\"bookmark\"\n\t\tclass=\"tribe-events-calendar-list__event-title-link tribe-common-anchor-thin\"\n\t>\n\t\tArraigados en la Justicia: Centrar a las comunidades desatendidas en la pr\u00e1ctica del CLT\t<\/a>\n<\/h4>\n\t\t\t\t\t<div class=\"tribe-events-calendar-list__event-datetime-wrapper tribe-common-b2\">\n\t\t<time class=\"tribe-events-calendar-list__event-datetime\" datetime=\"2026-05-05\">\n\t\t<span class=\"tribe-event-date-start\">mayo 5 @ 10:00<\/span> - <span class=\"tribe-event-time\">11:30<\/span> <span class='timezone'> UTC-4 <\/span>\t<\/time>\n\t<\/div>\n\t\t\t\t\t\t\t\t\t\t\t\t\t\t<\/header>\n\n\t\t\t\t<div class=\"tribe-events-calendar-list__event-description tribe-common-b2 tribe-common-a11y-hidden\">\n\t<p>Este acto forma parte de la Cumbre Virtual 2026 sobre Fideicomisos Comunitarios de la Tierra (CLT), una serie de actos en l\u00ednea de seis semanas de duraci\u00f3n, del 5 de [&hellip;]<\/p>\n<\/div>\n\t\t\t\t\n\t\t\t<\/div>\n\t\t<\/article>\n\t<\/div>\n\n<\/li>\n\n\t\t\t\t\t\t\t\n\t\t\t\t\n\t\t\t\t<li  class=\"tribe-common-g-row tribe-events-calendar-list__event-row\" >\n\n\t<div  class=\"tribe-events-calendar-list__event-date-tag tribe-common-g-col post-10000045 tribe_events type-tribe_events status-publish has-post-thumbnail hentry tag-cumbre-virtual-2026 tag-dia-mundial-de-las-tlc tag-fideicomiso-de-la-tierra tag-seminario-web tribe_events_cat-cumbre-virtual-global-clt-2026 cat_cumbre-virtual-global-clt-2026\"  >\n\t<time class=\"tribe-events-calendar-list__event-date-tag-datetime\" datetime=\"2026-05-05\" aria-hidden=\"true\">\n\t\t<span class=\"tribe-events-calendar-list__event-date-tag-weekday\">\n\t\t\tMar\t\t<\/span>\n\t\t<span class=\"tribe-events-calendar-list__event-date-tag-daynum tribe-common-h5 tribe-common-h4--min-medium\">\n\t\t\t5\t\t<\/span>\n\t<\/time>\n<\/div>\n\n\t<div class=\"tribe-events-calendar-list__event-wrapper tribe-common-g-col\">\n\t\t<article  class=\"tribe-events-calendar-list__event tribe-common-g-row tribe-common-g-row--gutters post-10000045 tribe_events type-tribe_events status-publish has-post-thumbnail hentry tag-cumbre-virtual-2026 tag-dia-mundial-de-las-tlc tag-fideicomiso-de-la-tierra tag-seminario-web tribe_events_cat-cumbre-virtual-global-clt-2026 cat_cumbre-virtual-global-clt-2026\" >\n\t\t\t<div class=\"tribe-events-calendar-list__event-featured-image-wrapper tribe-common-g-col\">\n\t<img\n\t\tclass=\"tribe-events-calendar-list__event-featured-image\"\n\t\tsrc=\"https:\/\/www.cltweb.org\/wp-content\/uploads\/2026\/03\/5-May_Brazil.png\"\n\t\t\t\t\tsrcset=\"https:\/\/www.cltweb.org\/wp-content\/uploads\/2026\/03\/5-May_Brazil-300x300.png 300w, https:\/\/www.cltweb.org\/wp-content\/uploads\/2026\/03\/5-May_Brazil-1024x1024.png 1024w, https:\/\/www.cltweb.org\/wp-content\/uploads\/2026\/03\/5-May_Brazil-150x150.png 150w, https:\/\/www.cltweb.org\/wp-content\/uploads\/2026\/03\/5-May_Brazil-768x768.png 768w, https:\/\/www.cltweb.org\/wp-content\/uploads\/2026\/03\/5-May_Brazil.png 1080w\"\n\t\t\t\t\t\t\talt=\"\"\n\t\t\t\t\t\t\ttitle=\"5 May_Brasil\"\n\t\t\t\tclass=\"tribe-events-calendar-list__event-featured-image\"\n\t\t\t\t\twidth=\"1080\"\n\t\t\theight=\"1080\"\n\t\t\t\/>\n<\/div>\n\n\t\t\t<div class=\"tribe-events-calendar-list__event-details tribe-common-g-col\">\n\n\t\t\t\t<header class=\"tribe-events-calendar-list__event-header\">\n\t\t\t\t\t<h4 class=\"tribe-events-calendar-list__event-title tribe-common-h6 tribe-common-h4--min-medium\">\n\t<a\n\t\thref=\"https:\/\/www.cltweb.org\/es\/event\/territorios-colectivos-en-brasil-aprendizajes-desafios-y-perspectivas\/\"\n\t\ttitle=\"Territorios Colectivos en Brasil: Aprendizajes, Desaf\u00edos y Perspectivas\"\n\t\trel=\"bookmark\"\n\t\tclass=\"tribe-events-calendar-list__event-title-link tribe-common-anchor-thin\"\n\t>\n\t\tTerritorios Colectivos en Brasil: Aprendizajes, Desaf\u00edos y Perspectivas\t<\/a>\n<\/h4>\n\t\t\t\t\t<div class=\"tribe-events-calendar-list__event-datetime-wrapper tribe-common-b2\">\n\t\t<time class=\"tribe-events-calendar-list__event-datetime\" datetime=\"2026-05-05\">\n\t\t<span class=\"tribe-event-date-start\">mayo 5 @ 13:00<\/span> - <span class=\"tribe-event-time\">14:30<\/span> <span class='timezone'> UTC-4 <\/span>\t<\/time>\n\t<\/div>\n\t\t\t\t\t\t\t\t\t\t\t\t\t\t<\/header>\n\n\t\t\t\t<div class=\"tribe-events-calendar-list__event-description tribe-common-b2 tribe-common-a11y-hidden\">\n\t<p>Este acto forma parte de la Cumbre Virtual 2026 sobre Fideicomisos Comunitarios de la Tierra (CLT), una serie de actos en l\u00ednea de seis semanas de duraci\u00f3n, del 5 de [&hellip;]<\/p>\n<\/div>\n\t\t\t\t\n\t\t\t<\/div>\n\t\t<\/article>\n\t<\/div>\n\n<\/li>\n\n\t\t\t\t\t\t\t\n\t\t\t\t\n\t\t\t\t<li  class=\"tribe-common-g-row tribe-events-calendar-list__event-row\" >\n\n\t<div  class=\"tribe-events-calendar-list__event-date-tag tribe-common-g-col post-10000053 tribe_events type-tribe_events status-publish has-post-thumbnail hentry tag-cumbre-virtual-2026 tag-dia-mundial-de-las-tlc tag-fideicomiso-de-la-tierra tag-seminario-web tribe_events_cat-cumbre-virtual-global-clt-2026 cat_cumbre-virtual-global-clt-2026\"  >\n\t<time class=\"tribe-events-calendar-list__event-date-tag-datetime\" datetime=\"2026-05-05\" aria-hidden=\"true\">\n\t\t<span class=\"tribe-events-calendar-list__event-date-tag-weekday\">\n\t\t\tMar\t\t<\/span>\n\t\t<span class=\"tribe-events-calendar-list__event-date-tag-daynum tribe-common-h5 tribe-common-h4--min-medium\">\n\t\t\t5\t\t<\/span>\n\t<\/time>\n<\/div>\n\n\t<div class=\"tribe-events-calendar-list__event-wrapper tribe-common-g-col\">\n\t\t<article  class=\"tribe-events-calendar-list__event tribe-common-g-row tribe-common-g-row--gutters post-10000053 tribe_events type-tribe_events status-publish has-post-thumbnail hentry tag-cumbre-virtual-2026 tag-dia-mundial-de-las-tlc tag-fideicomiso-de-la-tierra tag-seminario-web tribe_events_cat-cumbre-virtual-global-clt-2026 cat_cumbre-virtual-global-clt-2026\" >\n\t\t\t<div class=\"tribe-events-calendar-list__event-featured-image-wrapper tribe-common-g-col\">\n\t<img\n\t\tclass=\"tribe-events-calendar-list__event-featured-image\"\n\t\tsrc=\"https:\/\/www.cltweb.org\/wp-content\/uploads\/2026\/03\/Puerto-Rico-Event-Square.png\"\n\t\t\t\t\tsrcset=\"https:\/\/www.cltweb.org\/wp-content\/uploads\/2026\/03\/Puerto-Rico-Event-Square-300x300.png 300w, https:\/\/www.cltweb.org\/wp-content\/uploads\/2026\/03\/Puerto-Rico-Event-Square-1024x1024.png 1024w, https:\/\/www.cltweb.org\/wp-content\/uploads\/2026\/03\/Puerto-Rico-Event-Square-150x150.png 150w, https:\/\/www.cltweb.org\/wp-content\/uploads\/2026\/03\/Puerto-Rico-Event-Square-768x768.png 768w, https:\/\/www.cltweb.org\/wp-content\/uploads\/2026\/03\/Puerto-Rico-Event-Square.png 1080w\"\n\t\t\t\t\t\t\talt=\"\"\n\t\t\t\t\t\t\ttitle=\"Plaza de Eventos de Puerto Rico\"\n\t\t\t\tclass=\"tribe-events-calendar-list__event-featured-image\"\n\t\t\t\t\twidth=\"1080\"\n\t\t\theight=\"1080\"\n\t\t\t\/>\n<\/div>\n\n\t\t\t<div class=\"tribe-events-calendar-list__event-details tribe-common-g-col\">\n\n\t\t\t\t<header class=\"tribe-events-calendar-list__event-header\">\n\t\t\t\t\t<h4 class=\"tribe-events-calendar-list__event-title tribe-common-h6 tribe-common-h4--min-medium\">\n\t<a\n\t\thref=\"https:\/\/www.cltweb.org\/es\/event\/diseno-de-soluciones-de-tenencia-colectiva-de-la-tierra-a-partir-de-las-aspiraciones-comunitarias-la-experiencia-de-puerto-rico\/\"\n\t\ttitle=\"Dise\u00f1o de soluciones de tenencia colectiva de la tierra a partir de las aspiraciones comunitarias: La experiencia de Puerto Rico\"\n\t\trel=\"bookmark\"\n\t\tclass=\"tribe-events-calendar-list__event-title-link tribe-common-anchor-thin\"\n\t>\n\t\tDise\u00f1o de soluciones de tenencia colectiva de la tierra a partir de las aspiraciones comunitarias: La experiencia de Puerto Rico\t<\/a>\n<\/h4>\n\t\t\t\t\t<div class=\"tribe-events-calendar-list__event-datetime-wrapper tribe-common-b2\">\n\t\t<time class=\"tribe-events-calendar-list__event-datetime\" datetime=\"2026-05-05\">\n\t\t<span class=\"tribe-event-date-start\">mayo 5 @ 13:00<\/span> - <span class=\"tribe-event-time\">14:30<\/span> <span class='timezone'> UTC-4 <\/span>\t<\/time>\n\t<\/div>\n\t\t\t\t\t\t\t\t\t\t\t\t\t\t<\/header>\n\n\t\t\t\t<div class=\"tribe-events-calendar-list__event-description tribe-common-b2 tribe-common-a11y-hidden\">\n\t<p>Este acto forma parte de la Cumbre Virtual 2026 sobre Fideicomisos Comunitarios de la Tierra (CLT), una serie de actos en l\u00ednea de seis semanas de duraci\u00f3n, del 5 de [&hellip;]<\/p>\n<\/div>\n\t\t\t\t\n\t\t\t<\/div>\n\t\t<\/article>\n\t<\/div>\n\n<\/li>\n\n\t\t\t\t\t\t\t\n\t\t\t\t\n\t\t\t\t<li  class=\"tribe-common-g-row tribe-events-calendar-list__event-row\" >\n\n\t<div  class=\"tribe-events-calendar-list__event-date-tag tribe-common-g-col post-10000049 tribe_events type-tribe_events status-publish has-post-thumbnail hentry tag-cumbre-virtual-2026 tag-dia-mundial-de-las-tlc tag-fideicomiso-de-la-tierra tag-seminario-web tribe_events_cat-cumbre-virtual-global-clt-2026 cat_cumbre-virtual-global-clt-2026\"  >\n\t<time class=\"tribe-events-calendar-list__event-date-tag-datetime\" datetime=\"2026-05-12\" aria-hidden=\"true\">\n\t\t<span class=\"tribe-events-calendar-list__event-date-tag-weekday\">\n\t\t\tMar\t\t<\/span>\n\t\t<span class=\"tribe-events-calendar-list__event-date-tag-daynum tribe-common-h5 tribe-common-h4--min-medium\">\n\t\t\t12\t\t<\/span>\n\t<\/time>\n<\/div>\n\n\t<div class=\"tribe-events-calendar-list__event-wrapper tribe-common-g-col\">\n\t\t<article  class=\"tribe-events-calendar-list__event tribe-common-g-row tribe-common-g-row--gutters post-10000049 tribe_events type-tribe_events status-publish has-post-thumbnail hentry tag-cumbre-virtual-2026 tag-dia-mundial-de-las-tlc tag-fideicomiso-de-la-tierra tag-seminario-web tribe_events_cat-cumbre-virtual-global-clt-2026 cat_cumbre-virtual-global-clt-2026\" >\n\t\t\t<div class=\"tribe-events-calendar-list__event-featured-image-wrapper tribe-common-g-col\">\n\t<img\n\t\tclass=\"tribe-events-calendar-list__event-featured-image\"\n\t\tsrc=\"https:\/\/www.cltweb.org\/wp-content\/uploads\/2026\/03\/CLT-Center-Event-Square.png\"\n\t\t\t\t\tsrcset=\"https:\/\/www.cltweb.org\/wp-content\/uploads\/2026\/03\/CLT-Center-Event-Square-300x300.png 300w, https:\/\/www.cltweb.org\/wp-content\/uploads\/2026\/03\/CLT-Center-Event-Square-1024x1024.png 1024w, https:\/\/www.cltweb.org\/wp-content\/uploads\/2026\/03\/CLT-Center-Event-Square-150x150.png 150w, https:\/\/www.cltweb.org\/wp-content\/uploads\/2026\/03\/CLT-Center-Event-Square-768x768.png 768w, https:\/\/www.cltweb.org\/wp-content\/uploads\/2026\/03\/CLT-Center-Event-Square.png 1080w\"\n\t\t\t\t\t\t\talt=\"\"\n\t\t\t\t\t\t\ttitle=\"Plaza de Eventos del Centro CLT\"\n\t\t\t\tclass=\"tribe-events-calendar-list__event-featured-image\"\n\t\t\t\t\twidth=\"1080\"\n\t\t\theight=\"1080\"\n\t\t\t\/>\n<\/div>\n\n\t\t\t<div class=\"tribe-events-calendar-list__event-details tribe-common-g-col\">\n\n\t\t\t\t<header class=\"tribe-events-calendar-list__event-header\">\n\t\t\t\t\t<h4 class=\"tribe-events-calendar-list__event-title tribe-common-h6 tribe-common-h4--min-medium\">\n\t<a\n\t\thref=\"https:\/\/www.cltweb.org\/es\/event\/lo-que-estamos-aprendiendo-en-el-sur-global-una-conversacion-sobre-las-clt-en-distintos-contextos\/\"\n\t\ttitle=\"Lo que estamos aprendiendo en el Sur Global: Una conversaci\u00f3n sobre las CLT en distintos contextos\"\n\t\trel=\"bookmark\"\n\t\tclass=\"tribe-events-calendar-list__event-title-link tribe-common-anchor-thin\"\n\t>\n\t\tLo que estamos aprendiendo en el Sur Global: Una conversaci\u00f3n sobre las CLT en distintos contextos\t<\/a>\n<\/h4>\n\t\t\t\t\t<div class=\"tribe-events-calendar-list__event-datetime-wrapper tribe-common-b2\">\n\t\t<time class=\"tribe-events-calendar-list__event-datetime\" datetime=\"2026-05-12\">\n\t\t<span class=\"tribe-event-date-start\">mayo 12 @ 13:00<\/span> - <span class=\"tribe-event-time\">13:30<\/span> <span class='timezone'> UTC-3 <\/span>\t<\/time>\n\t<\/div>\n\t\t\t\t\t\t\t\t\t\t\t\t\t\t<\/header>\n\n\t\t\t\t<div class=\"tribe-events-calendar-list__event-description tribe-common-b2 tribe-common-a11y-hidden\">\n\t<p>Este acto forma parte de la Cumbre Virtual 2026 sobre Fideicomisos Comunitarios de la Tierra (CLT), una serie de actos en l\u00ednea de seis semanas de duraci\u00f3n, del 5 de [&hellip;]<\/p>\n<\/div>\n\t\t\t\t\n\t\t\t<\/div>\n\t\t<\/article>\n\t<\/div>\n\n<\/li>\n\n\t\t\t\t\t\t\t\n\t\t\t\t\n\t\t\t\t<li  class=\"tribe-common-g-row tribe-events-calendar-list__event-row\" >\n\n\t<div  class=\"tribe-events-calendar-list__event-date-tag tribe-common-g-col post-10000057 tribe_events type-tribe_events status-publish has-post-thumbnail hentry tag-cumbre-virtual-2026 tag-dia-mundial-de-las-tlc tag-fideicomiso-de-la-tierra tag-seminario-web tribe_events_cat-cumbre-virtual-global-clt-2026 cat_cumbre-virtual-global-clt-2026\"  >\n\t<time class=\"tribe-events-calendar-list__event-date-tag-datetime\" datetime=\"2026-05-19\" aria-hidden=\"true\">\n\t\t<span class=\"tribe-events-calendar-list__event-date-tag-weekday\">\n\t\t\tMar\t\t<\/span>\n\t\t<span class=\"tribe-events-calendar-list__event-date-tag-daynum tribe-common-h5 tribe-common-h4--min-medium\">\n\t\t\t19\t\t<\/span>\n\t<\/time>\n<\/div>\n\n\t<div class=\"tribe-events-calendar-list__event-wrapper tribe-common-g-col\">\n\t\t<article  class=\"tribe-events-calendar-list__event tribe-common-g-row tribe-common-g-row--gutters post-10000057 tribe_events type-tribe_events status-publish has-post-thumbnail hentry tag-cumbre-virtual-2026 tag-dia-mundial-de-las-tlc tag-fideicomiso-de-la-tierra tag-seminario-web tribe_events_cat-cumbre-virtual-global-clt-2026 cat_cumbre-virtual-global-clt-2026\" >\n\t\t\t<div class=\"tribe-events-calendar-list__event-featured-image-wrapper tribe-common-g-col\">\n\t<img\n\t\tclass=\"tribe-events-calendar-list__event-featured-image\"\n\t\tsrc=\"https:\/\/www.cltweb.org\/wp-content\/uploads\/2026\/03\/GBCLTN-Event-Square.png\"\n\t\t\t\t\tsrcset=\"https:\/\/www.cltweb.org\/wp-content\/uploads\/2026\/03\/GBCLTN-Event-Square-300x300.png 300w, https:\/\/www.cltweb.org\/wp-content\/uploads\/2026\/03\/GBCLTN-Event-Square-1024x1024.png 1024w, https:\/\/www.cltweb.org\/wp-content\/uploads\/2026\/03\/GBCLTN-Event-Square-150x150.png 150w, https:\/\/www.cltweb.org\/wp-content\/uploads\/2026\/03\/GBCLTN-Event-Square-768x768.png 768w, https:\/\/www.cltweb.org\/wp-content\/uploads\/2026\/03\/GBCLTN-Event-Square.png 1080w\"\n\t\t\t\t\t\t\talt=\"\"\n\t\t\t\t\t\t\ttitle=\"Plaza de Eventos GBCLTN\"\n\t\t\t\tclass=\"tribe-events-calendar-list__event-featured-image\"\n\t\t\t\t\twidth=\"1080\"\n\t\t\theight=\"1080\"\n\t\t\t\/>\n<\/div>\n\n\t\t\t<div class=\"tribe-events-calendar-list__event-details tribe-common-g-col\">\n\n\t\t\t\t<header class=\"tribe-events-calendar-list__event-header\">\n\t\t\t\t\t<h4 class=\"tribe-events-calendar-list__event-title tribe-common-h6 tribe-common-h4--min-medium\">\n\t<a\n\t\thref=\"https:\/\/www.cltweb.org\/es\/event\/los-clt-como-herramienta-para-la-creacion-de-riqueza-comunitaria\/\"\n\t\ttitle=\"Los CLT como herramienta para la creaci\u00f3n de riqueza comunitaria\"\n\t\trel=\"bookmark\"\n\t\tclass=\"tribe-events-calendar-list__event-title-link tribe-common-anchor-thin\"\n\t>\n\t\tLos CLT como herramienta para la creaci\u00f3n de riqueza comunitaria\t<\/a>\n<\/h4>\n\t\t\t\t\t<div class=\"tribe-events-calendar-list__event-datetime-wrapper tribe-common-b2\">\n\t\t<time class=\"tribe-events-calendar-list__event-datetime\" datetime=\"2026-05-19\">\n\t\t<span class=\"tribe-event-date-start\">mayo 19 @ 13:00<\/span> - <span class=\"tribe-event-time\">14:00<\/span> <span class='timezone'> UTC-4 <\/span>\t<\/time>\n\t<\/div>\n\t\t\t\t\t\t\t\t\t\t\t\t\t\t<\/header>\n\n\t\t\t\t<div class=\"tribe-events-calendar-list__event-description tribe-common-b2 tribe-common-a11y-hidden\">\n\t<p>Este acto forma parte de la Cumbre Virtual 2026 sobre Fideicomisos Comunitarios de la Tierra (CLT), una serie de actos en l\u00ednea de seis semanas de duraci\u00f3n, del 5 de [&hellip;]<\/p>\n<\/div>\n\t\t\t\t\n\t\t\t<\/div>\n\t\t<\/article>\n\t<\/div>\n\n<\/li>\n\n\t\t\t\t\t\t\t\n\t\t\t\t\n\t\t\t\t<li  class=\"tribe-common-g-row tribe-events-calendar-list__event-row\" >\n\n\t<div  class=\"tribe-events-calendar-list__event-date-tag tribe-common-g-col post-10000061 tribe_events type-tribe_events status-publish has-post-thumbnail hentry tag-cumbre-virtual-2026 tag-dia-mundial-de-las-tlc tag-fideicomiso-de-la-tierra tag-seminario-web tribe_events_cat-cumbre-virtual-global-clt-2026 cat_cumbre-virtual-global-clt-2026\"  >\n\t<time class=\"tribe-events-calendar-list__event-date-tag-datetime\" datetime=\"2026-05-20\" aria-hidden=\"true\">\n\t\t<span class=\"tribe-events-calendar-list__event-date-tag-weekday\">\n\t\t\tMi\u00e9\t\t<\/span>\n\t\t<span class=\"tribe-events-calendar-list__event-date-tag-daynum tribe-common-h5 tribe-common-h4--min-medium\">\n\t\t\t20\t\t<\/span>\n\t<\/time>\n<\/div>\n\n\t<div class=\"tribe-events-calendar-list__event-wrapper tribe-common-g-col\">\n\t\t<article  class=\"tribe-events-calendar-list__event tribe-common-g-row tribe-common-g-row--gutters post-10000061 tribe_events type-tribe_events status-publish has-post-thumbnail hentry tag-cumbre-virtual-2026 tag-dia-mundial-de-las-tlc tag-fideicomiso-de-la-tierra tag-seminario-web tribe_events_cat-cumbre-virtual-global-clt-2026 cat_cumbre-virtual-global-clt-2026\" >\n\t\t\t<div class=\"tribe-events-calendar-list__event-featured-image-wrapper tribe-common-g-col\">\n\t<img\n\t\tclass=\"tribe-events-calendar-list__event-featured-image\"\n\t\tsrc=\"https:\/\/www.cltweb.org\/wp-content\/uploads\/2026\/03\/ECLTN-Event-Square.png\"\n\t\t\t\t\tsrcset=\"https:\/\/www.cltweb.org\/wp-content\/uploads\/2026\/03\/ECLTN-Event-Square-300x300.png 300w, https:\/\/www.cltweb.org\/wp-content\/uploads\/2026\/03\/ECLTN-Event-Square-1024x1024.png 1024w, https:\/\/www.cltweb.org\/wp-content\/uploads\/2026\/03\/ECLTN-Event-Square-150x150.png 150w, https:\/\/www.cltweb.org\/wp-content\/uploads\/2026\/03\/ECLTN-Event-Square-768x768.png 768w, https:\/\/www.cltweb.org\/wp-content\/uploads\/2026\/03\/ECLTN-Event-Square.png 1080w\"\n\t\t\t\t\t\t\talt=\"\"\n\t\t\t\t\t\t\ttitle=\"Plaza de Eventos ECLTN\"\n\t\t\t\tclass=\"tribe-events-calendar-list__event-featured-image\"\n\t\t\t\t\twidth=\"1080\"\n\t\t\theight=\"1080\"\n\t\t\t\/>\n<\/div>\n\n\t\t\t<div class=\"tribe-events-calendar-list__event-details tribe-common-g-col\">\n\n\t\t\t\t<header class=\"tribe-events-calendar-list__event-header\">\n\t\t\t\t\t<h4 class=\"tribe-events-calendar-list__event-title tribe-common-h6 tribe-common-h4--min-medium\">\n\t<a\n\t\thref=\"https:\/\/www.cltweb.org\/es\/event\/lanzamiento-del-estudio-de-viabilidad-de-la-red-europea-uso-del-enfoque-clt-para-renovar-el-barrio-autoconstruido-cova-da-moura\/\"\n\t\ttitle=\"Lanzamiento del Estudio de Viabilidad de la Red Europea: Uso del Enfoque CLT para Renovar el Barrio Autoconstruido Cova da Moura (Portugal)\"\n\t\trel=\"bookmark\"\n\t\tclass=\"tribe-events-calendar-list__event-title-link tribe-common-anchor-thin\"\n\t>\n\t\tLanzamiento del Estudio de Viabilidad de la Red Europea: Uso del Enfoque CLT para Renovar el Barrio Autoconstruido Cova da Moura (Portugal)\t<\/a>\n<\/h4>\n\t\t\t\t\t<div class=\"tribe-events-calendar-list__event-datetime-wrapper tribe-common-b2\">\n\t\t<time class=\"tribe-events-calendar-list__event-datetime\" datetime=\"2026-05-20\">\n\t\t<span class=\"tribe-event-date-start\">mayo 20 @ 15:00<\/span> - <span class=\"tribe-event-time\">16:15<\/span> <span class='timezone'> UTC+2 <\/span>\t<\/time>\n\t<\/div>\n\t\t\t\t\t\t\t\t\t\t\t\t\t\t<\/header>\n\n\t\t\t\t<div class=\"tribe-events-calendar-list__event-description tribe-common-b2 tribe-common-a11y-hidden\">\n\t<p>Este acto forma parte de la Cumbre Virtual 2026 sobre Fideicomisos Comunitarios de la Tierra (CLT), una serie de actos en l\u00ednea de seis semanas de duraci\u00f3n, del 5 de [&hellip;]<\/p>\n<\/div>\n\t\t\t\t\n\t\t\t<\/div>\n\t\t<\/article>\n\t<\/div>\n\n<\/li>\n\n\t\t\t\t\t\t\t\n\t\t\t\t\n\t\t\t\t<li  class=\"tribe-common-g-row tribe-events-calendar-list__event-row\" >\n\n\t<div  class=\"tribe-events-calendar-list__event-date-tag tribe-common-g-col post-10000065 tribe_events type-tribe_events status-publish has-post-thumbnail hentry tag-cumbre-virtual-2026 tag-dia-mundial-de-las-tlc tag-fideicomiso-de-la-tierra tag-seminario-web tribe_events_cat-cumbre-virtual-global-clt-2026 cat_cumbre-virtual-global-clt-2026\"  >\n\t<time class=\"tribe-events-calendar-list__event-date-tag-datetime\" datetime=\"2026-05-21\" aria-hidden=\"true\">\n\t\t<span class=\"tribe-events-calendar-list__event-date-tag-weekday\">\n\t\t\tJue\t\t<\/span>\n\t\t<span class=\"tribe-events-calendar-list__event-date-tag-daynum tribe-common-h5 tribe-common-h4--min-medium\">\n\t\t\t21\t\t<\/span>\n\t<\/time>\n<\/div>\n\n\t<div class=\"tribe-events-calendar-list__event-wrapper tribe-common-g-col\">\n\t\t<article  class=\"tribe-events-calendar-list__event tribe-common-g-row tribe-common-g-row--gutters post-10000065 tribe_events type-tribe_events status-publish has-post-thumbnail hentry tag-cumbre-virtual-2026 tag-dia-mundial-de-las-tlc tag-fideicomiso-de-la-tierra tag-seminario-web tribe_events_cat-cumbre-virtual-global-clt-2026 cat_cumbre-virtual-global-clt-2026\" >\n\t\t\t<div class=\"tribe-events-calendar-list__event-featured-image-wrapper tribe-common-g-col\">\n\t<img\n\t\tclass=\"tribe-events-calendar-list__event-featured-image\"\n\t\tsrc=\"https:\/\/www.cltweb.org\/wp-content\/uploads\/2026\/03\/England-Scotland-Wales-Event-Square.png\"\n\t\t\t\t\tsrcset=\"https:\/\/www.cltweb.org\/wp-content\/uploads\/2026\/03\/England-Scotland-Wales-Event-Square-300x300.png 300w, https:\/\/www.cltweb.org\/wp-content\/uploads\/2026\/03\/England-Scotland-Wales-Event-Square-1024x1024.png 1024w, https:\/\/www.cltweb.org\/wp-content\/uploads\/2026\/03\/England-Scotland-Wales-Event-Square-150x150.png 150w, https:\/\/www.cltweb.org\/wp-content\/uploads\/2026\/03\/England-Scotland-Wales-Event-Square-768x768.png 768w, https:\/\/www.cltweb.org\/wp-content\/uploads\/2026\/03\/England-Scotland-Wales-Event-Square.png 1080w\"\n\t\t\t\t\t\t\talt=\"\"\n\t\t\t\t\t\t\ttitle=\"Inglaterra, Escocia, Gales Plaza de Eventos\"\n\t\t\t\tclass=\"tribe-events-calendar-list__event-featured-image\"\n\t\t\t\t\twidth=\"1080\"\n\t\t\theight=\"1080\"\n\t\t\t\/>\n<\/div>\n\n\t\t\t<div class=\"tribe-events-calendar-list__event-details tribe-common-g-col\">\n\n\t\t\t\t<header class=\"tribe-events-calendar-list__event-header\">\n\t\t\t\t\t<h4 class=\"tribe-events-calendar-list__event-title tribe-common-h6 tribe-common-h4--min-medium\">\n\t<a\n\t\thref=\"https:\/\/www.cltweb.org\/es\/event\/tierra-justicia-y-comunidad-en-gran-bretana\/\"\n\t\ttitle=\"Tierra, Justicia y Comunidad en Gran Breta\u00f1a\"\n\t\trel=\"bookmark\"\n\t\tclass=\"tribe-events-calendar-list__event-title-link tribe-common-anchor-thin\"\n\t>\n\t\tTierra, Justicia y Comunidad en Gran Breta\u00f1a\t<\/a>\n<\/h4>\n\t\t\t\t\t<div class=\"tribe-events-calendar-list__event-datetime-wrapper tribe-common-b2\">\n\t\t<time class=\"tribe-events-calendar-list__event-datetime\" datetime=\"2026-05-21\">\n\t\t<span class=\"tribe-event-date-start\">mayo 21 @ 16:00<\/span> - <span class=\"tribe-event-time\">18:00<\/span> <span class='timezone'> UTC+1 <\/span>\t<\/time>\n\t<\/div>\n\t\t\t\t\t\t\t\t\t\t\t\t\t\t<\/header>\n\n\t\t\t\t<div class=\"tribe-events-calendar-list__event-description tribe-common-b2 tribe-common-a11y-hidden\">\n\t<p>Este acto forma parte de la Cumbre Virtual 2026 sobre Fideicomisos Comunitarios de la Tierra (CLT), una serie de actos en l\u00ednea de seis semanas de duraci\u00f3n, del 5 de [&hellip;]<\/p>\n<\/div>\n\t\t\t\t\n\t\t\t<\/div>\n\t\t<\/article>\n\t<\/div>\n\n<\/li>\n\n\t\t\t\t\t\t\t\n\t\t\t\t\n\t\t\t\t<li  class=\"tribe-common-g-row tribe-events-calendar-list__event-row\" >\n\n\t<div  class=\"tribe-events-calendar-list__event-date-tag tribe-common-g-col post-10000070 tribe_events type-tribe_events status-publish has-post-thumbnail hentry tag-cumbre-virtual-2026 tag-dia-mundial-de-las-tlc tag-fideicomiso-de-la-tierra tag-seminario-web tribe_events_cat-cumbre-virtual-global-clt-2026 cat_cumbre-virtual-global-clt-2026\"  >\n\t<time class=\"tribe-events-calendar-list__event-date-tag-datetime\" datetime=\"2026-05-26\" aria-hidden=\"true\">\n\t\t<span class=\"tribe-events-calendar-list__event-date-tag-weekday\">\n\t\t\tMar\t\t<\/span>\n\t\t<span class=\"tribe-events-calendar-list__event-date-tag-daynum tribe-common-h5 tribe-common-h4--min-medium\">\n\t\t\t26\t\t<\/span>\n\t<\/time>\n<\/div>\n\n\t<div class=\"tribe-events-calendar-list__event-wrapper tribe-common-g-col\">\n\t\t<article  class=\"tribe-events-calendar-list__event tribe-common-g-row tribe-common-g-row--gutters post-10000070 tribe_events type-tribe_events status-publish has-post-thumbnail hentry tag-cumbre-virtual-2026 tag-dia-mundial-de-las-tlc tag-fideicomiso-de-la-tierra tag-seminario-web tribe_events_cat-cumbre-virtual-global-clt-2026 cat_cumbre-virtual-global-clt-2026\" >\n\t\t\t<div class=\"tribe-events-calendar-list__event-featured-image-wrapper tribe-common-g-col\">\n\t<img\n\t\tclass=\"tribe-events-calendar-list__event-featured-image\"\n\t\tsrc=\"https:\/\/www.cltweb.org\/wp-content\/uploads\/2026\/03\/Canada-Event-Square.png\"\n\t\t\t\t\tsrcset=\"https:\/\/www.cltweb.org\/wp-content\/uploads\/2026\/03\/Canada-Event-Square-300x300.png 300w, https:\/\/www.cltweb.org\/wp-content\/uploads\/2026\/03\/Canada-Event-Square-1024x1024.png 1024w, https:\/\/www.cltweb.org\/wp-content\/uploads\/2026\/03\/Canada-Event-Square-150x150.png 150w, https:\/\/www.cltweb.org\/wp-content\/uploads\/2026\/03\/Canada-Event-Square-768x768.png 768w, https:\/\/www.cltweb.org\/wp-content\/uploads\/2026\/03\/Canada-Event-Square.png 1080w\"\n\t\t\t\t\t\t\talt=\"\"\n\t\t\t\t\t\t\ttitle=\"Plaza de Eventos de Canad\u00e1\"\n\t\t\t\tclass=\"tribe-events-calendar-list__event-featured-image\"\n\t\t\t\t\twidth=\"1080\"\n\t\t\theight=\"1080\"\n\t\t\t\/>\n<\/div>\n\n\t\t\t<div class=\"tribe-events-calendar-list__event-details tribe-common-g-col\">\n\n\t\t\t\t<header class=\"tribe-events-calendar-list__event-header\">\n\t\t\t\t\t<h4 class=\"tribe-events-calendar-list__event-title tribe-common-h6 tribe-common-h4--min-medium\">\n\t<a\n\t\thref=\"https:\/\/www.cltweb.org\/es\/event\/descolonizacion-de-los-fideicomisos-de-la-tierra-comunitarios-en-canada\/\"\n\t\ttitle=\"Descolonizaci\u00f3n de los fideicomisos de la tierra comunitarios en Canad\u00e1\"\n\t\trel=\"bookmark\"\n\t\tclass=\"tribe-events-calendar-list__event-title-link tribe-common-anchor-thin\"\n\t>\n\t\tDescolonizaci\u00f3n de los fideicomisos de la tierra comunitarios en Canad\u00e1\t<\/a>\n<\/h4>\n\t\t\t\t\t<div class=\"tribe-events-calendar-list__event-datetime-wrapper tribe-common-b2\">\n\t\t<time class=\"tribe-events-calendar-list__event-datetime\" datetime=\"2026-05-26\">\n\t\t<span class=\"tribe-event-date-start\">mayo 26 @ 13:00<\/span> - <span class=\"tribe-event-time\">14:30<\/span> <span class='timezone'> UTC-4 <\/span>\t<\/time>\n\t<\/div>\n\t\t\t\t\t\t\t\t\t\t\t\t\t\t<\/header>\n\n\t\t\t\t<div class=\"tribe-events-calendar-list__event-description tribe-common-b2 tribe-common-a11y-hidden\">\n\t<p>Este acto forma parte de la Cumbre Virtual 2026 sobre Fideicomisos Comunitarios de la Tierra (CLT), una serie de actos en l\u00ednea de seis semanas de duraci\u00f3n, del 5 de [&hellip;]<\/p>\n<\/div>\n\t\t\t\t\n\t\t\t<\/div>\n\t\t<\/article>\n\t<\/div>\n\n<\/li>\n\n\t\t\t\t\t\t\t\n\t\t\t\t<li class=\"tribe-events-calendar-list__month-separator\">\n\t<h3>\n\t\t<time\n\t\t\tclass=\"tribe-events-calendar-list__month-separator-text tribe-common-h7 tribe-common-h6--min-medium tribe-common-h--alt\"\n\t\t>\n\t\t\tjunio 2026\t\t<\/time>\n\t<\/h3>\n<\/li>\n\n\t\t\t\t<li  class=\"tribe-common-g-row tribe-events-calendar-list__event-row\" >\n\n\t<div  class=\"tribe-events-calendar-list__event-date-tag tribe-common-g-col post-10000073 tribe_events type-tribe_events status-publish has-post-thumbnail hentry tag-cumbre-virtual-2026 tag-dia-mundial-de-las-tlc tag-fideicomiso-de-la-tierra tag-seminario-web tribe_events_cat-cumbre-virtual-global-clt-2026 cat_cumbre-virtual-global-clt-2026\"  >\n\t<time class=\"tribe-events-calendar-list__event-date-tag-datetime\" datetime=\"2026-06-03\" aria-hidden=\"true\">\n\t\t<span class=\"tribe-events-calendar-list__event-date-tag-weekday\">\n\t\t\tMi\u00e9\t\t<\/span>\n\t\t<span class=\"tribe-events-calendar-list__event-date-tag-daynum tribe-common-h5 tribe-common-h4--min-medium\">\n\t\t\t3\t\t<\/span>\n\t<\/time>\n<\/div>\n\n\t<div class=\"tribe-events-calendar-list__event-wrapper tribe-common-g-col\">\n\t\t<article  class=\"tribe-events-calendar-list__event tribe-common-g-row tribe-common-g-row--gutters post-10000073 tribe_events type-tribe_events status-publish has-post-thumbnail hentry tag-cumbre-virtual-2026 tag-dia-mundial-de-las-tlc tag-fideicomiso-de-la-tierra tag-seminario-web tribe_events_cat-cumbre-virtual-global-clt-2026 cat_cumbre-virtual-global-clt-2026\" >\n\t\t\t<div class=\"tribe-events-calendar-list__event-featured-image-wrapper tribe-common-g-col\">\n\t<img\n\t\tclass=\"tribe-events-calendar-list__event-featured-image\"\n\t\tsrc=\"https:\/\/www.cltweb.org\/wp-content\/uploads\/2026\/03\/France-Event-Square.png\"\n\t\t\t\t\tsrcset=\"https:\/\/www.cltweb.org\/wp-content\/uploads\/2026\/03\/France-Event-Square-300x300.png 300w, https:\/\/www.cltweb.org\/wp-content\/uploads\/2026\/03\/France-Event-Square-1024x1024.png 1024w, https:\/\/www.cltweb.org\/wp-content\/uploads\/2026\/03\/France-Event-Square-150x150.png 150w, https:\/\/www.cltweb.org\/wp-content\/uploads\/2026\/03\/France-Event-Square-768x768.png 768w, https:\/\/www.cltweb.org\/wp-content\/uploads\/2026\/03\/France-Event-Square.png 1080w\"\n\t\t\t\t\t\t\talt=\"\"\n\t\t\t\t\t\t\ttitle=\"Plaza de Eventos de Francia\"\n\t\t\t\tclass=\"tribe-events-calendar-list__event-featured-image\"\n\t\t\t\t\twidth=\"1080\"\n\t\t\theight=\"1080\"\n\t\t\t\/>\n<\/div>\n\n\t\t\t<div class=\"tribe-events-calendar-list__event-details tribe-common-g-col\">\n\n\t\t\t\t<header class=\"tribe-events-calendar-list__event-header\">\n\t\t\t\t\t<h4 class=\"tribe-events-calendar-list__event-title tribe-common-h6 tribe-common-h4--min-medium\">\n\t<a\n\t\thref=\"https:\/\/www.cltweb.org\/es\/event\/ofs-brs-una-respuesta-a-la-crisis-de-la-vivienda\/\"\n\t\ttitle=\"OFS\/BRS : \u00bfUna respuesta a la crisis de la vivienda?\"\n\t\trel=\"bookmark\"\n\t\tclass=\"tribe-events-calendar-list__event-title-link tribe-common-anchor-thin\"\n\t>\n\t\tOFS\/BRS : \u00bfUna respuesta a la crisis de la vivienda?\t<\/a>\n<\/h4>\n\t\t\t\t\t<div class=\"tribe-events-calendar-list__event-datetime-wrapper tribe-common-b2\">\n\t\t<time class=\"tribe-events-calendar-list__event-datetime\" datetime=\"2026-06-03\">\n\t\t<span class=\"tribe-event-date-start\">junio 3 @ 14:00<\/span> - <span class=\"tribe-event-time\">15:30<\/span> <span class='timezone'> UTC+2 <\/span>\t<\/time>\n\t<\/div>\n\t\t\t\t\t\t\t\t\t\t\t\t\t\t<\/header>\n\n\t\t\t\t<div class=\"tribe-events-calendar-list__event-description tribe-common-b2 tribe-common-a11y-hidden\">\n\t<p>Este acto forma parte de la Cumbre Virtual 2026 sobre Fideicomisos Comunitarios de la Tierra (CLT), una serie de actos en l\u00ednea de seis semanas de duraci\u00f3n, del 5 de [&hellip;]<\/p>\n<\/div>\n\t\t\t\t\n\t\t\t<\/div>\n\t\t<\/article>\n\t<\/div>\n\n<\/li>\n\n\t\t\t\t\t\t\t\n\t\t\t\t\n\t\t\t\t<li  class=\"tribe-common-g-row tribe-events-calendar-list__event-row\" >\n\n\t<div  class=\"tribe-events-calendar-list__event-date-tag tribe-common-g-col post-10000077 tribe_events type-tribe_events status-publish has-post-thumbnail hentry tag-cumbre-virtual-2026 tag-dia-mundial-de-las-tlc tag-fideicomiso-de-la-tierra tag-seminario-web tribe_events_cat-cumbre-virtual-global-clt-2026 cat_cumbre-virtual-global-clt-2026\"  >\n\t<time class=\"tribe-events-calendar-list__event-date-tag-datetime\" datetime=\"2026-06-09\" aria-hidden=\"true\">\n\t\t<span class=\"tribe-events-calendar-list__event-date-tag-weekday\">\n\t\t\tMar\t\t<\/span>\n\t\t<span class=\"tribe-events-calendar-list__event-date-tag-daynum tribe-common-h5 tribe-common-h4--min-medium\">\n\t\t\t9\t\t<\/span>\n\t<\/time>\n<\/div>\n\n\t<div class=\"tribe-events-calendar-list__event-wrapper tribe-common-g-col\">\n\t\t<article  class=\"tribe-events-calendar-list__event tribe-common-g-row tribe-common-g-row--gutters post-10000077 tribe_events type-tribe_events status-publish has-post-thumbnail hentry tag-cumbre-virtual-2026 tag-dia-mundial-de-las-tlc tag-fideicomiso-de-la-tierra tag-seminario-web tribe_events_cat-cumbre-virtual-global-clt-2026 cat_cumbre-virtual-global-clt-2026\" >\n\t\t\t<div class=\"tribe-events-calendar-list__event-featured-image-wrapper tribe-common-g-col\">\n\t<img\n\t\tclass=\"tribe-events-calendar-list__event-featured-image\"\n\t\tsrc=\"https:\/\/www.cltweb.org\/wp-content\/uploads\/2026\/03\/California-Event-Square.png\"\n\t\t\t\t\tsrcset=\"https:\/\/www.cltweb.org\/wp-content\/uploads\/2026\/03\/California-Event-Square-300x300.png 300w, https:\/\/www.cltweb.org\/wp-content\/uploads\/2026\/03\/California-Event-Square-1024x1024.png 1024w, https:\/\/www.cltweb.org\/wp-content\/uploads\/2026\/03\/California-Event-Square-150x150.png 150w, https:\/\/www.cltweb.org\/wp-content\/uploads\/2026\/03\/California-Event-Square-768x768.png 768w, https:\/\/www.cltweb.org\/wp-content\/uploads\/2026\/03\/California-Event-Square.png 1080w\"\n\t\t\t\t\t\t\talt=\"\"\n\t\t\t\t\t\t\ttitle=\"Plaza de Eventos de California\"\n\t\t\t\tclass=\"tribe-events-calendar-list__event-featured-image\"\n\t\t\t\t\twidth=\"1080\"\n\t\t\theight=\"1080\"\n\t\t\t\/>\n<\/div>\n\n\t\t\t<div class=\"tribe-events-calendar-list__event-details tribe-common-g-col\">\n\n\t\t\t\t<header class=\"tribe-events-calendar-list__event-header\">\n\t\t\t\t\t<h4 class=\"tribe-events-calendar-list__event-title tribe-common-h6 tribe-common-h4--min-medium\">\n\t<a\n\t\thref=\"https:\/\/www.cltweb.org\/es\/event\/enfrentarse-al-momento-solidaridad-y-asociaciones-con-los-pueblos-indigenas-en-el-movimiento-clt-de-california\/\"\n\t\ttitle=\"Enfrentarse al Momento: Solidaridad y Asociaciones con los Pueblos Ind\u00edgenas en el Movimiento CLT de California\"\n\t\trel=\"bookmark\"\n\t\tclass=\"tribe-events-calendar-list__event-title-link tribe-common-anchor-thin\"\n\t>\n\t\tEnfrentarse al Momento: Solidaridad y Asociaciones con los Pueblos Ind\u00edgenas en el Movimiento CLT de California\t<\/a>\n<\/h4>\n\t\t\t\t\t<div class=\"tribe-events-calendar-list__event-datetime-wrapper tribe-common-b2\">\n\t\t<time class=\"tribe-events-calendar-list__event-datetime\" datetime=\"2026-06-09\">\n\t\t<span class=\"tribe-event-date-start\">junio 9 @ 13:00<\/span> - <span class=\"tribe-event-time\">14:30<\/span> <span class='timezone'> UTC-7 <\/span>\t<\/time>\n\t<\/div>\n\t\t\t\t\t\t\t\t\t\t\t\t\t\t<\/header>\n\n\t\t\t\t<div class=\"tribe-events-calendar-list__event-description tribe-common-b2 tribe-common-a11y-hidden\">\n\t<p>Este acto forma parte de la Cumbre Virtual 2026 sobre Fideicomisos Comunitarios de la Tierra (CLT), una serie de actos en l\u00ednea de seis semanas de duraci\u00f3n, del 5 de [&hellip;]<\/p>\n<\/div>\n\t\t\t\t\n\t\t\t<\/div>\n\t\t<\/article>\n\t<\/div>\n\n<\/li>\n\n\t\t\t\t\t\t\t\n\t\t\t\t\n\t\t\t\t<li  class=\"tribe-common-g-row tribe-events-calendar-list__event-row\" >\n\n\t<div  class=\"tribe-events-calendar-list__event-date-tag tribe-common-g-col post-10000081 tribe_events type-tribe_events status-publish has-post-thumbnail hentry tag-cumbre-virtual-2026 tag-dia-mundial-de-las-tlc tag-fideicomiso-de-la-tierra tag-seminario-web tribe_events_cat-cumbre-virtual-global-clt-2026 cat_cumbre-virtual-global-clt-2026\"  >\n\t<time class=\"tribe-events-calendar-list__event-date-tag-datetime\" datetime=\"2026-06-10\" aria-hidden=\"true\">\n\t\t<span class=\"tribe-events-calendar-list__event-date-tag-weekday\">\n\t\t\tMi\u00e9\t\t<\/span>\n\t\t<span class=\"tribe-events-calendar-list__event-date-tag-daynum tribe-common-h5 tribe-common-h4--min-medium\">\n\t\t\t10\t\t<\/span>\n\t<\/time>\n<\/div>\n\n\t<div class=\"tribe-events-calendar-list__event-wrapper tribe-common-g-col\">\n\t\t<article  class=\"tribe-events-calendar-list__event tribe-common-g-row tribe-common-g-row--gutters post-10000081 tribe_events type-tribe_events status-publish has-post-thumbnail hentry tag-cumbre-virtual-2026 tag-dia-mundial-de-las-tlc tag-fideicomiso-de-la-tierra tag-seminario-web tribe_events_cat-cumbre-virtual-global-clt-2026 cat_cumbre-virtual-global-clt-2026\" >\n\t\t\t<div class=\"tribe-events-calendar-list__event-featured-image-wrapper tribe-common-g-col\">\n\t<img\n\t\tclass=\"tribe-events-calendar-list__event-featured-image\"\n\t\tsrc=\"https:\/\/www.cltweb.org\/wp-content\/uploads\/2026\/03\/Australia-Event-Square.png\"\n\t\t\t\t\tsrcset=\"https:\/\/www.cltweb.org\/wp-content\/uploads\/2026\/03\/Australia-Event-Square-300x300.png 300w, https:\/\/www.cltweb.org\/wp-content\/uploads\/2026\/03\/Australia-Event-Square-1024x1024.png 1024w, https:\/\/www.cltweb.org\/wp-content\/uploads\/2026\/03\/Australia-Event-Square-150x150.png 150w, https:\/\/www.cltweb.org\/wp-content\/uploads\/2026\/03\/Australia-Event-Square-768x768.png 768w, https:\/\/www.cltweb.org\/wp-content\/uploads\/2026\/03\/Australia-Event-Square.png 1080w\"\n\t\t\t\t\t\t\talt=\"\"\n\t\t\t\t\t\t\ttitle=\"Plaza de Eventos de Australia\"\n\t\t\t\tclass=\"tribe-events-calendar-list__event-featured-image\"\n\t\t\t\t\twidth=\"1080\"\n\t\t\theight=\"1080\"\n\t\t\t\/>\n<\/div>\n\n\t\t\t<div class=\"tribe-events-calendar-list__event-details tribe-common-g-col\">\n\n\t\t\t\t<header class=\"tribe-events-calendar-list__event-header\">\n\t\t\t\t\t<h4 class=\"tribe-events-calendar-list__event-title tribe-common-h6 tribe-common-h4--min-medium\">\n\t<a\n\t\thref=\"https:\/\/www.cltweb.org\/es\/event\/tierra-y-justicia-la-vivienda-de-las-primeras-naciones-y-los-clt-en-australia\/\"\n\t\ttitle=\"Tierra y Justicia: La vivienda de las Primeras Naciones y los CLT en Australia\"\n\t\trel=\"bookmark\"\n\t\tclass=\"tribe-events-calendar-list__event-title-link tribe-common-anchor-thin\"\n\t>\n\t\tTierra y Justicia: La vivienda de las Primeras Naciones y los CLT en Australia\t<\/a>\n<\/h4>\n\t\t\t\t\t<div class=\"tribe-events-calendar-list__event-datetime-wrapper tribe-common-b2\">\n\t\t<time class=\"tribe-events-calendar-list__event-datetime\" datetime=\"2026-06-10\">\n\t\t<span class=\"tribe-event-date-start\">junio 10 @ 09:00<\/span> - <span class=\"tribe-event-time\">10:30<\/span> <span class='timezone'> UTC+10 <\/span>\t<\/time>\n\t<\/div>\n\t\t\t\t\t\t\t\t\t\t\t\t\t\t<\/header>\n\n\t\t\t\t<div class=\"tribe-events-calendar-list__event-description tribe-common-b2 tribe-common-a11y-hidden\">\n\t<p>Este acto forma parte de la Cumbre Virtual 2026 sobre Fideicomisos Comunitarios de la Tierra (CLT), una serie de actos en l\u00ednea de seis semanas de duraci\u00f3n, del 5 de [&hellip;]<\/p>\n<\/div>\n\t\t\t\t\n\t\t\t<\/div>\n\t\t<\/article>\n\t<\/div>\n\n<\/li>\n\n\t\t\t\n\t\t<\/ul>\n\n\t\t<nav class=\"tribe-events-calendar-list-nav tribe-events-c-nav\" aria-label=\"Paginaci\u00f3n inferior de lista eventos\">\n\t<ul class=\"tribe-events-c-nav__list\">\n\t\t<li class=\"tribe-events-c-nav__list-item tribe-events-c-nav__list-item--prev\">\n\t<a\n\t\thref=\"https:\/\/www.cltweb.org\/es\/eventos\/lista\/?rest_route=%2Fwp%2Fv2%2Fpages%2F1492&#038;shortcode=bdbabbea&#038;eventDisplay=past&#038;eventDate=-90+days\"\n\t\trel=\"prev\"\n\t\tclass=\"tribe-events-c-nav__prev tribe-common-b2 tribe-common-b1--min-medium\"\n\t\tdata-js=\"tribe-events-view-link\"\n\t\taria-label=\"Eventos anterior(es)\"\n\t\ttitle=\"Eventos anterior(es)\"\n\t>\n\t\t<svg\n\t class=\"tribe-common-c-svgicon tribe-common-c-svgicon--caret-left tribe-events-c-nav__prev-icon-svg\" \taria-hidden=\"true\"\n\tviewBox=\"0 0 10 16\"\n\txmlns=\"http:\/\/www.w3.org\/2000\/svg\"\n>\n\t<path d=\"M9.7 14.4l-1.5 1.5L.3 8 8.2.1l1.5 1.5L3.3 8l6.4 6.4z\"\/>\n<\/svg>\n\t\t<span class=\"tribe-events-c-nav__prev-label\">\n\t\t\t<span class=\"tribe-events-c-nav__prev-label-plural tribe-common-a11y-visual-hide\">Eventos<\/span> anterior(es)\t\t<\/span>\n\t<\/a>\n<\/li>\n\n\t\t<li class=\"tribe-events-c-nav__list-item tribe-events-c-nav__list-item--today\">\n\t<a\n\t\thref=\"https:\/\/www.cltweb.org\/es\/eventos\/lista\/?rest_route=%2Fwp%2Fv2%2Fpages%2F1492&#038;shortcode=bdbabbea\"\n\t\tclass=\"tribe-events-c-nav__today tribe-common-b2\"\n\t\tdata-js=\"tribe-events-view-link\"\n\t\taria-label=\"Haz clic para seleccionar la fecha de hoy\"\n\t\ttitle=\"Haz clic para seleccionar la fecha de hoy\"\n\t>\n\t\tHoy\t<\/a>\n<\/li>\n\n\t\t<li class=\"tribe-events-c-nav__list-item tribe-events-c-nav__list-item--next\">\n\t<a\n\t\thref=\"https:\/\/www.cltweb.org\/es\/eventos\/lista\/p\u00e1gina\/2\/?shortcode=bdbabbea&#038;tribe-bar-date=-90+days\"\n\t\trel=\"next\"\n\t\tclass=\"tribe-events-c-nav__next tribe-common-b2 tribe-common-b1--min-medium\"\n\t\tdata-js=\"tribe-events-view-link\"\n\t\taria-label=\"Eventos siguiente(s)\"\n\t\ttitle=\"Eventos siguiente(s)\"\n\t>\n\t\t<span class=\"tribe-events-c-nav__next-label\">\n\t\t\t<span class=\"tribe-events-c-nav__next-label-plural tribe-common-a11y-visual-hide\">Eventos<\/span> siguiente(s)\t\t<\/span>\n\t\t<svg\n\t class=\"tribe-common-c-svgicon tribe-common-c-svgicon--caret-right tribe-events-c-nav__next-icon-svg\" \taria-hidden=\"true\"\n\tviewBox=\"0 0 10 16\"\n\txmlns=\"http:\/\/www.w3.org\/2000\/svg\"\n>\n\t<path d=\"M.3 1.6L1.8.1 9.7 8l-7.9 7.9-1.5-1.5L6.7 8 .3 1.6z\"\/>\n<\/svg>\n\t<\/a>\n<\/li>\n\t<\/ul>\n<\/nav>\n\n\t\t<div class=\"tribe-events-c-subscribe-dropdown__container\">\n\t<div class=\"tribe-events-c-subscribe-dropdown\">\n\t\t<div class=\"tribe-common-c-btn-border tribe-events-c-subscribe-dropdown__button\">\n\t\t\t<button\n\t\t\t\tclass=\"tribe-events-c-subscribe-dropdown__button-text tribe-common-c-btn--clear\"\n\t\t\t\taria-expanded=\"false\"\n\t\t\t\taria-controls=\"tribe-events-subscribe-dropdown-content\"\n\t\t\t\taria-label=\"\"\n\t\t\t>\n\t\t\t\tSuscribirse al calendario\t\t\t<\/button>\n\t\t\t<svg\n\t class=\"tribe-common-c-svgicon tribe-common-c-svgicon--caret-down tribe-events-c-subscribe-dropdown__button-icon\" \taria-hidden=\"true\"\n\tviewBox=\"0 0 10 7\"\n\txmlns=\"http:\/\/www.w3.org\/2000\/svg\"\n>\n\t<path fill-rule=\"evenodd\" clip-rule=\"evenodd\" d=\"M1.008.609L5 4.6 8.992.61l.958.958L5 6.517.05 1.566l.958-.958z\" class=\"tribe-common-c-svgicon__svg-fill\"\/>\n<\/svg>\n\t\t<\/div>\n\t\t<div id=\"tribe-events-c-subscribe-dropdown-content\" class=\"tribe-events-c-subscribe-dropdown__content\">\n\t\t\t<ul class=\"tribe-events-c-subscribe-dropdown__list\">\n\t\t\t\t\t\t\t\t\t\n<li class=\"tribe-events-c-subscribe-dropdown__list-item tribe-events-c-subscribe-dropdown__list-item--gcal\">\n\t<a\n\t\thref=\"https:\/\/www.google.com\/calendar\/render?cid=webcal%3A%2F%2Fwww.cltweb.org%2Fes%2F%3Fpost_type%3Dtribe_events%26tribe-bar-date%3D-90%2Bdays%26ical%3D1%26eventDisplay%3Dlist\"\n\t\tclass=\"tribe-events-c-subscribe-dropdown__list-item-link\"\n\t\ttarget=\"_blank\"\n\t\trel=\"noopener noreferrer nofollow noindex\"\n\t>\n\t\tGoogle Calendar\t<\/a>\n<\/li>\n\t\t\t\t\t\t\t\t\t\n<li class=\"tribe-events-c-subscribe-dropdown__list-item tribe-events-c-subscribe-dropdown__list-item--ical\">\n\t<a\n\t\thref=\"webcal:\/\/www.cltweb.org\/es\/?post_type=tribe_events&#038;tribe-bar-date=-90+days&#038;ical=1&#038;eventDisplay=list\"\n\t\tclass=\"tribe-events-c-subscribe-dropdown__list-item-link\"\n\t\ttarget=\"_blank\"\n\t\trel=\"noopener noreferrer nofollow noindex\"\n\t>\n\t\tiCalendar\t<\/a>\n<\/li>\n\t\t\t\t\t\t\t\t\t\n<li class=\"tribe-events-c-subscribe-dropdown__list-item tribe-events-c-subscribe-dropdown__list-item--outlook-365\">\n\t<a\n\t\thref=\"https:\/\/outlook.office.com\/owa?path=\/calendar\/action\/compose&#038;rru=addsubscription&#038;url=webcal%3A%2F%2Fwww.cltweb.org%2Fes%2F%3Fpost_type%3Dtribe_events%26tribe-bar-date%3D-90%2Bdays%26ical%3D1%26eventDisplay%3Dlist&#038;name=International+Center+for+Community+Land+Trusts+Pr\u00f3ximos+Eventos+\u2013+International+Center+for+Community+Land+Trusts\"\n\t\tclass=\"tribe-events-c-subscribe-dropdown__list-item-link\"\n\t\ttarget=\"_blank\"\n\t\trel=\"noopener noreferrer nofollow noindex\"\n\t>\n\t\tOutlook 365\t<\/a>\n<\/li>\n\t\t\t\t\t\t\t\t\t\n<li class=\"tribe-events-c-subscribe-dropdown__list-item tribe-events-c-subscribe-dropdown__list-item--outlook-live\">\n\t<a\n\t\thref=\"https:\/\/outlook.live.com\/owa?path=\/calendar\/action\/compose&#038;rru=addsubscription&#038;url=webcal%3A%2F%2Fwww.cltweb.org%2Fes%2F%3Fpost_type%3Dtribe_events%26tribe-bar-date%3D-90%2Bdays%26ical%3D1%26eventDisplay%3Dlist&#038;name=International+Center+for+Community+Land+Trusts+Pr\u00f3ximos+Eventos+\u2013+International+Center+for+Community+Land+Trusts\"\n\t\tclass=\"tribe-events-c-subscribe-dropdown__list-item-link\"\n\t\ttarget=\"_blank\"\n\t\trel=\"noopener noreferrer nofollow noindex\"\n\t>\n\t\tOutlook Live\t<\/a>\n<\/li>\n\t\t\t\t\t\t\t\t\t\n<li class=\"tribe-events-c-subscribe-dropdown__list-item tribe-events-c-subscribe-dropdown__list-item--ics\">\n\t<a\n\t\thref=\"https:\/\/www.cltweb.org\/es\/eventos\/lista\/?shortcode=bdbabbea&#038;tribe-bar-date=-90+days&#038;ical=1\"\n\t\tclass=\"tribe-events-c-subscribe-dropdown__list-item-link\"\n\t\ttarget=\"_blank\"\n\t\trel=\"noopener noreferrer nofollow noindex\"\n\t>\n\t\tExportar archivo .ics\t<\/a>\n<\/li>\n\t\t\t\t\t\t\t\t\t\n<li class=\"tribe-events-c-subscribe-dropdown__list-item tribe-events-c-subscribe-dropdown__list-item--outlook-ics\">\n\t<a\n\t\thref=\"https:\/\/www.cltweb.org\/es\/eventos\/lista\/?shortcode=bdbabbea&#038;outlook-ical=1#038;tribe-bar-date=-90+days&#038;ical=1\"\n\t\tclass=\"tribe-events-c-subscribe-dropdown__list-item-link\"\n\t\ttarget=\"_blank\"\n\t\trel=\"noopener noreferrer nofollow noindex\"\n\t>\n\t\tExportar archivo .ics de Outlook\t<\/a>\n<\/li>\n\t\t\t\t\t\t\t<\/ul>\n\t\t<\/div>\n\t<\/div>\n<\/div>\n\n\t\t\n\t<\/section>\n<\/div>\n\n<script data-js='tribe-events-view-nonce-data' type='application\/json'>{\"tvn1\":\"07b0e80539\",\"tvn2\":\"\"}<\/script>\n\n\n\n<p><\/p>\n","protected":false},"excerpt":{"rendered":"","protected":false},"author":1,"featured_media":0,"parent":881,"menu_order":0,"comment_status":"closed","ping_status":"closed","template":"","meta":{"give_campaign_id":0,"_tec_requires_first_save":false,"_kad_blocks_custom_css":"","_kad_blocks_head_custom_js":"","_kad_blocks_body_custom_js":"","_kad_blocks_footer_custom_js":"","_EventAllDay":false,"_EventTimezone":"","_EventStartDate":"","_EventEndDate":"","_EventStartDateUTC":"","_EventEndDateUTC":"","_EventShowMap":false,"_EventShowMapLink":false,"_EventURL":"","_EventCost":"","_EventCostDescription":"","_EventCurrencySymbol":"","_EventCurrencyCode":"","_EventCurrencyPosition":"","_EventDateTimeSeparator":"","_EventTimeRangeSeparator":"","_EventOrganizerID":[],"_EventVenueID":[],"_OrganizerEmail":"","_OrganizerPhone":"","_OrganizerWebsite":"","_VenueAddress":"","_VenueCity":"","_VenueCountry":"","_VenueProvince":"","_VenueState":"","_VenueZip":"","_VenuePhone":"","_VenueURL":"","_VenueStateProvince":"","_VenueLat":"","_VenueLng":"","_VenueShowMap":false,"_VenueShowMapLink":false,"_tribe_blocks_recurrence_rules":"","_tribe_blocks_recurrence_description":"","_tribe_blocks_recurrence_exclusions":"","footnotes":""},"categories":[87,246],"tags":[],"class_list":["post-1492","page","type-page","status-publish","hentry","category-biblioteca-de-recursos-es","category-videos-y-seminarios-web","cat_cumbre-virtual-global-clt-2026"],"blocksy_meta":[],"yoast_head":"<!-- This site is optimized with the Yoast SEO Premium plugin v27.5 (Yoast SEO v27.5) - https:\/\/yoast.com\/product\/yoast-seo-premium-wordpress\/ -->\n<title>Archivo de seminarios web - International Center for Community Land Trusts<\/title>\n<meta name=\"robots\" content=\"index, follow, max-snippet:-1, max-image-preview:large, max-video-preview:-1\" \/>\n<link rel=\"canonical\" href=\"https:\/\/www.cltweb.org\/es\/biblioteca-de-recursos\/archivo-de-seminarios-web\/\" \/>\n<meta property=\"og:locale\" content=\"es_ES\" \/>\n<meta property=\"og:type\" content=\"article\" \/>\n<meta property=\"og:title\" content=\"Archivo de seminarios web\" \/>\n<meta property=\"og:url\" content=\"https:\/\/www.cltweb.org\/es\/biblioteca-de-recursos\/archivo-de-seminarios-web\/\" \/>\n<meta property=\"og:site_name\" content=\"International Center for Community Land Trusts\" \/>\n<meta property=\"article:publisher\" content=\"https:\/\/www.facebook.com\/cltcenter\" \/>\n<meta property=\"article:modified_time\" content=\"2024-11-11T22:42:55+00:00\" \/>\n<meta name=\"twitter:card\" content=\"summary_large_image\" \/>\n<meta name=\"twitter:site\" content=\"@Center4CLTs\" \/>\n<script type=\"application\/ld+json\" class=\"yoast-schema-graph\">{\"@context\":\"https:\\\/\\\/schema.org\",\"@graph\":[{\"@type\":\"WebPage\",\"@id\":\"https:\\\/\\\/www.cltweb.org\\\/es\\\/biblioteca-de-recursos\\\/archivo-de-seminarios-web\\\/\",\"url\":\"https:\\\/\\\/www.cltweb.org\\\/es\\\/biblioteca-de-recursos\\\/archivo-de-seminarios-web\\\/\",\"name\":\"Archivo de seminarios web - International Center for Community Land Trusts\",\"isPartOf\":{\"@id\":\"https:\\\/\\\/www.cltweb.org\\\/es\\\/#website\"},\"datePublished\":\"2024-07-26T17:08:28+00:00\",\"dateModified\":\"2024-11-11T22:42:55+00:00\",\"breadcrumb\":{\"@id\":\"https:\\\/\\\/www.cltweb.org\\\/es\\\/biblioteca-de-recursos\\\/archivo-de-seminarios-web\\\/#breadcrumb\"},\"inLanguage\":\"es\",\"potentialAction\":[{\"@type\":\"ReadAction\",\"target\":[\"https:\\\/\\\/www.cltweb.org\\\/es\\\/biblioteca-de-recursos\\\/archivo-de-seminarios-web\\\/\"]}]},{\"@type\":\"BreadcrumbList\",\"@id\":\"https:\\\/\\\/www.cltweb.org\\\/es\\\/biblioteca-de-recursos\\\/archivo-de-seminarios-web\\\/#breadcrumb\",\"itemListElement\":[{\"@type\":\"ListItem\",\"position\":1,\"name\":\"Home\",\"item\":\"https:\\\/\\\/www.cltweb.org\\\/es\\\/\"},{\"@type\":\"ListItem\",\"position\":2,\"name\":\"Biblioteca de recursos\",\"item\":\"https:\\\/\\\/www.cltweb.org\\\/es\\\/biblioteca-de-recursos\\\/\"},{\"@type\":\"ListItem\",\"position\":3,\"name\":\"Archivo de seminarios web\"}]},{\"@type\":\"WebSite\",\"@id\":\"https:\\\/\\\/www.cltweb.org\\\/es\\\/#website\",\"url\":\"https:\\\/\\\/www.cltweb.org\\\/es\\\/\",\"name\":\"International Center for Community Land Trusts\",\"description\":\"\",\"publisher\":{\"@id\":\"https:\\\/\\\/www.cltweb.org\\\/es\\\/#organization\"},\"potentialAction\":[{\"@type\":\"SearchAction\",\"target\":{\"@type\":\"EntryPoint\",\"urlTemplate\":\"https:\\\/\\\/www.cltweb.org\\\/es\\\/?s={search_term_string}\"},\"query-input\":{\"@type\":\"PropertyValueSpecification\",\"valueRequired\":true,\"valueName\":\"search_term_string\"}}],\"inLanguage\":\"es\"},{\"@type\":\"Organization\",\"@id\":\"https:\\\/\\\/www.cltweb.org\\\/es\\\/#organization\",\"name\":\"International Center for Community Land Trusts\",\"url\":\"https:\\\/\\\/www.cltweb.org\\\/es\\\/\",\"logo\":{\"@type\":\"ImageObject\",\"inLanguage\":\"es\",\"@id\":\"https:\\\/\\\/www.cltweb.org\\\/es\\\/#\\\/schema\\\/logo\\\/image\\\/\",\"url\":\"https:\\\/\\\/www.cltweb.org\\\/wp-content\\\/uploads\\\/2024\\\/11\\\/New-CLT-Center-Text-logo.png\",\"contentUrl\":\"https:\\\/\\\/www.cltweb.org\\\/wp-content\\\/uploads\\\/2024\\\/11\\\/New-CLT-Center-Text-logo.png\",\"width\":227,\"height\":80,\"caption\":\"International Center for Community Land Trusts\"},\"image\":{\"@id\":\"https:\\\/\\\/www.cltweb.org\\\/es\\\/#\\\/schema\\\/logo\\\/image\\\/\"},\"sameAs\":[\"https:\\\/\\\/www.facebook.com\\\/cltcenter\",\"https:\\\/\\\/x.com\\\/Center4CLTs\",\"https:\\\/\\\/www.instagram.com\\\/cltcenter\\\/\",\"https:\\\/\\\/www.linkedin.com\\\/company\\\/cltcenter\",\"https:\\\/\\\/www.youtube.com\\\/@centerforcltinnovation5313\"],\"description\":\"The International Center for Community Land Trusts is a not-for-profit nongovernmental organization established in 2018 to promote and to support community land trusts and similar strategies of community-led development on community-owned land in countries throughout the world.\",\"email\":\"info@communitylandtrust.net\",\"legalName\":\"International Center for Community Land Trusts\",\"foundingDate\":\"2018-12-01\",\"taxID\":\"84-3858933\",\"numberOfEmployees\":{\"@type\":\"QuantitativeValue\",\"minValue\":\"1\",\"maxValue\":\"10\"}}]}<\/script>\n<!-- \/ Yoast SEO Premium plugin. -->","yoast_head_json":{"title":"Archivo de seminarios web - International Center for Community Land Trusts","robots":{"index":"index","follow":"follow","max-snippet":"max-snippet:-1","max-image-preview":"max-image-preview:large","max-video-preview":"max-video-preview:-1"},"canonical":"https:\/\/www.cltweb.org\/es\/biblioteca-de-recursos\/archivo-de-seminarios-web\/","og_locale":"es_ES","og_type":"article","og_title":"Archivo de seminarios web","og_url":"https:\/\/www.cltweb.org\/es\/biblioteca-de-recursos\/archivo-de-seminarios-web\/","og_site_name":"International Center for Community Land Trusts","article_publisher":"https:\/\/www.facebook.com\/cltcenter","article_modified_time":"2024-11-11T22:42:55+00:00","twitter_card":"summary_large_image","twitter_site":"@Center4CLTs","schema":{"@context":"https:\/\/schema.org","@graph":[{"@type":"WebPage","@id":"https:\/\/www.cltweb.org\/es\/biblioteca-de-recursos\/archivo-de-seminarios-web\/","url":"https:\/\/www.cltweb.org\/es\/biblioteca-de-recursos\/archivo-de-seminarios-web\/","name":"Archivo de seminarios web - International Center for Community Land Trusts","isPartOf":{"@id":"https:\/\/www.cltweb.org\/es\/#website"},"datePublished":"2024-07-26T17:08:28+00:00","dateModified":"2024-11-11T22:42:55+00:00","breadcrumb":{"@id":"https:\/\/www.cltweb.org\/es\/biblioteca-de-recursos\/archivo-de-seminarios-web\/#breadcrumb"},"inLanguage":"es","potentialAction":[{"@type":"ReadAction","target":["https:\/\/www.cltweb.org\/es\/biblioteca-de-recursos\/archivo-de-seminarios-web\/"]}]},{"@type":"BreadcrumbList","@id":"https:\/\/www.cltweb.org\/es\/biblioteca-de-recursos\/archivo-de-seminarios-web\/#breadcrumb","itemListElement":[{"@type":"ListItem","position":1,"name":"Home","item":"https:\/\/www.cltweb.org\/es\/"},{"@type":"ListItem","position":2,"name":"Biblioteca de recursos","item":"https:\/\/www.cltweb.org\/es\/biblioteca-de-recursos\/"},{"@type":"ListItem","position":3,"name":"Archivo de seminarios web"}]},{"@type":"WebSite","@id":"https:\/\/www.cltweb.org\/es\/#website","url":"https:\/\/www.cltweb.org\/es\/","name":"International Center for Community Land Trusts","description":"","publisher":{"@id":"https:\/\/www.cltweb.org\/es\/#organization"},"potentialAction":[{"@type":"SearchAction","target":{"@type":"EntryPoint","urlTemplate":"https:\/\/www.cltweb.org\/es\/?s={search_term_string}"},"query-input":{"@type":"PropertyValueSpecification","valueRequired":true,"valueName":"search_term_string"}}],"inLanguage":"es"},{"@type":"Organization","@id":"https:\/\/www.cltweb.org\/es\/#organization","name":"International Center for Community Land Trusts","url":"https:\/\/www.cltweb.org\/es\/","logo":{"@type":"ImageObject","inLanguage":"es","@id":"https:\/\/www.cltweb.org\/es\/#\/schema\/logo\/image\/","url":"https:\/\/www.cltweb.org\/wp-content\/uploads\/2024\/11\/New-CLT-Center-Text-logo.png","contentUrl":"https:\/\/www.cltweb.org\/wp-content\/uploads\/2024\/11\/New-CLT-Center-Text-logo.png","width":227,"height":80,"caption":"International Center for Community Land Trusts"},"image":{"@id":"https:\/\/www.cltweb.org\/es\/#\/schema\/logo\/image\/"},"sameAs":["https:\/\/www.facebook.com\/cltcenter","https:\/\/x.com\/Center4CLTs","https:\/\/www.instagram.com\/cltcenter\/","https:\/\/www.linkedin.com\/company\/cltcenter","https:\/\/www.youtube.com\/@centerforcltinnovation5313"],"description":"The International Center for Community Land Trusts is a not-for-profit nongovernmental organization established in 2018 to promote and to support community land trusts and similar strategies of community-led development on community-owned land in countries throughout the world.","email":"info@communitylandtrust.net","legalName":"International Center for Community Land Trusts","foundingDate":"2018-12-01","taxID":"84-3858933","numberOfEmployees":{"@type":"QuantitativeValue","minValue":"1","maxValue":"10"}}]}},"campaignId":"","taxonomy_info":{"category":[{"value":87,"label":"Biblioteca de recursos"},{"value":246,"label":"V\u00eddeos y seminarios web"}]},"featured_image_src_large":false,"author_info":{"display_name":"cltredesign_0jp0l4","author_link":"https:\/\/www.cltweb.org\/es\/author\/cltredesign_0jp0l4\/"},"comment_info":0,"jetpack_sharing_enabled":true,"jetpack-related-posts":[{"id":1944,"url":"https:\/\/www.cltweb.org\/es\/biblioteca-de-recursos\/videoteca\/","url_meta":{"origin":1492,"position":0},"title":"Videoteca","author":"cltredesign_0jp0l4","date":"26 de julio de 2024","format":false,"excerpt":"","rel":"","context":"En \u00abBiblioteca de recursos\u00bb","block_context":{"text":"Biblioteca de recursos","link":"https:\/\/www.cltweb.org\/es\/category\/biblioteca-de-recursos-es\/"},"img":{"alt_text":"","src":"","width":0,"height":0},"classes":[]},{"id":881,"url":"https:\/\/www.cltweb.org\/es\/biblioteca-de-recursos\/","url_meta":{"origin":1492,"position":1},"title":"Biblioteca de recursos","author":"cltredesign_0jp0l4","date":"26 de julio de 2024","format":false,"excerpt":"Red mundial Hay 616 CLT en 13 pa\u00edses. Consulta el mapa mundial, nuestra lista de redes de CLT y una secci\u00f3n dedicada a los CLT en el Sur Global. Perfiles Hemos recopilado estudios de casos de CLT, as\u00ed como entrevistas con figuras fundamentales del movimiento CLT. Investiga Hemos recopilado art\u00edculos\u2026","rel":"","context":"En \u00abBiblioteca de recursos\u00bb","block_context":{"text":"Biblioteca de recursos","link":"https:\/\/www.cltweb.org\/es\/category\/biblioteca-de-recursos-es\/"},"img":{"alt_text":"","src":"","width":0,"height":0},"classes":[]},{"id":1917,"url":"https:\/\/www.cltweb.org\/pt-br\/biblioteca-de-recursos\/arquivo-de-webinars\/","url_meta":{"origin":1492,"position":2},"title":"Arquivo de webinars","author":"cltredesign_0jp0l4","date":"26 de julio de 2024","format":false,"excerpt":"","rel":"","context":"En \u00abBiblioteca de recursos\u00bb","block_context":{"text":"Biblioteca de recursos","link":"https:\/\/www.cltweb.org\/pt-br\/category\/biblioteca-de-recursos\/"},"img":{"alt_text":"","src":"","width":0,"height":0},"classes":[]},{"id":1920,"url":"https:\/\/www.cltweb.org\/fr\/bibliotheque-de-ressources\/archives-des-webinaires\/","url_meta":{"origin":1492,"position":3},"title":"Archives des webinaires","author":"cltredesign_0jp0l4","date":"26 de julio de 2024","format":false,"excerpt":"","rel":"","context":"En \u00abBiblioth\u00e8que de ressources\u00bb","block_context":{"text":"Biblioth\u00e8que de ressources","link":"https:\/\/www.cltweb.org\/fr\/category\/bibliotheque-de-ressources\/"},"img":{"alt_text":"","src":"","width":0,"height":0},"classes":[]},{"id":1963,"url":"https:\/\/www.cltweb.org\/es\/noticias-y-eventos\/boletines\/","url_meta":{"origin":1492,"position":4},"title":"Boletines","author":"cltredesign_0jp0l4","date":"26 de julio de 2024","format":false,"excerpt":"Boletines del Centro CLT.","rel":"","context":"En \u00abNoticias y Eventos\u00bb","block_context":{"text":"Noticias y Eventos","link":"https:\/\/www.cltweb.org\/es\/category\/noticias-y-eventos\/"},"img":{"alt_text":"","src":"","width":0,"height":0},"classes":[]},{"id":1651,"url":"https:\/\/www.cltweb.org\/es\/biblioteca-de-recursos\/agricultura\/recursos-adicionales\/","url_meta":{"origin":1492,"position":5},"title":"Recursos adicionales","author":"cltredesign_0jp0l4","date":"29 de julio de 2024","format":false,"excerpt":"Esta secci\u00f3n proporciona una serie de herramientas que ser\u00e1n \u00fatiles para poner en pr\u00e1ctica enfoques de agricultura urbana basados en CLT, as\u00ed como para cualquier persona interesada en garantizar la tenencia de la tierra a largo plazo para la agricultura urbana. Hemos presentado nueve estudios de casos de CLT implicados\u2026","rel":"","context":"En \u00abAgricultura\u00bb","block_context":{"text":"Agricultura","link":"https:\/\/www.cltweb.org\/es\/category\/agricultura-es\/"},"img":{"alt_text":"","src":"","width":0,"height":0},"classes":[]}],"_links":{"self":[{"href":"https:\/\/www.cltweb.org\/es\/wp-json\/wp\/v2\/pages\/1492","targetHints":{"allow":["GET"]}}],"collection":[{"href":"https:\/\/www.cltweb.org\/es\/wp-json\/wp\/v2\/pages"}],"about":[{"href":"https:\/\/www.cltweb.org\/es\/wp-json\/wp\/v2\/types\/page"}],"author":[{"embeddable":true,"href":"https:\/\/www.cltweb.org\/es\/wp-json\/wp\/v2\/users\/1"}],"replies":[{"embeddable":true,"href":"https:\/\/www.cltweb.org\/es\/wp-json\/wp\/v2\/comments?post=1492"}],"version-history":[{"count":12,"href":"https:\/\/www.cltweb.org\/es\/wp-json\/wp\/v2\/pages\/1492\/revisions"}],"predecessor-version":[{"id":7672,"href":"https:\/\/www.cltweb.org\/es\/wp-json\/wp\/v2\/pages\/1492\/revisions\/7672"}],"up":[{"embeddable":true,"href":"https:\/\/www.cltweb.org\/es\/wp-json\/wp\/v2\/pages\/881"}],"wp:attachment":[{"href":"https:\/\/www.cltweb.org\/es\/wp-json\/wp\/v2\/media?parent=1492"}],"wp:term":[{"taxonomy":"category","embeddable":true,"href":"https:\/\/www.cltweb.org\/es\/wp-json\/wp\/v2\/categories?post=1492"},{"taxonomy":"post_tag","embeddable":true,"href":"https:\/\/www.cltweb.org\/es\/wp-json\/wp\/v2\/tags?post=1492"}],"curies":[{"name":"wp","href":"https:\/\/api.w.org\/{rel}","templated":true}]}}