{"id":1591,"date":"2024-07-29T23:50:34","date_gmt":"2024-07-29T23:50:34","guid":{"rendered":"https:\/\/www.cltweb.org\/terra-nostra-press\/catalogo\/fideicomisos-comunitarios-de-tierras-y-asentamientos-informales-en-el-sur-global\/"},"modified":"2024-10-03T20:02:07","modified_gmt":"2024-10-03T20:02:07","slug":"fideicomisos-comunitarios-de-tierras-y-asentamientos-informales-en-el-sur-global","status":"publish","type":"page","link":"https:\/\/www.cltweb.org\/es\/terra-nostra-press\/catalogo\/fideicomisos-comunitarios-de-tierras-y-asentamientos-informales-en-el-sur-global\/","title":{"rendered":"Fideicomisos Comunitarios de Tierras y Asentamientos Informales en el Sur Global"},"content":{"rendered":"\n<div class=\"wp-block-columns is-layout-flex wp-container-core-columns-is-layout-28f84493 wp-block-columns-is-layout-flex\">\n<div class=\"wp-block-column is-layout-flow wp-block-column-is-layout-flow\"><\/div>\n<\/div>\n\n<div class=\"wp-block-columns is-layout-flex wp-container-core-columns-is-layout-28f84493 wp-block-columns-is-layout-flex\">\n<div class=\"wp-block-column is-layout-flow wp-block-column-is-layout-flow\" style=\"flex-basis:30%\"><style>.kb-image507_8f89d1-94 .kb-image-has-overlay:after{opacity:0.3;}<\/style>\n<figure class=\"wp-block-kadence-image kb-image507_8f89d1-94 size-large\"><img loading=\"lazy\" decoding=\"async\" width=\"717\" height=\"1024\" src=\"https:\/\/www.cltweb.org\/wp-content\/uploads\/2024\/10\/Global-South-Cover-717x1024.jpg\" alt=\"Portada del libro Sur Global\" class=\"kb-img wp-image-2248\" srcset=\"https:\/\/www.cltweb.org\/wp-content\/uploads\/2024\/10\/Global-South-Cover-717x1024.jpg 717w, https:\/\/www.cltweb.org\/wp-content\/uploads\/2024\/10\/Global-South-Cover-210x300.jpg 210w, https:\/\/www.cltweb.org\/wp-content\/uploads\/2024\/10\/Global-South-Cover-768x1097.jpg 768w, https:\/\/www.cltweb.org\/wp-content\/uploads\/2024\/10\/Global-South-Cover-1076x1536.jpg 1076w, https:\/\/www.cltweb.org\/wp-content\/uploads\/2024\/10\/Global-South-Cover.jpg 1434w\" sizes=\"auto, (max-width: 717px) 100vw, 717px\" \/><\/figure>\n<\/div>\n\n\n\n<div class=\"wp-block-column is-layout-flow wp-block-column-is-layout-flow\" style=\"flex-basis:70%\">\n<p><strong>Disponible en todo el mundo<\/strong>, 158 p\u00e1gs.<br\/>PAPEL NEGRO ISBN 9781736275917 $15.00 US<br\/>EBOOK ISBN 9781736275924 $5.00 US<\/p>\n\n\n\n<p><strong>Las ONG disponen de descuentos por pedidos a granel. <\/strong>Para m\u00e1s informaci\u00f3n y para hacer tu pedido, visita nuestra p\u00e1gina <a href=\"https:\/\/www.cltweb.org\/es\/terra-nostra-press\/pedidos-al-por-mayor\/\" data-type=\"page\" data-id=\"532\">Pedidos a granel<\/a>.<\/p>\n\n\n\n<p><em><strong>Fideicomisos de Tierras Comunitarias y Asentamientos Informales en el Sur Global<\/strong><\/em> es el quinto de nuestra serie de monograf\u00edas, con siete ensayos que exploran el crecimiento de los CLT en el Sur Global.<\/p>\n\n\n\n<p>El semillero f\u00e9rtil para el desarrollo de CLT en esta parte del mundo han sido los asentamientos informales.\nSe trata de zonas residenciales donde la gente ha construido sus propias casas, normalmente sin tener en cuenta las normas, c\u00f3digos o reglamentos gubernamentales que puedan existir.\nAdem\u00e1s, han emplazado sus casas autoconstruidas en terrenos sobre los que carecen de derecho legal de propiedad u ocupaci\u00f3n.\nLos edificios, los lazos comunitarios y un modo de vida se han establecido firmemente, aunque la tenencia de los residentes siga siendo precaria.   <\/p>\n\n\n\n<p>Los activistas comunitarios del Sur Global promueven los fideicomisos de tierras comunitarias como una estrategia dirigida por los residentes para formalizar la tenencia y asegurar los hogares de las personas en comunidades como \u00e9stas.\nVarios cap\u00edtulos de la presente monograf\u00eda se centran en la formaci\u00f3n o exploraci\u00f3n de CLT en zonas urbanas, incluidos asentamientos informales densamente poblados de San Juan de Puerto Rico; R\u00edo de Janeiro (Brasil); Voi (Kenia); Karachi (Pakist\u00e1n); y Dhaka (Bangladesh).\nOtro cap\u00edtulo se centra en una remota zona rural de Honduras, donde un CLT trabaja para asegurar las cuencas hidrogr\u00e1ficas de las que dependen aldeas monta\u00f1osas muy dispersas.  <\/p>\n\n\n\n<ul class=\"wp-block-list\">\n<li><a href=\"https:\/\/www.amazon.com\/Community-Trusts-Informal-Settlements-Monographs\/dp\/1736275917\/ref=sr_1_2?dchild=1&amp;keywords=john+emmeus+davis&amp;qid=1617045982&amp;sr=8-2\">Amazon<\/a><\/li>\n\n\n\n<li><a href=\"https:\/\/www.barnesandnoble.com\/w\/community-land-trusts-and-informal-settlements-in-the-global-south-john-emmeus-davis\/1139103838?ean=9781736275917\">Barnes y Noble<\/a><\/li>\n\n\n\n<li><a href=\"https:\/\/blackwells.co.uk\/bookshop\/product\/Community-Land-Trusts-and-Informal-Settlements-in-the-Global-South-by-Davis-John-Emmeus\/9781736275917\">Blackwell&#8217;s<\/a><\/li>\n\n\n\n<li><a href=\"https:\/\/bookshop.org\/books\/community-land-trusts-and-informal-settlements-in-the-global-south\/9781736275917\">Librer\u00eda<\/a><\/li>\n\n\n\n<li><a href=\"https:\/\/www.indiebound.org\/search\/book?keys=Community+Land+Trusts+and+Informal+Settlements+in+the+Global+South\">IndieBound<\/a><\/li>\n<\/ul>\n<\/div>\n<\/div>\n<style>.kt-accordion-id507_96fa03-9c .kt-accordion-inner-wrap{column-gap:var(--global-kb-gap-md, 2rem);row-gap:8px;}.kt-accordion-id507_96fa03-9c .kt-accordion-panel-inner{padding-top:var(--global-kb-spacing-sm, 1.5rem);padding-right:var(--global-kb-spacing-sm, 1.5rem);padding-bottom:var(--global-kb-spacing-sm, 1.5rem);padding-left:var(--global-kb-spacing-sm, 1.5rem);}.kt-accordion-id507_96fa03-9c > .kt-accordion-inner-wrap > .wp-block-kadence-pane > .kt-accordion-header-wrap > .kt-blocks-accordion-header{font-weight:bold;padding-top:var(--global-kb-spacing-xxs, 0.5rem);padding-right:var(--global-kb-spacing-xs, 1rem);padding-bottom:var(--global-kb-spacing-xxs, 0.5rem);padding-left:var(--global-kb-spacing-xs, 1rem);}@media all and (max-width: 767px){.kt-accordion-id507_96fa03-9c .kt-accordion-inner-wrap{display:block;}.kt-accordion-id507_96fa03-9c .kt-accordion-inner-wrap .kt-accordion-pane:not(:first-child){margin-top:8px;}}<\/style>\n<div class=\"wp-block-kadence-accordion alignnone\"><div class=\"kt-accordion-wrap kt-accordion-id507_96fa03-9c kt-accordion-has-2-panes kt-active-pane-0 kt-accordion-block kt-pane-header-alignment-left kt-accodion-icon-style-basic kt-accodion-icon-side-right\" style=\"max-width:none\"><div class=\"kt-accordion-inner-wrap\" data-allow-multiple-open=\"false\" data-start-open=\"none\">\n<div class=\"wp-block-kadence-pane kt-accordion-pane kt-accordion-pane-1 kt-pane507_996dc0-78\"><div class=\"kt-accordion-header-wrap\"><button class=\"kt-blocks-accordion-header kt-acccordion-button-label-show\"><span class=\"kt-blocks-accordion-title-wrap\"><span class=\"kt-blocks-accordion-title\">Book Description<\/span><\/span><span class=\"kt-blocks-accordion-icon-trigger\"><\/span><\/button><\/div><div class=\"kt-accordion-panel kt-accordion-panel-hidden\"><div class=\"kt-accordion-panel-inner\">\n<p>Seis de los siete ensayos contenidos en esta monograf\u00eda fueron seleccionados de <strong><em>En terreno com\u00fan: Perspectivas Internacionales sobre el Patrimonio Comunitario de la Tierra<\/em><\/strong>publicado en junio de 2020.\nSe a\u00f1adi\u00f3 un s\u00e9ptimo ensayo, escrito m\u00e1s recientemente, para proporcionar un contexto a los dem\u00e1s.\nTodos ellos tienen un enfoque similar sobre el uso de tierras de propiedad comunitaria para regularizar la tenencia en los asentamientos informales.  <\/p>\n\n\n\n<p>En todo el mundo, pero especialmente en el Sur Global, hay millones de personas que ocupan tierras urbanas o rurales -o que hacen uso de recursos basados en la tierra como el agua, los bosques, los pastos y los campos cultivables- sin poseer un derecho legalmente protegido y formalmente registrado para hacerlo.\nSu tenencia es informal e insegura.\nEl desplazamiento es una posibilidad siempre presente.  <\/p>\n\n\n\n<p>Los cap\u00edtulos contenidos en esta monograf\u00eda analizan diversas configuraciones y aplicaciones del fideicomiso comunitario de tierras como respuesta estrat\u00e9gica a la informalidad, promoviendo y protegiendo la seguridad de la tenencia para las poblaciones vulnerables.<\/p>\n\n\n\n<ul class=\"wp-block-list\">\n<li>Cap\u00edtulo 1: Patricia Basile y Meagan M. Ehlenz, &#8220;Examining Responses to Informality in the Global South: Un Marco para los Fideicomisos Comunitarios de Tierras y los Asentamientos Informales&#8221;.<\/li>\n\n\n\n<li>Cap\u00edtulo 2: Line Algoed, Mar\u00eda E. Hern\u00e1ndez-Torrales, Lyvia Rodr\u00edguez Del Valle y Karla Torres Sueiro &#8220;La siembra del CLT en Am\u00e9rica Latina y el Caribe: or\u00edgenes, logros y el ejemplo de prueba de concepto del CLT Ca\u00f1o Mart\u00edn Pe\u00f1a&#8221;<\/li>\n\n\n\n<li>Cap\u00edtulo 3: Tarcyla Fidalgo Ribeiro, Line Algoed, Mar\u00eda E. Hern\u00e1ndez-Torrales, Alejandro Cott\u00e9 Morales y Theresa Williamson, &#8220;Community Land Trusts in Informal Settlements: Adapting Features of Puerto Rico&#8217;s Ca\u00f1o Mart\u00edn Pe\u00f1a CLT to Address Land Insecurity in the Favelas of Rio de Janeiro, Brazil.&#8221;<\/li>\n\n\n\n<li>Cap\u00edtulo 4: Claire Simonneau y Ellen Bassett, con Emmanuel Midheme, &#8220;Seeding the CLT in Africa: Lecciones de los Primeros Esfuerzos para Establecer Fideicomisos Comunitarios de Tierras en Kenia&#8221;.<\/li>\n\n\n\n<li>Cap\u00edtulo 5: Hannah Sholder y Arif Hasan, &#8220;Or\u00edgenes y evoluci\u00f3n del modelo CLT en el sur de Asia&#8221;.<\/li>\n\n\n\n<li>Cap\u00edtulo 6: Kirby White y Nola White, &#8220;A Watershed Land Trust in Honduras: Perfil de la Fundaci\u00f3n Eco Verde Sostenible&#8221;.<\/li>\n\n\n\n<li>Cap\u00edtulo 7: Liz Alden Wily, &#8220;Desaf\u00edos para el nuevo chico del barrio: la propiedad colectiva&#8221;.<\/li>\n<\/ul>\n<\/div><\/div><\/div>\n<\/div><\/div><\/div>\n","protected":false},"excerpt":{"rendered":"<p>Disponible en todo el mundo, 158 p\u00e1gs.PAPEL NEGRO ISBN 9781736275917 $15.00 USEBOOK ISBN 9781736275924 $5.00 US Las ONG disponen de descuentos por pedidos a granel. Para m\u00e1s informaci\u00f3n y para [&hellip;]<\/p>\n","protected":false},"author":1,"featured_media":2253,"parent":760,"menu_order":0,"comment_status":"closed","ping_status":"closed","template":"","meta":{"give_campaign_id":0,"_tec_requires_first_save":true,"_kad_blocks_custom_css":"","_kad_blocks_head_custom_js":"","_kad_blocks_body_custom_js":"","_kad_blocks_footer_custom_js":"","_EventAllDay":false,"_EventTimezone":"","_EventStartDate":"","_EventEndDate":"","_EventStartDateUTC":"","_EventEndDateUTC":"","_EventShowMap":false,"_EventShowMapLink":false,"_EventURL":"","_EventCost":"","_EventCostDescription":"","_EventCurrencySymbol":"","_EventCurrencyCode":"","_EventCurrencyPosition":"","_EventDateTimeSeparator":"","_EventTimeRangeSeparator":"","_EventOrganizerID":[],"_EventVenueID":[],"_OrganizerEmail":"","_OrganizerPhone":"","_OrganizerWebsite":"","_VenueAddress":"","_VenueCity":"","_VenueCountry":"","_VenueProvince":"","_VenueState":"","_VenueZip":"","_VenuePhone":"","_VenueURL":"","_VenueStateProvince":"","_VenueLat":"","_VenueLng":"","_VenueShowMap":false,"_VenueShowMapLink":false,"_tribe_blocks_recurrence_rules":"","_tribe_blocks_recurrence_description":"","_tribe_blocks_recurrence_exclusions":"","footnotes":""},"categories":[120],"tags":[],"class_list":["post-1591","page","type-page","status-publish","has-post-thumbnail","hentry","category-catalogo-es"],"blocksy_meta":[],"yoast_head":"<!-- This site is optimized with the Yoast SEO Premium plugin v27.5 (Yoast SEO v27.5) - https:\/\/yoast.com\/product\/yoast-seo-premium-wordpress\/ -->\n<title>Fideicomisos Comunitarios de Tierras y Asentamientos Informales en el Sur Global - International Center for Community Land Trusts<\/title>\n<meta name=\"robots\" content=\"index, follow, max-snippet:-1, max-image-preview:large, max-video-preview:-1\" \/>\n<link rel=\"canonical\" href=\"https:\/\/www.cltweb.org\/es\/terra-nostra-press\/catalogo\/fideicomisos-comunitarios-de-tierras-y-asentamientos-informales-en-el-sur-global\/\" \/>\n<meta property=\"og:locale\" content=\"es_ES\" \/>\n<meta property=\"og:type\" content=\"article\" \/>\n<meta property=\"og:title\" content=\"Fideicomisos Comunitarios de Tierras y Asentamientos Informales en el Sur Global\" \/>\n<meta property=\"og:description\" content=\"Disponible en todo el mundo, 158 p\u00e1gs.PAPEL NEGRO ISBN 9781736275917 $15.00 USEBOOK ISBN 9781736275924 $5.00 US Las ONG disponen de descuentos por pedidos a granel. Para m\u00e1s informaci\u00f3n y para [&hellip;]\" \/>\n<meta property=\"og:url\" content=\"https:\/\/www.cltweb.org\/es\/terra-nostra-press\/catalogo\/fideicomisos-comunitarios-de-tierras-y-asentamientos-informales-en-el-sur-global\/\" \/>\n<meta property=\"og:site_name\" content=\"International Center for Community Land Trusts\" \/>\n<meta property=\"article:publisher\" content=\"https:\/\/www.facebook.com\/cltcenter\" \/>\n<meta property=\"article:modified_time\" content=\"2024-10-03T20:02:07+00:00\" \/>\n<meta property=\"og:image\" content=\"https:\/\/www.cltweb.org\/wp-content\/uploads\/2024\/10\/Global-South-Cover.jpg\" \/>\n\t<meta property=\"og:image:width\" content=\"1434\" \/>\n\t<meta property=\"og:image:height\" content=\"2048\" \/>\n\t<meta property=\"og:image:type\" content=\"image\/jpeg\" \/>\n<meta name=\"twitter:card\" content=\"summary_large_image\" \/>\n<meta name=\"twitter:site\" content=\"@Center4CLTs\" \/>\n<meta name=\"twitter:label1\" content=\"Tiempo de lectura\" \/>\n\t<meta name=\"twitter:data1\" content=\"3 minutos\" \/>\n<script type=\"application\/ld+json\" class=\"yoast-schema-graph\">{\"@context\":\"https:\\\/\\\/schema.org\",\"@graph\":[{\"@type\":\"WebPage\",\"@id\":\"https:\\\/\\\/www.cltweb.org\\\/es\\\/terra-nostra-press\\\/catalogo\\\/fideicomisos-comunitarios-de-tierras-y-asentamientos-informales-en-el-sur-global\\\/\",\"url\":\"https:\\\/\\\/www.cltweb.org\\\/es\\\/terra-nostra-press\\\/catalogo\\\/fideicomisos-comunitarios-de-tierras-y-asentamientos-informales-en-el-sur-global\\\/\",\"name\":\"Fideicomisos Comunitarios de Tierras y Asentamientos Informales en el Sur Global - International Center for Community Land Trusts\",\"isPartOf\":{\"@id\":\"https:\\\/\\\/www.cltweb.org\\\/es\\\/#website\"},\"primaryImageOfPage\":{\"@id\":\"https:\\\/\\\/www.cltweb.org\\\/es\\\/terra-nostra-press\\\/catalogo\\\/fideicomisos-comunitarios-de-tierras-y-asentamientos-informales-en-el-sur-global\\\/#primaryimage\"},\"image\":{\"@id\":\"https:\\\/\\\/www.cltweb.org\\\/es\\\/terra-nostra-press\\\/catalogo\\\/fideicomisos-comunitarios-de-tierras-y-asentamientos-informales-en-el-sur-global\\\/#primaryimage\"},\"thumbnailUrl\":\"https:\\\/\\\/www.cltweb.org\\\/wp-content\\\/uploads\\\/2024\\\/10\\\/Global-South-Cover.jpg\",\"datePublished\":\"2024-07-29T23:50:34+00:00\",\"dateModified\":\"2024-10-03T20:02:07+00:00\",\"breadcrumb\":{\"@id\":\"https:\\\/\\\/www.cltweb.org\\\/es\\\/terra-nostra-press\\\/catalogo\\\/fideicomisos-comunitarios-de-tierras-y-asentamientos-informales-en-el-sur-global\\\/#breadcrumb\"},\"inLanguage\":\"es\",\"potentialAction\":[{\"@type\":\"ReadAction\",\"target\":[\"https:\\\/\\\/www.cltweb.org\\\/es\\\/terra-nostra-press\\\/catalogo\\\/fideicomisos-comunitarios-de-tierras-y-asentamientos-informales-en-el-sur-global\\\/\"]}]},{\"@type\":\"ImageObject\",\"inLanguage\":\"es\",\"@id\":\"https:\\\/\\\/www.cltweb.org\\\/es\\\/terra-nostra-press\\\/catalogo\\\/fideicomisos-comunitarios-de-tierras-y-asentamientos-informales-en-el-sur-global\\\/#primaryimage\",\"url\":\"https:\\\/\\\/www.cltweb.org\\\/wp-content\\\/uploads\\\/2024\\\/10\\\/Global-South-Cover.jpg\",\"contentUrl\":\"https:\\\/\\\/www.cltweb.org\\\/wp-content\\\/uploads\\\/2024\\\/10\\\/Global-South-Cover.jpg\",\"width\":1434,\"height\":2048,\"caption\":\"Global South Book Cover\"},{\"@type\":\"BreadcrumbList\",\"@id\":\"https:\\\/\\\/www.cltweb.org\\\/es\\\/terra-nostra-press\\\/catalogo\\\/fideicomisos-comunitarios-de-tierras-y-asentamientos-informales-en-el-sur-global\\\/#breadcrumb\",\"itemListElement\":[{\"@type\":\"ListItem\",\"position\":1,\"name\":\"Home\",\"item\":\"https:\\\/\\\/www.cltweb.org\\\/es\\\/\"},{\"@type\":\"ListItem\",\"position\":2,\"name\":\"Terra Nostra Press\",\"item\":\"https:\\\/\\\/www.cltweb.org\\\/es\\\/terra-nostra-press\\\/\"},{\"@type\":\"ListItem\",\"position\":3,\"name\":\"Cat\u00e1logo\",\"item\":\"https:\\\/\\\/www.cltweb.org\\\/es\\\/terra-nostra-press\\\/catalogo\\\/\"},{\"@type\":\"ListItem\",\"position\":4,\"name\":\"Fideicomisos Comunitarios de Tierras y Asentamientos Informales en el Sur Global\"}]},{\"@type\":\"WebSite\",\"@id\":\"https:\\\/\\\/www.cltweb.org\\\/es\\\/#website\",\"url\":\"https:\\\/\\\/www.cltweb.org\\\/es\\\/\",\"name\":\"International Center for Community Land Trusts\",\"description\":\"\",\"publisher\":{\"@id\":\"https:\\\/\\\/www.cltweb.org\\\/es\\\/#organization\"},\"potentialAction\":[{\"@type\":\"SearchAction\",\"target\":{\"@type\":\"EntryPoint\",\"urlTemplate\":\"https:\\\/\\\/www.cltweb.org\\\/es\\\/?s={search_term_string}\"},\"query-input\":{\"@type\":\"PropertyValueSpecification\",\"valueRequired\":true,\"valueName\":\"search_term_string\"}}],\"inLanguage\":\"es\"},{\"@type\":\"Organization\",\"@id\":\"https:\\\/\\\/www.cltweb.org\\\/es\\\/#organization\",\"name\":\"International Center for Community Land Trusts\",\"url\":\"https:\\\/\\\/www.cltweb.org\\\/es\\\/\",\"logo\":{\"@type\":\"ImageObject\",\"inLanguage\":\"es\",\"@id\":\"https:\\\/\\\/www.cltweb.org\\\/es\\\/#\\\/schema\\\/logo\\\/image\\\/\",\"url\":\"https:\\\/\\\/www.cltweb.org\\\/wp-content\\\/uploads\\\/2024\\\/11\\\/New-CLT-Center-Text-logo.png\",\"contentUrl\":\"https:\\\/\\\/www.cltweb.org\\\/wp-content\\\/uploads\\\/2024\\\/11\\\/New-CLT-Center-Text-logo.png\",\"width\":227,\"height\":80,\"caption\":\"International Center for Community Land Trusts\"},\"image\":{\"@id\":\"https:\\\/\\\/www.cltweb.org\\\/es\\\/#\\\/schema\\\/logo\\\/image\\\/\"},\"sameAs\":[\"https:\\\/\\\/www.facebook.com\\\/cltcenter\",\"https:\\\/\\\/x.com\\\/Center4CLTs\",\"https:\\\/\\\/www.instagram.com\\\/cltcenter\\\/\",\"https:\\\/\\\/www.linkedin.com\\\/company\\\/cltcenter\",\"https:\\\/\\\/www.youtube.com\\\/@centerforcltinnovation5313\"],\"description\":\"The International Center for Community Land Trusts is a not-for-profit nongovernmental organization established in 2018 to promote and to support community land trusts and similar strategies of community-led development on community-owned land in countries throughout the world.\",\"email\":\"info@communitylandtrust.net\",\"legalName\":\"International Center for Community Land Trusts\",\"foundingDate\":\"2018-12-01\",\"taxID\":\"84-3858933\",\"numberOfEmployees\":{\"@type\":\"QuantitativeValue\",\"minValue\":\"1\",\"maxValue\":\"10\"}}]}<\/script>\n<!-- \/ Yoast SEO Premium plugin. -->","yoast_head_json":{"title":"Fideicomisos Comunitarios de Tierras y Asentamientos Informales en el Sur Global - International Center for Community Land Trusts","robots":{"index":"index","follow":"follow","max-snippet":"max-snippet:-1","max-image-preview":"max-image-preview:large","max-video-preview":"max-video-preview:-1"},"canonical":"https:\/\/www.cltweb.org\/es\/terra-nostra-press\/catalogo\/fideicomisos-comunitarios-de-tierras-y-asentamientos-informales-en-el-sur-global\/","og_locale":"es_ES","og_type":"article","og_title":"Fideicomisos Comunitarios de Tierras y Asentamientos Informales en el Sur Global","og_description":"Disponible en todo el mundo, 158 p\u00e1gs.PAPEL NEGRO ISBN 9781736275917 $15.00 USEBOOK ISBN 9781736275924 $5.00 US Las ONG disponen de descuentos por pedidos a granel. Para m\u00e1s informaci\u00f3n y para [&hellip;]","og_url":"https:\/\/www.cltweb.org\/es\/terra-nostra-press\/catalogo\/fideicomisos-comunitarios-de-tierras-y-asentamientos-informales-en-el-sur-global\/","og_site_name":"International Center for Community Land Trusts","article_publisher":"https:\/\/www.facebook.com\/cltcenter","article_modified_time":"2024-10-03T20:02:07+00:00","og_image":[{"width":1434,"height":2048,"url":"https:\/\/www.cltweb.org\/wp-content\/uploads\/2024\/10\/Global-South-Cover.jpg","type":"image\/jpeg"}],"twitter_card":"summary_large_image","twitter_site":"@Center4CLTs","twitter_misc":{"Tiempo de lectura":"3 minutos"},"schema":{"@context":"https:\/\/schema.org","@graph":[{"@type":"WebPage","@id":"https:\/\/www.cltweb.org\/es\/terra-nostra-press\/catalogo\/fideicomisos-comunitarios-de-tierras-y-asentamientos-informales-en-el-sur-global\/","url":"https:\/\/www.cltweb.org\/es\/terra-nostra-press\/catalogo\/fideicomisos-comunitarios-de-tierras-y-asentamientos-informales-en-el-sur-global\/","name":"Fideicomisos Comunitarios de Tierras y Asentamientos Informales en el Sur Global - International Center for Community Land Trusts","isPartOf":{"@id":"https:\/\/www.cltweb.org\/es\/#website"},"primaryImageOfPage":{"@id":"https:\/\/www.cltweb.org\/es\/terra-nostra-press\/catalogo\/fideicomisos-comunitarios-de-tierras-y-asentamientos-informales-en-el-sur-global\/#primaryimage"},"image":{"@id":"https:\/\/www.cltweb.org\/es\/terra-nostra-press\/catalogo\/fideicomisos-comunitarios-de-tierras-y-asentamientos-informales-en-el-sur-global\/#primaryimage"},"thumbnailUrl":"https:\/\/www.cltweb.org\/wp-content\/uploads\/2024\/10\/Global-South-Cover.jpg","datePublished":"2024-07-29T23:50:34+00:00","dateModified":"2024-10-03T20:02:07+00:00","breadcrumb":{"@id":"https:\/\/www.cltweb.org\/es\/terra-nostra-press\/catalogo\/fideicomisos-comunitarios-de-tierras-y-asentamientos-informales-en-el-sur-global\/#breadcrumb"},"inLanguage":"es","potentialAction":[{"@type":"ReadAction","target":["https:\/\/www.cltweb.org\/es\/terra-nostra-press\/catalogo\/fideicomisos-comunitarios-de-tierras-y-asentamientos-informales-en-el-sur-global\/"]}]},{"@type":"ImageObject","inLanguage":"es","@id":"https:\/\/www.cltweb.org\/es\/terra-nostra-press\/catalogo\/fideicomisos-comunitarios-de-tierras-y-asentamientos-informales-en-el-sur-global\/#primaryimage","url":"https:\/\/www.cltweb.org\/wp-content\/uploads\/2024\/10\/Global-South-Cover.jpg","contentUrl":"https:\/\/www.cltweb.org\/wp-content\/uploads\/2024\/10\/Global-South-Cover.jpg","width":1434,"height":2048,"caption":"Global South Book Cover"},{"@type":"BreadcrumbList","@id":"https:\/\/www.cltweb.org\/es\/terra-nostra-press\/catalogo\/fideicomisos-comunitarios-de-tierras-y-asentamientos-informales-en-el-sur-global\/#breadcrumb","itemListElement":[{"@type":"ListItem","position":1,"name":"Home","item":"https:\/\/www.cltweb.org\/es\/"},{"@type":"ListItem","position":2,"name":"Terra Nostra Press","item":"https:\/\/www.cltweb.org\/es\/terra-nostra-press\/"},{"@type":"ListItem","position":3,"name":"Cat\u00e1logo","item":"https:\/\/www.cltweb.org\/es\/terra-nostra-press\/catalogo\/"},{"@type":"ListItem","position":4,"name":"Fideicomisos Comunitarios de Tierras y Asentamientos Informales en el Sur Global"}]},{"@type":"WebSite","@id":"https:\/\/www.cltweb.org\/es\/#website","url":"https:\/\/www.cltweb.org\/es\/","name":"International Center for Community Land Trusts","description":"","publisher":{"@id":"https:\/\/www.cltweb.org\/es\/#organization"},"potentialAction":[{"@type":"SearchAction","target":{"@type":"EntryPoint","urlTemplate":"https:\/\/www.cltweb.org\/es\/?s={search_term_string}"},"query-input":{"@type":"PropertyValueSpecification","valueRequired":true,"valueName":"search_term_string"}}],"inLanguage":"es"},{"@type":"Organization","@id":"https:\/\/www.cltweb.org\/es\/#organization","name":"International Center for Community Land Trusts","url":"https:\/\/www.cltweb.org\/es\/","logo":{"@type":"ImageObject","inLanguage":"es","@id":"https:\/\/www.cltweb.org\/es\/#\/schema\/logo\/image\/","url":"https:\/\/www.cltweb.org\/wp-content\/uploads\/2024\/11\/New-CLT-Center-Text-logo.png","contentUrl":"https:\/\/www.cltweb.org\/wp-content\/uploads\/2024\/11\/New-CLT-Center-Text-logo.png","width":227,"height":80,"caption":"International Center for Community Land Trusts"},"image":{"@id":"https:\/\/www.cltweb.org\/es\/#\/schema\/logo\/image\/"},"sameAs":["https:\/\/www.facebook.com\/cltcenter","https:\/\/x.com\/Center4CLTs","https:\/\/www.instagram.com\/cltcenter\/","https:\/\/www.linkedin.com\/company\/cltcenter","https:\/\/www.youtube.com\/@centerforcltinnovation5313"],"description":"The International Center for Community Land Trusts is a not-for-profit nongovernmental organization established in 2018 to promote and to support community land trusts and similar strategies of community-led development on community-owned land in countries throughout the world.","email":"info@communitylandtrust.net","legalName":"International Center for Community Land Trusts","foundingDate":"2018-12-01","taxID":"84-3858933","numberOfEmployees":{"@type":"QuantitativeValue","minValue":"1","maxValue":"10"}}]}},"campaignId":"","taxonomy_info":{"category":[{"value":120,"label":"Cat\u00e1logo"}]},"featured_image_src_large":["https:\/\/www.cltweb.org\/wp-content\/uploads\/2024\/10\/Global-South-Cover-717x1024.jpg",717,1024,true],"author_info":{"display_name":"cltredesign_0jp0l4","author_link":"https:\/\/www.cltweb.org\/es\/author\/cltredesign_0jp0l4\/"},"comment_info":0,"jetpack_sharing_enabled":true,"jetpack-related-posts":[{"id":9978,"url":"https:\/\/www.cltweb.org\/es\/terra-nostra-press\/catalogo\/nuestra-tierra-nuestra-lucha\/","url_meta":{"origin":1591,"position":0},"title":"Nuestra Tierra Nuestra Supervivencia","author":"cltredesign_0jp0l4","date":"20 de octubre de 2025","format":false,"excerpt":"NUEVA PUBLICACI\u00d3N (21 de octubre de 2025)Nuestra Tierra, Nuestra Supervivencia Por Line Algoed PAPERBACK ISBN: 9798986177649 ($14.99 US) EBOOK ISBN: 9798986177656 ($9.99 US) 222 p\u00e1ginas En Nuestra tierra, nuestra supervivencia, la autora Line Algoed explora el papel vital de la tierra comunal en la protecci\u00f3n de las comunidades y el\u2026","rel":"","context":"En \u00abCat\u00e1logo\u00bb","block_context":{"text":"Cat\u00e1logo","link":"https:\/\/www.cltweb.org\/es\/category\/catalogo-es\/"},"img":{"alt_text":"Portada de Nuestra Tierra Nuestra Lucha","src":"https:\/\/i0.wp.com\/www.cltweb.org\/wp-content\/uploads\/2025\/10\/Cover-for-Our-Land-Our-Struggle-final.jpg?resize=350%2C200&ssl=1","width":350,"height":200,"srcset":"https:\/\/i0.wp.com\/www.cltweb.org\/wp-content\/uploads\/2025\/10\/Cover-for-Our-Land-Our-Struggle-final.jpg?resize=350%2C200&ssl=1 1x, https:\/\/i0.wp.com\/www.cltweb.org\/wp-content\/uploads\/2025\/10\/Cover-for-Our-Land-Our-Struggle-final.jpg?resize=525%2C300&ssl=1 1.5x, https:\/\/i0.wp.com\/www.cltweb.org\/wp-content\/uploads\/2025\/10\/Cover-for-Our-Land-Our-Struggle-final.jpg?resize=700%2C400&ssl=1 2x, https:\/\/i0.wp.com\/www.cltweb.org\/wp-content\/uploads\/2025\/10\/Cover-for-Our-Land-Our-Struggle-final.jpg?resize=1050%2C600&ssl=1 3x, https:\/\/i0.wp.com\/www.cltweb.org\/wp-content\/uploads\/2025\/10\/Cover-for-Our-Land-Our-Struggle-final.jpg?resize=1400%2C800&ssl=1 4x"},"classes":[]},{"id":1620,"url":"https:\/\/www.cltweb.org\/es\/terra-nostra-press\/catalogo\/por-que-community-land-trusts\/","url_meta":{"origin":1591,"position":1},"title":"\u00bfPor qu\u00e9 Community Land Trusts?","author":"cltredesign_0jp0l4","date":"29 de julio de 2024","format":false,"excerpt":"Disponible en todo el mundo, 110 p\u00e1gs.PAPEL NEGRO ISBN 9781734403046 $12.50 USEBOOK ISBN 9781734403060 $5.00 US Las ONG disponen de descuentos por pedidos a granel. Para m\u00e1s informaci\u00f3n y para hacer tu pedido, visita nuestra p\u00e1gina Pedidos a granel. Por qu\u00e9 fideicomisos de tierras comunitarias: La filosof\u00eda detr\u00e1s de una\u2026","rel":"","context":"En \u00abCat\u00e1logo\u00bb","block_context":{"text":"Cat\u00e1logo","link":"https:\/\/www.cltweb.org\/es\/category\/catalogo-es\/"},"img":{"alt_text":"Book cover for Why CLTs","src":"https:\/\/i0.wp.com\/www.cltweb.org\/wp-content\/uploads\/2024\/10\/Why-CLTs-cover.jpg?resize=350%2C200&ssl=1","width":350,"height":200,"srcset":"https:\/\/i0.wp.com\/www.cltweb.org\/wp-content\/uploads\/2024\/10\/Why-CLTs-cover.jpg?resize=350%2C200&ssl=1 1x, https:\/\/i0.wp.com\/www.cltweb.org\/wp-content\/uploads\/2024\/10\/Why-CLTs-cover.jpg?resize=525%2C300&ssl=1 1.5x, https:\/\/i0.wp.com\/www.cltweb.org\/wp-content\/uploads\/2024\/10\/Why-CLTs-cover.jpg?resize=700%2C400&ssl=1 2x, https:\/\/i0.wp.com\/www.cltweb.org\/wp-content\/uploads\/2024\/10\/Why-CLTs-cover.jpg?resize=1050%2C600&ssl=1 3x, https:\/\/i0.wp.com\/www.cltweb.org\/wp-content\/uploads\/2024\/10\/Why-CLTs-cover.jpg?resize=1400%2C800&ssl=1 4x"},"classes":[]},{"id":499,"url":"https:\/\/www.cltweb.org\/terra-nostra-press\/terra-nostra-press\/porque-el-fideicomiso-comunitario-de-tierras\/","url_meta":{"origin":1591,"position":2},"title":"Porqu\u00e9 el fideicomiso comunitario de tierras\u200a?","author":"cltredesign_0jp0l4","date":"29 de julio de 2024","format":false,"excerpt":"Disponible ahora a cualquier parte del mundo,\u00a0120 pp.Carpeta dura\u00a0ISBN 9781736275962\u00a0$14.50 USEBOOK ISBN 9781736275979\u00a0$5.00 US Descuentos disponibles en \u00f3rdenes al por mayor para ONGs.\u00a0\u00a0Para m\u00e1s informaci\u00f3n, y para ordenar, vaya nuestra p\u00e1gina de \u00f3rdenes al por mayor (Bulk Orders). Los ensayos contenidos en\u00a0\u00bf\u200aPorqu\u00e9 el fideicomiso comunitario de tierras\u200a?\u00a0provienen de un libro\u2026","rel":"","context":"En \u00abTNP Catalog\u00bb","block_context":{"text":"TNP Catalog","link":"https:\/\/www.cltweb.org\/category\/tnp-catalog\/"},"img":{"alt_text":"Book cover for Porque el fideicomiso","src":"https:\/\/i0.wp.com\/www.cltweb.org\/wp-content\/uploads\/2024\/10\/Porque-el-fideicomiso-cover.jpg?resize=350%2C200&ssl=1","width":350,"height":200},"classes":[]},{"id":1610,"url":"https:\/\/www.cltweb.org\/es\/terra-nostra-press\/catalogo\/por-que-el-fideicomiso-comunitario-de-tierras\/","url_meta":{"origin":1591,"position":3},"title":"\u00bfPor qu\u00e9 el fideicomiso comunitario de tierras?","author":"cltredesign_0jp0l4","date":"29 de julio de 2024","format":false,"excerpt":"Disponible ahora a cualquier parte del mundo, 120 pp.Carpeta dura ISBN 9781736275962 $14.50 USEBOOK ISBN 9781736275979 $5.00 US Descuentos disponibles en pedidos al por mayor para ONG. Para m\u00e1s informaci\u00f3n, y para ordenar, vaya nuestra p\u00e1gina de \u00f3rdenes al por mayor(Bulk Orders). Los ensayos contenidos en\u00bfPor qu\u00e9 el fideicomiso comunitario\u2026","rel":"","context":"En \u00abCat\u00e1logo\u00bb","block_context":{"text":"Cat\u00e1logo","link":"https:\/\/www.cltweb.org\/es\/category\/catalogo-es\/"},"img":{"alt_text":"Book cover for ","src":"https:\/\/i0.wp.com\/www.cltweb.org\/wp-content\/uploads\/2024\/10\/Porque-el-fideicomiso-cover.jpg?resize=350%2C200&ssl=1","width":350,"height":200},"classes":[]},{"id":1641,"url":"https:\/\/www.cltweb.org\/es\/terra-nostra-press\/catalogo\/retejer-el-tapiz-de-la-titularidad\/","url_meta":{"origin":1591,"position":4},"title":"Retejer el tapiz de la titularidad","author":"cltredesign_0jp0l4","date":"29 de julio de 2024","format":false,"excerpt":"Disponible ya en todo el mundo, 250 p\u00e1gs.PAPEL NEGRO ISBN 9798986177625 $19.50EBOOK ISBN 9798986177632 $9.99 US Las ONG disponen de descuentos por pedidos a granel. Para m\u00e1s informaci\u00f3n y para hacer tu pedido, visita nuestra p\u00e1gina Pedidos a granel. Retejiendo el Tapiz de la Tenencia: Ocho ancianos del movimiento CLT\u2026","rel":"","context":"En \u00abCat\u00e1logo\u00bb","block_context":{"text":"Cat\u00e1logo","link":"https:\/\/www.cltweb.org\/es\/category\/catalogo-es\/"},"img":{"alt_text":"Book cover for Tapestry of Tenure","src":"https:\/\/i0.wp.com\/www.cltweb.org\/wp-content\/uploads\/2024\/10\/Reweaving-Tapestry-cover-e1727990535752.jpg?resize=350%2C200&ssl=1","width":350,"height":200,"srcset":"https:\/\/i0.wp.com\/www.cltweb.org\/wp-content\/uploads\/2024\/10\/Reweaving-Tapestry-cover-e1727990535752.jpg?resize=350%2C200&ssl=1 1x, https:\/\/i0.wp.com\/www.cltweb.org\/wp-content\/uploads\/2024\/10\/Reweaving-Tapestry-cover-e1727990535752.jpg?resize=525%2C300&ssl=1 1.5x, https:\/\/i0.wp.com\/www.cltweb.org\/wp-content\/uploads\/2024\/10\/Reweaving-Tapestry-cover-e1727990535752.jpg?resize=700%2C400&ssl=1 2x"},"classes":[]},{"id":1606,"url":"https:\/\/www.cltweb.org\/nl\/terra-nostra-pers\/catalogus\/porque-el-fideicomiso-comunitario-de-tierras\/","url_meta":{"origin":1591,"position":5},"title":"Porqu\u00e9 el fideicomiso comunitario de tierras?","author":"cltredesign_0jp0l4","date":"29 de julio de 2024","format":false,"excerpt":"Verkrijgbaar in elke uithoek van de wereld, 120 pp.Carpeta dura ISBN 9781736275962 $14.50 USEBOOK ISBN 9781736275979 $5.00 US Er zijn kortingen beschikbaar in bulkbestellingen voor ONG's. Ga voor meer informatie en om te bestellen naar onze pagina met grotebestellingen. Los ensayos contenidos en \u00bfPorqu\u00e9 el fideicomiso comunitario de tierras? provienen\u2026","rel":"","context":"En \u00abCatalogus\u00bb","block_context":{"text":"Catalogus","link":"https:\/\/www.cltweb.org\/nl\/category\/catalogus\/"},"img":{"alt_text":"Book cover for ","src":"https:\/\/i0.wp.com\/www.cltweb.org\/wp-content\/uploads\/2024\/10\/Porque-el-fideicomiso-cover.jpg?resize=350%2C200&ssl=1","width":350,"height":200},"classes":[]}],"_links":{"self":[{"href":"https:\/\/www.cltweb.org\/es\/wp-json\/wp\/v2\/pages\/1591","targetHints":{"allow":["GET"]}}],"collection":[{"href":"https:\/\/www.cltweb.org\/es\/wp-json\/wp\/v2\/pages"}],"about":[{"href":"https:\/\/www.cltweb.org\/es\/wp-json\/wp\/v2\/types\/page"}],"author":[{"embeddable":true,"href":"https:\/\/www.cltweb.org\/es\/wp-json\/wp\/v2\/users\/1"}],"replies":[{"embeddable":true,"href":"https:\/\/www.cltweb.org\/es\/wp-json\/wp\/v2\/comments?post=1591"}],"version-history":[{"count":10,"href":"https:\/\/www.cltweb.org\/es\/wp-json\/wp\/v2\/pages\/1591\/revisions"}],"predecessor-version":[{"id":2452,"href":"https:\/\/www.cltweb.org\/es\/wp-json\/wp\/v2\/pages\/1591\/revisions\/2452"}],"up":[{"embeddable":true,"href":"https:\/\/www.cltweb.org\/es\/wp-json\/wp\/v2\/pages\/760"}],"wp:featuredmedia":[{"embeddable":true,"href":"https:\/\/www.cltweb.org\/es\/wp-json\/wp\/v2\/media\/2253"}],"wp:attachment":[{"href":"https:\/\/www.cltweb.org\/es\/wp-json\/wp\/v2\/media?parent=1591"}],"wp:term":[{"taxonomy":"category","embeddable":true,"href":"https:\/\/www.cltweb.org\/es\/wp-json\/wp\/v2\/categories?post=1591"},{"taxonomy":"post_tag","embeddable":true,"href":"https:\/\/www.cltweb.org\/es\/wp-json\/wp\/v2\/tags?post=1591"}],"curies":[{"name":"wp","href":"https:\/\/api.w.org\/{rel}","templated":true}]}}