{"id":1601,"date":"2024-07-29T23:49:42","date_gmt":"2024-07-29T23:49:42","guid":{"rendered":"https:\/\/www.cltweb.org\/terra-nostra-press\/catalogo\/la-inseguridad-de-la-tenencia-de-la-tierra-en-america-latina-y-el-caribe\/"},"modified":"2024-10-03T20:59:49","modified_gmt":"2024-10-03T20:59:49","slug":"la-inseguridad-de-la-tenencia-de-la-tierra-en-america-latina-y-el-caribe","status":"publish","type":"page","link":"https:\/\/www.cltweb.org\/es\/terra-nostra-press\/catalogo\/la-inseguridad-de-la-tenencia-de-la-tierra-en-america-latina-y-el-caribe\/","title":{"rendered":"La inseguridad de la tenencia de la tierra en Am\u00e9rica Latina y el Caribe"},"content":{"rendered":"\n<div class=\"wp-block-columns is-layout-flex wp-container-core-columns-is-layout-28f84493 wp-block-columns-is-layout-flex\">\n<div class=\"wp-block-column is-layout-flow wp-block-column-is-layout-flow\" style=\"flex-basis:30%\"><style>.kb-image503_0079dd-3c .kb-image-has-overlay:after{opacity:0.3;}<\/style>\n<figure class=\"wp-block-kadence-image kb-image503_0079dd-3c size-large\"><img loading=\"lazy\" decoding=\"async\" width=\"715\" height=\"1024\" src=\"https:\/\/www.cltweb.org\/wp-content\/uploads\/2024\/10\/La_inseguridad_cover-715x1024.jpg\" alt=\"Portada del libro La inseguridad\" class=\"kb-img wp-image-2551\" srcset=\"https:\/\/www.cltweb.org\/wp-content\/uploads\/2024\/10\/La_inseguridad_cover-715x1024.jpg 715w, https:\/\/www.cltweb.org\/wp-content\/uploads\/2024\/10\/La_inseguridad_cover-209x300.jpg 209w, https:\/\/www.cltweb.org\/wp-content\/uploads\/2024\/10\/La_inseguridad_cover-768x1100.jpg 768w, https:\/\/www.cltweb.org\/wp-content\/uploads\/2024\/10\/La_inseguridad_cover-1073x1536.jpg 1073w, https:\/\/www.cltweb.org\/wp-content\/uploads\/2024\/10\/La_inseguridad_cover.jpg 1430w\" sizes=\"auto, (max-width: 715px) 100vw, 715px\" \/><\/figure>\n<\/div>\n\n\n\n<div class=\"wp-block-column is-layout-flow wp-block-column-is-layout-flow\" style=\"flex-basis:70%\">\n<p><strong>Disponible en todo el mundo<\/strong>, 120 p\u00e1gs.<br\/>PAPEL NEGRO ISBN 9781734403039 $12.50 US<br\/>EBOOK ISBN 9781734403053 $5.00 US<\/p>\n\n\n\n<p><strong>Las ONG disponen de descuentos por pedidos a granel. <\/strong>Para m\u00e1s informaci\u00f3n y para hacer tu pedido, visita nuestra p\u00e1gina <a href=\"https:\/\/www.cltweb.org\/terra-nostra-press\/bulk-orders\/\">Pedidos a granel<\/a>.<\/p>\n\n\n\n<p><strong>La inseguridad de la tenencia de la tierra en Am\u00e9rica Latina y el Caribe<\/strong> es el primer volumen de esta serie, y el primero de varios que se traducir\u00e1n al espa\u00f1ol.\nSu enfoque tem\u00e1tico es el pernicioso problema de la inseguridad de la tenencia de la tierra en Am\u00e9rica Latina y el Caribe.\nLos cinco cap\u00edtulos de la monograf\u00eda exploran los peligros y las dimensiones de este problema, as\u00ed como una estrategia en evoluci\u00f3n para abordarlo: el control comunitario de la tierra.  <\/p>\n\n\n\n<p>Hemos seleccionado el contenido de esta monograf\u00eda de un volumen titulado En terreno com\u00fan.\nEscogimos estos cinco ensayos porque abordan un tema similar: la inci- dencia y las repercusiones de la inseguridad de la tenencia de la tierra en Am\u00e9rica Latina y el Caribe.\nCon el fin de resolver este problema, tambi\u00e9n discuten una estrategia similar que muchas personas en la regi\u00f3n han adoptado para asegurar su futuro: el control comunitario de la tierra.  <\/p>\n\n\n\n<ul class=\"wp-block-list\">\n<li><a href=\"https:\/\/amzn.to\/3hZnXEY\">Amazon<\/a><\/li>\n\n\n\n<li><a href=\"https:\/\/bit.ly\/3eI5PNX\">Barnes y Noble<\/a><\/li>\n\n\n\n<li><a href=\"https:\/\/blackwells.co.uk\/bookshop\/product\/La-inseguridad-de-la-tenencia-de-la-tierra-en-Amrica-Latina-y-el-Caribe-el-control-comunitario-de-la-tierra-como-prevencin-del-desplazamiento-by-Davis-John-Emmeus\/9781734403039\">Blackwell&#8217;s<\/a><\/li>\n\n\n\n<li><a href=\"https:\/\/bookshop.org\/books\/la-inseguridad-de-la-tenencia-de-la-tierra-en-america-latina-y-el-caribe-el-control-comunitario-de-la-tierra-como-prevencion-del-desplazamiento\/9781734403039\">Librer\u00eda<\/a><\/li>\n\n\n\n<li><a href=\"https:\/\/www.indiebound.org\/search\/book?keys=La+inseguridad+de+la+tenencia+de+la+tierra\">IndieBound<\/a><\/li>\n<\/ul>\n<\/div>\n<\/div>\n<style>.kt-accordion-id503_d42baf-8a .kt-accordion-inner-wrap{column-gap:var(--global-kb-gap-md, 2rem);row-gap:8px;}.kt-accordion-id503_d42baf-8a .kt-accordion-panel-inner{padding-top:var(--global-kb-spacing-sm, 1.5rem);padding-right:var(--global-kb-spacing-sm, 1.5rem);padding-bottom:var(--global-kb-spacing-sm, 1.5rem);padding-left:var(--global-kb-spacing-sm, 1.5rem);}.kt-accordion-id503_d42baf-8a > .kt-accordion-inner-wrap > .wp-block-kadence-pane > .kt-accordion-header-wrap > .kt-blocks-accordion-header{font-weight:bold;padding-top:var(--global-kb-spacing-xxs, 0.5rem);padding-right:var(--global-kb-spacing-xs, 1rem);padding-bottom:var(--global-kb-spacing-xxs, 0.5rem);padding-left:var(--global-kb-spacing-xs, 1rem);}@media all and (max-width: 767px){.kt-accordion-id503_d42baf-8a .kt-accordion-inner-wrap{display:block;}.kt-accordion-id503_d42baf-8a .kt-accordion-inner-wrap .kt-accordion-pane:not(:first-child){margin-top:8px;}}<\/style>\n<div class=\"wp-block-kadence-accordion alignnone\"><div class=\"kt-accordion-wrap kt-accordion-id503_d42baf-8a kt-accordion-has-3-panes kt-active-pane-0 kt-accordion-block kt-pane-header-alignment-left kt-accodion-icon-style-basic kt-accodion-icon-side-right\" style=\"max-width:none\"><div class=\"kt-accordion-inner-wrap\" data-allow-multiple-open=\"false\" data-start-open=\"none\">\n<div class=\"wp-block-kadence-pane kt-accordion-pane kt-accordion-pane-1 kt-pane503_9b0d7e-0f\"><div class=\"kt-accordion-header-wrap\"><button class=\"kt-blocks-accordion-header kt-acccordion-button-label-show\"><span class=\"kt-blocks-accordion-title-wrap\"><span class=\"kt-blocks-accordion-title\">Descripci\u00f3n del libro (espa\u00f1ol)<\/span><\/span><span class=\"kt-blocks-accordion-icon-trigger\"><\/span><\/button><\/div><div class=\"kt-accordion-panel kt-accordion-panel-hidden\"><div class=\"kt-accordion-panel-inner\">\n<p>Durante mucho tiempo, miles de personas de bajos ingresos en Am\u00e9rica Latina y el Caribe han ocupado terrenos urbanos y rurales, o han utilizado sus recursos naturales, incluidos cuerpos de agua, bosques, praderas y campos cultivables, sin tener el derecho oficial de hacerlo o sin que sus Gobiernos respeten los derechos registrados.\nViven en hogares que posiblemente fueron construidos, rehabilitados y ocupados por sus familias durante varias generaciones, pero \u00e9stos est\u00e1n situados en solares de los que podr\u00edan desalojarlos alg\u00fan d\u00eda.\nDependen de cuencas hidrogr\u00e1ficas, bosques o tierras agr\u00edcolas para su sustento, pero es posible que alg\u00fan d\u00eda pierdan el acceso a los recursos que utilizan.\nEn muchos de los casos, su tenencia es informal e insegura.\nEl desplazamiento es una amenaza siempre presente.    <\/p>\n\n\n\n<p>Para atender el problema de inseguridad de la tenencia de la tierra, una cantidad cada vez mayor de defensores y activistas a trav\u00e9s de la regi\u00f3n han adoptado una estrategia pr\u00e1cticamente desconocida en Am\u00e9rica Latina y el Caribe, pero que resulta muy prometedora: el fideicomiso comunitario de tierras.\nEsta estrategia tiene muchas variaciones.\nNo obstante, un aspecto com\u00fan en todos los fideicomisos comunitarios de tierras es el mejoramiento de la seguridad de la tenencia de la tierra y la prevenci\u00f3n del desplazamiento a trav\u00e9s del control comunitario de la tierra.\nEs decir, una organizaci\u00f3n adquiere y administra los terrenos en nombre de la comunidad all\u00ed establecida, la cual, a su vez, dirige y gobierna dicha organizaci\u00f3n.   <\/p>\n\n\n\n<p>Hemos seleccionado el contenido de esta monograf\u00eda de un volumen mucho m\u00e1s largo titulado &#8220;En terreno com\u00fan: perspectivas internacionales sobre los fideicomisos comunitarios de tierras&#8221;.<em> <\/em>Escogimos estos cinco ensayos porque abordan un tema similar: la incidencia y las repercusiones de la inseguridad de la tenencia de la tierra en Am\u00e9rica Latina y el Caribe.\nCon el fin de resolver este problema, tambi\u00e9n discuten una estrategia similar que muchas personas en la regi\u00f3n han adoptado para asegurar su futuro: el control comunitario de la tierra. <\/p>\n<\/div><\/div><\/div>\n\n\n\n<div class=\"wp-block-kadence-pane kt-accordion-pane kt-accordion-pane-2 kt-pane503_9e229e-f9\"><div class=\"kt-accordion-header-wrap\"><button class=\"kt-blocks-accordion-header kt-acccordion-button-label-show\"><span class=\"kt-blocks-accordion-title-wrap\"><span class=\"kt-blocks-accordion-title\">Descripci\u00f3n del libro (en ingl\u00e9s)<\/span><\/span><span class=\"kt-blocks-accordion-icon-trigger\"><\/span><\/button><\/div><div class=\"kt-accordion-panel kt-accordion-panel-hidden\"><div class=\"kt-accordion-panel-inner\">\n<p>Miles de personas de bajos ingresos de Am\u00e9rica Latina y el Caribe llevan mucho tiempo ocupando tierras urbanas o rurales -o haciendo uso de recursos basados en la tierra como el agua, los bosques, los pastos y los campos de cultivo- sin poseer un derecho legalmente protegido y formalmente registrado para hacerlo.\nSu tenencia es insegura.\nEl desplazamiento es una posibilidad siempre presente.  <\/p>\n\n\n\n<p>Para abordar este problema generalizado de inseguridad en la tenencia de la tierra, un n\u00famero creciente de defensores y activistas de toda la regi\u00f3n han adoptado una estrategia que a\u00fan es relativamente desconocida en los pa\u00edses del Sur Global: el fideicomiso comunitario de tierras (CLT, por sus siglas en ingl\u00e9s).\nSe trata de una estrategia con muchas permutaciones.\nPero todas las CLT tienen en com\u00fan el compromiso de promover la seguridad y evitar los desplazamientos mediante la propiedad y gesti\u00f3n de la tierra en nombre de una comunidad local por parte de una organizaci\u00f3n guiada y gobernada por dicha comunidad.  <\/p>\n\n\n\n<p>Los cinco ensayos contenidos en esta monograf\u00eda<em> <\/em>eran<em> <\/em>extra\u00eddo de un volumen m\u00e1s extenso titulado <em>On Common Ground: Perspectivas Internacionales sobre el Patrimonio Comunitario de la Tierra. <\/em>Se seleccionaron y agruparon en torno a un tema similar, y cada uno de ellos analiza diversas dimensiones y peligros de la inseguridad en la tenencia de la tierra, con especial atenci\u00f3n a Am\u00e9rica Latina y el Caribe.\nTambi\u00e9n exploran una estrategia similar para abordar este pernicioso problema: el control comunitario de la tierra. <\/p>\n<\/div><\/div><\/div>\n\n\n\n<div class=\"wp-block-kadence-pane kt-accordion-pane kt-accordion-pane-3 kt-pane503_5b22d8-0b\"><div class=\"kt-accordion-header-wrap\"><button class=\"kt-blocks-accordion-header kt-acccordion-button-label-show\"><span class=\"kt-blocks-accordion-title-wrap\"><span class=\"kt-blocks-accordion-title\">Material de marketing<\/span><\/span><span class=\"kt-blocks-accordion-icon-trigger\"><\/span><\/button><\/div><div class=\"kt-accordion-panel kt-accordion-panel-hidden\"><div class=\"kt-accordion-panel-inner\">\n<p><a href=\"https:\/\/www.cltweb.org\/wp-content\/uploads\/2024\/10\/On-Common-Ground-Brochure-061020.pdf\" data-type=\"attachment\" data-id=\"2413\">Folleto de marketing<\/a><\/p>\n<\/div><\/div><\/div>\n<\/div><\/div><\/div>\n","protected":false},"excerpt":{"rendered":"<p>Disponible en todo el mundo, 120 p\u00e1gs.PAPEL NEGRO ISBN 9781734403039 $12.50 USEBOOK ISBN 9781734403053 $5.00 US Las ONG disponen de descuentos por pedidos a granel. Para m\u00e1s informaci\u00f3n y para [&hellip;]<\/p>\n","protected":false},"author":1,"featured_media":2556,"parent":760,"menu_order":0,"comment_status":"closed","ping_status":"closed","template":"","meta":{"give_campaign_id":0,"_tec_requires_first_save":true,"_kad_blocks_custom_css":"","_kad_blocks_head_custom_js":"","_kad_blocks_body_custom_js":"","_kad_blocks_footer_custom_js":"","_EventAllDay":false,"_EventTimezone":"","_EventStartDate":"","_EventEndDate":"","_EventStartDateUTC":"","_EventEndDateUTC":"","_EventShowMap":false,"_EventShowMapLink":false,"_EventURL":"","_EventCost":"","_EventCostDescription":"","_EventCurrencySymbol":"","_EventCurrencyCode":"","_EventCurrencyPosition":"","_EventDateTimeSeparator":"","_EventTimeRangeSeparator":"","_EventOrganizerID":[],"_EventVenueID":[],"_OrganizerEmail":"","_OrganizerPhone":"","_OrganizerWebsite":"","_VenueAddress":"","_VenueCity":"","_VenueCountry":"","_VenueProvince":"","_VenueState":"","_VenueZip":"","_VenuePhone":"","_VenueURL":"","_VenueStateProvince":"","_VenueLat":"","_VenueLng":"","_VenueShowMap":false,"_VenueShowMapLink":false,"_tribe_blocks_recurrence_rules":"","_tribe_blocks_recurrence_description":"","_tribe_blocks_recurrence_exclusions":"","footnotes":""},"categories":[120],"tags":[],"class_list":["post-1601","page","type-page","status-publish","has-post-thumbnail","hentry","category-catalogo-es"],"blocksy_meta":[],"yoast_head":"<!-- This site is optimized with the Yoast SEO Premium plugin v27.5 (Yoast SEO v27.5) - https:\/\/yoast.com\/product\/yoast-seo-premium-wordpress\/ -->\n<title>La inseguridad de la tenencia de la tierra en Am\u00e9rica Latina y el Caribe - International Center for Community Land Trusts<\/title>\n<meta name=\"robots\" content=\"index, follow, max-snippet:-1, max-image-preview:large, max-video-preview:-1\" \/>\n<link rel=\"canonical\" href=\"https:\/\/www.cltweb.org\/es\/terra-nostra-press\/catalogo\/la-inseguridad-de-la-tenencia-de-la-tierra-en-america-latina-y-el-caribe\/\" \/>\n<meta property=\"og:locale\" content=\"es_ES\" \/>\n<meta property=\"og:type\" content=\"article\" \/>\n<meta property=\"og:title\" content=\"La inseguridad de la tenencia de la tierra en Am\u00e9rica Latina y el Caribe\" \/>\n<meta property=\"og:description\" content=\"Disponible en todo el mundo, 120 p\u00e1gs.PAPEL NEGRO ISBN 9781734403039 $12.50 USEBOOK ISBN 9781734403053 $5.00 US Las ONG disponen de descuentos por pedidos a granel. Para m\u00e1s informaci\u00f3n y para [&hellip;]\" \/>\n<meta property=\"og:url\" content=\"https:\/\/www.cltweb.org\/es\/terra-nostra-press\/catalogo\/la-inseguridad-de-la-tenencia-de-la-tierra-en-america-latina-y-el-caribe\/\" \/>\n<meta property=\"og:site_name\" content=\"International Center for Community Land Trusts\" \/>\n<meta property=\"article:publisher\" content=\"https:\/\/www.facebook.com\/cltcenter\" \/>\n<meta property=\"article:modified_time\" content=\"2024-10-03T20:59:49+00:00\" \/>\n<meta property=\"og:image\" content=\"https:\/\/www.cltweb.org\/wp-content\/uploads\/2024\/10\/La_inseguridad_cover.jpg\" \/>\n\t<meta property=\"og:image:width\" content=\"1430\" \/>\n\t<meta property=\"og:image:height\" content=\"2048\" \/>\n\t<meta property=\"og:image:type\" content=\"image\/jpeg\" \/>\n<meta name=\"twitter:card\" content=\"summary_large_image\" \/>\n<meta name=\"twitter:site\" content=\"@Center4CLTs\" \/>\n<meta name=\"twitter:label1\" content=\"Tiempo de lectura\" \/>\n\t<meta name=\"twitter:data1\" content=\"4 minutos\" \/>\n<script type=\"application\/ld+json\" class=\"yoast-schema-graph\">{\"@context\":\"https:\\\/\\\/schema.org\",\"@graph\":[{\"@type\":\"WebPage\",\"@id\":\"https:\\\/\\\/www.cltweb.org\\\/es\\\/terra-nostra-press\\\/catalogo\\\/la-inseguridad-de-la-tenencia-de-la-tierra-en-america-latina-y-el-caribe\\\/\",\"url\":\"https:\\\/\\\/www.cltweb.org\\\/es\\\/terra-nostra-press\\\/catalogo\\\/la-inseguridad-de-la-tenencia-de-la-tierra-en-america-latina-y-el-caribe\\\/\",\"name\":\"La inseguridad de la tenencia de la tierra en Am\u00e9rica Latina y el Caribe - International Center for Community Land Trusts\",\"isPartOf\":{\"@id\":\"https:\\\/\\\/www.cltweb.org\\\/es\\\/#website\"},\"primaryImageOfPage\":{\"@id\":\"https:\\\/\\\/www.cltweb.org\\\/es\\\/terra-nostra-press\\\/catalogo\\\/la-inseguridad-de-la-tenencia-de-la-tierra-en-america-latina-y-el-caribe\\\/#primaryimage\"},\"image\":{\"@id\":\"https:\\\/\\\/www.cltweb.org\\\/es\\\/terra-nostra-press\\\/catalogo\\\/la-inseguridad-de-la-tenencia-de-la-tierra-en-america-latina-y-el-caribe\\\/#primaryimage\"},\"thumbnailUrl\":\"https:\\\/\\\/www.cltweb.org\\\/wp-content\\\/uploads\\\/2024\\\/10\\\/La_inseguridad_cover.jpg\",\"datePublished\":\"2024-07-29T23:49:42+00:00\",\"dateModified\":\"2024-10-03T20:59:49+00:00\",\"breadcrumb\":{\"@id\":\"https:\\\/\\\/www.cltweb.org\\\/es\\\/terra-nostra-press\\\/catalogo\\\/la-inseguridad-de-la-tenencia-de-la-tierra-en-america-latina-y-el-caribe\\\/#breadcrumb\"},\"inLanguage\":\"es\",\"potentialAction\":[{\"@type\":\"ReadAction\",\"target\":[\"https:\\\/\\\/www.cltweb.org\\\/es\\\/terra-nostra-press\\\/catalogo\\\/la-inseguridad-de-la-tenencia-de-la-tierra-en-america-latina-y-el-caribe\\\/\"]}]},{\"@type\":\"ImageObject\",\"inLanguage\":\"es\",\"@id\":\"https:\\\/\\\/www.cltweb.org\\\/es\\\/terra-nostra-press\\\/catalogo\\\/la-inseguridad-de-la-tenencia-de-la-tierra-en-america-latina-y-el-caribe\\\/#primaryimage\",\"url\":\"https:\\\/\\\/www.cltweb.org\\\/wp-content\\\/uploads\\\/2024\\\/10\\\/La_inseguridad_cover.jpg\",\"contentUrl\":\"https:\\\/\\\/www.cltweb.org\\\/wp-content\\\/uploads\\\/2024\\\/10\\\/La_inseguridad_cover.jpg\",\"width\":1430,\"height\":2048,\"caption\":\"Book cover for\"},{\"@type\":\"BreadcrumbList\",\"@id\":\"https:\\\/\\\/www.cltweb.org\\\/es\\\/terra-nostra-press\\\/catalogo\\\/la-inseguridad-de-la-tenencia-de-la-tierra-en-america-latina-y-el-caribe\\\/#breadcrumb\",\"itemListElement\":[{\"@type\":\"ListItem\",\"position\":1,\"name\":\"Home\",\"item\":\"https:\\\/\\\/www.cltweb.org\\\/es\\\/\"},{\"@type\":\"ListItem\",\"position\":2,\"name\":\"Terra Nostra Press\",\"item\":\"https:\\\/\\\/www.cltweb.org\\\/es\\\/terra-nostra-press\\\/\"},{\"@type\":\"ListItem\",\"position\":3,\"name\":\"Cat\u00e1logo\",\"item\":\"https:\\\/\\\/www.cltweb.org\\\/es\\\/terra-nostra-press\\\/catalogo\\\/\"},{\"@type\":\"ListItem\",\"position\":4,\"name\":\"La inseguridad de la tenencia de la tierra en Am\u00e9rica Latina y el Caribe\"}]},{\"@type\":\"WebSite\",\"@id\":\"https:\\\/\\\/www.cltweb.org\\\/es\\\/#website\",\"url\":\"https:\\\/\\\/www.cltweb.org\\\/es\\\/\",\"name\":\"International Center for Community Land Trusts\",\"description\":\"\",\"publisher\":{\"@id\":\"https:\\\/\\\/www.cltweb.org\\\/es\\\/#organization\"},\"potentialAction\":[{\"@type\":\"SearchAction\",\"target\":{\"@type\":\"EntryPoint\",\"urlTemplate\":\"https:\\\/\\\/www.cltweb.org\\\/es\\\/?s={search_term_string}\"},\"query-input\":{\"@type\":\"PropertyValueSpecification\",\"valueRequired\":true,\"valueName\":\"search_term_string\"}}],\"inLanguage\":\"es\"},{\"@type\":\"Organization\",\"@id\":\"https:\\\/\\\/www.cltweb.org\\\/es\\\/#organization\",\"name\":\"International Center for Community Land Trusts\",\"url\":\"https:\\\/\\\/www.cltweb.org\\\/es\\\/\",\"logo\":{\"@type\":\"ImageObject\",\"inLanguage\":\"es\",\"@id\":\"https:\\\/\\\/www.cltweb.org\\\/es\\\/#\\\/schema\\\/logo\\\/image\\\/\",\"url\":\"https:\\\/\\\/www.cltweb.org\\\/wp-content\\\/uploads\\\/2024\\\/11\\\/New-CLT-Center-Text-logo.png\",\"contentUrl\":\"https:\\\/\\\/www.cltweb.org\\\/wp-content\\\/uploads\\\/2024\\\/11\\\/New-CLT-Center-Text-logo.png\",\"width\":227,\"height\":80,\"caption\":\"International Center for Community Land Trusts\"},\"image\":{\"@id\":\"https:\\\/\\\/www.cltweb.org\\\/es\\\/#\\\/schema\\\/logo\\\/image\\\/\"},\"sameAs\":[\"https:\\\/\\\/www.facebook.com\\\/cltcenter\",\"https:\\\/\\\/x.com\\\/Center4CLTs\",\"https:\\\/\\\/www.instagram.com\\\/cltcenter\\\/\",\"https:\\\/\\\/www.linkedin.com\\\/company\\\/cltcenter\",\"https:\\\/\\\/www.youtube.com\\\/@centerforcltinnovation5313\"],\"description\":\"The International Center for Community Land Trusts is a not-for-profit nongovernmental organization established in 2018 to promote and to support community land trusts and similar strategies of community-led development on community-owned land in countries throughout the world.\",\"email\":\"info@communitylandtrust.net\",\"legalName\":\"International Center for Community Land Trusts\",\"foundingDate\":\"2018-12-01\",\"taxID\":\"84-3858933\",\"numberOfEmployees\":{\"@type\":\"QuantitativeValue\",\"minValue\":\"1\",\"maxValue\":\"10\"}}]}<\/script>\n<!-- \/ Yoast SEO Premium plugin. -->","yoast_head_json":{"title":"La inseguridad de la tenencia de la tierra en Am\u00e9rica Latina y el Caribe - International Center for Community Land Trusts","robots":{"index":"index","follow":"follow","max-snippet":"max-snippet:-1","max-image-preview":"max-image-preview:large","max-video-preview":"max-video-preview:-1"},"canonical":"https:\/\/www.cltweb.org\/es\/terra-nostra-press\/catalogo\/la-inseguridad-de-la-tenencia-de-la-tierra-en-america-latina-y-el-caribe\/","og_locale":"es_ES","og_type":"article","og_title":"La inseguridad de la tenencia de la tierra en Am\u00e9rica Latina y el Caribe","og_description":"Disponible en todo el mundo, 120 p\u00e1gs.PAPEL NEGRO ISBN 9781734403039 $12.50 USEBOOK ISBN 9781734403053 $5.00 US Las ONG disponen de descuentos por pedidos a granel. Para m\u00e1s informaci\u00f3n y para [&hellip;]","og_url":"https:\/\/www.cltweb.org\/es\/terra-nostra-press\/catalogo\/la-inseguridad-de-la-tenencia-de-la-tierra-en-america-latina-y-el-caribe\/","og_site_name":"International Center for Community Land Trusts","article_publisher":"https:\/\/www.facebook.com\/cltcenter","article_modified_time":"2024-10-03T20:59:49+00:00","og_image":[{"width":1430,"height":2048,"url":"https:\/\/www.cltweb.org\/wp-content\/uploads\/2024\/10\/La_inseguridad_cover.jpg","type":"image\/jpeg"}],"twitter_card":"summary_large_image","twitter_site":"@Center4CLTs","twitter_misc":{"Tiempo de lectura":"4 minutos"},"schema":{"@context":"https:\/\/schema.org","@graph":[{"@type":"WebPage","@id":"https:\/\/www.cltweb.org\/es\/terra-nostra-press\/catalogo\/la-inseguridad-de-la-tenencia-de-la-tierra-en-america-latina-y-el-caribe\/","url":"https:\/\/www.cltweb.org\/es\/terra-nostra-press\/catalogo\/la-inseguridad-de-la-tenencia-de-la-tierra-en-america-latina-y-el-caribe\/","name":"La inseguridad de la tenencia de la tierra en Am\u00e9rica Latina y el Caribe - International Center for Community Land Trusts","isPartOf":{"@id":"https:\/\/www.cltweb.org\/es\/#website"},"primaryImageOfPage":{"@id":"https:\/\/www.cltweb.org\/es\/terra-nostra-press\/catalogo\/la-inseguridad-de-la-tenencia-de-la-tierra-en-america-latina-y-el-caribe\/#primaryimage"},"image":{"@id":"https:\/\/www.cltweb.org\/es\/terra-nostra-press\/catalogo\/la-inseguridad-de-la-tenencia-de-la-tierra-en-america-latina-y-el-caribe\/#primaryimage"},"thumbnailUrl":"https:\/\/www.cltweb.org\/wp-content\/uploads\/2024\/10\/La_inseguridad_cover.jpg","datePublished":"2024-07-29T23:49:42+00:00","dateModified":"2024-10-03T20:59:49+00:00","breadcrumb":{"@id":"https:\/\/www.cltweb.org\/es\/terra-nostra-press\/catalogo\/la-inseguridad-de-la-tenencia-de-la-tierra-en-america-latina-y-el-caribe\/#breadcrumb"},"inLanguage":"es","potentialAction":[{"@type":"ReadAction","target":["https:\/\/www.cltweb.org\/es\/terra-nostra-press\/catalogo\/la-inseguridad-de-la-tenencia-de-la-tierra-en-america-latina-y-el-caribe\/"]}]},{"@type":"ImageObject","inLanguage":"es","@id":"https:\/\/www.cltweb.org\/es\/terra-nostra-press\/catalogo\/la-inseguridad-de-la-tenencia-de-la-tierra-en-america-latina-y-el-caribe\/#primaryimage","url":"https:\/\/www.cltweb.org\/wp-content\/uploads\/2024\/10\/La_inseguridad_cover.jpg","contentUrl":"https:\/\/www.cltweb.org\/wp-content\/uploads\/2024\/10\/La_inseguridad_cover.jpg","width":1430,"height":2048,"caption":"Book cover for"},{"@type":"BreadcrumbList","@id":"https:\/\/www.cltweb.org\/es\/terra-nostra-press\/catalogo\/la-inseguridad-de-la-tenencia-de-la-tierra-en-america-latina-y-el-caribe\/#breadcrumb","itemListElement":[{"@type":"ListItem","position":1,"name":"Home","item":"https:\/\/www.cltweb.org\/es\/"},{"@type":"ListItem","position":2,"name":"Terra Nostra Press","item":"https:\/\/www.cltweb.org\/es\/terra-nostra-press\/"},{"@type":"ListItem","position":3,"name":"Cat\u00e1logo","item":"https:\/\/www.cltweb.org\/es\/terra-nostra-press\/catalogo\/"},{"@type":"ListItem","position":4,"name":"La inseguridad de la tenencia de la tierra en Am\u00e9rica Latina y el Caribe"}]},{"@type":"WebSite","@id":"https:\/\/www.cltweb.org\/es\/#website","url":"https:\/\/www.cltweb.org\/es\/","name":"International Center for Community Land Trusts","description":"","publisher":{"@id":"https:\/\/www.cltweb.org\/es\/#organization"},"potentialAction":[{"@type":"SearchAction","target":{"@type":"EntryPoint","urlTemplate":"https:\/\/www.cltweb.org\/es\/?s={search_term_string}"},"query-input":{"@type":"PropertyValueSpecification","valueRequired":true,"valueName":"search_term_string"}}],"inLanguage":"es"},{"@type":"Organization","@id":"https:\/\/www.cltweb.org\/es\/#organization","name":"International Center for Community Land Trusts","url":"https:\/\/www.cltweb.org\/es\/","logo":{"@type":"ImageObject","inLanguage":"es","@id":"https:\/\/www.cltweb.org\/es\/#\/schema\/logo\/image\/","url":"https:\/\/www.cltweb.org\/wp-content\/uploads\/2024\/11\/New-CLT-Center-Text-logo.png","contentUrl":"https:\/\/www.cltweb.org\/wp-content\/uploads\/2024\/11\/New-CLT-Center-Text-logo.png","width":227,"height":80,"caption":"International Center for Community Land Trusts"},"image":{"@id":"https:\/\/www.cltweb.org\/es\/#\/schema\/logo\/image\/"},"sameAs":["https:\/\/www.facebook.com\/cltcenter","https:\/\/x.com\/Center4CLTs","https:\/\/www.instagram.com\/cltcenter\/","https:\/\/www.linkedin.com\/company\/cltcenter","https:\/\/www.youtube.com\/@centerforcltinnovation5313"],"description":"The International Center for Community Land Trusts is a not-for-profit nongovernmental organization established in 2018 to promote and to support community land trusts and similar strategies of community-led development on community-owned land in countries throughout the world.","email":"info@communitylandtrust.net","legalName":"International Center for Community Land Trusts","foundingDate":"2018-12-01","taxID":"84-3858933","numberOfEmployees":{"@type":"QuantitativeValue","minValue":"1","maxValue":"10"}}]}},"campaignId":"","taxonomy_info":{"category":[{"value":120,"label":"Cat\u00e1logo"}]},"featured_image_src_large":["https:\/\/www.cltweb.org\/wp-content\/uploads\/2024\/10\/La_inseguridad_cover-715x1024.jpg",715,1024,true],"author_info":{"display_name":"cltredesign_0jp0l4","author_link":"https:\/\/www.cltweb.org\/es\/author\/cltredesign_0jp0l4\/"},"comment_info":0,"jetpack_sharing_enabled":true,"jetpack-related-posts":[{"id":1641,"url":"https:\/\/www.cltweb.org\/es\/terra-nostra-press\/catalogo\/retejer-el-tapiz-de-la-titularidad\/","url_meta":{"origin":1601,"position":0},"title":"Retejer el tapiz de la titularidad","author":"cltredesign_0jp0l4","date":"29 de julio de 2024","format":false,"excerpt":"Disponible ya en todo el mundo, 250 p\u00e1gs.PAPEL NEGRO ISBN 9798986177625 $19.50EBOOK ISBN 9798986177632 $9.99 US Las ONG disponen de descuentos por pedidos a granel. Para m\u00e1s informaci\u00f3n y para hacer tu pedido, visita nuestra p\u00e1gina Pedidos a granel. Retejiendo el Tapiz de la Tenencia: Ocho ancianos del movimiento CLT\u2026","rel":"","context":"En \u00abCat\u00e1logo\u00bb","block_context":{"text":"Cat\u00e1logo","link":"https:\/\/www.cltweb.org\/es\/category\/catalogo-es\/"},"img":{"alt_text":"Book cover for Tapestry of Tenure","src":"https:\/\/i0.wp.com\/www.cltweb.org\/wp-content\/uploads\/2024\/10\/Reweaving-Tapestry-cover-e1727990535752.jpg?resize=350%2C200&ssl=1","width":350,"height":200,"srcset":"https:\/\/i0.wp.com\/www.cltweb.org\/wp-content\/uploads\/2024\/10\/Reweaving-Tapestry-cover-e1727990535752.jpg?resize=350%2C200&ssl=1 1x, https:\/\/i0.wp.com\/www.cltweb.org\/wp-content\/uploads\/2024\/10\/Reweaving-Tapestry-cover-e1727990535752.jpg?resize=525%2C300&ssl=1 1.5x, https:\/\/i0.wp.com\/www.cltweb.org\/wp-content\/uploads\/2024\/10\/Reweaving-Tapestry-cover-e1727990535752.jpg?resize=700%2C400&ssl=1 2x"},"classes":[]},{"id":1620,"url":"https:\/\/www.cltweb.org\/es\/terra-nostra-press\/catalogo\/por-que-community-land-trusts\/","url_meta":{"origin":1601,"position":1},"title":"\u00bfPor qu\u00e9 Community Land Trusts?","author":"cltredesign_0jp0l4","date":"29 de julio de 2024","format":false,"excerpt":"Disponible en todo el mundo, 110 p\u00e1gs.PAPEL NEGRO ISBN 9781734403046 $12.50 USEBOOK ISBN 9781734403060 $5.00 US Las ONG disponen de descuentos por pedidos a granel. Para m\u00e1s informaci\u00f3n y para hacer tu pedido, visita nuestra p\u00e1gina Pedidos a granel. Por qu\u00e9 fideicomisos de tierras comunitarias: La filosof\u00eda detr\u00e1s de una\u2026","rel":"","context":"En \u00abCat\u00e1logo\u00bb","block_context":{"text":"Cat\u00e1logo","link":"https:\/\/www.cltweb.org\/es\/category\/catalogo-es\/"},"img":{"alt_text":"Book cover for Why CLTs","src":"https:\/\/i0.wp.com\/www.cltweb.org\/wp-content\/uploads\/2024\/10\/Why-CLTs-cover.jpg?resize=350%2C200&ssl=1","width":350,"height":200,"srcset":"https:\/\/i0.wp.com\/www.cltweb.org\/wp-content\/uploads\/2024\/10\/Why-CLTs-cover.jpg?resize=350%2C200&ssl=1 1x, https:\/\/i0.wp.com\/www.cltweb.org\/wp-content\/uploads\/2024\/10\/Why-CLTs-cover.jpg?resize=525%2C300&ssl=1 1.5x, https:\/\/i0.wp.com\/www.cltweb.org\/wp-content\/uploads\/2024\/10\/Why-CLTs-cover.jpg?resize=700%2C400&ssl=1 2x, https:\/\/i0.wp.com\/www.cltweb.org\/wp-content\/uploads\/2024\/10\/Why-CLTs-cover.jpg?resize=1050%2C600&ssl=1 3x, https:\/\/i0.wp.com\/www.cltweb.org\/wp-content\/uploads\/2024\/10\/Why-CLTs-cover.jpg?resize=1400%2C800&ssl=1 4x"},"classes":[]},{"id":1591,"url":"https:\/\/www.cltweb.org\/es\/terra-nostra-press\/catalogo\/fideicomisos-comunitarios-de-tierras-y-asentamientos-informales-en-el-sur-global\/","url_meta":{"origin":1601,"position":2},"title":"Fideicomisos Comunitarios de Tierras y Asentamientos Informales en el Sur Global","author":"cltredesign_0jp0l4","date":"29 de julio de 2024","format":false,"excerpt":"Disponible en todo el mundo, 158 p\u00e1gs.PAPEL NEGRO ISBN 9781736275917 $15.00 USEBOOK ISBN 9781736275924 $5.00 US Las ONG disponen de descuentos por pedidos a granel. Para m\u00e1s informaci\u00f3n y para hacer tu pedido, visita nuestra p\u00e1gina Pedidos a granel. Fideicomisos de Tierras Comunitarias y Asentamientos Informales en el Sur Global\u2026","rel":"","context":"En \u00abCat\u00e1logo\u00bb","block_context":{"text":"Cat\u00e1logo","link":"https:\/\/www.cltweb.org\/es\/category\/catalogo-es\/"},"img":{"alt_text":"Global South Book Cover","src":"https:\/\/i0.wp.com\/www.cltweb.org\/wp-content\/uploads\/2024\/10\/Global-South-Cover.jpg?resize=350%2C200&ssl=1","width":350,"height":200,"srcset":"https:\/\/i0.wp.com\/www.cltweb.org\/wp-content\/uploads\/2024\/10\/Global-South-Cover.jpg?resize=350%2C200&ssl=1 1x, https:\/\/i0.wp.com\/www.cltweb.org\/wp-content\/uploads\/2024\/10\/Global-South-Cover.jpg?resize=525%2C300&ssl=1 1.5x, https:\/\/i0.wp.com\/www.cltweb.org\/wp-content\/uploads\/2024\/10\/Global-South-Cover.jpg?resize=700%2C400&ssl=1 2x, https:\/\/i0.wp.com\/www.cltweb.org\/wp-content\/uploads\/2024\/10\/Global-South-Cover.jpg?resize=1050%2C600&ssl=1 3x, https:\/\/i0.wp.com\/www.cltweb.org\/wp-content\/uploads\/2024\/10\/Global-South-Cover.jpg?resize=1400%2C800&ssl=1 4x"},"classes":[]},{"id":1600,"url":"https:\/\/www.cltweb.org\/es\/terra-nostra-press\/catalogo\/aplicaciones-del-fondo-comunitario-de-tierras-en-barrios-urbanos\/","url_meta":{"origin":1601,"position":3},"title":"Aplicaciones del Fondo Comunitario de Tierras en Barrios Urbanos","author":"cltredesign_0jp0l4","date":"29 de julio de 2024","format":false,"excerpt":"Disponible ahora en todo el mundo, 110 pp.PAPEL NEGRO ISBN 9781734403077 $15.00 USEBOOK ISBN 9781734403084 $5.00 US Las ONG disponen de descuentos por pedidos a granel. Para m\u00e1s informaci\u00f3n y para hacer tu pedido, visita nuestra p\u00e1gina Pedidos a granel. Los ocho ensayos contenidos en esta monograf\u00eda fueron seleccionados de\u2026","rel":"","context":"En \u00abCat\u00e1logo\u00bb","block_context":{"text":"Cat\u00e1logo","link":"https:\/\/www.cltweb.org\/es\/category\/catalogo-es\/"},"img":{"alt_text":"Book Cover for Urban Applications","src":"https:\/\/i0.wp.com\/www.cltweb.org\/wp-content\/uploads\/2024\/10\/Urban-Applications-Cover.jpg?resize=350%2C200&ssl=1","width":350,"height":200,"srcset":"https:\/\/i0.wp.com\/www.cltweb.org\/wp-content\/uploads\/2024\/10\/Urban-Applications-Cover.jpg?resize=350%2C200&ssl=1 1x, https:\/\/i0.wp.com\/www.cltweb.org\/wp-content\/uploads\/2024\/10\/Urban-Applications-Cover.jpg?resize=525%2C300&ssl=1 1.5x, https:\/\/i0.wp.com\/www.cltweb.org\/wp-content\/uploads\/2024\/10\/Urban-Applications-Cover.jpg?resize=700%2C400&ssl=1 2x, https:\/\/i0.wp.com\/www.cltweb.org\/wp-content\/uploads\/2024\/10\/Urban-Applications-Cover.jpg?resize=1050%2C600&ssl=1 3x, https:\/\/i0.wp.com\/www.cltweb.org\/wp-content\/uploads\/2024\/10\/Urban-Applications-Cover.jpg?resize=1400%2C800&ssl=1 4x"},"classes":[]},{"id":1621,"url":"https:\/\/www.cltweb.org\/es\/terra-nostra-press\/catalogo\/el-crecimiento-de-los-fideicomisos-comunitarios-de-tierras-en-inglaterra-y-europa\/","url_meta":{"origin":1601,"position":4},"title":"El crecimiento de los Fideicomisos Comunitarios de Tierras en Inglaterra y Europa","author":"cltredesign_0jp0l4","date":"29 de julio de 2024","format":false,"excerpt":"Disponible ahora en todo el mundo, 110 pp.PAPEL NEGRO ISBN 9781736275986 $14.00 US Las ONG disponen de descuentos por pedidos a granel. Para m\u00e1s informaci\u00f3n y para hacer tu pedido, visita nuestra p\u00e1gina Pedidos a granel. Durante las dos \u00faltimas d\u00e9cadas, a medida que los mercados han ido empujando el\u2026","rel":"","context":"En \u00abCat\u00e1logo\u00bb","block_context":{"text":"Cat\u00e1logo","link":"https:\/\/www.cltweb.org\/es\/category\/catalogo-es\/"},"img":{"alt_text":"Book Cover for Growth of CLTs in England and Europe","src":"https:\/\/i0.wp.com\/www.cltweb.org\/wp-content\/uploads\/2024\/10\/Growth-in-England-and-Europe-cover.jpg?resize=350%2C200&ssl=1","width":350,"height":200,"srcset":"https:\/\/i0.wp.com\/www.cltweb.org\/wp-content\/uploads\/2024\/10\/Growth-in-England-and-Europe-cover.jpg?resize=350%2C200&ssl=1 1x, https:\/\/i0.wp.com\/www.cltweb.org\/wp-content\/uploads\/2024\/10\/Growth-in-England-and-Europe-cover.jpg?resize=525%2C300&ssl=1 1.5x, https:\/\/i0.wp.com\/www.cltweb.org\/wp-content\/uploads\/2024\/10\/Growth-in-England-and-Europe-cover.jpg?resize=700%2C400&ssl=1 2x, https:\/\/i0.wp.com\/www.cltweb.org\/wp-content\/uploads\/2024\/10\/Growth-in-England-and-Europe-cover.jpg?resize=1050%2C600&ssl=1 3x, https:\/\/i0.wp.com\/www.cltweb.org\/wp-content\/uploads\/2024\/10\/Growth-in-England-and-Europe-cover.jpg?resize=1400%2C800&ssl=1 4x"},"classes":[]},{"id":1590,"url":"https:\/\/www.cltweb.org\/es\/terra-nostra-press\/pedidos-al-por-mayor\/","url_meta":{"origin":1601,"position":5},"title":"Pedidos al por mayor","author":"cltredesign_0jp0l4","date":"30 de julio de 2024","format":false,"excerpt":"Terra Nostra Press ofrece un 40% de descuento por pedidos al por mayor de diez libros o m\u00e1s a organizaciones sin \u00e1nimo de lucro.","rel":"","context":"En \u00abTerra Nostra Press\u00bb","block_context":{"text":"Terra Nostra Press","link":"https:\/\/www.cltweb.org\/es\/category\/terra-nostra-press-es\/"},"img":{"alt_text":"","src":"","width":0,"height":0},"classes":[]}],"_links":{"self":[{"href":"https:\/\/www.cltweb.org\/es\/wp-json\/wp\/v2\/pages\/1601","targetHints":{"allow":["GET"]}}],"collection":[{"href":"https:\/\/www.cltweb.org\/es\/wp-json\/wp\/v2\/pages"}],"about":[{"href":"https:\/\/www.cltweb.org\/es\/wp-json\/wp\/v2\/types\/page"}],"author":[{"embeddable":true,"href":"https:\/\/www.cltweb.org\/es\/wp-json\/wp\/v2\/users\/1"}],"replies":[{"embeddable":true,"href":"https:\/\/www.cltweb.org\/es\/wp-json\/wp\/v2\/comments?post=1601"}],"version-history":[{"count":3,"href":"https:\/\/www.cltweb.org\/es\/wp-json\/wp\/v2\/pages\/1601\/revisions"}],"predecessor-version":[{"id":2599,"href":"https:\/\/www.cltweb.org\/es\/wp-json\/wp\/v2\/pages\/1601\/revisions\/2599"}],"up":[{"embeddable":true,"href":"https:\/\/www.cltweb.org\/es\/wp-json\/wp\/v2\/pages\/760"}],"wp:featuredmedia":[{"embeddable":true,"href":"https:\/\/www.cltweb.org\/es\/wp-json\/wp\/v2\/media\/2556"}],"wp:attachment":[{"href":"https:\/\/www.cltweb.org\/es\/wp-json\/wp\/v2\/media?parent=1601"}],"wp:term":[{"taxonomy":"category","embeddable":true,"href":"https:\/\/www.cltweb.org\/es\/wp-json\/wp\/v2\/categories?post=1601"},{"taxonomy":"post_tag","embeddable":true,"href":"https:\/\/www.cltweb.org\/es\/wp-json\/wp\/v2\/tags?post=1601"}],"curies":[{"name":"wp","href":"https:\/\/api.w.org\/{rel}","templated":true}]}}