{"id":1612,"date":"2024-07-29T23:49:12","date_gmt":"2024-07-29T23:49:12","guid":{"rendered":"https:\/\/www.cltweb.org\/terra-nostra-press\/catalogo\/desarrollo-impactante-y-capacitacion-comunitaria\/"},"modified":"2024-10-03T20:39:01","modified_gmt":"2024-10-03T20:39:01","slug":"desarrollo-impactante-y-capacitacion-comunitaria","status":"publish","type":"page","link":"https:\/\/www.cltweb.org\/es\/terra-nostra-press\/catalogo\/desarrollo-impactante-y-capacitacion-comunitaria\/","title":{"rendered":"Desarrollo impactante y capacitaci\u00f3n comunitaria"},"content":{"rendered":"\n<div class=\"wp-block-columns is-layout-flex wp-container-core-columns-is-layout-28f84493 wp-block-columns-is-layout-flex\">\n<div class=\"wp-block-column is-layout-flow wp-block-column-is-layout-flow\" style=\"flex-basis:30%\"><style>.kb-image501_a92c1e-e9 .kb-image-has-overlay:after{opacity:0.3;}<\/style>\n<figure class=\"wp-block-kadence-image kb-image501_a92c1e-e9 size-large\"><img loading=\"lazy\" decoding=\"async\" width=\"717\" height=\"1024\" src=\"https:\/\/www.cltweb.org\/wp-content\/uploads\/2024\/10\/Impactful-Development-cover-717x1024.jpg\" alt=\"Portada de Desarrollo Impactante\" class=\"kb-img wp-image-2514\" srcset=\"https:\/\/www.cltweb.org\/wp-content\/uploads\/2024\/10\/Impactful-Development-cover-717x1024.jpg 717w, https:\/\/www.cltweb.org\/wp-content\/uploads\/2024\/10\/Impactful-Development-cover-210x300.jpg 210w, https:\/\/www.cltweb.org\/wp-content\/uploads\/2024\/10\/Impactful-Development-cover-768x1097.jpg 768w, https:\/\/www.cltweb.org\/wp-content\/uploads\/2024\/10\/Impactful-Development-cover-1076x1536.jpg 1076w, https:\/\/www.cltweb.org\/wp-content\/uploads\/2024\/10\/Impactful-Development-cover.jpg 1434w\" sizes=\"auto, (max-width: 717px) 100vw, 717px\" \/><\/figure>\n<\/div>\n\n\n\n<div class=\"wp-block-column is-layout-flow wp-block-column-is-layout-flow\" style=\"flex-basis:70%\">\n<p><strong>Disponible en todo el mundo<\/strong>, 134 p\u00e1gs.<br\/>PAPEL NEGRO ISBN 9781734403091 $14.00 US<br\/>EBOOK ISBAN 9781736275900 $5.00 US<\/p>\n\n\n\n<p><strong>Bulk order discounts available for NGOs.\u00a0\u00a0<\/strong>For more information, and to place your order, go to our\u00a0<a href=\"https:\/\/www.cltweb.org\/terra-nostra-press\/bulk-orders\/\" data-type=\"page\" data-id=\"532\">Bulk Orders<\/a>\u00a0page.<\/p>\n\n\n\n<p><strong>Desarrollo impactante y capacitaci\u00f3n de la comunidad: Equilibrar los objetivos duales de un movimiento global de CLT<\/strong>, es el cuarto de nuestra serie de monograf\u00edas, con siete ensayos que exploran el debate entre ir a escala o dar poder y voz a la comunidad a la que sirve un CLT.<\/p>\n\n\n\n<p>Toda fundaci\u00f3n inmobiliaria comunitaria intenta hacerse con el control de suficientes terrenos, viviendas y otros activos inmobiliarios para marcar la diferencia en la vida de las personas con ingresos bajos y moderados.\nAl mismo tiempo que ampl\u00eda su cartera de bienes inmuebles, un CLT tambi\u00e9n se dedica a ampliar e implicar a su base social: organiza, informa e implica continuamente a los miembros de la comunidad elegida en la orientaci\u00f3n y el gobierno del propio CLT.\nLa propiedad y la capacitaci\u00f3n van de la mano.  <\/p>\n\n\n\n<p>Aunque varios colaboradores se decantan por uno u otro bando, la mayor\u00eda describen el CLT como un t\u00e9rmino medio ret\u00f3rico y pr\u00e1ctico entre el impacto y la capacitaci\u00f3n.\nProporcionan ejemplos de CLT exitosas en las que la participaci\u00f3n de los residentes en la direcci\u00f3n y el gobierno de la organizaci\u00f3n ha sido la base para aumentar las posesiones de terrenos y viviendas de una CLT, en lugar de ser un obst\u00e1culo para el crecimiento.\nEn estas organizaciones, los objetivos duales de una CLT se concilian y se equilibran de forma h\u00e1bil y sostenible.  <\/p>\n\n\n\n<ul class=\"wp-block-list\">\n<li><a href=\"https:\/\/www.amazon.com\/Impactful-Development-Community-Empowerment-Monographs\/dp\/1734403098\/ref=sr_1_9?dchild=1&amp;keywords=john+emmeus+davis&amp;qid=1615827982&amp;sr=8-9\">Amazon<\/a><\/li>\n\n\n\n<li><a href=\"https:\/\/www.barnesandnoble.com\/w\/impactful-development-and-community-empowerment-john-emmeus-davis\/1138864850?ean=9781734403091\">Barnes y Noble<\/a><\/li>\n\n\n\n<li><a href=\"https:\/\/blackwells.co.uk\/bookshop\/product\/Impactful-Development-and-Community-Empowerment-Balancing-the-Dual-Goals-of-a-Global-CLT-Movement-by-Davis-John-Emmeus\/9781734403091\">Blackwell&#8217;s<\/a><\/li>\n\n\n\n<li><a href=\"https:\/\/bookshop.org\/books\/impactful-development-and-community-empowerment-balancing-the-dual-goals-of-a-global-clt-movement\/9781734403091\">Librer\u00eda<\/a><\/li>\n\n\n\n<li><a href=\"https:\/\/www.indiebound.org\/book\/9781734403091\">IndieBound<\/a><\/li>\n<\/ul>\n<\/div>\n<\/div>\n<style>.kt-accordion-id501_3827b9-72 .kt-accordion-inner-wrap{column-gap:var(--global-kb-gap-md, 2rem);row-gap:8px;}.kt-accordion-id501_3827b9-72 .kt-accordion-panel-inner{padding-top:var(--global-kb-spacing-sm, 1.5rem);padding-right:var(--global-kb-spacing-sm, 1.5rem);padding-bottom:var(--global-kb-spacing-sm, 1.5rem);padding-left:var(--global-kb-spacing-sm, 1.5rem);}.kt-accordion-id501_3827b9-72 > .kt-accordion-inner-wrap > .wp-block-kadence-pane > .kt-accordion-header-wrap > .kt-blocks-accordion-header{font-weight:bold;padding-top:var(--global-kb-spacing-xxs, 0.5rem);padding-right:var(--global-kb-spacing-xs, 1rem);padding-bottom:var(--global-kb-spacing-xxs, 0.5rem);padding-left:var(--global-kb-spacing-xs, 1rem);}@media all and (max-width: 767px){.kt-accordion-id501_3827b9-72 .kt-accordion-inner-wrap{display:block;}.kt-accordion-id501_3827b9-72 .kt-accordion-inner-wrap .kt-accordion-pane:not(:first-child){margin-top:8px;}}<\/style>\n<div class=\"wp-block-kadence-accordion alignnone\"><div class=\"kt-accordion-wrap kt-accordion-id501_3827b9-72 kt-accordion-has-2-panes kt-active-pane-0 kt-accordion-block kt-pane-header-alignment-left kt-accodion-icon-style-basic kt-accodion-icon-side-right\" style=\"max-width:none\"><div class=\"kt-accordion-inner-wrap\" data-allow-multiple-open=\"false\" data-start-open=\"none\">\n<div class=\"wp-block-kadence-pane kt-accordion-pane kt-accordion-pane-1 kt-pane501_df1ec7-3a\"><div class=\"kt-accordion-header-wrap\"><button class=\"kt-blocks-accordion-header kt-acccordion-button-label-show\"><span class=\"kt-blocks-accordion-title-wrap\"><span class=\"kt-blocks-accordion-title\">Descripci\u00f3n del libro<\/span><\/span><span class=\"kt-blocks-accordion-icon-trigger\"><\/span><\/button><\/div><div class=\"kt-accordion-panel kt-accordion-panel-hidden\"><div class=\"kt-accordion-panel-inner\">\n<p>Seis de los siete ensayos contenidos en esta monograf\u00eda fueron seleccionados de <strong><em>En terreno com\u00fan: Perspectivas Internacionales sobre el Patrimonio Comunitario de la Tierra<\/em><\/strong>publicado en junio de 2020.\nUn s\u00e9ptimo ensayo, escrito m\u00e1s recientemente, se a\u00f1adi\u00f3 como suplemento provocativo a los dem\u00e1s.\nSe han reunido aqu\u00ed porque se centran de forma similar en un reto clave al que se enfrentan los fideicomisos de tierras comunitarias de todo el mundo: c\u00f3mo equilibrar los objetivos contrapuestos de escala y responsabilidad.  <\/p>\n\n\n\n<p>La mayor\u00eda de las CLT esperan acumular una cartera de terrenos, viviendas y otros edificios lo suficientemente grande como para tener un impacto importante en la promoci\u00f3n de un desarrollo equitativo y sostenible dentro de las comunidades que han elegido.\nAl mismo tiempo, la mayor\u00eda de las CLT tienen un compromiso permanente con la capacitaci\u00f3n de los residentes de esas comunidades, proporcion\u00e1ndoles un mecanismo mediante el cual puedan configurar el futuro de los lugares en los que viven, al tiempo que se les da voz en la orientaci\u00f3n y el gobierno de la propia CLT.\nEstos objetivos aspiracionales a veces son compatibles y a veces no, tirando de una organizaci\u00f3n en direcciones opuestas.\nLos l\u00edderes de una CLT local deben encontrar la forma de hacer que funcionen juntos.   <\/p>\n\n\n\n<p>Algunos de los cap\u00edtulos incluidos en la presente monograf\u00eda debaten directamente la tensi\u00f3n entre estos objetivos contrapuestos.\nOtros muestran el trabajo de CLT locales que han sido especialmente eficaces a la hora de resolver esta tensi\u00f3n para equilibrar el desarrollo impactante y la capacitaci\u00f3n de la comunidad. <\/p>\n\n\n\n<ul class=\"wp-block-list\">\n<li><strong>Cap\u00edtulo 1:<\/strong> Tony Pickett y Emily Thaden, &#8220;Combinar la escala y el control comunitario para avanzar en los barrios de ingresos mixtos&#8221;.<\/li>\n\n\n\n<li><strong>Cap\u00edtulo 2:<\/strong> Harry Smith y Tony Hern\u00e1ndez, &#8220;Take a Stand, Own the Land: Perfil de Dudley Neighbors Inc. en Boston Massachusetts&#8221;.<\/li>\n\n\n\n<li><strong>Cap\u00edtulo 3:<\/strong> Brenda Torpy, &#8220;Las mejores cosas de la vida son perpetuamente asequibles: Perfil de Champlain Housing Trust, Burlington, Vermont&#8221;.<\/li>\n\n\n\n<li><strong>Cap\u00edtulo 4:<\/strong> Dave Smith &#8220;El Fondo Comunitario de Tierras de Londres: Una historia de personas, poder y perseverancia&#8221;.<\/li>\n\n\n\n<li><strong>Cap\u00edtulo 5:<\/strong> Line Algoed, Mar\u00eda E. Hern\u00e1ndez-Torrales, Lyvia Rodr\u00edguez Del Valle y Karla Torres Sueiro, &#8220;Or\u00edgenes, logros y el ejemplo de prueba de concepto del CLT Ca\u00f1o Mart\u00edn Pe\u00f1a&#8221;.<\/li>\n\n\n\n<li><strong>Cap\u00edtulo 6:<\/strong> Olivia Williams, &#8220;El control comunitario de la tierra: Pensar m\u00e1s all\u00e1 del Fondo Comunitario de Tierras gen\u00e9rico&#8221;.<\/li>\n\n\n\n<li><strong>Cap\u00edtulo 7:<\/strong> John Emmeus Davis, &#8220;Juntos mejor: La complejidad desafiante y transformadora de la comunidad, la tierra y la confianza&#8221;.<\/li>\n<\/ul>\n<\/div><\/div><\/div>\n<\/div><\/div><\/div>\n","protected":false},"excerpt":{"rendered":"<p>Disponible en todo el mundo, 134 p\u00e1gs.PAPEL NEGRO ISBN 9781734403091 $14.00 USEBOOK ISBAN 9781736275900 $5.00 US Bulk order discounts available for NGOs.\u00a0\u00a0For more information, and to place your order, go [&hellip;]<\/p>\n","protected":false},"author":1,"featured_media":2519,"parent":760,"menu_order":0,"comment_status":"closed","ping_status":"closed","template":"","meta":{"give_campaign_id":0,"_tec_requires_first_save":true,"_kad_blocks_custom_css":"","_kad_blocks_head_custom_js":"","_kad_blocks_body_custom_js":"","_kad_blocks_footer_custom_js":"","_EventAllDay":false,"_EventTimezone":"","_EventStartDate":"","_EventEndDate":"","_EventStartDateUTC":"","_EventEndDateUTC":"","_EventShowMap":false,"_EventShowMapLink":false,"_EventURL":"","_EventCost":"","_EventCostDescription":"","_EventCurrencySymbol":"","_EventCurrencyCode":"","_EventCurrencyPosition":"","_EventDateTimeSeparator":"","_EventTimeRangeSeparator":"","_EventOrganizerID":[],"_EventVenueID":[],"_OrganizerEmail":"","_OrganizerPhone":"","_OrganizerWebsite":"","_VenueAddress":"","_VenueCity":"","_VenueCountry":"","_VenueProvince":"","_VenueState":"","_VenueZip":"","_VenuePhone":"","_VenueURL":"","_VenueStateProvince":"","_VenueLat":"","_VenueLng":"","_VenueShowMap":false,"_VenueShowMapLink":false,"_tribe_blocks_recurrence_rules":"","_tribe_blocks_recurrence_description":"","_tribe_blocks_recurrence_exclusions":"","footnotes":""},"categories":[120],"tags":[],"class_list":["post-1612","page","type-page","status-publish","has-post-thumbnail","hentry","category-catalogo-es"],"blocksy_meta":[],"yoast_head":"<!-- This site is optimized with the Yoast SEO Premium plugin v27.5 (Yoast SEO v27.5) - https:\/\/yoast.com\/product\/yoast-seo-premium-wordpress\/ -->\n<title>Desarrollo impactante y capacitaci\u00f3n comunitaria - International Center for Community Land Trusts<\/title>\n<meta name=\"robots\" content=\"index, follow, max-snippet:-1, max-image-preview:large, max-video-preview:-1\" \/>\n<link rel=\"canonical\" href=\"https:\/\/www.cltweb.org\/es\/terra-nostra-press\/catalogo\/desarrollo-impactante-y-capacitacion-comunitaria\/\" \/>\n<meta property=\"og:locale\" content=\"es_ES\" \/>\n<meta property=\"og:type\" content=\"article\" \/>\n<meta property=\"og:title\" content=\"Desarrollo impactante y capacitaci\u00f3n comunitaria\" \/>\n<meta property=\"og:description\" content=\"Disponible en todo el mundo, 134 p\u00e1gs.PAPEL NEGRO ISBN 9781734403091 $14.00 USEBOOK ISBAN 9781736275900 $5.00 US Bulk order discounts available for NGOs.\u00a0\u00a0For more information, and to place your order, go [&hellip;]\" \/>\n<meta property=\"og:url\" content=\"https:\/\/www.cltweb.org\/es\/terra-nostra-press\/catalogo\/desarrollo-impactante-y-capacitacion-comunitaria\/\" \/>\n<meta property=\"og:site_name\" content=\"International Center for Community Land Trusts\" \/>\n<meta property=\"article:publisher\" content=\"https:\/\/www.facebook.com\/cltcenter\" \/>\n<meta property=\"article:modified_time\" content=\"2024-10-03T20:39:01+00:00\" \/>\n<meta property=\"og:image\" content=\"https:\/\/www.cltweb.org\/wp-content\/uploads\/2024\/10\/Impactful-Development-cover.jpg\" \/>\n\t<meta property=\"og:image:width\" content=\"1434\" \/>\n\t<meta property=\"og:image:height\" content=\"2048\" \/>\n\t<meta property=\"og:image:type\" content=\"image\/jpeg\" \/>\n<meta name=\"twitter:card\" content=\"summary_large_image\" \/>\n<meta name=\"twitter:site\" content=\"@Center4CLTs\" \/>\n<meta name=\"twitter:label1\" content=\"Tiempo de lectura\" \/>\n\t<meta name=\"twitter:data1\" content=\"4 minutos\" \/>\n<script type=\"application\/ld+json\" class=\"yoast-schema-graph\">{\"@context\":\"https:\\\/\\\/schema.org\",\"@graph\":[{\"@type\":\"WebPage\",\"@id\":\"https:\\\/\\\/www.cltweb.org\\\/es\\\/terra-nostra-press\\\/catalogo\\\/desarrollo-impactante-y-capacitacion-comunitaria\\\/\",\"url\":\"https:\\\/\\\/www.cltweb.org\\\/es\\\/terra-nostra-press\\\/catalogo\\\/desarrollo-impactante-y-capacitacion-comunitaria\\\/\",\"name\":\"Desarrollo impactante y capacitaci\u00f3n comunitaria - International Center for Community Land Trusts\",\"isPartOf\":{\"@id\":\"https:\\\/\\\/www.cltweb.org\\\/es\\\/#website\"},\"primaryImageOfPage\":{\"@id\":\"https:\\\/\\\/www.cltweb.org\\\/es\\\/terra-nostra-press\\\/catalogo\\\/desarrollo-impactante-y-capacitacion-comunitaria\\\/#primaryimage\"},\"image\":{\"@id\":\"https:\\\/\\\/www.cltweb.org\\\/es\\\/terra-nostra-press\\\/catalogo\\\/desarrollo-impactante-y-capacitacion-comunitaria\\\/#primaryimage\"},\"thumbnailUrl\":\"https:\\\/\\\/www.cltweb.org\\\/wp-content\\\/uploads\\\/2024\\\/10\\\/Impactful-Development-cover.jpg\",\"datePublished\":\"2024-07-29T23:49:12+00:00\",\"dateModified\":\"2024-10-03T20:39:01+00:00\",\"breadcrumb\":{\"@id\":\"https:\\\/\\\/www.cltweb.org\\\/es\\\/terra-nostra-press\\\/catalogo\\\/desarrollo-impactante-y-capacitacion-comunitaria\\\/#breadcrumb\"},\"inLanguage\":\"es\",\"potentialAction\":[{\"@type\":\"ReadAction\",\"target\":[\"https:\\\/\\\/www.cltweb.org\\\/es\\\/terra-nostra-press\\\/catalogo\\\/desarrollo-impactante-y-capacitacion-comunitaria\\\/\"]}]},{\"@type\":\"ImageObject\",\"inLanguage\":\"es\",\"@id\":\"https:\\\/\\\/www.cltweb.org\\\/es\\\/terra-nostra-press\\\/catalogo\\\/desarrollo-impactante-y-capacitacion-comunitaria\\\/#primaryimage\",\"url\":\"https:\\\/\\\/www.cltweb.org\\\/wp-content\\\/uploads\\\/2024\\\/10\\\/Impactful-Development-cover.jpg\",\"contentUrl\":\"https:\\\/\\\/www.cltweb.org\\\/wp-content\\\/uploads\\\/2024\\\/10\\\/Impactful-Development-cover.jpg\",\"width\":1434,\"height\":2048,\"caption\":\"Cover of Impactful Development\"},{\"@type\":\"BreadcrumbList\",\"@id\":\"https:\\\/\\\/www.cltweb.org\\\/es\\\/terra-nostra-press\\\/catalogo\\\/desarrollo-impactante-y-capacitacion-comunitaria\\\/#breadcrumb\",\"itemListElement\":[{\"@type\":\"ListItem\",\"position\":1,\"name\":\"Home\",\"item\":\"https:\\\/\\\/www.cltweb.org\\\/es\\\/\"},{\"@type\":\"ListItem\",\"position\":2,\"name\":\"Terra Nostra Press\",\"item\":\"https:\\\/\\\/www.cltweb.org\\\/es\\\/terra-nostra-press\\\/\"},{\"@type\":\"ListItem\",\"position\":3,\"name\":\"Cat\u00e1logo\",\"item\":\"https:\\\/\\\/www.cltweb.org\\\/es\\\/terra-nostra-press\\\/catalogo\\\/\"},{\"@type\":\"ListItem\",\"position\":4,\"name\":\"Desarrollo impactante y capacitaci\u00f3n comunitaria\"}]},{\"@type\":\"WebSite\",\"@id\":\"https:\\\/\\\/www.cltweb.org\\\/es\\\/#website\",\"url\":\"https:\\\/\\\/www.cltweb.org\\\/es\\\/\",\"name\":\"International Center for Community Land Trusts\",\"description\":\"\",\"publisher\":{\"@id\":\"https:\\\/\\\/www.cltweb.org\\\/es\\\/#organization\"},\"potentialAction\":[{\"@type\":\"SearchAction\",\"target\":{\"@type\":\"EntryPoint\",\"urlTemplate\":\"https:\\\/\\\/www.cltweb.org\\\/es\\\/?s={search_term_string}\"},\"query-input\":{\"@type\":\"PropertyValueSpecification\",\"valueRequired\":true,\"valueName\":\"search_term_string\"}}],\"inLanguage\":\"es\"},{\"@type\":\"Organization\",\"@id\":\"https:\\\/\\\/www.cltweb.org\\\/es\\\/#organization\",\"name\":\"International Center for Community Land Trusts\",\"url\":\"https:\\\/\\\/www.cltweb.org\\\/es\\\/\",\"logo\":{\"@type\":\"ImageObject\",\"inLanguage\":\"es\",\"@id\":\"https:\\\/\\\/www.cltweb.org\\\/es\\\/#\\\/schema\\\/logo\\\/image\\\/\",\"url\":\"https:\\\/\\\/www.cltweb.org\\\/wp-content\\\/uploads\\\/2024\\\/11\\\/New-CLT-Center-Text-logo.png\",\"contentUrl\":\"https:\\\/\\\/www.cltweb.org\\\/wp-content\\\/uploads\\\/2024\\\/11\\\/New-CLT-Center-Text-logo.png\",\"width\":227,\"height\":80,\"caption\":\"International Center for Community Land Trusts\"},\"image\":{\"@id\":\"https:\\\/\\\/www.cltweb.org\\\/es\\\/#\\\/schema\\\/logo\\\/image\\\/\"},\"sameAs\":[\"https:\\\/\\\/www.facebook.com\\\/cltcenter\",\"https:\\\/\\\/x.com\\\/Center4CLTs\",\"https:\\\/\\\/www.instagram.com\\\/cltcenter\\\/\",\"https:\\\/\\\/www.linkedin.com\\\/company\\\/cltcenter\",\"https:\\\/\\\/www.youtube.com\\\/@centerforcltinnovation5313\"],\"description\":\"The International Center for Community Land Trusts is a not-for-profit nongovernmental organization established in 2018 to promote and to support community land trusts and similar strategies of community-led development on community-owned land in countries throughout the world.\",\"email\":\"info@communitylandtrust.net\",\"legalName\":\"International Center for Community Land Trusts\",\"foundingDate\":\"2018-12-01\",\"taxID\":\"84-3858933\",\"numberOfEmployees\":{\"@type\":\"QuantitativeValue\",\"minValue\":\"1\",\"maxValue\":\"10\"}}]}<\/script>\n<!-- \/ Yoast SEO Premium plugin. -->","yoast_head_json":{"title":"Desarrollo impactante y capacitaci\u00f3n comunitaria - International Center for Community Land Trusts","robots":{"index":"index","follow":"follow","max-snippet":"max-snippet:-1","max-image-preview":"max-image-preview:large","max-video-preview":"max-video-preview:-1"},"canonical":"https:\/\/www.cltweb.org\/es\/terra-nostra-press\/catalogo\/desarrollo-impactante-y-capacitacion-comunitaria\/","og_locale":"es_ES","og_type":"article","og_title":"Desarrollo impactante y capacitaci\u00f3n comunitaria","og_description":"Disponible en todo el mundo, 134 p\u00e1gs.PAPEL NEGRO ISBN 9781734403091 $14.00 USEBOOK ISBAN 9781736275900 $5.00 US Bulk order discounts available for NGOs.\u00a0\u00a0For more information, and to place your order, go [&hellip;]","og_url":"https:\/\/www.cltweb.org\/es\/terra-nostra-press\/catalogo\/desarrollo-impactante-y-capacitacion-comunitaria\/","og_site_name":"International Center for Community Land Trusts","article_publisher":"https:\/\/www.facebook.com\/cltcenter","article_modified_time":"2024-10-03T20:39:01+00:00","og_image":[{"width":1434,"height":2048,"url":"https:\/\/www.cltweb.org\/wp-content\/uploads\/2024\/10\/Impactful-Development-cover.jpg","type":"image\/jpeg"}],"twitter_card":"summary_large_image","twitter_site":"@Center4CLTs","twitter_misc":{"Tiempo de lectura":"4 minutos"},"schema":{"@context":"https:\/\/schema.org","@graph":[{"@type":"WebPage","@id":"https:\/\/www.cltweb.org\/es\/terra-nostra-press\/catalogo\/desarrollo-impactante-y-capacitacion-comunitaria\/","url":"https:\/\/www.cltweb.org\/es\/terra-nostra-press\/catalogo\/desarrollo-impactante-y-capacitacion-comunitaria\/","name":"Desarrollo impactante y capacitaci\u00f3n comunitaria - International Center for Community Land Trusts","isPartOf":{"@id":"https:\/\/www.cltweb.org\/es\/#website"},"primaryImageOfPage":{"@id":"https:\/\/www.cltweb.org\/es\/terra-nostra-press\/catalogo\/desarrollo-impactante-y-capacitacion-comunitaria\/#primaryimage"},"image":{"@id":"https:\/\/www.cltweb.org\/es\/terra-nostra-press\/catalogo\/desarrollo-impactante-y-capacitacion-comunitaria\/#primaryimage"},"thumbnailUrl":"https:\/\/www.cltweb.org\/wp-content\/uploads\/2024\/10\/Impactful-Development-cover.jpg","datePublished":"2024-07-29T23:49:12+00:00","dateModified":"2024-10-03T20:39:01+00:00","breadcrumb":{"@id":"https:\/\/www.cltweb.org\/es\/terra-nostra-press\/catalogo\/desarrollo-impactante-y-capacitacion-comunitaria\/#breadcrumb"},"inLanguage":"es","potentialAction":[{"@type":"ReadAction","target":["https:\/\/www.cltweb.org\/es\/terra-nostra-press\/catalogo\/desarrollo-impactante-y-capacitacion-comunitaria\/"]}]},{"@type":"ImageObject","inLanguage":"es","@id":"https:\/\/www.cltweb.org\/es\/terra-nostra-press\/catalogo\/desarrollo-impactante-y-capacitacion-comunitaria\/#primaryimage","url":"https:\/\/www.cltweb.org\/wp-content\/uploads\/2024\/10\/Impactful-Development-cover.jpg","contentUrl":"https:\/\/www.cltweb.org\/wp-content\/uploads\/2024\/10\/Impactful-Development-cover.jpg","width":1434,"height":2048,"caption":"Cover of Impactful Development"},{"@type":"BreadcrumbList","@id":"https:\/\/www.cltweb.org\/es\/terra-nostra-press\/catalogo\/desarrollo-impactante-y-capacitacion-comunitaria\/#breadcrumb","itemListElement":[{"@type":"ListItem","position":1,"name":"Home","item":"https:\/\/www.cltweb.org\/es\/"},{"@type":"ListItem","position":2,"name":"Terra Nostra Press","item":"https:\/\/www.cltweb.org\/es\/terra-nostra-press\/"},{"@type":"ListItem","position":3,"name":"Cat\u00e1logo","item":"https:\/\/www.cltweb.org\/es\/terra-nostra-press\/catalogo\/"},{"@type":"ListItem","position":4,"name":"Desarrollo impactante y capacitaci\u00f3n comunitaria"}]},{"@type":"WebSite","@id":"https:\/\/www.cltweb.org\/es\/#website","url":"https:\/\/www.cltweb.org\/es\/","name":"International Center for Community Land Trusts","description":"","publisher":{"@id":"https:\/\/www.cltweb.org\/es\/#organization"},"potentialAction":[{"@type":"SearchAction","target":{"@type":"EntryPoint","urlTemplate":"https:\/\/www.cltweb.org\/es\/?s={search_term_string}"},"query-input":{"@type":"PropertyValueSpecification","valueRequired":true,"valueName":"search_term_string"}}],"inLanguage":"es"},{"@type":"Organization","@id":"https:\/\/www.cltweb.org\/es\/#organization","name":"International Center for Community Land Trusts","url":"https:\/\/www.cltweb.org\/es\/","logo":{"@type":"ImageObject","inLanguage":"es","@id":"https:\/\/www.cltweb.org\/es\/#\/schema\/logo\/image\/","url":"https:\/\/www.cltweb.org\/wp-content\/uploads\/2024\/11\/New-CLT-Center-Text-logo.png","contentUrl":"https:\/\/www.cltweb.org\/wp-content\/uploads\/2024\/11\/New-CLT-Center-Text-logo.png","width":227,"height":80,"caption":"International Center for Community Land Trusts"},"image":{"@id":"https:\/\/www.cltweb.org\/es\/#\/schema\/logo\/image\/"},"sameAs":["https:\/\/www.facebook.com\/cltcenter","https:\/\/x.com\/Center4CLTs","https:\/\/www.instagram.com\/cltcenter\/","https:\/\/www.linkedin.com\/company\/cltcenter","https:\/\/www.youtube.com\/@centerforcltinnovation5313"],"description":"The International Center for Community Land Trusts is a not-for-profit nongovernmental organization established in 2018 to promote and to support community land trusts and similar strategies of community-led development on community-owned land in countries throughout the world.","email":"info@communitylandtrust.net","legalName":"International Center for Community Land Trusts","foundingDate":"2018-12-01","taxID":"84-3858933","numberOfEmployees":{"@type":"QuantitativeValue","minValue":"1","maxValue":"10"}}]}},"campaignId":"","taxonomy_info":{"category":[{"value":120,"label":"Cat\u00e1logo"}]},"featured_image_src_large":["https:\/\/www.cltweb.org\/wp-content\/uploads\/2024\/10\/Impactful-Development-cover-717x1024.jpg",717,1024,true],"author_info":{"display_name":"cltredesign_0jp0l4","author_link":"https:\/\/www.cltweb.org\/es\/author\/cltredesign_0jp0l4\/"},"comment_info":0,"jetpack_sharing_enabled":true,"jetpack-related-posts":[{"id":532,"url":"https:\/\/www.cltweb.org\/terra-nostra-press\/bulk-orders\/","url_meta":{"origin":1612,"position":0},"title":"Bulk Orders","author":"cltredesign_0jp0l4","date":"30 de julio de 2024","format":false,"excerpt":"Terra Nostra Press offers a 40% discount for bulk orders of ten books or more to non-profit organizations.","rel":"","context":"En \u00abTerra Nostra Press\u00bb","block_context":{"text":"Terra Nostra Press","link":"https:\/\/www.cltweb.org\/category\/terra-nostra-press\/"},"img":{"alt_text":"","src":"","width":0,"height":0},"classes":[]},{"id":8988,"url":"https:\/\/www.cltweb.org\/resources\/agriculture\/additional-resources\/how-clts-secure-and-protect-land\/deed-restrictions\/","url_meta":{"origin":1612,"position":1},"title":"Deed Restrictions","author":"cltredesign_0jp0l4","date":"3 de febrero de 2025","format":false,"excerpt":"Deed restrictions (also known as \u201cdeed covenants\u201d or \u201crestrictive covenants\u201d) are a common tool for placing limitations on the uses of land and are frequently required by grant funders.7 Funders are motivated to monitor these restrictions in order to protect their investments, and funding recipients are motivated to comply with\u2026","rel":"","context":"En \u00abAgriculture\u00bb","block_context":{"text":"Agriculture","link":"https:\/\/www.cltweb.org\/category\/agriculture\/"},"img":{"alt_text":"","src":"","width":0,"height":0},"classes":[]},{"id":497,"url":"https:\/\/www.cltweb.org\/terra-nostra-press\/terra-nostra-press\/why-community-land-trusts\/","url_meta":{"origin":1612,"position":2},"title":"Why Community Land Trusts?","author":"cltredesign_0jp0l4","date":"29 de julio de 2024","format":false,"excerpt":"Available now worldwide, 110 pp.PAPERBACK ISBN 9781734403046 $12.50 USEBOOK ISBN 9781734403060 $5.00 US Bulk order discounts available for NGOs.\u00a0\u00a0For more information, and to place your order, go to our\u00a0Bulk Orders\u00a0page. Why Community Land Trusts:\u00a0 The Philosophy Behind an Unconventional Form of Tenure,\u00a0is the second in our monograph series, with six\u2026","rel":"","context":"En \u00abTNP Catalog\u00bb","block_context":{"text":"TNP Catalog","link":"https:\/\/www.cltweb.org\/category\/tnp-catalog\/"},"img":{"alt_text":"Book cover for Why CLTs","src":"https:\/\/i0.wp.com\/www.cltweb.org\/wp-content\/uploads\/2024\/10\/Why-CLTs-cover.jpg?resize=350%2C200&ssl=1","width":350,"height":200,"srcset":"https:\/\/i0.wp.com\/www.cltweb.org\/wp-content\/uploads\/2024\/10\/Why-CLTs-cover.jpg?resize=350%2C200&ssl=1 1x, https:\/\/i0.wp.com\/www.cltweb.org\/wp-content\/uploads\/2024\/10\/Why-CLTs-cover.jpg?resize=525%2C300&ssl=1 1.5x, https:\/\/i0.wp.com\/www.cltweb.org\/wp-content\/uploads\/2024\/10\/Why-CLTs-cover.jpg?resize=700%2C400&ssl=1 2x, https:\/\/i0.wp.com\/www.cltweb.org\/wp-content\/uploads\/2024\/10\/Why-CLTs-cover.jpg?resize=1050%2C600&ssl=1 3x, https:\/\/i0.wp.com\/www.cltweb.org\/wp-content\/uploads\/2024\/10\/Why-CLTs-cover.jpg?resize=1400%2C800&ssl=1 4x"},"classes":[]},{"id":495,"url":"https:\/\/www.cltweb.org\/terra-nostra-press\/terra-nostra-press\/the-growth-of-community-land-trusts-in-england-and-europe\/","url_meta":{"origin":1612,"position":3},"title":"The Growth of Community Land Trusts in England and Europe","author":"cltredesign_0jp0l4","date":"29 de julio de 2024","format":false,"excerpt":"Available now worldwide, 110 pp.PAPERBACK ISBN\u00a09781736275986 $14.00 US Bulk order discounts available for NGOs.\u00a0\u00a0For more information, and to place your order, go to our\u00a0Bulk Orders\u00a0page. During the past two decades, as markets have pushed the price of land and housing beyond the reach of low- and middle-income families, governments in\u2026","rel":"","context":"En \u00abTNP Catalog\u00bb","block_context":{"text":"TNP Catalog","link":"https:\/\/www.cltweb.org\/category\/tnp-catalog\/"},"img":{"alt_text":"Book Cover for Growth of CLTs in England and Europe","src":"https:\/\/i0.wp.com\/www.cltweb.org\/wp-content\/uploads\/2024\/10\/Growth-in-England-and-Europe-cover.jpg?resize=350%2C200&ssl=1","width":350,"height":200,"srcset":"https:\/\/i0.wp.com\/www.cltweb.org\/wp-content\/uploads\/2024\/10\/Growth-in-England-and-Europe-cover.jpg?resize=350%2C200&ssl=1 1x, https:\/\/i0.wp.com\/www.cltweb.org\/wp-content\/uploads\/2024\/10\/Growth-in-England-and-Europe-cover.jpg?resize=525%2C300&ssl=1 1.5x, https:\/\/i0.wp.com\/www.cltweb.org\/wp-content\/uploads\/2024\/10\/Growth-in-England-and-Europe-cover.jpg?resize=700%2C400&ssl=1 2x, https:\/\/i0.wp.com\/www.cltweb.org\/wp-content\/uploads\/2024\/10\/Growth-in-England-and-Europe-cover.jpg?resize=1050%2C600&ssl=1 3x, https:\/\/i0.wp.com\/www.cltweb.org\/wp-content\/uploads\/2024\/10\/Growth-in-England-and-Europe-cover.jpg?resize=1400%2C800&ssl=1 4x"},"classes":[]},{"id":487,"url":"https:\/\/www.cltweb.org\/terra-nostra-press\/terra-nostra-press\/reweaving-the-tapestry-of-tenure\/","url_meta":{"origin":1612,"position":4},"title":"Reweaving the Tapestry of Tenure","author":"cltredesign_0jp0l4","date":"29 de julio de 2024","format":false,"excerpt":"Available now worldwide, 250 pp.PAPERBACK ISBN 9798986177625 $19.50EBOOK ISBN 9798986177632\u00a0$9.99 US Bulk order discounts available for NGOs.\u00a0\u00a0For more information, and to place your order, go to our\u00a0Bulk Orders\u00a0page. Reweaving the Tapestry of Tenure: Eight Elders of the CLT Movement Who Championed Community Ownership of Land\u00a0is the second of our interview\u2026","rel":"","context":"En \u00abTNP Catalog\u00bb","block_context":{"text":"TNP Catalog","link":"https:\/\/www.cltweb.org\/category\/tnp-catalog\/"},"img":{"alt_text":"Book cover for Tapestry of Tenure","src":"https:\/\/i0.wp.com\/www.cltweb.org\/wp-content\/uploads\/2024\/10\/Reweaving-Tapestry-cover-e1727990535752.jpg?resize=350%2C200&ssl=1","width":350,"height":200,"srcset":"https:\/\/i0.wp.com\/www.cltweb.org\/wp-content\/uploads\/2024\/10\/Reweaving-Tapestry-cover-e1727990535752.jpg?resize=350%2C200&ssl=1 1x, https:\/\/i0.wp.com\/www.cltweb.org\/wp-content\/uploads\/2024\/10\/Reweaving-Tapestry-cover-e1727990535752.jpg?resize=525%2C300&ssl=1 1.5x, https:\/\/i0.wp.com\/www.cltweb.org\/wp-content\/uploads\/2024\/10\/Reweaving-Tapestry-cover-e1727990535752.jpg?resize=700%2C400&ssl=1 2x"},"classes":[]},{"id":501,"url":"https:\/\/www.cltweb.org\/terra-nostra-press\/terra-nostra-press\/impactful-development-and-community-empowerment\/","url_meta":{"origin":1612,"position":5},"title":"Impactful Development and Community Empowerment","author":"cltredesign_0jp0l4","date":"29 de julio de 2024","format":false,"excerpt":"Available now worldwide, 134 pp.PAPERBACK ISBN 9781734403091 $14.00 USEBOOK ISBAN 9781736275900 $5.00 US Bulk order discounts available for NGOs.\u00a0\u00a0For more information, and to place your order, go to our\u00a0Bulk Orders\u00a0page. Impactful Development and Community Empowerment: Balancing the Dual Goals of a Global CLT Movement, is the fourth in our monograph\u2026","rel":"","context":"En \u00abTNP Catalog\u00bb","block_context":{"text":"TNP Catalog","link":"https:\/\/www.cltweb.org\/category\/tnp-catalog\/"},"img":{"alt_text":"Cover of Impactful Development","src":"https:\/\/i0.wp.com\/www.cltweb.org\/wp-content\/uploads\/2024\/10\/Impactful-Development-cover.jpg?resize=350%2C200&ssl=1","width":350,"height":200,"srcset":"https:\/\/i0.wp.com\/www.cltweb.org\/wp-content\/uploads\/2024\/10\/Impactful-Development-cover.jpg?resize=350%2C200&ssl=1 1x, https:\/\/i0.wp.com\/www.cltweb.org\/wp-content\/uploads\/2024\/10\/Impactful-Development-cover.jpg?resize=525%2C300&ssl=1 1.5x, https:\/\/i0.wp.com\/www.cltweb.org\/wp-content\/uploads\/2024\/10\/Impactful-Development-cover.jpg?resize=700%2C400&ssl=1 2x, https:\/\/i0.wp.com\/www.cltweb.org\/wp-content\/uploads\/2024\/10\/Impactful-Development-cover.jpg?resize=1050%2C600&ssl=1 3x, https:\/\/i0.wp.com\/www.cltweb.org\/wp-content\/uploads\/2024\/10\/Impactful-Development-cover.jpg?resize=1400%2C800&ssl=1 4x"},"classes":[]}],"_links":{"self":[{"href":"https:\/\/www.cltweb.org\/es\/wp-json\/wp\/v2\/pages\/1612","targetHints":{"allow":["GET"]}}],"collection":[{"href":"https:\/\/www.cltweb.org\/es\/wp-json\/wp\/v2\/pages"}],"about":[{"href":"https:\/\/www.cltweb.org\/es\/wp-json\/wp\/v2\/types\/page"}],"author":[{"embeddable":true,"href":"https:\/\/www.cltweb.org\/es\/wp-json\/wp\/v2\/users\/1"}],"replies":[{"embeddable":true,"href":"https:\/\/www.cltweb.org\/es\/wp-json\/wp\/v2\/comments?post=1612"}],"version-history":[{"count":5,"href":"https:\/\/www.cltweb.org\/es\/wp-json\/wp\/v2\/pages\/1612\/revisions"}],"predecessor-version":[{"id":2547,"href":"https:\/\/www.cltweb.org\/es\/wp-json\/wp\/v2\/pages\/1612\/revisions\/2547"}],"up":[{"embeddable":true,"href":"https:\/\/www.cltweb.org\/es\/wp-json\/wp\/v2\/pages\/760"}],"wp:featuredmedia":[{"embeddable":true,"href":"https:\/\/www.cltweb.org\/es\/wp-json\/wp\/v2\/media\/2519"}],"wp:attachment":[{"href":"https:\/\/www.cltweb.org\/es\/wp-json\/wp\/v2\/media?parent=1612"}],"wp:term":[{"taxonomy":"category","embeddable":true,"href":"https:\/\/www.cltweb.org\/es\/wp-json\/wp\/v2\/categories?post=1612"},{"taxonomy":"post_tag","embeddable":true,"href":"https:\/\/www.cltweb.org\/es\/wp-json\/wp\/v2\/tags?post=1612"}],"curies":[{"name":"wp","href":"https:\/\/api.w.org\/{rel}","templated":true}]}}