{"id":1631,"date":"2024-07-29T23:47:30","date_gmt":"2024-07-29T23:47:30","guid":{"rendered":"https:\/\/www.cltweb.org\/terra-nostra-press\/catalogo\/en-terreno-comun-perspectivas-internacionales-sobre-el-patrimonio-comunitario-de-la-tierra\/"},"modified":"2025-01-02T20:49:48","modified_gmt":"2025-01-02T20:49:48","slug":"en-terreno-comun-perspectivas-internacionales-sobre-el-patrimonio-comunitario-de-la-tierra","status":"publish","type":"page","link":"https:\/\/www.cltweb.org\/es\/terra-nostra-press\/catalogo\/en-terreno-comun-perspectivas-internacionales-sobre-el-patrimonio-comunitario-de-la-tierra\/","title":{"rendered":"En terreno com\u00fan"},"content":{"rendered":"\n<div class=\"wp-block-columns is-layout-flex wp-container-core-columns-is-layout-28f84493 wp-block-columns-is-layout-flex\">\n<div class=\"wp-block-column is-layout-flow wp-block-column-is-layout-flow\" style=\"flex-basis:30%\"><style>.kb-image493_454dd2-ba .kb-image-has-overlay:after{opacity:0.3;}<\/style>\n<figure class=\"wp-block-kadence-image kb-image493_454dd2-ba size-large\"><img loading=\"lazy\" decoding=\"async\" width=\"717\" height=\"1024\" src=\"https:\/\/www.cltweb.org\/wp-content\/uploads\/2024\/10\/On-Common-Ground-Cover-717x1024.jpg\" alt=\"Portada del libro En terreno com\u00fan\" class=\"kb-img wp-image-2382\" srcset=\"https:\/\/www.cltweb.org\/wp-content\/uploads\/2024\/10\/On-Common-Ground-Cover-717x1024.jpg 717w, https:\/\/www.cltweb.org\/wp-content\/uploads\/2024\/10\/On-Common-Ground-Cover-210x300.jpg 210w, https:\/\/www.cltweb.org\/wp-content\/uploads\/2024\/10\/On-Common-Ground-Cover-768x1097.jpg 768w, https:\/\/www.cltweb.org\/wp-content\/uploads\/2024\/10\/On-Common-Ground-Cover.jpg 900w\" sizes=\"auto, (max-width: 717px) 100vw, 717px\" \/><\/figure>\n<\/div>\n\n\n\n<div class=\"wp-block-column is-layout-flow wp-block-column-is-layout-flow\" style=\"flex-basis:70%\">\n<p><strong>En terreno com\u00fan: International Perspectives <\/strong><strong>on the Community Land<\/strong> Trust es una colecci\u00f3n de veintis\u00e9is ensayos originales, escritos por cuarenta y dos acad\u00e9micos y profesionales de una docena de pa\u00edses, que trazan el crecimiento y la diversificaci\u00f3n del movimiento internacional de fideicomisos de la tierra.<\/p>\n\n\n\n<p><strong>Disponible en todo el mundo<\/strong><br\/>502 p\u00e1gs., 70 ilustraciones, \u00edndice<br\/>PAPEL ISBN 9781734403022 $27.50 US<br\/>HARDCOVER IBSN 9781734403008 $45.00 US<br\/>EBOOK ISBN 9781734403015 $15.00 US<\/p>\n\n\n\n<p><strong>Las ONG disponen de descuentos por pedidos a granel. <\/strong> Para m\u00e1s informaci\u00f3n y para hacer tu pedido, visita nuestra p\u00e1gina <a href=\"https:\/\/www.cltweb.org\/es\/terra-nostra-press\/pedidos-al-por-mayor\/\" data-type=\"page\" data-id=\"532\">Pedidos a granel<\/a>.<\/p>\n\n\n\n<ul class=\"wp-block-list\">\n<li><a href=\"https:\/\/www.indiebound.org\/book\/9781736275948\">Amazon<\/a><\/li>\n\n\n\n<li><a href=\"https:\/\/www.barnesandnoble.com\/w\/en-terreno-com-n-john-emmeus-davis\/1139703873?ean=9781736275955\">Barnes y Noble<\/a><\/li>\n\n\n\n<li><a href=\"https:\/\/blackwells.co.uk\/bookshop\/product\/En-terreno-comn-Perspectivas-internacionales-sobre-los-fideicomisos-comunitarios-de-tierras-by-Davis-John-Emmeus\/9781736275948\">Blackwell&#8217;s<\/a><\/li>\n\n\n\n<li><a href=\"https:\/\/bookshop.org\/p\/books\/on-common-ground-international-perspectives-on-the-community-land-trust-john-emmeus-davis\/14809301?ean=9781734403022\">Librer\u00eda<\/a><\/li>\n\n\n\n<li><a href=\"https:\/\/www.indiebound.org\/book\/9781736275948\">IndieBound<\/a><\/li>\n<\/ul>\n<\/div>\n<\/div>\n<style>.wp-block-kadence-spacer.kt-block-spacer-493_47ac83-ad .kt-block-spacer{height:20px;}.wp-block-kadence-spacer.kt-block-spacer-493_47ac83-ad .kt-divider{border-top-width:1px;height:1px;border-top-color:var(--theme-palette-color-4, #192a3d);width:80%;border-top-style:solid;}<\/style>\n<div class=\"wp-block-kadence-spacer aligncenter kt-block-spacer-493_47ac83-ad\"><div class=\"kt-block-spacer kt-block-spacer-halign-center\"><hr class=\"kt-divider\"\/><\/div><\/div>\n\n<p class=\"has-text-align-center\"><strong>&#8221; Los l\u00edderes visionarios, las comunidades y las organizaciones que aparecen en este libro est\u00e1n a la vanguardia de un movimiento nacional y mundial m\u00e1s amplio para recalibrar la relaci\u00f3n entre gobiernos y mercados en la pol\u00edtica de vivienda y desarrollo.&#8221;<\/strong><\/p>\n\n<p class=\"has-text-align-center\"><strong>JERRY MALDONADO, Fundaci\u00f3n Ford (del Pr\u00f3logo)<\/strong><\/p>\n<style>.wp-block-kadence-spacer.kt-block-spacer-493_763058-07 .kt-block-spacer{height:20px;}.wp-block-kadence-spacer.kt-block-spacer-493_763058-07 .kt-divider{border-top-width:1px;height:1px;border-top-color:var(--theme-palette-color-4, #192a3d);width:80%;border-top-style:solid;}<\/style>\n<div class=\"wp-block-kadence-spacer aligncenter kt-block-spacer-493_763058-07\"><div class=\"kt-block-spacer kt-block-spacer-halign-center\"><hr class=\"kt-divider\"\/><\/div><\/div>\n<style>.kt-accordion-id493_1936c5-f9 .kt-accordion-inner-wrap{column-gap:var(--global-kb-gap-md, 2rem);row-gap:8px;}.kt-accordion-id493_1936c5-f9 .kt-accordion-panel-inner{padding-top:var(--global-kb-spacing-sm, 1.5rem);padding-right:var(--global-kb-spacing-sm, 1.5rem);padding-bottom:var(--global-kb-spacing-sm, 1.5rem);padding-left:var(--global-kb-spacing-sm, 1.5rem);}.kt-accordion-id493_1936c5-f9 > .kt-accordion-inner-wrap > .wp-block-kadence-pane > .kt-accordion-header-wrap > .kt-blocks-accordion-header{font-weight:bold;padding-top:var(--global-kb-spacing-xxs, 0.5rem);padding-right:var(--global-kb-spacing-xs, 1rem);padding-bottom:var(--global-kb-spacing-xxs, 0.5rem);padding-left:var(--global-kb-spacing-xs, 1rem);}@media all and (max-width: 767px){.kt-accordion-id493_1936c5-f9 .kt-accordion-inner-wrap{display:block;}.kt-accordion-id493_1936c5-f9 .kt-accordion-inner-wrap .kt-accordion-pane:not(:first-child){margin-top:8px;}}<\/style>\n<div class=\"wp-block-kadence-accordion alignnone\"><div class=\"kt-accordion-wrap kt-accordion-id493_1936c5-f9 kt-accordion-has-8-panes kt-active-pane-0 kt-accordion-block kt-pane-header-alignment-left kt-accodion-icon-style-basic kt-accodion-icon-side-right\" style=\"max-width:none\"><div class=\"kt-accordion-inner-wrap\" data-allow-multiple-open=\"false\" data-start-open=\"none\">\n<div class=\"wp-block-kadence-pane kt-accordion-pane kt-accordion-pane-1 kt-pane493_b970fc-f6\"><div class=\"kt-accordion-header-wrap\"><button class=\"kt-blocks-accordion-header kt-acccordion-button-label-show\"><span class=\"kt-blocks-accordion-title-wrap\"><span class=\"kt-blocks-accordion-title\">Cap\u00edtulos de audio<\/span><\/span><span class=\"kt-blocks-accordion-icon-trigger\"><\/span><\/button><\/div><div class=\"kt-accordion-panel kt-accordion-panel-hidden\"><div class=\"kt-accordion-panel-inner\">\n  Ponemos a tu disposici\u00f3n versiones de audio gratuitas de cap\u00edtulos seleccionados de En Terreno Com\u00fan, narrados por los propios autores. Puedes escucharlas en l\u00ednea aqu\u00ed, o en <a href=\"https:\/\/podcasts.apple.com\/us\/podcast\/on-common-ground\/id1515354261\" target=\"_blank\" rel=\"noopener\">Apple Podcasts<\/a> y <a href=\"https:\/\/open.spotify.com\/show\/1MrfWisXv3u4d3lCa1WvcO?si=ceJHFK2zTByKbHCTZTkSYg\" target=\"_blank\" rel=\"noopener\">Spotify<\/a>.   <iframe loading=\"lazy\" src=\"https:\/\/share.transistor.fm\/e\/on-common-ground\/playlist\" width=\"90%\" height=\"390\" frameborder=\"no\" scrolling=\"no\" seamless=\"\"><\/iframe>\n<\/div><\/div><\/div>\n\n\n\n<div class=\"wp-block-kadence-pane kt-accordion-pane kt-accordion-pane-2 kt-pane493_67c035-8f\"><div class=\"kt-accordion-header-wrap\"><button class=\"kt-blocks-accordion-header kt-acccordion-button-label-show\"><span class=\"kt-blocks-accordion-title-wrap\"><span class=\"kt-blocks-accordion-title\">Descripci\u00f3n del libro<\/span><\/span><span class=\"kt-blocks-accordion-icon-trigger\"><\/span><\/button><\/div><div class=\"kt-accordion-panel kt-accordion-panel-hidden\"><div class=\"kt-accordion-panel-inner\">\n<p>Hace cincuenta a\u00f1os, los activistas afroamericanos de Albany, Georgia, extendieron su lucha pol\u00edtica por los derechos civiles al \u00e1mbito econ\u00f3mico creando New Communities Inc. Hab\u00edan llegado a la conclusi\u00f3n de que poseer tierras era esencial para garantizar una mayor independencia a su pueblo. Pero la propiedad de la tierra estaba fuera del alcance de la mayor\u00eda de los afroamericanos del Sur Profundo de la d\u00e9cada de 1960 y se perd\u00eda con demasiada facilidad si llegaban a adquirir una peque\u00f1a granja, una parcela de tierra o una casa en la ciudad. Por tanto, los visionarios fundadores de Nuevas Comunidades llegaron a la conclusi\u00f3n de que la propiedad <em>comunitaria <\/em>ser\u00eda una forma m\u00e1s segura de tenencia. Adem\u00e1s, las tierras de propiedad comunitaria podr\u00edan combinarse con la propiedad <em>individual <\/em>de las casas reci\u00e9n construidas, ofreciendo a las personas con bajos ingresos la oportunidad de convertirse en propietarios. La tierra de propiedad comunitaria tambi\u00e9n podr\u00eda proporcionar una plataforma para la organizaci\u00f3n cooperativa de diversas empresas, ofreciendo a las personas con bajos ingresos una oportunidad de prosperidad econ\u00f3mica.     <\/p>\n\n\n\n<p>Este ingenioso h\u00edbrido, que combinaba m\u00faltiples propietarios y usos bajo la atenta mirada de una organizaci\u00f3n sin \u00e1nimo de lucro controlada por la comunidad, fue el prototipo de lo que acab\u00f3 convirti\u00e9ndose, tras algunos ajustes en a\u00f1os posteriores, en el &#8220;fideicomiso de la tierra&#8221; (CLT).<\/p>\n\n\n\n<p>Actualmente hay m\u00e1s de 260 CLT en Estados Unidos y m\u00e1s de 300 en Inglaterra y Gales. Se han creado otras en Australia, B\u00e9lgica, Canad\u00e1 y Francia. Tambi\u00e9n ha aumentado el inter\u00e9s en Alemania, Irlanda, Italia, Pa\u00edses Bajos, Portugal, Escocia y Espa\u00f1a. M\u00e1s recientemente, las semillas de nuevos CLT se han esparcido tambi\u00e9n por el Sur Global, inspiradas por un CLT de alto perfil en Puerto Rico que est\u00e1 asegurando los hogares de cientos de familias que residen en asentamientos informales de San Juan. Esto ha atra\u00eddo la atenci\u00f3n de las comunidades que luchan contra la inseguridad de la tierra y la vivienda en toda Am\u00e9rica Latina y el Caribe, desde los residentes urbanos de <em>las favelas <\/em>de Brasil hasta los pueblos ind\u00edgenas de las regiones rurales, donde su uso consuetudinario y colectivo de las fincas, los bosques y las cuencas hidrogr\u00e1ficas a menudo no est\u00e1 protegido por t\u00edtulos formales. Los activistas de \u00c1frica y Asia Meridional tambi\u00e9n han tomado nota, sopesando si un CLT podr\u00eda promover un desarrollo equitativo y sostenible en sus propias comunidades.     <\/p>\n\n\n\n<p><em>En terreno com\u00fan: Perspectivas Internacionales sobre el Fideicomiso de la Tierra Comunitaria <\/em>explora el crecimiento de este movimiento mundial de CLT. Los veintis\u00e9is ensayos originales del libro, aportados por cuarenta y dos autores de una docena de pa\u00edses diferentes, abarcan cinco temas generales:   <strong>IDEAS BRILLANTES  <\/strong>estudiar las justificaciones conceptuales y pr\u00e1cticas del desarrollo dirigido por la comunidad en terrenos de propiedad comunitaria;  <strong>REDES NACIONALES  <\/strong>examinar la proliferaci\u00f3n y la polinizaci\u00f3n cruzada de los CLT en el Norte Global;  <strong>SEMILLEROS REGIONALES  <\/strong>explorar el potencial de desarrollo del CLT en el Sur Global;  <strong>APLICACIONES URBANAS  <\/strong>mostrar el \u00e9xito de CLT seleccionados en Londres, Bruselas, Boston, Burlington y Denver, un pu\u00f1ado de CLT altamente productivos que est\u00e1n proporcionando viviendas asequibles, estimulando la revitalizaci\u00f3n de los barrios y asegurando terrenos para la agricultura urbana;  <strong>PERSPECTIVAS CR\u00cdTICAS  <\/strong>reflexionar sobre el entorno cambiante al que deben adaptarse los CLT si quieren &#8220;escalar&#8221;, sin dejar de rendir cuentas a las comunidades a las que sirven.<\/p>\n<\/div><\/div><\/div>\n\n\n\n<div class=\"wp-block-kadence-pane kt-accordion-pane kt-accordion-pane-3 kt-pane493_12d58d-07\"><div class=\"kt-accordion-header-wrap\"><button class=\"kt-blocks-accordion-header kt-acccordion-button-label-show\"><span class=\"kt-blocks-accordion-title-wrap\"><span class=\"kt-blocks-accordion-title\">Descripci\u00f3n de los cap\u00edtulos<\/span><\/span><span class=\"kt-blocks-accordion-icon-trigger\"><\/span><\/button><\/div><div class=\"kt-accordion-panel kt-accordion-panel-hidden\"><div class=\"kt-accordion-panel-inner\">\n<p><strong>INTRODUCCI\u00d3N: En terreno com\u00fan<\/strong><br\/>John Emmeus Davis, Line Algoed y Mar\u00eda E. Hern\u00e1ndez-Torrales<\/p>\n\n\n\n<p>Los editores del libro explican por qu\u00e9 decidieron producir On Common Ground, qu\u00e9 contiene y c\u00f3mo esperan que se utilice el libro. Reconocen la variedad de formas en que los CLT se organizan, funcionan y aplican en todo el mundo, al tiempo que se\u00f1alan los valores y compromisos que comparten la mayor\u00eda de los profesionales y estudiosos de los CLT, incluidos los 42 colaboradores del presente volumen.<\/p>\n\n\n\n<p><strong>CAP\u00cdTULO 1: En la Tierra Confiamos: Caracter\u00edsticas clave y variaciones comunes de los fideicomisos de tierras comunitarias en EEUU<\/strong><br\/>John Emmeus Davis<\/p>\n\n\n\n<p>El panorama mundial del CLT es de una enorme diversidad, incluso en Estados Unidos, donde se concibi\u00f3 el CLT &#8220;cl\u00e1sico&#8221;. En el presente cap\u00edtulo se detallan los rasgos definitorios de propiedad, organizaci\u00f3n y funcionamiento de este modelo &#8220;cl\u00e1sico&#8221;, junto con las variaciones m\u00e1s comunes de cada uno de ellos. Tambi\u00e9n se consideran cinco &#8220;causas de variaci\u00f3n continua&#8221;.<\/p>\n\n\n\n<p><strong>CAP\u00cdTULO 2: La otrora y futura ciudad jard\u00edn<\/strong><br\/>Yves Cabannes y Philip Ross<\/p>\n\n\n\n<p>Cabannes y Ross revisan la Ciudad Jard\u00edn, propuesta originalmente por Ebenezer Howard hace m\u00e1s de 100 a\u00f1os, para preguntarse c\u00f3mo podr\u00eda materializarse su visi\u00f3n en un entorno moderno. Los fideicomisos de la tierra, argumentan, proporcionan una respuesta parcial, sirviendo de &#8220;veh\u00edculo para reunir gradualmente terrenos y poner en pr\u00e1ctica los principios de la Ciudad Jard\u00edn, ahora y no despu\u00e9s&#8221;.<\/p>\n\n\n\n<p><strong>CAP\u00cdTULO 3: Un terreno com\u00fan: La Tierra Comunitaria como Plataforma para un Desarrollo Equitativo y Sostenible<\/strong><br\/>John Emmeus Davis<\/p>\n\n\n\n<p>&#8220;Terreno com\u00fan&#8221; es una forma abreviada de describir el desarrollo comunitario de viviendas asequibles de forma permanente en terrenos de propiedad comunitaria, la estrategia empleada por los fideicomisos de la tierra comunitarios y otras ONG que operan de forma similar. Sobre una plataforma de terreno com\u00fan, argumenta John Emmeus Davis, la propiedad y el poder pueden distribuirse equitativamente y cualquier ganancia en equidad puede mantenerse de forma fiable, a pesar de las presiones pol\u00edticas y las fuerzas del mercado que, de otro modo, podr\u00edan erosionar estas ganancias. Se trata de una &#8220;reforma no reformista&#8221;, una estrategia transformadora para promover el desarrollo con justicia dentro de una comunidad basada en el lugar, y una justicia que perdure.<\/p>\n\n\n\n<p><strong>CAP\u00cdTULO 4: Argumentar a favor de los CLT en todos los mercados, incluso en los fr\u00edos<\/strong><br\/>Steve King<\/p>\n\n\n\n<p>Los argumentos que justifican los CLT tienden a centrarse en su eficacia para preservar la asequibilidad y evitar el desplazamiento en mercados inmobiliarios fuertes en los que los precios del suelo y la vivienda est\u00e1n subiendo. La mayor\u00eda de las justificaciones suelen pasar por alto las m\u00faltiples funciones que los CLT tambi\u00e9n pueden desempe\u00f1ar en la mejora de las condiciones y la capacitaci\u00f3n de los residentes all\u00ed donde los mercados inmobiliarios son d\u00e9biles. El director ejecutivo del Fideicomiso Comunitario de la Tierra de Oakland (California) se esfuerza por corregir este desequilibrio ret\u00f3rico, defendiendo la eficacia antic\u00edclica del CLT en todos los mercados, c\u00e1lidos y fr\u00edos.<\/p>\n\n\n\n<p><strong>CAP\u00cdTULO 5: Retos para el nuevo chico del barrio: la propiedad colectiva<\/strong><br\/>Liz Alden Wily<\/p>\n\n\n\n<p>En todo el mundo, casi tres mil millones de personas ocupan tierras o hacen uso de recursos basados en la tierra (por ejemplo, cuencas hidrogr\u00e1ficas, bosques, pastos) mediante sistemas formales o informales de propiedad colectiva. En funci\u00f3n del marco jur\u00eddico de cada pa\u00eds, esta propiedad se denomina de diversas formas tierra comunal, colectiva, consuetudinaria, aut\u00f3ctona, ind\u00edgena o comunitaria. Liz Alden Wily, especialista internacional en tenencia de la tierra, ofrece una visi\u00f3n general de la naturaleza y el alcance de la propiedad colectiva y explora por qu\u00e9 algunas comunidades prefieren asegurar las tierras colectivamente en lugar de mediante derechos individuales.<\/p>\n\n\n\n<p><strong>CAP\u00cdTULO 6: Del modelo al movimiento: El crecimiento de los Fideicomisos Comunitarios de Tierras en Estados Unidos<\/strong><br\/>John Emmeus Davis<\/p>\n\n\n\n<p>\u00bfC\u00f3mo creci\u00f3 un &#8220;modelo&#8221; experimental de desarrollo dirigido por la comunidad en terrenos de propiedad comunitaria desde un \u00fanico prototipo de CLT en 1969, sembrado por activistas afroamericanos en un remoto rinc\u00f3n de EEUU, hasta un &#8220;movimiento&#8221; nacional de m\u00e1s de 280 CLT en la actualidad? La respuesta se encuentra en cinco &#8220;factores de crecimiento&#8221;: mensaje, campeones, rendimiento, pol\u00edtica y vigor h\u00edbrido. Sin embargo, a pesar del aumento constante del n\u00famero de CLT y del tama\u00f1o de sus explotaciones, las caracter\u00edsticas clave del modelo y los valores fundamentales del movimiento son precarios. El futuro puede ser distinto del pasado.<\/p>\n\n\n\n<p><strong>CAP\u00cdTULO 7: Or\u00edgenes y evoluci\u00f3n de los Fondos Comunitarios de Tierras Urbanas en Canad\u00e1<\/strong><br\/>Susannah Bunce y Joshua Barndt<\/p>\n\n\n\n<p>El desarrollo de los fideicomisos de la tierra comunitarios en Canad\u00e1 se produjo a lo largo de un periodo de 40 a\u00f1os en dos fases distintas. La primera generaci\u00f3n de CLT canadienses (1980 &#8211; 2012) combin\u00f3 terrenos de propiedad comunitaria con cooperativas de viviendas de varias unidades en Toronto y Montreal o promovi\u00f3 la propiedad individual de viviendas en el oeste y centro de Canad\u00e1. M\u00e1s recientemente, ha surgido una segunda generaci\u00f3n de CLT en ciudades de todo el pa\u00eds en respuesta a la creciente crisis de vivienda asequible, adoptando la forma de iniciativas comunitarias o sectoriales. Desde 2017, los CLT m\u00e1s antiguos y m\u00e1s recientes se han unido a trav\u00e9s de la Red Canadiense de CLT.<\/p>\n\n\n\n<p><strong>CAP\u00cdTULO 8: \u00a1El desorden es bueno! Or\u00edgenes y evoluci\u00f3n del movimiento CLT en Inglaterra <\/strong><br\/>Stephen Hill, Catherine Harrington y Tom Archer<\/p>\n\n\n\n<p>A los tres autores se unen cinco comentaristas invitados para trazar la trayectoria del desarrollo de los CLT en Inglaterra, abarcando tres periodos: &#8220;or\u00edgenes del pensamiento y la pr\u00e1ctica de los CLT&#8221; (1986 &#8211; 2008); &#8220;consolidaci\u00f3n y crecimiento&#8221; (2008-2018); y &#8220;futuros potenciales para los CLT&#8221; (presente y m\u00e1s all\u00e1). En la conclusi\u00f3n del cap\u00edtulo, se aborda la pregunta: &#8220;\u00bfEn qu\u00e9 consisten realmente los CLT?&#8221;.<\/p>\n\n\n\n<p><strong>CAP\u00cdTULO 9: M\u00e1s all\u00e1 de Inglaterra: Or\u00edgenes y Evoluci\u00f3n del Movimiento de Fideicomisos de Tierras Comunitarias en Europa<\/strong><br\/>Geert De Pauw y Joaquin de Santos<\/p>\n\n\n\n<p>Desde la creaci\u00f3n del fideicomiso de la tierra comunitario de Bruselas en 2010, el inter\u00e9s por este modelo no ha dejado de crecer en toda Europa. El cap\u00edtulo hace balance de la situaci\u00f3n actual del movimiento europeo de CLT, examinando los avances en materia de CLT en B\u00e9lgica, Francia, Pa\u00edses Bajos, Alemania, Italia, Suiza, Espa\u00f1a, Portugal y Europa Central y Oriental. Aunque la atenci\u00f3n se centra en Europa, tambi\u00e9n se incluye la evoluci\u00f3n reciente en Escocia e Irlanda. El cap\u00edtulo concluye con una descripci\u00f3n de SHICC (Viviendas Sostenibles para Ciudades Inclusivas y Cohesionadas), una colaboraci\u00f3n transnacional financiada por la Uni\u00f3n Europea para impulsar el desarrollo de las CLT.<\/p>\n\n\n\n<p><strong>CAP\u00cdTULO 10: La tenencia colectiva de la tierra en Am\u00e9rica Latina y el Caribe, pasado y presente<\/strong><br\/>Pierre Arnold, Jer\u00f3nimo D\u00edaz y Line Algoed<\/p>\n\n\n\n<p>Muchos activistas de Am\u00e9rica Latina y el Caribe consideran que la tenencia colectiva de la tierra es un factor clave para proteger el territorio ind\u00edgena, promover la producci\u00f3n social del h\u00e1bitat y consolidar las comunidades urbanas. A excepci\u00f3n del Fideicomiso Comunitario de la Tierra Ca\u00f1o Mart\u00edn Pe\u00f1a, en San Juan de Puerto Rico, el modelo de CLT a\u00fan no se ha aplicado ampliamente en la regi\u00f3n, aunque existen precursores y equivalentes actuales en los ejidos de M\u00e9xico, los territorios comunales de Ecuador y en las estrategias de recuperaci\u00f3n de las tierras de los pueblos ind\u00edgenas en Bolivia, Brasil y varios pa\u00edses del Caribe. En las zonas urbanas, la propiedad cooperativa tanto de la tierra como de la vivienda y la gesti\u00f3n cooperativa de las reservas de propiedad municipal extra\u00eddas del mercado se encuentran en las Cooperativas de Vivienda por Ayuda Matua de Uruguay y en diversas luchas e iniciativas de Argentina, Brasil y Venezuela.<\/p>\n\n\n\n<p><strong>CAP\u00cdTULO 11: Sembrando el CLT en Am\u00e9rica Latina y el Caribe: Or\u00edgenes, logros y el ejemplo de prueba de concepto del Fondo Comunitario de Tierras Ca\u00f1o Mart\u00edn Pe\u00f1a<\/strong><br\/>Mar\u00eda E. Hern\u00e1ndez-Torrales, Lyvia Rodr\u00edguez Del Valle, Line Algoed y Karla Torres Sueiro<\/p>\n\n\n\n<p>El Fideicomiso de la Tierra Comunitaria Ca\u00f1o Mart\u00edn Pe\u00f1a de San Juan de Puerto Rico, ganador del Premio Mundial del H\u00e1bitat de las Naciones Unidas en 2016, se ha convertido en una fuente de inspiraci\u00f3n para activistas comunitarios de pa\u00edses de todo el Sur Global que buscan una nueva forma de regularizar la tenencia de la tierra y asegurar las viviendas de las personas que viven en asentamientos informales. Este cap\u00edtulo examina los or\u00edgenes populares y la estructura organizativa de este CLT pionero y su potencial para un uso m\u00e1s amplio en otros pa\u00edses.<\/p>\n\n\n\n<p><strong>CAP\u00cdTULO 12: Fideicomisos Comunitarios de Tierras en Asentamientos Informales: Adaptaci\u00f3n de las caracter\u00edsticas del CLT Ca\u00f1o Mart\u00edn Pe\u00f1a de Puerto Rico para abordar la inseguridad de la tierra en las favelas de R\u00edo de Janeiro, Brasil<\/strong><br\/>Tarcyla Fidalgo Ribeiro, Line Algoed, Mar\u00eda E. Hern\u00e1ndez-Torrales, Lyvia Rodr\u00edguez Del Valle, Alejandro Cott\u00e9 Morales y Theresa Williamson<\/p>\n\n\n\n<p>En los asentamientos informales de toda Am\u00e9rica Latina, especialmente en las favelas de Brasil, urge encontrar nuevas estrategias para garantizar la tenencia de la tierra. La precariedad jur\u00eddica de la tenencia de la tierra en las favelas ha permitido desalojos arbitrarios, como los que se produjeron en R\u00edo de Janeiro antes del Mundial de F\u00fatbol de 2014 y de los Juegos Ol\u00edmpicos de 2016. La informalidad de la tenencia tambi\u00e9n ha servido de excusa a los gobiernos para descuidar el desarrollo de infraestructuras locales en las favelas y la prestaci\u00f3n de servicios p\u00fablicos adecuados. En 2010, Catalytic Communities, una ONG con sede en R\u00edo de Janeiro, comenz\u00f3 a estudiar el CLT como estrategia potencial para ayudar a los residentes de las favelas a conseguir la capacidad de permanecer en hogares y barrios en los que est\u00e1n invertidos financiera y emocionalmente. Bas\u00e1ndose en la experiencia del primer CLT de Am\u00e9rica Latina, el Fideicomiso Comunitario de la Tierra Ca\u00f1o Mart\u00edn Pe\u00f1a, Catalytic Communities ha propuesto un marco legal y ha identificado las condiciones sociales en las que podr\u00eda ser factible desarrollar un CLT en asentamientos informales como las favelas.<\/p>\n\n\n\n<p><strong>CAP\u00cdTULO 13: Un Fideicomiso de Tierras de Cuencas Hidrogr\u00e1ficas en Honduras: Perfil de la Fundaci\u00f3n Eco Verde Sostenible<\/strong><br\/>Kirby White y Nola White<\/p>\n\n\n\n<p>Fundada en 2002, FECOVESCO es un fondo regional de tierras que adquiere, gestiona y protege permanentemente fuentes de agua y cuencas hidrogr\u00e1ficas de las que dependen comunidades remotas de las monta\u00f1as de Honduras. El control de esas tierras ribere\u00f1as es crucial para impedir que los propietarios ausentes re\u00fanan parcelas m\u00e1s grandes para la tala de \u00e1rboles o el pastoreo comercial de ganado, actividades que contaminan los arroyos de los que extraen el agua las personas con bajos ingresos que viven cerca. FECOVESCO funciona como fideicomiso de la tierra controlado localmente, actuando como propietario y administrador de las tierras de la cuenca, y como organizaci\u00f3n de desarrollo comunitario, construyendo y ampliando sistemas de agua y construyendo y reparando escuelas rurales remotas.<\/p>\n\n\n\n<p><strong>CAP\u00cdTULO 14: Sembrar el CLT en \u00c1frica: Lecciones de los primeros esfuerzos por establecer fideicomisos comunitarios de tierras en Kenia<\/strong><br\/>Claire Simonneau y Ellen Bassett, con Emmanuel Midheme<\/p>\n\n\n\n<p>El fideicomiso comunitario de la tierra de Tanzania-Bondeni surgi\u00f3 como reacci\u00f3n al fracaso de las respuestas pol\u00edticas anteriores que hab\u00edan intentado mejorar las condiciones de los asentamientos desatendidos desarrollados mediante la ocupaci\u00f3n no autorizada e insegura de terrenos urbanos. Tanzania-Bondeni es un asentamiento informal de 3.000 personas situado en las afueras de Voi, una ciudad secundaria de Kenia. En 1994, un proceso de planificaci\u00f3n participativa dirigido por los ancianos del asentamiento desemboc\u00f3 en la decisi\u00f3n de los antiguos residentes de formar un CLT. En este cap\u00edtulo se analiza el proceso de creaci\u00f3n del fideicomiso de la tierra de Tanzania-Bondeni. Tambi\u00e9n se consideran las repercusiones positivas de la organizaci\u00f3n, sus fallos internos y las perspectivas de un desarrollo m\u00e1s amplio del CLT en Kenia y en \u00c1frica.<\/p>\n\n\n\n<p><strong>CAP\u00cdTULO 15: Or\u00edgenes y evoluci\u00f3n del modelo CLT en Asia Meridional<\/strong><br\/>Hannah Sholder y Arif Hasan<\/p>\n\n\n\n<p>El cap\u00edtulo comienza rastreando la influencia de los movimientos Bhoodan y Gramdan de la India en el modelo CLT de Estados Unidos. A continuaci\u00f3n, Shoulder y Hasan ofrecen una visi\u00f3n general del Proyecto Piloto de Orangi (OPP) en Pakist\u00e1n, un ejemplo significativo de desarrollo dirigido por la comunidad para la mejora de las infraestructuras y la vivienda. Bas\u00e1ndose en las lecciones aprendidas tanto del movimiento Gramdan como de los programas de la OPP, concluyen examinando un esfuerzo reciente para adaptar el modelo CLT en los Campamentos Bihari de Bangladesh y sugieren que el modelo puede tener potencial para ser una herramienta \u00fatil para la regularizaci\u00f3n de la tenencia y la mejora de la vivienda en los asentamientos informales de todo el subcontinente surasi\u00e1tico.<\/p>\n\n\n\n<p><strong>CAP\u00cdTULO 16: Toma partido, hazte due\u00f1o de la tierra: Dudley Neighbors Inc., un Fondo Comunitario de Tierras en Boston, Massachusetts<\/strong><br\/>Harry Smith y Tony Hernandez<\/p>\n\n\n\n<p>El grito de guerra de una campa\u00f1a lanzada por la Iniciativa Vecinal de Dudley Street en 1989, &#8220;Toma partido, hazte con el terreno&#8221;, ten\u00eda como objetivo forzar la transferencia de 30 acres de terreno bald\u00edo y arruinado a manos de una filial de CLT creada el a\u00f1o anterior. La mitad era propiedad de la ciudad de Boston y la otra mitad de particulares o empresas. El \u00e9xito de esta campa\u00f1a de base es la pieza central de la historia que cuentan Hern\u00e1ndez y Smith al describir los esfuerzos de DSNI por construir viviendas asequibles de forma permanente, construir una aldea urbana y crear una red de nuevos CLT en toda la ciudad de Boston.<\/p>\n\n\n\n<p><strong>CAP\u00cdTULO 17: Tierras en fideicomiso para la agricultura urbana: Hacia un modelo escalable<\/strong><br\/>Nate Ela y Greg Rosenberg<\/p>\n\n\n\n<p>Los fideicomisos de la tierra comunitarios preservan la asequibilidad y protegen la seguridad de tenencia para propietarios e inquilinos, pero los CLT no s\u00f3lo se ocupan de la vivienda. Tambi\u00e9n se est\u00e1n utilizando para afrontar el reto de proporcionar y proteger terrenos para la agricultura urbana. Ela y Rosenberg citan ejemplos destacados en Estados Unidos, al tiempo que ofrecen orientaci\u00f3n sobre &#8220;ocho cuestiones estrat\u00e9gicas&#8221; que los agricultores urbanos deben tener en cuenta al buscar acceso a la tierra a largo plazo. Tambi\u00e9n debaten las funciones que podr\u00eda desempe\u00f1ar un &#8220;servidor central&#8221; en la obtenci\u00f3n de terrenos agr\u00edcolas y la prestaci\u00f3n de servicios a los cultivadores individuales y a las organizaciones vecinales de toda un \u00e1rea metropolitana.<\/p>\n\n\n\n<p><strong>CAP\u00cdTULO 18: Las mejores cosas de la vida son perpetuamente asequibles: Perfil de Champlain Housing Trust, Burlington, Vermont<\/strong><br\/>Brenda M. Torpy<\/p>\n\n\n\n<p>En 1984, la administraci\u00f3n del alcalde Bernie Sanders ayud\u00f3 a crear el Fideicomiso Comunitario de la Tierra de Burlington, el primer CLT de iniciativa y apoyo municipal de Estados Unidos. Conocido ahora como Champlain Housing Trust (CHT), se ha convertido en el mayor CLT del pa\u00eds, con una cartera inmobiliaria de m\u00e1s de 3.000 unidades de vivienda asequible permanente y m\u00e1s de 160.000 pies cuadrados de espacio no residencial, repartidos por un \u00e1rea de servicio de tres condados. La historia de la CHT la cuenta su presidenta fundadora, Brenda Torpy, que m\u00e1s tarde se convirti\u00f3 en la directora ejecutiva de la organizaci\u00f3n que m\u00e1s tiempo ha estado en el cargo.<\/p>\n\n\n\n<p><strong>CAP\u00cdTULO 19: Administraci\u00f3n de bienes inmuebles urbanos en beneficio de la comunidad a largo plazo: perfil de Urban Land Conservancy en Denver, Colorado<\/strong><br\/>Alan Gottlieb y Aaron Miripol<\/p>\n\n\n\n<p>Creada en 2003 con un \u00e1rea de servicio que abarca toda una zona metropolitana, Urban Land Conservancy se ha convertido en un actor importante en la escena inmobiliaria de Denver. Una parte integral de su \u00e9xito se debe a la adopci\u00f3n por parte de la organizaci\u00f3n de caracter\u00edsticas clave de las CLT, como la propiedad permanente de los terrenos, el arrendamiento del suelo a largo plazo y la asequibilidad permanente de las viviendas y otros edificios situados en sus terrenos. M\u00e1s que la mayor\u00eda de las CLT de EE.UU. y de otros pa\u00edses, ULC ha aprovechado la versatilidad del modelo para ir m\u00e1s all\u00e1 de la propiedad de la vivienda, y m\u00e1s all\u00e1 de la vivienda. La ULC ha apoyado el desarrollo de m\u00e1s de 1000 unidades de viviendas multifamiliares de alquiler, al tiempo que ha ayudado a desarrollar 700.000 pies cuadrados de espacio no residencial para socios sin \u00e1nimo de lucro. Recientemente ha incubado la Elevation CLT, una nueva organizaci\u00f3n que (a diferencia de la ULC) se centrar\u00e1 en el desarrollo y la administraci\u00f3n de viviendas ocupadas por sus propietarios y restringidas a la reventa.    <\/p>\n\n\n\n<p><strong>CAP\u00cdTULO 20: Fondo Comunitario de Tierras de Londres: Una historia de personas, poder y perseverancia<\/strong><br\/>Dave Smith<\/p>\n\n\n\n<p>El director ejecutivo fundador del mayor fideicomiso de la tierra del Reino Unido describe el proceso y la pol\u00edtica que subyacen a la creaci\u00f3n del London Community Land Trust. En el centro de esta historia se encuentra una campa\u00f1a de 10 a\u00f1os llevada a cabo por el LCLT para adquirir y convertir un antiguo hospital del NHS en viviendas asequibles. Bas\u00e1ndose en esta experiencia, que finalmente fue un \u00e9xito, ofrece tres lecciones que son &#8220;relevantes para el movimiento CLT en todo el mundo&#8221;.<\/p>\n\n\n\n<p><strong>Cap\u00edtulo 21: De grupo de presi\u00f3n a socio del gobierno: La historia del Fondo Comunitario de Tierras de<\/strong> Bruselas<br\/>Geert De Pauw y Nele Aernouts<\/p>\n\n\n\n<p>En 2013, activistas de base por la vivienda crearon en Bruselas el primer fideicomiso de la tierra de Europa, con ayuda econ\u00f3mica de su gobierno regional. Geert De Pauw, organizador y coordinador del CLT de Bruselas, y Nele Aernouts, investigadora y profesora de la Universidad Libre, describen el proceso de puesta en marcha de este CLT urbano y de realizaci\u00f3n de sus primeros proyectos. Tambi\u00e9n se debaten las perspectivas y planes de crecimiento futuro del CLT.<\/p>\n\n\n\n<p><strong>CAP\u00cdTULO 22: La carga de la paciencia en una larga marcha hacia la justicia racial<\/strong><br\/>Tony Pickett<\/p>\n\n\n\n<p>Los activistas afroamericanos que crearon el CLT moderno pretend\u00edan que fuera una plataforma para aumentar la prosperidad y el poder de la gente de color. Se han hecho progresos, pero queda mucho por hacer. Se trata de un momento hist\u00f3rico en la marcha hacia la justicia racial, argumenta el director ejecutivo de la Red de Soluciones Fundamentadas, que exige un autoexamen entre los CLT de Estados Unidos -y de cualquier otro lugar-. Los CLT deben hacer un mejor trabajo, en particular, para llegar a escala y dar cabida a la pr\u00f3xima generaci\u00f3n de expertos y l\u00edderes de CLT, que deben ser &#8220;colectivamente diversos e intencionadamente representativos de las comunidades a las que sirven&#8221;.<\/p>\n\n\n\n<p><strong>CAP\u00cdTULO 23: Una reflexi\u00f3n sobre la bio\u00e9tica de las comunidades de bienes<\/strong><br\/>Mar\u00eda E. Hern\u00e1ndez-Torrales<\/p>\n\n\n\n<p>En los \u00faltimos cincuenta a\u00f1os, la bio\u00e9tica se ha convertido en uno de los campos m\u00e1s desarrollados del estudio de la \u00e9tica aplicada. Mar\u00eda E. Hern\u00e1ndez-Torrales aplica los principios generales del an\u00e1lisis bio\u00e9tico para defender el derecho a la vivienda. A continuaci\u00f3n, aplica los mismos principios para argumentar que el CLT es un &#8220;modelo \u00e9tico&#8221; en la medida en que garantiza una vivienda segura, digna y asequible para las personas, aun teniendo en cuenta las necesidades medioambientales, culturales y sociales de la comunidad en general.<\/p>\n\n\n\n<p><strong>CAP\u00cdTULO 24: Control comunitario de la tierra: Pensar m\u00e1s all\u00e1 del Fondo Comunitario de Tierras Gen\u00e9rico<\/strong><br\/>Olivia R. Williams<\/p>\n\n\n\n<p>A medida que el modelo CLT ha ido creciendo y proliferando en Estados Unidos, se ha desviado de su prop\u00f3sito original, seg\u00fan Olivia Williams. En lugar de ser un mecanismo para la toma de decisiones colectiva y el control a largo plazo de los pobres, la clase trabajadora y los marginados sobre el desarrollo de la tierra, el modelo se percibe y promueve cada vez m\u00e1s principalmente como una estrategia econ\u00f3micamente eficiente para producir viviendas asequibles. \u00bfC\u00f3mo ha ocurrido? \u00bfY qu\u00e9 se puede hacer ahora para que los CLT vuelvan a ser un movimiento por el control comunitario de la tierra y la vivienda, que rinda cuentas a &#8220;los que est\u00e1n en primera l\u00ednea de las luchas populares&#8221;?<\/p>\n\n\n\n<p><strong>CAP\u00cdTULO 25: Preservar la generatividad urbana: El papel de los espacios porosos en los proyectos de CLT<\/strong><br\/>Verena Lenna<\/p>\n\n\n\n<p>La arquitecta y urbanista Verena Lenna teoriza sobre las condiciones necesarias para promover y preservar los bienes comunes urbanos. En su an\u00e1lisis, la riqueza com\u00fan de las ciudades depende de la posibilidad de interacciones espont\u00e1neas entre individuos y comunidades, que les permiten desarrollar reciprocidades, reaccionar ante condiciones opresivas y combinar recursos y conocimientos de formas novedosas, generando soluciones innovadoras a problemas emergentes. Bas\u00e1ndose en el ejemplo concreto de Le Nid (&#8220;el nido&#8221;), uno de los primeros proyectos residenciales desarrollados por el CLT de Bruselas, sostiene que los fideicomisos de la tierra funcionan como &#8220;laboratorios de generatividad urbana&#8221;. Proporcionan espacios porosos en los que interact\u00faan diversas colectividades. En ellos se vierten experimentos de gobernanza, nuevas formas de reciprocidad y colaboraci\u00f3n, e innovaciones institucionales que abordan diversos problemas, en beneficio de la ciudad en su conjunto.<\/p>\n\n\n\n<p><strong>CAP\u00cdTULO 26: Juntos mejor: La complejidad desafiante y transformadora de la comunidad, la tierra y el fideicomiso<\/strong><br\/>John Emmeus Davis<\/p>\n\n\n\n<p>Un fideicomiso de la tierra es un veh\u00edculo con muchas piezas m\u00f3viles, un ingenioso ensamblaje de m\u00faltiples ajustes en la forma en que se posee la tierra, se gestionan las viviendas y se organiza una promotora sin \u00e1nimo de lucro. Por separado, cada innovaci\u00f3n supone una mejora respecto a la forma en que se realiza normalmente el desarrollo comunitario. Pero est\u00e1n mejor juntos. M\u00e1s que la reinvenci\u00f3n de la propiedad, el funcionamiento y la organizaci\u00f3n, es su combinaci\u00f3n lo que confiere a un CLT la vitalidad, la resistencia y el poder de transformar una comunidad basada en un lugar.<\/p>\n<\/div><\/div><\/div>\n\n\n\n<div class=\"wp-block-kadence-pane kt-accordion-pane kt-accordion-pane-4 kt-pane493_34681d-60\"><div class=\"kt-accordion-header-wrap\"><button class=\"kt-blocks-accordion-header kt-acccordion-button-label-show\"><span class=\"kt-blocks-accordion-title-wrap\"><span class=\"kt-blocks-accordion-title\">Colaboradores<\/span><\/span><span class=\"kt-blocks-accordion-icon-trigger\"><\/span><\/button><\/div><div class=\"kt-accordion-panel kt-accordion-panel-hidden\"><div class=\"kt-accordion-panel-inner\">\n<div class=\"wp-block-columns is-layout-flex wp-container-core-columns-is-layout-28f84493 wp-block-columns-is-layout-flex\">\n<div class=\"wp-block-column is-layout-flow wp-block-column-is-layout-flow\">\n<p>Nele Aernouts<br\/>Line Algoed (coeditora)<br\/>Tom Archer<br\/>Pierre Arnold<br\/>Joshua Barndt<br\/>Ellen Bassett<br\/>Susannah Bunce<br\/>Yves Cabannes<br\/>John Emmeus Davis (coeditor)<br\/>Lyvia Rodr\u00edguez Del Valle<br\/>Geert De Pauw<br\/>Joaqu\u00edn de Santos<br\/>Jer\u00f3nimo D\u00edaz<br\/>Nate Ela<br\/>Alan Gottlieb<br\/>Catherine Harrington<br\/>Arif Hasan<br\/>Mar\u00eda E. Hern\u00e1ndez-Torrales (coeditora)<br\/>Tony Hern\u00e1ndez<br\/>Stephen Hill<br\/>David Irlanda<\/p>\n<\/div>\n\n\n\n<div class=\"wp-block-column is-layout-flow wp-block-column-is-layout-flow\">\n<p>Steve King<br\/>Verena Lenna<br\/>Jerry Maldonado<br\/>Emmanuel Midheme<br\/>Aaron Miripol<br\/>Tony Pickett<br\/>Tarcyla Fidalgo Ribeiro<br\/>Greg Rosenberg<br\/>Philip Ross<br\/>Hannah Sholder<br\/>Claire Simonneau<br\/>Dave Smith<br\/>Harry Smith<br\/>Karla Torres Sueiro<br\/>Brenda Torpy<br\/>Kirby White<br\/>Nola White<br\/>Olivia R. Williams<br\/>Theresa Williamson<br\/>Liz Alden Wily<\/p>\n<\/div>\n<\/div>\n<\/div><\/div><\/div>\n\n\n\n<div class=\"wp-block-kadence-pane kt-accordion-pane kt-accordion-pane-5 kt-pane493_a96b42-b6\"><div class=\"kt-accordion-header-wrap\"><button class=\"kt-blocks-accordion-header kt-acccordion-button-label-show\"><span class=\"kt-blocks-accordion-title-wrap\"><span class=\"kt-blocks-accordion-title\">Biograf\u00edas de los editores<\/span><\/span><span class=\"kt-blocks-accordion-icon-trigger\"><\/span><\/button><\/div><div class=\"kt-accordion-panel kt-accordion-panel-hidden\"><div class=\"kt-accordion-panel-inner\">\n<p><strong>Line Algoed<\/strong> es investigadora de doctorado en Cosmopolis, Centro de Investigaci\u00f3n Urbana de la Universidad Libre de Bruselas, e investigadora en el Instituto Internacional de Estudios Sociales de La Haya. Trabaja con el CLT Ca\u00f1o Mart\u00edn Pe\u00f1a de Puerto Rico en intercambios internacionales entre comunidades implicadas en luchas por la tierra. Tambi\u00e9n es Asociada del Centro de Innovaci\u00f3n CLT. Anteriormente, Line fue Directora del Programa de Premios H\u00e1bitat Mundial en BSHF (ahora H\u00e1bitat Mundial). Es licenciada en Antropolog\u00eda Cultural por la Universidad de Leiden y en Sociolog\u00eda por la London School of Economics.    <\/p>\n\n\n\n<p><strong>John Emmeus Davis<\/strong> es socio fundador de Burlington Associates in Community Development, una cooperativa nacional de consultor\u00eda de EEUU. Tiene un m\u00e1ster y un doctorado por la Universidad de Cornell y ha ense\u00f1ado pol\u00edtica de vivienda y planificaci\u00f3n de barrios en el New Hampshire College, la Universidad de Vermont y el Instituto Tecnol\u00f3gico de Massachusetts. Durante diez a\u00f1os fue director de vivienda de la ciudad de Burlington, Vermont, bajo los alcaldes Bernie Sanders y Peter Clavelle. Los fideicomisos de la tierra han ocupado un lugar destacado en su pr\u00e1ctica profesional y en sus escritos acad\u00e9micos durante 40 a\u00f1os. Adem\u00e1s de publicar varios libros y art\u00edculos sobre los CLT, fue coproductor del documental Arco de Justicia. Es codirector del Centro para la Innovaci\u00f3n en CLT. (V\u00e9ase tambi\u00e9n: <a href=\"https:\/\/en.wikipedia.org\/wiki\/John_Emmeus_Davis\" target=\"_blank\" rel=\"noreferrer noopener\">https:\/\/en.wikipedia.org\/wiki\/John_Emmeus_Davis)<\/a>      <\/p>\n\n\n\n<p><strong>Mar\u00eda E. Hern\u00e1ndez-Torrales<\/strong> posee un m\u00e1ster en Derecho Medioambiental por la Vermont Law School y un m\u00e1ster en Educaci\u00f3n Empresarial por la Universidad de Nueva York. Estudi\u00f3 la licenciatura y el doctorado en Derecho en la Universidad de Puerto Rico. Desde 2005 realiza trabajos jur\u00eddicos pro bono para el Proyecto ENLACE y para el Fideicomiso de la Tierra del Ca\u00f1o Mart\u00edn Pe\u00f1a. Desde 2008, Hern\u00e1ndez-Torrales trabaja como abogada y profesora cl\u00ednica en la Facultad de Derecho de la Universidad de Puerto Rico, donde imparte la Cl\u00ednica de Desarrollo Econ\u00f3mico Comunitario.   <\/p>\n<\/div><\/div><\/div>\n\n\n\n<div class=\"wp-block-kadence-pane kt-accordion-pane kt-accordion-pane-6 kt-pane493_7d850a-66\"><div class=\"kt-accordion-header-wrap\"><button class=\"kt-blocks-accordion-header kt-acccordion-button-label-show\"><span class=\"kt-blocks-accordion-title-wrap\"><span class=\"kt-blocks-accordion-title\">Temas destacados<\/span><\/span><span class=\"kt-blocks-accordion-icon-trigger\"><\/span><\/button><\/div><div class=\"kt-accordion-panel kt-accordion-panel-hidden\"><div class=\"kt-accordion-panel-inner\">\n<p><strong>I. IDEAS BRILLANTES.<\/strong>  Examinar el variado panorama de estructuras, estrategias y justificaciones del fideicomiso de la tierra.<\/p>\n\n\n\n<ul class=\"wp-block-list\">\n<li>La otrora y futura Ciudad Jard\u00edn<\/li>\n\n\n\n<li>Caracter\u00edsticas y variaciones del &#8220;CLT cl\u00e1sico&#8221;<\/li>\n\n\n\n<li>CLT en mercados fr\u00edos<\/li>\n\n\n\n<li>Desaf\u00edos para la propiedad colectiva<\/li>\n\n\n\n<li>Tierras de propiedad comunitaria: una plataforma para el desarrollo equitativo y sostenible<\/li>\n<\/ul>\n\n\n\n<p><strong>II. REDES NACIONALES. <\/strong>  Examinar la proliferaci\u00f3n y la polinizaci\u00f3n cruzada de los CLT en el Norte Global.<\/p>\n\n\n\n<ul class=\"wp-block-list\">\n<li>Crecimiento de los CLT en Estados Unidos<\/li>\n\n\n\n<li>Evoluci\u00f3n del movimiento CLT en Inglaterra<\/li>\n\n\n\n<li>Crecimiento de los CLT urbanos en Canad\u00e1<\/li>\n\n\n\n<li>Evoluci\u00f3n del movimiento CLT en Europa<\/li>\n<\/ul>\n\n\n\n<p><strong>III. SEMILLEROS REGIONALES<\/strong>. Exploring the potential for CLT development in the Global South. <\/p>\n\n\n\n<ul class=\"wp-block-list\">\n<li>La propiedad colectiva de la tierra en Am\u00e9rica Latina y el Caribe<\/li>\n\n\n\n<li>Regularizar la tenencia en las favelas de Brasil y en otros asentamientos informales<\/li>\n\n\n\n<li>CLT Ca\u00f1o Mart\u00edn Pe\u00f1a en Puerto Rico<\/li>\n\n\n\n<li>Un fideicomiso de tierras de cuencas hidrogr\u00e1ficas en Honduras<\/li>\n\n\n\n<li>Lecciones de las iniciativas de CLT en Kenia<\/li>\n\n\n\n<li>Evoluci\u00f3n del CLT en el sur de Asia<\/li>\n<\/ul>\n\n\n\n<p><strong>IV. APLICACIONES URBANAS. <\/strong>  Mostrar los proyectos y el rendimiento de los CLT en ciudades seleccionadas.<\/p>\n\n\n\n<ul class=\"wp-block-list\">\n<li>Fondo Comunitario de Tierras de Londres<\/li>\n\n\n\n<li>Fundaci\u00f3n Comunitaria de la Tierra de Bruselas<\/li>\n\n\n\n<li>Iniciativa Vecinal de la Calle Dudley<\/li>\n\n\n\n<li>Conservaci\u00f3n del Suelo Urbano de Denver<\/li>\n\n\n\n<li>Fondo de Vivienda de Champlain<\/li>\n\n\n\n<li>Tierras en fideicomiso para la agricultura urbana<\/li>\n<\/ul>\n\n\n\n<p><strong>V. PERSPECTIVAS CR\u00cdTICAS.<\/strong>  Reflexionar sobre el entorno cambiante al que deben adaptarse los CLT si quieren &#8220;escalar&#8221;, sin dejar de ser responsables ante sus comunidades.<\/p>\n\n\n\n<ul class=\"wp-block-list\">\n<li>La larga marcha hacia la justicia racial<\/li>\n\n\n\n<li>La bio\u00e9tica y el CLT<\/li>\n\n\n\n<li>Preservar la generatividad urbana<\/li>\n\n\n\n<li>Pensar m\u00e1s all\u00e1 del CLT gen\u00e9rico<\/li>\n\n\n\n<li>La complejidad desafiante y transformadora<\/li>\n<\/ul>\n<\/div><\/div><\/div>\n\n\n\n<div class=\"wp-block-kadence-pane kt-accordion-pane kt-accordion-pane-7 kt-pane493_64f8e5-cc\"><div class=\"kt-accordion-header-wrap\"><button class=\"kt-blocks-accordion-header kt-acccordion-button-label-show\"><span class=\"kt-blocks-accordion-title-wrap\"><span class=\"kt-blocks-accordion-title\">Material de marketing<\/span><\/span><span class=\"kt-blocks-accordion-icon-trigger\"><\/span><\/button><\/div><div class=\"kt-accordion-panel kt-accordion-panel-hidden\"><div class=\"kt-accordion-panel-inner\">\n<p><a href=\"https:\/\/www.cltweb.org\/wp-content\/uploads\/2024\/10\/On-Common-Ground-Brochure-061020.pdf\" data-type=\"attachment\" data-id=\"2413\">Folleto de marketing<\/a><\/p>\n<\/div><\/div><\/div>\n\n\n\n<div class=\"wp-block-kadence-pane kt-accordion-pane kt-accordion-pane-8 kt-pane493_8899aa-36\"><div class=\"kt-accordion-header-wrap\"><button class=\"kt-blocks-accordion-header kt-acccordion-button-label-show\"><span class=\"kt-blocks-accordion-title-wrap\"><span class=\"kt-blocks-accordion-title\">\u00cdndice<\/span><\/span><span class=\"kt-blocks-accordion-icon-trigger\"><\/span><\/button><\/div><div class=\"kt-accordion-panel kt-accordion-panel-hidden\"><div class=\"kt-accordion-panel-inner\">\n<p><strong>Cifras<\/strong><\/p>\n\n\n\n<p><strong>Pr\u00f3logo:<\/strong> Jerry Maldonado, Fundaci\u00f3n Ford; David Ireland, World Habitat<\/p>\n\n\n\n<p><strong>Introducci\u00f3n:<\/strong> En terreno com\u00fan<\/p>\n\n\n\n<p><strong>Primera Parte. Ideas brillantes: Sondeando el Diverso Paisaje de los Puntos en Com\u00fan: Estructuras, Estrategias y Justificaciones<br\/>1. <\/strong>  En la Tierra Confiamos: Caracter\u00edsticas clave y variaciones comunes de los fideicomisos de la tierra en EEUU <strong>2.<\/strong> La ciudad jard\u00edn del pasado y del futuro<strong> 3<\/strong>. El terreno com\u00fan: El Suelo Comunitario como Plataforma para un Desarrollo Equitativo y Sostenible <strong>4.<\/strong> Argumentar a favor de las CLT en todos los mercados, incluso en los fr\u00edos <strong>5<\/strong>. Desaf\u00edos para el nuevo chico del barrio: la propiedad colectiva  <\/p>\n\n\n\n<p><strong>Segunda parte. Redes Nacionales: Examen de la Proliferaci\u00f3n y la Polinizaci\u00f3n Cruzada de los CLT en el Norte Global <\/strong><br\/><strong>6.<\/strong> Del modelo al movimiento: El crecimiento de los fideicomisos comunitarios de la tierra en Estados Unidos <strong>7.<\/strong> Or\u00edgenes y evoluci\u00f3n de los fideicomisos comunitarios de la tierra en Canad\u00e1 <strong>8.<\/strong> \u00a1Lo desordenado es bueno! Or\u00edgenes y Evoluci\u00f3n del Movimiento de CLT en Inglaterra <strong>9.<\/strong> M\u00e1s all\u00e1 de Inglaterra: Or\u00edgenes y evoluci\u00f3n del movimiento de fideicomisos comunitarios de la tierra en Europa <\/p>\n\n\n\n<p><strong>Tercera parte. Semilleros Regionales: Explorando el Potencial de Crecimiento del CLT en el Sur Global <\/strong><br\/><strong>10.<\/strong> La Tenencia Colectiva de la Tierra en Am\u00e9rica Latina y el Caribe, Pasado y Presente <strong>11. <\/strong>Sembrando el CLT en Am\u00e9rica Latina y el Caribe: Or\u00edgenes, Logros y el Ejemplo de Prueba de Concepto del Fideicomiso de la Tierra Comunitaria de Ca\u00f1o Mart\u00edn Pe\u00f1a <strong>12.<\/strong> 12. Fideicomisos de la tierra comunitarios en asentamientos informales: Adaptaci\u00f3n de las caracter\u00edsticas del CLT Ca\u00f1o Mart\u00edn Pe\u00f1a de Puerto Rico para hacer frente a la inseguridad de la tierra en las favelas de R\u00edo de Janeiro, Brasil <strong>13.<\/strong> Un Fideicomiso de Tierras de Cuencas Hidrogr\u00e1ficas en Honduras <strong>.<\/strong> Un Fideicomiso de Tierras de Cuencas Hidrogr\u00e1ficas en Honduras: Perfil de la Fundaci\u00f3n Eco Verde Sostenible <strong>14.<\/strong> 14. Sembrar el CLT en \u00c1frica: Lecciones de los Primeros Esfuerzos para Establecer Fideicomisos Comunitarios de la Tierra en Kenia <strong>15.<\/strong> Or\u00edgenes y evoluci\u00f3n del modelo de CLT en el sur de Asia     <\/p>\n\n\n\n<p><strong>Cuarta parte. Aplicaciones Urbanas: Medici\u00f3n del Progreso de los CLT de Alto Rendimiento en Ciudades Seleccionadas<br\/>16. <\/strong>  Toma partido, hazte due\u00f1o de la tierra: Dudley Neighbors Inc., un fideicomiso de la tierra en Boston, Massachusetts <strong>17.<\/strong> Tierras en fideicomiso para la agricultura urbana: Hacia un modelo escalable <strong>18<\/strong>. Las mejores cosas de la vida son siempre asequibles: Perfil del Fideicomiso de Vivienda Champlain, Burlington, Vermont <strong>19.<\/strong> <strong>19<\/strong>. Administraci\u00f3n de bienes inmuebles urbanos en beneficio de la comunidad a largo plazo: perfil de la Urban Land Conservancy de Denver, Colorado <strong>.<\/strong> Fideicomiso de la Tierra de la Comunidad de Londres: Una Historia de Personas, Poder y Perseverancia <strong>21.<\/strong> 21. De grupo de presi\u00f3n a socio gubernamental: La historia del fideicomiso de la tierra de Bruselas <\/p>\n\n\n\n<p><strong>Quinta parte. Perspectivas cr\u00edticas: Afrontar los retos de un entorno cambiante <\/strong><br\/><strong>22.<\/strong> La carga de la paciencia en una larga marcha hacia la justicia racial <strong>23.<\/strong> Una Reflexi\u00f3n sobre la Bio\u00e9tica de los Fideicomisos Comunitarios de Tierras <strong>24.<\/strong> El Control Comunitario de la Tierra: Pensar m\u00e1s all\u00e1 del Fondo Comunitario de Tierras gen\u00e9rico <strong>25.<\/strong> 25. Preservar la Generatividad Urbana: El Papel de los Espacios Porosos en los Proyectos de CLT <strong>26.<\/strong> 26. Juntos Mejor: La Complejidad Desafiante y Transformadora de la Comunidad, la Tierra y la Confianza<\/p>\n\n\n\n<p><strong>Colaboradores<\/strong><\/p>\n\n\n\n<p><strong>\u00cdndice<\/strong><\/p>\n<\/div><\/div><\/div>\n<\/div><\/div><\/div>\n\n<p><\/p>\n","protected":false},"excerpt":{"rendered":"<p>En terreno com\u00fan: International Perspectives on the Community Land Trust es una colecci\u00f3n de veintis\u00e9is ensayos originales, escritos por cuarenta y dos acad\u00e9micos y profesionales de una docena de pa\u00edses, [&hellip;]<\/p>\n","protected":false},"author":1,"featured_media":721,"parent":760,"menu_order":0,"comment_status":"closed","ping_status":"closed","template":"","meta":{"give_campaign_id":0,"_tec_requires_first_save":true,"_kad_blocks_custom_css":"","_kad_blocks_head_custom_js":"","_kad_blocks_body_custom_js":"","_kad_blocks_footer_custom_js":"","_EventAllDay":false,"_EventTimezone":"","_EventStartDate":"","_EventEndDate":"","_EventStartDateUTC":"","_EventEndDateUTC":"","_EventShowMap":false,"_EventShowMapLink":false,"_EventURL":"","_EventCost":"","_EventCostDescription":"","_EventCurrencySymbol":"","_EventCurrencyCode":"","_EventCurrencyPosition":"","_EventDateTimeSeparator":"","_EventTimeRangeSeparator":"","_EventOrganizerID":[],"_EventVenueID":[],"_OrganizerEmail":"","_OrganizerPhone":"","_OrganizerWebsite":"","_VenueAddress":"","_VenueCity":"","_VenueCountry":"","_VenueProvince":"","_VenueState":"","_VenueZip":"","_VenuePhone":"","_VenueURL":"","_VenueStateProvince":"","_VenueLat":"","_VenueLng":"","_VenueShowMap":false,"_VenueShowMapLink":false,"_tribe_blocks_recurrence_rules":"","_tribe_blocks_recurrence_description":"","_tribe_blocks_recurrence_exclusions":"","footnotes":""},"categories":[120],"tags":[],"class_list":["post-1631","page","type-page","status-publish","has-post-thumbnail","hentry","category-catalogo-es"],"blocksy_meta":[],"yoast_head":"<!-- This site is optimized with the Yoast SEO Premium plugin v27.5 (Yoast SEO v27.5) - https:\/\/yoast.com\/product\/yoast-seo-premium-wordpress\/ -->\n<title>En terreno com\u00fan - International Center for Community Land Trusts<\/title>\n<meta name=\"robots\" content=\"index, follow, max-snippet:-1, max-image-preview:large, max-video-preview:-1\" \/>\n<link rel=\"canonical\" href=\"https:\/\/www.cltweb.org\/es\/terra-nostra-press\/catalogo\/en-terreno-comun-perspectivas-internacionales-sobre-el-patrimonio-comunitario-de-la-tierra\/\" \/>\n<meta property=\"og:locale\" content=\"es_ES\" \/>\n<meta property=\"og:type\" content=\"article\" \/>\n<meta property=\"og:title\" content=\"En terreno com\u00fan\" \/>\n<meta property=\"og:description\" content=\"En terreno com\u00fan: International Perspectives on the Community Land Trust es una colecci\u00f3n de veintis\u00e9is ensayos originales, escritos por cuarenta y dos acad\u00e9micos y profesionales de una docena de pa\u00edses, [&hellip;]\" \/>\n<meta property=\"og:url\" content=\"https:\/\/www.cltweb.org\/es\/terra-nostra-press\/catalogo\/en-terreno-comun-perspectivas-internacionales-sobre-el-patrimonio-comunitario-de-la-tierra\/\" \/>\n<meta property=\"og:site_name\" content=\"International Center for Community Land Trusts\" \/>\n<meta property=\"article:publisher\" content=\"https:\/\/www.facebook.com\/cltcenter\" \/>\n<meta property=\"article:modified_time\" content=\"2025-01-02T20:49:48+00:00\" \/>\n<meta property=\"og:image\" content=\"https:\/\/www.cltweb.org\/wp-content\/uploads\/2024\/08\/On_Common_Ground_cover-scaled.jpg\" \/>\n\t<meta property=\"og:image:width\" content=\"1803\" \/>\n\t<meta property=\"og:image:height\" content=\"2560\" \/>\n\t<meta property=\"og:image:type\" content=\"image\/jpeg\" \/>\n<meta name=\"twitter:card\" content=\"summary_large_image\" \/>\n<meta name=\"twitter:site\" content=\"@Center4CLTs\" \/>\n<meta name=\"twitter:label1\" content=\"Tiempo de lectura\" \/>\n\t<meta name=\"twitter:data1\" content=\"29 minutos\" \/>\n<script type=\"application\/ld+json\" class=\"yoast-schema-graph\">{\"@context\":\"https:\\\/\\\/schema.org\",\"@graph\":[{\"@type\":\"WebPage\",\"@id\":\"https:\\\/\\\/www.cltweb.org\\\/es\\\/terra-nostra-press\\\/catalogo\\\/en-terreno-comun-perspectivas-internacionales-sobre-el-patrimonio-comunitario-de-la-tierra\\\/\",\"url\":\"https:\\\/\\\/www.cltweb.org\\\/es\\\/terra-nostra-press\\\/catalogo\\\/en-terreno-comun-perspectivas-internacionales-sobre-el-patrimonio-comunitario-de-la-tierra\\\/\",\"name\":\"En terreno com\u00fan - International Center for Community Land Trusts\",\"isPartOf\":{\"@id\":\"https:\\\/\\\/www.cltweb.org\\\/es\\\/#website\"},\"primaryImageOfPage\":{\"@id\":\"https:\\\/\\\/www.cltweb.org\\\/es\\\/terra-nostra-press\\\/catalogo\\\/en-terreno-comun-perspectivas-internacionales-sobre-el-patrimonio-comunitario-de-la-tierra\\\/#primaryimage\"},\"image\":{\"@id\":\"https:\\\/\\\/www.cltweb.org\\\/es\\\/terra-nostra-press\\\/catalogo\\\/en-terreno-comun-perspectivas-internacionales-sobre-el-patrimonio-comunitario-de-la-tierra\\\/#primaryimage\"},\"thumbnailUrl\":\"https:\\\/\\\/www.cltweb.org\\\/wp-content\\\/uploads\\\/2024\\\/08\\\/On_Common_Ground_cover-scaled.jpg\",\"datePublished\":\"2024-07-29T23:47:30+00:00\",\"dateModified\":\"2025-01-02T20:49:48+00:00\",\"breadcrumb\":{\"@id\":\"https:\\\/\\\/www.cltweb.org\\\/es\\\/terra-nostra-press\\\/catalogo\\\/en-terreno-comun-perspectivas-internacionales-sobre-el-patrimonio-comunitario-de-la-tierra\\\/#breadcrumb\"},\"inLanguage\":\"es\",\"potentialAction\":[{\"@type\":\"ReadAction\",\"target\":[\"https:\\\/\\\/www.cltweb.org\\\/es\\\/terra-nostra-press\\\/catalogo\\\/en-terreno-comun-perspectivas-internacionales-sobre-el-patrimonio-comunitario-de-la-tierra\\\/\"]}]},{\"@type\":\"ImageObject\",\"inLanguage\":\"es\",\"@id\":\"https:\\\/\\\/www.cltweb.org\\\/es\\\/terra-nostra-press\\\/catalogo\\\/en-terreno-comun-perspectivas-internacionales-sobre-el-patrimonio-comunitario-de-la-tierra\\\/#primaryimage\",\"url\":\"https:\\\/\\\/www.cltweb.org\\\/wp-content\\\/uploads\\\/2024\\\/08\\\/On_Common_Ground_cover-scaled.jpg\",\"contentUrl\":\"https:\\\/\\\/www.cltweb.org\\\/wp-content\\\/uploads\\\/2024\\\/08\\\/On_Common_Ground_cover-scaled.jpg\",\"width\":1803,\"height\":2560},{\"@type\":\"BreadcrumbList\",\"@id\":\"https:\\\/\\\/www.cltweb.org\\\/es\\\/terra-nostra-press\\\/catalogo\\\/en-terreno-comun-perspectivas-internacionales-sobre-el-patrimonio-comunitario-de-la-tierra\\\/#breadcrumb\",\"itemListElement\":[{\"@type\":\"ListItem\",\"position\":1,\"name\":\"Home\",\"item\":\"https:\\\/\\\/www.cltweb.org\\\/es\\\/\"},{\"@type\":\"ListItem\",\"position\":2,\"name\":\"Terra Nostra Press\",\"item\":\"https:\\\/\\\/www.cltweb.org\\\/es\\\/terra-nostra-press\\\/\"},{\"@type\":\"ListItem\",\"position\":3,\"name\":\"Cat\u00e1logo\",\"item\":\"https:\\\/\\\/www.cltweb.org\\\/es\\\/terra-nostra-press\\\/catalogo\\\/\"},{\"@type\":\"ListItem\",\"position\":4,\"name\":\"En terreno com\u00fan\"}]},{\"@type\":\"WebSite\",\"@id\":\"https:\\\/\\\/www.cltweb.org\\\/es\\\/#website\",\"url\":\"https:\\\/\\\/www.cltweb.org\\\/es\\\/\",\"name\":\"International Center for Community Land Trusts\",\"description\":\"\",\"publisher\":{\"@id\":\"https:\\\/\\\/www.cltweb.org\\\/es\\\/#organization\"},\"potentialAction\":[{\"@type\":\"SearchAction\",\"target\":{\"@type\":\"EntryPoint\",\"urlTemplate\":\"https:\\\/\\\/www.cltweb.org\\\/es\\\/?s={search_term_string}\"},\"query-input\":{\"@type\":\"PropertyValueSpecification\",\"valueRequired\":true,\"valueName\":\"search_term_string\"}}],\"inLanguage\":\"es\"},{\"@type\":\"Organization\",\"@id\":\"https:\\\/\\\/www.cltweb.org\\\/es\\\/#organization\",\"name\":\"International Center for Community Land Trusts\",\"url\":\"https:\\\/\\\/www.cltweb.org\\\/es\\\/\",\"logo\":{\"@type\":\"ImageObject\",\"inLanguage\":\"es\",\"@id\":\"https:\\\/\\\/www.cltweb.org\\\/es\\\/#\\\/schema\\\/logo\\\/image\\\/\",\"url\":\"https:\\\/\\\/www.cltweb.org\\\/wp-content\\\/uploads\\\/2024\\\/11\\\/New-CLT-Center-Text-logo.png\",\"contentUrl\":\"https:\\\/\\\/www.cltweb.org\\\/wp-content\\\/uploads\\\/2024\\\/11\\\/New-CLT-Center-Text-logo.png\",\"width\":227,\"height\":80,\"caption\":\"International Center for Community Land Trusts\"},\"image\":{\"@id\":\"https:\\\/\\\/www.cltweb.org\\\/es\\\/#\\\/schema\\\/logo\\\/image\\\/\"},\"sameAs\":[\"https:\\\/\\\/www.facebook.com\\\/cltcenter\",\"https:\\\/\\\/x.com\\\/Center4CLTs\",\"https:\\\/\\\/www.instagram.com\\\/cltcenter\\\/\",\"https:\\\/\\\/www.linkedin.com\\\/company\\\/cltcenter\",\"https:\\\/\\\/www.youtube.com\\\/@centerforcltinnovation5313\"],\"description\":\"The International Center for Community Land Trusts is a not-for-profit nongovernmental organization established in 2018 to promote and to support community land trusts and similar strategies of community-led development on community-owned land in countries throughout the world.\",\"email\":\"info@communitylandtrust.net\",\"legalName\":\"International Center for Community Land Trusts\",\"foundingDate\":\"2018-12-01\",\"taxID\":\"84-3858933\",\"numberOfEmployees\":{\"@type\":\"QuantitativeValue\",\"minValue\":\"1\",\"maxValue\":\"10\"}}]}<\/script>\n<!-- \/ Yoast SEO Premium plugin. -->","yoast_head_json":{"title":"En terreno com\u00fan - International Center for Community Land Trusts","robots":{"index":"index","follow":"follow","max-snippet":"max-snippet:-1","max-image-preview":"max-image-preview:large","max-video-preview":"max-video-preview:-1"},"canonical":"https:\/\/www.cltweb.org\/es\/terra-nostra-press\/catalogo\/en-terreno-comun-perspectivas-internacionales-sobre-el-patrimonio-comunitario-de-la-tierra\/","og_locale":"es_ES","og_type":"article","og_title":"En terreno com\u00fan","og_description":"En terreno com\u00fan: International Perspectives on the Community Land Trust es una colecci\u00f3n de veintis\u00e9is ensayos originales, escritos por cuarenta y dos acad\u00e9micos y profesionales de una docena de pa\u00edses, [&hellip;]","og_url":"https:\/\/www.cltweb.org\/es\/terra-nostra-press\/catalogo\/en-terreno-comun-perspectivas-internacionales-sobre-el-patrimonio-comunitario-de-la-tierra\/","og_site_name":"International Center for Community Land Trusts","article_publisher":"https:\/\/www.facebook.com\/cltcenter","article_modified_time":"2025-01-02T20:49:48+00:00","og_image":[{"width":1803,"height":2560,"url":"https:\/\/www.cltweb.org\/wp-content\/uploads\/2024\/08\/On_Common_Ground_cover-scaled.jpg","type":"image\/jpeg"}],"twitter_card":"summary_large_image","twitter_site":"@Center4CLTs","twitter_misc":{"Tiempo de lectura":"29 minutos"},"schema":{"@context":"https:\/\/schema.org","@graph":[{"@type":"WebPage","@id":"https:\/\/www.cltweb.org\/es\/terra-nostra-press\/catalogo\/en-terreno-comun-perspectivas-internacionales-sobre-el-patrimonio-comunitario-de-la-tierra\/","url":"https:\/\/www.cltweb.org\/es\/terra-nostra-press\/catalogo\/en-terreno-comun-perspectivas-internacionales-sobre-el-patrimonio-comunitario-de-la-tierra\/","name":"En terreno com\u00fan - International Center for Community Land Trusts","isPartOf":{"@id":"https:\/\/www.cltweb.org\/es\/#website"},"primaryImageOfPage":{"@id":"https:\/\/www.cltweb.org\/es\/terra-nostra-press\/catalogo\/en-terreno-comun-perspectivas-internacionales-sobre-el-patrimonio-comunitario-de-la-tierra\/#primaryimage"},"image":{"@id":"https:\/\/www.cltweb.org\/es\/terra-nostra-press\/catalogo\/en-terreno-comun-perspectivas-internacionales-sobre-el-patrimonio-comunitario-de-la-tierra\/#primaryimage"},"thumbnailUrl":"https:\/\/www.cltweb.org\/wp-content\/uploads\/2024\/08\/On_Common_Ground_cover-scaled.jpg","datePublished":"2024-07-29T23:47:30+00:00","dateModified":"2025-01-02T20:49:48+00:00","breadcrumb":{"@id":"https:\/\/www.cltweb.org\/es\/terra-nostra-press\/catalogo\/en-terreno-comun-perspectivas-internacionales-sobre-el-patrimonio-comunitario-de-la-tierra\/#breadcrumb"},"inLanguage":"es","potentialAction":[{"@type":"ReadAction","target":["https:\/\/www.cltweb.org\/es\/terra-nostra-press\/catalogo\/en-terreno-comun-perspectivas-internacionales-sobre-el-patrimonio-comunitario-de-la-tierra\/"]}]},{"@type":"ImageObject","inLanguage":"es","@id":"https:\/\/www.cltweb.org\/es\/terra-nostra-press\/catalogo\/en-terreno-comun-perspectivas-internacionales-sobre-el-patrimonio-comunitario-de-la-tierra\/#primaryimage","url":"https:\/\/www.cltweb.org\/wp-content\/uploads\/2024\/08\/On_Common_Ground_cover-scaled.jpg","contentUrl":"https:\/\/www.cltweb.org\/wp-content\/uploads\/2024\/08\/On_Common_Ground_cover-scaled.jpg","width":1803,"height":2560},{"@type":"BreadcrumbList","@id":"https:\/\/www.cltweb.org\/es\/terra-nostra-press\/catalogo\/en-terreno-comun-perspectivas-internacionales-sobre-el-patrimonio-comunitario-de-la-tierra\/#breadcrumb","itemListElement":[{"@type":"ListItem","position":1,"name":"Home","item":"https:\/\/www.cltweb.org\/es\/"},{"@type":"ListItem","position":2,"name":"Terra Nostra Press","item":"https:\/\/www.cltweb.org\/es\/terra-nostra-press\/"},{"@type":"ListItem","position":3,"name":"Cat\u00e1logo","item":"https:\/\/www.cltweb.org\/es\/terra-nostra-press\/catalogo\/"},{"@type":"ListItem","position":4,"name":"En terreno com\u00fan"}]},{"@type":"WebSite","@id":"https:\/\/www.cltweb.org\/es\/#website","url":"https:\/\/www.cltweb.org\/es\/","name":"International Center for Community Land Trusts","description":"","publisher":{"@id":"https:\/\/www.cltweb.org\/es\/#organization"},"potentialAction":[{"@type":"SearchAction","target":{"@type":"EntryPoint","urlTemplate":"https:\/\/www.cltweb.org\/es\/?s={search_term_string}"},"query-input":{"@type":"PropertyValueSpecification","valueRequired":true,"valueName":"search_term_string"}}],"inLanguage":"es"},{"@type":"Organization","@id":"https:\/\/www.cltweb.org\/es\/#organization","name":"International Center for Community Land Trusts","url":"https:\/\/www.cltweb.org\/es\/","logo":{"@type":"ImageObject","inLanguage":"es","@id":"https:\/\/www.cltweb.org\/es\/#\/schema\/logo\/image\/","url":"https:\/\/www.cltweb.org\/wp-content\/uploads\/2024\/11\/New-CLT-Center-Text-logo.png","contentUrl":"https:\/\/www.cltweb.org\/wp-content\/uploads\/2024\/11\/New-CLT-Center-Text-logo.png","width":227,"height":80,"caption":"International Center for Community Land Trusts"},"image":{"@id":"https:\/\/www.cltweb.org\/es\/#\/schema\/logo\/image\/"},"sameAs":["https:\/\/www.facebook.com\/cltcenter","https:\/\/x.com\/Center4CLTs","https:\/\/www.instagram.com\/cltcenter\/","https:\/\/www.linkedin.com\/company\/cltcenter","https:\/\/www.youtube.com\/@centerforcltinnovation5313"],"description":"The International Center for Community Land Trusts is a not-for-profit nongovernmental organization established in 2018 to promote and to support community land trusts and similar strategies of community-led development on community-owned land in countries throughout the world.","email":"info@communitylandtrust.net","legalName":"International Center for Community Land Trusts","foundingDate":"2018-12-01","taxID":"84-3858933","numberOfEmployees":{"@type":"QuantitativeValue","minValue":"1","maxValue":"10"}}]}},"campaignId":"","taxonomy_info":{"category":[{"value":120,"label":"Cat\u00e1logo"}]},"featured_image_src_large":["https:\/\/www.cltweb.org\/wp-content\/uploads\/2024\/08\/On_Common_Ground_cover-721x1024.jpg",721,1024,true],"author_info":{"display_name":"cltredesign_0jp0l4","author_link":"https:\/\/www.cltweb.org\/es\/author\/cltredesign_0jp0l4\/"},"comment_info":0,"jetpack_sharing_enabled":true,"jetpack-related-posts":[{"id":1580,"url":"https:\/\/www.cltweb.org\/es\/terra-nostra-press\/noticias-y-resenas\/","url_meta":{"origin":1631,"position":0},"title":"Noticias y rese\u00f1as","author":"cltredesign_0jp0l4","date":"30 de julio de 2024","format":false,"excerpt":"Art\u00edculos y rese\u00f1as de las publicaciones de Terra Nostra Press.","rel":"","context":"En \u00abTerra Nostra Press\u00bb","block_context":{"text":"Terra Nostra Press","link":"https:\/\/www.cltweb.org\/es\/category\/terra-nostra-press-es\/"},"img":{"alt_text":"","src":"","width":0,"height":0},"classes":[]},{"id":1640,"url":"https:\/\/www.cltweb.org\/es\/terra-nostra-press\/catalogo\/en-terreno-comun-perspectivas-internacionales-sobre-los-fideicomisos-comunitarios-de-tierras\/","url_meta":{"origin":1631,"position":1},"title":"En terreno com\u00fan","author":"cltredesign_0jp0l4","date":"29 de julio de 2024","format":false,"excerpt":"En terreno com\u00fan: Perspectivas internacionales sobre los fideicomisos comunitarios de tierras La vivienda representa m\u00e1s que un techo bajo el que vivir. La vivienda digna es necesaria para el ejercicio de derechos fundamentales como la salud y la educaci\u00f3n. Atado a la vivienda est\u00e1 el tema de la tenencia de\u2026","rel":"","context":"En \u00abCat\u00e1logo\u00bb","block_context":{"text":"Cat\u00e1logo","link":"https:\/\/www.cltweb.org\/es\/category\/catalogo-es\/"},"img":{"alt_text":"Cover for en terreno comun","src":"https:\/\/i0.wp.com\/www.cltweb.org\/wp-content\/uploads\/2024\/10\/En-terreno-comun-cover.jpg?resize=350%2C200&ssl=1","width":350,"height":200},"classes":[]},{"id":1642,"url":"https:\/\/www.cltweb.org\/de\/terra-nostra-presse\/katalog\/en-terreno-comun-perspectivas-internacionales-sobre-los-fideicomisos-comunitarios-de-tierras\/","url_meta":{"origin":1631,"position":2},"title":"En terreno com\u00fan","author":"cltredesign_0jp0l4","date":"29 de julio de 2024","format":false,"excerpt":"En terreno com\u00fan: Perspectivas internacionales sobre los fideicomisos comunitarios de tierras La vivienda representa m\u00e1s que un techo bajo el cual vivir. La vivienda digna es necesaria para el ejercicio de derechos fundamentales como la salud y la educaci\u00f3n. Atado a la vivienda est\u00e1 el tema de la tenencia de\u2026","rel":"","context":"En \u00abKatalog\u00bb","block_context":{"text":"Katalog","link":"https:\/\/www.cltweb.org\/de\/category\/katalog\/"},"img":{"alt_text":"Cover for en terreno comun","src":"https:\/\/i0.wp.com\/www.cltweb.org\/wp-content\/uploads\/2024\/10\/En-terreno-comun-cover.jpg?resize=350%2C200&ssl=1","width":350,"height":200},"classes":[]},{"id":489,"url":"https:\/\/www.cltweb.org\/terra-nostra-press\/terra-nostra-press\/en-terreno-comun-perspectivas-internacionales-sobre-los-fideicomisos-comunitarios-de-tierras\/","url_meta":{"origin":1631,"position":3},"title":"En terreno com\u00fan","author":"cltredesign_0jp0l4","date":"29 de julio de 2024","format":false,"excerpt":"En terreno com\u00fan: Perspectivas \u00a0internacionales sobre los fideicomisos comunitarios de tierras\u00a0La vivienda representa m\u00e1s que un techo bajo el cual vivir. La vivienda digna es necesaria para el ejercicio de derechos fundamentales como la salud y la educaci\u00f3n.\u00a0Atado a la vivienda est\u00e1 el tema de la tenencia de la tierra.\u2026","rel":"","context":"En \u00abTNP Catalog\u00bb","block_context":{"text":"TNP Catalog","link":"https:\/\/www.cltweb.org\/category\/tnp-catalog\/"},"img":{"alt_text":"Cover for en terreno comun","src":"https:\/\/i0.wp.com\/www.cltweb.org\/wp-content\/uploads\/2024\/10\/En-terreno-comun-cover.jpg?resize=350%2C200&ssl=1","width":350,"height":200},"classes":[]},{"id":1636,"url":"https:\/\/www.cltweb.org\/nl\/terra-nostra-pers\/catalogus\/en-terreno-comun-perspectivas-internacionales-sobre-los-fideicomisos-comunitarios-de-tierras\/","url_meta":{"origin":1631,"position":4},"title":"En com\u00fan terreno","author":"cltredesign_0jp0l4","date":"29 de julio de 2024","format":false,"excerpt":"En terreno com\u00fan: Perspectivas internacionales sobre los fideicomisos comunitarios de tierras La vivienda representa m\u00e1s que un techo bajo el cual vivir. La vivienda digna es necesaria para el ejercicio de derechos fundamentales como la salud y la educaci\u00f3n. Naast wonen is er ook het thema grondbezit. In de 21e\u2026","rel":"","context":"En \u00abCatalogus\u00bb","block_context":{"text":"Catalogus","link":"https:\/\/www.cltweb.org\/nl\/category\/catalogus\/"},"img":{"alt_text":"Cover for en terreno comun","src":"https:\/\/i0.wp.com\/www.cltweb.org\/wp-content\/uploads\/2024\/10\/En-terreno-comun-cover.jpg?resize=350%2C200&ssl=1","width":350,"height":200},"classes":[]},{"id":1620,"url":"https:\/\/www.cltweb.org\/es\/terra-nostra-press\/catalogo\/por-que-community-land-trusts\/","url_meta":{"origin":1631,"position":5},"title":"\u00bfPor qu\u00e9 Community Land Trusts?","author":"cltredesign_0jp0l4","date":"29 de julio de 2024","format":false,"excerpt":"Disponible en todo el mundo, 110 p\u00e1gs.PAPEL NEGRO ISBN 9781734403046 $12.50 USEBOOK ISBN 9781734403060 $5.00 US Las ONG disponen de descuentos por pedidos a granel. Para m\u00e1s informaci\u00f3n y para hacer tu pedido, visita nuestra p\u00e1gina Pedidos a granel. Por qu\u00e9 fideicomisos de tierras comunitarias: La filosof\u00eda detr\u00e1s de una\u2026","rel":"","context":"En \u00abCat\u00e1logo\u00bb","block_context":{"text":"Cat\u00e1logo","link":"https:\/\/www.cltweb.org\/es\/category\/catalogo-es\/"},"img":{"alt_text":"Book cover for Why CLTs","src":"https:\/\/i0.wp.com\/www.cltweb.org\/wp-content\/uploads\/2024\/10\/Why-CLTs-cover.jpg?resize=350%2C200&ssl=1","width":350,"height":200,"srcset":"https:\/\/i0.wp.com\/www.cltweb.org\/wp-content\/uploads\/2024\/10\/Why-CLTs-cover.jpg?resize=350%2C200&ssl=1 1x, https:\/\/i0.wp.com\/www.cltweb.org\/wp-content\/uploads\/2024\/10\/Why-CLTs-cover.jpg?resize=525%2C300&ssl=1 1.5x, https:\/\/i0.wp.com\/www.cltweb.org\/wp-content\/uploads\/2024\/10\/Why-CLTs-cover.jpg?resize=700%2C400&ssl=1 2x, https:\/\/i0.wp.com\/www.cltweb.org\/wp-content\/uploads\/2024\/10\/Why-CLTs-cover.jpg?resize=1050%2C600&ssl=1 3x, https:\/\/i0.wp.com\/www.cltweb.org\/wp-content\/uploads\/2024\/10\/Why-CLTs-cover.jpg?resize=1400%2C800&ssl=1 4x"},"classes":[]}],"_links":{"self":[{"href":"https:\/\/www.cltweb.org\/es\/wp-json\/wp\/v2\/pages\/1631","targetHints":{"allow":["GET"]}}],"collection":[{"href":"https:\/\/www.cltweb.org\/es\/wp-json\/wp\/v2\/pages"}],"about":[{"href":"https:\/\/www.cltweb.org\/es\/wp-json\/wp\/v2\/types\/page"}],"author":[{"embeddable":true,"href":"https:\/\/www.cltweb.org\/es\/wp-json\/wp\/v2\/users\/1"}],"replies":[{"embeddable":true,"href":"https:\/\/www.cltweb.org\/es\/wp-json\/wp\/v2\/comments?post=1631"}],"version-history":[{"count":11,"href":"https:\/\/www.cltweb.org\/es\/wp-json\/wp\/v2\/pages\/1631\/revisions"}],"predecessor-version":[{"id":8378,"href":"https:\/\/www.cltweb.org\/es\/wp-json\/wp\/v2\/pages\/1631\/revisions\/8378"}],"up":[{"embeddable":true,"href":"https:\/\/www.cltweb.org\/es\/wp-json\/wp\/v2\/pages\/760"}],"wp:featuredmedia":[{"embeddable":true,"href":"https:\/\/www.cltweb.org\/es\/wp-json\/wp\/v2\/media\/721"}],"wp:attachment":[{"href":"https:\/\/www.cltweb.org\/es\/wp-json\/wp\/v2\/media?parent=1631"}],"wp:term":[{"taxonomy":"category","embeddable":true,"href":"https:\/\/www.cltweb.org\/es\/wp-json\/wp\/v2\/categories?post=1631"},{"taxonomy":"post_tag","embeddable":true,"href":"https:\/\/www.cltweb.org\/es\/wp-json\/wp\/v2\/tags?post=1631"}],"curies":[{"name":"wp","href":"https:\/\/api.w.org\/{rel}","templated":true}]}}