{"id":1883,"date":"2024-07-26T19:58:04","date_gmt":"2024-07-26T19:58:04","guid":{"rendered":"https:\/\/www.cltweb.org\/galerias-de-fotos\/"},"modified":"2024-11-02T18:50:59","modified_gmt":"2024-11-02T18:50:59","slug":"galerias-de-fotos","status":"publish","type":"page","link":"https:\/\/www.cltweb.org\/es\/biblioteca-de-recursos\/historia-del-movimiento-clt\/galerias-de-fotos\/","title":{"rendered":"Galer\u00edas de fotos"},"content":{"rendered":"","protected":false},"excerpt":{"rendered":"","protected":false},"author":1,"featured_media":0,"parent":1980,"menu_order":0,"comment_status":"closed","ping_status":"closed","template":"","meta":{"give_campaign_id":0,"_tec_requires_first_save":true,"_kad_blocks_custom_css":"","_kad_blocks_head_custom_js":"","_kad_blocks_body_custom_js":"","_kad_blocks_footer_custom_js":"","_EventAllDay":false,"_EventTimezone":"","_EventStartDate":"","_EventEndDate":"","_EventStartDateUTC":"","_EventEndDateUTC":"","_EventShowMap":false,"_EventShowMapLink":false,"_EventURL":"","_EventCost":"","_EventCostDescription":"","_EventCurrencySymbol":"","_EventCurrencyCode":"","_EventCurrencyPosition":"","_EventDateTimeSeparator":"","_EventTimeRangeSeparator":"","_EventOrganizerID":[],"_EventVenueID":[],"_OrganizerEmail":"","_OrganizerPhone":"","_OrganizerWebsite":"","_VenueAddress":"","_VenueCity":"","_VenueCountry":"","_VenueProvince":"","_VenueState":"","_VenueZip":"","_VenuePhone":"","_VenueURL":"","_VenueStateProvince":"","_VenueLat":"","_VenueLng":"","_VenueShowMap":false,"_VenueShowMapLink":false,"_tribe_blocks_recurrence_rules":"","_tribe_blocks_recurrence_description":"","_tribe_blocks_recurrence_exclusions":"","footnotes":""},"categories":[],"tags":[],"class_list":["post-1883","page","type-page","status-publish","hentry"],"blocksy_meta":[],"yoast_head":"<!-- This site is optimized with the Yoast SEO Premium plugin v27.5 (Yoast SEO v27.5) - https:\/\/yoast.com\/product\/yoast-seo-premium-wordpress\/ -->\n<title>Galer\u00edas de fotos - International Center for Community Land Trusts<\/title>\n<meta name=\"robots\" content=\"index, follow, max-snippet:-1, max-image-preview:large, max-video-preview:-1\" \/>\n<link rel=\"canonical\" href=\"https:\/\/www.cltweb.org\/es\/biblioteca-de-recursos\/historia-del-movimiento-clt\/galerias-de-fotos\/\" \/>\n<meta property=\"og:locale\" content=\"es_ES\" \/>\n<meta property=\"og:type\" content=\"article\" \/>\n<meta property=\"og:title\" content=\"Galer\u00edas de fotos\" \/>\n<meta property=\"og:url\" content=\"https:\/\/www.cltweb.org\/es\/biblioteca-de-recursos\/historia-del-movimiento-clt\/galerias-de-fotos\/\" \/>\n<meta property=\"og:site_name\" content=\"International Center for Community Land Trusts\" \/>\n<meta property=\"article:publisher\" content=\"https:\/\/www.facebook.com\/cltcenter\" \/>\n<meta property=\"article:modified_time\" content=\"2024-11-02T18:50:59+00:00\" \/>\n<meta name=\"twitter:card\" content=\"summary_large_image\" \/>\n<meta name=\"twitter:site\" content=\"@Center4CLTs\" \/>\n<script type=\"application\/ld+json\" class=\"yoast-schema-graph\">{\"@context\":\"https:\\\/\\\/schema.org\",\"@graph\":[{\"@type\":\"WebPage\",\"@id\":\"https:\\\/\\\/www.cltweb.org\\\/es\\\/biblioteca-de-recursos\\\/historia-del-movimiento-clt\\\/galerias-de-fotos\\\/\",\"url\":\"https:\\\/\\\/www.cltweb.org\\\/es\\\/biblioteca-de-recursos\\\/historia-del-movimiento-clt\\\/galerias-de-fotos\\\/\",\"name\":\"Galer\u00edas de fotos - International Center for Community Land Trusts\",\"isPartOf\":{\"@id\":\"https:\\\/\\\/www.cltweb.org\\\/es\\\/#website\"},\"datePublished\":\"2024-07-26T19:58:04+00:00\",\"dateModified\":\"2024-11-02T18:50:59+00:00\",\"breadcrumb\":{\"@id\":\"https:\\\/\\\/www.cltweb.org\\\/es\\\/biblioteca-de-recursos\\\/historia-del-movimiento-clt\\\/galerias-de-fotos\\\/#breadcrumb\"},\"inLanguage\":\"es\",\"potentialAction\":[{\"@type\":\"ReadAction\",\"target\":[\"https:\\\/\\\/www.cltweb.org\\\/es\\\/biblioteca-de-recursos\\\/historia-del-movimiento-clt\\\/galerias-de-fotos\\\/\"]}]},{\"@type\":\"BreadcrumbList\",\"@id\":\"https:\\\/\\\/www.cltweb.org\\\/es\\\/biblioteca-de-recursos\\\/historia-del-movimiento-clt\\\/galerias-de-fotos\\\/#breadcrumb\",\"itemListElement\":[{\"@type\":\"ListItem\",\"position\":1,\"name\":\"Home\",\"item\":\"https:\\\/\\\/www.cltweb.org\\\/es\\\/\"},{\"@type\":\"ListItem\",\"position\":2,\"name\":\"Biblioteca de recursos\",\"item\":\"https:\\\/\\\/www.cltweb.org\\\/es\\\/biblioteca-de-recursos\\\/\"},{\"@type\":\"ListItem\",\"position\":3,\"name\":\"Historia del movimiento CLT\",\"item\":\"https:\\\/\\\/www.cltweb.org\\\/es\\\/biblioteca-de-recursos\\\/historia-del-movimiento-clt\\\/\"},{\"@type\":\"ListItem\",\"position\":4,\"name\":\"Galer\u00edas de fotos\"}]},{\"@type\":\"WebSite\",\"@id\":\"https:\\\/\\\/www.cltweb.org\\\/es\\\/#website\",\"url\":\"https:\\\/\\\/www.cltweb.org\\\/es\\\/\",\"name\":\"International Center for Community Land Trusts\",\"description\":\"\",\"publisher\":{\"@id\":\"https:\\\/\\\/www.cltweb.org\\\/es\\\/#organization\"},\"potentialAction\":[{\"@type\":\"SearchAction\",\"target\":{\"@type\":\"EntryPoint\",\"urlTemplate\":\"https:\\\/\\\/www.cltweb.org\\\/es\\\/?s={search_term_string}\"},\"query-input\":{\"@type\":\"PropertyValueSpecification\",\"valueRequired\":true,\"valueName\":\"search_term_string\"}}],\"inLanguage\":\"es\"},{\"@type\":\"Organization\",\"@id\":\"https:\\\/\\\/www.cltweb.org\\\/es\\\/#organization\",\"name\":\"International Center for Community Land Trusts\",\"url\":\"https:\\\/\\\/www.cltweb.org\\\/es\\\/\",\"logo\":{\"@type\":\"ImageObject\",\"inLanguage\":\"es\",\"@id\":\"https:\\\/\\\/www.cltweb.org\\\/es\\\/#\\\/schema\\\/logo\\\/image\\\/\",\"url\":\"https:\\\/\\\/www.cltweb.org\\\/wp-content\\\/uploads\\\/2024\\\/11\\\/New-CLT-Center-Text-logo.png\",\"contentUrl\":\"https:\\\/\\\/www.cltweb.org\\\/wp-content\\\/uploads\\\/2024\\\/11\\\/New-CLT-Center-Text-logo.png\",\"width\":227,\"height\":80,\"caption\":\"International Center for Community Land Trusts\"},\"image\":{\"@id\":\"https:\\\/\\\/www.cltweb.org\\\/es\\\/#\\\/schema\\\/logo\\\/image\\\/\"},\"sameAs\":[\"https:\\\/\\\/www.facebook.com\\\/cltcenter\",\"https:\\\/\\\/x.com\\\/Center4CLTs\",\"https:\\\/\\\/www.instagram.com\\\/cltcenter\\\/\",\"https:\\\/\\\/www.linkedin.com\\\/company\\\/cltcenter\",\"https:\\\/\\\/www.youtube.com\\\/@centerforcltinnovation5313\"],\"description\":\"The International Center for Community Land Trusts is a not-for-profit nongovernmental organization established in 2018 to promote and to support community land trusts and similar strategies of community-led development on community-owned land in countries throughout the world.\",\"email\":\"info@communitylandtrust.net\",\"legalName\":\"International Center for Community Land Trusts\",\"foundingDate\":\"2018-12-01\",\"taxID\":\"84-3858933\",\"numberOfEmployees\":{\"@type\":\"QuantitativeValue\",\"minValue\":\"1\",\"maxValue\":\"10\"}}]}<\/script>\n<!-- \/ Yoast SEO Premium plugin. -->","yoast_head_json":{"title":"Galer\u00edas de fotos - International Center for Community Land Trusts","robots":{"index":"index","follow":"follow","max-snippet":"max-snippet:-1","max-image-preview":"max-image-preview:large","max-video-preview":"max-video-preview:-1"},"canonical":"https:\/\/www.cltweb.org\/es\/biblioteca-de-recursos\/historia-del-movimiento-clt\/galerias-de-fotos\/","og_locale":"es_ES","og_type":"article","og_title":"Galer\u00edas de fotos","og_url":"https:\/\/www.cltweb.org\/es\/biblioteca-de-recursos\/historia-del-movimiento-clt\/galerias-de-fotos\/","og_site_name":"International Center for Community Land Trusts","article_publisher":"https:\/\/www.facebook.com\/cltcenter","article_modified_time":"2024-11-02T18:50:59+00:00","twitter_card":"summary_large_image","twitter_site":"@Center4CLTs","schema":{"@context":"https:\/\/schema.org","@graph":[{"@type":"WebPage","@id":"https:\/\/www.cltweb.org\/es\/biblioteca-de-recursos\/historia-del-movimiento-clt\/galerias-de-fotos\/","url":"https:\/\/www.cltweb.org\/es\/biblioteca-de-recursos\/historia-del-movimiento-clt\/galerias-de-fotos\/","name":"Galer\u00edas de fotos - International Center for Community Land Trusts","isPartOf":{"@id":"https:\/\/www.cltweb.org\/es\/#website"},"datePublished":"2024-07-26T19:58:04+00:00","dateModified":"2024-11-02T18:50:59+00:00","breadcrumb":{"@id":"https:\/\/www.cltweb.org\/es\/biblioteca-de-recursos\/historia-del-movimiento-clt\/galerias-de-fotos\/#breadcrumb"},"inLanguage":"es","potentialAction":[{"@type":"ReadAction","target":["https:\/\/www.cltweb.org\/es\/biblioteca-de-recursos\/historia-del-movimiento-clt\/galerias-de-fotos\/"]}]},{"@type":"BreadcrumbList","@id":"https:\/\/www.cltweb.org\/es\/biblioteca-de-recursos\/historia-del-movimiento-clt\/galerias-de-fotos\/#breadcrumb","itemListElement":[{"@type":"ListItem","position":1,"name":"Home","item":"https:\/\/www.cltweb.org\/es\/"},{"@type":"ListItem","position":2,"name":"Biblioteca de recursos","item":"https:\/\/www.cltweb.org\/es\/biblioteca-de-recursos\/"},{"@type":"ListItem","position":3,"name":"Historia del movimiento CLT","item":"https:\/\/www.cltweb.org\/es\/biblioteca-de-recursos\/historia-del-movimiento-clt\/"},{"@type":"ListItem","position":4,"name":"Galer\u00edas de fotos"}]},{"@type":"WebSite","@id":"https:\/\/www.cltweb.org\/es\/#website","url":"https:\/\/www.cltweb.org\/es\/","name":"International Center for Community Land Trusts","description":"","publisher":{"@id":"https:\/\/www.cltweb.org\/es\/#organization"},"potentialAction":[{"@type":"SearchAction","target":{"@type":"EntryPoint","urlTemplate":"https:\/\/www.cltweb.org\/es\/?s={search_term_string}"},"query-input":{"@type":"PropertyValueSpecification","valueRequired":true,"valueName":"search_term_string"}}],"inLanguage":"es"},{"@type":"Organization","@id":"https:\/\/www.cltweb.org\/es\/#organization","name":"International Center for Community Land Trusts","url":"https:\/\/www.cltweb.org\/es\/","logo":{"@type":"ImageObject","inLanguage":"es","@id":"https:\/\/www.cltweb.org\/es\/#\/schema\/logo\/image\/","url":"https:\/\/www.cltweb.org\/wp-content\/uploads\/2024\/11\/New-CLT-Center-Text-logo.png","contentUrl":"https:\/\/www.cltweb.org\/wp-content\/uploads\/2024\/11\/New-CLT-Center-Text-logo.png","width":227,"height":80,"caption":"International Center for Community Land Trusts"},"image":{"@id":"https:\/\/www.cltweb.org\/es\/#\/schema\/logo\/image\/"},"sameAs":["https:\/\/www.facebook.com\/cltcenter","https:\/\/x.com\/Center4CLTs","https:\/\/www.instagram.com\/cltcenter\/","https:\/\/www.linkedin.com\/company\/cltcenter","https:\/\/www.youtube.com\/@centerforcltinnovation5313"],"description":"The International Center for Community Land Trusts is a not-for-profit nongovernmental organization established in 2018 to promote and to support community land trusts and similar strategies of community-led development on community-owned land in countries throughout the world.","email":"info@communitylandtrust.net","legalName":"International Center for Community Land Trusts","foundingDate":"2018-12-01","taxID":"84-3858933","numberOfEmployees":{"@type":"QuantitativeValue","minValue":"1","maxValue":"10"}}]}},"campaignId":"","taxonomy_info":[],"featured_image_src_large":false,"author_info":{"display_name":"cltredesign_0jp0l4","author_link":"https:\/\/www.cltweb.org\/es\/author\/cltredesign_0jp0l4\/"},"comment_info":0,"jetpack_sharing_enabled":true,"jetpack-related-posts":[{"id":1877,"url":"https:\/\/www.cltweb.org\/pt-br\/biblioteca-de-recursos\/historia-do-movimento-clt\/galerias-de-fotos\/","url_meta":{"origin":1883,"position":0},"title":"Galerias de fotos","author":"cltredesign_0jp0l4","date":"26 de julio de 2024","format":false,"excerpt":"","rel":"","context":"Entrada similar","block_context":{"text":"Entrada similar","link":""},"img":{"alt_text":"","src":"","width":0,"height":0},"classes":[]},{"id":3744,"url":"https:\/\/www.cltweb.org\/pt-br\/biblioteca-de-recursos\/sul-global\/brasil\/","url_meta":{"origin":1883,"position":1},"title":"Brasil","author":"cltredesign_0jp0l4","date":"19 de octubre de 2024","format":false,"excerpt":"Termo Territorial ColetivoLiderados pela Catalytic Communities, os fundos comunit\u00e1rios de terras est\u00e3o sendo estabelecidos no Rio de Janeiro - e um novo movimento nacional est\u00e1 sendo constru\u00eddo. O projeto brasileiro Favela Community Land Trust(Termo Territorial Coletivo), desenvolvido pela Catalytic Communities em parceria com v\u00e1rios \u00f3rg\u00e3os p\u00fablicos, institui\u00e7\u00f5es privadas, universidades e\u2026","rel":"","context":"En \u00abSul Global\u00bb","block_context":{"text":"Sul Global","link":"https:\/\/www.cltweb.org\/pt-br\/category\/sul-global\/"},"img":{"alt_text":"","src":"https:\/\/i0.wp.com\/www.cltweb.org\/wp-content\/uploads\/2024\/10\/TTC-logo.png?resize=350%2C200&ssl=1","width":350,"height":200},"classes":[]},{"id":3742,"url":"https:\/\/www.cltweb.org\/es\/biblioteca-de-recursos\/sur-global\/brasil\/","url_meta":{"origin":1883,"position":2},"title":"Brasil","author":"cltredesign_0jp0l4","date":"19 de octubre de 2024","format":false,"excerpt":"Termo Territorial ColetivoDirigidos por Catalytic Communities, se est\u00e1n estableciendo fideicomisos de la tierra comunitarios en R\u00edo de Janeiro, y se est\u00e1 construyendo un nuevo movimiento nacional. El proyecto brasile\u00f1o de Fideicomiso de Tierras Comunitarias de Favelas(Termo Territorial Coletivo), desarrollado por Catalytic Communities en colaboraci\u00f3n con varios organismos p\u00fablicos, instituciones privadas,\u2026","rel":"","context":"En \u00abSur Global\u00bb","block_context":{"text":"Sur Global","link":"https:\/\/www.cltweb.org\/es\/category\/sur-global\/"},"img":{"alt_text":"","src":"https:\/\/i0.wp.com\/www.cltweb.org\/wp-content\/uploads\/2024\/10\/TTC-logo.png?resize=350%2C200&ssl=1","width":350,"height":200},"classes":[]},{"id":3934,"url":"https:\/\/www.cltweb.org\/nl\/bibliotheek-met-bronnen\/clt-praktijkvoorbeelden\/","url_meta":{"origin":1883,"position":3},"title":"Casestudies","author":"cltredesign_0jp0l4","date":"20 de octubre de 2024","format":false,"excerpt":"CLT-verhalen Hoewel de Community Land Trust-beweging als geheel relatief jong is, zijn er nu een aantal CLT's in de Verenigde Staten die al meer dan 20 jaar actief zijn. Enkele hebben nu hun 30-jarig jubileum gevierd. Jongere CLT's zijn opgedoken in Australi\u00eb, Belgi\u00eb, Canada en het Verenigd Koninkrijk. CLT's is\u2026","rel":"","context":"En \u00abBibliotheek met bronnen\u00bb","block_context":{"text":"Bibliotheek met bronnen","link":"https:\/\/www.cltweb.org\/nl\/category\/bibliotheek-met-bronnen\/"},"img":{"alt_text":"","src":"","width":0,"height":0},"classes":[]},{"id":3932,"url":"https:\/\/www.cltweb.org\/de\/ressourcenbibliothek\/clt-fallstudien\/","url_meta":{"origin":1883,"position":4},"title":"Fallstudien","author":"cltredesign_0jp0l4","date":"20 de octubre de 2024","format":false,"excerpt":"CLT Entstehungsgeschichten Obwohl die Bewegung der Community Land Trusts als Ganzes noch relativ jung ist, gibt es in den Vereinigten Staaten bereits eine Reihe von CLTs, die seit \u00fcber 20 Jahren t\u00e4tig sind. Einige wenige haben jetzt ihr 30-j\u00e4hriges Bestehen gefeiert. J\u00fcngere CLTs gibt es inzwischen auch in Australien, Belgien,\u2026","rel":"","context":"En \u00abProfile\u00bb","block_context":{"text":"Profile","link":"https:\/\/www.cltweb.org\/de\/category\/profile\/"},"img":{"alt_text":"","src":"","width":0,"height":0},"classes":[]},{"id":8978,"url":"https:\/\/www.cltweb.org\/pt-br\/biblioteca-de-recursos\/agricultura\/recursos-adicionais\/como-os-clts-asseguram-e-protegem-a-terra\/propriedade-de-taxa-simples\/","url_meta":{"origin":1883,"position":5},"title":"Propriedade de taxa simples","author":"cltredesign_0jp0l4","date":"3 de febrero de 2025","format":false,"excerpt":"A propriedade simples permite que um CLT detenha o maior n\u00famero de \"paus\" no conjunto de direitos de propriedade e oferece um alto n\u00edvel de seguran\u00e7a da terra, desde que todos os pagamentos de hipoteca e obriga\u00e7\u00f5es fiscais sejam cumpridos. Nas \u00e1reas urbanas, as \u00e1reas agr\u00edcolas geralmente est\u00e3o localizadas em\u2026","rel":"","context":"En \u00abAgricultura\u00bb","block_context":{"text":"Agricultura","link":"https:\/\/www.cltweb.org\/pt-br\/category\/agricultura\/"},"img":{"alt_text":"","src":"","width":0,"height":0},"classes":[]}],"_links":{"self":[{"href":"https:\/\/www.cltweb.org\/es\/wp-json\/wp\/v2\/pages\/1883","targetHints":{"allow":["GET"]}}],"collection":[{"href":"https:\/\/www.cltweb.org\/es\/wp-json\/wp\/v2\/pages"}],"about":[{"href":"https:\/\/www.cltweb.org\/es\/wp-json\/wp\/v2\/types\/page"}],"author":[{"embeddable":true,"href":"https:\/\/www.cltweb.org\/es\/wp-json\/wp\/v2\/users\/1"}],"replies":[{"embeddable":true,"href":"https:\/\/www.cltweb.org\/es\/wp-json\/wp\/v2\/comments?post=1883"}],"version-history":[{"count":1,"href":"https:\/\/www.cltweb.org\/es\/wp-json\/wp\/v2\/pages\/1883\/revisions"}],"predecessor-version":[{"id":1983,"href":"https:\/\/www.cltweb.org\/es\/wp-json\/wp\/v2\/pages\/1883\/revisions\/1983"}],"up":[{"embeddable":true,"href":"https:\/\/www.cltweb.org\/es\/wp-json\/wp\/v2\/pages\/1980"}],"wp:attachment":[{"href":"https:\/\/www.cltweb.org\/es\/wp-json\/wp\/v2\/media?parent=1883"}],"wp:term":[{"taxonomy":"category","embeddable":true,"href":"https:\/\/www.cltweb.org\/es\/wp-json\/wp\/v2\/categories?post=1883"},{"taxonomy":"post_tag","embeddable":true,"href":"https:\/\/www.cltweb.org\/es\/wp-json\/wp\/v2\/tags?post=1883"}],"curies":[{"name":"wp","href":"https:\/\/api.w.org\/{rel}","templated":true}]}}