{"id":3742,"date":"2024-10-19T19:41:50","date_gmt":"2024-10-19T19:41:50","guid":{"rendered":"https:\/\/www.cltweb.org\/biblioteca-de-recursos\/sur-global\/brasil\/"},"modified":"2025-01-09T15:17:56","modified_gmt":"2025-01-09T15:17:56","slug":"brasil","status":"publish","type":"page","link":"https:\/\/www.cltweb.org\/es\/biblioteca-de-recursos\/sur-global\/brasil\/","title":{"rendered":"Brasil"},"content":{"rendered":"<style>.wp-block-kadence-column.kb-section-dir-horizontal > .kt-inside-inner-col > .kt-info-box3735_b2c11a-ce .kt-blocks-info-box-link-wrap{max-width:unset;}.kt-info-box3735_b2c11a-ce .kt-blocks-info-box-link-wrap{border-top:5px solid var(--global-palette7, #eeeeee);border-right:5px solid var(--global-palette7, #eeeeee);border-bottom:5px solid var(--global-palette7, #eeeeee);border-left:5px solid var(--global-palette7, #eeeeee);border-top-left-radius:30px;border-top-right-radius:30px;border-bottom-right-radius:30px;border-bottom-left-radius:30px;background:#ffffff;padding-top:var(--global-kb-spacing-xs, 1rem);padding-right:var(--global-kb-spacing-xs, 1rem);padding-bottom:var(--global-kb-spacing-xs, 1rem);padding-left:var(--global-kb-spacing-xs, 1rem);}.kt-info-box3735_b2c11a-ce.wp-block-kadence-infobox{max-width:100%;}.kt-info-box3735_b2c11a-ce .kadence-info-box-image-inner-intrisic-container{max-width:150px;}.kt-info-box3735_b2c11a-ce .kadence-info-box-image-inner-intrisic-container .kadence-info-box-image-intrisic{padding-bottom:41.6667%;width:288px;height:0px;max-width:100%;}.kt-info-box3735_b2c11a-ce .kadence-info-box-icon-container .kt-info-svg-icon, .kt-info-box3735_b2c11a-ce .kt-info-svg-icon-flip, .kt-info-box3735_b2c11a-ce .kt-blocks-info-box-number{font-size:50px;}.kt-info-box3735_b2c11a-ce .kt-blocks-info-box-media{border-top-width:0px;border-right-width:0px;border-bottom-width:0px;border-left-width:0px;padding-top:0px;padding-right:0px;padding-bottom:0px;padding-left:0px;margin-top:0px;margin-right:20px;margin-bottom:0px;margin-left:0px;}.kt-info-box3735_b2c11a-ce .kt-infobox-textcontent h2.kt-blocks-info-box-title{padding-top:0px;padding-right:0px;padding-bottom:0px;padding-left:0px;margin-top:5px;margin-right:0px;margin-bottom:10px;margin-left:0px;}.kt-info-box3735_b2c11a-ce .kt-blocks-info-box-learnmore{background:transparent;border-width:0px 0px 0px 0px;padding-top:4px;padding-right:8px;padding-bottom:4px;padding-left:8px;margin-top:10px;margin-right:0px;margin-bottom:10px;margin-left:0px;}@media all and (max-width: 1024px){.kt-info-box3735_b2c11a-ce .kt-blocks-info-box-link-wrap{border-top:5px solid var(--global-palette7, #eeeeee);border-right:5px solid var(--global-palette7, #eeeeee);border-bottom:5px solid var(--global-palette7, #eeeeee);border-left:5px solid var(--global-palette7, #eeeeee);}}@media all and (max-width: 767px){.kt-info-box3735_b2c11a-ce .kt-blocks-info-box-link-wrap{border-top:5px solid var(--global-palette7, #eeeeee);border-right:5px solid var(--global-palette7, #eeeeee);border-bottom:5px solid var(--global-palette7, #eeeeee);border-left:5px solid var(--global-palette7, #eeeeee);}}<\/style>\n<div class=\"wp-block-kadence-infobox kt-info-box3735_b2c11a-ce\"><span class=\"kt-blocks-info-box-link-wrap info-box-link kt-blocks-info-box-media-align-left kt-info-halign-left\"><div class=\"kt-blocks-info-box-media-container\"><div class=\"kt-blocks-info-box-media kt-info-media-animate-none\"><div class=\"kadence-info-box-image-inner-intrisic-container\"><div class=\"kadence-info-box-image-intrisic kt-info-animate-none\"><div class=\"kadence-info-box-image-inner-intrisic\"><img loading=\"lazy\" decoding=\"async\" src=\"https:\/\/www.cltweb.org\/wp-content\/uploads\/2024\/10\/TTC-logo.png\" alt=\"\" width=\"288\" height=\"120\" class=\"kt-info-box-image wp-image-4776\"\/><\/div><\/div><\/div><\/div><\/div><div class=\"kt-infobox-textcontent\"><h2 class=\"kt-blocks-info-box-title\">Termo Territorial Coletivo<\/h2><p class=\"kt-blocks-info-box-text\">Dirigidos por Catalytic Communities, se est\u00e1n estableciendo fideicomisos de la tierra comunitarios en R\u00edo de Janeiro, y se est\u00e1 construyendo un nuevo movimiento nacional.<\/p><\/div><\/span><\/div>\n\n<p>El proyecto brasile\u00f1o de Fideicomiso de Tierras Comunitarias de Favelas<a href=\"https:\/\/www.termoterritorialcoletivo.org\/\" target=\"_blank\" rel=\"noreferrer noopener\">(Termo Territorial Coletivo<\/a>), desarrollado por <a href=\"https:\/\/catcomm.org\/\" target=\"_blank\" rel=\"noreferrer noopener\">Catalytic Communities<\/a> en colaboraci\u00f3n con varios organismos p\u00fablicos, instituciones privadas, universidades y l\u00edderes comunitarios, se inspira en el modelo CLT, existente desde hace d\u00e9cadas y presente en varios pa\u00edses de todo el mundo. Su misi\u00f3n es &#8220;ejecutar y garantizar el derecho a una vivienda adecuada y el empoderamiento de la comunidad mediante la introducci\u00f3n del Fideicomiso Territorial Comunitario en Brasil, centr\u00e1ndose en la realizaci\u00f3n de proyectos piloto en asentamientos informales y en la promulgaci\u00f3n de legislaci\u00f3n nacional sobre el tema&#8221;. <\/p>\n<style>.wp-block-kadence-advancedbtn.kb-btns3735_59182e-95{gap:var(--global-kb-gap-md, 2rem);justify-content:flex-start;align-items:center;}.kt-btns3735_59182e-95 .kt-button{font-weight:normal;font-style:normal;}.kt-btns3735_59182e-95 .kt-btn-wrap-0{margin-right:5px;}.wp-block-kadence-advancedbtn.kt-btns3735_59182e-95 .kt-btn-wrap-0 .kt-button{color:#555555;border-color:#555555;}.wp-block-kadence-advancedbtn.kt-btns3735_59182e-95 .kt-btn-wrap-0 .kt-button:hover, .wp-block-kadence-advancedbtn.kt-btns3735_59182e-95 .kt-btn-wrap-0 .kt-button:focus{color:#ffffff;border-color:#444444;}.wp-block-kadence-advancedbtn.kt-btns3735_59182e-95 .kt-btn-wrap-0 .kt-button::before{display:none;}.wp-block-kadence-advancedbtn.kt-btns3735_59182e-95 .kt-btn-wrap-0 .kt-button:hover, .wp-block-kadence-advancedbtn.kt-btns3735_59182e-95 .kt-btn-wrap-0 .kt-button:focus{background:#444444;}<\/style>\n<div class=\"wp-block-kadence-advancedbtn kb-buttons-wrap kb-btns3735_59182e-95\"><style>ul.menu .wp-block-kadence-advancedbtn .kb-btn3735_7ff8b8-8d.kb-button{width:initial;}<\/style><a class=\"kb-button kt-button button kb-btn3735_7ff8b8-8d kt-btn-size-large kt-btn-width-type-auto kb-btn-global-inherit  kt-btn-has-text-true kt-btn-has-svg-false  wp-block-button__link wp-block-kadence-singlebtn\" href=\"https:\/\/www.cltweb.org\/es\/biblioteca-de-recursos\/sur-global\/brasil\/fondo-comunitario-de-la-favela\/\"><span class=\"kt-btn-inner-text\">Resumen &#8211; Espa\u00f1ol<\/span><\/a>\n\n<style>ul.menu .wp-block-kadence-advancedbtn .kb-btn3735_f409b1-19.kb-button{width:initial;}<\/style><a class=\"kb-button kt-button button kb-btn3735_f409b1-19 kt-btn-size-large kt-btn-width-type-auto kb-btn-global-inherit  kt-btn-has-text-true kt-btn-has-svg-false  wp-block-button__link wp-block-kadence-singlebtn\" href=\"https:\/\/www.cltweb.org\/es\/biblioteca-de-recursos\/sur-global\/brasil\/proyecto-del-terreno-territorial-colectivo\/\"><span class=\"kt-btn-inner-text\">Resumen &#8211; Portugu\u00e9s<\/span><\/a><\/div>\n\n<h3 class=\"wp-block-heading\" id=\"h-annual-reports\" style=\"font-size:clamp(15.747px, 0.984rem + ((1vw - 3.2px) * 0.645), 24px);\">Informes anuales<\/h3>\n\n<ul class=\"wp-block-list\">\n<li><a href=\"http:\/\/www.bit.ly\/RelatorioTTC2020\" target=\"_blank\" rel=\"noreferrer noopener\">Relat\u00f3rio anual de 2020<\/a> [Portuguese]<\/li>\n\n\n\n<li><a href=\"http:\/\/bit.ly\/2020CLTReport\" target=\"_blank\" rel=\"noreferrer noopener\">Informe Anual 2020<\/a> [English]<\/li>\n\n\n\n<li><a href=\"http:\/\/bit.ly\/Relat%C3%B3rioTTC2019\" target=\"_blank\" rel=\"noreferrer noopener\">Informe anual de 2019<\/a> [Portuguese]<\/li>\n\n\n\n<li><a href=\"https:\/\/static1.squarespace.com\/static\/604bd897618ad1188169cd5a\/t\/622fba075adb581da2c823eb\/1647295008759\/2019-annual-report-favela-clt.pdf\" target=\"_blank\" rel=\"noreferrer noopener\">Informe Anual 2019<\/a> [English]<\/li>\n<\/ul>\n\n<h3 class=\"wp-block-heading\" id=\"h-articles-by-rioonwatch-english\" style=\"font-size:clamp(15.747px, 0.984rem + ((1vw - 3.2px) * 0.645), 24px);\">Art\u00edculos de RioOnWatch (Espa\u00f1ol)<\/h3>\n\n<ul class=\"wp-block-list\">\n<li><a href=\"https:\/\/rioonwatch.org\/?p=68482\" target=\"_blank\" rel=\"noreferrer noopener\">Fideicomisos Comunitarios de Tierras en Am\u00e9rica Latina: Di\u00e1logos entre Brasil y Puerto Rico<\/a>, Felipe Litsek, Rebeca Landeiro, 7 de diciembre de 2021<\/li>\n\n\n\n<li><a href=\"https:\/\/rioonwatch.org\/?p=67981\" target=\"_blank\" rel=\"noreferrer noopener\">1\u00aa Audiencia P\u00fablica sobre los fideicomisos de la tierra de las favelas celebrada por el Ayuntamiento de R\u00edo de Janeiro<\/a>, Maria Fernanda Godinho. 21 de octubre de 2021 <\/li>\n\n\n\n<li><a href=\"https:\/\/rioonwatch.org\/?p=66705\" target=\"_blank\" rel=\"noreferrer noopener\">Seminario Nacional Favela CLT, Parte 2: Ejemplos Internacionales, Potencialidades y Desaf\u00edos<\/a>, Gabriela Buffon Vargas y Julio Santos Filho, 5 de septiembre de 2021<\/li>\n\n\n\n<li><a href=\"https:\/\/rioonwatch.org\/?p=66660\" target=\"_blank\" rel=\"noreferrer noopener\">Seminario Nacional Favela Community Land Trust, 1\u00aa Parte: Propiedad Colectiva y Seguridad de la Tenencia<\/a>, Eduardo Antunez Rolle, con traducci\u00f3n de Grant Brown y Trisha Ponti, 1 de septiembre de 2021<\/li>\n\n\n\n<li><a href=\"https:\/\/rioonwatch.org\/?p=62711\" target=\"_blank\" rel=\"noreferrer noopener\">Los Fideicomisos de Tierras Comunitarias y la Lucha por el Derecho a la Ciudad: Di\u00e1logo sobre R\u00edo y Mozambique<\/a>, Tom\u00e1s Aboim, con traducci\u00f3n de Adrian Hooper, 11 de junio de 2021<\/li>\n\n\n\n<li><a href=\"https:\/\/rioonwatch.org\/?p=62034\" target=\"_blank\" rel=\"noreferrer noopener\">Un Enfoque Piramidal para Mejorar las Favelas de R\u00edo de Janeiro, Parte 2: Regularizaci\u00f3n, Necesidades B\u00e1sicas y Participaci\u00f3n Comunitaria<\/a>, Natalia Mel\u00e9ndez Fuentes, 9 de septiembre de 2020<\/li>\n\n\n\n<li><a href=\"https:\/\/rioonwatch.org\/?p=56100\" target=\"_blank\" rel=\"noreferrer noopener\">The Growth of the Global CLT Movement, Part 6: Seeding Favela-CLTs in Brazil, Felipe Litsek, con traducci\u00f3n de Edmund Ruge<\/a>, 7 de octubre de 2019.<\/li>\n\n\n\n<li><a href=\"https:\/\/rioonwatch.org\/?p=46991\" target=\"_blank\" rel=\"noreferrer noopener\">Talleres Favela CLT, Parte 3: Presentaci\u00f3n a las Autoridades P\u00fablicas y Reflexiones Finales<\/a>, Tyler Strobl, 29 de diciembre de 2018<\/li>\n\n\n\n<li><a href=\"https:\/\/rioonwatch.org\/?p=49277\" target=\"_blank\" rel=\"noreferrer noopener\">Talleres Favela CLT, Parte 2: Taller Legislativo, Debatiendo una Ley CLT en Brasil<\/a>, Priscilla Mayrink y Tyler Strobl, con traducci\u00f3n de Habib Msallem, 3 de diciembre de 2018.<\/li>\n\n\n\n<li><a href=\"https:\/\/rioonwatch.org\/?p=48879\" target=\"_blank\" rel=\"noreferrer noopener\">Favela Community Land Trusts, Blockchain, Sustainability Discussed at ColaborAm\u00e9rica<\/a>, By Jorge Sanchez Garcia, November 16, 2018<\/li>\n\n\n\n<li><a href=\"https:\/\/rioonwatch.org\/?p=48381\" target=\"_blank\" rel=\"noreferrer noopener\">Talleres Favela CLT, Parte 1: Taller Comunitario, Metodolog\u00eda y Pr\u00e1ctica<\/a>, Priscilla Mayrink, con traducci\u00f3n de Carolyn Oliveira, 12 de noviembre de 2018<\/li>\n\n\n\n<li><a href=\"https:\/\/rioonwatch.org\/?p=47113\" target=\"_blank\" rel=\"noreferrer noopener\">Favela Community Land Trusts, Part 4: Land Acquisition by the CLT<\/a>, Priscilla Mayrink y Tarcyla Fidalgo, con traducci\u00f3n de Ava Rose Hoffman, 2 de octubre de 2018.<\/li>\n\n\n\n<li><a href=\"https:\/\/rioonwatch.org\/?p=47078\" target=\"_blank\" rel=\"noreferrer noopener\">Favela Community Land Trusts, Part 3: Creating a Legal Entity to Form a CLT<\/a>, Priscilla Mayrink y Tarcyla Fidalgo, con traducci\u00f3n de Jiselle Steele, 1 de octubre de 2018.<\/li>\n\n\n\n<li><a href=\"https:\/\/rioonwatch.org\/?p=46811\" target=\"_blank\" rel=\"noreferrer noopener\">Favela Community Land Trusts, Part 2: The Basics of Applying the CLT Model in Favelas<\/a>, Priscilla Mayrink y Tarcyla Fidalgo, con traducci\u00f3n de Laura Bachmann, 29 de septiembre de 2018.<\/li>\n\n\n\n<li><a href=\"https:\/\/rioonwatch.org\/?p=46511\" target=\"_blank\" rel=\"noreferrer noopener\">Fideicomisos Comunitarios de Tierras de Favelas, Parte 1: Comprender la idea y las posibilidades para las favelas<\/a>, Priscilla Mayrink y Tarcyla Fidalgo, con traducci\u00f3n de Habib Msallem, 26 de septiembre de 2018.<\/li>\n\n\n\n<li><a href=\"https:\/\/rioonwatch.org\/?p=47186\" target=\"_blank\" rel=\"noreferrer noopener\">\u00bfUn puente demasiado lejos? \u00bfT\u00edtulos de propiedad para qu\u00e9? Los Debates sobre las Favelas en R\u00edo Hablan Lenguas Muy Distintas <\/a>Ezra Spira-Cohen, 24 de septiembre de 2018<\/li>\n\n\n\n<li><a href=\"https:\/\/rioonwatch.org\/?p=33041\" target=\"_blank\" rel=\"noreferrer noopener\">Lecciones de pol\u00edtica de vivienda de las favelas de R\u00edo Parte 5: Proponer soluciones<\/a>, David Robertson, 3 de enero de 2017<\/li>\n\n\n\n<li><a href=\"https:\/\/rioonwatch.org\/?p=25330\" target=\"_blank\" rel=\"noreferrer noopener\">La Favela como Patrimonio Comunitario de la Tierra: \u00bfUna soluci\u00f3n al desahucio y la gentrificaci\u00f3n?<\/a>David Robertson y Theresa Williamson, 15 de noviembre de 2016<\/li>\n\n\n\n<li><a href=\"https:\/\/rioonwatch.org\/?p=33033\" target=\"_blank\" rel=\"noreferrer noopener\">Lecciones de pol\u00edtica de vivienda de las favelas de R\u00edo Parte 3: Desconfianza, gentrificaci\u00f3n y titulaci\u00f3n<\/a>, David Robertson, 31 de octubre de 2016<\/li>\n\n\n\n<li><a href=\"https:\/\/rioonwatch.org\/?p=19916\" target=\"_blank\" rel=\"noreferrer noopener\">Madonna y los Riesgos de la Titulaci\u00f3n de Tierras<\/a>, Theresa Williamson, con traducci\u00f3n de Luana Gama, 29 de enero de 2015<\/li>\n\n\n\n<li><a href=\"https:\/\/rioonwatch.org\/?p=14907\" target=\"_blank\" rel=\"noreferrer noopener\">Hacia una mejor comprensi\u00f3n de la participaci\u00f3n ciudadana: La escalera de Sherry Arnstein<\/a>, Kimberly Farnham, 29 de mayo de 2014<\/li>\n\n\n\n<li><a href=\"https:\/\/rioonwatch.org\/?p=14840\" target=\"_blank\" rel=\"noreferrer noopener\">El Instituto Brasile\u00f1o de Arquitectos pide la protecci\u00f3n de las favelas<\/a>, Andr\u00e9 Balocco y Tassia Di Carvalho, con traducci\u00f3n de Ollie Davies, 10 de mayo de 2014<\/li>\n\n\n\n<li><a href=\"https:\/\/rioonwatch.org\/?p=11075\" target=\"_blank\" rel=\"noreferrer noopener\">Construir la Ciudad Singular: Tenencia de la tierra y planificaci\u00f3n urbana en las favelas de R\u00edo de Janeiro<\/a>, Theresa Williamson, 19 de septiembre de 2013<\/li>\n\n\n\n<li><a href=\"https:\/\/rioonwatch.org\/?p=3148\" target=\"_blank\" rel=\"noreferrer noopener\">\u00bfFideicomisos de Tierras Comunitarias de Favelas?<\/a>Jake Cummings, 16 de marzo de 2012<\/li>\n<\/ul>\n\n<h3 class=\"wp-block-heading\" id=\"h-book-chapters-journal-articles-english\" style=\"font-size:clamp(15.747px, 0.984rem + ((1vw - 3.2px) * 0.645), 24px);\">Cap\u00edtulos de libros \/ Art\u00edculos de revistas (ingl\u00e9s)<\/h3>\n\n<ul class=\"wp-block-list\">\n<li><a href=\"https:\/\/www.cltweb.org\/wp-content\/uploads\/2024\/11\/CH12.pdf\" target=\"_blank\" rel=\"noreferrer noopener\">Fideicomisos Comunitarios de Tierras en Asentamientos Informales: Adapting Features of Puerto Rico&#8217;s Ca\u00f1o Mart\u00edn Pe\u00f1a CLT to Address Land Insecurity in the Favelas of Rio de Janeiro, Brazil<\/a><br\/>Tarcyla Fidalgo Ribeiro, Line Algoed, Mar\u00eda E. Hern\u00e1ndez-Torrales, Lyvia Rodr\u00edguez Del Valle, Alejandro Cott\u00e9 Morales, and Theresa Williamson, <em>On Common Ground<\/em>, Terra Nostra Press, 2020<\/li>\n\n\n\n<li><a href=\"https:\/\/www.cambridge.org\/core\/journals\/social-policy-and-society\/article\/abs\/collective-property-rights-and-social-citizenship-recent-trends-in-urban-latin-america\/F13ED1CF6D7754A439C579F9774122D4\" target=\"_blank\" rel=\"noreferrer noopener\">Derechos de Propiedad Colectiva y Ciudadan\u00eda Social: Tendencias recientes en la Am\u00e9rica Latina urbana<\/a>, Diane Davis E. Davis y Jos\u00e9 Carlos Fern\u00e1ndez, <em>Pol\u00edtica Social y Sociedad<\/em>, 26 de noviembre de 2019<\/li>\n<\/ul>\n\n<h3 class=\"wp-block-heading\" id=\"h-other-news-articles-english\" style=\"font-size:clamp(15.747px, 0.984rem + ((1vw - 3.2px) * 0.645), 24px);\">Otros art\u00edculos de noticias (en ingl\u00e9s)<\/h3>\n\n<ul class=\"wp-block-list\">\n<li><a href=\"https:\/\/world-habitat.org\/news\/news-updates\/next-phase-progresses-for-establishing-community-land-trusts-across-brazil\/\" target=\"_blank\" rel=\"noreferrer noopener\">Avanza la siguiente fase para establecer Fideicomisos Comunitarios de Tierras en todo Brasil<\/a>, H\u00e1bitat Mundial, 14 de junio de 2021<\/li>\n\n\n\n<li><a href=\"https:\/\/diplomatique.org.br\/pandemics-housing-crisis-and-the-value-of-community-led-housing-initiatives-in-the-global-south\/\" target=\"_blank\" rel=\"noreferrer noopener\">Pandemias, crisis de vivienda y el valor de las iniciativas de vivienda dirigidas por la comunidad en el sur global<\/a>, Thaisa Comelli, Tucker Landesman y Alexandre Apsan Frediani, Le Monde, 13 de mayo de 2021.<\/li>\n\n\n\n<li><a href=\"https:\/\/world-habitat.org\/news\/news-updates\/brazils-first-community-land-trust\/\" target=\"_blank\" rel=\"noreferrer noopener\">El primer Fondo Comunitario de Tierras de Brasil<\/a>, H\u00e1bitat Mundial, 8 de septiembre de 2020<\/li>\n\n\n\n<li><a href=\"https:\/\/www.lincolninst.edu\/pt-br\/publications\/articles\/community-land-trusts-rios-favelas\" target=\"_blank\" rel=\"noreferrer noopener\">Community Land Trusts in Rio&#8217;s Favelas<\/a>, Theresa Williams, <em>Land Lines<\/em>, julio de 2018<\/li>\n\n\n\n<li><a href=\"https:\/\/braziltalkdotorg1.wordpress.com\/2015\/02\/07\/development-without-displacement-in-favela-do-vidigal\/\" target=\"_blank\" rel=\"noreferrer noopener\">Desarrollo sin desplazamiento en Favela do Vidigal<\/a>, Anthony Scott, <em>Brasil Charla<\/em>, 7 de febrero de 2015<\/li>\n<\/ul>\n\n<h3 class=\"wp-block-heading\" id=\"h-photo-galleries\" style=\"font-size:clamp(15.747px, 0.984rem + ((1vw - 3.2px) * 0.645), 24px);\">Galer\u00edas de fotos<\/h3>\n\n<ul class=\"wp-block-list\">\n<li><a href=\"https:\/\/www.flickr.com\/photos\/catcomm\/albums\/72157711455691401\" target=\"_blank\" rel=\"noreferrer noopener\">Comunidad de Trapicheiros<\/a><\/li>\n\n\n\n<li><a href=\"https:\/\/www.flickr.com\/photos\/catcomm\/albums\/72157639180057596\" target=\"_blank\" rel=\"noreferrer noopener\">Comunidad Esperan\u00e7a<\/a><\/li>\n<\/ul>\n\n<h3 class=\"wp-block-heading\" id=\"h-portuguese-outreach-materials\" style=\"font-size:clamp(15.747px, 0.984rem + ((1vw - 3.2px) * 0.645), 24px);\">Material de divulgaci\u00f3n en portugu\u00e9s<\/h3>\n\n<ul class=\"wp-block-list\">\n<li><a href=\"https:\/\/static1.squarespace.com\/static\/604bd897618ad1188169cd5a\/t\/608c109793b8ff1a678ad3bc\/1619792029884\/Termo-Territorial-Coletivo-folder-2020.pdf\" target=\"_blank\" rel=\"noreferrer noopener\">Folleto Favela CLT<\/a><\/li>\n\n\n\n<li><a href=\"https:\/\/static1.squarespace.com\/static\/604bd897618ad1188169cd5a\/t\/61b3b210d485a9398f05e634\/1639166484701\/Cartilha+-+Como+come%C3%A7ar+um+TTC_+%281%29+%282%29.pdf\" target=\"_blank\" rel=\"noreferrer noopener\">C\u00f3mo poner en marcha un CLT<\/a><\/li>\n<\/ul>\n\n<h3 class=\"wp-block-heading\" id=\"h-publications-in-portuguese\" style=\"font-size:clamp(15.747px, 0.984rem + ((1vw - 3.2px) * 0.645), 24px);\">Publicaciones en portugu\u00e9s<\/h3>\n\n<ul class=\"wp-block-list\">\n<li>Ant\u00e3o, Renata. C. N. y Tarcyla Fidalgo Ribeiro. 2019. Termo Territorial Coletivo: Instrumento de &#8220;costura&#8221; entre o Planejamento Urbano e o Direito em Prol do Incremento da Seguran\u00e7a da Posse. XVIII Enanpur. Anais. Natal: ANPUR, 2019. Disponible en: <a href=\"\">https:\/\/www.termoterritorialcoletivo.org\/biblioteca-termo-territorial-coletivo\/termo-territorial-coletivo-planejamento-urbano-e-o-direito-em-prol-do-incremento-da-segurana-da-posse.<\/a>       <\/li>\n\n\n\n<li>&#8212;. 2020. O cooperativismo habitacional e a gest\u00e3o coletiva da propriedade como garantia da seguran\u00e7a da posse de popula\u00e7\u00f5es vulnerabilizadas: O Community Land Trust. Revista De Gest\u00e3o E Organiza\u00e7\u00f5es Cooperativas, <em>7<\/em>(14), 119\u2013132. Dispon\u00edvel em: <a href=\"\">&lt;https:\/\/www.researchgate.net\/publication\/349187072_O_cooperativismo_habitacional_e_a_gestao_coletiva_da_propriedade_como_garantia_da_seguranca_da_posse_de_populacoes_vulnerabilizadas_O_Community_Land_Trust&gt;<\/a>   <\/li>\n\n\n\n<li>Thaisa Comelli, Thaisa, Landesman, Tucker y Apsan Frediani, Alexandre. 2021. A import\u00e2ncia das experi\u00eancias de moradias de iniciativa comunit\u00e1ria, Le Monde,<\/li>\n\n\n\n<li>Cotto C\u00e1ndida. 2020. En busca de tierras a perpetuidad para la agricultura sostenible. <em>Claridad:<\/em> <a href=\"\">https:\/\/www.claridadpuertorico.com\/en-busca-de-tierras-a-perpetuidad-para-la-agricultura-sostenible\/<\/a>  <\/li>\n\n\n\n<li>Fidalgo Ribeiro, Tarcyla y Renata Ant\u00e3o. 2018. A gest\u00e3o coletiva da propriedade como garantia da seguran\u00e7a da posse de popula\u00e7\u00f5es vulnerabilizadas: os termos comunit\u00e1rios territoriais (tct) e as possibilidades no ordenamento jur\u00eddico brasileiro. En: Congresso observat\u00f3rio das metr\u00f3poles 20 anos: 2018, Rio de Janeiro. As metr\u00f3poles e o direito \u00e0 cidade: dilemas, desafios e esperan\u00e7as, p. 2329-2352. Disponible en: <a href=\"\">&lt;https:\/\/www.researchgate.net\/publication\/335255662_A_GESTAO_COLETIVA_DA_PROPRIEDADE_COMO_GARANTIA_DA_SEGURANCA_DA_POSSE_DE_POPULACOES_VULNERABILIZADAS_OS_TERMOS_COMUNITARIOS_TERRITORIAIS_TCT_E_AS_POSSIBILIDADES_NO_ORDENAMENTO_JURIDICO_BRASILEIRO&gt;<\/a>     <\/li>\n\n\n\n<li>&#8212;. 2019. Os community land trusts como instrumento de resist\u00eancia aos projetos urbanos neoliberais. Revista do programa de p\u00f3s-gradua\u00e7\u00e3o em arquitetura e urbanismo da FAU-USP, v. 26, p. 01. Dispon\u00edvel em: <a href=\"\">&lt;https:\/\/www.revistas.usp.br\/posfau\/article\/view\/154694\/158304&gt;<\/a>   <\/li>\n\n\n\n<li>&#8212;. 2021. O Termo Territorial Coletivo como Alternativa Emancipat\u00f3ria \u00e0 Aplica\u00e7\u00e3o da Propriedade Privada Cl\u00e1ssica: Uma Mudan\u00e7a de Perspectiva. In: Diogo R. Coutinho; Fl\u00e1vio Marques Prol; D\u00e9bora Ungaretti; Iag\u00ea Z. Miola; Tomaso Ferrando. (Org.). Propriedades em transforma\u00e7\u00e3o: expandindo a agenda de pesquisa. 1ed.S\u00e3o Paulo: Blucher, 2021, v. 2, p. 188-2010. Dispon\u00edvel em: <a href=\"\">&lt;https:\/\/www.researchgate.net\/publication\/335255345_O_TERMO_TERRITORIAL_COLETIVO_COMO_ALTERNATIVA_EMANCIPATORIA_A_APLICACAO_DA_PROPRIEDADE_PRIVADA_CLASSICA_UMA_MUDANCA_DE_PERSPECTIVA&gt;<\/a>      <\/li>\n\n\n\n<li>Fidalgo Ribeiro, Tarcyla. 2018. Parecer Jur\u00eddico sobre Legisla\u00e7\u00e3o Brasileira em Rela\u00e7\u00e3o ao Instrumento TTC, Preparado para o Lincoln Institute of Land Policy. Disponible en <a href=\"\" target=\"\" rel=\"\">&lt;https:\/\/comcat.org\/wp-content\/uploads\/2018\/08\/2018-04-Parecer-juridico-TTC-por-Tarcyla-Fidalgo-LILP.pdf&gt;<\/a>.   <\/li>\n\n\n\n<li>&#8212;. 2020. \u201cOs \u201cCommunity Land Trusts\u201d: potencialidades e desafios de sua implementa\u00e7\u00e3o nas cidades brasileiras\u201d. Revista de Direito da Cidade, Rio de Janeiro, v. 12, n.1, 609-631. Dispon\u00edvel em: <a href=\"\">&lt;https:\/\/www.researchgate.net\/publication\/341037661_Os_Community_Land_Trusts_potencialidades_e_desafios_de_sua_implementacao_nas_cidades_brasileiras&gt;<\/a>.   <\/li>\n\n\n\n<li>&#8212;. 2021. O &#8216;Community Land Trust&#8217; como instrumento de resili\u00eancia urbana: possibilidades a partir da expectativa de sua implementa\u00e7\u00e3o. In: II Encuentro de la Red de Asentamientos Populares &#8211; ENRAP, Buenos Aires. Pandemia, crisis y oportunidades para el h\u00e1bitat popular. Buenos Aires: FAu-UNNE, 2021. v. 1. p. 601-613. Dispon\u00edvel em:<a href=\"\">&lt;https:\/\/drive.google.com\/file\/d\/15N1UPsiV1c9fSOqAawNCdHqsnOJ0unS0\/view&gt;<\/a>       <\/li>\n\n\n\n<li>&#8212;. 2021. O Termo Territorial Coletivo e o Direito \u00e0 Moradia Adequada: potencialidades a partir de uma experi\u00eancia do Programa Minha Casa Minha Vida &#8211; Entidades. In: Adauto L. Cardoso; Camila D&#8217;Ottaviano. (Org.). Habita\u00e7\u00e3o e Direito \u00e0 Cidade desafios para as metr\u00f3poles em tempos de crise. 1ed. Rio de Janeiro: <em>Letra Capital<\/em>, v. 1, p. 78-107. Dispon\u00edvel em: <a href=\"\">&lt;https:\/\/www.researchgate.net\/publication\/350887240_O_TERMO_TERRITORIAL_COLETIVO_E_O_DIREITO_A_MORADIA_ADEQUADA_potencialidades_a_partir_de_uma_experiencia_do_Programa_Minha_Casa_Minha_Vida-Entidades&gt;<\/a>       <\/li>\n\n\n\n<li>&#8212;. 2021. Novas perspectivas para a gest\u00e3o coletiva territorial e fundi\u00e1ria: O termo territorial coletivo. In: Margareth Matiko Uemura et al.. (Org.). ATHIS para o direito \u00e0 moradia. 1ed.S\u00e3o Paulo: <em>P\u00f3lis<\/em>, v. 1, p. 153-162. Dispon\u00edvel em: <a href=\"\">&lt;https:\/\/polis.org.br\/wp-content\/uploads\/2021\/12\/ATHIS-DIREITO-A-MORADIA_nov2021.pdf&gt;<\/a>      <\/li>\n\n\n\n<li>&#8212;. 2021. O termo territorial coletivo como alternativa emancipat\u00f3ria \u00e0 aplica\u00e7\u00e3o da propriedade privada cl\u00e1ssica uma mudan\u00e7a de perspectiva. <em>Academia<\/em>. <\/li>\n\n\n\n<li>Fidalgo Ribeiro, Tarcyla y F. Litsek. 2021. O Termo Territorial Coletivo e a gest\u00e3o comunit\u00e1ria da terra, Observat\u00f3rio das Metr\u00f3poles.    <a href=\"https:\/\/www.observatoriodasmetropoles.net.br\/o-termo-territorial-coletivo-e-a-gestao-comunitaria-da-terra\/\" target=\"_blank\" rel=\"noreferrer noopener\">https:\/\/www.observatoriodasmetropoles.net.br\/o-termo-territorial-coletivo-e-a-gestao-comunitaria-da-terra\/<\/a><\/li>\n\n\n\n<li>&#8212;. 2020. Novos olhares sobre a Lei 13.465\/17: Potencialidades no Fortalecimento das Comunidades atrav\u00e9s dos Termos Territoriais Coletivos. InSURg\u00eancia: revista de direitos e movimentos sociais, <em>Bras\u00edlia<\/em>, v. 6, n. 2, 2020. Dispon\u00edvel em: <a href=\"\">&lt;https:\/\/periodicos.unb.br\/index.php\/insurgencia\/article\/view\/31968&gt;<\/a>.    <\/li>\n\n\n\n<li>&#8212;. 2021. Construindo caminhos para o direito \u00e0 cidade: a contribui\u00e7\u00e3o do Termo Territorial Coletivo. En: Edesio Fernandes et al.. (Org.). El derecho a la ciudad frente a los desaf\u00edos actuales. 1ed. Buenos Aires: <em>CLACSO<\/em>, 2021, v. 2, p. 107-118. Dispon\u00edvel em: <a href=\"\">&lt;https:\/\/static1.squarespace.com\/static\/604bd897618ad1188169cd5a\/t\/61aa8482c932dd0babc66710\/1638565014300\/V2_Desigualdades-urbanas_CuadN2+%281%29.pdf&gt;<\/a> <\/li>\n\n\n\n<li>Litsek, F. A. 2019. Experi\u00eancia dos Termos Territoriais Coletivos na Promo\u00e7\u00e3o de Moradia Acess\u00edvel e Resist\u00eancia \u00e0 Mercantiliza\u00e7\u00e3o da Terra. Revista E-Metropolis, Rio de Janeiro, n. 39, ano 10, 2019. Disponible en: <a href=\"\">&lt;http:\/\/emetropolis.net\/artigo\/305?name=a-experiencia-dos-termos-territoriais-coletivos-na-promocao-de-moradia-acessivel-e-resistencia-a-mercantilizacao-da-terra&gt;<\/a>.    <\/li>\n\n\n\n<li>Litsek, Felipe y Rebeca Landeiro. 2021. El Tercer Territorio Colectivo en Am\u00e9rica Latina: Di\u00e1logos entre Brasil y Puerto Rico. <em>RioOnWatch<\/em> (02-12-21). <a href=\"\">https:\/\/rioonwatch.org.br\/?p=59554<\/a>  <\/li>\n\n\n\n<li>Santos, R. L. 2021. El Estado y la Especulaci\u00f3n Fundiaria en las Favelas: Um estudo sobre o Termo Territorial Coletivo. Disponible en: <a href=\"\">&lt;https:\/\/issuu.com\/rebecalandeiro\/docs\/csderno_ilustrado_para_issuu&gt;<\/a>  <\/li>\n\n\n\n<li>Sotto, D. 2017. Redescobrindo o direito de superf\u00edcie atrav\u00e9s dos Community Land Trusts: alternativas para a realiza\u00e7\u00e3o do direito \u00e0 moradia adequada no Brasil. En: Vieira, Bruno Soeiro. (Org.). Instrumentos Urban\u00edsticos e sua (in)efetividade. 1ed. R\u00edo de Janeiro: Lumen Juris, v. 1, p. 157-174. Disponible en: <a href=\"\">&lt;https:\/\/www.researchgate.net\/publication\/323548192_Redescobrindo_o_direito_de_superficie_atraves_dos_Community_Land_Trusts_alternativas_para_a_realizacao_do_direito_a_moradia_adequada_no_Brasil&gt;<\/a>.       <\/li>\n\n\n\n<li>Williamson, Theresa. 2018. O Termo Territorial Coletivo (TTC) Aplicado \u00e0s Favelas Poderia Resolver a Crise Mundial de Moradia? <em>Land Lines<\/em>, p. 8-23. Disponible en: <a href=\"\">&lt;https:\/\/comcat.org\/wp-content\/uploads\/2018\/08\/O-Termo-Territorial-Coletivo-TTC-Aplicado-a%CC%80s-Favelas-Poderia-Resolver-a-Crise-Mundial-de-Moradia.pdf&gt;<\/a>   <\/li>\n<\/ul>\n\n<h3 class=\"wp-block-heading\" id=\"h-videos\" style=\"font-size:clamp(15.747px, 0.984rem + ((1vw - 3.2px) * 0.645), 24px);\">V\u00eddeos<\/h3>\n\n<ul class=\"wp-block-list\">\n<li>La Experiencia de los CLT en Am\u00e9rica Latina, Festival Octubre Urbano\/CLT, 21 de octubre de 2021. <a href=\"https:\/\/vimeo.com\/637867077\" target=\"_blank\" rel=\"noreferrer noopener\">Ingl\u00e9s<\/a> <a href=\"https:\/\/vimeo.com\/638837316\" target=\"_blank\" rel=\"noreferrer noopener\">Espa\u00f1ol<\/a><\/li>\n\n\n\n<li><a href=\"https:\/\/youtu.be\/Nwib-mToMHw\" target=\"_blank\" rel=\"noreferrer noopener\">Audiencia p\u00fablica sobre la Favela-CLT<\/a>, Rio TV C\u00e2mara, 28 de septiembre de 2021<\/li>\n\n\n\n<li><a href=\"https:\/\/youtu.be\/gA4UtSQw2Ec\" target=\"_blank\" rel=\"noreferrer noopener\">Termo Territorial Coletivo &#8211; Passeio pela Rocinha<\/a>, v\u00eddeo de Rebeca Landeiro, 8 de septiembre de 2021<\/li>\n\n\n\n<li><a href=\"https:\/\/youtu.be\/0-lvmDPtNZc\" target=\"_blank\" rel=\"noreferrer noopener\">\u00bfQu\u00e9 es el Territorio Territorial Colectivo (TTC)? #ANIMA\u00c7\u00c3O\n [What&#8217;s a Favela Community Land Trust?]<\/a>, RioOnWatch TV, 21 de mayo de 2021<\/li>\n\n\n\n<li><a href=\"https:\/\/youtu.be\/WtN0UrLNEkQ\" target=\"_blank\" rel=\"noreferrer noopener\">Garantizar los derechos sobre la tierra: Community Land Trusts in Informal Settlements<\/a>, H\u00e1bitat Mundial, 29 de octubre de 2020<\/li>\n\n\n\n<li><a href=\"https:\/\/youtu.be\/Pkqqwxu_Rgc\" target=\"_blank\" rel=\"noreferrer noopener\">O Termo Territorial Coletivo como Instrumento de Transforma\u00e7\u00e3o da Realidade Urbana<\/a>, Urban October\/RioOnWatch TV, 21 de octubre de 2020<\/li>\n\n\n\n<li><a href=\"https:\/\/youtu.be\/xAVZrpIesqw\" target=\"_blank\" rel=\"noreferrer noopener\">Apresenta\u00e7\u00e3o da Estrutura do Termo Territorial Coletivo (TTC),<\/a> por Tarcyla Fidalgo, RioOnWatch TV, 28 de Julho de 2020<\/li>\n\n\n\n<li><a href=\"https:\/\/youtu.be\/1JOkffuPEnU\" target=\"_blank\" rel=\"noreferrer noopener\">The Potential of Community Land Trusts in Rio&#8217;s Favelas<\/a>, Theresa Williamson, Lincoln Institute of Land Policy, 7 de diciembre de 2017.<\/li>\n<\/ul>\n\n<h3 class=\"wp-block-heading\" id=\"h-websites\" style=\"font-size:clamp(15.747px, 0.984rem + ((1vw - 3.2px) * 0.645), 24px);\">P\u00e1ginas web<\/h3>\n\n<ul class=\"wp-block-list\">\n<li><a href=\"https:\/\/www.termoterritorialcoletivo.org\/\" target=\"_blank\" rel=\"noreferrer noopener\">Favela Community Land Trust \/ Termo Territorial Coletivo<\/a><\/li>\n\n\n\n<li><a href=\"https:\/\/catcomm.org\/favela-community-land-trust\/\" target=\"_blank\" rel=\"noreferrer noopener\">Comunidades catalizadoras<\/a>\n<ul class=\"wp-block-list\">\n<li><a href=\"https:\/\/catcomm.org\/clt-pubs\/\" target=\"_blank\" rel=\"noreferrer noopener\">Favela Community Land Trust Publicaciones y Presentaciones<\/a><\/li>\n\n\n\n<li><a href=\"https:\/\/en.wikipedia.org\/wiki\/Catalytic_Communities\" target=\"_blank\" rel=\"noreferrer noopener\">Entrada de Wikipedia<\/a><\/li>\n<\/ul>\n<\/li>\n<\/ul>\n","protected":false},"excerpt":{"rendered":"<p>El proyecto brasile\u00f1o de Fideicomiso de Tierras Comunitarias de Favelas(Termo Territorial Coletivo), desarrollado por Catalytic Communities en colaboraci\u00f3n con varios organismos p\u00fablicos, instituciones privadas, universidades y l\u00edderes comunitarios, se inspira [&hellip;]<\/p>\n","protected":false},"author":1,"featured_media":0,"parent":3141,"menu_order":0,"comment_status":"closed","ping_status":"closed","template":"","meta":{"give_campaign_id":0,"_tec_requires_first_save":true,"_kad_blocks_custom_css":"","_kad_blocks_head_custom_js":"","_kad_blocks_body_custom_js":"","_kad_blocks_footer_custom_js":"","_EventAllDay":false,"_EventTimezone":"","_EventStartDate":"","_EventEndDate":"","_EventStartDateUTC":"","_EventEndDateUTC":"","_EventShowMap":false,"_EventShowMapLink":false,"_EventURL":"","_EventCost":"","_EventCostDescription":"","_EventCurrencySymbol":"","_EventCurrencyCode":"","_EventCurrencyPosition":"","_EventDateTimeSeparator":"","_EventTimeRangeSeparator":"","_EventOrganizerID":[],"_EventVenueID":[],"_OrganizerEmail":"","_OrganizerPhone":"","_OrganizerWebsite":"","_VenueAddress":"","_VenueCity":"","_VenueCountry":"","_VenueProvince":"","_VenueState":"","_VenueZip":"","_VenuePhone":"","_VenueURL":"","_VenueStateProvince":"","_VenueLat":"","_VenueLng":"","_VenueShowMap":false,"_VenueShowMapLink":false,"_tribe_blocks_recurrence_rules":"","_tribe_blocks_recurrence_description":"","_tribe_blocks_recurrence_exclusions":"","footnotes":""},"categories":[156],"tags":[],"class_list":["post-3742","page","type-page","status-publish","hentry","category-sur-global"],"blocksy_meta":[],"yoast_head":"<!-- This site is optimized with the Yoast SEO Premium plugin v27.4 (Yoast SEO v27.5) - https:\/\/yoast.com\/product\/yoast-seo-premium-wordpress\/ -->\n<title>Brasil - International Center for Community Land Trusts<\/title>\n<meta name=\"robots\" content=\"index, follow, max-snippet:-1, max-image-preview:large, max-video-preview:-1\" \/>\n<link rel=\"canonical\" href=\"https:\/\/www.cltweb.org\/es\/biblioteca-de-recursos\/sur-global\/brasil\/\" \/>\n<meta property=\"og:locale\" content=\"es_ES\" \/>\n<meta property=\"og:type\" content=\"article\" \/>\n<meta property=\"og:title\" content=\"Brasil\" \/>\n<meta property=\"og:description\" content=\"El proyecto brasile\u00f1o de Fideicomiso de Tierras Comunitarias de Favelas(Termo Territorial Coletivo), desarrollado por Catalytic Communities en colaboraci\u00f3n con varios organismos p\u00fablicos, instituciones privadas, universidades y l\u00edderes comunitarios, se inspira [&hellip;]\" \/>\n<meta property=\"og:url\" content=\"https:\/\/www.cltweb.org\/es\/biblioteca-de-recursos\/sur-global\/brasil\/\" \/>\n<meta property=\"og:site_name\" content=\"International Center for Community Land Trusts\" \/>\n<meta property=\"article:publisher\" content=\"https:\/\/www.facebook.com\/cltcenter\" \/>\n<meta property=\"article:modified_time\" content=\"2025-01-09T15:17:56+00:00\" \/>\n<meta property=\"og:image\" content=\"https:\/\/www.cltweb.org\/wp-content\/uploads\/2024\/10\/TTC-logo.png\" \/>\n\t<meta property=\"og:image:width\" content=\"288\" \/>\n\t<meta property=\"og:image:height\" content=\"120\" \/>\n\t<meta property=\"og:image:type\" content=\"image\/png\" \/>\n<meta name=\"twitter:card\" content=\"summary_large_image\" \/>\n<meta name=\"twitter:site\" content=\"@Center4CLTs\" \/>\n<meta name=\"twitter:label1\" content=\"Tiempo de lectura\" \/>\n\t<meta name=\"twitter:data1\" content=\"11 minutos\" \/>\n<script type=\"application\/ld+json\" class=\"yoast-schema-graph\">{\"@context\":\"https:\\\/\\\/schema.org\",\"@graph\":[{\"@type\":\"WebPage\",\"@id\":\"https:\\\/\\\/www.cltweb.org\\\/es\\\/biblioteca-de-recursos\\\/sur-global\\\/brasil\\\/\",\"url\":\"https:\\\/\\\/www.cltweb.org\\\/es\\\/biblioteca-de-recursos\\\/sur-global\\\/brasil\\\/\",\"name\":\"Brasil - International Center for Community Land Trusts\",\"isPartOf\":{\"@id\":\"https:\\\/\\\/www.cltweb.org\\\/es\\\/#website\"},\"primaryImageOfPage\":{\"@id\":\"https:\\\/\\\/www.cltweb.org\\\/es\\\/biblioteca-de-recursos\\\/sur-global\\\/brasil\\\/#primaryimage\"},\"image\":{\"@id\":\"https:\\\/\\\/www.cltweb.org\\\/es\\\/biblioteca-de-recursos\\\/sur-global\\\/brasil\\\/#primaryimage\"},\"thumbnailUrl\":\"https:\\\/\\\/www.cltweb.org\\\/wp-content\\\/uploads\\\/2024\\\/10\\\/TTC-logo.png\",\"datePublished\":\"2024-10-19T19:41:50+00:00\",\"dateModified\":\"2025-01-09T15:17:56+00:00\",\"breadcrumb\":{\"@id\":\"https:\\\/\\\/www.cltweb.org\\\/es\\\/biblioteca-de-recursos\\\/sur-global\\\/brasil\\\/#breadcrumb\"},\"inLanguage\":\"es\",\"potentialAction\":[{\"@type\":\"ReadAction\",\"target\":[\"https:\\\/\\\/www.cltweb.org\\\/es\\\/biblioteca-de-recursos\\\/sur-global\\\/brasil\\\/\"]}]},{\"@type\":\"ImageObject\",\"inLanguage\":\"es\",\"@id\":\"https:\\\/\\\/www.cltweb.org\\\/es\\\/biblioteca-de-recursos\\\/sur-global\\\/brasil\\\/#primaryimage\",\"url\":\"https:\\\/\\\/www.cltweb.org\\\/wp-content\\\/uploads\\\/2024\\\/10\\\/TTC-logo.png\",\"contentUrl\":\"https:\\\/\\\/www.cltweb.org\\\/wp-content\\\/uploads\\\/2024\\\/10\\\/TTC-logo.png\"},{\"@type\":\"BreadcrumbList\",\"@id\":\"https:\\\/\\\/www.cltweb.org\\\/es\\\/biblioteca-de-recursos\\\/sur-global\\\/brasil\\\/#breadcrumb\",\"itemListElement\":[{\"@type\":\"ListItem\",\"position\":1,\"name\":\"Home\",\"item\":\"https:\\\/\\\/www.cltweb.org\\\/es\\\/\"},{\"@type\":\"ListItem\",\"position\":2,\"name\":\"Biblioteca de recursos\",\"item\":\"https:\\\/\\\/www.cltweb.org\\\/es\\\/biblioteca-de-recursos\\\/\"},{\"@type\":\"ListItem\",\"position\":3,\"name\":\"Sur Global\",\"item\":\"https:\\\/\\\/www.cltweb.org\\\/es\\\/biblioteca-de-recursos\\\/sur-global\\\/\"},{\"@type\":\"ListItem\",\"position\":4,\"name\":\"Brasil\"}]},{\"@type\":\"WebSite\",\"@id\":\"https:\\\/\\\/www.cltweb.org\\\/es\\\/#website\",\"url\":\"https:\\\/\\\/www.cltweb.org\\\/es\\\/\",\"name\":\"International Center for Community Land Trusts\",\"description\":\"\",\"publisher\":{\"@id\":\"https:\\\/\\\/www.cltweb.org\\\/es\\\/#organization\"},\"potentialAction\":[{\"@type\":\"SearchAction\",\"target\":{\"@type\":\"EntryPoint\",\"urlTemplate\":\"https:\\\/\\\/www.cltweb.org\\\/es\\\/?s={search_term_string}\"},\"query-input\":{\"@type\":\"PropertyValueSpecification\",\"valueRequired\":true,\"valueName\":\"search_term_string\"}}],\"inLanguage\":\"es\"},{\"@type\":\"Organization\",\"@id\":\"https:\\\/\\\/www.cltweb.org\\\/es\\\/#organization\",\"name\":\"International Center for Community Land Trusts\",\"url\":\"https:\\\/\\\/www.cltweb.org\\\/es\\\/\",\"logo\":{\"@type\":\"ImageObject\",\"inLanguage\":\"es\",\"@id\":\"https:\\\/\\\/www.cltweb.org\\\/es\\\/#\\\/schema\\\/logo\\\/image\\\/\",\"url\":\"https:\\\/\\\/www.cltweb.org\\\/wp-content\\\/uploads\\\/2024\\\/11\\\/New-CLT-Center-Text-logo.png\",\"contentUrl\":\"https:\\\/\\\/www.cltweb.org\\\/wp-content\\\/uploads\\\/2024\\\/11\\\/New-CLT-Center-Text-logo.png\",\"width\":227,\"height\":80,\"caption\":\"International Center for Community Land Trusts\"},\"image\":{\"@id\":\"https:\\\/\\\/www.cltweb.org\\\/es\\\/#\\\/schema\\\/logo\\\/image\\\/\"},\"sameAs\":[\"https:\\\/\\\/www.facebook.com\\\/cltcenter\",\"https:\\\/\\\/x.com\\\/Center4CLTs\",\"https:\\\/\\\/www.instagram.com\\\/cltcenter\\\/\",\"https:\\\/\\\/www.linkedin.com\\\/company\\\/cltcenter\",\"https:\\\/\\\/www.youtube.com\\\/@centerforcltinnovation5313\"],\"description\":\"The International Center for Community Land Trusts is a not-for-profit nongovernmental organization established in 2018 to promote and to support community land trusts and similar strategies of community-led development on community-owned land in countries throughout the world.\",\"email\":\"info@communitylandtrust.net\",\"legalName\":\"International Center for Community Land Trusts\",\"foundingDate\":\"2018-12-01\",\"taxID\":\"84-3858933\",\"numberOfEmployees\":{\"@type\":\"QuantitativeValue\",\"minValue\":\"1\",\"maxValue\":\"10\"}}]}<\/script>\n<!-- \/ Yoast SEO Premium plugin. -->","yoast_head_json":{"title":"Brasil - International Center for Community Land Trusts","robots":{"index":"index","follow":"follow","max-snippet":"max-snippet:-1","max-image-preview":"max-image-preview:large","max-video-preview":"max-video-preview:-1"},"canonical":"https:\/\/www.cltweb.org\/es\/biblioteca-de-recursos\/sur-global\/brasil\/","og_locale":"es_ES","og_type":"article","og_title":"Brasil","og_description":"El proyecto brasile\u00f1o de Fideicomiso de Tierras Comunitarias de Favelas(Termo Territorial Coletivo), desarrollado por Catalytic Communities en colaboraci\u00f3n con varios organismos p\u00fablicos, instituciones privadas, universidades y l\u00edderes comunitarios, se inspira [&hellip;]","og_url":"https:\/\/www.cltweb.org\/es\/biblioteca-de-recursos\/sur-global\/brasil\/","og_site_name":"International Center for Community Land Trusts","article_publisher":"https:\/\/www.facebook.com\/cltcenter","article_modified_time":"2025-01-09T15:17:56+00:00","og_image":[{"width":288,"height":120,"url":"https:\/\/www.cltweb.org\/wp-content\/uploads\/2024\/10\/TTC-logo.png","type":"image\/png"}],"twitter_card":"summary_large_image","twitter_site":"@Center4CLTs","twitter_misc":{"Tiempo de lectura":"11 minutos"},"schema":{"@context":"https:\/\/schema.org","@graph":[{"@type":"WebPage","@id":"https:\/\/www.cltweb.org\/es\/biblioteca-de-recursos\/sur-global\/brasil\/","url":"https:\/\/www.cltweb.org\/es\/biblioteca-de-recursos\/sur-global\/brasil\/","name":"Brasil - International Center for Community Land Trusts","isPartOf":{"@id":"https:\/\/www.cltweb.org\/es\/#website"},"primaryImageOfPage":{"@id":"https:\/\/www.cltweb.org\/es\/biblioteca-de-recursos\/sur-global\/brasil\/#primaryimage"},"image":{"@id":"https:\/\/www.cltweb.org\/es\/biblioteca-de-recursos\/sur-global\/brasil\/#primaryimage"},"thumbnailUrl":"https:\/\/www.cltweb.org\/wp-content\/uploads\/2024\/10\/TTC-logo.png","datePublished":"2024-10-19T19:41:50+00:00","dateModified":"2025-01-09T15:17:56+00:00","breadcrumb":{"@id":"https:\/\/www.cltweb.org\/es\/biblioteca-de-recursos\/sur-global\/brasil\/#breadcrumb"},"inLanguage":"es","potentialAction":[{"@type":"ReadAction","target":["https:\/\/www.cltweb.org\/es\/biblioteca-de-recursos\/sur-global\/brasil\/"]}]},{"@type":"ImageObject","inLanguage":"es","@id":"https:\/\/www.cltweb.org\/es\/biblioteca-de-recursos\/sur-global\/brasil\/#primaryimage","url":"https:\/\/www.cltweb.org\/wp-content\/uploads\/2024\/10\/TTC-logo.png","contentUrl":"https:\/\/www.cltweb.org\/wp-content\/uploads\/2024\/10\/TTC-logo.png"},{"@type":"BreadcrumbList","@id":"https:\/\/www.cltweb.org\/es\/biblioteca-de-recursos\/sur-global\/brasil\/#breadcrumb","itemListElement":[{"@type":"ListItem","position":1,"name":"Home","item":"https:\/\/www.cltweb.org\/es\/"},{"@type":"ListItem","position":2,"name":"Biblioteca de recursos","item":"https:\/\/www.cltweb.org\/es\/biblioteca-de-recursos\/"},{"@type":"ListItem","position":3,"name":"Sur Global","item":"https:\/\/www.cltweb.org\/es\/biblioteca-de-recursos\/sur-global\/"},{"@type":"ListItem","position":4,"name":"Brasil"}]},{"@type":"WebSite","@id":"https:\/\/www.cltweb.org\/es\/#website","url":"https:\/\/www.cltweb.org\/es\/","name":"International Center for Community Land Trusts","description":"","publisher":{"@id":"https:\/\/www.cltweb.org\/es\/#organization"},"potentialAction":[{"@type":"SearchAction","target":{"@type":"EntryPoint","urlTemplate":"https:\/\/www.cltweb.org\/es\/?s={search_term_string}"},"query-input":{"@type":"PropertyValueSpecification","valueRequired":true,"valueName":"search_term_string"}}],"inLanguage":"es"},{"@type":"Organization","@id":"https:\/\/www.cltweb.org\/es\/#organization","name":"International Center for Community Land Trusts","url":"https:\/\/www.cltweb.org\/es\/","logo":{"@type":"ImageObject","inLanguage":"es","@id":"https:\/\/www.cltweb.org\/es\/#\/schema\/logo\/image\/","url":"https:\/\/www.cltweb.org\/wp-content\/uploads\/2024\/11\/New-CLT-Center-Text-logo.png","contentUrl":"https:\/\/www.cltweb.org\/wp-content\/uploads\/2024\/11\/New-CLT-Center-Text-logo.png","width":227,"height":80,"caption":"International Center for Community Land Trusts"},"image":{"@id":"https:\/\/www.cltweb.org\/es\/#\/schema\/logo\/image\/"},"sameAs":["https:\/\/www.facebook.com\/cltcenter","https:\/\/x.com\/Center4CLTs","https:\/\/www.instagram.com\/cltcenter\/","https:\/\/www.linkedin.com\/company\/cltcenter","https:\/\/www.youtube.com\/@centerforcltinnovation5313"],"description":"The International Center for Community Land Trusts is a not-for-profit nongovernmental organization established in 2018 to promote and to support community land trusts and similar strategies of community-led development on community-owned land in countries throughout the world.","email":"info@communitylandtrust.net","legalName":"International Center for Community Land Trusts","foundingDate":"2018-12-01","taxID":"84-3858933","numberOfEmployees":{"@type":"QuantitativeValue","minValue":"1","maxValue":"10"}}]}},"campaignId":"","taxonomy_info":{"category":[{"value":156,"label":"Sur Global"}]},"featured_image_src_large":false,"author_info":{"display_name":"cltredesign_0jp0l4","author_link":"https:\/\/www.cltweb.org\/es\/author\/cltredesign_0jp0l4\/"},"comment_info":0,"jetpack_sharing_enabled":true,"jetpack-related-posts":[{"id":3141,"url":"https:\/\/www.cltweb.org\/es\/biblioteca-de-recursos\/sur-global\/","url_meta":{"origin":3742,"position":0},"title":"Sur Global","author":"cltredesign_0jp0l4","date":"4 de octubre de 2024","format":false,"excerpt":"Fideicomisos Comunitarios de Tierras en el Sur Global Gracias a la labor pionera del Fideicomiso Comunitario de la Tierra Tanzania-Bondeni en Kenia, el Fideicomiso de la Tierra del Ca\u00f1o Mart\u00edn Pe\u00f1a en Puerto Rico y Comunidades Catalizadoras en Brasil, existe un gran potencial para la expansi\u00f3n de los fideicomisos comunitarios\u2026","rel":"","context":"En \u00abBiblioteca de recursos\u00bb","block_context":{"text":"Biblioteca de recursos","link":"https:\/\/www.cltweb.org\/es\/category\/biblioteca-de-recursos-es\/"},"img":{"alt_text":"","src":"","width":0,"height":0},"classes":[]},{"id":1591,"url":"https:\/\/www.cltweb.org\/es\/terra-nostra-press\/catalogo\/fideicomisos-comunitarios-de-tierras-y-asentamientos-informales-en-el-sur-global\/","url_meta":{"origin":3742,"position":1},"title":"Fideicomisos Comunitarios de Tierras y Asentamientos Informales en el Sur Global","author":"cltredesign_0jp0l4","date":"29 de julio de 2024","format":false,"excerpt":"Disponible en todo el mundo, 158 p\u00e1gs.PAPEL NEGRO ISBN 9781736275917 $15.00 USEBOOK ISBN 9781736275924 $5.00 US Las ONG disponen de descuentos por pedidos a granel. Para m\u00e1s informaci\u00f3n y para hacer tu pedido, visita nuestra p\u00e1gina Pedidos a granel. Fideicomisos de Tierras Comunitarias y Asentamientos Informales en el Sur Global\u2026","rel":"","context":"En \u00abCat\u00e1logo\u00bb","block_context":{"text":"Cat\u00e1logo","link":"https:\/\/www.cltweb.org\/es\/category\/catalogo-es\/"},"img":{"alt_text":"Global South Book Cover","src":"https:\/\/i0.wp.com\/www.cltweb.org\/wp-content\/uploads\/2024\/10\/Global-South-Cover.jpg?resize=350%2C200&ssl=1","width":350,"height":200,"srcset":"https:\/\/i0.wp.com\/www.cltweb.org\/wp-content\/uploads\/2024\/10\/Global-South-Cover.jpg?resize=350%2C200&ssl=1 1x, https:\/\/i0.wp.com\/www.cltweb.org\/wp-content\/uploads\/2024\/10\/Global-South-Cover.jpg?resize=525%2C300&ssl=1 1.5x, https:\/\/i0.wp.com\/www.cltweb.org\/wp-content\/uploads\/2024\/10\/Global-South-Cover.jpg?resize=700%2C400&ssl=1 2x, https:\/\/i0.wp.com\/www.cltweb.org\/wp-content\/uploads\/2024\/10\/Global-South-Cover.jpg?resize=1050%2C600&ssl=1 3x, https:\/\/i0.wp.com\/www.cltweb.org\/wp-content\/uploads\/2024\/10\/Global-South-Cover.jpg?resize=1400%2C800&ssl=1 4x"},"classes":[]},{"id":859,"url":"https:\/\/www.cltweb.org\/es\/sobre-nosotros\/junta\/","url_meta":{"origin":3742,"position":2},"title":"Junta Directiva y Personal","author":"cltredesign_0jp0l4","date":"26 de julio de 2024","format":false,"excerpt":"El equipo que dirige el trabajo del Centro CLT.","rel":"","context":"En \u00abSobre nosotros\u00bb","block_context":{"text":"Sobre nosotros","link":"https:\/\/www.cltweb.org\/es\/category\/sobre-nosotros\/"},"img":{"alt_text":"","src":"","width":0,"height":0},"classes":[]},{"id":812,"url":"https:\/\/www.cltweb.org\/es\/que-hacen-los-clt\/sur-global\/","url_meta":{"origin":3742,"position":3},"title":"Sur Global","author":"cltredesign_0jp0l4","date":"26 de julio de 2024","format":false,"excerpt":"","rel":"","context":"En \u00abQu\u00e9 hacen los CLT\u00bb","block_context":{"text":"Qu\u00e9 hacen los CLT","link":"https:\/\/www.cltweb.org\/es\/category\/que-hacen-los-clt\/"},"img":{"alt_text":"","src":"","width":0,"height":0},"classes":[]},{"id":914,"url":"https:\/\/www.cltweb.org\/es\/programas-y-proyectos\/","url_meta":{"origin":3742,"position":4},"title":"Programas y proyectos","author":"cltredesign_0jp0l4","date":"26 de julio de 2024","format":false,"excerpt":"Educaci\u00f3n Mejorar la divulgaci\u00f3n educativa, los recursos y el apoyo a los profesionales y las comunidades del CLT. Biblioteca en l\u00ednea y archivo CLT: Recopilar y conservar materiales -en varios idiomas- que introduzcan el CLT, presenten estudios de casos, documenten las mejores pr\u00e1cticas y tracen la historia del movimiento CLT.\u2026","rel":"","context":"En \u00abSin categorizar\u00bb","block_context":{"text":"Sin categorizar","link":"https:\/\/www.cltweb.org\/es\/category\/sin-categorizar\/"},"img":{"alt_text":"","src":"","width":0,"height":0},"classes":[]},{"id":3761,"url":"https:\/\/www.cltweb.org\/es\/biblioteca-de-recursos\/sur-global\/brasil\/fondo-comunitario-de-la-favela\/","url_meta":{"origin":3742,"position":5},"title":"Fondo Comunitario de la Favela","author":"cltredesign_0jp0l4","date":"19 de octubre de 2024","format":false,"excerpt":"El proyecto Favela Community Land Trust (Favela-CLT) naci\u00f3 en agosto de 2018, poco despu\u00e9s de que la ciudad de R\u00edo de Janeiro experimentara la mayor oleada de desalojos de su historia. En ese momento, unas 80.000 personas fueron expulsadas de sus hogares, justificado por la supuesta necesidad de preparar la\u2026","rel":"","context":"Entrada similar","block_context":{"text":"Entrada similar","link":""},"img":{"alt_text":"","src":"","width":0,"height":0},"classes":[]}],"_links":{"self":[{"href":"https:\/\/www.cltweb.org\/es\/wp-json\/wp\/v2\/pages\/3742","targetHints":{"allow":["GET"]}}],"collection":[{"href":"https:\/\/www.cltweb.org\/es\/wp-json\/wp\/v2\/pages"}],"about":[{"href":"https:\/\/www.cltweb.org\/es\/wp-json\/wp\/v2\/types\/page"}],"author":[{"embeddable":true,"href":"https:\/\/www.cltweb.org\/es\/wp-json\/wp\/v2\/users\/1"}],"replies":[{"embeddable":true,"href":"https:\/\/www.cltweb.org\/es\/wp-json\/wp\/v2\/comments?post=3742"}],"version-history":[{"count":16,"href":"https:\/\/www.cltweb.org\/es\/wp-json\/wp\/v2\/pages\/3742\/revisions"}],"predecessor-version":[{"id":8473,"href":"https:\/\/www.cltweb.org\/es\/wp-json\/wp\/v2\/pages\/3742\/revisions\/8473"}],"up":[{"embeddable":true,"href":"https:\/\/www.cltweb.org\/es\/wp-json\/wp\/v2\/pages\/3141"}],"wp:attachment":[{"href":"https:\/\/www.cltweb.org\/es\/wp-json\/wp\/v2\/media?parent=3742"}],"wp:term":[{"taxonomy":"category","embeddable":true,"href":"https:\/\/www.cltweb.org\/es\/wp-json\/wp\/v2\/categories?post=3742"},{"taxonomy":"post_tag","embeddable":true,"href":"https:\/\/www.cltweb.org\/es\/wp-json\/wp\/v2\/tags?post=3742"}],"curies":[{"name":"wp","href":"https:\/\/api.w.org\/{rel}","templated":true}]}}