{"id":3761,"date":"2024-10-19T19:49:11","date_gmt":"2024-10-19T19:49:11","guid":{"rendered":"https:\/\/www.cltweb.org\/biblioteca-de-recursos\/sur-global\/brasil\/fondo-comunitario-de-la-favela\/"},"modified":"2024-10-19T19:49:39","modified_gmt":"2024-10-19T19:49:39","slug":"fondo-comunitario-de-la-favela","status":"publish","type":"page","link":"https:\/\/www.cltweb.org\/es\/biblioteca-de-recursos\/sur-global\/brasil\/fondo-comunitario-de-la-favela\/","title":{"rendered":"Fondo Comunitario de la Favela"},"content":{"rendered":"\n<p>El proyecto Favela Community Land Trust (Favela-CLT) naci\u00f3 en agosto de 2018, poco despu\u00e9s de que la ciudad de R\u00edo de Janeiro experimentara la mayor oleada de desalojos de su historia. En ese momento, unas 80.000 personas fueron expulsadas de sus hogares, justificado por la supuesta necesidad de preparar la ciudad para los megaeventos que se celebraron en ella, especialmente los Juegos Ol\u00edmpicos de 2016. La enorme escala de esta pol\u00edtica de desalojo, combinada con un proceso de gentrificaci\u00f3n que afect\u00f3 a varias favelas, puso de manifiesto la incapacidad de los instrumentos de tierra existentes para garantizar la permanencia de los residentes en sus espacios. Ante este escenario, buscamos nuevas formas de reforzar la seguridad de la tenencia entre las comunidades de R\u00edo, estableciendo conexiones con un modelo innovador que surgi\u00f3 en Estados Unidos en la d\u00e9cada de 1960, y que hoy se est\u00e1 aplicando en todo el mundo: el Community Land Trust (CLT).   <\/p>\n\n<p>El potencial de las CLT para las favelas y otras ocupaciones urbanas ha quedado demostrado por las comunidades de Ca\u00f1o Mart\u00edn Pe\u00f1a en Puerto Rico, en las que un grupo de favelas decidi\u00f3 adoptar el modelo como forma de regularizar su territorio, llam\u00e1ndolo Fideicomiso de la Tierra. Una vez establecido el CLT, los residentes empezaron a ejercer la gesti\u00f3n colectiva de la tierra, con su tenencia garantizada, protegi\u00e9ndolos contra la destituci\u00f3n estatal o la gentrificaci\u00f3n especulativa, un riesgo inminente debido a la centralidad de la zona que ocupan y a las inversiones p\u00fablicas en ella. <\/p>\n\n<p>La experiencia de Puerto Rico ha demostrado que el modelo CLT puede encajar muy bien en la realidad de los asentamientos informales en proceso de regularizaci\u00f3n de la tierra, desvi\u00e1ndose as\u00ed de la aplicaci\u00f3n cl\u00e1sica del modelo en el Norte Global. Inspir\u00e1ndose en esta experiencia, en agosto de 2018, la ONG Catalytic Communities invit\u00f3 a varios miembros del Fideicomiso de la Tierra Ca\u00f1o Mart\u00edn Pe\u00f1a a R\u00edo de Janeiro para ofrecer una serie de talleres a los actores locales. El principal objetivo de estos talleres era aprender de la experiencia puertorrique\u00f1a, comprender mejor el modelo y debatir c\u00f3mo podr\u00eda ser \u00fatil para promover la vivienda asequible en Brasil.  <\/p>\n\n<p>Tras 5 d\u00edas de talleres, se decidi\u00f3 formar un Grupo de Trabajo permanente, con reuniones peri\u00f3dicas, para profundizar en el estudio del CLT, difundir su conocimiento y reflexionar sobre c\u00f3mo podr\u00eda implantarse en Brasil. La composici\u00f3n del grupo era diversa en su origen, incluyendo l\u00edderes comunitarios, representantes de organismos p\u00fablicos, universidades, arquitectos y urbanistas y estudiantes. Desde el principio, se establecieron dos frentes principales de trabajo: la movilizaci\u00f3n (destinada a organizar actividades en las comunidades interesadas) y la legislaci\u00f3n (destinada a encontrar soluciones jur\u00eddicas para la aplicaci\u00f3n del CLT, y a elaborar propuestas para regular el modelo y facilitar su uso).  <\/p>\n\n<p>Desde el principio, fue necesario adoptar una nueva nomenclatura para el modelo. El nombre Termo Territorial Coletivo no pod\u00eda reproducirse literalmente en portugu\u00e9s, no s\u00f3lo por su dif\u00edcil comprensi\u00f3n, sino tambi\u00e9n por las diferencias entre los sistemas jur\u00eddicos de Brasil y EEUU. As\u00ed, se formul\u00f3 el nombre Termo Territorial Coletivo, ya que consigue captar la esencia del modelo: su car\u00e1cter consensual y libre manifestaci\u00f3n de la voluntad -un acuerdo, un t\u00e9rmino-, el objeto bajo el que pretende operar -el territorio-, y, por \u00faltimo, su aspecto comunitario y forma de organizaci\u00f3n -fundamentalmente colectiva-. No se trata de una mera traducci\u00f3n, sino de una adaptaci\u00f3n del modelo a la realidad brasile\u00f1a, manteniendo sus caracter\u00edsticas fundamentales, pero introduciendo nuevos elementos.   <\/p>\n\n<p>As\u00ed naci\u00f3 el Proyecto Favela-CLT, cuya estructura b\u00e1sica se ha mantenido hasta hoy. La diversidad de actores que participan en el Grupo de Trabajo es uno de los aspectos m\u00e1s destacados del proyecto, ya que permite la creaci\u00f3n de un entorno f\u00e9rtil para el intercambio y la colaboraci\u00f3n. Desde el principio, dos comunidades de R\u00edo de Janeiro se presentaron como posibles proyectos piloto, en los que comenz\u00f3 a desarrollarse un largo proceso de organizaci\u00f3n comunitaria, con amplia participaci\u00f3n de los residentes.  <\/p>\n\n<p>Actualmente, el Grupo de Trabajo cuenta con m\u00e1s de 200 miembros. Desde 2018, hemos conseguido muchas victorias. El inter\u00e9s p\u00fablico por la Favela-CLT creci\u00f3 sustancialmente, traspasando las fronteras de R\u00edo de Janeiro, y hoy mantenemos contacto con actores de distintos estados del pa\u00eds que desean trabajar con el modelo. En 2021, celebramos la primera Audiencia P\u00fablica sobre el tema, en el Ayuntamiento de R\u00edo de Janeiro, y tambi\u00e9n asistimos a la aprobaci\u00f3n de la primera ley que regula el modelo en Brasil.  <\/p>\n\n<p>\u00a1El Grupo de Trabajo Favela-CLT est\u00e1 abierto y todos los que quieran contribuir pueden participar!<\/p>\n","protected":false},"excerpt":{"rendered":"<p>El proyecto Favela Community Land Trust (Favela-CLT) naci\u00f3 en agosto de 2018, poco despu\u00e9s de que la ciudad de R\u00edo de Janeiro experimentara la mayor oleada de desalojos de su [&hellip;]<\/p>\n","protected":false},"author":1,"featured_media":0,"parent":3742,"menu_order":0,"comment_status":"closed","ping_status":"closed","template":"","meta":{"give_campaign_id":0,"_tec_requires_first_save":true,"_kad_blocks_custom_css":"","_kad_blocks_head_custom_js":"","_kad_blocks_body_custom_js":"","_kad_blocks_footer_custom_js":"","_EventAllDay":false,"_EventTimezone":"","_EventStartDate":"","_EventEndDate":"","_EventStartDateUTC":"","_EventEndDateUTC":"","_EventShowMap":false,"_EventShowMapLink":false,"_EventURL":"","_EventCost":"","_EventCostDescription":"","_EventCurrencySymbol":"","_EventCurrencyCode":"","_EventCurrencyPosition":"","_EventDateTimeSeparator":"","_EventTimeRangeSeparator":"","_EventOrganizerID":[],"_EventVenueID":[],"_OrganizerEmail":"","_OrganizerPhone":"","_OrganizerWebsite":"","_VenueAddress":"","_VenueCity":"","_VenueCountry":"","_VenueProvince":"","_VenueState":"","_VenueZip":"","_VenuePhone":"","_VenueURL":"","_VenueStateProvince":"","_VenueLat":"","_VenueLng":"","_VenueShowMap":false,"_VenueShowMapLink":false,"_tribe_blocks_recurrence_rules":"","_tribe_blocks_recurrence_description":"","_tribe_blocks_recurrence_exclusions":"","footnotes":""},"categories":[],"tags":[],"class_list":["post-3761","page","type-page","status-publish","hentry"],"blocksy_meta":[],"yoast_head":"<!-- This site is optimized with the Yoast SEO Premium plugin v27.4 (Yoast SEO v27.5) - https:\/\/yoast.com\/product\/yoast-seo-premium-wordpress\/ -->\n<title>Fondo Comunitario de la Favela - International Center for Community Land Trusts<\/title>\n<meta name=\"robots\" content=\"index, follow, max-snippet:-1, max-image-preview:large, max-video-preview:-1\" \/>\n<link rel=\"canonical\" href=\"https:\/\/www.cltweb.org\/es\/biblioteca-de-recursos\/sur-global\/brasil\/fondo-comunitario-de-la-favela\/\" \/>\n<meta property=\"og:locale\" content=\"es_ES\" \/>\n<meta property=\"og:type\" content=\"article\" \/>\n<meta property=\"og:title\" content=\"Fondo Comunitario de la Favela\" \/>\n<meta property=\"og:description\" content=\"El proyecto Favela Community Land Trust (Favela-CLT) naci\u00f3 en agosto de 2018, poco despu\u00e9s de que la ciudad de R\u00edo de Janeiro experimentara la mayor oleada de desalojos de su [&hellip;]\" \/>\n<meta property=\"og:url\" content=\"https:\/\/www.cltweb.org\/es\/biblioteca-de-recursos\/sur-global\/brasil\/fondo-comunitario-de-la-favela\/\" \/>\n<meta property=\"og:site_name\" content=\"International Center for Community Land Trusts\" \/>\n<meta property=\"article:publisher\" content=\"https:\/\/www.facebook.com\/cltcenter\" \/>\n<meta property=\"article:modified_time\" content=\"2024-10-19T19:49:39+00:00\" \/>\n<meta name=\"twitter:card\" content=\"summary_large_image\" \/>\n<meta name=\"twitter:site\" content=\"@Center4CLTs\" \/>\n<meta name=\"twitter:label1\" content=\"Tiempo de lectura\" \/>\n\t<meta name=\"twitter:data1\" content=\"4 minutos\" \/>\n<script type=\"application\/ld+json\" class=\"yoast-schema-graph\">{\"@context\":\"https:\\\/\\\/schema.org\",\"@graph\":[{\"@type\":\"WebPage\",\"@id\":\"https:\\\/\\\/www.cltweb.org\\\/es\\\/biblioteca-de-recursos\\\/sur-global\\\/brasil\\\/fondo-comunitario-de-la-favela\\\/\",\"url\":\"https:\\\/\\\/www.cltweb.org\\\/es\\\/biblioteca-de-recursos\\\/sur-global\\\/brasil\\\/fondo-comunitario-de-la-favela\\\/\",\"name\":\"Fondo Comunitario de la Favela - International Center for Community Land Trusts\",\"isPartOf\":{\"@id\":\"https:\\\/\\\/www.cltweb.org\\\/es\\\/#website\"},\"datePublished\":\"2024-10-19T19:49:11+00:00\",\"dateModified\":\"2024-10-19T19:49:39+00:00\",\"breadcrumb\":{\"@id\":\"https:\\\/\\\/www.cltweb.org\\\/es\\\/biblioteca-de-recursos\\\/sur-global\\\/brasil\\\/fondo-comunitario-de-la-favela\\\/#breadcrumb\"},\"inLanguage\":\"es\",\"potentialAction\":[{\"@type\":\"ReadAction\",\"target\":[\"https:\\\/\\\/www.cltweb.org\\\/es\\\/biblioteca-de-recursos\\\/sur-global\\\/brasil\\\/fondo-comunitario-de-la-favela\\\/\"]}]},{\"@type\":\"BreadcrumbList\",\"@id\":\"https:\\\/\\\/www.cltweb.org\\\/es\\\/biblioteca-de-recursos\\\/sur-global\\\/brasil\\\/fondo-comunitario-de-la-favela\\\/#breadcrumb\",\"itemListElement\":[{\"@type\":\"ListItem\",\"position\":1,\"name\":\"Home\",\"item\":\"https:\\\/\\\/www.cltweb.org\\\/es\\\/\"},{\"@type\":\"ListItem\",\"position\":2,\"name\":\"Biblioteca de recursos\",\"item\":\"https:\\\/\\\/www.cltweb.org\\\/es\\\/biblioteca-de-recursos\\\/\"},{\"@type\":\"ListItem\",\"position\":3,\"name\":\"Sur Global\",\"item\":\"https:\\\/\\\/www.cltweb.org\\\/es\\\/biblioteca-de-recursos\\\/sur-global\\\/\"},{\"@type\":\"ListItem\",\"position\":4,\"name\":\"Brasil\",\"item\":\"https:\\\/\\\/www.cltweb.org\\\/es\\\/biblioteca-de-recursos\\\/sur-global\\\/brasil\\\/\"},{\"@type\":\"ListItem\",\"position\":5,\"name\":\"Fondo Comunitario de la Favela\"}]},{\"@type\":\"WebSite\",\"@id\":\"https:\\\/\\\/www.cltweb.org\\\/es\\\/#website\",\"url\":\"https:\\\/\\\/www.cltweb.org\\\/es\\\/\",\"name\":\"International Center for Community Land Trusts\",\"description\":\"\",\"publisher\":{\"@id\":\"https:\\\/\\\/www.cltweb.org\\\/es\\\/#organization\"},\"potentialAction\":[{\"@type\":\"SearchAction\",\"target\":{\"@type\":\"EntryPoint\",\"urlTemplate\":\"https:\\\/\\\/www.cltweb.org\\\/es\\\/?s={search_term_string}\"},\"query-input\":{\"@type\":\"PropertyValueSpecification\",\"valueRequired\":true,\"valueName\":\"search_term_string\"}}],\"inLanguage\":\"es\"},{\"@type\":\"Organization\",\"@id\":\"https:\\\/\\\/www.cltweb.org\\\/es\\\/#organization\",\"name\":\"International Center for Community Land Trusts\",\"url\":\"https:\\\/\\\/www.cltweb.org\\\/es\\\/\",\"logo\":{\"@type\":\"ImageObject\",\"inLanguage\":\"es\",\"@id\":\"https:\\\/\\\/www.cltweb.org\\\/es\\\/#\\\/schema\\\/logo\\\/image\\\/\",\"url\":\"https:\\\/\\\/www.cltweb.org\\\/wp-content\\\/uploads\\\/2024\\\/11\\\/New-CLT-Center-Text-logo.png\",\"contentUrl\":\"https:\\\/\\\/www.cltweb.org\\\/wp-content\\\/uploads\\\/2024\\\/11\\\/New-CLT-Center-Text-logo.png\",\"width\":227,\"height\":80,\"caption\":\"International Center for Community Land Trusts\"},\"image\":{\"@id\":\"https:\\\/\\\/www.cltweb.org\\\/es\\\/#\\\/schema\\\/logo\\\/image\\\/\"},\"sameAs\":[\"https:\\\/\\\/www.facebook.com\\\/cltcenter\",\"https:\\\/\\\/x.com\\\/Center4CLTs\",\"https:\\\/\\\/www.instagram.com\\\/cltcenter\\\/\",\"https:\\\/\\\/www.linkedin.com\\\/company\\\/cltcenter\",\"https:\\\/\\\/www.youtube.com\\\/@centerforcltinnovation5313\"],\"description\":\"The International Center for Community Land Trusts is a not-for-profit nongovernmental organization established in 2018 to promote and to support community land trusts and similar strategies of community-led development on community-owned land in countries throughout the world.\",\"email\":\"info@communitylandtrust.net\",\"legalName\":\"International Center for Community Land Trusts\",\"foundingDate\":\"2018-12-01\",\"taxID\":\"84-3858933\",\"numberOfEmployees\":{\"@type\":\"QuantitativeValue\",\"minValue\":\"1\",\"maxValue\":\"10\"}}]}<\/script>\n<!-- \/ Yoast SEO Premium plugin. -->","yoast_head_json":{"title":"Fondo Comunitario de la Favela - International Center for Community Land Trusts","robots":{"index":"index","follow":"follow","max-snippet":"max-snippet:-1","max-image-preview":"max-image-preview:large","max-video-preview":"max-video-preview:-1"},"canonical":"https:\/\/www.cltweb.org\/es\/biblioteca-de-recursos\/sur-global\/brasil\/fondo-comunitario-de-la-favela\/","og_locale":"es_ES","og_type":"article","og_title":"Fondo Comunitario de la Favela","og_description":"El proyecto Favela Community Land Trust (Favela-CLT) naci\u00f3 en agosto de 2018, poco despu\u00e9s de que la ciudad de R\u00edo de Janeiro experimentara la mayor oleada de desalojos de su [&hellip;]","og_url":"https:\/\/www.cltweb.org\/es\/biblioteca-de-recursos\/sur-global\/brasil\/fondo-comunitario-de-la-favela\/","og_site_name":"International Center for Community Land Trusts","article_publisher":"https:\/\/www.facebook.com\/cltcenter","article_modified_time":"2024-10-19T19:49:39+00:00","twitter_card":"summary_large_image","twitter_site":"@Center4CLTs","twitter_misc":{"Tiempo de lectura":"4 minutos"},"schema":{"@context":"https:\/\/schema.org","@graph":[{"@type":"WebPage","@id":"https:\/\/www.cltweb.org\/es\/biblioteca-de-recursos\/sur-global\/brasil\/fondo-comunitario-de-la-favela\/","url":"https:\/\/www.cltweb.org\/es\/biblioteca-de-recursos\/sur-global\/brasil\/fondo-comunitario-de-la-favela\/","name":"Fondo Comunitario de la Favela - International Center for Community Land Trusts","isPartOf":{"@id":"https:\/\/www.cltweb.org\/es\/#website"},"datePublished":"2024-10-19T19:49:11+00:00","dateModified":"2024-10-19T19:49:39+00:00","breadcrumb":{"@id":"https:\/\/www.cltweb.org\/es\/biblioteca-de-recursos\/sur-global\/brasil\/fondo-comunitario-de-la-favela\/#breadcrumb"},"inLanguage":"es","potentialAction":[{"@type":"ReadAction","target":["https:\/\/www.cltweb.org\/es\/biblioteca-de-recursos\/sur-global\/brasil\/fondo-comunitario-de-la-favela\/"]}]},{"@type":"BreadcrumbList","@id":"https:\/\/www.cltweb.org\/es\/biblioteca-de-recursos\/sur-global\/brasil\/fondo-comunitario-de-la-favela\/#breadcrumb","itemListElement":[{"@type":"ListItem","position":1,"name":"Home","item":"https:\/\/www.cltweb.org\/es\/"},{"@type":"ListItem","position":2,"name":"Biblioteca de recursos","item":"https:\/\/www.cltweb.org\/es\/biblioteca-de-recursos\/"},{"@type":"ListItem","position":3,"name":"Sur Global","item":"https:\/\/www.cltweb.org\/es\/biblioteca-de-recursos\/sur-global\/"},{"@type":"ListItem","position":4,"name":"Brasil","item":"https:\/\/www.cltweb.org\/es\/biblioteca-de-recursos\/sur-global\/brasil\/"},{"@type":"ListItem","position":5,"name":"Fondo Comunitario de la Favela"}]},{"@type":"WebSite","@id":"https:\/\/www.cltweb.org\/es\/#website","url":"https:\/\/www.cltweb.org\/es\/","name":"International Center for Community Land Trusts","description":"","publisher":{"@id":"https:\/\/www.cltweb.org\/es\/#organization"},"potentialAction":[{"@type":"SearchAction","target":{"@type":"EntryPoint","urlTemplate":"https:\/\/www.cltweb.org\/es\/?s={search_term_string}"},"query-input":{"@type":"PropertyValueSpecification","valueRequired":true,"valueName":"search_term_string"}}],"inLanguage":"es"},{"@type":"Organization","@id":"https:\/\/www.cltweb.org\/es\/#organization","name":"International Center for Community Land Trusts","url":"https:\/\/www.cltweb.org\/es\/","logo":{"@type":"ImageObject","inLanguage":"es","@id":"https:\/\/www.cltweb.org\/es\/#\/schema\/logo\/image\/","url":"https:\/\/www.cltweb.org\/wp-content\/uploads\/2024\/11\/New-CLT-Center-Text-logo.png","contentUrl":"https:\/\/www.cltweb.org\/wp-content\/uploads\/2024\/11\/New-CLT-Center-Text-logo.png","width":227,"height":80,"caption":"International Center for Community Land Trusts"},"image":{"@id":"https:\/\/www.cltweb.org\/es\/#\/schema\/logo\/image\/"},"sameAs":["https:\/\/www.facebook.com\/cltcenter","https:\/\/x.com\/Center4CLTs","https:\/\/www.instagram.com\/cltcenter\/","https:\/\/www.linkedin.com\/company\/cltcenter","https:\/\/www.youtube.com\/@centerforcltinnovation5313"],"description":"The International Center for Community Land Trusts is a not-for-profit nongovernmental organization established in 2018 to promote and to support community land trusts and similar strategies of community-led development on community-owned land in countries throughout the world.","email":"info@communitylandtrust.net","legalName":"International Center for Community Land Trusts","foundingDate":"2018-12-01","taxID":"84-3858933","numberOfEmployees":{"@type":"QuantitativeValue","minValue":"1","maxValue":"10"}}]}},"campaignId":"","taxonomy_info":[],"featured_image_src_large":false,"author_info":{"display_name":"cltredesign_0jp0l4","author_link":"https:\/\/www.cltweb.org\/es\/author\/cltredesign_0jp0l4\/"},"comment_info":0,"jetpack_sharing_enabled":true,"jetpack-related-posts":[{"id":3785,"url":"https:\/\/www.cltweb.org\/es\/biblioteca-de-recursos\/sur-global\/brasil\/proyecto-del-terreno-territorial-colectivo\/","url_meta":{"origin":3761,"position":0},"title":"Proyecto del Terreno Territorial Colectivo","author":"cltredesign_0jp0l4","date":"19 de octubre de 2024","format":false,"excerpt":"El Proyecto del Terreno Territorial Colectivo surgi\u00f3 en 2018, poco tiempo despu\u00e9s de que la ciudad de R\u00edo de Janeiro pasara por la mayor ola de remociones de su historia. En esta ocasi\u00f3n, cerca de 80.000 personas fueron desalojadas de sus casas, lo que justifica la necesidad de preparar la\u2026","rel":"","context":"Entrada similar","block_context":{"text":"Entrada similar","link":""},"img":{"alt_text":"","src":"","width":0,"height":0},"classes":[]},{"id":4463,"url":"https:\/\/www.cltweb.org\/es\/biblioteca-de-recursos\/entrevistas\/garantizar-los-derechos-sobre-la-tierra-clts-en-asentamientos-informales-2020\/","url_meta":{"origin":3761,"position":1},"title":"Garantizar los derechos sobre la tierra: CLTs en Asentamientos Informales (2020)","author":"cltredesign_0jp0l4","date":"22 de octubre de 2024","format":false,"excerpt":"El 29 de octubre de 2020, H\u00e1bitat Mundial present\u00f3 una mesa redonda centrada en el papel del fideicomiso comunitario de tierras a la hora de garantizar los derechos sobre la tierra de los residentes de los asentamientos informales. Entre los panelistas se encontraban: Mariolga Juli\u00e1 Pacheco y Don Jos\u00e9 Caraballo,\u2026","rel":"","context":"En \u00abEntrevistas\u00bb","block_context":{"text":"Entrevistas","link":"https:\/\/www.cltweb.org\/es\/category\/entrevistas\/"},"img":{"alt_text":"","src":"","width":0,"height":0},"classes":[]},{"id":3742,"url":"https:\/\/www.cltweb.org\/es\/biblioteca-de-recursos\/sur-global\/brasil\/","url_meta":{"origin":3761,"position":2},"title":"Brasil","author":"cltredesign_0jp0l4","date":"19 de octubre de 2024","format":false,"excerpt":"Termo Territorial ColetivoDirigidos por Catalytic Communities, se est\u00e1n estableciendo fideicomisos de la tierra comunitarios en R\u00edo de Janeiro, y se est\u00e1 construyendo un nuevo movimiento nacional. El proyecto brasile\u00f1o de Fideicomiso de Tierras Comunitarias de Favelas(Termo Territorial Coletivo), desarrollado por Catalytic Communities en colaboraci\u00f3n con varios organismos p\u00fablicos, instituciones privadas,\u2026","rel":"","context":"En \u00abSur Global\u00bb","block_context":{"text":"Sur Global","link":"https:\/\/www.cltweb.org\/es\/category\/sur-global\/"},"img":{"alt_text":"","src":"https:\/\/i0.wp.com\/www.cltweb.org\/wp-content\/uploads\/2024\/10\/TTC-logo.png?resize=350%2C200&ssl=1","width":350,"height":200},"classes":[]},{"id":1631,"url":"https:\/\/www.cltweb.org\/es\/terra-nostra-press\/catalogo\/en-terreno-comun-perspectivas-internacionales-sobre-el-patrimonio-comunitario-de-la-tierra\/","url_meta":{"origin":3761,"position":3},"title":"En terreno com\u00fan","author":"cltredesign_0jp0l4","date":"29 de julio de 2024","format":false,"excerpt":"En terreno com\u00fan: International Perspectives on the Community Land Trust es una colecci\u00f3n de veintis\u00e9is ensayos originales, escritos por cuarenta y dos acad\u00e9micos y profesionales de una docena de pa\u00edses, que trazan el crecimiento y la diversificaci\u00f3n del movimiento internacional de fideicomisos de la tierra. Disponible en todo el mundo502\u2026","rel":"","context":"En \u00abCat\u00e1logo\u00bb","block_context":{"text":"Cat\u00e1logo","link":"https:\/\/www.cltweb.org\/es\/category\/catalogo-es\/"},"img":{"alt_text":"","src":"https:\/\/i0.wp.com\/www.cltweb.org\/wp-content\/uploads\/2024\/08\/On_Common_Ground_cover-scaled.jpg?resize=350%2C200&ssl=1","width":350,"height":200,"srcset":"https:\/\/i0.wp.com\/www.cltweb.org\/wp-content\/uploads\/2024\/08\/On_Common_Ground_cover-scaled.jpg?resize=350%2C200&ssl=1 1x, https:\/\/i0.wp.com\/www.cltweb.org\/wp-content\/uploads\/2024\/08\/On_Common_Ground_cover-scaled.jpg?resize=525%2C300&ssl=1 1.5x, https:\/\/i0.wp.com\/www.cltweb.org\/wp-content\/uploads\/2024\/08\/On_Common_Ground_cover-scaled.jpg?resize=700%2C400&ssl=1 2x, https:\/\/i0.wp.com\/www.cltweb.org\/wp-content\/uploads\/2024\/08\/On_Common_Ground_cover-scaled.jpg?resize=1050%2C600&ssl=1 3x, https:\/\/i0.wp.com\/www.cltweb.org\/wp-content\/uploads\/2024\/08\/On_Common_Ground_cover-scaled.jpg?resize=1400%2C800&ssl=1 4x"},"classes":[]},{"id":3748,"url":"https:\/\/www.cltweb.org\/fr\/bibliotheque-de-ressources\/sud-mondial\/bresil\/","url_meta":{"origin":3761,"position":4},"title":"Br\u00e9sil","author":"cltredesign_0jp0l4","date":"19 de octubre de 2024","format":false,"excerpt":"Terme Territorial ColetivoSous l'impulsion de Catalytic Communities, des fiducies fonci\u00e8res communautaires ont \u00e9t\u00e9 cr\u00e9\u00e9es \u00e0 Rio de Janeiro et un nouveau mouvement national est en train de voir le jour. Le projet br\u00e9silien de fiducie fonci\u00e8re communautaire pour les favelas(Termo Territorial Coletivo), d\u00e9velopp\u00e9 par Catalytic Communities en partenariat avec plusieurs\u2026","rel":"","context":"En \u00abSud mondial\u00bb","block_context":{"text":"Sud mondial","link":"https:\/\/www.cltweb.org\/fr\/category\/sud-mondial\/"},"img":{"alt_text":"","src":"https:\/\/i0.wp.com\/www.cltweb.org\/wp-content\/uploads\/2024\/10\/TTC-logo.png?resize=350%2C200&ssl=1","width":350,"height":200},"classes":[]},{"id":3750,"url":"https:\/\/www.cltweb.org\/nl\/bibliotheek-met-bronnen\/mondiaal-zuiden\/brazilie\/","url_meta":{"origin":3761,"position":5},"title":"Brazili\u00eb","author":"cltredesign_0jp0l4","date":"19 de octubre de 2024","format":false,"excerpt":"Territoriaal KoloniaalLed by Catalytic Communities, community land trusts are being established in Rio de Janeiro -- and a new national movement is being built. Het Braziliaanse Favela Community Land Trust project(Termo Territorial Coletivo), ontwikkeld door Catalytic Communities in samenwerking met verschillende overheidsinstanties, particuliere instellingen, universiteiten en gemeenschapsleiders, is ge\u00efnspireerd op\u2026","rel":"","context":"En \u00abMondiaal Zuiden\u00bb","block_context":{"text":"Mondiaal Zuiden","link":"https:\/\/www.cltweb.org\/nl\/category\/mondiaal-zuiden\/"},"img":{"alt_text":"","src":"https:\/\/i0.wp.com\/www.cltweb.org\/wp-content\/uploads\/2024\/10\/TTC-logo.png?resize=350%2C200&ssl=1","width":350,"height":200},"classes":[]}],"_links":{"self":[{"href":"https:\/\/www.cltweb.org\/es\/wp-json\/wp\/v2\/pages\/3761","targetHints":{"allow":["GET"]}}],"collection":[{"href":"https:\/\/www.cltweb.org\/es\/wp-json\/wp\/v2\/pages"}],"about":[{"href":"https:\/\/www.cltweb.org\/es\/wp-json\/wp\/v2\/types\/page"}],"author":[{"embeddable":true,"href":"https:\/\/www.cltweb.org\/es\/wp-json\/wp\/v2\/users\/1"}],"replies":[{"embeddable":true,"href":"https:\/\/www.cltweb.org\/es\/wp-json\/wp\/v2\/comments?post=3761"}],"version-history":[{"count":1,"href":"https:\/\/www.cltweb.org\/es\/wp-json\/wp\/v2\/pages\/3761\/revisions"}],"predecessor-version":[{"id":3762,"href":"https:\/\/www.cltweb.org\/es\/wp-json\/wp\/v2\/pages\/3761\/revisions\/3762"}],"up":[{"embeddable":true,"href":"https:\/\/www.cltweb.org\/es\/wp-json\/wp\/v2\/pages\/3742"}],"wp:attachment":[{"href":"https:\/\/www.cltweb.org\/es\/wp-json\/wp\/v2\/media?parent=3761"}],"wp:term":[{"taxonomy":"category","embeddable":true,"href":"https:\/\/www.cltweb.org\/es\/wp-json\/wp\/v2\/categories?post=3761"},{"taxonomy":"post_tag","embeddable":true,"href":"https:\/\/www.cltweb.org\/es\/wp-json\/wp\/v2\/tags?post=3761"}],"curies":[{"name":"wp","href":"https:\/\/api.w.org\/{rel}","templated":true}]}}