{"id":3785,"date":"2024-10-19T19:53:21","date_gmt":"2024-10-19T19:53:21","guid":{"rendered":"https:\/\/www.cltweb.org\/biblioteca-de-recursos\/sur-global\/brasil\/proyecto-del-terreno-territorial-colectivo\/"},"modified":"2024-10-19T19:53:55","modified_gmt":"2024-10-19T19:53:55","slug":"proyecto-del-terreno-territorial-colectivo","status":"publish","type":"page","link":"https:\/\/www.cltweb.org\/es\/biblioteca-de-recursos\/sur-global\/brasil\/proyecto-del-terreno-territorial-colectivo\/","title":{"rendered":"Proyecto del Terreno Territorial Colectivo"},"content":{"rendered":"\n<p>El Proyecto del Terreno Territorial Colectivo surgi\u00f3 en 2018, poco tiempo despu\u00e9s de que la ciudad de R\u00edo de Janeiro pasara por la mayor ola de remociones de su historia. En esta ocasi\u00f3n, cerca de 80.000 personas fueron desalojadas de sus casas, lo que justifica la necesidad de preparar la ciudad para los megaeventos que se celebrar\u00e1n aqu\u00ed, especialmente las Olimpiadas de 2016. La gigantesca dimensi\u00f3n de esta pol\u00edtica de mudanzas, unida a un proceso de gentrificaci\u00f3n que se avecina en diversas favelas de la ciudad, puso de manifiesto la incapacidad de los instrumentos financieros existentes para garantizar la permanencia de los moradores en sus espacios. En este contexto, para buscar nuevas formas de reforzar la seguridad de las comunidades de la ciudad, partimos de un modelo innovador que surgi\u00f3 en Estados Unidos en 1960, y que ahora se utiliza ampliamente en diversas regiones del planeta: el Terreno Territorial Colectivo (TTC).   <\/p>\n\n<p>El potencial del TTC para las favelas y otras ocupaciones urbanas se demostr\u00f3 con la experiencia de las comunidades de Ca\u00f1o Mart\u00edn Pe\u00f1a, en Porto Rico, donde un conjunto de favelas decidi\u00f3 adoptar el modelo como forma de regularizar su territorio, chamando-o de Fideicomiso de la Tierra. A partir de la instauraci\u00f3n del TTC, los moradores pasaron a ejercer la gesti\u00f3n colectiva del territorio, con la garant\u00eda de la seguridad de la posesi\u00f3n frente a procesos de desalojo por parte del Estado o especulaci\u00f3n inmobiliaria y gentrificaci\u00f3n, un riesgo inminente debido a la centralidad del \u00e1rea que ocupan y a las intervenciones p\u00fablicas locales. <\/p>\n\n<p>La experiencia de Oporto Rico demuestra que el TTC puede encauzarse mucho mejor en la realidad de los asentamientos informativos que pasan por procesos de regularizaci\u00f3n, desvi\u00e1ndose as\u00ed de la aplicaci\u00f3n cl\u00e1sica del modelo en el Norte Global. Inspirados por la experiencia, en agosto de 2018, la ONG Comunidades Catalizadoras convoc\u00f3 a una colectiva de miembros del Fideicomiso de la Tierra Ca\u00f1o Mart\u00edn Pe\u00f1a en R\u00edo de Janeiro, para ofrecer una serie de oficinas a los clientes locales. El objetivo de estas oficinas era aprender con la experiencia porto-riquenha, para conocer mejor el TTC y discutir c\u00f3mo puede ser eficaz en la promoci\u00f3n de la moradia accesible en Brasil.  <\/p>\n\n<p>Tras 5 d\u00edas de oficinas, se decidi\u00f3 formar un Grupo de Trabajo permanente, con reuniones regulares, para estudiar m\u00e1s a fondo el Tercer Territorio Colectivo, difundir conocimientos sobre \u00e9l y pensar c\u00f3mo podr\u00eda implantarse en Brasil. La composici\u00f3n del grupo era bastante diversa, incluyendo l\u00edderes comunitarios, representantes de organismos p\u00fablicos, universidades, arquitectos y urbanistas y estudiantes. Al principio, se definieron dos frentes de trabajo principales: la movilizaci\u00f3n (destinada a organizar actividades en las comunidades interesadas) y la legislaci\u00f3n (destinada a pensar soluciones jur\u00eddicas para la implementaci\u00f3n del TTC, y construir propuestas de regulaci\u00f3n legal del modelo).  <\/p>\n\n<p>Logotipo de inicio, fue necesario a\u00f1adir otra nomenclatura al modelo. El t\u00e9rmino Community Land Trust no pod\u00eda reproducirse literalmente en portugu\u00e9s, no s\u00f3lo por su dif\u00edcil comprensi\u00f3n, sino tambi\u00e9n por las diferencias entre los sistemas jur\u00eddicos de Brasil y la UE. Por ello, se le ha dado el nombre de Termo Territorial Coletivo, para conseguir captar la esencia del modelo: su car\u00e1cter consensual y de ligera manifestaci\u00f3n de voluntad -un acuerdo, un termo-, el objeto sobre el que pretende operar -el territorio-, y, por \u00faltimo, su aspecto comunitario y forma de organizaci\u00f3n -fundamentalmente colectiva-. No se trata de una mera traducci\u00f3n, sino de una adaptaci\u00f3n del modelo a la realidad brasile\u00f1a, manteniendo sus caracter\u00edsticas fundamentales, pero introduciendo nuevos elementos.   <\/p>\n\n<p>As\u00ed naci\u00f3 el Proyecto TTC, cuya estructura se mantiene hasta hoy. La diversidad de atores que participan en el GT es uno de los puntos m\u00e1s positivos del proyecto, y permiti\u00f3 la creaci\u00f3n de un ambiente f\u00e9rtil de b\u00fasqueda y colaboraci\u00f3n. Al inicio, dos comunidades de R\u00edo de Janeiro se presentaron como posibles proyectos piloto, en los que se desarroll\u00f3 un largo proceso de movilizaci\u00f3n comunitaria, con amplia participaci\u00f3n de los moradores.  <\/p>\n\n<p>Actualmente, el Grupo de Trabajo cuenta con m\u00e1s de 200 miembros, entre moradores de favelas, activistas de movimientos sociales, l\u00edderes, investigadores, miembros de organismos p\u00fablicos y aliados t\u00e9cnicos. De 2018 a c\u00e1, obtivemos diversas conquistas. El inter\u00e9s por el Tercer Territorio Colectivo creci\u00f3 bastante, superando las fronteras de R\u00edo de Janeiro, y ahora mantenemos el contacto con atores de distintos estados del pa\u00eds que desean trabajar con el modelo. En 2021 aprobaremos la primera ley que regula el instrumento en Brasil.   <\/p>\n\n<p>\u00a1El Grupo de Trabajo del Proyecto Terreno Territorial Colectivo est\u00e1 abierto y todos los que quieran contribuir pueden participar!<\/p>\n","protected":false},"excerpt":{"rendered":"<p>El Proyecto del Terreno Territorial Colectivo surgi\u00f3 en 2018, poco tiempo despu\u00e9s de que la ciudad de R\u00edo de Janeiro pasara por la mayor ola de remociones de su historia. [&hellip;]<\/p>\n","protected":false},"author":1,"featured_media":0,"parent":3742,"menu_order":0,"comment_status":"closed","ping_status":"closed","template":"","meta":{"give_campaign_id":0,"_tec_requires_first_save":true,"_kad_blocks_custom_css":"","_kad_blocks_head_custom_js":"","_kad_blocks_body_custom_js":"","_kad_blocks_footer_custom_js":"","_EventAllDay":false,"_EventTimezone":"","_EventStartDate":"","_EventEndDate":"","_EventStartDateUTC":"","_EventEndDateUTC":"","_EventShowMap":false,"_EventShowMapLink":false,"_EventURL":"","_EventCost":"","_EventCostDescription":"","_EventCurrencySymbol":"","_EventCurrencyCode":"","_EventCurrencyPosition":"","_EventDateTimeSeparator":"","_EventTimeRangeSeparator":"","_EventOrganizerID":[],"_EventVenueID":[],"_OrganizerEmail":"","_OrganizerPhone":"","_OrganizerWebsite":"","_VenueAddress":"","_VenueCity":"","_VenueCountry":"","_VenueProvince":"","_VenueState":"","_VenueZip":"","_VenuePhone":"","_VenueURL":"","_VenueStateProvince":"","_VenueLat":"","_VenueLng":"","_VenueShowMap":false,"_VenueShowMapLink":false,"_tribe_blocks_recurrence_rules":"","_tribe_blocks_recurrence_description":"","_tribe_blocks_recurrence_exclusions":"","footnotes":""},"categories":[],"tags":[],"class_list":["post-3785","page","type-page","status-publish","hentry"],"blocksy_meta":[],"yoast_head":"<!-- This site is optimized with the Yoast SEO Premium plugin v27.5 (Yoast SEO v27.5) - https:\/\/yoast.com\/product\/yoast-seo-premium-wordpress\/ -->\n<title>Proyecto del Terreno Territorial Colectivo - International Center for Community Land Trusts<\/title>\n<meta name=\"robots\" content=\"index, follow, max-snippet:-1, max-image-preview:large, max-video-preview:-1\" \/>\n<link rel=\"canonical\" href=\"https:\/\/www.cltweb.org\/es\/biblioteca-de-recursos\/sur-global\/brasil\/proyecto-del-terreno-territorial-colectivo\/\" \/>\n<meta property=\"og:locale\" content=\"es_ES\" \/>\n<meta property=\"og:type\" content=\"article\" \/>\n<meta property=\"og:title\" content=\"Proyecto del Terreno Territorial Colectivo\" \/>\n<meta property=\"og:description\" content=\"El Proyecto del Terreno Territorial Colectivo surgi\u00f3 en 2018, poco tiempo despu\u00e9s de que la ciudad de R\u00edo de Janeiro pasara por la mayor ola de remociones de su historia. [&hellip;]\" \/>\n<meta property=\"og:url\" content=\"https:\/\/www.cltweb.org\/es\/biblioteca-de-recursos\/sur-global\/brasil\/proyecto-del-terreno-territorial-colectivo\/\" \/>\n<meta property=\"og:site_name\" content=\"International Center for Community Land Trusts\" \/>\n<meta property=\"article:publisher\" content=\"https:\/\/www.facebook.com\/cltcenter\" \/>\n<meta property=\"article:modified_time\" content=\"2024-10-19T19:53:55+00:00\" \/>\n<meta name=\"twitter:card\" content=\"summary_large_image\" \/>\n<meta name=\"twitter:site\" content=\"@Center4CLTs\" \/>\n<meta name=\"twitter:label1\" content=\"Tiempo de lectura\" \/>\n\t<meta name=\"twitter:data1\" content=\"4 minutos\" \/>\n<script type=\"application\/ld+json\" class=\"yoast-schema-graph\">{\"@context\":\"https:\\\/\\\/schema.org\",\"@graph\":[{\"@type\":\"WebPage\",\"@id\":\"https:\\\/\\\/www.cltweb.org\\\/es\\\/biblioteca-de-recursos\\\/sur-global\\\/brasil\\\/proyecto-del-terreno-territorial-colectivo\\\/\",\"url\":\"https:\\\/\\\/www.cltweb.org\\\/es\\\/biblioteca-de-recursos\\\/sur-global\\\/brasil\\\/proyecto-del-terreno-territorial-colectivo\\\/\",\"name\":\"Proyecto del Terreno Territorial Colectivo - International Center for Community Land Trusts\",\"isPartOf\":{\"@id\":\"https:\\\/\\\/www.cltweb.org\\\/es\\\/#website\"},\"datePublished\":\"2024-10-19T19:53:21+00:00\",\"dateModified\":\"2024-10-19T19:53:55+00:00\",\"breadcrumb\":{\"@id\":\"https:\\\/\\\/www.cltweb.org\\\/es\\\/biblioteca-de-recursos\\\/sur-global\\\/brasil\\\/proyecto-del-terreno-territorial-colectivo\\\/#breadcrumb\"},\"inLanguage\":\"es\",\"potentialAction\":[{\"@type\":\"ReadAction\",\"target\":[\"https:\\\/\\\/www.cltweb.org\\\/es\\\/biblioteca-de-recursos\\\/sur-global\\\/brasil\\\/proyecto-del-terreno-territorial-colectivo\\\/\"]}]},{\"@type\":\"BreadcrumbList\",\"@id\":\"https:\\\/\\\/www.cltweb.org\\\/es\\\/biblioteca-de-recursos\\\/sur-global\\\/brasil\\\/proyecto-del-terreno-territorial-colectivo\\\/#breadcrumb\",\"itemListElement\":[{\"@type\":\"ListItem\",\"position\":1,\"name\":\"Home\",\"item\":\"https:\\\/\\\/www.cltweb.org\\\/es\\\/\"},{\"@type\":\"ListItem\",\"position\":2,\"name\":\"Biblioteca de recursos\",\"item\":\"https:\\\/\\\/www.cltweb.org\\\/es\\\/biblioteca-de-recursos\\\/\"},{\"@type\":\"ListItem\",\"position\":3,\"name\":\"Sur Global\",\"item\":\"https:\\\/\\\/www.cltweb.org\\\/es\\\/biblioteca-de-recursos\\\/sur-global\\\/\"},{\"@type\":\"ListItem\",\"position\":4,\"name\":\"Brasil\",\"item\":\"https:\\\/\\\/www.cltweb.org\\\/es\\\/biblioteca-de-recursos\\\/sur-global\\\/brasil\\\/\"},{\"@type\":\"ListItem\",\"position\":5,\"name\":\"Proyecto del Terreno Territorial Colectivo\"}]},{\"@type\":\"WebSite\",\"@id\":\"https:\\\/\\\/www.cltweb.org\\\/es\\\/#website\",\"url\":\"https:\\\/\\\/www.cltweb.org\\\/es\\\/\",\"name\":\"International Center for Community Land Trusts\",\"description\":\"\",\"publisher\":{\"@id\":\"https:\\\/\\\/www.cltweb.org\\\/es\\\/#organization\"},\"potentialAction\":[{\"@type\":\"SearchAction\",\"target\":{\"@type\":\"EntryPoint\",\"urlTemplate\":\"https:\\\/\\\/www.cltweb.org\\\/es\\\/?s={search_term_string}\"},\"query-input\":{\"@type\":\"PropertyValueSpecification\",\"valueRequired\":true,\"valueName\":\"search_term_string\"}}],\"inLanguage\":\"es\"},{\"@type\":\"Organization\",\"@id\":\"https:\\\/\\\/www.cltweb.org\\\/es\\\/#organization\",\"name\":\"International Center for Community Land Trusts\",\"url\":\"https:\\\/\\\/www.cltweb.org\\\/es\\\/\",\"logo\":{\"@type\":\"ImageObject\",\"inLanguage\":\"es\",\"@id\":\"https:\\\/\\\/www.cltweb.org\\\/es\\\/#\\\/schema\\\/logo\\\/image\\\/\",\"url\":\"https:\\\/\\\/www.cltweb.org\\\/wp-content\\\/uploads\\\/2024\\\/11\\\/New-CLT-Center-Text-logo.png\",\"contentUrl\":\"https:\\\/\\\/www.cltweb.org\\\/wp-content\\\/uploads\\\/2024\\\/11\\\/New-CLT-Center-Text-logo.png\",\"width\":227,\"height\":80,\"caption\":\"International Center for Community Land Trusts\"},\"image\":{\"@id\":\"https:\\\/\\\/www.cltweb.org\\\/es\\\/#\\\/schema\\\/logo\\\/image\\\/\"},\"sameAs\":[\"https:\\\/\\\/www.facebook.com\\\/cltcenter\",\"https:\\\/\\\/x.com\\\/Center4CLTs\",\"https:\\\/\\\/www.instagram.com\\\/cltcenter\\\/\",\"https:\\\/\\\/www.linkedin.com\\\/company\\\/cltcenter\",\"https:\\\/\\\/www.youtube.com\\\/@centerforcltinnovation5313\"],\"description\":\"The International Center for Community Land Trusts is a not-for-profit nongovernmental organization established in 2018 to promote and to support community land trusts and similar strategies of community-led development on community-owned land in countries throughout the world.\",\"email\":\"info@communitylandtrust.net\",\"legalName\":\"International Center for Community Land Trusts\",\"foundingDate\":\"2018-12-01\",\"taxID\":\"84-3858933\",\"numberOfEmployees\":{\"@type\":\"QuantitativeValue\",\"minValue\":\"1\",\"maxValue\":\"10\"}}]}<\/script>\n<!-- \/ Yoast SEO Premium plugin. -->","yoast_head_json":{"title":"Proyecto del Terreno Territorial Colectivo - International Center for Community Land Trusts","robots":{"index":"index","follow":"follow","max-snippet":"max-snippet:-1","max-image-preview":"max-image-preview:large","max-video-preview":"max-video-preview:-1"},"canonical":"https:\/\/www.cltweb.org\/es\/biblioteca-de-recursos\/sur-global\/brasil\/proyecto-del-terreno-territorial-colectivo\/","og_locale":"es_ES","og_type":"article","og_title":"Proyecto del Terreno Territorial Colectivo","og_description":"El Proyecto del Terreno Territorial Colectivo surgi\u00f3 en 2018, poco tiempo despu\u00e9s de que la ciudad de R\u00edo de Janeiro pasara por la mayor ola de remociones de su historia. [&hellip;]","og_url":"https:\/\/www.cltweb.org\/es\/biblioteca-de-recursos\/sur-global\/brasil\/proyecto-del-terreno-territorial-colectivo\/","og_site_name":"International Center for Community Land Trusts","article_publisher":"https:\/\/www.facebook.com\/cltcenter","article_modified_time":"2024-10-19T19:53:55+00:00","twitter_card":"summary_large_image","twitter_site":"@Center4CLTs","twitter_misc":{"Tiempo de lectura":"4 minutos"},"schema":{"@context":"https:\/\/schema.org","@graph":[{"@type":"WebPage","@id":"https:\/\/www.cltweb.org\/es\/biblioteca-de-recursos\/sur-global\/brasil\/proyecto-del-terreno-territorial-colectivo\/","url":"https:\/\/www.cltweb.org\/es\/biblioteca-de-recursos\/sur-global\/brasil\/proyecto-del-terreno-territorial-colectivo\/","name":"Proyecto del Terreno Territorial Colectivo - International Center for Community Land Trusts","isPartOf":{"@id":"https:\/\/www.cltweb.org\/es\/#website"},"datePublished":"2024-10-19T19:53:21+00:00","dateModified":"2024-10-19T19:53:55+00:00","breadcrumb":{"@id":"https:\/\/www.cltweb.org\/es\/biblioteca-de-recursos\/sur-global\/brasil\/proyecto-del-terreno-territorial-colectivo\/#breadcrumb"},"inLanguage":"es","potentialAction":[{"@type":"ReadAction","target":["https:\/\/www.cltweb.org\/es\/biblioteca-de-recursos\/sur-global\/brasil\/proyecto-del-terreno-territorial-colectivo\/"]}]},{"@type":"BreadcrumbList","@id":"https:\/\/www.cltweb.org\/es\/biblioteca-de-recursos\/sur-global\/brasil\/proyecto-del-terreno-territorial-colectivo\/#breadcrumb","itemListElement":[{"@type":"ListItem","position":1,"name":"Home","item":"https:\/\/www.cltweb.org\/es\/"},{"@type":"ListItem","position":2,"name":"Biblioteca de recursos","item":"https:\/\/www.cltweb.org\/es\/biblioteca-de-recursos\/"},{"@type":"ListItem","position":3,"name":"Sur Global","item":"https:\/\/www.cltweb.org\/es\/biblioteca-de-recursos\/sur-global\/"},{"@type":"ListItem","position":4,"name":"Brasil","item":"https:\/\/www.cltweb.org\/es\/biblioteca-de-recursos\/sur-global\/brasil\/"},{"@type":"ListItem","position":5,"name":"Proyecto del Terreno Territorial Colectivo"}]},{"@type":"WebSite","@id":"https:\/\/www.cltweb.org\/es\/#website","url":"https:\/\/www.cltweb.org\/es\/","name":"International Center for Community Land Trusts","description":"","publisher":{"@id":"https:\/\/www.cltweb.org\/es\/#organization"},"potentialAction":[{"@type":"SearchAction","target":{"@type":"EntryPoint","urlTemplate":"https:\/\/www.cltweb.org\/es\/?s={search_term_string}"},"query-input":{"@type":"PropertyValueSpecification","valueRequired":true,"valueName":"search_term_string"}}],"inLanguage":"es"},{"@type":"Organization","@id":"https:\/\/www.cltweb.org\/es\/#organization","name":"International Center for Community Land Trusts","url":"https:\/\/www.cltweb.org\/es\/","logo":{"@type":"ImageObject","inLanguage":"es","@id":"https:\/\/www.cltweb.org\/es\/#\/schema\/logo\/image\/","url":"https:\/\/www.cltweb.org\/wp-content\/uploads\/2024\/11\/New-CLT-Center-Text-logo.png","contentUrl":"https:\/\/www.cltweb.org\/wp-content\/uploads\/2024\/11\/New-CLT-Center-Text-logo.png","width":227,"height":80,"caption":"International Center for Community Land Trusts"},"image":{"@id":"https:\/\/www.cltweb.org\/es\/#\/schema\/logo\/image\/"},"sameAs":["https:\/\/www.facebook.com\/cltcenter","https:\/\/x.com\/Center4CLTs","https:\/\/www.instagram.com\/cltcenter\/","https:\/\/www.linkedin.com\/company\/cltcenter","https:\/\/www.youtube.com\/@centerforcltinnovation5313"],"description":"The International Center for Community Land Trusts is a not-for-profit nongovernmental organization established in 2018 to promote and to support community land trusts and similar strategies of community-led development on community-owned land in countries throughout the world.","email":"info@communitylandtrust.net","legalName":"International Center for Community Land Trusts","foundingDate":"2018-12-01","taxID":"84-3858933","numberOfEmployees":{"@type":"QuantitativeValue","minValue":"1","maxValue":"10"}}]}},"campaignId":"","taxonomy_info":[],"featured_image_src_large":false,"author_info":{"display_name":"cltredesign_0jp0l4","author_link":"https:\/\/www.cltweb.org\/es\/author\/cltredesign_0jp0l4\/"},"comment_info":0,"jetpack_sharing_enabled":true,"jetpack-related-posts":[{"id":1828,"url":"https:\/\/www.cltweb.org\/es\/biblioteca-de-recursos\/manuales-y-guias\/bancos-de-tierras-y-fideicomisos-comunitarios-de-tierras\/","url_meta":{"origin":3785,"position":0},"title":"Europa","author":"cltredesign_0jp0l4","date":"7 de septiembre de 2024","format":false,"excerpt":"Manuales y Gu\u00edas de Europa Viviendas populares: C\u00f3mo se organizan London CLT y Citizens UK para acceder a terrenos destinados a viviendas asequibles London CLT surgi\u00f3 de los esfuerzos de organizaci\u00f3n comunitaria de London Citizens, que desde principios de la d\u00e9cada de 1990 han estado fomentando la capacidad de las\u2026","rel":"","context":"En \u00abManuales\u00bb","block_context":{"text":"Manuales","link":"https:\/\/www.cltweb.org\/es\/category\/manuales\/"},"img":{"alt_text":"","src":"","width":0,"height":0},"classes":[]},{"id":8765,"url":"https:\/\/www.cltweb.org\/es\/biblioteca-de-recursos\/agricultura\/el-modelo-de-servidor-central\/estudio-de-caso-neighborspace-chicago-il\/","url_meta":{"origin":3785,"position":1},"title":"Estudio de caso: NeighborSpace (Chicago, IL)","author":"cltredesign_0jp0l4","date":"2 de febrero de 2025","format":false,"excerpt":"NeighborSpace es quiz\u00e1 la organizaci\u00f3n existente m\u00e1s cercana a lo que podr\u00eda considerarse un modelo de fideicomiso de tierras de servidor central para la agricultura urbana. Un examen m\u00e1s detallado de la historia y la estructura de NeighborSpace apunta a c\u00f3mo podr\u00eda desarrollarse un modelo de servidor central para la\u2026","rel":"","context":"En \u00abAgricultura\u00bb","block_context":{"text":"Agricultura","link":"https:\/\/www.cltweb.org\/es\/category\/agricultura-es\/"},"img":{"alt_text":"","src":"","width":0,"height":0},"classes":[]},{"id":8724,"url":"https:\/\/www.cltweb.org\/es\/biblioteca-de-recursos\/agricultura\/el-papel-de-los-fideicomisos-de-tierras\/fideicomisos-de-tierras-de-espacios-abiertos\/","url_meta":{"origin":3785,"position":2},"title":"Fideicomisos de tierras de espacios abiertos","author":"cltredesign_0jp0l4","date":"2 de febrero de 2025","format":false,"excerpt":"NeighborSpace NeighborSpace es un fondo de tierras que posee terrenos para huertos comunitarios y, cada vez m\u00e1s, granjas urbanas en Chicago. Se fund\u00f3 en 1996 en respuesta a una recomendaci\u00f3n de un informe urban\u00edstico seg\u00fan el cual Chicago ocupaba el 18\u00ba lugar entre 20 grandes ciudades en cuanto a espacios\u2026","rel":"","context":"En \u00abAgricultura\u00bb","block_context":{"text":"Agricultura","link":"https:\/\/www.cltweb.org\/es\/category\/agricultura-es\/"},"img":{"alt_text":"","src":"","width":0,"height":0},"classes":[]},{"id":1884,"url":"https:\/\/www.cltweb.org\/es\/biblioteca-de-recursos\/investigacion-academica\/","url_meta":{"origin":3785,"position":3},"title":"Trabajos acad\u00e9micos","author":"cltredesign_0jp0l4","date":"26 de julio de 2024","format":false,"excerpt":"Introducci\u00f3n de John Emmeus Davis Uno de los principales objetivos y programas del Centro Internacional de Fideicomisos de Tierras Comunitarias es \"catalogar y difundir la investigaci\u00f3n acad\u00e9mica y no acad\u00e9mica\" sobre los fideicomisos de tierras comunitarias y estrategias similares de desarrollo dirigido por la comunidad en tierras de propiedad comunitaria.\u2026","rel":"","context":"En \u00abBiblioteca de recursos\u00bb","block_context":{"text":"Biblioteca de recursos","link":"https:\/\/www.cltweb.org\/es\/category\/biblioteca-de-recursos-es\/"},"img":{"alt_text":"","src":"","width":0,"height":0},"classes":[]},{"id":3761,"url":"https:\/\/www.cltweb.org\/es\/biblioteca-de-recursos\/sur-global\/brasil\/fondo-comunitario-de-la-favela\/","url_meta":{"origin":3785,"position":4},"title":"Fondo Comunitario de la Favela","author":"cltredesign_0jp0l4","date":"19 de octubre de 2024","format":false,"excerpt":"El proyecto Favela Community Land Trust (Favela-CLT) naci\u00f3 en agosto de 2018, poco despu\u00e9s de que la ciudad de R\u00edo de Janeiro experimentara la mayor oleada de desalojos de su historia. En ese momento, unas 80.000 personas fueron expulsadas de sus hogares, justificado por la supuesta necesidad de preparar la\u2026","rel":"","context":"Entrada similar","block_context":{"text":"Entrada similar","link":""},"img":{"alt_text":"","src":"","width":0,"height":0},"classes":[]},{"id":4201,"url":"https:\/\/www.cltweb.org\/es\/biblioteca-de-recursos\/raices-del-clt\/precursores-internacionales\/ciudades-jardin\/","url_meta":{"origin":3785,"position":5},"title":"Ciudades jard\u00edn","author":"cltredesign_0jp0l4","date":"22 de octubre de 2024","format":false,"excerpt":"En 1898, un ingl\u00e9s autodidacta llamado Ebenezer Howard, que hab\u00eda recibido la influencia de los escritos de Edward Bellamy y Henry George, public\u00f3 Ma\u00f1ana: Un camino pac\u00edfico hacia la reforma real. Revisado y reeditado en 1902 con un nuevo t\u00edtulo, Ciudades-jard\u00edn del ma\u00f1ana, el libro de Howard se convirti\u00f3 en\u2026","rel":"","context":"En \u00abPrecursores internacionales\u00bb","block_context":{"text":"Precursores internacionales","link":"https:\/\/www.cltweb.org\/es\/category\/precursores-internacionales\/"},"img":{"alt_text":"","src":"","width":0,"height":0},"classes":[]}],"_links":{"self":[{"href":"https:\/\/www.cltweb.org\/es\/wp-json\/wp\/v2\/pages\/3785","targetHints":{"allow":["GET"]}}],"collection":[{"href":"https:\/\/www.cltweb.org\/es\/wp-json\/wp\/v2\/pages"}],"about":[{"href":"https:\/\/www.cltweb.org\/es\/wp-json\/wp\/v2\/types\/page"}],"author":[{"embeddable":true,"href":"https:\/\/www.cltweb.org\/es\/wp-json\/wp\/v2\/users\/1"}],"replies":[{"embeddable":true,"href":"https:\/\/www.cltweb.org\/es\/wp-json\/wp\/v2\/comments?post=3785"}],"version-history":[{"count":1,"href":"https:\/\/www.cltweb.org\/es\/wp-json\/wp\/v2\/pages\/3785\/revisions"}],"predecessor-version":[{"id":3786,"href":"https:\/\/www.cltweb.org\/es\/wp-json\/wp\/v2\/pages\/3785\/revisions\/3786"}],"up":[{"embeddable":true,"href":"https:\/\/www.cltweb.org\/es\/wp-json\/wp\/v2\/pages\/3742"}],"wp:attachment":[{"href":"https:\/\/www.cltweb.org\/es\/wp-json\/wp\/v2\/media?parent=3785"}],"wp:term":[{"taxonomy":"category","embeddable":true,"href":"https:\/\/www.cltweb.org\/es\/wp-json\/wp\/v2\/categories?post=3785"},{"taxonomy":"post_tag","embeddable":true,"href":"https:\/\/www.cltweb.org\/es\/wp-json\/wp\/v2\/tags?post=3785"}],"curies":[{"name":"wp","href":"https:\/\/api.w.org\/{rel}","templated":true}]}}