{"id":3809,"date":"2024-10-19T20:01:37","date_gmt":"2024-10-19T20:01:37","guid":{"rendered":"https:\/\/www.cltweb.org\/que-hacen-los-clt\/sur-global\/puerto-rico\/"},"modified":"2025-01-09T15:38:16","modified_gmt":"2025-01-09T15:38:16","slug":"puerto-rico","status":"publish","type":"page","link":"https:\/\/www.cltweb.org\/es\/biblioteca-de-recursos\/sur-global\/puerto-rico\/","title":{"rendered":"Puerto Rico"},"content":{"rendered":"<style>.wp-block-kadence-column.kb-section-dir-horizontal > .kt-inside-inner-col > .kt-info-box3807_17e70d-f1 .kt-blocks-info-box-link-wrap{max-width:unset;}.kt-info-box3807_17e70d-f1 .kt-blocks-info-box-link-wrap{border-top:5px solid var(--global-palette7, #eeeeee);border-right:5px solid var(--global-palette7, #eeeeee);border-bottom:5px solid var(--global-palette7, #eeeeee);border-left:5px solid var(--global-palette7, #eeeeee);border-top-left-radius:30px;border-top-right-radius:30px;border-bottom-right-radius:30px;border-bottom-left-radius:30px;background:#ffffff;padding-top:var(--global-kb-spacing-xs, 1rem);padding-right:var(--global-kb-spacing-xs, 1rem);padding-bottom:var(--global-kb-spacing-xs, 1rem);padding-left:var(--global-kb-spacing-xs, 1rem);}.kt-info-box3807_17e70d-f1.wp-block-kadence-infobox{max-width:100%;}.kt-info-box3807_17e70d-f1 .kadence-info-box-image-inner-intrisic-container{max-width:150px;}.kt-info-box3807_17e70d-f1 .kadence-info-box-image-inner-intrisic-container .kadence-info-box-image-intrisic{padding-bottom:31.2227%;width:1374px;height:0px;max-width:100%;}.kt-info-box3807_17e70d-f1 .kadence-info-box-icon-container .kt-info-svg-icon, .kt-info-box3807_17e70d-f1 .kt-info-svg-icon-flip, .kt-info-box3807_17e70d-f1 .kt-blocks-info-box-number{font-size:50px;}.kt-info-box3807_17e70d-f1 .kt-blocks-info-box-media{border-top-width:0px;border-right-width:0px;border-bottom-width:0px;border-left-width:0px;padding-top:20px;padding-right:20px;padding-bottom:20px;padding-left:20px;margin-top:0px;margin-right:20px;margin-bottom:0px;margin-left:0px;}.kt-info-box3807_17e70d-f1 .kt-infobox-textcontent h2.kt-blocks-info-box-title{padding-top:0px;padding-right:0px;padding-bottom:0px;padding-left:0px;margin-top:5px;margin-right:0px;margin-bottom:10px;margin-left:0px;}.kt-info-box3807_17e70d-f1 .kt-blocks-info-box-learnmore{background:transparent;border-width:0px 0px 0px 0px;padding-top:4px;padding-right:8px;padding-bottom:4px;padding-left:8px;margin-top:10px;margin-right:0px;margin-bottom:10px;margin-left:0px;}@media all and (max-width: 1024px){.kt-info-box3807_17e70d-f1 .kt-blocks-info-box-link-wrap{border-top:5px solid var(--global-palette7, #eeeeee);border-right:5px solid var(--global-palette7, #eeeeee);border-bottom:5px solid var(--global-palette7, #eeeeee);border-left:5px solid var(--global-palette7, #eeeeee);}}@media all and (max-width: 767px){.kt-info-box3807_17e70d-f1 .kt-blocks-info-box-link-wrap{border-top:5px solid var(--global-palette7, #eeeeee);border-right:5px solid var(--global-palette7, #eeeeee);border-bottom:5px solid var(--global-palette7, #eeeeee);border-left:5px solid var(--global-palette7, #eeeeee);}}<\/style>\n<div class=\"wp-block-kadence-infobox kt-info-box3807_17e70d-f1\"><span class=\"kt-blocks-info-box-link-wrap info-box-link kt-blocks-info-box-media-align-left kt-info-halign-left\"><div class=\"kt-blocks-info-box-media-container\"><div class=\"kt-blocks-info-box-media kt-info-media-animate-none\"><div class=\"kadence-info-box-image-inner-intrisic-container\"><div class=\"kadence-info-box-image-intrisic kt-info-animate-none\"><div class=\"kadence-info-box-image-inner-intrisic\"><img loading=\"lazy\" decoding=\"async\" src=\"https:\/\/www.cltweb.org\/wp-content\/uploads\/2024\/10\/cano-martin-pena-clt-logo.png\" alt=\"Logo for the Cano Mart&#xED;n Pe&#xF1;a CLT\" width=\"1374\" height=\"429\" class=\"kt-info-box-image wp-image-4789\" srcset=\"https:\/\/www.cltweb.org\/wp-content\/uploads\/2024\/10\/cano-martin-pena-clt-logo.png 1374w, https:\/\/www.cltweb.org\/wp-content\/uploads\/2024\/10\/cano-martin-pena-clt-logo-300x94.png 300w, https:\/\/www.cltweb.org\/wp-content\/uploads\/2024\/10\/cano-martin-pena-clt-logo-1024x320.png 1024w, https:\/\/www.cltweb.org\/wp-content\/uploads\/2024\/10\/cano-martin-pena-clt-logo-768x240.png 768w\" sizes=\"auto, (max-width: 1374px) 100vw, 1374px\" \/><\/div><\/div><\/div><\/div><\/div><div class=\"kt-infobox-textcontent\"><h2 class=\"kt-blocks-info-box-title\">Fideicomiso de la Tierra del Ca\u00f1o Mart\u00edn Pe\u00f1a<\/h2><p class=\"kt-blocks-info-box-text\">El Fideicomiso de la Tierra Ca\u00f1o Mart\u00edn Pe\u00f1a de San Juan de Puerto Rico ha puesto a prueba un enfoque de los fideicomisos de la tierra comunitarios en comunidades informales que est\u00e1 inspirando esfuerzos en todo el Sur Global.<\/p><\/div><\/span><\/div>\n\n<div class=\"wp-block-columns is-layout-flex wp-container-core-columns-is-layout-28f84493 wp-block-columns-is-layout-flex\">\n<div class=\"wp-block-column is-layout-flow wp-block-column-is-layout-flow\">\n<p><strong>INTRODUCCI\u00d3N:<\/strong> El Fideicomiso de la Tierra del Ca\u00f1o Mart\u00edn Pe\u00f1a (Fideicomiso del Ca\u00f1o) es un fideicomiso comunitario de tierras dise\u00f1ado, creado y administrado por residentes de ocho barrios aleda\u00f1os al Ca\u00f1o Mart\u00edn Pe\u00f1a: un canal de agua sumamente contaminado que forma parte de un sistema estuarino y que discurre por el centro de San Juan, la capital de Puerto Rico. Fue creado con el objetivo de regularizar la titularidad de tierras y evitar la gentrificaci\u00f3n y el desplazamiento involuntario, que ocurrir\u00edan a ra\u00edz del plan para los trabajos de dragado y limpieza del ca\u00f1o. La creaci\u00f3n del Fideicomiso del Ca\u00f1o y la restauraci\u00f3n ecol\u00f3gica del canal son elementos principales de la amplia agenda de trabajo participativo del Proyecto ENLACE del Ca\u00f1o Mart\u00edn Pe\u00f1a. Esta iniciativa ha reunido a residentes de la comunidad y aliados de los sectores p\u00fablico y privado con el fin de implementar un plan de desarrollo integral dise\u00f1ado mediante un proceso de planificaci\u00f3n participativa con el fin de revitalizar un \u00e1rea marginada hist\u00f3ricamente y transformar esta zona urbana en un espacio m\u00e1s habitable, justo,participativo y con sus residentes como protagonistas de su historia. Para saber m\u00e1s puedes visitar su <strong><a href=\"\" target=\"\" rel=\"\">sitio web<\/a><\/strong> o sus redes sociales en <strong><a href=\"\" target=\"\" rel=\"\">Facebook<\/a><\/strong>o en <strong><a href=\"\" target=\"\" rel=\"\">Instagram<\/a><\/strong> y en <strong><a href=\"\" target=\"\" rel=\"\">Twitter<\/a><\/strong>.      <\/p>\n<\/div>\n\n\n\n<div class=\"wp-block-column is-layout-flow wp-block-column-is-layout-flow\">\n<p><strong>INTRODUCCI\u00d3N:<\/strong> El Ca\u00f1o Mart\u00edn Pe\u00f1a Land Trust (Ca\u00f1o Trust) es un fideicomiso de la tierra comunitario dise\u00f1ado, creado y gestionado por los residentes de ocho barrios que rodean el Ca\u00f1o Mart\u00edn Pe\u00f1a: un estuario mareal altamente contaminado que atraviesa el centro de San Juan, la capital de Puerto Rico. El CLT Ca\u00f1o se cre\u00f3 con el objetivo de regularizar la propiedad de la tierra y evitar la gentrificaci\u00f3n y el desplazamiento involuntario, que se producir\u00edan como consecuencia del plan de dragado y limpieza del ca\u00f1o. La creaci\u00f3n del CLT Ca\u00f1o y la restauraci\u00f3n ecol\u00f3gica del canal son los principales elementos de la amplia agenda de trabajo participativo del Proyecto ENLACE Ca\u00f1o Mart\u00edn Pe\u00f1a. Esta iniciativa ha reunido a residentes de la comunidad y aliados de los sectores p\u00fablico y privado para poner en marcha un plan de desarrollo integral dise\u00f1ado mediante un proceso de planificaci\u00f3n participativa para revitalizar una zona hist\u00f3ricamente marginada, y transformar esta \u00e1rea urbana en un espacio m\u00e1s habitable, justo y participativo para todos sus residentes. Para saber m\u00e1s puedes visitar su <a href=\"\" target=\"\" rel=\"\"><strong>sitio web<\/strong><\/a>o consultarlos en las redes sociales <strong><a href=\"https:\/\/www.facebook.com\/ProyectoEnlaceCMP\" target=\"_blank\" rel=\"noreferrer noopener\">Facebook<\/a><\/strong>, <a href=\"\" target=\"\" rel=\"\"><strong>Instagram<\/strong><\/a>o <strong><a href=\"https:\/\/twitter.com\/CanoMartinPena\" target=\"_blank\" rel=\"noreferrer noopener\">Twitter<\/a><\/strong>.    <\/p>\n<\/div>\n<\/div>\n<style>.wp-block-kadence-spacer.kt-block-spacer-3807_0adf16-7b .kt-block-spacer{height:20px;}.wp-block-kadence-spacer.kt-block-spacer-3807_0adf16-7b .kt-divider{border-top-width:7px;height:1px;border-top-color:#eee;width:80%;border-top-style:solid;}<\/style>\n<div class=\"wp-block-kadence-spacer aligncenter kt-block-spacer-3807_0adf16-7b\"><div class=\"kt-block-spacer kt-block-spacer-halign-center\"><hr class=\"kt-divider\"\/><\/div><\/div>\n\n<h3 class=\"wp-block-heading\" id=\"h-book-chapters-journal-articles-academic-papers\" style=\"font-size:clamp(15.747px, 0.984rem + ((1vw - 3.2px) * 0.645), 24px);\">Cap\u00edtulos de libros \/ Art\u00edculos de revistas \/ Trabajos acad\u00e9micos<\/h3>\n\n<ul class=\"wp-block-list\">\n<li><a href=\"https:\/\/www.lincolninst.edu\/pt-br\/publications\/working-papers\/community-land-trusts-informal-settlements\" target=\"_blank\" rel=\"noreferrer noopener\">Community Land Trusts and Informal Settlements<\/a>, Line Algoed, Alejandro Cott\u00e9 Morales, Tarcyla Fidalgo Ribeiro, Mar\u00eda E. Hern\u00e1ndez Torrales, Lyvia Rodr\u00edguez Del Valle y Theresa Williamson, Lincoln Institute of Land Policy, mayo de 2021.<\/li>\n\n\n\n<li><a href=\"https:\/\/www.cltweb.org\/wp-content\/uploads\/2024\/11\/CH11.pdf\" data-type=\"attachment\" data-id=\"6966\" target=\"_blank\" rel=\"noreferrer noopener\">La siembra del CLT en Am\u00e9rica Latina y el Caribe: or\u00edgenes, logros y prueba de concepto del CLT Ca\u00f1o Mart\u00edn Pe\u00f1a<\/a>, Mar\u00eda E. Hern\u00e1ndez-Torrales, Lyvia Rodr\u00edguez Del Valle, Line Algoed y Karla Torres Sueiro, <em>Terra Nostra Press<\/em>, 2020.<\/li>\n\n\n\n<li><a href=\"https:\/\/www.cambridge.org\/core\/journals\/social-policy-and-society\/article\/abs\/collective-property-rights-and-social-citizenship-recent-trends-in-urban-latin-america\/F13ED1CF6D7754A439C579F9774122D4#access-block\" target=\"_blank\" rel=\"noreferrer noopener\">Derechos de Propiedad Colectiva y Ciudadan\u00eda Social: Tendencias recientes en la Am\u00e9rica Latina<\/a> urbana, Diane E. Davis y Jos\u00e9 Carlos Fern\u00e1ndez, <em>Pol\u00edtica Social y Sociedad<\/em>, 26 de noviembre de 2019<\/li>\n\n\n\n<li><a href=\"https:\/\/radicalhousingjournal.org\/wp-content\/uploads\/2019\/04\/02_Long-Read_Algoed-et-al_29-47.pdf\" target=\"_blank\" rel=\"noreferrer noopener\">Lessons from the Ca\u00f1o Mart\u00edn Pe\u00f1a Community Land Trust<\/a>, Line Algoed, Mar\u00eda E. Hern\u00e1ndez Torrales, <em>Radical Housing Journal<\/em>, abril de 2019.<\/li>\n\n\n\n<li><a href=\"https:\/\/go.gale.com\/ps\/i.do?id=GALE%7CA247530571&amp;sid=googleScholar&amp;v=2.1&amp;it=r&amp;linkaccess=abs&amp;issn=10741917&amp;p=AONE&amp;sw=w&amp;userGroupName=anon%7E14ddd403\" target=\"_blank\" rel=\"noreferrer noopener\">(Des)empoderamiento comunitario: el proyecto Cano Mart\u00edn Pe\u00f1a<\/a>, Christine Letts, Harvard Journal of Hispanic Policy, 2010<\/li>\n<\/ul>\n\n<h3 class=\"wp-block-heading\" id=\"h-news-articles\" style=\"font-size:clamp(15.747px, 0.984rem + ((1vw - 3.2px) * 0.645), 24px);\">Noticias<\/h3>\n\n<ul class=\"wp-block-list\">\n<li><a href=\"https:\/\/www.womenbuildcommunity.org\/case\/grupo-de-las-ocho-comunidades-aledanas-al-cano-martin-pena-g8\/\" target=\"_blank\" rel=\"noreferrer noopener\">Grupo de las Ocho Comunidades Aleda\u00f1as al Ca\u00f1o Mart\u00edn Pe\u00f1a (G8)<\/a>, entrevista con Lucy Cruz, Liderazgo de las Mujeres en el Desarrollo Comunitario y el Centro Prat, 26 de marzo de 2021.<\/li>\n\n\n\n<li><a href=\"https:\/\/www.theweeklyjournal.com\/business-gallery\/ciapr-hands-over-sustainable-homes-for-ca-o-mart-n-pe-a-community\/article_0155582c-76bc-11eb-a45e-6f54e4140bf5.html\" target=\"_blank\" rel=\"noreferrer noopener\">El CIAPR entrega viviendas sostenibles para la comunidad de Ca\u00f1o Mart\u00edn Pe\u00f1a<\/a>, <em>El Semanario<\/em>, 24 de febrero de 2021<\/li>\n\n\n\n<li>The Growth of the Global CLT Movement, Part 5: In Puerto Rico, a Favela-CLT Gains Global Recognition, Patricia Basile, Priscilla Mayrink, <em>RioOnWatch<\/em>, 6 de octubre de 2019.<\/li>\n\n\n\n<li><a href=\"https:\/\/radicalhousingjournal.org\/wp-content\/uploads\/2019\/04\/02_Long-Read_Algoed-et-al_29-47.pdf\" target=\"_blank\" rel=\"noreferrer noopener\">La Tierra es Nuestra. Vulnerabilizaci\u00f3n y resistencia en los asentamientos informales de Puerto Rico:  <\/a><\/li>\n\n\n\n<li><a href=\"https:\/\/shelterforce.org\/2019\/02\/28\/community-land-trusts-in-the-age-of-climate-change\/\" target=\"_blank\" rel=\"noreferrer noopener\">Community Land Trusts in the Age of Climate Change<\/a>, Hortense Leon, <em>Shelterforce<\/em>, 28 de febrero de 2019<\/li>\n\n\n\n<li><a href=\"https:\/\/www.resilience.org\/stories\/2018-10-15\/puerto-rico-spirited-community-response\/\" target=\"_blank\" rel=\"noreferrer noopener\">Puerto Rico &#8211; respuesta comunitaria en\u00e9rgica<\/a>, Susan Witt, <em>Resilience\/Post Carbon Institute<\/em>, 15 de octubre de 2018<\/li>\n\n\n\n<li><a href=\"https:\/\/nextcity.org\/urbanist-news\/the-role-of-community-land-trusts-after-hurricane-maria\" target=\"_blank\" rel=\"noreferrer noopener\">The Role of Community Land Trusts After Hurricane Maria &#8211; for emergency relief and beyond<\/a>, Zoe Sullivan, <em>Next City<\/em>, 1 de junio de 2018<\/li>\n\n\n\n<li><a href=\"https:\/\/archive.thinkprogress.org\/puerto-rico-enlace-cano-martin-pena-gentrificaton-7e83433658df\/\" target=\"_blank\" rel=\"noreferrer noopener\">Las comunidades m\u00e1s vulnerables de Puerto Rico trabajan juntas para sobrevivir, despu\u00e9s de Mar\u00eda<\/a>, E.A. Crunden, <em>ThinkProgress<\/em>, 23 de mayo de 2018<\/li>\n\n\n\n<li><a href=\"https:\/\/www.forbes.com\/sites\/marlenahartz\/2018\/03\/19\/why-hurricane-maria-is-no-match-for-this-mighty-community-in-puerto-rico\/?sh=4a0e0fee3ce1\" target=\"_blank\" rel=\"noreferrer noopener\">Por qu\u00e9 el hurac\u00e1n Mar\u00eda no es rival para esta poderosa comunidad de Puerto Rico<\/a>, Marlena Hartz, <em>Forbes<\/em>, 19 de marzo de 2018<\/li>\n\n\n\n<li><a href=\"https:\/\/www.academyofurbanism.org.uk\/people-taking-back-control-in-puerto-rico-line-algoed\/\" target=\"_blank\" rel=\"noreferrer noopener\">La gente recupera el control en Puerto Rico<\/a>, Line Algoed, <em>La Academia de Urbanismo<\/em>, 12 de enero de 2018<\/li>\n\n\n\n<li><a href=\"https:\/\/brooklynrail.org\/special\/River_Rail_Puerto_Rico\/river-rail\/To-the-Rescue-of-an-Estuarine-Ecosystem-Community-Action-in-the-Fight-for-the-Restoration-of-Cao-Martn-Pea\" target=\"_blank\" rel=\"noreferrer noopener\">Ca\u00f1o Mart\u00edn Pe\u00f1a: Un Caso Pr\u00e1ctico de Acci\u00f3n Comunitaria: Al Rescate de un Ecosistema Estuarino<\/a>. por Katia R. Avil\u00e9s V\u00e1zquez, Mar\u00eda T. Rodr\u00edguez Mattei, Ana E. P\u00e9rez Quintero, Lituania Alicea Bernard y Estrella Santiago P\u00e9rez con aportaciones de l\u00edderes del Grupo de las Ocho Comunidades que rodean Ca\u00f1o Mart\u00edn Pe\u00f1a (G8, Inc.).   <em>The Brooklyn Rail, 2018.<\/em><\/li>\n\n\n\n<li><a href=\"https:\/\/urbanwaterslearningnetwork.org\/resources\/proyecto-enlace-del-cano-martin-pena-restoring-ecosystem-building-resilient-communities-puerto-rico\/\" target=\"_blank\" rel=\"noreferrer noopener\">Proyecto ENLACE del Ca\u00f1o Mart\u00edn Pe\u00f1a: Restaurar un ecosistema y construir comunidades resilientes en Puerto Rico<\/a>, Mar\u00eda Brodine, <em>Red de Aprendizaje de Aguas Urbanas<\/em>, 22 de diciembre de 2017.<\/li>\n\n\n\n<li><a href=\"https:\/\/www.rollingstone.com\/culture\/culture-features\/hurricane-maria-inside-a-puerto-rican-barrios-fight-to-survive-201428\/\" target=\"_blank\" rel=\"noreferrer noopener\">Hurricane Maria: Inside a Puerto Rican Barrio&#8217;s Fight to Survive<\/a>, Alexander Zaitchik, <em>RollingStone<\/em>, 17 de octubre de 2017<\/li>\n\n\n\n<li><a href=\"https:\/\/www.motherjones.com\/politics\/2017\/10\/puerto-ricos-poorest-communities-are-doing-the-rebuilding-the-trump-administration-wont\/\" target=\"_blank\" rel=\"noreferrer noopener\">Puerto Rico&#8217;s Poorest Communities Are Doing the Rebuilding the Trump Administration Won&#8217;t<\/a>, AJ Vicens, <em>Mother Jones<\/em>, 5 de octubre de 2017.<\/li>\n\n\n\n<li><a href=\"https:\/\/labgov.city\/theurbanmedialab\/the-favela-as-a-community-land-trust-the-case-of-san-juan-puerto-rico\/\" target=\"_blank\" rel=\"noreferrer noopener\">Un Asentamiento Informal como Patrimonio Comunitario de la Tierra. El caso de San Juan de Puerto Rico<\/a>Monica Bernardi, Laboratorio de Medios Urbanos, 18 de julio de 2017<\/li>\n\n\n\n<li><a href=\"https:\/\/rioonwatch.org\/?p=36081\" target=\"_blank\" rel=\"noreferrer noopener\">An Informal Settlement in Puerto Rico Has Become the World&#8217;s First Favela Community Land Trust<\/a>, Laura Bachmann, <em>RioOnWatch<\/em>, 28 de abril de 2017.<\/li>\n\n\n\n<li><a href=\"https:\/\/www.theguardian.com\/cities\/2017\/jan\/18\/people-power-puerto-rico-canal-community-escaped-gentrification\" target=\"_blank\" rel=\"noreferrer noopener\">People power in Puerto Rico: how a canal community escaped gentrification<\/a>, The Guardian, 18 de enero de 2017<\/li>\n\n\n\n<li><a href=\"https:\/\/www.dailykos.com\/stories\/2016\/5\/17\/1527473\/-Bernie-in-Puerto-Rico-part-4\" target=\"_blank\" rel=\"noreferrer noopener\">Bernie en Puerto Rico &#8211; parte 4<\/a>, <em>Daily Kos<\/em>, 17 de mayo de 2016<\/li>\n\n\n\n<li><a href=\"https:\/\/www.nfg.org\/r_land_trust_wins_2015-16_un_world_habitat_award\" target=\"_blank\" rel=\"noreferrer noopener\">Un innovador fideicomiso de la tierra de Puerto Rico gana el Premio Mundial del H\u00e1bitat 2015-16 de la ONU<\/a>, <em>Neighborhood Funders Group<\/em>, 1 de marzo de 2016.<\/li>\n\n\n\n<li><a href=\"https:\/\/www.nbcnews.com\/news\/latino\/puerto-rico-community-land-trust-awarded-un-world-habitat-award-n528031\" target=\"_blank\" rel=\"noreferrer noopener\">Puerto Rico Community Land Trust Awarded UN World Habitat Award<\/a>, Daniela Franco, <em>NBC News<\/em>, 29 de febrero de 2016<\/li>\n\n\n\n<li><a href=\"https:\/\/www.mountsinai.org\/about\/newsroom\/2014\/team-from-the-icahn-school-of-medicine-at-mount-sinai-conducts-health-impact-assessment-for-the-cao-martn-pea-ecosystem-restoration-project-in-puerto-rico\" target=\"_blank\" rel=\"noreferrer noopener\">Un equipo de la Escuela de Medicina Icahn de Mount<\/a> <em>Sinai<\/em><a href=\"https:\/\/www.mountsinai.org\/about\/newsroom\/2014\/team-from-the-icahn-school-of-medicine-at-mount-sinai-conducts-health-impact-assessment-for-the-cao-martn-pea-ecosystem-restoration-project-in-puerto-rico\" target=\"_blank\" rel=\"noreferrer noopener\">lleva a cabo una evaluaci\u00f3n del impacto en la salud del proyecto de restauraci\u00f3n del ecosistema Ca\u00f1o Mart\u00edn Pe\u00f1a en Puerto Rico<\/a>, <em>Mount Sinai<\/em>, 16 de mayo de 2014.<\/li>\n\n\n\n<li><a href=\"https:\/\/world-habitat.org\/world-habitat-awards\/winners-and-finalists\/cano-martin-pena-community-land-trust\/\" target=\"_blank\" rel=\"noreferrer noopener\">Fondo Comunitario de la Tierra Ca\u00f1o Mart\u00edn Pe\u00f1a &#8211; Premio Mundial<\/a> del H\u00e1bitat, World Habitat, 2015<\/li>\n<\/ul>\n\n<h3 class=\"wp-block-heading\" id=\"h-documents\" style=\"font-size:clamp(15.747px, 0.984rem + ((1vw - 3.2px) * 0.645), 24px);\">Documentos<\/h3>\n\n<ul class=\"wp-block-list\">\n<li><strong>Litigios<\/strong>\n<ul class=\"wp-block-list\">\n<li><a href=\"https:\/\/caselaw.findlaw.com\/us-1st-circuit\/1520025.html\" target=\"_blank\" rel=\"noreferrer noopener\">Fideicomiso de la Tierra del Ca\u00f1o Mart\u00edn Pe\u00f1a contra Fortu\u00f1o<\/a>, Tribunal de Apelaci\u00f3n de EEUU &#8211; Primer Circuito, 28 de abril de 2010<\/li>\n<\/ul>\n<\/li>\n\n\n\n<li><strong>Documentos organizativos<\/strong>\n<ul class=\"wp-block-list\">\n<li><a href=\"https:\/\/www.cltweb.org\/wp-content\/uploads\/2025\/01\/surface-rights-lease.pdf\" target=\"_blank\" rel=\"noreferrer noopener\">Escritura de derechos de superficie<\/a><\/li>\n\n\n\n<li><a href=\"https:\/\/www.cltweb.org\/wp-content\/uploads\/2025\/01\/Cano-Rules-Regulations-Spanish.pdf\" target=\"_blank\" rel=\"noreferrer noopener\">Reglamento general para el funcionamiento del Fideicomiso de la Tierra del Ca\u00f1o Mart\u00edn Pe\u00f1a<\/a><\/li>\n<\/ul>\n<\/li>\n<\/ul>\n\n<h3 class=\"wp-block-heading\" id=\"h-videos\" style=\"font-size:clamp(15.747px, 0.984rem + ((1vw - 3.2px) * 0.645), 24px);\">V\u00eddeos<\/h3>\n\n<ul class=\"wp-block-list\">\n<li><a href=\"https:\/\/youtu.be\/QrzZWtC7yww\" target=\"_blank\" rel=\"noreferrer noopener\">Detallan hist\u00f3rica asignaci\u00f3n de $163 millones al proyecto de restauraci\u00f3n del Ca\u00f1o Mart\u00edn Pe\u00f1a<\/a>, Notis\u00e9is 360 PR, 21 de enero de 2022<\/li>\n\n\n\n<li><a href=\"https:\/\/youtu.be\/cnXttIrwo2s\" target=\"_blank\" rel=\"noreferrer noopener\">55 Desde el terreno: Ca\u00f1o Mart\u00edn Pe\u00f1a<\/a>, Cuerpo de Ingenieros del Ej\u00e9rcito de EEUU, 29 de junio de 2021<\/li>\n\n\n\n<li><a href=\"https:\/\/youtu.be\/WtN0UrLNEkQ\" target=\"_blank\" rel=\"noreferrer noopener\">Garantizar los derechos sobre la tierra: Community Land Trusts in Informal Settlements<\/a>, H\u00e1bitat Mundial, octubre de 2020<\/li>\n\n\n\n<li><a href=\"https:\/\/youtu.be\/_6_1M_vwJVs\" target=\"_blank\" rel=\"noreferrer noopener\">Historia de Ca\u00f1o Mart\u00edn Pe\u00f1a<\/a>, Metro Pavia Health, 8 de agosto de 2020<\/li>\n\n\n\n<li><a href=\"https:\/\/youtu.be\/Y2XVOowNEvo\" target=\"_blank\" rel=\"noreferrer noopener\">Krystal es el futuro del liderato comunitario en el Ca\u00f1o Mart\u00edn Pe\u00f1a<\/a>, Sagrado Coraz\u00f3n, 21 de diciembre de 2018<\/li>\n\n\n\n<li><a href=\"https:\/\/youtu.be\/LsZbi9Cidow\" target=\"_blank\" rel=\"noreferrer noopener\">Aileen se deja sentir como l\u00edder comunitaria en el Ca\u00f1o Mart\u00edn Pe\u00f1a<\/a>, Sagrado Coraz\u00f3n, 21 de diciembre de 2018<\/li>\n\n\n\n<li><a href=\"https:\/\/youtu.be\/0M8nkuhSAJ8\" target=\"_blank\" rel=\"noreferrer noopener\">El empresarismo presente en las comunidades del Ca\u00f1o Mart\u00edn Pe\u00f1a<\/a>, Sagrado Coraz\u00f3n, 21 de diciembre de 2018<\/li>\n\n\n\n<li><a href=\"https:\/\/youtu.be\/wuu9mOBq57o\" target=\"_blank\" rel=\"noreferrer noopener\">Mario naci\u00f3 para servir a su gente en el Ca\u00f1o Mart\u00edn Pe\u00f1a<\/a>, Sagrado Coraz\u00f3n, 21 de diciembre de 2018<\/li>\n\n\n\n<li><a href=\"https:\/\/youtu.be\/rjr1TzN7NNY\" target=\"_blank\" rel=\"noreferrer noopener\">Jerald, un l\u00edder comunitario desde peque\u00f1o en el Ca\u00f1o Mart\u00edn Pe\u00f1a<\/a>, Sagrado Coraz\u00f3n, 21 de diciembre de 2018<\/li>\n\n\n\n<li><a href=\"https:\/\/youtu.be\/qC7sq44kJMc\" target=\"_blank\" rel=\"noreferrer noopener\">Jos\u00e9 Caraballo vive la transformaci\u00f3n del Ca\u00f1o Mart\u00edn Pe\u00f1a<\/a>, Sagrado Coraz\u00f3n, 21 de diciembre de 2018<\/li>\n\n\n\n<li><a href=\"https:\/\/youtu.be\/JHpaoUentXc\" target=\"_blank\" rel=\"noreferrer noopener\">Fideicomiso de la Tierra &#8211; CC: Portugu\u00e9s<\/a>, Proyecto Enlace del Ca\u00f1o Mart\u00edn Pe\u00f1a, 20 de diciembre de 2018<\/li>\n\n\n\n<li><a href=\"https:\/\/youtu.be\/3m322Lyb72Y\" target=\"_blank\" rel=\"noreferrer noopener\">Fideicomiso de la Tierra del Ca\u00f1o Mart\u00edn Pe\u00f1a | Communities Thrive Challenge Grantee<\/a>, The Rockefeller Foundation, 4 de diciembre de 2018<\/li>\n\n\n\n<li>Proyecto ENLACE del Ca\u00f1o <a href=\"https:\/\/youtu.be\/At0bS5osTcs\" target=\"_blank\" rel=\"noreferrer noopener\">Mart\u00edn<\/a> Pe\u00f1a, Proyecto ENLACE del Ca\u00f1o Mart\u00edn Pe\u00f1a, 11 de octubre de 2018<\/li>\n\n\n\n<li><a href=\"https:\/\/youtu.be\/KlSlFShn5aU\" target=\"_blank\" rel=\"noreferrer noopener\">Comunidades aleda\u00f1as al Ca\u00f1o Mart\u00edn Pe\u00f1a exigen continuaci\u00f3n de dragado<\/a>, Notis\u00e9is 360 PR, 18 de julio de 2018<\/li>\n\n\n\n<li><a href=\"https:\/\/youtu.be\/vpWnoHpfZx4\" target=\"_blank\" rel=\"noreferrer noopener\">\u00a1Dragado Ya! Sigue la lucha por mejorar el ambiente y el flujo de agua del Ca\u00f1o Mart\u00edn Pe\u00f1a<\/a>, Aqu\u00ed en la Fila, 25 de junio de 2018<\/li>\n\n\n\n<li><a href=\"https:\/\/youtu.be\/mo7umxuCZPY\" target=\"_blank\" rel=\"noreferrer noopener\">Ca\u00f1o Mart\u00edn Pe\u00f1a: A Blueprint for<\/a> Better, Instituto Americano de Arquitectos, 18 de junio de 2018<\/li>\n\n\n\n<li><a href=\"https:\/\/www.aljazeera.com\/videos\/2017\/10\/7\/puerto-rican-communities-fear-for-their-future\" target=\"_blank\" rel=\"noreferrer noopener\">Las comunidades puertorrique\u00f1as temen por su futuro: Muchos puertorrique\u00f1os est\u00e1n preocupados por lo que ocurrir\u00e1 con sus comunidades<\/a>. Shihab Rattans, Al Jazeera, 7 de octubre de 2017 <\/li>\n\n\n\n<li><a href=\"https:\/\/youtu.be\/VbjoJEz1wcs\" target=\"_blank\" rel=\"noreferrer noopener\">Ca\u00f1o Mart\u00edn Pe\u00f1a: participaci\u00f3n y sostenibilidad en San Juan<\/a>, LA Network, 19 de marzo de 2017<\/li>\n\n\n\n<li><a href=\"https:\/\/youtu.be\/ivu7HekEqHA\" target=\"_blank\" rel=\"noreferrer noopener\">Ca\u00f1o Mart\u00edn Pe\u00f1a cre\u00f3 un fideicomiso de la tierra<\/a>, Newsy, 7 de febrero de 2017<\/li>\n\n\n\n<li><a href=\"https:\/\/youtu.be\/prinuXM9sh0\" target=\"_blank\" rel=\"noreferrer noopener\">Intercambio entre iguales &#8211; Fideicomiso de Tierras Comunitarias Ca\u00f1o Mart\u00edn Pe\u00f1a, Puerto Rico<\/a>, H\u00e1bitat Mundial, febrero de 2017<\/li>\n\n\n\n<li><a href=\"https:\/\/youtu.be\/8D6mVCt8n0g\" target=\"_blank\" rel=\"noreferrer noopener\">El camino hacia la resiliencia &#8211; Fundaci\u00f3n Rockefeller<\/a>, Proyecto ENLACE del Ca\u00f1o Mart\u00edn Pe\u00f1a, 11 de abril de 2016<\/li>\n\n\n\n<li><a href=\"https:\/\/youtu.be\/mNbjXzgnR88\" target=\"_blank\" rel=\"noreferrer noopener\">Ca\u00f1o Mart\u00edn Pe\u00f1a CLT\/Fideicomiso de la Tierra &#8211; Puerto Rico<\/a>, H\u00e1bitat Mundial, febrero de 2016<\/li>\n\n\n\n<li>Proyecto ENLACE del Ca\u00f1o <a href=\"https:\/\/youtu.be\/_naav6Ro3eo\" target=\"_blank\" rel=\"noreferrer noopener\">Mart\u00edn<\/a> Pe\u00f1a, Proyecto ENLACE del Ca\u00f1o Mart\u00edn Pe\u00f1a, 2 de diciembre de 2015<\/li>\n\n\n\n<li><a href=\"https:\/\/youtu.be\/u9wjFFrrhKc\" target=\"_blank\" rel=\"noreferrer noopener\">Agua Mala<\/a>, CDCSagrado, agosto de 2014<\/li>\n\n\n\n<li><a href=\"https:\/\/youtu.be\/NYbD87jmODU\" target=\"_blank\" rel=\"noreferrer noopener\">Especial La Tierra es Nuestra &#8211; Ca\u00f1o Mart\u00edn Pe\u00f1a &#8211; Parte 3<\/a>, Noticentro 4, 9 de agosto de 2013<\/li>\n\n\n\n<li><a href=\"https:\/\/youtu.be\/JAYTUkOSIRQ\" target=\"_blank\" rel=\"noreferrer noopener\">Especial La Tierra es Nuestra &#8211; Ca\u00f1o Mart\u00edn Pe\u00f1a &#8211; Parte 2<\/a>, Noticentro 4, 9 de agosto de 2013<\/li>\n\n\n\n<li><a href=\"https:\/\/youtu.be\/HFLQK9DATO0\" target=\"_blank\" rel=\"noreferrer noopener\">Especial La Tierra es Nuestra &#8211; Ca\u00f1o Mart\u00edn Pe\u00f1a &#8211; Parte 1<\/a>, Noticentro 4, 9 de agosto de 2013<\/li>\n\n\n\n<li><a href=\"https:\/\/youtu.be\/s_aCouU2oJ4\" target=\"_blank\" rel=\"noreferrer noopener\">Testimonios de Aliados y Voluntarios del Proyecto EN<\/a>LACE <a href=\"https:\/\/youtu.be\/s_aCouU2oJ4\" target=\"_blank\" rel=\"noreferrer noopener\">del Ca\u00f1o<\/a> Mart\u00edn Pe\u00f1a, Proyecto ENLACE del Ca\u00f1o Mart\u00edn Pe\u00f1a, 14 de mayo de 2013<\/li>\n\n\n\n<li><a href=\"https:\/\/youtu.be\/yMpNi55hJtU\" target=\"_blank\" rel=\"noreferrer noopener\">Comisi\u00f3n cameral discute medida a favor de la comunidad del Ca\u00f1o Mart\u00edn Pe\u00f1a<\/a>, C\u00e1mara de Representantes PR, 12 de abril de 2013<\/li>\n\n\n\n<li>Proyecto ENLACE del Ca\u00f1o Mart\u00edn <a href=\"https:\/\/youtu.be\/tFLx03iwEj8\" target=\"_blank\" rel=\"noreferrer noopener\">Pe\u00f1a &#8211; Video Institucional<\/a>, Proyecto ENLACE del Ca\u00f1o Mart\u00edn Pe\u00f1a, 1 de abril de 2013<\/li>\n\n\n\n<li><a href=\"https:\/\/youtu.be\/RUqQL_Vi49I\" target=\"_blank\" rel=\"noreferrer noopener\">Historia Oral del Ca\u00f1o Mart\u00edn Pe\u00f1a &#8211; Parte 4<\/a>, Proyecto ENLACE del Ca\u00f1o Mart\u00edn Pe\u00f1a, 4 de marzo de 2013<\/li>\n\n\n\n<li><a href=\"https:\/\/youtu.be\/EeTcdk-eaKo\" target=\"_blank\" rel=\"noreferrer noopener\">Historia Oral del Ca\u00f1o Mart\u00edn Pe\u00f1a &#8211; Parte 3<\/a>, Proyecto ENLACE del Ca\u00f1o Mart\u00edn Pe\u00f1a, 4 de marzo de 2013<\/li>\n\n\n\n<li><a href=\"https:\/\/youtu.be\/miqQlYmrang\" target=\"_blank\" rel=\"noreferrer noopener\">Historia Oral del Ca\u00f1o Mart\u00edn Pe\u00f1a &#8211; Parte 2<\/a>, Proyecto ENLACE del Ca\u00f1o Mart\u00edn Pe\u00f1a, 4 de marzo de 2013<\/li>\n\n\n\n<li><a href=\"https:\/\/youtu.be\/7JGmctf_Pg8\" target=\"_blank\" rel=\"noreferrer noopener\">Historia Oral del Ca\u00f1o Mart\u00edn Pe\u00f1a &#8211; Parte 1<\/a>, Proyecto ENLACE del Ca\u00f1o Mart\u00edn Pe\u00f1a, 4 de marzo de 2013<\/li>\n\n\n\n<li><a href=\"https:\/\/youtu.be\/0VcvwHMgxBk\" target=\"_blank\" rel=\"noreferrer noopener\">El Ca\u00f1o se Transforma &#8211; Parte 1<\/a>, Proyecto ENLACE del Ca\u00f1o Mart\u00edn Pe\u00f1a, 15 de octubre de 2012<\/li>\n\n\n\n<li><a href=\"https:\/\/youtu.be\/YciUI32g92Q\" target=\"_blank\" rel=\"noreferrer noopener\">Premios APA 2009: Distrito de Planificaci\u00f3n Especial Cano Mart\u00edn Pe\u00f1a &#8211; San Juan, Puerto Rico<\/a>, Asociaci\u00f3n Americana de Planificaci\u00f3n, 15 de enero de 2010<\/li>\n<\/ul>\n\n<h3 class=\"wp-block-heading\" id=\"h-websites\" style=\"font-size:clamp(15.747px, 0.984rem + ((1vw - 3.2px) * 0.645), 24px);\">P\u00e1ginas web<\/h3>\n\n<ul class=\"wp-block-list\">\n<li><a href=\"https:\/\/world-habitat.org\/world-habitat-awards\/winners-and-finalists\/cano-martin-pena-community-land-trust\/\" target=\"_blank\" rel=\"noreferrer noopener\">Fundaci\u00f3n Comunitaria de la Tierra Ca\u00f1o Mart\u00edn Pe\u00f1a &#8211; Premio Mundial del H\u00e1bitat<\/a><\/li>\n\n\n\n<li><a href=\"http:\/\/cano3punto7.org\/\" target=\"_blank\" rel=\"noreferrer noopener\">Corporaci\u00f3n del Proyecto ENLACE del Ca\u00f1o Mart\u00edn Pe\u00f1a<\/a><\/li>\n\n\n\n<li><a href=\"http:\/\/fideicomisomartinpena.org\/\" target=\"_blank\" rel=\"noreferrer noopener\">Fideicomiso de la Tierra del Ca\u00f1o Mart\u00edn Pe\u00f1a<\/a><\/li>\n\n\n\n<li><a href=\"http:\/\/g8pr.org\/\" target=\"_blank\" rel=\"noreferrer noopener\">G-8: Grupo de las Ocho Comunidades Aleda\u00f1as al Ca\u00f1o Mart\u00edn Pe\u00f1a<\/a><\/li>\n<\/ul>\n","protected":false},"excerpt":{"rendered":"<p>INTRODUCCI\u00d3N: El Fideicomiso de la Tierra del Ca\u00f1o Mart\u00edn Pe\u00f1a (Fideicomiso del Ca\u00f1o) es un fideicomiso comunitario de tierras dise\u00f1ado, creado y administrado por residentes de ocho barrios aleda\u00f1os al [&hellip;]<\/p>\n","protected":false},"author":1,"featured_media":0,"parent":3141,"menu_order":0,"comment_status":"closed","ping_status":"closed","template":"","meta":{"give_campaign_id":0,"_tec_requires_first_save":true,"_kad_blocks_custom_css":"","_kad_blocks_head_custom_js":"","_kad_blocks_body_custom_js":"","_kad_blocks_footer_custom_js":"","_EventAllDay":false,"_EventTimezone":"","_EventStartDate":"","_EventEndDate":"","_EventStartDateUTC":"","_EventEndDateUTC":"","_EventShowMap":false,"_EventShowMapLink":false,"_EventURL":"","_EventCost":"","_EventCostDescription":"","_EventCurrencySymbol":"","_EventCurrencyCode":"","_EventCurrencyPosition":"","_EventDateTimeSeparator":"","_EventTimeRangeSeparator":"","_EventOrganizerID":[],"_EventVenueID":[],"_OrganizerEmail":"","_OrganizerPhone":"","_OrganizerWebsite":"","_VenueAddress":"","_VenueCity":"","_VenueCountry":"","_VenueProvince":"","_VenueState":"","_VenueZip":"","_VenuePhone":"","_VenueURL":"","_VenueStateProvince":"","_VenueLat":"","_VenueLng":"","_VenueShowMap":false,"_VenueShowMapLink":false,"_tribe_blocks_recurrence_rules":"","_tribe_blocks_recurrence_description":"","_tribe_blocks_recurrence_exclusions":"","footnotes":""},"categories":[156],"tags":[],"class_list":["post-3809","page","type-page","status-publish","hentry","category-sur-global"],"blocksy_meta":[],"yoast_head":"<!-- This site is optimized with the Yoast SEO Premium plugin v27.5 (Yoast SEO v27.5) - https:\/\/yoast.com\/product\/yoast-seo-premium-wordpress\/ -->\n<title>Puerto Rico - International Center for Community Land Trusts<\/title>\n<meta name=\"robots\" content=\"index, follow, max-snippet:-1, max-image-preview:large, max-video-preview:-1\" \/>\n<link rel=\"canonical\" href=\"https:\/\/www.cltweb.org\/es\/biblioteca-de-recursos\/sur-global\/puerto-rico\/\" \/>\n<meta property=\"og:locale\" content=\"es_ES\" \/>\n<meta property=\"og:type\" content=\"article\" \/>\n<meta property=\"og:title\" content=\"Puerto Rico\" \/>\n<meta property=\"og:description\" content=\"INTRODUCCI\u00d3N: El Fideicomiso de la Tierra del Ca\u00f1o Mart\u00edn Pe\u00f1a (Fideicomiso del Ca\u00f1o) es un fideicomiso comunitario de tierras dise\u00f1ado, creado y administrado por residentes de ocho barrios aleda\u00f1os al [&hellip;]\" \/>\n<meta property=\"og:url\" content=\"https:\/\/www.cltweb.org\/es\/biblioteca-de-recursos\/sur-global\/puerto-rico\/\" \/>\n<meta property=\"og:site_name\" content=\"International Center for Community Land Trusts\" \/>\n<meta property=\"article:publisher\" content=\"https:\/\/www.facebook.com\/cltcenter\" \/>\n<meta property=\"article:modified_time\" content=\"2025-01-09T15:38:16+00:00\" \/>\n<meta property=\"og:image\" content=\"https:\/\/www.cltweb.org\/wp-content\/uploads\/2024\/10\/cano-martin-pena-clt-logo.png\" \/>\n\t<meta property=\"og:image:width\" content=\"1374\" \/>\n\t<meta property=\"og:image:height\" content=\"429\" \/>\n\t<meta property=\"og:image:type\" content=\"image\/png\" \/>\n<meta name=\"twitter:card\" content=\"summary_large_image\" \/>\n<meta name=\"twitter:site\" content=\"@Center4CLTs\" \/>\n<meta name=\"twitter:label1\" content=\"Tiempo de lectura\" \/>\n\t<meta name=\"twitter:data1\" content=\"10 minutos\" \/>\n<script type=\"application\/ld+json\" class=\"yoast-schema-graph\">{\"@context\":\"https:\\\/\\\/schema.org\",\"@graph\":[{\"@type\":\"WebPage\",\"@id\":\"https:\\\/\\\/www.cltweb.org\\\/es\\\/biblioteca-de-recursos\\\/sur-global\\\/puerto-rico\\\/\",\"url\":\"https:\\\/\\\/www.cltweb.org\\\/es\\\/biblioteca-de-recursos\\\/sur-global\\\/puerto-rico\\\/\",\"name\":\"Puerto Rico - International Center for Community Land Trusts\",\"isPartOf\":{\"@id\":\"https:\\\/\\\/www.cltweb.org\\\/es\\\/#website\"},\"primaryImageOfPage\":{\"@id\":\"https:\\\/\\\/www.cltweb.org\\\/es\\\/biblioteca-de-recursos\\\/sur-global\\\/puerto-rico\\\/#primaryimage\"},\"image\":{\"@id\":\"https:\\\/\\\/www.cltweb.org\\\/es\\\/biblioteca-de-recursos\\\/sur-global\\\/puerto-rico\\\/#primaryimage\"},\"thumbnailUrl\":\"https:\\\/\\\/www.cltweb.org\\\/wp-content\\\/uploads\\\/2024\\\/10\\\/cano-martin-pena-clt-logo.png\",\"datePublished\":\"2024-10-19T20:01:37+00:00\",\"dateModified\":\"2025-01-09T15:38:16+00:00\",\"breadcrumb\":{\"@id\":\"https:\\\/\\\/www.cltweb.org\\\/es\\\/biblioteca-de-recursos\\\/sur-global\\\/puerto-rico\\\/#breadcrumb\"},\"inLanguage\":\"es\",\"potentialAction\":[{\"@type\":\"ReadAction\",\"target\":[\"https:\\\/\\\/www.cltweb.org\\\/es\\\/biblioteca-de-recursos\\\/sur-global\\\/puerto-rico\\\/\"]}]},{\"@type\":\"ImageObject\",\"inLanguage\":\"es\",\"@id\":\"https:\\\/\\\/www.cltweb.org\\\/es\\\/biblioteca-de-recursos\\\/sur-global\\\/puerto-rico\\\/#primaryimage\",\"url\":\"https:\\\/\\\/www.cltweb.org\\\/wp-content\\\/uploads\\\/2024\\\/10\\\/cano-martin-pena-clt-logo.png\",\"contentUrl\":\"https:\\\/\\\/www.cltweb.org\\\/wp-content\\\/uploads\\\/2024\\\/10\\\/cano-martin-pena-clt-logo.png\"},{\"@type\":\"BreadcrumbList\",\"@id\":\"https:\\\/\\\/www.cltweb.org\\\/es\\\/biblioteca-de-recursos\\\/sur-global\\\/puerto-rico\\\/#breadcrumb\",\"itemListElement\":[{\"@type\":\"ListItem\",\"position\":1,\"name\":\"Home\",\"item\":\"https:\\\/\\\/www.cltweb.org\\\/es\\\/\"},{\"@type\":\"ListItem\",\"position\":2,\"name\":\"Biblioteca de recursos\",\"item\":\"https:\\\/\\\/www.cltweb.org\\\/es\\\/biblioteca-de-recursos\\\/\"},{\"@type\":\"ListItem\",\"position\":3,\"name\":\"Sur Global\",\"item\":\"https:\\\/\\\/www.cltweb.org\\\/es\\\/biblioteca-de-recursos\\\/sur-global\\\/\"},{\"@type\":\"ListItem\",\"position\":4,\"name\":\"Puerto Rico\"}]},{\"@type\":\"WebSite\",\"@id\":\"https:\\\/\\\/www.cltweb.org\\\/es\\\/#website\",\"url\":\"https:\\\/\\\/www.cltweb.org\\\/es\\\/\",\"name\":\"International Center for Community Land Trusts\",\"description\":\"\",\"publisher\":{\"@id\":\"https:\\\/\\\/www.cltweb.org\\\/es\\\/#organization\"},\"potentialAction\":[{\"@type\":\"SearchAction\",\"target\":{\"@type\":\"EntryPoint\",\"urlTemplate\":\"https:\\\/\\\/www.cltweb.org\\\/es\\\/?s={search_term_string}\"},\"query-input\":{\"@type\":\"PropertyValueSpecification\",\"valueRequired\":true,\"valueName\":\"search_term_string\"}}],\"inLanguage\":\"es\"},{\"@type\":\"Organization\",\"@id\":\"https:\\\/\\\/www.cltweb.org\\\/es\\\/#organization\",\"name\":\"International Center for Community Land Trusts\",\"url\":\"https:\\\/\\\/www.cltweb.org\\\/es\\\/\",\"logo\":{\"@type\":\"ImageObject\",\"inLanguage\":\"es\",\"@id\":\"https:\\\/\\\/www.cltweb.org\\\/es\\\/#\\\/schema\\\/logo\\\/image\\\/\",\"url\":\"https:\\\/\\\/www.cltweb.org\\\/wp-content\\\/uploads\\\/2024\\\/11\\\/New-CLT-Center-Text-logo.png\",\"contentUrl\":\"https:\\\/\\\/www.cltweb.org\\\/wp-content\\\/uploads\\\/2024\\\/11\\\/New-CLT-Center-Text-logo.png\",\"width\":227,\"height\":80,\"caption\":\"International Center for Community Land Trusts\"},\"image\":{\"@id\":\"https:\\\/\\\/www.cltweb.org\\\/es\\\/#\\\/schema\\\/logo\\\/image\\\/\"},\"sameAs\":[\"https:\\\/\\\/www.facebook.com\\\/cltcenter\",\"https:\\\/\\\/x.com\\\/Center4CLTs\",\"https:\\\/\\\/www.instagram.com\\\/cltcenter\\\/\",\"https:\\\/\\\/www.linkedin.com\\\/company\\\/cltcenter\",\"https:\\\/\\\/www.youtube.com\\\/@centerforcltinnovation5313\"],\"description\":\"The International Center for Community Land Trusts is a not-for-profit nongovernmental organization established in 2018 to promote and to support community land trusts and similar strategies of community-led development on community-owned land in countries throughout the world.\",\"email\":\"info@communitylandtrust.net\",\"legalName\":\"International Center for Community Land Trusts\",\"foundingDate\":\"2018-12-01\",\"taxID\":\"84-3858933\",\"numberOfEmployees\":{\"@type\":\"QuantitativeValue\",\"minValue\":\"1\",\"maxValue\":\"10\"}}]}<\/script>\n<!-- \/ Yoast SEO Premium plugin. -->","yoast_head_json":{"title":"Puerto Rico - International Center for Community Land Trusts","robots":{"index":"index","follow":"follow","max-snippet":"max-snippet:-1","max-image-preview":"max-image-preview:large","max-video-preview":"max-video-preview:-1"},"canonical":"https:\/\/www.cltweb.org\/es\/biblioteca-de-recursos\/sur-global\/puerto-rico\/","og_locale":"es_ES","og_type":"article","og_title":"Puerto Rico","og_description":"INTRODUCCI\u00d3N: El Fideicomiso de la Tierra del Ca\u00f1o Mart\u00edn Pe\u00f1a (Fideicomiso del Ca\u00f1o) es un fideicomiso comunitario de tierras dise\u00f1ado, creado y administrado por residentes de ocho barrios aleda\u00f1os al [&hellip;]","og_url":"https:\/\/www.cltweb.org\/es\/biblioteca-de-recursos\/sur-global\/puerto-rico\/","og_site_name":"International Center for Community Land Trusts","article_publisher":"https:\/\/www.facebook.com\/cltcenter","article_modified_time":"2025-01-09T15:38:16+00:00","og_image":[{"width":1374,"height":429,"url":"https:\/\/www.cltweb.org\/wp-content\/uploads\/2024\/10\/cano-martin-pena-clt-logo.png","type":"image\/png"}],"twitter_card":"summary_large_image","twitter_site":"@Center4CLTs","twitter_misc":{"Tiempo de lectura":"10 minutos"},"schema":{"@context":"https:\/\/schema.org","@graph":[{"@type":"WebPage","@id":"https:\/\/www.cltweb.org\/es\/biblioteca-de-recursos\/sur-global\/puerto-rico\/","url":"https:\/\/www.cltweb.org\/es\/biblioteca-de-recursos\/sur-global\/puerto-rico\/","name":"Puerto Rico - International Center for Community Land Trusts","isPartOf":{"@id":"https:\/\/www.cltweb.org\/es\/#website"},"primaryImageOfPage":{"@id":"https:\/\/www.cltweb.org\/es\/biblioteca-de-recursos\/sur-global\/puerto-rico\/#primaryimage"},"image":{"@id":"https:\/\/www.cltweb.org\/es\/biblioteca-de-recursos\/sur-global\/puerto-rico\/#primaryimage"},"thumbnailUrl":"https:\/\/www.cltweb.org\/wp-content\/uploads\/2024\/10\/cano-martin-pena-clt-logo.png","datePublished":"2024-10-19T20:01:37+00:00","dateModified":"2025-01-09T15:38:16+00:00","breadcrumb":{"@id":"https:\/\/www.cltweb.org\/es\/biblioteca-de-recursos\/sur-global\/puerto-rico\/#breadcrumb"},"inLanguage":"es","potentialAction":[{"@type":"ReadAction","target":["https:\/\/www.cltweb.org\/es\/biblioteca-de-recursos\/sur-global\/puerto-rico\/"]}]},{"@type":"ImageObject","inLanguage":"es","@id":"https:\/\/www.cltweb.org\/es\/biblioteca-de-recursos\/sur-global\/puerto-rico\/#primaryimage","url":"https:\/\/www.cltweb.org\/wp-content\/uploads\/2024\/10\/cano-martin-pena-clt-logo.png","contentUrl":"https:\/\/www.cltweb.org\/wp-content\/uploads\/2024\/10\/cano-martin-pena-clt-logo.png"},{"@type":"BreadcrumbList","@id":"https:\/\/www.cltweb.org\/es\/biblioteca-de-recursos\/sur-global\/puerto-rico\/#breadcrumb","itemListElement":[{"@type":"ListItem","position":1,"name":"Home","item":"https:\/\/www.cltweb.org\/es\/"},{"@type":"ListItem","position":2,"name":"Biblioteca de recursos","item":"https:\/\/www.cltweb.org\/es\/biblioteca-de-recursos\/"},{"@type":"ListItem","position":3,"name":"Sur Global","item":"https:\/\/www.cltweb.org\/es\/biblioteca-de-recursos\/sur-global\/"},{"@type":"ListItem","position":4,"name":"Puerto Rico"}]},{"@type":"WebSite","@id":"https:\/\/www.cltweb.org\/es\/#website","url":"https:\/\/www.cltweb.org\/es\/","name":"International Center for Community Land Trusts","description":"","publisher":{"@id":"https:\/\/www.cltweb.org\/es\/#organization"},"potentialAction":[{"@type":"SearchAction","target":{"@type":"EntryPoint","urlTemplate":"https:\/\/www.cltweb.org\/es\/?s={search_term_string}"},"query-input":{"@type":"PropertyValueSpecification","valueRequired":true,"valueName":"search_term_string"}}],"inLanguage":"es"},{"@type":"Organization","@id":"https:\/\/www.cltweb.org\/es\/#organization","name":"International Center for Community Land Trusts","url":"https:\/\/www.cltweb.org\/es\/","logo":{"@type":"ImageObject","inLanguage":"es","@id":"https:\/\/www.cltweb.org\/es\/#\/schema\/logo\/image\/","url":"https:\/\/www.cltweb.org\/wp-content\/uploads\/2024\/11\/New-CLT-Center-Text-logo.png","contentUrl":"https:\/\/www.cltweb.org\/wp-content\/uploads\/2024\/11\/New-CLT-Center-Text-logo.png","width":227,"height":80,"caption":"International Center for Community Land Trusts"},"image":{"@id":"https:\/\/www.cltweb.org\/es\/#\/schema\/logo\/image\/"},"sameAs":["https:\/\/www.facebook.com\/cltcenter","https:\/\/x.com\/Center4CLTs","https:\/\/www.instagram.com\/cltcenter\/","https:\/\/www.linkedin.com\/company\/cltcenter","https:\/\/www.youtube.com\/@centerforcltinnovation5313"],"description":"The International Center for Community Land Trusts is a not-for-profit nongovernmental organization established in 2018 to promote and to support community land trusts and similar strategies of community-led development on community-owned land in countries throughout the world.","email":"info@communitylandtrust.net","legalName":"International Center for Community Land Trusts","foundingDate":"2018-12-01","taxID":"84-3858933","numberOfEmployees":{"@type":"QuantitativeValue","minValue":"1","maxValue":"10"}}]}},"campaignId":"","taxonomy_info":{"category":[{"value":156,"label":"Sur Global"}]},"featured_image_src_large":false,"author_info":{"display_name":"cltredesign_0jp0l4","author_link":"https:\/\/www.cltweb.org\/es\/author\/cltredesign_0jp0l4\/"},"comment_info":0,"jetpack_sharing_enabled":true,"jetpack-related-posts":[{"id":3141,"url":"https:\/\/www.cltweb.org\/es\/biblioteca-de-recursos\/sur-global\/","url_meta":{"origin":3809,"position":0},"title":"Sur Global","author":"cltredesign_0jp0l4","date":"4 de octubre de 2024","format":false,"excerpt":"Fideicomisos Comunitarios de Tierras en el Sur Global Gracias a la labor pionera del Fideicomiso Comunitario de la Tierra Tanzania-Bondeni en Kenia, el Fideicomiso de la Tierra del Ca\u00f1o Mart\u00edn Pe\u00f1a en Puerto Rico y Comunidades Catalizadoras en Brasil, existe un gran potencial para la expansi\u00f3n de los fideicomisos comunitarios\u2026","rel":"","context":"En \u00abBiblioteca de recursos\u00bb","block_context":{"text":"Biblioteca de recursos","link":"https:\/\/www.cltweb.org\/es\/category\/biblioteca-de-recursos-es\/"},"img":{"alt_text":"","src":"","width":0,"height":0},"classes":[]},{"id":859,"url":"https:\/\/www.cltweb.org\/es\/sobre-nosotros\/junta\/","url_meta":{"origin":3809,"position":1},"title":"Junta Directiva y Personal","author":"cltredesign_0jp0l4","date":"26 de julio de 2024","format":false,"excerpt":"El equipo que dirige el trabajo del Centro CLT.","rel":"","context":"En \u00abSobre nosotros\u00bb","block_context":{"text":"Sobre nosotros","link":"https:\/\/www.cltweb.org\/es\/category\/sobre-nosotros\/"},"img":{"alt_text":"","src":"","width":0,"height":0},"classes":[]},{"id":1591,"url":"https:\/\/www.cltweb.org\/es\/terra-nostra-press\/catalogo\/fideicomisos-comunitarios-de-tierras-y-asentamientos-informales-en-el-sur-global\/","url_meta":{"origin":3809,"position":2},"title":"Fideicomisos Comunitarios de Tierras y Asentamientos Informales en el Sur Global","author":"cltredesign_0jp0l4","date":"29 de julio de 2024","format":false,"excerpt":"Disponible en todo el mundo, 158 p\u00e1gs.PAPEL NEGRO ISBN 9781736275917 $15.00 USEBOOK ISBN 9781736275924 $5.00 US Las ONG disponen de descuentos por pedidos a granel. Para m\u00e1s informaci\u00f3n y para hacer tu pedido, visita nuestra p\u00e1gina Pedidos a granel. Fideicomisos de Tierras Comunitarias y Asentamientos Informales en el Sur Global\u2026","rel":"","context":"En \u00abCat\u00e1logo\u00bb","block_context":{"text":"Cat\u00e1logo","link":"https:\/\/www.cltweb.org\/es\/category\/catalogo-es\/"},"img":{"alt_text":"Global South Book Cover","src":"https:\/\/i0.wp.com\/www.cltweb.org\/wp-content\/uploads\/2024\/10\/Global-South-Cover.jpg?resize=350%2C200&ssl=1","width":350,"height":200,"srcset":"https:\/\/i0.wp.com\/www.cltweb.org\/wp-content\/uploads\/2024\/10\/Global-South-Cover.jpg?resize=350%2C200&ssl=1 1x, https:\/\/i0.wp.com\/www.cltweb.org\/wp-content\/uploads\/2024\/10\/Global-South-Cover.jpg?resize=525%2C300&ssl=1 1.5x, https:\/\/i0.wp.com\/www.cltweb.org\/wp-content\/uploads\/2024\/10\/Global-South-Cover.jpg?resize=700%2C400&ssl=1 2x, https:\/\/i0.wp.com\/www.cltweb.org\/wp-content\/uploads\/2024\/10\/Global-South-Cover.jpg?resize=1050%2C600&ssl=1 3x, https:\/\/i0.wp.com\/www.cltweb.org\/wp-content\/uploads\/2024\/10\/Global-South-Cover.jpg?resize=1400%2C800&ssl=1 4x"},"classes":[]},{"id":3807,"url":"https:\/\/www.cltweb.org\/resources\/global-south\/puerto-rico\/","url_meta":{"origin":3809,"position":3},"title":"Puerto Rico","author":"cltredesign_0jp0l4","date":"19 de octubre de 2024","format":false,"excerpt":"Fideicomiso de la Tierra del Ca\u00f1o Mart\u00edn Pe\u00f1aThe Ca\u00f1o Mart\u00edn Pe\u00f1a Land Trust in San Juan, Puerto Rico, has piloted an approach to community land trusts in informal communities that is inspiring efforts throughout the Global South. INTRODUCCI\u00d3N:\u00a0\u00a0El Fideicomiso de la Tierra del Ca\u00f1o Mart\u00edn Pe\u00f1a (Fideicomiso del Ca\u00f1o) es\u2026","rel":"","context":"En \u00abGlobal South\u00bb","block_context":{"text":"Global South","link":"https:\/\/www.cltweb.org\/category\/global-south\/"},"img":{"alt_text":"Logo for the Cano Mart\u00edn Pe\u00f1a CLT","src":"https:\/\/i0.wp.com\/www.cltweb.org\/wp-content\/uploads\/2024\/10\/cano-martin-pena-clt-logo.png?resize=350%2C200&ssl=1","width":350,"height":200,"srcset":"https:\/\/i0.wp.com\/www.cltweb.org\/wp-content\/uploads\/2024\/10\/cano-martin-pena-clt-logo.png?resize=350%2C200&ssl=1 1x, https:\/\/i0.wp.com\/www.cltweb.org\/wp-content\/uploads\/2024\/10\/cano-martin-pena-clt-logo.png?resize=525%2C300&ssl=1 1.5x, https:\/\/i0.wp.com\/www.cltweb.org\/wp-content\/uploads\/2024\/10\/cano-martin-pena-clt-logo.png?resize=700%2C400&ssl=1 2x, https:\/\/i0.wp.com\/www.cltweb.org\/wp-content\/uploads\/2024\/10\/cano-martin-pena-clt-logo.png?resize=1050%2C600&ssl=1 3x"},"classes":[]},{"id":3813,"url":"https:\/\/www.cltweb.org\/de\/ressourcenbibliothek\/globaler-sueden\/puerto-rico\/","url_meta":{"origin":3809,"position":4},"title":"Puerto Rico","author":"cltredesign_0jp0l4","date":"19 de octubre de 2024","format":false,"excerpt":"Fideicomiso de la Tierra del Ca\u00f1o Mart\u00edn Pe\u00f1aThe Ca\u00f1o Mart\u00edn Pe\u00f1a Land Trust in San Juan, Puerto Rico, has piloted an approach to community land trusts in informal communities that is inspiring efforts throughout the Global South. INTRODUCCI\u00d3N: El Fideicomiso de la Tierra del Ca\u00f1o Mart\u00edn Pe\u00f1a (Fideicomiso del Ca\u00f1o)\u2026","rel":"","context":"En \u00abGlobaler S\u00fcden\u00bb","block_context":{"text":"Globaler S\u00fcden","link":"https:\/\/www.cltweb.org\/de\/category\/globaler-suden\/"},"img":{"alt_text":"Logo for the Cano Mart\u00edn Pe\u00f1a CLT","src":"https:\/\/i0.wp.com\/www.cltweb.org\/wp-content\/uploads\/2024\/10\/cano-martin-pena-clt-logo.png?resize=350%2C200&ssl=1","width":350,"height":200,"srcset":"https:\/\/i0.wp.com\/www.cltweb.org\/wp-content\/uploads\/2024\/10\/cano-martin-pena-clt-logo.png?resize=350%2C200&ssl=1 1x, https:\/\/i0.wp.com\/www.cltweb.org\/wp-content\/uploads\/2024\/10\/cano-martin-pena-clt-logo.png?resize=525%2C300&ssl=1 1.5x, https:\/\/i0.wp.com\/www.cltweb.org\/wp-content\/uploads\/2024\/10\/cano-martin-pena-clt-logo.png?resize=700%2C400&ssl=1 2x, https:\/\/i0.wp.com\/www.cltweb.org\/wp-content\/uploads\/2024\/10\/cano-martin-pena-clt-logo.png?resize=1050%2C600&ssl=1 3x"},"classes":[]},{"id":3815,"url":"https:\/\/www.cltweb.org\/fr\/bibliotheque-de-ressources\/sud-mondial\/porto-rico\/","url_meta":{"origin":3809,"position":5},"title":"Porto Rico","author":"cltredesign_0jp0l4","date":"19 de octubre de 2024","format":false,"excerpt":"Comit\u00e9 de la Terre du Ca\u00f1o Mart\u00edn Pe\u00f1aLe Ca\u00f1o Mart\u00edn Pe\u00f1a Land Trust de San Juan, \u00e0 Porto Rico, a pilot\u00e9 une approche des fiducies fonci\u00e8res communautaires dans les communaut\u00e9s informelles qui inspire des efforts dans l'ensemble des pays du Sud. INTRODUCCI\u00d3N : El Fideicomiso de la Tierra del Ca\u00f1o\u2026","rel":"","context":"En \u00abSud mondial\u00bb","block_context":{"text":"Sud mondial","link":"https:\/\/www.cltweb.org\/fr\/category\/sud-mondial\/"},"img":{"alt_text":"Logo for the Cano Mart\u00edn Pe\u00f1a CLT","src":"https:\/\/i0.wp.com\/www.cltweb.org\/wp-content\/uploads\/2024\/10\/cano-martin-pena-clt-logo.png?resize=350%2C200&ssl=1","width":350,"height":200,"srcset":"https:\/\/i0.wp.com\/www.cltweb.org\/wp-content\/uploads\/2024\/10\/cano-martin-pena-clt-logo.png?resize=350%2C200&ssl=1 1x, https:\/\/i0.wp.com\/www.cltweb.org\/wp-content\/uploads\/2024\/10\/cano-martin-pena-clt-logo.png?resize=525%2C300&ssl=1 1.5x, https:\/\/i0.wp.com\/www.cltweb.org\/wp-content\/uploads\/2024\/10\/cano-martin-pena-clt-logo.png?resize=700%2C400&ssl=1 2x, https:\/\/i0.wp.com\/www.cltweb.org\/wp-content\/uploads\/2024\/10\/cano-martin-pena-clt-logo.png?resize=1050%2C600&ssl=1 3x"},"classes":[]}],"_links":{"self":[{"href":"https:\/\/www.cltweb.org\/es\/wp-json\/wp\/v2\/pages\/3809","targetHints":{"allow":["GET"]}}],"collection":[{"href":"https:\/\/www.cltweb.org\/es\/wp-json\/wp\/v2\/pages"}],"about":[{"href":"https:\/\/www.cltweb.org\/es\/wp-json\/wp\/v2\/types\/page"}],"author":[{"embeddable":true,"href":"https:\/\/www.cltweb.org\/es\/wp-json\/wp\/v2\/users\/1"}],"replies":[{"embeddable":true,"href":"https:\/\/www.cltweb.org\/es\/wp-json\/wp\/v2\/comments?post=3809"}],"version-history":[{"count":12,"href":"https:\/\/www.cltweb.org\/es\/wp-json\/wp\/v2\/pages\/3809\/revisions"}],"predecessor-version":[{"id":8504,"href":"https:\/\/www.cltweb.org\/es\/wp-json\/wp\/v2\/pages\/3809\/revisions\/8504"}],"up":[{"embeddable":true,"href":"https:\/\/www.cltweb.org\/es\/wp-json\/wp\/v2\/pages\/3141"}],"wp:attachment":[{"href":"https:\/\/www.cltweb.org\/es\/wp-json\/wp\/v2\/media?parent=3809"}],"wp:term":[{"taxonomy":"category","embeddable":true,"href":"https:\/\/www.cltweb.org\/es\/wp-json\/wp\/v2\/categories?post=3809"},{"taxonomy":"post_tag","embeddable":true,"href":"https:\/\/www.cltweb.org\/es\/wp-json\/wp\/v2\/tags?post=3809"}],"curies":[{"name":"wp","href":"https:\/\/api.w.org\/{rel}","templated":true}]}}