{"id":3887,"date":"2024-10-19T20:50:09","date_gmt":"2024-10-19T20:50:09","guid":{"rendered":"https:\/\/www.cltweb.org\/bibliografia-internacional-sobre-clt-lengua-no-inglesa\/"},"modified":"2024-10-19T20:54:19","modified_gmt":"2024-10-19T20:54:19","slug":"bibliografia-internacional-sobre-clt-lengua-no-inglesa","status":"publish","type":"page","link":"https:\/\/www.cltweb.org\/es\/biblioteca-de-recursos\/bibliografia\/bibliografia-internacional-sobre-clt-lengua-no-inglesa\/","title":{"rendered":"Bibliograf\u00eda internacional sobre CLT &#8211; Lengua no inglesa"},"content":{"rendered":"\n<p><strong>Actualizado el 7\/1\/24<\/strong><\/p>\n<style>.wp-block-kadence-advancedbtn.kb-btns3881_b92f4b-ff{gap:var(--global-kb-gap-md, 2rem);justify-content:flex-start;align-items:center;}.kt-btns3881_b92f4b-ff .kt-button{font-weight:normal;font-style:normal;}.kt-btns3881_b92f4b-ff .kt-btn-wrap-0{margin-right:5px;}.wp-block-kadence-advancedbtn.kt-btns3881_b92f4b-ff .kt-btn-wrap-0 .kt-button{color:#555555;border-color:#555555;}.wp-block-kadence-advancedbtn.kt-btns3881_b92f4b-ff .kt-btn-wrap-0 .kt-button:hover, .wp-block-kadence-advancedbtn.kt-btns3881_b92f4b-ff .kt-btn-wrap-0 .kt-button:focus{color:#ffffff;border-color:#444444;}.wp-block-kadence-advancedbtn.kt-btns3881_b92f4b-ff .kt-btn-wrap-0 .kt-button::before{display:none;}.wp-block-kadence-advancedbtn.kt-btns3881_b92f4b-ff .kt-btn-wrap-0 .kt-button:hover, .wp-block-kadence-advancedbtn.kt-btns3881_b92f4b-ff .kt-btn-wrap-0 .kt-button:focus{background:#444444;}<\/style>\n<div class=\"wp-block-kadence-advancedbtn kb-buttons-wrap kb-btns3881_b92f4b-ff\"><style>ul.menu .wp-block-kadence-advancedbtn .kb-btn3881_5f9f12-fd.kb-button{width:initial;}<\/style><a class=\"kb-button kt-button button kb-btn3881_5f9f12-fd kt-btn-size-large kt-btn-width-type-auto kb-btn-global-inherit  kt-btn-has-text-true kt-btn-has-svg-false  wp-block-button__link wp-block-kadence-singlebtn\" href=\"#Spanish\"><span class=\"kt-btn-inner-text\">Espa\u00f1ol<\/span><\/a>\n\n<style>ul.menu .wp-block-kadence-advancedbtn .kb-btn3881_71cea4-15.kb-button{width:initial;}<\/style><a class=\"kb-button kt-button button kb-btn3881_71cea4-15 kt-btn-size-large kt-btn-width-type-auto kb-btn-global-inherit  kt-btn-has-text-true kt-btn-has-svg-false  wp-block-button__link wp-block-kadence-singlebtn\" href=\"#French\"><span class=\"kt-btn-inner-text\">Franc\u00e9s<\/span><\/a>\n\n<style>ul.menu .wp-block-kadence-advancedbtn .kb-btn3881_9d10d1-3d.kb-button{width:initial;}<\/style><a class=\"kb-button kt-button button kb-btn3881_9d10d1-3d kt-btn-size-large kt-btn-width-type-auto kb-btn-global-inherit  kt-btn-has-text-true kt-btn-has-svg-false  wp-block-button__link wp-block-kadence-singlebtn\" href=\"#Dutch\"><span class=\"kt-btn-inner-text\">Holand\u00e9s<\/span><\/a>\n\n<style>ul.menu .wp-block-kadence-advancedbtn .kb-btn3881_5ba88d-5c.kb-button{width:initial;}<\/style><a class=\"kb-button kt-button button kb-btn3881_5ba88d-5c kt-btn-size-large kt-btn-width-type-auto kb-btn-global-inherit  kt-btn-has-text-true kt-btn-has-svg-false  wp-block-button__link wp-block-kadence-singlebtn\" href=\"#Portuguese\"><span class=\"kt-btn-inner-text\">Portugu\u00e9s<\/span><\/a>\n\n<style>ul.menu .wp-block-kadence-advancedbtn .kb-btn3881_0dfc0e-e3.kb-button{width:initial;}<\/style><a class=\"kb-button kt-button button kb-btn3881_0dfc0e-e3 kt-btn-size-large kt-btn-width-type-auto kb-btn-global-inherit  kt-btn-has-text-true kt-btn-has-svg-false  wp-block-button__link wp-block-kadence-singlebtn\" href=\"#Italian\"><span class=\"kt-btn-inner-text\">Italiano<\/span><\/a>\n\n<style>ul.menu .wp-block-kadence-advancedbtn .kb-btn3881_cd9386-f1.kb-button{width:initial;}<\/style><a class=\"kb-button kt-button button kb-btn3881_cd9386-f1 kt-btn-size-large kt-btn-width-type-auto kb-btn-global-inherit  kt-btn-has-text-true kt-btn-has-svg-false  wp-block-button__link wp-block-kadence-singlebtn\" href=\"#German\"><span class=\"kt-btn-inner-text\">Alem\u00e1n<\/span><\/a><\/div>\n\n<h2 class=\"wp-block-heading\" id=\"Spanish\">Publicaciones de CLT en espa\u00f1ol<\/h2>\n\n<p>Algoed, Line, Mar\u00eda E. Hern\u00e1ndez Torrales y Lyvia Rodr\u00edguez del Valle. 2018. El Fideicomiso de la Tierra del Ca\u00f1o Mart\u00edn Pe\u00f1a instrumento notable de regularizaci\u00f3n de suelo en asentamientos informales. Documento de trabajo. Cambridge, MA: Instituto Lincoln de Pol\u00edtica Territorial.    <\/p>\n\n<p>Davis, John Emmeus, Line Algoed y Mar\u00eda E. Hern\u00e1ndez-Torrales (eds.). 2020. <em>La inseguridad de la tenencia de la tierra en Am\u00e9rica Latina y el Caribe: El control comunitario de la tierra como prevenci\u00f3n del desplazamiento<\/em>. <wpcodeself wptype=\"\" wpml_attr_0=\"\" wpml_attr_1=\"\" wpml_attr_2=\"\" wpml_attr_3=\"\" wpml_attr_4=\"\"> Madison, WI: Terra Nostra Press. <\/wpcodeself><\/p>\n\n<p>Davis, John Emmeus, Line Algoed y Mar\u00eda E. Hern\u00e1ndez-Torrales (eds.). 2021.   <em>\u00bfPor qu\u00e9 el fideicomiso comunitario de tierras?  <\/em><em>La filosof\u00eda que subyace a una forma no convencional de titularidad del terreno.<\/em> [Una monograf\u00eda de En terreno com\u00fan]  Madison, WI: Terra Nostra Press.<\/p>\n\n<p>Davis, John Emmeus, Line Algoed y Mar\u00eda E. Hern\u00e1ndez-Torrales (eds.). 2021.   <em>En terreno com\u00fan: Perspectivas internacionales sobre los fideicomisos comunitarios de tierras.  <\/em>Madison, WI: Terra Nostra Press.<\/p>\n\n<p>De Las Casas, Gerson Barboza. 2023. El modelo de fideicomiso comunitario de tierras como instrumento \u00fatil para la generaci\u00f3n de vivienda asequible en Per\u00fa: Retos, potenciales objeciones y oportunidades (El fideicomiso comunitario de tierras como instrumento \u00fatil para la generaci\u00f3n de vivienda asequible en Per\u00fa: retos, potenciales objeciones y oportunidades). TH\u0112MIS Revista de Derecho.   <\/p>\n\n<p>Hern\u00e1ndez Torrales, Mar\u00eda E. 2015.  <em>La Participaci\u00f3n ciudadana efectiva de informada: Clave del  <\/em><\/p>\n\n<p><em>\u00e9xito en el Proyecto ENLACE del Ca\u00f1o Mart\u00edn Pe\u00f1a<\/em>. 1ra. ed., UPR Bus.L.J. 621-642.<\/p>\n\n<p>Hern\u00e1ndez Torrales, Mar\u00eda E. 2007. <em>El Fideicomiso de la Tierra del Ca\u00f1o Mart\u00edn Pe\u00f1a: Colorario de un modelo de participaci\u00f3n comunitaria en marcha<\/em>. 68 Rev. Col. Abog. PR. 68(4): 794-817.   <\/p>\n\n<p>Mathivet, Charlotte (ed.). 2014.   <em>Recuperar la tierra. La funci\u00f3n social de la tierra y la vivienda, Resistencias y alternativas. <\/em>Colecci\u00f3n Pasarela de la Coredem. Producido por la Coredem<em>(Communaut\u00e9 des sites resources pour une d\u00e9mocratie mondiale <\/em>&#8211; Comunidad de Sitios de Recursos Documentales para una Democracia Mundial). Par\u00eds: Ritimo. Disponible en espa\u00f1ol en: <a href=\"https:\/\/www.coredem.info\/IMG\/pdf\/tierra_es_nuestra.pdf\">https:\/\/www.coredem.info\/IMG\/pdf\/tierra_es_nuestra.pdf<\/a>   <\/p>\n\n<p>Tognato, Dario, Martim Ferraz Costa Furtado. 2022. Panorama das pr\u00e1ticas comunit\u00e1rias em community land trusts. Sociolog\u00eda Urbana.   <\/p>\n\n<h2 class=\"wp-block-heading\" id=\"French\">Publicaciones de CLT en franc\u00e9s<\/h2>\n\n<p>Arnold, Pierre. 2017. Porto Rico. Una experiencia de fiducia financiera comunitaria. <em>La Revue Fonci\u00e8re<\/em>, N\u00famero 16, pp. 46-48: <a href=\"\">https:\/\/www.researchgate.net\/publication\/353481892_Une_experience_portoricaine_de_fiducie_Fonciere_Communautaire<\/a>   <\/p>\n\n<p>Attard, Jean-Philippe. 2012. <em>Disociaci\u00f3n de la propiedad del suelo y la vivienda: Transposition des practiques des community land trusts aux activites de l&#8217;etablissement public foncier D&#8217;ile de France<\/em>. Par\u00eds: Establissement Public Foncier.  <\/p>\n\n<p>Attard, Jean-Philippe. 2013. Un logement fonci\u00e8rement solidaire : le mod\u00e8le des <em>community land trusts<\/em>, <em>Mouvements<\/em>, vol. 74, n\u00ba 2, pp. 143-153.   <\/p>\n\n<p>Attard, Jean-Philippe. 2014. Du community land trust aux organismes fonciers solidaires: Histoire d&#8217;une filiation et introduction du CLT en France. Cap\u00edtulo 12 en J.E. Davis (ed.) <em>Manuel d&#8217;antispeculation immobiliere<\/em>. Montreal: Les Editions Ecosociete.    <\/p>\n\n<p>Bernard, N., 2017. Les limites de la propri\u00e9t\u00e9 par les droits de l&#8217;homme. En <em>La propri\u00e9t\u00e9 et ses limite \/ Das Eigentum und seine Grenzen<\/em>. Stuttgart: Franz Steiner Verlag.   <\/p>\n\n<p>&#8212;. 2018. Le <em>community land trust<\/em> comme nouveau paradigme de l&#8217;habitat acquisitif (ou les communs appliqu\u00e9s \u00e0 la propri\u00e9t\u00e9 du logement), <em>Revue interdisciplinaire d&#8217;\u00e9tudes juridiques<\/em>, vol. 81, pp. 243-266. DOI : 10.3917\/riej.081.0243. URL: <a href=\"https:\/\/www.cairn.info\/revue-interdisciplinaire-d-etudes-juridiques-2018-2-page-243.htm\">https:\/\/www.cairn.info\/revue-interdisciplinaire-d-etudes-juridiques-2018-2-page-243.htm<\/a>     <\/p>\n\n<p>Bernard, N., De Pauw, G. y G\u00e9ronnez, L., 2010. Coop\u00e9ratives de logement et Community Land Trusts. <em>Courrier hebdomadaire du CRISP<\/em>, 2073, pp.5-52: <a href=\"\">https:\/\/www.cairn.info\/revue-courrier-hebdomadaire-du-crisp-2010-28-page-5.htm<\/a> <\/p>\n\n<p>Cabannes, Yves, 2014. Les formes coop\u00e9ratives, communautaires et collectives d&#8217;occupation du foncier et leur contribution \u00e0 la fonction sociale du foncier et du logement. En:    <em>La tierra est\u00e1 con nosotros Para el funcionamiento social de la vivienda y la fuente, resistencias y alternativas.   <\/em>Par\u00eds: Ritimo, pp. 137-144: <a href=\"https:\/\/aitec.reseau-ipam.org\/IMG\/pdf\/Pass10_Pages-FR-OKweb.pdf\">https:\/\/aitec.reseau-ipam.org\/IMG\/pdf\/Pass10_Pages-FR-OKweb.pdf<\/a><\/p>\n\n<p>Davis, John Emmeus (ed.) 2014. <em>Manuel d&#8217;antispeculation immobiliere<\/em>. Montreal: Les Editions Ecosociete. <\/p>\n\n<p>De Pauw, Geert. 2009. Les Community Land Trusts : un mod\u00e8le qui rend la propri\u00e9t\u00e9 \u00e0 nouveau accessible? <em>art 23<\/em>, (Le logement coop\u00e9ratif : une nouvelle vie Actes du colloque du 23 Octobre 2009).  <\/p>\n\n<p>&#8212;. 2018. Grond niet te koop. Gemeenschapsgrond als basis voor een rechtvaardige en duurzame stad in het Community Land Trust model. En A. Kuhk, Holemans, D. &amp; Van den Broeck, P. (eds.).      <em>Op grond van Samenwerking. Woningen, voedsel en trage wegen als heruitgevonden commons <\/em>. Leuven: EPO. <\/p>\n\n<p>De Pauw, Geert y Orlando Sereno Regis. 2011.   <em>Estudio de viabilidad de los fideicomisos de tierras comunitarias<\/em><\/p>\n\n<p> <em> en la regi\u00f3n bruselense<\/em>. Informe presentado al Gabinete del Secretario de Estado de Vivienda por el consorcio formado por Periferia, Maison de Quartier Bonnevie, CREDAL, Development of Planning Unit, Gut-T y Lydian Lawyers. <\/p>\n\n<p>Jablon, Samuel. 2014. Les Community Land Trusts ou la propri\u00e9t\u00e9 commune de la terre. En:     <em>La tierra est\u00e1 con nosotros Por la funci\u00f3n social de la vivienda y la fuente, resistencias e iniciativas.   <\/em>Par\u00eds: Ritimo, pp. 186-191: <a href=\"https:\/\/aitec.reseau-ipam.org\/IMG\/pdf\/Pass10_Pages-FR-OKweb.pdf\">https:\/\/aitec.reseau-ipam.org\/IMG\/pdf\/Pass10_Pages-FR-OKweb.pdf<\/a><\/p>\n\n<p>Le Rouzic, Vincent. 2017. Le bail r\u00e9el solidaire : une petite r\u00e9volution du droit de propri\u00e9t\u00e9 \u00e0 mettre en perspective. <em>La Gazette du Palais<\/em>, septiembre, volumen Dossier sobre los nuevos modos de gesti\u00f3n del h\u00e1bitat.  <\/p>\n\n<p>Le Rouzic, Vincent. 2019. <em>Essais sur la post-propri\u00e9t\u00e9. Les organismes de foncier solidaire face au d\u00e9fi du logement abordable. Tesis de doctorado en urbanismo. <\/em>Par\u00eds: Universit\u00e9 Paris 1 Panth\u00e9on Sorbonne. <a href=\"\">http:\/\/www.theses.fr\/2019PA01H075<\/a> (resumen en franc\u00e9s e ingl\u00e9s) <\/p>\n\n<p>Le Rouzic, Vincent, 2021. Cooper Square est\u00e1 aqu\u00ed para quedarse : Une relecture institutionnaliste du droit \u00e0 la ville. <em>M\u00e9tropoles<\/em>, 26 de enero, n\u00famero 27. Disponible en: <a href=\"\">https:\/\/journals.openedition.org\/metropoles\/7477<\/a>  <\/p>\n\n<p>Le Rouzic, Vincent, 2021. Apr\u00e8s la propri\u00e9t\u00e9. <em>Esprit<\/em>, septiembre de 2021, n\u00famero 477. Disponible en: https: <a href=\"\">\/\/esprit.presse.fr\/article\/vincent-le-rouzic\/apres-la-propriete-43524<\/a>  <\/p>\n\n<p>Mathivet, Charlotte (ed.). 2014.   <em>Recuperar la tierra. La funci\u00f3n social de la tierra y la vivienda, Resistencias y alternativas. <\/em>Colecci\u00f3n Pasarela de la Coredem. Producido por la Coredem<em>(Communaut\u00e9 des sites resources pour une d\u00e9mocratie mondiale <\/em>&#8211; Comunidad de Sitios de Recursos Documentales para una Democracia Mundial). Par\u00eds: Ritimo. Disponible en franc\u00e9s: <a href=\"\">https:\/\/aitec.reseau-ipam.org\/IMG\/pdf\/Pass10_Pages-FR-OKweb.pdf<\/a>   <\/p>\n\n<p>Simonneau, Claire. 2018. Le Community Land Trust aux \u00c9tats- Unis, au Kenya et en Belgique. Canaux de circulation d&#8217;un mod\u00e8le alternatif et jeu d&#8217;intersexualit\u00e9.     <em>RIURBA. Revue internationale d&#8217;urbanisme <\/em>, n\u00b0 6.<\/p>\n\n<p>Simonneau, Claire, \u00c9ric Denis, Issa Sory. 2019. \u00bfQU\u00c9 POTENCIAL TIENEN LOS ENFOQUES COOPERATIVOS Y COLECTIVOS PARA EL H\u00c1BITAT POPULAR? \u00c9l\u00e9ments du d\u00e9bat, grille d&#8217;analyse et exemples burkinab\u00e9 et kenyan. Cairn.info pour De Boeck Sup\u00e9rieur: <a href=\"\">https:\/\/www.cairn.info\/revue-afrique-contemporaine-2019-1-page-155.htm;<\/a> tambi\u00e9n disponible en: <a href=\"\">https:\/\/www.cltweb.org\/resources\/research-and-scholarship\/<\/a>    <\/p>\n\n<p>Simonneau Claire, Denis \u00c9ric (coord.). 2021.   <em>Fuentes comunitarias para ciudades inclusivas. Producir y asegurar el h\u00e1bitat popular en torno a la propiedad compartida del sol: diversidad de modelos, sus intereses y sus l\u00edmites. <\/em>Agencia Francesa de Desarrollo, Papeles de investigaci\u00f3n. Disponible en: <a href=\"\">https:\/\/www.cairn.info\/papiers-de-recherche&#8211;1000000148966-page-1.htm<\/a> <\/p>\n\n<p>Simonneau Claire, Denis \u00c9ric, Benjamin Salomon <em>y otros<\/em>. 2021. Comunidades de propietarios para ciudades inclusivas. Produire et s\u00e9curiser l&#8217;habitat populaire autour de la propri\u00e9t\u00e9 partag\u00e9e du sol : une diversit\u00e9 de mod\u00e8les, leurs int\u00e9r\u00eats et leurs limites &#8220;, dans :     <em>Fuentes comunitarias para ciudades inclusivas. Producir y asegurar el h\u00e1bitat popular en torno a la propiedad compartida del sol: diversidad de modelos, sus intereses y sus l\u00edmites. <\/em>Coordinaci\u00f3n Cl\u00e9ment Jeanne. Par\u00eds Cedex 12, Agencia Francesa de Desarrollo, &#8221; Papiers de recherche, pp. 1-80. <\/p>\n\n<p>Viviendas Sostenibles para Ciudades Inclusivas y Sostenibles (SHICC). 2021.<em>Community land trusts urbains en europe<strong>: <\/strong>vers un mouvement transnational.<\/em><a href=\"https:\/\/esprit.presse.fr\/article\/vincent-le-rouzic\/apres-la-propriete-43524\">https:\/\/www.nweurope.eu\/media\/11754\/shicc_eu-clt-guide_2020_fr.pdf<\/a> <\/p>\n\n<h2 class=\"wp-block-heading\" id=\"Dutch\">Publicaciones de CLT en neerland\u00e9s<\/h2>\n\n<p>Algoed, Line y Geert De Pauw. 2020. De opmars van de internationale community land trust beweging.    <em>AGORA.<\/em>  2020-1 Jaargang 36: 15-18.<\/p>\n\n<p>Baco, Kris. 2013. HET COMMUNITY LAND TRUST MODEL Innovatief financieringsinstrument voor duurzaamheidstransities in Vlaanderen?. KULeuven, Lovaina.<\/p>\n\n<p>Baets, Laura, Geert De Pauw, Michael Ryckewaert, Linde Smits. 2020. Haalbaarheidsstudie naar het oprichten van een CLT in Leuven. Bruselas, Community Land Trust Bruselas <a href=\"https:\/\/researchportal.vub.be\/en\/publications\/haalbaarheidsonderzoek-naar-het-oprichten-van-een-clt-in-leuven-d\">https:\/\/www.agsl.be\/sites\/agsl.be\/files\/documents\/2021-06\/CLTB_VUB_2020_HaalbaarheidsstudieCLTLeuven_digitaal.pdf<\/a>   <\/p>\n\n<p>De Pauw, Geert. 2018. Grond niet te koop. Gemeenschapsgrond als basis voor een rechtvaardige en duurzame stad in het Community Land Trust model. En A. Kuhk, Holemans, D. &amp; Van den Broeck, P. (eds.).      <em>Op grond van Samenwerking. Woningen, voedsel en trage wegen als heruitgevonden commons <\/em>. Leuven: EPO. <\/p>\n\n<p>Viviendas Sostenibles para Ciudades Inclusivas y Sostenibles (SHICC). 2021. <em>Los fideicomisos de tierras comunitarias en Europa: hacia un movimiento transnacional.<\/em> <a href=\"\" target=\"\" rel=\"noopener\">https:\/\/www.nweurope.eu\/media\/11752\/shicc_eu-clt-guide_2020_nl.pdf<\/a> <\/p>\n\n<h2 class=\"wp-block-heading\" id=\"Portuguese\">Publicaciones de CLT en portugu\u00e9s<\/h2>\n\n<p>Ant\u00e3o, Renata. C. N. y Tarcyla Fidalgo Ribeiro. 2019. Termo Territorial Coletivo: Instrumento de &#8220;costura&#8221; entre o Planejamento Urbano e o Direito em Prol do Incremento da Seguran\u00e7a da Posse. XVIII Enanpur. Anais. Natal: ANPUR, 2019. Disponible en: <a href=\"\" target=\"\" rel=\"noopener\">https:\/\/www.termoterritorialcoletivo.org\/biblioteca-termo-territorial-coletivo\/termo-territorial-coletivo-planejamento-urbano-e-o-direito-em-prol-do-incremento-da-segurana-da-posse.<\/a>       <\/p>\n\n<p>&#8212;. 2020. O cooperativismo habitacional e a gest\u00e3o coletiva da propriedade como garantia da seguran\u00e7a da posse de popula\u00e7\u00f5es vulnerabilizadas: O Community Land Trust. Revista De Gest\u00e3o E Organiza\u00e7\u00f5es Cooperativas, <em>7<\/em>(14), 119-132. Disponible en: <a href=\"https:\/\/www.researchgate.net\/publication\/349187072_O_cooperativismo_habitacional_e_a_gestao_coletiva_da_propriedade_como_garantia_da_seguranca_da_posse_de_populacoes_vulnerabilizadas_O_Community_Land_Trust\">&lt;https:\/\/www.researchgate.net\/publication\/349187072_O_cooperativismo_habitacional_e_a_gestao_coletiva_da_propriedade_como_garantia_da_seguranca_da_posse_de_populacoes_vulnerabilizadas_O_Community_Land_Trust&gt;<\/a>    <\/p>\n\n<p>Cotto C\u00e1ndida. 2020. En busca de tierras a perpetuidad para la agricultura sostenible. <em>Claridad:<\/em> <a href=\"\">https:\/\/www.claridadpuertorico.com\/en-busca-de-tierras-a-perpetuidad-para-la-agricultura-sostenible\/<\/a>  <\/p>\n\n<p>Fidalgo Ribeiro, Tarcyla y Renata Ant\u00e3o. 2018. A gest\u00e3o coletiva da propriedade como garantia da seguran\u00e7a da posse de popula\u00e7\u00f5es vulnerabilizadas: os termos comunit\u00e1rios territoriais (tct) e as possibilidades no ordenamento jur\u00eddico brasileiro. En: Congresso observat\u00f3rio das metr\u00f3poles 20 anos: 2018, Rio de Janeiro. As metr\u00f3poles e o direito \u00e0 cidade: dilemas, desafios e esperan\u00e7as, p. 2329-2352. Disponible en: <a href=\"\">&lt;https:\/\/www.researchgate.net\/publication\/335255662_A_GESTAO_COLETIVA_DA_PROPRIEDADE_COMO_GARANTIA_DA_SEGURANCA_DA_POSSE_DE_POPULACOES_VULNERABILIZADAS_OS_TERMOS_COMUNITARIOS_TERRITORIAIS_TCT_E_AS_POSSIBILIDADES_NO_ORDENAMENTO_JURIDICO_BRASILEIRO&gt;<\/a>     <\/p>\n\n<p>&#8212;. 2019. Os community land trusts como instrumento de resist\u00eancia aos projetos urbanos neoliberais. Revista do programa de p\u00f3s-gradua\u00e7\u00e3o em arquitetura e urbanismo da FAU-USP, v. 26, p. 01. Disponible en: <a href=\"\">&lt;https:\/\/www.revistas.usp.br\/posfau\/article\/view\/154694\/158304&gt;<\/a>    <\/p>\n\n<p>&#8212;. 2021. O Termo Territorial Coletivo como Alternativa Emancipat\u00f3ria \u00e0 Aplica\u00e7\u00e3o da Propriedade Privada Cl\u00e1ssica: Uma Mudan\u00e7a de Perspectiva. En: Diogo R. Coutinho; Fl\u00e1vio Marques Prol; D\u00e9bora Ungaretti; Iag\u00ea Z. Miola; Tomaso Ferrando. (Org.). Propriedades em transforma\u00e7\u00e3o: expandindo a agenda de pesquisa. 1ed.S\u00e3o Paulo: Blucher, 2021, v. 2, p. 188-2010. Disponible en: <a href=\"https:\/\/www.researchgate.net\/publication\/335255345_O_TERMO_TERRITORIAL_COLETIVO_COMO_ALTERNATIVA_EMANCIPATORIA_A_APLICACAO_DA_PROPRIEDADE_PRIVADA_CLASSICA_UMA_MUDANCA_DE_PERSPECTIVA\">&lt;https:\/\/www.researchgate.net\/publication\/335255345_O_TERMO_TERRITORIAL_COLETIVO_COMO_ALTERNATIVA_EMANCIPATORIA_A_APLICACAO_DA_PROPRIEDADE_PRIVADA_CLASSICA_UMA_MUDANCA_DE_PERSPECTIVA&gt;<\/a>       <\/p>\n\n<p>Fidalgo Ribeiro, Tarcyla. 2018. Parecer Jur\u00eddico sobre Legisla\u00e7\u00e3o Brasileira em Rela\u00e7\u00e3o ao Instrumento TTC, Preparado para o Lincoln Institute of Land Policy. Disponible en <a href=\"\" target=\"\" rel=\"noopener\">&lt;https:\/\/comcat.org\/wp-content\/uploads\/2018\/08\/2018-04-Parecer-juridico-TTC-por-Tarcyla-Fidalgo-LILP.pdf&gt;<\/a>.   <\/p>\n\n<p>&#8212;. 2020. &#8220;Os &#8220;Community Land Trusts&#8221;: potencialidades e desafios de sua implementa\u00e7\u00e3o nas cidades brasileiras&#8221;. Revista de Direito da Cidade, R\u00edo de Janeiro, v. 12, n.1, 609-631. Disponible en: <a href=\"\">&lt;https:\/\/www.researchgate.net\/publication\/341037661_Os_Community_Land_Trusts_potencialidades_e_desafios_de_sua_implementacao_nas_cidades_brasileiras&gt;<\/a>.    <\/p>\n\n<p>&#8212;. 2021. O &#8216;Community Land Trust&#8217; como instrumento de resili\u00eancia urbana: possibilidades a partir da expectativa de sua implementa\u00e7\u00e3o. En: II Encuentro de la Red de Asentamientos Populares &#8211; ENRAP, Buenos Aires. Pandemia, crisis y oportunidades para el h\u00e1bitat popular. Buenos Aires: FAu-UNNE, 2021. v. 1. p. 601-613. Disponible en:<a href=\"https:\/\/drive.google.com\/file\/d\/15N1UPsiV1c9fSOqAawNCdHqsnOJ0unS0\/view\">&lt;https:\/\/drive.google.com\/file\/d\/15N1UPsiV1c9fSOqAawNCdHqsnOJ0unS0\/view&gt;<\/a>        <\/p>\n\n<p>&#8212;. 2021. O Termo Territorial Coletivo e o Direito \u00e0 Moradia Adequada: potencialidades a partir de uma experi\u00eancia do Programa Minha Casa Minha Vida &#8211; Entidades. En: Adauto L. Cardoso; Camila D&#8217;Ottaviano. (Org.). Habita\u00e7\u00e3o e Direito \u00e0 Cidade desafios para as metr\u00f3poles em tempos de crise. 1ed. R\u00edo de Janeiro: <em>Letra Capital<\/em>, v. 1, p. 78-107. Disponible en: <a href=\"https:\/\/www.researchgate.net\/publication\/350887240_O_TERMO_TERRITORIAL_COLETIVO_E_O_DIREITO_A_MORADIA_ADEQUADA_potencialidades_a_partir_de_uma_experiencia_do_Programa_Minha_Casa_Minha_Vida-Entidades\">&lt;https:\/\/www.researchgate.net\/publication\/350887240_O_TERMO_TERRITORIAL_COLETIVO_E_O_DIREITO_A_MORADIA_ADEQUADA_potencialidades_a_partir_de_uma_experiencia_do_Programa_Minha_Casa_Minha_Vida-Entidades&gt;<\/a>        <\/p>\n\n<p>&#8212;. 2021. Novas perspectivas para a gest\u00e3o coletiva territorial e fundi\u00e1ria: O termo territorial coletivo. En: Margareth Matiko Uemura et al.. (Org.). ATHIS para o direito \u00e0 moradia. 1ed.S\u00e3o Paulo: <em>P\u00f3lis<\/em>, v. 1, p. 153-162. Disponible en: <a href=\"https:\/\/polis.org.br\/wp-content\/uploads\/2021\/12\/ATHIS-DIREITO-A-MORADIA_nov2021.pdf\">&lt;https:\/\/polis.org.br\/wp-content\/uploads\/2021\/12\/ATHIS-DIREITO-A-MORADIA_nov2021.pdf&gt;<\/a>       <\/p>\n\n<p>&#8212;. 2021. O termo territorial coletivo como alternativa emancipat\u00f3ria \u00e0 aplica\u00e7\u00e3o da propriedade privada cl\u00e1ssica uma mudan\u00e7a de perspectiva. <em>Academia<\/em>.  <\/p>\n\n<p>Fidalgo Ribeiro, Tarcyla y F. Litsek. 2020. Novos olhares sobre a Lei 13.465\/17: Potencialidades no Fortalecimento das Comunidades atrav\u00e9s dos Termos Territoriais Coletivos. InSURg\u00eancia: revista de direitos e movimentos sociais, <em>Brasilia<\/em>, v. 6, n. 2, 2020. Disponible en: <a href=\"\">&lt;https:\/\/periodicos.unb.br\/index.php\/insurgencia\/article\/view\/31968&gt;<\/a>.     <\/p>\n\n<p>&#8212;. 2021. Construindo caminhos para o direito \u00e0 cidade: a contribui\u00e7\u00e3o do Termo Territorial Coletivo. En: Edesio Fernandes et al.. (Org.). El derecho a la ciudad frente a los desaf\u00edos actuales. 1ed. Buenos Aires: <em>CLACSO<\/em>, 2021, v. 2, p. 107-118. Dispon\u00edvel em: <a href=\"\">&lt;https:\/\/static1.squarespace.com\/static\/604bd897618ad1188169cd5a\/t\/61aa8482c932dd0babc66710\/1638565014300\/V2_Desigualdades-urbanas_CuadN2+%281%29.pdf&gt;<\/a> <\/p>\n\n<p>Fidalgo Ribeiro, Tarcyla, Felipe Cruz Akos Litsek, Clarissa Sapori Avelar y Martim Ferraz Costa Furtado. 2022. Experi\u00eancias internacionais de Community Land Trusts e li\u00e7\u00f5es para a implementa\u00e7\u00e3o do modelo no Brasil (Experiencias internacionales de fideicomisos de tierras comunitarias y lecciones para la implementaci\u00f3n de este modelo en Brasil). Revista brasileira de estudos urbanos e regionais. v. 24. Disponible en: <a href=\"\" target=\"\" rel=\"noopener\">https:\/\/rbeur.anpur.org.br\/rbeur\/article\/view\/7113<\/a>     <\/p>\n\n<p>Fidalgo Ribeiro, Tarcyla, Felipe Cruz Akos Litsek, Rebeca Landeiro dos Santos, Monica Mendon\u00e7a Nunes. 2023. En busca de nuevas soluciones para garantizar la seguridad de la tenencia en las ciudades: la experiencia del proyecto de fideicomiso de tierras comunitarias de favelas en R\u00edo de Janeiro. (Em Busca de Novas Solu\u00e7\u00f5es para a Garantia de Seguran\u00e7a da Posse nas Cidades: A Experi\u00eancia do Projeto Termo Territorial Coletivo no Rio de Janeiro). Anales del XX ENANPUR.    <\/p>\n\n<p>Litsek, F. A. 2019. Experi\u00eancia dos Termos Territoriais Coletivos na Promo\u00e7\u00e3o de Moradia Acess\u00edvel e Resist\u00eancia \u00e0 Mercantiliza\u00e7\u00e3o da Terra. Revista E-Metropolis, Rio de Janeiro, n. 39, ano 10, 2019. Disponible en: <a href=\"http:\/\/emetropolis.net\/artigo\/305?name=a-experiencia-dos-termos-territoriais-coletivos-na-promocao-de-moradia-acessivel-e-resistencia-a-mercantilizacao-da-terra\">&lt;http:\/\/emetropolis.net\/artigo\/305?name=a-experiencia-dos-termos-territoriais-coletivos-na-promocao-de-moradia-acessivel-e-resistencia-a-mercantilizacao-da-terra&gt;<\/a>.    <\/p>\n\n<p>Litsek, Felipe y Rebeca Landeiro. 2021. El Tercer Territorio Colectivo en Am\u00e9rica Latina: Di\u00e1logos entre Brasil y Puerto Rico. <em>RioOnWatch<\/em> (02-12-21). <a href=\"https:\/\/rioonwatch.org.br\/?p=59554\">https:\/\/rioonwatch.org.br\/?p=59554<\/a>  <\/p>\n\n<p>Santos, R. L. 2021. El Estado y la Especulaci\u00f3n Fundiaria en las Favelas: Um estudo sobre o Termo Territorial Coletivo. Disponible en: <a href=\"https:\/\/issuu.com\/rebecalandeiro\/docs\/csderno_ilustrado_para_issuu\">&lt;https:\/\/issuu.com\/rebecalandeiro\/docs\/csderno_ilustrado_para_issuu&gt;<\/a>  <\/p>\n\n<p>Sotto, D. 2017. Redescobrindo o direito de superf\u00edcie atrav\u00e9s dos Community Land Trusts: alternativas para a realiza\u00e7\u00e3o do direito \u00e0 moradia adequada no Brasil. En: Vieira, Bruno Soeiro. (Org.). Instrumentos Urban\u00edsticos e sua (in)efetividade. 1ed. R\u00edo de Janeiro: Lumen Juris, v. 1, p. 157-174. Disponible en: <a href=\"https:\/\/www.researchgate.net\/publication\/323548192_Redescobrindo_o_direito_de_superficie_atraves_dos_Community_Land_Trusts_alternativas_para_a_realizacao_do_direito_a_moradia_adequada_no_Brasil\">&lt;https:\/\/www.researchgate.net\/publication\/323548192_Redescobrindo_o_direito_de_superficie_atraves_dos_Community_Land_Trusts_alternativas_para_a_realizacao_do_direito_a_moradia_adequada_no_Brasil&gt;<\/a>.       <\/p>\n\n<p>Williamson, Theresa. 2018. O Termo Territorial Coletivo (TTC) Aplicado \u00e0s Favelas Poderia Resolver a Crise Mundial de Moradia? <em>Land Lines<\/em>, p. 8-23. Disponible en: <a href=\"https:\/\/comcat.org\/wp-content\/uploads\/2018\/08\/O-Termo-Territorial-Coletivo-TTC-Aplicado-a%CC%80s-Favelas-Poderia-Resolver-a-Crise-Mundial-de-Moradia.pdf\">&lt;https:\/\/comcat.org\/wp-content\/uploads\/2018\/08\/O-Termo-Territorial-Coletivo-TTC-Aplicado-a%CC%80s-Favelas-Poderia-Resolver-a-Crise-Mundial-de-Moradia.pdf&gt;<\/a>   <\/p>\n\n<h2 class=\"wp-block-heading\" id=\"Italian\">Publicaciones de CLT en italiano<\/h2>\n\n<p>Cuccia, Andrea. 2019. Community land trust e beni comuni. Le implicazioni della dimensione comunitaria e i risvolti applicativi in Italia. DOCUMENTO LABSUS: <a href=\"http:\/\/emetropolis.net\/artigo\/305?name=a-experiencia-dos-termos-territoriais-coletivos-na-promocao-de-moradia-acessivel-e-resistencia-a-mercantilizacao-da-terra\">https:\/\/www.academia.edu\/38761978\/Community_Land_Trust_e_beni_comuni_Le_implicazioni_della_dimensione_comunitaria_e_i_risvolti_applicativi_in_Italia<\/a>    <\/p>\n\n<p>Lenna, Verena. 2019. Riconoscimento e responsabilit\u00e0. <em>Ardeth<\/em> 4: 30-55.  <\/p>\n\n<p>Nessi, Cecilia. 2013. Terra, casa e proprieta&#8217; collettiva: il caso dei community land trusts. Universita&#8217; Degli Studi di Torino, Dipartimento di Economia Cognetti De Martiis.   <\/p>\n\n<p>Vercellone, Antonio. 2016. Urban commons e modelli di governo, Il community land trust. <em>A. QUARTA, M. SPANO&#8217; (a cura di), Beni Comuni 2.0<\/em>. Contro-egemonia, Nuove Istituzioni, Mimesis, Mil\u00e1n &#8211; Udine.   <\/p>\n\n<p>&#8212;. 2020. Il fideicomiso comunitario de tierras. Autonomia privata, conformazione della propriet\u00e0, distribuzione della rendita urbana, Giuffr\u00e9. Francis Lefebvre, Mil\u00e1n.<\/p>\n\n<h2 class=\"wp-block-heading\" id=\"German\">Publicaciones de CLT en alem\u00e1n<\/h2>\n\n<p>Horlitz, Sabine. 2020. Die Stadtbodenstiftung &#8211; \u00dcber den boden zur solidarischen stadt. <em>ARCH+<\/em> (diciembre).  <\/p>\n\n<p>&#8212;. 2021.Gespr\u00e4ch mit Sabine Horlitz: <em>&#8220;Wie sich Boden dauerhaft dem Markt entziehen l\u00e4sst&#8221; Deutschlandfunk Kultur<\/em>. (9 de septiembre).  <\/p>\n\n<p>LaFond, Michael y Larisa Tsvetkova (eds.). 2017. <em>Cohousing inclusivo: vivienda para todos autoorganizada y dirigida por la comunidad<\/em>. Berl\u00edn: Jovis Verlag. (alem\u00e1n e ingl\u00e9s). Disponible en: <a href=\"\">https:\/\/www.amazon.com\/CoHousing-Inclusive-Self-Organized-Community-Led-Housing\/dp\/3868594620<\/a>    <\/p>\n\n<p>Sch\u00f6nberg, Philip. 2020. &#8220;Community land trust: die idee einer sozialen bodenplattform&#8221; <em>polis<\/em> (15 de enero).  <\/p>\n\n<p>Schr\u00f6der, Catalina. 2020. &#8220;Mit Stiftungen gegen bodenspekulation &#8211; <em>Wie Wohnen erschwinglich bleiben kann&#8221; Deutschlandfunk Kultur<\/em>. (3 de marzo).   <\/p>\n\n<p>Viviendas Sostenibles para Ciudades Inclusivas y Sostenibles (SHICC). 2021. <em>Urbane community land trusts in Europa: <\/em><em>auf dem weg zu einer l\u00e4nder\u00fcbergreifenden bewegung.<\/em> <a href=\"\">https:\/\/www.nweurope.eu\/media\/11755\/shicc_eu-clt-guide_2020_de.pdf<\/a> <\/p>\n","protected":false},"excerpt":{"rendered":"<p>Actualizado el 7\/1\/24 Publicaciones de CLT en espa\u00f1ol Algoed, Line, Mar\u00eda E. Hern\u00e1ndez Torrales y Lyvia Rodr\u00edguez del Valle. 2018. El Fideicomiso de la Tierra del Ca\u00f1o Mart\u00edn Pe\u00f1a instrumento [&hellip;]<\/p>\n","protected":false},"author":1,"featured_media":0,"parent":1873,"menu_order":0,"comment_status":"closed","ping_status":"closed","template":"","meta":{"give_campaign_id":0,"_tec_requires_first_save":true,"_kad_blocks_custom_css":"","_kad_blocks_head_custom_js":"","_kad_blocks_body_custom_js":"","_kad_blocks_footer_custom_js":"","_EventAllDay":false,"_EventTimezone":"","_EventStartDate":"","_EventEndDate":"","_EventStartDateUTC":"","_EventEndDateUTC":"","_EventShowMap":false,"_EventShowMapLink":false,"_EventURL":"","_EventCost":"","_EventCostDescription":"","_EventCurrencySymbol":"","_EventCurrencyCode":"","_EventCurrencyPosition":"","_EventDateTimeSeparator":"","_EventTimeRangeSeparator":"","_EventOrganizerID":[],"_EventVenueID":[],"_OrganizerEmail":"","_OrganizerPhone":"","_OrganizerWebsite":"","_VenueAddress":"","_VenueCity":"","_VenueCountry":"","_VenueProvince":"","_VenueState":"","_VenueZip":"","_VenuePhone":"","_VenueURL":"","_VenueStateProvince":"","_VenueLat":"","_VenueLng":"","_VenueShowMap":false,"_VenueShowMapLink":false,"_tribe_blocks_recurrence_rules":"","_tribe_blocks_recurrence_description":"","_tribe_blocks_recurrence_exclusions":"","footnotes":""},"categories":[],"tags":[],"class_list":["post-3887","page","type-page","status-publish","hentry"],"blocksy_meta":[],"yoast_head":"<!-- This site is optimized with the Yoast SEO Premium plugin v27.5 (Yoast SEO v27.5) - https:\/\/yoast.com\/product\/yoast-seo-premium-wordpress\/ -->\n<title>Bibliograf\u00eda internacional sobre CLT - Lengua no inglesa - International Center for Community Land Trusts<\/title>\n<meta name=\"robots\" content=\"index, follow, max-snippet:-1, max-image-preview:large, max-video-preview:-1\" \/>\n<link rel=\"canonical\" href=\"https:\/\/www.cltweb.org\/es\/biblioteca-de-recursos\/bibliografia\/bibliografia-internacional-sobre-clt-lengua-no-inglesa\/\" \/>\n<meta property=\"og:locale\" content=\"es_ES\" \/>\n<meta property=\"og:type\" content=\"article\" \/>\n<meta property=\"og:title\" content=\"Bibliograf\u00eda internacional sobre CLT - Lengua no inglesa\" \/>\n<meta property=\"og:description\" content=\"Actualizado el 7\/1\/24 Publicaciones de CLT en espa\u00f1ol Algoed, Line, Mar\u00eda E. Hern\u00e1ndez Torrales y Lyvia Rodr\u00edguez del Valle. 2018. El Fideicomiso de la Tierra del Ca\u00f1o Mart\u00edn Pe\u00f1a instrumento [&hellip;]\" \/>\n<meta property=\"og:url\" content=\"https:\/\/www.cltweb.org\/es\/biblioteca-de-recursos\/bibliografia\/bibliografia-internacional-sobre-clt-lengua-no-inglesa\/\" \/>\n<meta property=\"og:site_name\" content=\"International Center for Community Land Trusts\" \/>\n<meta property=\"article:publisher\" content=\"https:\/\/www.facebook.com\/cltcenter\" \/>\n<meta property=\"article:modified_time\" content=\"2024-10-19T20:54:19+00:00\" \/>\n<meta name=\"twitter:card\" content=\"summary_large_image\" \/>\n<meta name=\"twitter:site\" content=\"@Center4CLTs\" \/>\n<meta name=\"twitter:label1\" content=\"Tiempo de lectura\" \/>\n\t<meta name=\"twitter:data1\" content=\"14 minutos\" \/>\n<script type=\"application\/ld+json\" class=\"yoast-schema-graph\">{\"@context\":\"https:\\\/\\\/schema.org\",\"@graph\":[{\"@type\":\"WebPage\",\"@id\":\"https:\\\/\\\/www.cltweb.org\\\/es\\\/biblioteca-de-recursos\\\/bibliografia\\\/bibliografia-internacional-sobre-clt-lengua-no-inglesa\\\/\",\"url\":\"https:\\\/\\\/www.cltweb.org\\\/es\\\/biblioteca-de-recursos\\\/bibliografia\\\/bibliografia-internacional-sobre-clt-lengua-no-inglesa\\\/\",\"name\":\"Bibliograf\u00eda internacional sobre CLT - Lengua no inglesa - International Center for Community Land Trusts\",\"isPartOf\":{\"@id\":\"https:\\\/\\\/www.cltweb.org\\\/es\\\/#website\"},\"datePublished\":\"2024-10-19T20:50:09+00:00\",\"dateModified\":\"2024-10-19T20:54:19+00:00\",\"breadcrumb\":{\"@id\":\"https:\\\/\\\/www.cltweb.org\\\/es\\\/biblioteca-de-recursos\\\/bibliografia\\\/bibliografia-internacional-sobre-clt-lengua-no-inglesa\\\/#breadcrumb\"},\"inLanguage\":\"es\",\"potentialAction\":[{\"@type\":\"ReadAction\",\"target\":[\"https:\\\/\\\/www.cltweb.org\\\/es\\\/biblioteca-de-recursos\\\/bibliografia\\\/bibliografia-internacional-sobre-clt-lengua-no-inglesa\\\/\"]}]},{\"@type\":\"BreadcrumbList\",\"@id\":\"https:\\\/\\\/www.cltweb.org\\\/es\\\/biblioteca-de-recursos\\\/bibliografia\\\/bibliografia-internacional-sobre-clt-lengua-no-inglesa\\\/#breadcrumb\",\"itemListElement\":[{\"@type\":\"ListItem\",\"position\":1,\"name\":\"Home\",\"item\":\"https:\\\/\\\/www.cltweb.org\\\/es\\\/\"},{\"@type\":\"ListItem\",\"position\":2,\"name\":\"Biblioteca de recursos\",\"item\":\"https:\\\/\\\/www.cltweb.org\\\/es\\\/biblioteca-de-recursos\\\/\"},{\"@type\":\"ListItem\",\"position\":3,\"name\":\"Bibliograf\u00eda\",\"item\":\"https:\\\/\\\/www.cltweb.org\\\/es\\\/biblioteca-de-recursos\\\/bibliografia\\\/\"},{\"@type\":\"ListItem\",\"position\":4,\"name\":\"Bibliograf\u00eda internacional sobre CLT &#8211; Lengua no inglesa\"}]},{\"@type\":\"WebSite\",\"@id\":\"https:\\\/\\\/www.cltweb.org\\\/es\\\/#website\",\"url\":\"https:\\\/\\\/www.cltweb.org\\\/es\\\/\",\"name\":\"International Center for Community Land Trusts\",\"description\":\"\",\"publisher\":{\"@id\":\"https:\\\/\\\/www.cltweb.org\\\/es\\\/#organization\"},\"potentialAction\":[{\"@type\":\"SearchAction\",\"target\":{\"@type\":\"EntryPoint\",\"urlTemplate\":\"https:\\\/\\\/www.cltweb.org\\\/es\\\/?s={search_term_string}\"},\"query-input\":{\"@type\":\"PropertyValueSpecification\",\"valueRequired\":true,\"valueName\":\"search_term_string\"}}],\"inLanguage\":\"es\"},{\"@type\":\"Organization\",\"@id\":\"https:\\\/\\\/www.cltweb.org\\\/es\\\/#organization\",\"name\":\"International Center for Community Land Trusts\",\"url\":\"https:\\\/\\\/www.cltweb.org\\\/es\\\/\",\"logo\":{\"@type\":\"ImageObject\",\"inLanguage\":\"es\",\"@id\":\"https:\\\/\\\/www.cltweb.org\\\/es\\\/#\\\/schema\\\/logo\\\/image\\\/\",\"url\":\"https:\\\/\\\/www.cltweb.org\\\/wp-content\\\/uploads\\\/2024\\\/11\\\/New-CLT-Center-Text-logo.png\",\"contentUrl\":\"https:\\\/\\\/www.cltweb.org\\\/wp-content\\\/uploads\\\/2024\\\/11\\\/New-CLT-Center-Text-logo.png\",\"width\":227,\"height\":80,\"caption\":\"International Center for Community Land Trusts\"},\"image\":{\"@id\":\"https:\\\/\\\/www.cltweb.org\\\/es\\\/#\\\/schema\\\/logo\\\/image\\\/\"},\"sameAs\":[\"https:\\\/\\\/www.facebook.com\\\/cltcenter\",\"https:\\\/\\\/x.com\\\/Center4CLTs\",\"https:\\\/\\\/www.instagram.com\\\/cltcenter\\\/\",\"https:\\\/\\\/www.linkedin.com\\\/company\\\/cltcenter\",\"https:\\\/\\\/www.youtube.com\\\/@centerforcltinnovation5313\"],\"description\":\"The International Center for Community Land Trusts is a not-for-profit nongovernmental organization established in 2018 to promote and to support community land trusts and similar strategies of community-led development on community-owned land in countries throughout the world.\",\"email\":\"info@communitylandtrust.net\",\"legalName\":\"International Center for Community Land Trusts\",\"foundingDate\":\"2018-12-01\",\"taxID\":\"84-3858933\",\"numberOfEmployees\":{\"@type\":\"QuantitativeValue\",\"minValue\":\"1\",\"maxValue\":\"10\"}}]}<\/script>\n<!-- \/ Yoast SEO Premium plugin. -->","yoast_head_json":{"title":"Bibliograf\u00eda internacional sobre CLT - Lengua no inglesa - International Center for Community Land Trusts","robots":{"index":"index","follow":"follow","max-snippet":"max-snippet:-1","max-image-preview":"max-image-preview:large","max-video-preview":"max-video-preview:-1"},"canonical":"https:\/\/www.cltweb.org\/es\/biblioteca-de-recursos\/bibliografia\/bibliografia-internacional-sobre-clt-lengua-no-inglesa\/","og_locale":"es_ES","og_type":"article","og_title":"Bibliograf\u00eda internacional sobre CLT - Lengua no inglesa","og_description":"Actualizado el 7\/1\/24 Publicaciones de CLT en espa\u00f1ol Algoed, Line, Mar\u00eda E. Hern\u00e1ndez Torrales y Lyvia Rodr\u00edguez del Valle. 2018. El Fideicomiso de la Tierra del Ca\u00f1o Mart\u00edn Pe\u00f1a instrumento [&hellip;]","og_url":"https:\/\/www.cltweb.org\/es\/biblioteca-de-recursos\/bibliografia\/bibliografia-internacional-sobre-clt-lengua-no-inglesa\/","og_site_name":"International Center for Community Land Trusts","article_publisher":"https:\/\/www.facebook.com\/cltcenter","article_modified_time":"2024-10-19T20:54:19+00:00","twitter_card":"summary_large_image","twitter_site":"@Center4CLTs","twitter_misc":{"Tiempo de lectura":"14 minutos"},"schema":{"@context":"https:\/\/schema.org","@graph":[{"@type":"WebPage","@id":"https:\/\/www.cltweb.org\/es\/biblioteca-de-recursos\/bibliografia\/bibliografia-internacional-sobre-clt-lengua-no-inglesa\/","url":"https:\/\/www.cltweb.org\/es\/biblioteca-de-recursos\/bibliografia\/bibliografia-internacional-sobre-clt-lengua-no-inglesa\/","name":"Bibliograf\u00eda internacional sobre CLT - Lengua no inglesa - International Center for Community Land Trusts","isPartOf":{"@id":"https:\/\/www.cltweb.org\/es\/#website"},"datePublished":"2024-10-19T20:50:09+00:00","dateModified":"2024-10-19T20:54:19+00:00","breadcrumb":{"@id":"https:\/\/www.cltweb.org\/es\/biblioteca-de-recursos\/bibliografia\/bibliografia-internacional-sobre-clt-lengua-no-inglesa\/#breadcrumb"},"inLanguage":"es","potentialAction":[{"@type":"ReadAction","target":["https:\/\/www.cltweb.org\/es\/biblioteca-de-recursos\/bibliografia\/bibliografia-internacional-sobre-clt-lengua-no-inglesa\/"]}]},{"@type":"BreadcrumbList","@id":"https:\/\/www.cltweb.org\/es\/biblioteca-de-recursos\/bibliografia\/bibliografia-internacional-sobre-clt-lengua-no-inglesa\/#breadcrumb","itemListElement":[{"@type":"ListItem","position":1,"name":"Home","item":"https:\/\/www.cltweb.org\/es\/"},{"@type":"ListItem","position":2,"name":"Biblioteca de recursos","item":"https:\/\/www.cltweb.org\/es\/biblioteca-de-recursos\/"},{"@type":"ListItem","position":3,"name":"Bibliograf\u00eda","item":"https:\/\/www.cltweb.org\/es\/biblioteca-de-recursos\/bibliografia\/"},{"@type":"ListItem","position":4,"name":"Bibliograf\u00eda internacional sobre CLT &#8211; Lengua no inglesa"}]},{"@type":"WebSite","@id":"https:\/\/www.cltweb.org\/es\/#website","url":"https:\/\/www.cltweb.org\/es\/","name":"International Center for Community Land Trusts","description":"","publisher":{"@id":"https:\/\/www.cltweb.org\/es\/#organization"},"potentialAction":[{"@type":"SearchAction","target":{"@type":"EntryPoint","urlTemplate":"https:\/\/www.cltweb.org\/es\/?s={search_term_string}"},"query-input":{"@type":"PropertyValueSpecification","valueRequired":true,"valueName":"search_term_string"}}],"inLanguage":"es"},{"@type":"Organization","@id":"https:\/\/www.cltweb.org\/es\/#organization","name":"International Center for Community Land Trusts","url":"https:\/\/www.cltweb.org\/es\/","logo":{"@type":"ImageObject","inLanguage":"es","@id":"https:\/\/www.cltweb.org\/es\/#\/schema\/logo\/image\/","url":"https:\/\/www.cltweb.org\/wp-content\/uploads\/2024\/11\/New-CLT-Center-Text-logo.png","contentUrl":"https:\/\/www.cltweb.org\/wp-content\/uploads\/2024\/11\/New-CLT-Center-Text-logo.png","width":227,"height":80,"caption":"International Center for Community Land Trusts"},"image":{"@id":"https:\/\/www.cltweb.org\/es\/#\/schema\/logo\/image\/"},"sameAs":["https:\/\/www.facebook.com\/cltcenter","https:\/\/x.com\/Center4CLTs","https:\/\/www.instagram.com\/cltcenter\/","https:\/\/www.linkedin.com\/company\/cltcenter","https:\/\/www.youtube.com\/@centerforcltinnovation5313"],"description":"The International Center for Community Land Trusts is a not-for-profit nongovernmental organization established in 2018 to promote and to support community land trusts and similar strategies of community-led development on community-owned land in countries throughout the world.","email":"info@communitylandtrust.net","legalName":"International Center for Community Land Trusts","foundingDate":"2018-12-01","taxID":"84-3858933","numberOfEmployees":{"@type":"QuantitativeValue","minValue":"1","maxValue":"10"}}]}},"campaignId":"","taxonomy_info":[],"featured_image_src_large":false,"author_info":{"display_name":"cltredesign_0jp0l4","author_link":"https:\/\/www.cltweb.org\/es\/author\/cltredesign_0jp0l4\/"},"comment_info":0,"jetpack_sharing_enabled":true,"jetpack-related-posts":[{"id":1873,"url":"https:\/\/www.cltweb.org\/es\/biblioteca-de-recursos\/bibliografia\/","url_meta":{"origin":3887,"position":0},"title":"Bibliograf\u00eda","author":"cltredesign_0jp0l4","date":"26 de julio de 2024","format":false,"excerpt":"Introducci\u00f3n Esta bibliograf\u00eda es un trabajo en curso. Comenz\u00f3 hace m\u00e1s de veinticinco a\u00f1os en respuesta a las reiteradas peticiones de acad\u00e9micos y profesionales, que me preguntaban si pod\u00eda orientarles hacia \"m\u00e1s informaci\u00f3n\" sobre los fideicomisos de tierras comunitarias. Empec\u00e9 a recopilar y distribuir una lista cada vez m\u00e1s larga\u2026","rel":"","context":"En \u00abBiblioteca de recursos\u00bb","block_context":{"text":"Biblioteca de recursos","link":"https:\/\/www.cltweb.org\/es\/category\/biblioteca-de-recursos-es\/"},"img":{"alt_text":"","src":"","width":0,"height":0},"classes":[]},{"id":1867,"url":"https:\/\/www.cltweb.org\/pt-br\/biblioteca-de-recursos\/bibliografia\/","url_meta":{"origin":3887,"position":1},"title":"Bibliografia","author":"cltredesign_0jp0l4","date":"26 de julio de 2024","format":false,"excerpt":"Introdu\u00e7\u00e3o Esta bibliografia \u00e9 um trabalho em andamento. Teve seu in\u00edcio h\u00e1 mais de vinte e cinco anos, em resposta a repetidas solicita\u00e7\u00f5es de acad\u00eamicos e profissionais, perguntando se eu poderia orient\u00e1-los para \"mais informa\u00e7\u00f5es\" sobre community land trusts. Comecei a compilar e distribuir uma lista cada vez maior de\u2026","rel":"","context":"En \u00abBiblioteca de recursos\u00bb","block_context":{"text":"Biblioteca de recursos","link":"https:\/\/www.cltweb.org\/pt-br\/category\/biblioteca-de-recursos\/"},"img":{"alt_text":"","src":"","width":0,"height":0},"classes":[]},{"id":881,"url":"https:\/\/www.cltweb.org\/es\/biblioteca-de-recursos\/","url_meta":{"origin":3887,"position":2},"title":"Biblioteca de recursos","author":"cltredesign_0jp0l4","date":"26 de julio de 2024","format":false,"excerpt":"Red mundial Hay 616 CLT en 13 pa\u00edses. Consulta el mapa mundial, nuestra lista de redes de CLT y una secci\u00f3n dedicada a los CLT en el Sur Global. Perfiles Hemos recopilado estudios de casos de CLT, as\u00ed como entrevistas con figuras fundamentales del movimiento CLT. Investiga Hemos recopilado art\u00edculos\u2026","rel":"","context":"En \u00abBiblioteca de recursos\u00bb","block_context":{"text":"Biblioteca de recursos","link":"https:\/\/www.cltweb.org\/es\/category\/biblioteca-de-recursos-es\/"},"img":{"alt_text":"","src":"","width":0,"height":0},"classes":[]},{"id":3883,"url":"https:\/\/www.cltweb.org\/es\/biblioteca-de-recursos\/bibliografia\/bibliografia-internacional-sobre-clt-todas-las-lenguas\/","url_meta":{"origin":3887,"position":3},"title":"Bibliograf\u00eda internacional sobre CLT &#8211; Todas las lenguas","author":"cltredesign_0jp0l4","date":"19 de octubre de 2024","format":false,"excerpt":"Actualizado el 7\/1\/24 Libros y art\u00edculos Abello, Oscar Perry. 2021. Un inusual fideicomiso de la tierra de Colorado est\u00e1 dejando huella. Next City (10 de agosto). Disponible en: https:\/\/nextcity.org\/daily\/entry\/an-unusual-community-land-trust-in-colorado-is-making-its-mark Abrams, Amanda. 2019. Ayudar a los propietarios de viviendas en riesgo a mantenerse con un fideicomiso de tierras. Shelterforce (25 de\u2026","rel":"","context":"Entrada similar","block_context":{"text":"Entrada similar","link":""},"img":{"alt_text":"","src":"","width":0,"height":0},"classes":[]},{"id":6193,"url":"https:\/\/www.cltweb.org\/es\/","url_meta":{"origin":3887,"position":4},"title":"Inicio","author":"cltredesign_0jp0l4","date":"29 de octubre de 2024","format":false,"excerpt":"Centro Internacional de Fideicomisos Comunitarios de la Tierra Somos una organizaci\u00f3n no gubernamental sin \u00e1nimo de lucro creada en 2018 para promover y apoyar los fideicomisos de la tierra comunitarios y estrategias similares de desarrollo dirigido por la comunidad en tierras de propiedad comunitaria en pa\u00edses de todo el mundo.\u2026","rel":"","context":"Entrada similar","block_context":{"text":"Entrada similar","link":""},"img":{"alt_text":"Virtual Summit Banner","src":"https:\/\/i0.wp.com\/www.cltweb.org\/wp-content\/uploads\/2026\/03\/VS-banner-2026.png?resize=350%2C200&ssl=1","width":350,"height":200,"srcset":"https:\/\/i0.wp.com\/www.cltweb.org\/wp-content\/uploads\/2026\/03\/VS-banner-2026.png?resize=350%2C200&ssl=1 1x, https:\/\/i0.wp.com\/www.cltweb.org\/wp-content\/uploads\/2026\/03\/VS-banner-2026.png?resize=525%2C300&ssl=1 1.5x, https:\/\/i0.wp.com\/www.cltweb.org\/wp-content\/uploads\/2026\/03\/VS-banner-2026.png?resize=700%2C400&ssl=1 2x"},"classes":[]},{"id":10396,"url":"https:\/\/www.cltweb.org\/es\/sobre-nosotros\/dona\/","url_meta":{"origin":3887,"position":5},"title":"Apoya nuestro trabajo","author":"cltredesign_0jp0l4","date":"28 de octubre de 2025","format":false,"excerpt":"Apoyar el trabajo del Centro Internacional de CLTs.","rel":"","context":"En \u00abSobre nosotros\u00bb","block_context":{"text":"Sobre nosotros","link":"https:\/\/www.cltweb.org\/es\/category\/sobre-nosotros\/"},"img":{"alt_text":"","src":"","width":0,"height":0},"classes":[]}],"_links":{"self":[{"href":"https:\/\/www.cltweb.org\/es\/wp-json\/wp\/v2\/pages\/3887","targetHints":{"allow":["GET"]}}],"collection":[{"href":"https:\/\/www.cltweb.org\/es\/wp-json\/wp\/v2\/pages"}],"about":[{"href":"https:\/\/www.cltweb.org\/es\/wp-json\/wp\/v2\/types\/page"}],"author":[{"embeddable":true,"href":"https:\/\/www.cltweb.org\/es\/wp-json\/wp\/v2\/users\/1"}],"replies":[{"embeddable":true,"href":"https:\/\/www.cltweb.org\/es\/wp-json\/wp\/v2\/comments?post=3887"}],"version-history":[{"count":2,"href":"https:\/\/www.cltweb.org\/es\/wp-json\/wp\/v2\/pages\/3887\/revisions"}],"predecessor-version":[{"id":3905,"href":"https:\/\/www.cltweb.org\/es\/wp-json\/wp\/v2\/pages\/3887\/revisions\/3905"}],"up":[{"embeddable":true,"href":"https:\/\/www.cltweb.org\/es\/wp-json\/wp\/v2\/pages\/1873"}],"wp:attachment":[{"href":"https:\/\/www.cltweb.org\/es\/wp-json\/wp\/v2\/media?parent=3887"}],"wp:term":[{"taxonomy":"category","embeddable":true,"href":"https:\/\/www.cltweb.org\/es\/wp-json\/wp\/v2\/categories?post=3887"},{"taxonomy":"post_tag","embeddable":true,"href":"https:\/\/www.cltweb.org\/es\/wp-json\/wp\/v2\/tags?post=3887"}],"curies":[{"name":"wp","href":"https:\/\/api.w.org\/{rel}","templated":true}]}}