{"id":772,"date":"2024-07-26T17:03:44","date_gmt":"2024-07-26T17:03:44","guid":{"rendered":"https:\/\/www.cltweb.org\/colaboracion-juridica\/"},"modified":"2024-08-22T22:22:40","modified_gmt":"2024-08-22T22:22:40","slug":"colaboracion-juridica","status":"publish","type":"page","link":"https:\/\/www.cltweb.org\/es\/programas-y-proyectos\/colaboracion-juridica\/","title":{"rendered":"Colaboraci\u00f3n jur\u00eddica"},"content":{"rendered":"","protected":false},"excerpt":{"rendered":"","protected":false},"author":1,"featured_media":0,"parent":914,"menu_order":0,"comment_status":"closed","ping_status":"closed","template":"","meta":{"give_campaign_id":0,"_tec_requires_first_save":true,"_kad_blocks_custom_css":"","_kad_blocks_head_custom_js":"","_kad_blocks_body_custom_js":"","_kad_blocks_footer_custom_js":"","_EventAllDay":false,"_EventTimezone":"","_EventStartDate":"","_EventEndDate":"","_EventStartDateUTC":"","_EventEndDateUTC":"","_EventShowMap":false,"_EventShowMapLink":false,"_EventURL":"","_EventCost":"","_EventCostDescription":"","_EventCurrencySymbol":"","_EventCurrencyCode":"","_EventCurrencyPosition":"","_EventDateTimeSeparator":"","_EventTimeRangeSeparator":"","_EventOrganizerID":[],"_EventVenueID":[],"_OrganizerEmail":"","_OrganizerPhone":"","_OrganizerWebsite":"","_VenueAddress":"","_VenueCity":"","_VenueCountry":"","_VenueProvince":"","_VenueState":"","_VenueZip":"","_VenuePhone":"","_VenueURL":"","_VenueStateProvince":"","_VenueLat":"","_VenueLng":"","_VenueShowMap":false,"_VenueShowMapLink":false,"_tribe_blocks_recurrence_rules":"","_tribe_blocks_recurrence_description":"","_tribe_blocks_recurrence_exclusions":"","footnotes":""},"categories":[61],"tags":[],"class_list":["post-772","page","type-page","status-publish","hentry","category-programas-y-proyectos"],"blocksy_meta":[],"yoast_head":"<!-- This site is optimized with the Yoast SEO Premium plugin v27.5 (Yoast SEO v27.5) - https:\/\/yoast.com\/product\/yoast-seo-premium-wordpress\/ -->\n<title>Colaboraci\u00f3n jur\u00eddica - International Center for Community Land Trusts<\/title>\n<meta name=\"robots\" content=\"index, follow, max-snippet:-1, max-image-preview:large, max-video-preview:-1\" \/>\n<link rel=\"canonical\" href=\"https:\/\/www.cltweb.org\/es\/programas-y-proyectos\/colaboracion-juridica\/\" \/>\n<meta property=\"og:locale\" content=\"es_ES\" \/>\n<meta property=\"og:type\" content=\"article\" \/>\n<meta property=\"og:title\" content=\"Colaboraci\u00f3n jur\u00eddica\" \/>\n<meta property=\"og:url\" content=\"https:\/\/www.cltweb.org\/es\/programas-y-proyectos\/colaboracion-juridica\/\" \/>\n<meta property=\"og:site_name\" content=\"International Center for Community Land Trusts\" \/>\n<meta property=\"article:publisher\" content=\"https:\/\/www.facebook.com\/cltcenter\" \/>\n<meta property=\"article:modified_time\" content=\"2024-08-22T22:22:40+00:00\" \/>\n<meta name=\"twitter:card\" content=\"summary_large_image\" \/>\n<meta name=\"twitter:site\" content=\"@Center4CLTs\" \/>\n<script type=\"application\/ld+json\" class=\"yoast-schema-graph\">{\"@context\":\"https:\\\/\\\/schema.org\",\"@graph\":[{\"@type\":\"WebPage\",\"@id\":\"https:\\\/\\\/www.cltweb.org\\\/es\\\/programas-y-proyectos\\\/colaboracion-juridica\\\/\",\"url\":\"https:\\\/\\\/www.cltweb.org\\\/es\\\/programas-y-proyectos\\\/colaboracion-juridica\\\/\",\"name\":\"Colaboraci\u00f3n jur\u00eddica - International Center for Community Land Trusts\",\"isPartOf\":{\"@id\":\"https:\\\/\\\/www.cltweb.org\\\/es\\\/#website\"},\"datePublished\":\"2024-07-26T17:03:44+00:00\",\"dateModified\":\"2024-08-22T22:22:40+00:00\",\"breadcrumb\":{\"@id\":\"https:\\\/\\\/www.cltweb.org\\\/es\\\/programas-y-proyectos\\\/colaboracion-juridica\\\/#breadcrumb\"},\"inLanguage\":\"es\",\"potentialAction\":[{\"@type\":\"ReadAction\",\"target\":[\"https:\\\/\\\/www.cltweb.org\\\/es\\\/programas-y-proyectos\\\/colaboracion-juridica\\\/\"]}]},{\"@type\":\"BreadcrumbList\",\"@id\":\"https:\\\/\\\/www.cltweb.org\\\/es\\\/programas-y-proyectos\\\/colaboracion-juridica\\\/#breadcrumb\",\"itemListElement\":[{\"@type\":\"ListItem\",\"position\":1,\"name\":\"Home\",\"item\":\"https:\\\/\\\/www.cltweb.org\\\/es\\\/\"},{\"@type\":\"ListItem\",\"position\":2,\"name\":\"Programas y proyectos\",\"item\":\"https:\\\/\\\/www.cltweb.org\\\/es\\\/programs\\\/\"},{\"@type\":\"ListItem\",\"position\":3,\"name\":\"Colaboraci\u00f3n jur\u00eddica\"}]},{\"@type\":\"WebSite\",\"@id\":\"https:\\\/\\\/www.cltweb.org\\\/es\\\/#website\",\"url\":\"https:\\\/\\\/www.cltweb.org\\\/es\\\/\",\"name\":\"International Center for Community Land Trusts\",\"description\":\"\",\"publisher\":{\"@id\":\"https:\\\/\\\/www.cltweb.org\\\/es\\\/#organization\"},\"potentialAction\":[{\"@type\":\"SearchAction\",\"target\":{\"@type\":\"EntryPoint\",\"urlTemplate\":\"https:\\\/\\\/www.cltweb.org\\\/es\\\/?s={search_term_string}\"},\"query-input\":{\"@type\":\"PropertyValueSpecification\",\"valueRequired\":true,\"valueName\":\"search_term_string\"}}],\"inLanguage\":\"es\"},{\"@type\":\"Organization\",\"@id\":\"https:\\\/\\\/www.cltweb.org\\\/es\\\/#organization\",\"name\":\"International Center for Community Land Trusts\",\"url\":\"https:\\\/\\\/www.cltweb.org\\\/es\\\/\",\"logo\":{\"@type\":\"ImageObject\",\"inLanguage\":\"es\",\"@id\":\"https:\\\/\\\/www.cltweb.org\\\/es\\\/#\\\/schema\\\/logo\\\/image\\\/\",\"url\":\"https:\\\/\\\/www.cltweb.org\\\/wp-content\\\/uploads\\\/2024\\\/11\\\/New-CLT-Center-Text-logo.png\",\"contentUrl\":\"https:\\\/\\\/www.cltweb.org\\\/wp-content\\\/uploads\\\/2024\\\/11\\\/New-CLT-Center-Text-logo.png\",\"width\":227,\"height\":80,\"caption\":\"International Center for Community Land Trusts\"},\"image\":{\"@id\":\"https:\\\/\\\/www.cltweb.org\\\/es\\\/#\\\/schema\\\/logo\\\/image\\\/\"},\"sameAs\":[\"https:\\\/\\\/www.facebook.com\\\/cltcenter\",\"https:\\\/\\\/x.com\\\/Center4CLTs\",\"https:\\\/\\\/www.instagram.com\\\/cltcenter\\\/\",\"https:\\\/\\\/www.linkedin.com\\\/company\\\/cltcenter\",\"https:\\\/\\\/www.youtube.com\\\/@centerforcltinnovation5313\"],\"description\":\"The International Center for Community Land Trusts is a not-for-profit nongovernmental organization established in 2018 to promote and to support community land trusts and similar strategies of community-led development on community-owned land in countries throughout the world.\",\"email\":\"info@communitylandtrust.net\",\"legalName\":\"International Center for Community Land Trusts\",\"foundingDate\":\"2018-12-01\",\"taxID\":\"84-3858933\",\"numberOfEmployees\":{\"@type\":\"QuantitativeValue\",\"minValue\":\"1\",\"maxValue\":\"10\"}}]}<\/script>\n<!-- \/ Yoast SEO Premium plugin. -->","yoast_head_json":{"title":"Colaboraci\u00f3n jur\u00eddica - International Center for Community Land Trusts","robots":{"index":"index","follow":"follow","max-snippet":"max-snippet:-1","max-image-preview":"max-image-preview:large","max-video-preview":"max-video-preview:-1"},"canonical":"https:\/\/www.cltweb.org\/es\/programas-y-proyectos\/colaboracion-juridica\/","og_locale":"es_ES","og_type":"article","og_title":"Colaboraci\u00f3n jur\u00eddica","og_url":"https:\/\/www.cltweb.org\/es\/programas-y-proyectos\/colaboracion-juridica\/","og_site_name":"International Center for Community Land Trusts","article_publisher":"https:\/\/www.facebook.com\/cltcenter","article_modified_time":"2024-08-22T22:22:40+00:00","twitter_card":"summary_large_image","twitter_site":"@Center4CLTs","schema":{"@context":"https:\/\/schema.org","@graph":[{"@type":"WebPage","@id":"https:\/\/www.cltweb.org\/es\/programas-y-proyectos\/colaboracion-juridica\/","url":"https:\/\/www.cltweb.org\/es\/programas-y-proyectos\/colaboracion-juridica\/","name":"Colaboraci\u00f3n jur\u00eddica - International Center for Community Land Trusts","isPartOf":{"@id":"https:\/\/www.cltweb.org\/es\/#website"},"datePublished":"2024-07-26T17:03:44+00:00","dateModified":"2024-08-22T22:22:40+00:00","breadcrumb":{"@id":"https:\/\/www.cltweb.org\/es\/programas-y-proyectos\/colaboracion-juridica\/#breadcrumb"},"inLanguage":"es","potentialAction":[{"@type":"ReadAction","target":["https:\/\/www.cltweb.org\/es\/programas-y-proyectos\/colaboracion-juridica\/"]}]},{"@type":"BreadcrumbList","@id":"https:\/\/www.cltweb.org\/es\/programas-y-proyectos\/colaboracion-juridica\/#breadcrumb","itemListElement":[{"@type":"ListItem","position":1,"name":"Home","item":"https:\/\/www.cltweb.org\/es\/"},{"@type":"ListItem","position":2,"name":"Programas y proyectos","item":"https:\/\/www.cltweb.org\/es\/programs\/"},{"@type":"ListItem","position":3,"name":"Colaboraci\u00f3n jur\u00eddica"}]},{"@type":"WebSite","@id":"https:\/\/www.cltweb.org\/es\/#website","url":"https:\/\/www.cltweb.org\/es\/","name":"International Center for Community Land Trusts","description":"","publisher":{"@id":"https:\/\/www.cltweb.org\/es\/#organization"},"potentialAction":[{"@type":"SearchAction","target":{"@type":"EntryPoint","urlTemplate":"https:\/\/www.cltweb.org\/es\/?s={search_term_string}"},"query-input":{"@type":"PropertyValueSpecification","valueRequired":true,"valueName":"search_term_string"}}],"inLanguage":"es"},{"@type":"Organization","@id":"https:\/\/www.cltweb.org\/es\/#organization","name":"International Center for Community Land Trusts","url":"https:\/\/www.cltweb.org\/es\/","logo":{"@type":"ImageObject","inLanguage":"es","@id":"https:\/\/www.cltweb.org\/es\/#\/schema\/logo\/image\/","url":"https:\/\/www.cltweb.org\/wp-content\/uploads\/2024\/11\/New-CLT-Center-Text-logo.png","contentUrl":"https:\/\/www.cltweb.org\/wp-content\/uploads\/2024\/11\/New-CLT-Center-Text-logo.png","width":227,"height":80,"caption":"International Center for Community Land Trusts"},"image":{"@id":"https:\/\/www.cltweb.org\/es\/#\/schema\/logo\/image\/"},"sameAs":["https:\/\/www.facebook.com\/cltcenter","https:\/\/x.com\/Center4CLTs","https:\/\/www.instagram.com\/cltcenter\/","https:\/\/www.linkedin.com\/company\/cltcenter","https:\/\/www.youtube.com\/@centerforcltinnovation5313"],"description":"The International Center for Community Land Trusts is a not-for-profit nongovernmental organization established in 2018 to promote and to support community land trusts and similar strategies of community-led development on community-owned land in countries throughout the world.","email":"info@communitylandtrust.net","legalName":"International Center for Community Land Trusts","foundingDate":"2018-12-01","taxID":"84-3858933","numberOfEmployees":{"@type":"QuantitativeValue","minValue":"1","maxValue":"10"}}]}},"campaignId":"","taxonomy_info":{"category":[{"value":61,"label":"Programas y proyectos"}]},"featured_image_src_large":false,"author_info":{"display_name":"cltredesign_0jp0l4","author_link":"https:\/\/www.cltweb.org\/es\/author\/cltredesign_0jp0l4\/"},"comment_info":0,"jetpack_sharing_enabled":true,"jetpack-related-posts":[{"id":914,"url":"https:\/\/www.cltweb.org\/es\/programas-y-proyectos\/","url_meta":{"origin":772,"position":0},"title":"Programas y proyectos","author":"cltredesign_0jp0l4","date":"26 de julio de 2024","format":false,"excerpt":"Educaci\u00f3n Mejorar la divulgaci\u00f3n educativa, los recursos y el apoyo a los profesionales y las comunidades del CLT. Biblioteca en l\u00ednea y archivo CLT: Recopilar y conservar materiales -en varios idiomas- que introduzcan el CLT, presenten estudios de casos, documenten las mejores pr\u00e1cticas y tracen la historia del movimiento CLT.\u2026","rel":"","context":"En \u00abSin categorizar\u00bb","block_context":{"text":"Sin categorizar","link":"https:\/\/www.cltweb.org\/es\/category\/sin-categorizar\/"},"img":{"alt_text":"","src":"","width":0,"height":0},"classes":[]},{"id":759,"url":"https:\/\/www.cltweb.org\/es\/programas-y-proyectos\/investigacion-en-colaboracion\/","url_meta":{"origin":772,"position":1},"title":"Investigaci\u00f3n en colaboraci\u00f3n","author":"cltredesign_0jp0l4","date":"26 de julio de 2024","format":false,"excerpt":"","rel":"","context":"En \u00abProgramas y proyectos\u00bb","block_context":{"text":"Programas y proyectos","link":"https:\/\/www.cltweb.org\/es\/category\/programas-y-proyectos\/"},"img":{"alt_text":"","src":"","width":0,"height":0},"classes":[]},{"id":771,"url":"https:\/\/www.cltweb.org\/es\/programas-y-proyectos\/proyecto-de-transicion-justa-clt-2030\/","url_meta":{"origin":772,"position":2},"title":"Proyecto de Transici\u00f3n Justa CLT 2030","author":"cltredesign_0jp0l4","date":"26 de julio de 2024","format":false,"excerpt":"","rel":"","context":"En \u00abProgramas y proyectos\u00bb","block_context":{"text":"Programas y proyectos","link":"https:\/\/www.cltweb.org\/es\/category\/programas-y-proyectos\/"},"img":{"alt_text":"","src":"","width":0,"height":0},"classes":[]},{"id":789,"url":"https:\/\/www.cltweb.org\/es\/noticias-y-eventos\/empleo-en-clt\/","url_meta":{"origin":772,"position":3},"title":"Empleo en CLT","author":"cltredesign_0jp0l4","date":"26 de julio de 2024","format":false,"excerpt":"Una selecci\u00f3n de ofertas de empleo en CLT.","rel":"","context":"En \u00abNoticias y Eventos\u00bb","block_context":{"text":"Noticias y Eventos","link":"https:\/\/www.cltweb.org\/es\/category\/noticias-y-eventos\/"},"img":{"alt_text":"","src":"","width":0,"height":0},"classes":[]},{"id":9445,"url":"https:\/\/www.cltweb.org\/es\/sobre-nosotros\/oportunidades-profesionales\/consultor-de-desarrollo\/","url_meta":{"origin":772,"position":4},"title":"Consultor de desarrollo","author":"cltredesign_0jp0l4","date":"19 de mayo de 2025","format":false,"excerpt":"Buscamos un consultor de desarrollo experimentado que nos ayude a dirigir nuestros esfuerzos de recaudaci\u00f3n de fondos. Este puesto contratado trabajar\u00e1 veinte (20) horas a la semana en estrecha colaboraci\u00f3n con nuestro Director Ejecutivo, Director de Comunicaciones, consultores de proyectos, as\u00ed como miembros del consejo que participan activamente en los\u2026","rel":"","context":"En \u00abEmpleo\u00bb","block_context":{"text":"Empleo","link":"https:\/\/www.cltweb.org\/es\/category\/empleo\/"},"img":{"alt_text":"","src":"","width":0,"height":0},"classes":[]},{"id":3785,"url":"https:\/\/www.cltweb.org\/es\/biblioteca-de-recursos\/sur-global\/brasil\/proyecto-del-terreno-territorial-colectivo\/","url_meta":{"origin":772,"position":5},"title":"Proyecto del Terreno Territorial Colectivo","author":"cltredesign_0jp0l4","date":"19 de octubre de 2024","format":false,"excerpt":"El Proyecto del Terreno Territorial Colectivo surgi\u00f3 en 2018, poco tiempo despu\u00e9s de que la ciudad de R\u00edo de Janeiro pasara por la mayor ola de remociones de su historia. En esta ocasi\u00f3n, cerca de 80.000 personas fueron desalojadas de sus casas, lo que justifica la necesidad de preparar la\u2026","rel":"","context":"Entrada similar","block_context":{"text":"Entrada similar","link":""},"img":{"alt_text":"","src":"","width":0,"height":0},"classes":[]}],"_links":{"self":[{"href":"https:\/\/www.cltweb.org\/es\/wp-json\/wp\/v2\/pages\/772","targetHints":{"allow":["GET"]}}],"collection":[{"href":"https:\/\/www.cltweb.org\/es\/wp-json\/wp\/v2\/pages"}],"about":[{"href":"https:\/\/www.cltweb.org\/es\/wp-json\/wp\/v2\/types\/page"}],"author":[{"embeddable":true,"href":"https:\/\/www.cltweb.org\/es\/wp-json\/wp\/v2\/users\/1"}],"replies":[{"embeddable":true,"href":"https:\/\/www.cltweb.org\/es\/wp-json\/wp\/v2\/comments?post=772"}],"version-history":[{"count":1,"href":"https:\/\/www.cltweb.org\/es\/wp-json\/wp\/v2\/pages\/772\/revisions"}],"predecessor-version":[{"id":919,"href":"https:\/\/www.cltweb.org\/es\/wp-json\/wp\/v2\/pages\/772\/revisions\/919"}],"up":[{"embeddable":true,"href":"https:\/\/www.cltweb.org\/es\/wp-json\/wp\/v2\/pages\/914"}],"wp:attachment":[{"href":"https:\/\/www.cltweb.org\/es\/wp-json\/wp\/v2\/media?parent=772"}],"wp:term":[{"taxonomy":"category","embeddable":true,"href":"https:\/\/www.cltweb.org\/es\/wp-json\/wp\/v2\/categories?post=772"},{"taxonomy":"post_tag","embeddable":true,"href":"https:\/\/www.cltweb.org\/es\/wp-json\/wp\/v2\/tags?post=772"}],"curies":[{"name":"wp","href":"https:\/\/api.w.org\/{rel}","templated":true}]}}