{"id":9978,"date":"2025-10-20T21:21:47","date_gmt":"2025-10-20T21:21:47","guid":{"rendered":"https:\/\/www.cltweb.org\/terra-nostra-press\/catalogo\/nuestra-tierra-nuestra-lucha\/"},"modified":"2026-02-27T18:31:08","modified_gmt":"2026-02-27T18:31:08","slug":"nuestra-tierra-nuestra-lucha","status":"publish","type":"page","link":"https:\/\/www.cltweb.org\/es\/terra-nostra-press\/catalogo\/nuestra-tierra-nuestra-lucha\/","title":{"rendered":"Nuestra Tierra Nuestra Supervivencia"},"content":{"rendered":"\n<div class=\"wp-block-columns is-layout-flex wp-container-core-columns-is-layout-28f84493 wp-block-columns-is-layout-flex\">\n<div class=\"wp-block-column is-layout-flow wp-block-column-is-layout-flow\"><\/div>\n<\/div>\n\n<div class=\"wp-block-columns is-layout-flex wp-container-core-columns-is-layout-28f84493 wp-block-columns-is-layout-flex\">\n<div class=\"wp-block-column is-layout-flow wp-block-column-is-layout-flow\" style=\"flex-basis:30%\"><style>.kb-image9976_bb5bce-0b .kb-image-has-overlay:after{opacity:0.3;}<\/style>\n<figure class=\"wp-block-kadence-image kb-image9976_bb5bce-0b size-large\"><img loading=\"lazy\" decoding=\"async\" width=\"719\" height=\"1024\" src=\"https:\/\/www.cltweb.org\/wp-content\/uploads\/2025\/10\/Cover-for-Our-Land-Our-Struggle-final-719x1024.jpg\" alt=\"Cover of Our Land Our Struggle\" class=\"kb-img wp-image-9972\" srcset=\"https:\/\/www.cltweb.org\/wp-content\/uploads\/2025\/10\/Cover-for-Our-Land-Our-Struggle-final-719x1024.jpg 719w, https:\/\/www.cltweb.org\/wp-content\/uploads\/2025\/10\/Cover-for-Our-Land-Our-Struggle-final-211x300.jpg 211w, https:\/\/www.cltweb.org\/wp-content\/uploads\/2025\/10\/Cover-for-Our-Land-Our-Struggle-final-768x1094.jpg 768w, https:\/\/www.cltweb.org\/wp-content\/uploads\/2025\/10\/Cover-for-Our-Land-Our-Struggle-final-1079x1536.jpg 1079w, https:\/\/www.cltweb.org\/wp-content\/uploads\/2025\/10\/Cover-for-Our-Land-Our-Struggle-final-1438x2048.jpg 1438w, https:\/\/www.cltweb.org\/wp-content\/uploads\/2025\/10\/Cover-for-Our-Land-Our-Struggle-final.jpg 1741w\" sizes=\"auto, (max-width: 719px) 100vw, 719px\" \/><\/figure>\n<\/div>\n\n\n\n<div class=\"wp-block-column is-layout-flow wp-block-column-is-layout-flow\" style=\"flex-basis:70%\">\n<div class=\"wp-block-group is-layout-constrained wp-block-group-is-layout-constrained\">\n<p><strong>NUEVA PUBLICACI\u00d3N (21 de octubre de 2025)<\/strong><br\/><strong><em>Nuestra Tierra, Nuestra Supervivencia <\/em><br\/>Por Line Algoed <\/strong><br\/>PAPERBACK ISBN: 9798986177649 ($14.99 US) <br\/>EBOOK ISBN: 9798986177656 ($9.99 US) <br\/>222 p\u00e1ginas<\/p>\n<\/div>\n\n\n\n<p>En <strong><em>Nuestra tierra, nuestra supervivencia<\/em>,<\/strong> la autora Line Algoed explora el papel vital de la tierra comunal en la protecci\u00f3n de las comunidades y el medio ambiente tras una cat\u00e1strofe. Centr\u00e1ndose en Barbuda y la zona de Ca\u00f1o Mart\u00edn Pe\u00f1a de Puerto Rico tras los huracanes de 2017, revela c\u00f3mo el acaparamiento de tierras, los desplazamientos y el capital global amenazan los modos de vida locales. Frente a estas presiones, las comunidades defienden sus tierras, refuerzan la solidaridad y cultivan pr\u00e1cticas sostenibles que benefician tanto a las personas como a la naturaleza. Algoed y sus coautores celebran la resistencia y la creatividad de estas comunidades, mostrando c\u00f3mo sus formas alternativas de poseer y gestionar la tierra encierran poderosas lecciones para la supervivencia, la justicia y un futuro m\u00e1s equitativo.    <\/p>\n\n\n\n<p><em><strong>Nuestra Tierra, Nuestra Supervivencia<\/strong><\/em> tambi\u00e9n incluye contribuciones de los autores Antonio Carmona B\u00e1ez, Ellen M. Bassett, Mar\u00eda E. Hern\u00e1ndez Torrales y Lyvia N. Rodriguez Del Valle.<\/p>\n\n\n\n<p><em>&#8220;La tenencia colectiva de la tierra ha servido como &#8216;estrategia de resistencia&#8217;. Ha permitido a las comunidades resistir las presiones de desplazamiento de los huracanes destructores de tierras y de los capitalistas acaparadores de tierras que previsiblemente aparecen a su paso. Ha permitido a las comunidades devastadas recuperarse m\u00e1s r\u00e1pidamente y desarrollarse de forma m\u00e1s equitativa.&#8221; JOHN EMMEUS DAVIS (del Pr\u00f3logo)<\/em><\/p>\n\n\n\n<p class=\"has-medium-font-size\">Disponible en estas librer\u00edas en l\u00ednea<\/p>\n\n\n\n<ul class=\"wp-block-list\">\n<li><a href=\"https:\/\/www.barnesandnoble.com\/w\/our-land-our-survival-line-algoed\/1148590887?ean=9798986177649\" target=\"_blank\" rel=\"noreferrer noopener\">Barnes y Noble<\/a><\/li>\n\n\n\n<li><a href=\"https:\/\/bookshop.org\/p\/books\/our-land-our-survival-vulnerabilization-and-decolonial-resistance-through-communal-land-in-puerto-rico-and-barbuda-line-algoed\/845525991a9d42d7?ean=9798986177649&amp;next=t\" target=\"_blank\" rel=\"noreferrer noopener\">Librer\u00eda<\/a><\/li>\n\n\n\n<li><a href=\"https:\/\/bookshop.org\/p\/books\/our-land-our-survival-vulnerabilization-and-decolonial-resistance-through-communal-land-in-puerto-rico-and-barbuda-line-algoed\/845525991a9d42d7?ean=9798986177649&amp;next=t\" target=\"_blank\" rel=\"noreferrer noopener\">IndieBound<\/a><\/li>\n\n\n\n<li><a href=\"https:\/\/www.bol.com\/nl\/nl\/p\/our-land-our-survival\/9300000244861255\/?cid=1772201991732-8920470566058&amp;bltgh=5800983c-927a-43d6-9877-559c2c8591cd.ProductList_Middle.0.ProductImage\" type=\"link\" id=\"https:\/\/www.bol.com\/nl\/nl\/p\/our-land-our-survival\/9300000244861255\/?cid=1772201991732-8920470566058&amp;bltgh=5800983c-927a-43d6-9877-559c2c8591cd.ProductList_Middle.0.ProductImage\" target=\"_blank\" rel=\"noreferrer noopener\">Bol.com<\/a><\/li>\n<\/ul>\n<\/div>\n<\/div>\n\n<p><\/p>\n","protected":false},"excerpt":{"rendered":"<p>NUEVA PUBLICACI\u00d3N (21 de octubre de 2025)Nuestra Tierra, Nuestra Supervivencia Por Line Algoed PAPERBACK ISBN: 9798986177649 ($14.99 US) EBOOK ISBN: 9798986177656 ($9.99 US) 222 p\u00e1ginas En Nuestra tierra, nuestra supervivencia, [&hellip;]<\/p>\n","protected":false},"author":1,"featured_media":9975,"parent":760,"menu_order":0,"comment_status":"closed","ping_status":"closed","template":"","meta":{"give_campaign_id":0,"_tec_requires_first_save":true,"_kad_blocks_custom_css":"","_kad_blocks_head_custom_js":"","_kad_blocks_body_custom_js":"","_kad_blocks_footer_custom_js":"","_EventAllDay":false,"_EventTimezone":"","_EventStartDate":"","_EventEndDate":"","_EventStartDateUTC":"","_EventEndDateUTC":"","_EventShowMap":false,"_EventShowMapLink":false,"_EventURL":"","_EventCost":"","_EventCostDescription":"","_EventCurrencySymbol":"","_EventCurrencyCode":"","_EventCurrencyPosition":"","_EventDateTimeSeparator":"","_EventTimeRangeSeparator":"","_EventOrganizerID":[],"_EventVenueID":[],"_OrganizerEmail":"","_OrganizerPhone":"","_OrganizerWebsite":"","_VenueAddress":"","_VenueCity":"","_VenueCountry":"","_VenueProvince":"","_VenueState":"","_VenueZip":"","_VenuePhone":"","_VenueURL":"","_VenueStateProvince":"","_VenueLat":"","_VenueLng":"","_VenueShowMap":false,"_VenueShowMapLink":false,"_tribe_blocks_recurrence_rules":"","_tribe_blocks_recurrence_description":"","_tribe_blocks_recurrence_exclusions":"","footnotes":""},"categories":[120],"tags":[],"class_list":["post-9978","page","type-page","status-publish","has-post-thumbnail","hentry","category-catalogo-es"],"blocksy_meta":[],"yoast_head":"<!-- This site is optimized with the Yoast SEO Premium plugin v27.4 (Yoast SEO v27.5) - https:\/\/yoast.com\/product\/yoast-seo-premium-wordpress\/ -->\n<title>Nuestra Tierra Nuestra Supervivencia - International Center for Community Land Trusts<\/title>\n<meta name=\"robots\" content=\"index, follow, max-snippet:-1, max-image-preview:large, max-video-preview:-1\" \/>\n<link rel=\"canonical\" href=\"https:\/\/www.cltweb.org\/es\/terra-nostra-press\/catalogo\/nuestra-tierra-nuestra-lucha\/\" \/>\n<meta property=\"og:locale\" content=\"es_ES\" \/>\n<meta property=\"og:type\" content=\"article\" \/>\n<meta property=\"og:title\" content=\"Nuestra Tierra Nuestra Supervivencia\" \/>\n<meta property=\"og:description\" content=\"NUEVA PUBLICACI\u00d3N (21 de octubre de 2025)Nuestra Tierra, Nuestra Supervivencia Por Line Algoed PAPERBACK ISBN: 9798986177649 ($14.99 US) EBOOK ISBN: 9798986177656 ($9.99 US) 222 p\u00e1ginas En Nuestra tierra, nuestra supervivencia, [&hellip;]\" \/>\n<meta property=\"og:url\" content=\"https:\/\/www.cltweb.org\/es\/terra-nostra-press\/catalogo\/nuestra-tierra-nuestra-lucha\/\" \/>\n<meta property=\"og:site_name\" content=\"International Center for Community Land Trusts\" \/>\n<meta property=\"article:publisher\" content=\"https:\/\/www.facebook.com\/cltcenter\" \/>\n<meta property=\"article:modified_time\" content=\"2026-02-27T18:31:08+00:00\" \/>\n<meta property=\"og:image\" content=\"https:\/\/www.cltweb.org\/wp-content\/uploads\/2025\/10\/Cover-for-Our-Land-Our-Struggle-final-719x1024.jpg\" \/>\n\t<meta property=\"og:image:width\" content=\"719\" \/>\n\t<meta property=\"og:image:height\" content=\"1024\" \/>\n\t<meta property=\"og:image:type\" content=\"image\/jpeg\" \/>\n<meta name=\"twitter:card\" content=\"summary_large_image\" \/>\n<meta name=\"twitter:site\" content=\"@Center4CLTs\" \/>\n<meta name=\"twitter:label1\" content=\"Tiempo de lectura\" \/>\n\t<meta name=\"twitter:data1\" content=\"1 minuto\" \/>\n<script type=\"application\/ld+json\" class=\"yoast-schema-graph\">{\"@context\":\"https:\\\/\\\/schema.org\",\"@graph\":[{\"@type\":\"WebPage\",\"@id\":\"https:\\\/\\\/www.cltweb.org\\\/es\\\/terra-nostra-press\\\/catalogo\\\/nuestra-tierra-nuestra-lucha\\\/\",\"url\":\"https:\\\/\\\/www.cltweb.org\\\/es\\\/terra-nostra-press\\\/catalogo\\\/nuestra-tierra-nuestra-lucha\\\/\",\"name\":\"Nuestra Tierra Nuestra Supervivencia - International Center for Community Land Trusts\",\"isPartOf\":{\"@id\":\"https:\\\/\\\/www.cltweb.org\\\/es\\\/#website\"},\"primaryImageOfPage\":{\"@id\":\"https:\\\/\\\/www.cltweb.org\\\/es\\\/terra-nostra-press\\\/catalogo\\\/nuestra-tierra-nuestra-lucha\\\/#primaryimage\"},\"image\":{\"@id\":\"https:\\\/\\\/www.cltweb.org\\\/es\\\/terra-nostra-press\\\/catalogo\\\/nuestra-tierra-nuestra-lucha\\\/#primaryimage\"},\"thumbnailUrl\":\"https:\\\/\\\/www.cltweb.org\\\/wp-content\\\/uploads\\\/2025\\\/10\\\/Cover-for-Our-Land-Our-Struggle-final.jpg\",\"datePublished\":\"2025-10-20T21:21:47+00:00\",\"dateModified\":\"2026-02-27T18:31:08+00:00\",\"breadcrumb\":{\"@id\":\"https:\\\/\\\/www.cltweb.org\\\/es\\\/terra-nostra-press\\\/catalogo\\\/nuestra-tierra-nuestra-lucha\\\/#breadcrumb\"},\"inLanguage\":\"es\",\"potentialAction\":[{\"@type\":\"ReadAction\",\"target\":[\"https:\\\/\\\/www.cltweb.org\\\/es\\\/terra-nostra-press\\\/catalogo\\\/nuestra-tierra-nuestra-lucha\\\/\"]}]},{\"@type\":\"ImageObject\",\"inLanguage\":\"es\",\"@id\":\"https:\\\/\\\/www.cltweb.org\\\/es\\\/terra-nostra-press\\\/catalogo\\\/nuestra-tierra-nuestra-lucha\\\/#primaryimage\",\"url\":\"https:\\\/\\\/www.cltweb.org\\\/wp-content\\\/uploads\\\/2025\\\/10\\\/Cover-for-Our-Land-Our-Struggle-final.jpg\",\"contentUrl\":\"https:\\\/\\\/www.cltweb.org\\\/wp-content\\\/uploads\\\/2025\\\/10\\\/Cover-for-Our-Land-Our-Struggle-final.jpg\",\"width\":1741,\"height\":2479,\"caption\":\"Portada de Nuestra Tierra Nuestra Lucha\"},{\"@type\":\"BreadcrumbList\",\"@id\":\"https:\\\/\\\/www.cltweb.org\\\/es\\\/terra-nostra-press\\\/catalogo\\\/nuestra-tierra-nuestra-lucha\\\/#breadcrumb\",\"itemListElement\":[{\"@type\":\"ListItem\",\"position\":1,\"name\":\"Home\",\"item\":\"https:\\\/\\\/www.cltweb.org\\\/es\\\/\"},{\"@type\":\"ListItem\",\"position\":2,\"name\":\"Terra Nostra Press\",\"item\":\"https:\\\/\\\/www.cltweb.org\\\/es\\\/terra-nostra-press\\\/\"},{\"@type\":\"ListItem\",\"position\":3,\"name\":\"Cat\u00e1logo\",\"item\":\"https:\\\/\\\/www.cltweb.org\\\/es\\\/terra-nostra-press\\\/catalogo\\\/\"},{\"@type\":\"ListItem\",\"position\":4,\"name\":\"Nuestra Tierra Nuestra Supervivencia\"}]},{\"@type\":\"WebSite\",\"@id\":\"https:\\\/\\\/www.cltweb.org\\\/es\\\/#website\",\"url\":\"https:\\\/\\\/www.cltweb.org\\\/es\\\/\",\"name\":\"International Center for Community Land Trusts\",\"description\":\"\",\"publisher\":{\"@id\":\"https:\\\/\\\/www.cltweb.org\\\/es\\\/#organization\"},\"potentialAction\":[{\"@type\":\"SearchAction\",\"target\":{\"@type\":\"EntryPoint\",\"urlTemplate\":\"https:\\\/\\\/www.cltweb.org\\\/es\\\/?s={search_term_string}\"},\"query-input\":{\"@type\":\"PropertyValueSpecification\",\"valueRequired\":true,\"valueName\":\"search_term_string\"}}],\"inLanguage\":\"es\"},{\"@type\":\"Organization\",\"@id\":\"https:\\\/\\\/www.cltweb.org\\\/es\\\/#organization\",\"name\":\"International Center for Community Land Trusts\",\"url\":\"https:\\\/\\\/www.cltweb.org\\\/es\\\/\",\"logo\":{\"@type\":\"ImageObject\",\"inLanguage\":\"es\",\"@id\":\"https:\\\/\\\/www.cltweb.org\\\/es\\\/#\\\/schema\\\/logo\\\/image\\\/\",\"url\":\"https:\\\/\\\/www.cltweb.org\\\/wp-content\\\/uploads\\\/2024\\\/11\\\/New-CLT-Center-Text-logo.png\",\"contentUrl\":\"https:\\\/\\\/www.cltweb.org\\\/wp-content\\\/uploads\\\/2024\\\/11\\\/New-CLT-Center-Text-logo.png\",\"width\":227,\"height\":80,\"caption\":\"International Center for Community Land Trusts\"},\"image\":{\"@id\":\"https:\\\/\\\/www.cltweb.org\\\/es\\\/#\\\/schema\\\/logo\\\/image\\\/\"},\"sameAs\":[\"https:\\\/\\\/www.facebook.com\\\/cltcenter\",\"https:\\\/\\\/x.com\\\/Center4CLTs\",\"https:\\\/\\\/www.instagram.com\\\/cltcenter\\\/\",\"https:\\\/\\\/www.linkedin.com\\\/company\\\/cltcenter\",\"https:\\\/\\\/www.youtube.com\\\/@centerforcltinnovation5313\"],\"description\":\"The International Center for Community Land Trusts is a not-for-profit nongovernmental organization established in 2018 to promote and to support community land trusts and similar strategies of community-led development on community-owned land in countries throughout the world.\",\"email\":\"info@communitylandtrust.net\",\"legalName\":\"International Center for Community Land Trusts\",\"foundingDate\":\"2018-12-01\",\"taxID\":\"84-3858933\",\"numberOfEmployees\":{\"@type\":\"QuantitativeValue\",\"minValue\":\"1\",\"maxValue\":\"10\"}}]}<\/script>\n<!-- \/ Yoast SEO Premium plugin. -->","yoast_head_json":{"title":"Nuestra Tierra Nuestra Supervivencia - International Center for Community Land Trusts","robots":{"index":"index","follow":"follow","max-snippet":"max-snippet:-1","max-image-preview":"max-image-preview:large","max-video-preview":"max-video-preview:-1"},"canonical":"https:\/\/www.cltweb.org\/es\/terra-nostra-press\/catalogo\/nuestra-tierra-nuestra-lucha\/","og_locale":"es_ES","og_type":"article","og_title":"Nuestra Tierra Nuestra Supervivencia","og_description":"NUEVA PUBLICACI\u00d3N (21 de octubre de 2025)Nuestra Tierra, Nuestra Supervivencia Por Line Algoed PAPERBACK ISBN: 9798986177649 ($14.99 US) EBOOK ISBN: 9798986177656 ($9.99 US) 222 p\u00e1ginas En Nuestra tierra, nuestra supervivencia, [&hellip;]","og_url":"https:\/\/www.cltweb.org\/es\/terra-nostra-press\/catalogo\/nuestra-tierra-nuestra-lucha\/","og_site_name":"International Center for Community Land Trusts","article_publisher":"https:\/\/www.facebook.com\/cltcenter","article_modified_time":"2026-02-27T18:31:08+00:00","og_image":[{"width":719,"height":1024,"url":"https:\/\/www.cltweb.org\/wp-content\/uploads\/2025\/10\/Cover-for-Our-Land-Our-Struggle-final-719x1024.jpg","type":"image\/jpeg"}],"twitter_card":"summary_large_image","twitter_site":"@Center4CLTs","twitter_misc":{"Tiempo de lectura":"1 minuto"},"schema":{"@context":"https:\/\/schema.org","@graph":[{"@type":"WebPage","@id":"https:\/\/www.cltweb.org\/es\/terra-nostra-press\/catalogo\/nuestra-tierra-nuestra-lucha\/","url":"https:\/\/www.cltweb.org\/es\/terra-nostra-press\/catalogo\/nuestra-tierra-nuestra-lucha\/","name":"Nuestra Tierra Nuestra Supervivencia - International Center for Community Land Trusts","isPartOf":{"@id":"https:\/\/www.cltweb.org\/es\/#website"},"primaryImageOfPage":{"@id":"https:\/\/www.cltweb.org\/es\/terra-nostra-press\/catalogo\/nuestra-tierra-nuestra-lucha\/#primaryimage"},"image":{"@id":"https:\/\/www.cltweb.org\/es\/terra-nostra-press\/catalogo\/nuestra-tierra-nuestra-lucha\/#primaryimage"},"thumbnailUrl":"https:\/\/www.cltweb.org\/wp-content\/uploads\/2025\/10\/Cover-for-Our-Land-Our-Struggle-final.jpg","datePublished":"2025-10-20T21:21:47+00:00","dateModified":"2026-02-27T18:31:08+00:00","breadcrumb":{"@id":"https:\/\/www.cltweb.org\/es\/terra-nostra-press\/catalogo\/nuestra-tierra-nuestra-lucha\/#breadcrumb"},"inLanguage":"es","potentialAction":[{"@type":"ReadAction","target":["https:\/\/www.cltweb.org\/es\/terra-nostra-press\/catalogo\/nuestra-tierra-nuestra-lucha\/"]}]},{"@type":"ImageObject","inLanguage":"es","@id":"https:\/\/www.cltweb.org\/es\/terra-nostra-press\/catalogo\/nuestra-tierra-nuestra-lucha\/#primaryimage","url":"https:\/\/www.cltweb.org\/wp-content\/uploads\/2025\/10\/Cover-for-Our-Land-Our-Struggle-final.jpg","contentUrl":"https:\/\/www.cltweb.org\/wp-content\/uploads\/2025\/10\/Cover-for-Our-Land-Our-Struggle-final.jpg","width":1741,"height":2479,"caption":"Portada de Nuestra Tierra Nuestra Lucha"},{"@type":"BreadcrumbList","@id":"https:\/\/www.cltweb.org\/es\/terra-nostra-press\/catalogo\/nuestra-tierra-nuestra-lucha\/#breadcrumb","itemListElement":[{"@type":"ListItem","position":1,"name":"Home","item":"https:\/\/www.cltweb.org\/es\/"},{"@type":"ListItem","position":2,"name":"Terra Nostra Press","item":"https:\/\/www.cltweb.org\/es\/terra-nostra-press\/"},{"@type":"ListItem","position":3,"name":"Cat\u00e1logo","item":"https:\/\/www.cltweb.org\/es\/terra-nostra-press\/catalogo\/"},{"@type":"ListItem","position":4,"name":"Nuestra Tierra Nuestra Supervivencia"}]},{"@type":"WebSite","@id":"https:\/\/www.cltweb.org\/es\/#website","url":"https:\/\/www.cltweb.org\/es\/","name":"International Center for Community Land Trusts","description":"","publisher":{"@id":"https:\/\/www.cltweb.org\/es\/#organization"},"potentialAction":[{"@type":"SearchAction","target":{"@type":"EntryPoint","urlTemplate":"https:\/\/www.cltweb.org\/es\/?s={search_term_string}"},"query-input":{"@type":"PropertyValueSpecification","valueRequired":true,"valueName":"search_term_string"}}],"inLanguage":"es"},{"@type":"Organization","@id":"https:\/\/www.cltweb.org\/es\/#organization","name":"International Center for Community Land Trusts","url":"https:\/\/www.cltweb.org\/es\/","logo":{"@type":"ImageObject","inLanguage":"es","@id":"https:\/\/www.cltweb.org\/es\/#\/schema\/logo\/image\/","url":"https:\/\/www.cltweb.org\/wp-content\/uploads\/2024\/11\/New-CLT-Center-Text-logo.png","contentUrl":"https:\/\/www.cltweb.org\/wp-content\/uploads\/2024\/11\/New-CLT-Center-Text-logo.png","width":227,"height":80,"caption":"International Center for Community Land Trusts"},"image":{"@id":"https:\/\/www.cltweb.org\/es\/#\/schema\/logo\/image\/"},"sameAs":["https:\/\/www.facebook.com\/cltcenter","https:\/\/x.com\/Center4CLTs","https:\/\/www.instagram.com\/cltcenter\/","https:\/\/www.linkedin.com\/company\/cltcenter","https:\/\/www.youtube.com\/@centerforcltinnovation5313"],"description":"The International Center for Community Land Trusts is a not-for-profit nongovernmental organization established in 2018 to promote and to support community land trusts and similar strategies of community-led development on community-owned land in countries throughout the world.","email":"info@communitylandtrust.net","legalName":"International Center for Community Land Trusts","foundingDate":"2018-12-01","taxID":"84-3858933","numberOfEmployees":{"@type":"QuantitativeValue","minValue":"1","maxValue":"10"}}]}},"campaignId":"","taxonomy_info":{"category":[{"value":120,"label":"Cat\u00e1logo"}]},"featured_image_src_large":["https:\/\/www.cltweb.org\/wp-content\/uploads\/2025\/10\/Cover-for-Our-Land-Our-Struggle-final-719x1024.jpg",719,1024,true],"author_info":{"display_name":"cltredesign_0jp0l4","author_link":"https:\/\/www.cltweb.org\/es\/author\/cltredesign_0jp0l4\/"},"comment_info":0,"jetpack_sharing_enabled":true,"jetpack-related-posts":[{"id":4471,"url":"https:\/\/www.cltweb.org\/es\/biblioteca-de-recursos\/entrevistas\/charles-sherrod-1982\/","url_meta":{"origin":9978,"position":0},"title":"Charles Sherrod (1982)","author":"cltredesign_0jp0l4","date":"22 de octubre de 2024","format":false,"excerpt":"A los 23 a\u00f1os, Charles Sherrod lleg\u00f3 a Albany, Georgia, para organizar a la comunidad y registrar votantes para el Comit\u00e9 Coordinador Estudiantil No Violento. Nunca se march\u00f3. En 1968, fue uno de los ocho estadounidenses que viajaron a Israel para estudiar el arrendamiento de tierras y las cooperativas agr\u00edcolas.\u2026","rel":"","context":"En \u00abEntrevistas\u00bb","block_context":{"text":"Entrevistas","link":"https:\/\/www.cltweb.org\/es\/category\/entrevistas\/"},"img":{"alt_text":"","src":"","width":0,"height":0},"classes":[]},{"id":849,"url":"https:\/\/www.cltweb.org\/es\/sobre-nosotros\/historia\/","url_meta":{"origin":9978,"position":1},"title":"Nuestra historia","author":"cltredesign_0jp0l4","date":"26 de julio de 2024","format":false,"excerpt":"Una cronolog\u00eda de la evoluci\u00f3n del movimiento internacional de CLT.","rel":"","context":"En \u00abSobre nosotros\u00bb","block_context":{"text":"Sobre nosotros","link":"https:\/\/www.cltweb.org\/es\/category\/sobre-nosotros\/"},"img":{"alt_text":"","src":"","width":0,"height":0},"classes":[]},{"id":1591,"url":"https:\/\/www.cltweb.org\/es\/terra-nostra-press\/catalogo\/fideicomisos-comunitarios-de-tierras-y-asentamientos-informales-en-el-sur-global\/","url_meta":{"origin":9978,"position":2},"title":"Fideicomisos Comunitarios de Tierras y Asentamientos Informales en el Sur Global","author":"cltredesign_0jp0l4","date":"29 de julio de 2024","format":false,"excerpt":"Disponible en todo el mundo, 158 p\u00e1gs.PAPEL NEGRO ISBN 9781736275917 $15.00 USEBOOK ISBN 9781736275924 $5.00 US Las ONG disponen de descuentos por pedidos a granel. Para m\u00e1s informaci\u00f3n y para hacer tu pedido, visita nuestra p\u00e1gina Pedidos a granel. Fideicomisos de Tierras Comunitarias y Asentamientos Informales en el Sur Global\u2026","rel":"","context":"En \u00abCat\u00e1logo\u00bb","block_context":{"text":"Cat\u00e1logo","link":"https:\/\/www.cltweb.org\/es\/category\/catalogo-es\/"},"img":{"alt_text":"Global South Book Cover","src":"https:\/\/i0.wp.com\/www.cltweb.org\/wp-content\/uploads\/2024\/10\/Global-South-Cover.jpg?resize=350%2C200&ssl=1","width":350,"height":200,"srcset":"https:\/\/i0.wp.com\/www.cltweb.org\/wp-content\/uploads\/2024\/10\/Global-South-Cover.jpg?resize=350%2C200&ssl=1 1x, https:\/\/i0.wp.com\/www.cltweb.org\/wp-content\/uploads\/2024\/10\/Global-South-Cover.jpg?resize=525%2C300&ssl=1 1.5x, https:\/\/i0.wp.com\/www.cltweb.org\/wp-content\/uploads\/2024\/10\/Global-South-Cover.jpg?resize=700%2C400&ssl=1 2x, https:\/\/i0.wp.com\/www.cltweb.org\/wp-content\/uploads\/2024\/10\/Global-South-Cover.jpg?resize=1050%2C600&ssl=1 3x, https:\/\/i0.wp.com\/www.cltweb.org\/wp-content\/uploads\/2024\/10\/Global-South-Cover.jpg?resize=1400%2C800&ssl=1 4x"},"classes":[]},{"id":3809,"url":"https:\/\/www.cltweb.org\/es\/biblioteca-de-recursos\/sur-global\/puerto-rico\/","url_meta":{"origin":9978,"position":3},"title":"Puerto Rico","author":"cltredesign_0jp0l4","date":"19 de octubre de 2024","format":false,"excerpt":"Fideicomiso de la Tierra del Ca\u00f1o Mart\u00edn Pe\u00f1aEl Fideicomiso de la Tierra Ca\u00f1o Mart\u00edn Pe\u00f1a de San Juan de Puerto Rico ha puesto a prueba un enfoque de los fideicomisos de la tierra comunitarios en comunidades informales que est\u00e1 inspirando esfuerzos en todo el Sur Global. INTRODUCCI\u00d3N: El Fideicomiso de\u2026","rel":"","context":"En \u00abSur Global\u00bb","block_context":{"text":"Sur Global","link":"https:\/\/www.cltweb.org\/es\/category\/sur-global\/"},"img":{"alt_text":"Logo for the Cano Mart\u00edn Pe\u00f1a CLT","src":"https:\/\/i0.wp.com\/www.cltweb.org\/wp-content\/uploads\/2024\/10\/cano-martin-pena-clt-logo.png?resize=350%2C200&ssl=1","width":350,"height":200,"srcset":"https:\/\/i0.wp.com\/www.cltweb.org\/wp-content\/uploads\/2024\/10\/cano-martin-pena-clt-logo.png?resize=350%2C200&ssl=1 1x, https:\/\/i0.wp.com\/www.cltweb.org\/wp-content\/uploads\/2024\/10\/cano-martin-pena-clt-logo.png?resize=525%2C300&ssl=1 1.5x, https:\/\/i0.wp.com\/www.cltweb.org\/wp-content\/uploads\/2024\/10\/cano-martin-pena-clt-logo.png?resize=700%2C400&ssl=1 2x, https:\/\/i0.wp.com\/www.cltweb.org\/wp-content\/uploads\/2024\/10\/cano-martin-pena-clt-logo.png?resize=1050%2C600&ssl=1 3x"},"classes":[]},{"id":1511,"url":"https:\/\/www.cltweb.org\/es\/biblioteca-de-recursos\/redes-clt\/","url_meta":{"origin":9978,"position":4},"title":"Redes CLT","author":"cltredesign_0jp0l4","date":"26 de julio de 2024","format":false,"excerpt":"Red de Fideicomisos de Tierras Comunitarias de Australia australiancltnetwork.org.au Nuestros objetivos son apoyar el establecimiento de los CLT como un modelo de vivienda viable y seguro en toda Australia mediante: Ser un centro de intercambio de informaci\u00f3n que pone la informaci\u00f3n a libre disposici\u00f3n. Compartir conocimientos, recursos y saber hacer\u2026","rel":"","context":"En \u00abBiblioteca de recursos\u00bb","block_context":{"text":"Biblioteca de recursos","link":"https:\/\/www.cltweb.org\/es\/category\/biblioteca-de-recursos-es\/"},"img":{"alt_text":"","src":"","width":0,"height":0},"classes":[]},{"id":1620,"url":"https:\/\/www.cltweb.org\/es\/terra-nostra-press\/catalogo\/por-que-community-land-trusts\/","url_meta":{"origin":9978,"position":5},"title":"\u00bfPor qu\u00e9 Community Land Trusts?","author":"cltredesign_0jp0l4","date":"29 de julio de 2024","format":false,"excerpt":"Disponible en todo el mundo, 110 p\u00e1gs.PAPEL NEGRO ISBN 9781734403046 $12.50 USEBOOK ISBN 9781734403060 $5.00 US Las ONG disponen de descuentos por pedidos a granel. Para m\u00e1s informaci\u00f3n y para hacer tu pedido, visita nuestra p\u00e1gina Pedidos a granel. Por qu\u00e9 fideicomisos de tierras comunitarias: La filosof\u00eda detr\u00e1s de una\u2026","rel":"","context":"En \u00abCat\u00e1logo\u00bb","block_context":{"text":"Cat\u00e1logo","link":"https:\/\/www.cltweb.org\/es\/category\/catalogo-es\/"},"img":{"alt_text":"Book cover for Why CLTs","src":"https:\/\/i0.wp.com\/www.cltweb.org\/wp-content\/uploads\/2024\/10\/Why-CLTs-cover.jpg?resize=350%2C200&ssl=1","width":350,"height":200,"srcset":"https:\/\/i0.wp.com\/www.cltweb.org\/wp-content\/uploads\/2024\/10\/Why-CLTs-cover.jpg?resize=350%2C200&ssl=1 1x, https:\/\/i0.wp.com\/www.cltweb.org\/wp-content\/uploads\/2024\/10\/Why-CLTs-cover.jpg?resize=525%2C300&ssl=1 1.5x, https:\/\/i0.wp.com\/www.cltweb.org\/wp-content\/uploads\/2024\/10\/Why-CLTs-cover.jpg?resize=700%2C400&ssl=1 2x, https:\/\/i0.wp.com\/www.cltweb.org\/wp-content\/uploads\/2024\/10\/Why-CLTs-cover.jpg?resize=1050%2C600&ssl=1 3x, https:\/\/i0.wp.com\/www.cltweb.org\/wp-content\/uploads\/2024\/10\/Why-CLTs-cover.jpg?resize=1400%2C800&ssl=1 4x"},"classes":[]}],"_links":{"self":[{"href":"https:\/\/www.cltweb.org\/es\/wp-json\/wp\/v2\/pages\/9978","targetHints":{"allow":["GET"]}}],"collection":[{"href":"https:\/\/www.cltweb.org\/es\/wp-json\/wp\/v2\/pages"}],"about":[{"href":"https:\/\/www.cltweb.org\/es\/wp-json\/wp\/v2\/types\/page"}],"author":[{"embeddable":true,"href":"https:\/\/www.cltweb.org\/es\/wp-json\/wp\/v2\/users\/1"}],"replies":[{"embeddable":true,"href":"https:\/\/www.cltweb.org\/es\/wp-json\/wp\/v2\/comments?post=9978"}],"version-history":[{"count":16,"href":"https:\/\/www.cltweb.org\/es\/wp-json\/wp\/v2\/pages\/9978\/revisions"}],"predecessor-version":[{"id":11269,"href":"https:\/\/www.cltweb.org\/es\/wp-json\/wp\/v2\/pages\/9978\/revisions\/11269"}],"up":[{"embeddable":true,"href":"https:\/\/www.cltweb.org\/es\/wp-json\/wp\/v2\/pages\/760"}],"wp:featuredmedia":[{"embeddable":true,"href":"https:\/\/www.cltweb.org\/es\/wp-json\/wp\/v2\/media\/9975"}],"wp:attachment":[{"href":"https:\/\/www.cltweb.org\/es\/wp-json\/wp\/v2\/media?parent=9978"}],"wp:term":[{"taxonomy":"category","embeddable":true,"href":"https:\/\/www.cltweb.org\/es\/wp-json\/wp\/v2\/categories?post=9978"},{"taxonomy":"post_tag","embeddable":true,"href":"https:\/\/www.cltweb.org\/es\/wp-json\/wp\/v2\/tags?post=9978"}],"curies":[{"name":"wp","href":"https:\/\/api.w.org\/{rel}","templated":true}]}}