{"id":10534,"date":"2025-11-04T15:21:22","date_gmt":"2025-11-04T15:21:22","guid":{"rendered":"https:\/\/www.cltweb.org\/event\/asociaciones-habitat-para-la-humanidad-clt-para-una-asequibilidad-duradera-2\/"},"modified":"2025-12-11T20:40:28","modified_gmt":"2025-12-11T20:40:28","slug":"asociaciones-habitat-para-la-humanidad-clt-para-una-asequibilidad-duradera-2","status":"publish","type":"tribe_events","link":"https:\/\/www.cltweb.org\/es\/event\/asociaciones-habitat-para-la-humanidad-clt-para-una-asequibilidad-duradera-2\/","title":{"rendered":"Asociaciones H\u00e1bitat para la Humanidad-CLT para una asequibilidad duradera"},"content":{"rendered":"<div  class=\"tribe-events-schedule tribe-clearfix\" >\n\t<p class=\"tribe-events-schedule__datetime\">\n\t\t<span class=\"tribe-events-schedule__date tribe-events-schedule__date--start\">\n\t\t\tjulio 1, 2025\t\t<\/span>\n\n\t\t\t\t\t<span class=\"tribe-events-schedule__separator tribe-events-schedule__separator--date\">\n\t\t\t\t @ \t\t\t<\/span>\n\t\t\t<span class=\"tribe-events-schedule__time tribe-events-schedule__time--start\">\n\t\t\t\t14:00\t\t\t<\/span>\n\t\t\n\t\t\t\t\t\t\t\t\t<span class=\"tribe-events-schedule__separator tribe-events-schedule__separator--time\">\n\t\t\t\t\t &#8211; \t\t\t\t<\/span>\n\t\t\t\n\t\t\t\t\t\t\t<span class=\"tribe-events-schedule__time tribe-events-schedule__time--end\">\n\t\t\t\t\t15:15\t\t\t\t<\/span>\n\t\t\t\n\t\t\t\t\t\t\t<span class=\"tribe-events-schedule__timezone\">UTC+0<\/span>\n\t\t\t\t\t\t<\/p>\n<\/div>\n\n<figure class=\"wp-block-embed is-type-video is-provider-youtube wp-block-embed-youtube wp-embed-aspect-16-9 wp-has-aspect-ratio\"><div class=\"wp-block-embed__wrapper\">\n<iframe loading=\"lazy\" title=\"Habitat-CLT Partnerships for Lasting Affordability\" width=\"1290\" height=\"726\" src=\"https:\/\/www.youtube.com\/embed\/_iUoED1ZTn4?feature=oembed\" frameborder=\"0\" allow=\"accelerometer; autoplay; clipboard-write; encrypted-media; gyroscope; picture-in-picture; web-share\" referrerpolicy=\"strict-origin-when-cross-origin\" allowfullscreen><\/iframe>\n<\/div><\/figure>\n\n<h2 class=\"wp-block-heading\" id=\"h-webinar-description\">Descripci\u00f3n del seminario<\/h2>\n\n<p>\u00bfQu\u00e9 hace falta para crear viviendas que sigan siendo asequibles durante generaciones? \u00danete al Centro Internacional de Fideicomisos de la Tierra, a H\u00e1bitat para la Humanidad y al Instituto Lincoln de Pol\u00edtica del Suelo en una din\u00e1mica conversaci\u00f3n sobre el poder de los fideicomisos de la tierra como herramienta para ofrecer una asequibilidad duradera mediante la administraci\u00f3n a largo plazo. Este seminario web recorre la historia del movimiento de CLT en EE.UU., examina el panorama actual de la conservaci\u00f3n de viviendas asequibles y destaca un nuevo informe pol\u00edtico sobre la formaci\u00f3n de asociaciones de CLT s\u00f3lidas y equitativas.  <\/p>\n\n<p>Los panelistas ofrecen ideas pr\u00e1cticas sobre c\u00f3mo funcionan las CLT como administradoras: protegiendo la asequibilidad en la reventa, apoyando a los propietarios a lo largo del tiempo y preservando la integridad f\u00edsica de las viviendas para que puedan servir a varias generaciones de familias. Con una larga historia de colaboraci\u00f3n, las CLT y los afiliados de H\u00e1bitat para la Humanidad son socios naturales en este trabajo. Los participantes aprender\u00e1n c\u00f3mo se han formado y ampliado con \u00e9xito las asociaciones entre CLT y H\u00e1bitat, y lo que realmente hace falta -sobre el terreno y entre bastidores- para que las comunidades asuman el control colectivo de la tierra y la vivienda.  <\/p>\n\n<p>Tanto si eres un defensor de la vivienda, un responsable pol\u00edtico, un miembro del personal o del consejo de administraci\u00f3n de las filiales de H\u00e1bitat para la Humanidad y de las CLT, o un ciudadano curioso, esta sesi\u00f3n te proporcionar\u00e1 inspiraci\u00f3n y una estrategia fundamentada para garantizar que la asequibilidad perdure m\u00e1s all\u00e1 de una \u00fanica venta, m\u00e1s all\u00e1 de un \u00fanico propietario, para las generaciones venideras.<\/p>\n<style>.wp-block-kadence-spacer.kt-block-spacer-10532_3b53e2-cc .kt-block-spacer{height:25px;}.wp-block-kadence-spacer.kt-block-spacer-10532_3b53e2-cc .kt-divider{border-top-width:1px;height:1px;border-top-color:#eee;width:80%;border-top-style:solid;}<\/style>\n<div class=\"wp-block-kadence-spacer aligncenter kt-block-spacer-10532_3b53e2-cc\"><div class=\"kt-block-spacer kt-block-spacer-halign-center\"><hr class=\"kt-divider\"\/><\/div><\/div>\n\n<h2 class=\"wp-block-heading\" id=\"h-speakers-and-panelists\">Ponentes y panelistas<\/h2>\n\n<figure class=\"wp-block-image alignright size-full is-resized\"><img loading=\"lazy\" decoding=\"async\" width=\"206\" height=\"178\" src=\"https:\/\/www.cltweb.org\/wp-content\/uploads\/2025\/06\/John-Emmeus-Davis.png\" alt=\"\" class=\"wp-image-9567\" style=\"width:144px;height:auto\"\/><\/figure>\n\n<p><strong>John Emmeus Davis<\/strong>, miembro fundador de la Junta Directiva del Centro Internacional de Fideicomisos Comunitarios de la Tierra; redactor jefe de Terra Nostra Press<\/p>\n\n<p>JOHN EMMEUS DAVIS es cofundador de Burlington Associates in Community Development, cooperativa nacional de consultor\u00eda. John form\u00f3 parte de la plantilla del Instituto de Econom\u00eda Comunitaria de 1981 a 1985 y m\u00e1s tarde trabaj\u00f3 durante diez a\u00f1os como director de vivienda de la ciudad de Burlington, Vermont. Fue coautor de la definici\u00f3n federal de una CLT que se promulg\u00f3 en la legislaci\u00f3n estadounidense en 1992.  <\/p>\n\n<figure class=\"wp-block-image alignright size-full is-resized\"><img decoding=\"async\" src=\"https:\/\/www.cltweb.org\/wp-content\/uploads\/2025\/06\/Screenshot-2025-06-13-at-11.34.34&#x202F;AM.png\" alt=\"\" class=\"wp-image-9587\" style=\"width:145px;height:auto\"\/><\/figure>\n\n<p><strong>Assan Sosseh<\/strong>, Director del Programa de Asequibilidad Duradera, <a href=\"https:\/\/www.habitat.org\/\">H\u00e1bitat para la Humanidad Internacional<\/a><\/p>\n\n<p>ASSAN SOSSEH es un experimentado profesional de la vivienda asequible que actualmente trabaja como Director del Programa de Asequibilidad Duradera en H\u00e1bitat para la Humanidad Internacional (HFHI). En este puesto, dirige iniciativas destinadas a aumentar la adopci\u00f3n de modelos de vivienda asequible duradera dentro de la red de H\u00e1bitat. Estos modelos incluyen estrategias como los fideicomisos de terrenos comunitarios, los arrendamientos de terrenos y las restricciones de escrituras a largo plazo, todas ellas dise\u00f1adas para garantizar que las viviendas sigan siendo asequibles para las generaciones futuras.  <\/p>\n\n<figure class=\"wp-block-image alignright size-full is-resized\"><img loading=\"lazy\" decoding=\"async\" width=\"607\" height=\"607\" src=\"https:\/\/www.cltweb.org\/wp-content\/uploads\/2025\/06\/Derby-Swanson.jpg\" alt=\"\" class=\"wp-image-9583\" style=\"width:142px;height:auto\" srcset=\"https:\/\/www.cltweb.org\/wp-content\/uploads\/2025\/06\/Derby-Swanson.jpg 607w, https:\/\/www.cltweb.org\/wp-content\/uploads\/2025\/06\/Derby-Swanson-300x300.jpg 300w, https:\/\/www.cltweb.org\/wp-content\/uploads\/2025\/06\/Derby-Swanson-150x150.jpg 150w\" sizes=\"auto, (max-width: 607px) 100vw, 607px\" \/><\/figure>\n\n<p><strong>Derby Swanson, <\/strong>Directora de Servicios a Propietarios y Comunidades, <a href=\"https:\/\/frederickhabitat.org\/\" target=\"_blank\" rel=\"noreferrer noopener\">H\u00e1bitat para la Humanidad del Condado de Frederick<\/a><\/p>\n\n<p>DERBY A SWANSON tiene una formaci\u00f3n profesional diversa con amplia experiencia en servicios comunitarios, investigaci\u00f3n de mercado y gesti\u00f3n de proyectos. En la actualidad es Directora de Servicios Comunitarios y para Propietarios de Viviendas en H\u00e1bitat para la Humanidad del Condado de Frederick desde septiembre de 2022, Derby desempe\u00f1\u00f3 anteriormente funciones como Directora de Impacto Comunitario y Administradora de Cultos en la Iglesia de la Trinidad de la ciudad de Boston. Derby A. Swanson dirigi\u00f3 una consultor\u00eda independiente centrada en metodolog\u00edas de investigaci\u00f3n desde 2011 hasta junio de 2016, y tambi\u00e9n ha ocupado cargos importantes en Sentient Decision Science, Applied Marketing Science y la Di\u00f3cesis Episcopal de Massachusetts, contribuyendo a diversas iniciativas estrat\u00e9gicas y de gesti\u00f3n. Sus cualificaciones acad\u00e9micas incluyen un MBA en Investigaci\u00f3n de Mercados por la Escuela de Negocios Questrom de la Universidad de Boston, un M\u00e1ster en Divinidad en Teolog\u00eda por la Escuela Teol\u00f3gica Andover Newton y una Licenciatura en Ciencias Teatrales por la Universidad Northwestern.   <\/p>\n\n<figure class=\"wp-block-image alignright size-full is-resized\"><img loading=\"lazy\" decoding=\"async\" width=\"700\" height=\"700\" src=\"https:\/\/www.cltweb.org\/wp-content\/uploads\/2025\/06\/Matina.jpg\" alt=\"\" class=\"wp-image-9579\" style=\"width:141px;height:auto\" srcset=\"https:\/\/www.cltweb.org\/wp-content\/uploads\/2025\/06\/Matina.jpg 700w, https:\/\/www.cltweb.org\/wp-content\/uploads\/2025\/06\/Matina-300x300.jpg 300w, https:\/\/www.cltweb.org\/wp-content\/uploads\/2025\/06\/Matina-150x150.jpg 150w\" sizes=\"auto, (max-width: 700px) 100vw, 700px\" \/><\/figure>\n\n<p><strong>Matina Kauffman,<\/strong> Vicepresidenta de Programas de Adquisici\u00f3n de Viviendas y Barrios, <a href=\"https:\/\/habitatportlandregion.org\/\" target=\"_blank\" rel=\"noreferrer noopener\">H\u00e1bitat para la Humanidad Regi\u00f3n de Portland<\/a><\/p>\n\n<p>MATINA KAUFFMAN es Vicepresidenta de Programas de Adquisici\u00f3n de Viviendas y Vecindarios de H\u00e1bitat para la Humanidad de la Regi\u00f3n de Portland. Lleva 18 a\u00f1os en la organizaci\u00f3n y desempe\u00f1\u00f3 un papel decisivo en su transici\u00f3n a la asequibilidad permanente a trav\u00e9s de una asociaci\u00f3n con el fideicomiso de la tierra local, Proud Ground. Ha sido una firme partidaria de ampliar los modelos de equidad compartida en toda la red de H\u00e1bitat y de compartir las mejores pr\u00e1cticas. Ayud\u00f3 a desarrollar un centro de recursos sobre asequibilidad duradera para las filiales a trav\u00e9s de una beca con H\u00e1bitat para la Humanidad para Humanidad Internacional.   <\/p>\n\n<figure class=\"wp-block-image alignright size-full is-resized\"><img decoding=\"async\" src=\"https:\/\/www.cltweb.org\/wp-content\/uploads\/2025\/06\/Screenshot-2025-06-13-at-11.22.13&#x202F;AM.png\" alt=\"\" class=\"wp-image-9575\" style=\"width:143px;height:auto\"\/><\/figure>\n\n<p><strong>Megan McDonough,<\/strong> Directora Ejecutiva de <a href=\"https:\/\/pvhabitat.org\/\" target=\"_blank\" rel=\"noreferrer noopener\">Pioneer Valley Habitat for Humanity<\/a><\/p>\n\n<p>MEGAN MCDONOUGH es Directora Ejecutiva de Pioneer Valley Habitat for Humanity desde 2014. Megan ha trabajado con H\u00e1bitat para perfeccionar el modelo de propiedad de viviendas peque\u00f1as y ecol\u00f3gicas, plante\u00e1ndose la pregunta de qu\u00e9 es lo \u201csuficientemente grande\u201d para contener el sue\u00f1o de ser propietario de una vivienda. Antes de trabajar con H\u00e1bitat, Megan pas\u00f3 7 a\u00f1os en el Centro de Ecotecnolog\u00eda prestando apoyo a programas de certificaci\u00f3n de edificios ecol\u00f3gicos como LEED for Homes y ENERGY STAR Homes. Tiene un m\u00e1ster en planificaci\u00f3n regional por la UMass Amherst y vive con su familia en una casa de energ\u00eda neta casi nula en las colinas del oeste de Massachusetts.   <\/p>\n\n<figure class=\"wp-block-image alignright size-full is-resized\"><img loading=\"lazy\" decoding=\"async\" width=\"190\" height=\"185\" src=\"https:\/\/www.cltweb.org\/wp-content\/uploads\/2025\/06\/Dev-Goetchius.png\" alt=\"\" class=\"wp-image-9571\" style=\"width:142px;height:auto\"\/><\/figure>\n\n<p><strong>Devika Goetschius,<\/strong> Directora Ejecutiva, <a href=\"https:\/\/www.housinglandtrust.org\/\" target=\"_blank\" rel=\"noreferrer noopener\">Housing Land Trust of the North Bay<\/a><\/p>\n\n<p><strong>DEVIKA \u201cDEV\u201d GOETSCHIUS<\/strong> es una l\u00edder reconocida a nivel nacional en fideicomisos de la tierra comunitarios y propiedad de viviendas permanentemente asequibles, con m\u00e1s de dos d\u00e9cadas de experiencia en el desarrollo de viviendas equitativas. Como Directora Ejecutiva del Fideicomiso de Vivienda del Condado de Sonoma y socia de Burlington Associates in Community Development, Dev ha ayudado a poner en marcha y apoyar docenas de programas de vivienda de equidad compartida en todo EEUU. Tambi\u00e9n forma parte de los consejos de Generation Housing e International Center for Community Land Trusts, y es asesora de confianza de gobiernos locales, organizaciones sin \u00e1nimo de lucro y afiliados de Habitat for Humanity. Habla con fluidez espa\u00f1ol, hindi y sindhi, y aporta a su trabajo un enfoque multiling\u00fce y centrado en la comunidad, basado en el compromiso con la asequibilidad a largo plazo y la justicia en materia de vivienda.   <br\/><\/p>\n<div  class=\"tribe-block tribe-block__organizer__details tribe-clearfix\" >\n\t<div class=\"tribe-block__organizer__title\">\n\t\t<h3><a href=\"https:\/\/www.cltweb.org\/organizador\/international-center-for-community-land-trusts\/\" title=\"International Center for Community Land Trusts\" target=\"_self\" rel=\"\">International Center for Community Land Trusts<\/a><\/h3>\n\t<\/div>\n\t\t\t\t<p class=\"tribe-block__organizer__website\"><a href=\"https:\/\/www.cltweb.org\" target=\"_blank\" rel=\"noopener noreferrer\">Ver el sitio web del Organizador<\/a><\/p>\n\t\t\t\t<p class=\"tribe-block__organizer__email\">&#105;&#110;&#102;o&#064;&#099;&#111;m&#109;un&#105;tyl&#097;&#110;dtrus&#116;&#046;net<\/p>\n\t<\/div>\n\n<p><\/p>\n","protected":false},"excerpt":{"rendered":"<p>Descripci\u00f3n del seminario \u00bfQu\u00e9 hace falta para crear viviendas que sigan siendo asequibles durante generaciones? \u00danete al Centro Internacional de Fideicomisos de la Tierra, a H\u00e1bitat para la Humanidad y [&hellip;]<\/p>\n","protected":false},"author":2,"featured_media":9596,"template":"","meta":{"give_campaign_id":0,"_tec_requires_first_save":false,"_kad_blocks_custom_css":"","_kad_blocks_head_custom_js":"","_kad_blocks_body_custom_js":"","_kad_blocks_footer_custom_js":"","_EventAllDay":false,"_EventTimezone":"UTC+0","_EventStartDate":"2025-07-01 14:00:00","_EventEndDate":"2025-07-01 15:15:00","_EventStartDateUTC":"2025-07-01 14:00:00","_EventEndDateUTC":"2025-07-01 15:15:00","_EventShowMap":false,"_EventShowMapLink":false,"_EventURL":"","_EventCost":"","_EventCostDescription":"","_EventCurrencySymbol":"","_EventCurrencyCode":"","_EventCurrencyPosition":"","_EventDateTimeSeparator":"","_EventTimeRangeSeparator":"","_EventOrganizerID":[],"_EventVenueID":[],"_OrganizerEmail":"","_OrganizerPhone":"","_OrganizerWebsite":"","_VenueAddress":"","_VenueCity":"","_VenueCountry":"","_VenueProvince":"","_VenueState":"","_VenueZip":"","_VenuePhone":"","_VenueURL":"","_VenueStateProvince":"","_VenueLat":"","_VenueLng":"","_VenueShowMap":false,"_VenueShowMapLink":false,"_tribe_blocks_recurrence_rules":"","_tribe_blocks_recurrence_description":"","_tribe_blocks_recurrence_exclusions":"","_tribe_events_status":"","_tribe_events_status_reason":"","_tribe_events_is_hybrid":"","_tribe_events_is_virtual":"","_tribe_events_virtual_video_source":"","_tribe_events_virtual_embed_video":"","_tribe_events_virtual_linked_button_text":"","_tribe_events_virtual_linked_button":"","_tribe_events_virtual_show_embed_at":"","_tribe_events_virtual_show_embed_to":[],"_tribe_events_virtual_show_on_event":"","_tribe_events_virtual_show_on_views":"","_tribe_events_virtual_url":"","footnotes":""},"tags":[],"tribe_events_cat":[],"class_list":["post-10534","tribe_events","type-tribe_events","status-publish","has-post-thumbnail","hentry"],"blocksy_meta":[],"yoast_head":"<!-- This site is optimized with the Yoast SEO Premium plugin v27.4 (Yoast SEO v27.5) - https:\/\/yoast.com\/product\/yoast-seo-premium-wordpress\/ -->\n<title>Asociaciones H\u00e1bitat para la Humanidad-CLT para una asequibilidad duradera - International Center for Community Land Trusts<\/title>\n<meta name=\"robots\" content=\"index, follow, max-snippet:-1, max-image-preview:large, max-video-preview:-1\" \/>\n<link rel=\"canonical\" href=\"https:\/\/www.cltweb.org\/es\/event\/asociaciones-habitat-para-la-humanidad-clt-para-una-asequibilidad-duradera-2\/\" \/>\n<meta property=\"og:locale\" content=\"es_ES\" \/>\n<meta property=\"og:type\" content=\"article\" \/>\n<meta property=\"og:title\" content=\"Asociaciones H\u00e1bitat para la Humanidad-CLT para una asequibilidad duradera\" \/>\n<meta property=\"og:description\" content=\"Descripci\u00f3n del seminario \u00bfQu\u00e9 hace falta para crear viviendas que sigan siendo asequibles durante generaciones? \u00danete al Centro Internacional de Fideicomisos de la Tierra, a H\u00e1bitat para la Humanidad y [&hellip;]\" \/>\n<meta property=\"og:url\" content=\"https:\/\/www.cltweb.org\/es\/event\/asociaciones-habitat-para-la-humanidad-clt-para-una-asequibilidad-duradera-2\/\" \/>\n<meta property=\"og:site_name\" content=\"International Center for Community Land Trusts\" \/>\n<meta property=\"article:publisher\" content=\"https:\/\/www.facebook.com\/cltcenter\" \/>\n<meta property=\"article:modified_time\" content=\"2025-12-11T20:40:28+00:00\" \/>\n<meta property=\"og:image\" content=\"https:\/\/www.cltweb.org\/wp-content\/uploads\/2025\/06\/Habitat-for-Humanity-2025_Graphic-3.png\" \/>\n\t<meta property=\"og:image:width\" content=\"1\" \/>\n\t<meta property=\"og:image:height\" content=\"1\" \/>\n\t<meta property=\"og:image:type\" content=\"image\/png\" \/>\n<meta name=\"twitter:card\" content=\"summary_large_image\" \/>\n<meta name=\"twitter:site\" content=\"@Center4CLTs\" \/>\n<meta name=\"twitter:label1\" content=\"Tiempo de lectura\" \/>\n\t<meta name=\"twitter:data1\" content=\"6 minutos\" \/>\n<script type=\"application\/ld+json\" class=\"yoast-schema-graph\">{\"@context\":\"https:\\\/\\\/schema.org\",\"@graph\":[{\"@type\":\"WebPage\",\"@id\":\"https:\\\/\\\/www.cltweb.org\\\/es\\\/event\\\/asociaciones-habitat-para-la-humanidad-clt-para-una-asequibilidad-duradera-2\\\/\",\"url\":\"https:\\\/\\\/www.cltweb.org\\\/es\\\/event\\\/asociaciones-habitat-para-la-humanidad-clt-para-una-asequibilidad-duradera-2\\\/\",\"name\":\"Asociaciones H\u00e1bitat para la Humanidad-CLT para una asequibilidad duradera - International Center for Community Land Trusts\",\"isPartOf\":{\"@id\":\"https:\\\/\\\/www.cltweb.org\\\/es\\\/#website\"},\"primaryImageOfPage\":{\"@id\":\"https:\\\/\\\/www.cltweb.org\\\/es\\\/event\\\/asociaciones-habitat-para-la-humanidad-clt-para-una-asequibilidad-duradera-2\\\/#primaryimage\"},\"image\":{\"@id\":\"https:\\\/\\\/www.cltweb.org\\\/es\\\/event\\\/asociaciones-habitat-para-la-humanidad-clt-para-una-asequibilidad-duradera-2\\\/#primaryimage\"},\"thumbnailUrl\":\"https:\\\/\\\/www.cltweb.org\\\/wp-content\\\/uploads\\\/2025\\\/06\\\/Habitat-for-Humanity-2025_Graphic-3.png\",\"datePublished\":\"2025-11-04T15:21:22+00:00\",\"dateModified\":\"2025-12-11T20:40:28+00:00\",\"breadcrumb\":{\"@id\":\"https:\\\/\\\/www.cltweb.org\\\/es\\\/event\\\/asociaciones-habitat-para-la-humanidad-clt-para-una-asequibilidad-duradera-2\\\/#breadcrumb\"},\"inLanguage\":\"es\",\"potentialAction\":[{\"@type\":\"ReadAction\",\"target\":[\"https:\\\/\\\/www.cltweb.org\\\/es\\\/event\\\/asociaciones-habitat-para-la-humanidad-clt-para-una-asequibilidad-duradera-2\\\/\"]}]},{\"@type\":\"ImageObject\",\"inLanguage\":\"es\",\"@id\":\"https:\\\/\\\/www.cltweb.org\\\/es\\\/event\\\/asociaciones-habitat-para-la-humanidad-clt-para-una-asequibilidad-duradera-2\\\/#primaryimage\",\"url\":\"https:\\\/\\\/www.cltweb.org\\\/wp-content\\\/uploads\\\/2025\\\/06\\\/Habitat-for-Humanity-2025_Graphic-3.png\",\"contentUrl\":\"https:\\\/\\\/www.cltweb.org\\\/wp-content\\\/uploads\\\/2025\\\/06\\\/Habitat-for-Humanity-2025_Graphic-3.png\"},{\"@type\":\"BreadcrumbList\",\"@id\":\"https:\\\/\\\/www.cltweb.org\\\/es\\\/event\\\/asociaciones-habitat-para-la-humanidad-clt-para-una-asequibilidad-duradera-2\\\/#breadcrumb\",\"itemListElement\":[{\"@type\":\"ListItem\",\"position\":1,\"name\":\"Home\",\"item\":\"https:\\\/\\\/www.cltweb.org\\\/es\\\/\"},{\"@type\":\"ListItem\",\"position\":2,\"name\":\"Eventos\",\"item\":\"https:\\\/\\\/www.cltweb.org\\\/es\\\/events\\\/\"},{\"@type\":\"ListItem\",\"position\":3,\"name\":\"Asociaciones H\u00e1bitat para la Humanidad-CLT para una asequibilidad duradera\"}]},{\"@type\":\"WebSite\",\"@id\":\"https:\\\/\\\/www.cltweb.org\\\/es\\\/#website\",\"url\":\"https:\\\/\\\/www.cltweb.org\\\/es\\\/\",\"name\":\"International Center for Community Land Trusts\",\"description\":\"\",\"publisher\":{\"@id\":\"https:\\\/\\\/www.cltweb.org\\\/es\\\/#organization\"},\"potentialAction\":[{\"@type\":\"SearchAction\",\"target\":{\"@type\":\"EntryPoint\",\"urlTemplate\":\"https:\\\/\\\/www.cltweb.org\\\/es\\\/?s={search_term_string}\"},\"query-input\":{\"@type\":\"PropertyValueSpecification\",\"valueRequired\":true,\"valueName\":\"search_term_string\"}}],\"inLanguage\":\"es\"},{\"@type\":\"Organization\",\"@id\":\"https:\\\/\\\/www.cltweb.org\\\/es\\\/#organization\",\"name\":\"International Center for Community Land Trusts\",\"url\":\"https:\\\/\\\/www.cltweb.org\\\/es\\\/\",\"logo\":{\"@type\":\"ImageObject\",\"inLanguage\":\"es\",\"@id\":\"https:\\\/\\\/www.cltweb.org\\\/es\\\/#\\\/schema\\\/logo\\\/image\\\/\",\"url\":\"https:\\\/\\\/www.cltweb.org\\\/wp-content\\\/uploads\\\/2024\\\/11\\\/New-CLT-Center-Text-logo.png\",\"contentUrl\":\"https:\\\/\\\/www.cltweb.org\\\/wp-content\\\/uploads\\\/2024\\\/11\\\/New-CLT-Center-Text-logo.png\",\"width\":227,\"height\":80,\"caption\":\"International Center for Community Land Trusts\"},\"image\":{\"@id\":\"https:\\\/\\\/www.cltweb.org\\\/es\\\/#\\\/schema\\\/logo\\\/image\\\/\"},\"sameAs\":[\"https:\\\/\\\/www.facebook.com\\\/cltcenter\",\"https:\\\/\\\/x.com\\\/Center4CLTs\",\"https:\\\/\\\/www.instagram.com\\\/cltcenter\\\/\",\"https:\\\/\\\/www.linkedin.com\\\/company\\\/cltcenter\",\"https:\\\/\\\/www.youtube.com\\\/@centerforcltinnovation5313\"],\"description\":\"The International Center for Community Land Trusts is a not-for-profit nongovernmental organization established in 2018 to promote and to support community land trusts and similar strategies of community-led development on community-owned land in countries throughout the world.\",\"email\":\"info@communitylandtrust.net\",\"legalName\":\"International Center for Community Land Trusts\",\"foundingDate\":\"2018-12-01\",\"taxID\":\"84-3858933\",\"numberOfEmployees\":{\"@type\":\"QuantitativeValue\",\"minValue\":\"1\",\"maxValue\":\"10\"}}]}<\/script>\n<!-- \/ Yoast SEO Premium plugin. -->","yoast_head_json":{"title":"Asociaciones H\u00e1bitat para la Humanidad-CLT para una asequibilidad duradera - International Center for Community Land Trusts","robots":{"index":"index","follow":"follow","max-snippet":"max-snippet:-1","max-image-preview":"max-image-preview:large","max-video-preview":"max-video-preview:-1"},"canonical":"https:\/\/www.cltweb.org\/es\/event\/asociaciones-habitat-para-la-humanidad-clt-para-una-asequibilidad-duradera-2\/","og_locale":"es_ES","og_type":"article","og_title":"Asociaciones H\u00e1bitat para la Humanidad-CLT para una asequibilidad duradera","og_description":"Descripci\u00f3n del seminario \u00bfQu\u00e9 hace falta para crear viviendas que sigan siendo asequibles durante generaciones? \u00danete al Centro Internacional de Fideicomisos de la Tierra, a H\u00e1bitat para la Humanidad y [&hellip;]","og_url":"https:\/\/www.cltweb.org\/es\/event\/asociaciones-habitat-para-la-humanidad-clt-para-una-asequibilidad-duradera-2\/","og_site_name":"International Center for Community Land Trusts","article_publisher":"https:\/\/www.facebook.com\/cltcenter","article_modified_time":"2025-12-11T20:40:28+00:00","og_image":[{"url":"https:\/\/www.cltweb.org\/wp-content\/uploads\/2025\/06\/Habitat-for-Humanity-2025_Graphic-3.png","width":1,"height":1,"type":"image\/png"}],"twitter_card":"summary_large_image","twitter_site":"@Center4CLTs","twitter_misc":{"Tiempo de lectura":"6 minutos"},"schema":{"@context":"https:\/\/schema.org","@graph":[{"@type":"WebPage","@id":"https:\/\/www.cltweb.org\/es\/event\/asociaciones-habitat-para-la-humanidad-clt-para-una-asequibilidad-duradera-2\/","url":"https:\/\/www.cltweb.org\/es\/event\/asociaciones-habitat-para-la-humanidad-clt-para-una-asequibilidad-duradera-2\/","name":"Asociaciones H\u00e1bitat para la Humanidad-CLT para una asequibilidad duradera - International Center for Community Land Trusts","isPartOf":{"@id":"https:\/\/www.cltweb.org\/es\/#website"},"primaryImageOfPage":{"@id":"https:\/\/www.cltweb.org\/es\/event\/asociaciones-habitat-para-la-humanidad-clt-para-una-asequibilidad-duradera-2\/#primaryimage"},"image":{"@id":"https:\/\/www.cltweb.org\/es\/event\/asociaciones-habitat-para-la-humanidad-clt-para-una-asequibilidad-duradera-2\/#primaryimage"},"thumbnailUrl":"https:\/\/www.cltweb.org\/wp-content\/uploads\/2025\/06\/Habitat-for-Humanity-2025_Graphic-3.png","datePublished":"2025-11-04T15:21:22+00:00","dateModified":"2025-12-11T20:40:28+00:00","breadcrumb":{"@id":"https:\/\/www.cltweb.org\/es\/event\/asociaciones-habitat-para-la-humanidad-clt-para-una-asequibilidad-duradera-2\/#breadcrumb"},"inLanguage":"es","potentialAction":[{"@type":"ReadAction","target":["https:\/\/www.cltweb.org\/es\/event\/asociaciones-habitat-para-la-humanidad-clt-para-una-asequibilidad-duradera-2\/"]}]},{"@type":"ImageObject","inLanguage":"es","@id":"https:\/\/www.cltweb.org\/es\/event\/asociaciones-habitat-para-la-humanidad-clt-para-una-asequibilidad-duradera-2\/#primaryimage","url":"https:\/\/www.cltweb.org\/wp-content\/uploads\/2025\/06\/Habitat-for-Humanity-2025_Graphic-3.png","contentUrl":"https:\/\/www.cltweb.org\/wp-content\/uploads\/2025\/06\/Habitat-for-Humanity-2025_Graphic-3.png"},{"@type":"BreadcrumbList","@id":"https:\/\/www.cltweb.org\/es\/event\/asociaciones-habitat-para-la-humanidad-clt-para-una-asequibilidad-duradera-2\/#breadcrumb","itemListElement":[{"@type":"ListItem","position":1,"name":"Home","item":"https:\/\/www.cltweb.org\/es\/"},{"@type":"ListItem","position":2,"name":"Eventos","item":"https:\/\/www.cltweb.org\/es\/events\/"},{"@type":"ListItem","position":3,"name":"Asociaciones H\u00e1bitat para la Humanidad-CLT para una asequibilidad duradera"}]},{"@type":"WebSite","@id":"https:\/\/www.cltweb.org\/es\/#website","url":"https:\/\/www.cltweb.org\/es\/","name":"International Center for Community Land Trusts","description":"","publisher":{"@id":"https:\/\/www.cltweb.org\/es\/#organization"},"potentialAction":[{"@type":"SearchAction","target":{"@type":"EntryPoint","urlTemplate":"https:\/\/www.cltweb.org\/es\/?s={search_term_string}"},"query-input":{"@type":"PropertyValueSpecification","valueRequired":true,"valueName":"search_term_string"}}],"inLanguage":"es"},{"@type":"Organization","@id":"https:\/\/www.cltweb.org\/es\/#organization","name":"International Center for Community Land Trusts","url":"https:\/\/www.cltweb.org\/es\/","logo":{"@type":"ImageObject","inLanguage":"es","@id":"https:\/\/www.cltweb.org\/es\/#\/schema\/logo\/image\/","url":"https:\/\/www.cltweb.org\/wp-content\/uploads\/2024\/11\/New-CLT-Center-Text-logo.png","contentUrl":"https:\/\/www.cltweb.org\/wp-content\/uploads\/2024\/11\/New-CLT-Center-Text-logo.png","width":227,"height":80,"caption":"International Center for Community Land Trusts"},"image":{"@id":"https:\/\/www.cltweb.org\/es\/#\/schema\/logo\/image\/"},"sameAs":["https:\/\/www.facebook.com\/cltcenter","https:\/\/x.com\/Center4CLTs","https:\/\/www.instagram.com\/cltcenter\/","https:\/\/www.linkedin.com\/company\/cltcenter","https:\/\/www.youtube.com\/@centerforcltinnovation5313"],"description":"The International Center for Community Land Trusts is a not-for-profit nongovernmental organization established in 2018 to promote and to support community land trusts and similar strategies of community-led development on community-owned land in countries throughout the world.","email":"info@communitylandtrust.net","legalName":"International Center for Community Land Trusts","foundingDate":"2018-12-01","taxID":"84-3858933","numberOfEmployees":{"@type":"QuantitativeValue","minValue":"1","maxValue":"10"}}]}},"taxonomy_info":[],"featured_image_src_large":["https:\/\/www.cltweb.org\/wp-content\/uploads\/2025\/06\/Habitat-for-Humanity-2025_Graphic-3.png",1,1,false],"author_info":{"display_name":"Ben Harris","author_link":"https:\/\/www.cltweb.org\/es\/author\/ben\/"},"comment_info":"","jetpack_sharing_enabled":true,"_links":{"self":[{"href":"https:\/\/www.cltweb.org\/es\/wp-json\/wp\/v2\/tribe_events\/10534","targetHints":{"allow":["GET"]}}],"collection":[{"href":"https:\/\/www.cltweb.org\/es\/wp-json\/wp\/v2\/tribe_events"}],"about":[{"href":"https:\/\/www.cltweb.org\/es\/wp-json\/wp\/v2\/types\/tribe_events"}],"author":[{"embeddable":true,"href":"https:\/\/www.cltweb.org\/es\/wp-json\/wp\/v2\/users\/2"}],"version-history":[{"count":2,"href":"https:\/\/www.cltweb.org\/es\/wp-json\/wp\/v2\/tribe_events\/10534\/revisions"}],"predecessor-version":[{"id":10959,"href":"https:\/\/www.cltweb.org\/es\/wp-json\/wp\/v2\/tribe_events\/10534\/revisions\/10959"}],"wp:featuredmedia":[{"embeddable":true,"href":"https:\/\/www.cltweb.org\/es\/wp-json\/wp\/v2\/media\/9596"}],"wp:attachment":[{"href":"https:\/\/www.cltweb.org\/es\/wp-json\/wp\/v2\/media?parent=10534"}],"wp:term":[{"taxonomy":"post_tag","embeddable":true,"href":"https:\/\/www.cltweb.org\/es\/wp-json\/wp\/v2\/tags?post=10534"},{"taxonomy":"tribe_events_cat","embeddable":true,"href":"https:\/\/www.cltweb.org\/es\/wp-json\/wp\/v2\/tribe_events_cat?post=10534"}],"curies":[{"name":"wp","href":"https:\/\/api.w.org\/{rel}","templated":true}]}}