{"id":10556,"date":"2025-11-04T17:56:37","date_gmt":"2025-11-04T17:56:37","guid":{"rendered":"https:\/\/www.cltweb.org\/event\/los-clt-como-paso-hacia-la-descolonizacion-de-nuestras-relaciones-con-la-tierra\/"},"modified":"2025-11-26T17:36:08","modified_gmt":"2025-11-26T17:36:08","slug":"los-clt-como-paso-hacia-la-descolonizacion-de-nuestras-relaciones-con-la-tierra","status":"publish","type":"tribe_events","link":"https:\/\/www.cltweb.org\/es\/event\/los-clt-como-paso-hacia-la-descolonizacion-de-nuestras-relaciones-con-la-tierra\/","title":{"rendered":"Los CLT como paso hacia la descolonizaci\u00f3n de nuestras relaciones con la tierra"},"content":{"rendered":"<div  class=\"tribe-events-schedule tribe-clearfix\" >\n\t<p class=\"tribe-events-schedule__datetime\">\n\t\t<span class=\"tribe-events-schedule__date tribe-events-schedule__date--start\">\n\t\t\tnoviembre 25, 2025\t\t<\/span>\n\n\t\t\t\t\t<span class=\"tribe-events-schedule__separator tribe-events-schedule__separator--date\">\n\t\t\t\t @ \t\t\t<\/span>\n\t\t\t<span class=\"tribe-events-schedule__time tribe-events-schedule__time--start\">\n\t\t\t\t13:30\t\t\t<\/span>\n\t\t\n\t\t\t\t\t\t\t\t\t<span class=\"tribe-events-schedule__separator tribe-events-schedule__separator--time\">\n\t\t\t\t\t &#8211; \t\t\t\t<\/span>\n\t\t\t\n\t\t\t\t\t\t\t<span class=\"tribe-events-schedule__time tribe-events-schedule__time--end\">\n\t\t\t\t\t15:00\t\t\t\t<\/span>\n\t\t\t\n\t\t\t\t\t\t\t<span class=\"tribe-events-schedule__timezone\">UTC+0<\/span>\n\t\t\t\t\t\t<\/p>\n<\/div>\n\n<h2 class=\"wp-block-heading\" id=\"h-recordings\">Grabaciones<\/h2>\n\n<div class=\"wp-block-columns is-layout-flex wp-container-core-columns-is-layout-28f84493 wp-block-columns-is-layout-flex\">\n<div class=\"wp-block-column is-layout-flow wp-block-column-is-layout-flow\">\n<h3 class=\"wp-block-heading has-text-align-center\" id=\"h-english-recording\">Grabaci\u00f3n en ingl\u00e9s<\/h3>\n\n\n\n<figure class=\"wp-block-embed is-type-video is-provider-youtube wp-block-embed-youtube wp-embed-aspect-16-9 wp-has-aspect-ratio\"><div class=\"wp-block-embed__wrapper\">\n<iframe loading=\"lazy\" title=\"CLTs as a Step Towards Decolonizing Our Relationships to Land\" width=\"1290\" height=\"726\" src=\"https:\/\/www.youtube.com\/embed\/1hSXGbkfiDM?feature=oembed\" frameborder=\"0\" allow=\"accelerometer; autoplay; clipboard-write; encrypted-media; gyroscope; picture-in-picture; web-share\" referrerpolicy=\"strict-origin-when-cross-origin\" allowfullscreen><\/iframe>\n<\/div><\/figure>\n<\/div>\n\n\n\n<div class=\"wp-block-column is-layout-flow wp-block-column-is-layout-flow\">\n<h3 class=\"wp-block-heading has-text-align-center\" id=\"h-grabacion-en-espanol\">English recording<\/h3>\n\n\n\n<figure class=\"wp-block-embed is-type-video is-provider-youtube wp-block-embed-youtube wp-embed-aspect-16-9 wp-has-aspect-ratio\"><div class=\"wp-block-embed__wrapper\">\n<iframe loading=\"lazy\" title=\"Fideicomisos comunitarios de tierra como un paso hacia la decolonizacio\u0301n de nuestras relaciones con\" width=\"1290\" height=\"968\" src=\"https:\/\/www.youtube.com\/embed\/Ri8RgIAuX4s?feature=oembed\" frameborder=\"0\" allow=\"accelerometer; autoplay; clipboard-write; encrypted-media; gyroscope; picture-in-picture; web-share\" referrerpolicy=\"strict-origin-when-cross-origin\" allowfullscreen><\/iframe>\n<\/div><\/figure>\n<\/div>\n<\/div>\n\n<h2 class=\"wp-block-heading\" id=\"h-webinar-resources\">Recursos del seminario web<\/h2>\n\n<ul class=\"wp-block-list\">\n<li><a href=\"https:\/\/www.cltweb.org\/wp-content\/uploads\/2025\/11\/CLTs-as-a-Step-Towards-Decolonizing-Our-Relationships-to-Land_otter_ai-1.pdf\" target=\"_blank\" rel=\"noreferrer noopener\">Presentaci\u00f3n de diapositivas de Autumn Ness, Lahaina CLT<\/a><\/li>\n\n\n\n<li><a href=\"https:\/\/www.cltweb.org\/wp-content\/uploads\/2025\/11\/Norm-Slides-1.pdf\">Presentaci\u00f3n de diapositivas de Norm Leech, Downtown Eastside CLT<\/a><\/li>\n\n\n\n<li><a href=\"https:\/\/www.cltweb.org\/wp-content\/uploads\/2025\/11\/Short-Sogorea-Te-Land-Trust_-Rematriation.pdf\" target=\"_blank\" rel=\"noreferrer noopener\">Presentaci\u00f3n de diapositivas de Corrina Gould, Sogorea Te&#8217; Land Trust<\/a><\/li>\n\n\n\n<li><a href=\"https:\/\/www.cltweb.org\/wp-content\/uploads\/2025\/11\/CLTs-as-a-Step-Towards-Decolonizing-Our-Relationships-to-Land_otter_ai-1.pdf\" target=\"_blank\" rel=\"noreferrer noopener\">INGL\u00c9S Transcripci\u00f3n<\/a><\/li>\n<\/ul>\n\n<h2 class=\"wp-block-heading\" id=\"h-webinar-description\">Descripci\u00f3n del seminario<\/h2>\n\n<p>Durante miles de a\u00f1os, antes de la invasi\u00f3n y colonizaci\u00f3n de Am\u00e9rica, el Caribe y las islas del Pac\u00edfico, los pueblos ind\u00edgenas de estas regiones viv\u00edan en profunda relaci\u00f3n con la tierra, entendi\u00e9ndola como sagrada y compartida. La imposici\u00f3n de la propiedad privada, el capitalismo y el extractivismo en los \u00faltimos cinco siglos ha perturbado profundamente esa relaci\u00f3n, desconectando a las comunidades de la tierra y el medio ambiente. <\/p>\n\n<p>Este seminario web reuni\u00f3 a representantes de CLT dirigidas por ind\u00edgenas en EEUU y Canad\u00e1 para compartir c\u00f3mo las CLT pueden servir como un paso hacia la descolonizaci\u00f3n de nuestra relaci\u00f3n colectiva con la tierra, devolviendo la tierra sagrada a la administraci\u00f3n ind\u00edgena y resistiendo al capitalismo del desastre.<\/p>\n\n<h2 class=\"wp-block-heading\" id=\"h-speakers-and-panelists\">Ponentes y panelistas<\/h2>\n\n<figure class=\"wp-block-image alignright size-full is-resized\"><img loading=\"lazy\" decoding=\"async\" width=\"427\" height=\"640\" src=\"https:\/\/www.cltweb.org\/wp-content\/uploads\/2025\/11\/Autumn-Ness.jpg\" alt=\"\" class=\"wp-image-10547\" style=\"aspect-ratio:1;object-fit:cover;width:144px;height:auto\" srcset=\"https:\/\/www.cltweb.org\/wp-content\/uploads\/2025\/11\/Autumn-Ness.jpg 427w, https:\/\/www.cltweb.org\/wp-content\/uploads\/2025\/11\/Autumn-Ness-200x300.jpg 200w\" sizes=\"auto, (max-width: 427px) 100vw, 427px\" \/><\/figure>\n\n<p><strong>Autumn Ness<\/strong>, Directora Ejecutiva, <a href=\"https:\/\/lahainacommunitylandtrust.org\/\" target=\"_blank\" rel=\"noreferrer noopener\">Lahaina CLT<\/a> (Hawai, EE.UU.)<\/p>\n\n<p>AUTUMN NESS es la Directora Ejecutiva del LCLT, responsable ante las generaciones pasadas y futuras de Lahaina, alimentando la visi\u00f3n a largo plazo de una base territorial de propiedad comunitaria que redefina la propiedad de la vivienda y los sistemas econ\u00f3micos fuera del capitalismo extractivo y m\u00e1s de acuerdo con &#8216;ike Hawai&#8217;i (los valores y la sabidur\u00eda de este lugar). Tiene una experiencia \u00edntima con los desplazamientos posteriores a cat\u00e1strofes, y sus efectos permanentes sobre el medio ambiente y la cultura, tras ser desplazada despu\u00e9s del tsunami y la fusi\u00f3n nuclear de Jap\u00f3n. Desde entonces, como colona en Maui, ha trabajado en cuestiones relacionadas con la tierra, el agua y la justicia agr\u00edcola desde una perspectiva de cambio de sistemas, trabajando codo con codo con la comunidad para recuperar esos sistemas de forma que se construya el poder local y el bienestar colectivo. Anteriormente trabaj\u00f3 como Asesora Superior de Pol\u00edtica de Vivienda Asequible para el concejal Johnson, presidente de Vivienda Asequible. Trabaj\u00f3 con el Consejo del Condado de Maui para poner en marcha un paquete progresista de proyectos de ley de vivienda asequible que incluyen las pol\u00edticas antidesplazamiento m\u00e1s firmes de Hawai\u02bbi, y mayores mecanismos de financiaci\u00f3n para infraestructuras y vivienda asequible. Tambi\u00e9n es la fundadora del Centro Alimentario de Maui, una respuesta al COVID que ahora se ha convertido en una infraestructura vital y permanente de la granja al consumidor.     <\/p>\n\n<figure class=\"wp-block-image alignright size-full is-resized\"><img loading=\"lazy\" decoding=\"async\" width=\"1500\" height=\"1546\" src=\"https:\/\/www.cltweb.org\/wp-content\/uploads\/2025\/11\/Corrina-Headshot-2022_byKarinaGonzales-1-755101986.jpg\" alt=\"\" class=\"wp-image-10548\" style=\"aspect-ratio:1;object-fit:cover;width:145px;height:auto\" srcset=\"https:\/\/www.cltweb.org\/wp-content\/uploads\/2025\/11\/Corrina-Headshot-2022_byKarinaGonzales-1-755101986.jpg 1500w, https:\/\/www.cltweb.org\/wp-content\/uploads\/2025\/11\/Corrina-Headshot-2022_byKarinaGonzales-1-755101986-291x300.jpg 291w, https:\/\/www.cltweb.org\/wp-content\/uploads\/2025\/11\/Corrina-Headshot-2022_byKarinaGonzales-1-755101986-994x1024.jpg 994w, https:\/\/www.cltweb.org\/wp-content\/uploads\/2025\/11\/Corrina-Headshot-2022_byKarinaGonzales-1-755101986-768x792.jpg 768w, https:\/\/www.cltweb.org\/wp-content\/uploads\/2025\/11\/Corrina-Headshot-2022_byKarinaGonzales-1-755101986-1490x1536.jpg 1490w\" sizes=\"auto, (max-width: 1500px) 100vw, 1500px\" \/><\/figure>\n\n<p><strong>Corrina<\/strong> <strong>Gould<\/strong>, Codirectora, <a href=\"https:\/\/sogoreate-landtrust.org\/\" target=\"_blank\" rel=\"noreferrer noopener\">Sogorea Te&#8217; Land Trust<\/a> (California, EE.UU.)<\/p>\n\n<p>CORRINA GOULD (Presidenta Tribal de los Pueblos Confederados de la Naci\u00f3n Lisjan) naci\u00f3 y creci\u00f3 en el pueblo de Huichin, ahora conocido como Oakland, California. Es cofundadora y organizadora principal de Indian People Organizing for Change, una peque\u00f1a organizaci\u00f3n dirigida por ind\u00edgenas, y de Sogorea Te&#8217; Land Trust, una organizaci\u00f3n urbana dirigida por mujeres ind\u00edgenas dentro de su territorio ancestral. A trav\u00e9s de las pr\u00e1cticas de rematriaci\u00f3n, revitalizaci\u00f3n cultural y restauraci\u00f3n de la tierra, el Land Trust hace un llamamiento a los pueblos nativos y no nativos para que curen y transformen los legados de la colonizaci\u00f3n y el genocidio, y para que hagan el trabajo que nuestros antepasados y las generaciones futuras nos piden que hagamos.    <\/p>\n\n<figure class=\"wp-block-image alignright size-full is-resized\"><img loading=\"lazy\" decoding=\"async\" width=\"300\" height=\"300\" src=\"https:\/\/www.cltweb.org\/wp-content\/uploads\/2025\/11\/norm-leech.jpg\" alt=\"\" class=\"wp-image-10550\" style=\"aspect-ratio:1;object-fit:cover;width:142px;height:auto\" srcset=\"https:\/\/www.cltweb.org\/wp-content\/uploads\/2025\/11\/norm-leech.jpg 300w, https:\/\/www.cltweb.org\/wp-content\/uploads\/2025\/11\/norm-leech-150x150.jpg 150w\" sizes=\"auto, (max-width: 300px) 100vw, 300px\" \/><\/figure>\n\n<p><strong>Norm Leech<\/strong>, Presidente, <a href=\"https:\/\/dtescommunitylandtrust.ca\/\" target=\"_blank\" rel=\"noreferrer noopener\">Downtown Eastside CLT<\/a> (Vancouver, Canad\u00e1)<\/p>\n\n<p>NORM LEECH es el Presidente de Downtown Eastside CLT (DTES CLT). DTES CLT est\u00e1 avanzando hacia una relaci\u00f3n m\u00e1s ind\u00edgena con la tierra que sea sostenible, responsable y curativa. Esto puede ayudar a preservar la vivienda asequible, protegiendo la propiedad del mercado global que est\u00e1 aumentando los costes de la vivienda en todo el mundo.  <\/p>\n\n<p>Norm habla ampliamente sobre el trauma intergeneracional debido a la colonizaci\u00f3n. Creci\u00f3 en Vancouver Este, con ascendencia en la comunidad T&#8217;it&#8217;q&#8217;et de la naci\u00f3n St&#8217;at&#8217;imc, donde ha sido Jefe y tambi\u00e9n Administrador. Se basa en sus experiencias como alcoh\u00f3lico\/adicto en recuperaci\u00f3n, superviviente intergeneracional y explorador espiritual para fundamentar su trabajo actual, que incluye varias juntas y comit\u00e9s.    <\/p>\n\n<figure class=\"wp-block-image alignright size-full is-resized\"><img loading=\"lazy\" decoding=\"async\" width=\"2230\" height=\"2047\" src=\"https:\/\/www.cltweb.org\/wp-content\/uploads\/2025\/11\/headshot_AKhan.jpg\" alt=\"\" class=\"wp-image-10549\" style=\"aspect-ratio:1;object-fit:cover;width:141px;height:auto\" srcset=\"https:\/\/www.cltweb.org\/wp-content\/uploads\/2025\/11\/headshot_AKhan.jpg 2230w, https:\/\/www.cltweb.org\/wp-content\/uploads\/2025\/11\/headshot_AKhan-300x275.jpg 300w, https:\/\/www.cltweb.org\/wp-content\/uploads\/2025\/11\/headshot_AKhan-1024x940.jpg 1024w, https:\/\/www.cltweb.org\/wp-content\/uploads\/2025\/11\/headshot_AKhan-768x705.jpg 768w, https:\/\/www.cltweb.org\/wp-content\/uploads\/2025\/11\/headshot_AKhan-1536x1410.jpg 1536w, https:\/\/www.cltweb.org\/wp-content\/uploads\/2025\/11\/headshot_AKhan-2048x1880.jpg 2048w\" sizes=\"auto, (max-width: 2230px) 100vw, 2230px\" \/><\/figure>\n\n<p><strong>Amber Khan,<\/strong> becaria postdoctoral, Universidad de Washington<\/p>\n\n<p>AMBER KHAN, PhD, MPH es una acad\u00e9mica interdisciplinar aplicada a las cat\u00e1strofes centrada en las soluciones comunitarias a la crisis clim\u00e1tica, centradas en el uso del suelo y la pol\u00edtica comunitaria, la vivienda asequible y la prevenci\u00f3n del desplazamiento y el aburguesamiento. En su funci\u00f3n actual como becaria postdoctoral en la Universidad de Washington, dirige un estudio internacional con el Centro Internacional de CLT sobre la aplicaci\u00f3n de CLT en la creaci\u00f3n de resiliencia al clima y a los desastres. Como investigadora de acci\u00f3n participativa en el Comit\u00e9 de Servicio Unitario Universalista (UUSC), dise\u00f1a y lleva a cabo investigaciones sobre desplazamiento clim\u00e1tico, migraci\u00f3n y reasentamiento con organizaciones dirigidas por ind\u00edgenas.  <br\/><br\/><\/p>\n<div  class=\"tribe-block tribe-block__organizer__details tribe-clearfix\" >\n\t<div class=\"tribe-block__organizer__title\">\n\t\t<h3><a href=\"https:\/\/www.cltweb.org\/organizador\/international-center-for-community-land-trusts\/\" title=\"International Center for Community Land Trusts\" target=\"_self\" rel=\"\">International Center for Community Land Trusts<\/a><\/h3>\n\t<\/div>\n\t\t\t\t<p class=\"tribe-block__organizer__website\"><a href=\"https:\/\/www.cltweb.org\" target=\"_blank\" rel=\"noopener noreferrer\">Ver el sitio web del Organizador<\/a><\/p>\n\t\t\t\t<p class=\"tribe-block__organizer__email\">&#105;&#110;fo&#064;c&#111;mmu&#110;&#105;&#116;&#121;&#108;a&#110;dt&#114;u&#115;&#116;.net<\/p>\n\t<\/div>\n\t<div  class=\"tribe-block tribe-block__events-link\" >\n\t\t<div class=\"tribe-events tribe-common\">\n\t\t\t<div class=\"tribe-events-c-subscribe-dropdown__container\">\n\t\t\t\t<div class=\"tribe-events-c-subscribe-dropdown\">\n\t\t\t\t\t<div class=\"tribe-common-c-btn-border tribe-events-c-subscribe-dropdown__button\">\n\t\t\t\t\t\t<svg\n\t class=\"tribe-common-c-svgicon tribe-common-c-svgicon--cal-export tribe-events-c-subscribe-dropdown__export-icon\" \taria-hidden=\"true\"\n\tviewBox=\"0 0 23 17\"\n\txmlns=\"http:\/\/www.w3.org\/2000\/svg\"\n>\n\t<path fill-rule=\"evenodd\" clip-rule=\"evenodd\" d=\"M.128.896V16.13c0 .211.145.383.323.383h15.354c.179 0 .323-.172.323-.383V.896c0-.212-.144-.383-.323-.383H.451C.273.513.128.684.128.896Zm16 6.742h-.901V4.679H1.009v10.729h14.218v-3.336h.901V7.638ZM1.01 1.614h14.218v2.058H1.009V1.614Z\" \/>\n\t<path d=\"M20.5 9.846H8.312M18.524 6.953l2.89 2.909-2.855 2.855\" stroke-width=\"1.2\" stroke-linecap=\"round\" stroke-linejoin=\"round\"\/>\n<\/svg>\n\t\t\t\t\t\t<button\n\t\t\t\t\t\t\tclass=\"tribe-events-c-subscribe-dropdown__button-text\"\n\t\t\t\t\t\t\taria-expanded=\"false\"\n\t\t\t\t\t\t\taria-controls=\"tribe-events-subscribe-dropdown-content\"\n\t\t\t\t\t\t\taria-label=\"Ver enlaces para a\u00f1adir eventos al calendario\"\n\t\t\t\t\t\t>\n\t\t\t\t\t\t\tA\u00f1adir al calendario\t\t\t\t\t\t<\/button>\n\t\t\t\t\t\t<svg\n\t class=\"tribe-common-c-svgicon tribe-common-c-svgicon--caret-down tribe-events-c-subscribe-dropdown__button-icon\" \taria-hidden=\"true\"\n\tviewBox=\"0 0 10 7\"\n\txmlns=\"http:\/\/www.w3.org\/2000\/svg\"\n>\n\t<path fill-rule=\"evenodd\" clip-rule=\"evenodd\" d=\"M1.008.609L5 4.6 8.992.61l.958.958L5 6.517.05 1.566l.958-.958z\" class=\"tribe-common-c-svgicon__svg-fill\"\/>\n<\/svg>\n\t\t\t\t\t<\/div>\n\t\t\t\t\t<div id=\"tribe-events-subscribe-dropdown-content\" class=\"tribe-events-c-subscribe-dropdown__content\">\n\t\t\t\t\t\t<ul class=\"tribe-events-c-subscribe-dropdown__list\">\n\t\t\t\t\t\t\t\t\t\t\t\t\t\t\t<li class=\"tribe-events-c-subscribe-dropdown__list-item tribe-events-c-subscribe-dropdown__list-item--gcal\">\n\t\t\t\t\t\t\t\t\t<a\n\t\t\t\t\t\t\t\t\t\thref=\"https:\/\/www.google.com\/calendar\/event?action=TEMPLATE&#038;dates=20251125T133000\/20251125T150000&#038;text=Los%20CLT%20como%20paso%20hacia%20la%20descolonizaci%C3%B3n%20de%20nuestras%20relaciones%20con%20la%20tierra&#038;details=%3Ch2+class%3D%22wp-block-heading%22+id%3D%22h-recordings%22%3EGrabaciones%3C%2Fh2%3E%3Cdiv+class%3D%22wp-block-columns%22%3E%3Cdiv+class%3D%22wp-block-column%22%3E%3Ch3+class%3D%22wp-block-heading+has-text-align-center%22+id%3D%22h-english-recording%22%3EGrabaci%C3%B3n+en+ingl%C3%A9s%3C%2Fh3%3E%3Cfigure+class%3D%22wp-block-embed+is-type-video+is-provider-youtube+wp-block-embed-youtube+wp-embed-aspect-16-9+wp-has-aspect-ratio%22%3E%3Cdiv+class%3D%22wp-block-embed__wrapper%22%3Ehttps%3A%2F%2Fyoutu.be%2F1hSXGbkfiDM%3C%2Fdiv%3E%3C%2Ffigure%3E%3C%2Fdiv%3E%3Cdiv+class%3D%22wp-block-column%22%3E%3Ch3+class%3D%22wp-block-heading+has-text-align-center%22+id%3D%22h-grabacion-en-espanol%22%3EEnglish+recording%3C%2Fh3%3E%3Cfigure+class%3D%22wp-block-embed+is-type-video+is-provider-youtube+wp-block-embed-youtube+wp-embed-aspect-16-9+wp-has-aspect-ratio%22%3E%3Cdiv+class%3D%22wp-block-embed__wrapper%22%3Ehttps%3A%2F%2Fyoutu.be%2FRi8RgIAuX4s%3C%2Fdiv%3E%3C%2Ffigure%3E%3C%2Fdiv%3E%3C%2Fdiv%3E%3Ch2+class%3D%22wp-block-heading%22+id%3D%22h-webinar-resources%22%3ERecursos+del+seminario+web%3C%2Fh2%3E%3Cul+class%3D%22wp-block-list%22%3E%3Cli%3E%3Ca+href%3D%22https%3A%2F%2Fwww.cltweb.org%2Fwp-content%2Fuploads%2F2025%2F11%2FCL%3C%2Fli%3E%3C%2Ful%3E+%28Ver+aqu%C3%AD+la+descripci%C3%B3n+completa+de+evento%3A+https%3A%2F%2Fwww.cltweb.org%2Fes%2Fevent%2Flos-clt-como-paso-hacia-la-descolonizacion-de-nuestras-relaciones-con-la-tierra%2F%29&#038;trp=false&#038;ctz=UTC+0&#038;sprop=website:https:\/\/www.cltweb.org\/es\/\"\n\t\t\t\t\t\t\t\t\t\tclass=\"tribe-events-c-subscribe-dropdown__list-item-link\"\n\t\t\t\t\t\t\t\t\t\ttarget=\"_blank\"\n\t\t\t\t\t\t\t\t\t\trel=\"noopener noreferrer nofollow noindex\"\n\t\t\t\t\t\t\t\t\t>\n\t\t\t\t\t\t\t\t\t\tGoogle Calendar\t\t\t\t\t\t\t\t\t<\/a>\n\t\t\t\t\t\t\t\t<\/li>\n\t\t\t\t\t\t\t\t\t\t\t\t\t\t\t<li class=\"tribe-events-c-subscribe-dropdown__list-item tribe-events-c-subscribe-dropdown__list-item--ical\">\n\t\t\t\t\t\t\t\t\t<a\n\t\t\t\t\t\t\t\t\t\thref=\"\"\n\t\t\t\t\t\t\t\t\t\tclass=\"tribe-events-c-subscribe-dropdown__list-item-link\"\n\t\t\t\t\t\t\t\t\t\ttarget=\"_blank\"\n\t\t\t\t\t\t\t\t\t\trel=\"noopener noreferrer nofollow noindex\"\n\t\t\t\t\t\t\t\t\t>\n\t\t\t\t\t\t\t\t\t\tiCalendar\t\t\t\t\t\t\t\t\t<\/a>\n\t\t\t\t\t\t\t\t<\/li>\n\t\t\t\t\t\t\t\t\t\t\t\t\t\t\t<li class=\"tribe-events-c-subscribe-dropdown__list-item tribe-events-c-subscribe-dropdown__list-item--outlook-365\">\n\t\t\t\t\t\t\t\t\t<a\n\t\t\t\t\t\t\t\t\t\thref=\"\"\n\t\t\t\t\t\t\t\t\t\tclass=\"tribe-events-c-subscribe-dropdown__list-item-link\"\n\t\t\t\t\t\t\t\t\t\ttarget=\"_blank\"\n\t\t\t\t\t\t\t\t\t\trel=\"noopener noreferrer nofollow noindex\"\n\t\t\t\t\t\t\t\t\t>\n\t\t\t\t\t\t\t\t\t\tOutlook 365\t\t\t\t\t\t\t\t\t<\/a>\n\t\t\t\t\t\t\t\t<\/li>\n\t\t\t\t\t\t\t\t\t\t\t\t\t\t\t<li class=\"tribe-events-c-subscribe-dropdown__list-item tribe-events-c-subscribe-dropdown__list-item--outlook-live\">\n\t\t\t\t\t\t\t\t\t<a\n\t\t\t\t\t\t\t\t\t\thref=\"\"\n\t\t\t\t\t\t\t\t\t\tclass=\"tribe-events-c-subscribe-dropdown__list-item-link\"\n\t\t\t\t\t\t\t\t\t\ttarget=\"_blank\"\n\t\t\t\t\t\t\t\t\t\trel=\"noopener noreferrer nofollow noindex\"\n\t\t\t\t\t\t\t\t\t>\n\t\t\t\t\t\t\t\t\t\tOutlook Live\t\t\t\t\t\t\t\t\t<\/a>\n\t\t\t\t\t\t\t\t<\/li>\n\t\t\t\t\t\t\t\t\t\t\t\t\t<\/ul>\n\t\t\t\t\t<\/div>\n\t\t\t\t<\/div>\n\t\t\t<\/div>\n\t\t<\/div>\n\t<\/div>\n\n","protected":false},"excerpt":{"rendered":"<p>Grabaciones Grabaci\u00f3n en ingl\u00e9s English recording Recursos del seminario web Descripci\u00f3n del seminario Durante miles de a\u00f1os, antes de la invasi\u00f3n y colonizaci\u00f3n de Am\u00e9rica, el Caribe y las islas [&hellip;]<\/p>\n","protected":false},"author":2,"featured_media":10558,"template":"","meta":{"give_campaign_id":0,"_tec_requires_first_save":false,"_kad_blocks_custom_css":"","_kad_blocks_head_custom_js":"","_kad_blocks_body_custom_js":"","_kad_blocks_footer_custom_js":"","_EventAllDay":false,"_EventTimezone":"UTC+0","_EventStartDate":"2025-11-25 13:30:00","_EventEndDate":"2025-11-25 15:00:00","_EventStartDateUTC":"2025-11-25 13:30:00","_EventEndDateUTC":"2025-11-25 15:00:00","_EventShowMap":false,"_EventShowMapLink":false,"_EventURL":"https:\/\/us06web.zoom.us\/webinar\/register\/WN_jaYW-pD5RGGAyzid6Jcksg#\/registration","_EventCost":"","_EventCostDescription":"","_EventCurrencySymbol":"","_EventCurrencyCode":"","_EventCurrencyPosition":"","_EventDateTimeSeparator":"","_EventTimeRangeSeparator":"","_EventOrganizerID":[],"_EventVenueID":[],"_OrganizerEmail":"","_OrganizerPhone":"","_OrganizerWebsite":"","_VenueAddress":"","_VenueCity":"","_VenueCountry":"","_VenueProvince":"","_VenueState":"","_VenueZip":"","_VenuePhone":"","_VenueURL":"","_VenueStateProvince":"","_VenueLat":"","_VenueLng":"","_VenueShowMap":false,"_VenueShowMapLink":false,"_tribe_blocks_recurrence_rules":"","_tribe_blocks_recurrence_description":"","_tribe_blocks_recurrence_exclusions":"","_tribe_events_status":"","_tribe_events_status_reason":"","_tribe_events_is_hybrid":"","_tribe_events_is_virtual":"","_tribe_events_virtual_video_source":"","_tribe_events_virtual_embed_video":"","_tribe_events_virtual_linked_button_text":"","_tribe_events_virtual_linked_button":"","_tribe_events_virtual_show_embed_at":"","_tribe_events_virtual_show_embed_to":[],"_tribe_events_virtual_show_on_event":"","_tribe_events_virtual_show_on_views":"","_tribe_events_virtual_url":"","footnotes":""},"tags":[],"tribe_events_cat":[],"class_list":["post-10556","tribe_events","type-tribe_events","status-publish","has-post-thumbnail","hentry"],"blocksy_meta":[],"yoast_head":"<!-- This site is optimized with the Yoast SEO Premium plugin v27.5 (Yoast SEO v27.5) - https:\/\/yoast.com\/product\/yoast-seo-premium-wordpress\/ -->\n<title>Los CLT como paso hacia la descolonizaci\u00f3n de nuestras relaciones con la tierra - International Center for Community Land Trusts<\/title>\n<meta name=\"robots\" content=\"index, follow, max-snippet:-1, max-image-preview:large, max-video-preview:-1\" \/>\n<link rel=\"canonical\" href=\"https:\/\/www.cltweb.org\/es\/event\/los-clt-como-paso-hacia-la-descolonizacion-de-nuestras-relaciones-con-la-tierra\/\" \/>\n<meta property=\"og:locale\" content=\"es_ES\" \/>\n<meta property=\"og:type\" content=\"article\" \/>\n<meta property=\"og:title\" content=\"Los CLT como paso hacia la descolonizaci\u00f3n de nuestras relaciones con la tierra\" \/>\n<meta property=\"og:description\" content=\"Grabaciones Grabaci\u00f3n en ingl\u00e9s English recording Recursos del seminario web Descripci\u00f3n del seminario Durante miles de a\u00f1os, antes de la invasi\u00f3n y colonizaci\u00f3n de Am\u00e9rica, el Caribe y las islas [&hellip;]\" \/>\n<meta property=\"og:url\" content=\"https:\/\/www.cltweb.org\/es\/event\/los-clt-como-paso-hacia-la-descolonizacion-de-nuestras-relaciones-con-la-tierra\/\" \/>\n<meta property=\"og:site_name\" content=\"International Center for Community Land Trusts\" \/>\n<meta property=\"article:publisher\" content=\"https:\/\/www.facebook.com\/cltcenter\" \/>\n<meta property=\"article:modified_time\" content=\"2025-11-26T17:36:08+00:00\" \/>\n<meta property=\"og:image\" content=\"https:\/\/www.cltweb.org\/wp-content\/uploads\/2025\/11\/Social-media-1-scaled.png\" \/>\n\t<meta property=\"og:image:width\" content=\"2560\" \/>\n\t<meta property=\"og:image:height\" content=\"1707\" \/>\n\t<meta property=\"og:image:type\" content=\"image\/png\" \/>\n<meta name=\"twitter:card\" content=\"summary_large_image\" \/>\n<meta name=\"twitter:site\" content=\"@Center4CLTs\" \/>\n<meta name=\"twitter:label1\" content=\"Tiempo de lectura\" \/>\n\t<meta name=\"twitter:data1\" content=\"4 minutos\" \/>\n<script type=\"application\/ld+json\" class=\"yoast-schema-graph\">{\"@context\":\"https:\\\/\\\/schema.org\",\"@graph\":[{\"@type\":\"WebPage\",\"@id\":\"https:\\\/\\\/www.cltweb.org\\\/es\\\/event\\\/los-clt-como-paso-hacia-la-descolonizacion-de-nuestras-relaciones-con-la-tierra\\\/\",\"url\":\"https:\\\/\\\/www.cltweb.org\\\/es\\\/event\\\/los-clt-como-paso-hacia-la-descolonizacion-de-nuestras-relaciones-con-la-tierra\\\/\",\"name\":\"Los CLT como paso hacia la descolonizaci\u00f3n de nuestras relaciones con la tierra - International Center for Community Land Trusts\",\"isPartOf\":{\"@id\":\"https:\\\/\\\/www.cltweb.org\\\/es\\\/#website\"},\"primaryImageOfPage\":{\"@id\":\"https:\\\/\\\/www.cltweb.org\\\/es\\\/event\\\/los-clt-como-paso-hacia-la-descolonizacion-de-nuestras-relaciones-con-la-tierra\\\/#primaryimage\"},\"image\":{\"@id\":\"https:\\\/\\\/www.cltweb.org\\\/es\\\/event\\\/los-clt-como-paso-hacia-la-descolonizacion-de-nuestras-relaciones-con-la-tierra\\\/#primaryimage\"},\"thumbnailUrl\":\"https:\\\/\\\/www.cltweb.org\\\/wp-content\\\/uploads\\\/2025\\\/11\\\/Social-media-1-scaled.png\",\"datePublished\":\"2025-11-04T17:56:37+00:00\",\"dateModified\":\"2025-11-26T17:36:08+00:00\",\"breadcrumb\":{\"@id\":\"https:\\\/\\\/www.cltweb.org\\\/es\\\/event\\\/los-clt-como-paso-hacia-la-descolonizacion-de-nuestras-relaciones-con-la-tierra\\\/#breadcrumb\"},\"inLanguage\":\"es\",\"potentialAction\":[{\"@type\":\"ReadAction\",\"target\":[\"https:\\\/\\\/www.cltweb.org\\\/es\\\/event\\\/los-clt-como-paso-hacia-la-descolonizacion-de-nuestras-relaciones-con-la-tierra\\\/\"]}]},{\"@type\":\"ImageObject\",\"inLanguage\":\"es\",\"@id\":\"https:\\\/\\\/www.cltweb.org\\\/es\\\/event\\\/los-clt-como-paso-hacia-la-descolonizacion-de-nuestras-relaciones-con-la-tierra\\\/#primaryimage\",\"url\":\"https:\\\/\\\/www.cltweb.org\\\/wp-content\\\/uploads\\\/2025\\\/11\\\/Social-media-1-scaled.png\",\"contentUrl\":\"https:\\\/\\\/www.cltweb.org\\\/wp-content\\\/uploads\\\/2025\\\/11\\\/Social-media-1-scaled.png\",\"width\":2560,\"height\":1707},{\"@type\":\"BreadcrumbList\",\"@id\":\"https:\\\/\\\/www.cltweb.org\\\/es\\\/event\\\/los-clt-como-paso-hacia-la-descolonizacion-de-nuestras-relaciones-con-la-tierra\\\/#breadcrumb\",\"itemListElement\":[{\"@type\":\"ListItem\",\"position\":1,\"name\":\"Home\",\"item\":\"https:\\\/\\\/www.cltweb.org\\\/es\\\/\"},{\"@type\":\"ListItem\",\"position\":2,\"name\":\"Eventos\",\"item\":\"https:\\\/\\\/www.cltweb.org\\\/es\\\/events\\\/\"},{\"@type\":\"ListItem\",\"position\":3,\"name\":\"Los CLT como paso hacia la descolonizaci\u00f3n de nuestras relaciones con la tierra\"}]},{\"@type\":\"WebSite\",\"@id\":\"https:\\\/\\\/www.cltweb.org\\\/es\\\/#website\",\"url\":\"https:\\\/\\\/www.cltweb.org\\\/es\\\/\",\"name\":\"International Center for Community Land Trusts\",\"description\":\"\",\"publisher\":{\"@id\":\"https:\\\/\\\/www.cltweb.org\\\/es\\\/#organization\"},\"potentialAction\":[{\"@type\":\"SearchAction\",\"target\":{\"@type\":\"EntryPoint\",\"urlTemplate\":\"https:\\\/\\\/www.cltweb.org\\\/es\\\/?s={search_term_string}\"},\"query-input\":{\"@type\":\"PropertyValueSpecification\",\"valueRequired\":true,\"valueName\":\"search_term_string\"}}],\"inLanguage\":\"es\"},{\"@type\":\"Organization\",\"@id\":\"https:\\\/\\\/www.cltweb.org\\\/es\\\/#organization\",\"name\":\"International Center for Community Land Trusts\",\"url\":\"https:\\\/\\\/www.cltweb.org\\\/es\\\/\",\"logo\":{\"@type\":\"ImageObject\",\"inLanguage\":\"es\",\"@id\":\"https:\\\/\\\/www.cltweb.org\\\/es\\\/#\\\/schema\\\/logo\\\/image\\\/\",\"url\":\"https:\\\/\\\/www.cltweb.org\\\/wp-content\\\/uploads\\\/2024\\\/11\\\/New-CLT-Center-Text-logo.png\",\"contentUrl\":\"https:\\\/\\\/www.cltweb.org\\\/wp-content\\\/uploads\\\/2024\\\/11\\\/New-CLT-Center-Text-logo.png\",\"width\":227,\"height\":80,\"caption\":\"International Center for Community Land Trusts\"},\"image\":{\"@id\":\"https:\\\/\\\/www.cltweb.org\\\/es\\\/#\\\/schema\\\/logo\\\/image\\\/\"},\"sameAs\":[\"https:\\\/\\\/www.facebook.com\\\/cltcenter\",\"https:\\\/\\\/x.com\\\/Center4CLTs\",\"https:\\\/\\\/www.instagram.com\\\/cltcenter\\\/\",\"https:\\\/\\\/www.linkedin.com\\\/company\\\/cltcenter\",\"https:\\\/\\\/www.youtube.com\\\/@centerforcltinnovation5313\"],\"description\":\"The International Center for Community Land Trusts is a not-for-profit nongovernmental organization established in 2018 to promote and to support community land trusts and similar strategies of community-led development on community-owned land in countries throughout the world.\",\"email\":\"info@communitylandtrust.net\",\"legalName\":\"International Center for Community Land Trusts\",\"foundingDate\":\"2018-12-01\",\"taxID\":\"84-3858933\",\"numberOfEmployees\":{\"@type\":\"QuantitativeValue\",\"minValue\":\"1\",\"maxValue\":\"10\"}}]}<\/script>\n<!-- \/ Yoast SEO Premium plugin. -->","yoast_head_json":{"title":"Los CLT como paso hacia la descolonizaci\u00f3n de nuestras relaciones con la tierra - International Center for Community Land Trusts","robots":{"index":"index","follow":"follow","max-snippet":"max-snippet:-1","max-image-preview":"max-image-preview:large","max-video-preview":"max-video-preview:-1"},"canonical":"https:\/\/www.cltweb.org\/es\/event\/los-clt-como-paso-hacia-la-descolonizacion-de-nuestras-relaciones-con-la-tierra\/","og_locale":"es_ES","og_type":"article","og_title":"Los CLT como paso hacia la descolonizaci\u00f3n de nuestras relaciones con la tierra","og_description":"Grabaciones Grabaci\u00f3n en ingl\u00e9s English recording Recursos del seminario web Descripci\u00f3n del seminario Durante miles de a\u00f1os, antes de la invasi\u00f3n y colonizaci\u00f3n de Am\u00e9rica, el Caribe y las islas [&hellip;]","og_url":"https:\/\/www.cltweb.org\/es\/event\/los-clt-como-paso-hacia-la-descolonizacion-de-nuestras-relaciones-con-la-tierra\/","og_site_name":"International Center for Community Land Trusts","article_publisher":"https:\/\/www.facebook.com\/cltcenter","article_modified_time":"2025-11-26T17:36:08+00:00","og_image":[{"width":2560,"height":1707,"url":"https:\/\/www.cltweb.org\/wp-content\/uploads\/2025\/11\/Social-media-1-scaled.png","type":"image\/png"}],"twitter_card":"summary_large_image","twitter_site":"@Center4CLTs","twitter_misc":{"Tiempo de lectura":"4 minutos"},"schema":{"@context":"https:\/\/schema.org","@graph":[{"@type":"WebPage","@id":"https:\/\/www.cltweb.org\/es\/event\/los-clt-como-paso-hacia-la-descolonizacion-de-nuestras-relaciones-con-la-tierra\/","url":"https:\/\/www.cltweb.org\/es\/event\/los-clt-como-paso-hacia-la-descolonizacion-de-nuestras-relaciones-con-la-tierra\/","name":"Los CLT como paso hacia la descolonizaci\u00f3n de nuestras relaciones con la tierra - International Center for Community Land Trusts","isPartOf":{"@id":"https:\/\/www.cltweb.org\/es\/#website"},"primaryImageOfPage":{"@id":"https:\/\/www.cltweb.org\/es\/event\/los-clt-como-paso-hacia-la-descolonizacion-de-nuestras-relaciones-con-la-tierra\/#primaryimage"},"image":{"@id":"https:\/\/www.cltweb.org\/es\/event\/los-clt-como-paso-hacia-la-descolonizacion-de-nuestras-relaciones-con-la-tierra\/#primaryimage"},"thumbnailUrl":"https:\/\/www.cltweb.org\/wp-content\/uploads\/2025\/11\/Social-media-1-scaled.png","datePublished":"2025-11-04T17:56:37+00:00","dateModified":"2025-11-26T17:36:08+00:00","breadcrumb":{"@id":"https:\/\/www.cltweb.org\/es\/event\/los-clt-como-paso-hacia-la-descolonizacion-de-nuestras-relaciones-con-la-tierra\/#breadcrumb"},"inLanguage":"es","potentialAction":[{"@type":"ReadAction","target":["https:\/\/www.cltweb.org\/es\/event\/los-clt-como-paso-hacia-la-descolonizacion-de-nuestras-relaciones-con-la-tierra\/"]}]},{"@type":"ImageObject","inLanguage":"es","@id":"https:\/\/www.cltweb.org\/es\/event\/los-clt-como-paso-hacia-la-descolonizacion-de-nuestras-relaciones-con-la-tierra\/#primaryimage","url":"https:\/\/www.cltweb.org\/wp-content\/uploads\/2025\/11\/Social-media-1-scaled.png","contentUrl":"https:\/\/www.cltweb.org\/wp-content\/uploads\/2025\/11\/Social-media-1-scaled.png","width":2560,"height":1707},{"@type":"BreadcrumbList","@id":"https:\/\/www.cltweb.org\/es\/event\/los-clt-como-paso-hacia-la-descolonizacion-de-nuestras-relaciones-con-la-tierra\/#breadcrumb","itemListElement":[{"@type":"ListItem","position":1,"name":"Home","item":"https:\/\/www.cltweb.org\/es\/"},{"@type":"ListItem","position":2,"name":"Eventos","item":"https:\/\/www.cltweb.org\/es\/events\/"},{"@type":"ListItem","position":3,"name":"Los CLT como paso hacia la descolonizaci\u00f3n de nuestras relaciones con la tierra"}]},{"@type":"WebSite","@id":"https:\/\/www.cltweb.org\/es\/#website","url":"https:\/\/www.cltweb.org\/es\/","name":"International Center for Community Land Trusts","description":"","publisher":{"@id":"https:\/\/www.cltweb.org\/es\/#organization"},"potentialAction":[{"@type":"SearchAction","target":{"@type":"EntryPoint","urlTemplate":"https:\/\/www.cltweb.org\/es\/?s={search_term_string}"},"query-input":{"@type":"PropertyValueSpecification","valueRequired":true,"valueName":"search_term_string"}}],"inLanguage":"es"},{"@type":"Organization","@id":"https:\/\/www.cltweb.org\/es\/#organization","name":"International Center for Community Land Trusts","url":"https:\/\/www.cltweb.org\/es\/","logo":{"@type":"ImageObject","inLanguage":"es","@id":"https:\/\/www.cltweb.org\/es\/#\/schema\/logo\/image\/","url":"https:\/\/www.cltweb.org\/wp-content\/uploads\/2024\/11\/New-CLT-Center-Text-logo.png","contentUrl":"https:\/\/www.cltweb.org\/wp-content\/uploads\/2024\/11\/New-CLT-Center-Text-logo.png","width":227,"height":80,"caption":"International Center for Community Land Trusts"},"image":{"@id":"https:\/\/www.cltweb.org\/es\/#\/schema\/logo\/image\/"},"sameAs":["https:\/\/www.facebook.com\/cltcenter","https:\/\/x.com\/Center4CLTs","https:\/\/www.instagram.com\/cltcenter\/","https:\/\/www.linkedin.com\/company\/cltcenter","https:\/\/www.youtube.com\/@centerforcltinnovation5313"],"description":"The International Center for Community Land Trusts is a not-for-profit nongovernmental organization established in 2018 to promote and to support community land trusts and similar strategies of community-led development on community-owned land in countries throughout the world.","email":"info@communitylandtrust.net","legalName":"International Center for Community Land Trusts","foundingDate":"2018-12-01","taxID":"84-3858933","numberOfEmployees":{"@type":"QuantitativeValue","minValue":"1","maxValue":"10"}}]}},"taxonomy_info":[],"featured_image_src_large":["https:\/\/www.cltweb.org\/wp-content\/uploads\/2025\/11\/Social-media-1-scaled.png",1024,683,false],"author_info":{"display_name":"Ben Harris","author_link":"https:\/\/www.cltweb.org\/es\/author\/ben\/"},"comment_info":"","jetpack_sharing_enabled":true,"_links":{"self":[{"href":"https:\/\/www.cltweb.org\/es\/wp-json\/wp\/v2\/tribe_events\/10556","targetHints":{"allow":["GET"]}}],"collection":[{"href":"https:\/\/www.cltweb.org\/es\/wp-json\/wp\/v2\/tribe_events"}],"about":[{"href":"https:\/\/www.cltweb.org\/es\/wp-json\/wp\/v2\/types\/tribe_events"}],"author":[{"embeddable":true,"href":"https:\/\/www.cltweb.org\/es\/wp-json\/wp\/v2\/users\/2"}],"version-history":[{"count":8,"href":"https:\/\/www.cltweb.org\/es\/wp-json\/wp\/v2\/tribe_events\/10556\/revisions"}],"predecessor-version":[{"id":10786,"href":"https:\/\/www.cltweb.org\/es\/wp-json\/wp\/v2\/tribe_events\/10556\/revisions\/10786"}],"wp:featuredmedia":[{"embeddable":true,"href":"https:\/\/www.cltweb.org\/es\/wp-json\/wp\/v2\/media\/10558"}],"wp:attachment":[{"href":"https:\/\/www.cltweb.org\/es\/wp-json\/wp\/v2\/media?parent=10556"}],"wp:term":[{"taxonomy":"post_tag","embeddable":true,"href":"https:\/\/www.cltweb.org\/es\/wp-json\/wp\/v2\/tags?post=10556"},{"taxonomy":"tribe_events_cat","embeddable":true,"href":"https:\/\/www.cltweb.org\/es\/wp-json\/wp\/v2\/tribe_events_cat?post=10556"}],"curies":[{"name":"wp","href":"https:\/\/api.w.org\/{rel}","templated":true}]}}