{"id":10982,"date":"2026-01-06T22:12:06","date_gmt":"2026-01-06T22:12:06","guid":{"rendered":"https:\/\/www.cltweb.org\/event\/la-vivienda-inclusiva-y-el-papel-de-las-clt-perspectivas-transregionales-sobre-la-politica-inmobiliaria-y-la-asequibilidad-a-largo-plazo\/"},"modified":"2026-01-20T22:38:50","modified_gmt":"2026-01-20T22:38:50","slug":"la-vivienda-inclusiva-y-el-papel-de-las-clt-perspectivas-transregionales-sobre-la-politica-inmobiliaria-y-la-asequibilidad-a-largo-plazo","status":"publish","type":"tribe_events","link":"https:\/\/www.cltweb.org\/es\/event\/la-vivienda-inclusiva-y-el-papel-de-las-clt-perspectivas-transregionales-sobre-la-politica-inmobiliaria-y-la-asequibilidad-a-largo-plazo\/","title":{"rendered":"La Vivienda Inclusiva y el Papel de las CLT: Perspectivas transregionales sobre la pol\u00edtica inmobiliaria y la asequibilidad a largo plazo"},"content":{"rendered":"<div  class=\"tribe-events-schedule tribe-clearfix\" >\n\t<p class=\"tribe-events-schedule__datetime\">\n\t\t<span class=\"tribe-events-schedule__date tribe-events-schedule__date--start\">\n\t\t\tfebrero 3\t\t<\/span>\n\n\t\t\t\t\t<span class=\"tribe-events-schedule__separator tribe-events-schedule__separator--date\">\n\t\t\t\t @ \t\t\t<\/span>\n\t\t\t<span class=\"tribe-events-schedule__time tribe-events-schedule__time--start\">\n\t\t\t\t11:00\t\t\t<\/span>\n\t\t\n\t\t\t\t\t\t\t\t\t<span class=\"tribe-events-schedule__separator tribe-events-schedule__separator--time\">\n\t\t\t\t\t &#8211; \t\t\t\t<\/span>\n\t\t\t\n\t\t\t\t\t\t\t<span class=\"tribe-events-schedule__time tribe-events-schedule__time--end\">\n\t\t\t\t\t12:30\t\t\t\t<\/span>\n\t\t\t\n\t\t\t\t\t\t\t<span class=\"tribe-events-schedule__timezone\">UTC+0<\/span>\n\t\t\t\t\t\t<\/p>\n<\/div>\n\n<div class=\"wp-block-buttons alignwide is-content-justification-center is-layout-flex wp-container-core-buttons-is-layout-a89b3969 wp-block-buttons-is-layout-flex\">\n<div class=\"wp-block-button is-style-outline is-style-outline--2\"><a class=\"wp-block-button__link has-text-align-center wp-element-button\" href=\"https:\/\/us06web.zoom.us\/webinar\/register\/WN_K7nghILbTGOFGOl3rRkBcA\" style=\"padding-top:0;padding-right:var(--wp--preset--spacing--80);padding-bottom:0;padding-left:var(--wp--preset--spacing--80)\" target=\"_blank\" rel=\"noreferrer noopener\"><strong>Inscr\u00edbete aqu\u00ed<\/strong><\/a><\/div>\n<\/div>\n\n<div style=\"height:42px\" aria-hidden=\"true\" class=\"wp-block-spacer\"><\/div>\n\n<figure class=\"wp-block-image aligncenter size-large\"><a href=\"https:\/\/us06web.zoom.us\/webinar\/register\/WN_K7nghILbTGOFGOl3rRkBcA\" target=\"_blank\" rel=\" noreferrer noopener\"><img loading=\"lazy\" decoding=\"async\" width=\"1024\" height=\"683\" src=\"https:\/\/www.cltweb.org\/wp-content\/uploads\/2026\/01\/Graphic_EN-1024x683.png\" alt=\"\" class=\"wp-image-11027\" srcset=\"https:\/\/www.cltweb.org\/wp-content\/uploads\/2026\/01\/Graphic_EN-1024x683.png 1024w, https:\/\/www.cltweb.org\/wp-content\/uploads\/2026\/01\/Graphic_EN-300x200.png 300w, https:\/\/www.cltweb.org\/wp-content\/uploads\/2026\/01\/Graphic_EN-768x512.png 768w, https:\/\/www.cltweb.org\/wp-content\/uploads\/2026\/01\/Graphic_EN-1536x1024.png 1536w, https:\/\/www.cltweb.org\/wp-content\/uploads\/2026\/01\/Graphic_EN-2048x1365.png 2048w\" sizes=\"auto, (max-width: 1024px) 100vw, 1024px\" \/><\/a><\/figure>\n\n<h2 class=\"wp-block-heading\" id=\"h-webinar-description\">Descripci\u00f3n del seminario<\/h2>\n\n<p>A medida que las ciudades de todo el mundo se enfrentan a crisis cada vez m\u00e1s profundas de asequibilidad de la vivienda, las pol\u00edticas de vivienda de inclusi\u00f3n est\u00e1n surgiendo como poderosas herramientas para ampliar el acceso a viviendas asequibles de forma permanente. Sin embargo, sigue habiendo dudas sobre c\u00f3mo se gestionan estas viviendas a lo largo del tiempo y c\u00f3mo puede protegerse la asequibilidad m\u00e1s all\u00e1 de los periodos normativos iniciales. <\/p>\n\n<p>El 3 de febrero de 2026, la Red Europea de Fideicomisos de la Tierra y el Centro Internacional de Fideicomisos de la Tierra Comunitarios organizar\u00e1n conjuntamente un seminario web internacional en el que se analizar\u00e1 c\u00f3mo pueden combinarse las pol\u00edticas de vivienda de inclusi\u00f3n con los fideicomisos de la tierra para garantizar una asequibilidad duradera, reforzar la administraci\u00f3n de la tierra, promover la cohesi\u00f3n social y ampliar el acceso a viviendas estables y controladas por la comunidad. Los t\u00e9rminos &#8220;vivienda de inclusi\u00f3n&#8221; y &#8220;zonificaci\u00f3n de inclusi\u00f3n&#8221; se refieren a una serie de pol\u00edticas locales (o a veces estatales) que llevan a los promotores residenciales a incluir viviendas asequibles en los nuevos edificios o subdivisiones. En algunos casos, estas pol\u00edticas exigen que todo nuevo proyecto incluya alg\u00fan porcentaje de unidades asequibles. En otros casos, la jurisdicci\u00f3n ofrece incentivos como una mayor densidad o reducciones de tasas que s\u00f3lo est\u00e1n disponibles para los proyectos que opten voluntariamente por incluir unidades asequibles.   <\/p>\n\n<p>Bas\u00e1ndose en experiencias tanto de Estados Unidos como de Europa, la sesi\u00f3n examinar\u00e1 c\u00f3mo las CLT pueden actuar como administradoras a largo plazo de viviendas producidas mediante programas de vivienda de inclusi\u00f3n, y por qu\u00e9 esta asociaci\u00f3n es esencial para preservar la asequibilidad durante generaciones. Los ponentes destacar\u00e1n los principales retos y oportunidades, incluida la complejidad administrativa de los mecanismos de inclusi\u00f3n, las lecciones aprendidas de la pr\u00e1ctica de la zonificaci\u00f3n de inclusi\u00f3n estadounidense y el potencial para adaptar y perfeccionar estas herramientas dentro de los marcos pol\u00edticos europeos. <\/p>\n\n<p>Moderado por Eduard Cabr\u00e9 (Espa\u00f1a), entre los ponentes figuran:<\/p>\n\n<ul class=\"wp-block-list\">\n<li style=\"font-size:clamp(14px, 0.875rem + ((1vw - 3.2px) * 0.313), 18px);\">Dev Goetschius, Housing Land Trust of the North Bay, Director Ejecutivo (EEUU)<\/li>\n\n\n\n<li style=\"font-size:clamp(14px, 0.875rem + ((1vw - 3.2px) * 0.313), 18px);\">Jean-Baptiste Debrandt, Ayuntamiento de Lille, Jefe del Departamento de Vivienda (Francia)<\/li>\n\n\n\n<li style=\"font-size:clamp(14px, 0.875rem + ((1vw - 3.2px) * 0.313), 18px);\">Jean-Marie Halleux, Universidad de Lieja (B\u00e9lgica)<\/li>\n\n\n\n<li style=\"font-size:clamp(14px, 0.875rem + ((1vw - 3.2px) * 0.313), 18px);\">Rick Jacobus, Street Level Advisors, Director (EE.UU.)<\/li>\n<\/ul>\n\n<p>Dise\u00f1ado para profesionales de las CLT, responsables pol\u00edticos, defensores de la vivienda y funcionarios municipales, los participantes saldr\u00e1n con una comprensi\u00f3n m\u00e1s clara de c\u00f3mo funcionan las pol\u00edticas de vivienda de inclusi\u00f3n, qu\u00e9 las hace eficaces y c\u00f3mo las CLT pueden asociarse con las autoridades p\u00fablicas para administrar unidades, integrar la equidad y garantizar el beneficio comunitario a largo plazo. El seminario web se impartir\u00e1 en ingl\u00e9s, y se a\u00f1adir\u00e1n subt\u00edtulos en franc\u00e9s y espa\u00f1ol a la grabaci\u00f3n cuando se publique en YouTube. <\/p>\n\n<h3 class=\"wp-block-heading\" id=\"h-support-this-work\"><strong>Apoya este trabajo<\/strong><\/h3>\n\n<p>El Centro CLT re\u00fane a profesionales, investigadores y comunidades de distintas regiones para compartir experiencias y fortalecer el movimiento CLT a escala mundial. Este evento es gratuito y est\u00e1 abierto a todos. Si puedes apoyar nuestro trabajo, tu contribuci\u00f3n nos ayuda a seguir ofreciendo eventos gratuitos, recursos y oportunidades de intercambio entre iguales en distintos contextos.  <\/p>\n\n<div class=\"wp-block-buttons alignwide is-content-justification-center is-layout-flex wp-container-core-buttons-is-layout-a89b3969 wp-block-buttons-is-layout-flex\">\n<div class=\"wp-block-button is-style-outline is-style-outline--3\"><a class=\"wp-block-button__link has-text-align-center wp-element-button\" href=\"https:\/\/www.cltweb.org\/es\/sobre-nosotros\/dona\/\" style=\"padding-top:0;padding-right:var(--wp--preset--spacing--80);padding-bottom:0;padding-left:var(--wp--preset--spacing--80)\" target=\"_blank\" rel=\"noreferrer noopener\"><strong>Apoya nuestro trabajo<\/strong><\/a><\/div>\n<\/div>\n\n<div style=\"height:42px\" aria-hidden=\"true\" class=\"wp-block-spacer\"><\/div>\n\n<h2 class=\"wp-block-heading\" id=\"h-moderator-and-speakers\">Moderador y ponentes<\/h2>\n\n<figure class=\"wp-block-image alignright size-full is-resized\"><img loading=\"lazy\" decoding=\"async\" width=\"1376\" height=\"1294\" src=\"https:\/\/www.cltweb.org\/wp-content\/uploads\/2026\/01\/Eduard-Dublin-2025.png\" alt=\"\" class=\"wp-image-10976\" style=\"width:145px;height:auto\" srcset=\"https:\/\/www.cltweb.org\/wp-content\/uploads\/2026\/01\/Eduard-Dublin-2025.png 1376w, https:\/\/www.cltweb.org\/wp-content\/uploads\/2026\/01\/Eduard-Dublin-2025-300x282.png 300w, https:\/\/www.cltweb.org\/wp-content\/uploads\/2026\/01\/Eduard-Dublin-2025-1024x963.png 1024w, https:\/\/www.cltweb.org\/wp-content\/uploads\/2026\/01\/Eduard-Dublin-2025-768x722.png 768w\" sizes=\"auto, (max-width: 1376px) 100vw, 1376px\" \/><\/figure>\n\n<p><strong>Eduard Cabr\u00e9<\/strong>, Consultor de Pol\u00edtica de Vivienda (Espa\u00f1a)<\/p>\n\n<p>EDUARD CABR\u00c9 trabaja como consultor en pol\u00edticas de vivienda para gobiernos locales y organizaciones sin \u00e1nimo de lucro. Actualmente asesora al Instituto Municipal de Vivienda y Rehabilitaci\u00f3n de Barcelona en proyectos europeos y de innovaci\u00f3n, y colabora regularmente con la Diputaci\u00f3n de Barcelona, la Diputaci\u00f3n de Girona y ayuntamientos de toda Catalu\u00f1a. <\/p>\n\n<p>Es licenciado en Ciencias Pol\u00edticas por la Universidad Pompeu Fabra, M\u00e1ster en Gesti\u00f3n y Valoraci\u00f3n Urbanas por la Universidad Polit\u00e9cnica de Catalu\u00f1a y M\u00e1ster en Planificaci\u00f3n Urbana por la Universidad de Nueva York.<\/p>\n\n<figure class=\"wp-block-image alignright size-full is-resized\"><img loading=\"lazy\" decoding=\"async\" width=\"279\" height=\"271\" src=\"https:\/\/www.cltweb.org\/wp-content\/uploads\/2026\/01\/Screenshot-2026-01-06-at-5.09.42-PM.png\" alt=\"\" class=\"wp-image-10992\" style=\"width:142px\"\/><\/figure>\n\n<p><strong>Jean-Baptiste Debrandt<\/strong>, Ayuntamiento de Lille, Jefe del Departamento de Vivienda (Francia)<\/p>\n\n<p>JEAN-BAPTISTE DEBRANDT es funcionario del Ayuntamiento de Lille, donde ocupa el cargo de Jefe del Departamento de Vivienda. Participa en proyectos europeos relacionados con el desarrollo sostenible. <\/p>\n\n<div style=\"height:61px\" aria-hidden=\"true\" class=\"wp-block-spacer\"><\/div>\n\n<figure class=\"wp-block-image alignright size-full is-resized\"><img loading=\"lazy\" decoding=\"async\" width=\"190\" height=\"185\" src=\"https:\/\/www.cltweb.org\/wp-content\/uploads\/2026\/01\/Dev.png\" alt=\"\" class=\"wp-image-10977\" style=\"aspect-ratio:1;object-fit:cover;width:142px;height:auto\"\/><\/figure>\n\n<p><strong>Dev Goetschius, <\/strong><a href=\"https:\/\/www.housinglandtrust.org\/\" target=\"_blank\" rel=\"noreferrer noopener\">Housing Land Trust of the North Bay<\/a>, Director Ejecutivo (EEUU)<\/p>\n\n<p>DEVIKA &#8220;DEV&#8221; GOETSCHIUS es una l\u00edder reconocida a nivel nacional en fideicomisos de la tierra comunitarios y propiedad de viviendas permanentemente asequibles, con m\u00e1s de dos d\u00e9cadas de experiencia en el desarrollo de viviendas equitativas. Como Directora Ejecutiva del Fideicomiso de Vivienda del Condado de Sonoma y socia de Burlington Associates in Community Development, Dev ha ayudado a poner en marcha y apoyar docenas de programas de vivienda de equidad compartida en todo EEUU. Tambi\u00e9n forma parte de los consejos de Generation Housing e International Center for Community Land Trusts, y es asesora de confianza de gobiernos locales, organizaciones sin \u00e1nimo de lucro y afiliados de Habitat for Humanity. Habla con fluidez espa\u00f1ol, hindi y sindhi, y aporta a su trabajo un enfoque multiling\u00fce y centrado en la comunidad, basado en el compromiso con la asequibilidad a largo plazo y la justicia en materia de vivienda.   <\/p>\n\n<figure class=\"wp-block-image alignright size-full is-resized\"><img loading=\"lazy\" decoding=\"async\" width=\"640\" height=\"480\" src=\"https:\/\/www.cltweb.org\/wp-content\/uploads\/2026\/01\/Jean-Marie.jpg\" alt=\"\" class=\"wp-image-10978\" style=\"aspect-ratio:1;object-fit:cover;width:141px\" srcset=\"https:\/\/www.cltweb.org\/wp-content\/uploads\/2026\/01\/Jean-Marie.jpg 640w, https:\/\/www.cltweb.org\/wp-content\/uploads\/2026\/01\/Jean-Marie-300x225.jpg 300w\" sizes=\"auto, (max-width: 640px) 100vw, 640px\" \/><\/figure>\n\n<p><strong>Jean-Marie Halleux,<\/strong> Universidad de Lieja, Profesor (B\u00e9lgica)<\/p>\n\n<p>JEAN-MARIE HALLEUX es profesor en la Universidad de Lieja (B\u00e9lgica), donde ense\u00f1a geograf\u00eda econ\u00f3mica y ordenaci\u00f3n del territorio. Sus investigaciones se centran en las relaciones entre geograf\u00eda, econom\u00eda urbana y ordenaci\u00f3n del territorio. Ha participado en varios programas europeos de investigaci\u00f3n (Interreg, COST, PUCA, JPI Urban Europe), a trav\u00e9s de los cuales ha desarrollado su experiencia en la comparaci\u00f3n internacional de pol\u00edticas territoriales y sistemas de planificaci\u00f3n. Su investigaci\u00f3n comparativa se centra en las culturas de planificaci\u00f3n, la densificaci\u00f3n blanda, la sobriedad del suelo (no ocupaci\u00f3n neta del suelo), la captura del valor del suelo y el impacto del suelo industrial en el desarrollo econ\u00f3mico. En 2022, fue uno de los editores del libro <em>Public Value Capture of Increasing Property Values across Europe<\/em>, que ofrece una visi\u00f3n general y un debate sobre los instrumentos y pr\u00e1cticas de captura del valor del suelo en 29 pa\u00edses.    <\/p>\n\n<figure class=\"wp-block-image alignright size-full is-resized\"><img loading=\"lazy\" decoding=\"async\" width=\"604\" height=\"566\" src=\"https:\/\/www.cltweb.org\/wp-content\/uploads\/2026\/01\/RickJacobus.jpg\" alt=\"\" class=\"wp-image-10979\" style=\"aspect-ratio:1;object-fit:cover;width:141px;height:auto\" srcset=\"https:\/\/www.cltweb.org\/wp-content\/uploads\/2026\/01\/RickJacobus.jpg 604w, https:\/\/www.cltweb.org\/wp-content\/uploads\/2026\/01\/RickJacobus-300x281.jpg 300w\" sizes=\"auto, (max-width: 604px) 100vw, 604px\" \/><\/figure>\n\n<p><strong>Rick Jacobus,<\/strong> <a href=\"http:\/\/streetleveladvisors.com\" target=\"_blank\" rel=\"noreferrer noopener\">Street Level Urban Impact Advisors<\/a>, Prinicipal (EEUU)<\/p>\n\n<p>RICK JACOBUS es uno de los principales expertos del pa\u00eds en viviendas de inclusi\u00f3n y propiedad de viviendas asequibles.<\/p>\n\n<p>Rick es autor de Viviendas de Inclusi\u00f3n: Creating and Maintaining Equitable Communities, que ha sido calificado como la gu\u00eda de referencia para el dise\u00f1o de pol\u00edticas de vivienda de inclusi\u00f3n. Rick trabaj\u00f3 directamente con los Ayuntamientos de Denver, Seattle y San Jos\u00e9 para orientar el redise\u00f1o del programa de vivienda de inclusi\u00f3n de cada ciudad. Adem\u00e1s, ha asesorado sobre el dise\u00f1o y la aplicaci\u00f3n de programas de vivienda de inclusi\u00f3n a m\u00e1s de una docena de ciudades, como Nueva York, Minneapolis, San Francisco, Santa M\u00f3nica, Palo Alto, Chicago y Atlanta.  <\/p>\n\n<p>Tambi\u00e9n ha sido becario del Instituto Lincoln de Pol\u00edtica Territorial, profesor del Departamento de Planificaci\u00f3n Urbana y Regional de la Universidad de Berkeley y Oficial Superior de Programas de la Corporaci\u00f3n de Apoyo a las Iniciativas Locales.<\/p>\n\n<p>Es licenciado por el Oberlin College y tiene un M\u00e1ster en Planificaci\u00f3n Urbana por la Universidad de California en Berkeley.<\/p>\n\n<p><br\/><\/p>\n<div  class=\"tribe-block tribe-block__organizer__details tribe-clearfix\" >\n\t<div class=\"tribe-block__organizer__title\">\n\t\t<h3><a href=\"https:\/\/www.cltweb.org\/organizador\/international-center-for-community-land-trusts\/\" title=\"International Center for Community Land Trusts\" target=\"_self\" rel=\"\">International Center for Community Land Trusts<\/a><\/h3>\n\t<\/div>\n\t\t\t\t<p class=\"tribe-block__organizer__website\"><a href=\"https:\/\/www.cltweb.org\" target=\"_blank\" rel=\"noopener noreferrer\">Ver el sitio web del Organizador<\/a><\/p>\n\t\t\t\t<p class=\"tribe-block__organizer__email\">&#105;n&#102;&#111;&#064;c&#111;m&#109;&#117;n&#105;&#116;&#121;&#108;a&#110;d&#116;ru&#115;t&#046;&#110;&#101;&#116;<\/p>\n\t<\/div>\n<div  class=\"tribe-block tribe-block__venue tribe-clearfix\" >\n\t\n\t\t\n\t<\/div>\n\t<div  class=\"tribe-block tribe-block__events-link\" >\n\t\t<div class=\"tribe-events tribe-common\">\n\t\t\t<div class=\"tribe-events-c-subscribe-dropdown__container\">\n\t\t\t\t<div class=\"tribe-events-c-subscribe-dropdown\">\n\t\t\t\t\t<div class=\"tribe-common-c-btn-border tribe-events-c-subscribe-dropdown__button\">\n\t\t\t\t\t\t<svg\n\t class=\"tribe-common-c-svgicon tribe-common-c-svgicon--cal-export tribe-events-c-subscribe-dropdown__export-icon\" \taria-hidden=\"true\"\n\tviewBox=\"0 0 23 17\"\n\txmlns=\"http:\/\/www.w3.org\/2000\/svg\"\n>\n\t<path fill-rule=\"evenodd\" clip-rule=\"evenodd\" d=\"M.128.896V16.13c0 .211.145.383.323.383h15.354c.179 0 .323-.172.323-.383V.896c0-.212-.144-.383-.323-.383H.451C.273.513.128.684.128.896Zm16 6.742h-.901V4.679H1.009v10.729h14.218v-3.336h.901V7.638ZM1.01 1.614h14.218v2.058H1.009V1.614Z\" \/>\n\t<path d=\"M20.5 9.846H8.312M18.524 6.953l2.89 2.909-2.855 2.855\" stroke-width=\"1.2\" stroke-linecap=\"round\" stroke-linejoin=\"round\"\/>\n<\/svg>\n\t\t\t\t\t\t<button\n\t\t\t\t\t\t\tclass=\"tribe-events-c-subscribe-dropdown__button-text\"\n\t\t\t\t\t\t\taria-expanded=\"false\"\n\t\t\t\t\t\t\taria-controls=\"tribe-events-subscribe-dropdown-content\"\n\t\t\t\t\t\t\taria-label=\"Ver enlaces para a\u00f1adir eventos al calendario\"\n\t\t\t\t\t\t>\n\t\t\t\t\t\t\tA\u00f1adir al calendario\t\t\t\t\t\t<\/button>\n\t\t\t\t\t\t<svg\n\t class=\"tribe-common-c-svgicon tribe-common-c-svgicon--caret-down tribe-events-c-subscribe-dropdown__button-icon\" \taria-hidden=\"true\"\n\tviewBox=\"0 0 10 7\"\n\txmlns=\"http:\/\/www.w3.org\/2000\/svg\"\n>\n\t<path fill-rule=\"evenodd\" clip-rule=\"evenodd\" d=\"M1.008.609L5 4.6 8.992.61l.958.958L5 6.517.05 1.566l.958-.958z\" class=\"tribe-common-c-svgicon__svg-fill\"\/>\n<\/svg>\n\t\t\t\t\t<\/div>\n\t\t\t\t\t<div id=\"tribe-events-subscribe-dropdown-content\" class=\"tribe-events-c-subscribe-dropdown__content\">\n\t\t\t\t\t\t<ul class=\"tribe-events-c-subscribe-dropdown__list\">\n\t\t\t\t\t\t\t\t\t\t\t\t\t\t\t<li class=\"tribe-events-c-subscribe-dropdown__list-item tribe-events-c-subscribe-dropdown__list-item--gcal\">\n\t\t\t\t\t\t\t\t\t<a\n\t\t\t\t\t\t\t\t\t\thref=\"https:\/\/www.google.com\/calendar\/event?action=TEMPLATE&#038;dates=20260203T110000\/20260203T123000&#038;text=La%20Vivienda%20Inclusiva%20y%20el%20Papel%20de%20las%20CLT%3A%20Perspectivas%20transregionales%20sobre%20la%20pol%C3%ADtica%20inmobiliaria%20y%20la%20asequibilidad%20a%20largo%20plazo&#038;details=%3Cdiv+class%3D%22wp-block-buttons+alignwide%22%3E%3Cdiv+class%3D%22wp-block-button+is-style-outline%22%3E%3Ca+class%3D%22wp-block-button__link+has-text-align-center+wp-element-button%22+href%3D%22https%3A%2F%2Fus06web.zoom.us%2Fwebinar%2Fregister%2FWN_K7nghILbTGOFGOl3rRkBcA%22+style%3D%22padding-top%3A0%3Bpadding-right%3Avar%28--wp--preset--spacing--80%29%3Bpadding-bottom%3A0%3Bpadding-left%3Avar%28--wp--preset--spacing--80%29%22+target%3D%22_blank%22+rel%3D%22noreferrer+noopener%22%3E%3Cstrong%3EInscr%C3%ADbete+aqu%C3%AD%3C%2Fstrong%3E%3C%2Fa%3E%3C%2Fdiv%3E%3C%2Fdiv%3E%3Cdiv+style%3D%22height%3A42px%22+aria-hidden%3D%22true%22+class%3D%22wp-block-spacer%22%3E%3C%2Fdiv%3E%3Cfigure+class%3D%22wp-block-image+aligncenter+size-large%22%3E%3Ca+href%3D%22https%3A%2F%2Fus06web.zoom.us%2Fwebinar%2Fregister%2FWN_K7nghILbTGOFGOl3rRkBcA%22+target%3D%22_blank%22+rel%3D%22+noreferrer+noopener%22%3E%3Cimg+src%3D%22https%3A%2F%2Fwww.cltweb.org%2Fwp-content%2Fuploads%2F2026%2F01%2FGraphic_EN-1024x683.png%22+alt%3D%22%22+class%3D%22wp-image-11027%22%2F%3E%3C%2Fa%3E%3C%2Ffigure%3E%3Ch2+class%3D%22wp-block-heading%22+id%3D%22h-webinar-description%22%3EDescripci%C3%B3n+del+seminario%3C%2Fh2%3E%3Cp%3EA+medida+que+las+ciudades+de+todo+el+mundo+se+enfrentan+a+crisis+%3C%2Fp%3E+%28Ver+aqu%C3%AD+la+descripci%C3%B3n+completa+de+evento%3A+https%3A%2F%2Fwww.cltweb.org%2Fes%2Fevent%2Fla-vivienda-inclusiva-y-el-papel-de-las-clt-perspectivas-transregionales-sobre-la-politica-inmobiliaria-y-la-asequibilidad-a-largo-plazo%2F%29&#038;trp=false&#038;ctz=UTC+0&#038;sprop=website:https:\/\/www.cltweb.org\/es\/\"\n\t\t\t\t\t\t\t\t\t\tclass=\"tribe-events-c-subscribe-dropdown__list-item-link\"\n\t\t\t\t\t\t\t\t\t\ttarget=\"_blank\"\n\t\t\t\t\t\t\t\t\t\trel=\"noopener noreferrer nofollow noindex\"\n\t\t\t\t\t\t\t\t\t>\n\t\t\t\t\t\t\t\t\t\tGoogle Calendar\t\t\t\t\t\t\t\t\t<\/a>\n\t\t\t\t\t\t\t\t<\/li>\n\t\t\t\t\t\t\t\t\t\t\t\t\t\t\t<li class=\"tribe-events-c-subscribe-dropdown__list-item tribe-events-c-subscribe-dropdown__list-item--ical\">\n\t\t\t\t\t\t\t\t\t<a\n\t\t\t\t\t\t\t\t\t\thref=\"\"\n\t\t\t\t\t\t\t\t\t\tclass=\"tribe-events-c-subscribe-dropdown__list-item-link\"\n\t\t\t\t\t\t\t\t\t\ttarget=\"_blank\"\n\t\t\t\t\t\t\t\t\t\trel=\"noopener noreferrer nofollow noindex\"\n\t\t\t\t\t\t\t\t\t>\n\t\t\t\t\t\t\t\t\t\tiCalendar\t\t\t\t\t\t\t\t\t<\/a>\n\t\t\t\t\t\t\t\t<\/li>\n\t\t\t\t\t\t\t\t\t\t\t\t\t\t\t<li class=\"tribe-events-c-subscribe-dropdown__list-item tribe-events-c-subscribe-dropdown__list-item--outlook-365\">\n\t\t\t\t\t\t\t\t\t<a\n\t\t\t\t\t\t\t\t\t\thref=\"\"\n\t\t\t\t\t\t\t\t\t\tclass=\"tribe-events-c-subscribe-dropdown__list-item-link\"\n\t\t\t\t\t\t\t\t\t\ttarget=\"_blank\"\n\t\t\t\t\t\t\t\t\t\trel=\"noopener noreferrer nofollow noindex\"\n\t\t\t\t\t\t\t\t\t>\n\t\t\t\t\t\t\t\t\t\tOutlook 365\t\t\t\t\t\t\t\t\t<\/a>\n\t\t\t\t\t\t\t\t<\/li>\n\t\t\t\t\t\t\t\t\t\t\t\t\t\t\t<li class=\"tribe-events-c-subscribe-dropdown__list-item tribe-events-c-subscribe-dropdown__list-item--outlook-live\">\n\t\t\t\t\t\t\t\t\t<a\n\t\t\t\t\t\t\t\t\t\thref=\"\"\n\t\t\t\t\t\t\t\t\t\tclass=\"tribe-events-c-subscribe-dropdown__list-item-link\"\n\t\t\t\t\t\t\t\t\t\ttarget=\"_blank\"\n\t\t\t\t\t\t\t\t\t\trel=\"noopener noreferrer nofollow noindex\"\n\t\t\t\t\t\t\t\t\t>\n\t\t\t\t\t\t\t\t\t\tOutlook Live\t\t\t\t\t\t\t\t\t<\/a>\n\t\t\t\t\t\t\t\t<\/li>\n\t\t\t\t\t\t\t\t\t\t\t\t\t<\/ul>\n\t\t\t\t\t<\/div>\n\t\t\t\t<\/div>\n\t\t\t<\/div>\n\t\t<\/div>\n\t<\/div>\n\n<h2 class=\"tribe-block__related-events__title\">Eventos Relacionados<\/h2>\n\n<ul  class=\"tribe-related-events tribe-clearfix\" >\n\t\t\t<li>\n\t\n<div class=\"tribe-related-events-thumbnail\">\n\t<a href=\"https:\/\/www.cltweb.org\/es\/event\/arraigados-en-la-justicia-centrar-a-las-comunidades-desatendidas-en-la-practica-del-clt\/\" class=\"url\" rel=\"bookmark\" tabindex=\"-1\" aria-hidden=\"true\"><img loading=\"lazy\" decoding=\"async\" width=\"1024\" height=\"1024\" src=\"https:\/\/www.cltweb.org\/wp-content\/uploads\/2026\/03\/Rondo-Event-Square-1-1024x1024.png\" class=\"attachment-large size-large wp-post-image\" alt=\"\" \/><\/a>\n<\/div>\n\t<div class=\"tribe-related-event-info\">\n\t<h3 class=\"tribe-related-events-title\">\n\t\t<a href=\"https:\/\/www.cltweb.org\/es\/event\/arraigados-en-la-justicia-centrar-a-las-comunidades-desatendidas-en-la-practica-del-clt\/\" class=\"tribe-event-url\" rel=\"bookmark\">\n\t\t\tArraigados en la Justicia: Centrar a las comunidades desatendidas en la pr\u00e1ctica del CLT\t\t<\/a>\n\t<\/h3>\n\t<span class=\"tribe-event-date-start\">mayo 5 @ 10:00<\/span> &#8211; <span class=\"tribe-event-time\">11:30<\/span> <span class='timezone'> UTC-4 <\/span><\/div>\n<\/li>\n\t\t\t<li>\n\t\n<div class=\"tribe-related-events-thumbnail\">\n\t<a href=\"https:\/\/www.cltweb.org\/es\/event\/territorios-colectivos-en-brasil-aprendizajes-desafios-y-perspectivas\/\" class=\"url\" rel=\"bookmark\" tabindex=\"-1\" aria-hidden=\"true\"><img loading=\"lazy\" decoding=\"async\" width=\"1024\" height=\"1024\" src=\"https:\/\/www.cltweb.org\/wp-content\/uploads\/2026\/03\/5-May_Brazil-1024x1024.png\" class=\"attachment-large size-large wp-post-image\" alt=\"\" \/><\/a>\n<\/div>\n\t<div class=\"tribe-related-event-info\">\n\t<h3 class=\"tribe-related-events-title\">\n\t\t<a href=\"https:\/\/www.cltweb.org\/es\/event\/territorios-colectivos-en-brasil-aprendizajes-desafios-y-perspectivas\/\" class=\"tribe-event-url\" rel=\"bookmark\">\n\t\t\tTerritorios Colectivos en Brasil: Aprendizajes, Desaf\u00edos y Perspectivas\t\t<\/a>\n\t<\/h3>\n\t<span class=\"tribe-event-date-start\">mayo 5 @ 13:00<\/span> &#8211; <span class=\"tribe-event-time\">14:30<\/span> <span class='timezone'> UTC-4 <\/span><\/div>\n<\/li>\n\t\t\t<li>\n\t\n<div class=\"tribe-related-events-thumbnail\">\n\t<a href=\"https:\/\/www.cltweb.org\/es\/event\/diseno-de-soluciones-de-tenencia-colectiva-de-la-tierra-a-partir-de-las-aspiraciones-comunitarias-la-experiencia-de-puerto-rico\/\" class=\"url\" rel=\"bookmark\" tabindex=\"-1\" aria-hidden=\"true\"><img loading=\"lazy\" decoding=\"async\" width=\"1024\" height=\"1024\" src=\"https:\/\/www.cltweb.org\/wp-content\/uploads\/2026\/03\/Puerto-Rico-Event-Square-1024x1024.png\" class=\"attachment-large size-large wp-post-image\" alt=\"\" \/><\/a>\n<\/div>\n\t<div class=\"tribe-related-event-info\">\n\t<h3 class=\"tribe-related-events-title\">\n\t\t<a href=\"https:\/\/www.cltweb.org\/es\/event\/diseno-de-soluciones-de-tenencia-colectiva-de-la-tierra-a-partir-de-las-aspiraciones-comunitarias-la-experiencia-de-puerto-rico\/\" class=\"tribe-event-url\" rel=\"bookmark\">\n\t\t\tDise\u00f1o de soluciones de tenencia colectiva de la tierra a partir de las aspiraciones comunitarias: La experiencia de Puerto Rico\t\t<\/a>\n\t<\/h3>\n\t<span class=\"tribe-event-date-start\">mayo 14 @ 16:30<\/span> &#8211; <span class=\"tribe-event-time\">18:00<\/span> <span class='timezone'> UTC-4 <\/span><\/div>\n<\/li>\n\t<\/ul>\n","protected":false},"excerpt":{"rendered":"<p>Descripci\u00f3n del seminario A medida que las ciudades de todo el mundo se enfrentan a crisis cada vez m\u00e1s profundas de asequibilidad de la vivienda, las pol\u00edticas de vivienda de [&hellip;]<\/p>\n","protected":false},"author":2,"featured_media":0,"template":"","meta":{"give_campaign_id":0,"_tec_requires_first_save":false,"_kad_blocks_custom_css":"","_kad_blocks_head_custom_js":"","_kad_blocks_body_custom_js":"","_kad_blocks_footer_custom_js":"","_EventAllDay":false,"_EventTimezone":"UTC+0","_EventStartDate":"2026-02-03 11:00:00","_EventEndDate":"2026-02-03 12:30:00","_EventStartDateUTC":"2026-02-03 11:00:00","_EventEndDateUTC":"2026-02-03 12:30:00","_EventShowMap":false,"_EventShowMapLink":false,"_EventURL":"https:\/\/us06web.zoom.us\/webinar\/register\/WN_Dw8Ono2cSXC08TCyMWqauA","_EventCost":"","_EventCostDescription":"","_EventCurrencySymbol":"","_EventCurrencyCode":"","_EventCurrencyPosition":"","_EventDateTimeSeparator":"","_EventTimeRangeSeparator":"","_EventOrganizerID":[],"_EventVenueID":[],"_OrganizerEmail":"","_OrganizerPhone":"","_OrganizerWebsite":"","_VenueAddress":"","_VenueCity":"","_VenueCountry":"","_VenueProvince":"","_VenueState":"","_VenueZip":"","_VenuePhone":"","_VenueURL":"","_VenueStateProvince":"","_VenueLat":"","_VenueLng":"","_VenueShowMap":false,"_VenueShowMapLink":false,"_tribe_blocks_recurrence_rules":"","_tribe_blocks_recurrence_description":"","_tribe_blocks_recurrence_exclusions":"","_tribe_events_status":"","_tribe_events_status_reason":"","_tribe_events_is_hybrid":"","_tribe_events_is_virtual":"","_tribe_events_virtual_video_source":"","_tribe_events_virtual_embed_video":"","_tribe_events_virtual_linked_button_text":"","_tribe_events_virtual_linked_button":"","_tribe_events_virtual_show_embed_at":"","_tribe_events_virtual_show_embed_to":[],"_tribe_events_virtual_show_on_event":"","_tribe_events_virtual_show_on_views":"","_tribe_events_virtual_url":"","footnotes":""},"tags":[335,342,296],"tribe_events_cat":[],"class_list":["post-10982","tribe_events","type-tribe_events","status-publish","hentry","tag-fideicomiso-de-la-tierra","tag-habitat-para-la-humanidad","tag-seminario-web"],"blocksy_meta":[],"yoast_head":"<!-- This site is optimized with the Yoast SEO Premium plugin v27.4 (Yoast SEO v27.5) - https:\/\/yoast.com\/product\/yoast-seo-premium-wordpress\/ -->\n<title>La Vivienda Inclusiva y el Papel de las CLT: Perspectivas transregionales sobre la pol\u00edtica inmobiliaria y la asequibilidad a largo plazo - International Center for Community Land Trusts<\/title>\n<meta name=\"robots\" content=\"index, follow, max-snippet:-1, max-image-preview:large, max-video-preview:-1\" \/>\n<link rel=\"canonical\" href=\"https:\/\/www.cltweb.org\/es\/event\/la-vivienda-inclusiva-y-el-papel-de-las-clt-perspectivas-transregionales-sobre-la-politica-inmobiliaria-y-la-asequibilidad-a-largo-plazo\/\" \/>\n<meta property=\"og:locale\" content=\"es_ES\" \/>\n<meta property=\"og:type\" content=\"article\" \/>\n<meta property=\"og:title\" content=\"La Vivienda Inclusiva y el Papel de las CLT: Perspectivas transregionales sobre la pol\u00edtica inmobiliaria y la asequibilidad a largo plazo\" \/>\n<meta property=\"og:description\" content=\"Descripci\u00f3n del seminario A medida que las ciudades de todo el mundo se enfrentan a crisis cada vez m\u00e1s profundas de asequibilidad de la vivienda, las pol\u00edticas de vivienda de [&hellip;]\" \/>\n<meta property=\"og:url\" content=\"https:\/\/www.cltweb.org\/es\/event\/la-vivienda-inclusiva-y-el-papel-de-las-clt-perspectivas-transregionales-sobre-la-politica-inmobiliaria-y-la-asequibilidad-a-largo-plazo\/\" \/>\n<meta property=\"og:site_name\" content=\"International Center for Community Land Trusts\" \/>\n<meta property=\"article:publisher\" content=\"https:\/\/www.facebook.com\/cltcenter\" \/>\n<meta property=\"article:modified_time\" content=\"2026-01-20T22:38:50+00:00\" \/>\n<meta property=\"og:image\" content=\"https:\/\/www.cltweb.org\/wp-content\/uploads\/2026\/01\/Graphic_EN-scaled.png\" \/>\n\t<meta property=\"og:image:width\" content=\"2560\" \/>\n\t<meta property=\"og:image:height\" content=\"1707\" \/>\n\t<meta property=\"og:image:type\" content=\"image\/png\" \/>\n<meta name=\"twitter:card\" content=\"summary_large_image\" \/>\n<meta name=\"twitter:site\" content=\"@Center4CLTs\" \/>\n<meta name=\"twitter:label1\" content=\"Tiempo de lectura\" \/>\n\t<meta name=\"twitter:data1\" content=\"6 minutos\" \/>\n<script type=\"application\/ld+json\" class=\"yoast-schema-graph\">{\"@context\":\"https:\\\/\\\/schema.org\",\"@graph\":[{\"@type\":\"WebPage\",\"@id\":\"https:\\\/\\\/www.cltweb.org\\\/es\\\/event\\\/la-vivienda-inclusiva-y-el-papel-de-las-clt-perspectivas-transregionales-sobre-la-politica-inmobiliaria-y-la-asequibilidad-a-largo-plazo\\\/\",\"url\":\"https:\\\/\\\/www.cltweb.org\\\/es\\\/event\\\/la-vivienda-inclusiva-y-el-papel-de-las-clt-perspectivas-transregionales-sobre-la-politica-inmobiliaria-y-la-asequibilidad-a-largo-plazo\\\/\",\"name\":\"La Vivienda Inclusiva y el Papel de las CLT: Perspectivas transregionales sobre la pol\u00edtica inmobiliaria y la asequibilidad a largo plazo - International Center for Community Land Trusts\",\"isPartOf\":{\"@id\":\"https:\\\/\\\/www.cltweb.org\\\/es\\\/#website\"},\"primaryImageOfPage\":{\"@id\":\"https:\\\/\\\/www.cltweb.org\\\/es\\\/event\\\/la-vivienda-inclusiva-y-el-papel-de-las-clt-perspectivas-transregionales-sobre-la-politica-inmobiliaria-y-la-asequibilidad-a-largo-plazo\\\/#primaryimage\"},\"image\":{\"@id\":\"https:\\\/\\\/www.cltweb.org\\\/es\\\/event\\\/la-vivienda-inclusiva-y-el-papel-de-las-clt-perspectivas-transregionales-sobre-la-politica-inmobiliaria-y-la-asequibilidad-a-largo-plazo\\\/#primaryimage\"},\"thumbnailUrl\":\"https:\\\/\\\/www.cltweb.org\\\/wp-content\\\/uploads\\\/2026\\\/01\\\/Graphic_EN-1024x683.png\",\"datePublished\":\"2026-01-06T22:12:06+00:00\",\"dateModified\":\"2026-01-20T22:38:50+00:00\",\"breadcrumb\":{\"@id\":\"https:\\\/\\\/www.cltweb.org\\\/es\\\/event\\\/la-vivienda-inclusiva-y-el-papel-de-las-clt-perspectivas-transregionales-sobre-la-politica-inmobiliaria-y-la-asequibilidad-a-largo-plazo\\\/#breadcrumb\"},\"inLanguage\":\"es\",\"potentialAction\":[{\"@type\":\"ReadAction\",\"target\":[\"https:\\\/\\\/www.cltweb.org\\\/es\\\/event\\\/la-vivienda-inclusiva-y-el-papel-de-las-clt-perspectivas-transregionales-sobre-la-politica-inmobiliaria-y-la-asequibilidad-a-largo-plazo\\\/\"]}]},{\"@type\":\"ImageObject\",\"inLanguage\":\"es\",\"@id\":\"https:\\\/\\\/www.cltweb.org\\\/es\\\/event\\\/la-vivienda-inclusiva-y-el-papel-de-las-clt-perspectivas-transregionales-sobre-la-politica-inmobiliaria-y-la-asequibilidad-a-largo-plazo\\\/#primaryimage\",\"url\":\"https:\\\/\\\/www.cltweb.org\\\/wp-content\\\/uploads\\\/2026\\\/01\\\/Graphic_EN-1024x683.png\",\"contentUrl\":\"https:\\\/\\\/www.cltweb.org\\\/wp-content\\\/uploads\\\/2026\\\/01\\\/Graphic_EN-1024x683.png\"},{\"@type\":\"BreadcrumbList\",\"@id\":\"https:\\\/\\\/www.cltweb.org\\\/es\\\/event\\\/la-vivienda-inclusiva-y-el-papel-de-las-clt-perspectivas-transregionales-sobre-la-politica-inmobiliaria-y-la-asequibilidad-a-largo-plazo\\\/#breadcrumb\",\"itemListElement\":[{\"@type\":\"ListItem\",\"position\":1,\"name\":\"Home\",\"item\":\"https:\\\/\\\/www.cltweb.org\\\/es\\\/\"},{\"@type\":\"ListItem\",\"position\":2,\"name\":\"Eventos\",\"item\":\"https:\\\/\\\/www.cltweb.org\\\/es\\\/events\\\/\"},{\"@type\":\"ListItem\",\"position\":3,\"name\":\"La Vivienda Inclusiva y el Papel de las CLT: Perspectivas transregionales sobre la pol\u00edtica inmobiliaria y la asequibilidad a largo plazo\"}]},{\"@type\":\"WebSite\",\"@id\":\"https:\\\/\\\/www.cltweb.org\\\/es\\\/#website\",\"url\":\"https:\\\/\\\/www.cltweb.org\\\/es\\\/\",\"name\":\"International Center for Community Land Trusts\",\"description\":\"\",\"publisher\":{\"@id\":\"https:\\\/\\\/www.cltweb.org\\\/es\\\/#organization\"},\"potentialAction\":[{\"@type\":\"SearchAction\",\"target\":{\"@type\":\"EntryPoint\",\"urlTemplate\":\"https:\\\/\\\/www.cltweb.org\\\/es\\\/?s={search_term_string}\"},\"query-input\":{\"@type\":\"PropertyValueSpecification\",\"valueRequired\":true,\"valueName\":\"search_term_string\"}}],\"inLanguage\":\"es\"},{\"@type\":\"Organization\",\"@id\":\"https:\\\/\\\/www.cltweb.org\\\/es\\\/#organization\",\"name\":\"International Center for Community Land Trusts\",\"url\":\"https:\\\/\\\/www.cltweb.org\\\/es\\\/\",\"logo\":{\"@type\":\"ImageObject\",\"inLanguage\":\"es\",\"@id\":\"https:\\\/\\\/www.cltweb.org\\\/es\\\/#\\\/schema\\\/logo\\\/image\\\/\",\"url\":\"https:\\\/\\\/www.cltweb.org\\\/wp-content\\\/uploads\\\/2024\\\/11\\\/New-CLT-Center-Text-logo.png\",\"contentUrl\":\"https:\\\/\\\/www.cltweb.org\\\/wp-content\\\/uploads\\\/2024\\\/11\\\/New-CLT-Center-Text-logo.png\",\"width\":227,\"height\":80,\"caption\":\"International Center for Community Land Trusts\"},\"image\":{\"@id\":\"https:\\\/\\\/www.cltweb.org\\\/es\\\/#\\\/schema\\\/logo\\\/image\\\/\"},\"sameAs\":[\"https:\\\/\\\/www.facebook.com\\\/cltcenter\",\"https:\\\/\\\/x.com\\\/Center4CLTs\",\"https:\\\/\\\/www.instagram.com\\\/cltcenter\\\/\",\"https:\\\/\\\/www.linkedin.com\\\/company\\\/cltcenter\",\"https:\\\/\\\/www.youtube.com\\\/@centerforcltinnovation5313\"],\"description\":\"The International Center for Community Land Trusts is a not-for-profit nongovernmental organization established in 2018 to promote and to support community land trusts and similar strategies of community-led development on community-owned land in countries throughout the world.\",\"email\":\"info@communitylandtrust.net\",\"legalName\":\"International Center for Community Land Trusts\",\"foundingDate\":\"2018-12-01\",\"taxID\":\"84-3858933\",\"numberOfEmployees\":{\"@type\":\"QuantitativeValue\",\"minValue\":\"1\",\"maxValue\":\"10\"}}]}<\/script>\n<!-- \/ Yoast SEO Premium plugin. -->","yoast_head_json":{"title":"La Vivienda Inclusiva y el Papel de las CLT: Perspectivas transregionales sobre la pol\u00edtica inmobiliaria y la asequibilidad a largo plazo - International Center for Community Land Trusts","robots":{"index":"index","follow":"follow","max-snippet":"max-snippet:-1","max-image-preview":"max-image-preview:large","max-video-preview":"max-video-preview:-1"},"canonical":"https:\/\/www.cltweb.org\/es\/event\/la-vivienda-inclusiva-y-el-papel-de-las-clt-perspectivas-transregionales-sobre-la-politica-inmobiliaria-y-la-asequibilidad-a-largo-plazo\/","og_locale":"es_ES","og_type":"article","og_title":"La Vivienda Inclusiva y el Papel de las CLT: Perspectivas transregionales sobre la pol\u00edtica inmobiliaria y la asequibilidad a largo plazo","og_description":"Descripci\u00f3n del seminario A medida que las ciudades de todo el mundo se enfrentan a crisis cada vez m\u00e1s profundas de asequibilidad de la vivienda, las pol\u00edticas de vivienda de [&hellip;]","og_url":"https:\/\/www.cltweb.org\/es\/event\/la-vivienda-inclusiva-y-el-papel-de-las-clt-perspectivas-transregionales-sobre-la-politica-inmobiliaria-y-la-asequibilidad-a-largo-plazo\/","og_site_name":"International Center for Community Land Trusts","article_publisher":"https:\/\/www.facebook.com\/cltcenter","article_modified_time":"2026-01-20T22:38:50+00:00","og_image":[{"width":2560,"height":1707,"url":"https:\/\/www.cltweb.org\/wp-content\/uploads\/2026\/01\/Graphic_EN-scaled.png","type":"image\/png"}],"twitter_card":"summary_large_image","twitter_site":"@Center4CLTs","twitter_misc":{"Tiempo de lectura":"6 minutos"},"schema":{"@context":"https:\/\/schema.org","@graph":[{"@type":"WebPage","@id":"https:\/\/www.cltweb.org\/es\/event\/la-vivienda-inclusiva-y-el-papel-de-las-clt-perspectivas-transregionales-sobre-la-politica-inmobiliaria-y-la-asequibilidad-a-largo-plazo\/","url":"https:\/\/www.cltweb.org\/es\/event\/la-vivienda-inclusiva-y-el-papel-de-las-clt-perspectivas-transregionales-sobre-la-politica-inmobiliaria-y-la-asequibilidad-a-largo-plazo\/","name":"La Vivienda Inclusiva y el Papel de las CLT: Perspectivas transregionales sobre la pol\u00edtica inmobiliaria y la asequibilidad a largo plazo - International Center for Community Land Trusts","isPartOf":{"@id":"https:\/\/www.cltweb.org\/es\/#website"},"primaryImageOfPage":{"@id":"https:\/\/www.cltweb.org\/es\/event\/la-vivienda-inclusiva-y-el-papel-de-las-clt-perspectivas-transregionales-sobre-la-politica-inmobiliaria-y-la-asequibilidad-a-largo-plazo\/#primaryimage"},"image":{"@id":"https:\/\/www.cltweb.org\/es\/event\/la-vivienda-inclusiva-y-el-papel-de-las-clt-perspectivas-transregionales-sobre-la-politica-inmobiliaria-y-la-asequibilidad-a-largo-plazo\/#primaryimage"},"thumbnailUrl":"https:\/\/www.cltweb.org\/wp-content\/uploads\/2026\/01\/Graphic_EN-1024x683.png","datePublished":"2026-01-06T22:12:06+00:00","dateModified":"2026-01-20T22:38:50+00:00","breadcrumb":{"@id":"https:\/\/www.cltweb.org\/es\/event\/la-vivienda-inclusiva-y-el-papel-de-las-clt-perspectivas-transregionales-sobre-la-politica-inmobiliaria-y-la-asequibilidad-a-largo-plazo\/#breadcrumb"},"inLanguage":"es","potentialAction":[{"@type":"ReadAction","target":["https:\/\/www.cltweb.org\/es\/event\/la-vivienda-inclusiva-y-el-papel-de-las-clt-perspectivas-transregionales-sobre-la-politica-inmobiliaria-y-la-asequibilidad-a-largo-plazo\/"]}]},{"@type":"ImageObject","inLanguage":"es","@id":"https:\/\/www.cltweb.org\/es\/event\/la-vivienda-inclusiva-y-el-papel-de-las-clt-perspectivas-transregionales-sobre-la-politica-inmobiliaria-y-la-asequibilidad-a-largo-plazo\/#primaryimage","url":"https:\/\/www.cltweb.org\/wp-content\/uploads\/2026\/01\/Graphic_EN-1024x683.png","contentUrl":"https:\/\/www.cltweb.org\/wp-content\/uploads\/2026\/01\/Graphic_EN-1024x683.png"},{"@type":"BreadcrumbList","@id":"https:\/\/www.cltweb.org\/es\/event\/la-vivienda-inclusiva-y-el-papel-de-las-clt-perspectivas-transregionales-sobre-la-politica-inmobiliaria-y-la-asequibilidad-a-largo-plazo\/#breadcrumb","itemListElement":[{"@type":"ListItem","position":1,"name":"Home","item":"https:\/\/www.cltweb.org\/es\/"},{"@type":"ListItem","position":2,"name":"Eventos","item":"https:\/\/www.cltweb.org\/es\/events\/"},{"@type":"ListItem","position":3,"name":"La Vivienda Inclusiva y el Papel de las CLT: Perspectivas transregionales sobre la pol\u00edtica inmobiliaria y la asequibilidad a largo plazo"}]},{"@type":"WebSite","@id":"https:\/\/www.cltweb.org\/es\/#website","url":"https:\/\/www.cltweb.org\/es\/","name":"International Center for Community Land Trusts","description":"","publisher":{"@id":"https:\/\/www.cltweb.org\/es\/#organization"},"potentialAction":[{"@type":"SearchAction","target":{"@type":"EntryPoint","urlTemplate":"https:\/\/www.cltweb.org\/es\/?s={search_term_string}"},"query-input":{"@type":"PropertyValueSpecification","valueRequired":true,"valueName":"search_term_string"}}],"inLanguage":"es"},{"@type":"Organization","@id":"https:\/\/www.cltweb.org\/es\/#organization","name":"International Center for Community Land Trusts","url":"https:\/\/www.cltweb.org\/es\/","logo":{"@type":"ImageObject","inLanguage":"es","@id":"https:\/\/www.cltweb.org\/es\/#\/schema\/logo\/image\/","url":"https:\/\/www.cltweb.org\/wp-content\/uploads\/2024\/11\/New-CLT-Center-Text-logo.png","contentUrl":"https:\/\/www.cltweb.org\/wp-content\/uploads\/2024\/11\/New-CLT-Center-Text-logo.png","width":227,"height":80,"caption":"International Center for Community Land Trusts"},"image":{"@id":"https:\/\/www.cltweb.org\/es\/#\/schema\/logo\/image\/"},"sameAs":["https:\/\/www.facebook.com\/cltcenter","https:\/\/x.com\/Center4CLTs","https:\/\/www.instagram.com\/cltcenter\/","https:\/\/www.linkedin.com\/company\/cltcenter","https:\/\/www.youtube.com\/@centerforcltinnovation5313"],"description":"The International Center for Community Land Trusts is a not-for-profit nongovernmental organization established in 2018 to promote and to support community land trusts and similar strategies of community-led development on community-owned land in countries throughout the world.","email":"info@communitylandtrust.net","legalName":"International Center for Community Land Trusts","foundingDate":"2018-12-01","taxID":"84-3858933","numberOfEmployees":{"@type":"QuantitativeValue","minValue":"1","maxValue":"10"}}]}},"taxonomy_info":{"post_tag":[{"value":335,"label":"fideicomiso de la tierra"},{"value":342,"label":"h\u00e1bitat para la humanidad"},{"value":296,"label":"seminario web"}]},"featured_image_src_large":false,"author_info":{"display_name":"Ben Harris","author_link":"https:\/\/www.cltweb.org\/es\/author\/ben\/"},"comment_info":"","jetpack_sharing_enabled":true,"_links":{"self":[{"href":"https:\/\/www.cltweb.org\/es\/wp-json\/wp\/v2\/tribe_events\/10982","targetHints":{"allow":["GET"]}}],"collection":[{"href":"https:\/\/www.cltweb.org\/es\/wp-json\/wp\/v2\/tribe_events"}],"about":[{"href":"https:\/\/www.cltweb.org\/es\/wp-json\/wp\/v2\/types\/tribe_events"}],"author":[{"embeddable":true,"href":"https:\/\/www.cltweb.org\/es\/wp-json\/wp\/v2\/users\/2"}],"version-history":[{"count":10,"href":"https:\/\/www.cltweb.org\/es\/wp-json\/wp\/v2\/tribe_events\/10982\/revisions"}],"predecessor-version":[{"id":11127,"href":"https:\/\/www.cltweb.org\/es\/wp-json\/wp\/v2\/tribe_events\/10982\/revisions\/11127"}],"wp:attachment":[{"href":"https:\/\/www.cltweb.org\/es\/wp-json\/wp\/v2\/media?parent=10982"}],"wp:term":[{"taxonomy":"post_tag","embeddable":true,"href":"https:\/\/www.cltweb.org\/es\/wp-json\/wp\/v2\/tags?post=10982"},{"taxonomy":"tribe_events_cat","embeddable":true,"href":"https:\/\/www.cltweb.org\/es\/wp-json\/wp\/v2\/tribe_events_cat?post=10982"}],"curies":[{"name":"wp","href":"https:\/\/api.w.org\/{rel}","templated":true}]}}