{"id":6634,"date":"2024-10-30T00:00:00","date_gmt":"2024-10-30T00:00:00","guid":{"rendered":"https:\/\/www.cltweb.org\/event\/mesa-redonda-sobre-gestionar-el-futuro-el-poder-y-el-liderazgo-de-los-jovenes-en-la-practica-de-los-fideicomisos-de-la-tierra-comunitarios\/"},"modified":"2024-10-30T00:00:00","modified_gmt":"2024-10-30T00:00:00","slug":"mesa-redonda-sobre-gestionar-el-futuro-el-poder-y-el-liderazgo-de-los-jovenes-en-la-practica-de-los-fideicomisos-de-la-tierra-comunitarios","status":"publish","type":"tribe_events","link":"https:\/\/www.cltweb.org\/es\/event\/mesa-redonda-sobre-gestionar-el-futuro-el-poder-y-el-liderazgo-de-los-jovenes-en-la-practica-de-los-fideicomisos-de-la-tierra-comunitarios\/","title":{"rendered":"Mesa redonda sobre &#8220;Gestionar el futuro: El poder y el liderazgo de los j\u00f3venes en la pr\u00e1ctica de los fideicomisos de la tierra comunitarios"},"content":{"rendered":"<p><center>[maxbutton id=&#8221;1&#8243; url=&#8221;https:\/\/us06web.zoom.us\/webinar\/register\/WN_a7sfnvrVRxOUp6GuIeRrzQ#\/registration&#8221; text=&#8221;Inscr\u00edbete aqu\u00ed&#8221; window=&#8221;new&#8221;]<\/center><\/p>\n<h2><img loading=\"lazy\" decoding=\"async\" class=\"aligncenter wp-image-7857 size-large\" src=\"https:\/\/www.cltweb.org\/wp-content\/uploads\/2024\/10\/XNewsletterSM-Post-1024x576.png\" alt=\"\" width=\"1024\" height=\"576\"><\/h2>\n<h2 style=\"text-align: left;\">DESCRIPCI\u00d3N DEL SEMINARIO<\/h2>\n<p><b>\u00danete a nosotros el 4 de diciembre para asistir a una mesa redonda con una breve sesi\u00f3n de preguntas y respuestas sobre la participaci\u00f3n y el liderazgo de los j\u00f3venes en los fideicomisos de la tierra.<\/b><\/p>\n<p><span style=\"font-weight: 400;\">El n\u00facleo de la misi\u00f3n de CLT es la administraci\u00f3n de los bienes de la comunidad para las generaciones presentes y futuras. Para responder a los apremiantes retos sociales, econ\u00f3micos y medioambientales de hoy en d\u00eda, especialmente los que plantea el cambio clim\u00e1tico, es necesario escuchar y alzar las voces de los m\u00e1s afectados: nuestros j\u00f3venes. Involucrar a los j\u00f3venes en la propiedad comunitaria de la tierra y la vivienda ser\u00e1 crucial para construir comunidades sostenibles y avanzar en la misi\u00f3n de custodia de las CLT.  <\/span><\/p>\n<p><span style=\"font-weight: 400;\">Este seminario web ser\u00e1 una interesante conversaci\u00f3n con profesionales del CLT y un l\u00edder juvenil. Juntos, exploraremos cuestiones como: <\/span><\/p>\n<ul>\n<li style=\"font-weight: 400;\" aria-level=\"1\"><span style=\"font-weight: 400;\">\u00bfC\u00f3mo implican los CLT a los representantes de los j\u00f3venes en la toma de decisiones?<\/span><\/li>\n<li style=\"font-weight: 400;\" aria-level=\"1\"><span style=\"font-weight: 400;\">\u00bfC\u00f3mo influyen las preocupaciones de los miembros j\u00f3venes de los CLT en la pr\u00e1ctica de los CLT?<\/span><\/li>\n<li style=\"font-weight: 400;\" aria-level=\"1\"><span style=\"font-weight: 400;\">\u00bfC\u00f3mo podemos implicar mejor a los j\u00f3venes y destacar su papel en la configuraci\u00f3n del futuro de las comunidades?<\/span><\/li>\n<\/ul>\n<p><i><span style=\"font-weight: 400;\">El seminario web se impartir\u00e1 en ingl\u00e9s, con subt\u00edtulos traducidos a\u00f1adidos a la versi\u00f3n grabada.<\/span><\/i><\/p>\n<h2 style=\"text-align: left;\">PANELISTAS<\/h2>\n<p><em><b><img loading=\"lazy\" decoding=\"async\" class=\"alignright wp-image-7859 size-thumbnail\" style=\"font-style: normal; font-weight: 400;\" src=\"https:\/\/www.cltweb.org\/wp-content\/uploads\/2024\/10\/Ashley-Allen-150x150.png\" alt=\"\" width=\"150\" height=\"150\"><\/b><\/em><\/p>\n<ul>\n<li aria-level=\"1\"><em><b>Ashley Allen<\/b><\/em><span style=\"font-weight: 400;\"><span style=\"font-weight: 400;\"> <em> es Directora Ejecutiva del <a href=\"https:\/\/www.houstonclt.org\/\" target=\"_blank\" rel=\"noopener\">Fideicomiso de la Tierra de la Comunidad de Houston<\/a>.<\/em> Aporta al cargo su experiencia en liderazgo sin \u00e1nimo de lucro y desarrollo de programas en las \u00e1reas de educaci\u00f3n, S.T.E.<br \/>\nM., desarrollo de la mano de obra y vivienda asequible. Como organizadora comunitaria durante m\u00e1s de 10 a\u00f1os, ayud\u00f3 a desarrollar e impulsar campa\u00f1as para mejorar los servicios a los sin techo, la pol\u00edtica de vivienda asequible y la educaci\u00f3n en Chicago, IL.<\/span><\/span>Ashley trabaj\u00f3 como consultora para la Fundaci\u00f3n Barack Obama, donde fue responsable de la planificaci\u00f3n y puesta en marcha de la iniciativa de la fundaci\u00f3n para formar a la pr\u00f3xima generaci\u00f3n de organizadores y defensores de la comunidad. Forma parte de la Junta de la Coalici\u00f3n para los Sin Techo de Houston\/Condado de Harris y es miembro de la Secci\u00f3n de Antiguos Alumnos de Houston de Delta Sigma Theta, Sorority, Inc. Ashley es licenciada en Ciencias de la Alimentaci\u00f3n por la Universidad A&amp;M de Florida, tiene un m\u00e1ster en Administraci\u00f3n P\u00fablica por la Universidad Estatal Governors y un doctorado en Pol\u00edtica Cultural y Educativa con especializaci\u00f3n en Sociolog\u00eda por la Universidad Loyola de Chicago.  <\/p>\n<p><img loading=\"lazy\" decoding=\"async\" class=\"alignright wp-image-7860 size-thumbnail\" src=\"https:\/\/www.cltweb.org\/wp-content\/uploads\/2024\/10\/Carlos-Sanchez-150x150.jpg\" alt=\"\" width=\"150\" height=\"150\"><\/li>\n<li aria-level=\"1\"><em><b>Carlos S\u00e1nchez-Gonz\u00e1lez<\/b><\/em><span style=\"font-weight: 400;\"> <em> es un l\u00edder juvenil y residente del sur de Baltimore que trabaja con <a href=\"https:\/\/www.sbclt.org\/our-team\/\" target=\"_blank\" rel=\"noopener\">el Fideicomiso Comunitario de la Tierra del sur de Baltimore<\/a>.<\/em> En su trabajo, se centra en la divulgaci\u00f3n y la educaci\u00f3n en toda la ciudad para conectar a m\u00e1s residentes con el movimiento para crear un desarrollo de propiedad comunitariaCuando era estudiante en el Benjamin Franklin HS de Curtis Bay, Carlos empez\u00f3 a aprender de los l\u00edderes de la justicia medioambiental que fundaron Free Your Voice. Carlos puso en pr\u00e1ctica estas lecciones ayudando a desarrollar el primer Plan de Basura Cero de Baltimore y abogando por una nueva financiaci\u00f3n para el desarrollo de propiedad comunitaria permanentemente asequible. Ahora, Carlos sigue impulsando la justicia medioambiental mediante la investigaci\u00f3n y la acci\u00f3n, al tiempo que ampl\u00eda nuestro alcance a la pr\u00f3xima generaci\u00f3n de l\u00edderes juveniles.  <\/span><\/li>\n<li style=\"list-style-type: none;\"><img loading=\"lazy\" decoding=\"async\" class=\"alignright wp-image-7861 size-thumbnail\" src=\"https:\/\/www.cltweb.org\/wp-content\/uploads\/2024\/11\/Circuito-Urbano-2022-Convite-1-ING.jpg\" alt=\"\" width=\"150\" height=\"150\"><\/li>\n<\/ul>\n<ul>\n<li aria-level=\"1\"><em><b>Jason Webb <\/b>es Director de Asistencia Comunitaria y T\u00e9cnica en <a href=\"https:\/\/groundedsolutions.org\/\" target=\"_blank\" rel=\"noopener\">Grounded Solutions Network<\/a>.<\/em> Escribe a  <span style=\"font-weight: 400;\">tiene cerca de 40 a\u00f1os de experiencia en organizaci\u00f3n y revitalizaci\u00f3n de comunidades. Tuvo un papel decisivo en la revitalizaci\u00f3n de una comunidad de Roxbury, Massachusetts, llamada &#8220;Dudley Street&#8221;, como se destaca en los premiados documentales Holding Ground y Gaining Ground y en el libro Streets of Hope. Como 9ason supervisa la formaci\u00f3n y la asistencia t\u00e9cnica a ciudades, organizaciones sin \u00e1nimo de lucro y grupos comunitarios. Ayuda a explorar, adoptar y aplicar pol\u00edticas y programas de vivienda con asequibilidad duradera que promuevan la equidad y la inclusi\u00f3n raciales. Jason ha desarrollado herramientas esenciales que han ayudado a cientos de grupos a conocer el modelo de fideicomiso de la tierra comunitario, como el &#8220;Community Land Trust Start-up Hub&#8221;. Jason fue Copresidente del comit\u00e9 de personal para la equidad racial y la inclusi\u00f3n de 2020 a 2023.     <\/span><span style=\"font-weight: 400;\"><br \/>\n<\/span><span style=\"font-weight: 400;\"><span style=\"font-weight: 400;\"><br \/>\nAntes de llegar a Grounded Solutions, Jason trabaj\u00f3 durante 15 a\u00f1os para Dudley Street Neighborhood Initiative (DSNI) y Network Member Dudley Neighbors Inc. (DNI). Desempe\u00f1\u00f3 varios cargos, como el de Director de Bienes Inmuebles y Tecnolog\u00eda, Director de DNI &#8220;El fideicomiso de la tierra de la comunidad&#8221; y Director de Administraci\u00f3n y Finanzas. Jason supervis\u00f3 el desarrollo de varias urbanizaciones del fideicomiso de la tierra y cre\u00f3 un programa de desarrollo y empleo juvenil llamado CommunityScapes.  <\/span><\/span>Natural de Massachusetts, Jason asisti\u00f3 a la Escuela de Administraci\u00f3n de la Universidad de Boston. Jason reside actualmente en New Bedford, Massachusetts, donde \u00e9l y su familia disfrutan de la ciudad portuaria conocida por su industria pesquera y ballenera. <\/li>\n<\/ul>\n<p><img loading=\"lazy\" decoding=\"async\" class=\"aligncenter wp-image-7856 size-full\" src=\"https:\/\/www.cltweb.org\/wp-content\/uploads\/2024\/10\/Youth-Engagement-Logos.png\" alt=\"\" width=\"640\" height=\"200\"><\/p>\n","protected":false},"excerpt":{"rendered":"<p>[maxbutton id=&#8221;1&#8243; url=&#8221;https:\/\/us06web.zoom.us\/webinar\/register\/WN_a7sfnvrVRxOUp6GuIeRrzQ#\/registration&#8221; text=&#8221;Inscr\u00edbete aqu\u00ed&#8221; window=&#8221;new&#8221;] DESCRIPCI\u00d3N DEL SEMINARIO \u00danete a nosotros el 4 de diciembre para asistir a una mesa redonda con una breve sesi\u00f3n de preguntas y respuestas [&hellip;]<\/p>\n","protected":false},"author":2,"featured_media":0,"template":"","meta":{"give_campaign_id":0,"_tec_requires_first_save":false,"_kad_blocks_custom_css":"","_kad_blocks_head_custom_js":"","_kad_blocks_body_custom_js":"","_kad_blocks_footer_custom_js":"","_EventAllDay":false,"_EventTimezone":"UTC+0","_EventStartDate":"","_EventEndDate":"","_EventStartDateUTC":"2026-03-24 19:28:44","_EventEndDateUTC":"2026-03-24 19:28:44","_EventShowMap":false,"_EventShowMapLink":false,"_EventURL":"","_EventCost":"","_EventCostDescription":"","_EventCurrencySymbol":"","_EventCurrencyCode":"","_EventCurrencyPosition":"","_EventDateTimeSeparator":"","_EventTimeRangeSeparator":"","_EventOrganizerID":[],"_EventVenueID":[],"_OrganizerEmail":"","_OrganizerPhone":"","_OrganizerWebsite":"","_VenueAddress":"","_VenueCity":"","_VenueCountry":"","_VenueProvince":"","_VenueState":"","_VenueZip":"","_VenuePhone":"","_VenueURL":"","_VenueStateProvince":"","_VenueLat":"","_VenueLng":"","_VenueShowMap":false,"_VenueShowMapLink":false,"_tribe_blocks_recurrence_rules":"","_tribe_blocks_recurrence_description":"","_tribe_blocks_recurrence_exclusions":"","_tribe_events_status":"","_tribe_events_status_reason":"","_tribe_events_is_hybrid":"","_tribe_events_is_virtual":"","_tribe_events_virtual_video_source":"","_tribe_events_virtual_embed_video":"","_tribe_events_virtual_linked_button_text":"","_tribe_events_virtual_linked_button":"","_tribe_events_virtual_show_embed_at":"","_tribe_events_virtual_show_embed_to":[],"_tribe_events_virtual_show_on_event":"","_tribe_events_virtual_show_on_views":"","_tribe_events_virtual_url":"","footnotes":""},"tags":[],"tribe_events_cat":[],"class_list":["post-6634","tribe_events","type-tribe_events","status-publish","hentry"],"blocksy_meta":[],"yoast_head":"<!-- This site is optimized with the Yoast SEO Premium plugin v27.4 (Yoast SEO v27.5) - https:\/\/yoast.com\/product\/yoast-seo-premium-wordpress\/ -->\n<title>Mesa redonda sobre &quot;Gestionar el futuro: El poder y el liderazgo de los j\u00f3venes en la pr\u00e1ctica de los fideicomisos de la tierra comunitarios - International Center for Community Land Trusts<\/title>\n<meta name=\"robots\" content=\"index, follow, max-snippet:-1, max-image-preview:large, max-video-preview:-1\" \/>\n<link rel=\"canonical\" href=\"https:\/\/www.cltweb.org\/es\/event\/mesa-redonda-sobre-gestionar-el-futuro-el-poder-y-el-liderazgo-de-los-jovenes-en-la-practica-de-los-fideicomisos-de-la-tierra-comunitarios\/\" \/>\n<meta property=\"og:locale\" content=\"es_ES\" \/>\n<meta property=\"og:type\" content=\"article\" \/>\n<meta property=\"og:title\" content=\"Mesa redonda sobre &quot;Gestionar el futuro: El poder y el liderazgo de los j\u00f3venes en la pr\u00e1ctica de los fideicomisos de la tierra comunitarios\" \/>\n<meta property=\"og:description\" content=\"[maxbutton id=&#8221;1&#8243; url=&#8221;https:\/\/us06web.zoom.us\/webinar\/register\/WN_a7sfnvrVRxOUp6GuIeRrzQ#\/registration&#8221; text=&#8221;Inscr\u00edbete aqu\u00ed&#8221; window=&#8221;new&#8221;] DESCRIPCI\u00d3N DEL SEMINARIO \u00danete a nosotros el 4 de diciembre para asistir a una mesa redonda con una breve sesi\u00f3n de preguntas y respuestas [&hellip;]\" \/>\n<meta property=\"og:url\" content=\"https:\/\/www.cltweb.org\/es\/event\/mesa-redonda-sobre-gestionar-el-futuro-el-poder-y-el-liderazgo-de-los-jovenes-en-la-practica-de-los-fideicomisos-de-la-tierra-comunitarios\/\" \/>\n<meta property=\"og:site_name\" content=\"International Center for Community Land Trusts\" \/>\n<meta property=\"article:publisher\" content=\"https:\/\/www.facebook.com\/cltcenter\" \/>\n<meta property=\"og:image\" content=\"https:\/\/www.cltweb.org\/wp-content\/uploads\/2024\/11\/IMG_20220516_215853_441-1.jpg\" \/>\n\t<meta property=\"og:image:width\" content=\"1\" \/>\n\t<meta property=\"og:image:height\" content=\"1\" \/>\n\t<meta property=\"og:image:type\" content=\"image\/jpeg\" \/>\n<meta name=\"twitter:card\" content=\"summary_large_image\" \/>\n<meta name=\"twitter:site\" content=\"@Center4CLTs\" \/>\n<meta name=\"twitter:label1\" content=\"Tiempo de lectura\" \/>\n\t<meta name=\"twitter:data1\" content=\"5 minutos\" \/>\n<script type=\"application\/ld+json\" class=\"yoast-schema-graph\">{\"@context\":\"https:\\\/\\\/schema.org\",\"@graph\":[{\"@type\":\"WebPage\",\"@id\":\"https:\\\/\\\/www.cltweb.org\\\/es\\\/event\\\/mesa-redonda-sobre-gestionar-el-futuro-el-poder-y-el-liderazgo-de-los-jovenes-en-la-practica-de-los-fideicomisos-de-la-tierra-comunitarios\\\/\",\"url\":\"https:\\\/\\\/www.cltweb.org\\\/es\\\/event\\\/mesa-redonda-sobre-gestionar-el-futuro-el-poder-y-el-liderazgo-de-los-jovenes-en-la-practica-de-los-fideicomisos-de-la-tierra-comunitarios\\\/\",\"name\":\"Mesa redonda sobre \\\"Gestionar el futuro: El poder y el liderazgo de los j\u00f3venes en la pr\u00e1ctica de los fideicomisos de la tierra comunitarios - International Center for Community Land Trusts\",\"isPartOf\":{\"@id\":\"https:\\\/\\\/www.cltweb.org\\\/es\\\/#website\"},\"primaryImageOfPage\":{\"@id\":\"https:\\\/\\\/www.cltweb.org\\\/es\\\/event\\\/mesa-redonda-sobre-gestionar-el-futuro-el-poder-y-el-liderazgo-de-los-jovenes-en-la-practica-de-los-fideicomisos-de-la-tierra-comunitarios\\\/#primaryimage\"},\"image\":{\"@id\":\"https:\\\/\\\/www.cltweb.org\\\/es\\\/event\\\/mesa-redonda-sobre-gestionar-el-futuro-el-poder-y-el-liderazgo-de-los-jovenes-en-la-practica-de-los-fideicomisos-de-la-tierra-comunitarios\\\/#primaryimage\"},\"thumbnailUrl\":\"https:\\\/\\\/www.cltweb.org\\\/wp-content\\\/uploads\\\/2024\\\/10\\\/XNewsletterSM-Post-1024x576.png\",\"datePublished\":\"2024-10-30T00:00:00+00:00\",\"breadcrumb\":{\"@id\":\"https:\\\/\\\/www.cltweb.org\\\/es\\\/event\\\/mesa-redonda-sobre-gestionar-el-futuro-el-poder-y-el-liderazgo-de-los-jovenes-en-la-practica-de-los-fideicomisos-de-la-tierra-comunitarios\\\/#breadcrumb\"},\"inLanguage\":\"es\",\"potentialAction\":[{\"@type\":\"ReadAction\",\"target\":[\"https:\\\/\\\/www.cltweb.org\\\/es\\\/event\\\/mesa-redonda-sobre-gestionar-el-futuro-el-poder-y-el-liderazgo-de-los-jovenes-en-la-practica-de-los-fideicomisos-de-la-tierra-comunitarios\\\/\"]}]},{\"@type\":\"ImageObject\",\"inLanguage\":\"es\",\"@id\":\"https:\\\/\\\/www.cltweb.org\\\/es\\\/event\\\/mesa-redonda-sobre-gestionar-el-futuro-el-poder-y-el-liderazgo-de-los-jovenes-en-la-practica-de-los-fideicomisos-de-la-tierra-comunitarios\\\/#primaryimage\",\"url\":\"https:\\\/\\\/www.cltweb.org\\\/wp-content\\\/uploads\\\/2024\\\/10\\\/XNewsletterSM-Post-1024x576.png\",\"contentUrl\":\"https:\\\/\\\/www.cltweb.org\\\/wp-content\\\/uploads\\\/2024\\\/10\\\/XNewsletterSM-Post-1024x576.png\"},{\"@type\":\"BreadcrumbList\",\"@id\":\"https:\\\/\\\/www.cltweb.org\\\/es\\\/event\\\/mesa-redonda-sobre-gestionar-el-futuro-el-poder-y-el-liderazgo-de-los-jovenes-en-la-practica-de-los-fideicomisos-de-la-tierra-comunitarios\\\/#breadcrumb\",\"itemListElement\":[{\"@type\":\"ListItem\",\"position\":1,\"name\":\"Home\",\"item\":\"https:\\\/\\\/www.cltweb.org\\\/es\\\/\"},{\"@type\":\"ListItem\",\"position\":2,\"name\":\"Eventos\",\"item\":\"https:\\\/\\\/www.cltweb.org\\\/es\\\/events\\\/\"},{\"@type\":\"ListItem\",\"position\":3,\"name\":\"Mesa redonda sobre &#8220;Gestionar el futuro: El poder y el liderazgo de los j\u00f3venes en la pr\u00e1ctica de los fideicomisos de la tierra comunitarios\"}]},{\"@type\":\"WebSite\",\"@id\":\"https:\\\/\\\/www.cltweb.org\\\/es\\\/#website\",\"url\":\"https:\\\/\\\/www.cltweb.org\\\/es\\\/\",\"name\":\"International Center for Community Land Trusts\",\"description\":\"\",\"publisher\":{\"@id\":\"https:\\\/\\\/www.cltweb.org\\\/es\\\/#organization\"},\"potentialAction\":[{\"@type\":\"SearchAction\",\"target\":{\"@type\":\"EntryPoint\",\"urlTemplate\":\"https:\\\/\\\/www.cltweb.org\\\/es\\\/?s={search_term_string}\"},\"query-input\":{\"@type\":\"PropertyValueSpecification\",\"valueRequired\":true,\"valueName\":\"search_term_string\"}}],\"inLanguage\":\"es\"},{\"@type\":\"Organization\",\"@id\":\"https:\\\/\\\/www.cltweb.org\\\/es\\\/#organization\",\"name\":\"International Center for Community Land Trusts\",\"url\":\"https:\\\/\\\/www.cltweb.org\\\/es\\\/\",\"logo\":{\"@type\":\"ImageObject\",\"inLanguage\":\"es\",\"@id\":\"https:\\\/\\\/www.cltweb.org\\\/es\\\/#\\\/schema\\\/logo\\\/image\\\/\",\"url\":\"https:\\\/\\\/www.cltweb.org\\\/wp-content\\\/uploads\\\/2024\\\/11\\\/New-CLT-Center-Text-logo.png\",\"contentUrl\":\"https:\\\/\\\/www.cltweb.org\\\/wp-content\\\/uploads\\\/2024\\\/11\\\/New-CLT-Center-Text-logo.png\",\"width\":227,\"height\":80,\"caption\":\"International Center for Community Land Trusts\"},\"image\":{\"@id\":\"https:\\\/\\\/www.cltweb.org\\\/es\\\/#\\\/schema\\\/logo\\\/image\\\/\"},\"sameAs\":[\"https:\\\/\\\/www.facebook.com\\\/cltcenter\",\"https:\\\/\\\/x.com\\\/Center4CLTs\",\"https:\\\/\\\/www.instagram.com\\\/cltcenter\\\/\",\"https:\\\/\\\/www.linkedin.com\\\/company\\\/cltcenter\",\"https:\\\/\\\/www.youtube.com\\\/@centerforcltinnovation5313\"],\"description\":\"The International Center for Community Land Trusts is a not-for-profit nongovernmental organization established in 2018 to promote and to support community land trusts and similar strategies of community-led development on community-owned land in countries throughout the world.\",\"email\":\"info@communitylandtrust.net\",\"legalName\":\"International Center for Community Land Trusts\",\"foundingDate\":\"2018-12-01\",\"taxID\":\"84-3858933\",\"numberOfEmployees\":{\"@type\":\"QuantitativeValue\",\"minValue\":\"1\",\"maxValue\":\"10\"}}]}<\/script>\n<!-- \/ Yoast SEO Premium plugin. -->","yoast_head_json":{"title":"Mesa redonda sobre \"Gestionar el futuro: El poder y el liderazgo de los j\u00f3venes en la pr\u00e1ctica de los fideicomisos de la tierra comunitarios - International Center for Community Land Trusts","robots":{"index":"index","follow":"follow","max-snippet":"max-snippet:-1","max-image-preview":"max-image-preview:large","max-video-preview":"max-video-preview:-1"},"canonical":"https:\/\/www.cltweb.org\/es\/event\/mesa-redonda-sobre-gestionar-el-futuro-el-poder-y-el-liderazgo-de-los-jovenes-en-la-practica-de-los-fideicomisos-de-la-tierra-comunitarios\/","og_locale":"es_ES","og_type":"article","og_title":"Mesa redonda sobre \"Gestionar el futuro: El poder y el liderazgo de los j\u00f3venes en la pr\u00e1ctica de los fideicomisos de la tierra comunitarios","og_description":"[maxbutton id=&#8221;1&#8243; url=&#8221;https:\/\/us06web.zoom.us\/webinar\/register\/WN_a7sfnvrVRxOUp6GuIeRrzQ#\/registration&#8221; text=&#8221;Inscr\u00edbete aqu\u00ed&#8221; window=&#8221;new&#8221;] DESCRIPCI\u00d3N DEL SEMINARIO \u00danete a nosotros el 4 de diciembre para asistir a una mesa redonda con una breve sesi\u00f3n de preguntas y respuestas [&hellip;]","og_url":"https:\/\/www.cltweb.org\/es\/event\/mesa-redonda-sobre-gestionar-el-futuro-el-poder-y-el-liderazgo-de-los-jovenes-en-la-practica-de-los-fideicomisos-de-la-tierra-comunitarios\/","og_site_name":"International Center for Community Land Trusts","article_publisher":"https:\/\/www.facebook.com\/cltcenter","og_image":[{"url":"https:\/\/www.cltweb.org\/wp-content\/uploads\/2024\/11\/IMG_20220516_215853_441-1.jpg","width":1,"height":1,"type":"image\/jpeg"}],"twitter_card":"summary_large_image","twitter_site":"@Center4CLTs","twitter_misc":{"Tiempo de lectura":"5 minutos"},"schema":{"@context":"https:\/\/schema.org","@graph":[{"@type":"WebPage","@id":"https:\/\/www.cltweb.org\/es\/event\/mesa-redonda-sobre-gestionar-el-futuro-el-poder-y-el-liderazgo-de-los-jovenes-en-la-practica-de-los-fideicomisos-de-la-tierra-comunitarios\/","url":"https:\/\/www.cltweb.org\/es\/event\/mesa-redonda-sobre-gestionar-el-futuro-el-poder-y-el-liderazgo-de-los-jovenes-en-la-practica-de-los-fideicomisos-de-la-tierra-comunitarios\/","name":"Mesa redonda sobre \"Gestionar el futuro: El poder y el liderazgo de los j\u00f3venes en la pr\u00e1ctica de los fideicomisos de la tierra comunitarios - International Center for Community Land Trusts","isPartOf":{"@id":"https:\/\/www.cltweb.org\/es\/#website"},"primaryImageOfPage":{"@id":"https:\/\/www.cltweb.org\/es\/event\/mesa-redonda-sobre-gestionar-el-futuro-el-poder-y-el-liderazgo-de-los-jovenes-en-la-practica-de-los-fideicomisos-de-la-tierra-comunitarios\/#primaryimage"},"image":{"@id":"https:\/\/www.cltweb.org\/es\/event\/mesa-redonda-sobre-gestionar-el-futuro-el-poder-y-el-liderazgo-de-los-jovenes-en-la-practica-de-los-fideicomisos-de-la-tierra-comunitarios\/#primaryimage"},"thumbnailUrl":"https:\/\/www.cltweb.org\/wp-content\/uploads\/2024\/10\/XNewsletterSM-Post-1024x576.png","datePublished":"2024-10-30T00:00:00+00:00","breadcrumb":{"@id":"https:\/\/www.cltweb.org\/es\/event\/mesa-redonda-sobre-gestionar-el-futuro-el-poder-y-el-liderazgo-de-los-jovenes-en-la-practica-de-los-fideicomisos-de-la-tierra-comunitarios\/#breadcrumb"},"inLanguage":"es","potentialAction":[{"@type":"ReadAction","target":["https:\/\/www.cltweb.org\/es\/event\/mesa-redonda-sobre-gestionar-el-futuro-el-poder-y-el-liderazgo-de-los-jovenes-en-la-practica-de-los-fideicomisos-de-la-tierra-comunitarios\/"]}]},{"@type":"ImageObject","inLanguage":"es","@id":"https:\/\/www.cltweb.org\/es\/event\/mesa-redonda-sobre-gestionar-el-futuro-el-poder-y-el-liderazgo-de-los-jovenes-en-la-practica-de-los-fideicomisos-de-la-tierra-comunitarios\/#primaryimage","url":"https:\/\/www.cltweb.org\/wp-content\/uploads\/2024\/10\/XNewsletterSM-Post-1024x576.png","contentUrl":"https:\/\/www.cltweb.org\/wp-content\/uploads\/2024\/10\/XNewsletterSM-Post-1024x576.png"},{"@type":"BreadcrumbList","@id":"https:\/\/www.cltweb.org\/es\/event\/mesa-redonda-sobre-gestionar-el-futuro-el-poder-y-el-liderazgo-de-los-jovenes-en-la-practica-de-los-fideicomisos-de-la-tierra-comunitarios\/#breadcrumb","itemListElement":[{"@type":"ListItem","position":1,"name":"Home","item":"https:\/\/www.cltweb.org\/es\/"},{"@type":"ListItem","position":2,"name":"Eventos","item":"https:\/\/www.cltweb.org\/es\/events\/"},{"@type":"ListItem","position":3,"name":"Mesa redonda sobre &#8220;Gestionar el futuro: El poder y el liderazgo de los j\u00f3venes en la pr\u00e1ctica de los fideicomisos de la tierra comunitarios"}]},{"@type":"WebSite","@id":"https:\/\/www.cltweb.org\/es\/#website","url":"https:\/\/www.cltweb.org\/es\/","name":"International Center for Community Land Trusts","description":"","publisher":{"@id":"https:\/\/www.cltweb.org\/es\/#organization"},"potentialAction":[{"@type":"SearchAction","target":{"@type":"EntryPoint","urlTemplate":"https:\/\/www.cltweb.org\/es\/?s={search_term_string}"},"query-input":{"@type":"PropertyValueSpecification","valueRequired":true,"valueName":"search_term_string"}}],"inLanguage":"es"},{"@type":"Organization","@id":"https:\/\/www.cltweb.org\/es\/#organization","name":"International Center for Community Land Trusts","url":"https:\/\/www.cltweb.org\/es\/","logo":{"@type":"ImageObject","inLanguage":"es","@id":"https:\/\/www.cltweb.org\/es\/#\/schema\/logo\/image\/","url":"https:\/\/www.cltweb.org\/wp-content\/uploads\/2024\/11\/New-CLT-Center-Text-logo.png","contentUrl":"https:\/\/www.cltweb.org\/wp-content\/uploads\/2024\/11\/New-CLT-Center-Text-logo.png","width":227,"height":80,"caption":"International Center for Community Land Trusts"},"image":{"@id":"https:\/\/www.cltweb.org\/es\/#\/schema\/logo\/image\/"},"sameAs":["https:\/\/www.facebook.com\/cltcenter","https:\/\/x.com\/Center4CLTs","https:\/\/www.instagram.com\/cltcenter\/","https:\/\/www.linkedin.com\/company\/cltcenter","https:\/\/www.youtube.com\/@centerforcltinnovation5313"],"description":"The International Center for Community Land Trusts is a not-for-profit nongovernmental organization established in 2018 to promote and to support community land trusts and similar strategies of community-led development on community-owned land in countries throughout the world.","email":"info@communitylandtrust.net","legalName":"International Center for Community Land Trusts","foundingDate":"2018-12-01","taxID":"84-3858933","numberOfEmployees":{"@type":"QuantitativeValue","minValue":"1","maxValue":"10"}}]}},"taxonomy_info":[],"featured_image_src_large":false,"author_info":{"display_name":"Ben Harris","author_link":"https:\/\/www.cltweb.org\/es\/author\/ben\/"},"comment_info":"","jetpack_sharing_enabled":true,"_links":{"self":[{"href":"https:\/\/www.cltweb.org\/es\/wp-json\/wp\/v2\/tribe_events\/6634","targetHints":{"allow":["GET"]}}],"collection":[{"href":"https:\/\/www.cltweb.org\/es\/wp-json\/wp\/v2\/tribe_events"}],"about":[{"href":"https:\/\/www.cltweb.org\/es\/wp-json\/wp\/v2\/types\/tribe_events"}],"author":[{"embeddable":true,"href":"https:\/\/www.cltweb.org\/es\/wp-json\/wp\/v2\/users\/2"}],"version-history":[{"count":0,"href":"https:\/\/www.cltweb.org\/es\/wp-json\/wp\/v2\/tribe_events\/6634\/revisions"}],"wp:attachment":[{"href":"https:\/\/www.cltweb.org\/es\/wp-json\/wp\/v2\/media?parent=6634"}],"wp:term":[{"taxonomy":"post_tag","embeddable":true,"href":"https:\/\/www.cltweb.org\/es\/wp-json\/wp\/v2\/tags?post=6634"},{"taxonomy":"tribe_events_cat","embeddable":true,"href":"https:\/\/www.cltweb.org\/es\/wp-json\/wp\/v2\/tribe_events_cat?post=6634"}],"curies":[{"name":"wp","href":"https:\/\/api.w.org\/{rel}","templated":true}]}}