{"id":6716,"date":"2024-10-30T00:00:00","date_gmt":"2024-10-30T00:00:00","guid":{"rendered":"https:\/\/www.cltweb.org\/event\/mesa-redonda-sobre-gestionar-el-futuro-el-poder-y-el-liderazgo-de-los-jovenes-en-la-practica-de-los-fideicomisos-de-la-tierra-comunitarios-2\/"},"modified":"2024-12-10T20:44:24","modified_gmt":"2024-12-10T20:44:24","slug":"mesa-redonda-sobre-gestionar-el-futuro-el-poder-y-el-liderazgo-de-los-jovenes-en-la-practica-de-los-fideicomisos-de-la-tierra-comunitarios-2","status":"publish","type":"tribe_events","link":"https:\/\/www.cltweb.org\/es\/event\/mesa-redonda-sobre-gestionar-el-futuro-el-poder-y-el-liderazgo-de-los-jovenes-en-la-practica-de-los-fideicomisos-de-la-tierra-comunitarios-2\/","title":{"rendered":"Mesa redonda sobre &#8220;Gestionar el futuro: El poder y el liderazgo de los j\u00f3venes en la pr\u00e1ctica de los fideicomisos de la tierra comunitarios"},"content":{"rendered":"<div  class=\"tribe-events-schedule tribe-clearfix\" >\n\t<p class=\"tribe-events-schedule__datetime\">\n\t\t<span class=\"tribe-events-schedule__date tribe-events-schedule__date--start\">\n\t\t\tdiciembre 4, 2024\t\t<\/span>\n\n\t\t\t\t\t<span class=\"tribe-events-schedule__separator tribe-events-schedule__separator--date\">\n\t\t\t\t @ \t\t\t<\/span>\n\t\t\t<span class=\"tribe-events-schedule__time tribe-events-schedule__time--start\">\n\t\t\t\t12:00\t\t\t<\/span>\n\t\t\n\t\t\t\t\t\t\t\t\t<span class=\"tribe-events-schedule__separator tribe-events-schedule__separator--time\">\n\t\t\t\t\t &#8211; \t\t\t\t<\/span>\n\t\t\t\n\t\t\t\t\t\t\t<span class=\"tribe-events-schedule__time tribe-events-schedule__time--end\">\n\t\t\t\t\t13:15\t\t\t\t<\/span>\n\t\t\t\n\t\t\t\t\t\t\t<span class=\"tribe-events-schedule__timezone\">EST<\/span>\n\t\t\t\t\t\t<\/p>\n<\/div>\n\n<h2 class=\"wp-block-heading\" id=\"h-webinar-resources\">Recursos del seminario web<\/h2>\n\n<figure class=\"wp-block-embed aligncenter is-type-video is-provider-youtube wp-block-embed-youtube wp-embed-aspect-4-3 wp-has-aspect-ratio\"><div class=\"wp-block-embed__wrapper\">\n<iframe loading=\"lazy\" title=\"Panel Discussion on Youth Power and Leadership in CLT Practice\" width=\"1290\" height=\"968\" src=\"https:\/\/www.youtube.com\/embed\/UF1qD6WZTwg?feature=oembed\" frameborder=\"0\" allow=\"accelerometer; autoplay; clipboard-write; encrypted-media; gyroscope; picture-in-picture; web-share\" referrerpolicy=\"strict-origin-when-cross-origin\" allowfullscreen><\/iframe>\n<\/div><\/figure>\n\n<h3 class=\"wp-block-heading\" id=\"h-slide-decks\">Cubiertas deslizantes<\/h3>\n\n<ul class=\"wp-block-list\">\n<li><strong><a href=\"https:\/\/www.cltweb.org\/wp-content\/uploads\/2024\/12\/Ashley-Allen-Presentation.pdf\" target=\"_blank\" rel=\"noreferrer noopener\">Doctora Ashley Allen<\/a><\/strong>, Houston CLT, Directora Ejecutiva<\/li>\n\n\n\n<li><strong><a href=\"https:\/\/www.cltweb.org\/wp-content\/uploads\/2024\/12\/Carlos-Sanchez-Gonzales-Presentation.pdf\" target=\"_blank\" rel=\"noreferrer noopener\">Carlos S\u00e1nchez-Gonzales<\/a><\/strong>, South Baltimore CLT, Especialista en Divulgaci\u00f3n Juvenil<\/li>\n\n\n\n<li><strong><a href=\"https:\/\/www.cltweb.org\/wp-content\/uploads\/2024\/12\/Jason-Webb-Presentation-.pdf\" target=\"_blank\" rel=\"noreferrer noopener\">Jason Webb<\/a><\/strong>, Grounded Solutions Network, Director de Asistencia Comunitaria y T\u00e9cnica<\/li>\n<\/ul>\n\n<h2 class=\"wp-block-heading has-large-font-size\" id=\"h-webinar-description\">Descripci\u00f3n del seminario<\/h2>\n\n<p><b>El 4 de diciembre de 2024, celebramos una mesa redonda con una breve sesi\u00f3n de preguntas y respuestas sobre la participaci\u00f3n y el liderazgo de los j\u00f3venes en los fideicomisos de la tierra.<\/b> <span style=\"font-weight: 400;\">El n\u00facleo de la misi\u00f3n de CLT es la administraci\u00f3n de los bienes de la comunidad para las generaciones presentes y futuras. Para responder a los apremiantes retos sociales, econ\u00f3micos y medioambientales de hoy en d\u00eda, especialmente los que plantea el cambio clim\u00e1tico, es necesario escuchar y alzar las voces de los m\u00e1s afectados: nuestros j\u00f3venes. Involucrar a los j\u00f3venes en la propiedad comunitaria de la tierra y la vivienda ser\u00e1 crucial para construir comunidades sostenibles y avanzar en la misi\u00f3n de custodia de las CLT.  <\/span> <span style=\"font-weight: 400;\">Este seminario web fue una interesante conversaci\u00f3n con profesionales del CLT y dos l\u00edderes juveniles. Juntos, exploramos cuestiones como <\/span><\/p>\n\n<ul class=\"wp-block-list\">\n<li><span style=\"font-weight: 400;\">\u00bfC\u00f3mo implican los CLT a los representantes de los j\u00f3venes en la toma de decisiones?<\/span><\/li>\n\n\n\n<li><span style=\"font-weight: 400;\">\u00bfC\u00f3mo influyen las preocupaciones de los miembros j\u00f3venes de los CLT en la pr\u00e1ctica de los CLT?<\/span><\/li>\n\n\n\n<li><span style=\"font-weight: 400;\">\u00bfC\u00f3mo podemos implicar mejor a los j\u00f3venes y destacar su papel en la configuraci\u00f3n del futuro de las comunidades?<\/span><\/li>\n<\/ul>\n\n<h2 class=\"wp-block-heading has-large-font-size\" id=\"h-panelists\">Panelistas<\/h2>\n\n<ul class=\"wp-block-list\">\n<li><em><b>Ashley Allen<\/b><\/em><span style=\"font-weight: 400;\"><span style=\"font-weight: 400;\"> <em> es Directora Ejecutiva del <a href=\"https:\/\/www.houstonclt.org\/\" target=\"_blank\" rel=\"noopener\">Fideicomiso de la Tierra de la Comunidad de Houston<\/a>.<\/em> Aporta al cargo su experiencia en liderazgo sin \u00e1nimo de lucro y desarrollo de programas en las \u00e1reas de educaci\u00f3n, S.T.E.M., desarrollo de la mano de obra y vivienda asequible. Como organizadora comunitaria durante m\u00e1s de 10 a\u00f1os, ayud\u00f3 a desarrollar e impulsar campa\u00f1as para mejorar los servicios a los sin techo, la pol\u00edtica de vivienda asequible y la educaci\u00f3n en Chicago, IL.<\/span><\/span>Ashley trabaj\u00f3 como consultora para la Fundaci\u00f3n Barack Obama, donde fue responsable de la planificaci\u00f3n y puesta en marcha de la iniciativa de la fundaci\u00f3n para formar a la pr\u00f3xima generaci\u00f3n de organizadores y defensores de la comunidad. Forma parte de la Junta de la Coalici\u00f3n para los Sin Techo de Houston\/Condado de Harris y es miembro de la Secci\u00f3n de Antiguos Alumnos de Houston de Delta Sigma Theta, Sorority, Inc. Ashley es licenciada en Ciencias de la Alimentaci\u00f3n por la Universidad A&amp;M de Florida, tiene un m\u00e1ster en Administraci\u00f3n P\u00fablica por la Universidad Estatal Governors y un doctorado en Pol\u00edtica Cultural y Educativa con especializaci\u00f3n en Sociolog\u00eda por la Universidad Loyola de Chicago.  <\/li>\n\n\n\n<li><em><b>Carlos S\u00e1nchez-Gonz\u00e1lez<\/b><\/em><span style=\"font-weight: 400;\"> <em> es un l\u00edder juvenil y residente del sur de Baltimore que trabaja con <a href=\"https:\/\/www.sbclt.org\/our-team\/\" target=\"_blank\" rel=\"noopener\">el Fideicomiso Comunitario de la Tierra del sur de Baltimore<\/a>.<\/em> En su trabajo, se centra en la divulgaci\u00f3n y la educaci\u00f3n en toda la ciudad para conectar a m\u00e1s residentes con el movimiento para crear un desarrollo de propiedad comunitariaCuando era estudiante en el Benjamin Franklin HS de Curtis Bay, Carlos empez\u00f3 a aprender de los l\u00edderes de la justicia medioambiental que fundaron Free Your Voice. Carlos puso en pr\u00e1ctica estas lecciones ayudando a desarrollar el primer Plan de Basura Cero de Baltimore y abogando por una nueva financiaci\u00f3n para el desarrollo de propiedad comunitaria permanentemente asequible. Ahora, Carlos sigue impulsando la justicia medioambiental mediante la investigaci\u00f3n y la acci\u00f3n, al tiempo que ampl\u00eda nuestro alcance a la pr\u00f3xima generaci\u00f3n de l\u00edderes juveniles.  <\/span> <\/li>\n\n\n\n<li><em><b>Jason Webb <\/b>es Director de Asistencia Comunitaria y T\u00e9cnica en <a href=\"https:\/\/groundedsolutions.org\/\" target=\"_blank\" rel=\"noopener\">Grounded Solutions Network<\/a>.<\/em> Escribe a  <span style=\"font-weight: 400;\">tiene cerca de 40 a\u00f1os de experiencia en organizaci\u00f3n y revitalizaci\u00f3n de comunidades. Tuvo un papel decisivo en la revitalizaci\u00f3n de una comunidad de Roxbury, Massachusetts, llamada &#8220;Dudley Street&#8221;, como se destaca en los premiados documentales Holding Ground y Gaining Ground y en el libro Streets of Hope. Como 9ason supervisa la formaci\u00f3n y la asistencia t\u00e9cnica a ciudades, organizaciones sin \u00e1nimo de lucro y grupos comunitarios. Ayuda a explorar, adoptar y aplicar pol\u00edticas y programas de vivienda con asequibilidad duradera que promuevan la equidad y la inclusi\u00f3n raciales. Jason ha desarrollado herramientas esenciales que han ayudado a cientos de grupos a conocer el modelo de fideicomiso de la tierra comunitario, como el &#8220;Community Land Trust Start-up Hub&#8221;. Jason fue Copresidente del comit\u00e9 de personal para la equidad racial y la inclusi\u00f3n de 2020 a 2023.     <\/span> <span style=\"font-weight: 400;\"><span style=\"font-weight: 400;\">  Antes de llegar a Grounded Solutions, Jason trabaj\u00f3 durante 15 a\u00f1os para Dudley Street Neighborhood Initiative (DSNI) y Network Member Dudley Neighbors Inc. (DNI). Desempe\u00f1\u00f3 varios cargos, como el de Director de Bienes Inmuebles y Tecnolog\u00eda, Director de DNI &#8220;El fideicomiso de la tierra de la comunidad&#8221; y Director de Administraci\u00f3n y Finanzas. Jason supervis\u00f3 el desarrollo de varias urbanizaciones del fideicomiso de la tierra y cre\u00f3 un programa de desarrollo y empleo juvenil llamado CommunityScapes.  <\/span><\/span>Natural de Massachusetts, Jason asisti\u00f3 a la Escuela de Administraci\u00f3n de la Universidad de Boston. Jason reside actualmente en New Bedford, Massachusetts, donde \u00e9l y su familia disfrutan de la ciudad portuaria conocida por su industria pesquera y ballenera. <\/li>\n<\/ul>\n\n<figure class=\"wp-block-image aligncenter\"><img decoding=\"async\" src=\"https:\/\/www.cltweb.org\/wp-content\/uploads\/2024\/10\/Youth-Engagement-Logos.png\" alt=\"\" class=\"wp-image-7856\"\/><\/figure>\n\n<p><\/p>\n\t<div  class=\"tribe-block tribe-block__events-link\" >\n\t\t<div class=\"tribe-events tribe-common\">\n\t\t\t<div class=\"tribe-events-c-subscribe-dropdown__container\">\n\t\t\t\t<div class=\"tribe-events-c-subscribe-dropdown\">\n\t\t\t\t\t<div class=\"tribe-common-c-btn-border tribe-events-c-subscribe-dropdown__button\">\n\t\t\t\t\t\t<svg\n\t class=\"tribe-common-c-svgicon tribe-common-c-svgicon--cal-export tribe-events-c-subscribe-dropdown__export-icon\" \taria-hidden=\"true\"\n\tviewBox=\"0 0 23 17\"\n\txmlns=\"http:\/\/www.w3.org\/2000\/svg\"\n>\n\t<path fill-rule=\"evenodd\" clip-rule=\"evenodd\" d=\"M.128.896V16.13c0 .211.145.383.323.383h15.354c.179 0 .323-.172.323-.383V.896c0-.212-.144-.383-.323-.383H.451C.273.513.128.684.128.896Zm16 6.742h-.901V4.679H1.009v10.729h14.218v-3.336h.901V7.638ZM1.01 1.614h14.218v2.058H1.009V1.614Z\" \/>\n\t<path d=\"M20.5 9.846H8.312M18.524 6.953l2.89 2.909-2.855 2.855\" stroke-width=\"1.2\" stroke-linecap=\"round\" stroke-linejoin=\"round\"\/>\n<\/svg>\n\t\t\t\t\t\t<button\n\t\t\t\t\t\t\tclass=\"tribe-events-c-subscribe-dropdown__button-text\"\n\t\t\t\t\t\t\taria-expanded=\"false\"\n\t\t\t\t\t\t\taria-controls=\"tribe-events-subscribe-dropdown-content\"\n\t\t\t\t\t\t\taria-label=\"Ver enlaces para a\u00f1adir eventos al calendario\"\n\t\t\t\t\t\t>\n\t\t\t\t\t\t\tA\u00f1adir al calendario\t\t\t\t\t\t<\/button>\n\t\t\t\t\t\t<svg\n\t class=\"tribe-common-c-svgicon tribe-common-c-svgicon--caret-down tribe-events-c-subscribe-dropdown__button-icon\" \taria-hidden=\"true\"\n\tviewBox=\"0 0 10 7\"\n\txmlns=\"http:\/\/www.w3.org\/2000\/svg\"\n>\n\t<path fill-rule=\"evenodd\" clip-rule=\"evenodd\" d=\"M1.008.609L5 4.6 8.992.61l.958.958L5 6.517.05 1.566l.958-.958z\" class=\"tribe-common-c-svgicon__svg-fill\"\/>\n<\/svg>\n\t\t\t\t\t<\/div>\n\t\t\t\t\t<div id=\"tribe-events-subscribe-dropdown-content\" class=\"tribe-events-c-subscribe-dropdown__content\">\n\t\t\t\t\t\t<ul class=\"tribe-events-c-subscribe-dropdown__list\">\n\t\t\t\t\t\t\t\t\t\t\t\t\t\t\t<li class=\"tribe-events-c-subscribe-dropdown__list-item tribe-events-c-subscribe-dropdown__list-item--gcal\">\n\t\t\t\t\t\t\t\t\t<a\n\t\t\t\t\t\t\t\t\t\thref=\"https:\/\/www.google.com\/calendar\/event?action=TEMPLATE&#038;dates=20241204T120000\/20241204T131500&#038;text=Mesa%20redonda%20sobre%20%26%238220%3BGestionar%20el%20futuro%3A%20El%20poder%20y%20el%20liderazgo%20de%20los%20j%C3%B3venes%20en%20la%20pr%C3%A1ctica%20de%20los%20fideicomisos%20de%20la%20tierra%20comunitarios&#038;details=%3Ch2+class%3D%22wp-block-heading%22+id%3D%22h-webinar-resources%22%3ERecursos+del+seminario+web%3C%2Fh2%3E%3Cfigure+class%3D%22wp-block-embed+aligncenter+is-type-video+is-provider-youtube+wp-block-embed-youtube+wp-embed-aspect-4-3+wp-has-aspect-ratio%22%3E%3Cdiv+class%3D%22wp-block-embed__wrapper%22%3Ehttps%3A%2F%2Fyoutu.be%2FUF1qD6WZTwg%3C%2Fdiv%3E%3C%2Ffigure%3E%3Ch3+class%3D%22wp-block-heading%22+id%3D%22h-slide-decks%22%3ECubiertas+deslizantes%3C%2Fh3%3E%3Cul+class%3D%22wp-block-list%22%3E%3Cli%3E%3Cstrong%3E%3Ca+href%3D%22https%3A%2F%2Fwww.cltweb.org%2Fwp-content%2Fuploads%2F2024%2F12%2FAshley-Allen-Presentation.pdf%22+target%3D%22_blank%22+rel%3D%22noreferrer+noopener%22%3EDoctora+Ashley+Allen%3C%2Fa%3E%3C%2Fstrong%3E%2C+Houston+CLT%2C+Directora+Ejecutiva%3C%2Fli%3E%3Cli%3E%3Cstrong%3E%3Ca+href%3D%22https%3A%2F%2Fwww.cltweb.org%2Fwp-content%2Fuploads%2F2024%2F12%2FCarlos-Sanchez-Gonzales-Presentation.pdf%22+target%3D%22_blank%22+rel%3D%22noreferrer+noopener%22%3ECarlos+S%C3%A1nchez-Gonzales%3C%2Fa%3E%3C%2Fstrong%3E%2C+South+Baltimore+CLT%2C+Especialista+en+Divulgaci%C3%B3n+Juvenil%3C%2Fli%3E%3Cli%3E%3Cstrong%3E%3Ca+href%3D%22https%3A%2F%2Fwww.cltweb.org%2Fwp-content%2Fuploads%2F2024%2F12%2FJason-Webb-Presentation-.pdf%22+%3C%2Fstrong%3E%3C%2Fli%3E%3C%2Ful%3E+%28Ver+aqu%C3%AD+la+descripci%C3%B3n+completa+de+evento%3A+https%3A%2F%2Fwww.cltweb.org%2Fes%2Fevent%2Fmesa-redonda-sobre-gestionar-el-futuro-el-poder-y-el-liderazgo-de-los-jovenes-en-la-practica-de-los-fideicomisos-de-la-tierra-comunitarios-2%2F%29&#038;trp=false&#038;ctz=America\/New_York&#038;sprop=website:https:\/\/www.cltweb.org\/es\/\"\n\t\t\t\t\t\t\t\t\t\tclass=\"tribe-events-c-subscribe-dropdown__list-item-link\"\n\t\t\t\t\t\t\t\t\t\ttarget=\"_blank\"\n\t\t\t\t\t\t\t\t\t\trel=\"noopener noreferrer nofollow noindex\"\n\t\t\t\t\t\t\t\t\t>\n\t\t\t\t\t\t\t\t\t\tGoogle Calendar\t\t\t\t\t\t\t\t\t<\/a>\n\t\t\t\t\t\t\t\t<\/li>\n\t\t\t\t\t\t\t\t\t\t\t\t\t\t\t<li class=\"tribe-events-c-subscribe-dropdown__list-item tribe-events-c-subscribe-dropdown__list-item--ical\">\n\t\t\t\t\t\t\t\t\t<a\n\t\t\t\t\t\t\t\t\t\thref=\"\"\n\t\t\t\t\t\t\t\t\t\tclass=\"tribe-events-c-subscribe-dropdown__list-item-link\"\n\t\t\t\t\t\t\t\t\t\ttarget=\"_blank\"\n\t\t\t\t\t\t\t\t\t\trel=\"noopener noreferrer nofollow noindex\"\n\t\t\t\t\t\t\t\t\t>\n\t\t\t\t\t\t\t\t\t\tiCalendar\t\t\t\t\t\t\t\t\t<\/a>\n\t\t\t\t\t\t\t\t<\/li>\n\t\t\t\t\t\t\t\t\t\t\t\t\t\t\t<li class=\"tribe-events-c-subscribe-dropdown__list-item tribe-events-c-subscribe-dropdown__list-item--outlook-365\">\n\t\t\t\t\t\t\t\t\t<a\n\t\t\t\t\t\t\t\t\t\thref=\"\"\n\t\t\t\t\t\t\t\t\t\tclass=\"tribe-events-c-subscribe-dropdown__list-item-link\"\n\t\t\t\t\t\t\t\t\t\ttarget=\"_blank\"\n\t\t\t\t\t\t\t\t\t\trel=\"noopener noreferrer nofollow noindex\"\n\t\t\t\t\t\t\t\t\t>\n\t\t\t\t\t\t\t\t\t\tOutlook 365\t\t\t\t\t\t\t\t\t<\/a>\n\t\t\t\t\t\t\t\t<\/li>\n\t\t\t\t\t\t\t\t\t\t\t\t\t\t\t<li class=\"tribe-events-c-subscribe-dropdown__list-item tribe-events-c-subscribe-dropdown__list-item--outlook-live\">\n\t\t\t\t\t\t\t\t\t<a\n\t\t\t\t\t\t\t\t\t\thref=\"\"\n\t\t\t\t\t\t\t\t\t\tclass=\"tribe-events-c-subscribe-dropdown__list-item-link\"\n\t\t\t\t\t\t\t\t\t\ttarget=\"_blank\"\n\t\t\t\t\t\t\t\t\t\trel=\"noopener noreferrer nofollow noindex\"\n\t\t\t\t\t\t\t\t\t>\n\t\t\t\t\t\t\t\t\t\tOutlook Live\t\t\t\t\t\t\t\t\t<\/a>\n\t\t\t\t\t\t\t\t<\/li>\n\t\t\t\t\t\t\t\t\t\t\t\t\t<\/ul>\n\t\t\t\t\t<\/div>\n\t\t\t\t<\/div>\n\t\t\t<\/div>\n\t\t<\/div>\n\t<\/div>\n\n<div  class=\"tribe-events-single-section tribe-events-event-meta primary tribe-clearfix\" >\n\t\n\t\n<div class=\"tribe-events-meta-group tribe-events-meta-group-details\">\n\t<h3 class=\"tribe-events-single-section-title\">\n\t\t\t\t\tDetalles\t\t\n\t<\/h3>\n\t<ul class=\"tribe-events-meta-list\">\n\n\t\t\n\t\t\t<li class=\"tribe-events-meta-item\">\n\t\t\t\t<span class=\"tribe-events-meta-label\">Fecha:<\/span>\n\t\t\t\t<span class=\"tribe-events-meta-value\">\n\t\t\t\t\t<abbr class=\"tribe-events-abbr tribe-events-start-date published dtstart\" title=\"2024-12-04\"> diciembre 4, 2024 <\/abbr>\n\t\t\t\t<\/span>\n\t\t\t<\/li>\n\n\t\t\t<li class=\"tribe-events-meta-item\">\n\t\t\t\t<span class=\"tribe-events-meta-label\">Hora:<\/span>\n\t\t\t\t<span class=\"tribe-events-meta-value\">\n\t\t\t\t\t<div class=\"tribe-events-abbr tribe-events-start-time published dtstart\" title=\"2024-12-04\">\n\t\t\t\t\t\t12:00 &#8211; 13:15\t\t\t\t\t\t\t\t\t\t\t\t\t<span class=\"tribe-events-abbr tribe-events-time-zone published\">EST<\/span>\n\t\t\t\t\t\t\t\t\t\t\t<\/div>\n\t\t\t\t<\/span>\n\t\t\t<\/li>\n\n\t\t\n\t\t\n\t\t\n\t\t\n\t\t<li class=\"tribe-events-meta-item\"><span class=\"tribe-event-tags-label tribe-events-meta-label\">Etiquetas del Evento:<\/span><span class=\"tribe-event-tags tribe-events-meta-value\"><a href=\"https:\/\/www.cltweb.org\/es\/eventos\/etiqueta\/administracion\/\" rel=\"tag\">administraci\u00f3n<\/a>, <a href=\"https:\/\/www.cltweb.org\/es\/eventos\/etiqueta\/compromiso-juvenil\/\" rel=\"tag\">Compromiso juvenil<\/a>, <a href=\"https:\/\/www.cltweb.org\/es\/eventos\/etiqueta\/mesa-redonda\/\" rel=\"tag\">mesa redonda<\/a><\/span><\/li>\n\t\t\n\t\t\t<\/ul>\n<\/div>\n\t\n<div class=\"tribe-events-meta-group tribe-events-meta-group-organizer\">\n\t<h3 class=\"tribe-events-single-section-title\">\n\t\t\t\t\tOrganizador\t\t\t<\/h3>\n\t<ul class=\"tribe-events-meta-list tribe-events-meta-list-organizer\">\n\t\t\t\t\t<li class=\"tribe-events-meta-item\">\n\t\t\t\t<span class=\"tribe-organizer tribe-events-meta-value\">\n\t\t\t\t\t<a href=\"https:\/\/www.cltweb.org\/es\/organizador\/centro-internacional-de-fideicomisos-comunitarios-de-la-tierra\/\" title=\"Centro Internacional de Fideicomisos Comunitarios de la Tierra\" target=\"_self\" rel=\"\">Centro Internacional de Fideicomisos Comunitarios de la Tierra<\/a>\t\t\t\t<\/span>\n\t\t\t<\/li>\n\t\t\t\t\t\t\t<li class=\"tribe-events-meta-item\">\n\t\t\t\t\t<span class=\"tribe-organizer-email-label tribe-events-meta-label\">\n\t\t\t\t\t\tCorreo electr\u00f3nico\t\t\t\t\t<\/span>\n\t\t\t\t\t<span class=\"tribe-organizer-email tribe-events-meta-value\">\n\t\t\t\t\t\t&#105;&#110;fo&#064;c&#111;mm&#117;&#110;&#105;t&#121;l&#097;&#110;&#100;&#116;r&#117;st.net\t\t\t\t\t<\/span>\n\t\t\t\t<\/li>\n\t\t\t\t\t\t\t\t<li class=\"tribe-events-meta-item\">\n\t\t\t\t\t<span class=\"tribe-organizer-url-label tribe-events-meta-label\">\n\t\t\t\t\t\tSitio web\t\t\t\t\t<\/span>\n\t\t\t\t\t<span class=\"tribe-organizer-url tribe-events-meta-value\">\n\t\t\t\t\t\t<a href=\"https:\/\/www.cltweb.org\" target=\"_blank\" rel=\"noopener noreferrer\">Ver el sitio web del Organizador<\/a>\t\t\t\t\t<\/span>\n\t\t\t\t<\/li>\n\t\t\t\t\t<\/ul>\n<\/div>\n\n\t<\/div>\n<div  class=\"tribe-block tribe-block__venue tribe-clearfix\" >\n\t\n\t\t\n\t<\/div>\n","protected":false},"excerpt":{"rendered":"<p>Recursos del seminario web Cubiertas deslizantes Descripci\u00f3n del seminario El 4 de diciembre de 2024, celebramos una mesa redonda con una breve sesi\u00f3n de preguntas y respuestas sobre la participaci\u00f3n [&hellip;]<\/p>\n","protected":false},"author":2,"featured_media":0,"template":"","meta":{"give_campaign_id":0,"_tec_requires_first_save":false,"_kad_blocks_custom_css":"","_kad_blocks_head_custom_js":"","_kad_blocks_body_custom_js":"","_kad_blocks_footer_custom_js":"","_EventAllDay":false,"_EventTimezone":"America\/New_York","_EventStartDate":"2024-12-04 12:00:00","_EventEndDate":"2024-12-04 13:15:00","_EventStartDateUTC":"2024-12-04 17:00:00","_EventEndDateUTC":"2024-12-04 18:15:00","_EventShowMap":false,"_EventShowMapLink":false,"_EventURL":"","_EventCost":"","_EventCostDescription":"","_EventCurrencySymbol":"","_EventCurrencyCode":"","_EventCurrencyPosition":"","_EventDateTimeSeparator":"","_EventTimeRangeSeparator":"","_EventOrganizerID":[6679],"_EventVenueID":[],"_OrganizerEmail":"","_OrganizerPhone":"","_OrganizerWebsite":"","_VenueAddress":"","_VenueCity":"","_VenueCountry":"","_VenueProvince":"","_VenueState":"","_VenueZip":"","_VenuePhone":"","_VenueURL":"","_VenueStateProvince":"","_VenueLat":"","_VenueLng":"","_VenueShowMap":false,"_VenueShowMapLink":false,"_tribe_blocks_recurrence_rules":"","_tribe_blocks_recurrence_description":"","_tribe_blocks_recurrence_exclusions":"","_tribe_events_status":"","_tribe_events_status_reason":"","_tribe_events_is_hybrid":"","_tribe_events_is_virtual":"","_tribe_events_virtual_video_source":"","_tribe_events_virtual_embed_video":"","_tribe_events_virtual_linked_button_text":"","_tribe_events_virtual_linked_button":"","_tribe_events_virtual_show_embed_at":"","_tribe_events_virtual_show_embed_to":[],"_tribe_events_virtual_show_on_event":"","_tribe_events_virtual_show_on_views":"","_tribe_events_virtual_url":"","footnotes":""},"tags":[269,270,268],"tribe_events_cat":[],"class_list":["post-6716","tribe_events","type-tribe_events","status-publish","hentry","tag-administracion","tag-compromiso-juvenil","tag-mesa-redonda"],"blocksy_meta":[],"yoast_head":"<!-- This site is optimized with the Yoast SEO Premium plugin v27.4 (Yoast SEO v27.5) - https:\/\/yoast.com\/product\/yoast-seo-premium-wordpress\/ -->\n<title>Mesa redonda sobre &quot;Gestionar el futuro: El poder y el liderazgo de los j\u00f3venes en la pr\u00e1ctica de los fideicomisos de la tierra comunitarios - International Center for Community Land Trusts<\/title>\n<meta name=\"robots\" content=\"index, follow, max-snippet:-1, max-image-preview:large, max-video-preview:-1\" \/>\n<link rel=\"canonical\" href=\"https:\/\/www.cltweb.org\/es\/event\/mesa-redonda-sobre-gestionar-el-futuro-el-poder-y-el-liderazgo-de-los-jovenes-en-la-practica-de-los-fideicomisos-de-la-tierra-comunitarios-2\/\" \/>\n<meta property=\"og:locale\" content=\"es_ES\" \/>\n<meta property=\"og:type\" content=\"article\" \/>\n<meta property=\"og:title\" content=\"Mesa redonda sobre &quot;Gestionar el futuro: El poder y el liderazgo de los j\u00f3venes en la pr\u00e1ctica de los fideicomisos de la tierra comunitarios\" \/>\n<meta property=\"og:description\" content=\"Recursos del seminario web Cubiertas deslizantes Descripci\u00f3n del seminario El 4 de diciembre de 2024, celebramos una mesa redonda con una breve sesi\u00f3n de preguntas y respuestas sobre la participaci\u00f3n [&hellip;]\" \/>\n<meta property=\"og:url\" content=\"https:\/\/www.cltweb.org\/es\/event\/mesa-redonda-sobre-gestionar-el-futuro-el-poder-y-el-liderazgo-de-los-jovenes-en-la-practica-de-los-fideicomisos-de-la-tierra-comunitarios-2\/\" \/>\n<meta property=\"og:site_name\" content=\"International Center for Community Land Trusts\" \/>\n<meta property=\"article:publisher\" content=\"https:\/\/www.facebook.com\/cltcenter\" \/>\n<meta property=\"article:modified_time\" content=\"2024-12-10T20:44:24+00:00\" \/>\n<meta property=\"og:image\" content=\"https:\/\/www.cltweb.org\/wp-content\/uploads\/2024\/11\/20160229_105905-1-scaled.jpg\" \/>\n\t<meta property=\"og:image:width\" content=\"1\" \/>\n\t<meta property=\"og:image:height\" content=\"1\" \/>\n\t<meta property=\"og:image:type\" content=\"image\/jpeg\" \/>\n<meta name=\"twitter:card\" content=\"summary_large_image\" \/>\n<meta name=\"twitter:site\" content=\"@Center4CLTs\" \/>\n<meta name=\"twitter:label1\" content=\"Tiempo de lectura\" \/>\n\t<meta name=\"twitter:data1\" content=\"5 minutos\" \/>\n<script type=\"application\/ld+json\" class=\"yoast-schema-graph\">{\"@context\":\"https:\\\/\\\/schema.org\",\"@graph\":[{\"@type\":\"WebPage\",\"@id\":\"https:\\\/\\\/www.cltweb.org\\\/es\\\/event\\\/mesa-redonda-sobre-gestionar-el-futuro-el-poder-y-el-liderazgo-de-los-jovenes-en-la-practica-de-los-fideicomisos-de-la-tierra-comunitarios-2\\\/\",\"url\":\"https:\\\/\\\/www.cltweb.org\\\/es\\\/event\\\/mesa-redonda-sobre-gestionar-el-futuro-el-poder-y-el-liderazgo-de-los-jovenes-en-la-practica-de-los-fideicomisos-de-la-tierra-comunitarios-2\\\/\",\"name\":\"Mesa redonda sobre \\\"Gestionar el futuro: El poder y el liderazgo de los j\u00f3venes en la pr\u00e1ctica de los fideicomisos de la tierra comunitarios - International Center for Community Land Trusts\",\"isPartOf\":{\"@id\":\"https:\\\/\\\/www.cltweb.org\\\/es\\\/#website\"},\"primaryImageOfPage\":{\"@id\":\"https:\\\/\\\/www.cltweb.org\\\/es\\\/event\\\/mesa-redonda-sobre-gestionar-el-futuro-el-poder-y-el-liderazgo-de-los-jovenes-en-la-practica-de-los-fideicomisos-de-la-tierra-comunitarios-2\\\/#primaryimage\"},\"image\":{\"@id\":\"https:\\\/\\\/www.cltweb.org\\\/es\\\/event\\\/mesa-redonda-sobre-gestionar-el-futuro-el-poder-y-el-liderazgo-de-los-jovenes-en-la-practica-de-los-fideicomisos-de-la-tierra-comunitarios-2\\\/#primaryimage\"},\"thumbnailUrl\":\"https:\\\/\\\/www.cltweb.org\\\/wp-content\\\/uploads\\\/2024\\\/10\\\/Youth-Engagement-Logos.png\",\"datePublished\":\"2024-10-30T00:00:00+00:00\",\"dateModified\":\"2024-12-10T20:44:24+00:00\",\"breadcrumb\":{\"@id\":\"https:\\\/\\\/www.cltweb.org\\\/es\\\/event\\\/mesa-redonda-sobre-gestionar-el-futuro-el-poder-y-el-liderazgo-de-los-jovenes-en-la-practica-de-los-fideicomisos-de-la-tierra-comunitarios-2\\\/#breadcrumb\"},\"inLanguage\":\"es\",\"potentialAction\":[{\"@type\":\"ReadAction\",\"target\":[\"https:\\\/\\\/www.cltweb.org\\\/es\\\/event\\\/mesa-redonda-sobre-gestionar-el-futuro-el-poder-y-el-liderazgo-de-los-jovenes-en-la-practica-de-los-fideicomisos-de-la-tierra-comunitarios-2\\\/\"]}]},{\"@type\":\"ImageObject\",\"inLanguage\":\"es\",\"@id\":\"https:\\\/\\\/www.cltweb.org\\\/es\\\/event\\\/mesa-redonda-sobre-gestionar-el-futuro-el-poder-y-el-liderazgo-de-los-jovenes-en-la-practica-de-los-fideicomisos-de-la-tierra-comunitarios-2\\\/#primaryimage\",\"url\":\"https:\\\/\\\/www.cltweb.org\\\/wp-content\\\/uploads\\\/2024\\\/10\\\/Youth-Engagement-Logos.png\",\"contentUrl\":\"https:\\\/\\\/www.cltweb.org\\\/wp-content\\\/uploads\\\/2024\\\/10\\\/Youth-Engagement-Logos.png\"},{\"@type\":\"BreadcrumbList\",\"@id\":\"https:\\\/\\\/www.cltweb.org\\\/es\\\/event\\\/mesa-redonda-sobre-gestionar-el-futuro-el-poder-y-el-liderazgo-de-los-jovenes-en-la-practica-de-los-fideicomisos-de-la-tierra-comunitarios-2\\\/#breadcrumb\",\"itemListElement\":[{\"@type\":\"ListItem\",\"position\":1,\"name\":\"Home\",\"item\":\"https:\\\/\\\/www.cltweb.org\\\/es\\\/\"},{\"@type\":\"ListItem\",\"position\":2,\"name\":\"Eventos\",\"item\":\"https:\\\/\\\/www.cltweb.org\\\/es\\\/events\\\/\"},{\"@type\":\"ListItem\",\"position\":3,\"name\":\"Mesa redonda sobre &#8220;Gestionar el futuro: El poder y el liderazgo de los j\u00f3venes en la pr\u00e1ctica de los fideicomisos de la tierra comunitarios\"}]},{\"@type\":\"WebSite\",\"@id\":\"https:\\\/\\\/www.cltweb.org\\\/es\\\/#website\",\"url\":\"https:\\\/\\\/www.cltweb.org\\\/es\\\/\",\"name\":\"International Center for Community Land Trusts\",\"description\":\"\",\"publisher\":{\"@id\":\"https:\\\/\\\/www.cltweb.org\\\/es\\\/#organization\"},\"potentialAction\":[{\"@type\":\"SearchAction\",\"target\":{\"@type\":\"EntryPoint\",\"urlTemplate\":\"https:\\\/\\\/www.cltweb.org\\\/es\\\/?s={search_term_string}\"},\"query-input\":{\"@type\":\"PropertyValueSpecification\",\"valueRequired\":true,\"valueName\":\"search_term_string\"}}],\"inLanguage\":\"es\"},{\"@type\":\"Organization\",\"@id\":\"https:\\\/\\\/www.cltweb.org\\\/es\\\/#organization\",\"name\":\"International Center for Community Land Trusts\",\"url\":\"https:\\\/\\\/www.cltweb.org\\\/es\\\/\",\"logo\":{\"@type\":\"ImageObject\",\"inLanguage\":\"es\",\"@id\":\"https:\\\/\\\/www.cltweb.org\\\/es\\\/#\\\/schema\\\/logo\\\/image\\\/\",\"url\":\"https:\\\/\\\/www.cltweb.org\\\/wp-content\\\/uploads\\\/2024\\\/11\\\/New-CLT-Center-Text-logo.png\",\"contentUrl\":\"https:\\\/\\\/www.cltweb.org\\\/wp-content\\\/uploads\\\/2024\\\/11\\\/New-CLT-Center-Text-logo.png\",\"width\":227,\"height\":80,\"caption\":\"International Center for Community Land Trusts\"},\"image\":{\"@id\":\"https:\\\/\\\/www.cltweb.org\\\/es\\\/#\\\/schema\\\/logo\\\/image\\\/\"},\"sameAs\":[\"https:\\\/\\\/www.facebook.com\\\/cltcenter\",\"https:\\\/\\\/x.com\\\/Center4CLTs\",\"https:\\\/\\\/www.instagram.com\\\/cltcenter\\\/\",\"https:\\\/\\\/www.linkedin.com\\\/company\\\/cltcenter\",\"https:\\\/\\\/www.youtube.com\\\/@centerforcltinnovation5313\"],\"description\":\"The International Center for Community Land Trusts is a not-for-profit nongovernmental organization established in 2018 to promote and to support community land trusts and similar strategies of community-led development on community-owned land in countries throughout the world.\",\"email\":\"info@communitylandtrust.net\",\"legalName\":\"International Center for Community Land Trusts\",\"foundingDate\":\"2018-12-01\",\"taxID\":\"84-3858933\",\"numberOfEmployees\":{\"@type\":\"QuantitativeValue\",\"minValue\":\"1\",\"maxValue\":\"10\"}}]}<\/script>\n<!-- \/ Yoast SEO Premium plugin. -->","yoast_head_json":{"title":"Mesa redonda sobre \"Gestionar el futuro: El poder y el liderazgo de los j\u00f3venes en la pr\u00e1ctica de los fideicomisos de la tierra comunitarios - International Center for Community Land Trusts","robots":{"index":"index","follow":"follow","max-snippet":"max-snippet:-1","max-image-preview":"max-image-preview:large","max-video-preview":"max-video-preview:-1"},"canonical":"https:\/\/www.cltweb.org\/es\/event\/mesa-redonda-sobre-gestionar-el-futuro-el-poder-y-el-liderazgo-de-los-jovenes-en-la-practica-de-los-fideicomisos-de-la-tierra-comunitarios-2\/","og_locale":"es_ES","og_type":"article","og_title":"Mesa redonda sobre \"Gestionar el futuro: El poder y el liderazgo de los j\u00f3venes en la pr\u00e1ctica de los fideicomisos de la tierra comunitarios","og_description":"Recursos del seminario web Cubiertas deslizantes Descripci\u00f3n del seminario El 4 de diciembre de 2024, celebramos una mesa redonda con una breve sesi\u00f3n de preguntas y respuestas sobre la participaci\u00f3n [&hellip;]","og_url":"https:\/\/www.cltweb.org\/es\/event\/mesa-redonda-sobre-gestionar-el-futuro-el-poder-y-el-liderazgo-de-los-jovenes-en-la-practica-de-los-fideicomisos-de-la-tierra-comunitarios-2\/","og_site_name":"International Center for Community Land Trusts","article_publisher":"https:\/\/www.facebook.com\/cltcenter","article_modified_time":"2024-12-10T20:44:24+00:00","og_image":[{"url":"https:\/\/www.cltweb.org\/wp-content\/uploads\/2024\/11\/20160229_105905-1-scaled.jpg","width":1,"height":1,"type":"image\/jpeg"}],"twitter_card":"summary_large_image","twitter_site":"@Center4CLTs","twitter_misc":{"Tiempo de lectura":"5 minutos"},"schema":{"@context":"https:\/\/schema.org","@graph":[{"@type":"WebPage","@id":"https:\/\/www.cltweb.org\/es\/event\/mesa-redonda-sobre-gestionar-el-futuro-el-poder-y-el-liderazgo-de-los-jovenes-en-la-practica-de-los-fideicomisos-de-la-tierra-comunitarios-2\/","url":"https:\/\/www.cltweb.org\/es\/event\/mesa-redonda-sobre-gestionar-el-futuro-el-poder-y-el-liderazgo-de-los-jovenes-en-la-practica-de-los-fideicomisos-de-la-tierra-comunitarios-2\/","name":"Mesa redonda sobre \"Gestionar el futuro: El poder y el liderazgo de los j\u00f3venes en la pr\u00e1ctica de los fideicomisos de la tierra comunitarios - International Center for Community Land Trusts","isPartOf":{"@id":"https:\/\/www.cltweb.org\/es\/#website"},"primaryImageOfPage":{"@id":"https:\/\/www.cltweb.org\/es\/event\/mesa-redonda-sobre-gestionar-el-futuro-el-poder-y-el-liderazgo-de-los-jovenes-en-la-practica-de-los-fideicomisos-de-la-tierra-comunitarios-2\/#primaryimage"},"image":{"@id":"https:\/\/www.cltweb.org\/es\/event\/mesa-redonda-sobre-gestionar-el-futuro-el-poder-y-el-liderazgo-de-los-jovenes-en-la-practica-de-los-fideicomisos-de-la-tierra-comunitarios-2\/#primaryimage"},"thumbnailUrl":"https:\/\/www.cltweb.org\/wp-content\/uploads\/2024\/10\/Youth-Engagement-Logos.png","datePublished":"2024-10-30T00:00:00+00:00","dateModified":"2024-12-10T20:44:24+00:00","breadcrumb":{"@id":"https:\/\/www.cltweb.org\/es\/event\/mesa-redonda-sobre-gestionar-el-futuro-el-poder-y-el-liderazgo-de-los-jovenes-en-la-practica-de-los-fideicomisos-de-la-tierra-comunitarios-2\/#breadcrumb"},"inLanguage":"es","potentialAction":[{"@type":"ReadAction","target":["https:\/\/www.cltweb.org\/es\/event\/mesa-redonda-sobre-gestionar-el-futuro-el-poder-y-el-liderazgo-de-los-jovenes-en-la-practica-de-los-fideicomisos-de-la-tierra-comunitarios-2\/"]}]},{"@type":"ImageObject","inLanguage":"es","@id":"https:\/\/www.cltweb.org\/es\/event\/mesa-redonda-sobre-gestionar-el-futuro-el-poder-y-el-liderazgo-de-los-jovenes-en-la-practica-de-los-fideicomisos-de-la-tierra-comunitarios-2\/#primaryimage","url":"https:\/\/www.cltweb.org\/wp-content\/uploads\/2024\/10\/Youth-Engagement-Logos.png","contentUrl":"https:\/\/www.cltweb.org\/wp-content\/uploads\/2024\/10\/Youth-Engagement-Logos.png"},{"@type":"BreadcrumbList","@id":"https:\/\/www.cltweb.org\/es\/event\/mesa-redonda-sobre-gestionar-el-futuro-el-poder-y-el-liderazgo-de-los-jovenes-en-la-practica-de-los-fideicomisos-de-la-tierra-comunitarios-2\/#breadcrumb","itemListElement":[{"@type":"ListItem","position":1,"name":"Home","item":"https:\/\/www.cltweb.org\/es\/"},{"@type":"ListItem","position":2,"name":"Eventos","item":"https:\/\/www.cltweb.org\/es\/events\/"},{"@type":"ListItem","position":3,"name":"Mesa redonda sobre &#8220;Gestionar el futuro: El poder y el liderazgo de los j\u00f3venes en la pr\u00e1ctica de los fideicomisos de la tierra comunitarios"}]},{"@type":"WebSite","@id":"https:\/\/www.cltweb.org\/es\/#website","url":"https:\/\/www.cltweb.org\/es\/","name":"International Center for Community Land Trusts","description":"","publisher":{"@id":"https:\/\/www.cltweb.org\/es\/#organization"},"potentialAction":[{"@type":"SearchAction","target":{"@type":"EntryPoint","urlTemplate":"https:\/\/www.cltweb.org\/es\/?s={search_term_string}"},"query-input":{"@type":"PropertyValueSpecification","valueRequired":true,"valueName":"search_term_string"}}],"inLanguage":"es"},{"@type":"Organization","@id":"https:\/\/www.cltweb.org\/es\/#organization","name":"International Center for Community Land Trusts","url":"https:\/\/www.cltweb.org\/es\/","logo":{"@type":"ImageObject","inLanguage":"es","@id":"https:\/\/www.cltweb.org\/es\/#\/schema\/logo\/image\/","url":"https:\/\/www.cltweb.org\/wp-content\/uploads\/2024\/11\/New-CLT-Center-Text-logo.png","contentUrl":"https:\/\/www.cltweb.org\/wp-content\/uploads\/2024\/11\/New-CLT-Center-Text-logo.png","width":227,"height":80,"caption":"International Center for Community Land Trusts"},"image":{"@id":"https:\/\/www.cltweb.org\/es\/#\/schema\/logo\/image\/"},"sameAs":["https:\/\/www.facebook.com\/cltcenter","https:\/\/x.com\/Center4CLTs","https:\/\/www.instagram.com\/cltcenter\/","https:\/\/www.linkedin.com\/company\/cltcenter","https:\/\/www.youtube.com\/@centerforcltinnovation5313"],"description":"The International Center for Community Land Trusts is a not-for-profit nongovernmental organization established in 2018 to promote and to support community land trusts and similar strategies of community-led development on community-owned land in countries throughout the world.","email":"info@communitylandtrust.net","legalName":"International Center for Community Land Trusts","foundingDate":"2018-12-01","taxID":"84-3858933","numberOfEmployees":{"@type":"QuantitativeValue","minValue":"1","maxValue":"10"}}]}},"taxonomy_info":{"post_tag":[{"value":269,"label":"administraci\u00f3n"},{"value":270,"label":"Compromiso juvenil"},{"value":268,"label":"mesa redonda"}]},"featured_image_src_large":false,"author_info":{"display_name":"Ben Harris","author_link":"https:\/\/www.cltweb.org\/es\/author\/ben\/"},"comment_info":"","jetpack_sharing_enabled":true,"_links":{"self":[{"href":"https:\/\/www.cltweb.org\/es\/wp-json\/wp\/v2\/tribe_events\/6716","targetHints":{"allow":["GET"]}}],"collection":[{"href":"https:\/\/www.cltweb.org\/es\/wp-json\/wp\/v2\/tribe_events"}],"about":[{"href":"https:\/\/www.cltweb.org\/es\/wp-json\/wp\/v2\/types\/tribe_events"}],"author":[{"embeddable":true,"href":"https:\/\/www.cltweb.org\/es\/wp-json\/wp\/v2\/users\/2"}],"version-history":[{"count":12,"href":"https:\/\/www.cltweb.org\/es\/wp-json\/wp\/v2\/tribe_events\/6716\/revisions"}],"predecessor-version":[{"id":7917,"href":"https:\/\/www.cltweb.org\/es\/wp-json\/wp\/v2\/tribe_events\/6716\/revisions\/7917"}],"wp:attachment":[{"href":"https:\/\/www.cltweb.org\/es\/wp-json\/wp\/v2\/media?parent=6716"}],"wp:term":[{"taxonomy":"post_tag","embeddable":true,"href":"https:\/\/www.cltweb.org\/es\/wp-json\/wp\/v2\/tags?post=6716"},{"taxonomy":"tribe_events_cat","embeddable":true,"href":"https:\/\/www.cltweb.org\/es\/wp-json\/wp\/v2\/tribe_events_cat?post=6716"}],"curies":[{"name":"wp","href":"https:\/\/api.w.org\/{rel}","templated":true}]}}