{"id":6717,"date":"2024-08-22T00:00:00","date_gmt":"2024-08-22T00:00:00","guid":{"rendered":"https:\/\/www.cltweb.org\/event\/utilizacion-de-las-clt-para-la-renovacion-energetica-y-la-asequibilidad-permanente-de-las-viviendas-existentes-2\/"},"modified":"2024-12-17T22:49:18","modified_gmt":"2024-12-17T22:49:18","slug":"utilizacion-de-las-clt-para-la-renovacion-energetica-y-la-asequibilidad-permanente-de-las-viviendas-existentes-2","status":"publish","type":"tribe_events","link":"https:\/\/www.cltweb.org\/es\/event\/utilizacion-de-las-clt-para-la-renovacion-energetica-y-la-asequibilidad-permanente-de-las-viviendas-existentes-2\/","title":{"rendered":"Utilizaci\u00f3n de las CLT para la renovaci\u00f3n energ\u00e9tica y la asequibilidad permanente de las viviendas existentes"},"content":{"rendered":"<div  class=\"tribe-events-schedule tribe-clearfix\" >\n\t<p class=\"tribe-events-schedule__datetime\">\n\t\t<span class=\"tribe-events-schedule__date tribe-events-schedule__date--start\">\n\t\t\tseptiembre 25, 2024\t\t<\/span>\n\n\t\t\t\t\t<span class=\"tribe-events-schedule__separator tribe-events-schedule__separator--date\">\n\t\t\t\t @ \t\t\t<\/span>\n\t\t\t<span class=\"tribe-events-schedule__time tribe-events-schedule__time--start\">\n\t\t\t\t11:00\t\t\t<\/span>\n\t\t\n\t\t\t\t\t\t\t\t\t<span class=\"tribe-events-schedule__separator tribe-events-schedule__separator--time\">\n\t\t\t\t\t &#8211; \t\t\t\t<\/span>\n\t\t\t\n\t\t\t\t\t\t\t<span class=\"tribe-events-schedule__time tribe-events-schedule__time--end\">\n\t\t\t\t\t12:00\t\t\t\t<\/span>\n\t\t\t\n\t\t\t\t\t\t\t<span class=\"tribe-events-schedule__timezone\">EDT<\/span>\n\t\t\t\t\t\t<\/p>\n<\/div>\n\n<h2 class=\"wp-block-heading has-medium-font-size\" id=\"h-presentation-recordings\">Grabaciones de presentaciones<!-- notionvc: 1b0cde71-bd0b-417c-80c0-2566a7236d6c --><\/h2>\n\n<p class=\"has-text-align-left\" style=\"font-size:clamp(14px, 0.875rem + ((1vw - 3.2px) * 0.313), 18px);\"><strong>Jeanne Mosseray, Universidad Libre de Bruselas (14 minutos &#8211; Fran\u00e7ais):<\/strong><br\/><iframe loading=\"lazy\" title=\"Reproductor de v&#xED;deo de YouTube\" src=\"https:\/\/www.youtube.com\/embed\/VIoYh-EnzcI?si=RDS8ln5UVhP9gFSt\" width=\"560\" height=\"315\" frameborder=\"0\" allowfullscreen=\"allowfullscreen\"><\/iframe><\/p>\n\n<p style=\"font-size:clamp(14px, 0.875rem + ((1vw - 3.2px) * 0.313), 18px);\"><strong>Staci Horwitz, Fideicomiso Comunitario de la Tierra de la Ciudad de los Lagos (13 minutos &#8211; ingl\u00e9s):<\/strong><br\/><iframe loading=\"lazy\" title=\"Reproductor de v&#xED;deo de YouTube\" src=\"https:\/\/www.youtube.com\/embed\/LJTDGHOHk18?si=P9LNA6F_rq4J8EVw\" width=\"560\" height=\"315\" frameborder=\"0\" allowfullscreen=\"allowfullscreen\"><\/iframe><\/p>\n\n<p style=\"font-size:clamp(14px, 0.875rem + ((1vw - 3.2px) * 0.313), 18px);\"><strong>Virginie Scho\u00ebff, fideicomiso de la tierra de Bruselas (19 minutos &#8211; Fran\u00e7ais):<\/strong><br\/><iframe loading=\"lazy\" title=\"Reproductor de v&#xED;deo de YouTube\" src=\"https:\/\/www.youtube.com\/embed\/qx1IDzwmhu4?si=XwcZG6H8svlXkEQk\" width=\"560\" height=\"315\" frameborder=\"0\" allowfullscreen=\"allowfullscreen\"><\/iframe><\/p>\n\n<h2 class=\"wp-block-heading has-medium-font-size\" id=\"h-presentation-slides\">Diapositivas de la presentaci\u00f3n<\/h2>\n\n<ul class=\"wp-block-list\">\n<li><a href=\"https:\/\/www.cltweb.org\/wp-content\/uploads\/2024\/11\/Jeanne-Mosseray-%E2%80%93-Upcycling-Trust-Partnership-Slides.pdf\" data-type=\"attachment\" data-id=\"7121\">Jeanne Mosseray, Universidad Libre de Bruselas<\/a><\/li>\n\n\n\n<li><a href=\"https:\/\/www.cltweb.org\/wp-content\/uploads\/2024\/11\/Staci-Horwitz-%E2%80%93-Project-Sustained-Legacy.pdf\" data-type=\"attachment\" data-id=\"7117\">Staci Horwitz, Fideicomiso Comunitario de la Tierra de la Ciudad de los Lagos<\/a><\/li>\n\n\n\n<li><a href=\"https:\/\/www.cltweb.org\/wp-content\/uploads\/2024\/11\/Virginie-Schoeff-CLT-Reno-Solidarity-Pack-Presentation.pdf\" data-type=\"attachment\" data-id=\"7113\">Virginie Scho\u00ebff, fideicomiso de la tierra de Bruselas<\/a><\/li>\n<\/ul>\n\n<h2 class=\"wp-block-heading has-medium-font-size\" id=\"h-presentation-transcripts-in-english-and-french\">Transcripciones de la presentaci\u00f3n en ingl\u00e9s y franc\u00e9s<\/h2>\n\n<ul class=\"wp-block-list\">\n<li><a href=\"https:\/\/www.cltweb.org\/wp-content\/uploads\/2024\/11\/Jeanne-Mosseray-%E2%80%93-Transcript-EN_FR.pdf\" data-type=\"attachment\" data-id=\"7400\" target=\"_blank\" rel=\"noreferrer noopener\">Jeanne Mosseray, Universidad Libre de Bruselas<\/a><\/li>\n\n\n\n<li><a href=\"https:\/\/www.cltweb.org\/wp-content\/uploads\/2024\/11\/Staci-Horwitz-Transcript-EN_FR.pdf\" data-type=\"attachment\" data-id=\"7109\">Staci Horwitz, Fideicomiso Comunitario de la Tierra de la Ciudad de los Lagos<\/a><\/li>\n\n\n\n<li><a href=\"https:\/\/www.cltweb.org\/wp-content\/uploads\/2024\/11\/Virginie-Schoeff-Transcript-EN_FR.pdf\" data-type=\"attachment\" data-id=\"7105\">Virginie Scho\u00ebff, fideicomiso de la tierra de Bruselas<\/a><\/li>\n<\/ul>\n\n<h2 class=\"wp-block-heading has-medium-font-size\" id=\"h-blog-posts\">Entradas de blog<\/h2>\n\n<ul class=\"wp-block-list\">\n<li><em><a href=\"https:\/\/www.cltweb.org\/es\/2024\/09\/03\/introduccion-al-uso-de-las-clt-para-la-renovacion-energetica-y-la-asequibilidad-permanente-de-las-viviendas-existentes\/\" data-type=\"post\" data-id=\"7242\">Introducci\u00f3n al uso de las CLT para la renovaci\u00f3n energ\u00e9tica y la asequibilidad permanente de las viviendas existentes<\/a><\/em>por Rich Kruger Delgado, Director de Educaci\u00f3n y Divulgaci\u00f3n, Centro Internacional de Fideicomisos Comunitarios de la Tierra<\/li>\n\n\n\n<li><em><a href=\"https:\/\/www.cltweb.org\/es\/2024\/09\/10\/pueden-los-clt-desempenar-un-papel-en-la-politica-climatica\/\" data-type=\"post\" data-id=\"7229\">\u00bfPueden los CLT desempe\u00f1ar un papel en la pol\u00edtica clim\u00e1tica?<\/a><\/em>porGeert De Pauw, Coordinador de Community Land Trust Brussels y Copresidente del Centro Internacional de Fideicomisos Comunitarios de la Tierra<\/li>\n\n\n\n<li><em><a href=\"https:\/\/www.cltweb.org\/es\/2024\/09\/16\/apoyo-al-proyecto-upcycling-trust-la-perspectiva-de-un-investigador\/\" data-type=\"post\" data-id=\"7206\">Apoyo al Proyecto Upcycling Trust: La perspectiva de un investigador<\/a><\/em>, por Jeanne Mosseray, Universidad Libre de Bruselas<\/li>\n<\/ul>\n\n<h2 class=\"wp-block-heading has-medium-font-size\" id=\"h-webinar-description\">Descripci\u00f3n del seminario<\/h2>\n\n<p>Ante el doble reto de producir m\u00e1s viviendas asequibles y abordar el cambio clim\u00e1tico, las ciudades de todo el mundo se encuentran atrapadas entre la necesidad de producir m\u00e1s viviendas protegiendo al mismo tiempo los espacios abiertos existentes y descarbonizando el entorno construido. Al vincular la sostenibilidad del entorno construido a la creaci\u00f3n de viviendas asequibles de forma permanente, los CLT pueden responder simult\u00e1neamente a la crisis de la vivienda y del clima de forma que se garantice la justicia y la equidad. <\/p>\n\n<p>Este seminario web de 75 minutos destacar\u00e1 enfoques innovadores de CLT para ofrecer soluciones justas y equitativas que respondan a estos retos, presentando dos iniciativas ejemplares de CLT de Europa y Estados Unidos: The Upcycling Trust, una asociaci\u00f3n entre cinco CLT europeas y autoridades municipales locales de Francia; y el Proyecto de Legado Sostenido de City of Lakes CLT en la ciudad de Minneapolis, MN. La asociaci\u00f3n Upcycling Trust trabaja en la renovaci\u00f3n sostenible de viviendas, al tiempo que las viviendas existentes pasan a ser propiedad de la comunidad. El Proyecto de Legado Sostenido de la CLT de la Ciudad de los Lagos utiliza la CLT como forma de ayudar a los propietarios de edad avanzada con bajos ingresos que se enfrentan a importantes retos de rehabilitaci\u00f3n de viviendas, al tiempo que cede el terreno a la CLT. Nuestros ponentes ofrecer\u00e1n una visi\u00f3n general de sus respectivos proyectos, al tiempo que abordar\u00e1n los retos espec\u00edficos a los que se enfrentan y las estrategias que emplean para superar estos obst\u00e1culos, proporcionando valiosas perspectivas tanto para los profesionales como para los responsables pol\u00edticos. Tras las presentaciones, tambi\u00e9n habr\u00e1 un breve turno de preguntas y respuestas para que tengas la oportunidad de hacer preguntas a nuestros panelistas.    <\/p>\n\n<h2 class=\"wp-block-heading has-medium-font-size\" id=\"h-presenters\">Presentadores<\/h2>\n\n<h4 class=\"wp-block-heading\" id=\"h-jeanne-mosseray-post-doctoral-researcher-cosmopolis-centre-for-urban-research-vrije-universiteit-brussel\" style=\"font-size:clamp(14px, 0.875rem + ((1vw - 3.2px) * 0.469), 20px);\"><b>Jeanne Mosseray, <span style=\"font-weight: 400;\">Investigadora Postdoctoral, <a href=\"https:\/\/cosmopolis.research.vub.be\/en\" target=\"_blank\" rel=\"noopener\">Centro Cosm\u00f3polis de Investigaci\u00f3n Urbana, Universidad Libre de Bruselas<\/a><\/span><\/b><\/h4>\n\n<p>Jeanne se form\u00f3 como antrop\u00f3loga y curs\u00f3 estudios de Urbanismo y Planificaci\u00f3n Estrat\u00e9gica. Ahora, como &#8220;urbanista-antrop\u00f3loga&#8221;, combina la investigaci\u00f3n urbana socioespacial y el dise\u00f1o urbano. Su investigaci\u00f3n se centra principalmente en la vivienda, los barrios de viviendas sociales y la inclusi\u00f3n de los residentes en la ciudad a trav\u00e9s del urbanismo.  <\/p>\n\n<h4 class=\"wp-block-heading\" id=\"h-staci-horwitz-operations-director-city-of-lakes-community-land-trust\" style=\"font-size:clamp(14px, 0.875rem + ((1vw - 3.2px) * 0.469), 20px);\"><b>Staci Horwitz, Directora de Operaciones, <a href=\"https:\/\/www.clclt.org\/\" target=\"_blank\" rel=\"noopener\">Fideicomiso de la Tierra de la Ciudad de los Lagos<\/a><\/b><\/h4>\n\n<p>Staci Horwitz es la Directora de Operaciones de City of Lakes CLT, donde supervisa los programas de propiedad de viviendas y los proyectos de promoci\u00f3n inmobiliaria. Se incorpor\u00f3 a CLCLT en 2006 y cuenta con una amplia experiencia, que incluye cargos como presidenta de una empresa de software, consultora de redacci\u00f3n de subvenciones, especialista en juventud y consultora de ventas m\u00e9dicas. La experiencia de Staci abarca la administraci\u00f3n de organizaciones sin \u00e1nimo de lucro, el desarrollo de programas, la gesti\u00f3n financiera y la administraci\u00f3n de fideicomisos de la tierra. Tambi\u00e9n ha impartido talleres para NeighborWorks\u00ae America y Grounded Solutions Network. Staci es licenciada en Diet\u00e9tica por el College of St. Scholastica y reside en el norte de Minneapolis.    <\/p>\n\n<h4 class=\"wp-block-heading\" id=\"h-virginia-schoeff-project-manager-for-sustainable-and-inclusive-renovation-community-land-trust-brussels\" style=\"font-size:clamp(14px, 0.875rem + ((1vw - 3.2px) * 0.469), 20px);\"><b>Virginia Scho\u00ebff, Gestora de Proyectos de Renovaci\u00f3n Sostenible e Inclusiva, <a href=\"https:\/\/www.cltb.be\/\" target=\"_blank\" rel=\"noopener\">Fideicomiso de la tierra de Bruselas<\/a><\/b><\/h4>\n\n<p>Virginie Shoeff es Directora de Proyectos de Renovaci\u00f3n Sostenible e Inclusiva en CLTB. Virginie es arquitecta de formaci\u00f3n. De 2004 a 2011, fue responsable de la cocreaci\u00f3n de los &#8220;Ateliers Mommens&#8221;, la primera residencia social de artistas de Bruselas. Despu\u00e9s, se especializ\u00f3 en la renovaci\u00f3n ecol\u00f3gica y el apoyo a la autorrenovaci\u00f3n. Tras una carrera como arquitecta independiente, trabaja desde 2023 para Community Land Trust Brussels, donde es responsable de una investigaci\u00f3n-acci\u00f3n sobre el uso del modelo CLT para ayudar a propietarios con ingresos modestos en la renovaci\u00f3n energ\u00e9tica de sus viviendas.    <\/p>\n\n<figure class=\"wp-block-image aligncenter size-full is-resized\"><img loading=\"lazy\" decoding=\"async\" width=\"1000\" height=\"200\" src=\"https:\/\/www.cltweb.org\/wp-content\/uploads\/2024\/11\/Upcycling-Trust-Webinar-Org-Banner.png\" alt=\"Upcycling Trust Webinar Organizaciones\" class=\"wp-image-7174\" style=\"width:660px;height:auto\" srcset=\"https:\/\/www.cltweb.org\/wp-content\/uploads\/2024\/11\/Upcycling-Trust-Webinar-Org-Banner.png 1000w, https:\/\/www.cltweb.org\/wp-content\/uploads\/2024\/11\/Upcycling-Trust-Webinar-Org-Banner-300x60.png 300w, https:\/\/www.cltweb.org\/wp-content\/uploads\/2024\/11\/Upcycling-Trust-Webinar-Org-Banner-768x154.png 768w\" sizes=\"auto, (max-width: 1000px) 100vw, 1000px\" \/><\/figure>\n\t<div  class=\"tribe-block tribe-block__events-link\" >\n\t\t<div class=\"tribe-events tribe-common\">\n\t\t\t<div class=\"tribe-events-c-subscribe-dropdown__container\">\n\t\t\t\t<div class=\"tribe-events-c-subscribe-dropdown\">\n\t\t\t\t\t<div class=\"tribe-common-c-btn-border tribe-events-c-subscribe-dropdown__button\">\n\t\t\t\t\t\t<svg\n\t class=\"tribe-common-c-svgicon tribe-common-c-svgicon--cal-export tribe-events-c-subscribe-dropdown__export-icon\" \taria-hidden=\"true\"\n\tviewBox=\"0 0 23 17\"\n\txmlns=\"http:\/\/www.w3.org\/2000\/svg\"\n>\n\t<path fill-rule=\"evenodd\" clip-rule=\"evenodd\" d=\"M.128.896V16.13c0 .211.145.383.323.383h15.354c.179 0 .323-.172.323-.383V.896c0-.212-.144-.383-.323-.383H.451C.273.513.128.684.128.896Zm16 6.742h-.901V4.679H1.009v10.729h14.218v-3.336h.901V7.638ZM1.01 1.614h14.218v2.058H1.009V1.614Z\" \/>\n\t<path d=\"M20.5 9.846H8.312M18.524 6.953l2.89 2.909-2.855 2.855\" stroke-width=\"1.2\" stroke-linecap=\"round\" stroke-linejoin=\"round\"\/>\n<\/svg>\n\t\t\t\t\t\t<button\n\t\t\t\t\t\t\tclass=\"tribe-events-c-subscribe-dropdown__button-text\"\n\t\t\t\t\t\t\taria-expanded=\"false\"\n\t\t\t\t\t\t\taria-controls=\"tribe-events-subscribe-dropdown-content\"\n\t\t\t\t\t\t\taria-label=\"Ver enlaces para a\u00f1adir eventos al calendario\"\n\t\t\t\t\t\t>\n\t\t\t\t\t\t\tA\u00f1adir al calendario\t\t\t\t\t\t<\/button>\n\t\t\t\t\t\t<svg\n\t class=\"tribe-common-c-svgicon tribe-common-c-svgicon--caret-down tribe-events-c-subscribe-dropdown__button-icon\" \taria-hidden=\"true\"\n\tviewBox=\"0 0 10 7\"\n\txmlns=\"http:\/\/www.w3.org\/2000\/svg\"\n>\n\t<path fill-rule=\"evenodd\" clip-rule=\"evenodd\" d=\"M1.008.609L5 4.6 8.992.61l.958.958L5 6.517.05 1.566l.958-.958z\" class=\"tribe-common-c-svgicon__svg-fill\"\/>\n<\/svg>\n\t\t\t\t\t<\/div>\n\t\t\t\t\t<div id=\"tribe-events-subscribe-dropdown-content\" class=\"tribe-events-c-subscribe-dropdown__content\">\n\t\t\t\t\t\t<ul class=\"tribe-events-c-subscribe-dropdown__list\">\n\t\t\t\t\t\t\t\t\t\t\t\t\t\t\t<li class=\"tribe-events-c-subscribe-dropdown__list-item tribe-events-c-subscribe-dropdown__list-item--gcal\">\n\t\t\t\t\t\t\t\t\t<a\n\t\t\t\t\t\t\t\t\t\thref=\"https:\/\/www.google.com\/calendar\/event?action=TEMPLATE&#038;dates=20240925T110000\/20240925T120000&#038;text=Utilizaci%C3%B3n%20de%20las%20CLT%20para%20la%20renovaci%C3%B3n%20energ%C3%A9tica%20y%20la%20asequibilidad%20permanente%20de%20las%20viviendas%20existentes&#038;details=%3Ch2+class%3D%22wp-block-heading+has-medium-font-size%22+id%3D%22h-presentation-recordings%22%3EGrabaciones+de+presentaciones%3C%2Fh2%3E%3Cp+class%3D%22has-text-align-left%22+style%3D%22font-size%3A18px%22%3E%3Cstrong%3EJeanne+Mosseray%2C+Universidad+Libre+de+Bruselas+%2814+minutos+-+Fran%C3%A7ais%29%3A%3C%2Fstrong%3E%3Cbr+%2F%3E%3Ciframe+title%3D%22Reproductor+de+v%26%23xED%3Bdeo+de+YouTube%22+src%3D%22https%3A%2F%2Fwww.youtube.com%2Fembed%2FVIoYh-EnzcI%3Fsi%3DRDS8ln5UVhP9gFSt%22+width%3D%22560%22+height%3D%22315%22+frameborder%3D%220%22+allowfullscreen%3D%22allowfullscreen%22%3E%3C%2Fiframe%3E%3C%2Fp%3E+%3Cp+style%3D%22font-size%3A18px%22%3E%3Cstrong%3EStaci+Horwitz%2C+Fideicomiso+Comunitario+de+la+Tierra+de+la+Ciudad+de+los+Lagos+%2813+minutos+-+ingl%C3%A9s%29%3A%3C%2Fstrong%3E%3Cbr+%2F%3E%3Ciframe+title%3D%22Reproductor+de+v%26%23xED%3Bdeo+de+YouTube%22+src%3D%22https%3A%2F%2Fwww.youtube.com%2Fembed%2FLJTDGHOHk18%3Fsi%3DP9LNA6F_rq4J8EVw%22+width%3D%22560%22+height%3D%22315%22+frameborder%3D%220%22+allowfullscreen%3D%22allowfullscreen%22%3E%3C%2Fiframe%3E%3C%2Fp%3E+%3Cp+style%3D%22font-size%3A18px%22%3E%3Cstrong%3EVirginie+Scho%C3%ABff%2C+fideicomiso+de+la+tierra+de+Bruselas+%2819+minutos+-+Fran%C3%A7ais%29%3A%3C%2Fstrong%3E%3Cbr+%2F%3E%3Ciframe+title%3D%22Reproductor+d%3C%2Fp%3E+%28Ver+aqu%C3%AD+la+descripci%C3%B3n+completa+de+evento%3A+https%3A%2F%2Fwww.cltweb.org%2Fes%2Fevent%2Futilizacion-de-las-clt-para-la-renovacion-energetica-y-la-asequibilidad-permanente-de-las-viviendas-existentes-2%2F%29&#038;trp=false&#038;ctz=America\/New_York&#038;sprop=website:https:\/\/www.cltweb.org\/es\/\"\n\t\t\t\t\t\t\t\t\t\tclass=\"tribe-events-c-subscribe-dropdown__list-item-link\"\n\t\t\t\t\t\t\t\t\t\ttarget=\"_blank\"\n\t\t\t\t\t\t\t\t\t\trel=\"noopener noreferrer nofollow noindex\"\n\t\t\t\t\t\t\t\t\t>\n\t\t\t\t\t\t\t\t\t\tGoogle Calendar\t\t\t\t\t\t\t\t\t<\/a>\n\t\t\t\t\t\t\t\t<\/li>\n\t\t\t\t\t\t\t\t\t\t\t\t\t\t\t<li class=\"tribe-events-c-subscribe-dropdown__list-item tribe-events-c-subscribe-dropdown__list-item--ical\">\n\t\t\t\t\t\t\t\t\t<a\n\t\t\t\t\t\t\t\t\t\thref=\"\"\n\t\t\t\t\t\t\t\t\t\tclass=\"tribe-events-c-subscribe-dropdown__list-item-link\"\n\t\t\t\t\t\t\t\t\t\ttarget=\"_blank\"\n\t\t\t\t\t\t\t\t\t\trel=\"noopener noreferrer nofollow noindex\"\n\t\t\t\t\t\t\t\t\t>\n\t\t\t\t\t\t\t\t\t\tiCalendar\t\t\t\t\t\t\t\t\t<\/a>\n\t\t\t\t\t\t\t\t<\/li>\n\t\t\t\t\t\t\t\t\t\t\t\t\t\t\t<li class=\"tribe-events-c-subscribe-dropdown__list-item tribe-events-c-subscribe-dropdown__list-item--outlook-365\">\n\t\t\t\t\t\t\t\t\t<a\n\t\t\t\t\t\t\t\t\t\thref=\"\"\n\t\t\t\t\t\t\t\t\t\tclass=\"tribe-events-c-subscribe-dropdown__list-item-link\"\n\t\t\t\t\t\t\t\t\t\ttarget=\"_blank\"\n\t\t\t\t\t\t\t\t\t\trel=\"noopener noreferrer nofollow noindex\"\n\t\t\t\t\t\t\t\t\t>\n\t\t\t\t\t\t\t\t\t\tOutlook 365\t\t\t\t\t\t\t\t\t<\/a>\n\t\t\t\t\t\t\t\t<\/li>\n\t\t\t\t\t\t\t\t\t\t\t\t\t\t\t<li class=\"tribe-events-c-subscribe-dropdown__list-item tribe-events-c-subscribe-dropdown__list-item--outlook-live\">\n\t\t\t\t\t\t\t\t\t<a\n\t\t\t\t\t\t\t\t\t\thref=\"\"\n\t\t\t\t\t\t\t\t\t\tclass=\"tribe-events-c-subscribe-dropdown__list-item-link\"\n\t\t\t\t\t\t\t\t\t\ttarget=\"_blank\"\n\t\t\t\t\t\t\t\t\t\trel=\"noopener noreferrer nofollow noindex\"\n\t\t\t\t\t\t\t\t\t>\n\t\t\t\t\t\t\t\t\t\tOutlook Live\t\t\t\t\t\t\t\t\t<\/a>\n\t\t\t\t\t\t\t\t<\/li>\n\t\t\t\t\t\t\t\t\t\t\t\t\t<\/ul>\n\t\t\t\t\t<\/div>\n\t\t\t\t<\/div>\n\t\t\t<\/div>\n\t\t<\/div>\n\t<\/div>\n\n<div  class=\"tribe-events-single-section tribe-events-event-meta primary tribe-clearfix\" >\n\t\n\t\n<div class=\"tribe-events-meta-group tribe-events-meta-group-details\">\n\t<h3 class=\"tribe-events-single-section-title\">\n\t\t\t\t\tDetalles\t\t\n\t<\/h3>\n\t<ul class=\"tribe-events-meta-list\">\n\n\t\t\n\t\t\t<li class=\"tribe-events-meta-item\">\n\t\t\t\t<span class=\"tribe-events-meta-label\">Fecha:<\/span>\n\t\t\t\t<span class=\"tribe-events-meta-value\">\n\t\t\t\t\t<abbr class=\"tribe-events-abbr tribe-events-start-date published dtstart\" title=\"2024-09-25\"> septiembre 25, 2024 <\/abbr>\n\t\t\t\t<\/span>\n\t\t\t<\/li>\n\n\t\t\t<li class=\"tribe-events-meta-item\">\n\t\t\t\t<span class=\"tribe-events-meta-label\">Hora:<\/span>\n\t\t\t\t<span class=\"tribe-events-meta-value\">\n\t\t\t\t\t<div class=\"tribe-events-abbr tribe-events-start-time published dtstart\" title=\"2024-09-25\">\n\t\t\t\t\t\t11:00 &#8211; 12:00\t\t\t\t\t\t\t\t\t\t\t\t\t<span class=\"tribe-events-abbr tribe-events-time-zone published\">EDT<\/span>\n\t\t\t\t\t\t\t\t\t\t\t<\/div>\n\t\t\t\t<\/span>\n\t\t\t<\/li>\n\n\t\t\n\t\t\n\t\t\n\t\t\n\t\t<li class=\"tribe-events-meta-item\"><span class=\"tribe-event-tags-label tribe-events-meta-label\">Etiquetas del Evento:<\/span><span class=\"tribe-event-tags tribe-events-meta-value\"><a href=\"https:\/\/www.cltweb.org\/es\/eventos\/etiqueta\/fideicomiso-upcycling\/\" rel=\"tag\">fideicomiso upcycling<\/a>, <a href=\"https:\/\/www.cltweb.org\/es\/eventos\/etiqueta\/fideicomisos-comunitarios-de-la-tierra\/\" rel=\"tag\">Fideicomisos comunitarios de la tierra<\/a>, <a href=\"https:\/\/www.cltweb.org\/es\/eventos\/etiqueta\/transicion-justa\/\" rel=\"tag\">transici\u00f3n justa<\/a><\/span><\/li>\n\t\t\n\t\t\t<\/ul>\n<\/div>\n\t\n<div class=\"tribe-events-meta-group tribe-events-meta-group-organizer\">\n\t<h3 class=\"tribe-events-single-section-title\">\n\t\t\t\t\tOrganizador\t\t\t<\/h3>\n\t<ul class=\"tribe-events-meta-list tribe-events-meta-list-organizer\">\n\t\t\t\t\t<li class=\"tribe-events-meta-item\">\n\t\t\t\t<span class=\"tribe-organizer tribe-events-meta-value\">\n\t\t\t\t\t<a href=\"https:\/\/www.cltweb.org\/es\/organizador\/centro-internacional-de-fideicomisos-comunitarios-de-la-tierra\/\" title=\"Centro Internacional de Fideicomisos Comunitarios de la Tierra\" target=\"_self\" rel=\"\">Centro Internacional de Fideicomisos Comunitarios de la Tierra<\/a>\t\t\t\t<\/span>\n\t\t\t<\/li>\n\t\t\t\t\t\t\t<li class=\"tribe-events-meta-item\">\n\t\t\t\t\t<span class=\"tribe-organizer-email-label tribe-events-meta-label\">\n\t\t\t\t\t\tCorreo electr\u00f3nico\t\t\t\t\t<\/span>\n\t\t\t\t\t<span class=\"tribe-organizer-email tribe-events-meta-value\">\n\t\t\t\t\t\t&#105;n&#102;o&#064;&#099;omm&#117;&#110;ityl&#097;&#110;dt&#114;&#117;s&#116;&#046;&#110;&#101;&#116;\t\t\t\t\t<\/span>\n\t\t\t\t<\/li>\n\t\t\t\t\t\t\t\t<li class=\"tribe-events-meta-item\">\n\t\t\t\t\t<span class=\"tribe-organizer-url-label tribe-events-meta-label\">\n\t\t\t\t\t\tSitio web\t\t\t\t\t<\/span>\n\t\t\t\t\t<span class=\"tribe-organizer-url tribe-events-meta-value\">\n\t\t\t\t\t\t<a href=\"https:\/\/www.cltweb.org\" target=\"_blank\" rel=\"noopener noreferrer\">Ver el sitio web del Organizador<\/a>\t\t\t\t\t<\/span>\n\t\t\t\t<\/li>\n\t\t\t\t\t<\/ul>\n<\/div>\n\n\t<\/div>\n<div  class=\"tribe-block tribe-block__venue tribe-clearfix\" >\n\t\n\t\t\n\t<\/div>\n","protected":false},"excerpt":{"rendered":"<p>Acomp\u00e1\u00f1anos el 25 de septiembre de 2024 en un seminario web sobre c\u00f3mo pueden utilizarse las CLT para renovar energ\u00e9ticamente las viviendas existentes y hacerlas asequibles de forma permanente. Escuchar\u00e1s a destacados profesionales de las CLT que lideran enfoques innovadores para la renovaci\u00f3n energ\u00e9tica de viviendas existentes, con un debate posterior. El acto es gratuito y todos son bienvenidos.  <\/p>\n","protected":false},"author":2,"featured_media":0,"template":"","meta":{"give_campaign_id":0,"_tec_requires_first_save":false,"_kad_blocks_custom_css":"","_kad_blocks_head_custom_js":"","_kad_blocks_body_custom_js":"","_kad_blocks_footer_custom_js":"","_EventAllDay":false,"_EventTimezone":"America\/New_York","_EventStartDate":"2024-09-25 11:00:00","_EventEndDate":"2024-09-25 12:00:00","_EventStartDateUTC":"2024-09-25 15:00:00","_EventEndDateUTC":"2024-09-25 16:00:00","_EventShowMap":false,"_EventShowMapLink":false,"_EventURL":"","_EventCost":"","_EventCostDescription":"","_EventCurrencySymbol":"","_EventCurrencyCode":"","_EventCurrencyPosition":"","_EventDateTimeSeparator":"","_EventTimeRangeSeparator":"","_EventOrganizerID":[6679],"_EventVenueID":[],"_OrganizerEmail":"","_OrganizerPhone":"","_OrganizerWebsite":"","_VenueAddress":"","_VenueCity":"","_VenueCountry":"","_VenueProvince":"","_VenueState":"","_VenueZip":"","_VenuePhone":"","_VenueURL":"","_VenueStateProvince":"","_VenueLat":"","_VenueLng":"","_VenueShowMap":false,"_VenueShowMapLink":false,"_tribe_blocks_recurrence_rules":"","_tribe_blocks_recurrence_description":"","_tribe_blocks_recurrence_exclusions":"","_tribe_events_status":"","_tribe_events_status_reason":"","_tribe_events_is_hybrid":"","_tribe_events_is_virtual":"","_tribe_events_virtual_video_source":"","_tribe_events_virtual_embed_video":"","_tribe_events_virtual_linked_button_text":"","_tribe_events_virtual_linked_button":"","_tribe_events_virtual_show_embed_at":"","_tribe_events_virtual_show_embed_to":[],"_tribe_events_virtual_show_on_event":"","_tribe_events_virtual_show_on_views":"","_tribe_events_virtual_url":"","footnotes":""},"tags":[284,283,277],"tribe_events_cat":[],"class_list":["post-6717","tribe_events","type-tribe_events","status-publish","hentry","tag-fideicomiso-upcycling","tag-fideicomisos-comunitarios-de-la-tierra","tag-transicion-justa"],"blocksy_meta":[],"yoast_head":"<!-- This site is optimized with the Yoast SEO Premium plugin v27.4 (Yoast SEO v27.5) - https:\/\/yoast.com\/product\/yoast-seo-premium-wordpress\/ -->\n<title>Utilizaci\u00f3n de las CLT para la renovaci\u00f3n energ\u00e9tica y la asequibilidad permanente de las viviendas existentes - International Center for Community Land Trusts<\/title>\n<meta name=\"robots\" content=\"index, follow, max-snippet:-1, max-image-preview:large, max-video-preview:-1\" \/>\n<link rel=\"canonical\" href=\"https:\/\/www.cltweb.org\/es\/event\/utilizacion-de-las-clt-para-la-renovacion-energetica-y-la-asequibilidad-permanente-de-las-viviendas-existentes-2\/\" \/>\n<meta property=\"og:locale\" content=\"es_ES\" \/>\n<meta property=\"og:type\" content=\"article\" \/>\n<meta property=\"og:title\" content=\"Utilizaci\u00f3n de las CLT para la renovaci\u00f3n energ\u00e9tica y la asequibilidad permanente de las viviendas existentes\" \/>\n<meta property=\"og:description\" content=\"Acomp\u00e1\u00f1anos el 25 de septiembre de 2024 en un seminario web sobre c\u00f3mo pueden utilizarse las CLT para renovar energ\u00e9ticamente las viviendas existentes y hacerlas asequibles de forma permanente. Escuchar\u00e1s a destacados profesionales de las CLT que lideran enfoques innovadores para la renovaci\u00f3n energ\u00e9tica de viviendas existentes, con un debate posterior. El acto es gratuito y todos son bienvenidos.\" \/>\n<meta property=\"og:url\" content=\"https:\/\/www.cltweb.org\/es\/event\/utilizacion-de-las-clt-para-la-renovacion-energetica-y-la-asequibilidad-permanente-de-las-viviendas-existentes-2\/\" \/>\n<meta property=\"og:site_name\" content=\"International Center for Community Land Trusts\" \/>\n<meta property=\"article:publisher\" content=\"https:\/\/www.facebook.com\/cltcenter\" \/>\n<meta property=\"article:modified_time\" content=\"2024-12-17T22:49:18+00:00\" \/>\n<meta property=\"og:image\" content=\"https:\/\/www.cltweb.org\/wp-content\/uploads\/2024\/11\/Upcycling-Trust-Webinar-Org-Banner.png\" \/>\n\t<meta property=\"og:image:width\" content=\"1000\" \/>\n\t<meta property=\"og:image:height\" content=\"200\" \/>\n\t<meta property=\"og:image:type\" content=\"image\/png\" \/>\n<meta name=\"twitter:card\" content=\"summary_large_image\" \/>\n<meta name=\"twitter:site\" content=\"@Center4CLTs\" \/>\n<meta name=\"twitter:label1\" content=\"Tiempo de lectura\" \/>\n\t<meta name=\"twitter:data1\" content=\"4 minutos\" \/>\n<script type=\"application\/ld+json\" class=\"yoast-schema-graph\">{\"@context\":\"https:\\\/\\\/schema.org\",\"@graph\":[{\"@type\":\"WebPage\",\"@id\":\"https:\\\/\\\/www.cltweb.org\\\/es\\\/event\\\/utilizacion-de-las-clt-para-la-renovacion-energetica-y-la-asequibilidad-permanente-de-las-viviendas-existentes-2\\\/\",\"url\":\"https:\\\/\\\/www.cltweb.org\\\/es\\\/event\\\/utilizacion-de-las-clt-para-la-renovacion-energetica-y-la-asequibilidad-permanente-de-las-viviendas-existentes-2\\\/\",\"name\":\"Utilizaci\u00f3n de las CLT para la renovaci\u00f3n energ\u00e9tica y la asequibilidad permanente de las viviendas existentes - International Center for Community Land Trusts\",\"isPartOf\":{\"@id\":\"https:\\\/\\\/www.cltweb.org\\\/es\\\/#website\"},\"primaryImageOfPage\":{\"@id\":\"https:\\\/\\\/www.cltweb.org\\\/es\\\/event\\\/utilizacion-de-las-clt-para-la-renovacion-energetica-y-la-asequibilidad-permanente-de-las-viviendas-existentes-2\\\/#primaryimage\"},\"image\":{\"@id\":\"https:\\\/\\\/www.cltweb.org\\\/es\\\/event\\\/utilizacion-de-las-clt-para-la-renovacion-energetica-y-la-asequibilidad-permanente-de-las-viviendas-existentes-2\\\/#primaryimage\"},\"thumbnailUrl\":\"https:\\\/\\\/www.cltweb.org\\\/wp-content\\\/uploads\\\/2024\\\/11\\\/Upcycling-Trust-Webinar-Org-Banner.png\",\"datePublished\":\"2024-08-22T00:00:00+00:00\",\"dateModified\":\"2024-12-17T22:49:18+00:00\",\"breadcrumb\":{\"@id\":\"https:\\\/\\\/www.cltweb.org\\\/es\\\/event\\\/utilizacion-de-las-clt-para-la-renovacion-energetica-y-la-asequibilidad-permanente-de-las-viviendas-existentes-2\\\/#breadcrumb\"},\"inLanguage\":\"es\",\"potentialAction\":[{\"@type\":\"ReadAction\",\"target\":[\"https:\\\/\\\/www.cltweb.org\\\/es\\\/event\\\/utilizacion-de-las-clt-para-la-renovacion-energetica-y-la-asequibilidad-permanente-de-las-viviendas-existentes-2\\\/\"]}]},{\"@type\":\"ImageObject\",\"inLanguage\":\"es\",\"@id\":\"https:\\\/\\\/www.cltweb.org\\\/es\\\/event\\\/utilizacion-de-las-clt-para-la-renovacion-energetica-y-la-asequibilidad-permanente-de-las-viviendas-existentes-2\\\/#primaryimage\",\"url\":\"https:\\\/\\\/www.cltweb.org\\\/wp-content\\\/uploads\\\/2024\\\/11\\\/Upcycling-Trust-Webinar-Org-Banner.png\",\"contentUrl\":\"https:\\\/\\\/www.cltweb.org\\\/wp-content\\\/uploads\\\/2024\\\/11\\\/Upcycling-Trust-Webinar-Org-Banner.png\"},{\"@type\":\"BreadcrumbList\",\"@id\":\"https:\\\/\\\/www.cltweb.org\\\/es\\\/event\\\/utilizacion-de-las-clt-para-la-renovacion-energetica-y-la-asequibilidad-permanente-de-las-viviendas-existentes-2\\\/#breadcrumb\",\"itemListElement\":[{\"@type\":\"ListItem\",\"position\":1,\"name\":\"Home\",\"item\":\"https:\\\/\\\/www.cltweb.org\\\/es\\\/\"},{\"@type\":\"ListItem\",\"position\":2,\"name\":\"Eventos\",\"item\":\"https:\\\/\\\/www.cltweb.org\\\/es\\\/events\\\/\"},{\"@type\":\"ListItem\",\"position\":3,\"name\":\"Utilizaci\u00f3n de las CLT para la renovaci\u00f3n energ\u00e9tica y la asequibilidad permanente de las viviendas existentes\"}]},{\"@type\":\"WebSite\",\"@id\":\"https:\\\/\\\/www.cltweb.org\\\/es\\\/#website\",\"url\":\"https:\\\/\\\/www.cltweb.org\\\/es\\\/\",\"name\":\"International Center for Community Land Trusts\",\"description\":\"\",\"publisher\":{\"@id\":\"https:\\\/\\\/www.cltweb.org\\\/es\\\/#organization\"},\"potentialAction\":[{\"@type\":\"SearchAction\",\"target\":{\"@type\":\"EntryPoint\",\"urlTemplate\":\"https:\\\/\\\/www.cltweb.org\\\/es\\\/?s={search_term_string}\"},\"query-input\":{\"@type\":\"PropertyValueSpecification\",\"valueRequired\":true,\"valueName\":\"search_term_string\"}}],\"inLanguage\":\"es\"},{\"@type\":\"Organization\",\"@id\":\"https:\\\/\\\/www.cltweb.org\\\/es\\\/#organization\",\"name\":\"International Center for Community Land Trusts\",\"url\":\"https:\\\/\\\/www.cltweb.org\\\/es\\\/\",\"logo\":{\"@type\":\"ImageObject\",\"inLanguage\":\"es\",\"@id\":\"https:\\\/\\\/www.cltweb.org\\\/es\\\/#\\\/schema\\\/logo\\\/image\\\/\",\"url\":\"https:\\\/\\\/www.cltweb.org\\\/wp-content\\\/uploads\\\/2024\\\/11\\\/New-CLT-Center-Text-logo.png\",\"contentUrl\":\"https:\\\/\\\/www.cltweb.org\\\/wp-content\\\/uploads\\\/2024\\\/11\\\/New-CLT-Center-Text-logo.png\",\"width\":227,\"height\":80,\"caption\":\"International Center for Community Land Trusts\"},\"image\":{\"@id\":\"https:\\\/\\\/www.cltweb.org\\\/es\\\/#\\\/schema\\\/logo\\\/image\\\/\"},\"sameAs\":[\"https:\\\/\\\/www.facebook.com\\\/cltcenter\",\"https:\\\/\\\/x.com\\\/Center4CLTs\",\"https:\\\/\\\/www.instagram.com\\\/cltcenter\\\/\",\"https:\\\/\\\/www.linkedin.com\\\/company\\\/cltcenter\",\"https:\\\/\\\/www.youtube.com\\\/@centerforcltinnovation5313\"],\"description\":\"The International Center for Community Land Trusts is a not-for-profit nongovernmental organization established in 2018 to promote and to support community land trusts and similar strategies of community-led development on community-owned land in countries throughout the world.\",\"email\":\"info@communitylandtrust.net\",\"legalName\":\"International Center for Community Land Trusts\",\"foundingDate\":\"2018-12-01\",\"taxID\":\"84-3858933\",\"numberOfEmployees\":{\"@type\":\"QuantitativeValue\",\"minValue\":\"1\",\"maxValue\":\"10\"}}]}<\/script>\n<!-- \/ Yoast SEO Premium plugin. -->","yoast_head_json":{"title":"Utilizaci\u00f3n de las CLT para la renovaci\u00f3n energ\u00e9tica y la asequibilidad permanente de las viviendas existentes - International Center for Community Land Trusts","robots":{"index":"index","follow":"follow","max-snippet":"max-snippet:-1","max-image-preview":"max-image-preview:large","max-video-preview":"max-video-preview:-1"},"canonical":"https:\/\/www.cltweb.org\/es\/event\/utilizacion-de-las-clt-para-la-renovacion-energetica-y-la-asequibilidad-permanente-de-las-viviendas-existentes-2\/","og_locale":"es_ES","og_type":"article","og_title":"Utilizaci\u00f3n de las CLT para la renovaci\u00f3n energ\u00e9tica y la asequibilidad permanente de las viviendas existentes","og_description":"Acomp\u00e1\u00f1anos el 25 de septiembre de 2024 en un seminario web sobre c\u00f3mo pueden utilizarse las CLT para renovar energ\u00e9ticamente las viviendas existentes y hacerlas asequibles de forma permanente. Escuchar\u00e1s a destacados profesionales de las CLT que lideran enfoques innovadores para la renovaci\u00f3n energ\u00e9tica de viviendas existentes, con un debate posterior. El acto es gratuito y todos son bienvenidos.","og_url":"https:\/\/www.cltweb.org\/es\/event\/utilizacion-de-las-clt-para-la-renovacion-energetica-y-la-asequibilidad-permanente-de-las-viviendas-existentes-2\/","og_site_name":"International Center for Community Land Trusts","article_publisher":"https:\/\/www.facebook.com\/cltcenter","article_modified_time":"2024-12-17T22:49:18+00:00","og_image":[{"width":1000,"height":200,"url":"https:\/\/www.cltweb.org\/wp-content\/uploads\/2024\/11\/Upcycling-Trust-Webinar-Org-Banner.png","type":"image\/png"}],"twitter_card":"summary_large_image","twitter_site":"@Center4CLTs","twitter_misc":{"Tiempo de lectura":"4 minutos"},"schema":{"@context":"https:\/\/schema.org","@graph":[{"@type":"WebPage","@id":"https:\/\/www.cltweb.org\/es\/event\/utilizacion-de-las-clt-para-la-renovacion-energetica-y-la-asequibilidad-permanente-de-las-viviendas-existentes-2\/","url":"https:\/\/www.cltweb.org\/es\/event\/utilizacion-de-las-clt-para-la-renovacion-energetica-y-la-asequibilidad-permanente-de-las-viviendas-existentes-2\/","name":"Utilizaci\u00f3n de las CLT para la renovaci\u00f3n energ\u00e9tica y la asequibilidad permanente de las viviendas existentes - International Center for Community Land Trusts","isPartOf":{"@id":"https:\/\/www.cltweb.org\/es\/#website"},"primaryImageOfPage":{"@id":"https:\/\/www.cltweb.org\/es\/event\/utilizacion-de-las-clt-para-la-renovacion-energetica-y-la-asequibilidad-permanente-de-las-viviendas-existentes-2\/#primaryimage"},"image":{"@id":"https:\/\/www.cltweb.org\/es\/event\/utilizacion-de-las-clt-para-la-renovacion-energetica-y-la-asequibilidad-permanente-de-las-viviendas-existentes-2\/#primaryimage"},"thumbnailUrl":"https:\/\/www.cltweb.org\/wp-content\/uploads\/2024\/11\/Upcycling-Trust-Webinar-Org-Banner.png","datePublished":"2024-08-22T00:00:00+00:00","dateModified":"2024-12-17T22:49:18+00:00","breadcrumb":{"@id":"https:\/\/www.cltweb.org\/es\/event\/utilizacion-de-las-clt-para-la-renovacion-energetica-y-la-asequibilidad-permanente-de-las-viviendas-existentes-2\/#breadcrumb"},"inLanguage":"es","potentialAction":[{"@type":"ReadAction","target":["https:\/\/www.cltweb.org\/es\/event\/utilizacion-de-las-clt-para-la-renovacion-energetica-y-la-asequibilidad-permanente-de-las-viviendas-existentes-2\/"]}]},{"@type":"ImageObject","inLanguage":"es","@id":"https:\/\/www.cltweb.org\/es\/event\/utilizacion-de-las-clt-para-la-renovacion-energetica-y-la-asequibilidad-permanente-de-las-viviendas-existentes-2\/#primaryimage","url":"https:\/\/www.cltweb.org\/wp-content\/uploads\/2024\/11\/Upcycling-Trust-Webinar-Org-Banner.png","contentUrl":"https:\/\/www.cltweb.org\/wp-content\/uploads\/2024\/11\/Upcycling-Trust-Webinar-Org-Banner.png"},{"@type":"BreadcrumbList","@id":"https:\/\/www.cltweb.org\/es\/event\/utilizacion-de-las-clt-para-la-renovacion-energetica-y-la-asequibilidad-permanente-de-las-viviendas-existentes-2\/#breadcrumb","itemListElement":[{"@type":"ListItem","position":1,"name":"Home","item":"https:\/\/www.cltweb.org\/es\/"},{"@type":"ListItem","position":2,"name":"Eventos","item":"https:\/\/www.cltweb.org\/es\/events\/"},{"@type":"ListItem","position":3,"name":"Utilizaci\u00f3n de las CLT para la renovaci\u00f3n energ\u00e9tica y la asequibilidad permanente de las viviendas existentes"}]},{"@type":"WebSite","@id":"https:\/\/www.cltweb.org\/es\/#website","url":"https:\/\/www.cltweb.org\/es\/","name":"International Center for Community Land Trusts","description":"","publisher":{"@id":"https:\/\/www.cltweb.org\/es\/#organization"},"potentialAction":[{"@type":"SearchAction","target":{"@type":"EntryPoint","urlTemplate":"https:\/\/www.cltweb.org\/es\/?s={search_term_string}"},"query-input":{"@type":"PropertyValueSpecification","valueRequired":true,"valueName":"search_term_string"}}],"inLanguage":"es"},{"@type":"Organization","@id":"https:\/\/www.cltweb.org\/es\/#organization","name":"International Center for Community Land Trusts","url":"https:\/\/www.cltweb.org\/es\/","logo":{"@type":"ImageObject","inLanguage":"es","@id":"https:\/\/www.cltweb.org\/es\/#\/schema\/logo\/image\/","url":"https:\/\/www.cltweb.org\/wp-content\/uploads\/2024\/11\/New-CLT-Center-Text-logo.png","contentUrl":"https:\/\/www.cltweb.org\/wp-content\/uploads\/2024\/11\/New-CLT-Center-Text-logo.png","width":227,"height":80,"caption":"International Center for Community Land Trusts"},"image":{"@id":"https:\/\/www.cltweb.org\/es\/#\/schema\/logo\/image\/"},"sameAs":["https:\/\/www.facebook.com\/cltcenter","https:\/\/x.com\/Center4CLTs","https:\/\/www.instagram.com\/cltcenter\/","https:\/\/www.linkedin.com\/company\/cltcenter","https:\/\/www.youtube.com\/@centerforcltinnovation5313"],"description":"The International Center for Community Land Trusts is a not-for-profit nongovernmental organization established in 2018 to promote and to support community land trusts and similar strategies of community-led development on community-owned land in countries throughout the world.","email":"info@communitylandtrust.net","legalName":"International Center for Community Land Trusts","foundingDate":"2018-12-01","taxID":"84-3858933","numberOfEmployees":{"@type":"QuantitativeValue","minValue":"1","maxValue":"10"}}]}},"taxonomy_info":{"post_tag":[{"value":284,"label":"fideicomiso upcycling"},{"value":283,"label":"Fideicomisos comunitarios de la tierra"},{"value":277,"label":"transici\u00f3n justa"}]},"featured_image_src_large":false,"author_info":{"display_name":"Ben Harris","author_link":"https:\/\/www.cltweb.org\/es\/author\/ben\/"},"comment_info":"","jetpack_sharing_enabled":true,"_links":{"self":[{"href":"https:\/\/www.cltweb.org\/es\/wp-json\/wp\/v2\/tribe_events\/6717","targetHints":{"allow":["GET"]}}],"collection":[{"href":"https:\/\/www.cltweb.org\/es\/wp-json\/wp\/v2\/tribe_events"}],"about":[{"href":"https:\/\/www.cltweb.org\/es\/wp-json\/wp\/v2\/types\/tribe_events"}],"author":[{"embeddable":true,"href":"https:\/\/www.cltweb.org\/es\/wp-json\/wp\/v2\/users\/2"}],"version-history":[{"count":16,"href":"https:\/\/www.cltweb.org\/es\/wp-json\/wp\/v2\/tribe_events\/6717\/revisions"}],"predecessor-version":[{"id":7988,"href":"https:\/\/www.cltweb.org\/es\/wp-json\/wp\/v2\/tribe_events\/6717\/revisions\/7988"}],"wp:attachment":[{"href":"https:\/\/www.cltweb.org\/es\/wp-json\/wp\/v2\/media?parent=6717"}],"wp:term":[{"taxonomy":"post_tag","embeddable":true,"href":"https:\/\/www.cltweb.org\/es\/wp-json\/wp\/v2\/tags?post=6717"},{"taxonomy":"tribe_events_cat","embeddable":true,"href":"https:\/\/www.cltweb.org\/es\/wp-json\/wp\/v2\/tribe_events_cat?post=6717"}],"curies":[{"name":"wp","href":"https:\/\/api.w.org\/{rel}","templated":true}]}}