{"id":1487,"date":"2024-07-26T17:49:57","date_gmt":"2024-07-26T17:49:57","guid":{"rendered":"https:\/\/www.cltweb.org\/plan-du-site\/"},"modified":"2024-11-02T21:21:38","modified_gmt":"2024-11-02T21:21:38","slug":"plan-du-site","status":"publish","type":"page","link":"https:\/\/www.cltweb.org\/fr\/plan-du-site\/","title":{"rendered":"Plan du site"},"content":{"rendered":"<div id=\"simple-sitemap-container-69f5dc16c831b\" class=\"simple-sitemap-container simple-sitemap-container-69f5dc16c831b tab-disabled\"><div class=\"simple-sitemap-wrap\"><h3 class=\"post-type\">Pages<\/h3><ul class=\"simple-sitemap-page main\"><li class=\"sitemap-item page_item page-item-11310\"><a href=\"https:\/\/www.cltweb.org\/fr\/2026-sommet-virtuel-mondial-des-fonds-fonciers-communautaires\/\">2026 Sommet virtuel mondial du CLT<\/a><\/li>\n<li class=\"sitemap-item page_item page-item-743 page_item_has_children\"><a href=\"https:\/\/www.cltweb.org\/fr\/a-propos-de-nous\/\">A propos de nous<\/a>\n<ul class='children'>\n\t<li class=\"sitemap-item page_item page-item-2021\"><a href=\"https:\/\/www.cltweb.org\/fr\/a-propos-de-nous\/acces-aux-langues\/\">Acc\u00e8s aux langues<\/a><\/li>\n\t<li class=\"sitemap-item page_item page-item-856\"><a href=\"https:\/\/www.cltweb.org\/fr\/a-propos-de-nous\/finances\/\">Biblioth\u00e8que de documents<\/a><\/li>\n\t<li class=\"sitemap-item page_item page-item-866\"><a href=\"https:\/\/www.cltweb.org\/fr\/a-propos-de-nous\/conseil-dadministration\/\">Conseil d&#8217;administration et personnel<\/a><\/li>\n\t<li class=\"sitemap-item page_item page-item-846\"><a href=\"https:\/\/www.cltweb.org\/fr\/a-propos-de-nous\/mission-et-strategie\/\">Mission et strat\u00e9gie<\/a><\/li>\n\t<li class=\"sitemap-item page_item page-item-857\"><a href=\"https:\/\/www.cltweb.org\/fr\/a-propos-de-nous\/lhistoire\/\">Notre histoire<\/a><\/li>\n\t<li class=\"sitemap-item page_item page-item-9443 page_item_has_children\"><a href=\"https:\/\/www.cltweb.org\/fr\/a-propos-de-nous\/opportunites-de-carriere\/\">Opportunit\u00e9s de carri\u00e8re<\/a>\n\t<ul class='children'>\n\t\t<li class=\"sitemap-item page_item page-item-9449\"><a href=\"https:\/\/www.cltweb.org\/fr\/a-propos-de-nous\/opportunites-de-carriere\/consultant-en-developpement\/\">Consultant en d\u00e9veloppement<\/a><\/li>\n\t<\/ul>\n<\/li>\n\t<li class=\"sitemap-item page_item page-item-847\"><a href=\"https:\/\/www.cltweb.org\/fr\/a-propos-de-nous\/partenaires\/\">Partenaires<\/a><\/li>\n\t<li class=\"sitemap-item page_item page-item-837\"><a href=\"https:\/\/www.cltweb.org\/fr\/a-propos-de-nous\/personnel\/\">Personnel<\/a><\/li>\n\t<li class=\"sitemap-item page_item page-item-10400\"><a href=\"https:\/\/www.cltweb.org\/fr\/a-propos-de-nous\/faire-un-don\/\">Soutenez notre travail<\/a><\/li>\n<\/ul>\n<\/li>\n<li class=\"sitemap-item page_item page-item-748\"><a href=\"https:\/\/www.cltweb.org\/fr\/accueil\/\">Accueil<\/a><\/li>\n<li class=\"sitemap-item page_item page-item-6197\"><a href=\"https:\/\/www.cltweb.org\/fr\/\">Accueil<\/a><\/li>\n<li class=\"sitemap-item page_item page-item-906 page_item_has_children\"><a href=\"https:\/\/www.cltweb.org\/fr\/bibliotheque-de-ressources\/\">Biblioth\u00e8que de ressources<\/a>\n<ul class='children'>\n\t<li class=\"sitemap-item page_item page-item-1920\"><a href=\"https:\/\/www.cltweb.org\/fr\/bibliotheque-de-ressources\/archives-des-webinaires\/\">Archives des webinaires<\/a><\/li>\n\t<li class=\"sitemap-item page_item page-item-1861\"><a href=\"https:\/\/www.cltweb.org\/fr\/bibliotheque-de-ressources\/base-de-donnees-sur-le-droit-des-etats-americains\/\">Base de donn\u00e9es sur le droit des \u00c9tats am\u00e9ricains<\/a><\/li>\n\t<li class=\"sitemap-item page_item page-item-1871 page_item_has_children\"><a href=\"https:\/\/www.cltweb.org\/fr\/bibliotheque-de-ressources\/bibliographie\/\">Bibliographie<\/a>\n\t<ul class='children'>\n\t\t<li class=\"sitemap-item page_item page-item-3894\"><a href=\"https:\/\/www.cltweb.org\/fr\/bibliotheque-de-ressources\/bibliographie\/bibliographie-internationale-clt-non-anglais\/\">Bibliographie internationale CLT &#8211; Non-anglais<\/a><\/li>\n\t\t<li class=\"sitemap-item page_item page-item-3901\"><a href=\"https:\/\/www.cltweb.org\/fr\/bibliotheque-de-ressources\/bibliographie\/bibliographie-internationale-clt-toutes-les-langues\/\">Bibliographie internationale CLT &#8211; Toutes les langues<\/a><\/li>\n\t<\/ul>\n<\/li>\n\t<li class=\"sitemap-item page_item page-item-1852\"><a href=\"https:\/\/www.cltweb.org\/fr\/bibliotheque-de-ressources\/blogs\/\">Blogs<\/a><\/li>\n\t<li class=\"sitemap-item page_item page-item-1973\"><a href=\"https:\/\/www.cltweb.org\/fr\/bibliotheque-de-ressources\/carte-mondiale-du-clt\/\">Carte et annuaire des CLT<\/a><\/li>\n\t<li class=\"sitemap-item page_item page-item-1770\"><a href=\"https:\/\/www.cltweb.org\/fr\/bibliotheque-de-ressources\/chronologie-du-mouvement-clt\/\">Chronologie du mouvement CLT<\/a><\/li>\n\t<li class=\"sitemap-item page_item page-item-2138\"><a href=\"https:\/\/www.cltweb.org\/fr\/bibliotheque-de-ressources\/demarrer-un-nouveau-clt\/\">D\u00e9marrer un nouveau CLT<\/a><\/li>\n\t<li class=\"sitemap-item page_item page-item-1882\"><a href=\"https:\/\/www.cltweb.org\/fr\/bibliotheque-de-ressources\/recherche-universitaire\/\">Documents acad\u00e9miques<\/a><\/li>\n\t<li class=\"sitemap-item page_item page-item-3933 page_item_has_children\"><a href=\"https:\/\/www.cltweb.org\/fr\/bibliotheque-de-ressources\/etudes-de-cas-clt\/\">\u00c9tudes de cas<\/a>\n\t<ul class='children'>\n\t\t<li class=\"sitemap-item page_item page-item-3968\"><a href=\"https:\/\/www.cltweb.org\/fr\/bibliotheque-de-ressources\/etudes-de-cas-clt\/athens-land-trust\/\">Athens Land Trust<\/a><\/li>\n\t\t<li class=\"sitemap-item page_item page-item-3998\"><a href=\"https:\/\/www.cltweb.org\/fr\/bibliotheque-de-ressources\/etudes-de-cas-clt\/champlain-housing-trust\/\">Champlain Housing Trust<\/a><\/li>\n\t\t<li class=\"sitemap-item page_item page-item-4059\"><a href=\"https:\/\/www.cltweb.org\/fr\/bibliotheque-de-ressources\/etudes-de-cas-clt\/community-land-trust-bruxelles\/\">Community Land Trust Bruxelles<\/a><\/li>\n\t\t<li class=\"sitemap-item page_item page-item-4070\"><a href=\"https:\/\/www.cltweb.org\/fr\/bibliotheque-de-ressources\/etudes-de-cas-clt\/dudley-neighbors-inc\/\">Dudley Neighbors Inc.<\/a><\/li>\n\t\t<li class=\"sitemap-item page_item page-item-3956\"><a href=\"https:\/\/www.cltweb.org\/fr\/bibliotheque-de-ressources\/etudes-de-cas-clt\/fonds-foncier-communautaire-dalbany\/\">Fonds foncier communautaire d&#8217;Albany<\/a><\/li>\n\t\t<li class=\"sitemap-item page_item page-item-4025\"><a href=\"https:\/\/www.cltweb.org\/fr\/bibliotheque-de-ressources\/etudes-de-cas-clt\/fonds-foncier-communautaire-dalbany-2\/\">Fonds foncier communautaire d&#8217;Albany<\/a><\/li>\n\t\t<li class=\"sitemap-item page_item page-item-4089\"><a href=\"https:\/\/www.cltweb.org\/fr\/bibliotheque-de-ressources\/etudes-de-cas-clt\/lopez-community-land-trust\/\">Lopez Community Land Trust<\/a><\/li>\n\t\t<li class=\"sitemap-item page_item page-item-1893\"><a href=\"https:\/\/www.cltweb.org\/fr\/bibliotheque-de-ressources\/etudes-de-cas-clt\/nouvelles-communautes\/\">Nouvelles communaut\u00e9s<\/a><\/li>\n\t\t<li class=\"sitemap-item page_item page-item-4100\"><a href=\"https:\/\/www.cltweb.org\/fr\/bibliotheque-de-ressources\/etudes-de-cas-clt\/opal-community-land-trust\/\">OPAL Community Land Trust<\/a><\/li>\n\t<\/ul>\n<\/li>\n\t<li class=\"sitemap-item page_item page-item-1969\"><a href=\"https:\/\/www.cltweb.org\/fr\/bibliotheque-de-ressources\/etudes-de-cas-et-entretiens\/\">\u00c9tudes de cas et entretiens<\/a><\/li>\n\t<li class=\"sitemap-item page_item page-item-1995 page_item_has_children\"><a href=\"https:\/\/www.cltweb.org\/fr\/bibliotheque-de-ressources\/histoire-du-mouvement-clt\/\">Histoire du mouvement CLT<\/a>\n\t<ul class='children'>\n\t\t<li class=\"sitemap-item page_item page-item-1881\"><a href=\"https:\/\/www.cltweb.org\/fr\/bibliotheque-de-ressources\/histoire-du-mouvement-clt\/galeries-photos\/\">Galeries photos<\/a><\/li>\n\t\t<li class=\"sitemap-item page_item page-item-1891\"><a href=\"https:\/\/www.cltweb.org\/fr\/bibliotheque-de-ressources\/histoire-du-mouvement-clt\/temple-de-la-renommee\/\">Temple de la renomm\u00e9e<\/a><\/li>\n\t<\/ul>\n<\/li>\n\t<li class=\"sitemap-item page_item page-item-4034 page_item_has_children\"><a href=\"https:\/\/www.cltweb.org\/fr\/bibliotheque-de-ressources\/interviews\/\">Interviews<\/a>\n\t<ul class='children'>\n\t\t<li class=\"sitemap-item page_item page-item-4497\"><a href=\"https:\/\/www.cltweb.org\/fr\/bibliotheque-de-ressources\/interviews\/bob-swann-1973\/\">Bob Swann (1973)<\/a><\/li>\n\t\t<li class=\"sitemap-item page_item page-item-4509\"><a href=\"https:\/\/www.cltweb.org\/fr\/bibliotheque-de-ressources\/interviews\/bob-swann-1992\/\">Bob Swann (1992)<\/a><\/li>\n\t\t<li class=\"sitemap-item page_item page-item-4474\"><a href=\"https:\/\/www.cltweb.org\/fr\/bibliotheque-de-ressources\/interviews\/charles-sherrod-1982\/\">Charles Sherrod (1982)<\/a><\/li>\n\t\t<li class=\"sitemap-item page_item page-item-4403\"><a href=\"https:\/\/www.cltweb.org\/fr\/bibliotheque-de-ressources\/interviews\/david-ireland-et-jerry-maldonado-2020\/\">David Ireland et Jerry Maldonado (2020)<\/a><\/li>\n\t\t<li class=\"sitemap-item page_item page-item-4467\"><a href=\"https:\/\/www.cltweb.org\/fr\/bibliotheque-de-ressources\/interviews\/garantir-les-droits-fonciers-les-clt-dans-les-etablissements-informels-2020\/\">Garantir les droits fonciers : Les CLT dans les \u00e9tablissements informels (2020)<\/a><\/li>\n\t\t<li class=\"sitemap-item page_item page-item-4454\"><a href=\"https:\/\/www.cltweb.org\/fr\/bibliotheque-de-ressources\/interviews\/gus-newport-2020\/\">Gus Newport (2020)<\/a><\/li>\n\t\t<li class=\"sitemap-item page_item page-item-4373\"><a href=\"https:\/\/www.cltweb.org\/fr\/bibliotheque-de-ressources\/interviews\/john-emmus-davis\/\">John Emmus Davis (2011)<\/a><\/li>\n\t\t<li class=\"sitemap-item page_item page-item-4360\"><a href=\"https:\/\/www.cltweb.org\/fr\/bibliotheque-de-ressources\/interviews\/pionniers-des-nouvelles-communautes\/\">Les pionniers des nouvelles communaut\u00e9s (1971)<\/a><\/li>\n\t\t<li class=\"sitemap-item page_item page-item-4442\"><a href=\"https:\/\/www.cltweb.org\/fr\/bibliotheque-de-ressources\/interviews\/les-principes-communautaires-de-la-terre-et-les-valeurs-quils-apportent-a-lensemble-de-la-population-2020\/\">Les principes communautaires de la terre et les valeurs qu&#8217;ils apportent \u00e0 l&#8217;ensemble de la population (2020)<\/a><\/li>\n\t\t<li class=\"sitemap-item page_item page-item-4522\"><a href=\"https:\/\/www.cltweb.org\/fr\/bibliotheque-de-ressources\/interviews\/liz-alden-wily-2020\/\">Liz Alden Wily (2020)<\/a><\/li>\n\t\t<li class=\"sitemap-item page_item page-item-4331\"><a href=\"https:\/\/www.cltweb.org\/fr\/bibliotheque-de-ressources\/interviews\/ralph-borsodi\/\">Ralph Borsodi (1974)<\/a><\/li>\n\t\t<li class=\"sitemap-item page_item page-item-4381\"><a href=\"https:\/\/www.cltweb.org\/fr\/bibliotheque-de-ressources\/interviews\/roz-greenstein\/\">Roz Greenstein (2007)<\/a><\/li>\n\t<\/ul>\n<\/li>\n\t<li class=\"sitemap-item page_item page-item-1512\"><a href=\"https:\/\/www.cltweb.org\/fr\/bibliotheque-de-ressources\/journee-mondiale-du-clt\/\">Journ\u00e9e mondiale du CLT<\/a><\/li>\n\t<li class=\"sitemap-item page_item page-item-1918 page_item_has_children\"><a href=\"https:\/\/www.cltweb.org\/fr\/bibliotheque-de-ressources\/les-racines-du-clt\/\">Les racines du CLT<\/a>\n\t<ul class='children'>\n\t\t<li class=\"sitemap-item page_item page-item-1689\"><a href=\"https:\/\/www.cltweb.org\/fr\/bibliotheque-de-ressources\/les-racines-du-clt\/du-modele-au-mouvement\/\">Du mod\u00e8le au mouvement<\/a><\/li>\n\t\t<li class=\"sitemap-item page_item page-item-1688\"><a href=\"https:\/\/www.cltweb.org\/fr\/bibliotheque-de-ressources\/les-racines-du-clt\/lancement-des-premiers-clt\/\">Lancement des premiers CLT<\/a><\/li>\n\t\t<li class=\"sitemap-item page_item page-item-1699\"><a href=\"https:\/\/www.cltweb.org\/fr\/bibliotheque-de-ressources\/les-racines-du-clt\/pionniers-nationaux\/\">Pionniers nationaux<\/a><\/li>\n\t\t<li class=\"sitemap-item page_item page-item-1698 page_item_has_children\"><a href=\"https:\/\/www.cltweb.org\/fr\/bibliotheque-de-ressources\/les-racines-du-clt\/precurseurs-internationaux\/\">Pr\u00e9curseurs internationaux<\/a>\n\t\t<ul class='children'>\n\t\t\t<li class=\"sitemap-item page_item page-item-4188 page_item_has_children\"><a href=\"https:\/\/www.cltweb.org\/fr\/bibliotheque-de-ressources\/les-racines-du-clt\/precurseurs-internationaux\/cereales-anciennes\/\">C\u00e9r\u00e9ales anciennes<\/a>\n\t\t\t<ul class='children'>\n\t\t\t\t<li class=\"sitemap-item page_item page-item-4259\"><a href=\"https:\/\/www.cltweb.org\/fr\/bibliotheque-de-ressources\/les-racines-du-clt\/precurseurs-internationaux\/cereales-anciennes\/villages-gramdan-en-inde\/\">Villages Gramdan en Inde<\/a><\/li>\n\t\t\t<\/ul>\n<\/li>\n\t\t\t<li class=\"sitemap-item page_item page-item-4279\"><a href=\"https:\/\/www.cltweb.org\/fr\/bibliotheque-de-ressources\/les-racines-du-clt\/precurseurs-internationaux\/cooperatives-agricoles-en-israel\/\">Coop\u00e9ratives agricoles en Isra\u00ebl<\/a><\/li>\n\t\t\t<li class=\"sitemap-item page_item page-item-4207\"><a href=\"https:\/\/www.cltweb.org\/fr\/bibliotheque-de-ressources\/les-racines-du-clt\/precurseurs-internationaux\/villes-jardins\/\">Villes-jardins en Angleterre<\/a><\/li>\n\t\t<\/ul>\n<\/li>\n\t\t<li class=\"sitemap-item page_item page-item-1679\"><a href=\"https:\/\/www.cltweb.org\/fr\/bibliotheque-de-ressources\/les-racines-du-clt\/propager-le-clt-a-letranger\/\">Propager le CLT \u00e0 l&#8217;\u00e9tranger<\/a><\/li>\n\t<\/ul>\n<\/li>\n\t<li class=\"sitemap-item page_item page-item-7443\"><a href=\"https:\/\/www.cltweb.org\/fr\/bibliotheque-de-ressources\/les-racines-du-mouvement-clt\/\">Les racines du mouvement CLT<\/a><\/li>\n\t<li class=\"sitemap-item page_item page-item-1286 page_item_has_children\"><a href=\"https:\/\/www.cltweb.org\/fr\/bibliotheque-de-ressources\/manuels-et-guides\/\">Manuels et guides<\/a>\n\t<ul class='children'>\n\t\t<li class=\"sitemap-item page_item page-item-1839\"><a href=\"https:\/\/www.cltweb.org\/fr\/bibliotheque-de-ressources\/manuels-et-guides\/manuel-australien-du-clt\/\">Australie<\/a><\/li>\n\t\t<li class=\"sitemap-item page_item page-item-2902\"><a href=\"https:\/\/www.cltweb.org\/fr\/bibliotheque-de-ressources\/manuels-et-guides\/etats-unis\/\">\u00c9tats-Unis<\/a><\/li>\n\t\t<li class=\"sitemap-item page_item page-item-1840\"><a href=\"https:\/\/www.cltweb.org\/fr\/bibliotheque-de-ressources\/manuels-et-guides\/banques-foncieres-et-fonds-fonciers-communautaires\/\">L&#8217;Europe<\/a><\/li>\n\t<\/ul>\n<\/li>\n\t<li class=\"sitemap-item page_item page-item-879\"><a href=\"https:\/\/www.cltweb.org\/fr\/bibliotheque-de-ressources\/quest-ce-quun-clt\/\">Qu&#8217;est-ce qu&#8217;une fiducie fonci\u00e8re communautaire ?<\/a><\/li>\n\t<li class=\"sitemap-item page_item page-item-1862\"><a href=\"https:\/\/www.cltweb.org\/fr\/bibliotheque-de-ressources\/rapports\/\">Rapports<\/a><\/li>\n\t<li class=\"sitemap-item page_item page-item-1499 page_item_has_children\"><a href=\"https:\/\/www.cltweb.org\/fr\/bibliotheque-de-ressources\/recherche\/\">Recherches et rapports<\/a>\n\t<ul class='children'>\n\t\t<li class=\"sitemap-item page_item page-item-1872\"><a href=\"https:\/\/www.cltweb.org\/fr\/bibliotheque-de-ressources\/recherche\/politique\/\">Politique<\/a><\/li>\n\t<\/ul>\n<\/li>\n\t<li class=\"sitemap-item page_item page-item-835 page_item_has_children\"><a href=\"https:\/\/www.cltweb.org\/fr\/bibliotheque-de-ressources\/agriculture\/\">R\u00e9gime foncier pour l&#8217;agriculture urbaine<\/a>\n\t<ul class='children'>\n\t\t<li class=\"sitemap-item page_item page-item-1669 page_item_has_children\"><a href=\"https:\/\/www.cltweb.org\/fr\/bibliotheque-de-ressources\/agriculture\/concepts-cles\/\">Concepts cl\u00e9s<\/a>\n\t\t<ul class='children'>\n\t\t\t<li class=\"sitemap-item page_item page-item-8696\"><a href=\"https:\/\/www.cltweb.org\/fr\/bibliotheque-de-ressources\/agriculture\/concepts-cles\/fiscalite-fonciere\/\">Fiscalit\u00e9 fonci\u00e8re<\/a><\/li>\n\t\t\t<li class=\"sitemap-item page_item page-item-8719\"><a href=\"https:\/\/www.cltweb.org\/fr\/bibliotheque-de-ressources\/agriculture\/concepts-cles\/lagriculture-engagee-dans-la-communaute\/\">L&#8217;agriculture engag\u00e9e dans la communaut\u00e9<\/a><\/li>\n\t\t\t<li class=\"sitemap-item page_item page-item-8673\"><a href=\"https:\/\/www.cltweb.org\/fr\/bibliotheque-de-ressources\/agriculture\/concepts-cles\/le-piege-de-la-propriete\/\">Le pi\u00e8ge de la propri\u00e9t\u00e9<\/a><\/li>\n\t\t\t<li class=\"sitemap-item page_item page-item-2857\"><a href=\"https:\/\/www.cltweb.org\/fr\/bibliotheque-de-ressources\/agriculture\/concepts-cles\/proteger-les-terres-de-la-speculation\/\">Prot\u00e9ger les terres de la sp\u00e9culation<\/a><\/li>\n\t\t\t<li class=\"sitemap-item page_item page-item-8714\"><a href=\"https:\/\/www.cltweb.org\/fr\/bibliotheque-de-ressources\/agriculture\/concepts-cles\/respect-du-lieu\/\">Respect du lieu<\/a><\/li>\n\t\t\t<li class=\"sitemap-item page_item page-item-8709\"><a href=\"https:\/\/www.cltweb.org\/fr\/bibliotheque-de-ressources\/agriculture\/concepts-cles\/travailler-en-equipe\/\">Travailler en \u00e9quipe<\/a><\/li>\n\t\t\t<li class=\"sitemap-item page_item page-item-8701\"><a href=\"https:\/\/www.cltweb.org\/fr\/bibliotheque-de-ressources\/agriculture\/concepts-cles\/un-regime-foncier-adapte\/\">Un r\u00e9gime foncier adapt\u00e9<\/a><\/li>\n\t\t<\/ul>\n<\/li>\n\t\t<li class=\"sitemap-item page_item page-item-1678\"><a href=\"https:\/\/www.cltweb.org\/fr\/bibliotheque-de-ressources\/agriculture\/defis\/\">D\u00e9fis<\/a><\/li>\n\t\t<li class=\"sitemap-item page_item page-item-1658 page_item_has_children\"><a href=\"https:\/\/www.cltweb.org\/fr\/bibliotheque-de-ressources\/agriculture\/le-modele-du-serveur-central\/\">Le mod\u00e8le du serveur central<\/a>\n\t\t<ul class='children'>\n\t\t\t<li class=\"sitemap-item page_item page-item-8755\"><a href=\"https:\/\/www.cltweb.org\/fr\/bibliotheque-de-ressources\/agriculture\/le-modele-du-serveur-central\/a-qui-appartient-la-terre\/\">\u00c0 qui appartient la terre ?<\/a><\/li>\n\t\t\t<li class=\"sitemap-item page_item page-item-8761\"><a href=\"https:\/\/www.cltweb.org\/fr\/bibliotheque-de-ressources\/agriculture\/le-modele-du-serveur-central\/etude-de-cas-neighborspace-chicago-il\/\">\u00c9tude de cas : NeighborSpace (Chicago, IL)<\/a><\/li>\n\t\t\t<li class=\"sitemap-item page_item page-item-8745\"><a href=\"https:\/\/www.cltweb.org\/fr\/bibliotheque-de-ressources\/agriculture\/le-modele-du-serveur-central\/lentite-serveur-central\/\">L&#8217;entit\u00e9 serveur central<\/a><\/li>\n\t\t\t<li class=\"sitemap-item page_item page-item-8769\"><a href=\"https:\/\/www.cltweb.org\/fr\/bibliotheque-de-ressources\/agriculture\/le-modele-du-serveur-central\/meilleures-pratiques\/\">Meilleures pratiques<\/a><\/li>\n\t\t\t<li class=\"sitemap-item page_item page-item-8750\"><a href=\"https:\/\/www.cltweb.org\/fr\/bibliotheque-de-ressources\/agriculture\/le-modele-du-serveur-central\/satellites-de-quartier\/\">Satellites de quartier<\/a><\/li>\n\t\t\t<li class=\"sitemap-item page_item page-item-8764\"><a href=\"https:\/\/www.cltweb.org\/fr\/bibliotheque-de-ressources\/agriculture\/le-modele-du-serveur-central\/une-fiducie-fonciere-pour-les-fermes-commerciales-urbaines\/\">Une fiducie fonci\u00e8re pour les fermes commerciales urbaines ?<\/a><\/li>\n\t\t<\/ul>\n<\/li>\n\t\t<li class=\"sitemap-item page_item page-item-1659 page_item_has_children\"><a href=\"https:\/\/www.cltweb.org\/fr\/bibliotheque-de-ressources\/agriculture\/le-role-des-fiducies-foncieres\/\">Le r\u00f4le des fiducies fonci\u00e8res<\/a>\n\t\t<ul class='children'>\n\t\t\t<li class=\"sitemap-item page_item page-item-8726\"><a href=\"https:\/\/www.cltweb.org\/fr\/bibliotheque-de-ressources\/agriculture\/le-role-des-fiducies-foncieres\/fiducies-foncieres-de-lespace-ouvert\/\">Fiducies fonci\u00e8res de l&#8217;espace ouvert<\/a><\/li>\n\t\t\t<li class=\"sitemap-item page_item page-item-8731\"><a href=\"https:\/\/www.cltweb.org\/fr\/bibliotheque-de-ressources\/agriculture\/le-role-des-fiducies-foncieres\/fonds-fonciers-communautaires\/\">Fonds fonciers communautaires<\/a><\/li>\n\t\t\t<li class=\"sitemap-item page_item page-item-8735\"><a href=\"https:\/\/www.cltweb.org\/fr\/bibliotheque-de-ressources\/agriculture\/le-role-des-fiducies-foncieres\/les-fiducies-foncieres-impliquees-dans-lagriculture-urbaine\/\">Les fiducies fonci\u00e8res impliqu\u00e9es dans l&#8217;agriculture urbaine<\/a><\/li>\n\t\t<\/ul>\n<\/li>\n\t\t<li class=\"sitemap-item page_item page-item-1668\"><a href=\"https:\/\/www.cltweb.org\/fr\/bibliotheque-de-ressources\/agriculture\/le-role-des-organisations-a-but-non-lucratif\/\">Le r\u00f4le des organisations \u00e0 but non lucratif<\/a><\/li>\n\t\t<li class=\"sitemap-item page_item page-item-1648\"><a href=\"https:\/\/www.cltweb.org\/fr\/bibliotheque-de-ressources\/agriculture\/questions-strategiques\/\">Questions strat\u00e9giques<\/a><\/li>\n\t\t<li class=\"sitemap-item page_item page-item-1649 page_item_has_children\"><a href=\"https:\/\/www.cltweb.org\/fr\/bibliotheque-de-ressources\/agriculture\/ressources-complementaires\/\">Ressources compl\u00e9mentaires<\/a>\n\t\t<ul class='children'>\n\t\t\t<li class=\"sitemap-item page_item page-item-8781 page_item_has_children\"><a href=\"https:\/\/www.cltweb.org\/fr\/bibliotheque-de-ressources\/agriculture\/ressources-complementaires\/comment-les-clt-securisent-et-protegent-les-terres\/\">Comment les CLT s\u00e9curisent et prot\u00e8gent les terres<\/a>\n\t\t\t<ul class='children'>\n\t\t\t\t<li class=\"sitemap-item page_item page-item-8986\"><a href=\"https:\/\/www.cltweb.org\/fr\/bibliotheque-de-ressources\/agriculture\/ressources-complementaires\/comment-les-clt-securisent-et-protegent-les-terres\/baux-fonciers\/\">Baux fonciers<\/a><\/li>\n\t\t\t\t<li class=\"sitemap-item page_item page-item-8980\"><a href=\"https:\/\/www.cltweb.org\/fr\/bibliotheque-de-ressources\/agriculture\/ressources-complementaires\/comment-les-clt-securisent-et-protegent-les-terres\/propriete-en-fief-simple\/\">Propri\u00e9t\u00e9 en fief simple<\/a><\/li>\n\t\t\t\t<li class=\"sitemap-item page_item page-item-8995\"><a href=\"https:\/\/www.cltweb.org\/fr\/bibliotheque-de-ressources\/agriculture\/ressources-complementaires\/comment-les-clt-securisent-et-protegent-les-terres\/restrictions-des-actes-de-propriete\/\">Restrictions des actes de propri\u00e9t\u00e9<\/a><\/li>\n\t\t\t\t<li class=\"sitemap-item page_item page-item-9003\"><a href=\"https:\/\/www.cltweb.org\/fr\/bibliotheque-de-ressources\/agriculture\/ressources-complementaires\/comment-les-clt-securisent-et-protegent-les-terres\/servitudes\/\">Servitudes<\/a><\/li>\n\t\t\t\t<li class=\"sitemap-item page_item page-item-9008\"><a href=\"https:\/\/www.cltweb.org\/fr\/bibliotheque-de-ressources\/agriculture\/ressources-complementaires\/comment-les-clt-securisent-et-protegent-les-terres\/tableau-recapitulatif\/\">Tableau r\u00e9capitulatif<\/a><\/li>\n\t\t\t<\/ul>\n<\/li>\n\t\t\t<li class=\"sitemap-item page_item page-item-8776\"><a href=\"https:\/\/www.cltweb.org\/fr\/bibliotheque-de-ressources\/agriculture\/ressources-complementaires\/etudes-de-cas-clt\/\">\u00c9tudes de cas CLT<\/a><\/li>\n\t\t\t<li class=\"sitemap-item page_item page-item-8791\"><a href=\"https:\/\/www.cltweb.org\/fr\/bibliotheque-de-ressources\/agriculture\/ressources-complementaires\/exemples-de-documents\/\">Exemples de documents<\/a><\/li>\n\t\t\t<li class=\"sitemap-item page_item page-item-8794\"><a href=\"https:\/\/www.cltweb.org\/fr\/bibliotheque-de-ressources\/agriculture\/ressources-complementaires\/outils\/\">Outils<\/a><\/li>\n\t\t\t<li class=\"sitemap-item page_item page-item-8786\"><a href=\"https:\/\/www.cltweb.org\/fr\/bibliotheque-de-ressources\/agriculture\/ressources-complementaires\/publications-et-presentations\/\">Publications et pr\u00e9sentations<\/a><\/li>\n\t\t<\/ul>\n<\/li>\n\t<\/ul>\n<\/li>\n\t<li class=\"sitemap-item page_item page-item-8094\"><a href=\"https:\/\/www.cltweb.org\/fr\/bibliotheque-de-ressources\/modele-de-sous-section-des-ressources\/\">R\u00e9seau mondial CLT<\/a><\/li>\n\t<li class=\"sitemap-item page_item page-item-1509 page_item_has_children\"><a href=\"https:\/\/www.cltweb.org\/fr\/bibliotheque-de-ressources\/reseaux-clt\/\">R\u00e9seaux CLT<\/a>\n\t<ul class='children'>\n\t\t<li class=\"sitemap-item page_item page-item-8160\"><a href=\"https:\/\/www.cltweb.org\/fr\/bibliotheque-de-ressources\/reseaux-clt\/reseaux-nationaux-et-regionaux-aux-etats-unis\/\">R\u00e9seaux nationaux et r\u00e9gionaux aux \u00c9tats-Unis<\/a><\/li>\n\t<\/ul>\n<\/li>\n\t<li class=\"sitemap-item page_item page-item-3144 page_item_has_children\"><a href=\"https:\/\/www.cltweb.org\/fr\/bibliotheque-de-ressources\/sud-mondial\/\">Sud mondial<\/a>\n\t<ul class='children'>\n\t\t<li class=\"sitemap-item page_item page-item-3718\"><a href=\"https:\/\/www.cltweb.org\/fr\/bibliotheque-de-ressources\/sud-mondial\/afrique\/\">Afrique<\/a><\/li>\n\t\t<li class=\"sitemap-item page_item page-item-3748 page_item_has_children\"><a href=\"https:\/\/www.cltweb.org\/fr\/bibliotheque-de-ressources\/sud-mondial\/bresil\/\">Br\u00e9sil<\/a>\n\t\t<ul class='children'>\n\t\t\t<li class=\"sitemap-item page_item page-item-3767\"><a href=\"https:\/\/www.cltweb.org\/fr\/bibliotheque-de-ressources\/sud-mondial\/bresil\/fonds-foncier-communautaire-pour-les-favelas\/\">Fonds foncier communautaire pour les favelas<\/a><\/li>\n\t\t\t<li class=\"sitemap-item page_item page-item-3791\"><a href=\"https:\/\/www.cltweb.org\/fr\/bibliotheque-de-ressources\/sud-mondial\/bresil\/projeto-do-termo-territorial-coletivo\/\">Projeto do Termo Territorial Coletivo<\/a><\/li>\n\t\t<\/ul>\n<\/li>\n\t\t<li class=\"sitemap-item page_item page-item-10152\"><a href=\"https:\/\/www.cltweb.org\/fr\/bibliotheque-de-ressources\/sud-mondial\/inde\/\">Inde<\/a><\/li>\n\t\t<li class=\"sitemap-item page_item page-item-3815\"><a href=\"https:\/\/www.cltweb.org\/fr\/bibliotheque-de-ressources\/sud-mondial\/porto-rico\/\">Porto Rico<\/a><\/li>\n\t<\/ul>\n<\/li>\n\t<li class=\"sitemap-item page_item page-item-1942\"><a href=\"https:\/\/www.cltweb.org\/fr\/bibliotheque-de-ressources\/videotheque\/\">Vid\u00e9oth\u00e8que<\/a><\/li>\n<\/ul>\n<\/li>\n<li class=\"sitemap-item page_item page-item-7261\"><a href=\"https:\/\/www.cltweb.org\/fr\/blogs\/\">Blogs<\/a><\/li>\n<li class=\"sitemap-item page_item page-item-10389\"><a href=\"https:\/\/www.cltweb.org\/fr\/campagne-de-soutien-de-fin-dannee-2025\/\">Campagne de soutien de fin d&#8217;ann\u00e9e 2025<\/a><\/li>\n<li class=\"sitemap-item page_item page-item-740 page_item_has_children\"><a href=\"https:\/\/www.cltweb.org\/fr\/ce-que-font-les-clt\/\">Ce que font les CLT<\/a>\n<ul class='children'>\n\t<li class=\"sitemap-item page_item page-item-821\"><a href=\"https:\/\/www.cltweb.org\/fr\/ce-que-font-les-clt\/changement-climatique\/\">Changement climatique<\/a><\/li>\n\t<li class=\"sitemap-item page_item page-item-1568\"><a href=\"https:\/\/www.cltweb.org\/fr\/ce-que-font-les-clt\/developpement-commercial\/\">D\u00e9veloppement commercial<\/a><\/li>\n\t<li class=\"sitemap-item page_item page-item-808\"><a href=\"https:\/\/www.cltweb.org\/fr\/ce-que-font-les-clt\/equite-raciale\/\">\u00c9quit\u00e9 raciale<\/a><\/li>\n\t<li class=\"sitemap-item page_item page-item-1535\"><a href=\"https:\/\/www.cltweb.org\/fr\/ce-que-font-les-clt\/justice-fonciere\/\">Justice fonci\u00e8re<\/a><\/li>\n\t<li class=\"sitemap-item page_item page-item-797\"><a href=\"https:\/\/www.cltweb.org\/fr\/ce-que-font-les-clt\/lintendance\/\">L&#8217;intendance<\/a><\/li>\n\t<li class=\"sitemap-item page_item page-item-809 page_item_has_children\"><a href=\"https:\/\/www.cltweb.org\/fr\/ce-que-font-les-clt\/logement\/\">Logement<\/a>\n\t<ul class='children'>\n\t\t<li class=\"sitemap-item page_item page-item-1551\"><a href=\"https:\/\/www.cltweb.org\/fr\/ce-que-font-les-clt\/logement\/cohabitation\/\">Cohabitation<\/a><\/li>\n\t\t<li class=\"sitemap-item page_item page-item-1546\"><a href=\"https:\/\/www.cltweb.org\/fr\/ce-que-font-les-clt\/logement\/condominiums\/\">Condominiums<\/a><\/li>\n\t\t<li class=\"sitemap-item page_item page-item-1569\"><a href=\"https:\/\/www.cltweb.org\/fr\/ce-que-font-les-clt\/logement\/cooperatives-de-logement\/\">Coop\u00e9ratives de logement<\/a><\/li>\n\t\t<li class=\"sitemap-item page_item page-item-1559\"><a href=\"https:\/\/www.cltweb.org\/fr\/ce-que-font-les-clt\/logement\/location\/\">Location<\/a><\/li>\n\t\t<li class=\"sitemap-item page_item page-item-1558\"><a href=\"https:\/\/www.cltweb.org\/fr\/ce-que-font-les-clt\/logement\/propriete-en-fief-simple\/\">Propri\u00e9t\u00e9 en fief simple<\/a><\/li>\n\t<\/ul>\n<\/li>\n\t<li class=\"sitemap-item page_item page-item-822\"><a href=\"https:\/\/www.cltweb.org\/fr\/ce-que-font-les-clt\/sud-mondial\/\">Sud mondial<\/a><\/li>\n<\/ul>\n<\/li>\n<li class=\"sitemap-item page_item page-item-10373\"><a href=\"https:\/\/www.cltweb.org\/fr\/confirmation-du-don\/\">Confirmation du don<\/a><\/li>\n<li class=\"sitemap-item page_item page-item-878\"><a href=\"https:\/\/www.cltweb.org\/fr\/contactez-nous\/\">Contactez nous<\/a><\/li>\n<li class=\"sitemap-item page_item page-item-10370\"><a href=\"https:\/\/www.cltweb.org\/fr\/echec-du-don\/\">\u00c9chec du don<\/a><\/li>\n<li class=\"sitemap-item page_item page-item-11277\"><a href=\"https:\/\/www.cltweb.org\/fr\/equipes-speciales-du-gda\/\">\u00c9quipes sp\u00e9ciales du GDA<\/a><\/li>\n<li class=\"sitemap-item page_item page-item-8584\"><a href=\"https:\/\/www.cltweb.org\/fr\/exemple-de-storymap\/\">Exemple de StoryMap<\/a><\/li>\n<li class=\"sitemap-item page_item page-item-961 page_item_has_children\"><a href=\"https:\/\/www.cltweb.org\/fr\/nouvelles-et-evenements\/\">Nouvelles et \u00e9v\u00e9nements<\/a>\n<ul class='children'>\n\t<li class=\"sitemap-item page_item page-item-1956\"><a href=\"https:\/\/www.cltweb.org\/fr\/nouvelles-et-evenements\/bulletins-dinformation\/\">Bulletins d&#8217;information<\/a><\/li>\n\t<li class=\"sitemap-item page_item page-item-796\"><a href=\"https:\/\/www.cltweb.org\/fr\/nouvelles-et-evenements\/emplois-clt\/\">Emplois CLT<\/a><\/li>\n\t<li class=\"sitemap-item page_item page-item-780\"><a href=\"https:\/\/www.cltweb.org\/fr\/nouvelles-et-evenements\/evenements-a-venir\/\">\u00c9v\u00e9nements \u00e0 venir<\/a><\/li>\n\t<li class=\"sitemap-item page_item page-item-787\"><a href=\"https:\/\/www.cltweb.org\/fr\/nouvelles-et-evenements\/clt-dans-lactualite\/\">Les CLT dans l&#8217;actualit\u00e9<\/a><\/li>\n<\/ul>\n<\/li>\n<li class=\"sitemap-item page_item page-item-867 page_item_has_children\"><a href=\"https:\/\/www.cltweb.org\/fr\/participez\/\">Participez<\/a>\n<ul class='children'>\n\t<li class=\"sitemap-item page_item page-item-1853\"><a href=\"https:\/\/www.cltweb.org\/fr\/participez\/sabonner-a-notre-lettre-dinformation\/\">S&#8217;abonner \u00e0 notre lettre d&#8217;information<\/a><\/li>\n<\/ul>\n<\/li>\n<li class=\"sitemap-item page_item page-item-1815 page_item_has_children\"><a href=\"https:\/\/www.cltweb.org\/fr\/pays-avec-clt\/\">Pays avec CLT<\/a>\n<ul class='children'>\n\t<li class=\"sitemap-item page_item page-item-1729\"><a href=\"https:\/\/www.cltweb.org\/fr\/pays-avec-clt\/allemagne\/\">Allemagne<\/a><\/li>\n\t<li class=\"sitemap-item page_item page-item-1739\"><a href=\"https:\/\/www.cltweb.org\/fr\/pays-avec-clt\/angleterre-et-pays-de-galles\/\">Angleterre et Pays de Galles<\/a><\/li>\n\t<li class=\"sitemap-item page_item page-item-1241\"><a href=\"https:\/\/www.cltweb.org\/fr\/pays-avec-clt\/australie\/\">Australie<\/a><\/li>\n\t<li class=\"sitemap-item page_item page-item-1251\"><a href=\"https:\/\/www.cltweb.org\/fr\/pays-avec-clt\/belgique\/\">Belgique<\/a><\/li>\n\t<li class=\"sitemap-item page_item page-item-1262\"><a href=\"https:\/\/www.cltweb.org\/fr\/pays-avec-clt\/bresil\/\">Br\u00e9sil<\/a><\/li>\n\t<li class=\"sitemap-item page_item page-item-1738\"><a href=\"https:\/\/www.cltweb.org\/fr\/pays-avec-clt\/canada\/\">Canada<\/a><\/li>\n\t<li class=\"sitemap-item page_item page-item-1728\"><a href=\"https:\/\/www.cltweb.org\/fr\/pays-avec-clt\/espagne\/\">Espagne<\/a><\/li>\n\t<li class=\"sitemap-item page_item page-item-1747\"><a href=\"https:\/\/www.cltweb.org\/fr\/pays-avec-clt\/etats-unis\/\">\u00c9tats-Unis<\/a><\/li>\n\t<li class=\"sitemap-item page_item page-item-1709\"><a href=\"https:\/\/www.cltweb.org\/fr\/pays-avec-clt\/inde\/\">Inde<\/a><\/li>\n\t<li class=\"sitemap-item page_item page-item-1718\"><a href=\"https:\/\/www.cltweb.org\/fr\/pays-avec-clt\/italie\/\">Italie<\/a><\/li>\n\t<li class=\"sitemap-item page_item page-item-1708\"><a href=\"https:\/\/www.cltweb.org\/fr\/pays-avec-clt\/kenya\/\">Kenya<\/a><\/li>\n\t<li class=\"sitemap-item page_item page-item-1750\"><a href=\"https:\/\/www.cltweb.org\/fr\/pays-avec-clt\/porto-rico\/\">Porto Rico<\/a><\/li>\n\t<li class=\"sitemap-item page_item page-item-1719\"><a href=\"https:\/\/www.cltweb.org\/fr\/pays-avec-clt\/portugal\/\">Portugal<\/a><\/li>\n<\/ul>\n<\/li>\n<li class=\"sitemap-item page_item page-item-1487\"><a href=\"https:\/\/www.cltweb.org\/fr\/plan-du-site\/\">Plan du site<\/a><\/li>\n<li class=\"sitemap-item page_item page-item-907 page_item_has_children\"><a href=\"https:\/\/www.cltweb.org\/fr\/programmes-et-projets\/\">Programmes et projets<\/a>\n<ul class='children'>\n\t<li class=\"sitemap-item page_item page-item-770\"><a href=\"https:\/\/www.cltweb.org\/fr\/programmes-et-projets\/collaboration-juridique\/\">Collaboration juridique<\/a><\/li>\n\t<li class=\"sitemap-item page_item page-item-779\"><a href=\"https:\/\/www.cltweb.org\/fr\/programmes-et-projets\/initiative-clt-dans-le-sud\/\">Initiative de fiducie fonci\u00e8re communautaire dans les pays du Sud<\/a><\/li>\n\t<li class=\"sitemap-item page_item page-item-769\"><a href=\"https:\/\/www.cltweb.org\/fr\/programmes-et-projets\/projet-clt-2030-just-transition\/\">Projet CLT 2030 Just Transition<\/a><\/li>\n\t<li class=\"sitemap-item page_item page-item-756\"><a href=\"https:\/\/www.cltweb.org\/fr\/programmes-et-projets\/recherche-collaborative\/\">Recherche collaborative<\/a><\/li>\n<\/ul>\n<\/li>\n<li class=\"sitemap-item page_item page-item-11319\"><a href=\"https:\/\/www.cltweb.org\/fr\/ressources-livres-aba\/\">Ressources livres ABA<\/a><\/li>\n<li class=\"sitemap-item page_item page-item-10377\"><a href=\"https:\/\/www.cltweb.org\/fr\/tableau-de-bord-des-donateurs\/\">Tableau de bord des donateurs<\/a><\/li>\n<li class=\"sitemap-item page_item page-item-975 page_item_has_children\"><a href=\"https:\/\/www.cltweb.org\/fr\/terra-nostra-press\/\">Terra Nostra Press<\/a>\n<ul class='children'>\n\t<li class=\"sitemap-item page_item page-item-757 page_item_has_children\"><a href=\"https:\/\/www.cltweb.org\/fr\/terra-nostra-press\/catalogue\/\">Catalogue<\/a>\n\t<ul class='children'>\n\t\t<li class=\"sitemap-item page_item page-item-1598\"><a href=\"https:\/\/www.cltweb.org\/fr\/terra-nostra-press\/catalogue\/applications-des-fonds-fonciers-communautaires-dans-les-quartiers-urbains\/\">Applications des fonds fonciers communautaires dans les quartiers urbains<\/a><\/li>\n\t\t<li class=\"sitemap-item page_item page-item-1609\"><a href=\"https:\/\/www.cltweb.org\/fr\/terra-nostra-press\/catalogue\/developpement-efficace-et-autonomisation-des-communautes\/\">D\u00e9veloppement efficace et autonomisation des communaut\u00e9s<\/a><\/li>\n\t\t<li class=\"sitemap-item page_item page-item-1638\"><a href=\"https:\/\/www.cltweb.org\/fr\/terra-nostra-press\/catalogue\/en-terreno-comun-perspectivas-internacionales-sobre-los-fideicomisos-comunitarios-de-tierras\/\">En territoire commun<\/a><\/li>\n\t\t<li class=\"sitemap-item page_item page-item-1589\"><a href=\"https:\/\/www.cltweb.org\/fr\/terra-nostra-press\/catalogue\/fonds-fonciers-communautaires-et-etablissements-informels-dans-les-pays-du-sud\/\">Fonds fonciers communautaires et \u00e9tablissements informels dans les pays du Sud<\/a><\/li>\n\t\t<li class=\"sitemap-item page_item page-item-1599\"><a href=\"https:\/\/www.cltweb.org\/fr\/terra-nostra-press\/catalogue\/linsecurite-de-la-propriete-de-la-terre-en-amerique-latine-et-dans-les-caraibes\/\">L&#8217;ins\u00e9curit\u00e9 de la propri\u00e9t\u00e9 de la terre en Am\u00e9rique latine et dans les Cara\u00efbes<\/a><\/li>\n\t\t<li class=\"sitemap-item page_item page-item-1619\"><a href=\"https:\/\/www.cltweb.org\/fr\/terra-nostra-press\/catalogue\/la-croissance-des-community-land-trusts-en-angleterre-et-en-europe\/\">La croissance des Community Land Trusts en Angleterre et en Europe<\/a><\/li>\n\t\t<li class=\"sitemap-item page_item page-item-9982\"><a href=\"https:\/\/www.cltweb.org\/fr\/terra-nostra-press\/catalogue\/notre-terre-notre-lutte\/\">Notre terre, notre survie<\/a><\/li>\n\t\t<li class=\"sitemap-item page_item page-item-1618\"><a href=\"https:\/\/www.cltweb.org\/fr\/terra-nostra-press\/catalogue\/pourquoi-des-fonds-fonciers-communautaires\/\">Pourquoi des fonds fonciers communautaires ?<\/a><\/li>\n\t\t<li class=\"sitemap-item page_item page-item-1608\"><a href=\"https:\/\/www.cltweb.org\/fr\/terra-nostra-press\/catalogue\/pourquoi-lassociation-des-communes-de-montagne\/\">Pourquoi l&#8217;association des communes de montagne ?<\/a><\/li>\n\t\t<li class=\"sitemap-item page_item page-item-1628\"><a href=\"https:\/\/www.cltweb.org\/fr\/terra-nostra-press\/catalogue\/questions-communautaires\/\">Questions communautaires<\/a><\/li>\n\t\t<li class=\"sitemap-item page_item page-item-1639\"><a href=\"https:\/\/www.cltweb.org\/fr\/terra-nostra-press\/catalogue\/retisser-la-tapisserie-de-la-titularisation\/\">Retisser la tapisserie de la titularisation<\/a><\/li>\n\t\t<li class=\"sitemap-item page_item page-item-1629\"><a href=\"https:\/\/www.cltweb.org\/fr\/terra-nostra-press\/catalogue\/sur-un-terrain-dentente-perspectives-internationales-sur-le-community-land-trust\/\">Sur un terrain d&#8217;entente<\/a><\/li>\n\t<\/ul>\n<\/li>\n\t<li class=\"sitemap-item page_item page-item-1579\"><a href=\"https:\/\/www.cltweb.org\/fr\/terra-nostra-press\/chapitres-du-livre-audio\/\">Chapitres du livre audio<\/a><\/li>\n\t<li class=\"sitemap-item page_item page-item-1031\"><a href=\"https:\/\/www.cltweb.org\/fr\/terra-nostra-press\/comite-de-redaction\/\">Comit\u00e9 de r\u00e9daction<\/a><\/li>\n\t<li class=\"sitemap-item page_item page-item-1588\"><a href=\"https:\/\/www.cltweb.org\/fr\/terra-nostra-press\/commandes-en-gros\/\">Commandes en gros<\/a><\/li>\n\t<li class=\"sitemap-item page_item page-item-1578\"><a href=\"https:\/\/www.cltweb.org\/fr\/terra-nostra-press\/nouvelles-et-commentaires\/\">Nouvelles et commentaires<\/a><\/li>\n<\/ul>\n<\/li>\n<\/ul><\/div><div class=\"simple-sitemap-wrap\"><h3 class=\"post-type\">Articles<\/h3><ul class=\"simple-sitemap-post main\"><li class=\"sitemap-item\"><a href=\"https:\/\/www.cltweb.org\/fr\/2024\/07\/26\/bonjour-a-tous\/\">Bonjour \u00e0 tous !<\/a><\/li><li class=\"sitemap-item\"><a href=\"https:\/\/www.cltweb.org\/fr\/2025\/11\/28\/journee-mondiale-des-clt-une-celebration-mondiale-de-la-solidarite-1\/\">Construire ensemble gr\u00e2ce \u00e0 la collaboration<\/a><\/li><li class=\"sitemap-item\"><a href=\"https:\/\/www.cltweb.org\/fr\/2025\/05\/21\/des-biens-communs-pour-la-justice-les-clt-a-travers-les-continents-au-festival-international-du-logement-social\/\">Des biens communs pour la justice : Les CLT \u00e0 travers les continents au Festival international du logement social<\/a><\/li><li class=\"sitemap-item\"><a href=\"https:\/\/www.cltweb.org\/fr\/2022\/10\/11\/evenement-du-centre-clt-lancement-du-livre-community-matters\/\">\u00c9V\u00c9NEMENT DU CENTRE CLT : Lancement du livre <i>Community Matters<\/i><\/a><\/li><li class=\"sitemap-item\"><a href=\"https:\/\/www.cltweb.org\/fr\/2022\/10\/11\/evenement-du-centre-clt-reforme-fonciere-en-ecosse\/\">EVENEMENT DU CENTRE CLT : R\u00e9forme fonci\u00e8re en Ecosse<\/a><\/li><li class=\"sitemap-item\"><a href=\"https:\/\/www.cltweb.org\/fr\/2025\/10\/24\/explorer-le-potentiel-des-fiducies-foncieres-communautaires-a-buenos-aires\/\">Explorer le potentiel des fiducies fonci\u00e8res communautaires \u00e0 Buenos Aires<\/a><\/li><li class=\"sitemap-item\"><a href=\"https:\/\/www.cltweb.org\/fr\/2023\/02\/20\/fiducies-foncieres-et-agriculture-de-proximite\/\">Fiducies fonci\u00e8res et agriculture de proximit\u00e9<\/a><\/li><li class=\"sitemap-item\"><a href=\"https:\/\/www.cltweb.org\/fr\/2024\/09\/03\/introduction-a-lutilisation-des-clt-pour-la-renovation-energetique-et-laccessibilite-permanente-des-logements-existants\/\">Introduction \u00e0 l&#8217;utilisation des CLT pour la r\u00e9novation \u00e9nerg\u00e9tique et l&#8217;accessibilit\u00e9 permanente des logements existants<\/a><\/li><li class=\"sitemap-item\"><a href=\"https:\/\/www.cltweb.org\/fr\/2024\/11\/11\/introduction-au-pouvoir-et-au-leadership-des-jeunes-dans-la-pratique-du-community-land-trust\/\">Introduction au pouvoir et au leadership des jeunes dans la pratique du Community Land Trust<\/a><\/li><li class=\"sitemap-item\"><a href=\"https:\/\/www.cltweb.org\/fr\/2025\/11\/21\/journee-mondiale-des-clt-une-celebration-mondiale-de-la-solidarite\/\">Journ\u00e9e mondiale des CLT : Une c\u00e9l\u00e9bration mondiale de la solidarit\u00e9<\/a><\/li><li class=\"sitemap-item\"><a href=\"https:\/\/www.cltweb.org\/fr\/2022\/10\/12\/limpact-du-modele-clt-la-preuve-dun-succes-international\/\">L&#8217;impact du mod\u00e8le CLT &#8211; la preuve d&#8217;un succ\u00e8s international<\/a><\/li><li class=\"sitemap-item\"><a href=\"https:\/\/www.cltweb.org\/fr\/2022\/10\/21\/la-grande-fete-du-cltb\/\">La grande f\u00eate du CLTB<\/a><\/li><li class=\"sitemap-item\"><a href=\"https:\/\/www.cltweb.org\/fr\/2022\/10\/20\/la-situation-de-la-clt-dans-le-monde-entier\/\">La situation de la CLT dans le monde entier<\/a><\/li><li class=\"sitemap-item\"><a href=\"https:\/\/www.cltweb.org\/fr\/2025\/11\/11\/la-terre-pour-les-gens-pas-pour-le-profit-construire-linfrastructure-dun-mouvement-mondial\/\">La terre pour les gens, pas pour le profit : Construire l&#8217;infrastructure d&#8217;un mouvement mondial<\/a><\/li><li class=\"sitemap-item\"><a href=\"https:\/\/www.cltweb.org\/fr\/2024\/11\/18\/le-lincoln-institute-of-land-policy-publie-un-rapport-sur-la-preservation-de-laccession-abordable-a-la-propriete-grace-aux-fonds-fonciers-communautaires-community-land-trusts\/\">Le Lincoln Institute of Land Policy publie un rapport sur la pr\u00e9servation de l&#8217;accession abordable \u00e0 la propri\u00e9t\u00e9 gr\u00e2ce aux fonds fonciers communautaires (Community Land Trusts)<\/a><\/li><li class=\"sitemap-item\"><a href=\"https:\/\/www.cltweb.org\/fr\/2025\/11\/17\/les-clt-et-laction-climatique-un-mouvement-croissant-pour-une-transition-juste\/\">Les CLT et l&#8217;action climatique : Un mouvement croissant pour une transition juste<\/a><\/li><li class=\"sitemap-item\"><a href=\"https:\/\/www.cltweb.org\/fr\/2024\/09\/10\/les-clt-peuvent-ils-jouer-un-role-dans-la-politique-climatique\/\">Les CLT peuvent-ils jouer un r\u00f4le dans la politique climatique ?<\/a><\/li><li class=\"sitemap-item\"><a href=\"https:\/\/www.cltweb.org\/fr\/2022\/10\/11\/les-voies-du-controle-par-les-locataires-et-les-communautes-strategies-de-financement-pour-les-community-land-trusts\/\">Les voies du contr\u00f4le par les locataires et les communaut\u00e9s : Strat\u00e9gies de financement pour les Community Land Trusts<\/a><\/li><li class=\"sitemap-item\"><a href=\"https:\/\/www.cltweb.org\/fr\/2022\/10\/31\/mouvement-clt-de-toronto-justice-en-matiere-de-logement-equite-raciale-et-democratie-economique\/\">Mouvement CLT de Toronto : Justice en mati\u00e8re de logement, \u00e9quit\u00e9 raciale et d\u00e9mocratie \u00e9conomique<\/a><\/li><li class=\"sitemap-item\"><a href=\"https:\/\/www.cltweb.org\/fr\/2022\/10\/11\/nouvelles-voies-pour-la-construction-de-villes-durables-le-potentiel-de-la-gestion-collective-des-terres-basee-sur-le-clt\/\">Nouvelles voies pour la construction de villes durables : le potentiel de la gestion collective des terres bas\u00e9e sur le CLT<\/a><\/li><li class=\"sitemap-item\"><a href=\"https:\/\/www.cltweb.org\/fr\/2025\/10\/24\/presentation-du-modele-clt-a-la-conference-suedoise-collaborative-and-social-building-and-living-2025\/\">Pr\u00e9sentation du mod\u00e8le CLT \u00e0 la conf\u00e9rence su\u00e9doise Collaborative and Social Building and Living 2025<\/a><\/li><li class=\"sitemap-item\"><a href=\"https:\/\/www.cltweb.org\/fr\/2024\/12\/17\/recapitulation-du-webinaire-le-pouvoir-et-le-leadership-des-jeunes-dans-la-pratique-des-clt\/\">R\u00e9capitulation du webinaire : Le pouvoir et le leadership des jeunes dans la pratique des CLT<\/a><\/li><li class=\"sitemap-item\"><a href=\"https:\/\/www.cltweb.org\/fr\/2024\/11\/20\/ressources-pour-un-engagement-significatif-des-jeunes-dans-les-clt\/\">Ressources pour un engagement significatif des jeunes dans les CLT<\/a><\/li><li class=\"sitemap-item\"><a href=\"https:\/\/www.cltweb.org\/fr\/2022\/10\/11\/retirer-des-terrains-du-marche-pour-rendre-la-ville-abordable\/\">Retirer des terrains du march\u00e9 pour rendre la ville abordable<\/a><\/li><li class=\"sitemap-item\"><a href=\"https:\/\/www.cltweb.org\/fr\/2024\/09\/16\/soutenir-le-projet-upcycling-trust-le-point-de-vue-dun-chercheur\/\">Soutenir le projet Upcycling Trust : Le point de vue d&#8217;un chercheur<\/a><\/li><li class=\"sitemap-item\"><a href=\"https:\/\/www.cltweb.org\/fr\/2024\/10\/21\/table-ronde-sur-lutilisation-des-clt-pour-la-renovation-energetique-et-laccessibilite-permanente-des-logements-existants\/\">Table ronde sur l&#8217;utilisation des CLT pour la r\u00e9novation \u00e9nerg\u00e9tique et l&#8217;accessibilit\u00e9 permanente des logements existants<\/a><\/li><li class=\"sitemap-item\"><a href=\"https:\/\/www.cltweb.org\/fr\/2025\/12\/08\/terra-nostra-press-et-la-memoire-du-mouvement-clt\/\">Terra Nostra Press et la m\u00e9moire du mouvement CLT<\/a><\/li><li class=\"sitemap-item\"><a href=\"https:\/\/www.cltweb.org\/fr\/2024\/11\/22\/un-parcours-personnel-vers-lequite-et-la-justice-en-matiere-de-logement\/\">Un parcours personnel vers l&#8217;\u00e9quit\u00e9 et la justice en mati\u00e8re de logement<\/a><\/li><li class=\"sitemap-item\"><a href=\"https:\/\/www.cltweb.org\/fr\/2025\/10\/20\/un-regard-sur-le-passe-et-sur-lavenir-du-mouvement-clt-aux-etats-unis\/\">Un regard sur le pass\u00e9 et sur l&#8217;avenir du mouvement CLT aux \u00c9tats-Unis<\/a><\/li><li class=\"sitemap-item\"><a href=\"https:\/\/www.cltweb.org\/fr\/2024\/08\/22\/utiliser-les-clt-pour-renover-les-logements-existants-sur-le-plan-energetique-et-les-rendre-plus-abordables-en-permanence\/\">Utiliser les CLT pour r\u00e9nover les logements existants sur le plan \u00e9nerg\u00e9tique et les rendre plus abordables en permanence<\/a><\/li><li class=\"sitemap-item\"><a href=\"https:\/\/www.cltweb.org\/fr\/2022\/10\/21\/workshop-und-jahresfeier-stadtbodenstiftung-berlin\/\">Workshop und Jahresfeier Stadtbodenstiftung Berlin<\/a><\/li><\/ul><\/div><\/div><br style=\"clear: both;\">","protected":false},"excerpt":{"rendered":"","protected":false},"author":1,"featured_media":0,"parent":0,"menu_order":0,"comment_status":"closed","ping_status":"closed","template":"","meta":{"give_campaign_id":0,"_tec_requires_first_save":true,"_kad_blocks_custom_css":"","_kad_blocks_head_custom_js":"","_kad_blocks_body_custom_js":"","_kad_blocks_footer_custom_js":"","_EventAllDay":false,"_EventTimezone":"","_EventStartDate":"","_EventEndDate":"","_EventStartDateUTC":"","_EventEndDateUTC":"","_EventShowMap":false,"_EventShowMapLink":false,"_EventURL":"","_EventCost":"","_EventCostDescription":"","_EventCurrencySymbol":"","_EventCurrencyCode":"","_EventCurrencyPosition":"","_EventDateTimeSeparator":"","_EventTimeRangeSeparator":"","_EventOrganizerID":[],"_EventVenueID":[],"_OrganizerEmail":"","_OrganizerPhone":"","_OrganizerWebsite":"","_VenueAddress":"","_VenueCity":"","_VenueCountry":"","_VenueProvince":"","_VenueState":"","_VenueZip":"","_VenuePhone":"","_VenueURL":"","_VenueStateProvince":"","_VenueLat":"","_VenueLng":"","_VenueShowMap":false,"_VenueShowMapLink":false,"_tribe_blocks_recurrence_rules":"","_tribe_blocks_recurrence_description":"","_tribe_blocks_recurrence_exclusions":"","footnotes":""},"categories":[],"tags":[],"class_list":["post-1487","page","type-page","status-publish","hentry"],"blocksy_meta":[],"yoast_head":"<!-- This site is optimized with the Yoast SEO Premium plugin v27.5 (Yoast SEO v27.5) - https:\/\/yoast.com\/product\/yoast-seo-premium-wordpress\/ -->\n<title>Plan du site - International Center for Community Land Trusts<\/title>\n<meta name=\"robots\" content=\"index, follow, max-snippet:-1, max-image-preview:large, max-video-preview:-1\" \/>\n<link rel=\"canonical\" href=\"https:\/\/www.cltweb.org\/fr\/plan-du-site\/\" \/>\n<meta property=\"og:locale\" content=\"fr_FR\" \/>\n<meta property=\"og:type\" content=\"article\" \/>\n<meta property=\"og:title\" content=\"Plan du site\" \/>\n<meta property=\"og:url\" content=\"https:\/\/www.cltweb.org\/fr\/plan-du-site\/\" \/>\n<meta property=\"og:site_name\" content=\"International Center for Community Land Trusts\" \/>\n<meta property=\"article:publisher\" content=\"https:\/\/www.facebook.com\/cltcenter\" \/>\n<meta property=\"article:modified_time\" content=\"2024-11-02T21:21:38+00:00\" \/>\n<meta name=\"twitter:card\" content=\"summary_large_image\" \/>\n<meta name=\"twitter:site\" content=\"@Center4CLTs\" \/>\n<script type=\"application\/ld+json\" class=\"yoast-schema-graph\">{\"@context\":\"https:\\\/\\\/schema.org\",\"@graph\":[{\"@type\":\"WebPage\",\"@id\":\"https:\\\/\\\/www.cltweb.org\\\/fr\\\/plan-du-site\\\/\",\"url\":\"https:\\\/\\\/www.cltweb.org\\\/fr\\\/plan-du-site\\\/\",\"name\":\"Plan du site - International Center for Community Land Trusts\",\"isPartOf\":{\"@id\":\"https:\\\/\\\/www.cltweb.org\\\/fr\\\/#website\"},\"datePublished\":\"2024-07-26T17:49:57+00:00\",\"dateModified\":\"2024-11-02T21:21:38+00:00\",\"breadcrumb\":{\"@id\":\"https:\\\/\\\/www.cltweb.org\\\/fr\\\/plan-du-site\\\/#breadcrumb\"},\"inLanguage\":\"fr-FR\",\"potentialAction\":[{\"@type\":\"ReadAction\",\"target\":[\"https:\\\/\\\/www.cltweb.org\\\/fr\\\/plan-du-site\\\/\"]}]},{\"@type\":\"BreadcrumbList\",\"@id\":\"https:\\\/\\\/www.cltweb.org\\\/fr\\\/plan-du-site\\\/#breadcrumb\",\"itemListElement\":[{\"@type\":\"ListItem\",\"position\":1,\"name\":\"Home\",\"item\":\"https:\\\/\\\/www.cltweb.org\\\/fr\\\/\"},{\"@type\":\"ListItem\",\"position\":2,\"name\":\"Plan du site\"}]},{\"@type\":\"WebSite\",\"@id\":\"https:\\\/\\\/www.cltweb.org\\\/fr\\\/#website\",\"url\":\"https:\\\/\\\/www.cltweb.org\\\/fr\\\/\",\"name\":\"International Center for Community Land Trusts\",\"description\":\"\",\"publisher\":{\"@id\":\"https:\\\/\\\/www.cltweb.org\\\/fr\\\/#organization\"},\"potentialAction\":[{\"@type\":\"SearchAction\",\"target\":{\"@type\":\"EntryPoint\",\"urlTemplate\":\"https:\\\/\\\/www.cltweb.org\\\/fr\\\/?s={search_term_string}\"},\"query-input\":{\"@type\":\"PropertyValueSpecification\",\"valueRequired\":true,\"valueName\":\"search_term_string\"}}],\"inLanguage\":\"fr-FR\"},{\"@type\":\"Organization\",\"@id\":\"https:\\\/\\\/www.cltweb.org\\\/fr\\\/#organization\",\"name\":\"International Center for Community Land Trusts\",\"url\":\"https:\\\/\\\/www.cltweb.org\\\/fr\\\/\",\"logo\":{\"@type\":\"ImageObject\",\"inLanguage\":\"fr-FR\",\"@id\":\"https:\\\/\\\/www.cltweb.org\\\/fr\\\/#\\\/schema\\\/logo\\\/image\\\/\",\"url\":\"https:\\\/\\\/www.cltweb.org\\\/wp-content\\\/uploads\\\/2024\\\/11\\\/New-CLT-Center-Text-logo.png\",\"contentUrl\":\"https:\\\/\\\/www.cltweb.org\\\/wp-content\\\/uploads\\\/2024\\\/11\\\/New-CLT-Center-Text-logo.png\",\"width\":227,\"height\":80,\"caption\":\"International Center for Community Land Trusts\"},\"image\":{\"@id\":\"https:\\\/\\\/www.cltweb.org\\\/fr\\\/#\\\/schema\\\/logo\\\/image\\\/\"},\"sameAs\":[\"https:\\\/\\\/www.facebook.com\\\/cltcenter\",\"https:\\\/\\\/x.com\\\/Center4CLTs\",\"https:\\\/\\\/www.instagram.com\\\/cltcenter\\\/\",\"https:\\\/\\\/www.linkedin.com\\\/company\\\/cltcenter\",\"https:\\\/\\\/www.youtube.com\\\/@centerforcltinnovation5313\"],\"description\":\"The International Center for Community Land Trusts is a not-for-profit nongovernmental organization established in 2018 to promote and to support community land trusts and similar strategies of community-led development on community-owned land in countries throughout the world.\",\"email\":\"info@communitylandtrust.net\",\"legalName\":\"International Center for Community Land Trusts\",\"foundingDate\":\"2018-12-01\",\"taxID\":\"84-3858933\",\"numberOfEmployees\":{\"@type\":\"QuantitativeValue\",\"minValue\":\"1\",\"maxValue\":\"10\"}}]}<\/script>\n<!-- \/ Yoast SEO Premium plugin. -->","yoast_head_json":{"title":"Plan du site - International Center for Community Land Trusts","robots":{"index":"index","follow":"follow","max-snippet":"max-snippet:-1","max-image-preview":"max-image-preview:large","max-video-preview":"max-video-preview:-1"},"canonical":"https:\/\/www.cltweb.org\/fr\/plan-du-site\/","og_locale":"fr_FR","og_type":"article","og_title":"Plan du site","og_url":"https:\/\/www.cltweb.org\/fr\/plan-du-site\/","og_site_name":"International Center for Community Land Trusts","article_publisher":"https:\/\/www.facebook.com\/cltcenter","article_modified_time":"2024-11-02T21:21:38+00:00","twitter_card":"summary_large_image","twitter_site":"@Center4CLTs","schema":{"@context":"https:\/\/schema.org","@graph":[{"@type":"WebPage","@id":"https:\/\/www.cltweb.org\/fr\/plan-du-site\/","url":"https:\/\/www.cltweb.org\/fr\/plan-du-site\/","name":"Plan du site - International Center for Community Land Trusts","isPartOf":{"@id":"https:\/\/www.cltweb.org\/fr\/#website"},"datePublished":"2024-07-26T17:49:57+00:00","dateModified":"2024-11-02T21:21:38+00:00","breadcrumb":{"@id":"https:\/\/www.cltweb.org\/fr\/plan-du-site\/#breadcrumb"},"inLanguage":"fr-FR","potentialAction":[{"@type":"ReadAction","target":["https:\/\/www.cltweb.org\/fr\/plan-du-site\/"]}]},{"@type":"BreadcrumbList","@id":"https:\/\/www.cltweb.org\/fr\/plan-du-site\/#breadcrumb","itemListElement":[{"@type":"ListItem","position":1,"name":"Home","item":"https:\/\/www.cltweb.org\/fr\/"},{"@type":"ListItem","position":2,"name":"Plan du site"}]},{"@type":"WebSite","@id":"https:\/\/www.cltweb.org\/fr\/#website","url":"https:\/\/www.cltweb.org\/fr\/","name":"International Center for Community Land Trusts","description":"","publisher":{"@id":"https:\/\/www.cltweb.org\/fr\/#organization"},"potentialAction":[{"@type":"SearchAction","target":{"@type":"EntryPoint","urlTemplate":"https:\/\/www.cltweb.org\/fr\/?s={search_term_string}"},"query-input":{"@type":"PropertyValueSpecification","valueRequired":true,"valueName":"search_term_string"}}],"inLanguage":"fr-FR"},{"@type":"Organization","@id":"https:\/\/www.cltweb.org\/fr\/#organization","name":"International Center for Community Land Trusts","url":"https:\/\/www.cltweb.org\/fr\/","logo":{"@type":"ImageObject","inLanguage":"fr-FR","@id":"https:\/\/www.cltweb.org\/fr\/#\/schema\/logo\/image\/","url":"https:\/\/www.cltweb.org\/wp-content\/uploads\/2024\/11\/New-CLT-Center-Text-logo.png","contentUrl":"https:\/\/www.cltweb.org\/wp-content\/uploads\/2024\/11\/New-CLT-Center-Text-logo.png","width":227,"height":80,"caption":"International Center for Community Land Trusts"},"image":{"@id":"https:\/\/www.cltweb.org\/fr\/#\/schema\/logo\/image\/"},"sameAs":["https:\/\/www.facebook.com\/cltcenter","https:\/\/x.com\/Center4CLTs","https:\/\/www.instagram.com\/cltcenter\/","https:\/\/www.linkedin.com\/company\/cltcenter","https:\/\/www.youtube.com\/@centerforcltinnovation5313"],"description":"The International Center for Community Land Trusts is a not-for-profit nongovernmental organization established in 2018 to promote and to support community land trusts and similar strategies of community-led development on community-owned land in countries throughout the world.","email":"info@communitylandtrust.net","legalName":"International Center for Community Land Trusts","foundingDate":"2018-12-01","taxID":"84-3858933","numberOfEmployees":{"@type":"QuantitativeValue","minValue":"1","maxValue":"10"}}]}},"campaignId":"","taxonomy_info":[],"featured_image_src_large":false,"author_info":{"display_name":"cltredesign_0jp0l4","author_link":"https:\/\/www.cltweb.org\/fr\/author\/cltredesign_0jp0l4\/"},"comment_info":0,"jetpack_sharing_enabled":true,"jetpack-related-posts":[{"id":10370,"url":"https:\/\/www.cltweb.org\/fr\/echec-du-don\/","url_meta":{"origin":1487,"position":0},"title":"\u00c9chec du don","author":"cltredesign_0jp0l4","date":"28 octobre 2025","format":false,"excerpt":"Nous sommes d\u00e9sol\u00e9s, votre don n'a pas \u00e9t\u00e9 trait\u00e9. Veuillez r\u00e9essayer ou contacter le service d'assistance du site.","rel":"","context":"Article similaire","block_context":{"text":"Article similaire","link":""},"img":{"alt_text":"","src":"","width":0,"height":0},"classes":[]},{"id":857,"url":"https:\/\/www.cltweb.org\/fr\/a-propos-de-nous\/lhistoire\/","url_meta":{"origin":1487,"position":1},"title":"Notre histoire","author":"cltredesign_0jp0l4","date":"26 juillet 2024","format":false,"excerpt":"Une chronologie de l'\u00e9volution du mouvement CLT international.","rel":"","context":"Dans &quot;A propos de nous&quot;","block_context":{"text":"A propos de nous","link":"https:\/\/www.cltweb.org\/fr\/category\/a-propos-de-nous\/"},"img":{"alt_text":"","src":"","width":0,"height":0},"classes":[]},{"id":1918,"url":"https:\/\/www.cltweb.org\/fr\/bibliotheque-de-ressources\/les-racines-du-clt\/","url_meta":{"origin":1487,"position":2},"title":"Les racines du CLT","author":"cltredesign_0jp0l4","date":"26 juillet 2024","format":false,"excerpt":"Surligne Les racines du mouvement CLT Utilisez cette section du paragraphe pour que les visiteurs de votre site Web vous connaissent. Parlez de vous ou de votre organisation, des produits ou services que vous proposez ou de votre raison d'\u00eatre. Gardez un style de communication coh\u00e9rent. Envisagez de l'utiliser si\u2026","rel":"","context":"Article similaire","block_context":{"text":"Article similaire","link":""},"img":{"alt_text":"","src":"","width":0,"height":0},"classes":[]},{"id":1995,"url":"https:\/\/www.cltweb.org\/fr\/bibliotheque-de-ressources\/histoire-du-mouvement-clt\/","url_meta":{"origin":1487,"position":3},"title":"Histoire du mouvement CLT","author":"cltredesign_0jp0l4","date":"26 juillet 2024","format":false,"excerpt":"Surligne Histoire du mouvement CLT Utilisez cette section du paragraphe pour que les visiteurs de votre site Web vous connaissent. Parlez de vous ou de votre organisation, des produits ou services que vous proposez ou de votre raison d'\u00eatre. Gardez un style de communication coh\u00e9rent. Envisagez de l'utiliser si vous\u2026","rel":"","context":"Dans &quot;Biblioth\u00e8que de ressources&quot;","block_context":{"text":"Biblioth\u00e8que de ressources","link":"https:\/\/www.cltweb.org\/fr\/category\/bibliotheque-de-ressources\/"},"img":{"alt_text":"","src":"","width":0,"height":0},"classes":[]},{"id":3815,"url":"https:\/\/www.cltweb.org\/fr\/bibliotheque-de-ressources\/sud-mondial\/porto-rico\/","url_meta":{"origin":1487,"position":4},"title":"Porto Rico","author":"cltredesign_0jp0l4","date":"19 octobre 2024","format":false,"excerpt":"Comit\u00e9 de la Terre du Ca\u00f1o Mart\u00edn Pe\u00f1aLe Ca\u00f1o Mart\u00edn Pe\u00f1a Land Trust de San Juan, \u00e0 Porto Rico, a pilot\u00e9 une approche des fiducies fonci\u00e8res communautaires dans les communaut\u00e9s informelles qui inspire des efforts dans l'ensemble des pays du Sud. INTRODUCCI\u00d3N : El Fideicomiso de la Tierra del Ca\u00f1o\u2026","rel":"","context":"Dans &quot;Sud mondial&quot;","block_context":{"text":"Sud mondial","link":"https:\/\/www.cltweb.org\/fr\/category\/sud-mondial\/"},"img":{"alt_text":"Logo for the Cano Mart\u00edn Pe\u00f1a CLT","src":"https:\/\/i0.wp.com\/www.cltweb.org\/wp-content\/uploads\/2024\/10\/cano-martin-pena-clt-logo.png?resize=350%2C200&ssl=1","width":350,"height":200,"srcset":"https:\/\/i0.wp.com\/www.cltweb.org\/wp-content\/uploads\/2024\/10\/cano-martin-pena-clt-logo.png?resize=350%2C200&ssl=1 1x, https:\/\/i0.wp.com\/www.cltweb.org\/wp-content\/uploads\/2024\/10\/cano-martin-pena-clt-logo.png?resize=525%2C300&ssl=1 1.5x, https:\/\/i0.wp.com\/www.cltweb.org\/wp-content\/uploads\/2024\/10\/cano-martin-pena-clt-logo.png?resize=700%2C400&ssl=1 2x, https:\/\/i0.wp.com\/www.cltweb.org\/wp-content\/uploads\/2024\/10\/cano-martin-pena-clt-logo.png?resize=1050%2C600&ssl=1 3x"},"classes":[]},{"id":8980,"url":"https:\/\/www.cltweb.org\/fr\/bibliotheque-de-ressources\/agriculture\/ressources-complementaires\/comment-les-clt-securisent-et-protegent-les-terres\/propriete-en-fief-simple\/","url_meta":{"origin":1487,"position":5},"title":"Propri\u00e9t\u00e9 en fief simple","author":"cltredesign_0jp0l4","date":"3 f\u00e9vrier 2025","format":false,"excerpt":"La propri\u00e9t\u00e9 en fief simple permet \u00e0 un CLT de d\u00e9tenir le plus grand nombre de \"b\u00e2tons\" dans le faisceau de droits de propri\u00e9t\u00e9 et offre un niveau \u00e9lev\u00e9 de s\u00e9curit\u00e9 fonci\u00e8re, tant que tous les paiements hypoth\u00e9caires et les obligations fiscales sont respect\u00e9s. Dans les zones urbaines, les sites\u2026","rel":"","context":"Dans &quot;Agriculture&quot;","block_context":{"text":"Agriculture","link":"https:\/\/www.cltweb.org\/fr\/category\/agriculture-fr\/"},"img":{"alt_text":"","src":"","width":0,"height":0},"classes":[]}],"_links":{"self":[{"href":"https:\/\/www.cltweb.org\/fr\/wp-json\/wp\/v2\/pages\/1487","targetHints":{"allow":["GET"]}}],"collection":[{"href":"https:\/\/www.cltweb.org\/fr\/wp-json\/wp\/v2\/pages"}],"about":[{"href":"https:\/\/www.cltweb.org\/fr\/wp-json\/wp\/v2\/types\/page"}],"author":[{"embeddable":true,"href":"https:\/\/www.cltweb.org\/fr\/wp-json\/wp\/v2\/users\/1"}],"replies":[{"embeddable":true,"href":"https:\/\/www.cltweb.org\/fr\/wp-json\/wp\/v2\/comments?post=1487"}],"version-history":[{"count":2,"href":"https:\/\/www.cltweb.org\/fr\/wp-json\/wp\/v2\/pages\/1487\/revisions"}],"predecessor-version":[{"id":7256,"href":"https:\/\/www.cltweb.org\/fr\/wp-json\/wp\/v2\/pages\/1487\/revisions\/7256"}],"wp:attachment":[{"href":"https:\/\/www.cltweb.org\/fr\/wp-json\/wp\/v2\/media?parent=1487"}],"wp:term":[{"taxonomy":"category","embeddable":true,"href":"https:\/\/www.cltweb.org\/fr\/wp-json\/wp\/v2\/categories?post=1487"},{"taxonomy":"post_tag","embeddable":true,"href":"https:\/\/www.cltweb.org\/fr\/wp-json\/wp\/v2\/tags?post=1487"}],"curies":[{"name":"wp","href":"https:\/\/api.w.org\/{rel}","templated":true}]}}