{"id":1568,"date":"2024-08-03T22:18:12","date_gmt":"2024-08-03T22:18:12","guid":{"rendered":"https:\/\/www.cltweb.org\/ce-que-font-les-clt\/developpement-commercial\/"},"modified":"2024-08-03T22:18:12","modified_gmt":"2024-08-03T22:18:12","slug":"developpement-commercial","status":"publish","type":"page","link":"https:\/\/www.cltweb.org\/fr\/ce-que-font-les-clt\/developpement-commercial\/","title":{"rendered":"D\u00e9veloppement commercial"},"content":{"rendered":"","protected":false},"excerpt":{"rendered":"","protected":false},"author":1,"featured_media":0,"parent":740,"menu_order":0,"comment_status":"closed","ping_status":"closed","template":"","meta":{"give_campaign_id":0,"_tec_requires_first_save":true,"_kad_blocks_custom_css":"","_kad_blocks_head_custom_js":"","_kad_blocks_body_custom_js":"","_kad_blocks_footer_custom_js":"","_EventAllDay":false,"_EventTimezone":"","_EventStartDate":"","_EventEndDate":"","_EventStartDateUTC":"","_EventEndDateUTC":"","_EventShowMap":false,"_EventShowMapLink":false,"_EventURL":"","_EventCost":"","_EventCostDescription":"","_EventCurrencySymbol":"","_EventCurrencyCode":"","_EventCurrencyPosition":"","_EventDateTimeSeparator":"","_EventTimeRangeSeparator":"","_EventOrganizerID":[],"_EventVenueID":[],"_OrganizerEmail":"","_OrganizerPhone":"","_OrganizerWebsite":"","_VenueAddress":"","_VenueCity":"","_VenueCountry":"","_VenueProvince":"","_VenueState":"","_VenueZip":"","_VenuePhone":"","_VenueURL":"","_VenueStateProvince":"","_VenueLat":"","_VenueLng":"","_VenueShowMap":false,"_VenueShowMapLink":false,"_tribe_blocks_recurrence_rules":"","_tribe_blocks_recurrence_description":"","_tribe_blocks_recurrence_exclusions":"","footnotes":""},"categories":[72],"tags":[],"class_list":["post-1568","page","type-page","status-publish","hentry","category-ce-que-font-les-clt"],"blocksy_meta":[],"yoast_head":"<!-- This site is optimized with the Yoast SEO Premium plugin v27.4 (Yoast SEO v27.5) - https:\/\/yoast.com\/product\/yoast-seo-premium-wordpress\/ -->\n<title>D\u00e9veloppement commercial - International Center for Community Land Trusts<\/title>\n<meta name=\"robots\" content=\"index, follow, max-snippet:-1, max-image-preview:large, max-video-preview:-1\" \/>\n<link rel=\"canonical\" href=\"https:\/\/www.cltweb.org\/fr\/ce-que-font-les-clt\/developpement-commercial\/\" \/>\n<meta property=\"og:locale\" content=\"fr_FR\" \/>\n<meta property=\"og:type\" content=\"article\" \/>\n<meta property=\"og:title\" content=\"D\u00e9veloppement commercial\" \/>\n<meta property=\"og:url\" content=\"https:\/\/www.cltweb.org\/fr\/ce-que-font-les-clt\/developpement-commercial\/\" \/>\n<meta property=\"og:site_name\" content=\"International Center for Community Land Trusts\" \/>\n<meta property=\"article:publisher\" content=\"https:\/\/www.facebook.com\/cltcenter\" \/>\n<meta name=\"twitter:card\" content=\"summary_large_image\" \/>\n<meta name=\"twitter:site\" content=\"@Center4CLTs\" \/>\n<script type=\"application\/ld+json\" class=\"yoast-schema-graph\">{\"@context\":\"https:\\\/\\\/schema.org\",\"@graph\":[{\"@type\":\"WebPage\",\"@id\":\"https:\\\/\\\/www.cltweb.org\\\/fr\\\/ce-que-font-les-clt\\\/developpement-commercial\\\/\",\"url\":\"https:\\\/\\\/www.cltweb.org\\\/fr\\\/ce-que-font-les-clt\\\/developpement-commercial\\\/\",\"name\":\"D\u00e9veloppement commercial - International Center for Community Land Trusts\",\"isPartOf\":{\"@id\":\"https:\\\/\\\/www.cltweb.org\\\/fr\\\/#website\"},\"datePublished\":\"2024-08-03T22:18:12+00:00\",\"breadcrumb\":{\"@id\":\"https:\\\/\\\/www.cltweb.org\\\/fr\\\/ce-que-font-les-clt\\\/developpement-commercial\\\/#breadcrumb\"},\"inLanguage\":\"fr-FR\",\"potentialAction\":[{\"@type\":\"ReadAction\",\"target\":[\"https:\\\/\\\/www.cltweb.org\\\/fr\\\/ce-que-font-les-clt\\\/developpement-commercial\\\/\"]}]},{\"@type\":\"BreadcrumbList\",\"@id\":\"https:\\\/\\\/www.cltweb.org\\\/fr\\\/ce-que-font-les-clt\\\/developpement-commercial\\\/#breadcrumb\",\"itemListElement\":[{\"@type\":\"ListItem\",\"position\":1,\"name\":\"Home\",\"item\":\"https:\\\/\\\/www.cltweb.org\\\/fr\\\/\"},{\"@type\":\"ListItem\",\"position\":2,\"name\":\"Ce que font les CLT\",\"item\":\"https:\\\/\\\/www.cltweb.org\\\/fr\\\/what-clts-do\\\/\"},{\"@type\":\"ListItem\",\"position\":3,\"name\":\"D\u00e9veloppement commercial\"}]},{\"@type\":\"WebSite\",\"@id\":\"https:\\\/\\\/www.cltweb.org\\\/fr\\\/#website\",\"url\":\"https:\\\/\\\/www.cltweb.org\\\/fr\\\/\",\"name\":\"International Center for Community Land Trusts\",\"description\":\"\",\"publisher\":{\"@id\":\"https:\\\/\\\/www.cltweb.org\\\/fr\\\/#organization\"},\"potentialAction\":[{\"@type\":\"SearchAction\",\"target\":{\"@type\":\"EntryPoint\",\"urlTemplate\":\"https:\\\/\\\/www.cltweb.org\\\/fr\\\/?s={search_term_string}\"},\"query-input\":{\"@type\":\"PropertyValueSpecification\",\"valueRequired\":true,\"valueName\":\"search_term_string\"}}],\"inLanguage\":\"fr-FR\"},{\"@type\":\"Organization\",\"@id\":\"https:\\\/\\\/www.cltweb.org\\\/fr\\\/#organization\",\"name\":\"International Center for Community Land Trusts\",\"url\":\"https:\\\/\\\/www.cltweb.org\\\/fr\\\/\",\"logo\":{\"@type\":\"ImageObject\",\"inLanguage\":\"fr-FR\",\"@id\":\"https:\\\/\\\/www.cltweb.org\\\/fr\\\/#\\\/schema\\\/logo\\\/image\\\/\",\"url\":\"https:\\\/\\\/www.cltweb.org\\\/wp-content\\\/uploads\\\/2024\\\/11\\\/New-CLT-Center-Text-logo.png\",\"contentUrl\":\"https:\\\/\\\/www.cltweb.org\\\/wp-content\\\/uploads\\\/2024\\\/11\\\/New-CLT-Center-Text-logo.png\",\"width\":227,\"height\":80,\"caption\":\"International Center for Community Land Trusts\"},\"image\":{\"@id\":\"https:\\\/\\\/www.cltweb.org\\\/fr\\\/#\\\/schema\\\/logo\\\/image\\\/\"},\"sameAs\":[\"https:\\\/\\\/www.facebook.com\\\/cltcenter\",\"https:\\\/\\\/x.com\\\/Center4CLTs\",\"https:\\\/\\\/www.instagram.com\\\/cltcenter\\\/\",\"https:\\\/\\\/www.linkedin.com\\\/company\\\/cltcenter\",\"https:\\\/\\\/www.youtube.com\\\/@centerforcltinnovation5313\"],\"description\":\"The International Center for Community Land Trusts is a not-for-profit nongovernmental organization established in 2018 to promote and to support community land trusts and similar strategies of community-led development on community-owned land in countries throughout the world.\",\"email\":\"info@communitylandtrust.net\",\"legalName\":\"International Center for Community Land Trusts\",\"foundingDate\":\"2018-12-01\",\"taxID\":\"84-3858933\",\"numberOfEmployees\":{\"@type\":\"QuantitativeValue\",\"minValue\":\"1\",\"maxValue\":\"10\"}}]}<\/script>\n<!-- \/ Yoast SEO Premium plugin. -->","yoast_head_json":{"title":"D\u00e9veloppement commercial - International Center for Community Land Trusts","robots":{"index":"index","follow":"follow","max-snippet":"max-snippet:-1","max-image-preview":"max-image-preview:large","max-video-preview":"max-video-preview:-1"},"canonical":"https:\/\/www.cltweb.org\/fr\/ce-que-font-les-clt\/developpement-commercial\/","og_locale":"fr_FR","og_type":"article","og_title":"D\u00e9veloppement commercial","og_url":"https:\/\/www.cltweb.org\/fr\/ce-que-font-les-clt\/developpement-commercial\/","og_site_name":"International Center for Community Land Trusts","article_publisher":"https:\/\/www.facebook.com\/cltcenter","twitter_card":"summary_large_image","twitter_site":"@Center4CLTs","schema":{"@context":"https:\/\/schema.org","@graph":[{"@type":"WebPage","@id":"https:\/\/www.cltweb.org\/fr\/ce-que-font-les-clt\/developpement-commercial\/","url":"https:\/\/www.cltweb.org\/fr\/ce-que-font-les-clt\/developpement-commercial\/","name":"D\u00e9veloppement commercial - International Center for Community Land Trusts","isPartOf":{"@id":"https:\/\/www.cltweb.org\/fr\/#website"},"datePublished":"2024-08-03T22:18:12+00:00","breadcrumb":{"@id":"https:\/\/www.cltweb.org\/fr\/ce-que-font-les-clt\/developpement-commercial\/#breadcrumb"},"inLanguage":"fr-FR","potentialAction":[{"@type":"ReadAction","target":["https:\/\/www.cltweb.org\/fr\/ce-que-font-les-clt\/developpement-commercial\/"]}]},{"@type":"BreadcrumbList","@id":"https:\/\/www.cltweb.org\/fr\/ce-que-font-les-clt\/developpement-commercial\/#breadcrumb","itemListElement":[{"@type":"ListItem","position":1,"name":"Home","item":"https:\/\/www.cltweb.org\/fr\/"},{"@type":"ListItem","position":2,"name":"Ce que font les CLT","item":"https:\/\/www.cltweb.org\/fr\/what-clts-do\/"},{"@type":"ListItem","position":3,"name":"D\u00e9veloppement commercial"}]},{"@type":"WebSite","@id":"https:\/\/www.cltweb.org\/fr\/#website","url":"https:\/\/www.cltweb.org\/fr\/","name":"International Center for Community Land Trusts","description":"","publisher":{"@id":"https:\/\/www.cltweb.org\/fr\/#organization"},"potentialAction":[{"@type":"SearchAction","target":{"@type":"EntryPoint","urlTemplate":"https:\/\/www.cltweb.org\/fr\/?s={search_term_string}"},"query-input":{"@type":"PropertyValueSpecification","valueRequired":true,"valueName":"search_term_string"}}],"inLanguage":"fr-FR"},{"@type":"Organization","@id":"https:\/\/www.cltweb.org\/fr\/#organization","name":"International Center for Community Land Trusts","url":"https:\/\/www.cltweb.org\/fr\/","logo":{"@type":"ImageObject","inLanguage":"fr-FR","@id":"https:\/\/www.cltweb.org\/fr\/#\/schema\/logo\/image\/","url":"https:\/\/www.cltweb.org\/wp-content\/uploads\/2024\/11\/New-CLT-Center-Text-logo.png","contentUrl":"https:\/\/www.cltweb.org\/wp-content\/uploads\/2024\/11\/New-CLT-Center-Text-logo.png","width":227,"height":80,"caption":"International Center for Community Land Trusts"},"image":{"@id":"https:\/\/www.cltweb.org\/fr\/#\/schema\/logo\/image\/"},"sameAs":["https:\/\/www.facebook.com\/cltcenter","https:\/\/x.com\/Center4CLTs","https:\/\/www.instagram.com\/cltcenter\/","https:\/\/www.linkedin.com\/company\/cltcenter","https:\/\/www.youtube.com\/@centerforcltinnovation5313"],"description":"The International Center for Community Land Trusts is a not-for-profit nongovernmental organization established in 2018 to promote and to support community land trusts and similar strategies of community-led development on community-owned land in countries throughout the world.","email":"info@communitylandtrust.net","legalName":"International Center for Community Land Trusts","foundingDate":"2018-12-01","taxID":"84-3858933","numberOfEmployees":{"@type":"QuantitativeValue","minValue":"1","maxValue":"10"}}]}},"campaignId":"","taxonomy_info":{"category":[{"value":72,"label":"Ce que font les CLT"}]},"featured_image_src_large":false,"author_info":{"display_name":"cltredesign_0jp0l4","author_link":"https:\/\/www.cltweb.org\/fr\/author\/cltredesign_0jp0l4\/"},"comment_info":0,"jetpack_sharing_enabled":true,"jetpack-related-posts":[{"id":1628,"url":"https:\/\/www.cltweb.org\/fr\/terra-nostra-press\/catalogue\/questions-communautaires\/","url_meta":{"origin":1568,"position":0},"title":"Questions communautaires","author":"cltredesign_0jp0l4","date":"29 juillet 2024","format":false,"excerpt":"Disponible d\u00e8s maintenant dans le monde entier, 250 pages.PAPERBACK ISBN 9798986177601 $16.00 USEBOOK ISBN 9798986177618 $7.50 US Les ONG peuvent b\u00e9n\u00e9ficier de remises sur les commandes en gros. Pour plus d'informations et pour passer votre commande, consultez notre page sur les commandes group\u00e9es. La communaut\u00e9 compte : Conversations avec des\u2026","rel":"","context":"Dans &quot;Catalogue&quot;","block_context":{"text":"Catalogue","link":"https:\/\/www.cltweb.org\/fr\/category\/catalogue\/"},"img":{"alt_text":"Book Cover for Community Matters","src":"https:\/\/i0.wp.com\/www.cltweb.org\/wp-content\/uploads\/2024\/10\/Community-Matters-Cover-e1727988732197.jpg?resize=350%2C200&ssl=1","width":350,"height":200,"srcset":"https:\/\/i0.wp.com\/www.cltweb.org\/wp-content\/uploads\/2024\/10\/Community-Matters-Cover-e1727988732197.jpg?resize=350%2C200&ssl=1 1x, https:\/\/i0.wp.com\/www.cltweb.org\/wp-content\/uploads\/2024\/10\/Community-Matters-Cover-e1727988732197.jpg?resize=525%2C300&ssl=1 1.5x, https:\/\/i0.wp.com\/www.cltweb.org\/wp-content\/uploads\/2024\/10\/Community-Matters-Cover-e1727988732197.jpg?resize=700%2C400&ssl=1 2x, https:\/\/i0.wp.com\/www.cltweb.org\/wp-content\/uploads\/2024\/10\/Community-Matters-Cover-e1727988732197.jpg?resize=1050%2C600&ssl=1 3x"},"classes":[]},{"id":740,"url":"https:\/\/www.cltweb.org\/fr\/ce-que-font-les-clt\/","url_meta":{"origin":1568,"position":1},"title":"Ce que font les CLT","author":"cltredesign_0jp0l4","date":"26 juillet 2024","format":false,"excerpt":"Surligne Ce que font les CLT Parlez de vous ou de votre organisation, des produits ou services que vous proposez ou de votre raison d'\u00eatre. Gardez un style de communication coh\u00e9rent. Envisagez de l'utiliser si vous avez besoin d'expliquer plus en d\u00e9tail pourquoi vous faites ce que vous faites. Soyez\u2026","rel":"","context":"Dans &quot;Non classifi\u00e9(e)&quot;","block_context":{"text":"Non classifi\u00e9(e)","link":"https:\/\/www.cltweb.org\/fr\/category\/non-classifiee\/"},"img":{"alt_text":"","src":"","width":0,"height":0},"classes":[]},{"id":797,"url":"https:\/\/www.cltweb.org\/fr\/ce-que-font-les-clt\/lintendance\/","url_meta":{"origin":1568,"position":2},"title":"L&#8217;intendance","author":"cltredesign_0jp0l4","date":"26 juillet 2024","format":false,"excerpt":"","rel":"","context":"Dans &quot;Ce que font les CLT&quot;","block_context":{"text":"Ce que font les CLT","link":"https:\/\/www.cltweb.org\/fr\/category\/ce-que-font-les-clt\/"},"img":{"alt_text":"","src":"","width":0,"height":0},"classes":[]},{"id":808,"url":"https:\/\/www.cltweb.org\/fr\/ce-que-font-les-clt\/equite-raciale\/","url_meta":{"origin":1568,"position":3},"title":"\u00c9quit\u00e9 raciale","author":"cltredesign_0jp0l4","date":"26 juillet 2024","format":false,"excerpt":"","rel":"","context":"Dans &quot;Ce que font les CLT&quot;","block_context":{"text":"Ce que font les CLT","link":"https:\/\/www.cltweb.org\/fr\/category\/ce-que-font-les-clt\/"},"img":{"alt_text":"","src":"","width":0,"height":0},"classes":[]},{"id":821,"url":"https:\/\/www.cltweb.org\/fr\/ce-que-font-les-clt\/changement-climatique\/","url_meta":{"origin":1568,"position":4},"title":"Changement climatique","author":"cltredesign_0jp0l4","date":"26 juillet 2024","format":false,"excerpt":"","rel":"","context":"Dans &quot;Ce que font les CLT&quot;","block_context":{"text":"Ce que font les CLT","link":"https:\/\/www.cltweb.org\/fr\/category\/ce-que-font-les-clt\/"},"img":{"alt_text":"","src":"","width":0,"height":0},"classes":[]},{"id":822,"url":"https:\/\/www.cltweb.org\/fr\/ce-que-font-les-clt\/sud-mondial\/","url_meta":{"origin":1568,"position":5},"title":"Sud mondial","author":"cltredesign_0jp0l4","date":"26 juillet 2024","format":false,"excerpt":"","rel":"","context":"Dans &quot;Ce que font les CLT&quot;","block_context":{"text":"Ce que font les CLT","link":"https:\/\/www.cltweb.org\/fr\/category\/ce-que-font-les-clt\/"},"img":{"alt_text":"","src":"","width":0,"height":0},"classes":[]}],"_links":{"self":[{"href":"https:\/\/www.cltweb.org\/fr\/wp-json\/wp\/v2\/pages\/1568","targetHints":{"allow":["GET"]}}],"collection":[{"href":"https:\/\/www.cltweb.org\/fr\/wp-json\/wp\/v2\/pages"}],"about":[{"href":"https:\/\/www.cltweb.org\/fr\/wp-json\/wp\/v2\/types\/page"}],"author":[{"embeddable":true,"href":"https:\/\/www.cltweb.org\/fr\/wp-json\/wp\/v2\/users\/1"}],"replies":[{"embeddable":true,"href":"https:\/\/www.cltweb.org\/fr\/wp-json\/wp\/v2\/comments?post=1568"}],"version-history":[{"count":0,"href":"https:\/\/www.cltweb.org\/fr\/wp-json\/wp\/v2\/pages\/1568\/revisions"}],"up":[{"embeddable":true,"href":"https:\/\/www.cltweb.org\/fr\/wp-json\/wp\/v2\/pages\/740"}],"wp:attachment":[{"href":"https:\/\/www.cltweb.org\/fr\/wp-json\/wp\/v2\/media?parent=1568"}],"wp:term":[{"taxonomy":"category","embeddable":true,"href":"https:\/\/www.cltweb.org\/fr\/wp-json\/wp\/v2\/categories?post=1568"},{"taxonomy":"post_tag","embeddable":true,"href":"https:\/\/www.cltweb.org\/fr\/wp-json\/wp\/v2\/tags?post=1568"}],"curies":[{"name":"wp","href":"https:\/\/api.w.org\/{rel}","templated":true}]}}