{"id":1599,"date":"2024-07-29T23:49:42","date_gmt":"2024-07-29T23:49:42","guid":{"rendered":"https:\/\/www.cltweb.org\/terra-nostra-press\/catalogue\/linsecurite-de-la-propriete-de-la-terre-en-amerique-latine-et-dans-les-caraibes\/"},"modified":"2024-10-03T20:59:49","modified_gmt":"2024-10-03T20:59:49","slug":"linsecurite-de-la-propriete-de-la-terre-en-amerique-latine-et-dans-les-caraibes","status":"publish","type":"page","link":"https:\/\/www.cltweb.org\/fr\/terra-nostra-press\/catalogue\/linsecurite-de-la-propriete-de-la-terre-en-amerique-latine-et-dans-les-caraibes\/","title":{"rendered":"L&#8217;ins\u00e9curit\u00e9 de la propri\u00e9t\u00e9 de la terre en Am\u00e9rique latine et dans les Cara\u00efbes"},"content":{"rendered":"\n<div class=\"wp-block-columns is-layout-flex wp-container-core-columns-is-layout-28f84493 wp-block-columns-is-layout-flex\">\n<div class=\"wp-block-column is-layout-flow wp-block-column-is-layout-flow\" style=\"flex-basis:30%\"><style>.kb-image503_0079dd-3c .kb-image-has-overlay:after{opacity:0.3;}<\/style>\n<figure class=\"wp-block-kadence-image kb-image503_0079dd-3c size-large\"><img loading=\"lazy\" decoding=\"async\" width=\"715\" height=\"1024\" src=\"https:\/\/www.cltweb.org\/wp-content\/uploads\/2024\/10\/La_inseguridad_cover-715x1024.jpg\" alt=\"Couverture du livre La inseguridad\" class=\"kb-img wp-image-2551\" srcset=\"https:\/\/www.cltweb.org\/wp-content\/uploads\/2024\/10\/La_inseguridad_cover-715x1024.jpg 715w, https:\/\/www.cltweb.org\/wp-content\/uploads\/2024\/10\/La_inseguridad_cover-209x300.jpg 209w, https:\/\/www.cltweb.org\/wp-content\/uploads\/2024\/10\/La_inseguridad_cover-768x1100.jpg 768w, https:\/\/www.cltweb.org\/wp-content\/uploads\/2024\/10\/La_inseguridad_cover-1073x1536.jpg 1073w, https:\/\/www.cltweb.org\/wp-content\/uploads\/2024\/10\/La_inseguridad_cover.jpg 1430w\" sizes=\"auto, (max-width: 715px) 100vw, 715px\" \/><\/figure>\n<\/div>\n\n\n\n<div class=\"wp-block-column is-layout-flow wp-block-column-is-layout-flow\" style=\"flex-basis:70%\">\n<p><strong>Disponible d\u00e8s maintenant dans le monde entier<\/strong>, 120 pages.<br\/>PAPERBACK ISBN 9781734403039 $12.50 US<br\/>EBOOK ISBN 9781734403053 $5.00 US<\/p>\n\n\n\n<p><strong>Les ONG peuvent b\u00e9n\u00e9ficier de remises sur les commandes en gros. <\/strong>Pour plus d&#8217;informations et pour passer votre commande, consultez notre page sur les <a href=\"https:\/\/www.cltweb.org\/terra-nostra-press\/bulk-orders\/\">commandes group\u00e9es<\/a>.<\/p>\n\n\n\n<p><strong>La inseguridad de la tenencia de la tierra en Am\u00e9rica Latina y el Caribe<\/strong> est le premier volume de cette s\u00e9rie &#8211; et le premier de plusieurs qui seront traduits en espagnol.\nSon th\u00e8me est le probl\u00e8me pernicieux de l&#8217;ins\u00e9curit\u00e9 de la tenure de la terre en Am\u00e9rique latine et dans les Cara\u00efbes.\nLes cinq chapitres de la monographie explorent les dangers et les dimensions de ce probl\u00e8me, ainsi qu&#8217;une strat\u00e9gie \u00e9volutive pour y rem\u00e9dier : le contr\u00f4le communautaire des terres.  <\/p>\n\n\n\n<p>Nous avons choisi le contenu de cette monographie dans un volume intitul\u00e9 En terreno com\u00fan.\nNous avons choisi ces cinq articles parce qu&#8217;ils abordent un th\u00e8me similaire : l&#8217;\u00e9mergence et les r\u00e9percussions de l&#8217;ins\u00e9curit\u00e9 de la propri\u00e9t\u00e9 de la terre en Am\u00e9rique latine et dans les Cara\u00efbes.\nAfin de r\u00e9soudre ce probl\u00e8me, ils discutent \u00e9galement d&#8217;une strat\u00e9gie similaire que de nombreuses personnes dans la r\u00e9gion ont adopt\u00e9e pour assurer leur avenir : le contr\u00f4le communautaire de la terre.  <\/p>\n\n\n\n<ul class=\"wp-block-list\">\n<li><a href=\"https:\/\/amzn.to\/3hZnXEY\">Amazon<\/a><\/li>\n\n\n\n<li><a href=\"https:\/\/bit.ly\/3eI5PNX\">Barnes et Noble<\/a><\/li>\n\n\n\n<li><a href=\"https:\/\/blackwells.co.uk\/bookshop\/product\/La-inseguridad-de-la-tenencia-de-la-tierra-en-Amrica-Latina-y-el-Caribe-el-control-comunitario-de-la-tierra-como-prevencin-del-desplazamiento-by-Davis-John-Emmeus\/9781734403039\">Blackwell&#8217;s<\/a><\/li>\n\n\n\n<li><a href=\"https:\/\/bookshop.org\/books\/la-inseguridad-de-la-tenencia-de-la-tierra-en-america-latina-y-el-caribe-el-control-comunitario-de-la-tierra-como-prevencion-del-desplazamiento\/9781734403039\">Librairie<\/a><\/li>\n\n\n\n<li><a href=\"https:\/\/www.indiebound.org\/search\/book?keys=La+inseguridad+de+la+tenencia+de+la+tierra\">IndieBound<\/a><\/li>\n<\/ul>\n<\/div>\n<\/div>\n<style>.kt-accordion-id503_d42baf-8a .kt-accordion-inner-wrap{column-gap:var(--global-kb-gap-md, 2rem);row-gap:8px;}.kt-accordion-id503_d42baf-8a .kt-accordion-panel-inner{padding-top:var(--global-kb-spacing-sm, 1.5rem);padding-right:var(--global-kb-spacing-sm, 1.5rem);padding-bottom:var(--global-kb-spacing-sm, 1.5rem);padding-left:var(--global-kb-spacing-sm, 1.5rem);}.kt-accordion-id503_d42baf-8a > .kt-accordion-inner-wrap > .wp-block-kadence-pane > .kt-accordion-header-wrap > .kt-blocks-accordion-header{font-weight:bold;padding-top:var(--global-kb-spacing-xxs, 0.5rem);padding-right:var(--global-kb-spacing-xs, 1rem);padding-bottom:var(--global-kb-spacing-xxs, 0.5rem);padding-left:var(--global-kb-spacing-xs, 1rem);}@media all and (max-width: 767px){.kt-accordion-id503_d42baf-8a .kt-accordion-inner-wrap{display:block;}.kt-accordion-id503_d42baf-8a .kt-accordion-inner-wrap .kt-accordion-pane:not(:first-child){margin-top:8px;}}<\/style>\n<div class=\"wp-block-kadence-accordion alignnone\"><div class=\"kt-accordion-wrap kt-accordion-id503_d42baf-8a kt-accordion-has-3-panes kt-active-pane-0 kt-accordion-block kt-pane-header-alignment-left kt-accodion-icon-style-basic kt-accodion-icon-side-right\" style=\"max-width:none\"><div class=\"kt-accordion-inner-wrap\" data-allow-multiple-open=\"false\" data-start-open=\"none\">\n<div class=\"wp-block-kadence-pane kt-accordion-pane kt-accordion-pane-1 kt-pane503_9b0d7e-0f\"><div class=\"kt-accordion-header-wrap\"><button class=\"kt-blocks-accordion-header kt-acccordion-button-label-show\"><span class=\"kt-blocks-accordion-title-wrap\"><span class=\"kt-blocks-accordion-title\">Description du livre (espagnol)<\/span><\/span><span class=\"kt-blocks-accordion-icon-trigger\"><\/span><\/button><\/div><div class=\"kt-accordion-panel kt-accordion-panel-hidden\"><div class=\"kt-accordion-panel-inner\">\n<p>Depuis longtemps, des milliers de personnes \u00e0 faible revenu en Am\u00e9rique latine et dans les Cara\u00efbes occupent des terrains urbains et ruraux ou utilisent leurs ressources naturelles, y compris les cours d&#8217;eau, les for\u00eats, les prairies et les terres cultivables, sans avoir le droit officiel de le faire et sans que leurs gouvernements respectent les droits inscrits dans les registres.\nIls vivent dans des logements qui ont peut-\u00eatre \u00e9t\u00e9 construits, r\u00e9habilit\u00e9s et occup\u00e9s par leurs familles pendant plusieurs g\u00e9n\u00e9rations, mais qui sont situ\u00e9s dans des solariums dont les habitants pourraient les quitter un jour.\nIls d\u00e9pendent de terres humides, de for\u00eats ou de terres agricoles pour leur subsistance, mais il est possible qu&#8217;un jour ils perdent l&#8217;acc\u00e8s aux ressources qu&#8217;ils utilisent.\nDans la plupart des cas, leur occupation est informelle et pr\u00e9caire.\nLe d\u00e9placement est une menace toujours pr\u00e9sente.    <\/p>\n\n\n\n<p>Pour r\u00e9soudre le probl\u00e8me de l&#8217;ins\u00e9curit\u00e9 de la propri\u00e9t\u00e9 de la terre, un nombre de plus en plus important de d\u00e9fenseurs et d&#8217;activistes \u00e0 travers la r\u00e9gion ont adopt\u00e9 une strat\u00e9gie pratiquement inconnue en Am\u00e9rique latine et dans les Cara\u00efbes, mais qui s&#8217;av\u00e8re tr\u00e8s prometteuse : l&#8217;autonomie communautaire des terres.\nCette strat\u00e9gie comporte de nombreuses variantes.\nCependant, un aspect commun \u00e0 toutes les strat\u00e9gies de gestion communautaire des terres est l&#8217;am\u00e9lioration de la s\u00e9curit\u00e9 de la propri\u00e9t\u00e9 de la terre et la pr\u00e9vention de la d\u00e9gradation par le biais du contr\u00f4le communautaire de la terre.\nEs decir, una organizaci\u00f3n adquiere y administra los terrenos en nombre de la comunidad all\u00ed establecida, la cual, a su vez, dirige y gobierna dicha organizaci\u00f3n.   <\/p>\n\n\n\n<p>Nous avons choisi le contenu de cette monographie dans un volume beaucoup plus long intitul\u00e9 &#8220;En terreno com\u00fan : perspectivas internacionales sobre los fideicomisos comunitarios de tierras&#8221;.<em> <\/em>Nous avons choisi ces cinq \u00e9tudes parce qu&#8217;elles abordent un th\u00e8me similaire : l&#8217;incidence et les r\u00e9percussions de l&#8217;ins\u00e9curit\u00e9 de la propri\u00e9t\u00e9 de la terre en Am\u00e9rique latine et dans les Cara\u00efbes.\nAfin de r\u00e9soudre ce probl\u00e8me, ils discutent \u00e9galement d&#8217;une strat\u00e9gie similaire que de nombreuses personnes de la r\u00e9gion ont adopt\u00e9e pour assurer leur avenir : le contr\u00f4le communautaire de la terre. <\/p>\n<\/div><\/div><\/div>\n\n\n\n<div class=\"wp-block-kadence-pane kt-accordion-pane kt-accordion-pane-2 kt-pane503_9e229e-f9\"><div class=\"kt-accordion-header-wrap\"><button class=\"kt-blocks-accordion-header kt-acccordion-button-label-show\"><span class=\"kt-blocks-accordion-title-wrap\"><span class=\"kt-blocks-accordion-title\">Description du livre (anglais)<\/span><\/span><span class=\"kt-blocks-accordion-icon-trigger\"><\/span><\/button><\/div><div class=\"kt-accordion-panel kt-accordion-panel-hidden\"><div class=\"kt-accordion-panel-inner\">\n<p>Des milliers de personnes \u00e0 faibles revenus d&#8217;Am\u00e9rique latine et des Cara\u00efbes occupent depuis longtemps des terres urbaines ou rurales &#8211; ou utilisent depuis longtemps des ressources fonci\u00e8res telles que l&#8217;eau, les for\u00eats, les p\u00e2turages et les champs arables &#8211; sans poss\u00e9der de droit l\u00e9galement prot\u00e9g\u00e9 et formellement enregistr\u00e9 \u00e0 cet effet.\nLeur r\u00e9gime foncier n&#8217;est pas s\u00fbr.\nL&#8217;\u00e9ventualit\u00e9 d&#8217;un d\u00e9placement est toujours pr\u00e9sente.  <\/p>\n\n\n\n<p>Pour faire face \u00e0 ce probl\u00e8me g\u00e9n\u00e9ralis\u00e9 d&#8217;ins\u00e9curit\u00e9 fonci\u00e8re, un nombre croissant de d\u00e9fenseurs et d&#8217;activistes de toute la r\u00e9gion ont adopt\u00e9 une strat\u00e9gie qui est encore relativement peu connue dans les pays du Sud : la fiducie fonci\u00e8re communautaire (CLT).\nIl s&#8217;agit d&#8217;une strat\u00e9gie aux multiples facettes.\nMais tous les CLT ont en commun un engagement \u00e0 promouvoir la s\u00e9curit\u00e9 et \u00e0 pr\u00e9venir les d\u00e9placements gr\u00e2ce \u00e0 des terres qui sont d\u00e9tenues et g\u00e9r\u00e9es au nom d&#8217;une communaut\u00e9 locale par une organisation qui est elle-m\u00eame guid\u00e9e et gouvern\u00e9e par cette communaut\u00e9.  <\/p>\n\n\n\n<p>Les cinq essais contenus dans cette monographie<em> <\/em>\u00e9taient<em> <\/em>tir\u00e9 d&#8217;un volume plus long intitul\u00e9 <em>On Common Ground : International Perspectives on the Community Land Trust. <\/em>Ils ont \u00e9t\u00e9 s\u00e9lectionn\u00e9s et regroup\u00e9s autour d&#8217;un th\u00e8me similaire, chacun discutant des diff\u00e9rentes dimensions et des dangers de l&#8217;ins\u00e9curit\u00e9 fonci\u00e8re, avec un accent particulier sur l&#8217;Am\u00e9rique latine et les Cara\u00efbes.\nIls explorent \u00e9galement une strat\u00e9gie similaire pour r\u00e9soudre ce probl\u00e8me pernicieux : le contr\u00f4le communautaire des terres. <\/p>\n<\/div><\/div><\/div>\n\n\n\n<div class=\"wp-block-kadence-pane kt-accordion-pane kt-accordion-pane-3 kt-pane503_5b22d8-0b\"><div class=\"kt-accordion-header-wrap\"><button class=\"kt-blocks-accordion-header kt-acccordion-button-label-show\"><span class=\"kt-blocks-accordion-title-wrap\"><span class=\"kt-blocks-accordion-title\">Mat\u00e9riel de marketing<\/span><\/span><span class=\"kt-blocks-accordion-icon-trigger\"><\/span><\/button><\/div><div class=\"kt-accordion-panel kt-accordion-panel-hidden\"><div class=\"kt-accordion-panel-inner\">\n<p><a href=\"https:\/\/www.cltweb.org\/wp-content\/uploads\/2024\/10\/On-Common-Ground-Brochure-061020.pdf\" data-type=\"attachment\" data-id=\"2413\">Brochure de marketing<\/a><\/p>\n<\/div><\/div><\/div>\n<\/div><\/div><\/div>\n","protected":false},"excerpt":{"rendered":"<p>Disponible d\u00e8s maintenant dans le monde entier, 120 pages.PAPERBACK ISBN 9781734403039 $12.50 USEBOOK ISBN 9781734403053 $5.00 US Les ONG peuvent b\u00e9n\u00e9ficier de remises sur les commandes en gros. Pour plus [&hellip;]<\/p>\n","protected":false},"author":1,"featured_media":2553,"parent":757,"menu_order":0,"comment_status":"closed","ping_status":"closed","template":"","meta":{"give_campaign_id":0,"_tec_requires_first_save":true,"_kad_blocks_custom_css":"","_kad_blocks_head_custom_js":"","_kad_blocks_body_custom_js":"","_kad_blocks_footer_custom_js":"","_EventAllDay":false,"_EventTimezone":"","_EventStartDate":"","_EventEndDate":"","_EventStartDateUTC":"","_EventEndDateUTC":"","_EventShowMap":false,"_EventShowMapLink":false,"_EventURL":"","_EventCost":"","_EventCostDescription":"","_EventCurrencySymbol":"","_EventCurrencyCode":"","_EventCurrencyPosition":"","_EventDateTimeSeparator":"","_EventTimeRangeSeparator":"","_EventOrganizerID":[],"_EventVenueID":[],"_OrganizerEmail":"","_OrganizerPhone":"","_OrganizerWebsite":"","_VenueAddress":"","_VenueCity":"","_VenueCountry":"","_VenueProvince":"","_VenueState":"","_VenueZip":"","_VenuePhone":"","_VenueURL":"","_VenueStateProvince":"","_VenueLat":"","_VenueLng":"","_VenueShowMap":false,"_VenueShowMapLink":false,"_tribe_blocks_recurrence_rules":"","_tribe_blocks_recurrence_description":"","_tribe_blocks_recurrence_exclusions":"","footnotes":""},"categories":[119],"tags":[],"class_list":["post-1599","page","type-page","status-publish","has-post-thumbnail","hentry","category-catalogue"],"blocksy_meta":[],"yoast_head":"<!-- This site is optimized with the Yoast SEO Premium plugin v27.5 (Yoast SEO v27.5) - https:\/\/yoast.com\/product\/yoast-seo-premium-wordpress\/ -->\n<title>L&#039;ins\u00e9curit\u00e9 de la propri\u00e9t\u00e9 de la terre en Am\u00e9rique latine et dans les Cara\u00efbes - International Center for Community Land Trusts<\/title>\n<meta name=\"robots\" content=\"index, follow, max-snippet:-1, max-image-preview:large, max-video-preview:-1\" \/>\n<link rel=\"canonical\" href=\"https:\/\/www.cltweb.org\/fr\/terra-nostra-press\/catalogue\/linsecurite-de-la-propriete-de-la-terre-en-amerique-latine-et-dans-les-caraibes\/\" \/>\n<meta property=\"og:locale\" content=\"fr_FR\" \/>\n<meta property=\"og:type\" content=\"article\" \/>\n<meta property=\"og:title\" content=\"L&#039;ins\u00e9curit\u00e9 de la propri\u00e9t\u00e9 de la terre en Am\u00e9rique latine et dans les Cara\u00efbes\" \/>\n<meta property=\"og:description\" content=\"Disponible d\u00e8s maintenant dans le monde entier, 120 pages.PAPERBACK ISBN 9781734403039 $12.50 USEBOOK ISBN 9781734403053 $5.00 US Les ONG peuvent b\u00e9n\u00e9ficier de remises sur les commandes en gros. Pour plus [&hellip;]\" \/>\n<meta property=\"og:url\" content=\"https:\/\/www.cltweb.org\/fr\/terra-nostra-press\/catalogue\/linsecurite-de-la-propriete-de-la-terre-en-amerique-latine-et-dans-les-caraibes\/\" \/>\n<meta property=\"og:site_name\" content=\"International Center for Community Land Trusts\" \/>\n<meta property=\"article:publisher\" content=\"https:\/\/www.facebook.com\/cltcenter\" \/>\n<meta property=\"article:modified_time\" content=\"2024-10-03T20:59:49+00:00\" \/>\n<meta property=\"og:image\" content=\"https:\/\/www.cltweb.org\/wp-content\/uploads\/2024\/10\/La_inseguridad_cover.jpg\" \/>\n\t<meta property=\"og:image:width\" content=\"1430\" \/>\n\t<meta property=\"og:image:height\" content=\"2048\" \/>\n\t<meta property=\"og:image:type\" content=\"image\/jpeg\" \/>\n<meta name=\"twitter:card\" content=\"summary_large_image\" \/>\n<meta name=\"twitter:site\" content=\"@Center4CLTs\" \/>\n<meta name=\"twitter:label1\" content=\"Dur\u00e9e de lecture estim\u00e9e\" \/>\n\t<meta name=\"twitter:data1\" content=\"5 minutes\" \/>\n<script type=\"application\/ld+json\" class=\"yoast-schema-graph\">{\"@context\":\"https:\\\/\\\/schema.org\",\"@graph\":[{\"@type\":\"WebPage\",\"@id\":\"https:\\\/\\\/www.cltweb.org\\\/fr\\\/terra-nostra-press\\\/catalogue\\\/linsecurite-de-la-propriete-de-la-terre-en-amerique-latine-et-dans-les-caraibes\\\/\",\"url\":\"https:\\\/\\\/www.cltweb.org\\\/fr\\\/terra-nostra-press\\\/catalogue\\\/linsecurite-de-la-propriete-de-la-terre-en-amerique-latine-et-dans-les-caraibes\\\/\",\"name\":\"L'ins\u00e9curit\u00e9 de la propri\u00e9t\u00e9 de la terre en Am\u00e9rique latine et dans les Cara\u00efbes - International Center for Community Land Trusts\",\"isPartOf\":{\"@id\":\"https:\\\/\\\/www.cltweb.org\\\/fr\\\/#website\"},\"primaryImageOfPage\":{\"@id\":\"https:\\\/\\\/www.cltweb.org\\\/fr\\\/terra-nostra-press\\\/catalogue\\\/linsecurite-de-la-propriete-de-la-terre-en-amerique-latine-et-dans-les-caraibes\\\/#primaryimage\"},\"image\":{\"@id\":\"https:\\\/\\\/www.cltweb.org\\\/fr\\\/terra-nostra-press\\\/catalogue\\\/linsecurite-de-la-propriete-de-la-terre-en-amerique-latine-et-dans-les-caraibes\\\/#primaryimage\"},\"thumbnailUrl\":\"https:\\\/\\\/www.cltweb.org\\\/wp-content\\\/uploads\\\/2024\\\/10\\\/La_inseguridad_cover.jpg\",\"datePublished\":\"2024-07-29T23:49:42+00:00\",\"dateModified\":\"2024-10-03T20:59:49+00:00\",\"breadcrumb\":{\"@id\":\"https:\\\/\\\/www.cltweb.org\\\/fr\\\/terra-nostra-press\\\/catalogue\\\/linsecurite-de-la-propriete-de-la-terre-en-amerique-latine-et-dans-les-caraibes\\\/#breadcrumb\"},\"inLanguage\":\"fr-FR\",\"potentialAction\":[{\"@type\":\"ReadAction\",\"target\":[\"https:\\\/\\\/www.cltweb.org\\\/fr\\\/terra-nostra-press\\\/catalogue\\\/linsecurite-de-la-propriete-de-la-terre-en-amerique-latine-et-dans-les-caraibes\\\/\"]}]},{\"@type\":\"ImageObject\",\"inLanguage\":\"fr-FR\",\"@id\":\"https:\\\/\\\/www.cltweb.org\\\/fr\\\/terra-nostra-press\\\/catalogue\\\/linsecurite-de-la-propriete-de-la-terre-en-amerique-latine-et-dans-les-caraibes\\\/#primaryimage\",\"url\":\"https:\\\/\\\/www.cltweb.org\\\/wp-content\\\/uploads\\\/2024\\\/10\\\/La_inseguridad_cover.jpg\",\"contentUrl\":\"https:\\\/\\\/www.cltweb.org\\\/wp-content\\\/uploads\\\/2024\\\/10\\\/La_inseguridad_cover.jpg\",\"width\":1430,\"height\":2048,\"caption\":\"Book cover for\"},{\"@type\":\"BreadcrumbList\",\"@id\":\"https:\\\/\\\/www.cltweb.org\\\/fr\\\/terra-nostra-press\\\/catalogue\\\/linsecurite-de-la-propriete-de-la-terre-en-amerique-latine-et-dans-les-caraibes\\\/#breadcrumb\",\"itemListElement\":[{\"@type\":\"ListItem\",\"position\":1,\"name\":\"Home\",\"item\":\"https:\\\/\\\/www.cltweb.org\\\/fr\\\/\"},{\"@type\":\"ListItem\",\"position\":2,\"name\":\"Terra Nostra Press\",\"item\":\"https:\\\/\\\/www.cltweb.org\\\/fr\\\/terra-nostra-press\\\/\"},{\"@type\":\"ListItem\",\"position\":3,\"name\":\"Catalogue\",\"item\":\"https:\\\/\\\/www.cltweb.org\\\/fr\\\/terra-nostra-press\\\/catalogue\\\/\"},{\"@type\":\"ListItem\",\"position\":4,\"name\":\"L&#8217;ins\u00e9curit\u00e9 de la propri\u00e9t\u00e9 de la terre en Am\u00e9rique latine et dans les Cara\u00efbes\"}]},{\"@type\":\"WebSite\",\"@id\":\"https:\\\/\\\/www.cltweb.org\\\/fr\\\/#website\",\"url\":\"https:\\\/\\\/www.cltweb.org\\\/fr\\\/\",\"name\":\"International Center for Community Land Trusts\",\"description\":\"\",\"publisher\":{\"@id\":\"https:\\\/\\\/www.cltweb.org\\\/fr\\\/#organization\"},\"potentialAction\":[{\"@type\":\"SearchAction\",\"target\":{\"@type\":\"EntryPoint\",\"urlTemplate\":\"https:\\\/\\\/www.cltweb.org\\\/fr\\\/?s={search_term_string}\"},\"query-input\":{\"@type\":\"PropertyValueSpecification\",\"valueRequired\":true,\"valueName\":\"search_term_string\"}}],\"inLanguage\":\"fr-FR\"},{\"@type\":\"Organization\",\"@id\":\"https:\\\/\\\/www.cltweb.org\\\/fr\\\/#organization\",\"name\":\"International Center for Community Land Trusts\",\"url\":\"https:\\\/\\\/www.cltweb.org\\\/fr\\\/\",\"logo\":{\"@type\":\"ImageObject\",\"inLanguage\":\"fr-FR\",\"@id\":\"https:\\\/\\\/www.cltweb.org\\\/fr\\\/#\\\/schema\\\/logo\\\/image\\\/\",\"url\":\"https:\\\/\\\/www.cltweb.org\\\/wp-content\\\/uploads\\\/2024\\\/11\\\/New-CLT-Center-Text-logo.png\",\"contentUrl\":\"https:\\\/\\\/www.cltweb.org\\\/wp-content\\\/uploads\\\/2024\\\/11\\\/New-CLT-Center-Text-logo.png\",\"width\":227,\"height\":80,\"caption\":\"International Center for Community Land Trusts\"},\"image\":{\"@id\":\"https:\\\/\\\/www.cltweb.org\\\/fr\\\/#\\\/schema\\\/logo\\\/image\\\/\"},\"sameAs\":[\"https:\\\/\\\/www.facebook.com\\\/cltcenter\",\"https:\\\/\\\/x.com\\\/Center4CLTs\",\"https:\\\/\\\/www.instagram.com\\\/cltcenter\\\/\",\"https:\\\/\\\/www.linkedin.com\\\/company\\\/cltcenter\",\"https:\\\/\\\/www.youtube.com\\\/@centerforcltinnovation5313\"],\"description\":\"The International Center for Community Land Trusts is a not-for-profit nongovernmental organization established in 2018 to promote and to support community land trusts and similar strategies of community-led development on community-owned land in countries throughout the world.\",\"email\":\"info@communitylandtrust.net\",\"legalName\":\"International Center for Community Land Trusts\",\"foundingDate\":\"2018-12-01\",\"taxID\":\"84-3858933\",\"numberOfEmployees\":{\"@type\":\"QuantitativeValue\",\"minValue\":\"1\",\"maxValue\":\"10\"}}]}<\/script>\n<!-- \/ Yoast SEO Premium plugin. -->","yoast_head_json":{"title":"L'ins\u00e9curit\u00e9 de la propri\u00e9t\u00e9 de la terre en Am\u00e9rique latine et dans les Cara\u00efbes - International Center for Community Land Trusts","robots":{"index":"index","follow":"follow","max-snippet":"max-snippet:-1","max-image-preview":"max-image-preview:large","max-video-preview":"max-video-preview:-1"},"canonical":"https:\/\/www.cltweb.org\/fr\/terra-nostra-press\/catalogue\/linsecurite-de-la-propriete-de-la-terre-en-amerique-latine-et-dans-les-caraibes\/","og_locale":"fr_FR","og_type":"article","og_title":"L'ins\u00e9curit\u00e9 de la propri\u00e9t\u00e9 de la terre en Am\u00e9rique latine et dans les Cara\u00efbes","og_description":"Disponible d\u00e8s maintenant dans le monde entier, 120 pages.PAPERBACK ISBN 9781734403039 $12.50 USEBOOK ISBN 9781734403053 $5.00 US Les ONG peuvent b\u00e9n\u00e9ficier de remises sur les commandes en gros. Pour plus [&hellip;]","og_url":"https:\/\/www.cltweb.org\/fr\/terra-nostra-press\/catalogue\/linsecurite-de-la-propriete-de-la-terre-en-amerique-latine-et-dans-les-caraibes\/","og_site_name":"International Center for Community Land Trusts","article_publisher":"https:\/\/www.facebook.com\/cltcenter","article_modified_time":"2024-10-03T20:59:49+00:00","og_image":[{"width":1430,"height":2048,"url":"https:\/\/www.cltweb.org\/wp-content\/uploads\/2024\/10\/La_inseguridad_cover.jpg","type":"image\/jpeg"}],"twitter_card":"summary_large_image","twitter_site":"@Center4CLTs","twitter_misc":{"Dur\u00e9e de lecture estim\u00e9e":"5 minutes"},"schema":{"@context":"https:\/\/schema.org","@graph":[{"@type":"WebPage","@id":"https:\/\/www.cltweb.org\/fr\/terra-nostra-press\/catalogue\/linsecurite-de-la-propriete-de-la-terre-en-amerique-latine-et-dans-les-caraibes\/","url":"https:\/\/www.cltweb.org\/fr\/terra-nostra-press\/catalogue\/linsecurite-de-la-propriete-de-la-terre-en-amerique-latine-et-dans-les-caraibes\/","name":"L'ins\u00e9curit\u00e9 de la propri\u00e9t\u00e9 de la terre en Am\u00e9rique latine et dans les Cara\u00efbes - International Center for Community Land Trusts","isPartOf":{"@id":"https:\/\/www.cltweb.org\/fr\/#website"},"primaryImageOfPage":{"@id":"https:\/\/www.cltweb.org\/fr\/terra-nostra-press\/catalogue\/linsecurite-de-la-propriete-de-la-terre-en-amerique-latine-et-dans-les-caraibes\/#primaryimage"},"image":{"@id":"https:\/\/www.cltweb.org\/fr\/terra-nostra-press\/catalogue\/linsecurite-de-la-propriete-de-la-terre-en-amerique-latine-et-dans-les-caraibes\/#primaryimage"},"thumbnailUrl":"https:\/\/www.cltweb.org\/wp-content\/uploads\/2024\/10\/La_inseguridad_cover.jpg","datePublished":"2024-07-29T23:49:42+00:00","dateModified":"2024-10-03T20:59:49+00:00","breadcrumb":{"@id":"https:\/\/www.cltweb.org\/fr\/terra-nostra-press\/catalogue\/linsecurite-de-la-propriete-de-la-terre-en-amerique-latine-et-dans-les-caraibes\/#breadcrumb"},"inLanguage":"fr-FR","potentialAction":[{"@type":"ReadAction","target":["https:\/\/www.cltweb.org\/fr\/terra-nostra-press\/catalogue\/linsecurite-de-la-propriete-de-la-terre-en-amerique-latine-et-dans-les-caraibes\/"]}]},{"@type":"ImageObject","inLanguage":"fr-FR","@id":"https:\/\/www.cltweb.org\/fr\/terra-nostra-press\/catalogue\/linsecurite-de-la-propriete-de-la-terre-en-amerique-latine-et-dans-les-caraibes\/#primaryimage","url":"https:\/\/www.cltweb.org\/wp-content\/uploads\/2024\/10\/La_inseguridad_cover.jpg","contentUrl":"https:\/\/www.cltweb.org\/wp-content\/uploads\/2024\/10\/La_inseguridad_cover.jpg","width":1430,"height":2048,"caption":"Book cover for"},{"@type":"BreadcrumbList","@id":"https:\/\/www.cltweb.org\/fr\/terra-nostra-press\/catalogue\/linsecurite-de-la-propriete-de-la-terre-en-amerique-latine-et-dans-les-caraibes\/#breadcrumb","itemListElement":[{"@type":"ListItem","position":1,"name":"Home","item":"https:\/\/www.cltweb.org\/fr\/"},{"@type":"ListItem","position":2,"name":"Terra Nostra Press","item":"https:\/\/www.cltweb.org\/fr\/terra-nostra-press\/"},{"@type":"ListItem","position":3,"name":"Catalogue","item":"https:\/\/www.cltweb.org\/fr\/terra-nostra-press\/catalogue\/"},{"@type":"ListItem","position":4,"name":"L&#8217;ins\u00e9curit\u00e9 de la propri\u00e9t\u00e9 de la terre en Am\u00e9rique latine et dans les Cara\u00efbes"}]},{"@type":"WebSite","@id":"https:\/\/www.cltweb.org\/fr\/#website","url":"https:\/\/www.cltweb.org\/fr\/","name":"International Center for Community Land Trusts","description":"","publisher":{"@id":"https:\/\/www.cltweb.org\/fr\/#organization"},"potentialAction":[{"@type":"SearchAction","target":{"@type":"EntryPoint","urlTemplate":"https:\/\/www.cltweb.org\/fr\/?s={search_term_string}"},"query-input":{"@type":"PropertyValueSpecification","valueRequired":true,"valueName":"search_term_string"}}],"inLanguage":"fr-FR"},{"@type":"Organization","@id":"https:\/\/www.cltweb.org\/fr\/#organization","name":"International Center for Community Land Trusts","url":"https:\/\/www.cltweb.org\/fr\/","logo":{"@type":"ImageObject","inLanguage":"fr-FR","@id":"https:\/\/www.cltweb.org\/fr\/#\/schema\/logo\/image\/","url":"https:\/\/www.cltweb.org\/wp-content\/uploads\/2024\/11\/New-CLT-Center-Text-logo.png","contentUrl":"https:\/\/www.cltweb.org\/wp-content\/uploads\/2024\/11\/New-CLT-Center-Text-logo.png","width":227,"height":80,"caption":"International Center for Community Land Trusts"},"image":{"@id":"https:\/\/www.cltweb.org\/fr\/#\/schema\/logo\/image\/"},"sameAs":["https:\/\/www.facebook.com\/cltcenter","https:\/\/x.com\/Center4CLTs","https:\/\/www.instagram.com\/cltcenter\/","https:\/\/www.linkedin.com\/company\/cltcenter","https:\/\/www.youtube.com\/@centerforcltinnovation5313"],"description":"The International Center for Community Land Trusts is a not-for-profit nongovernmental organization established in 2018 to promote and to support community land trusts and similar strategies of community-led development on community-owned land in countries throughout the world.","email":"info@communitylandtrust.net","legalName":"International Center for Community Land Trusts","foundingDate":"2018-12-01","taxID":"84-3858933","numberOfEmployees":{"@type":"QuantitativeValue","minValue":"1","maxValue":"10"}}]}},"campaignId":"","taxonomy_info":{"category":[{"value":119,"label":"Catalogue"}]},"featured_image_src_large":["https:\/\/www.cltweb.org\/wp-content\/uploads\/2024\/10\/La_inseguridad_cover-715x1024.jpg",715,1024,true],"author_info":{"display_name":"cltredesign_0jp0l4","author_link":"https:\/\/www.cltweb.org\/fr\/author\/cltredesign_0jp0l4\/"},"comment_info":0,"jetpack_sharing_enabled":true,"jetpack-related-posts":[{"id":1639,"url":"https:\/\/www.cltweb.org\/fr\/terra-nostra-press\/catalogue\/retisser-la-tapisserie-de-la-titularisation\/","url_meta":{"origin":1599,"position":0},"title":"Retisser la tapisserie de la titularisation","author":"cltredesign_0jp0l4","date":"29 juillet 2024","format":false,"excerpt":"Disponible d\u00e8s maintenant dans le monde entier, 250 pages.PAPERBACK ISBN 9798986177625 $19.50EBOOK ISBN 9798986177632 $9.99 US Les ONG peuvent b\u00e9n\u00e9ficier de remises sur les commandes en gros. Pour plus d'informations et pour passer votre commande, consultez notre page sur les commandes group\u00e9es. Retisser la tapisserie de la tenure : Huit\u2026","rel":"","context":"Dans &quot;Catalogue&quot;","block_context":{"text":"Catalogue","link":"https:\/\/www.cltweb.org\/fr\/category\/catalogue\/"},"img":{"alt_text":"Book cover for Tapestry of Tenure","src":"https:\/\/i0.wp.com\/www.cltweb.org\/wp-content\/uploads\/2024\/10\/Reweaving-Tapestry-cover-e1727990535752.jpg?resize=350%2C200&ssl=1","width":350,"height":200,"srcset":"https:\/\/i0.wp.com\/www.cltweb.org\/wp-content\/uploads\/2024\/10\/Reweaving-Tapestry-cover-e1727990535752.jpg?resize=350%2C200&ssl=1 1x, https:\/\/i0.wp.com\/www.cltweb.org\/wp-content\/uploads\/2024\/10\/Reweaving-Tapestry-cover-e1727990535752.jpg?resize=525%2C300&ssl=1 1.5x, https:\/\/i0.wp.com\/www.cltweb.org\/wp-content\/uploads\/2024\/10\/Reweaving-Tapestry-cover-e1727990535752.jpg?resize=700%2C400&ssl=1 2x"},"classes":[]},{"id":1598,"url":"https:\/\/www.cltweb.org\/fr\/terra-nostra-press\/catalogue\/applications-des-fonds-fonciers-communautaires-dans-les-quartiers-urbains\/","url_meta":{"origin":1599,"position":1},"title":"Applications des fonds fonciers communautaires dans les quartiers urbains","author":"cltredesign_0jp0l4","date":"29 juillet 2024","format":false,"excerpt":"Disponible d\u00e8s maintenant dans le monde entier, 110 pages.PAPERBACK ISBN 9781734403077 $15.00 USEBOOK ISBN 9781734403084 $5.00 US Les ONG peuvent b\u00e9n\u00e9ficier de remises sur les commandes en gros. Pour plus d'informations et pour passer votre commande, consultez notre page sur les commandes group\u00e9es. Les huit essais contenus dans cette monographie\u2026","rel":"","context":"Dans &quot;Catalogue&quot;","block_context":{"text":"Catalogue","link":"https:\/\/www.cltweb.org\/fr\/category\/catalogue\/"},"img":{"alt_text":"Book Cover for Urban Applications","src":"https:\/\/i0.wp.com\/www.cltweb.org\/wp-content\/uploads\/2024\/10\/Urban-Applications-Cover.jpg?resize=350%2C200&ssl=1","width":350,"height":200,"srcset":"https:\/\/i0.wp.com\/www.cltweb.org\/wp-content\/uploads\/2024\/10\/Urban-Applications-Cover.jpg?resize=350%2C200&ssl=1 1x, https:\/\/i0.wp.com\/www.cltweb.org\/wp-content\/uploads\/2024\/10\/Urban-Applications-Cover.jpg?resize=525%2C300&ssl=1 1.5x, https:\/\/i0.wp.com\/www.cltweb.org\/wp-content\/uploads\/2024\/10\/Urban-Applications-Cover.jpg?resize=700%2C400&ssl=1 2x, https:\/\/i0.wp.com\/www.cltweb.org\/wp-content\/uploads\/2024\/10\/Urban-Applications-Cover.jpg?resize=1050%2C600&ssl=1 3x, https:\/\/i0.wp.com\/www.cltweb.org\/wp-content\/uploads\/2024\/10\/Urban-Applications-Cover.jpg?resize=1400%2C800&ssl=1 4x"},"classes":[]},{"id":1589,"url":"https:\/\/www.cltweb.org\/fr\/terra-nostra-press\/catalogue\/fonds-fonciers-communautaires-et-etablissements-informels-dans-les-pays-du-sud\/","url_meta":{"origin":1599,"position":2},"title":"Fonds fonciers communautaires et \u00e9tablissements informels dans les pays du Sud","author":"cltredesign_0jp0l4","date":"29 juillet 2024","format":false,"excerpt":"Disponible d\u00e8s maintenant dans le monde entier, 158 pages.PAPERBACK ISBN 9781736275917 $15.00 USEBOOK ISBN 9781736275924 $5.00 US Les ONG peuvent b\u00e9n\u00e9ficier de remises sur les commandes en gros. Pour plus d'informations et pour passer votre commande, consultez notre page sur les commandes group\u00e9es. Fiducies fonci\u00e8res communautaires et \u00e9tablissements informels dans\u2026","rel":"","context":"Dans &quot;Catalogue&quot;","block_context":{"text":"Catalogue","link":"https:\/\/www.cltweb.org\/fr\/category\/catalogue\/"},"img":{"alt_text":"Global South Book Cover","src":"https:\/\/i0.wp.com\/www.cltweb.org\/wp-content\/uploads\/2024\/10\/Global-South-Cover.jpg?resize=350%2C200&ssl=1","width":350,"height":200,"srcset":"https:\/\/i0.wp.com\/www.cltweb.org\/wp-content\/uploads\/2024\/10\/Global-South-Cover.jpg?resize=350%2C200&ssl=1 1x, https:\/\/i0.wp.com\/www.cltweb.org\/wp-content\/uploads\/2024\/10\/Global-South-Cover.jpg?resize=525%2C300&ssl=1 1.5x, https:\/\/i0.wp.com\/www.cltweb.org\/wp-content\/uploads\/2024\/10\/Global-South-Cover.jpg?resize=700%2C400&ssl=1 2x, https:\/\/i0.wp.com\/www.cltweb.org\/wp-content\/uploads\/2024\/10\/Global-South-Cover.jpg?resize=1050%2C600&ssl=1 3x, https:\/\/i0.wp.com\/www.cltweb.org\/wp-content\/uploads\/2024\/10\/Global-South-Cover.jpg?resize=1400%2C800&ssl=1 4x"},"classes":[]},{"id":1608,"url":"https:\/\/www.cltweb.org\/fr\/terra-nostra-press\/catalogue\/pourquoi-lassociation-des-communes-de-montagne\/","url_meta":{"origin":1599,"position":3},"title":"Pourquoi l&#8217;association des communes de montagne ?","author":"cltredesign_0jp0l4","date":"29 juillet 2024","format":false,"excerpt":"Disponible d\u00e8s maintenant dans toutes les r\u00e9gions du monde, 120 pages.Tapis dur ISBN 9781736275962 $14.50 USEBOOK ISBN 9781736275979 $5.00 US Des r\u00e9ductions sont disponibles sur les commandes en gros pour les ONG. Pour plus d'informations et pour commander, visitez notre page de commandesen gros. Les essais contenus dans \u00bfPorqu\u00e9 el\u2026","rel":"","context":"Dans &quot;Catalogue&quot;","block_context":{"text":"Catalogue","link":"https:\/\/www.cltweb.org\/fr\/category\/catalogue\/"},"img":{"alt_text":"Book cover for ","src":"https:\/\/i0.wp.com\/www.cltweb.org\/wp-content\/uploads\/2024\/10\/Porque-el-fideicomiso-cover.jpg?resize=350%2C200&ssl=1","width":350,"height":200},"classes":[]},{"id":1618,"url":"https:\/\/www.cltweb.org\/fr\/terra-nostra-press\/catalogue\/pourquoi-des-fonds-fonciers-communautaires\/","url_meta":{"origin":1599,"position":4},"title":"Pourquoi des fonds fonciers communautaires ?","author":"cltredesign_0jp0l4","date":"29 juillet 2024","format":false,"excerpt":"Disponible d\u00e8s maintenant dans le monde entier, 110 pages.PAPERBACK ISBN 9781734403046 $12.50 USEBOOK ISBN 9781734403060 $5.00 US Les ONG peuvent b\u00e9n\u00e9ficier de remises sur les commandes en gros. Pour plus d'informations et pour passer votre commande, consultez notre page sur les commandes group\u00e9es. Pourquoi les Community Land Trusts : The\u2026","rel":"","context":"Dans &quot;Catalogue&quot;","block_context":{"text":"Catalogue","link":"https:\/\/www.cltweb.org\/fr\/category\/catalogue\/"},"img":{"alt_text":"Book cover for Why CLTs","src":"https:\/\/i0.wp.com\/www.cltweb.org\/wp-content\/uploads\/2024\/10\/Why-CLTs-cover.jpg?resize=350%2C200&ssl=1","width":350,"height":200,"srcset":"https:\/\/i0.wp.com\/www.cltweb.org\/wp-content\/uploads\/2024\/10\/Why-CLTs-cover.jpg?resize=350%2C200&ssl=1 1x, https:\/\/i0.wp.com\/www.cltweb.org\/wp-content\/uploads\/2024\/10\/Why-CLTs-cover.jpg?resize=525%2C300&ssl=1 1.5x, https:\/\/i0.wp.com\/www.cltweb.org\/wp-content\/uploads\/2024\/10\/Why-CLTs-cover.jpg?resize=700%2C400&ssl=1 2x, https:\/\/i0.wp.com\/www.cltweb.org\/wp-content\/uploads\/2024\/10\/Why-CLTs-cover.jpg?resize=1050%2C600&ssl=1 3x, https:\/\/i0.wp.com\/www.cltweb.org\/wp-content\/uploads\/2024\/10\/Why-CLTs-cover.jpg?resize=1400%2C800&ssl=1 4x"},"classes":[]},{"id":9982,"url":"https:\/\/www.cltweb.org\/fr\/terra-nostra-press\/catalogue\/notre-terre-notre-lutte\/","url_meta":{"origin":1599,"position":5},"title":"Notre terre, notre survie","author":"cltredesign_0jp0l4","date":"20 octobre 2025","format":false,"excerpt":"NOUVELLE PUBLICATION (21 octobre 2025)Notre terre, notre survie Par Line Algoed PAPERBACK ISBN : 9798986177649 ($14.99 US) EBOOK ISBN : 9798986177656 ($9.99 US) 222 pages Dans Our Land, Our Survival, l'auteure Line Algoed explore le r\u00f4le vital des terres communales dans la protection des communaut\u00e9s et de l'environnement \u00e0 la\u2026","rel":"","context":"Dans &quot;Catalogue&quot;","block_context":{"text":"Catalogue","link":"https:\/\/www.cltweb.org\/fr\/category\/catalogue\/"},"img":{"alt_text":"Couverture de Our Land Our Struggle (Notre terre, notre lutte)","src":"https:\/\/i0.wp.com\/www.cltweb.org\/wp-content\/uploads\/2025\/10\/Cover-for-Our-Land-Our-Struggle-final.jpg?resize=350%2C200&ssl=1","width":350,"height":200,"srcset":"https:\/\/i0.wp.com\/www.cltweb.org\/wp-content\/uploads\/2025\/10\/Cover-for-Our-Land-Our-Struggle-final.jpg?resize=350%2C200&ssl=1 1x, https:\/\/i0.wp.com\/www.cltweb.org\/wp-content\/uploads\/2025\/10\/Cover-for-Our-Land-Our-Struggle-final.jpg?resize=525%2C300&ssl=1 1.5x, https:\/\/i0.wp.com\/www.cltweb.org\/wp-content\/uploads\/2025\/10\/Cover-for-Our-Land-Our-Struggle-final.jpg?resize=700%2C400&ssl=1 2x, https:\/\/i0.wp.com\/www.cltweb.org\/wp-content\/uploads\/2025\/10\/Cover-for-Our-Land-Our-Struggle-final.jpg?resize=1050%2C600&ssl=1 3x, https:\/\/i0.wp.com\/www.cltweb.org\/wp-content\/uploads\/2025\/10\/Cover-for-Our-Land-Our-Struggle-final.jpg?resize=1400%2C800&ssl=1 4x"},"classes":[]}],"_links":{"self":[{"href":"https:\/\/www.cltweb.org\/fr\/wp-json\/wp\/v2\/pages\/1599","targetHints":{"allow":["GET"]}}],"collection":[{"href":"https:\/\/www.cltweb.org\/fr\/wp-json\/wp\/v2\/pages"}],"about":[{"href":"https:\/\/www.cltweb.org\/fr\/wp-json\/wp\/v2\/types\/page"}],"author":[{"embeddable":true,"href":"https:\/\/www.cltweb.org\/fr\/wp-json\/wp\/v2\/users\/1"}],"replies":[{"embeddable":true,"href":"https:\/\/www.cltweb.org\/fr\/wp-json\/wp\/v2\/comments?post=1599"}],"version-history":[{"count":3,"href":"https:\/\/www.cltweb.org\/fr\/wp-json\/wp\/v2\/pages\/1599\/revisions"}],"predecessor-version":[{"id":2600,"href":"https:\/\/www.cltweb.org\/fr\/wp-json\/wp\/v2\/pages\/1599\/revisions\/2600"}],"up":[{"embeddable":true,"href":"https:\/\/www.cltweb.org\/fr\/wp-json\/wp\/v2\/pages\/757"}],"wp:featuredmedia":[{"embeddable":true,"href":"https:\/\/www.cltweb.org\/fr\/wp-json\/wp\/v2\/media\/2553"}],"wp:attachment":[{"href":"https:\/\/www.cltweb.org\/fr\/wp-json\/wp\/v2\/media?parent=1599"}],"wp:term":[{"taxonomy":"category","embeddable":true,"href":"https:\/\/www.cltweb.org\/fr\/wp-json\/wp\/v2\/categories?post=1599"},{"taxonomy":"post_tag","embeddable":true,"href":"https:\/\/www.cltweb.org\/fr\/wp-json\/wp\/v2\/tags?post=1599"}],"curies":[{"name":"wp","href":"https:\/\/api.w.org\/{rel}","templated":true}]}}