{"id":1608,"date":"2024-07-29T23:48:50","date_gmt":"2024-07-29T23:48:50","guid":{"rendered":"https:\/\/www.cltweb.org\/terra-nostra-press\/catalogue\/pourquoi-lassociation-des-communes-de-montagne\/"},"modified":"2024-10-03T21:04:02","modified_gmt":"2024-10-03T21:04:02","slug":"pourquoi-lassociation-des-communes-de-montagne","status":"publish","type":"page","link":"https:\/\/www.cltweb.org\/fr\/terra-nostra-press\/catalogue\/pourquoi-lassociation-des-communes-de-montagne\/","title":{"rendered":"Pourquoi l&#8217;association des communes de montagne ?"},"content":{"rendered":"\n<div class=\"wp-block-columns is-layout-flex wp-container-core-columns-is-layout-28f84493 wp-block-columns-is-layout-flex\">\n<div class=\"wp-block-column is-layout-flow wp-block-column-is-layout-flow\" style=\"flex-basis:30%\"><style>.kb-image499_6cd090-06 .kb-image-has-overlay:after{opacity:0.3;}<\/style>\n<figure class=\"wp-block-kadence-image kb-image499_6cd090-06 size-full\"><img loading=\"lazy\" decoding=\"async\" width=\"350\" height=\"499\" src=\"https:\/\/www.cltweb.org\/wp-content\/uploads\/2024\/10\/Porque-el-fideicomiso-cover.jpg\" alt=\"Couverture du livre Porque el fideicomiso\" class=\"kb-img wp-image-2580\" srcset=\"https:\/\/www.cltweb.org\/wp-content\/uploads\/2024\/10\/Porque-el-fideicomiso-cover.jpg 350w, https:\/\/www.cltweb.org\/wp-content\/uploads\/2024\/10\/Porque-el-fideicomiso-cover-210x300.jpg 210w\" sizes=\"auto, (max-width: 350px) 100vw, 350px\" \/><\/figure>\n<\/div>\n\n\n\n<div class=\"wp-block-column is-layout-flow wp-block-column-is-layout-flow\" style=\"flex-basis:70%\">\n<p><strong>Disponible d\u00e8s maintenant dans toutes les r\u00e9gions du monde, <\/strong>120 pages.<br\/>Tapis dur ISBN 9781736275962 $14.50 US<br\/>EBOOK ISBN 9781736275979 $5.00 US<\/p>\n\n\n\n<p><strong>Des r\u00e9ductions sont disponibles sur les commandes en gros pour les ONG. <\/strong>Pour plus d&#8217;informations et pour commander, visitez notre page de commandes<a href=\"https:\/\/www.cltweb.org\/fr\/terra-nostra-press\/commandes-en-gros\/\" data-type=\"page\" data-id=\"532\">en gros<\/a>.<\/p>\n\n\n\n<p>Les essais contenus dans <strong>\u00bf<\/strong><strong>Porqu\u00e9 el fideicomiso comunitario de tierras<\/strong><strong>?<\/strong> proviennent d&#8217;un livre intitul\u00e9 En terreno com\u00fan : Perspectivas internacionales sobre los fideicomisos comunitarios de tierras.\nLa plupart des cinq chapitres de ce livre sont consacr\u00e9s \u00e0 la description des conditions, de l&#8217;organisation et des politiques qui ont pr\u00e9sid\u00e9 \u00e0 la cr\u00e9ation d&#8217;une soci\u00e9t\u00e9 civile de quartier, tant dans le milieu urbain que rural.\nUn certain nombre de chapitres proposent \u00e9galement une analyse de la philosophie \u00e0 la base de cet acc\u00e8s non conventionnel \u00e0 la propri\u00e9t\u00e9 de la terre.\nIls explorent les justifications d&#8217;ordre \u00e9thique, politique et pratique pour la cr\u00e9ation d&#8217;une communaut\u00e9 \u00e9quitable de terres.   <\/p>\n\n\n\n<ul class=\"wp-block-list\">\n<li><a href=\"https:\/\/www.amazon.com\/Porqu%C3%A9-fideicomiso-comunitario-tierras-convencional\/dp\/1736275968\/ref=sr_1_2?dchild=1&amp;keywords=porque+fideicomiso&amp;qid=1627337263&amp;sr=8-2\">Amazon<\/a><\/li>\n\n\n\n<li><a href=\"https:\/\/www.barnesandnoble.com\/w\/porqu-el-fideicomiso-comunitario-de-tierras-line-algoed\/1139774618?ean=9781736275962\">Barnes et Noble<\/a><\/li>\n\n\n\n<li><a href=\"https:\/\/blackwells.co.uk\/bookshop\/product\/La-inseguridad-de-la-tenencia-de-la-tierra-en-Amrica-Latina-y-el-Caribe-el-control-comunitario-de-la-tierra-como-prevencin-del-desplazamiento-by-Davis-John-Emmeus\/9781734403039\">Blackwell\u2019s<\/a><\/li>\n\n\n\n<li><a href=\"https:\/\/bookshop.org\/books\/8202-porque-el-fideicomiso-comunitario-de-tierras-8202-la-filosofia-que-subyace-una-forma-no-convencional-de-titularidad-del-terreno\/9781736275962\">Librairie<\/a><\/li>\n\n\n\n<li><a href=\"https:\/\/www.indiebound.org\/book\/9781736275962\">IndieBound<\/a><\/li>\n<\/ul>\n<\/div>\n<\/div>\n<style>.kt-accordion-id499_2c87cd-ad .kt-accordion-inner-wrap{column-gap:var(--global-kb-gap-md, 2rem);row-gap:8px;}.kt-accordion-id499_2c87cd-ad .kt-accordion-panel-inner{padding-top:var(--global-kb-spacing-sm, 1.5rem);padding-right:var(--global-kb-spacing-sm, 1.5rem);padding-bottom:var(--global-kb-spacing-sm, 1.5rem);padding-left:var(--global-kb-spacing-sm, 1.5rem);}.kt-accordion-id499_2c87cd-ad > .kt-accordion-inner-wrap > .wp-block-kadence-pane > .kt-accordion-header-wrap > .kt-blocks-accordion-header{font-weight:bold;padding-top:var(--global-kb-spacing-xxs, 0.5rem);padding-right:var(--global-kb-spacing-xs, 1rem);padding-bottom:var(--global-kb-spacing-xxs, 0.5rem);padding-left:var(--global-kb-spacing-xs, 1rem);}@media all and (max-width: 767px){.kt-accordion-id499_2c87cd-ad .kt-accordion-inner-wrap{display:block;}.kt-accordion-id499_2c87cd-ad .kt-accordion-inner-wrap .kt-accordion-pane:not(:first-child){margin-top:8px;}}<\/style>\n<div class=\"wp-block-kadence-accordion alignnone\"><div class=\"kt-accordion-wrap kt-accordion-id499_2c87cd-ad kt-accordion-has-2-panes kt-active-pane-0 kt-accordion-block kt-pane-header-alignment-left kt-accodion-icon-style-basic kt-accodion-icon-side-right\" style=\"max-width:none\"><div class=\"kt-accordion-inner-wrap\" data-allow-multiple-open=\"false\" data-start-open=\"none\">\n<div class=\"wp-block-kadence-pane kt-accordion-pane kt-accordion-pane-1 kt-pane499_3518bf-f6\"><div class=\"kt-accordion-header-wrap\"><button class=\"kt-blocks-accordion-header kt-acccordion-button-label-show\"><span class=\"kt-blocks-accordion-title-wrap\"><span class=\"kt-blocks-accordion-title\">Description du livre<\/span><\/span><span class=\"kt-blocks-accordion-icon-trigger\"><\/span><\/button><\/div><div class=\"kt-accordion-panel kt-accordion-panel-hidden\"><div class=\"kt-accordion-panel-inner\">\n<p>L&#8217;\u00e9conomie sociale de march\u00e9 est une strat\u00e9gie de transformation dans laquelle le d\u00e9veloppement est dirig\u00e9 par la communaut\u00e9 sur des territoires communautaires.\nCette strat\u00e9gie est en train de prendre de l&#8217;ampleur \u00e0 travers les communaut\u00e9s du nord du monde et commence \u00e9galement \u00e0 se r\u00e9pandre dans le sud du monde.\nLes entreprises communautaires des r\u00e9gions produisent et g\u00e8rent des logements, des espaces commerciaux, des terres pour l&#8217;agriculture urbaine (et rurale) et une vari\u00e9t\u00e9 d&#8217;installations communautaires \u00e0 des prix abordables, con\u00e7ues avec l&#8217;aide de la communaut\u00e9, et toutes administr\u00e9es de mani\u00e8re \u00e0 ce qu&#8217;elles restent abordables \u00e0 perp\u00e9tuit\u00e9 pour les personnes \u00e0 faible revenu ou \u00e0 revenu moyen.\nLorsque les gouvernements, les organisations caritatives ou d&#8217;autres organisations non gouvernementales entreprennent l&#8217;am\u00e9lioration d&#8217;une communaut\u00e9, des questions se posent sur \u00bfqui\u00e9n decide lo que se har\u00e1 ?\net \u00bfqui\u00e9n se beneficiar\u00e1 ?\nEn raison de la mani\u00e8re dont ces organismes g\u00e8rent leurs activit\u00e9s et de leur gouvernance participative, ils offrent de nouvelles possibilit\u00e9s de r\u00e9ponse \u00e0 ces questions.     <\/p>\n\n\n\n<p>Tous les comit\u00e9s d&#8217;entreprise des r\u00e9gions ne sont pas identiques.\nIl existe des diff\u00e9rences entre les nombreuses associations communautaires \u00e9tablies dans plusieurs pays en ce qui concerne la mani\u00e8re dont elles sont structur\u00e9es, l&#8217;utilisation qu&#8217;elles font de leurs terres, la mani\u00e8re dont elles d\u00e9veloppent leurs activit\u00e9s et la mani\u00e8re dont elles les administrent et les g\u00e8rent pour les g\u00e9n\u00e9rations futures.\nIls peuvent \u00eatre diff\u00e9rents d&#8217;une localit\u00e9 \u00e0 l&#8217;autre.\nLes personnes qui ont adopt\u00e9 ce type de strat\u00e9gie et l&#8217;ont mis en pratique ont pu d\u00e9velopper des arguments coh\u00e9rents en faveur de cette strat\u00e9gie.\nIls expriment notamment que : Cuando la tierra se posee para el bienestar de una comunidad, presente y futura ; cuando el desarrollo lo realiza una organizaci\u00f3n creada por la comunidad, cimentada en tal comunidad, con sentido de responsabilidad hacia \u00e9sta, y guiada por \u00e9sta ; cuando la administraci\u00f3n es deliberada, diligente y duradera &#8230;. il est plus probable que le d\u00e9veloppement soit \u00e0 la fois \u00e9quitable et durable, en particulier dans les r\u00e9gions o\u00f9 la population se trouve dans la mis\u00e8re et dans l&#8217;incapacit\u00e9 d&#8217;agir.    <\/p>\n\n\n\n<p>Les articles contenus dans cette monographie proviennent d&#8217;un livre intitul\u00e9 En terreno com\u00fan : Perspectivas internacionales sobre los fideicomisos comunitarios de tierras.\nLa plupart des cinq chapitres de ce livre sont consacr\u00e9s \u00e0 la description des conditions, de l&#8217;organisation et des politiques qui ont pr\u00e9sid\u00e9 \u00e0 la cr\u00e9ation d&#8217;une soci\u00e9t\u00e9 civile de quartier, tant dans le milieu urbain que rural.\nUn certain nombre de chapitres proposent \u00e9galement une analyse de la philosophie \u00e0 la base de cet acc\u00e8s non conventionnel \u00e0 la propri\u00e9t\u00e9 de la terre.\nIls explorent les justifications d&#8217;ordre \u00e9thique, politique et pratique pour la cr\u00e9ation d&#8217;une fiducie communautaire de terres.\nCe sont ces essais qui composent cette monographie.\nEn conjonction, ils fournissent une justification coh\u00e9rente et convaincante de la raison pour laquelle les id\u00e9aux communautaires de d\u00e9veloppement des territoires sont dignes d&#8217;\u00eatre pris en consid\u00e9ration, mis en \u0153uvre et soutenus.     <\/p>\n<\/div><\/div><\/div>\n<\/div><\/div><\/div>\n","protected":false},"excerpt":{"rendered":"<p>Disponible d\u00e8s maintenant dans toutes les r\u00e9gions du monde, 120 pages.Tapis dur ISBN 9781736275962 $14.50 USEBOOK ISBN 9781736275979 $5.00 US Des r\u00e9ductions sont disponibles sur les commandes en gros pour [&hellip;]<\/p>\n","protected":false},"author":1,"featured_media":2582,"parent":757,"menu_order":0,"comment_status":"closed","ping_status":"closed","template":"","meta":{"give_campaign_id":0,"_tec_requires_first_save":true,"_kad_blocks_custom_css":"","_kad_blocks_head_custom_js":"","_kad_blocks_body_custom_js":"","_kad_blocks_footer_custom_js":"","_EventAllDay":false,"_EventTimezone":"","_EventStartDate":"","_EventEndDate":"","_EventStartDateUTC":"","_EventEndDateUTC":"","_EventShowMap":false,"_EventShowMapLink":false,"_EventURL":"","_EventCost":"","_EventCostDescription":"","_EventCurrencySymbol":"","_EventCurrencyCode":"","_EventCurrencyPosition":"","_EventDateTimeSeparator":"","_EventTimeRangeSeparator":"","_EventOrganizerID":[],"_EventVenueID":[],"_OrganizerEmail":"","_OrganizerPhone":"","_OrganizerWebsite":"","_VenueAddress":"","_VenueCity":"","_VenueCountry":"","_VenueProvince":"","_VenueState":"","_VenueZip":"","_VenuePhone":"","_VenueURL":"","_VenueStateProvince":"","_VenueLat":"","_VenueLng":"","_VenueShowMap":false,"_VenueShowMapLink":false,"_tribe_blocks_recurrence_rules":"","_tribe_blocks_recurrence_description":"","_tribe_blocks_recurrence_exclusions":"","footnotes":""},"categories":[119],"tags":[],"class_list":["post-1608","page","type-page","status-publish","has-post-thumbnail","hentry","category-catalogue"],"blocksy_meta":[],"yoast_head":"<!-- This site is optimized with the Yoast SEO Premium plugin v27.5 (Yoast SEO v27.5) - https:\/\/yoast.com\/product\/yoast-seo-premium-wordpress\/ -->\n<title>Pourquoi l&#039;association des communes de montagne ? - International Center for Community Land Trusts<\/title>\n<meta name=\"robots\" content=\"index, follow, max-snippet:-1, max-image-preview:large, max-video-preview:-1\" \/>\n<link rel=\"canonical\" href=\"https:\/\/www.cltweb.org\/fr\/terra-nostra-press\/catalogue\/pourquoi-lassociation-des-communes-de-montagne\/\" \/>\n<meta property=\"og:locale\" content=\"fr_FR\" \/>\n<meta property=\"og:type\" content=\"article\" \/>\n<meta property=\"og:title\" content=\"Pourquoi l&#039;association des communes de montagne ?\" \/>\n<meta property=\"og:description\" content=\"Disponible d\u00e8s maintenant dans toutes les r\u00e9gions du monde, 120 pages.Tapis dur ISBN 9781736275962 $14.50 USEBOOK ISBN 9781736275979 $5.00 US Des r\u00e9ductions sont disponibles sur les commandes en gros pour [&hellip;]\" \/>\n<meta property=\"og:url\" content=\"https:\/\/www.cltweb.org\/fr\/terra-nostra-press\/catalogue\/pourquoi-lassociation-des-communes-de-montagne\/\" \/>\n<meta property=\"og:site_name\" content=\"International Center for Community Land Trusts\" \/>\n<meta property=\"article:publisher\" content=\"https:\/\/www.facebook.com\/cltcenter\" \/>\n<meta property=\"article:modified_time\" content=\"2024-10-03T21:04:02+00:00\" \/>\n<meta property=\"og:image\" content=\"https:\/\/www.cltweb.org\/wp-content\/uploads\/2024\/10\/Porque-el-fideicomiso-cover.jpg\" \/>\n\t<meta property=\"og:image:width\" content=\"350\" \/>\n\t<meta property=\"og:image:height\" content=\"499\" \/>\n\t<meta property=\"og:image:type\" content=\"image\/jpeg\" \/>\n<meta name=\"twitter:card\" content=\"summary_large_image\" \/>\n<meta name=\"twitter:site\" content=\"@Center4CLTs\" \/>\n<meta name=\"twitter:label1\" content=\"Dur\u00e9e de lecture estim\u00e9e\" \/>\n\t<meta name=\"twitter:data1\" content=\"3 minutes\" \/>\n<script type=\"application\/ld+json\" class=\"yoast-schema-graph\">{\"@context\":\"https:\\\/\\\/schema.org\",\"@graph\":[{\"@type\":\"WebPage\",\"@id\":\"https:\\\/\\\/www.cltweb.org\\\/fr\\\/terra-nostra-press\\\/catalogue\\\/pourquoi-lassociation-des-communes-de-montagne\\\/\",\"url\":\"https:\\\/\\\/www.cltweb.org\\\/fr\\\/terra-nostra-press\\\/catalogue\\\/pourquoi-lassociation-des-communes-de-montagne\\\/\",\"name\":\"Pourquoi l'association des communes de montagne ? - International Center for Community Land Trusts\",\"isPartOf\":{\"@id\":\"https:\\\/\\\/www.cltweb.org\\\/fr\\\/#website\"},\"primaryImageOfPage\":{\"@id\":\"https:\\\/\\\/www.cltweb.org\\\/fr\\\/terra-nostra-press\\\/catalogue\\\/pourquoi-lassociation-des-communes-de-montagne\\\/#primaryimage\"},\"image\":{\"@id\":\"https:\\\/\\\/www.cltweb.org\\\/fr\\\/terra-nostra-press\\\/catalogue\\\/pourquoi-lassociation-des-communes-de-montagne\\\/#primaryimage\"},\"thumbnailUrl\":\"https:\\\/\\\/www.cltweb.org\\\/wp-content\\\/uploads\\\/2024\\\/10\\\/Porque-el-fideicomiso-cover.jpg\",\"datePublished\":\"2024-07-29T23:48:50+00:00\",\"dateModified\":\"2024-10-03T21:04:02+00:00\",\"breadcrumb\":{\"@id\":\"https:\\\/\\\/www.cltweb.org\\\/fr\\\/terra-nostra-press\\\/catalogue\\\/pourquoi-lassociation-des-communes-de-montagne\\\/#breadcrumb\"},\"inLanguage\":\"fr-FR\",\"potentialAction\":[{\"@type\":\"ReadAction\",\"target\":[\"https:\\\/\\\/www.cltweb.org\\\/fr\\\/terra-nostra-press\\\/catalogue\\\/pourquoi-lassociation-des-communes-de-montagne\\\/\"]}]},{\"@type\":\"ImageObject\",\"inLanguage\":\"fr-FR\",\"@id\":\"https:\\\/\\\/www.cltweb.org\\\/fr\\\/terra-nostra-press\\\/catalogue\\\/pourquoi-lassociation-des-communes-de-montagne\\\/#primaryimage\",\"url\":\"https:\\\/\\\/www.cltweb.org\\\/wp-content\\\/uploads\\\/2024\\\/10\\\/Porque-el-fideicomiso-cover.jpg\",\"contentUrl\":\"https:\\\/\\\/www.cltweb.org\\\/wp-content\\\/uploads\\\/2024\\\/10\\\/Porque-el-fideicomiso-cover.jpg\",\"width\":350,\"height\":499,\"caption\":\"Book cover for\"},{\"@type\":\"BreadcrumbList\",\"@id\":\"https:\\\/\\\/www.cltweb.org\\\/fr\\\/terra-nostra-press\\\/catalogue\\\/pourquoi-lassociation-des-communes-de-montagne\\\/#breadcrumb\",\"itemListElement\":[{\"@type\":\"ListItem\",\"position\":1,\"name\":\"Home\",\"item\":\"https:\\\/\\\/www.cltweb.org\\\/fr\\\/\"},{\"@type\":\"ListItem\",\"position\":2,\"name\":\"Terra Nostra Press\",\"item\":\"https:\\\/\\\/www.cltweb.org\\\/fr\\\/terra-nostra-press\\\/\"},{\"@type\":\"ListItem\",\"position\":3,\"name\":\"Catalogue\",\"item\":\"https:\\\/\\\/www.cltweb.org\\\/fr\\\/terra-nostra-press\\\/catalogue\\\/\"},{\"@type\":\"ListItem\",\"position\":4,\"name\":\"Pourquoi l&#8217;association des communes de montagne ?\"}]},{\"@type\":\"WebSite\",\"@id\":\"https:\\\/\\\/www.cltweb.org\\\/fr\\\/#website\",\"url\":\"https:\\\/\\\/www.cltweb.org\\\/fr\\\/\",\"name\":\"International Center for Community Land Trusts\",\"description\":\"\",\"publisher\":{\"@id\":\"https:\\\/\\\/www.cltweb.org\\\/fr\\\/#organization\"},\"potentialAction\":[{\"@type\":\"SearchAction\",\"target\":{\"@type\":\"EntryPoint\",\"urlTemplate\":\"https:\\\/\\\/www.cltweb.org\\\/fr\\\/?s={search_term_string}\"},\"query-input\":{\"@type\":\"PropertyValueSpecification\",\"valueRequired\":true,\"valueName\":\"search_term_string\"}}],\"inLanguage\":\"fr-FR\"},{\"@type\":\"Organization\",\"@id\":\"https:\\\/\\\/www.cltweb.org\\\/fr\\\/#organization\",\"name\":\"International Center for Community Land Trusts\",\"url\":\"https:\\\/\\\/www.cltweb.org\\\/fr\\\/\",\"logo\":{\"@type\":\"ImageObject\",\"inLanguage\":\"fr-FR\",\"@id\":\"https:\\\/\\\/www.cltweb.org\\\/fr\\\/#\\\/schema\\\/logo\\\/image\\\/\",\"url\":\"https:\\\/\\\/www.cltweb.org\\\/wp-content\\\/uploads\\\/2024\\\/11\\\/New-CLT-Center-Text-logo.png\",\"contentUrl\":\"https:\\\/\\\/www.cltweb.org\\\/wp-content\\\/uploads\\\/2024\\\/11\\\/New-CLT-Center-Text-logo.png\",\"width\":227,\"height\":80,\"caption\":\"International Center for Community Land Trusts\"},\"image\":{\"@id\":\"https:\\\/\\\/www.cltweb.org\\\/fr\\\/#\\\/schema\\\/logo\\\/image\\\/\"},\"sameAs\":[\"https:\\\/\\\/www.facebook.com\\\/cltcenter\",\"https:\\\/\\\/x.com\\\/Center4CLTs\",\"https:\\\/\\\/www.instagram.com\\\/cltcenter\\\/\",\"https:\\\/\\\/www.linkedin.com\\\/company\\\/cltcenter\",\"https:\\\/\\\/www.youtube.com\\\/@centerforcltinnovation5313\"],\"description\":\"The International Center for Community Land Trusts is a not-for-profit nongovernmental organization established in 2018 to promote and to support community land trusts and similar strategies of community-led development on community-owned land in countries throughout the world.\",\"email\":\"info@communitylandtrust.net\",\"legalName\":\"International Center for Community Land Trusts\",\"foundingDate\":\"2018-12-01\",\"taxID\":\"84-3858933\",\"numberOfEmployees\":{\"@type\":\"QuantitativeValue\",\"minValue\":\"1\",\"maxValue\":\"10\"}}]}<\/script>\n<!-- \/ Yoast SEO Premium plugin. -->","yoast_head_json":{"title":"Pourquoi l'association des communes de montagne ? - International Center for Community Land Trusts","robots":{"index":"index","follow":"follow","max-snippet":"max-snippet:-1","max-image-preview":"max-image-preview:large","max-video-preview":"max-video-preview:-1"},"canonical":"https:\/\/www.cltweb.org\/fr\/terra-nostra-press\/catalogue\/pourquoi-lassociation-des-communes-de-montagne\/","og_locale":"fr_FR","og_type":"article","og_title":"Pourquoi l'association des communes de montagne ?","og_description":"Disponible d\u00e8s maintenant dans toutes les r\u00e9gions du monde, 120 pages.Tapis dur ISBN 9781736275962 $14.50 USEBOOK ISBN 9781736275979 $5.00 US Des r\u00e9ductions sont disponibles sur les commandes en gros pour [&hellip;]","og_url":"https:\/\/www.cltweb.org\/fr\/terra-nostra-press\/catalogue\/pourquoi-lassociation-des-communes-de-montagne\/","og_site_name":"International Center for Community Land Trusts","article_publisher":"https:\/\/www.facebook.com\/cltcenter","article_modified_time":"2024-10-03T21:04:02+00:00","og_image":[{"width":350,"height":499,"url":"https:\/\/www.cltweb.org\/wp-content\/uploads\/2024\/10\/Porque-el-fideicomiso-cover.jpg","type":"image\/jpeg"}],"twitter_card":"summary_large_image","twitter_site":"@Center4CLTs","twitter_misc":{"Dur\u00e9e de lecture estim\u00e9e":"3 minutes"},"schema":{"@context":"https:\/\/schema.org","@graph":[{"@type":"WebPage","@id":"https:\/\/www.cltweb.org\/fr\/terra-nostra-press\/catalogue\/pourquoi-lassociation-des-communes-de-montagne\/","url":"https:\/\/www.cltweb.org\/fr\/terra-nostra-press\/catalogue\/pourquoi-lassociation-des-communes-de-montagne\/","name":"Pourquoi l'association des communes de montagne ? - International Center for Community Land Trusts","isPartOf":{"@id":"https:\/\/www.cltweb.org\/fr\/#website"},"primaryImageOfPage":{"@id":"https:\/\/www.cltweb.org\/fr\/terra-nostra-press\/catalogue\/pourquoi-lassociation-des-communes-de-montagne\/#primaryimage"},"image":{"@id":"https:\/\/www.cltweb.org\/fr\/terra-nostra-press\/catalogue\/pourquoi-lassociation-des-communes-de-montagne\/#primaryimage"},"thumbnailUrl":"https:\/\/www.cltweb.org\/wp-content\/uploads\/2024\/10\/Porque-el-fideicomiso-cover.jpg","datePublished":"2024-07-29T23:48:50+00:00","dateModified":"2024-10-03T21:04:02+00:00","breadcrumb":{"@id":"https:\/\/www.cltweb.org\/fr\/terra-nostra-press\/catalogue\/pourquoi-lassociation-des-communes-de-montagne\/#breadcrumb"},"inLanguage":"fr-FR","potentialAction":[{"@type":"ReadAction","target":["https:\/\/www.cltweb.org\/fr\/terra-nostra-press\/catalogue\/pourquoi-lassociation-des-communes-de-montagne\/"]}]},{"@type":"ImageObject","inLanguage":"fr-FR","@id":"https:\/\/www.cltweb.org\/fr\/terra-nostra-press\/catalogue\/pourquoi-lassociation-des-communes-de-montagne\/#primaryimage","url":"https:\/\/www.cltweb.org\/wp-content\/uploads\/2024\/10\/Porque-el-fideicomiso-cover.jpg","contentUrl":"https:\/\/www.cltweb.org\/wp-content\/uploads\/2024\/10\/Porque-el-fideicomiso-cover.jpg","width":350,"height":499,"caption":"Book cover for"},{"@type":"BreadcrumbList","@id":"https:\/\/www.cltweb.org\/fr\/terra-nostra-press\/catalogue\/pourquoi-lassociation-des-communes-de-montagne\/#breadcrumb","itemListElement":[{"@type":"ListItem","position":1,"name":"Home","item":"https:\/\/www.cltweb.org\/fr\/"},{"@type":"ListItem","position":2,"name":"Terra Nostra Press","item":"https:\/\/www.cltweb.org\/fr\/terra-nostra-press\/"},{"@type":"ListItem","position":3,"name":"Catalogue","item":"https:\/\/www.cltweb.org\/fr\/terra-nostra-press\/catalogue\/"},{"@type":"ListItem","position":4,"name":"Pourquoi l&#8217;association des communes de montagne ?"}]},{"@type":"WebSite","@id":"https:\/\/www.cltweb.org\/fr\/#website","url":"https:\/\/www.cltweb.org\/fr\/","name":"International Center for Community Land Trusts","description":"","publisher":{"@id":"https:\/\/www.cltweb.org\/fr\/#organization"},"potentialAction":[{"@type":"SearchAction","target":{"@type":"EntryPoint","urlTemplate":"https:\/\/www.cltweb.org\/fr\/?s={search_term_string}"},"query-input":{"@type":"PropertyValueSpecification","valueRequired":true,"valueName":"search_term_string"}}],"inLanguage":"fr-FR"},{"@type":"Organization","@id":"https:\/\/www.cltweb.org\/fr\/#organization","name":"International Center for Community Land Trusts","url":"https:\/\/www.cltweb.org\/fr\/","logo":{"@type":"ImageObject","inLanguage":"fr-FR","@id":"https:\/\/www.cltweb.org\/fr\/#\/schema\/logo\/image\/","url":"https:\/\/www.cltweb.org\/wp-content\/uploads\/2024\/11\/New-CLT-Center-Text-logo.png","contentUrl":"https:\/\/www.cltweb.org\/wp-content\/uploads\/2024\/11\/New-CLT-Center-Text-logo.png","width":227,"height":80,"caption":"International Center for Community Land Trusts"},"image":{"@id":"https:\/\/www.cltweb.org\/fr\/#\/schema\/logo\/image\/"},"sameAs":["https:\/\/www.facebook.com\/cltcenter","https:\/\/x.com\/Center4CLTs","https:\/\/www.instagram.com\/cltcenter\/","https:\/\/www.linkedin.com\/company\/cltcenter","https:\/\/www.youtube.com\/@centerforcltinnovation5313"],"description":"The International Center for Community Land Trusts is a not-for-profit nongovernmental organization established in 2018 to promote and to support community land trusts and similar strategies of community-led development on community-owned land in countries throughout the world.","email":"info@communitylandtrust.net","legalName":"International Center for Community Land Trusts","foundingDate":"2018-12-01","taxID":"84-3858933","numberOfEmployees":{"@type":"QuantitativeValue","minValue":"1","maxValue":"10"}}]}},"campaignId":"","taxonomy_info":{"category":[{"value":119,"label":"Catalogue"}]},"featured_image_src_large":["https:\/\/www.cltweb.org\/wp-content\/uploads\/2024\/10\/Porque-el-fideicomiso-cover.jpg",350,499,false],"author_info":{"display_name":"cltredesign_0jp0l4","author_link":"https:\/\/www.cltweb.org\/fr\/author\/cltredesign_0jp0l4\/"},"comment_info":0,"jetpack_sharing_enabled":true,"jetpack-related-posts":[{"id":9982,"url":"https:\/\/www.cltweb.org\/fr\/terra-nostra-press\/catalogue\/notre-terre-notre-lutte\/","url_meta":{"origin":1608,"position":0},"title":"Notre terre, notre survie","author":"cltredesign_0jp0l4","date":"20 octobre 2025","format":false,"excerpt":"NOUVELLE PUBLICATION (21 octobre 2025)Notre terre, notre survie Par Line Algoed PAPERBACK ISBN : 9798986177649 ($14.99 US) EBOOK ISBN : 9798986177656 ($9.99 US) 222 pages Dans Our Land, Our Survival, l'auteure Line Algoed explore le r\u00f4le vital des terres communales dans la protection des communaut\u00e9s et de l'environnement \u00e0 la\u2026","rel":"","context":"Dans &quot;Catalogue&quot;","block_context":{"text":"Catalogue","link":"https:\/\/www.cltweb.org\/fr\/category\/catalogue\/"},"img":{"alt_text":"Couverture de Our Land Our Struggle (Notre terre, notre lutte)","src":"https:\/\/i0.wp.com\/www.cltweb.org\/wp-content\/uploads\/2025\/10\/Cover-for-Our-Land-Our-Struggle-final.jpg?resize=350%2C200&ssl=1","width":350,"height":200,"srcset":"https:\/\/i0.wp.com\/www.cltweb.org\/wp-content\/uploads\/2025\/10\/Cover-for-Our-Land-Our-Struggle-final.jpg?resize=350%2C200&ssl=1 1x, https:\/\/i0.wp.com\/www.cltweb.org\/wp-content\/uploads\/2025\/10\/Cover-for-Our-Land-Our-Struggle-final.jpg?resize=525%2C300&ssl=1 1.5x, https:\/\/i0.wp.com\/www.cltweb.org\/wp-content\/uploads\/2025\/10\/Cover-for-Our-Land-Our-Struggle-final.jpg?resize=700%2C400&ssl=1 2x, https:\/\/i0.wp.com\/www.cltweb.org\/wp-content\/uploads\/2025\/10\/Cover-for-Our-Land-Our-Struggle-final.jpg?resize=1050%2C600&ssl=1 3x, https:\/\/i0.wp.com\/www.cltweb.org\/wp-content\/uploads\/2025\/10\/Cover-for-Our-Land-Our-Struggle-final.jpg?resize=1400%2C800&ssl=1 4x"},"classes":[]},{"id":1639,"url":"https:\/\/www.cltweb.org\/fr\/terra-nostra-press\/catalogue\/retisser-la-tapisserie-de-la-titularisation\/","url_meta":{"origin":1608,"position":1},"title":"Retisser la tapisserie de la titularisation","author":"cltredesign_0jp0l4","date":"29 juillet 2024","format":false,"excerpt":"Disponible d\u00e8s maintenant dans le monde entier, 250 pages.PAPERBACK ISBN 9798986177625 $19.50EBOOK ISBN 9798986177632 $9.99 US Les ONG peuvent b\u00e9n\u00e9ficier de remises sur les commandes en gros. Pour plus d'informations et pour passer votre commande, consultez notre page sur les commandes group\u00e9es. Retisser la tapisserie de la tenure : Huit\u2026","rel":"","context":"Dans &quot;Catalogue&quot;","block_context":{"text":"Catalogue","link":"https:\/\/www.cltweb.org\/fr\/category\/catalogue\/"},"img":{"alt_text":"Book cover for Tapestry of Tenure","src":"https:\/\/i0.wp.com\/www.cltweb.org\/wp-content\/uploads\/2024\/10\/Reweaving-Tapestry-cover-e1727990535752.jpg?resize=350%2C200&ssl=1","width":350,"height":200,"srcset":"https:\/\/i0.wp.com\/www.cltweb.org\/wp-content\/uploads\/2024\/10\/Reweaving-Tapestry-cover-e1727990535752.jpg?resize=350%2C200&ssl=1 1x, https:\/\/i0.wp.com\/www.cltweb.org\/wp-content\/uploads\/2024\/10\/Reweaving-Tapestry-cover-e1727990535752.jpg?resize=525%2C300&ssl=1 1.5x, https:\/\/i0.wp.com\/www.cltweb.org\/wp-content\/uploads\/2024\/10\/Reweaving-Tapestry-cover-e1727990535752.jpg?resize=700%2C400&ssl=1 2x"},"classes":[]},{"id":1618,"url":"https:\/\/www.cltweb.org\/fr\/terra-nostra-press\/catalogue\/pourquoi-des-fonds-fonciers-communautaires\/","url_meta":{"origin":1608,"position":2},"title":"Pourquoi des fonds fonciers communautaires ?","author":"cltredesign_0jp0l4","date":"29 juillet 2024","format":false,"excerpt":"Disponible d\u00e8s maintenant dans le monde entier, 110 pages.PAPERBACK ISBN 9781734403046 $12.50 USEBOOK ISBN 9781734403060 $5.00 US Les ONG peuvent b\u00e9n\u00e9ficier de remises sur les commandes en gros. Pour plus d'informations et pour passer votre commande, consultez notre page sur les commandes group\u00e9es. Pourquoi les Community Land Trusts : The\u2026","rel":"","context":"Dans &quot;Catalogue&quot;","block_context":{"text":"Catalogue","link":"https:\/\/www.cltweb.org\/fr\/category\/catalogue\/"},"img":{"alt_text":"Book cover for Why CLTs","src":"https:\/\/i0.wp.com\/www.cltweb.org\/wp-content\/uploads\/2024\/10\/Why-CLTs-cover.jpg?resize=350%2C200&ssl=1","width":350,"height":200,"srcset":"https:\/\/i0.wp.com\/www.cltweb.org\/wp-content\/uploads\/2024\/10\/Why-CLTs-cover.jpg?resize=350%2C200&ssl=1 1x, https:\/\/i0.wp.com\/www.cltweb.org\/wp-content\/uploads\/2024\/10\/Why-CLTs-cover.jpg?resize=525%2C300&ssl=1 1.5x, https:\/\/i0.wp.com\/www.cltweb.org\/wp-content\/uploads\/2024\/10\/Why-CLTs-cover.jpg?resize=700%2C400&ssl=1 2x, https:\/\/i0.wp.com\/www.cltweb.org\/wp-content\/uploads\/2024\/10\/Why-CLTs-cover.jpg?resize=1050%2C600&ssl=1 3x, https:\/\/i0.wp.com\/www.cltweb.org\/wp-content\/uploads\/2024\/10\/Why-CLTs-cover.jpg?resize=1400%2C800&ssl=1 4x"},"classes":[]},{"id":1589,"url":"https:\/\/www.cltweb.org\/fr\/terra-nostra-press\/catalogue\/fonds-fonciers-communautaires-et-etablissements-informels-dans-les-pays-du-sud\/","url_meta":{"origin":1608,"position":3},"title":"Fonds fonciers communautaires et \u00e9tablissements informels dans les pays du Sud","author":"cltredesign_0jp0l4","date":"29 juillet 2024","format":false,"excerpt":"Disponible d\u00e8s maintenant dans le monde entier, 158 pages.PAPERBACK ISBN 9781736275917 $15.00 USEBOOK ISBN 9781736275924 $5.00 US Les ONG peuvent b\u00e9n\u00e9ficier de remises sur les commandes en gros. Pour plus d'informations et pour passer votre commande, consultez notre page sur les commandes group\u00e9es. Fiducies fonci\u00e8res communautaires et \u00e9tablissements informels dans\u2026","rel":"","context":"Dans &quot;Catalogue&quot;","block_context":{"text":"Catalogue","link":"https:\/\/www.cltweb.org\/fr\/category\/catalogue\/"},"img":{"alt_text":"Global South Book Cover","src":"https:\/\/i0.wp.com\/www.cltweb.org\/wp-content\/uploads\/2024\/10\/Global-South-Cover.jpg?resize=350%2C200&ssl=1","width":350,"height":200,"srcset":"https:\/\/i0.wp.com\/www.cltweb.org\/wp-content\/uploads\/2024\/10\/Global-South-Cover.jpg?resize=350%2C200&ssl=1 1x, https:\/\/i0.wp.com\/www.cltweb.org\/wp-content\/uploads\/2024\/10\/Global-South-Cover.jpg?resize=525%2C300&ssl=1 1.5x, https:\/\/i0.wp.com\/www.cltweb.org\/wp-content\/uploads\/2024\/10\/Global-South-Cover.jpg?resize=700%2C400&ssl=1 2x, https:\/\/i0.wp.com\/www.cltweb.org\/wp-content\/uploads\/2024\/10\/Global-South-Cover.jpg?resize=1050%2C600&ssl=1 3x, https:\/\/i0.wp.com\/www.cltweb.org\/wp-content\/uploads\/2024\/10\/Global-South-Cover.jpg?resize=1400%2C800&ssl=1 4x"},"classes":[]},{"id":1598,"url":"https:\/\/www.cltweb.org\/fr\/terra-nostra-press\/catalogue\/applications-des-fonds-fonciers-communautaires-dans-les-quartiers-urbains\/","url_meta":{"origin":1608,"position":4},"title":"Applications des fonds fonciers communautaires dans les quartiers urbains","author":"cltredesign_0jp0l4","date":"29 juillet 2024","format":false,"excerpt":"Disponible d\u00e8s maintenant dans le monde entier, 110 pages.PAPERBACK ISBN 9781734403077 $15.00 USEBOOK ISBN 9781734403084 $5.00 US Les ONG peuvent b\u00e9n\u00e9ficier de remises sur les commandes en gros. Pour plus d'informations et pour passer votre commande, consultez notre page sur les commandes group\u00e9es. Les huit essais contenus dans cette monographie\u2026","rel":"","context":"Dans &quot;Catalogue&quot;","block_context":{"text":"Catalogue","link":"https:\/\/www.cltweb.org\/fr\/category\/catalogue\/"},"img":{"alt_text":"Book Cover for Urban Applications","src":"https:\/\/i0.wp.com\/www.cltweb.org\/wp-content\/uploads\/2024\/10\/Urban-Applications-Cover.jpg?resize=350%2C200&ssl=1","width":350,"height":200,"srcset":"https:\/\/i0.wp.com\/www.cltweb.org\/wp-content\/uploads\/2024\/10\/Urban-Applications-Cover.jpg?resize=350%2C200&ssl=1 1x, https:\/\/i0.wp.com\/www.cltweb.org\/wp-content\/uploads\/2024\/10\/Urban-Applications-Cover.jpg?resize=525%2C300&ssl=1 1.5x, https:\/\/i0.wp.com\/www.cltweb.org\/wp-content\/uploads\/2024\/10\/Urban-Applications-Cover.jpg?resize=700%2C400&ssl=1 2x, https:\/\/i0.wp.com\/www.cltweb.org\/wp-content\/uploads\/2024\/10\/Urban-Applications-Cover.jpg?resize=1050%2C600&ssl=1 3x, https:\/\/i0.wp.com\/www.cltweb.org\/wp-content\/uploads\/2024\/10\/Urban-Applications-Cover.jpg?resize=1400%2C800&ssl=1 4x"},"classes":[]},{"id":1599,"url":"https:\/\/www.cltweb.org\/fr\/terra-nostra-press\/catalogue\/linsecurite-de-la-propriete-de-la-terre-en-amerique-latine-et-dans-les-caraibes\/","url_meta":{"origin":1608,"position":5},"title":"L&#8217;ins\u00e9curit\u00e9 de la propri\u00e9t\u00e9 de la terre en Am\u00e9rique latine et dans les Cara\u00efbes","author":"cltredesign_0jp0l4","date":"29 juillet 2024","format":false,"excerpt":"Disponible d\u00e8s maintenant dans le monde entier, 120 pages.PAPERBACK ISBN 9781734403039 $12.50 USEBOOK ISBN 9781734403053 $5.00 US Les ONG peuvent b\u00e9n\u00e9ficier de remises sur les commandes en gros. Pour plus d'informations et pour passer votre commande, consultez notre page sur les commandes group\u00e9es. La inseguridad de la tenencia de la\u2026","rel":"","context":"Dans &quot;Catalogue&quot;","block_context":{"text":"Catalogue","link":"https:\/\/www.cltweb.org\/fr\/category\/catalogue\/"},"img":{"alt_text":"Book cover for ","src":"https:\/\/i0.wp.com\/www.cltweb.org\/wp-content\/uploads\/2024\/10\/La_inseguridad_cover.jpg?resize=350%2C200&ssl=1","width":350,"height":200,"srcset":"https:\/\/i0.wp.com\/www.cltweb.org\/wp-content\/uploads\/2024\/10\/La_inseguridad_cover.jpg?resize=350%2C200&ssl=1 1x, https:\/\/i0.wp.com\/www.cltweb.org\/wp-content\/uploads\/2024\/10\/La_inseguridad_cover.jpg?resize=525%2C300&ssl=1 1.5x, https:\/\/i0.wp.com\/www.cltweb.org\/wp-content\/uploads\/2024\/10\/La_inseguridad_cover.jpg?resize=700%2C400&ssl=1 2x, https:\/\/i0.wp.com\/www.cltweb.org\/wp-content\/uploads\/2024\/10\/La_inseguridad_cover.jpg?resize=1050%2C600&ssl=1 3x, https:\/\/i0.wp.com\/www.cltweb.org\/wp-content\/uploads\/2024\/10\/La_inseguridad_cover.jpg?resize=1400%2C800&ssl=1 4x"},"classes":[]}],"_links":{"self":[{"href":"https:\/\/www.cltweb.org\/fr\/wp-json\/wp\/v2\/pages\/1608","targetHints":{"allow":["GET"]}}],"collection":[{"href":"https:\/\/www.cltweb.org\/fr\/wp-json\/wp\/v2\/pages"}],"about":[{"href":"https:\/\/www.cltweb.org\/fr\/wp-json\/wp\/v2\/types\/page"}],"author":[{"embeddable":true,"href":"https:\/\/www.cltweb.org\/fr\/wp-json\/wp\/v2\/users\/1"}],"replies":[{"embeddable":true,"href":"https:\/\/www.cltweb.org\/fr\/wp-json\/wp\/v2\/comments?post=1608"}],"version-history":[{"count":2,"href":"https:\/\/www.cltweb.org\/fr\/wp-json\/wp\/v2\/pages\/1608\/revisions"}],"predecessor-version":[{"id":2614,"href":"https:\/\/www.cltweb.org\/fr\/wp-json\/wp\/v2\/pages\/1608\/revisions\/2614"}],"up":[{"embeddable":true,"href":"https:\/\/www.cltweb.org\/fr\/wp-json\/wp\/v2\/pages\/757"}],"wp:featuredmedia":[{"embeddable":true,"href":"https:\/\/www.cltweb.org\/fr\/wp-json\/wp\/v2\/media\/2582"}],"wp:attachment":[{"href":"https:\/\/www.cltweb.org\/fr\/wp-json\/wp\/v2\/media?parent=1608"}],"wp:term":[{"taxonomy":"category","embeddable":true,"href":"https:\/\/www.cltweb.org\/fr\/wp-json\/wp\/v2\/categories?post=1608"},{"taxonomy":"post_tag","embeddable":true,"href":"https:\/\/www.cltweb.org\/fr\/wp-json\/wp\/v2\/tags?post=1608"}],"curies":[{"name":"wp","href":"https:\/\/api.w.org\/{rel}","templated":true}]}}