{"id":1638,"date":"2024-07-29T23:46:46","date_gmt":"2024-07-29T23:46:46","guid":{"rendered":"https:\/\/www.cltweb.org\/terra-nostra-press\/catalogue\/en-terreno-comun-perspectivas-internacionales-sobre-los-fideicomisos-comunitarios-de-tierras\/"},"modified":"2025-01-02T20:49:07","modified_gmt":"2025-01-02T20:49:07","slug":"en-terreno-comun-perspectivas-internacionales-sobre-los-fideicomisos-comunitarios-de-tierras","status":"publish","type":"page","link":"https:\/\/www.cltweb.org\/fr\/terra-nostra-press\/catalogue\/en-terreno-comun-perspectivas-internacionales-sobre-los-fideicomisos-comunitarios-de-tierras\/","title":{"rendered":"En territoire commun"},"content":{"rendered":"\n<div class=\"wp-block-columns is-layout-flex wp-container-core-columns-is-layout-28f84493 wp-block-columns-is-layout-flex\">\n<div class=\"wp-block-column is-layout-flow wp-block-column-is-layout-flow\" style=\"flex-basis:30%\"><style>.kb-image489_db60bf-2a .kb-image-has-overlay:after{opacity:0.3;}<\/style>\n<figure class=\"wp-block-kadence-image kb-image489_db60bf-2a size-full\"><img loading=\"lazy\" decoding=\"async\" width=\"350\" height=\"500\" src=\"https:\/\/www.cltweb.org\/wp-content\/uploads\/2024\/10\/En-terreno-comun-cover.jpg\" alt=\"Couverture pour en terreno comun\" class=\"kb-img wp-image-2457\" srcset=\"https:\/\/www.cltweb.org\/wp-content\/uploads\/2024\/10\/En-terreno-comun-cover.jpg 350w, https:\/\/www.cltweb.org\/wp-content\/uploads\/2024\/10\/En-terreno-comun-cover-210x300.jpg 210w\" sizes=\"auto, (max-width: 350px) 100vw, 350px\" \/><\/figure>\n<\/div>\n\n\n\n<div class=\"wp-block-column is-layout-flow wp-block-column-is-layout-flow\" style=\"flex-basis:70%\">\n<p><strong><em>En terreno com\u00fan : Perspectivas internacionales sobre los fideicomisos comunitarios de tierras<\/em><\/strong> L&#8217;habitat repr\u00e9sente plus qu&#8217;un lieu de vie. L&#8217;habitat digne est n\u00e9cessaire \u00e0 l&#8217;exercice des droits fondamentaux tels que la sant\u00e9 et l&#8217;\u00e9ducation. Le th\u00e8me de la propri\u00e9t\u00e9 de la terre est li\u00e9 \u00e0 celui de la vie. \u00c0 l&#8217;aube du 21e si\u00e8cle, des millions de personnes vivent dans des asentamientos informels et ont besoin d&#8217;un logement digne. Ce livre explore le d\u00e9veloppement mondial des communaut\u00e9s de la terre et montre comment cette forme de propri\u00e9t\u00e9 collective de la terre, associ\u00e9e \u00e0 un mode de vie durable, a permis de fournir des logements dignes \u00e0 des familles aux revenus modestes ou moyens. Cinq \u00e9tudes d&#8217;auteurs d&#8217;un certain nombre de pays t\u00e9moignent de cette \u00e9volution et de la participation des communaut\u00e9s pour que les fid\u00e9icommis r\u00e9pondent \u00e0 leurs besoins sp\u00e9cifiques.     <\/p>\n\n\n\n<p><strong>Disponible aujourd&#8217;hui dans tous les pays du monde<\/strong><br\/>495 pages, 70 illustrations, index<\/p>\n\n\n\n<p>Tapa dura ISBN 9781736275931 $46.00<br\/>Carpeta dura ISBN 9781736275948 $28.75 US<br\/>Ebook ISBN 9781736275955 $15.00<\/p>\n\n\n\n<p><strong>Des r\u00e9ductions sont disponibles sur les commandes en gros pour les ONG. <\/strong>Pour plus d&#8217;informations et pour commander, visitez notre page de commandes <a href=\"https:\/\/www.cltweb.org\/fr\/terra-nostra-press\/commandes-en-gros\/\" data-type=\"page\" data-id=\"532\"> en gros (Bulk Orders<\/a>).<\/p>\n\n\n\n<ul class=\"wp-block-list\">\n<li><a href=\"https:\/\/www.amazon.com\/terreno-com%C3%BAn-Perspectivas-internacionales-fideicomisos\/dp\/1736275941\/ref=sr_1_1?dchild=1&amp;keywords=En+terreno+com%C3%BAn&amp;qid=1627335147&amp;sr=8-1\">Amazon<\/a><\/li>\n\n\n\n<li><a href=\"https:\/\/www.barnesandnoble.com\/w\/en-terreno-com-n-john-emmeus-davis\/1139703873?ean=9781736275955\">Barnes et Noble<\/a><\/li>\n\n\n\n<li><a href=\"https:\/\/blackwells.co.uk\/bookshop\/product\/En-terreno-comn-Perspectivas-internacionales-sobre-los-fideicomisos-comunitarios-de-tierras-by-Davis-John-Emmeus\/9781736275948\">Blackwell&#8217;s<\/a><\/li>\n\n\n\n<li><a href=\"https:\/\/bookshop.org\/p\/books\/on-common-ground-international-perspectives-on-the-community-land-trust-john-emmeus-davis\/14809301?ean=9781734403022\">Librairie<\/a><\/li>\n\n\n\n<li><a href=\"https:\/\/www.indiebound.org\/book\/9781736275948\">IndieBound<\/a><\/li>\n<\/ul>\n<\/div>\n<\/div>\n<style>.wp-block-kadence-spacer.kt-block-spacer-489_feeba0-3e .kt-block-spacer{height:20px;}.wp-block-kadence-spacer.kt-block-spacer-489_feeba0-3e .kt-divider{border-top-width:1px;height:1px;border-top-color:var(--theme-palette-color-4, #192a3d);width:80%;border-top-style:solid;}<\/style>\n<div class=\"wp-block-kadence-spacer aligncenter kt-block-spacer-489_feeba0-3e\"><div class=\"kt-block-spacer kt-block-spacer-halign-center\"><hr class=\"kt-divider\"\/><\/div><\/div>\n\n<p class=\"has-text-align-center\"><strong>&#8221; Les leaders visionnaires, les communaut\u00e9s et les organisations pr\u00e9sent\u00e9s dans ce livre sont \u00e0 la pointe d&#8217;un mouvement national et mondial plus large visant \u00e0 recalibrer la relation entre les gouvernements et les march\u00e9s en mati\u00e8re de politique de logement et de d\u00e9veloppement&#8221;.<\/strong><\/p>\n\n<p class=\"has-text-align-center\"><strong>JERRY MALDONADO, Fondation Ford (extrait de l&#8217;avant-propos)<\/strong><\/p>\n<style>.wp-block-kadence-spacer.kt-block-spacer-489_d32767-3a .kt-block-spacer{height:20px;}.wp-block-kadence-spacer.kt-block-spacer-489_d32767-3a .kt-divider{border-top-width:1px;height:1px;border-top-color:var(--theme-palette-color-4, #192a3d);width:80%;border-top-style:solid;}<\/style>\n<div class=\"wp-block-kadence-spacer aligncenter kt-block-spacer-489_d32767-3a\"><div class=\"kt-block-spacer kt-block-spacer-halign-center\"><hr class=\"kt-divider\"\/><\/div><\/div>\n<style>.kt-accordion-id489_da483f-85 .kt-accordion-inner-wrap{column-gap:var(--global-kb-gap-md, 2rem);row-gap:8px;}.kt-accordion-id489_da483f-85 .kt-accordion-panel-inner{padding-top:var(--global-kb-spacing-sm, 1.5rem);padding-right:var(--global-kb-spacing-sm, 1.5rem);padding-bottom:var(--global-kb-spacing-sm, 1.5rem);padding-left:var(--global-kb-spacing-sm, 1.5rem);}.kt-accordion-id489_da483f-85 > .kt-accordion-inner-wrap > .wp-block-kadence-pane > .kt-accordion-header-wrap > .kt-blocks-accordion-header{font-weight:bold;padding-top:var(--global-kb-spacing-xxs, 0.5rem);padding-right:var(--global-kb-spacing-xs, 1rem);padding-bottom:var(--global-kb-spacing-xxs, 0.5rem);padding-left:var(--global-kb-spacing-xs, 1rem);}@media all and (max-width: 767px){.kt-accordion-id489_da483f-85 .kt-accordion-inner-wrap{display:block;}.kt-accordion-id489_da483f-85 .kt-accordion-inner-wrap .kt-accordion-pane:not(:first-child){margin-top:8px;}}<\/style>\n<div class=\"wp-block-kadence-accordion alignnone\"><div class=\"kt-accordion-wrap kt-accordion-id489_da483f-85 kt-accordion-has-4-panes kt-active-pane-0 kt-accordion-block kt-pane-header-alignment-left kt-accodion-icon-style-basic kt-accodion-icon-side-right\" style=\"max-width:none\"><div class=\"kt-accordion-inner-wrap\" data-allow-multiple-open=\"false\" data-start-open=\"none\">\n<div class=\"wp-block-kadence-pane kt-accordion-pane kt-accordion-pane-1 kt-pane489_6b1ad0-87\"><div class=\"kt-accordion-header-wrap\"><button class=\"kt-blocks-accordion-header kt-acccordion-button-label-show\"><span class=\"kt-blocks-accordion-title-wrap\"><span class=\"kt-blocks-accordion-title\">Description du livre<\/span><\/span><span class=\"kt-blocks-accordion-icon-trigger\"><\/span><\/button><\/div><div class=\"kt-accordion-panel kt-accordion-panel-hidden\"><div class=\"kt-accordion-panel-inner\">\n<p>La Vivienda repr\u00e9sente plus qu&#8217;une technologie en dessous de laquelle on peut vivre. La dignit\u00e9 de l&#8217;habitat est n\u00e9cessaire \u00e0 l&#8217;exercice des droits fondamentaux que sont la sant\u00e9 et l&#8217;\u00e9ducation. Le th\u00e8me de la propri\u00e9t\u00e9 de la terre est au c\u0153ur de la vie quotidienne. \u00c0 l&#8217;aube du 21e si\u00e8cle, des millions de personnes vivent dans des asentamientos informels et se soucient de leur sort. Ce livre explore le d\u00e9veloppement mondial des communaut\u00e9s de terre et montre comment cette forme de propri\u00e9t\u00e9 collective de la terre et de subsistance accessible \u00e0 perp\u00e9tuit\u00e9 a permis de fournir des logements dignes aux familles \u00e0 revenus modestes et moyens. Cinq \u00e9tudes d&#8217;auteurs d&#8217;un certain nombre de pays t\u00e9moignent de cette \u00e9volution et de la participation des communaut\u00e9s pour que les fideicomisos r\u00e9pondent \u00e0 leurs besoins sp\u00e9cifiques.<\/p>\n<\/div><\/div><\/div>\n\n\n\n<div class=\"wp-block-kadence-pane kt-accordion-pane kt-accordion-pane-2 kt-pane489_b07b22-ec\"><div class=\"kt-accordion-header-wrap\"><button class=\"kt-blocks-accordion-header kt-acccordion-button-label-show\"><span class=\"kt-blocks-accordion-title-wrap\"><span class=\"kt-blocks-accordion-title\">Table des mati\u00e8res<\/span><\/span><span class=\"kt-blocks-accordion-icon-trigger\"><\/span><\/button><\/div><div class=\"kt-accordion-panel kt-accordion-panel-hidden\"><div class=\"kt-accordion-panel-inner\">\n<p><strong>Figuras<\/strong><\/p>\n\n\n\n<p><strong>Pr\u00e9face :<\/strong> Jerry Maldonado, Fundaci\u00f3n Ford ; David Ireland, World Habitat ;<\/p>\n\n\n\n<p><strong>Introduction :<\/strong> En terrain connu<\/p>\n\n\n\n<p><strong>I. Id\u00e9es brillantes : Un an\u00e1lisis del diverso escenario de los terrenos comunes : estructuras, estrategias y justificaciones<\/strong><\/p>\n\n\n\n<p>1. En la tierra confiamos : caracter\u00edsticas clave y variantes comunes de los fideicomisos comunitarios de tierras en los Estados Unidos 2. Le jardin de la ville d&#8217;hier et de demain 3. Terrenos comunes : la tenencia comunitaria de la tierra como plataforma para el desarrollo equitativo y sostenible 4. L&#8217;argument en faveur de l&#8217;octroi de subventions aux collectivit\u00e9s locales sur tous les march\u00e9s, y compris ceux o\u00f9 la demande est faible 5. Les enjeux de la propri\u00e9t\u00e9 collective nouvellement acquise<\/p>\n\n\n\n<p><strong>II. Les r\u00e9seaux nationaux : Une \u00e9valuation de la prolif\u00e9ration et de la polarisation cruciale des fid\u00e9icomisos communautaires dans le nord du monde <\/strong><\/p>\n\n\n\n<p>6. Del modelo al movimiento : el crecimiento de los fideicomisos comunitarios de tierras en los Estados Unidos 7. L&#8217;origine et l&#8217;\u00e9volution des fid\u00e9icommis des zones urbaines au Canada 8. \u00a1El caos es positivo ! El origen y la evoluci\u00f3n del movimiento de los fideicomisos comunitarios de tierras en Inglaterra 9. M\u00e1s all\u00e1 de Inglaterra : el origen y la evoluci\u00f3n del movimiento de los fideicomisos comunitarios de tierras en Europa<\/p>\n\n\n\n<p><strong>III. S\u00e9minaires r\u00e9gionaux : Exploraci\u00f3n del potencial del desarrollo de fideicomisos comunitarios en el sur global<\/strong><\/p>\n\n\n\n<p>10. Propri\u00e9t\u00e9 collective de la terre en Am\u00e9rique latine et dans les Cara\u00efbes : histoire et pr\u00e9sent 11. Propagation des fid\u00e9icomisos comunitarios de tierras en Am\u00e9rique Latine et aux Cara\u00efbes : or\u00edgenes, logros y el Fideicomiso de la Tierra del Ca\u00f1o Mart\u00edn Pe\u00f1a como prueba de concepto 12. Los fideicomisos comunitarios de tierras en asentamientos informales : una adaptaci\u00f3n del modelo del Fideicomiso de la Tierra del Ca\u00f1o Mart\u00edn Pe\u00f1a en las favelas de R\u00edo de Janeiro, Brasil 13. La cr\u00e9ation d&#8217;un fideicomiso de tierras dans une r\u00e9gion hidrogr\u00e1fique du Honduras : profil de la Fundaci\u00f3n Eco Verde Sostenible 14. Propagaci\u00f3n de los fideicomisos comunitarios de tierras en \u00c1frica : lecciones de los primeros esfuerzos para establecer fideicomisos comunitarios en Kenia 15. L&#8217;origine et l&#8217;\u00e9volution du mod\u00e8le de solidarit\u00e9 communautaire des r\u00e9gions d&#8217;Asie du Sud<\/p>\n\n\n\n<p><strong>IV. Applications urbaines : Medici\u00f3n del progreso de fideicomisos comunitarios exitosos en ciudades seleccionadas <\/strong><\/p>\n\n\n\n<p>16. Defendamos lo nuestro, seamos due\u00f1os de la tierra El Dudley Neighbors Inc : un fideicomiso comunitario de tierras en Boston, Massachusetts 17. Tierras en fideicomiso para la agricultura urbana : hacia un modelo ampliable 18. Las mejores cosas en la vida son asequibles para siempre : perfil del Fideicomiso de Vivienda Champlain en Burlington, Vermont 19. Custodia de bienes ra\u00edces urbanos para beneficio de la comunidad a largo plazo : perfil de la corporaci\u00f3n Urban Land Conservancy en Denver, Colorado 20. Fideicomiso Comunitario de Tierras de Londres : une histoire de peuple, de pouvoir et de pers\u00e9v\u00e9rance 21. De grupo de presi\u00f3n a aliado gubernamental : la historia del Fideicomiso Comunitario de Tierras de Bruselas \/ Geert De Pauw y Nele Aernouts<\/p>\n\n\n\n<p><strong>V. Perspectives cruciales : Comment surmonter les difficult\u00e9s d&#8217;un environnement changeant<\/strong><\/p>\n\n\n\n<p>22. Le poids de la conscience dans une longue marche vers la justice sociale 23. Une r\u00e9flexion bio\u00e9thique sur les facteurs de risque communautaires dans les zones rurales 24. El control comunitario de la tierra : una reflexi\u00f3n que trasciende el fideicomiso comunitario de tierras gen\u00e9rico 25. C\u00f3mo preservar la generatividad urbana : la funci\u00f3n de los espacios porosos en proyectos de fideicomisos comunitarios de tierras 26. En la uni\u00f3n est\u00e1 la fuerza : la laboriosa y transformadora complejidad de combinar la comunidad, la tierra y la fiducia<\/p>\n\n\n\n<p><strong>Collaborateurs, indice<\/strong><\/p>\n<\/div><\/div><\/div>\n\n\n\n<div class=\"wp-block-kadence-pane kt-accordion-pane kt-accordion-pane-3 kt-pane489_11a33c-0e\"><div class=\"kt-accordion-header-wrap\"><button class=\"kt-blocks-accordion-header kt-acccordion-button-label-show\"><span class=\"kt-blocks-accordion-title-wrap\"><span class=\"kt-blocks-accordion-title\">Autores<\/span><\/span><span class=\"kt-blocks-accordion-icon-trigger\"><\/span><\/button><\/div><div class=\"kt-accordion-panel kt-accordion-panel-hidden\"><div class=\"kt-accordion-panel-inner\">\n<div class=\"wp-block-columns is-layout-flex wp-container-core-columns-is-layout-28f84493 wp-block-columns-is-layout-flex\">\n<div class=\"wp-block-column is-layout-flow wp-block-column-is-layout-flow\">\n<p>Nele Aernouts<br\/>Line Algoed (co-r\u00e9dactrice)<br\/>Tom Archer<br\/>Pierre Arnold<br\/>Joshua Barndt<br\/>Ellen Bassett<br\/>Susannah Bunce<br\/>Yves Cabannes<br\/>John Emmeus Davis (co-\u00e9diteur)<br\/>Lyvia Rodr\u00edguez Del Valle<br\/>Geert De Pauw<br\/>Joaqu\u00edn de Santos<br\/>Jer\u00f3nimo D\u00edaz<br\/>Nate Ela<br\/>Alan Gottlieb<br\/>Catherine Harrington<br\/>Arif Hasan<br\/>Mar\u00eda E. Hern\u00e1ndez-Torrales (co-r\u00e9dacteur)<br\/>Tony Hernandez<br\/>Stephen Hill<br\/>David Ireland<\/p>\n<\/div>\n\n\n\n<div class=\"wp-block-column is-layout-flow wp-block-column-is-layout-flow\">\n<p>Steve King<br\/>Verena Lenna<br\/>Jerry Maldonado<br\/>Emmanuel Midheme<br\/>Aaron Miripol<br\/>Tony Pickett<br\/>Tarcyla Fidalgo Ribeiro<br\/>Greg Rosenberg<br\/>Philip Ross<br\/>Hannah Sholder<br\/>Claire Simonneau<br\/>Dave Smith<br\/>Harry Smith<br\/>Karla Torres Sueiro<br\/>Brenda Torpy<br\/>Kirby White<br\/>Nola White<br\/>Olivia R. Williams<br\/>Theresa Williamson<br\/>Liz Alden Wily<\/p>\n<\/div>\n<\/div>\n<\/div><\/div><\/div>\n\n\n\n<div class=\"wp-block-kadence-pane kt-accordion-pane kt-accordion-pane-4 kt-pane489_fea784-12\"><div class=\"kt-accordion-header-wrap\"><button class=\"kt-blocks-accordion-header kt-acccordion-button-label-show\"><span class=\"kt-blocks-accordion-title-wrap\"><span class=\"kt-blocks-accordion-title\">Biographies des \u00e9diteurs<\/span><\/span><span class=\"kt-blocks-accordion-icon-trigger\"><\/span><\/button><\/div><div class=\"kt-accordion-panel kt-accordion-panel-hidden\"><div class=\"kt-accordion-panel-inner\">\n<p><strong>John Emmeus Davis<\/strong>est l&#8217;un des fondateurs de Burlington Associates in Community Development, une coop\u00e9rative de conseil nationale. Il a \u00e9t\u00e9 directeur de logement \u00e0 Burlington, dans le Vermont, sous le mandat des \u00e9chevins Bernie Sanders et Peter Clavelle. Les questions communautaires des r\u00e9gions ont \u00e9t\u00e9 une partie importante de sa pratique professionnelle et de ses publications acad\u00e9miques pendant pr\u00e8s de vingt ans. Entre estas se encuentran &#8220;Contested Ground&#8221; (1991), &#8220;The Affordable City&#8221; (1994), &#8220;The City-CLT Partnership&#8221; (2008), &#8220;The Community Land Trust Reader&#8221; (2010) y &#8220;Manuel d&#8217;antisp\u00e9culation immobili\u00e8re&#8221; (2014). Il a \u00e9galement coproduit le film &#8220;Arc of Justice&#8221; et est codirecteur du Center for CLT Innovation. Il est titulaire d&#8217;une ma\u00eetrise en sciences et d&#8217;un doctorat de l&#8217;universit\u00e9 de Cornell.     <\/p>\n\n\n\n<p><strong>Line Algoed<\/strong> travaille comme chercheuse doctorale \u00e0 Cosmopolis, le centre de recherche urbaine de l&#8217;universit\u00e9 libre de Bruselas, et comme chercheuse associ\u00e9e \u00e0 l&#8217;Institut international d&#8217;\u00e9tudes sociales de La Haya. Elle travaille avec le Fideicomiso de la Tierra del Ca\u00f1o Mart\u00edn Pe\u00f1a dans le cadre d&#8217;\u00e9changes internationaux entre des communaut\u00e9s qui luttent pour leurs droits sur la terre. Elle est codirectrice du Center for CLT Innovation. Auparavant, Line a \u00e9t\u00e9 directrice du programme des prix mondiaux du logement de la Building and Social Housing Foundation (aujourd&#8217;hui World Habitat). Elle est titulaire d&#8217;une ma\u00eetrise en anthropologie culturelle de l&#8217;universit\u00e9 de Leiden et d&#8217;une ma\u00eetrise en sociologie de la London School of Economics.    <\/p>\n\n\n\n<p><strong>La Lcda. Mar\u00eda E. Hern\u00e1ndez Torrales <\/strong>  est titulaire d&#8217;une ma\u00eetrise en droit de l&#8217;environnement de l&#8217;\u00c9cole de droit du Vermont et d&#8217;une ma\u00eetrise en \u00e9ducation entrepreneuriale de l&#8217;Universit\u00e9 de New York. Il a \u00e9tudi\u00e9 le baccalaur\u00e9at et le dipl\u00f4me de Juris Doctor \u00e0 l&#8217;universit\u00e9 de Porto Rico. Depuis 2005, Mme Hern\u00e1ndez-Torrales a effectu\u00e9 des travaux juridiques \u00e0 titre gracieux pour le projet ENLACE et pour le Fideicomiso de la Tierra del Ca\u00f1o Mart\u00edn Pe\u00f1a. Depuis 2008, elle est avocate et professeure de droit \u00e0 l&#8217;\u00c9cole de droit de l&#8217;Universit\u00e9 de Porto Rico, o\u00f9 elle enseigne la clinique de d\u00e9veloppement \u00e9conomique communautaire.   <\/p>\n<\/div><\/div><\/div>\n<\/div><\/div><\/div>\n","protected":false},"excerpt":{"rendered":"<p>En terreno com\u00fan : Perspectivas internacionales sobre los fideicomisos comunitarios de tierras L&#8217;habitat repr\u00e9sente plus qu&#8217;un lieu de vie. L&#8217;habitat digne est n\u00e9cessaire \u00e0 l&#8217;exercice des droits fondamentaux tels que [&hellip;]<\/p>\n","protected":false},"author":1,"featured_media":2459,"parent":757,"menu_order":0,"comment_status":"closed","ping_status":"closed","template":"","meta":{"give_campaign_id":0,"_tec_requires_first_save":true,"_kad_blocks_custom_css":"","_kad_blocks_head_custom_js":"","_kad_blocks_body_custom_js":"","_kad_blocks_footer_custom_js":"","_EventAllDay":false,"_EventTimezone":"","_EventStartDate":"","_EventEndDate":"","_EventStartDateUTC":"","_EventEndDateUTC":"","_EventShowMap":false,"_EventShowMapLink":false,"_EventURL":"","_EventCost":"","_EventCostDescription":"","_EventCurrencySymbol":"","_EventCurrencyCode":"","_EventCurrencyPosition":"","_EventDateTimeSeparator":"","_EventTimeRangeSeparator":"","_EventOrganizerID":[],"_EventVenueID":[],"_OrganizerEmail":"","_OrganizerPhone":"","_OrganizerWebsite":"","_VenueAddress":"","_VenueCity":"","_VenueCountry":"","_VenueProvince":"","_VenueState":"","_VenueZip":"","_VenuePhone":"","_VenueURL":"","_VenueStateProvince":"","_VenueLat":"","_VenueLng":"","_VenueShowMap":false,"_VenueShowMapLink":false,"_tribe_blocks_recurrence_rules":"","_tribe_blocks_recurrence_description":"","_tribe_blocks_recurrence_exclusions":"","footnotes":""},"categories":[119],"tags":[],"class_list":["post-1638","page","type-page","status-publish","has-post-thumbnail","hentry","category-catalogue"],"blocksy_meta":[],"yoast_head":"<!-- This site is optimized with the Yoast SEO Premium plugin v27.5 (Yoast SEO v27.5) - https:\/\/yoast.com\/product\/yoast-seo-premium-wordpress\/ -->\n<title>En territoire commun - International Center for Community Land Trusts<\/title>\n<meta name=\"robots\" content=\"index, follow, max-snippet:-1, max-image-preview:large, max-video-preview:-1\" \/>\n<link rel=\"canonical\" href=\"https:\/\/www.cltweb.org\/fr\/terra-nostra-press\/catalogue\/en-terreno-comun-perspectivas-internacionales-sobre-los-fideicomisos-comunitarios-de-tierras\/\" \/>\n<meta property=\"og:locale\" content=\"fr_FR\" \/>\n<meta property=\"og:type\" content=\"article\" \/>\n<meta property=\"og:title\" content=\"En territoire commun\" \/>\n<meta property=\"og:description\" content=\"En terreno com\u00fan : Perspectivas internacionales sobre los fideicomisos comunitarios de tierras L&#8217;habitat repr\u00e9sente plus qu&#8217;un lieu de vie. L&#8217;habitat digne est n\u00e9cessaire \u00e0 l&#8217;exercice des droits fondamentaux tels que [&hellip;]\" \/>\n<meta property=\"og:url\" content=\"https:\/\/www.cltweb.org\/fr\/terra-nostra-press\/catalogue\/en-terreno-comun-perspectivas-internacionales-sobre-los-fideicomisos-comunitarios-de-tierras\/\" \/>\n<meta property=\"og:site_name\" content=\"International Center for Community Land Trusts\" \/>\n<meta property=\"article:publisher\" content=\"https:\/\/www.facebook.com\/cltcenter\" \/>\n<meta property=\"article:modified_time\" content=\"2025-01-02T20:49:07+00:00\" \/>\n<meta property=\"og:image\" content=\"https:\/\/www.cltweb.org\/wp-content\/uploads\/2024\/10\/En-terreno-comun-cover.jpg\" \/>\n\t<meta property=\"og:image:width\" content=\"350\" \/>\n\t<meta property=\"og:image:height\" content=\"500\" \/>\n\t<meta property=\"og:image:type\" content=\"image\/jpeg\" \/>\n<meta name=\"twitter:card\" content=\"summary_large_image\" \/>\n<meta name=\"twitter:site\" content=\"@Center4CLTs\" \/>\n<meta name=\"twitter:label1\" content=\"Dur\u00e9e de lecture estim\u00e9e\" \/>\n\t<meta name=\"twitter:data1\" content=\"7 minutes\" \/>\n<script type=\"application\/ld+json\" class=\"yoast-schema-graph\">{\"@context\":\"https:\\\/\\\/schema.org\",\"@graph\":[{\"@type\":\"WebPage\",\"@id\":\"https:\\\/\\\/www.cltweb.org\\\/fr\\\/terra-nostra-press\\\/catalogue\\\/en-terreno-comun-perspectivas-internacionales-sobre-los-fideicomisos-comunitarios-de-tierras\\\/\",\"url\":\"https:\\\/\\\/www.cltweb.org\\\/fr\\\/terra-nostra-press\\\/catalogue\\\/en-terreno-comun-perspectivas-internacionales-sobre-los-fideicomisos-comunitarios-de-tierras\\\/\",\"name\":\"En territoire commun - International Center for Community Land Trusts\",\"isPartOf\":{\"@id\":\"https:\\\/\\\/www.cltweb.org\\\/fr\\\/#website\"},\"primaryImageOfPage\":{\"@id\":\"https:\\\/\\\/www.cltweb.org\\\/fr\\\/terra-nostra-press\\\/catalogue\\\/en-terreno-comun-perspectivas-internacionales-sobre-los-fideicomisos-comunitarios-de-tierras\\\/#primaryimage\"},\"image\":{\"@id\":\"https:\\\/\\\/www.cltweb.org\\\/fr\\\/terra-nostra-press\\\/catalogue\\\/en-terreno-comun-perspectivas-internacionales-sobre-los-fideicomisos-comunitarios-de-tierras\\\/#primaryimage\"},\"thumbnailUrl\":\"https:\\\/\\\/www.cltweb.org\\\/wp-content\\\/uploads\\\/2024\\\/10\\\/En-terreno-comun-cover.jpg\",\"datePublished\":\"2024-07-29T23:46:46+00:00\",\"dateModified\":\"2025-01-02T20:49:07+00:00\",\"breadcrumb\":{\"@id\":\"https:\\\/\\\/www.cltweb.org\\\/fr\\\/terra-nostra-press\\\/catalogue\\\/en-terreno-comun-perspectivas-internacionales-sobre-los-fideicomisos-comunitarios-de-tierras\\\/#breadcrumb\"},\"inLanguage\":\"fr-FR\",\"potentialAction\":[{\"@type\":\"ReadAction\",\"target\":[\"https:\\\/\\\/www.cltweb.org\\\/fr\\\/terra-nostra-press\\\/catalogue\\\/en-terreno-comun-perspectivas-internacionales-sobre-los-fideicomisos-comunitarios-de-tierras\\\/\"]}]},{\"@type\":\"ImageObject\",\"inLanguage\":\"fr-FR\",\"@id\":\"https:\\\/\\\/www.cltweb.org\\\/fr\\\/terra-nostra-press\\\/catalogue\\\/en-terreno-comun-perspectivas-internacionales-sobre-los-fideicomisos-comunitarios-de-tierras\\\/#primaryimage\",\"url\":\"https:\\\/\\\/www.cltweb.org\\\/wp-content\\\/uploads\\\/2024\\\/10\\\/En-terreno-comun-cover.jpg\",\"contentUrl\":\"https:\\\/\\\/www.cltweb.org\\\/wp-content\\\/uploads\\\/2024\\\/10\\\/En-terreno-comun-cover.jpg\",\"width\":350,\"height\":500,\"caption\":\"Cover for en terreno comun\"},{\"@type\":\"BreadcrumbList\",\"@id\":\"https:\\\/\\\/www.cltweb.org\\\/fr\\\/terra-nostra-press\\\/catalogue\\\/en-terreno-comun-perspectivas-internacionales-sobre-los-fideicomisos-comunitarios-de-tierras\\\/#breadcrumb\",\"itemListElement\":[{\"@type\":\"ListItem\",\"position\":1,\"name\":\"Home\",\"item\":\"https:\\\/\\\/www.cltweb.org\\\/fr\\\/\"},{\"@type\":\"ListItem\",\"position\":2,\"name\":\"Terra Nostra Press\",\"item\":\"https:\\\/\\\/www.cltweb.org\\\/fr\\\/terra-nostra-press\\\/\"},{\"@type\":\"ListItem\",\"position\":3,\"name\":\"Catalogue\",\"item\":\"https:\\\/\\\/www.cltweb.org\\\/fr\\\/terra-nostra-press\\\/catalogue\\\/\"},{\"@type\":\"ListItem\",\"position\":4,\"name\":\"En territoire commun\"}]},{\"@type\":\"WebSite\",\"@id\":\"https:\\\/\\\/www.cltweb.org\\\/fr\\\/#website\",\"url\":\"https:\\\/\\\/www.cltweb.org\\\/fr\\\/\",\"name\":\"International Center for Community Land Trusts\",\"description\":\"\",\"publisher\":{\"@id\":\"https:\\\/\\\/www.cltweb.org\\\/fr\\\/#organization\"},\"potentialAction\":[{\"@type\":\"SearchAction\",\"target\":{\"@type\":\"EntryPoint\",\"urlTemplate\":\"https:\\\/\\\/www.cltweb.org\\\/fr\\\/?s={search_term_string}\"},\"query-input\":{\"@type\":\"PropertyValueSpecification\",\"valueRequired\":true,\"valueName\":\"search_term_string\"}}],\"inLanguage\":\"fr-FR\"},{\"@type\":\"Organization\",\"@id\":\"https:\\\/\\\/www.cltweb.org\\\/fr\\\/#organization\",\"name\":\"International Center for Community Land Trusts\",\"url\":\"https:\\\/\\\/www.cltweb.org\\\/fr\\\/\",\"logo\":{\"@type\":\"ImageObject\",\"inLanguage\":\"fr-FR\",\"@id\":\"https:\\\/\\\/www.cltweb.org\\\/fr\\\/#\\\/schema\\\/logo\\\/image\\\/\",\"url\":\"https:\\\/\\\/www.cltweb.org\\\/wp-content\\\/uploads\\\/2024\\\/11\\\/New-CLT-Center-Text-logo.png\",\"contentUrl\":\"https:\\\/\\\/www.cltweb.org\\\/wp-content\\\/uploads\\\/2024\\\/11\\\/New-CLT-Center-Text-logo.png\",\"width\":227,\"height\":80,\"caption\":\"International Center for Community Land Trusts\"},\"image\":{\"@id\":\"https:\\\/\\\/www.cltweb.org\\\/fr\\\/#\\\/schema\\\/logo\\\/image\\\/\"},\"sameAs\":[\"https:\\\/\\\/www.facebook.com\\\/cltcenter\",\"https:\\\/\\\/x.com\\\/Center4CLTs\",\"https:\\\/\\\/www.instagram.com\\\/cltcenter\\\/\",\"https:\\\/\\\/www.linkedin.com\\\/company\\\/cltcenter\",\"https:\\\/\\\/www.youtube.com\\\/@centerforcltinnovation5313\"],\"description\":\"The International Center for Community Land Trusts is a not-for-profit nongovernmental organization established in 2018 to promote and to support community land trusts and similar strategies of community-led development on community-owned land in countries throughout the world.\",\"email\":\"info@communitylandtrust.net\",\"legalName\":\"International Center for Community Land Trusts\",\"foundingDate\":\"2018-12-01\",\"taxID\":\"84-3858933\",\"numberOfEmployees\":{\"@type\":\"QuantitativeValue\",\"minValue\":\"1\",\"maxValue\":\"10\"}}]}<\/script>\n<!-- \/ Yoast SEO Premium plugin. -->","yoast_head_json":{"title":"En territoire commun - International Center for Community Land Trusts","robots":{"index":"index","follow":"follow","max-snippet":"max-snippet:-1","max-image-preview":"max-image-preview:large","max-video-preview":"max-video-preview:-1"},"canonical":"https:\/\/www.cltweb.org\/fr\/terra-nostra-press\/catalogue\/en-terreno-comun-perspectivas-internacionales-sobre-los-fideicomisos-comunitarios-de-tierras\/","og_locale":"fr_FR","og_type":"article","og_title":"En territoire commun","og_description":"En terreno com\u00fan : Perspectivas internacionales sobre los fideicomisos comunitarios de tierras L&#8217;habitat repr\u00e9sente plus qu&#8217;un lieu de vie. L&#8217;habitat digne est n\u00e9cessaire \u00e0 l&#8217;exercice des droits fondamentaux tels que [&hellip;]","og_url":"https:\/\/www.cltweb.org\/fr\/terra-nostra-press\/catalogue\/en-terreno-comun-perspectivas-internacionales-sobre-los-fideicomisos-comunitarios-de-tierras\/","og_site_name":"International Center for Community Land Trusts","article_publisher":"https:\/\/www.facebook.com\/cltcenter","article_modified_time":"2025-01-02T20:49:07+00:00","og_image":[{"width":350,"height":500,"url":"https:\/\/www.cltweb.org\/wp-content\/uploads\/2024\/10\/En-terreno-comun-cover.jpg","type":"image\/jpeg"}],"twitter_card":"summary_large_image","twitter_site":"@Center4CLTs","twitter_misc":{"Dur\u00e9e de lecture estim\u00e9e":"7 minutes"},"schema":{"@context":"https:\/\/schema.org","@graph":[{"@type":"WebPage","@id":"https:\/\/www.cltweb.org\/fr\/terra-nostra-press\/catalogue\/en-terreno-comun-perspectivas-internacionales-sobre-los-fideicomisos-comunitarios-de-tierras\/","url":"https:\/\/www.cltweb.org\/fr\/terra-nostra-press\/catalogue\/en-terreno-comun-perspectivas-internacionales-sobre-los-fideicomisos-comunitarios-de-tierras\/","name":"En territoire commun - International Center for Community Land Trusts","isPartOf":{"@id":"https:\/\/www.cltweb.org\/fr\/#website"},"primaryImageOfPage":{"@id":"https:\/\/www.cltweb.org\/fr\/terra-nostra-press\/catalogue\/en-terreno-comun-perspectivas-internacionales-sobre-los-fideicomisos-comunitarios-de-tierras\/#primaryimage"},"image":{"@id":"https:\/\/www.cltweb.org\/fr\/terra-nostra-press\/catalogue\/en-terreno-comun-perspectivas-internacionales-sobre-los-fideicomisos-comunitarios-de-tierras\/#primaryimage"},"thumbnailUrl":"https:\/\/www.cltweb.org\/wp-content\/uploads\/2024\/10\/En-terreno-comun-cover.jpg","datePublished":"2024-07-29T23:46:46+00:00","dateModified":"2025-01-02T20:49:07+00:00","breadcrumb":{"@id":"https:\/\/www.cltweb.org\/fr\/terra-nostra-press\/catalogue\/en-terreno-comun-perspectivas-internacionales-sobre-los-fideicomisos-comunitarios-de-tierras\/#breadcrumb"},"inLanguage":"fr-FR","potentialAction":[{"@type":"ReadAction","target":["https:\/\/www.cltweb.org\/fr\/terra-nostra-press\/catalogue\/en-terreno-comun-perspectivas-internacionales-sobre-los-fideicomisos-comunitarios-de-tierras\/"]}]},{"@type":"ImageObject","inLanguage":"fr-FR","@id":"https:\/\/www.cltweb.org\/fr\/terra-nostra-press\/catalogue\/en-terreno-comun-perspectivas-internacionales-sobre-los-fideicomisos-comunitarios-de-tierras\/#primaryimage","url":"https:\/\/www.cltweb.org\/wp-content\/uploads\/2024\/10\/En-terreno-comun-cover.jpg","contentUrl":"https:\/\/www.cltweb.org\/wp-content\/uploads\/2024\/10\/En-terreno-comun-cover.jpg","width":350,"height":500,"caption":"Cover for en terreno comun"},{"@type":"BreadcrumbList","@id":"https:\/\/www.cltweb.org\/fr\/terra-nostra-press\/catalogue\/en-terreno-comun-perspectivas-internacionales-sobre-los-fideicomisos-comunitarios-de-tierras\/#breadcrumb","itemListElement":[{"@type":"ListItem","position":1,"name":"Home","item":"https:\/\/www.cltweb.org\/fr\/"},{"@type":"ListItem","position":2,"name":"Terra Nostra Press","item":"https:\/\/www.cltweb.org\/fr\/terra-nostra-press\/"},{"@type":"ListItem","position":3,"name":"Catalogue","item":"https:\/\/www.cltweb.org\/fr\/terra-nostra-press\/catalogue\/"},{"@type":"ListItem","position":4,"name":"En territoire commun"}]},{"@type":"WebSite","@id":"https:\/\/www.cltweb.org\/fr\/#website","url":"https:\/\/www.cltweb.org\/fr\/","name":"International Center for Community Land Trusts","description":"","publisher":{"@id":"https:\/\/www.cltweb.org\/fr\/#organization"},"potentialAction":[{"@type":"SearchAction","target":{"@type":"EntryPoint","urlTemplate":"https:\/\/www.cltweb.org\/fr\/?s={search_term_string}"},"query-input":{"@type":"PropertyValueSpecification","valueRequired":true,"valueName":"search_term_string"}}],"inLanguage":"fr-FR"},{"@type":"Organization","@id":"https:\/\/www.cltweb.org\/fr\/#organization","name":"International Center for Community Land Trusts","url":"https:\/\/www.cltweb.org\/fr\/","logo":{"@type":"ImageObject","inLanguage":"fr-FR","@id":"https:\/\/www.cltweb.org\/fr\/#\/schema\/logo\/image\/","url":"https:\/\/www.cltweb.org\/wp-content\/uploads\/2024\/11\/New-CLT-Center-Text-logo.png","contentUrl":"https:\/\/www.cltweb.org\/wp-content\/uploads\/2024\/11\/New-CLT-Center-Text-logo.png","width":227,"height":80,"caption":"International Center for Community Land Trusts"},"image":{"@id":"https:\/\/www.cltweb.org\/fr\/#\/schema\/logo\/image\/"},"sameAs":["https:\/\/www.facebook.com\/cltcenter","https:\/\/x.com\/Center4CLTs","https:\/\/www.instagram.com\/cltcenter\/","https:\/\/www.linkedin.com\/company\/cltcenter","https:\/\/www.youtube.com\/@centerforcltinnovation5313"],"description":"The International Center for Community Land Trusts is a not-for-profit nongovernmental organization established in 2018 to promote and to support community land trusts and similar strategies of community-led development on community-owned land in countries throughout the world.","email":"info@communitylandtrust.net","legalName":"International Center for Community Land Trusts","foundingDate":"2018-12-01","taxID":"84-3858933","numberOfEmployees":{"@type":"QuantitativeValue","minValue":"1","maxValue":"10"}}]}},"campaignId":"","taxonomy_info":{"category":[{"value":119,"label":"Catalogue"}]},"featured_image_src_large":["https:\/\/www.cltweb.org\/wp-content\/uploads\/2024\/10\/En-terreno-comun-cover.jpg",350,500,false],"author_info":{"display_name":"cltredesign_0jp0l4","author_link":"https:\/\/www.cltweb.org\/fr\/author\/cltredesign_0jp0l4\/"},"comment_info":0,"jetpack_sharing_enabled":true,"jetpack-related-posts":[{"id":1882,"url":"https:\/\/www.cltweb.org\/fr\/bibliotheque-de-ressources\/recherche-universitaire\/","url_meta":{"origin":1638,"position":0},"title":"Documents acad\u00e9miques","author":"cltredesign_0jp0l4","date":"26 juillet 2024","format":false,"excerpt":"Introduction de John Emmeus Davis L'un des principaux objectifs et programmes de l'International Center for Community Land Trusts est de \"cataloguer et diffuser les recherches universitaires et non universitaires\" sur les community land trusts et les strat\u00e9gies similaires de d\u00e9veloppement communautaire sur des terres appartenant \u00e0 la communaut\u00e9. Certaines de\u2026","rel":"","context":"Dans &quot;Biblioth\u00e8que de ressources&quot;","block_context":{"text":"Biblioth\u00e8que de ressources","link":"https:\/\/www.cltweb.org\/fr\/category\/bibliotheque-de-ressources\/"},"img":{"alt_text":"","src":"","width":0,"height":0},"classes":[]},{"id":3894,"url":"https:\/\/www.cltweb.org\/fr\/bibliotheque-de-ressources\/bibliographie\/bibliographie-internationale-clt-non-anglais\/","url_meta":{"origin":1638,"position":1},"title":"Bibliographie internationale CLT &#8211; Non-anglais","author":"cltredesign_0jp0l4","date":"19 octobre 2024","format":false,"excerpt":"Mise \u00e0 jour 7\/1\/24 Publications du CLT en espagnol Algoed, Line, Maria E. Hernandez Torrales, et Lyvia Rodriguez Del Valle. 2018. El Fideicomiso de la Tierra del Ca\u00f1o Mart\u00edn Pe\u00f1a instrumento notable de regularizaci\u00f3n de suelo en asentamientos informales. Document de travail. Cambridge, MA : Lincoln Institute of Land Policy.\u2026","rel":"","context":"Article similaire","block_context":{"text":"Article similaire","link":""},"img":{"alt_text":"","src":"","width":0,"height":0},"classes":[]},{"id":4497,"url":"https:\/\/www.cltweb.org\/fr\/bibliotheque-de-ressources\/interviews\/bob-swann-1973\/","url_meta":{"origin":1638,"position":2},"title":"Bob Swann (1973)","author":"cltredesign_0jp0l4","date":"22 octobre 2024","format":false,"excerpt":"Il s'agit de l'une des premi\u00e8res interviews donn\u00e9es par Bob Swann. Elle a \u00e9t\u00e9 publi\u00e9e dans le magazine Lifestyle ! Magazine, peu apr\u00e8s que lui et trois de ses coll\u00e8gues aient publi\u00e9 The Community Land Trust : A Guide to a New Model for Land Tenure in America, et peu\u2026","rel":"","context":"Dans &quot;Interviews&quot;","block_context":{"text":"Interviews","link":"https:\/\/www.cltweb.org\/fr\/category\/interviews-fr\/"},"img":{"alt_text":"","src":"","width":0,"height":0},"classes":[]},{"id":3956,"url":"https:\/\/www.cltweb.org\/fr\/bibliotheque-de-ressources\/etudes-de-cas-clt\/fonds-foncier-communautaire-dalbany\/","url_meta":{"origin":1638,"position":3},"title":"Fonds foncier communautaire d&#8217;Albany","author":"cltredesign_0jp0l4","date":"20 octobre 2024","format":false,"excerpt":"\u00c9tabli en 1987 (Albany, New York) Profil \u00e9tabli par Kirby White (2015) L'Albany Community Land Trust a \u00e9t\u00e9 lanc\u00e9 dans les ann\u00e9es 1980 gr\u00e2ce aux efforts de United Tenants of Albany (UTA), dont le personnel s'est int\u00e9ress\u00e9 aux mod\u00e8les de d\u00e9veloppement et de financement communautaires promus par l'Institute for Community\u2026","rel":"","context":"Dans &quot;\u00c9tudes de cas&quot;","block_context":{"text":"\u00c9tudes de cas","link":"https:\/\/www.cltweb.org\/fr\/category\/etudes-de-cas\/"},"img":{"alt_text":"","src":"","width":0,"height":0},"classes":[]},{"id":4025,"url":"https:\/\/www.cltweb.org\/fr\/bibliotheque-de-ressources\/etudes-de-cas-clt\/fonds-foncier-communautaire-dalbany-2\/","url_meta":{"origin":1638,"position":4},"title":"Fonds foncier communautaire d&#8217;Albany","author":"cltredesign_0jp0l4","date":"21 octobre 2024","format":false,"excerpt":"\u00c9tabli en 1987 (Albany, New York) Profil \u00e9tabli par Kirby White (2015) L'Albany Community Land Trust a \u00e9t\u00e9 lanc\u00e9 dans les ann\u00e9es 1980 gr\u00e2ce aux efforts de United Tenants of Albany (UTA), dont le personnel s'est int\u00e9ress\u00e9 aux mod\u00e8les de d\u00e9veloppement et de financement communautaires promus par l'Institute for Community\u2026","rel":"","context":"Article similaire","block_context":{"text":"Article similaire","link":""},"img":{"alt_text":"","src":"","width":0,"height":0},"classes":[]},{"id":3881,"url":"https:\/\/www.cltweb.org\/resources\/bibliography\/international-clt-bibliography-non-english\/","url_meta":{"origin":1638,"position":5},"title":"International CLT Bibliography &#8211; Non-English","author":"cltredesign_0jp0l4","date":"19 octobre 2024","format":false,"excerpt":"Updated 7\/1\/24 CLT Publications in Spanish Algoed, Line, Maria E. Hernandez Torrales, and Lyvia Rodriguez Del Valle. 2018. El Fideicomiso de la Tierra del Ca\u00f1o Mart\u00edn Pe\u00f1a instrumento notable de regularizaci\u00f3n de suelo en asentamientos informales. Documento de trabajo. Cambridge, MA: Lincoln Institute of Land Policy. Davis, John Emmeus, Line\u2026","rel":"","context":"Article similaire","block_context":{"text":"Article similaire","link":""},"img":{"alt_text":"","src":"","width":0,"height":0},"classes":[]}],"_links":{"self":[{"href":"https:\/\/www.cltweb.org\/fr\/wp-json\/wp\/v2\/pages\/1638","targetHints":{"allow":["GET"]}}],"collection":[{"href":"https:\/\/www.cltweb.org\/fr\/wp-json\/wp\/v2\/pages"}],"about":[{"href":"https:\/\/www.cltweb.org\/fr\/wp-json\/wp\/v2\/types\/page"}],"author":[{"embeddable":true,"href":"https:\/\/www.cltweb.org\/fr\/wp-json\/wp\/v2\/users\/1"}],"replies":[{"embeddable":true,"href":"https:\/\/www.cltweb.org\/fr\/wp-json\/wp\/v2\/comments?post=1638"}],"version-history":[{"count":8,"href":"https:\/\/www.cltweb.org\/fr\/wp-json\/wp\/v2\/pages\/1638\/revisions"}],"predecessor-version":[{"id":8377,"href":"https:\/\/www.cltweb.org\/fr\/wp-json\/wp\/v2\/pages\/1638\/revisions\/8377"}],"up":[{"embeddable":true,"href":"https:\/\/www.cltweb.org\/fr\/wp-json\/wp\/v2\/pages\/757"}],"wp:featuredmedia":[{"embeddable":true,"href":"https:\/\/www.cltweb.org\/fr\/wp-json\/wp\/v2\/media\/2459"}],"wp:attachment":[{"href":"https:\/\/www.cltweb.org\/fr\/wp-json\/wp\/v2\/media?parent=1638"}],"wp:term":[{"taxonomy":"category","embeddable":true,"href":"https:\/\/www.cltweb.org\/fr\/wp-json\/wp\/v2\/categories?post=1638"},{"taxonomy":"post_tag","embeddable":true,"href":"https:\/\/www.cltweb.org\/fr\/wp-json\/wp\/v2\/tags?post=1638"}],"curies":[{"name":"wp","href":"https:\/\/api.w.org\/{rel}","templated":true}]}}