{"id":1881,"date":"2024-07-26T19:58:04","date_gmt":"2024-07-26T19:58:04","guid":{"rendered":"https:\/\/www.cltweb.org\/galeries-photos\/"},"modified":"2024-11-02T18:51:00","modified_gmt":"2024-11-02T18:51:00","slug":"galeries-photos","status":"publish","type":"page","link":"https:\/\/www.cltweb.org\/fr\/bibliotheque-de-ressources\/histoire-du-mouvement-clt\/galeries-photos\/","title":{"rendered":"Galeries photos"},"content":{"rendered":"","protected":false},"excerpt":{"rendered":"","protected":false},"author":1,"featured_media":0,"parent":1995,"menu_order":0,"comment_status":"closed","ping_status":"closed","template":"","meta":{"give_campaign_id":0,"_tec_requires_first_save":true,"_kad_blocks_custom_css":"","_kad_blocks_head_custom_js":"","_kad_blocks_body_custom_js":"","_kad_blocks_footer_custom_js":"","_EventAllDay":false,"_EventTimezone":"","_EventStartDate":"","_EventEndDate":"","_EventStartDateUTC":"","_EventEndDateUTC":"","_EventShowMap":false,"_EventShowMapLink":false,"_EventURL":"","_EventCost":"","_EventCostDescription":"","_EventCurrencySymbol":"","_EventCurrencyCode":"","_EventCurrencyPosition":"","_EventDateTimeSeparator":"","_EventTimeRangeSeparator":"","_EventOrganizerID":[],"_EventVenueID":[],"_OrganizerEmail":"","_OrganizerPhone":"","_OrganizerWebsite":"","_VenueAddress":"","_VenueCity":"","_VenueCountry":"","_VenueProvince":"","_VenueState":"","_VenueZip":"","_VenuePhone":"","_VenueURL":"","_VenueStateProvince":"","_VenueLat":"","_VenueLng":"","_VenueShowMap":false,"_VenueShowMapLink":false,"_tribe_blocks_recurrence_rules":"","_tribe_blocks_recurrence_description":"","_tribe_blocks_recurrence_exclusions":"","footnotes":""},"categories":[],"tags":[],"class_list":["post-1881","page","type-page","status-publish","hentry"],"blocksy_meta":[],"yoast_head":"<!-- This site is optimized with the Yoast SEO Premium plugin v27.5 (Yoast SEO v27.5) - https:\/\/yoast.com\/product\/yoast-seo-premium-wordpress\/ -->\n<title>Galeries photos - International Center for Community Land Trusts<\/title>\n<meta name=\"robots\" content=\"index, follow, max-snippet:-1, max-image-preview:large, max-video-preview:-1\" \/>\n<link rel=\"canonical\" href=\"https:\/\/www.cltweb.org\/fr\/bibliotheque-de-ressources\/histoire-du-mouvement-clt\/galeries-photos\/\" \/>\n<meta property=\"og:locale\" content=\"fr_FR\" \/>\n<meta property=\"og:type\" content=\"article\" \/>\n<meta property=\"og:title\" content=\"Galeries photos\" \/>\n<meta property=\"og:url\" content=\"https:\/\/www.cltweb.org\/fr\/bibliotheque-de-ressources\/histoire-du-mouvement-clt\/galeries-photos\/\" \/>\n<meta property=\"og:site_name\" content=\"International Center for Community Land Trusts\" \/>\n<meta property=\"article:publisher\" content=\"https:\/\/www.facebook.com\/cltcenter\" \/>\n<meta property=\"article:modified_time\" content=\"2024-11-02T18:51:00+00:00\" \/>\n<meta name=\"twitter:card\" content=\"summary_large_image\" \/>\n<meta name=\"twitter:site\" content=\"@Center4CLTs\" \/>\n<script type=\"application\/ld+json\" class=\"yoast-schema-graph\">{\"@context\":\"https:\\\/\\\/schema.org\",\"@graph\":[{\"@type\":\"WebPage\",\"@id\":\"https:\\\/\\\/www.cltweb.org\\\/fr\\\/bibliotheque-de-ressources\\\/histoire-du-mouvement-clt\\\/galeries-photos\\\/\",\"url\":\"https:\\\/\\\/www.cltweb.org\\\/fr\\\/bibliotheque-de-ressources\\\/histoire-du-mouvement-clt\\\/galeries-photos\\\/\",\"name\":\"Galeries photos - International Center for Community Land Trusts\",\"isPartOf\":{\"@id\":\"https:\\\/\\\/www.cltweb.org\\\/fr\\\/#website\"},\"datePublished\":\"2024-07-26T19:58:04+00:00\",\"dateModified\":\"2024-11-02T18:51:00+00:00\",\"breadcrumb\":{\"@id\":\"https:\\\/\\\/www.cltweb.org\\\/fr\\\/bibliotheque-de-ressources\\\/histoire-du-mouvement-clt\\\/galeries-photos\\\/#breadcrumb\"},\"inLanguage\":\"fr-FR\",\"potentialAction\":[{\"@type\":\"ReadAction\",\"target\":[\"https:\\\/\\\/www.cltweb.org\\\/fr\\\/bibliotheque-de-ressources\\\/histoire-du-mouvement-clt\\\/galeries-photos\\\/\"]}]},{\"@type\":\"BreadcrumbList\",\"@id\":\"https:\\\/\\\/www.cltweb.org\\\/fr\\\/bibliotheque-de-ressources\\\/histoire-du-mouvement-clt\\\/galeries-photos\\\/#breadcrumb\",\"itemListElement\":[{\"@type\":\"ListItem\",\"position\":1,\"name\":\"Home\",\"item\":\"https:\\\/\\\/www.cltweb.org\\\/fr\\\/\"},{\"@type\":\"ListItem\",\"position\":2,\"name\":\"Biblioth\u00e8que de ressources\",\"item\":\"https:\\\/\\\/www.cltweb.org\\\/fr\\\/bibliotheque-de-ressources\\\/\"},{\"@type\":\"ListItem\",\"position\":3,\"name\":\"Histoire du mouvement CLT\",\"item\":\"https:\\\/\\\/www.cltweb.org\\\/fr\\\/bibliotheque-de-ressources\\\/histoire-du-mouvement-clt\\\/\"},{\"@type\":\"ListItem\",\"position\":4,\"name\":\"Galeries photos\"}]},{\"@type\":\"WebSite\",\"@id\":\"https:\\\/\\\/www.cltweb.org\\\/fr\\\/#website\",\"url\":\"https:\\\/\\\/www.cltweb.org\\\/fr\\\/\",\"name\":\"International Center for Community Land Trusts\",\"description\":\"\",\"publisher\":{\"@id\":\"https:\\\/\\\/www.cltweb.org\\\/fr\\\/#organization\"},\"potentialAction\":[{\"@type\":\"SearchAction\",\"target\":{\"@type\":\"EntryPoint\",\"urlTemplate\":\"https:\\\/\\\/www.cltweb.org\\\/fr\\\/?s={search_term_string}\"},\"query-input\":{\"@type\":\"PropertyValueSpecification\",\"valueRequired\":true,\"valueName\":\"search_term_string\"}}],\"inLanguage\":\"fr-FR\"},{\"@type\":\"Organization\",\"@id\":\"https:\\\/\\\/www.cltweb.org\\\/fr\\\/#organization\",\"name\":\"International Center for Community Land Trusts\",\"url\":\"https:\\\/\\\/www.cltweb.org\\\/fr\\\/\",\"logo\":{\"@type\":\"ImageObject\",\"inLanguage\":\"fr-FR\",\"@id\":\"https:\\\/\\\/www.cltweb.org\\\/fr\\\/#\\\/schema\\\/logo\\\/image\\\/\",\"url\":\"https:\\\/\\\/www.cltweb.org\\\/wp-content\\\/uploads\\\/2024\\\/11\\\/New-CLT-Center-Text-logo.png\",\"contentUrl\":\"https:\\\/\\\/www.cltweb.org\\\/wp-content\\\/uploads\\\/2024\\\/11\\\/New-CLT-Center-Text-logo.png\",\"width\":227,\"height\":80,\"caption\":\"International Center for Community Land Trusts\"},\"image\":{\"@id\":\"https:\\\/\\\/www.cltweb.org\\\/fr\\\/#\\\/schema\\\/logo\\\/image\\\/\"},\"sameAs\":[\"https:\\\/\\\/www.facebook.com\\\/cltcenter\",\"https:\\\/\\\/x.com\\\/Center4CLTs\",\"https:\\\/\\\/www.instagram.com\\\/cltcenter\\\/\",\"https:\\\/\\\/www.linkedin.com\\\/company\\\/cltcenter\",\"https:\\\/\\\/www.youtube.com\\\/@centerforcltinnovation5313\"],\"description\":\"The International Center for Community Land Trusts is a not-for-profit nongovernmental organization established in 2018 to promote and to support community land trusts and similar strategies of community-led development on community-owned land in countries throughout the world.\",\"email\":\"info@communitylandtrust.net\",\"legalName\":\"International Center for Community Land Trusts\",\"foundingDate\":\"2018-12-01\",\"taxID\":\"84-3858933\",\"numberOfEmployees\":{\"@type\":\"QuantitativeValue\",\"minValue\":\"1\",\"maxValue\":\"10\"}}]}<\/script>\n<!-- \/ Yoast SEO Premium plugin. -->","yoast_head_json":{"title":"Galeries photos - International Center for Community Land Trusts","robots":{"index":"index","follow":"follow","max-snippet":"max-snippet:-1","max-image-preview":"max-image-preview:large","max-video-preview":"max-video-preview:-1"},"canonical":"https:\/\/www.cltweb.org\/fr\/bibliotheque-de-ressources\/histoire-du-mouvement-clt\/galeries-photos\/","og_locale":"fr_FR","og_type":"article","og_title":"Galeries photos","og_url":"https:\/\/www.cltweb.org\/fr\/bibliotheque-de-ressources\/histoire-du-mouvement-clt\/galeries-photos\/","og_site_name":"International Center for Community Land Trusts","article_publisher":"https:\/\/www.facebook.com\/cltcenter","article_modified_time":"2024-11-02T18:51:00+00:00","twitter_card":"summary_large_image","twitter_site":"@Center4CLTs","schema":{"@context":"https:\/\/schema.org","@graph":[{"@type":"WebPage","@id":"https:\/\/www.cltweb.org\/fr\/bibliotheque-de-ressources\/histoire-du-mouvement-clt\/galeries-photos\/","url":"https:\/\/www.cltweb.org\/fr\/bibliotheque-de-ressources\/histoire-du-mouvement-clt\/galeries-photos\/","name":"Galeries photos - International Center for Community Land Trusts","isPartOf":{"@id":"https:\/\/www.cltweb.org\/fr\/#website"},"datePublished":"2024-07-26T19:58:04+00:00","dateModified":"2024-11-02T18:51:00+00:00","breadcrumb":{"@id":"https:\/\/www.cltweb.org\/fr\/bibliotheque-de-ressources\/histoire-du-mouvement-clt\/galeries-photos\/#breadcrumb"},"inLanguage":"fr-FR","potentialAction":[{"@type":"ReadAction","target":["https:\/\/www.cltweb.org\/fr\/bibliotheque-de-ressources\/histoire-du-mouvement-clt\/galeries-photos\/"]}]},{"@type":"BreadcrumbList","@id":"https:\/\/www.cltweb.org\/fr\/bibliotheque-de-ressources\/histoire-du-mouvement-clt\/galeries-photos\/#breadcrumb","itemListElement":[{"@type":"ListItem","position":1,"name":"Home","item":"https:\/\/www.cltweb.org\/fr\/"},{"@type":"ListItem","position":2,"name":"Biblioth\u00e8que de ressources","item":"https:\/\/www.cltweb.org\/fr\/bibliotheque-de-ressources\/"},{"@type":"ListItem","position":3,"name":"Histoire du mouvement CLT","item":"https:\/\/www.cltweb.org\/fr\/bibliotheque-de-ressources\/histoire-du-mouvement-clt\/"},{"@type":"ListItem","position":4,"name":"Galeries photos"}]},{"@type":"WebSite","@id":"https:\/\/www.cltweb.org\/fr\/#website","url":"https:\/\/www.cltweb.org\/fr\/","name":"International Center for Community Land Trusts","description":"","publisher":{"@id":"https:\/\/www.cltweb.org\/fr\/#organization"},"potentialAction":[{"@type":"SearchAction","target":{"@type":"EntryPoint","urlTemplate":"https:\/\/www.cltweb.org\/fr\/?s={search_term_string}"},"query-input":{"@type":"PropertyValueSpecification","valueRequired":true,"valueName":"search_term_string"}}],"inLanguage":"fr-FR"},{"@type":"Organization","@id":"https:\/\/www.cltweb.org\/fr\/#organization","name":"International Center for Community Land Trusts","url":"https:\/\/www.cltweb.org\/fr\/","logo":{"@type":"ImageObject","inLanguage":"fr-FR","@id":"https:\/\/www.cltweb.org\/fr\/#\/schema\/logo\/image\/","url":"https:\/\/www.cltweb.org\/wp-content\/uploads\/2024\/11\/New-CLT-Center-Text-logo.png","contentUrl":"https:\/\/www.cltweb.org\/wp-content\/uploads\/2024\/11\/New-CLT-Center-Text-logo.png","width":227,"height":80,"caption":"International Center for Community Land Trusts"},"image":{"@id":"https:\/\/www.cltweb.org\/fr\/#\/schema\/logo\/image\/"},"sameAs":["https:\/\/www.facebook.com\/cltcenter","https:\/\/x.com\/Center4CLTs","https:\/\/www.instagram.com\/cltcenter\/","https:\/\/www.linkedin.com\/company\/cltcenter","https:\/\/www.youtube.com\/@centerforcltinnovation5313"],"description":"The International Center for Community Land Trusts is a not-for-profit nongovernmental organization established in 2018 to promote and to support community land trusts and similar strategies of community-led development on community-owned land in countries throughout the world.","email":"info@communitylandtrust.net","legalName":"International Center for Community Land Trusts","foundingDate":"2018-12-01","taxID":"84-3858933","numberOfEmployees":{"@type":"QuantitativeValue","minValue":"1","maxValue":"10"}}]}},"campaignId":"","taxonomy_info":[],"featured_image_src_large":false,"author_info":{"display_name":"cltredesign_0jp0l4","author_link":"https:\/\/www.cltweb.org\/fr\/author\/cltredesign_0jp0l4\/"},"comment_info":0,"jetpack_sharing_enabled":true,"jetpack-related-posts":[{"id":255,"url":"https:\/\/www.cltweb.org\/resources\/history\/photo-galleries\/","url_meta":{"origin":1881,"position":0},"title":"Photo Galleries","author":"cltredesign_0jp0l4","date":"26 juillet 2024","format":false,"excerpt":"","rel":"","context":"Article similaire","block_context":{"text":"Article similaire","link":""},"img":{"alt_text":"","src":"","width":0,"height":0},"classes":[]},{"id":8980,"url":"https:\/\/www.cltweb.org\/fr\/bibliotheque-de-ressources\/agriculture\/ressources-complementaires\/comment-les-clt-securisent-et-protegent-les-terres\/propriete-en-fief-simple\/","url_meta":{"origin":1881,"position":1},"title":"Propri\u00e9t\u00e9 en fief simple","author":"cltredesign_0jp0l4","date":"3 f\u00e9vrier 2025","format":false,"excerpt":"La propri\u00e9t\u00e9 en fief simple permet \u00e0 un CLT de d\u00e9tenir le plus grand nombre de \"b\u00e2tons\" dans le faisceau de droits de propri\u00e9t\u00e9 et offre un niveau \u00e9lev\u00e9 de s\u00e9curit\u00e9 fonci\u00e8re, tant que tous les paiements hypoth\u00e9caires et les obligations fiscales sont respect\u00e9s. Dans les zones urbaines, les sites\u2026","rel":"","context":"Dans &quot;Agriculture&quot;","block_context":{"text":"Agriculture","link":"https:\/\/www.cltweb.org\/fr\/category\/agriculture-fr\/"},"img":{"alt_text":"","src":"","width":0,"height":0},"classes":[]},{"id":3748,"url":"https:\/\/www.cltweb.org\/fr\/bibliotheque-de-ressources\/sud-mondial\/bresil\/","url_meta":{"origin":1881,"position":2},"title":"Br\u00e9sil","author":"cltredesign_0jp0l4","date":"19 octobre 2024","format":false,"excerpt":"Terme Territorial ColetivoSous l'impulsion de Catalytic Communities, des fiducies fonci\u00e8res communautaires ont \u00e9t\u00e9 cr\u00e9\u00e9es \u00e0 Rio de Janeiro et un nouveau mouvement national est en train de voir le jour. Le projet br\u00e9silien de fiducie fonci\u00e8re communautaire pour les favelas(Termo Territorial Coletivo), d\u00e9velopp\u00e9 par Catalytic Communities en partenariat avec plusieurs\u2026","rel":"","context":"Dans &quot;Sud mondial&quot;","block_context":{"text":"Sud mondial","link":"https:\/\/www.cltweb.org\/fr\/category\/sud-mondial\/"},"img":{"alt_text":"","src":"https:\/\/i0.wp.com\/www.cltweb.org\/wp-content\/uploads\/2024\/10\/TTC-logo.png?resize=350%2C200&ssl=1","width":350,"height":200},"classes":[]},{"id":6138,"url":"https:\/\/www.cltweb.org\/home\/","url_meta":{"origin":1881,"position":3},"title":"Home","author":"cltredesign_0jp0l4","date":"29 octobre 2024","format":false,"excerpt":"International Center for Community Land Trusts We are a not-for-profit nongovernmental organization established in 2018 to promote and to support community land trusts and similar strategies of community-led development on community-owned land in countries throughout the world. Photo of Grupo Esperan\u00e7a community and the Favela-CLT Project (Catalytic Communities, Brazil) The\u2026","rel":"","context":"Article similaire","block_context":{"text":"Article similaire","link":""},"img":{"alt_text":"Virtual Summit Banner","src":"https:\/\/i0.wp.com\/www.cltweb.org\/wp-content\/uploads\/2026\/03\/VS-banner-2026.png?resize=350%2C200&ssl=1","width":350,"height":200,"srcset":"https:\/\/i0.wp.com\/www.cltweb.org\/wp-content\/uploads\/2026\/03\/VS-banner-2026.png?resize=350%2C200&ssl=1 1x, https:\/\/i0.wp.com\/www.cltweb.org\/wp-content\/uploads\/2026\/03\/VS-banner-2026.png?resize=525%2C300&ssl=1 1.5x, https:\/\/i0.wp.com\/www.cltweb.org\/wp-content\/uploads\/2026\/03\/VS-banner-2026.png?resize=700%2C400&ssl=1 2x"},"classes":[]},{"id":6197,"url":"https:\/\/www.cltweb.org\/fr\/","url_meta":{"origin":1881,"position":4},"title":"Accueil","author":"cltredesign_0jp0l4","date":"29 octobre 2024","format":false,"excerpt":"Centre international pour les fonds fonciers communautaires Nous sommes une organisation non gouvernementale \u00e0 but non lucratif cr\u00e9\u00e9e en 2018 pour promouvoir et soutenir les fiducies fonci\u00e8res communautaires et les strat\u00e9gies similaires de d\u00e9veloppement men\u00e9 par la communaut\u00e9 sur des terres appartenant \u00e0 la communaut\u00e9 dans des pays du monde\u2026","rel":"","context":"Article similaire","block_context":{"text":"Article similaire","link":""},"img":{"alt_text":"Virtual Summit Banner","src":"https:\/\/i0.wp.com\/www.cltweb.org\/wp-content\/uploads\/2026\/03\/VS-banner-2026.png?resize=350%2C200&ssl=1","width":350,"height":200,"srcset":"https:\/\/i0.wp.com\/www.cltweb.org\/wp-content\/uploads\/2026\/03\/VS-banner-2026.png?resize=350%2C200&ssl=1 1x, https:\/\/i0.wp.com\/www.cltweb.org\/wp-content\/uploads\/2026\/03\/VS-banner-2026.png?resize=525%2C300&ssl=1 1.5x, https:\/\/i0.wp.com\/www.cltweb.org\/wp-content\/uploads\/2026\/03\/VS-banner-2026.png?resize=700%2C400&ssl=1 2x"},"classes":[]},{"id":3735,"url":"https:\/\/www.cltweb.org\/resources\/global-south\/brazil\/","url_meta":{"origin":1881,"position":5},"title":"Brazil","author":"cltredesign_0jp0l4","date":"19 octobre 2024","format":false,"excerpt":"Termo Territorial ColetivoLed by Catalytic Communities, community land trusts are being established in Rio de Janeiro -- and a new national movement is being built. Brazil's Favela Community Land Trust project (Termo Territorial Coletivo), developed by\u00a0Catalytic Communities\u00a0in partnership with several public agencies, private institutions, universities, and community leaders, is inspired\u2026","rel":"","context":"Dans &quot;Global South&quot;","block_context":{"text":"Global South","link":"https:\/\/www.cltweb.org\/category\/global-south\/"},"img":{"alt_text":"","src":"https:\/\/i0.wp.com\/www.cltweb.org\/wp-content\/uploads\/2024\/10\/TTC-logo.png?resize=350%2C200&ssl=1","width":350,"height":200},"classes":[]}],"_links":{"self":[{"href":"https:\/\/www.cltweb.org\/fr\/wp-json\/wp\/v2\/pages\/1881","targetHints":{"allow":["GET"]}}],"collection":[{"href":"https:\/\/www.cltweb.org\/fr\/wp-json\/wp\/v2\/pages"}],"about":[{"href":"https:\/\/www.cltweb.org\/fr\/wp-json\/wp\/v2\/types\/page"}],"author":[{"embeddable":true,"href":"https:\/\/www.cltweb.org\/fr\/wp-json\/wp\/v2\/users\/1"}],"replies":[{"embeddable":true,"href":"https:\/\/www.cltweb.org\/fr\/wp-json\/wp\/v2\/comments?post=1881"}],"version-history":[{"count":1,"href":"https:\/\/www.cltweb.org\/fr\/wp-json\/wp\/v2\/pages\/1881\/revisions"}],"predecessor-version":[{"id":1998,"href":"https:\/\/www.cltweb.org\/fr\/wp-json\/wp\/v2\/pages\/1881\/revisions\/1998"}],"up":[{"embeddable":true,"href":"https:\/\/www.cltweb.org\/fr\/wp-json\/wp\/v2\/pages\/1995"}],"wp:attachment":[{"href":"https:\/\/www.cltweb.org\/fr\/wp-json\/wp\/v2\/media?parent=1881"}],"wp:term":[{"taxonomy":"category","embeddable":true,"href":"https:\/\/www.cltweb.org\/fr\/wp-json\/wp\/v2\/categories?post=1881"},{"taxonomy":"post_tag","embeddable":true,"href":"https:\/\/www.cltweb.org\/fr\/wp-json\/wp\/v2\/tags?post=1881"}],"curies":[{"name":"wp","href":"https:\/\/api.w.org\/{rel}","templated":true}]}}