{"id":1920,"date":"2024-07-26T17:08:28","date_gmt":"2024-07-26T17:08:28","guid":{"rendered":"https:\/\/www.cltweb.org\/bibliotheque-de-ressources\/archives-des-webinaires\/"},"modified":"2024-11-11T22:42:42","modified_gmt":"2024-11-11T22:42:42","slug":"archives-des-webinaires","status":"publish","type":"page","link":"https:\/\/www.cltweb.org\/fr\/bibliotheque-de-ressources\/archives-des-webinaires\/","title":{"rendered":"Archives des webinaires"},"content":{"rendered":"<div\n\t class=\"tribe-common tribe-events tribe-events-view tribe-events-view--list tribe-events-view--shortcode tribe-events-view--shortcode-bdbabbea\" \tdata-js=\"tribe-events-view\"\n\tdata-view-rest-url=\"https:\/\/www.cltweb.org\/fr\/wp-json\/tribe\/views\/v2\/html\"\n\tdata-view-rest-method=\"GET\"\n\tdata-view-manage-url=\"\"\n\t\t\tdata-view-shortcode=\"bdbabbea\"\n\t\t\t\tdata-view-breakpoint-pointer=\"02a5828b-2a88-4996-a209-faf8476d3da1\"\n\t>\n\t<section class=\"tribe-common-l-container tribe-events-l-container\">\n\t\t<div\n\tclass=\"tribe-events-view-loader tribe-common-a11y-hidden\"\n\trole=\"alert\"\n\taria-live=\"polite\"\n>\n\t<span class=\"tribe-events-view-loader__text tribe-common-a11y-visual-hide\">\n\t\t12 \u00e9v\u00e8nements found.\t<\/span>\n\t<div class=\"tribe-events-view-loader__dots tribe-common-c-loader\">\n\t\t<svg\n\t class=\"tribe-common-c-svgicon tribe-common-c-svgicon--dot tribe-common-c-loader__dot tribe-common-c-loader__dot--first\" \taria-hidden=\"true\"\n\tviewBox=\"0 0 15 15\"\n\txmlns=\"http:\/\/www.w3.org\/2000\/svg\"\n>\n\t<circle cx=\"7.5\" cy=\"7.5\" r=\"7.5\"\/>\n<\/svg>\n\t\t<svg\n\t class=\"tribe-common-c-svgicon tribe-common-c-svgicon--dot tribe-common-c-loader__dot tribe-common-c-loader__dot--second\" \taria-hidden=\"true\"\n\tviewBox=\"0 0 15 15\"\n\txmlns=\"http:\/\/www.w3.org\/2000\/svg\"\n>\n\t<circle cx=\"7.5\" cy=\"7.5\" r=\"7.5\"\/>\n<\/svg>\n\t\t<svg\n\t class=\"tribe-common-c-svgicon tribe-common-c-svgicon--dot tribe-common-c-loader__dot tribe-common-c-loader__dot--third\" \taria-hidden=\"true\"\n\tviewBox=\"0 0 15 15\"\n\txmlns=\"http:\/\/www.w3.org\/2000\/svg\"\n>\n\t<circle cx=\"7.5\" cy=\"7.5\" r=\"7.5\"\/>\n<\/svg>\n\t<\/div>\n<\/div>\n\n\t\t<script type=\"application\/ld+json\">\r\n[{\"@context\":\"http:\/\/schema.org\",\"@type\":\"Event\",\"name\":\"Le logement inclusif et le r\\u00f4le des CLT : Perspectives interr\\u00e9gionales sur la politique fonci\\u00e8re et l&#8217;accessibilit\\u00e9 \\u00e0 long terme\",\"description\":\"&lt;p&gt;Description du webinaire Alors que les villes du monde entier sont confront\\u00e9es \\u00e0 des crises de plus en plus graves en mati\\u00e8re de logement abordable, les politiques de logement inclusif [&hellip;]&lt;\/p&gt;\\\\n\",\"url\":\"https:\/\/www.cltweb.org\/fr\/event\/le-logement-inclusif-et-le-role-des-clt-perspectives-interregionales-sur-la-politique-fonciere-et-laccessibilite-a-long-terme\/\",\"eventAttendanceMode\":\"https:\/\/schema.org\/OfflineEventAttendanceMode\",\"eventStatus\":\"https:\/\/schema.org\/EventScheduled\",\"startDate\":\"2026-02-03T11:00:00+00:00\",\"endDate\":\"2026-02-03T12:30:00+00:00\",\"performer\":\"Organization\"},{\"@context\":\"http:\/\/schema.org\",\"@type\":\"Event\",\"name\":\"Enracin\\u00e9 dans la justice : Centrer les communaut\\u00e9s mal desservies dans la pratique CLT\",\"description\":\"&lt;p&gt;Cet \\u00e9v\\u00e9nement fait partie du sommet virtuel 2026 Global Community Land Trust (CLT), une s\\u00e9rie de six semaines d\\\\'\\u00e9v\\u00e9nements en ligne du 5 mai au 10 juin. D\\u00e9couvrez le programme [&hellip;]&lt;\/p&gt;\\\\n\",\"image\":\"https:\/\/www.cltweb.org\/wp-content\/uploads\/2026\/03\/Rondo-Event-Square-1.png\",\"url\":\"https:\/\/www.cltweb.org\/fr\/event\/enracine-dans-la-justice-centrer-les-communautes-mal-desservies-dans-la-pratique-clt\/\",\"eventAttendanceMode\":\"https:\/\/schema.org\/OfflineEventAttendanceMode\",\"eventStatus\":\"https:\/\/schema.org\/EventScheduled\",\"startDate\":\"2026-05-05T10:00:00-04:00\",\"endDate\":\"2026-05-05T11:30:00-04:00\",\"organizer\":{\"@type\":\"Person\",\"name\":\"Fonds foncier communautaire de Rondo\",\"description\":\"&lt;p&gt;Le Rondo Community Land Trust (CLT) est un fonds communautaire de logements abordables et de terrains commerciaux qui op\\u00e8re \\u00e0 St. Paul et dans les comt\\u00e9s de Ramsey et Dakota, [&hellip;]&lt;\/p&gt;\\\\n\",\"url\":\"https:\/\/www.rondoclt.org\/\",\"telephone\":\"\",\"email\":\"\",\"sameAs\":\"https:\/\/www.rondoclt.org\/\"},\"performer\":\"Organization\"},{\"@context\":\"http:\/\/schema.org\",\"@type\":\"Event\",\"name\":\"Termos Territoriais Coletivos no Brasil : Connaissances, difficult\\u00e9s et perspectives\",\"description\":\"&lt;p&gt;Cet \\u00e9v\\u00e9nement fait partie du sommet virtuel 2026 Global Community Land Trust (CLT), une s\\u00e9rie de six semaines d\\\\'\\u00e9v\\u00e9nements en ligne du 5 mai au 10 juin. D\\u00e9couvrez le programme [&hellip;]&lt;\/p&gt;\\\\n\",\"image\":\"https:\/\/www.cltweb.org\/wp-content\/uploads\/2026\/03\/5-May_Brazil.png\",\"url\":\"https:\/\/www.cltweb.org\/fr\/event\/termos-territoriais-coletivos-no-brasil-connaissances-difficultes-et-perspectives\/\",\"eventAttendanceMode\":\"https:\/\/schema.org\/OfflineEventAttendanceMode\",\"eventStatus\":\"https:\/\/schema.org\/EventScheduled\",\"startDate\":\"2026-05-05T13:00:00-04:00\",\"endDate\":\"2026-05-05T14:30:00-04:00\",\"organizer\":{\"@type\":\"Person\",\"name\":\"Projet CLT dans une favela\",\"description\":\"&lt;p&gt;Le projet Favela Community Land Trust (Favela-CLT) est n\\u00e9 en ao\\u00fbt 2018, peu apr\\u00e8s que la ville de Rio de Janeiro a connu la plus grande vague d\\\\'expulsions de son [&hellip;]&lt;\/p&gt;\\\\n\",\"url\":\"https:\/\/www.termoterritorialcoletivo.org\/about\",\"telephone\":\"\",\"email\":\"\",\"sameAs\":\"https:\/\/www.termoterritorialcoletivo.org\/about\"},\"performer\":\"Organization\"},{\"@context\":\"http:\/\/schema.org\",\"@type\":\"Event\",\"name\":\"Ce que nous apprenons dans le Sud global : Une conversation sur les CLT \\u00e0 travers les contextes\",\"description\":\"&lt;p&gt;Cet \\u00e9v\\u00e9nement fait partie du sommet virtuel 2026 Global Community Land Trust (CLT), une s\\u00e9rie de six semaines d\\\\'\\u00e9v\\u00e9nements en ligne du 5 mai au 10 juin. D\\u00e9couvrez le programme [&hellip;]&lt;\/p&gt;\\\\n\",\"image\":\"https:\/\/www.cltweb.org\/wp-content\/uploads\/2026\/03\/CLT-Center-Event-Square.png\",\"url\":\"https:\/\/www.cltweb.org\/fr\/event\/ce-que-nous-apprenons-dans-le-sud-global-une-conversation-sur-les-clt-a-travers-les-contextes\/\",\"eventAttendanceMode\":\"https:\/\/schema.org\/OfflineEventAttendanceMode\",\"eventStatus\":\"https:\/\/schema.org\/EventScheduled\",\"startDate\":\"2026-05-12T13:00:00-03:00\",\"endDate\":\"2026-05-12T13:30:00-03:00\",\"organizer\":{\"@type\":\"Person\",\"name\":\"Centre international pour les fonds fonciers communautaires\",\"description\":\"\",\"url\":\"https:\/\/www.cltweb.org\",\"telephone\":\"\",\"email\":\"&#105;nfo&#64;c&#111;&#109;&#109;&#117;n&#105;t&#121;&#108;a&#110;&#100;&#116;&#114;u&#115;t&#46;ne&#116;\",\"sameAs\":\"https:\/\/www.cltweb.org\"},\"performer\":\"Organization\"},{\"@context\":\"http:\/\/schema.org\",\"@type\":\"Event\",\"name\":\"Conception de solutions de gestion collective de la terre \\u00e0 partir des aspirations communautaires : L&#8217;exp\\u00e9rience de Porto Rico\",\"description\":\"&lt;p&gt;Cet \\u00e9v\\u00e9nement fait partie du sommet virtuel 2026 Global Community Land Trust (CLT), une s\\u00e9rie de six semaines d\\\\'\\u00e9v\\u00e9nements en ligne du 5 mai au 10 juin. D\\u00e9couvrez le programme [&hellip;]&lt;\/p&gt;\\\\n\",\"image\":\"https:\/\/www.cltweb.org\/wp-content\/uploads\/2026\/03\/Puerto-Rico-Event-Square.png\",\"url\":\"https:\/\/www.cltweb.org\/fr\/event\/conception-de-solutions-de-gestion-collective-de-la-terre-a-partir-des-aspirations-communautaires-lexperience-de-porto-rico\/\",\"eventAttendanceMode\":\"https:\/\/schema.org\/OfflineEventAttendanceMode\",\"eventStatus\":\"https:\/\/schema.org\/EventScheduled\",\"startDate\":\"2026-05-14T16:30:00-04:00\",\"endDate\":\"2026-05-14T18:00:00-04:00\",\"organizer\":{\"@type\":\"Person\",\"name\":\"Fideicomiso de la Tierra Ca\\u00f1o Mart\\u00edn Pe\\u00f1a\",\"description\":\"&lt;p&gt;Le CLT Ca\\u00f1o Mart\\u00edn Pe\\u00f1a (le &quot;Ca\\u00f1o&quot;) est le principal m\\u00e9canisme dont disposent les huit communaut\\u00e9s du Ca\\u00f1o Mart\\u00edn Pe\\u00f1a pour surmonter la pauvret\\u00e9. Cr\\u00e9\\u00e9 par la loi 489 du [&hellip;]&lt;\/p&gt;\\\\n\",\"url\":\"https:\/\/fideicomisomartinpena.org\/\",\"telephone\":\"\",\"email\":\"\",\"sameAs\":\"https:\/\/fideicomisomartinpena.org\/\"},\"performer\":\"Organization\"},{\"@context\":\"http:\/\/schema.org\",\"@type\":\"Event\",\"name\":\"Les CLT en tant qu&#8217;outil de d\\u00e9veloppement de la richesse communautaire\",\"description\":\"&lt;p&gt;Cet \\u00e9v\\u00e9nement fait partie du sommet virtuel 2026 Global Community Land Trust (CLT), une s\\u00e9rie de six semaines d\\\\'\\u00e9v\\u00e9nements en ligne du 5 mai au 10 juin. D\\u00e9couvrez le programme [&hellip;]&lt;\/p&gt;\\\\n\",\"image\":\"https:\/\/www.cltweb.org\/wp-content\/uploads\/2026\/03\/GBCLTN-Event-Square.png\",\"url\":\"https:\/\/www.cltweb.org\/fr\/event\/les-clt-en-tant-quoutil-de-developpement-de-la-richesse-communautaire\/\",\"eventAttendanceMode\":\"https:\/\/schema.org\/OfflineEventAttendanceMode\",\"eventStatus\":\"https:\/\/schema.org\/EventScheduled\",\"startDate\":\"2026-05-19T13:00:00-04:00\",\"endDate\":\"2026-05-19T14:00:00-04:00\",\"organizer\":{\"@type\":\"Person\",\"name\":\"R\\u00e9seau CLT du Grand Boston\",\"description\":\"&lt;p&gt;Le Greater Boston Community Land Trust Network soutient les community land trusts (CLT) actuels et \\u00e9mergents pour une planification dirig\\u00e9e par les r\\u00e9sidents et un contr\\u00f4le collectif \\u00e0 long terme [&hellip;]&lt;\/p&gt;\\\\n\",\"url\":\"https:\/\/www.dsni.org\/gbcltn\",\"telephone\":\"\",\"email\":\"\",\"sameAs\":\"https:\/\/www.dsni.org\/gbcltn\"},\"performer\":\"Organization\"},{\"@context\":\"http:\/\/schema.org\",\"@type\":\"Event\",\"name\":\"Lancement de l&#8217;\\u00e9tude de faisabilit\\u00e9 du r\\u00e9seau europ\\u00e9en : Utilisation de l&#8217;approche CLT pour r\\u00e9nover le quartier auto-construit de Cova da Moura (Portugal)\",\"description\":\"&lt;p&gt;Cet \\u00e9v\\u00e9nement fait partie du sommet virtuel 2026 Global Community Land Trust (CLT), une s\\u00e9rie de six semaines d\\\\'\\u00e9v\\u00e9nements en ligne du 5 mai au 10 juin. D\\u00e9couvrez le programme [&hellip;]&lt;\/p&gt;\\\\n\",\"image\":\"https:\/\/www.cltweb.org\/wp-content\/uploads\/2026\/03\/ECLTN-Event-Square.png\",\"url\":\"https:\/\/www.cltweb.org\/fr\/event\/lancement-de-letude-de-faisabilite-du-reseau-europeen-utiliser-lapproche-clt-pour-renover-le-quartier-auto-construit-de-cova-da-moura\/\",\"eventAttendanceMode\":\"https:\/\/schema.org\/OfflineEventAttendanceMode\",\"eventStatus\":\"https:\/\/schema.org\/EventScheduled\",\"startDate\":\"2026-05-20T15:00:00+02:00\",\"endDate\":\"2026-05-20T16:15:00+02:00\",\"organizer\":{\"@type\":\"Person\",\"name\":\"R\\u00e9seau europ\\u00e9en CLT\",\"description\":\"&lt;p&gt;Le r\\u00e9seau europ\\u00e9en des CLT a pour mission de favoriser la croissance des CLT en Europe et de les aider \\u00e0 maximiser leur impact social et environnemental \\u00e0 long terme. [&hellip;]&lt;\/p&gt;\\\\n\",\"image\":\"https:\/\/www.cltweb.org\/wp-content\/uploads\/2026\/03\/ECLTN-logo.png\",\"url\":\"https:\/\/www.clteurope.org\/\",\"telephone\":\"\",\"email\":\"\",\"sameAs\":\"https:\/\/www.clteurope.org\/\"},\"performer\":\"Organization\"},{\"@context\":\"http:\/\/schema.org\",\"@type\":\"Event\",\"name\":\"Terre, justice et communaut\\u00e9 en Grande-Bretagne\",\"description\":\"&lt;p&gt;Cet \\u00e9v\\u00e9nement fait partie du sommet virtuel 2026 Global Community Land Trust (CLT), une s\\u00e9rie de six semaines d\\\\'\\u00e9v\\u00e9nements en ligne du 5 mai au 10 juin. D\\u00e9couvrez le programme [&hellip;]&lt;\/p&gt;\\\\n\",\"image\":\"https:\/\/www.cltweb.org\/wp-content\/uploads\/2026\/03\/England-Scotland-Wales-Event-Square.png\",\"url\":\"https:\/\/www.cltweb.org\/fr\/event\/terre-justice-et-communaute-en-grande-bretagne\/\",\"eventAttendanceMode\":\"https:\/\/schema.org\/OfflineEventAttendanceMode\",\"eventStatus\":\"https:\/\/schema.org\/EventScheduled\",\"startDate\":\"2026-05-21T16:00:00+01:00\",\"endDate\":\"2026-05-21T18:00:00+01:00\",\"organizer\":{\"@type\":\"Person\",\"name\":\"Community Land Trust Network of England and Wales (r\\u00e9seau de fiducies fonci\\u00e8res communautaires d&#8217;Angleterre et du Pays de Galles)\",\"description\":\"&lt;p&gt;Le Community Land Trust (CLT) Network est l\\\\'organisme national qui soutient plus de 300 CLT en Angleterre et au Pays de Galles. Sa mission est d\\\\'int\\u00e9grer la propri\\u00e9t\\u00e9 communautaire de [&hellip;]&lt;\/p&gt;\\\\n\",\"url\":\"https:\/\/www.communitylandtrusts.org.uk\/\",\"telephone\":\"\",\"email\":\"\",\"sameAs\":\"https:\/\/www.communitylandtrusts.org.uk\/\"},\"performer\":\"Organization\"},{\"@context\":\"http:\/\/schema.org\",\"@type\":\"Event\",\"name\":\"D\\u00e9coloniser les fiducies fonci\\u00e8res communautaires au Canada\",\"description\":\"&lt;p&gt;Cet \\u00e9v\\u00e9nement fait partie du sommet virtuel 2026 Global Community Land Trust (CLT), une s\\u00e9rie de six semaines d\\\\'\\u00e9v\\u00e9nements en ligne du 5 mai au 10 juin. D\\u00e9couvrez le programme [&hellip;]&lt;\/p&gt;\\\\n\",\"image\":\"https:\/\/www.cltweb.org\/wp-content\/uploads\/2026\/03\/Canada-Event-Square.png\",\"url\":\"https:\/\/www.cltweb.org\/fr\/event\/decoloniser-les-fiducies-foncieres-communautaires-au-canada\/\",\"eventAttendanceMode\":\"https:\/\/schema.org\/OfflineEventAttendanceMode\",\"eventStatus\":\"https:\/\/schema.org\/EventScheduled\",\"startDate\":\"2026-05-26T13:00:00-04:00\",\"endDate\":\"2026-05-26T14:30:00-04:00\",\"organizer\":{\"@type\":\"Person\",\"name\":\"R\\u00e9seau canadien des CLT\",\"description\":\"&lt;p&gt;Le r\\u00e9seau canadien des CLT soutient la croissance des fiducies fonci\\u00e8res communautaires dont l\\\\'objectif principal est d\\\\'acqu\\u00e9rir, de d\\u00e9velopper et de g\\u00e9rer des logements, des terrains et d\\\\'autres actifs abordables [&hellip;]&lt;\/p&gt;\\\\n\",\"image\":\"https:\/\/www.cltweb.org\/wp-content\/uploads\/2026\/03\/cnclt.png\",\"url\":\"https:\/\/www.communityland.ca\/\",\"telephone\":\"\",\"email\":\"\",\"sameAs\":\"https:\/\/www.communityland.ca\/\"},\"performer\":\"Organization\"},{\"@context\":\"http:\/\/schema.org\",\"@type\":\"Event\",\"name\":\"OFS\/BRS : Une r\\u00e9ponse \\u00e0 la crise du logement ?\",\"description\":\"&lt;p&gt;Cet \\u00e9v\\u00e9nement fait partie du sommet virtuel 2026 Global Community Land Trust (CLT), une s\\u00e9rie de six semaines d\\\\'\\u00e9v\\u00e9nements en ligne du 5 mai au 10 juin. D\\u00e9couvrez le programme [&hellip;]&lt;\/p&gt;\\\\n\",\"image\":\"https:\/\/www.cltweb.org\/wp-content\/uploads\/2026\/03\/France-Event-Square.png\",\"url\":\"https:\/\/www.cltweb.org\/fr\/event\/ofs-brs-une-reponse-a-la-crise-du-logement\/\",\"eventAttendanceMode\":\"https:\/\/schema.org\/OfflineEventAttendanceMode\",\"eventStatus\":\"https:\/\/schema.org\/EventScheduled\",\"startDate\":\"2026-06-03T14:00:00+02:00\",\"endDate\":\"2026-06-03T15:30:00+02:00\",\"organizer\":{\"@type\":\"Person\",\"name\":\"Foncier Solidaire France\",\"description\":\"&lt;p&gt;Foncier Solidaire France (FSF) est le r\\u00e9seau national repr\\u00e9sentant les Organismes de Foncier Solidaire, des organisations \\u00e0 but non lucratif qui promeuvent l\\\\'accession \\u00e0 la propri\\u00e9t\\u00e9 abordable et \\u00e0 long [&hellip;]&lt;\/p&gt;\\\\n\",\"image\":\"https:\/\/www.cltweb.org\/wp-content\/uploads\/2026\/03\/Logo_principal.png\",\"url\":\"https:\/\/www.foncier-solidaire.fr\/\",\"telephone\":\"\",\"email\":\"\",\"sameAs\":\"https:\/\/www.foncier-solidaire.fr\/\"},\"performer\":\"Organization\"},{\"@context\":\"http:\/\/schema.org\",\"@type\":\"Event\",\"name\":\"R\\u00e9pondre au moment pr\\u00e9sent : Solidarit\\u00e9 et partenariats avec les peuples indig\\u00e8nes dans le mouvement CLT californien\",\"description\":\"&lt;p&gt;Cet \\u00e9v\\u00e9nement fait partie du sommet virtuel 2026 Global Community Land Trust (CLT), une s\\u00e9rie de six semaines d\\\\'\\u00e9v\\u00e9nements en ligne du 5 mai au 10 juin. D\\u00e9couvrez le programme [&hellip;]&lt;\/p&gt;\\\\n\",\"image\":\"https:\/\/www.cltweb.org\/wp-content\/uploads\/2026\/03\/California-Event-Square.png\",\"url\":\"https:\/\/www.cltweb.org\/fr\/event\/repondre-au-moment-present-solidarite-et-partenariats-avec-les-peuples-indigenes-dans-le-mouvement-clt-californien\/\",\"eventAttendanceMode\":\"https:\/\/schema.org\/OfflineEventAttendanceMode\",\"eventStatus\":\"https:\/\/schema.org\/EventScheduled\",\"startDate\":\"2026-06-09T13:00:00-07:00\",\"endDate\":\"2026-06-09T14:30:00-07:00\",\"organizer\":{\"@type\":\"Person\",\"name\":\"R\\u00e9seau californien des fonds fonciers communautaires (California Community Land Trust Network)\",\"description\":\"&lt;p&gt;Le California Community Land Trust Network (CA CLT Network) est une coalition de plus de 27 organisations qui se consacrent \\u00e0 la promotion, au soutien et au d\\u00e9veloppement de logements [&hellip;]&lt;\/p&gt;\\\\n\",\"image\":\"https:\/\/www.cltweb.org\/wp-content\/uploads\/2026\/03\/CACLTN-logo.png\",\"url\":\"https:\/\/www.cacltnetwork.org\/\",\"telephone\":\"\",\"email\":\"\",\"sameAs\":\"https:\/\/www.cacltnetwork.org\/\"},\"performer\":\"Organization\"},{\"@context\":\"http:\/\/schema.org\",\"@type\":\"Event\",\"name\":\"Terre et justice : Le logement des Premi\\u00e8res nations et les CLT en Australie\",\"description\":\"&lt;p&gt;Cet \\u00e9v\\u00e9nement fait partie du sommet virtuel 2026 Global Community Land Trust (CLT), une s\\u00e9rie de six semaines d\\\\'\\u00e9v\\u00e9nements en ligne du 5 mai au 10 juin. D\\u00e9couvrez le programme [&hellip;]&lt;\/p&gt;\\\\n\",\"image\":\"https:\/\/www.cltweb.org\/wp-content\/uploads\/2026\/03\/Australia-Event-Square.png\",\"url\":\"https:\/\/www.cltweb.org\/fr\/event\/terre-et-justice-le-logement-des-premieres-nations-et-les-clt-en-australie\/\",\"eventAttendanceMode\":\"https:\/\/schema.org\/OfflineEventAttendanceMode\",\"eventStatus\":\"https:\/\/schema.org\/EventScheduled\",\"startDate\":\"2026-06-10T09:00:00+10:00\",\"endDate\":\"2026-06-10T10:30:00+10:00\",\"organizer\":{\"@type\":\"Person\",\"name\":\"R\\u00e9seau australien de fiducies fonci\\u00e8res communautaires\",\"description\":\"&lt;p&gt;Le r\\u00e9seau australien des CLT dirige et soutient la cr\\u00e9ation de CLT dans toute l\\\\'Australie.&lt;\/p&gt;\\\\n\",\"image\":\"https:\/\/www.cltweb.org\/wp-content\/uploads\/2026\/03\/ACLTN_Logo_Main_Green_RGB.png\",\"url\":\"https:\/\/www.australiancltnetwork.org.au\/\",\"telephone\":\"\",\"email\":\"\",\"sameAs\":\"https:\/\/www.australiancltnetwork.org.au\/\"},\"performer\":\"Organization\"}]\r\n<\/script>\n\t\t<script data-js=\"tribe-events-view-data\" type=\"application\/json\">\n\t{\"slug\":\"list\",\"prev_url\":\"https:\\\/\\\/www.cltweb.org\\\/fr\\\/\\u00e9v\\u00e9nements\\\/liste\\\/?rest_route=%2Fwp%2Fv2%2Fpages%2F1920&shortcode=bdbabbea&eventDisplay=past&eventDate=-90+days\",\"next_url\":\"https:\\\/\\\/www.cltweb.org\\\/fr\\\/\\u00e9v\\u00e9nements\\\/liste\\\/page\\\/2\\\/?shortcode=bdbabbea&tribe-bar-date=-90+days\",\"view_class\":\"Tribe\\\\Events\\\\Views\\\\V2\\\\Views\\\\List_View\",\"view_slug\":\"list\",\"view_label\":\"Liste\",\"title\":\"\\u00c9v\\u00e8nements depuis janvier 29 \\u2013 juin 10 \\u2013 International Center for Community Land Trusts\",\"events\":[10000034,10000043,10000047,10000051,10000054,10000059,10000063,10000067,10000072,10000075,10000079,10000083],\"url\":\"https:\\\/\\\/www.cltweb.org\\\/fr\\\/\\u00e9v\\u00e9nements\\\/liste\\\/?shortcode=bdbabbea&tribe-bar-date=-90+days\",\"url_event_date\":\"2026-01-29\",\"bar\":{\"keyword\":\"\",\"date\":\"-90 days\"},\"today\":\"2026-04-29 00:00:00\",\"now\":\"2026-04-29 11:20:43\",\"home_url\":\"https:\\\/\\\/www.cltweb.org\\\/fr\\\/\",\"rest_url\":\"https:\\\/\\\/www.cltweb.org\\\/fr\\\/wp-json\\\/tribe\\\/views\\\/v2\\\/html\",\"rest_method\":\"GET\",\"rest_nonce\":\"\",\"should_manage_url\":false,\"today_url\":\"https:\\\/\\\/www.cltweb.org\\\/fr\\\/\\u00e9v\\u00e9nements\\\/liste\\\/?rest_route=%2Fwp%2Fv2%2Fpages%2F1920&shortcode=bdbabbea\",\"today_title\":\"Cliquer pour s\\u00e9lectionner la date du jour\",\"today_label\":\"Aujourd\\u2019hui\",\"prev_label\":\"2026-01-29\",\"next_label\":\"2026-01-29\",\"date_formats\":{\"compact\":\"n\\\/j\\\/Y\",\"month_and_year_compact\":\"n\\\/Y\",\"month_and_year\":\"F Y\",\"time_range_separator\":\" - \",\"date_time_separator\":\" @ \"},\"messages\":[],\"start_of_week\":\"1\",\"header_title\":\"\",\"header_title_element\":\"h1\",\"content_title\":\"\",\"show_content_title\":false,\"breadcrumbs\":[],\"backlink\":false,\"before_events\":\"\",\"after_events\":\"\",\"display_events_bar\":true,\"disable_event_search\":false,\"live_refresh\":true,\"ical\":{\"display_link\":true,\"link\":{\"url\":\"https:\\\/\\\/www.cltweb.org\\\/fr\\\/\\u00e9v\\u00e9nements\\\/liste\\\/?shortcode=bdbabbea&#038;tribe-bar-date=-90+days&#038;ical=1\",\"text\":\"Exporter \\u00c9v\\u00e8nements\",\"title\":\"Utilisez ceci pour partager les donn\\u00e9es de calendrier avec Google Calendar, Apple iCal et d\\u2019autres applications compatibles\"}},\"container_classes\":{\"0\":\"tribe-common\",\"1\":\"tribe-events\",\"2\":\"tribe-events-view\",\"3\":\"tribe-events-view--list\",\"5\":\"tribe-events-view--shortcode\",\"6\":\"tribe-events-view--shortcode-bdbabbea\"},\"container_data\":{\"shortcode\":\"bdbabbea\"},\"is_past\":false,\"breakpoints\":{\"xsmall\":500,\"medium\":768,\"full\":960},\"breakpoint_pointer\":\"02a5828b-2a88-4996-a209-faf8476d3da1\",\"is_initial_load\":false,\"public_views\":{\"list\":{\"view_class\":\"Tribe\\\\Events\\\\Views\\\\V2\\\\Views\\\\List_View\",\"view_url\":\"https:\\\/\\\/www.cltweb.org\\\/fr\\\/\\u00e9v\\u00e9nements\\\/liste\\\/?shortcode=bdbabbea&tribe-bar-date=2026-01-29\",\"view_label\":\"Liste\",\"aria_label\":\"Display \\u00c9v\\u00e8nements in Liste View\"},\"month\":{\"view_class\":\"Tribe\\\\Events\\\\Views\\\\V2\\\\Views\\\\Month_View\",\"view_url\":\"https:\\\/\\\/www.cltweb.org\\\/fr\\\/\\u00e9v\\u00e9nements\\\/mois\\\/2026-01\\\/?shortcode=bdbabbea\",\"view_label\":\"Mois\",\"aria_label\":\"Display \\u00c9v\\u00e8nements in Mois View\"},\"day\":{\"view_class\":\"Tribe\\\\Events\\\\Views\\\\V2\\\\Views\\\\Day_View\",\"view_url\":\"https:\\\/\\\/www.cltweb.org\\\/fr\\\/\\u00e9v\\u00e9nements\\\/2026-01-29\\\/?shortcode=bdbabbea\",\"view_label\":\"Jour\",\"aria_label\":\"Display \\u00c9v\\u00e8nements in Jour View\"}},\"show_latest_past\":true,\"past\":false,\"show_now\":false,\"now_label\":\"Maintenant\",\"now_label_mobile\":\"Maintenant\",\"show_end\":true,\"selected_start_datetime\":\"2026-01-29\",\"selected_start_date_mobile\":\"1\\\/29\\\/2026\",\"selected_start_date_label\":\"janvier 29\",\"selected_end_datetime\":\"2026-06-10\",\"selected_end_date_mobile\":\"6\\\/10\\\/2026\",\"selected_end_date_label\":\"juin 10\",\"datepicker_date\":\"1\\\/29\\\/2026\",\"subscribe_links\":{\"gcal\":{\"label\":\"Google Agenda\",\"single_label\":\"Ajouter \\u00e0 Google Agenda\",\"visible\":true,\"block_slug\":\"hasGoogleCalendar\"},\"ical\":{\"label\":\"iCalendar\",\"single_label\":\"Ajouter \\u00e0 iCalendar\",\"visible\":true,\"block_slug\":\"hasiCal\"},\"outlook-365\":{\"label\":\"Outlook 365\",\"single_label\":\"Outlook 365\",\"visible\":true,\"block_slug\":\"hasOutlook365\"},\"outlook-live\":{\"label\":\"Outlook Live\",\"single_label\":\"Outlook Live\",\"visible\":true,\"block_slug\":\"hasOutlookLive\"},\"ics\":{\"label\":\"Exporter le fichier .ics\",\"single_label\":\"Exporter le fichier .ics\",\"visible\":true,\"block_slug\":null},\"outlook-ics\":{\"label\":\"Exporter le fichier Outlook .ics\",\"single_label\":\"Exporter le fichier Outlook .ics\",\"visible\":true,\"block_slug\":null}},\"display_recurring_toggle\":false,\"_context\":{\"slug\":\"list\",\"should_manage_url\":false},\"text\":\"Chargement\\u2026\",\"classes\":[\"tribe-common-c-loader__dot\",\"tribe-common-c-loader__dot--third\"]}<\/script>\n\n\t\t\n\t\t\n<header  class=\"tribe-events-header tribe-events-header--has-event-search\" >\n\t<div class=\"tribe-events-header__content-title\">\n\t<h1 class=\"screen-reader-text tec-a11y-title-hidden\">\u00c9v\u00e8nements<\/h1><\/div>\n\n\t\n\t\n\t\n\t<div class=\"tribe-events-c-top-bar tribe-events-header__top-bar\">\n\n\t<nav class=\"tribe-events-c-top-bar__nav tribe-common-a11y-hidden\" aria-label=\"Top \u00e9v\u00e8nements list pagination\">\n\t<ul class=\"tribe-events-c-top-bar__nav-list\">\n\t\t<li class=\"tribe-events-c-top-bar__nav-list-item\">\n\t<a\n\t\thref=\"https:\/\/www.cltweb.org\/fr\/\u00e9v\u00e9nements\/liste\/?rest_route=%2Fwp%2Fv2%2Fpages%2F1920&#038;shortcode=bdbabbea&#038;eventDisplay=past&#038;eventDate=-90+days\"\n\t\tclass=\"tribe-common-c-btn-icon tribe-common-c-btn-icon--caret-left tribe-events-c-top-bar__nav-link tribe-events-c-top-bar__nav-link--prev\"\n\t\taria-label=\"\u00c9v\u00e8nements pr\u00e9c\u00e9dents\"\n\t\ttitle=\"\u00c9v\u00e8nements pr\u00e9c\u00e9dents\"\n\t\tdata-js=\"tribe-events-view-link\"\n\t>\n\t\t<svg\n\t class=\"tribe-common-c-svgicon tribe-common-c-svgicon--caret-left tribe-common-c-btn-icon__icon-svg tribe-events-c-top-bar__nav-link-icon-svg\" \taria-hidden=\"true\"\n\tviewBox=\"0 0 10 16\"\n\txmlns=\"http:\/\/www.w3.org\/2000\/svg\"\n>\n\t<path d=\"M9.7 14.4l-1.5 1.5L.3 8 8.2.1l1.5 1.5L3.3 8l6.4 6.4z\"\/>\n<\/svg>\n\t<\/a>\n<\/li>\n\n\t\t<li class=\"tribe-events-c-top-bar__nav-list-item\">\n\t<a\n\t\thref=\"https:\/\/www.cltweb.org\/fr\/\u00e9v\u00e9nements\/liste\/page\/2\/?shortcode=bdbabbea&#038;tribe-bar-date=-90+days\"\n\t\tclass=\"tribe-common-c-btn-icon tribe-common-c-btn-icon--caret-right tribe-events-c-top-bar__nav-link tribe-events-c-top-bar__nav-link--next\"\n\t\taria-label=\"\u00c9v\u00e8nements suivants\"\n\t\ttitle=\"\u00c9v\u00e8nements suivants\"\n\t\tdata-js=\"tribe-events-view-link\"\n\t>\n\t\t<svg\n\t class=\"tribe-common-c-svgicon tribe-common-c-svgicon--caret-right tribe-common-c-btn-icon__icon-svg tribe-events-c-top-bar__nav-link-icon-svg\" \taria-hidden=\"true\"\n\tviewBox=\"0 0 10 16\"\n\txmlns=\"http:\/\/www.w3.org\/2000\/svg\"\n>\n\t<path d=\"M.3 1.6L1.8.1 9.7 8l-7.9 7.9-1.5-1.5L6.7 8 .3 1.6z\"\/>\n<\/svg>\n\t<\/a>\n<\/li>\n\t<\/ul>\n<\/nav>\n\n\t<a\n\thref=\"https:\/\/www.cltweb.org\/fr\/\u00e9v\u00e9nements\/liste\/?rest_route=%2Fwp%2Fv2%2Fpages%2F1920&#038;shortcode=bdbabbea\"\n\tclass=\"tribe-common-c-btn-border-small tribe-events-c-top-bar__today-button tribe-common-a11y-hidden\"\n\tdata-js=\"tribe-events-view-link\"\n\taria-description=\"Cliquer pour s\u00e9lectionner la date du jour\"\n>\n\tAujourd\u2019hui<\/a>\n\n\t<div class=\"tribe-events-c-top-bar__datepicker\">\n\t<button\n\t\tclass=\"tribe-common-c-btn__clear tribe-common-h3 tribe-common-h--alt tribe-events-c-top-bar__datepicker-button\"\n\t\tdata-js=\"tribe-events-top-bar-datepicker-button\"\n\t\ttype=\"button\"\n\t\taria-description=\"Cliquer pour basculer le s\u00e9lectionneur de dates\"\n\t>\n\t\t<time\n\t\t\tdatetime=\"2026-01-29\"\n\t\t\tclass=\"tribe-events-c-top-bar__datepicker-time\"\n\t\t>\n\t\t\t\t\t\t\t<span class=\"tribe-events-c-top-bar__datepicker-mobile\">\n\t\t\t\t\t1\/29\/2026\t\t\t\t<\/span>\n\t\t\t\t<span class=\"tribe-events-c-top-bar__datepicker-desktop tribe-common-a11y-hidden\">\n\t\t\t\t\tjanvier 29\t\t\t\t<\/span>\n\t\t\t\t\t<\/time>\n\t\t\t\t\t<span class=\"tribe-events-c-top-bar__datepicker-separator\"> - <\/span>\n\t\t\t<time\n\t\t\t\tdatetime=\"2026-06-10\"\n\t\t\t\tclass=\"tribe-events-c-top-bar__datepicker-time\"\n\t\t\t>\n\t\t\t\t<span class=\"tribe-events-c-top-bar__datepicker-mobile\">\n\t\t\t\t\t6\/10\/2026\t\t\t\t<\/span>\n\t\t\t\t<span class=\"tribe-events-c-top-bar__datepicker-desktop tribe-common-a11y-hidden\">\n\t\t\t\t\tjuin 10\t\t\t\t<\/span>\n\t\t\t<\/time>\n\t\t\t\t<svg\n\t class=\"tribe-common-c-svgicon tribe-common-c-svgicon--caret-down tribe-events-c-top-bar__datepicker-button-icon-svg\" \taria-hidden=\"true\"\n\tviewBox=\"0 0 10 7\"\n\txmlns=\"http:\/\/www.w3.org\/2000\/svg\"\n>\n\t<path fill-rule=\"evenodd\" clip-rule=\"evenodd\" d=\"M1.008.609L5 4.6 8.992.61l.958.958L5 6.517.05 1.566l.958-.958z\" class=\"tribe-common-c-svgicon__svg-fill\"\/>\n<\/svg>\n\t<\/button>\n\t<label\n\t\tclass=\"tribe-events-c-top-bar__datepicker-label tribe-common-a11y-visual-hide\"\n\t\tfor=\"tribe-events-top-bar-date\"\n\t>\n\t\tS\u00e9lectionnez une date.\t<\/label>\n\t<input\n\t\ttype=\"text\"\n\t\tclass=\"tribe-events-c-top-bar__datepicker-input tribe-common-a11y-visual-hide\"\n\t\tdata-js=\"tribe-events-top-bar-date\"\n\t\tid=\"tribe-events-top-bar-date\"\n\t\tname=\"tribe-events-views[tribe-bar-date]\"\n\t\tvalue=\"1\/29\/2026\"\n\t\ttabindex=\"-1\"\n\t\tautocomplete=\"off\"\n\t\treadonly=\"readonly\"\n\t\/>\n\t<div class=\"tribe-events-c-top-bar__datepicker-container\" data-js=\"tribe-events-top-bar-datepicker-container\"><\/div>\n\t<template class=\"tribe-events-c-top-bar__datepicker-template-prev-icon\">\n\t\t<svg\n\t class=\"tribe-common-c-svgicon tribe-common-c-svgicon--caret-left tribe-events-c-top-bar__datepicker-nav-icon-svg\" \taria-hidden=\"true\"\n\tviewBox=\"0 0 10 16\"\n\txmlns=\"http:\/\/www.w3.org\/2000\/svg\"\n>\n\t<path d=\"M9.7 14.4l-1.5 1.5L.3 8 8.2.1l1.5 1.5L3.3 8l6.4 6.4z\"\/>\n<\/svg>\n\t<\/template>\n\t<template class=\"tribe-events-c-top-bar__datepicker-template-next-icon\">\n\t\t<svg\n\t class=\"tribe-common-c-svgicon tribe-common-c-svgicon--caret-right tribe-events-c-top-bar__datepicker-nav-icon-svg\" \taria-hidden=\"true\"\n\tviewBox=\"0 0 10 16\"\n\txmlns=\"http:\/\/www.w3.org\/2000\/svg\"\n>\n\t<path d=\"M.3 1.6L1.8.1 9.7 8l-7.9 7.9-1.5-1.5L6.7 8 .3 1.6z\"\/>\n<\/svg>\n\t<\/template>\n<\/div>\n\n\t\n\t<div class=\"tribe-events-c-top-bar__actions tribe-common-a11y-hidden\">\n\t<\/div>\n\n<\/div>\n<\/header>\n\n\t\t\n\t\t<ul\n\t\t\tclass=\"tribe-events-calendar-list\"\n\t\t\taria-label=\"\n\t\t\tList of \u00c9v\u00e8nements\t\t\t\"\n\t\t>\n\n\t\t\t\t\t\t\t\n\t\t\t\t<li class=\"tribe-events-calendar-list__month-separator\">\n\t<h3>\n\t\t<time\n\t\t\tclass=\"tribe-events-calendar-list__month-separator-text tribe-common-h7 tribe-common-h6--min-medium tribe-common-h--alt\"\n\t\t>\n\t\t\tf\u00e9vrier 2026\t\t<\/time>\n\t<\/h3>\n<\/li>\n\n\t\t\t\t<li  class=\"tribe-common-g-row tribe-events-calendar-list__event-row\" >\n\n\t<div  class=\"tribe-events-calendar-list__event-date-tag tribe-common-g-col post-10000034 tribe_events type-tribe_events status-publish hentry tag-fonds-foncier-communautaire tag-habitat-pour-lhumanite tag-webinaire\"  >\n\t<time class=\"tribe-events-calendar-list__event-date-tag-datetime\" datetime=\"2026-02-03\" aria-hidden=\"true\">\n\t\t<span class=\"tribe-events-calendar-list__event-date-tag-weekday\">\n\t\t\tmar\t\t<\/span>\n\t\t<span class=\"tribe-events-calendar-list__event-date-tag-daynum tribe-common-h5 tribe-common-h4--min-medium\">\n\t\t\t3\t\t<\/span>\n\t<\/time>\n<\/div>\n\n\t<div class=\"tribe-events-calendar-list__event-wrapper tribe-common-g-col\">\n\t\t<article  class=\"tribe-events-calendar-list__event tribe-common-g-row tribe-common-g-row--gutters post-10000034 tribe_events type-tribe_events status-publish hentry tag-fonds-foncier-communautaire tag-habitat-pour-lhumanite tag-webinaire\" >\n\t\t\t\n\t\t\t<div class=\"tribe-events-calendar-list__event-details tribe-common-g-col\">\n\n\t\t\t\t<header class=\"tribe-events-calendar-list__event-header\">\n\t\t\t\t\t<h4 class=\"tribe-events-calendar-list__event-title tribe-common-h6 tribe-common-h4--min-medium\">\n\t<a\n\t\thref=\"https:\/\/www.cltweb.org\/fr\/event\/le-logement-inclusif-et-le-role-des-clt-perspectives-interregionales-sur-la-politique-fonciere-et-laccessibilite-a-long-terme\/\"\n\t\ttitle=\"Le logement inclusif et le r\u00f4le des CLT : Perspectives interr\u00e9gionales sur la politique fonci\u00e8re et l&#8217;accessibilit\u00e9 \u00e0 long terme\"\n\t\trel=\"bookmark\"\n\t\tclass=\"tribe-events-calendar-list__event-title-link tribe-common-anchor-thin\"\n\t>\n\t\tLe logement inclusif et le r\u00f4le des CLT : Perspectives interr\u00e9gionales sur la politique fonci\u00e8re et l&#8217;accessibilit\u00e9 \u00e0 long terme\t<\/a>\n<\/h4>\n\t\t\t\t\t<div class=\"tribe-events-calendar-list__event-datetime-wrapper tribe-common-b2\">\n\t\t<time class=\"tribe-events-calendar-list__event-datetime\" datetime=\"2026-02-03\">\n\t\t<span class=\"tribe-event-date-start\">f\u00e9vrier 3 @ 11h00<\/span> - <span class=\"tribe-event-time\">12h30<\/span> <span class='timezone'> UTC+0 <\/span>\t<\/time>\n\t<\/div>\n\t\t\t\t\t\t\t\t\t\t\t\t\t\t<\/header>\n\n\t\t\t\t<div class=\"tribe-events-calendar-list__event-description tribe-common-b2 tribe-common-a11y-hidden\">\n\t<p>Description du webinaire Alors que les villes du monde entier sont confront\u00e9es \u00e0 des crises de plus en plus graves en mati\u00e8re de logement abordable, les politiques de logement inclusif [&hellip;]<\/p>\n<\/div>\n\t\t\t\t\n\t\t\t<\/div>\n\t\t<\/article>\n\t<\/div>\n\n<\/li>\n\n\t\t\t\t\t\t\t\n\t\t\t\t<li class=\"tribe-events-calendar-list__month-separator\">\n\t<h3>\n\t\t<time\n\t\t\tclass=\"tribe-events-calendar-list__month-separator-text tribe-common-h7 tribe-common-h6--min-medium tribe-common-h--alt\"\n\t\t>\n\t\t\tmai 2026\t\t<\/time>\n\t<\/h3>\n<\/li>\n\n\t\t\t\t<li  class=\"tribe-common-g-row tribe-events-calendar-list__event-row\" >\n\n\t<div  class=\"tribe-events-calendar-list__event-date-tag tribe-common-g-col post-10000043 tribe_events type-tribe_events status-publish has-post-thumbnail hentry tag-fonds-foncier-communautaire tag-journee-mondiale-de-la-clt tag-sommet-virtuel-2026 tag-webinaire tribe_events_cat-2026-sommet-virtuel-mondial-du-clt cat_2026-sommet-virtuel-mondial-du-clt\"  >\n\t<time class=\"tribe-events-calendar-list__event-date-tag-datetime\" datetime=\"2026-05-05\" aria-hidden=\"true\">\n\t\t<span class=\"tribe-events-calendar-list__event-date-tag-weekday\">\n\t\t\tmar\t\t<\/span>\n\t\t<span class=\"tribe-events-calendar-list__event-date-tag-daynum tribe-common-h5 tribe-common-h4--min-medium\">\n\t\t\t5\t\t<\/span>\n\t<\/time>\n<\/div>\n\n\t<div class=\"tribe-events-calendar-list__event-wrapper tribe-common-g-col\">\n\t\t<article  class=\"tribe-events-calendar-list__event tribe-common-g-row tribe-common-g-row--gutters post-10000043 tribe_events type-tribe_events status-publish has-post-thumbnail hentry tag-fonds-foncier-communautaire tag-journee-mondiale-de-la-clt tag-sommet-virtuel-2026 tag-webinaire tribe_events_cat-2026-sommet-virtuel-mondial-du-clt cat_2026-sommet-virtuel-mondial-du-clt\" >\n\t\t\t<div class=\"tribe-events-calendar-list__event-featured-image-wrapper tribe-common-g-col\">\n\t<img\n\t\tclass=\"tribe-events-calendar-list__event-featured-image\"\n\t\tsrc=\"https:\/\/www.cltweb.org\/wp-content\/uploads\/2026\/03\/Rondo-Event-Square-1.png\"\n\t\t\t\t\tsrcset=\"https:\/\/www.cltweb.org\/wp-content\/uploads\/2026\/03\/Rondo-Event-Square-1-300x300.png 300w, https:\/\/www.cltweb.org\/wp-content\/uploads\/2026\/03\/Rondo-Event-Square-1-1024x1024.png 1024w, https:\/\/www.cltweb.org\/wp-content\/uploads\/2026\/03\/Rondo-Event-Square-1-150x150.png 150w, https:\/\/www.cltweb.org\/wp-content\/uploads\/2026\/03\/Rondo-Event-Square-1-768x768.png 768w, https:\/\/www.cltweb.org\/wp-content\/uploads\/2026\/03\/Rondo-Event-Square-1.png 1080w\"\n\t\t\t\t\t\t\talt=\"\"\n\t\t\t\t\t\t\ttitle=\"Place de l&#8217;\u00e9v\u00e9nement Rondo\"\n\t\t\t\tclass=\"tribe-events-calendar-list__event-featured-image\"\n\t\t\t\t\twidth=\"1080\"\n\t\t\theight=\"1080\"\n\t\t\t\/>\n<\/div>\n\n\t\t\t<div class=\"tribe-events-calendar-list__event-details tribe-common-g-col\">\n\n\t\t\t\t<header class=\"tribe-events-calendar-list__event-header\">\n\t\t\t\t\t<h4 class=\"tribe-events-calendar-list__event-title tribe-common-h6 tribe-common-h4--min-medium\">\n\t<a\n\t\thref=\"https:\/\/www.cltweb.org\/fr\/event\/enracine-dans-la-justice-centrer-les-communautes-mal-desservies-dans-la-pratique-clt\/\"\n\t\ttitle=\"Enracin\u00e9 dans la justice : Centrer les communaut\u00e9s mal desservies dans la pratique CLT\"\n\t\trel=\"bookmark\"\n\t\tclass=\"tribe-events-calendar-list__event-title-link tribe-common-anchor-thin\"\n\t>\n\t\tEnracin\u00e9 dans la justice : Centrer les communaut\u00e9s mal desservies dans la pratique CLT\t<\/a>\n<\/h4>\n\t\t\t\t\t<div class=\"tribe-events-calendar-list__event-datetime-wrapper tribe-common-b2\">\n\t\t<time class=\"tribe-events-calendar-list__event-datetime\" datetime=\"2026-05-05\">\n\t\t<span class=\"tribe-event-date-start\">mai 5 @ 10h00<\/span> - <span class=\"tribe-event-time\">11h30<\/span> <span class='timezone'> UTC-4 <\/span>\t<\/time>\n\t<\/div>\n\t\t\t\t\t\t\t\t\t\t\t\t\t\t<\/header>\n\n\t\t\t\t<div class=\"tribe-events-calendar-list__event-description tribe-common-b2 tribe-common-a11y-hidden\">\n\t<p>Cet \u00e9v\u00e9nement fait partie du sommet virtuel 2026 Global Community Land Trust (CLT), une s\u00e9rie de six semaines d'\u00e9v\u00e9nements en ligne du 5 mai au 10 juin. D\u00e9couvrez le programme [&hellip;]<\/p>\n<\/div>\n\t\t\t\t\n\t\t\t<\/div>\n\t\t<\/article>\n\t<\/div>\n\n<\/li>\n\n\t\t\t\t\t\t\t\n\t\t\t\t\n\t\t\t\t<li  class=\"tribe-common-g-row tribe-events-calendar-list__event-row\" >\n\n\t<div  class=\"tribe-events-calendar-list__event-date-tag tribe-common-g-col post-10000047 tribe_events type-tribe_events status-publish has-post-thumbnail hentry tag-fonds-foncier-communautaire tag-journee-mondiale-de-la-clt tag-sommet-virtuel-2026 tag-webinaire tribe_events_cat-2026-sommet-virtuel-mondial-du-clt cat_2026-sommet-virtuel-mondial-du-clt\"  >\n\t<time class=\"tribe-events-calendar-list__event-date-tag-datetime\" datetime=\"2026-05-05\" aria-hidden=\"true\">\n\t\t<span class=\"tribe-events-calendar-list__event-date-tag-weekday\">\n\t\t\tmar\t\t<\/span>\n\t\t<span class=\"tribe-events-calendar-list__event-date-tag-daynum tribe-common-h5 tribe-common-h4--min-medium\">\n\t\t\t5\t\t<\/span>\n\t<\/time>\n<\/div>\n\n\t<div class=\"tribe-events-calendar-list__event-wrapper tribe-common-g-col\">\n\t\t<article  class=\"tribe-events-calendar-list__event tribe-common-g-row tribe-common-g-row--gutters post-10000047 tribe_events type-tribe_events status-publish has-post-thumbnail hentry tag-fonds-foncier-communautaire tag-journee-mondiale-de-la-clt tag-sommet-virtuel-2026 tag-webinaire tribe_events_cat-2026-sommet-virtuel-mondial-du-clt cat_2026-sommet-virtuel-mondial-du-clt\" >\n\t\t\t<div class=\"tribe-events-calendar-list__event-featured-image-wrapper tribe-common-g-col\">\n\t<img\n\t\tclass=\"tribe-events-calendar-list__event-featured-image\"\n\t\tsrc=\"https:\/\/www.cltweb.org\/wp-content\/uploads\/2026\/03\/5-May_Brazil.png\"\n\t\t\t\t\tsrcset=\"https:\/\/www.cltweb.org\/wp-content\/uploads\/2026\/03\/5-May_Brazil-300x300.png 300w, https:\/\/www.cltweb.org\/wp-content\/uploads\/2026\/03\/5-May_Brazil-1024x1024.png 1024w, https:\/\/www.cltweb.org\/wp-content\/uploads\/2026\/03\/5-May_Brazil-150x150.png 150w, https:\/\/www.cltweb.org\/wp-content\/uploads\/2026\/03\/5-May_Brazil-768x768.png 768w, https:\/\/www.cltweb.org\/wp-content\/uploads\/2026\/03\/5-May_Brazil.png 1080w\"\n\t\t\t\t\t\t\talt=\"\"\n\t\t\t\t\t\t\ttitle=\"5 mai_Br\u00e9sil\"\n\t\t\t\tclass=\"tribe-events-calendar-list__event-featured-image\"\n\t\t\t\t\twidth=\"1080\"\n\t\t\theight=\"1080\"\n\t\t\t\/>\n<\/div>\n\n\t\t\t<div class=\"tribe-events-calendar-list__event-details tribe-common-g-col\">\n\n\t\t\t\t<header class=\"tribe-events-calendar-list__event-header\">\n\t\t\t\t\t<h4 class=\"tribe-events-calendar-list__event-title tribe-common-h6 tribe-common-h4--min-medium\">\n\t<a\n\t\thref=\"https:\/\/www.cltweb.org\/fr\/event\/termos-territoriais-coletivos-no-brasil-connaissances-difficultes-et-perspectives\/\"\n\t\ttitle=\"Termos Territoriais Coletivos no Brasil : Connaissances, difficult\u00e9s et perspectives\"\n\t\trel=\"bookmark\"\n\t\tclass=\"tribe-events-calendar-list__event-title-link tribe-common-anchor-thin\"\n\t>\n\t\tTermos Territoriais Coletivos no Brasil : Connaissances, difficult\u00e9s et perspectives\t<\/a>\n<\/h4>\n\t\t\t\t\t<div class=\"tribe-events-calendar-list__event-datetime-wrapper tribe-common-b2\">\n\t\t<time class=\"tribe-events-calendar-list__event-datetime\" datetime=\"2026-05-05\">\n\t\t<span class=\"tribe-event-date-start\">mai 5 @ 13h00<\/span> - <span class=\"tribe-event-time\">14h30<\/span> <span class='timezone'> UTC-4 <\/span>\t<\/time>\n\t<\/div>\n\t\t\t\t\t\t\t\t\t\t\t\t\t\t<\/header>\n\n\t\t\t\t<div class=\"tribe-events-calendar-list__event-description tribe-common-b2 tribe-common-a11y-hidden\">\n\t<p>Cet \u00e9v\u00e9nement fait partie du sommet virtuel 2026 Global Community Land Trust (CLT), une s\u00e9rie de six semaines d'\u00e9v\u00e9nements en ligne du 5 mai au 10 juin. D\u00e9couvrez le programme [&hellip;]<\/p>\n<\/div>\n\t\t\t\t\n\t\t\t<\/div>\n\t\t<\/article>\n\t<\/div>\n\n<\/li>\n\n\t\t\t\t\t\t\t\n\t\t\t\t\n\t\t\t\t<li  class=\"tribe-common-g-row tribe-events-calendar-list__event-row\" >\n\n\t<div  class=\"tribe-events-calendar-list__event-date-tag tribe-common-g-col post-10000051 tribe_events type-tribe_events status-publish has-post-thumbnail hentry tag-fonds-foncier-communautaire tag-journee-mondiale-de-la-clt tag-sommet-virtuel-2026 tag-webinaire tribe_events_cat-2026-sommet-virtuel-mondial-du-clt cat_2026-sommet-virtuel-mondial-du-clt\"  >\n\t<time class=\"tribe-events-calendar-list__event-date-tag-datetime\" datetime=\"2026-05-12\" aria-hidden=\"true\">\n\t\t<span class=\"tribe-events-calendar-list__event-date-tag-weekday\">\n\t\t\tmar\t\t<\/span>\n\t\t<span class=\"tribe-events-calendar-list__event-date-tag-daynum tribe-common-h5 tribe-common-h4--min-medium\">\n\t\t\t12\t\t<\/span>\n\t<\/time>\n<\/div>\n\n\t<div class=\"tribe-events-calendar-list__event-wrapper tribe-common-g-col\">\n\t\t<article  class=\"tribe-events-calendar-list__event tribe-common-g-row tribe-common-g-row--gutters post-10000051 tribe_events type-tribe_events status-publish has-post-thumbnail hentry tag-fonds-foncier-communautaire tag-journee-mondiale-de-la-clt tag-sommet-virtuel-2026 tag-webinaire tribe_events_cat-2026-sommet-virtuel-mondial-du-clt cat_2026-sommet-virtuel-mondial-du-clt\" >\n\t\t\t<div class=\"tribe-events-calendar-list__event-featured-image-wrapper tribe-common-g-col\">\n\t<img\n\t\tclass=\"tribe-events-calendar-list__event-featured-image\"\n\t\tsrc=\"https:\/\/www.cltweb.org\/wp-content\/uploads\/2026\/03\/CLT-Center-Event-Square.png\"\n\t\t\t\t\tsrcset=\"https:\/\/www.cltweb.org\/wp-content\/uploads\/2026\/03\/CLT-Center-Event-Square-300x300.png 300w, https:\/\/www.cltweb.org\/wp-content\/uploads\/2026\/03\/CLT-Center-Event-Square-1024x1024.png 1024w, https:\/\/www.cltweb.org\/wp-content\/uploads\/2026\/03\/CLT-Center-Event-Square-150x150.png 150w, https:\/\/www.cltweb.org\/wp-content\/uploads\/2026\/03\/CLT-Center-Event-Square-768x768.png 768w, https:\/\/www.cltweb.org\/wp-content\/uploads\/2026\/03\/CLT-Center-Event-Square.png 1080w\"\n\t\t\t\t\t\t\talt=\"\"\n\t\t\t\t\t\t\ttitle=\"Centre CLT Event Square\"\n\t\t\t\tclass=\"tribe-events-calendar-list__event-featured-image\"\n\t\t\t\t\twidth=\"1080\"\n\t\t\theight=\"1080\"\n\t\t\t\/>\n<\/div>\n\n\t\t\t<div class=\"tribe-events-calendar-list__event-details tribe-common-g-col\">\n\n\t\t\t\t<header class=\"tribe-events-calendar-list__event-header\">\n\t\t\t\t\t<h4 class=\"tribe-events-calendar-list__event-title tribe-common-h6 tribe-common-h4--min-medium\">\n\t<a\n\t\thref=\"https:\/\/www.cltweb.org\/fr\/event\/ce-que-nous-apprenons-dans-le-sud-global-une-conversation-sur-les-clt-a-travers-les-contextes\/\"\n\t\ttitle=\"Ce que nous apprenons dans le Sud global : Une conversation sur les CLT \u00e0 travers les contextes\"\n\t\trel=\"bookmark\"\n\t\tclass=\"tribe-events-calendar-list__event-title-link tribe-common-anchor-thin\"\n\t>\n\t\tCe que nous apprenons dans le Sud global : Une conversation sur les CLT \u00e0 travers les contextes\t<\/a>\n<\/h4>\n\t\t\t\t\t<div class=\"tribe-events-calendar-list__event-datetime-wrapper tribe-common-b2\">\n\t\t<time class=\"tribe-events-calendar-list__event-datetime\" datetime=\"2026-05-12\">\n\t\t<span class=\"tribe-event-date-start\">mai 12 @ 13h00<\/span> - <span class=\"tribe-event-time\">13h30<\/span> <span class='timezone'> UTC-3 <\/span>\t<\/time>\n\t<\/div>\n\t\t\t\t\t\t\t\t\t\t\t\t\t\t<\/header>\n\n\t\t\t\t<div class=\"tribe-events-calendar-list__event-description tribe-common-b2 tribe-common-a11y-hidden\">\n\t<p>Cet \u00e9v\u00e9nement fait partie du sommet virtuel 2026 Global Community Land Trust (CLT), une s\u00e9rie de six semaines d'\u00e9v\u00e9nements en ligne du 5 mai au 10 juin. D\u00e9couvrez le programme [&hellip;]<\/p>\n<\/div>\n\t\t\t\t\n\t\t\t<\/div>\n\t\t<\/article>\n\t<\/div>\n\n<\/li>\n\n\t\t\t\t\t\t\t\n\t\t\t\t\n\t\t\t\t<li  class=\"tribe-common-g-row tribe-events-calendar-list__event-row\" >\n\n\t<div  class=\"tribe-events-calendar-list__event-date-tag tribe-common-g-col post-10000054 tribe_events type-tribe_events status-publish has-post-thumbnail hentry tag-fonds-foncier-communautaire tag-journee-mondiale-de-la-clt tag-sommet-virtuel-2026 tag-webinaire tribe_events_cat-2026-sommet-virtuel-mondial-du-clt cat_2026-sommet-virtuel-mondial-du-clt\"  >\n\t<time class=\"tribe-events-calendar-list__event-date-tag-datetime\" datetime=\"2026-05-14\" aria-hidden=\"true\">\n\t\t<span class=\"tribe-events-calendar-list__event-date-tag-weekday\">\n\t\t\tjeu\t\t<\/span>\n\t\t<span class=\"tribe-events-calendar-list__event-date-tag-daynum tribe-common-h5 tribe-common-h4--min-medium\">\n\t\t\t14\t\t<\/span>\n\t<\/time>\n<\/div>\n\n\t<div class=\"tribe-events-calendar-list__event-wrapper tribe-common-g-col\">\n\t\t<article  class=\"tribe-events-calendar-list__event tribe-common-g-row tribe-common-g-row--gutters post-10000054 tribe_events type-tribe_events status-publish has-post-thumbnail hentry tag-fonds-foncier-communautaire tag-journee-mondiale-de-la-clt tag-sommet-virtuel-2026 tag-webinaire tribe_events_cat-2026-sommet-virtuel-mondial-du-clt cat_2026-sommet-virtuel-mondial-du-clt\" >\n\t\t\t<div class=\"tribe-events-calendar-list__event-featured-image-wrapper tribe-common-g-col\">\n\t<img\n\t\tclass=\"tribe-events-calendar-list__event-featured-image\"\n\t\tsrc=\"https:\/\/www.cltweb.org\/wp-content\/uploads\/2026\/03\/Puerto-Rico-Event-Square.png\"\n\t\t\t\t\tsrcset=\"https:\/\/www.cltweb.org\/wp-content\/uploads\/2026\/03\/Puerto-Rico-Event-Square-300x300.png 300w, https:\/\/www.cltweb.org\/wp-content\/uploads\/2026\/03\/Puerto-Rico-Event-Square-1024x1024.png 1024w, https:\/\/www.cltweb.org\/wp-content\/uploads\/2026\/03\/Puerto-Rico-Event-Square-150x150.png 150w, https:\/\/www.cltweb.org\/wp-content\/uploads\/2026\/03\/Puerto-Rico-Event-Square-768x768.png 768w, https:\/\/www.cltweb.org\/wp-content\/uploads\/2026\/03\/Puerto-Rico-Event-Square.png 1080w\"\n\t\t\t\t\t\t\talt=\"\"\n\t\t\t\t\t\t\ttitle=\"Puerto Rico Event Square\"\n\t\t\t\tclass=\"tribe-events-calendar-list__event-featured-image\"\n\t\t\t\t\twidth=\"1080\"\n\t\t\theight=\"1080\"\n\t\t\t\/>\n<\/div>\n\n\t\t\t<div class=\"tribe-events-calendar-list__event-details tribe-common-g-col\">\n\n\t\t\t\t<header class=\"tribe-events-calendar-list__event-header\">\n\t\t\t\t\t<h4 class=\"tribe-events-calendar-list__event-title tribe-common-h6 tribe-common-h4--min-medium\">\n\t<a\n\t\thref=\"https:\/\/www.cltweb.org\/fr\/event\/conception-de-solutions-de-gestion-collective-de-la-terre-a-partir-des-aspirations-communautaires-lexperience-de-porto-rico\/\"\n\t\ttitle=\"Conception de solutions de gestion collective de la terre \u00e0 partir des aspirations communautaires : L&#8217;exp\u00e9rience de Porto Rico\"\n\t\trel=\"bookmark\"\n\t\tclass=\"tribe-events-calendar-list__event-title-link tribe-common-anchor-thin\"\n\t>\n\t\tConception de solutions de gestion collective de la terre \u00e0 partir des aspirations communautaires : L&#8217;exp\u00e9rience de Porto Rico\t<\/a>\n<\/h4>\n\t\t\t\t\t<div class=\"tribe-events-calendar-list__event-datetime-wrapper tribe-common-b2\">\n\t\t<time class=\"tribe-events-calendar-list__event-datetime\" datetime=\"2026-05-14\">\n\t\t<span class=\"tribe-event-date-start\">mai 14 @ 16h30<\/span> - <span class=\"tribe-event-time\">18h00<\/span> <span class='timezone'> UTC-4 <\/span>\t<\/time>\n\t<\/div>\n\t\t\t\t\t\t\t\t\t\t\t\t\t\t<\/header>\n\n\t\t\t\t<div class=\"tribe-events-calendar-list__event-description tribe-common-b2 tribe-common-a11y-hidden\">\n\t<p>Cet \u00e9v\u00e9nement fait partie du sommet virtuel 2026 Global Community Land Trust (CLT), une s\u00e9rie de six semaines d'\u00e9v\u00e9nements en ligne du 5 mai au 10 juin. D\u00e9couvrez le programme [&hellip;]<\/p>\n<\/div>\n\t\t\t\t\n\t\t\t<\/div>\n\t\t<\/article>\n\t<\/div>\n\n<\/li>\n\n\t\t\t\t\t\t\t\n\t\t\t\t\n\t\t\t\t<li  class=\"tribe-common-g-row tribe-events-calendar-list__event-row\" >\n\n\t<div  class=\"tribe-events-calendar-list__event-date-tag tribe-common-g-col post-10000059 tribe_events type-tribe_events status-publish has-post-thumbnail hentry tag-fonds-foncier-communautaire tag-journee-mondiale-de-la-clt tag-sommet-virtuel-2026 tag-webinaire tribe_events_cat-2026-sommet-virtuel-mondial-du-clt cat_2026-sommet-virtuel-mondial-du-clt\"  >\n\t<time class=\"tribe-events-calendar-list__event-date-tag-datetime\" datetime=\"2026-05-19\" aria-hidden=\"true\">\n\t\t<span class=\"tribe-events-calendar-list__event-date-tag-weekday\">\n\t\t\tmar\t\t<\/span>\n\t\t<span class=\"tribe-events-calendar-list__event-date-tag-daynum tribe-common-h5 tribe-common-h4--min-medium\">\n\t\t\t19\t\t<\/span>\n\t<\/time>\n<\/div>\n\n\t<div class=\"tribe-events-calendar-list__event-wrapper tribe-common-g-col\">\n\t\t<article  class=\"tribe-events-calendar-list__event tribe-common-g-row tribe-common-g-row--gutters post-10000059 tribe_events type-tribe_events status-publish has-post-thumbnail hentry tag-fonds-foncier-communautaire tag-journee-mondiale-de-la-clt tag-sommet-virtuel-2026 tag-webinaire tribe_events_cat-2026-sommet-virtuel-mondial-du-clt cat_2026-sommet-virtuel-mondial-du-clt\" >\n\t\t\t<div class=\"tribe-events-calendar-list__event-featured-image-wrapper tribe-common-g-col\">\n\t<img\n\t\tclass=\"tribe-events-calendar-list__event-featured-image\"\n\t\tsrc=\"https:\/\/www.cltweb.org\/wp-content\/uploads\/2026\/03\/GBCLTN-Event-Square.png\"\n\t\t\t\t\tsrcset=\"https:\/\/www.cltweb.org\/wp-content\/uploads\/2026\/03\/GBCLTN-Event-Square-300x300.png 300w, https:\/\/www.cltweb.org\/wp-content\/uploads\/2026\/03\/GBCLTN-Event-Square-1024x1024.png 1024w, https:\/\/www.cltweb.org\/wp-content\/uploads\/2026\/03\/GBCLTN-Event-Square-150x150.png 150w, https:\/\/www.cltweb.org\/wp-content\/uploads\/2026\/03\/GBCLTN-Event-Square-768x768.png 768w, https:\/\/www.cltweb.org\/wp-content\/uploads\/2026\/03\/GBCLTN-Event-Square.png 1080w\"\n\t\t\t\t\t\t\talt=\"\"\n\t\t\t\t\t\t\ttitle=\"Place de l&#8217;\u00e9v\u00e9nement GBCLTN\"\n\t\t\t\tclass=\"tribe-events-calendar-list__event-featured-image\"\n\t\t\t\t\twidth=\"1080\"\n\t\t\theight=\"1080\"\n\t\t\t\/>\n<\/div>\n\n\t\t\t<div class=\"tribe-events-calendar-list__event-details tribe-common-g-col\">\n\n\t\t\t\t<header class=\"tribe-events-calendar-list__event-header\">\n\t\t\t\t\t<h4 class=\"tribe-events-calendar-list__event-title tribe-common-h6 tribe-common-h4--min-medium\">\n\t<a\n\t\thref=\"https:\/\/www.cltweb.org\/fr\/event\/les-clt-en-tant-quoutil-de-developpement-de-la-richesse-communautaire\/\"\n\t\ttitle=\"Les CLT en tant qu&#8217;outil de d\u00e9veloppement de la richesse communautaire\"\n\t\trel=\"bookmark\"\n\t\tclass=\"tribe-events-calendar-list__event-title-link tribe-common-anchor-thin\"\n\t>\n\t\tLes CLT en tant qu&#8217;outil de d\u00e9veloppement de la richesse communautaire\t<\/a>\n<\/h4>\n\t\t\t\t\t<div class=\"tribe-events-calendar-list__event-datetime-wrapper tribe-common-b2\">\n\t\t<time class=\"tribe-events-calendar-list__event-datetime\" datetime=\"2026-05-19\">\n\t\t<span class=\"tribe-event-date-start\">mai 19 @ 13h00<\/span> - <span class=\"tribe-event-time\">14h00<\/span> <span class='timezone'> UTC-4 <\/span>\t<\/time>\n\t<\/div>\n\t\t\t\t\t\t\t\t\t\t\t\t\t\t<\/header>\n\n\t\t\t\t<div class=\"tribe-events-calendar-list__event-description tribe-common-b2 tribe-common-a11y-hidden\">\n\t<p>Cet \u00e9v\u00e9nement fait partie du sommet virtuel 2026 Global Community Land Trust (CLT), une s\u00e9rie de six semaines d'\u00e9v\u00e9nements en ligne du 5 mai au 10 juin. D\u00e9couvrez le programme [&hellip;]<\/p>\n<\/div>\n\t\t\t\t\n\t\t\t<\/div>\n\t\t<\/article>\n\t<\/div>\n\n<\/li>\n\n\t\t\t\t\t\t\t\n\t\t\t\t\n\t\t\t\t<li  class=\"tribe-common-g-row tribe-events-calendar-list__event-row\" >\n\n\t<div  class=\"tribe-events-calendar-list__event-date-tag tribe-common-g-col post-10000063 tribe_events type-tribe_events status-publish has-post-thumbnail hentry tag-fonds-foncier-communautaire tag-journee-mondiale-de-la-clt tag-sommet-virtuel-2026 tag-webinaire tribe_events_cat-2026-sommet-virtuel-mondial-du-clt cat_2026-sommet-virtuel-mondial-du-clt\"  >\n\t<time class=\"tribe-events-calendar-list__event-date-tag-datetime\" datetime=\"2026-05-20\" aria-hidden=\"true\">\n\t\t<span class=\"tribe-events-calendar-list__event-date-tag-weekday\">\n\t\t\tmer\t\t<\/span>\n\t\t<span class=\"tribe-events-calendar-list__event-date-tag-daynum tribe-common-h5 tribe-common-h4--min-medium\">\n\t\t\t20\t\t<\/span>\n\t<\/time>\n<\/div>\n\n\t<div class=\"tribe-events-calendar-list__event-wrapper tribe-common-g-col\">\n\t\t<article  class=\"tribe-events-calendar-list__event tribe-common-g-row tribe-common-g-row--gutters post-10000063 tribe_events type-tribe_events status-publish has-post-thumbnail hentry tag-fonds-foncier-communautaire tag-journee-mondiale-de-la-clt tag-sommet-virtuel-2026 tag-webinaire tribe_events_cat-2026-sommet-virtuel-mondial-du-clt cat_2026-sommet-virtuel-mondial-du-clt\" >\n\t\t\t<div class=\"tribe-events-calendar-list__event-featured-image-wrapper tribe-common-g-col\">\n\t<img\n\t\tclass=\"tribe-events-calendar-list__event-featured-image\"\n\t\tsrc=\"https:\/\/www.cltweb.org\/wp-content\/uploads\/2026\/03\/ECLTN-Event-Square.png\"\n\t\t\t\t\tsrcset=\"https:\/\/www.cltweb.org\/wp-content\/uploads\/2026\/03\/ECLTN-Event-Square-300x300.png 300w, https:\/\/www.cltweb.org\/wp-content\/uploads\/2026\/03\/ECLTN-Event-Square-1024x1024.png 1024w, https:\/\/www.cltweb.org\/wp-content\/uploads\/2026\/03\/ECLTN-Event-Square-150x150.png 150w, https:\/\/www.cltweb.org\/wp-content\/uploads\/2026\/03\/ECLTN-Event-Square-768x768.png 768w, https:\/\/www.cltweb.org\/wp-content\/uploads\/2026\/03\/ECLTN-Event-Square.png 1080w\"\n\t\t\t\t\t\t\talt=\"\"\n\t\t\t\t\t\t\ttitle=\"Place de l&#8217;\u00e9v\u00e9nement ECLTN\"\n\t\t\t\tclass=\"tribe-events-calendar-list__event-featured-image\"\n\t\t\t\t\twidth=\"1080\"\n\t\t\theight=\"1080\"\n\t\t\t\/>\n<\/div>\n\n\t\t\t<div class=\"tribe-events-calendar-list__event-details tribe-common-g-col\">\n\n\t\t\t\t<header class=\"tribe-events-calendar-list__event-header\">\n\t\t\t\t\t<h4 class=\"tribe-events-calendar-list__event-title tribe-common-h6 tribe-common-h4--min-medium\">\n\t<a\n\t\thref=\"https:\/\/www.cltweb.org\/fr\/event\/lancement-de-letude-de-faisabilite-du-reseau-europeen-utiliser-lapproche-clt-pour-renover-le-quartier-auto-construit-de-cova-da-moura\/\"\n\t\ttitle=\"Lancement de l&#8217;\u00e9tude de faisabilit\u00e9 du r\u00e9seau europ\u00e9en : Utilisation de l&#8217;approche CLT pour r\u00e9nover le quartier auto-construit de Cova da Moura (Portugal)\"\n\t\trel=\"bookmark\"\n\t\tclass=\"tribe-events-calendar-list__event-title-link tribe-common-anchor-thin\"\n\t>\n\t\tLancement de l&#8217;\u00e9tude de faisabilit\u00e9 du r\u00e9seau europ\u00e9en : Utilisation de l&#8217;approche CLT pour r\u00e9nover le quartier auto-construit de Cova da Moura (Portugal)\t<\/a>\n<\/h4>\n\t\t\t\t\t<div class=\"tribe-events-calendar-list__event-datetime-wrapper tribe-common-b2\">\n\t\t<time class=\"tribe-events-calendar-list__event-datetime\" datetime=\"2026-05-20\">\n\t\t<span class=\"tribe-event-date-start\">mai 20 @ 15h00<\/span> - <span class=\"tribe-event-time\">16h15<\/span> <span class='timezone'> UTC+2 <\/span>\t<\/time>\n\t<\/div>\n\t\t\t\t\t\t\t\t\t\t\t\t\t\t<\/header>\n\n\t\t\t\t<div class=\"tribe-events-calendar-list__event-description tribe-common-b2 tribe-common-a11y-hidden\">\n\t<p>Cet \u00e9v\u00e9nement fait partie du sommet virtuel 2026 Global Community Land Trust (CLT), une s\u00e9rie de six semaines d'\u00e9v\u00e9nements en ligne du 5 mai au 10 juin. D\u00e9couvrez le programme [&hellip;]<\/p>\n<\/div>\n\t\t\t\t\n\t\t\t<\/div>\n\t\t<\/article>\n\t<\/div>\n\n<\/li>\n\n\t\t\t\t\t\t\t\n\t\t\t\t\n\t\t\t\t<li  class=\"tribe-common-g-row tribe-events-calendar-list__event-row\" >\n\n\t<div  class=\"tribe-events-calendar-list__event-date-tag tribe-common-g-col post-10000067 tribe_events type-tribe_events status-publish has-post-thumbnail hentry tag-fonds-foncier-communautaire tag-journee-mondiale-de-la-clt tag-sommet-virtuel-2026 tag-webinaire tribe_events_cat-2026-sommet-virtuel-mondial-du-clt cat_2026-sommet-virtuel-mondial-du-clt\"  >\n\t<time class=\"tribe-events-calendar-list__event-date-tag-datetime\" datetime=\"2026-05-21\" aria-hidden=\"true\">\n\t\t<span class=\"tribe-events-calendar-list__event-date-tag-weekday\">\n\t\t\tjeu\t\t<\/span>\n\t\t<span class=\"tribe-events-calendar-list__event-date-tag-daynum tribe-common-h5 tribe-common-h4--min-medium\">\n\t\t\t21\t\t<\/span>\n\t<\/time>\n<\/div>\n\n\t<div class=\"tribe-events-calendar-list__event-wrapper tribe-common-g-col\">\n\t\t<article  class=\"tribe-events-calendar-list__event tribe-common-g-row tribe-common-g-row--gutters post-10000067 tribe_events type-tribe_events status-publish has-post-thumbnail hentry tag-fonds-foncier-communautaire tag-journee-mondiale-de-la-clt tag-sommet-virtuel-2026 tag-webinaire tribe_events_cat-2026-sommet-virtuel-mondial-du-clt cat_2026-sommet-virtuel-mondial-du-clt\" >\n\t\t\t<div class=\"tribe-events-calendar-list__event-featured-image-wrapper tribe-common-g-col\">\n\t<img\n\t\tclass=\"tribe-events-calendar-list__event-featured-image\"\n\t\tsrc=\"https:\/\/www.cltweb.org\/wp-content\/uploads\/2026\/03\/England-Scotland-Wales-Event-Square.png\"\n\t\t\t\t\tsrcset=\"https:\/\/www.cltweb.org\/wp-content\/uploads\/2026\/03\/England-Scotland-Wales-Event-Square-300x300.png 300w, https:\/\/www.cltweb.org\/wp-content\/uploads\/2026\/03\/England-Scotland-Wales-Event-Square-1024x1024.png 1024w, https:\/\/www.cltweb.org\/wp-content\/uploads\/2026\/03\/England-Scotland-Wales-Event-Square-150x150.png 150w, https:\/\/www.cltweb.org\/wp-content\/uploads\/2026\/03\/England-Scotland-Wales-Event-Square-768x768.png 768w, https:\/\/www.cltweb.org\/wp-content\/uploads\/2026\/03\/England-Scotland-Wales-Event-Square.png 1080w\"\n\t\t\t\t\t\t\talt=\"\"\n\t\t\t\t\t\t\ttitle=\"Angleterre, \u00c9cosse, Pays de Galles Event Square\"\n\t\t\t\tclass=\"tribe-events-calendar-list__event-featured-image\"\n\t\t\t\t\twidth=\"1080\"\n\t\t\theight=\"1080\"\n\t\t\t\/>\n<\/div>\n\n\t\t\t<div class=\"tribe-events-calendar-list__event-details tribe-common-g-col\">\n\n\t\t\t\t<header class=\"tribe-events-calendar-list__event-header\">\n\t\t\t\t\t<h4 class=\"tribe-events-calendar-list__event-title tribe-common-h6 tribe-common-h4--min-medium\">\n\t<a\n\t\thref=\"https:\/\/www.cltweb.org\/fr\/event\/terre-justice-et-communaute-en-grande-bretagne\/\"\n\t\ttitle=\"Terre, justice et communaut\u00e9 en Grande-Bretagne\"\n\t\trel=\"bookmark\"\n\t\tclass=\"tribe-events-calendar-list__event-title-link tribe-common-anchor-thin\"\n\t>\n\t\tTerre, justice et communaut\u00e9 en Grande-Bretagne\t<\/a>\n<\/h4>\n\t\t\t\t\t<div class=\"tribe-events-calendar-list__event-datetime-wrapper tribe-common-b2\">\n\t\t<time class=\"tribe-events-calendar-list__event-datetime\" datetime=\"2026-05-21\">\n\t\t<span class=\"tribe-event-date-start\">mai 21 @ 16h00<\/span> - <span class=\"tribe-event-time\">18h00<\/span> <span class='timezone'> UTC+1 <\/span>\t<\/time>\n\t<\/div>\n\t\t\t\t\t\t\t\t\t\t\t\t\t\t<\/header>\n\n\t\t\t\t<div class=\"tribe-events-calendar-list__event-description tribe-common-b2 tribe-common-a11y-hidden\">\n\t<p>Cet \u00e9v\u00e9nement fait partie du sommet virtuel 2026 Global Community Land Trust (CLT), une s\u00e9rie de six semaines d'\u00e9v\u00e9nements en ligne du 5 mai au 10 juin. D\u00e9couvrez le programme [&hellip;]<\/p>\n<\/div>\n\t\t\t\t\n\t\t\t<\/div>\n\t\t<\/article>\n\t<\/div>\n\n<\/li>\n\n\t\t\t\t\t\t\t\n\t\t\t\t\n\t\t\t\t<li  class=\"tribe-common-g-row tribe-events-calendar-list__event-row\" >\n\n\t<div  class=\"tribe-events-calendar-list__event-date-tag tribe-common-g-col post-10000072 tribe_events type-tribe_events status-publish has-post-thumbnail hentry tag-fonds-foncier-communautaire tag-journee-mondiale-de-la-clt tag-sommet-virtuel-2026 tag-webinaire tribe_events_cat-2026-sommet-virtuel-mondial-du-clt cat_2026-sommet-virtuel-mondial-du-clt\"  >\n\t<time class=\"tribe-events-calendar-list__event-date-tag-datetime\" datetime=\"2026-05-26\" aria-hidden=\"true\">\n\t\t<span class=\"tribe-events-calendar-list__event-date-tag-weekday\">\n\t\t\tmar\t\t<\/span>\n\t\t<span class=\"tribe-events-calendar-list__event-date-tag-daynum tribe-common-h5 tribe-common-h4--min-medium\">\n\t\t\t26\t\t<\/span>\n\t<\/time>\n<\/div>\n\n\t<div class=\"tribe-events-calendar-list__event-wrapper tribe-common-g-col\">\n\t\t<article  class=\"tribe-events-calendar-list__event tribe-common-g-row tribe-common-g-row--gutters post-10000072 tribe_events type-tribe_events status-publish has-post-thumbnail hentry tag-fonds-foncier-communautaire tag-journee-mondiale-de-la-clt tag-sommet-virtuel-2026 tag-webinaire tribe_events_cat-2026-sommet-virtuel-mondial-du-clt cat_2026-sommet-virtuel-mondial-du-clt\" >\n\t\t\t<div class=\"tribe-events-calendar-list__event-featured-image-wrapper tribe-common-g-col\">\n\t<img\n\t\tclass=\"tribe-events-calendar-list__event-featured-image\"\n\t\tsrc=\"https:\/\/www.cltweb.org\/wp-content\/uploads\/2026\/03\/Canada-Event-Square.png\"\n\t\t\t\t\tsrcset=\"https:\/\/www.cltweb.org\/wp-content\/uploads\/2026\/03\/Canada-Event-Square-300x300.png 300w, https:\/\/www.cltweb.org\/wp-content\/uploads\/2026\/03\/Canada-Event-Square-1024x1024.png 1024w, https:\/\/www.cltweb.org\/wp-content\/uploads\/2026\/03\/Canada-Event-Square-150x150.png 150w, https:\/\/www.cltweb.org\/wp-content\/uploads\/2026\/03\/Canada-Event-Square-768x768.png 768w, https:\/\/www.cltweb.org\/wp-content\/uploads\/2026\/03\/Canada-Event-Square.png 1080w\"\n\t\t\t\t\t\t\talt=\"\"\n\t\t\t\t\t\t\ttitle=\"Canada Event Square\"\n\t\t\t\tclass=\"tribe-events-calendar-list__event-featured-image\"\n\t\t\t\t\twidth=\"1080\"\n\t\t\theight=\"1080\"\n\t\t\t\/>\n<\/div>\n\n\t\t\t<div class=\"tribe-events-calendar-list__event-details tribe-common-g-col\">\n\n\t\t\t\t<header class=\"tribe-events-calendar-list__event-header\">\n\t\t\t\t\t<h4 class=\"tribe-events-calendar-list__event-title tribe-common-h6 tribe-common-h4--min-medium\">\n\t<a\n\t\thref=\"https:\/\/www.cltweb.org\/fr\/event\/decoloniser-les-fiducies-foncieres-communautaires-au-canada\/\"\n\t\ttitle=\"D\u00e9coloniser les fiducies fonci\u00e8res communautaires au Canada\"\n\t\trel=\"bookmark\"\n\t\tclass=\"tribe-events-calendar-list__event-title-link tribe-common-anchor-thin\"\n\t>\n\t\tD\u00e9coloniser les fiducies fonci\u00e8res communautaires au Canada\t<\/a>\n<\/h4>\n\t\t\t\t\t<div class=\"tribe-events-calendar-list__event-datetime-wrapper tribe-common-b2\">\n\t\t<time class=\"tribe-events-calendar-list__event-datetime\" datetime=\"2026-05-26\">\n\t\t<span class=\"tribe-event-date-start\">mai 26 @ 13h00<\/span> - <span class=\"tribe-event-time\">14h30<\/span> <span class='timezone'> UTC-4 <\/span>\t<\/time>\n\t<\/div>\n\t\t\t\t\t\t\t\t\t\t\t\t\t\t<\/header>\n\n\t\t\t\t<div class=\"tribe-events-calendar-list__event-description tribe-common-b2 tribe-common-a11y-hidden\">\n\t<p>Cet \u00e9v\u00e9nement fait partie du sommet virtuel 2026 Global Community Land Trust (CLT), une s\u00e9rie de six semaines d'\u00e9v\u00e9nements en ligne du 5 mai au 10 juin. D\u00e9couvrez le programme [&hellip;]<\/p>\n<\/div>\n\t\t\t\t\n\t\t\t<\/div>\n\t\t<\/article>\n\t<\/div>\n\n<\/li>\n\n\t\t\t\t\t\t\t\n\t\t\t\t<li class=\"tribe-events-calendar-list__month-separator\">\n\t<h3>\n\t\t<time\n\t\t\tclass=\"tribe-events-calendar-list__month-separator-text tribe-common-h7 tribe-common-h6--min-medium tribe-common-h--alt\"\n\t\t>\n\t\t\tjuin 2026\t\t<\/time>\n\t<\/h3>\n<\/li>\n\n\t\t\t\t<li  class=\"tribe-common-g-row tribe-events-calendar-list__event-row\" >\n\n\t<div  class=\"tribe-events-calendar-list__event-date-tag tribe-common-g-col post-10000075 tribe_events type-tribe_events status-publish has-post-thumbnail hentry tag-fonds-foncier-communautaire tag-journee-mondiale-de-la-clt tag-sommet-virtuel-2026 tag-webinaire tribe_events_cat-2026-sommet-virtuel-mondial-du-clt cat_2026-sommet-virtuel-mondial-du-clt\"  >\n\t<time class=\"tribe-events-calendar-list__event-date-tag-datetime\" datetime=\"2026-06-03\" aria-hidden=\"true\">\n\t\t<span class=\"tribe-events-calendar-list__event-date-tag-weekday\">\n\t\t\tmer\t\t<\/span>\n\t\t<span class=\"tribe-events-calendar-list__event-date-tag-daynum tribe-common-h5 tribe-common-h4--min-medium\">\n\t\t\t3\t\t<\/span>\n\t<\/time>\n<\/div>\n\n\t<div class=\"tribe-events-calendar-list__event-wrapper tribe-common-g-col\">\n\t\t<article  class=\"tribe-events-calendar-list__event tribe-common-g-row tribe-common-g-row--gutters post-10000075 tribe_events type-tribe_events status-publish has-post-thumbnail hentry tag-fonds-foncier-communautaire tag-journee-mondiale-de-la-clt tag-sommet-virtuel-2026 tag-webinaire tribe_events_cat-2026-sommet-virtuel-mondial-du-clt cat_2026-sommet-virtuel-mondial-du-clt\" >\n\t\t\t<div class=\"tribe-events-calendar-list__event-featured-image-wrapper tribe-common-g-col\">\n\t<img\n\t\tclass=\"tribe-events-calendar-list__event-featured-image\"\n\t\tsrc=\"https:\/\/www.cltweb.org\/wp-content\/uploads\/2026\/03\/France-Event-Square.png\"\n\t\t\t\t\tsrcset=\"https:\/\/www.cltweb.org\/wp-content\/uploads\/2026\/03\/France-Event-Square-300x300.png 300w, https:\/\/www.cltweb.org\/wp-content\/uploads\/2026\/03\/France-Event-Square-1024x1024.png 1024w, https:\/\/www.cltweb.org\/wp-content\/uploads\/2026\/03\/France-Event-Square-150x150.png 150w, https:\/\/www.cltweb.org\/wp-content\/uploads\/2026\/03\/France-Event-Square-768x768.png 768w, https:\/\/www.cltweb.org\/wp-content\/uploads\/2026\/03\/France-Event-Square.png 1080w\"\n\t\t\t\t\t\t\talt=\"\"\n\t\t\t\t\t\t\ttitle=\"France Event Square\"\n\t\t\t\tclass=\"tribe-events-calendar-list__event-featured-image\"\n\t\t\t\t\twidth=\"1080\"\n\t\t\theight=\"1080\"\n\t\t\t\/>\n<\/div>\n\n\t\t\t<div class=\"tribe-events-calendar-list__event-details tribe-common-g-col\">\n\n\t\t\t\t<header class=\"tribe-events-calendar-list__event-header\">\n\t\t\t\t\t<h4 class=\"tribe-events-calendar-list__event-title tribe-common-h6 tribe-common-h4--min-medium\">\n\t<a\n\t\thref=\"https:\/\/www.cltweb.org\/fr\/event\/ofs-brs-une-reponse-a-la-crise-du-logement\/\"\n\t\ttitle=\"OFS\/BRS : Une r\u00e9ponse \u00e0 la crise du logement ?\"\n\t\trel=\"bookmark\"\n\t\tclass=\"tribe-events-calendar-list__event-title-link tribe-common-anchor-thin\"\n\t>\n\t\tOFS\/BRS : Une r\u00e9ponse \u00e0 la crise du logement ?\t<\/a>\n<\/h4>\n\t\t\t\t\t<div class=\"tribe-events-calendar-list__event-datetime-wrapper tribe-common-b2\">\n\t\t<time class=\"tribe-events-calendar-list__event-datetime\" datetime=\"2026-06-03\">\n\t\t<span class=\"tribe-event-date-start\">juin 3 @ 14h00<\/span> - <span class=\"tribe-event-time\">15h30<\/span> <span class='timezone'> UTC+2 <\/span>\t<\/time>\n\t<\/div>\n\t\t\t\t\t\t\t\t\t\t\t\t\t\t<\/header>\n\n\t\t\t\t<div class=\"tribe-events-calendar-list__event-description tribe-common-b2 tribe-common-a11y-hidden\">\n\t<p>Cet \u00e9v\u00e9nement fait partie du sommet virtuel 2026 Global Community Land Trust (CLT), une s\u00e9rie de six semaines d'\u00e9v\u00e9nements en ligne du 5 mai au 10 juin. D\u00e9couvrez le programme [&hellip;]<\/p>\n<\/div>\n\t\t\t\t\n\t\t\t<\/div>\n\t\t<\/article>\n\t<\/div>\n\n<\/li>\n\n\t\t\t\t\t\t\t\n\t\t\t\t\n\t\t\t\t<li  class=\"tribe-common-g-row tribe-events-calendar-list__event-row\" >\n\n\t<div  class=\"tribe-events-calendar-list__event-date-tag tribe-common-g-col post-10000079 tribe_events type-tribe_events status-publish has-post-thumbnail hentry tag-fonds-foncier-communautaire tag-journee-mondiale-de-la-clt tag-sommet-virtuel-2026 tag-webinaire tribe_events_cat-2026-sommet-virtuel-mondial-du-clt cat_2026-sommet-virtuel-mondial-du-clt\"  >\n\t<time class=\"tribe-events-calendar-list__event-date-tag-datetime\" datetime=\"2026-06-09\" aria-hidden=\"true\">\n\t\t<span class=\"tribe-events-calendar-list__event-date-tag-weekday\">\n\t\t\tmar\t\t<\/span>\n\t\t<span class=\"tribe-events-calendar-list__event-date-tag-daynum tribe-common-h5 tribe-common-h4--min-medium\">\n\t\t\t9\t\t<\/span>\n\t<\/time>\n<\/div>\n\n\t<div class=\"tribe-events-calendar-list__event-wrapper tribe-common-g-col\">\n\t\t<article  class=\"tribe-events-calendar-list__event tribe-common-g-row tribe-common-g-row--gutters post-10000079 tribe_events type-tribe_events status-publish has-post-thumbnail hentry tag-fonds-foncier-communautaire tag-journee-mondiale-de-la-clt tag-sommet-virtuel-2026 tag-webinaire tribe_events_cat-2026-sommet-virtuel-mondial-du-clt cat_2026-sommet-virtuel-mondial-du-clt\" >\n\t\t\t<div class=\"tribe-events-calendar-list__event-featured-image-wrapper tribe-common-g-col\">\n\t<img\n\t\tclass=\"tribe-events-calendar-list__event-featured-image\"\n\t\tsrc=\"https:\/\/www.cltweb.org\/wp-content\/uploads\/2026\/03\/California-Event-Square.png\"\n\t\t\t\t\tsrcset=\"https:\/\/www.cltweb.org\/wp-content\/uploads\/2026\/03\/California-Event-Square-300x300.png 300w, https:\/\/www.cltweb.org\/wp-content\/uploads\/2026\/03\/California-Event-Square-1024x1024.png 1024w, https:\/\/www.cltweb.org\/wp-content\/uploads\/2026\/03\/California-Event-Square-150x150.png 150w, https:\/\/www.cltweb.org\/wp-content\/uploads\/2026\/03\/California-Event-Square-768x768.png 768w, https:\/\/www.cltweb.org\/wp-content\/uploads\/2026\/03\/California-Event-Square.png 1080w\"\n\t\t\t\t\t\t\talt=\"\"\n\t\t\t\t\t\t\ttitle=\"California Event Square\"\n\t\t\t\tclass=\"tribe-events-calendar-list__event-featured-image\"\n\t\t\t\t\twidth=\"1080\"\n\t\t\theight=\"1080\"\n\t\t\t\/>\n<\/div>\n\n\t\t\t<div class=\"tribe-events-calendar-list__event-details tribe-common-g-col\">\n\n\t\t\t\t<header class=\"tribe-events-calendar-list__event-header\">\n\t\t\t\t\t<h4 class=\"tribe-events-calendar-list__event-title tribe-common-h6 tribe-common-h4--min-medium\">\n\t<a\n\t\thref=\"https:\/\/www.cltweb.org\/fr\/event\/repondre-au-moment-present-solidarite-et-partenariats-avec-les-peuples-indigenes-dans-le-mouvement-clt-californien\/\"\n\t\ttitle=\"R\u00e9pondre au moment pr\u00e9sent : Solidarit\u00e9 et partenariats avec les peuples indig\u00e8nes dans le mouvement CLT californien\"\n\t\trel=\"bookmark\"\n\t\tclass=\"tribe-events-calendar-list__event-title-link tribe-common-anchor-thin\"\n\t>\n\t\tR\u00e9pondre au moment pr\u00e9sent : Solidarit\u00e9 et partenariats avec les peuples indig\u00e8nes dans le mouvement CLT californien\t<\/a>\n<\/h4>\n\t\t\t\t\t<div class=\"tribe-events-calendar-list__event-datetime-wrapper tribe-common-b2\">\n\t\t<time class=\"tribe-events-calendar-list__event-datetime\" datetime=\"2026-06-09\">\n\t\t<span class=\"tribe-event-date-start\">juin 9 @ 13h00<\/span> - <span class=\"tribe-event-time\">14h30<\/span> <span class='timezone'> UTC-7 <\/span>\t<\/time>\n\t<\/div>\n\t\t\t\t\t\t\t\t\t\t\t\t\t\t<\/header>\n\n\t\t\t\t<div class=\"tribe-events-calendar-list__event-description tribe-common-b2 tribe-common-a11y-hidden\">\n\t<p>Cet \u00e9v\u00e9nement fait partie du sommet virtuel 2026 Global Community Land Trust (CLT), une s\u00e9rie de six semaines d'\u00e9v\u00e9nements en ligne du 5 mai au 10 juin. D\u00e9couvrez le programme [&hellip;]<\/p>\n<\/div>\n\t\t\t\t\n\t\t\t<\/div>\n\t\t<\/article>\n\t<\/div>\n\n<\/li>\n\n\t\t\t\t\t\t\t\n\t\t\t\t\n\t\t\t\t<li  class=\"tribe-common-g-row tribe-events-calendar-list__event-row\" >\n\n\t<div  class=\"tribe-events-calendar-list__event-date-tag tribe-common-g-col post-10000083 tribe_events type-tribe_events status-publish has-post-thumbnail hentry tag-fonds-foncier-communautaire tag-journee-mondiale-de-la-clt tag-sommet-virtuel-2026 tag-webinaire tribe_events_cat-2026-sommet-virtuel-mondial-du-clt cat_2026-sommet-virtuel-mondial-du-clt\"  >\n\t<time class=\"tribe-events-calendar-list__event-date-tag-datetime\" datetime=\"2026-06-10\" aria-hidden=\"true\">\n\t\t<span class=\"tribe-events-calendar-list__event-date-tag-weekday\">\n\t\t\tmer\t\t<\/span>\n\t\t<span class=\"tribe-events-calendar-list__event-date-tag-daynum tribe-common-h5 tribe-common-h4--min-medium\">\n\t\t\t10\t\t<\/span>\n\t<\/time>\n<\/div>\n\n\t<div class=\"tribe-events-calendar-list__event-wrapper tribe-common-g-col\">\n\t\t<article  class=\"tribe-events-calendar-list__event tribe-common-g-row tribe-common-g-row--gutters post-10000083 tribe_events type-tribe_events status-publish has-post-thumbnail hentry tag-fonds-foncier-communautaire tag-journee-mondiale-de-la-clt tag-sommet-virtuel-2026 tag-webinaire tribe_events_cat-2026-sommet-virtuel-mondial-du-clt cat_2026-sommet-virtuel-mondial-du-clt\" >\n\t\t\t<div class=\"tribe-events-calendar-list__event-featured-image-wrapper tribe-common-g-col\">\n\t<img\n\t\tclass=\"tribe-events-calendar-list__event-featured-image\"\n\t\tsrc=\"https:\/\/www.cltweb.org\/wp-content\/uploads\/2026\/03\/Australia-Event-Square.png\"\n\t\t\t\t\tsrcset=\"https:\/\/www.cltweb.org\/wp-content\/uploads\/2026\/03\/Australia-Event-Square-300x300.png 300w, https:\/\/www.cltweb.org\/wp-content\/uploads\/2026\/03\/Australia-Event-Square-1024x1024.png 1024w, https:\/\/www.cltweb.org\/wp-content\/uploads\/2026\/03\/Australia-Event-Square-150x150.png 150w, https:\/\/www.cltweb.org\/wp-content\/uploads\/2026\/03\/Australia-Event-Square-768x768.png 768w, https:\/\/www.cltweb.org\/wp-content\/uploads\/2026\/03\/Australia-Event-Square.png 1080w\"\n\t\t\t\t\t\t\talt=\"\"\n\t\t\t\t\t\t\ttitle=\"Australie Event Square\"\n\t\t\t\tclass=\"tribe-events-calendar-list__event-featured-image\"\n\t\t\t\t\twidth=\"1080\"\n\t\t\theight=\"1080\"\n\t\t\t\/>\n<\/div>\n\n\t\t\t<div class=\"tribe-events-calendar-list__event-details tribe-common-g-col\">\n\n\t\t\t\t<header class=\"tribe-events-calendar-list__event-header\">\n\t\t\t\t\t<h4 class=\"tribe-events-calendar-list__event-title tribe-common-h6 tribe-common-h4--min-medium\">\n\t<a\n\t\thref=\"https:\/\/www.cltweb.org\/fr\/event\/terre-et-justice-le-logement-des-premieres-nations-et-les-clt-en-australie\/\"\n\t\ttitle=\"Terre et justice : Le logement des Premi\u00e8res nations et les CLT en Australie\"\n\t\trel=\"bookmark\"\n\t\tclass=\"tribe-events-calendar-list__event-title-link tribe-common-anchor-thin\"\n\t>\n\t\tTerre et justice : Le logement des Premi\u00e8res nations et les CLT en Australie\t<\/a>\n<\/h4>\n\t\t\t\t\t<div class=\"tribe-events-calendar-list__event-datetime-wrapper tribe-common-b2\">\n\t\t<time class=\"tribe-events-calendar-list__event-datetime\" datetime=\"2026-06-10\">\n\t\t<span class=\"tribe-event-date-start\">juin 10 @ 9h00<\/span> - <span class=\"tribe-event-time\">10h30<\/span> <span class='timezone'> UTC+10 <\/span>\t<\/time>\n\t<\/div>\n\t\t\t\t\t\t\t\t\t\t\t\t\t\t<\/header>\n\n\t\t\t\t<div class=\"tribe-events-calendar-list__event-description tribe-common-b2 tribe-common-a11y-hidden\">\n\t<p>Cet \u00e9v\u00e9nement fait partie du sommet virtuel 2026 Global Community Land Trust (CLT), une s\u00e9rie de six semaines d'\u00e9v\u00e9nements en ligne du 5 mai au 10 juin. D\u00e9couvrez le programme [&hellip;]<\/p>\n<\/div>\n\t\t\t\t\n\t\t\t<\/div>\n\t\t<\/article>\n\t<\/div>\n\n<\/li>\n\n\t\t\t\n\t\t<\/ul>\n\n\t\t<nav class=\"tribe-events-calendar-list-nav tribe-events-c-nav\" aria-label=\"Bottom \u00e9v\u00e8nements list pagination\">\n\t<ul class=\"tribe-events-c-nav__list\">\n\t\t<li class=\"tribe-events-c-nav__list-item tribe-events-c-nav__list-item--prev\">\n\t<a\n\t\thref=\"https:\/\/www.cltweb.org\/fr\/\u00e9v\u00e9nements\/liste\/?rest_route=%2Fwp%2Fv2%2Fpages%2F1920&#038;shortcode=bdbabbea&#038;eventDisplay=past&#038;eventDate=-90+days\"\n\t\trel=\"prev\"\n\t\tclass=\"tribe-events-c-nav__prev tribe-common-b2 tribe-common-b1--min-medium\"\n\t\tdata-js=\"tribe-events-view-link\"\n\t\taria-label=\"\u00c9v\u00e8nements pr\u00e9c\u00e9dents\"\n\t\ttitle=\"\u00c9v\u00e8nements pr\u00e9c\u00e9dents\"\n\t>\n\t\t<svg\n\t class=\"tribe-common-c-svgicon tribe-common-c-svgicon--caret-left tribe-events-c-nav__prev-icon-svg\" \taria-hidden=\"true\"\n\tviewBox=\"0 0 10 16\"\n\txmlns=\"http:\/\/www.w3.org\/2000\/svg\"\n>\n\t<path d=\"M9.7 14.4l-1.5 1.5L.3 8 8.2.1l1.5 1.5L3.3 8l6.4 6.4z\"\/>\n<\/svg>\n\t\t<span class=\"tribe-events-c-nav__prev-label\">\n\t\t\t<span class=\"tribe-events-c-nav__prev-label-plural tribe-common-a11y-visual-hide\">\u00c9v\u00e8nements<\/span> pr\u00e9c\u00e9dents\t\t<\/span>\n\t<\/a>\n<\/li>\n\n\t\t<li class=\"tribe-events-c-nav__list-item tribe-events-c-nav__list-item--today\">\n\t<a\n\t\thref=\"https:\/\/www.cltweb.org\/fr\/\u00e9v\u00e9nements\/liste\/?rest_route=%2Fwp%2Fv2%2Fpages%2F1920&#038;shortcode=bdbabbea\"\n\t\tclass=\"tribe-events-c-nav__today tribe-common-b2\"\n\t\tdata-js=\"tribe-events-view-link\"\n\t\taria-label=\"Cliquer pour s\u00e9lectionner la date du jour\"\n\t\ttitle=\"Cliquer pour s\u00e9lectionner la date du jour\"\n\t>\n\t\tAujourd\u2019hui\t<\/a>\n<\/li>\n\n\t\t<li class=\"tribe-events-c-nav__list-item tribe-events-c-nav__list-item--next\">\n\t<a\n\t\thref=\"https:\/\/www.cltweb.org\/fr\/\u00e9v\u00e9nements\/liste\/page\/2\/?shortcode=bdbabbea&#038;tribe-bar-date=-90+days\"\n\t\trel=\"next\"\n\t\tclass=\"tribe-events-c-nav__next tribe-common-b2 tribe-common-b1--min-medium\"\n\t\tdata-js=\"tribe-events-view-link\"\n\t\taria-label=\"\u00c9v\u00e8nements suivants\"\n\t\ttitle=\"\u00c9v\u00e8nements suivants\"\n\t>\n\t\t<span class=\"tribe-events-c-nav__next-label\">\n\t\t\t<span class=\"tribe-events-c-nav__next-label-plural tribe-common-a11y-visual-hide\">\u00c9v\u00e8nements<\/span> suivants\t\t<\/span>\n\t\t<svg\n\t class=\"tribe-common-c-svgicon tribe-common-c-svgicon--caret-right tribe-events-c-nav__next-icon-svg\" \taria-hidden=\"true\"\n\tviewBox=\"0 0 10 16\"\n\txmlns=\"http:\/\/www.w3.org\/2000\/svg\"\n>\n\t<path d=\"M.3 1.6L1.8.1 9.7 8l-7.9 7.9-1.5-1.5L6.7 8 .3 1.6z\"\/>\n<\/svg>\n\t<\/a>\n<\/li>\n\t<\/ul>\n<\/nav>\n\n\t\t<div class=\"tribe-events-c-subscribe-dropdown__container\">\n\t<div class=\"tribe-events-c-subscribe-dropdown\">\n\t\t<div class=\"tribe-common-c-btn-border tribe-events-c-subscribe-dropdown__button\">\n\t\t\t<button\n\t\t\t\tclass=\"tribe-events-c-subscribe-dropdown__button-text tribe-common-c-btn--clear\"\n\t\t\t\taria-expanded=\"false\"\n\t\t\t\taria-controls=\"tribe-events-subscribe-dropdown-content\"\n\t\t\t\taria-label=\"\"\n\t\t\t>\n\t\t\t\tS\u2019abonner au calendrier\t\t\t<\/button>\n\t\t\t<svg\n\t class=\"tribe-common-c-svgicon tribe-common-c-svgicon--caret-down tribe-events-c-subscribe-dropdown__button-icon\" \taria-hidden=\"true\"\n\tviewBox=\"0 0 10 7\"\n\txmlns=\"http:\/\/www.w3.org\/2000\/svg\"\n>\n\t<path fill-rule=\"evenodd\" clip-rule=\"evenodd\" d=\"M1.008.609L5 4.6 8.992.61l.958.958L5 6.517.05 1.566l.958-.958z\" class=\"tribe-common-c-svgicon__svg-fill\"\/>\n<\/svg>\n\t\t<\/div>\n\t\t<div id=\"tribe-events-c-subscribe-dropdown-content\" class=\"tribe-events-c-subscribe-dropdown__content\">\n\t\t\t<ul class=\"tribe-events-c-subscribe-dropdown__list\">\n\t\t\t\t\t\t\t\t\t\n<li class=\"tribe-events-c-subscribe-dropdown__list-item tribe-events-c-subscribe-dropdown__list-item--gcal\">\n\t<a\n\t\thref=\"https:\/\/www.google.com\/calendar\/render?cid=webcal%3A%2F%2Fwww.cltweb.org%2Ffr%2F%3Fpost_type%3Dtribe_events%26tribe-bar-date%3D-90%2Bdays%26ical%3D1%26eventDisplay%3Dlist\"\n\t\tclass=\"tribe-events-c-subscribe-dropdown__list-item-link\"\n\t\ttarget=\"_blank\"\n\t\trel=\"noopener noreferrer nofollow noindex\"\n\t>\n\t\tGoogle Agenda\t<\/a>\n<\/li>\n\t\t\t\t\t\t\t\t\t\n<li class=\"tribe-events-c-subscribe-dropdown__list-item tribe-events-c-subscribe-dropdown__list-item--ical\">\n\t<a\n\t\thref=\"webcal:\/\/www.cltweb.org\/fr\/?post_type=tribe_events&#038;tribe-bar-date=-90+days&#038;ical=1&#038;eventDisplay=list\"\n\t\tclass=\"tribe-events-c-subscribe-dropdown__list-item-link\"\n\t\ttarget=\"_blank\"\n\t\trel=\"noopener noreferrer nofollow noindex\"\n\t>\n\t\tiCalendar\t<\/a>\n<\/li>\n\t\t\t\t\t\t\t\t\t\n<li class=\"tribe-events-c-subscribe-dropdown__list-item tribe-events-c-subscribe-dropdown__list-item--outlook-365\">\n\t<a\n\t\thref=\"https:\/\/outlook.office.com\/owa?path=\/calendar\/action\/compose&#038;rru=addsubscription&#038;url=webcal%3A%2F%2Fwww.cltweb.org%2Ffr%2F%3Fpost_type%3Dtribe_events%26tribe-bar-date%3D-90%2Bdays%26ical%3D1%26eventDisplay%3Dlist&#038;name=International+Center+for+Community+Land+Trusts+Prochains+\u00c9v\u00e8nements+\u2013+International+Center+for+Community+Land+Trusts\"\n\t\tclass=\"tribe-events-c-subscribe-dropdown__list-item-link\"\n\t\ttarget=\"_blank\"\n\t\trel=\"noopener noreferrer nofollow noindex\"\n\t>\n\t\tOutlook 365\t<\/a>\n<\/li>\n\t\t\t\t\t\t\t\t\t\n<li class=\"tribe-events-c-subscribe-dropdown__list-item tribe-events-c-subscribe-dropdown__list-item--outlook-live\">\n\t<a\n\t\thref=\"https:\/\/outlook.live.com\/owa?path=\/calendar\/action\/compose&#038;rru=addsubscription&#038;url=webcal%3A%2F%2Fwww.cltweb.org%2Ffr%2F%3Fpost_type%3Dtribe_events%26tribe-bar-date%3D-90%2Bdays%26ical%3D1%26eventDisplay%3Dlist&#038;name=International+Center+for+Community+Land+Trusts+Prochains+\u00c9v\u00e8nements+\u2013+International+Center+for+Community+Land+Trusts\"\n\t\tclass=\"tribe-events-c-subscribe-dropdown__list-item-link\"\n\t\ttarget=\"_blank\"\n\t\trel=\"noopener noreferrer nofollow noindex\"\n\t>\n\t\tOutlook Live\t<\/a>\n<\/li>\n\t\t\t\t\t\t\t\t\t\n<li class=\"tribe-events-c-subscribe-dropdown__list-item tribe-events-c-subscribe-dropdown__list-item--ics\">\n\t<a\n\t\thref=\"https:\/\/www.cltweb.org\/fr\/\u00e9v\u00e9nements\/liste\/?shortcode=bdbabbea&#038;tribe-bar-date=-90+days&#038;ical=1\"\n\t\tclass=\"tribe-events-c-subscribe-dropdown__list-item-link\"\n\t\ttarget=\"_blank\"\n\t\trel=\"noopener noreferrer nofollow noindex\"\n\t>\n\t\tExporter le fichier .ics\t<\/a>\n<\/li>\n\t\t\t\t\t\t\t\t\t\n<li class=\"tribe-events-c-subscribe-dropdown__list-item tribe-events-c-subscribe-dropdown__list-item--outlook-ics\">\n\t<a\n\t\thref=\"https:\/\/www.cltweb.org\/fr\/\u00e9v\u00e9nements\/liste\/?shortcode=bdbabbea&#038;outlook-ical=1#038;tribe-bar-date=-90+days&#038;ical=1\"\n\t\tclass=\"tribe-events-c-subscribe-dropdown__list-item-link\"\n\t\ttarget=\"_blank\"\n\t\trel=\"noopener noreferrer nofollow noindex\"\n\t>\n\t\tExporter le fichier Outlook .ics\t<\/a>\n<\/li>\n\t\t\t\t\t\t\t<\/ul>\n\t\t<\/div>\n\t<\/div>\n<\/div>\n\n\t\t\n\t<\/section>\n<\/div>\n\n<script data-js='tribe-events-view-nonce-data' type='application\/json'>{\"tvn1\":\"ca5929a533\",\"tvn2\":\"\"}<\/script>\n\n\n\n<p><\/p>\n","protected":false},"excerpt":{"rendered":"","protected":false},"author":1,"featured_media":0,"parent":906,"menu_order":0,"comment_status":"closed","ping_status":"closed","template":"","meta":{"give_campaign_id":0,"_tec_requires_first_save":false,"_kad_blocks_custom_css":"","_kad_blocks_head_custom_js":"","_kad_blocks_body_custom_js":"","_kad_blocks_footer_custom_js":"","_EventAllDay":false,"_EventTimezone":"","_EventStartDate":"","_EventEndDate":"","_EventStartDateUTC":"","_EventEndDateUTC":"","_EventShowMap":false,"_EventShowMapLink":false,"_EventURL":"","_EventCost":"","_EventCostDescription":"","_EventCurrencySymbol":"","_EventCurrencyCode":"","_EventCurrencyPosition":"","_EventDateTimeSeparator":"","_EventTimeRangeSeparator":"","_EventOrganizerID":[],"_EventVenueID":[],"_OrganizerEmail":"","_OrganizerPhone":"","_OrganizerWebsite":"","_VenueAddress":"","_VenueCity":"","_VenueCountry":"","_VenueProvince":"","_VenueState":"","_VenueZip":"","_VenuePhone":"","_VenueURL":"","_VenueStateProvince":"","_VenueLat":"","_VenueLng":"","_VenueShowMap":false,"_VenueShowMapLink":false,"_tribe_blocks_recurrence_rules":"","_tribe_blocks_recurrence_description":"","_tribe_blocks_recurrence_exclusions":"","footnotes":""},"class_list":["post-1920","page","type-page","status-publish","hentry","cat_2026-sommet-virtuel-mondial-du-clt"],"blocksy_meta":[],"yoast_head":"<!-- This site is optimized with the Yoast SEO Premium plugin v27.4 (Yoast SEO v27.5) - https:\/\/yoast.com\/product\/yoast-seo-premium-wordpress\/ -->\n<title>Archives des webinaires - International Center for Community Land Trusts<\/title>\n<meta name=\"robots\" content=\"index, follow, max-snippet:-1, max-image-preview:large, max-video-preview:-1\" \/>\n<link rel=\"canonical\" href=\"https:\/\/www.cltweb.org\/fr\/bibliotheque-de-ressources\/archives-des-webinaires\/\" \/>\n<meta property=\"og:locale\" content=\"fr_FR\" \/>\n<meta property=\"og:type\" content=\"article\" \/>\n<meta property=\"og:title\" content=\"Archives des webinaires\" \/>\n<meta property=\"og:url\" content=\"https:\/\/www.cltweb.org\/fr\/bibliotheque-de-ressources\/archives-des-webinaires\/\" \/>\n<meta property=\"og:site_name\" content=\"International Center for Community Land Trusts\" \/>\n<meta property=\"article:publisher\" content=\"https:\/\/www.facebook.com\/cltcenter\" \/>\n<meta property=\"article:modified_time\" content=\"2024-11-11T22:42:42+00:00\" \/>\n<meta name=\"twitter:card\" content=\"summary_large_image\" \/>\n<meta name=\"twitter:site\" content=\"@Center4CLTs\" \/>\n<script type=\"application\/ld+json\" class=\"yoast-schema-graph\">{\"@context\":\"https:\\\/\\\/schema.org\",\"@graph\":[{\"@type\":\"WebPage\",\"@id\":\"https:\\\/\\\/www.cltweb.org\\\/fr\\\/bibliotheque-de-ressources\\\/archives-des-webinaires\\\/\",\"url\":\"https:\\\/\\\/www.cltweb.org\\\/fr\\\/bibliotheque-de-ressources\\\/archives-des-webinaires\\\/\",\"name\":\"Archives des webinaires - International Center for Community Land Trusts\",\"isPartOf\":{\"@id\":\"https:\\\/\\\/www.cltweb.org\\\/fr\\\/#website\"},\"datePublished\":\"2024-07-26T17:08:28+00:00\",\"dateModified\":\"2024-11-11T22:42:42+00:00\",\"breadcrumb\":{\"@id\":\"https:\\\/\\\/www.cltweb.org\\\/fr\\\/bibliotheque-de-ressources\\\/archives-des-webinaires\\\/#breadcrumb\"},\"inLanguage\":\"fr-FR\",\"potentialAction\":[{\"@type\":\"ReadAction\",\"target\":[\"https:\\\/\\\/www.cltweb.org\\\/fr\\\/bibliotheque-de-ressources\\\/archives-des-webinaires\\\/\"]}]},{\"@type\":\"BreadcrumbList\",\"@id\":\"https:\\\/\\\/www.cltweb.org\\\/fr\\\/bibliotheque-de-ressources\\\/archives-des-webinaires\\\/#breadcrumb\",\"itemListElement\":[{\"@type\":\"ListItem\",\"position\":1,\"name\":\"Home\",\"item\":\"https:\\\/\\\/www.cltweb.org\\\/fr\\\/\"},{\"@type\":\"ListItem\",\"position\":2,\"name\":\"Biblioth\u00e8que de ressources\",\"item\":\"https:\\\/\\\/www.cltweb.org\\\/fr\\\/bibliotheque-de-ressources\\\/\"},{\"@type\":\"ListItem\",\"position\":3,\"name\":\"Archives des webinaires\"}]},{\"@type\":\"WebSite\",\"@id\":\"https:\\\/\\\/www.cltweb.org\\\/fr\\\/#website\",\"url\":\"https:\\\/\\\/www.cltweb.org\\\/fr\\\/\",\"name\":\"International Center for Community Land Trusts\",\"description\":\"\",\"publisher\":{\"@id\":\"https:\\\/\\\/www.cltweb.org\\\/fr\\\/#organization\"},\"potentialAction\":[{\"@type\":\"SearchAction\",\"target\":{\"@type\":\"EntryPoint\",\"urlTemplate\":\"https:\\\/\\\/www.cltweb.org\\\/fr\\\/?s={search_term_string}\"},\"query-input\":{\"@type\":\"PropertyValueSpecification\",\"valueRequired\":true,\"valueName\":\"search_term_string\"}}],\"inLanguage\":\"fr-FR\"},{\"@type\":\"Organization\",\"@id\":\"https:\\\/\\\/www.cltweb.org\\\/fr\\\/#organization\",\"name\":\"International Center for Community Land Trusts\",\"url\":\"https:\\\/\\\/www.cltweb.org\\\/fr\\\/\",\"logo\":{\"@type\":\"ImageObject\",\"inLanguage\":\"fr-FR\",\"@id\":\"https:\\\/\\\/www.cltweb.org\\\/fr\\\/#\\\/schema\\\/logo\\\/image\\\/\",\"url\":\"https:\\\/\\\/www.cltweb.org\\\/wp-content\\\/uploads\\\/2024\\\/11\\\/New-CLT-Center-Text-logo.png\",\"contentUrl\":\"https:\\\/\\\/www.cltweb.org\\\/wp-content\\\/uploads\\\/2024\\\/11\\\/New-CLT-Center-Text-logo.png\",\"width\":227,\"height\":80,\"caption\":\"International Center for Community Land Trusts\"},\"image\":{\"@id\":\"https:\\\/\\\/www.cltweb.org\\\/fr\\\/#\\\/schema\\\/logo\\\/image\\\/\"},\"sameAs\":[\"https:\\\/\\\/www.facebook.com\\\/cltcenter\",\"https:\\\/\\\/x.com\\\/Center4CLTs\",\"https:\\\/\\\/www.instagram.com\\\/cltcenter\\\/\",\"https:\\\/\\\/www.linkedin.com\\\/company\\\/cltcenter\",\"https:\\\/\\\/www.youtube.com\\\/@centerforcltinnovation5313\"],\"description\":\"The International Center for Community Land Trusts is a not-for-profit nongovernmental organization established in 2018 to promote and to support community land trusts and similar strategies of community-led development on community-owned land in countries throughout the world.\",\"email\":\"info@communitylandtrust.net\",\"legalName\":\"International Center for Community Land Trusts\",\"foundingDate\":\"2018-12-01\",\"taxID\":\"84-3858933\",\"numberOfEmployees\":{\"@type\":\"QuantitativeValue\",\"minValue\":\"1\",\"maxValue\":\"10\"}}]}<\/script>\n<!-- \/ Yoast SEO Premium plugin. -->","yoast_head_json":{"title":"Archives des webinaires - International Center for Community Land Trusts","robots":{"index":"index","follow":"follow","max-snippet":"max-snippet:-1","max-image-preview":"max-image-preview:large","max-video-preview":"max-video-preview:-1"},"canonical":"https:\/\/www.cltweb.org\/fr\/bibliotheque-de-ressources\/archives-des-webinaires\/","og_locale":"fr_FR","og_type":"article","og_title":"Archives des webinaires","og_url":"https:\/\/www.cltweb.org\/fr\/bibliotheque-de-ressources\/archives-des-webinaires\/","og_site_name":"International Center for Community Land Trusts","article_publisher":"https:\/\/www.facebook.com\/cltcenter","article_modified_time":"2024-11-11T22:42:42+00:00","twitter_card":"summary_large_image","twitter_site":"@Center4CLTs","schema":{"@context":"https:\/\/schema.org","@graph":[{"@type":"WebPage","@id":"https:\/\/www.cltweb.org\/fr\/bibliotheque-de-ressources\/archives-des-webinaires\/","url":"https:\/\/www.cltweb.org\/fr\/bibliotheque-de-ressources\/archives-des-webinaires\/","name":"Archives des webinaires - International Center for Community Land Trusts","isPartOf":{"@id":"https:\/\/www.cltweb.org\/fr\/#website"},"datePublished":"2024-07-26T17:08:28+00:00","dateModified":"2024-11-11T22:42:42+00:00","breadcrumb":{"@id":"https:\/\/www.cltweb.org\/fr\/bibliotheque-de-ressources\/archives-des-webinaires\/#breadcrumb"},"inLanguage":"fr-FR","potentialAction":[{"@type":"ReadAction","target":["https:\/\/www.cltweb.org\/fr\/bibliotheque-de-ressources\/archives-des-webinaires\/"]}]},{"@type":"BreadcrumbList","@id":"https:\/\/www.cltweb.org\/fr\/bibliotheque-de-ressources\/archives-des-webinaires\/#breadcrumb","itemListElement":[{"@type":"ListItem","position":1,"name":"Home","item":"https:\/\/www.cltweb.org\/fr\/"},{"@type":"ListItem","position":2,"name":"Biblioth\u00e8que de ressources","item":"https:\/\/www.cltweb.org\/fr\/bibliotheque-de-ressources\/"},{"@type":"ListItem","position":3,"name":"Archives des webinaires"}]},{"@type":"WebSite","@id":"https:\/\/www.cltweb.org\/fr\/#website","url":"https:\/\/www.cltweb.org\/fr\/","name":"International Center for Community Land Trusts","description":"","publisher":{"@id":"https:\/\/www.cltweb.org\/fr\/#organization"},"potentialAction":[{"@type":"SearchAction","target":{"@type":"EntryPoint","urlTemplate":"https:\/\/www.cltweb.org\/fr\/?s={search_term_string}"},"query-input":{"@type":"PropertyValueSpecification","valueRequired":true,"valueName":"search_term_string"}}],"inLanguage":"fr-FR"},{"@type":"Organization","@id":"https:\/\/www.cltweb.org\/fr\/#organization","name":"International Center for Community Land Trusts","url":"https:\/\/www.cltweb.org\/fr\/","logo":{"@type":"ImageObject","inLanguage":"fr-FR","@id":"https:\/\/www.cltweb.org\/fr\/#\/schema\/logo\/image\/","url":"https:\/\/www.cltweb.org\/wp-content\/uploads\/2024\/11\/New-CLT-Center-Text-logo.png","contentUrl":"https:\/\/www.cltweb.org\/wp-content\/uploads\/2024\/11\/New-CLT-Center-Text-logo.png","width":227,"height":80,"caption":"International Center for Community Land Trusts"},"image":{"@id":"https:\/\/www.cltweb.org\/fr\/#\/schema\/logo\/image\/"},"sameAs":["https:\/\/www.facebook.com\/cltcenter","https:\/\/x.com\/Center4CLTs","https:\/\/www.instagram.com\/cltcenter\/","https:\/\/www.linkedin.com\/company\/cltcenter","https:\/\/www.youtube.com\/@centerforcltinnovation5313"],"description":"The International Center for Community Land Trusts is a not-for-profit nongovernmental organization established in 2018 to promote and to support community land trusts and similar strategies of community-led development on community-owned land in countries throughout the world.","email":"info@communitylandtrust.net","legalName":"International Center for Community Land Trusts","foundingDate":"2018-12-01","taxID":"84-3858933","numberOfEmployees":{"@type":"QuantitativeValue","minValue":"1","maxValue":"10"}}]}},"campaignId":"","taxonomy_info":[],"featured_image_src_large":false,"author_info":{"display_name":"cltredesign_0jp0l4","author_link":"https:\/\/www.cltweb.org\/fr\/author\/cltredesign_0jp0l4\/"},"comment_info":0,"jetpack_sharing_enabled":true,"jetpack-related-posts":[{"id":1942,"url":"https:\/\/www.cltweb.org\/fr\/bibliotheque-de-ressources\/videotheque\/","url_meta":{"origin":1920,"position":0},"title":"Vid\u00e9oth\u00e8que","author":"cltredesign_0jp0l4","date":"26 juillet 2024","format":false,"excerpt":"","rel":"","context":"Dans &quot;Biblioth\u00e8que de ressources&quot;","block_context":{"text":"Biblioth\u00e8que de ressources","link":"https:\/\/www.cltweb.org\/fr\/category\/bibliotheque-de-ressources\/"},"img":{"alt_text":"","src":"","width":0,"height":0},"classes":[]},{"id":906,"url":"https:\/\/www.cltweb.org\/fr\/bibliotheque-de-ressources\/","url_meta":{"origin":1920,"position":1},"title":"Biblioth\u00e8que de ressources","author":"cltredesign_0jp0l4","date":"26 juillet 2024","format":false,"excerpt":"R\u00e9seau mondial Il existe 616 CLT dans 13 pays. Consultez la carte mondiale, notre liste de r\u00e9seaux de CLT et une section consacr\u00e9e aux CLT dans le Sud. Profils Nous avons recueilli des \u00e9tudes de cas sur le CLT, ainsi que des entretiens avec des personnalit\u00e9s cl\u00e9s du mouvement CLT.\u2026","rel":"","context":"Dans &quot;Biblioth\u00e8que de ressources&quot;","block_context":{"text":"Biblioth\u00e8que de ressources","link":"https:\/\/www.cltweb.org\/fr\/category\/bibliotheque-de-ressources\/"},"img":{"alt_text":"","src":"","width":0,"height":0},"classes":[]},{"id":1917,"url":"https:\/\/www.cltweb.org\/pt-br\/biblioteca-de-recursos\/arquivo-de-webinars\/","url_meta":{"origin":1920,"position":2},"title":"Arquivo de webinars","author":"cltredesign_0jp0l4","date":"26 juillet 2024","format":false,"excerpt":"","rel":"","context":"Dans &quot;Biblioteca de recursos&quot;","block_context":{"text":"Biblioteca de recursos","link":"https:\/\/www.cltweb.org\/pt-br\/category\/biblioteca-de-recursos\/"},"img":{"alt_text":"","src":"","width":0,"height":0},"classes":[]},{"id":1492,"url":"https:\/\/www.cltweb.org\/es\/biblioteca-de-recursos\/archivo-de-seminarios-web\/","url_meta":{"origin":1920,"position":3},"title":"Archivo de seminarios web","author":"cltredesign_0jp0l4","date":"26 juillet 2024","format":false,"excerpt":"","rel":"","context":"Dans &quot;Biblioteca de recursos&quot;","block_context":{"text":"Biblioteca de recursos","link":"https:\/\/www.cltweb.org\/es\/category\/biblioteca-de-recursos-es\/"},"img":{"alt_text":"","src":"","width":0,"height":0},"classes":[]},{"id":138,"url":"https:\/\/www.cltweb.org\/resources\/webinar-archive\/","url_meta":{"origin":1920,"position":4},"title":"Webinar Archive","author":"cltredesign_0jp0l4","date":"26 juillet 2024","format":false,"excerpt":"","rel":"","context":"Dans &quot;RESOURCE LIBRARY&quot;","block_context":{"text":"RESOURCE LIBRARY","link":"https:\/\/www.cltweb.org\/category\/resource-library\/"},"img":{"alt_text":"","src":"","width":0,"height":0},"classes":[]},{"id":1493,"url":"https:\/\/www.cltweb.org\/de\/ressourcenbibliothek\/webinar-archiv\/","url_meta":{"origin":1920,"position":5},"title":"Webinar-Archiv","author":"cltredesign_0jp0l4","date":"26 juillet 2024","format":false,"excerpt":"","rel":"","context":"Dans &quot;Ressourcenbibliothek&quot;","block_context":{"text":"Ressourcenbibliothek","link":"https:\/\/www.cltweb.org\/de\/category\/ressourcenbibliothek\/"},"img":{"alt_text":"","src":"","width":0,"height":0},"classes":[]}],"_links":{"self":[{"href":"https:\/\/www.cltweb.org\/fr\/wp-json\/wp\/v2\/pages\/1920","targetHints":{"allow":["GET"]}}],"collection":[{"href":"https:\/\/www.cltweb.org\/fr\/wp-json\/wp\/v2\/pages"}],"about":[{"href":"https:\/\/www.cltweb.org\/fr\/wp-json\/wp\/v2\/types\/page"}],"author":[{"embeddable":true,"href":"https:\/\/www.cltweb.org\/fr\/wp-json\/wp\/v2\/users\/1"}],"replies":[{"embeddable":true,"href":"https:\/\/www.cltweb.org\/fr\/wp-json\/wp\/v2\/comments?post=1920"}],"version-history":[{"count":12,"href":"https:\/\/www.cltweb.org\/fr\/wp-json\/wp\/v2\/pages\/1920\/revisions"}],"predecessor-version":[{"id":7674,"href":"https:\/\/www.cltweb.org\/fr\/wp-json\/wp\/v2\/pages\/1920\/revisions\/7674"}],"up":[{"embeddable":true,"href":"https:\/\/www.cltweb.org\/fr\/wp-json\/wp\/v2\/pages\/906"}],"wp:attachment":[{"href":"https:\/\/www.cltweb.org\/fr\/wp-json\/wp\/v2\/media?parent=1920"}],"curies":[{"name":"wp","href":"https:\/\/api.w.org\/{rel}","templated":true}]}}