{"id":3748,"date":"2024-10-19T19:41:50","date_gmt":"2024-10-19T19:41:50","guid":{"rendered":"https:\/\/www.cltweb.org\/bibliotheque-de-ressources\/sud-mondial\/bresil\/"},"modified":"2025-01-09T15:18:00","modified_gmt":"2025-01-09T15:18:00","slug":"bresil","status":"publish","type":"page","link":"https:\/\/www.cltweb.org\/fr\/bibliotheque-de-ressources\/sud-mondial\/bresil\/","title":{"rendered":"Br\u00e9sil"},"content":{"rendered":"<style>.wp-block-kadence-column.kb-section-dir-horizontal > .kt-inside-inner-col > .kt-info-box3735_b2c11a-ce .kt-blocks-info-box-link-wrap{max-width:unset;}.kt-info-box3735_b2c11a-ce .kt-blocks-info-box-link-wrap{border-top:5px solid var(--global-palette7, #eeeeee);border-right:5px solid var(--global-palette7, #eeeeee);border-bottom:5px solid var(--global-palette7, #eeeeee);border-left:5px solid var(--global-palette7, #eeeeee);border-top-left-radius:30px;border-top-right-radius:30px;border-bottom-right-radius:30px;border-bottom-left-radius:30px;background:#ffffff;padding-top:var(--global-kb-spacing-xs, 1rem);padding-right:var(--global-kb-spacing-xs, 1rem);padding-bottom:var(--global-kb-spacing-xs, 1rem);padding-left:var(--global-kb-spacing-xs, 1rem);}.kt-info-box3735_b2c11a-ce.wp-block-kadence-infobox{max-width:100%;}.kt-info-box3735_b2c11a-ce .kadence-info-box-image-inner-intrisic-container{max-width:150px;}.kt-info-box3735_b2c11a-ce .kadence-info-box-image-inner-intrisic-container .kadence-info-box-image-intrisic{padding-bottom:41.6667%;width:288px;height:0px;max-width:100%;}.kt-info-box3735_b2c11a-ce .kadence-info-box-icon-container .kt-info-svg-icon, .kt-info-box3735_b2c11a-ce .kt-info-svg-icon-flip, .kt-info-box3735_b2c11a-ce .kt-blocks-info-box-number{font-size:50px;}.kt-info-box3735_b2c11a-ce .kt-blocks-info-box-media{border-top-width:0px;border-right-width:0px;border-bottom-width:0px;border-left-width:0px;padding-top:0px;padding-right:0px;padding-bottom:0px;padding-left:0px;margin-top:0px;margin-right:20px;margin-bottom:0px;margin-left:0px;}.kt-info-box3735_b2c11a-ce .kt-infobox-textcontent h2.kt-blocks-info-box-title{padding-top:0px;padding-right:0px;padding-bottom:0px;padding-left:0px;margin-top:5px;margin-right:0px;margin-bottom:10px;margin-left:0px;}.kt-info-box3735_b2c11a-ce .kt-blocks-info-box-learnmore{background:transparent;border-width:0px 0px 0px 0px;padding-top:4px;padding-right:8px;padding-bottom:4px;padding-left:8px;margin-top:10px;margin-right:0px;margin-bottom:10px;margin-left:0px;}@media all and (max-width: 1024px){.kt-info-box3735_b2c11a-ce .kt-blocks-info-box-link-wrap{border-top:5px solid var(--global-palette7, #eeeeee);border-right:5px solid var(--global-palette7, #eeeeee);border-bottom:5px solid var(--global-palette7, #eeeeee);border-left:5px solid var(--global-palette7, #eeeeee);}}@media all and (max-width: 767px){.kt-info-box3735_b2c11a-ce .kt-blocks-info-box-link-wrap{border-top:5px solid var(--global-palette7, #eeeeee);border-right:5px solid var(--global-palette7, #eeeeee);border-bottom:5px solid var(--global-palette7, #eeeeee);border-left:5px solid var(--global-palette7, #eeeeee);}}<\/style>\n<div class=\"wp-block-kadence-infobox kt-info-box3735_b2c11a-ce\"><span class=\"kt-blocks-info-box-link-wrap info-box-link kt-blocks-info-box-media-align-left kt-info-halign-left\"><div class=\"kt-blocks-info-box-media-container\"><div class=\"kt-blocks-info-box-media kt-info-media-animate-none\"><div class=\"kadence-info-box-image-inner-intrisic-container\"><div class=\"kadence-info-box-image-intrisic kt-info-animate-none\"><div class=\"kadence-info-box-image-inner-intrisic\"><img loading=\"lazy\" decoding=\"async\" src=\"https:\/\/www.cltweb.org\/wp-content\/uploads\/2024\/10\/TTC-logo.png\" alt=\"\" width=\"288\" height=\"120\" class=\"kt-info-box-image wp-image-4776\"\/><\/div><\/div><\/div><\/div><\/div><div class=\"kt-infobox-textcontent\"><h2 class=\"kt-blocks-info-box-title\">Terme Territorial Coletivo<\/h2><p class=\"kt-blocks-info-box-text\">Sous l&#8217;impulsion de Catalytic Communities, des fiducies fonci\u00e8res communautaires ont \u00e9t\u00e9 cr\u00e9\u00e9es \u00e0 Rio de Janeiro et un nouveau mouvement national est en train de voir le jour.<\/p><\/div><\/span><\/div>\n\n<p>Le projet br\u00e9silien de fiducie fonci\u00e8re communautaire pour les favelas<a href=\"https:\/\/www.termoterritorialcoletivo.org\/\" target=\"_blank\" rel=\"noreferrer noopener\">(Termo Territorial Coletivo<\/a>), d\u00e9velopp\u00e9 par <a href=\"https:\/\/catcomm.org\/\" target=\"_blank\" rel=\"noreferrer noopener\">Catalytic Communities<\/a> en partenariat avec plusieurs agences publiques, institutions priv\u00e9es, universit\u00e9s et leaders communautaires, s&#8217;inspire du mod\u00e8le CLT, qui existe depuis des d\u00e9cennies et est pr\u00e9sent dans plusieurs pays \u00e0 travers le monde. Sa mission est de &#8220;mettre en \u0153uvre et de garantir le droit \u00e0 un logement ad\u00e9quat et \u00e0 l&#8217;autonomisation des communaut\u00e9s par l&#8217;introduction du Community Land Trust au Br\u00e9sil, en se concentrant sur la r\u00e9alisation de projets pilotes dans les quartiers informels et sur l&#8217;adoption d&#8217;une l\u00e9gislation nationale en la mati\u00e8re&#8221;. <\/p>\n<style>.wp-block-kadence-advancedbtn.kb-btns3735_59182e-95{gap:var(--global-kb-gap-md, 2rem);justify-content:flex-start;align-items:center;}.kt-btns3735_59182e-95 .kt-button{font-weight:normal;font-style:normal;}.kt-btns3735_59182e-95 .kt-btn-wrap-0{margin-right:5px;}.wp-block-kadence-advancedbtn.kt-btns3735_59182e-95 .kt-btn-wrap-0 .kt-button{color:#555555;border-color:#555555;}.wp-block-kadence-advancedbtn.kt-btns3735_59182e-95 .kt-btn-wrap-0 .kt-button:hover, .wp-block-kadence-advancedbtn.kt-btns3735_59182e-95 .kt-btn-wrap-0 .kt-button:focus{color:#ffffff;border-color:#444444;}.wp-block-kadence-advancedbtn.kt-btns3735_59182e-95 .kt-btn-wrap-0 .kt-button::before{display:none;}.wp-block-kadence-advancedbtn.kt-btns3735_59182e-95 .kt-btn-wrap-0 .kt-button:hover, .wp-block-kadence-advancedbtn.kt-btns3735_59182e-95 .kt-btn-wrap-0 .kt-button:focus{background:#444444;}<\/style>\n<div class=\"wp-block-kadence-advancedbtn kb-buttons-wrap kb-btns3735_59182e-95\"><style>ul.menu .wp-block-kadence-advancedbtn .kb-btn3735_7ff8b8-8d.kb-button{width:initial;}<\/style><a class=\"kb-button kt-button button kb-btn3735_7ff8b8-8d kt-btn-size-large kt-btn-width-type-auto kb-btn-global-inherit  kt-btn-has-text-true kt-btn-has-svg-false  wp-block-button__link wp-block-kadence-singlebtn\" href=\"https:\/\/www.cltweb.org\/fr\/bibliotheque-de-ressources\/sud-mondial\/bresil\/fonds-foncier-communautaire-pour-les-favelas\/\"><span class=\"kt-btn-inner-text\">Vue d&#8217;ensemble &#8211; Anglais<\/span><\/a>\n\n<style>ul.menu .wp-block-kadence-advancedbtn .kb-btn3735_f409b1-19.kb-button{width:initial;}<\/style><a class=\"kb-button kt-button button kb-btn3735_f409b1-19 kt-btn-size-large kt-btn-width-type-auto kb-btn-global-inherit  kt-btn-has-text-true kt-btn-has-svg-false  wp-block-button__link wp-block-kadence-singlebtn\" href=\"https:\/\/www.cltweb.org\/fr\/bibliotheque-de-ressources\/sud-mondial\/bresil\/projeto-do-termo-territorial-coletivo\/\"><span class=\"kt-btn-inner-text\">Vue d&#8217;ensemble &#8211; Portugais<\/span><\/a><\/div>\n\n<h3 class=\"wp-block-heading\" id=\"h-annual-reports\" style=\"font-size:clamp(15.747px, 0.984rem + ((1vw - 3.2px) * 0.645), 24px);\">Rapports annuels<\/h3>\n\n<ul class=\"wp-block-list\">\n<li><a href=\"http:\/\/www.bit.ly\/RelatorioTTC2020\" target=\"_blank\" rel=\"noreferrer noopener\">Rapport annuel 2020<\/a> [Portuguese]<\/li>\n\n\n\n<li><a href=\"http:\/\/bit.ly\/2020CLTReport\" target=\"_blank\" rel=\"noreferrer noopener\">Rapport annuel 2020<\/a> [English]<\/li>\n\n\n\n<li><a href=\"http:\/\/bit.ly\/Relat%C3%B3rioTTC2019\" target=\"_blank\" rel=\"noreferrer noopener\">Rapport annuel 2019<\/a> [Portuguese]<\/li>\n\n\n\n<li><a href=\"https:\/\/static1.squarespace.com\/static\/604bd897618ad1188169cd5a\/t\/622fba075adb581da2c823eb\/1647295008759\/2019-annual-report-favela-clt.pdf\" target=\"_blank\" rel=\"noreferrer noopener\">Rapport annuel 2019<\/a> [English]<\/li>\n<\/ul>\n\n<h3 class=\"wp-block-heading\" id=\"h-articles-by-rioonwatch-english\" style=\"font-size:clamp(15.747px, 0.984rem + ((1vw - 3.2px) * 0.645), 24px);\">Articles de RioOnWatch (anglais)<\/h3>\n\n<ul class=\"wp-block-list\">\n<li><a href=\"https:\/\/rioonwatch.org\/?p=68482\" target=\"_blank\" rel=\"noreferrer noopener\">Les Community Land Trusts en Am\u00e9rique latine : Dialogues entre le Br\u00e9sil et Porto Rico<\/a>, Felipe Litsek, Rebeca Landeiro, 7 d\u00e9cembre 2021<\/li>\n\n\n\n<li><a href=\"https:\/\/rioonwatch.org\/?p=67981\" target=\"_blank\" rel=\"noreferrer noopener\">Premi\u00e8re audition publique sur les fiducies fonci\u00e8res communautaires pour les favelas organis\u00e9e par le conseil municipal de Rio de Janeiro<\/a>, Maria Fernanda Godinho. 21 octobre 2021 <\/li>\n\n\n\n<li><a href=\"https:\/\/rioonwatch.org\/?p=66705\" target=\"_blank\" rel=\"noreferrer noopener\">S\u00e9minaire national Favela CLT, Partie 2 : Exemples internationaux, potentialit\u00e9s et d\u00e9fis<\/a>, Gabriela Buffon Vargas et Julio Santos Filho, 5 septembre 2021<\/li>\n\n\n\n<li><a href=\"https:\/\/rioonwatch.org\/?p=66660\" target=\"_blank\" rel=\"noreferrer noopener\">S\u00e9minaire national sur les Favela Community Land Trust, Partie 1 : Collective Property and Security of Tenure<\/a>, Eduardo Antunez Rolle, avec traduction par Grant Brown et Trisha Ponti, 1 septembre 2021<\/li>\n\n\n\n<li><a href=\"https:\/\/rioonwatch.org\/?p=62711\" target=\"_blank\" rel=\"noreferrer noopener\">Les Community Land Trusts et la lutte pour le droit \u00e0 la ville : Dialogue sur Rio et le Mozambique<\/a>, Tom\u00e1s Aboim, avec la traduction d&#8217;Adrian Hooper, 11 juin 2021<\/li>\n\n\n\n<li><a href=\"https:\/\/rioonwatch.org\/?p=62034\" target=\"_blank\" rel=\"noreferrer noopener\">Une approche pyramidale de l&#8217;am\u00e9lioration des favelas de Rio de Janeiro, partie 2 : r\u00e9gularisation, besoins de base et participation communautaire<\/a>, Natalia Mel\u00e9ndez Fuentes, 9 septembre 2020<\/li>\n\n\n\n<li><a href=\"https:\/\/rioonwatch.org\/?p=56100\" target=\"_blank\" rel=\"noreferrer noopener\">The Growth of the Global CLT Movement, Part 6 : Seeding Favela-CLTs in Brazil, Felipe Litsek, with translation by Edmund Ruge<\/a>, October 7, 2019<\/li>\n\n\n\n<li><a href=\"https:\/\/rioonwatch.org\/?p=46991\" target=\"_blank\" rel=\"noreferrer noopener\">Favela CLT Workshops, Part 3 : Presentation to Public Authorities and Final Reflections<\/a>, Tyler Strobl, December 29, 2018<\/li>\n\n\n\n<li><a href=\"https:\/\/rioonwatch.org\/?p=49277\" target=\"_blank\" rel=\"noreferrer noopener\">Favela CLT Workshops, Part 2 : Legislative Workshop, Debating a CLT Law in Brazil<\/a>, Priscilla Mayrink and Tyler Strobl, with translation by Habib Msallem, December 3, 2018<\/li>\n\n\n\n<li><a href=\"https:\/\/rioonwatch.org\/?p=48879\" target=\"_blank\" rel=\"noreferrer noopener\">Les fiducies fonci\u00e8res communautaires des favelas, la blockchain et la durabilit\u00e9 sont discut\u00e9es \u00e0 ColaborAm\u00e9rica<\/a>, par Jorge Sanchez Garcia, 16 novembre 2018<\/li>\n\n\n\n<li><a href=\"https:\/\/rioonwatch.org\/?p=48381\" target=\"_blank\" rel=\"noreferrer noopener\">Ateliers CLT dans les favelas, partie 1 : Atelier communautaire, m\u00e9thodologie et pratique<\/a>, Priscilla Mayrink, avec une traduction de Carolyn Oliveira, 12 novembre 2018.<\/li>\n\n\n\n<li><a href=\"https:\/\/rioonwatch.org\/?p=47113\" target=\"_blank\" rel=\"noreferrer noopener\">Favela Community Land Trusts, Part 4 : Land Acquisition by the CLT<\/a>, Priscilla Mayrink et Tarcyla Fidalgo, avec une traduction d&#8217;Ava Rose Hoffman, 2 octobre 2018.<\/li>\n\n\n\n<li><a href=\"https:\/\/rioonwatch.org\/?p=47078\" target=\"_blank\" rel=\"noreferrer noopener\">Favela Community Land Trusts, Part 3 : Creating a Legal Entity to Form a CLT<\/a>, Priscilla Mayrink and Tarcyla Fidalgo, with translation by Jiselle Steele, October 1, 2018<\/li>\n\n\n\n<li><a href=\"https:\/\/rioonwatch.org\/?p=46811\" target=\"_blank\" rel=\"noreferrer noopener\">Favela Community Land Trusts, Part 2 : The Basics of Applying the CLT Model in Favelas<\/a>, Priscilla Mayrink et Tarcyla Fidalgo, avec une traduction de Laura Bachmann, 29 septembre 2018.<\/li>\n\n\n\n<li><a href=\"https:\/\/rioonwatch.org\/?p=46511\" target=\"_blank\" rel=\"noreferrer noopener\">Les fiducies fonci\u00e8res communautaires de favelas, partie 1 : Understanding the Idea and Possibilities for Favelas<\/a>, Priscilla Mayrink et Tarcyla Fidalgo, avec une traduction de Habib Msallem, 26 septembre 2018.<\/li>\n\n\n\n<li><a href=\"https:\/\/rioonwatch.org\/?p=47186\" target=\"_blank\" rel=\"noreferrer noopener\">Un pont trop loin ? Des titres de propri\u00e9t\u00e9 pour quoi faire ? Les d\u00e9bats sur les favelas de Rio parlent des langues tr\u00e8s diff\u00e9rentes <\/a>Ezra Spira-Cohen, 24 septembre 2018<\/li>\n\n\n\n<li><a href=\"https:\/\/rioonwatch.org\/?p=33041\" target=\"_blank\" rel=\"noreferrer noopener\">Le\u00e7ons de politique du logement tir\u00e9es des favelas de Rio Partie 5 : Proposer des solutions<\/a>, David Robertson, 3 janvier 2017<\/li>\n\n\n\n<li><a href=\"https:\/\/rioonwatch.org\/?p=25330\" target=\"_blank\" rel=\"noreferrer noopener\">La Favela en tant que Community Land Trust : Une solution \u00e0 l&#8217;expulsion et \u00e0 la gentrification ?<\/a>David Robertson et Theresa Williamson, 15 novembre 2016<\/li>\n\n\n\n<li><a href=\"https:\/\/rioonwatch.org\/?p=33033\" target=\"_blank\" rel=\"noreferrer noopener\">Le\u00e7ons de politique du logement tir\u00e9es des favelas de Rio Partie 3 : m\u00e9fiance, embourgeoisement et titres de propri\u00e9t\u00e9<\/a>, David Robertson, 31 octobre 2016<\/li>\n\n\n\n<li><a href=\"https:\/\/rioonwatch.org\/?p=19916\" target=\"_blank\" rel=\"noreferrer noopener\">Madonna and the Risks of Land Titling<\/a>, Theresa Williamson, avec une traduction de Luana Gama, 29 janvier 2015<\/li>\n\n\n\n<li><a href=\"https:\/\/rioonwatch.org\/?p=14907\" target=\"_blank\" rel=\"noreferrer noopener\">Vers une meilleure compr\u00e9hension de la participation citoyenne : L&#8217;\u00e9chelle de Sherry Arnstein<\/a>, Kimberly Farnham, 29 mai 2014<\/li>\n\n\n\n<li>L<a href=\"https:\/\/rioonwatch.org\/?p=14840\" target=\"_blank\" rel=\"noreferrer noopener\">&#8216;Institut br\u00e9silien des architectes appelle \u00e0 la protection des favelas<\/a>, Andr\u00e9 Balocco et Tassia Di Carvalho, avec traduction par Ollie Davies, 10 mai 2014<\/li>\n\n\n\n<li><a href=\"https:\/\/rioonwatch.org\/?p=11075\" target=\"_blank\" rel=\"noreferrer noopener\">Construire la ville singuli\u00e8re : Land Tenure and Urban Planning in Rio de Janeiro&#8217;s Favelas<\/a>, Theresa Williamson, 19 septembre 2013<\/li>\n\n\n\n<li><a href=\"https:\/\/rioonwatch.org\/?p=3148\" target=\"_blank\" rel=\"noreferrer noopener\">Fonds fonciers communautaires pour les favelas ?<\/a>Jake Cummings, 16 mars 2012<\/li>\n<\/ul>\n\n<h3 class=\"wp-block-heading\" id=\"h-book-chapters-journal-articles-english\" style=\"font-size:clamp(15.747px, 0.984rem + ((1vw - 3.2px) * 0.645), 24px);\">Chapitres de livres \/ Articles de revues (anglais)<\/h3>\n\n<ul class=\"wp-block-list\">\n<li><a href=\"https:\/\/www.cltweb.org\/wp-content\/uploads\/2024\/11\/CH12.pdf\" target=\"_blank\" rel=\"noreferrer noopener\">Community Land Trusts in Informal Settlements (Fonds fonciers communautaires dans les \u00e9tablissements informels) : Adapting Features of Puerto Rico&#8217;s Ca\u00f1o Mart\u00edn Pe\u00f1a CLT to Address Land Insecurity in the Favelas of Rio de Janeiro, Brazil<\/a><br\/>Tarcyla Fidalgo Ribeiro, Line Algoed, Mar\u00eda E. Hern\u00e1ndez-Torrales, Lyvia Rodr\u00edguez Del Valle, Alejandro Cott\u00e9 Morales, and Theresa Williamson, <em>On Common Ground<\/em>, Terra Nostra Press, 2020<\/li>\n\n\n\n<li><a href=\"https:\/\/www.cambridge.org\/core\/journals\/social-policy-and-society\/article\/abs\/collective-property-rights-and-social-citizenship-recent-trends-in-urban-latin-america\/F13ED1CF6D7754A439C579F9774122D4\" target=\"_blank\" rel=\"noreferrer noopener\">Droits de propri\u00e9t\u00e9 collective et citoyennet\u00e9 sociale : Recent Trends in Urban Latin America<\/a>, Diane Davis E. Davis et Jos\u00e9 Carlos Fern\u00e1ndez, <em>Social Policy and Society<\/em>, 26 novembre 2019<\/li>\n<\/ul>\n\n<h3 class=\"wp-block-heading\" id=\"h-other-news-articles-english\" style=\"font-size:clamp(15.747px, 0.984rem + ((1vw - 3.2px) * 0.645), 24px);\">Autres articles de presse (anglais)<\/h3>\n\n<ul class=\"wp-block-list\">\n<li><a href=\"https:\/\/world-habitat.org\/news\/news-updates\/next-phase-progresses-for-establishing-community-land-trusts-across-brazil\/\" target=\"_blank\" rel=\"noreferrer noopener\">La prochaine phase progresse pour \u00e9tablir des fiducies fonci\u00e8res communautaires \u00e0 travers le Br\u00e9sil<\/a>, World Habitat, 14 juin 2021<\/li>\n\n\n\n<li><a href=\"https:\/\/diplomatique.org.br\/pandemics-housing-crisis-and-the-value-of-community-led-housing-initiatives-in-the-global-south\/\" target=\"_blank\" rel=\"noreferrer noopener\">Pand\u00e9mies, crise du logement et valeur des initiatives communautaires en mati\u00e8re de logement dans le Sud<\/a>, Thaisa Comelli, Tucker Landesman et Alexandre Apsan Frediani, Le Monde, 13 mai 2021<\/li>\n\n\n\n<li><a href=\"https:\/\/world-habitat.org\/news\/news-updates\/brazils-first-community-land-trust\/\" target=\"_blank\" rel=\"noreferrer noopener\">La premi\u00e8re fiducie fonci\u00e8re communautaire du Br\u00e9sil<\/a>, World Habitat, 8 septembre 2020<\/li>\n\n\n\n<li><a href=\"https:\/\/www.lincolninst.edu\/pt-br\/publications\/articles\/community-land-trusts-rios-favelas\" target=\"_blank\" rel=\"noreferrer noopener\">Community Land Trusts in Rio&#8217;s Favelas<\/a>, Theresa Williams, <em>Land Lines<\/em>, juillet 2018<\/li>\n\n\n\n<li><a href=\"https:\/\/braziltalkdotorg1.wordpress.com\/2015\/02\/07\/development-without-displacement-in-favela-do-vidigal\/\" target=\"_blank\" rel=\"noreferrer noopener\">Development without Displacement in Favela do Vidigal<\/a>, Anthony Scott, <em>Brazil Talk<\/em>, 7 f\u00e9vrier 2015<\/li>\n<\/ul>\n\n<h3 class=\"wp-block-heading\" id=\"h-photo-galleries\" style=\"font-size:clamp(15.747px, 0.984rem + ((1vw - 3.2px) * 0.645), 24px);\">Galeries photos<\/h3>\n\n<ul class=\"wp-block-list\">\n<li><a href=\"https:\/\/www.flickr.com\/photos\/catcomm\/albums\/72157711455691401\" target=\"_blank\" rel=\"noreferrer noopener\">Communaut\u00e9 de Trapicheiros<\/a><\/li>\n\n\n\n<li><a href=\"https:\/\/www.flickr.com\/photos\/catcomm\/albums\/72157639180057596\" target=\"_blank\" rel=\"noreferrer noopener\">Communaut\u00e9 d&#8217;Esperan\u00e7a<\/a><\/li>\n<\/ul>\n\n<h3 class=\"wp-block-heading\" id=\"h-portuguese-outreach-materials\" style=\"font-size:clamp(15.747px, 0.984rem + ((1vw - 3.2px) * 0.645), 24px);\">Mat\u00e9riel de sensibilisation en portugais<\/h3>\n\n<ul class=\"wp-block-list\">\n<li><a href=\"https:\/\/static1.squarespace.com\/static\/604bd897618ad1188169cd5a\/t\/608c109793b8ff1a678ad3bc\/1619792029884\/Termo-Territorial-Coletivo-folder-2020.pdf\" target=\"_blank\" rel=\"noreferrer noopener\">Brochure Favela CLT<\/a><\/li>\n\n\n\n<li><a href=\"https:\/\/static1.squarespace.com\/static\/604bd897618ad1188169cd5a\/t\/61b3b210d485a9398f05e634\/1639166484701\/Cartilha+-+Como+come%C3%A7ar+um+TTC_+%281%29+%282%29.pdf\" target=\"_blank\" rel=\"noreferrer noopener\">Comment cr\u00e9er un CLT<\/a><\/li>\n<\/ul>\n\n<h3 class=\"wp-block-heading\" id=\"h-publications-in-portuguese\" style=\"font-size:clamp(15.747px, 0.984rem + ((1vw - 3.2px) * 0.645), 24px);\">Publications en portugais<\/h3>\n\n<ul class=\"wp-block-list\">\n<li>Ant\u00e3o, Renata. C. N. et Tarcyla Fidalgo Ribeiro. 2019. Termo Territorial Coletivo : Instrumento de &#8220;costura&#8221; entre o Planejamento Urbano e o Direito em Prol do Incremento da Seguran\u00e7a da Posse. XVIII Enanpur. Anais. Natal : ANPUR, 2019. Disponible \u00e0 l&#8217;adresse <a href=\"\">: https:\/\/www.termoterritorialcoletivo.org\/biblioteca-termo-territorial-coletivo\/termo-territorial-coletivo-planejamento-urbano-e-o-direito-em-prol-do-incremento-da-segurana-da-posse.<\/a>       <\/li>\n\n\n\n<li>&#8212;. 2020. O cooperativismo habitacional e a gest\u00e3o coletiva da propriedade como garantia da seguran\u00e7a da posse de popula\u00e7\u00f5es vulnerabilizadas: O Community Land Trust. Revista De Gest\u00e3o E Organiza\u00e7\u00f5es Cooperativas, <em>7<\/em>(14), 119\u2013132. Dispon\u00edvel em: <a href=\"\">&lt;https:\/\/www.researchgate.net\/publication\/349187072_O_cooperativismo_habitacional_e_a_gestao_coletiva_da_propriedade_como_garantia_da_seguranca_da_posse_de_populacoes_vulnerabilizadas_O_Community_Land_Trust&gt;<\/a>   <\/li>\n\n\n\n<li>Thaisa Comelli, Thaisa, Landesman, Tucker et Apsan Frediani, Alexandre. 2021. A import\u00e2ncia das experi\u00eancias de moradias de iniciativa comunit\u00e1ria, Le Monde,<\/li>\n\n\n\n<li>Cotto C\u00e1ndida. 2020. En busca de tierras a perpetuidad para la agricultura sostenible. <em>Clart\u00e9<\/em> <a href=\"\">: https:\/\/www.claridadpuertorico.com\/en-busca-de-tierras-a-perpetuidad-para-la-agricultura-sostenible\/<\/a>  <\/li>\n\n\n\n<li>Fidalgo Ribeiro, Tarcyla et Renata Ant\u00e3o. 2018. A gest\u00e3o coletiva da propriedade como garantia da seguran\u00e7a da posse de popula\u00e7\u00f5es vulnerabilizadas : os termos comunit\u00e1rios territoriais (tct) e as possibilidades no ordenamento jur\u00eddico brasileiro. In : Congresso observat\u00f3rio das metr\u00f3poles 20 anos : 2018, Rio de Janeiro. As metr\u00f3poles e o direito \u00e0 cidade : dilemas, desafios e esperan\u00e7as, p. 2329-2352. Disponible \u00e0 l&#8217;adresse suivante : <a href=\"\">&lt;https:\/\/www.researchgate.net\/publication\/335255662_A_GESTAO_COLETIVA_DA_PROPRIEDADE_COMO_GARANTIA_DA_SEGURANCA_DA_POSSE_DE_POPULACOES_VULNERABILIZADAS_OS_TERMOS_COMUNITARIOS_TERRITORIAIS_TCT_E_AS_POSSIBILIDADES_NO_ORDENAMENTO_JURIDICO_BRASILEIRO&gt;<\/a>     <\/li>\n\n\n\n<li>&#8212;. 2019. Os community land trusts como instrumento de resist\u00eancia aos projetos urbanos neoliberais. Revista do programa de p\u00f3s-gradua\u00e7\u00e3o em arquitetura e urbanismo da FAU-USP, v. 26, p. 01. Dispon\u00edvel em: <a href=\"\">&lt;https:\/\/www.revistas.usp.br\/posfau\/article\/view\/154694\/158304&gt;<\/a>   <\/li>\n\n\n\n<li>&#8212;. 2021. O Termo Territorial Coletivo como Alternativa Emancipat\u00f3ria \u00e0 Aplica\u00e7\u00e3o da Propriedade Privada Cl\u00e1ssica: Uma Mudan\u00e7a de Perspectiva. In: Diogo R. Coutinho; Fl\u00e1vio Marques Prol; D\u00e9bora Ungaretti; Iag\u00ea Z. Miola; Tomaso Ferrando. (Org.). Propriedades em transforma\u00e7\u00e3o: expandindo a agenda de pesquisa. 1ed.S\u00e3o Paulo: Blucher, 2021, v. 2, p. 188-2010. Dispon\u00edvel em: <a href=\"\">&lt;https:\/\/www.researchgate.net\/publication\/335255345_O_TERMO_TERRITORIAL_COLETIVO_COMO_ALTERNATIVA_EMANCIPATORIA_A_APLICACAO_DA_PROPRIEDADE_PRIVADA_CLASSICA_UMA_MUDANCA_DE_PERSPECTIVA&gt;<\/a>      <\/li>\n\n\n\n<li>Fidalgo Ribeiro, Tarcyla. 2018. Parecer Jur\u00eddico sobre Legisla\u00e7\u00e3o Brasileira em Rela\u00e7\u00e3o ao Instrumento TTC, Preparado para o Lincoln Institute of Land Policy. Disponible sur <a href=\"\" target=\"\" rel=\"\">&lt;https:\/\/comcat.org\/wp-content\/uploads\/2018\/08\/2018-04-Parecer-juridico-TTC-por-Tarcyla-Fidalgo-LILP.pdf&gt;<\/a>.   <\/li>\n\n\n\n<li>&#8212;. 2020. \u201cOs \u201cCommunity Land Trusts\u201d: potencialidades e desafios de sua implementa\u00e7\u00e3o nas cidades brasileiras\u201d. Revista de Direito da Cidade, Rio de Janeiro, v. 12, n.1, 609-631. Dispon\u00edvel em: <a href=\"\">&lt;https:\/\/www.researchgate.net\/publication\/341037661_Os_Community_Land_Trusts_potencialidades_e_desafios_de_sua_implementacao_nas_cidades_brasileiras&gt;<\/a>.   <\/li>\n\n\n\n<li>&#8212;. 2021. O &#8216;Community Land Trust&#8217; como instrumento de resili\u00eancia urbana: possibilidades a partir da expectativa de sua implementa\u00e7\u00e3o. In: II Encuentro de la Red de Asentamientos Populares &#8211; ENRAP, Buenos Aires. Pandemia, crisis y oportunidades para el h\u00e1bitat popular. Buenos Aires: FAu-UNNE, 2021. v. 1. p. 601-613. Dispon\u00edvel em:<a href=\"\">&lt;https:\/\/drive.google.com\/file\/d\/15N1UPsiV1c9fSOqAawNCdHqsnOJ0unS0\/view&gt;<\/a>       <\/li>\n\n\n\n<li>&#8212;. 2021. O Termo Territorial Coletivo e o Direito \u00e0 Moradia Adequada: potencialidades a partir de uma experi\u00eancia do Programa Minha Casa Minha Vida &#8211; Entidades. In: Adauto L. Cardoso; Camila D&#8217;Ottaviano. (Org.). Habita\u00e7\u00e3o e Direito \u00e0 Cidade desafios para as metr\u00f3poles em tempos de crise. 1ed. Rio de Janeiro: <em>Letra Capital<\/em>, v. 1, p. 78-107. Dispon\u00edvel em: <a href=\"\">&lt;https:\/\/www.researchgate.net\/publication\/350887240_O_TERMO_TERRITORIAL_COLETIVO_E_O_DIREITO_A_MORADIA_ADEQUADA_potencialidades_a_partir_de_uma_experiencia_do_Programa_Minha_Casa_Minha_Vida-Entidades&gt;<\/a>       <\/li>\n\n\n\n<li>&#8212;. 2021. Novas perspectivas para a gest\u00e3o coletiva territorial e fundi\u00e1ria: O termo territorial coletivo. In: Margareth Matiko Uemura et al.. (Org.). ATHIS para o direito \u00e0 moradia. 1ed.S\u00e3o Paulo: <em>P\u00f3lis<\/em>, v. 1, p. 153-162. Dispon\u00edvel em: <a href=\"\">&lt;https:\/\/polis.org.br\/wp-content\/uploads\/2021\/12\/ATHIS-DIREITO-A-MORADIA_nov2021.pdf&gt;<\/a>      <\/li>\n\n\n\n<li>&#8212;. 2021. O termo territorial coletivo como alternativa emancipat\u00f3ria \u00e0 aplica\u00e7\u00e3o da propriedade privada cl\u00e1ssica uma mudan\u00e7a de perspectiva. <em>Academia<\/em>. <\/li>\n\n\n\n<li>Fidalgo Ribeiro, Tarcyla et F. Litsek. 2021. O Termo Territorial Coletivo e a gest\u00e3o comunit\u00e1ria da terra, Observat\u00f3rio das Metr\u00f3poles.    <a href=\"https:\/\/www.observatoriodasmetropoles.net.br\/o-termo-territorial-coletivo-e-a-gestao-comunitaria-da-terra\/\" target=\"_blank\" rel=\"noreferrer noopener\">https:\/\/www.observatoriodasmetropoles.net.br\/o-termo-territorial-coletivo-e-a-gestao-comunitaria-da-terra\/<\/a><\/li>\n\n\n\n<li>&#8212;. 2020. Novos olhares sobre a Lei 13.465\/17: Potencialidades no Fortalecimento das Comunidades atrav\u00e9s dos Termos Territoriais Coletivos. InSURg\u00eancia: revista de direitos e movimentos sociais, <em>Bras\u00edlia<\/em>, v. 6, n. 2, 2020. Dispon\u00edvel em: <a href=\"\">&lt;https:\/\/periodicos.unb.br\/index.php\/insurgencia\/article\/view\/31968&gt;<\/a>.    <\/li>\n\n\n\n<li>&#8212;. 2021. Construindo caminhos para o direito \u00e0 cidade : a contribui\u00e7\u00e3o do Termo Territorial Coletivo. In : Edesio Fernandes et al. (Org.). El derecho a la ciudad frente a los desaf\u00edos actuales. 1ed. Buenos Aires : <em>CLACSO<\/em>, 2021, v. 2, p. 107-118. Dispon\u00edvel em: <a href=\"\">&lt;https:\/\/static1.squarespace.com\/static\/604bd897618ad1188169cd5a\/t\/61aa8482c932dd0babc66710\/1638565014300\/V2_Desigualdades-urbanas_CuadN2+%281%29.pdf&gt;<\/a> <\/li>\n\n\n\n<li>Litsek, F. A. 2019. Experi\u00eancia dos Termos Territoriais Coletivos na Promo\u00e7\u00e3o de Moradia Acess\u00edvel e Resist\u00eancia \u00e0 Mercantiliza\u00e7\u00e3o da Terra. Revista E-Metropolis, Rio de Janeiro, n. 39, ano 10, 2019. Dispon\u00edvel em : <a href=\"\">&lt;http:\/\/emetropolis.net\/artigo\/305?name=a-experiencia-dos-termos-territoriais-coletivos-na-promocao-de-moradia-acessivel-e-resistencia-a-mercantilizacao-da-terra&gt;<\/a>.    <\/li>\n\n\n\n<li>Litsek, Felipe &amp; Rebeca Landeiro. 2021. O Termo Territorial Coletivo na Am\u00e9rica Latina : Di\u00e1logos entre Brasil e Porto Rico. <em>RioOnWatch<\/em> (02-12-21). <a href=\"\">https:\/\/rioonwatch.org.br\/?p=59554<\/a>  <\/li>\n\n\n\n<li>Santos, R. L. 2021. O Estado e a Especula\u00e7\u00e3o Fundi\u00e1ria em Favelas : Um estudo sobre o Termo Territorial Coletivo. Disponible \u00e0 l&#8217;adresse : <a href=\"\">&lt;https:\/\/issuu.com\/rebecalandeiro\/docs\/csderno_ilustrado_para_issuu&gt;<\/a>  <\/li>\n\n\n\n<li>Sotto, D. 2017. Redescobrindo o direito de superf\u00edcie atrav\u00e9s dos Community Land Trusts : alternativas para a realiza\u00e7\u00e3o do direito \u00e0 moradia adequada no Brasil. In : Vieira, Bruno Soeiro. (Org.). Instrumentos Urban\u00edsticos e sua (in)efetividade. 1ed. Rio de Janeiro : Lumen Juris, v. 1, p. 157-174. Disponible sur : <a href=\"\">&lt;https:\/\/www.researchgate.net\/publication\/323548192_Redescobrindo_o_direito_de_superficie_atraves_dos_Community_Land_Trusts_alternativas_para_a_realizacao_do_direito_a_moradia_adequada_no_Brasil&gt;<\/a>.       <\/li>\n\n\n\n<li>Williamson, Theresa. 2018. O Termo Territorial Coletivo (TTC) Aplicado \u00e0s Favelas Poderia Resolver a Crise Mundial de Moradia ? <em>Land Lines<\/em>, p. 8-23. Dispon\u00edvel em : <a href=\"\">&lt;https:\/\/comcat.org\/wp-content\/uploads\/2018\/08\/O-Termo-Territorial-Coletivo-TTC-Aplicado-a%CC%80s-Favelas-Poderia-Resolver-a-Crise-Mundial-de-Moradia.pdf&gt;<\/a>   <\/li>\n<\/ul>\n\n<h3 class=\"wp-block-heading\" id=\"h-videos\" style=\"font-size:clamp(15.747px, 0.984rem + ((1vw - 3.2px) * 0.645), 24px);\">Vid\u00e9os<\/h3>\n\n<ul class=\"wp-block-list\">\n<li>L&#8217;exp\u00e9rience des CLT en Am\u00e9rique latine, Festival Urban October\/CLT, 21 octobre 2021. <a href=\"https:\/\/vimeo.com\/637867077\" target=\"_blank\" rel=\"noreferrer noopener\">Anglais<\/a> <a href=\"https:\/\/vimeo.com\/638837316\" target=\"_blank\" rel=\"noreferrer noopener\">Espagnol<\/a><\/li>\n\n\n\n<li><a href=\"https:\/\/youtu.be\/Nwib-mToMHw\" target=\"_blank\" rel=\"noreferrer noopener\">Audition publique sur la Favela-CLT<\/a>, Rio TV C\u00e2mara, 28 septembre 2021<\/li>\n\n\n\n<li><a href=\"https:\/\/youtu.be\/gA4UtSQw2Ec\" target=\"_blank\" rel=\"noreferrer noopener\">Termo Territorial Coletivo &#8211; Passeio pela Rocinha<\/a>, vid\u00e9o de Rebeca Landeiro, 8 septembre 2021<\/li>\n\n\n\n<li><a href=\"https:\/\/youtu.be\/0-lvmDPtNZc\" target=\"_blank\" rel=\"noreferrer noopener\">Qu&#8217;est-ce que le Terme Territorial Coletivo (TTC) ? #ANIMA\u00c7\u00c3O\n [What&#8217;s a Favela Community Land Trust?]<\/a>RioOnWatch TV, 21 mai 2021<\/li>\n\n\n\n<li><a href=\"https:\/\/youtu.be\/WtN0UrLNEkQ\" target=\"_blank\" rel=\"noreferrer noopener\">Garantir les droits fonciers : Community Land Trusts in Informal Settlements<\/a>, World Habitat, 29 octobre 2020<\/li>\n\n\n\n<li><a href=\"https:\/\/youtu.be\/Pkqqwxu_Rgc\" target=\"_blank\" rel=\"noreferrer noopener\">O Termo Territorial Coletivo como Instrumento de Transforma\u00e7\u00e3o da Realidade Urbana<\/a>, Urban October\/RioOnWatch TV, 21 octobre 2020<\/li>\n\n\n\n<li><a href=\"https:\/\/youtu.be\/xAVZrpIesqw\" target=\"_blank\" rel=\"noreferrer noopener\">Apresenta\u00e7\u00e3o da Estrutura do Termo Territorial Coletivo (TTC),<\/a> por Tarcyla Fidalgo, RioOnWatch TV, July 28, 2020<\/li>\n\n\n\n<li><a href=\"https:\/\/youtu.be\/1JOkffuPEnU\" target=\"_blank\" rel=\"noreferrer noopener\">Le potentiel des fiducies fonci\u00e8res communautaires dans les favelas de Rio<\/a>, Theresa Williamson, Lincoln Institute of Land Policy, 7 d\u00e9cembre 2017.<\/li>\n<\/ul>\n\n<h3 class=\"wp-block-heading\" id=\"h-websites\" style=\"font-size:clamp(15.747px, 0.984rem + ((1vw - 3.2px) * 0.645), 24px);\">Sites web<\/h3>\n\n<ul class=\"wp-block-list\">\n<li><a href=\"https:\/\/www.termoterritorialcoletivo.org\/\" target=\"_blank\" rel=\"noreferrer noopener\">Favela Community Land Trust \/ Termo Territorial Coletivo<\/a><\/li>\n\n\n\n<li><a href=\"https:\/\/catcomm.org\/favela-community-land-trust\/\" target=\"_blank\" rel=\"noreferrer noopener\">Communaut\u00e9s catalytiques<\/a>\n<ul class=\"wp-block-list\">\n<li><a href=\"https:\/\/catcomm.org\/clt-pubs\/\" target=\"_blank\" rel=\"noreferrer noopener\">Publications et pr\u00e9sentations du Favela Community Land Trust<\/a><\/li>\n\n\n\n<li><a href=\"https:\/\/en.wikipedia.org\/wiki\/Catalytic_Communities\" target=\"_blank\" rel=\"noreferrer noopener\">Entr\u00e9e Wikip\u00e9dia<\/a><\/li>\n<\/ul>\n<\/li>\n<\/ul>\n","protected":false},"excerpt":{"rendered":"<p>Le projet br\u00e9silien de fiducie fonci\u00e8re communautaire pour les favelas(Termo Territorial Coletivo), d\u00e9velopp\u00e9 par Catalytic Communities en partenariat avec plusieurs agences publiques, institutions priv\u00e9es, universit\u00e9s et leaders communautaires, s&#8217;inspire du [&hellip;]<\/p>\n","protected":false},"author":1,"featured_media":0,"parent":3144,"menu_order":0,"comment_status":"closed","ping_status":"closed","template":"","meta":{"give_campaign_id":0,"_tec_requires_first_save":true,"_kad_blocks_custom_css":"","_kad_blocks_head_custom_js":"","_kad_blocks_body_custom_js":"","_kad_blocks_footer_custom_js":"","_EventAllDay":false,"_EventTimezone":"","_EventStartDate":"","_EventEndDate":"","_EventStartDateUTC":"","_EventEndDateUTC":"","_EventShowMap":false,"_EventShowMapLink":false,"_EventURL":"","_EventCost":"","_EventCostDescription":"","_EventCurrencySymbol":"","_EventCurrencyCode":"","_EventCurrencyPosition":"","_EventDateTimeSeparator":"","_EventTimeRangeSeparator":"","_EventOrganizerID":[],"_EventVenueID":[],"_OrganizerEmail":"","_OrganizerPhone":"","_OrganizerWebsite":"","_VenueAddress":"","_VenueCity":"","_VenueCountry":"","_VenueProvince":"","_VenueState":"","_VenueZip":"","_VenuePhone":"","_VenueURL":"","_VenueStateProvince":"","_VenueLat":"","_VenueLng":"","_VenueShowMap":false,"_VenueShowMapLink":false,"_tribe_blocks_recurrence_rules":"","_tribe_blocks_recurrence_description":"","_tribe_blocks_recurrence_exclusions":"","footnotes":""},"categories":[159],"tags":[],"class_list":["post-3748","page","type-page","status-publish","hentry","category-sud-mondial"],"blocksy_meta":[],"yoast_head":"<!-- This site is optimized with the Yoast SEO Premium plugin v27.4 (Yoast SEO v27.5) - https:\/\/yoast.com\/product\/yoast-seo-premium-wordpress\/ -->\n<title>Br\u00e9sil - International Center for Community Land Trusts<\/title>\n<meta name=\"robots\" content=\"index, follow, max-snippet:-1, max-image-preview:large, max-video-preview:-1\" \/>\n<link rel=\"canonical\" href=\"https:\/\/www.cltweb.org\/fr\/bibliotheque-de-ressources\/sud-mondial\/bresil\/\" \/>\n<meta property=\"og:locale\" content=\"fr_FR\" \/>\n<meta property=\"og:type\" content=\"article\" \/>\n<meta property=\"og:title\" content=\"Br\u00e9sil\" \/>\n<meta property=\"og:description\" content=\"Le projet br\u00e9silien de fiducie fonci\u00e8re communautaire pour les favelas(Termo Territorial Coletivo), d\u00e9velopp\u00e9 par Catalytic Communities en partenariat avec plusieurs agences publiques, institutions priv\u00e9es, universit\u00e9s et leaders communautaires, s&#8217;inspire du [&hellip;]\" \/>\n<meta property=\"og:url\" content=\"https:\/\/www.cltweb.org\/fr\/bibliotheque-de-ressources\/sud-mondial\/bresil\/\" \/>\n<meta property=\"og:site_name\" content=\"International Center for Community Land Trusts\" \/>\n<meta property=\"article:publisher\" content=\"https:\/\/www.facebook.com\/cltcenter\" \/>\n<meta property=\"article:modified_time\" content=\"2025-01-09T15:18:00+00:00\" \/>\n<meta property=\"og:image\" content=\"https:\/\/www.cltweb.org\/wp-content\/uploads\/2024\/10\/TTC-logo.png\" \/>\n\t<meta property=\"og:image:width\" content=\"288\" \/>\n\t<meta property=\"og:image:height\" content=\"120\" \/>\n\t<meta property=\"og:image:type\" content=\"image\/png\" \/>\n<meta name=\"twitter:card\" content=\"summary_large_image\" \/>\n<meta name=\"twitter:site\" content=\"@Center4CLTs\" \/>\n<meta name=\"twitter:label1\" content=\"Dur\u00e9e de lecture estim\u00e9e\" \/>\n\t<meta name=\"twitter:data1\" content=\"10 minutes\" \/>\n<script type=\"application\/ld+json\" class=\"yoast-schema-graph\">{\"@context\":\"https:\\\/\\\/schema.org\",\"@graph\":[{\"@type\":\"WebPage\",\"@id\":\"https:\\\/\\\/www.cltweb.org\\\/fr\\\/bibliotheque-de-ressources\\\/sud-mondial\\\/bresil\\\/\",\"url\":\"https:\\\/\\\/www.cltweb.org\\\/fr\\\/bibliotheque-de-ressources\\\/sud-mondial\\\/bresil\\\/\",\"name\":\"Br\u00e9sil - International Center for Community Land Trusts\",\"isPartOf\":{\"@id\":\"https:\\\/\\\/www.cltweb.org\\\/fr\\\/#website\"},\"primaryImageOfPage\":{\"@id\":\"https:\\\/\\\/www.cltweb.org\\\/fr\\\/bibliotheque-de-ressources\\\/sud-mondial\\\/bresil\\\/#primaryimage\"},\"image\":{\"@id\":\"https:\\\/\\\/www.cltweb.org\\\/fr\\\/bibliotheque-de-ressources\\\/sud-mondial\\\/bresil\\\/#primaryimage\"},\"thumbnailUrl\":\"https:\\\/\\\/www.cltweb.org\\\/wp-content\\\/uploads\\\/2024\\\/10\\\/TTC-logo.png\",\"datePublished\":\"2024-10-19T19:41:50+00:00\",\"dateModified\":\"2025-01-09T15:18:00+00:00\",\"breadcrumb\":{\"@id\":\"https:\\\/\\\/www.cltweb.org\\\/fr\\\/bibliotheque-de-ressources\\\/sud-mondial\\\/bresil\\\/#breadcrumb\"},\"inLanguage\":\"fr-FR\",\"potentialAction\":[{\"@type\":\"ReadAction\",\"target\":[\"https:\\\/\\\/www.cltweb.org\\\/fr\\\/bibliotheque-de-ressources\\\/sud-mondial\\\/bresil\\\/\"]}]},{\"@type\":\"ImageObject\",\"inLanguage\":\"fr-FR\",\"@id\":\"https:\\\/\\\/www.cltweb.org\\\/fr\\\/bibliotheque-de-ressources\\\/sud-mondial\\\/bresil\\\/#primaryimage\",\"url\":\"https:\\\/\\\/www.cltweb.org\\\/wp-content\\\/uploads\\\/2024\\\/10\\\/TTC-logo.png\",\"contentUrl\":\"https:\\\/\\\/www.cltweb.org\\\/wp-content\\\/uploads\\\/2024\\\/10\\\/TTC-logo.png\"},{\"@type\":\"BreadcrumbList\",\"@id\":\"https:\\\/\\\/www.cltweb.org\\\/fr\\\/bibliotheque-de-ressources\\\/sud-mondial\\\/bresil\\\/#breadcrumb\",\"itemListElement\":[{\"@type\":\"ListItem\",\"position\":1,\"name\":\"Home\",\"item\":\"https:\\\/\\\/www.cltweb.org\\\/fr\\\/\"},{\"@type\":\"ListItem\",\"position\":2,\"name\":\"Biblioth\u00e8que de ressources\",\"item\":\"https:\\\/\\\/www.cltweb.org\\\/fr\\\/bibliotheque-de-ressources\\\/\"},{\"@type\":\"ListItem\",\"position\":3,\"name\":\"Sud mondial\",\"item\":\"https:\\\/\\\/www.cltweb.org\\\/fr\\\/bibliotheque-de-ressources\\\/sud-mondial\\\/\"},{\"@type\":\"ListItem\",\"position\":4,\"name\":\"Br\u00e9sil\"}]},{\"@type\":\"WebSite\",\"@id\":\"https:\\\/\\\/www.cltweb.org\\\/fr\\\/#website\",\"url\":\"https:\\\/\\\/www.cltweb.org\\\/fr\\\/\",\"name\":\"International Center for Community Land Trusts\",\"description\":\"\",\"publisher\":{\"@id\":\"https:\\\/\\\/www.cltweb.org\\\/fr\\\/#organization\"},\"potentialAction\":[{\"@type\":\"SearchAction\",\"target\":{\"@type\":\"EntryPoint\",\"urlTemplate\":\"https:\\\/\\\/www.cltweb.org\\\/fr\\\/?s={search_term_string}\"},\"query-input\":{\"@type\":\"PropertyValueSpecification\",\"valueRequired\":true,\"valueName\":\"search_term_string\"}}],\"inLanguage\":\"fr-FR\"},{\"@type\":\"Organization\",\"@id\":\"https:\\\/\\\/www.cltweb.org\\\/fr\\\/#organization\",\"name\":\"International Center for Community Land Trusts\",\"url\":\"https:\\\/\\\/www.cltweb.org\\\/fr\\\/\",\"logo\":{\"@type\":\"ImageObject\",\"inLanguage\":\"fr-FR\",\"@id\":\"https:\\\/\\\/www.cltweb.org\\\/fr\\\/#\\\/schema\\\/logo\\\/image\\\/\",\"url\":\"https:\\\/\\\/www.cltweb.org\\\/wp-content\\\/uploads\\\/2024\\\/11\\\/New-CLT-Center-Text-logo.png\",\"contentUrl\":\"https:\\\/\\\/www.cltweb.org\\\/wp-content\\\/uploads\\\/2024\\\/11\\\/New-CLT-Center-Text-logo.png\",\"width\":227,\"height\":80,\"caption\":\"International Center for Community Land Trusts\"},\"image\":{\"@id\":\"https:\\\/\\\/www.cltweb.org\\\/fr\\\/#\\\/schema\\\/logo\\\/image\\\/\"},\"sameAs\":[\"https:\\\/\\\/www.facebook.com\\\/cltcenter\",\"https:\\\/\\\/x.com\\\/Center4CLTs\",\"https:\\\/\\\/www.instagram.com\\\/cltcenter\\\/\",\"https:\\\/\\\/www.linkedin.com\\\/company\\\/cltcenter\",\"https:\\\/\\\/www.youtube.com\\\/@centerforcltinnovation5313\"],\"description\":\"The International Center for Community Land Trusts is a not-for-profit nongovernmental organization established in 2018 to promote and to support community land trusts and similar strategies of community-led development on community-owned land in countries throughout the world.\",\"email\":\"info@communitylandtrust.net\",\"legalName\":\"International Center for Community Land Trusts\",\"foundingDate\":\"2018-12-01\",\"taxID\":\"84-3858933\",\"numberOfEmployees\":{\"@type\":\"QuantitativeValue\",\"minValue\":\"1\",\"maxValue\":\"10\"}}]}<\/script>\n<!-- \/ Yoast SEO Premium plugin. -->","yoast_head_json":{"title":"Br\u00e9sil - International Center for Community Land Trusts","robots":{"index":"index","follow":"follow","max-snippet":"max-snippet:-1","max-image-preview":"max-image-preview:large","max-video-preview":"max-video-preview:-1"},"canonical":"https:\/\/www.cltweb.org\/fr\/bibliotheque-de-ressources\/sud-mondial\/bresil\/","og_locale":"fr_FR","og_type":"article","og_title":"Br\u00e9sil","og_description":"Le projet br\u00e9silien de fiducie fonci\u00e8re communautaire pour les favelas(Termo Territorial Coletivo), d\u00e9velopp\u00e9 par Catalytic Communities en partenariat avec plusieurs agences publiques, institutions priv\u00e9es, universit\u00e9s et leaders communautaires, s&#8217;inspire du [&hellip;]","og_url":"https:\/\/www.cltweb.org\/fr\/bibliotheque-de-ressources\/sud-mondial\/bresil\/","og_site_name":"International Center for Community Land Trusts","article_publisher":"https:\/\/www.facebook.com\/cltcenter","article_modified_time":"2025-01-09T15:18:00+00:00","og_image":[{"width":288,"height":120,"url":"https:\/\/www.cltweb.org\/wp-content\/uploads\/2024\/10\/TTC-logo.png","type":"image\/png"}],"twitter_card":"summary_large_image","twitter_site":"@Center4CLTs","twitter_misc":{"Dur\u00e9e de lecture estim\u00e9e":"10 minutes"},"schema":{"@context":"https:\/\/schema.org","@graph":[{"@type":"WebPage","@id":"https:\/\/www.cltweb.org\/fr\/bibliotheque-de-ressources\/sud-mondial\/bresil\/","url":"https:\/\/www.cltweb.org\/fr\/bibliotheque-de-ressources\/sud-mondial\/bresil\/","name":"Br\u00e9sil - International Center for Community Land Trusts","isPartOf":{"@id":"https:\/\/www.cltweb.org\/fr\/#website"},"primaryImageOfPage":{"@id":"https:\/\/www.cltweb.org\/fr\/bibliotheque-de-ressources\/sud-mondial\/bresil\/#primaryimage"},"image":{"@id":"https:\/\/www.cltweb.org\/fr\/bibliotheque-de-ressources\/sud-mondial\/bresil\/#primaryimage"},"thumbnailUrl":"https:\/\/www.cltweb.org\/wp-content\/uploads\/2024\/10\/TTC-logo.png","datePublished":"2024-10-19T19:41:50+00:00","dateModified":"2025-01-09T15:18:00+00:00","breadcrumb":{"@id":"https:\/\/www.cltweb.org\/fr\/bibliotheque-de-ressources\/sud-mondial\/bresil\/#breadcrumb"},"inLanguage":"fr-FR","potentialAction":[{"@type":"ReadAction","target":["https:\/\/www.cltweb.org\/fr\/bibliotheque-de-ressources\/sud-mondial\/bresil\/"]}]},{"@type":"ImageObject","inLanguage":"fr-FR","@id":"https:\/\/www.cltweb.org\/fr\/bibliotheque-de-ressources\/sud-mondial\/bresil\/#primaryimage","url":"https:\/\/www.cltweb.org\/wp-content\/uploads\/2024\/10\/TTC-logo.png","contentUrl":"https:\/\/www.cltweb.org\/wp-content\/uploads\/2024\/10\/TTC-logo.png"},{"@type":"BreadcrumbList","@id":"https:\/\/www.cltweb.org\/fr\/bibliotheque-de-ressources\/sud-mondial\/bresil\/#breadcrumb","itemListElement":[{"@type":"ListItem","position":1,"name":"Home","item":"https:\/\/www.cltweb.org\/fr\/"},{"@type":"ListItem","position":2,"name":"Biblioth\u00e8que de ressources","item":"https:\/\/www.cltweb.org\/fr\/bibliotheque-de-ressources\/"},{"@type":"ListItem","position":3,"name":"Sud mondial","item":"https:\/\/www.cltweb.org\/fr\/bibliotheque-de-ressources\/sud-mondial\/"},{"@type":"ListItem","position":4,"name":"Br\u00e9sil"}]},{"@type":"WebSite","@id":"https:\/\/www.cltweb.org\/fr\/#website","url":"https:\/\/www.cltweb.org\/fr\/","name":"International Center for Community Land Trusts","description":"","publisher":{"@id":"https:\/\/www.cltweb.org\/fr\/#organization"},"potentialAction":[{"@type":"SearchAction","target":{"@type":"EntryPoint","urlTemplate":"https:\/\/www.cltweb.org\/fr\/?s={search_term_string}"},"query-input":{"@type":"PropertyValueSpecification","valueRequired":true,"valueName":"search_term_string"}}],"inLanguage":"fr-FR"},{"@type":"Organization","@id":"https:\/\/www.cltweb.org\/fr\/#organization","name":"International Center for Community Land Trusts","url":"https:\/\/www.cltweb.org\/fr\/","logo":{"@type":"ImageObject","inLanguage":"fr-FR","@id":"https:\/\/www.cltweb.org\/fr\/#\/schema\/logo\/image\/","url":"https:\/\/www.cltweb.org\/wp-content\/uploads\/2024\/11\/New-CLT-Center-Text-logo.png","contentUrl":"https:\/\/www.cltweb.org\/wp-content\/uploads\/2024\/11\/New-CLT-Center-Text-logo.png","width":227,"height":80,"caption":"International Center for Community Land Trusts"},"image":{"@id":"https:\/\/www.cltweb.org\/fr\/#\/schema\/logo\/image\/"},"sameAs":["https:\/\/www.facebook.com\/cltcenter","https:\/\/x.com\/Center4CLTs","https:\/\/www.instagram.com\/cltcenter\/","https:\/\/www.linkedin.com\/company\/cltcenter","https:\/\/www.youtube.com\/@centerforcltinnovation5313"],"description":"The International Center for Community Land Trusts is a not-for-profit nongovernmental organization established in 2018 to promote and to support community land trusts and similar strategies of community-led development on community-owned land in countries throughout the world.","email":"info@communitylandtrust.net","legalName":"International Center for Community Land Trusts","foundingDate":"2018-12-01","taxID":"84-3858933","numberOfEmployees":{"@type":"QuantitativeValue","minValue":"1","maxValue":"10"}}]}},"campaignId":"","taxonomy_info":{"category":[{"value":159,"label":"Sud mondial"}]},"featured_image_src_large":false,"author_info":{"display_name":"cltredesign_0jp0l4","author_link":"https:\/\/www.cltweb.org\/fr\/author\/cltredesign_0jp0l4\/"},"comment_info":0,"jetpack_sharing_enabled":true,"jetpack-related-posts":[{"id":3144,"url":"https:\/\/www.cltweb.org\/fr\/bibliotheque-de-ressources\/sud-mondial\/","url_meta":{"origin":3748,"position":0},"title":"Sud mondial","author":"cltredesign_0jp0l4","date":"4 octobre 2024","format":false,"excerpt":"Fonds fonciers communautaires dans les pays du Sud Gr\u00e2ce au travail de pionnier du Tanzania-Bondeni Community Land Trust au Kenya, du Fideicomiso de la Tierra del Ca\u00f1o Mart\u00edn Pe\u00f1a \u00e0 Porto Rico et de Catalytic Communities au Br\u00e9sil, il existe un grand potentiel d'expansion des fiducies fonci\u00e8res communautaires dans le\u2026","rel":"","context":"Dans &quot;Biblioth\u00e8que de ressources&quot;","block_context":{"text":"Biblioth\u00e8que de ressources","link":"https:\/\/www.cltweb.org\/fr\/category\/bibliotheque-de-ressources\/"},"img":{"alt_text":"","src":"","width":0,"height":0},"classes":[]},{"id":907,"url":"https:\/\/www.cltweb.org\/fr\/programmes-et-projets\/","url_meta":{"origin":3748,"position":1},"title":"Programmes et projets","author":"cltredesign_0jp0l4","date":"26 juillet 2024","format":false,"excerpt":"L'\u00e9ducation Am\u00e9liorer la sensibilisation, les ressources et le soutien aux praticiens et aux communaut\u00e9s CLT. Biblioth\u00e8que en ligne et archives CLT : Collecter et conserver des documents - en plusieurs langues - pr\u00e9sentant le CLT, des \u00e9tudes de cas, les meilleures pratiques et l'histoire du mouvement CLT. Carte et r\u00e9pertoire\u2026","rel":"","context":"Dans &quot;Non classifi\u00e9(e)&quot;","block_context":{"text":"Non classifi\u00e9(e)","link":"https:\/\/www.cltweb.org\/fr\/category\/non-classifiee\/"},"img":{"alt_text":"","src":"","width":0,"height":0},"classes":[]},{"id":3791,"url":"https:\/\/www.cltweb.org\/fr\/bibliotheque-de-ressources\/sud-mondial\/bresil\/projeto-do-termo-territorial-coletivo\/","url_meta":{"origin":3748,"position":2},"title":"Projeto do Termo Territorial Coletivo","author":"cltredesign_0jp0l4","date":"19 octobre 2024","format":false,"excerpt":"Le projet du Termo Territorial Coletivo a vu le jour en 2018, peu de temps apr\u00e8s que la ville de Rio de Janeiro ait connu la plus grande op\u00e9ration de r\u00e9novation de son histoire. \u00c0 cette occasion, pr\u00e8s de 80 000 personnes ont \u00e9t\u00e9 retir\u00e9es de leurs maisons, ce qui\u2026","rel":"","context":"Article similaire","block_context":{"text":"Article similaire","link":""},"img":{"alt_text":"","src":"","width":0,"height":0},"classes":[]},{"id":822,"url":"https:\/\/www.cltweb.org\/fr\/ce-que-font-les-clt\/sud-mondial\/","url_meta":{"origin":3748,"position":3},"title":"Sud mondial","author":"cltredesign_0jp0l4","date":"26 juillet 2024","format":false,"excerpt":"","rel":"","context":"Dans &quot;Ce que font les CLT&quot;","block_context":{"text":"Ce que font les CLT","link":"https:\/\/www.cltweb.org\/fr\/category\/ce-que-font-les-clt\/"},"img":{"alt_text":"","src":"","width":0,"height":0},"classes":[]},{"id":3767,"url":"https:\/\/www.cltweb.org\/fr\/bibliotheque-de-ressources\/sud-mondial\/bresil\/fonds-foncier-communautaire-pour-les-favelas\/","url_meta":{"origin":3748,"position":4},"title":"Fonds foncier communautaire pour les favelas","author":"cltredesign_0jp0l4","date":"19 octobre 2024","format":false,"excerpt":"Le projet Favela Community Land Trust (Favela-CLT) est n\u00e9 en ao\u00fbt 2018, peu apr\u00e8s que la ville de Rio de Janeiro a connu la plus grande vague d'expulsions de son histoire. \u00c0 cette \u00e9poque, quelque 80 000 personnes ont \u00e9t\u00e9 expuls\u00e9es de leur logement, justifi\u00e9es par la pr\u00e9tendue n\u00e9cessit\u00e9 de\u2026","rel":"","context":"Article similaire","block_context":{"text":"Article similaire","link":""},"img":{"alt_text":"","src":"","width":0,"height":0},"classes":[]},{"id":3718,"url":"https:\/\/www.cltweb.org\/fr\/bibliotheque-de-ressources\/sud-mondial\/afrique\/","url_meta":{"origin":3748,"position":5},"title":"Afrique","author":"cltredesign_0jp0l4","date":"19 octobre 2024","format":false,"excerpt":"Kenya et Afrique du SudLes Community Land Trusts sont apparus pour la premi\u00e8re fois dans l'h\u00e9misph\u00e8re sud \u00e0 Voi, au Kenya, avec le Tanzania-Bondeni Community Land Trust. L'application du mod\u00e8le CLT en Afrique du Sud suscite de plus en plus d'int\u00e9r\u00eat. Kenya Articles Anglais Seeding the CLT in Africa :\u2026","rel":"","context":"Dans &quot;Sud mondial&quot;","block_context":{"text":"Sud mondial","link":"https:\/\/www.cltweb.org\/fr\/category\/sud-mondial\/"},"img":{"alt_text":"","src":"","width":0,"height":0},"classes":[]}],"_links":{"self":[{"href":"https:\/\/www.cltweb.org\/fr\/wp-json\/wp\/v2\/pages\/3748","targetHints":{"allow":["GET"]}}],"collection":[{"href":"https:\/\/www.cltweb.org\/fr\/wp-json\/wp\/v2\/pages"}],"about":[{"href":"https:\/\/www.cltweb.org\/fr\/wp-json\/wp\/v2\/types\/page"}],"author":[{"embeddable":true,"href":"https:\/\/www.cltweb.org\/fr\/wp-json\/wp\/v2\/users\/1"}],"replies":[{"embeddable":true,"href":"https:\/\/www.cltweb.org\/fr\/wp-json\/wp\/v2\/comments?post=3748"}],"version-history":[{"count":16,"href":"https:\/\/www.cltweb.org\/fr\/wp-json\/wp\/v2\/pages\/3748\/revisions"}],"predecessor-version":[{"id":8475,"href":"https:\/\/www.cltweb.org\/fr\/wp-json\/wp\/v2\/pages\/3748\/revisions\/8475"}],"up":[{"embeddable":true,"href":"https:\/\/www.cltweb.org\/fr\/wp-json\/wp\/v2\/pages\/3144"}],"wp:attachment":[{"href":"https:\/\/www.cltweb.org\/fr\/wp-json\/wp\/v2\/media?parent=3748"}],"wp:term":[{"taxonomy":"category","embeddable":true,"href":"https:\/\/www.cltweb.org\/fr\/wp-json\/wp\/v2\/categories?post=3748"},{"taxonomy":"post_tag","embeddable":true,"href":"https:\/\/www.cltweb.org\/fr\/wp-json\/wp\/v2\/tags?post=3748"}],"curies":[{"name":"wp","href":"https:\/\/api.w.org\/{rel}","templated":true}]}}