{"id":3767,"date":"2024-10-19T19:49:11","date_gmt":"2024-10-19T19:49:11","guid":{"rendered":"https:\/\/www.cltweb.org\/bibliotheque-de-ressources\/sud-mondial\/bresil\/fonds-foncier-communautaire-pour-les-favelas\/"},"modified":"2024-10-19T19:49:39","modified_gmt":"2024-10-19T19:49:39","slug":"fonds-foncier-communautaire-pour-les-favelas","status":"publish","type":"page","link":"https:\/\/www.cltweb.org\/fr\/bibliotheque-de-ressources\/sud-mondial\/bresil\/fonds-foncier-communautaire-pour-les-favelas\/","title":{"rendered":"Fonds foncier communautaire pour les favelas"},"content":{"rendered":"\n<p>Le projet Favela Community Land Trust (Favela-CLT) est n\u00e9 en ao\u00fbt 2018, peu apr\u00e8s que la ville de Rio de Janeiro a connu la plus grande vague d&#8217;expulsions de son histoire. \u00c0 cette \u00e9poque, quelque 80 000 personnes ont \u00e9t\u00e9 expuls\u00e9es de leur logement, justifi\u00e9es par la pr\u00e9tendue n\u00e9cessit\u00e9 de pr\u00e9parer la ville aux m\u00e9ga-\u00e9v\u00e9nements qui y ont \u00e9t\u00e9 organis\u00e9s, en particulier les Jeux olympiques de 2016. L&#8217;ampleur de cette politique d&#8217;expulsion, combin\u00e9e \u00e0 un processus d&#8217;embourgeoisement qui a touch\u00e9 un certain nombre de favelas, a mis en \u00e9vidence l&#8217;incapacit\u00e9 des instruments fonciers existants \u00e0 garantir la permanence des r\u00e9sidents dans leurs espaces. Face \u00e0 ce sc\u00e9nario, nous avons cherch\u00e9 de nouveaux moyens de renforcer la s\u00e9curit\u00e9 fonci\u00e8re des communaut\u00e9s de Rio, en nous inspirant d&#8217;un mod\u00e8le innovant apparu aux \u00c9tats-Unis dans les ann\u00e9es 1960 et aujourd&#8217;hui mis en \u0153uvre dans le monde entier : le Community Land Trust (CLT).   <\/p>\n\n<p>Le potentiel des CLT pour les favelas et autres occupations urbaines a \u00e9t\u00e9 d\u00e9montr\u00e9 par les communaut\u00e9s de Ca\u00f1o Mart\u00edn Pe\u00f1a \u00e0 Porto Rico, o\u00f9 un groupe de favelas a d\u00e9cid\u00e9 d&#8217;adopter le mod\u00e8le comme moyen de r\u00e9gulariser leur territoire, en l&#8217;appelant Fideicomiso de la Tierra. Une fois le CLT \u00e9tabli, les r\u00e9sidents ont commenc\u00e9 \u00e0 exercer une gestion collective de la terre, leur occupation \u00e9tant garantie, ce qui les prot\u00e8ge contre l&#8217;expulsion par l&#8217;\u00c9tat ou l&#8217;embourgeoisement sp\u00e9culatif, un risque imminent en raison de la centralit\u00e9 de la zone qu&#8217;ils occupent et des investissements publics qui y sont r\u00e9alis\u00e9s. <\/p>\n\n<p>L&#8217;exp\u00e9rience de Porto Rico a montr\u00e9 que le mod\u00e8le CLT peut tr\u00e8s bien s&#8217;adapter \u00e0 la r\u00e9alit\u00e9 des quartiers informels soumis \u00e0 des processus de r\u00e9gularisation fonci\u00e8re, s&#8217;\u00e9cartant ainsi de l&#8217;application classique du mod\u00e8le dans le Nord global. Inspir\u00e9e par cette exp\u00e9rience, en ao\u00fbt 2018, l&#8217;ONG Catalytic Communities a invit\u00e9 plusieurs membres du Fideicomiso de la Tierra Ca\u00f1o Mart\u00edn Pe\u00f1a \u00e0 Rio de Janeiro pour proposer une s\u00e9rie d&#8217;ateliers aux acteurs locaux. L&#8217;objectif principal de ces ateliers \u00e9tait de tirer des enseignements de l&#8217;exp\u00e9rience de Puerto Riquean, de mieux comprendre le mod\u00e8le et de discuter de la mani\u00e8re dont il pourrait \u00eatre utile pour promouvoir le logement abordable au Br\u00e9sil.  <\/p>\n\n<p>Apr\u00e8s 5 jours d&#8217;ateliers, il a \u00e9t\u00e9 d\u00e9cid\u00e9 de former un groupe de travail permanent, avec des r\u00e9unions r\u00e9guli\u00e8res, pour \u00e9tudier le CLT plus en profondeur, diffuser des connaissances \u00e0 son sujet et r\u00e9fl\u00e9chir \u00e0 la mani\u00e8re dont il pourrait \u00eatre mis en \u0153uvre au Br\u00e9sil. La composition du groupe \u00e9tait tr\u00e8s vari\u00e9e, comprenant des leaders communautaires, des repr\u00e9sentants d&#8217;agences publiques, d&#8217;universit\u00e9s, d&#8217;architectes et d&#8217;urbanistes, ainsi que des \u00e9tudiants. D\u00e8s le d\u00e9but, deux principaux fronts de travail ont \u00e9t\u00e9 mis en place : la mobilisation (visant \u00e0 organiser des activit\u00e9s dans les communaut\u00e9s int\u00e9ress\u00e9es) et la l\u00e9gislation (visant \u00e0 trouver des solutions juridiques pour l&#8217;application du CLT, et \u00e0 \u00e9laborer des propositions pour r\u00e9glementer le mod\u00e8le et faciliter son utilisation).  <\/p>\n\n<p>D\u00e8s le d\u00e9part, il a fallu adopter une nouvelle nomenclature pour le mod\u00e8le. Le nom Community Land Trust ne pouvait pas \u00eatre reproduit litt\u00e9ralement en portugais, non seulement parce qu&#8217;il est difficile \u00e0 comprendre, mais aussi en raison des diff\u00e9rences entre les syst\u00e8mes juridiques du Br\u00e9sil et des \u00c9tats-Unis. C&#8217;est ainsi que le nom Termo Territorial Coletivo a \u00e9t\u00e9 formul\u00e9, car il parvient \u00e0 capturer l&#8217;essence du mod\u00e8le : son caract\u00e8re consensuel et la libre manifestation de la volont\u00e9 &#8211; un accord, un terme -, l&#8217;objet sous lequel il entend op\u00e9rer &#8211; le territoire -, et, enfin, son aspect communautaire et sa forme d&#8217;organisation &#8211; fondamentalement collective. Il ne s&#8217;agit pas d&#8217;une simple traduction, mais d&#8217;une adaptation du mod\u00e8le \u00e0 la r\u00e9alit\u00e9 br\u00e9silienne, en conservant ses caract\u00e9ristiques fondamentales, mais en introduisant de nouveaux \u00e9l\u00e9ments.   <\/p>\n\n<p>C&#8217;est ainsi qu&#8217;est n\u00e9 le projet Favela-CLT, dont la structure de base est rest\u00e9e inchang\u00e9e jusqu&#8217;\u00e0 aujourd&#8217;hui. La diversit\u00e9 des acteurs participant au groupe de travail est l&#8217;un des aspects les plus importants du projet, permettant la cr\u00e9ation d&#8217;un environnement fertile pour l&#8217;\u00e9change et la collaboration. D\u00e8s le d\u00e9part, deux communaut\u00e9s de Rio de Janeiro se sont pr\u00e9sent\u00e9es comme des projets pilotes possibles, dans lesquels un long processus d&#8217;organisation communautaire a commenc\u00e9 \u00e0 se d\u00e9velopper, avec une large participation des habitants.  <\/p>\n\n<p>Actuellement, le groupe de travail compte plus de 200 membres. Depuis 2018, nous avons remport\u00e9 de nombreuses victoires.L&#8217;int\u00e9r\u00eat du public pour la Favela-CLT a consid\u00e9rablement augment\u00e9, traversant les fronti\u00e8res de Rio de Janeiro, et aujourd&#8217;hui nous maintenons le contact avec des acteurs dans diff\u00e9rents \u00c9tats du pays qui souhaitent travailler avec le mod\u00e8le. En 2021, nous avons organis\u00e9 la premi\u00e8re audition publique sur le sujet, au conseil municipal de Rio de Janeiro, et nous avons \u00e9galement vu l&#8217;approbation de la premi\u00e8re loi qui r\u00e9glemente le mod\u00e8le au Br\u00e9sil.  <\/p>\n\n<p>Le groupe de travail Favela-CLT est ouvert et tous ceux qui veulent contribuer peuvent participer !<\/p>\n","protected":false},"excerpt":{"rendered":"<p>Le projet Favela Community Land Trust (Favela-CLT) est n\u00e9 en ao\u00fbt 2018, peu apr\u00e8s que la ville de Rio de Janeiro a connu la plus grande vague d&#8217;expulsions de son [&hellip;]<\/p>\n","protected":false},"author":1,"featured_media":0,"parent":3748,"menu_order":0,"comment_status":"closed","ping_status":"closed","template":"","meta":{"give_campaign_id":0,"_tec_requires_first_save":true,"_kad_blocks_custom_css":"","_kad_blocks_head_custom_js":"","_kad_blocks_body_custom_js":"","_kad_blocks_footer_custom_js":"","_EventAllDay":false,"_EventTimezone":"","_EventStartDate":"","_EventEndDate":"","_EventStartDateUTC":"","_EventEndDateUTC":"","_EventShowMap":false,"_EventShowMapLink":false,"_EventURL":"","_EventCost":"","_EventCostDescription":"","_EventCurrencySymbol":"","_EventCurrencyCode":"","_EventCurrencyPosition":"","_EventDateTimeSeparator":"","_EventTimeRangeSeparator":"","_EventOrganizerID":[],"_EventVenueID":[],"_OrganizerEmail":"","_OrganizerPhone":"","_OrganizerWebsite":"","_VenueAddress":"","_VenueCity":"","_VenueCountry":"","_VenueProvince":"","_VenueState":"","_VenueZip":"","_VenuePhone":"","_VenueURL":"","_VenueStateProvince":"","_VenueLat":"","_VenueLng":"","_VenueShowMap":false,"_VenueShowMapLink":false,"_tribe_blocks_recurrence_rules":"","_tribe_blocks_recurrence_description":"","_tribe_blocks_recurrence_exclusions":"","footnotes":""},"categories":[],"tags":[],"class_list":["post-3767","page","type-page","status-publish","hentry"],"blocksy_meta":[],"yoast_head":"<!-- This site is optimized with the Yoast SEO Premium plugin v27.4 (Yoast SEO v27.5) - https:\/\/yoast.com\/product\/yoast-seo-premium-wordpress\/ -->\n<title>Fonds foncier communautaire pour les favelas - International Center for Community Land Trusts<\/title>\n<meta name=\"robots\" content=\"index, follow, max-snippet:-1, max-image-preview:large, max-video-preview:-1\" \/>\n<link rel=\"canonical\" href=\"https:\/\/www.cltweb.org\/fr\/bibliotheque-de-ressources\/sud-mondial\/bresil\/fonds-foncier-communautaire-pour-les-favelas\/\" \/>\n<meta property=\"og:locale\" content=\"fr_FR\" \/>\n<meta property=\"og:type\" content=\"article\" \/>\n<meta property=\"og:title\" content=\"Fonds foncier communautaire pour les favelas\" \/>\n<meta property=\"og:description\" content=\"Le projet Favela Community Land Trust (Favela-CLT) est n\u00e9 en ao\u00fbt 2018, peu apr\u00e8s que la ville de Rio de Janeiro a connu la plus grande vague d&#8217;expulsions de son [&hellip;]\" \/>\n<meta property=\"og:url\" content=\"https:\/\/www.cltweb.org\/fr\/bibliotheque-de-ressources\/sud-mondial\/bresil\/fonds-foncier-communautaire-pour-les-favelas\/\" \/>\n<meta property=\"og:site_name\" content=\"International Center for Community Land Trusts\" \/>\n<meta property=\"article:publisher\" content=\"https:\/\/www.facebook.com\/cltcenter\" \/>\n<meta property=\"article:modified_time\" content=\"2024-10-19T19:49:39+00:00\" \/>\n<meta name=\"twitter:card\" content=\"summary_large_image\" \/>\n<meta name=\"twitter:site\" content=\"@Center4CLTs\" \/>\n<meta name=\"twitter:label1\" content=\"Dur\u00e9e de lecture estim\u00e9e\" \/>\n\t<meta name=\"twitter:data1\" content=\"4 minutes\" \/>\n<script type=\"application\/ld+json\" class=\"yoast-schema-graph\">{\"@context\":\"https:\\\/\\\/schema.org\",\"@graph\":[{\"@type\":\"WebPage\",\"@id\":\"https:\\\/\\\/www.cltweb.org\\\/fr\\\/bibliotheque-de-ressources\\\/sud-mondial\\\/bresil\\\/fonds-foncier-communautaire-pour-les-favelas\\\/\",\"url\":\"https:\\\/\\\/www.cltweb.org\\\/fr\\\/bibliotheque-de-ressources\\\/sud-mondial\\\/bresil\\\/fonds-foncier-communautaire-pour-les-favelas\\\/\",\"name\":\"Fonds foncier communautaire pour les favelas - International Center for Community Land Trusts\",\"isPartOf\":{\"@id\":\"https:\\\/\\\/www.cltweb.org\\\/fr\\\/#website\"},\"datePublished\":\"2024-10-19T19:49:11+00:00\",\"dateModified\":\"2024-10-19T19:49:39+00:00\",\"breadcrumb\":{\"@id\":\"https:\\\/\\\/www.cltweb.org\\\/fr\\\/bibliotheque-de-ressources\\\/sud-mondial\\\/bresil\\\/fonds-foncier-communautaire-pour-les-favelas\\\/#breadcrumb\"},\"inLanguage\":\"fr-FR\",\"potentialAction\":[{\"@type\":\"ReadAction\",\"target\":[\"https:\\\/\\\/www.cltweb.org\\\/fr\\\/bibliotheque-de-ressources\\\/sud-mondial\\\/bresil\\\/fonds-foncier-communautaire-pour-les-favelas\\\/\"]}]},{\"@type\":\"BreadcrumbList\",\"@id\":\"https:\\\/\\\/www.cltweb.org\\\/fr\\\/bibliotheque-de-ressources\\\/sud-mondial\\\/bresil\\\/fonds-foncier-communautaire-pour-les-favelas\\\/#breadcrumb\",\"itemListElement\":[{\"@type\":\"ListItem\",\"position\":1,\"name\":\"Home\",\"item\":\"https:\\\/\\\/www.cltweb.org\\\/fr\\\/\"},{\"@type\":\"ListItem\",\"position\":2,\"name\":\"Biblioth\u00e8que de ressources\",\"item\":\"https:\\\/\\\/www.cltweb.org\\\/fr\\\/bibliotheque-de-ressources\\\/\"},{\"@type\":\"ListItem\",\"position\":3,\"name\":\"Sud mondial\",\"item\":\"https:\\\/\\\/www.cltweb.org\\\/fr\\\/bibliotheque-de-ressources\\\/sud-mondial\\\/\"},{\"@type\":\"ListItem\",\"position\":4,\"name\":\"Br\u00e9sil\",\"item\":\"https:\\\/\\\/www.cltweb.org\\\/fr\\\/bibliotheque-de-ressources\\\/sud-mondial\\\/bresil\\\/\"},{\"@type\":\"ListItem\",\"position\":5,\"name\":\"Fonds foncier communautaire pour les favelas\"}]},{\"@type\":\"WebSite\",\"@id\":\"https:\\\/\\\/www.cltweb.org\\\/fr\\\/#website\",\"url\":\"https:\\\/\\\/www.cltweb.org\\\/fr\\\/\",\"name\":\"International Center for Community Land Trusts\",\"description\":\"\",\"publisher\":{\"@id\":\"https:\\\/\\\/www.cltweb.org\\\/fr\\\/#organization\"},\"potentialAction\":[{\"@type\":\"SearchAction\",\"target\":{\"@type\":\"EntryPoint\",\"urlTemplate\":\"https:\\\/\\\/www.cltweb.org\\\/fr\\\/?s={search_term_string}\"},\"query-input\":{\"@type\":\"PropertyValueSpecification\",\"valueRequired\":true,\"valueName\":\"search_term_string\"}}],\"inLanguage\":\"fr-FR\"},{\"@type\":\"Organization\",\"@id\":\"https:\\\/\\\/www.cltweb.org\\\/fr\\\/#organization\",\"name\":\"International Center for Community Land Trusts\",\"url\":\"https:\\\/\\\/www.cltweb.org\\\/fr\\\/\",\"logo\":{\"@type\":\"ImageObject\",\"inLanguage\":\"fr-FR\",\"@id\":\"https:\\\/\\\/www.cltweb.org\\\/fr\\\/#\\\/schema\\\/logo\\\/image\\\/\",\"url\":\"https:\\\/\\\/www.cltweb.org\\\/wp-content\\\/uploads\\\/2024\\\/11\\\/New-CLT-Center-Text-logo.png\",\"contentUrl\":\"https:\\\/\\\/www.cltweb.org\\\/wp-content\\\/uploads\\\/2024\\\/11\\\/New-CLT-Center-Text-logo.png\",\"width\":227,\"height\":80,\"caption\":\"International Center for Community Land Trusts\"},\"image\":{\"@id\":\"https:\\\/\\\/www.cltweb.org\\\/fr\\\/#\\\/schema\\\/logo\\\/image\\\/\"},\"sameAs\":[\"https:\\\/\\\/www.facebook.com\\\/cltcenter\",\"https:\\\/\\\/x.com\\\/Center4CLTs\",\"https:\\\/\\\/www.instagram.com\\\/cltcenter\\\/\",\"https:\\\/\\\/www.linkedin.com\\\/company\\\/cltcenter\",\"https:\\\/\\\/www.youtube.com\\\/@centerforcltinnovation5313\"],\"description\":\"The International Center for Community Land Trusts is a not-for-profit nongovernmental organization established in 2018 to promote and to support community land trusts and similar strategies of community-led development on community-owned land in countries throughout the world.\",\"email\":\"info@communitylandtrust.net\",\"legalName\":\"International Center for Community Land Trusts\",\"foundingDate\":\"2018-12-01\",\"taxID\":\"84-3858933\",\"numberOfEmployees\":{\"@type\":\"QuantitativeValue\",\"minValue\":\"1\",\"maxValue\":\"10\"}}]}<\/script>\n<!-- \/ Yoast SEO Premium plugin. -->","yoast_head_json":{"title":"Fonds foncier communautaire pour les favelas - International Center for Community Land Trusts","robots":{"index":"index","follow":"follow","max-snippet":"max-snippet:-1","max-image-preview":"max-image-preview:large","max-video-preview":"max-video-preview:-1"},"canonical":"https:\/\/www.cltweb.org\/fr\/bibliotheque-de-ressources\/sud-mondial\/bresil\/fonds-foncier-communautaire-pour-les-favelas\/","og_locale":"fr_FR","og_type":"article","og_title":"Fonds foncier communautaire pour les favelas","og_description":"Le projet Favela Community Land Trust (Favela-CLT) est n\u00e9 en ao\u00fbt 2018, peu apr\u00e8s que la ville de Rio de Janeiro a connu la plus grande vague d&#8217;expulsions de son [&hellip;]","og_url":"https:\/\/www.cltweb.org\/fr\/bibliotheque-de-ressources\/sud-mondial\/bresil\/fonds-foncier-communautaire-pour-les-favelas\/","og_site_name":"International Center for Community Land Trusts","article_publisher":"https:\/\/www.facebook.com\/cltcenter","article_modified_time":"2024-10-19T19:49:39+00:00","twitter_card":"summary_large_image","twitter_site":"@Center4CLTs","twitter_misc":{"Dur\u00e9e de lecture estim\u00e9e":"4 minutes"},"schema":{"@context":"https:\/\/schema.org","@graph":[{"@type":"WebPage","@id":"https:\/\/www.cltweb.org\/fr\/bibliotheque-de-ressources\/sud-mondial\/bresil\/fonds-foncier-communautaire-pour-les-favelas\/","url":"https:\/\/www.cltweb.org\/fr\/bibliotheque-de-ressources\/sud-mondial\/bresil\/fonds-foncier-communautaire-pour-les-favelas\/","name":"Fonds foncier communautaire pour les favelas - International Center for Community Land Trusts","isPartOf":{"@id":"https:\/\/www.cltweb.org\/fr\/#website"},"datePublished":"2024-10-19T19:49:11+00:00","dateModified":"2024-10-19T19:49:39+00:00","breadcrumb":{"@id":"https:\/\/www.cltweb.org\/fr\/bibliotheque-de-ressources\/sud-mondial\/bresil\/fonds-foncier-communautaire-pour-les-favelas\/#breadcrumb"},"inLanguage":"fr-FR","potentialAction":[{"@type":"ReadAction","target":["https:\/\/www.cltweb.org\/fr\/bibliotheque-de-ressources\/sud-mondial\/bresil\/fonds-foncier-communautaire-pour-les-favelas\/"]}]},{"@type":"BreadcrumbList","@id":"https:\/\/www.cltweb.org\/fr\/bibliotheque-de-ressources\/sud-mondial\/bresil\/fonds-foncier-communautaire-pour-les-favelas\/#breadcrumb","itemListElement":[{"@type":"ListItem","position":1,"name":"Home","item":"https:\/\/www.cltweb.org\/fr\/"},{"@type":"ListItem","position":2,"name":"Biblioth\u00e8que de ressources","item":"https:\/\/www.cltweb.org\/fr\/bibliotheque-de-ressources\/"},{"@type":"ListItem","position":3,"name":"Sud mondial","item":"https:\/\/www.cltweb.org\/fr\/bibliotheque-de-ressources\/sud-mondial\/"},{"@type":"ListItem","position":4,"name":"Br\u00e9sil","item":"https:\/\/www.cltweb.org\/fr\/bibliotheque-de-ressources\/sud-mondial\/bresil\/"},{"@type":"ListItem","position":5,"name":"Fonds foncier communautaire pour les favelas"}]},{"@type":"WebSite","@id":"https:\/\/www.cltweb.org\/fr\/#website","url":"https:\/\/www.cltweb.org\/fr\/","name":"International Center for Community Land Trusts","description":"","publisher":{"@id":"https:\/\/www.cltweb.org\/fr\/#organization"},"potentialAction":[{"@type":"SearchAction","target":{"@type":"EntryPoint","urlTemplate":"https:\/\/www.cltweb.org\/fr\/?s={search_term_string}"},"query-input":{"@type":"PropertyValueSpecification","valueRequired":true,"valueName":"search_term_string"}}],"inLanguage":"fr-FR"},{"@type":"Organization","@id":"https:\/\/www.cltweb.org\/fr\/#organization","name":"International Center for Community Land Trusts","url":"https:\/\/www.cltweb.org\/fr\/","logo":{"@type":"ImageObject","inLanguage":"fr-FR","@id":"https:\/\/www.cltweb.org\/fr\/#\/schema\/logo\/image\/","url":"https:\/\/www.cltweb.org\/wp-content\/uploads\/2024\/11\/New-CLT-Center-Text-logo.png","contentUrl":"https:\/\/www.cltweb.org\/wp-content\/uploads\/2024\/11\/New-CLT-Center-Text-logo.png","width":227,"height":80,"caption":"International Center for Community Land Trusts"},"image":{"@id":"https:\/\/www.cltweb.org\/fr\/#\/schema\/logo\/image\/"},"sameAs":["https:\/\/www.facebook.com\/cltcenter","https:\/\/x.com\/Center4CLTs","https:\/\/www.instagram.com\/cltcenter\/","https:\/\/www.linkedin.com\/company\/cltcenter","https:\/\/www.youtube.com\/@centerforcltinnovation5313"],"description":"The International Center for Community Land Trusts is a not-for-profit nongovernmental organization established in 2018 to promote and to support community land trusts and similar strategies of community-led development on community-owned land in countries throughout the world.","email":"info@communitylandtrust.net","legalName":"International Center for Community Land Trusts","foundingDate":"2018-12-01","taxID":"84-3858933","numberOfEmployees":{"@type":"QuantitativeValue","minValue":"1","maxValue":"10"}}]}},"campaignId":"","taxonomy_info":[],"featured_image_src_large":false,"author_info":{"display_name":"cltredesign_0jp0l4","author_link":"https:\/\/www.cltweb.org\/fr\/author\/cltredesign_0jp0l4\/"},"comment_info":0,"jetpack_sharing_enabled":true,"jetpack-related-posts":[{"id":4467,"url":"https:\/\/www.cltweb.org\/fr\/bibliotheque-de-ressources\/interviews\/garantir-les-droits-fonciers-les-clt-dans-les-etablissements-informels-2020\/","url_meta":{"origin":3767,"position":0},"title":"Garantir les droits fonciers : Les CLT dans les \u00e9tablissements informels (2020)","author":"cltredesign_0jp0l4","date":"22 octobre 2024","format":false,"excerpt":"Le 29 octobre 2020, World Habitat a organis\u00e9 une table ronde sur le r\u00f4le des fiducies fonci\u00e8res communautaires dans la garantie des droits fonciers des habitants des quartiers informels. Les pan\u00e9listes \u00e9taient les suivants : Mariolga Juli\u00e1 Pacheco et Don Jos\u00e9 Caraballo, du CLT Ca\u00f1o Mart\u00edn Pe\u00f1a, Porto Rico ;\u2026","rel":"","context":"Dans &quot;Interviews&quot;","block_context":{"text":"Interviews","link":"https:\/\/www.cltweb.org\/fr\/category\/interviews-fr\/"},"img":{"alt_text":"","src":"","width":0,"height":0},"classes":[]},{"id":3791,"url":"https:\/\/www.cltweb.org\/fr\/bibliotheque-de-ressources\/sud-mondial\/bresil\/projeto-do-termo-territorial-coletivo\/","url_meta":{"origin":3767,"position":1},"title":"Projeto do Termo Territorial Coletivo","author":"cltredesign_0jp0l4","date":"19 octobre 2024","format":false,"excerpt":"Le projet du Termo Territorial Coletivo a vu le jour en 2018, peu de temps apr\u00e8s que la ville de Rio de Janeiro ait connu la plus grande op\u00e9ration de r\u00e9novation de son histoire. \u00c0 cette occasion, pr\u00e8s de 80 000 personnes ont \u00e9t\u00e9 retir\u00e9es de leurs maisons, ce qui\u2026","rel":"","context":"Article similaire","block_context":{"text":"Article similaire","link":""},"img":{"alt_text":"","src":"","width":0,"height":0},"classes":[]},{"id":1862,"url":"https:\/\/www.cltweb.org\/fr\/bibliotheque-de-ressources\/rapports\/","url_meta":{"origin":3767,"position":2},"title":"Rapports","author":"cltredesign_0jp0l4","date":"26 juillet 2024","format":false,"excerpt":"L'accession \u00e0 la propri\u00e9t\u00e9 en fonds propres partag\u00e9s (2006) Par John Emmeus Davis, Institut national du logement La copropri\u00e9t\u00e9 garantit que les logements restent abordables \u00e0 long terme pour les m\u00e9nages \u00e0 faibles revenus en limitant la plus-value que le propri\u00e9taire peut conserver, pr\u00e9servant ainsi des logements abordables dans des\u2026","rel":"","context":"Dans &quot;Biblioth\u00e8que de ressources&quot;","block_context":{"text":"Biblioth\u00e8que de ressources","link":"https:\/\/www.cltweb.org\/fr\/category\/bibliotheque-de-ressources\/"},"img":{"alt_text":"","src":"","width":0,"height":0},"classes":[]},{"id":1598,"url":"https:\/\/www.cltweb.org\/fr\/terra-nostra-press\/catalogue\/applications-des-fonds-fonciers-communautaires-dans-les-quartiers-urbains\/","url_meta":{"origin":3767,"position":3},"title":"Applications des fonds fonciers communautaires dans les quartiers urbains","author":"cltredesign_0jp0l4","date":"29 juillet 2024","format":false,"excerpt":"Disponible d\u00e8s maintenant dans le monde entier, 110 pages.PAPERBACK ISBN 9781734403077 $15.00 USEBOOK ISBN 9781734403084 $5.00 US Les ONG peuvent b\u00e9n\u00e9ficier de remises sur les commandes en gros. Pour plus d'informations et pour passer votre commande, consultez notre page sur les commandes group\u00e9es. Les huit essais contenus dans cette monographie\u2026","rel":"","context":"Dans &quot;Catalogue&quot;","block_context":{"text":"Catalogue","link":"https:\/\/www.cltweb.org\/fr\/category\/catalogue\/"},"img":{"alt_text":"Book Cover for Urban Applications","src":"https:\/\/i0.wp.com\/www.cltweb.org\/wp-content\/uploads\/2024\/10\/Urban-Applications-Cover.jpg?resize=350%2C200&ssl=1","width":350,"height":200,"srcset":"https:\/\/i0.wp.com\/www.cltweb.org\/wp-content\/uploads\/2024\/10\/Urban-Applications-Cover.jpg?resize=350%2C200&ssl=1 1x, https:\/\/i0.wp.com\/www.cltweb.org\/wp-content\/uploads\/2024\/10\/Urban-Applications-Cover.jpg?resize=525%2C300&ssl=1 1.5x, https:\/\/i0.wp.com\/www.cltweb.org\/wp-content\/uploads\/2024\/10\/Urban-Applications-Cover.jpg?resize=700%2C400&ssl=1 2x, https:\/\/i0.wp.com\/www.cltweb.org\/wp-content\/uploads\/2024\/10\/Urban-Applications-Cover.jpg?resize=1050%2C600&ssl=1 3x, https:\/\/i0.wp.com\/www.cltweb.org\/wp-content\/uploads\/2024\/10\/Urban-Applications-Cover.jpg?resize=1400%2C800&ssl=1 4x"},"classes":[]},{"id":4373,"url":"https:\/\/www.cltweb.org\/fr\/bibliotheque-de-ressources\/interviews\/john-emmus-davis\/","url_meta":{"origin":3767,"position":4},"title":"John Emmus Davis (2011)","author":"cltredesign_0jp0l4","date":"22 octobre 2024","format":false,"excerpt":"En 2011, cela faisait 30 ans que John contribuait au d\u00e9veloppement des community land trusts en tant qu'auteur, enseignant et fournisseur d'assistance technique. L'\u00e9volution de son implication personnelle et professionnelle dans le mouvement CLT a \u00e9t\u00e9 explor\u00e9e dans cet entretien enregistr\u00e9 par Steve Dubb, alors directeur de la recherche au\u2026","rel":"","context":"Dans &quot;Interviews&quot;","block_context":{"text":"Interviews","link":"https:\/\/www.cltweb.org\/fr\/category\/interviews-fr\/"},"img":{"alt_text":"","src":"","width":0,"height":0},"classes":[]},{"id":857,"url":"https:\/\/www.cltweb.org\/fr\/a-propos-de-nous\/lhistoire\/","url_meta":{"origin":3767,"position":5},"title":"Notre histoire","author":"cltredesign_0jp0l4","date":"26 juillet 2024","format":false,"excerpt":"Une chronologie de l'\u00e9volution du mouvement CLT international.","rel":"","context":"Dans &quot;A propos de nous&quot;","block_context":{"text":"A propos de nous","link":"https:\/\/www.cltweb.org\/fr\/category\/a-propos-de-nous\/"},"img":{"alt_text":"","src":"","width":0,"height":0},"classes":[]}],"_links":{"self":[{"href":"https:\/\/www.cltweb.org\/fr\/wp-json\/wp\/v2\/pages\/3767","targetHints":{"allow":["GET"]}}],"collection":[{"href":"https:\/\/www.cltweb.org\/fr\/wp-json\/wp\/v2\/pages"}],"about":[{"href":"https:\/\/www.cltweb.org\/fr\/wp-json\/wp\/v2\/types\/page"}],"author":[{"embeddable":true,"href":"https:\/\/www.cltweb.org\/fr\/wp-json\/wp\/v2\/users\/1"}],"replies":[{"embeddable":true,"href":"https:\/\/www.cltweb.org\/fr\/wp-json\/wp\/v2\/comments?post=3767"}],"version-history":[{"count":1,"href":"https:\/\/www.cltweb.org\/fr\/wp-json\/wp\/v2\/pages\/3767\/revisions"}],"predecessor-version":[{"id":3768,"href":"https:\/\/www.cltweb.org\/fr\/wp-json\/wp\/v2\/pages\/3767\/revisions\/3768"}],"up":[{"embeddable":true,"href":"https:\/\/www.cltweb.org\/fr\/wp-json\/wp\/v2\/pages\/3748"}],"wp:attachment":[{"href":"https:\/\/www.cltweb.org\/fr\/wp-json\/wp\/v2\/media?parent=3767"}],"wp:term":[{"taxonomy":"category","embeddable":true,"href":"https:\/\/www.cltweb.org\/fr\/wp-json\/wp\/v2\/categories?post=3767"},{"taxonomy":"post_tag","embeddable":true,"href":"https:\/\/www.cltweb.org\/fr\/wp-json\/wp\/v2\/tags?post=3767"}],"curies":[{"name":"wp","href":"https:\/\/api.w.org\/{rel}","templated":true}]}}