{"id":3791,"date":"2024-10-19T19:53:21","date_gmt":"2024-10-19T19:53:21","guid":{"rendered":"https:\/\/www.cltweb.org\/bibliotheque-de-ressources\/sud-mondial\/bresil\/projeto-do-termo-territorial-coletivo\/"},"modified":"2024-10-19T19:53:55","modified_gmt":"2024-10-19T19:53:55","slug":"projeto-do-termo-territorial-coletivo","status":"publish","type":"page","link":"https:\/\/www.cltweb.org\/fr\/bibliotheque-de-ressources\/sud-mondial\/bresil\/projeto-do-termo-territorial-coletivo\/","title":{"rendered":"Projeto do Termo Territorial Coletivo"},"content":{"rendered":"\n<p>Le projet du Termo Territorial Coletivo a vu le jour en 2018, peu de temps apr\u00e8s que la ville de Rio de Janeiro ait connu la plus grande op\u00e9ration de r\u00e9novation de son histoire. \u00c0 cette occasion, pr\u00e8s de 80 000 personnes ont \u00e9t\u00e9 retir\u00e9es de leurs maisons, ce qui justifie la n\u00e9cessit\u00e9 de pr\u00e9parer la ville aux m\u00e9ga-\u00e9v\u00e9nements qui s&#8217;y sont d\u00e9roul\u00e9s, en particulier les Jeux olympiques de 2016. L&#8217;ampleur gigantesque de cette politique de r\u00e9novation, associ\u00e9e \u00e0 un processus de gentrifica\u00e7\u00e3o qui a touch\u00e9 diverses favelas de la ville, a mis en \u00e9vidence l&#8217;incapacit\u00e9 des instruments financiers existants \u00e0 garantir la permanence des habitants dans leurs lieux de r\u00e9sidence. En partant de ce constat et en cherchant de nouvelles fa\u00e7ons de renforcer la s\u00e9curit\u00e9 de l&#8217;emploi dans les communaut\u00e9s de la ville, nous sommes partis d&#8217;un mod\u00e8le novateur qui a vu le jour aux \u00c9tats-Unis dans les ann\u00e9es 1960 et qui est aujourd&#8217;hui largement utilis\u00e9 dans diverses r\u00e9gions de la plan\u00e8te : le Termo Territorial Coletivo (TTC).   <\/p>\n\n<p>Le potentiel du TTC pour les favelas et autres occupations urbaines a \u00e9t\u00e9 d\u00e9montr\u00e9 par l&#8217;exp\u00e9rience des communaut\u00e9s de Ca\u00f1o Mart\u00edn Pe\u00f1a, \u00e0 Porto Rico, o\u00f9 un groupe de favelas a d\u00e9cid\u00e9 d&#8217;adopter le mod\u00e8le comme moyen de r\u00e9gulariser son territoire, dans le cadre de la Convention de la Terre. \u00c0 partir de l&#8217;instauration du TTC, les habitants ont pu exercer une gestion collective du territoire, avec la garantie de la s\u00e9curit\u00e9 de la population contre les processus de remaniement par l&#8217;\u00c9tat ou de sp\u00e9culation immobili\u00e8re et de gentrification, un risque imminent en raison de la centralit\u00e9 de la zone qu&#8217;ils occupent et des interventions publiques au niveau local. <\/p>\n\n<p>L&#8217;exp\u00e9rience de Porto Rico montre que la CTT peut s&#8217;encaixer tr\u00e8s facilement dans la r\u00e9alit\u00e9 des assentamentos informais qui passent par des processus de r\u00e9gularisation, en s&#8217;\u00e9loignant ainsi de l&#8217;application classique du mod\u00e8le dans le Nord mondial. Inspir\u00e9e par cette exp\u00e9rience, l&#8217;ONG Comunidades Catalisadoras a invit\u00e9, en ao\u00fbt 2018, une \u00e9quipe de membres du Fideicomiso de la Tierra Ca\u00f1o Mart\u00edn Pe\u00f1a \u00e0 Rio de Janeiro, pour offrir une s\u00e9rie de bureaux aux magasins locaux. L&#8217;objectif de ces bureaux \u00e9tait de s&#8217;inspirer de l&#8217;exp\u00e9rience portugaise pour mieux conna\u00eetre la TTC et discuter de la mani\u00e8re dont elle peut \u00eatre efficace dans la promotion de l&#8217;acc\u00e8s \u00e0 la moradie au Br\u00e9sil.  <\/p>\n\n<p>Apr\u00e8s 5 jours de travail, il a \u00e9t\u00e9 d\u00e9cid\u00e9 de former un groupe de travail permanent, avec des r\u00e9unions r\u00e9guli\u00e8res, afin d&#8217;\u00e9tudier plus en profondeur le Terme Territorial Coletivo, de diffuser des connaissances \u00e0 son sujet et de r\u00e9fl\u00e9chir \u00e0 la mani\u00e8re dont il pourrait \u00eatre mis en \u0153uvre au Br\u00e9sil. La composition du groupe s&#8217;est av\u00e9r\u00e9e tr\u00e8s vari\u00e9e, incluant des leaders communautaires, des repr\u00e9sentants d&#8217;organismes publics, d&#8217;universit\u00e9s, d&#8217;architectes, d&#8217;urbanistes et d&#8217;\u00e9tudiants. Logo no in\u00edcio, foram definidas duas frentes de trabalho principais : mobiliza\u00e7\u00e3o (destinada a organizar atividades nas comunidades interessadas) e legisla\u00e7\u00e3o (destinada a pensar solu\u00e7\u00f5es jur\u00eddicas para a implementa\u00e7\u00e3o do TTC, e construir propostas de regulamenta\u00e7\u00e3o legal do modelo).  <\/p>\n\n<p>Logo de in\u00edcio, foi necess\u00e1rio adotar uma outra nomenclatura para o modelo. Le terme Community Land Trust ne pouvait \u00eatre reproduit litt\u00e9ralement en portugais, non seulement en raison de sa difficile compr\u00e9hension, mais aussi des diff\u00e9rences entre les syst\u00e8mes juridiques du Br\u00e9sil et de l&#8217;Union europ\u00e9enne. C&#8217;est ainsi qu&#8217;a \u00e9t\u00e9 choisi le nom de Termo Territorial Coletivo, afin de saisir l&#8217;essence du mod\u00e8le : son caract\u00e8re consensuel et de libre manifestation de la volont\u00e9 &#8211; un accord, un terme -, l&#8217;objet sur lequel il pr\u00e9tend op\u00e9rer &#8211; le territoire -, et, enfin, son aspect communautaire et sa forme d&#8217;organisation &#8211; fondamentalement coletiva. Il ne s&#8217;agit pas d&#8217;une simple traduction, mais d&#8217;une adaptation du mod\u00e8le \u00e0 la r\u00e9alit\u00e9 br\u00e9silienne, en conservant ses caract\u00e9ristiques fondamentales, mais en introduisant de nouveaux \u00e9l\u00e9ments.   <\/p>\n\n<p>C&#8217;est ainsi qu&#8217;est n\u00e9 le projet TTC, dont la mise en \u0153uvre s&#8217;est poursuivie jusqu&#8217;\u00e0 aujourd&#8217;hui. La diversit\u00e9 des acteurs qui participent au GT est l&#8217;un des points les plus positifs du projet, et a permis de cr\u00e9er un environnement propice \u00e0 la coop\u00e9ration et \u00e0 l&#8217;\u00e9change. Logo de in\u00edcio, duas comunidades do Rio de Janeiro se apresentaram como poss\u00edveis projetos piloto, nas quais passou a ser desenvolvido um processo longo de mobiliza\u00e7\u00e3o comunit\u00e1ria, com ampla participa\u00e7\u00e3o dos moradores.  <\/p>\n\n<p>Actuellement, le groupe de travail compte plus de 200 membres, parmi les habitants des favelas, les activistes des mouvements sociaux, les leaders, les chercheurs, les membres des organisations publiques et les autres techniciens. De 2018 \u00e0 aujourd&#8217;hui, nous obtiendrons diverses conqu\u00eates. L&#8217;int\u00e9r\u00eat pour le Terme Territorial Coletivo s&#8217;est accru consid\u00e9rablement, d\u00e9passant les fronti\u00e8res de Rio de Janeiro, et nous sommes aujourd&#8217;hui en contact avec des agents de diff\u00e9rentes r\u00e9gions du pays qui souhaitent travailler avec ce mod\u00e8le. En 2021, nous allons approuver la premi\u00e8re loi qui r\u00e9glemente l&#8217;instrument au Br\u00e9sil.   <\/p>\n\n<p>Le groupe de travail du projet Termo Territorial Coletivo est en place et tous ceux qui souhaitent y contribuer peuvent y participer !<\/p>\n","protected":false},"excerpt":{"rendered":"<p>Le projet du Termo Territorial Coletivo a vu le jour en 2018, peu de temps apr\u00e8s que la ville de Rio de Janeiro ait connu la plus grande op\u00e9ration de [&hellip;]<\/p>\n","protected":false},"author":1,"featured_media":0,"parent":3748,"menu_order":0,"comment_status":"closed","ping_status":"closed","template":"","meta":{"give_campaign_id":0,"_tec_requires_first_save":true,"_kad_blocks_custom_css":"","_kad_blocks_head_custom_js":"","_kad_blocks_body_custom_js":"","_kad_blocks_footer_custom_js":"","_EventAllDay":false,"_EventTimezone":"","_EventStartDate":"","_EventEndDate":"","_EventStartDateUTC":"","_EventEndDateUTC":"","_EventShowMap":false,"_EventShowMapLink":false,"_EventURL":"","_EventCost":"","_EventCostDescription":"","_EventCurrencySymbol":"","_EventCurrencyCode":"","_EventCurrencyPosition":"","_EventDateTimeSeparator":"","_EventTimeRangeSeparator":"","_EventOrganizerID":[],"_EventVenueID":[],"_OrganizerEmail":"","_OrganizerPhone":"","_OrganizerWebsite":"","_VenueAddress":"","_VenueCity":"","_VenueCountry":"","_VenueProvince":"","_VenueState":"","_VenueZip":"","_VenuePhone":"","_VenueURL":"","_VenueStateProvince":"","_VenueLat":"","_VenueLng":"","_VenueShowMap":false,"_VenueShowMapLink":false,"_tribe_blocks_recurrence_rules":"","_tribe_blocks_recurrence_description":"","_tribe_blocks_recurrence_exclusions":"","footnotes":""},"categories":[],"tags":[],"class_list":["post-3791","page","type-page","status-publish","hentry"],"blocksy_meta":[],"yoast_head":"<!-- This site is optimized with the Yoast SEO Premium plugin v27.4 (Yoast SEO v27.5) - https:\/\/yoast.com\/product\/yoast-seo-premium-wordpress\/ -->\n<title>Projeto do Termo Territorial Coletivo - International Center for Community Land Trusts<\/title>\n<meta name=\"robots\" content=\"index, follow, max-snippet:-1, max-image-preview:large, max-video-preview:-1\" \/>\n<link rel=\"canonical\" href=\"https:\/\/www.cltweb.org\/fr\/bibliotheque-de-ressources\/sud-mondial\/bresil\/projeto-do-termo-territorial-coletivo\/\" \/>\n<meta property=\"og:locale\" content=\"fr_FR\" \/>\n<meta property=\"og:type\" content=\"article\" \/>\n<meta property=\"og:title\" content=\"Projeto do Termo Territorial Coletivo\" \/>\n<meta property=\"og:description\" content=\"Le projet du Termo Territorial Coletivo a vu le jour en 2018, peu de temps apr\u00e8s que la ville de Rio de Janeiro ait connu la plus grande op\u00e9ration de [&hellip;]\" \/>\n<meta property=\"og:url\" content=\"https:\/\/www.cltweb.org\/fr\/bibliotheque-de-ressources\/sud-mondial\/bresil\/projeto-do-termo-territorial-coletivo\/\" \/>\n<meta property=\"og:site_name\" content=\"International Center for Community Land Trusts\" \/>\n<meta property=\"article:publisher\" content=\"https:\/\/www.facebook.com\/cltcenter\" \/>\n<meta property=\"article:modified_time\" content=\"2024-10-19T19:53:55+00:00\" \/>\n<meta name=\"twitter:card\" content=\"summary_large_image\" \/>\n<meta name=\"twitter:site\" content=\"@Center4CLTs\" \/>\n<meta name=\"twitter:label1\" content=\"Dur\u00e9e de lecture estim\u00e9e\" \/>\n\t<meta name=\"twitter:data1\" content=\"5 minutes\" \/>\n<script type=\"application\/ld+json\" class=\"yoast-schema-graph\">{\"@context\":\"https:\\\/\\\/schema.org\",\"@graph\":[{\"@type\":\"WebPage\",\"@id\":\"https:\\\/\\\/www.cltweb.org\\\/fr\\\/bibliotheque-de-ressources\\\/sud-mondial\\\/bresil\\\/projeto-do-termo-territorial-coletivo\\\/\",\"url\":\"https:\\\/\\\/www.cltweb.org\\\/fr\\\/bibliotheque-de-ressources\\\/sud-mondial\\\/bresil\\\/projeto-do-termo-territorial-coletivo\\\/\",\"name\":\"Projeto do Termo Territorial Coletivo - International Center for Community Land Trusts\",\"isPartOf\":{\"@id\":\"https:\\\/\\\/www.cltweb.org\\\/fr\\\/#website\"},\"datePublished\":\"2024-10-19T19:53:21+00:00\",\"dateModified\":\"2024-10-19T19:53:55+00:00\",\"breadcrumb\":{\"@id\":\"https:\\\/\\\/www.cltweb.org\\\/fr\\\/bibliotheque-de-ressources\\\/sud-mondial\\\/bresil\\\/projeto-do-termo-territorial-coletivo\\\/#breadcrumb\"},\"inLanguage\":\"fr-FR\",\"potentialAction\":[{\"@type\":\"ReadAction\",\"target\":[\"https:\\\/\\\/www.cltweb.org\\\/fr\\\/bibliotheque-de-ressources\\\/sud-mondial\\\/bresil\\\/projeto-do-termo-territorial-coletivo\\\/\"]}]},{\"@type\":\"BreadcrumbList\",\"@id\":\"https:\\\/\\\/www.cltweb.org\\\/fr\\\/bibliotheque-de-ressources\\\/sud-mondial\\\/bresil\\\/projeto-do-termo-territorial-coletivo\\\/#breadcrumb\",\"itemListElement\":[{\"@type\":\"ListItem\",\"position\":1,\"name\":\"Home\",\"item\":\"https:\\\/\\\/www.cltweb.org\\\/fr\\\/\"},{\"@type\":\"ListItem\",\"position\":2,\"name\":\"Biblioth\u00e8que de ressources\",\"item\":\"https:\\\/\\\/www.cltweb.org\\\/fr\\\/bibliotheque-de-ressources\\\/\"},{\"@type\":\"ListItem\",\"position\":3,\"name\":\"Sud mondial\",\"item\":\"https:\\\/\\\/www.cltweb.org\\\/fr\\\/bibliotheque-de-ressources\\\/sud-mondial\\\/\"},{\"@type\":\"ListItem\",\"position\":4,\"name\":\"Br\u00e9sil\",\"item\":\"https:\\\/\\\/www.cltweb.org\\\/fr\\\/bibliotheque-de-ressources\\\/sud-mondial\\\/bresil\\\/\"},{\"@type\":\"ListItem\",\"position\":5,\"name\":\"Projeto do Termo Territorial Coletivo\"}]},{\"@type\":\"WebSite\",\"@id\":\"https:\\\/\\\/www.cltweb.org\\\/fr\\\/#website\",\"url\":\"https:\\\/\\\/www.cltweb.org\\\/fr\\\/\",\"name\":\"International Center for Community Land Trusts\",\"description\":\"\",\"publisher\":{\"@id\":\"https:\\\/\\\/www.cltweb.org\\\/fr\\\/#organization\"},\"potentialAction\":[{\"@type\":\"SearchAction\",\"target\":{\"@type\":\"EntryPoint\",\"urlTemplate\":\"https:\\\/\\\/www.cltweb.org\\\/fr\\\/?s={search_term_string}\"},\"query-input\":{\"@type\":\"PropertyValueSpecification\",\"valueRequired\":true,\"valueName\":\"search_term_string\"}}],\"inLanguage\":\"fr-FR\"},{\"@type\":\"Organization\",\"@id\":\"https:\\\/\\\/www.cltweb.org\\\/fr\\\/#organization\",\"name\":\"International Center for Community Land Trusts\",\"url\":\"https:\\\/\\\/www.cltweb.org\\\/fr\\\/\",\"logo\":{\"@type\":\"ImageObject\",\"inLanguage\":\"fr-FR\",\"@id\":\"https:\\\/\\\/www.cltweb.org\\\/fr\\\/#\\\/schema\\\/logo\\\/image\\\/\",\"url\":\"https:\\\/\\\/www.cltweb.org\\\/wp-content\\\/uploads\\\/2024\\\/11\\\/New-CLT-Center-Text-logo.png\",\"contentUrl\":\"https:\\\/\\\/www.cltweb.org\\\/wp-content\\\/uploads\\\/2024\\\/11\\\/New-CLT-Center-Text-logo.png\",\"width\":227,\"height\":80,\"caption\":\"International Center for Community Land Trusts\"},\"image\":{\"@id\":\"https:\\\/\\\/www.cltweb.org\\\/fr\\\/#\\\/schema\\\/logo\\\/image\\\/\"},\"sameAs\":[\"https:\\\/\\\/www.facebook.com\\\/cltcenter\",\"https:\\\/\\\/x.com\\\/Center4CLTs\",\"https:\\\/\\\/www.instagram.com\\\/cltcenter\\\/\",\"https:\\\/\\\/www.linkedin.com\\\/company\\\/cltcenter\",\"https:\\\/\\\/www.youtube.com\\\/@centerforcltinnovation5313\"],\"description\":\"The International Center for Community Land Trusts is a not-for-profit nongovernmental organization established in 2018 to promote and to support community land trusts and similar strategies of community-led development on community-owned land in countries throughout the world.\",\"email\":\"info@communitylandtrust.net\",\"legalName\":\"International Center for Community Land Trusts\",\"foundingDate\":\"2018-12-01\",\"taxID\":\"84-3858933\",\"numberOfEmployees\":{\"@type\":\"QuantitativeValue\",\"minValue\":\"1\",\"maxValue\":\"10\"}}]}<\/script>\n<!-- \/ Yoast SEO Premium plugin. -->","yoast_head_json":{"title":"Projeto do Termo Territorial Coletivo - International Center for Community Land Trusts","robots":{"index":"index","follow":"follow","max-snippet":"max-snippet:-1","max-image-preview":"max-image-preview:large","max-video-preview":"max-video-preview:-1"},"canonical":"https:\/\/www.cltweb.org\/fr\/bibliotheque-de-ressources\/sud-mondial\/bresil\/projeto-do-termo-territorial-coletivo\/","og_locale":"fr_FR","og_type":"article","og_title":"Projeto do Termo Territorial Coletivo","og_description":"Le projet du Termo Territorial Coletivo a vu le jour en 2018, peu de temps apr\u00e8s que la ville de Rio de Janeiro ait connu la plus grande op\u00e9ration de [&hellip;]","og_url":"https:\/\/www.cltweb.org\/fr\/bibliotheque-de-ressources\/sud-mondial\/bresil\/projeto-do-termo-territorial-coletivo\/","og_site_name":"International Center for Community Land Trusts","article_publisher":"https:\/\/www.facebook.com\/cltcenter","article_modified_time":"2024-10-19T19:53:55+00:00","twitter_card":"summary_large_image","twitter_site":"@Center4CLTs","twitter_misc":{"Dur\u00e9e de lecture estim\u00e9e":"5 minutes"},"schema":{"@context":"https:\/\/schema.org","@graph":[{"@type":"WebPage","@id":"https:\/\/www.cltweb.org\/fr\/bibliotheque-de-ressources\/sud-mondial\/bresil\/projeto-do-termo-territorial-coletivo\/","url":"https:\/\/www.cltweb.org\/fr\/bibliotheque-de-ressources\/sud-mondial\/bresil\/projeto-do-termo-territorial-coletivo\/","name":"Projeto do Termo Territorial Coletivo - International Center for Community Land Trusts","isPartOf":{"@id":"https:\/\/www.cltweb.org\/fr\/#website"},"datePublished":"2024-10-19T19:53:21+00:00","dateModified":"2024-10-19T19:53:55+00:00","breadcrumb":{"@id":"https:\/\/www.cltweb.org\/fr\/bibliotheque-de-ressources\/sud-mondial\/bresil\/projeto-do-termo-territorial-coletivo\/#breadcrumb"},"inLanguage":"fr-FR","potentialAction":[{"@type":"ReadAction","target":["https:\/\/www.cltweb.org\/fr\/bibliotheque-de-ressources\/sud-mondial\/bresil\/projeto-do-termo-territorial-coletivo\/"]}]},{"@type":"BreadcrumbList","@id":"https:\/\/www.cltweb.org\/fr\/bibliotheque-de-ressources\/sud-mondial\/bresil\/projeto-do-termo-territorial-coletivo\/#breadcrumb","itemListElement":[{"@type":"ListItem","position":1,"name":"Home","item":"https:\/\/www.cltweb.org\/fr\/"},{"@type":"ListItem","position":2,"name":"Biblioth\u00e8que de ressources","item":"https:\/\/www.cltweb.org\/fr\/bibliotheque-de-ressources\/"},{"@type":"ListItem","position":3,"name":"Sud mondial","item":"https:\/\/www.cltweb.org\/fr\/bibliotheque-de-ressources\/sud-mondial\/"},{"@type":"ListItem","position":4,"name":"Br\u00e9sil","item":"https:\/\/www.cltweb.org\/fr\/bibliotheque-de-ressources\/sud-mondial\/bresil\/"},{"@type":"ListItem","position":5,"name":"Projeto do Termo Territorial Coletivo"}]},{"@type":"WebSite","@id":"https:\/\/www.cltweb.org\/fr\/#website","url":"https:\/\/www.cltweb.org\/fr\/","name":"International Center for Community Land Trusts","description":"","publisher":{"@id":"https:\/\/www.cltweb.org\/fr\/#organization"},"potentialAction":[{"@type":"SearchAction","target":{"@type":"EntryPoint","urlTemplate":"https:\/\/www.cltweb.org\/fr\/?s={search_term_string}"},"query-input":{"@type":"PropertyValueSpecification","valueRequired":true,"valueName":"search_term_string"}}],"inLanguage":"fr-FR"},{"@type":"Organization","@id":"https:\/\/www.cltweb.org\/fr\/#organization","name":"International Center for Community Land Trusts","url":"https:\/\/www.cltweb.org\/fr\/","logo":{"@type":"ImageObject","inLanguage":"fr-FR","@id":"https:\/\/www.cltweb.org\/fr\/#\/schema\/logo\/image\/","url":"https:\/\/www.cltweb.org\/wp-content\/uploads\/2024\/11\/New-CLT-Center-Text-logo.png","contentUrl":"https:\/\/www.cltweb.org\/wp-content\/uploads\/2024\/11\/New-CLT-Center-Text-logo.png","width":227,"height":80,"caption":"International Center for Community Land Trusts"},"image":{"@id":"https:\/\/www.cltweb.org\/fr\/#\/schema\/logo\/image\/"},"sameAs":["https:\/\/www.facebook.com\/cltcenter","https:\/\/x.com\/Center4CLTs","https:\/\/www.instagram.com\/cltcenter\/","https:\/\/www.linkedin.com\/company\/cltcenter","https:\/\/www.youtube.com\/@centerforcltinnovation5313"],"description":"The International Center for Community Land Trusts is a not-for-profit nongovernmental organization established in 2018 to promote and to support community land trusts and similar strategies of community-led development on community-owned land in countries throughout the world.","email":"info@communitylandtrust.net","legalName":"International Center for Community Land Trusts","foundingDate":"2018-12-01","taxID":"84-3858933","numberOfEmployees":{"@type":"QuantitativeValue","minValue":"1","maxValue":"10"}}]}},"campaignId":"","taxonomy_info":[],"featured_image_src_large":false,"author_info":{"display_name":"cltredesign_0jp0l4","author_link":"https:\/\/www.cltweb.org\/fr\/author\/cltredesign_0jp0l4\/"},"comment_info":0,"jetpack_sharing_enabled":true,"jetpack-related-posts":[{"id":3767,"url":"https:\/\/www.cltweb.org\/fr\/bibliotheque-de-ressources\/sud-mondial\/bresil\/fonds-foncier-communautaire-pour-les-favelas\/","url_meta":{"origin":3791,"position":0},"title":"Fonds foncier communautaire pour les favelas","author":"cltredesign_0jp0l4","date":"19 octobre 2024","format":false,"excerpt":"Le projet Favela Community Land Trust (Favela-CLT) est n\u00e9 en ao\u00fbt 2018, peu apr\u00e8s que la ville de Rio de Janeiro a connu la plus grande vague d'expulsions de son histoire. \u00c0 cette \u00e9poque, quelque 80 000 personnes ont \u00e9t\u00e9 expuls\u00e9es de leur logement, justifi\u00e9es par la pr\u00e9tendue n\u00e9cessit\u00e9 de\u2026","rel":"","context":"Article similaire","block_context":{"text":"Article similaire","link":""},"img":{"alt_text":"","src":"","width":0,"height":0},"classes":[]},{"id":4373,"url":"https:\/\/www.cltweb.org\/fr\/bibliotheque-de-ressources\/interviews\/john-emmus-davis\/","url_meta":{"origin":3791,"position":1},"title":"John Emmus Davis (2011)","author":"cltredesign_0jp0l4","date":"22 octobre 2024","format":false,"excerpt":"En 2011, cela faisait 30 ans que John contribuait au d\u00e9veloppement des community land trusts en tant qu'auteur, enseignant et fournisseur d'assistance technique. L'\u00e9volution de son implication personnelle et professionnelle dans le mouvement CLT a \u00e9t\u00e9 explor\u00e9e dans cet entretien enregistr\u00e9 par Steve Dubb, alors directeur de la recherche au\u2026","rel":"","context":"Dans &quot;Interviews&quot;","block_context":{"text":"Interviews","link":"https:\/\/www.cltweb.org\/fr\/category\/interviews-fr\/"},"img":{"alt_text":"","src":"","width":0,"height":0},"classes":[]},{"id":10152,"url":"https:\/\/www.cltweb.org\/fr\/bibliotheque-de-ressources\/sud-mondial\/inde\/","url_meta":{"origin":3791,"position":2},"title":"Inde","author":"cltredesign_0jp0l4","date":"26 octobre 2025","format":false,"excerpt":"IndeCette page de ressources regroupe les principaux documents universitaires, les analyses politiques et les cadres juridiques qui sont essentiels pour comprendre comment les CLT peuvent \u00eatre adapt\u00e9s et mis en \u0153uvre dans le contexte indien. Le Centre International pour les Fonds Fonciers Communautaires (ICCLT) a le plaisir d'annoncer la publication\u2026","rel":"","context":"Dans &quot;Sud mondial&quot;","block_context":{"text":"Sud mondial","link":"https:\/\/www.cltweb.org\/fr\/category\/sud-mondial\/"},"img":{"alt_text":"CLTs for India cover","src":"https:\/\/i0.wp.com\/www.cltweb.org\/wp-content\/uploads\/2025\/10\/CLTs-for-India-cover.png?resize=350%2C200&ssl=1","width":350,"height":200,"srcset":"https:\/\/i0.wp.com\/www.cltweb.org\/wp-content\/uploads\/2025\/10\/CLTs-for-India-cover.png?resize=350%2C200&ssl=1 1x, https:\/\/i0.wp.com\/www.cltweb.org\/wp-content\/uploads\/2025\/10\/CLTs-for-India-cover.png?resize=525%2C300&ssl=1 1.5x"},"classes":[]},{"id":4467,"url":"https:\/\/www.cltweb.org\/fr\/bibliotheque-de-ressources\/interviews\/garantir-les-droits-fonciers-les-clt-dans-les-etablissements-informels-2020\/","url_meta":{"origin":3791,"position":3},"title":"Garantir les droits fonciers : Les CLT dans les \u00e9tablissements informels (2020)","author":"cltredesign_0jp0l4","date":"22 octobre 2024","format":false,"excerpt":"Le 29 octobre 2020, World Habitat a organis\u00e9 une table ronde sur le r\u00f4le des fiducies fonci\u00e8res communautaires dans la garantie des droits fonciers des habitants des quartiers informels. Les pan\u00e9listes \u00e9taient les suivants : Mariolga Juli\u00e1 Pacheco et Don Jos\u00e9 Caraballo, du CLT Ca\u00f1o Mart\u00edn Pe\u00f1a, Porto Rico ;\u2026","rel":"","context":"Dans &quot;Interviews&quot;","block_context":{"text":"Interviews","link":"https:\/\/www.cltweb.org\/fr\/category\/interviews-fr\/"},"img":{"alt_text":"","src":"","width":0,"height":0},"classes":[]},{"id":1509,"url":"https:\/\/www.cltweb.org\/fr\/bibliotheque-de-ressources\/reseaux-clt\/","url_meta":{"origin":3791,"position":4},"title":"R\u00e9seaux CLT","author":"cltredesign_0jp0l4","date":"26 juillet 2024","format":false,"excerpt":"R\u00e9seau australien des fonds fonciers communautaires (Community Land Trust Network) australiancltnetwork.org.au Nos objectifs sont de soutenir l'\u00e9tablissement des CLT en tant que mod\u00e8le de logement viable et s\u00fbr dans toute l'Australie : \u00catre un centre d'\u00e9change d'informations qui met l'information \u00e0 disposition gratuitement. Partager les connaissances, les ressources et le\u2026","rel":"","context":"Dans &quot;Biblioth\u00e8que de ressources&quot;","block_context":{"text":"Biblioth\u00e8que de ressources","link":"https:\/\/www.cltweb.org\/fr\/category\/bibliotheque-de-ressources\/"},"img":{"alt_text":"","src":"","width":0,"height":0},"classes":[]},{"id":3998,"url":"https:\/\/www.cltweb.org\/fr\/bibliotheque-de-ressources\/etudes-de-cas-clt\/champlain-housing-trust\/","url_meta":{"origin":3791,"position":5},"title":"Champlain Housing Trust","author":"cltredesign_0jp0l4","date":"20 octobre 2024","format":false,"excerpt":"\u00c9tabli en 1984 (Burlington, Vermont) Profil \u00e9tabli par Brenda Torpy (2015) Le Champlain Housing Trust (CHT) est n\u00e9 dans une petite ville avec une grande id\u00e9e : en cr\u00e9ant un parc de logements abordables en permanence, tout le monde pourrait avoir acc\u00e8s \u00e0 un logement d\u00e9cent et abordable, quel que\u2026","rel":"","context":"Dans &quot;\u00c9tudes de cas&quot;","block_context":{"text":"\u00c9tudes de cas","link":"https:\/\/www.cltweb.org\/fr\/category\/etudes-de-cas\/"},"img":{"alt_text":"","src":"","width":0,"height":0},"classes":[]}],"_links":{"self":[{"href":"https:\/\/www.cltweb.org\/fr\/wp-json\/wp\/v2\/pages\/3791","targetHints":{"allow":["GET"]}}],"collection":[{"href":"https:\/\/www.cltweb.org\/fr\/wp-json\/wp\/v2\/pages"}],"about":[{"href":"https:\/\/www.cltweb.org\/fr\/wp-json\/wp\/v2\/types\/page"}],"author":[{"embeddable":true,"href":"https:\/\/www.cltweb.org\/fr\/wp-json\/wp\/v2\/users\/1"}],"replies":[{"embeddable":true,"href":"https:\/\/www.cltweb.org\/fr\/wp-json\/wp\/v2\/comments?post=3791"}],"version-history":[{"count":1,"href":"https:\/\/www.cltweb.org\/fr\/wp-json\/wp\/v2\/pages\/3791\/revisions"}],"predecessor-version":[{"id":3792,"href":"https:\/\/www.cltweb.org\/fr\/wp-json\/wp\/v2\/pages\/3791\/revisions\/3792"}],"up":[{"embeddable":true,"href":"https:\/\/www.cltweb.org\/fr\/wp-json\/wp\/v2\/pages\/3748"}],"wp:attachment":[{"href":"https:\/\/www.cltweb.org\/fr\/wp-json\/wp\/v2\/media?parent=3791"}],"wp:term":[{"taxonomy":"category","embeddable":true,"href":"https:\/\/www.cltweb.org\/fr\/wp-json\/wp\/v2\/categories?post=3791"},{"taxonomy":"post_tag","embeddable":true,"href":"https:\/\/www.cltweb.org\/fr\/wp-json\/wp\/v2\/tags?post=3791"}],"curies":[{"name":"wp","href":"https:\/\/api.w.org\/{rel}","templated":true}]}}