{"id":3815,"date":"2024-10-19T20:01:37","date_gmt":"2024-10-19T20:01:37","guid":{"rendered":"https:\/\/www.cltweb.org\/ce-que-font-les-clt\/sud-mondial\/porto-rico\/"},"modified":"2025-01-09T15:38:20","modified_gmt":"2025-01-09T15:38:20","slug":"porto-rico","status":"publish","type":"page","link":"https:\/\/www.cltweb.org\/fr\/bibliotheque-de-ressources\/sud-mondial\/porto-rico\/","title":{"rendered":"Porto Rico"},"content":{"rendered":"<style>.wp-block-kadence-column.kb-section-dir-horizontal > .kt-inside-inner-col > .kt-info-box3807_17e70d-f1 .kt-blocks-info-box-link-wrap{max-width:unset;}.kt-info-box3807_17e70d-f1 .kt-blocks-info-box-link-wrap{border-top:5px solid var(--global-palette7, #eeeeee);border-right:5px solid var(--global-palette7, #eeeeee);border-bottom:5px solid var(--global-palette7, #eeeeee);border-left:5px solid var(--global-palette7, #eeeeee);border-top-left-radius:30px;border-top-right-radius:30px;border-bottom-right-radius:30px;border-bottom-left-radius:30px;background:#ffffff;padding-top:var(--global-kb-spacing-xs, 1rem);padding-right:var(--global-kb-spacing-xs, 1rem);padding-bottom:var(--global-kb-spacing-xs, 1rem);padding-left:var(--global-kb-spacing-xs, 1rem);}.kt-info-box3807_17e70d-f1.wp-block-kadence-infobox{max-width:100%;}.kt-info-box3807_17e70d-f1 .kadence-info-box-image-inner-intrisic-container{max-width:150px;}.kt-info-box3807_17e70d-f1 .kadence-info-box-image-inner-intrisic-container .kadence-info-box-image-intrisic{padding-bottom:31.2227%;width:1374px;height:0px;max-width:100%;}.kt-info-box3807_17e70d-f1 .kadence-info-box-icon-container .kt-info-svg-icon, .kt-info-box3807_17e70d-f1 .kt-info-svg-icon-flip, .kt-info-box3807_17e70d-f1 .kt-blocks-info-box-number{font-size:50px;}.kt-info-box3807_17e70d-f1 .kt-blocks-info-box-media{border-top-width:0px;border-right-width:0px;border-bottom-width:0px;border-left-width:0px;padding-top:20px;padding-right:20px;padding-bottom:20px;padding-left:20px;margin-top:0px;margin-right:20px;margin-bottom:0px;margin-left:0px;}.kt-info-box3807_17e70d-f1 .kt-infobox-textcontent h2.kt-blocks-info-box-title{padding-top:0px;padding-right:0px;padding-bottom:0px;padding-left:0px;margin-top:5px;margin-right:0px;margin-bottom:10px;margin-left:0px;}.kt-info-box3807_17e70d-f1 .kt-blocks-info-box-learnmore{background:transparent;border-width:0px 0px 0px 0px;padding-top:4px;padding-right:8px;padding-bottom:4px;padding-left:8px;margin-top:10px;margin-right:0px;margin-bottom:10px;margin-left:0px;}@media all and (max-width: 1024px){.kt-info-box3807_17e70d-f1 .kt-blocks-info-box-link-wrap{border-top:5px solid var(--global-palette7, #eeeeee);border-right:5px solid var(--global-palette7, #eeeeee);border-bottom:5px solid var(--global-palette7, #eeeeee);border-left:5px solid var(--global-palette7, #eeeeee);}}@media all and (max-width: 767px){.kt-info-box3807_17e70d-f1 .kt-blocks-info-box-link-wrap{border-top:5px solid var(--global-palette7, #eeeeee);border-right:5px solid var(--global-palette7, #eeeeee);border-bottom:5px solid var(--global-palette7, #eeeeee);border-left:5px solid var(--global-palette7, #eeeeee);}}<\/style>\n<div class=\"wp-block-kadence-infobox kt-info-box3807_17e70d-f1\"><span class=\"kt-blocks-info-box-link-wrap info-box-link kt-blocks-info-box-media-align-left kt-info-halign-left\"><div class=\"kt-blocks-info-box-media-container\"><div class=\"kt-blocks-info-box-media kt-info-media-animate-none\"><div class=\"kadence-info-box-image-inner-intrisic-container\"><div class=\"kadence-info-box-image-intrisic kt-info-animate-none\"><div class=\"kadence-info-box-image-inner-intrisic\"><img loading=\"lazy\" decoding=\"async\" src=\"https:\/\/www.cltweb.org\/wp-content\/uploads\/2024\/10\/cano-martin-pena-clt-logo.png\" alt=\"Logo for the Cano Mart&#xED;n Pe&#xF1;a CLT\" width=\"1374\" height=\"429\" class=\"kt-info-box-image wp-image-4789\" srcset=\"https:\/\/www.cltweb.org\/wp-content\/uploads\/2024\/10\/cano-martin-pena-clt-logo.png 1374w, https:\/\/www.cltweb.org\/wp-content\/uploads\/2024\/10\/cano-martin-pena-clt-logo-300x94.png 300w, https:\/\/www.cltweb.org\/wp-content\/uploads\/2024\/10\/cano-martin-pena-clt-logo-1024x320.png 1024w, https:\/\/www.cltweb.org\/wp-content\/uploads\/2024\/10\/cano-martin-pena-clt-logo-768x240.png 768w\" sizes=\"auto, (max-width: 1374px) 100vw, 1374px\" \/><\/div><\/div><\/div><\/div><\/div><div class=\"kt-infobox-textcontent\"><h2 class=\"kt-blocks-info-box-title\">Comit\u00e9 de la Terre du Ca\u00f1o Mart\u00edn Pe\u00f1a<\/h2><p class=\"kt-blocks-info-box-text\">Le Ca\u00f1o Mart\u00edn Pe\u00f1a Land Trust de San Juan, \u00e0 Porto Rico, a pilot\u00e9 une approche des fiducies fonci\u00e8res communautaires dans les communaut\u00e9s informelles qui inspire des efforts dans l&#8217;ensemble des pays du Sud.<\/p><\/div><\/span><\/div>\n\n<div class=\"wp-block-columns is-layout-flex wp-container-core-columns-is-layout-28f84493 wp-block-columns-is-layout-flex\">\n<div class=\"wp-block-column is-layout-flow wp-block-column-is-layout-flow\">\n<p><strong>INTRODUCCI\u00d3N :<\/strong> El Fideicomiso de la Tierra del Ca\u00f1o Mart\u00edn Pe\u00f1a (Fideicomiso del Ca\u00f1o) es un fideicomiso comunitario de tierras dise\u00f1ado, creado y administrado por residentes de ocho barrios aleda\u00f1os al Ca\u00f1o Mart\u00edn Pe\u00f1a : un canal d&#8217;eau extr\u00eamement contamin\u00e9 qui fait partie d&#8217;un syst\u00e8me estuarien et qui traverse le centre de San Juan, la capitale de Porto Rico. Elle a \u00e9t\u00e9 cr\u00e9\u00e9e dans le but de r\u00e9gulariser la propri\u00e9t\u00e9 des terres et d&#8217;\u00e9viter la gentrification et le d\u00e9placement involontaire, qui se sont produits \u00e0 la suite du plan pour les travaux de dragage et de nettoyage de l&#8217;eau. La cr\u00e9ation de l&#8217;association du canal et la restauration \u00e9cologique du canal sont les \u00e9l\u00e9ments principaux du vaste programme de travail participatif du projet ENLACE du canal Mart\u00edn Pe\u00f1a. Cette initiative a r\u00e9uni des r\u00e9sidents de la communaut\u00e9 et des alli\u00e9s des secteurs public et priv\u00e9 dans le but de mettre en \u0153uvre un plan de d\u00e9veloppement int\u00e9gral con\u00e7u dans le cadre d&#8217;un processus de planification participative, afin de revitaliser une zone marginalis\u00e9e par l&#8217;histoire et de transformer cette zone urbaine en un espace plus habitable, plus juste et plus participatif, dont les r\u00e9sidents sont les protagonistes de l&#8217;histoire. Pour en savoir plus, vous pouvez visiter son <strong><a href=\"\" target=\"\" rel=\"\">site web<\/a><\/strong> ou ses r\u00e9seaux sociaux en <strong><a href=\"\" target=\"\" rel=\"\">Facebook<\/a><\/strong>ou sur <strong><a href=\"\" target=\"\" rel=\"\">Instagram<\/a><\/strong> et en <strong><a href=\"\" target=\"\" rel=\"\">Twitter<\/a><\/strong>.      <\/p>\n<\/div>\n\n\n\n<div class=\"wp-block-column is-layout-flow wp-block-column-is-layout-flow\">\n<p><strong>INTRODUCTION :<\/strong> Le Ca\u00f1o Mart\u00edn Pe\u00f1a Land Trust (Ca\u00f1o Trust) est une fiducie fonci\u00e8re communautaire con\u00e7ue, cr\u00e9\u00e9e et g\u00e9r\u00e9e par les habitants de huit quartiers entourant le Ca\u00f1o Mart\u00edn Pe\u00f1a : un estuaire de mar\u00e9e hautement pollu\u00e9 qui traverse le centre de San Juan, la capitale de Porto Rico. Le CLT Ca\u00f1o a \u00e9t\u00e9 cr\u00e9\u00e9 dans le but de r\u00e9gulariser la propri\u00e9t\u00e9 fonci\u00e8re et d&#8217;\u00e9viter l&#8217;embourgeoisement et les d\u00e9placements involontaires qui r\u00e9sulteraient du plan de dragage et de nettoyage du canal. La cr\u00e9ation du CLT de Ca\u00f1o et la restauration \u00e9cologique du canal sont les principaux \u00e9l\u00e9ments du vaste programme de travail participatif du projet ENLACE de Ca\u00f1o Mart\u00edn Pe\u00f1a. Cette initiative a rassembl\u00e9 des r\u00e9sidents de la communaut\u00e9 et des alli\u00e9s des secteurs public et priv\u00e9 pour mettre en \u0153uvre un plan de d\u00e9veloppement global con\u00e7u \u00e0 travers un processus de planification participative pour revitaliser une zone historiquement marginalis\u00e9e et transformer cette zone urbaine en un espace plus habitable, plus juste et plus participatif pour tous ses r\u00e9sidents. Pour en savoir plus, vous pouvez visiter leur <a href=\"\" target=\"\" rel=\"\"><strong>site web<\/strong><\/a>ou consulter les m\u00e9dias sociaux : <strong><a href=\"https:\/\/www.facebook.com\/ProyectoEnlaceCMP\" target=\"_blank\" rel=\"noreferrer noopener\">Facebook<\/a><\/strong>, <a href=\"\" target=\"\" rel=\"\"><strong>Instagram<\/strong><\/a>ou <strong><a href=\"https:\/\/twitter.com\/CanoMartinPena\" target=\"_blank\" rel=\"noreferrer noopener\">Twitter<\/a><\/strong>.    <\/p>\n<\/div>\n<\/div>\n<style>.wp-block-kadence-spacer.kt-block-spacer-3807_0adf16-7b .kt-block-spacer{height:20px;}.wp-block-kadence-spacer.kt-block-spacer-3807_0adf16-7b .kt-divider{border-top-width:7px;height:1px;border-top-color:#eee;width:80%;border-top-style:solid;}<\/style>\n<div class=\"wp-block-kadence-spacer aligncenter kt-block-spacer-3807_0adf16-7b\"><div class=\"kt-block-spacer kt-block-spacer-halign-center\"><hr class=\"kt-divider\"\/><\/div><\/div>\n\n<h3 class=\"wp-block-heading\" id=\"h-book-chapters-journal-articles-academic-papers\" style=\"font-size:clamp(15.747px, 0.984rem + ((1vw - 3.2px) * 0.645), 24px);\">Chapitres de livres \/ Articles de revues \/ Articles acad\u00e9miques<\/h3>\n\n<ul class=\"wp-block-list\">\n<li><a href=\"https:\/\/www.lincolninst.edu\/pt-br\/publications\/working-papers\/community-land-trusts-informal-settlements\" target=\"_blank\" rel=\"noreferrer noopener\">Community Land Trusts and Informal Settlements<\/a>, Line Algoed, Alejandro Cott\u00e9 Morales, Tarcyla Fidalgo Ribeiro, Mar\u00eda E. Hern\u00e1ndez Torrales, Lyvia Rodr\u00edguez Del Valle, et Theresa Williamson, Lincoln Institute of Land Policy, mai 2021.<\/li>\n\n\n\n<li><a href=\"https:\/\/www.cltweb.org\/wp-content\/uploads\/2024\/11\/CH11.pdf\" data-type=\"attachment\" data-id=\"6966\" target=\"_blank\" rel=\"noreferrer noopener\">Seeding the CLT in Latin America and the Caribbean : Origins, Achievements, and the Proof-of-Concept of the Ca\u00f1o Martin Pena CLT<\/a>, Mar\u00eda E. Hern\u00e1ndez-Torrales, Lyvia Rodr\u00edguez Del Valle, Line Algoed, and Karla Torres Sueiro, <em>Terra Nostra Press<\/em>, 2020.<\/li>\n\n\n\n<li><a href=\"https:\/\/www.cambridge.org\/core\/journals\/social-policy-and-society\/article\/abs\/collective-property-rights-and-social-citizenship-recent-trends-in-urban-latin-america\/F13ED1CF6D7754A439C579F9774122D4#access-block\" target=\"_blank\" rel=\"noreferrer noopener\">Droits de propri\u00e9t\u00e9 collective et citoyennet\u00e9 sociale : Recent Trends in Urban Latin America<\/a>, Diane E. Davis et Jos\u00e9 Carlos Fern\u00e1ndez, <em>Social Policy and Society<\/em>, 26 novembre 2019<\/li>\n\n\n\n<li><a href=\"https:\/\/radicalhousingjournal.org\/wp-content\/uploads\/2019\/04\/02_Long-Read_Algoed-et-al_29-47.pdf\" target=\"_blank\" rel=\"noreferrer noopener\">Lessons from the Ca\u00f1o Mart\u00edn Pe\u00f1a Community Land Trust<\/a>, Line Algoed, Mar\u00eda E. Hern\u00e1ndez Torrales, <em>Radical Housing Journal<\/em>, avril 2019<\/li>\n\n\n\n<li><a href=\"https:\/\/go.gale.com\/ps\/i.do?id=GALE%7CA247530571&amp;sid=googleScholar&amp;v=2.1&amp;it=r&amp;linkaccess=abs&amp;issn=10741917&amp;p=AONE&amp;sw=w&amp;userGroupName=anon%7E14ddd403\" target=\"_blank\" rel=\"noreferrer noopener\">Community (dis)empowerment : the Cano Martin Pena project<\/a>, Christine Letts, Harvard Journal of Hispanic Policy, 2010<\/li>\n<\/ul>\n\n<h3 class=\"wp-block-heading\" id=\"h-news-articles\" style=\"font-size:clamp(15.747px, 0.984rem + ((1vw - 3.2px) * 0.645), 24px);\">Articles de presse<\/h3>\n\n<ul class=\"wp-block-list\">\n<li><a href=\"https:\/\/www.womenbuildcommunity.org\/case\/grupo-de-las-ocho-comunidades-aledanas-al-cano-martin-pena-g8\/\" target=\"_blank\" rel=\"noreferrer noopener\">Grupo de las Ocho Comunidades Aleda\u00f1as al Ca\u00f1o Mart\u00edn Pe\u00f1a (G8)<\/a>, entretien avec Lucy Cruz, Women&#8217;s Leadership in Community Development and the Prat Center, 26 mars 2021.<\/li>\n\n\n\n<li><a href=\"https:\/\/www.theweeklyjournal.com\/business-gallery\/ciapr-hands-over-sustainable-homes-for-ca-o-mart-n-pe-a-community\/article_0155582c-76bc-11eb-a45e-6f54e4140bf5.html\" target=\"_blank\" rel=\"noreferrer noopener\">La CIAPR remet des maisons durables \u00e0 la communaut\u00e9 de Ca\u00f1o Mart\u00edn Pe\u00f1a<\/a>, <em>The Weekly Journal<\/em>, 24 f\u00e9vrier 2021<\/li>\n\n\n\n<li>The Growth of the Global CLT Movement, Part 5 : In Puerto Rico, a Favela-CLT Gains Global Recognition, Patricia Basile, Priscilla Mayrink, <em>RioOnWatch<\/em>, October 6, 2019<\/li>\n\n\n\n<li><a href=\"https:\/\/radicalhousingjournal.org\/wp-content\/uploads\/2019\/04\/02_Long-Read_Algoed-et-al_29-47.pdf\" target=\"_blank\" rel=\"noreferrer noopener\">La terre nous appartient. Vuln\u00e9rabilit\u00e9 et r\u00e9sistance dans les quartiers informels de Porto Rico :  <\/a><\/li>\n\n\n\n<li><a href=\"https:\/\/shelterforce.org\/2019\/02\/28\/community-land-trusts-in-the-age-of-climate-change\/\" target=\"_blank\" rel=\"noreferrer noopener\">Les fonds fonciers communautaires \u00e0 l&#8217;\u00e8re du changement climatique<\/a>, Hortense Leon, <em>Shelterforce<\/em>, 28 f\u00e9vrier 2019<\/li>\n\n\n\n<li><a href=\"https:\/\/www.resilience.org\/stories\/2018-10-15\/puerto-rico-spirited-community-response\/\" target=\"_blank\" rel=\"noreferrer noopener\">Porto Rico &#8211; une r\u00e9ponse communautaire dynamique<\/a>, Susan Witt, <em>Resilience\/Post Carbon Institute<\/em>, 15 octobre 2018<\/li>\n\n\n\n<li><a href=\"https:\/\/nextcity.org\/urbanist-news\/the-role-of-community-land-trusts-after-hurricane-maria\" target=\"_blank\" rel=\"noreferrer noopener\">Le r\u00f4le des Community Land Trusts apr\u00e8s l&#8217;ouragan Maria &#8211; pour les secours d&#8217;urgence et au-del\u00e0<\/a>, Zoe Sullivan, <em>Next City<\/em>, 1 juin 2018.<\/li>\n\n\n\n<li><a href=\"https:\/\/archive.thinkprogress.org\/puerto-rico-enlace-cano-martin-pena-gentrificaton-7e83433658df\/\" target=\"_blank\" rel=\"noreferrer noopener\">Les communaut\u00e9s les plus vuln\u00e9rables de Porto Rico travaillent ensemble pour survivre, apr\u00e8s Maria<\/a>, E.A. Crunden, <em>ThinkProgress<\/em>, 23 mai 2018<\/li>\n\n\n\n<li><a href=\"https:\/\/www.forbes.com\/sites\/marlenahartz\/2018\/03\/19\/why-hurricane-maria-is-no-match-for-this-mighty-community-in-puerto-rico\/?sh=4a0e0fee3ce1\" target=\"_blank\" rel=\"noreferrer noopener\">Pourquoi l&#8217;ouragan Maria ne fait pas le poids face \u00e0 cette puissante communaut\u00e9 de Porto Rico<\/a>, Marlena Hartz, <em>Forbes<\/em>, 19 mars 2018<\/li>\n\n\n\n<li><a href=\"https:\/\/www.academyofurbanism.org.uk\/people-taking-back-control-in-puerto-rico-line-algoed\/\" target=\"_blank\" rel=\"noreferrer noopener\">Les gens reprennent le contr\u00f4le \u00e0 Porto Rico<\/a>, Line Algoed, <em>The Academy of Urbanism<\/em>, 12 janvier 2018<\/li>\n\n\n\n<li><a href=\"https:\/\/brooklynrail.org\/special\/River_Rail_Puerto_Rico\/river-rail\/To-the-Rescue-of-an-Estuarine-Ecosystem-Community-Action-in-the-Fight-for-the-Restoration-of-Cao-Martn-Pea\" target=\"_blank\" rel=\"noreferrer noopener\">Ca\u00f1o Mart\u00edn Pe\u00f1a : une \u00e9tude de cas d&#8217;action communautaire : To the Rescue of an Estuarine Ecosystem<\/a>. par Katia R. Avil\u00e9s V\u00e1zquez, Mar\u00eda T. Rodr\u00edguez Mattei, Ana E. P\u00e9rez Quintero, Lituania Alicea Bernard, et Estrella Santiago P\u00e9rez avec des contributions des dirigeants du Groupe des huit communaut\u00e9s entourant Ca\u00f1o Mart\u00edn Pe\u00f1a (G8, Inc.).   <em>The Brooklyn Rail, 2018.<\/em><\/li>\n\n\n\n<li><a href=\"https:\/\/urbanwaterslearningnetwork.org\/resources\/proyecto-enlace-del-cano-martin-pena-restoring-ecosystem-building-resilient-communities-puerto-rico\/\" target=\"_blank\" rel=\"noreferrer noopener\">Proyecto ENLACE del Ca\u00f1o Martin Pe\u00f1a : Restaurer un \u00e9cosyst\u00e8me et construire des communaut\u00e9s r\u00e9silientes \u00e0 Porto Rico<\/a>, Maria Brodine, <em>Urban Waters Learning Network<\/em>, 22 d\u00e9cembre 2017.<\/li>\n\n\n\n<li><a href=\"https:\/\/www.rollingstone.com\/culture\/culture-features\/hurricane-maria-inside-a-puerto-rican-barrios-fight-to-survive-201428\/\" target=\"_blank\" rel=\"noreferrer noopener\">Hurricane Maria : Inside a Puerto Rican Barrio&#8217;s Fight to Survive<\/a>, Alexander Zaitchik, <em>RollingStone<\/em>, 17 octobre 2017.<\/li>\n\n\n\n<li><a href=\"https:\/\/www.motherjones.com\/politics\/2017\/10\/puerto-ricos-poorest-communities-are-doing-the-rebuilding-the-trump-administration-wont\/\" target=\"_blank\" rel=\"noreferrer noopener\">Les communaut\u00e9s les plus pauvres de Porto Rico se chargent de la reconstruction que l&#8217;administration Trump ne veut pas faire<\/a>, AJ Vicens, <em>Mother Jones<\/em>, 5 octobre 2017.<\/li>\n\n\n\n<li><a href=\"https:\/\/labgov.city\/theurbanmedialab\/the-favela-as-a-community-land-trust-the-case-of-san-juan-puerto-rico\/\" target=\"_blank\" rel=\"noreferrer noopener\">Un \u00e9tablissement informel en tant que fiducie fonci\u00e8re communautaire. Le cas de San Juan, Porto Rico<\/a>Monica Bernardi, The Urban Media Lab, 18 juillet 2017<\/li>\n\n\n\n<li><a href=\"https:\/\/rioonwatch.org\/?p=36081\" target=\"_blank\" rel=\"noreferrer noopener\">Un campement informel \u00e0 Porto Rico est devenu la premi\u00e8re fiducie fonci\u00e8re communautaire de favela au monde<\/a>, Laura Bachmann, <em>RioOnWatch<\/em>, 28 avril 2017<\/li>\n\n\n\n<li><a href=\"https:\/\/www.theguardian.com\/cities\/2017\/jan\/18\/people-power-puerto-rico-canal-community-escaped-gentrification\" target=\"_blank\" rel=\"noreferrer noopener\">People power in Puerto Rico : how a canal community escaped gentrification<\/a>(Le <a href=\"https:\/\/www.theguardian.com\/cities\/2017\/jan\/18\/people-power-puerto-rico-canal-community-escaped-gentrification\" target=\"_blank\" rel=\"noreferrer noopener\">pouvoir du peuple \u00e0 Porto Rico : comment une communaut\u00e9 du canal a \u00e9chapp\u00e9 \u00e0 la gentrification<\/a>), The Guardian, 18 janvier 2017<\/li>\n\n\n\n<li><a href=\"https:\/\/www.dailykos.com\/stories\/2016\/5\/17\/1527473\/-Bernie-in-Puerto-Rico-part-4\" target=\"_blank\" rel=\"noreferrer noopener\">Bernie \u00e0 Porto Rico &#8211; partie 4<\/a>, <em>Daily Kos<\/em>, 17 mai 2016<\/li>\n\n\n\n<li><a href=\"https:\/\/www.nfg.org\/r_land_trust_wins_2015-16_un_world_habitat_award\" target=\"_blank\" rel=\"noreferrer noopener\">Une fiducie fonci\u00e8re communautaire innovante de Porto Rico remporte le prix Habitat mondial 2015-16 de l&#8217;ONU<\/a>, <em>Neighborhood Funders Group<\/em>, 1er mars 2016.<\/li>\n\n\n\n<li><a href=\"https:\/\/www.nbcnews.com\/news\/latino\/puerto-rico-community-land-trust-awarded-un-world-habitat-award-n528031\" target=\"_blank\" rel=\"noreferrer noopener\">La fiducie fonci\u00e8re communautaire de Porto Rico re\u00e7oit le prix Habitat mondial de l&#8217;ONU<\/a>, Daniela Franco, <em>NBC News<\/em>, 29 f\u00e9vrier 2016<\/li>\n\n\n\n<li><a href=\"https:\/\/www.mountsinai.org\/about\/newsroom\/2014\/team-from-the-icahn-school-of-medicine-at-mount-sinai-conducts-health-impact-assessment-for-the-cao-martn-pea-ecosystem-restoration-project-in-puerto-rico\" target=\"_blank\" rel=\"noreferrer noopener\">Une \u00e9quipe de l&#8217;Icahn School of Medicine at Mount Sinai r\u00e9alise une \u00e9valuation de l&#8217;impact sur la sant\u00e9 du projet de restauration de l&#8217;\u00e9cosyst\u00e8me de Ca\u00f1o Mart\u00edn Pe\u00f1a \u00e0 Porto Rico<\/a>, <em>Mount Sinai<\/em>, 16 mai 2014<\/li>\n\n\n\n<li><a href=\"https:\/\/world-habitat.org\/world-habitat-awards\/winners-and-finalists\/cano-martin-pena-community-land-trust\/\" target=\"_blank\" rel=\"noreferrer noopener\">Ca\u00f1o Mart\u00edn Pe\u00f1a Community Land Trust &#8211; Prix World Habitat<\/a>, World Habitat, 2015<\/li>\n<\/ul>\n\n<h3 class=\"wp-block-heading\" id=\"h-documents\" style=\"font-size:clamp(15.747px, 0.984rem + ((1vw - 3.2px) * 0.645), 24px);\">Documents<\/h3>\n\n<ul class=\"wp-block-list\">\n<li><strong>Litiges<\/strong>\n<ul class=\"wp-block-list\">\n<li><a href=\"https:\/\/caselaw.findlaw.com\/us-1st-circuit\/1520025.html\" target=\"_blank\" rel=\"noreferrer noopener\">Fideicomiso de la Tierra del Ca\u00f1o Martin Pe\u00f1a v. Fortu\u00f1o<\/a>, US Court of Appeals &#8211; First Circuit, 28 avril 2010<\/li>\n<\/ul>\n<\/li>\n\n\n\n<li><strong>Documents organisationnels<\/strong>\n<ul class=\"wp-block-list\">\n<li><a href=\"https:\/\/www.cltweb.org\/wp-content\/uploads\/2025\/01\/surface-rights-lease.pdf\" target=\"_blank\" rel=\"noreferrer noopener\">Droits de surface Acte de propri\u00e9t\u00e9<\/a><\/li>\n\n\n\n<li><a href=\"https:\/\/www.cltweb.org\/wp-content\/uploads\/2025\/01\/Cano-Rules-Regulations-Spanish.pdf\" target=\"_blank\" rel=\"noreferrer noopener\">R\u00e8glement g\u00e9n\u00e9ral pour le fonctionnement de la Commission de la Terre du Ca\u00f1o Mart\u00edn Pe\u00f1a<\/a><\/li>\n<\/ul>\n<\/li>\n<\/ul>\n\n<h3 class=\"wp-block-heading\" id=\"h-videos\" style=\"font-size:clamp(15.747px, 0.984rem + ((1vw - 3.2px) * 0.645), 24px);\">Vid\u00e9os<\/h3>\n\n<ul class=\"wp-block-list\">\n<li><a href=\"https:\/\/youtu.be\/QrzZWtC7yww\" target=\"_blank\" rel=\"noreferrer noopener\">Detallan hist\u00f3rica asignaci\u00f3n de $163 millones al proyecto de restauraci\u00f3n del Ca\u00f1o Mart\u00edn Pe\u00f1a<\/a>, Notis\u00e9is 360 PR, January 21, 2022<\/li>\n\n\n\n<li><a href=\"https:\/\/youtu.be\/cnXttIrwo2s\" target=\"_blank\" rel=\"noreferrer noopener\">55 Sur le terrain : Ca\u00f1o Mart\u00edn Pe\u00f1a<\/a>, U.S. Army Corps of Engineers, 29 juin 2021<\/li>\n\n\n\n<li><a href=\"https:\/\/youtu.be\/WtN0UrLNEkQ\" target=\"_blank\" rel=\"noreferrer noopener\">Garantir les droits fonciers : Community Land Trusts in Informal Settlements<\/a>, World Habitat, octobre 2020<\/li>\n\n\n\n<li><a href=\"https:\/\/youtu.be\/_6_1M_vwJVs\" target=\"_blank\" rel=\"noreferrer noopener\">Historia de Ca\u00f1o Mart\u00edn Pe\u00f1a<\/a>, Metro Pavia Health, 8 ao\u00fbt 2020<\/li>\n\n\n\n<li><a href=\"https:\/\/youtu.be\/Y2XVOowNEvo\" target=\"_blank\" rel=\"noreferrer noopener\">Krystal est l&#8217;avenir du leader communautaire dans le Ca\u00f1o Mart\u00edn Pe\u00f1a<\/a>, Sagrado Coraz\u00f3n, 21 d\u00e9cembre 2018<\/li>\n\n\n\n<li><a href=\"https:\/\/youtu.be\/LsZbi9Cidow\" target=\"_blank\" rel=\"noreferrer noopener\">Aileen se sent d\u00e9j\u00e0 comme un leader communautaire dans le village de Mart\u00edn Pe\u00f1a<\/a>, Sagrado Coraz\u00f3n, 21 d\u00e9cembre 2018<\/li>\n\n\n\n<li><a href=\"https:\/\/youtu.be\/0M8nkuhSAJ8\" target=\"_blank\" rel=\"noreferrer noopener\">El empresarismo presente en las comunidades del Ca\u00f1o Mart\u00edn Pe\u00f1a<\/a>, Sagrado Coraz\u00f3n, December 21, 2018<\/li>\n\n\n\n<li><a href=\"https:\/\/youtu.be\/wuu9mOBq57o\" target=\"_blank\" rel=\"noreferrer noopener\">Mario est n\u00e9 pour servir son peuple dans le Ca\u00f1o Mart\u00edn Pe\u00f1a<\/a>, Sagrado Coraz\u00f3n, 21 d\u00e9cembre 2018<\/li>\n\n\n\n<li><a href=\"https:\/\/youtu.be\/rjr1TzN7NNY\" target=\"_blank\" rel=\"noreferrer noopener\">Jerald, un l\u00edder comunitario desde peque\u00f1o en el Ca\u00f1o Mart\u00edn Pe\u00f1a<\/a>, Sagrado Coraz\u00f3n, December 21, 2018<\/li>\n\n\n\n<li><a href=\"https:\/\/youtu.be\/qC7sq44kJMc\" target=\"_blank\" rel=\"noreferrer noopener\">Jos\u00e9 Caraballo vive la transformaci\u00f3n del Ca\u00f1o Mart\u00edn Pe\u00f1a<\/a>, Sagrado Coraz\u00f3n, 21 d\u00e9cembre 2018<\/li>\n\n\n\n<li><a href=\"https:\/\/youtu.be\/JHpaoUentXc\" target=\"_blank\" rel=\"noreferrer noopener\">Fideicomiso de la Tierra &#8211; CC : Portugu\u00e9s<\/a>, Proyecto Enlace del Ca\u00f1o Mart\u00edn Pe\u00f1a, 20 d\u00e9cembre 2018<\/li>\n\n\n\n<li><a href=\"https:\/\/youtu.be\/3m322Lyb72Y\" target=\"_blank\" rel=\"noreferrer noopener\">Fideicomiso de la Tierra del Ca\u00f1o Mart\u00edn Pe\u00f1a | Communities Thrive Challenge Grantee<\/a>, The Rockefeller Foundation, 4 d\u00e9cembre 2018.<\/li>\n\n\n\n<li><a href=\"https:\/\/youtu.be\/At0bS5osTcs\" target=\"_blank\" rel=\"noreferrer noopener\">Proyecto ENLACE del Ca\u00f1o Mart\u00edn Pe<\/a>\u00f1a, Proyecto ENLACE del Ca\u00f1o Mart\u00edn Pe\u00f1a, 11 octobre 2018<\/li>\n\n\n\n<li><a href=\"https:\/\/youtu.be\/KlSlFShn5aU\" target=\"_blank\" rel=\"noreferrer noopener\">Comunidades aleda\u00f1as al Ca\u00f1o Mart\u00edn Pe\u00f1a exigen continuaci\u00f3n de dragado<\/a>, Notis\u00e9is 360 PR, 18 juillet 2018<\/li>\n\n\n\n<li><a href=\"https:\/\/youtu.be\/vpWnoHpfZx4\" target=\"_blank\" rel=\"noreferrer noopener\">\u00a1Dragado Ya ! La lutte se poursuit pour am\u00e9liorer l&#8217;environnement et le d\u00e9bit d&#8217;eau du lac Martin Pe\u00f1a<\/a>Aqu\u00ed en la Fila, 25 juin 2018<\/li>\n\n\n\n<li><a href=\"https:\/\/youtu.be\/mo7umxuCZPY\" target=\"_blank\" rel=\"noreferrer noopener\">Ca\u00f1o Mart\u00edn Pe\u00f1a : A Blueprint for Better<\/a>, American Institute of Architects, 18 juin 2018<\/li>\n\n\n\n<li><a href=\"https:\/\/www.aljazeera.com\/videos\/2017\/10\/7\/puerto-rican-communities-fear-for-their-future\" target=\"_blank\" rel=\"noreferrer noopener\">Les communaut\u00e9s portoricaines craignent pour leur avenir : De nombreux Portoricains s&#8217;inqui\u00e8tent de ce qu&#8217;il adviendra de leurs communaut\u00e9s<\/a>. Shihab Rattans, Al Jazeera, 7 octobre 2017 <\/li>\n\n\n\n<li><a href=\"https:\/\/youtu.be\/VbjoJEz1wcs\" target=\"_blank\" rel=\"noreferrer noopener\">Ca\u00f1o Mart\u00edn Pe\u00f1a : participaci\u00f3n y sostenibilidad en San Juan<\/a>, LA Network, 19 mars 2017<\/li>\n\n\n\n<li><a href=\"https:\/\/youtu.be\/ivu7HekEqHA\" target=\"_blank\" rel=\"noreferrer noopener\">Ca\u00f1o Mart\u00edn Pe\u00f1a a cr\u00e9\u00e9 une fiducie fonci\u00e8re communautaire<\/a>, Newsy, 7 f\u00e9vrier 2017<\/li>\n\n\n\n<li><a href=\"https:\/\/youtu.be\/prinuXM9sh0\" target=\"_blank\" rel=\"noreferrer noopener\">\u00c9change entre pairs &#8211; Ca\u00f1o Mart\u00edn Pe\u00f1a Community Land Trust, Porto Rico<\/a>, World Habitat, f\u00e9vrier 2017<\/li>\n\n\n\n<li><a href=\"https:\/\/youtu.be\/8D6mVCt8n0g\" target=\"_blank\" rel=\"noreferrer noopener\">La voie de la r\u00e9silience &#8211; Fondation Rockefeller<\/a>, Proyecto ENLACE del Ca\u00f1o Mart\u00edn Pe\u00f1a, 11 avril 2016<\/li>\n\n\n\n<li><a href=\"https:\/\/youtu.be\/mNbjXzgnR88\" target=\"_blank\" rel=\"noreferrer noopener\">Ca\u00f1o Mart\u00edn Pe\u00f1a CLT\/Fideicomiso de la Tierra &#8211; Puerto Rico<\/a>, World Habitat, f\u00e9vrier 2016<\/li>\n\n\n\n<li><a href=\"https:\/\/youtu.be\/_naav6Ro3eo\" target=\"_blank\" rel=\"noreferrer noopener\">Proyecto ENLACE del Ca\u00f1o Mart\u00edn<\/a> Pe\u00f1a, Proyecto ENLACE del Ca\u00f1o Mart\u00edn Pe\u00f1a, 2 d\u00e9cembre 2015<\/li>\n\n\n\n<li><a href=\"https:\/\/youtu.be\/u9wjFFrrhKc\" target=\"_blank\" rel=\"noreferrer noopener\">Agua Mala<\/a>, CDCSagrado, ao\u00fbt 2014<\/li>\n\n\n\n<li><a href=\"https:\/\/youtu.be\/NYbD87jmODU\" target=\"_blank\" rel=\"noreferrer noopener\">Sp\u00e9cial La Tierra es Nuestra &#8211; Ca\u00f1o Mart\u00edn Pe\u00f1a &#8211; Parte 3<\/a>, Noticentro 4, August 9, 2013<\/li>\n\n\n\n<li><a href=\"https:\/\/youtu.be\/JAYTUkOSIRQ\" target=\"_blank\" rel=\"noreferrer noopener\">Sp\u00e9cial La Tierra es Nuestra &#8211; Ca\u00f1o Mart\u00edn Pe\u00f1a &#8211; Parte 2<\/a>, Noticentro 4, August 9, 2013<\/li>\n\n\n\n<li><a href=\"https:\/\/youtu.be\/HFLQK9DATO0\" target=\"_blank\" rel=\"noreferrer noopener\">Sp\u00e9cial La Tierra es Nuestra &#8211; Ca\u00f1o Mart\u00edn Pe\u00f1a &#8211; Parte 1<\/a>, Noticentro 4, August 9, 2013<\/li>\n\n\n\n<li><a href=\"https:\/\/youtu.be\/s_aCouU2oJ4\" target=\"_blank\" rel=\"noreferrer noopener\">Testimoniales de Aliados y Voluntarios del Proyecto ENLACE del Ca\u00f1o Mart\u00edn<\/a> Pe\u00f1a, Proyecto ENLACE del Ca\u00f1o Mart\u00edn Pe\u00f1a, 14 mai 2013<\/li>\n\n\n\n<li><a href=\"https:\/\/youtu.be\/yMpNi55hJtU\" target=\"_blank\" rel=\"noreferrer noopener\">La Commission cam\u00e9rale discute d&#8217;une mesure en faveur de la communaut\u00e9 du Ca\u00f1o Mart\u00edn Pe\u00f1a<\/a>, C\u00e1mara de Representantes PR, 12 avril 2013<\/li>\n\n\n\n<li><a href=\"https:\/\/youtu.be\/tFLx03iwEj8\" target=\"_blank\" rel=\"noreferrer noopener\">Proyecto ENLACE del Ca\u00f1o Mart\u00edn Pe\u00f1a &#8211; Video Institucional<\/a>, Proyecto ENLACE del Ca\u00f1o Mart\u00edn Pe\u00f1a, 1 avril 2013<\/li>\n\n\n\n<li><a href=\"https:\/\/youtu.be\/RUqQL_Vi49I\" target=\"_blank\" rel=\"noreferrer noopener\">Historia Oral del Ca\u00f1o Mart\u00edn Pe\u00f1a &#8211; Parte 4<\/a>, Proyecto ENLACE del Ca\u00f1o Mart\u00edn Pe\u00f1a, 4 mars 2013<\/li>\n\n\n\n<li><a href=\"https:\/\/youtu.be\/EeTcdk-eaKo\" target=\"_blank\" rel=\"noreferrer noopener\">Historia Oral del Ca\u00f1o Mart\u00edn Pe\u00f1a &#8211; Parte 3<\/a>, Proyecto ENLACE del Ca\u00f1o Mart\u00edn Pe\u00f1a, 4 mars 2013<\/li>\n\n\n\n<li><a href=\"https:\/\/youtu.be\/miqQlYmrang\" target=\"_blank\" rel=\"noreferrer noopener\">Historia Oral del Ca\u00f1o Mart\u00edn Pe\u00f1a &#8211; Parte 2<\/a>, Proyecto ENLACE del Ca\u00f1o Mart\u00edn Pe\u00f1a, 4 mars 2013<\/li>\n\n\n\n<li><a href=\"https:\/\/youtu.be\/7JGmctf_Pg8\" target=\"_blank\" rel=\"noreferrer noopener\">Historia Oral del Ca\u00f1o Mart\u00edn Pe\u00f1a &#8211; Parte 1<\/a>, Proyecto ENLACE del Ca\u00f1o Mart\u00edn Pe\u00f1a, 4 mars 2013<\/li>\n\n\n\n<li><a href=\"https:\/\/youtu.be\/0VcvwHMgxBk\" target=\"_blank\" rel=\"noreferrer noopener\">El Ca\u00f1o se Transforma &#8211; Parte 1<\/a>, Proyecto ENLACE del Ca\u00f1o Mart\u00edn Pe\u00f1a, 15 octobre 2012<\/li>\n\n\n\n<li><a href=\"https:\/\/youtu.be\/YciUI32g92Q\" target=\"_blank\" rel=\"noreferrer noopener\">Prix APA 2009 : Cano Martin Pena Special Planning District &#8211; San Juan, Puerto Rico<\/a>, American Planning Association, 15 janvier 2010<\/li>\n<\/ul>\n\n<h3 class=\"wp-block-heading\" id=\"h-websites\" style=\"font-size:clamp(15.747px, 0.984rem + ((1vw - 3.2px) * 0.645), 24px);\">Sites web<\/h3>\n\n<ul class=\"wp-block-list\">\n<li><a href=\"https:\/\/world-habitat.org\/world-habitat-awards\/winners-and-finalists\/cano-martin-pena-community-land-trust\/\" target=\"_blank\" rel=\"noreferrer noopener\">Ca\u00f1o Mart\u00edn Pe\u00f1a Community Land Trust &#8211; Prix de l&#8217;habitat mondial<\/a><\/li>\n\n\n\n<li><a href=\"http:\/\/cano3punto7.org\/\" target=\"_blank\" rel=\"noreferrer noopener\">Corporaci\u00f3n del Proyecto ENLACE del Ca\u00f1o Mart\u00edn Pe\u00f1a<\/a><\/li>\n\n\n\n<li><a href=\"http:\/\/fideicomisomartinpena.org\/\" target=\"_blank\" rel=\"noreferrer noopener\">Comit\u00e9 de la Terre du Ca\u00f1o Mart\u00edn Pe\u00f1a<\/a><\/li>\n\n\n\n<li><a href=\"http:\/\/g8pr.org\/\" target=\"_blank\" rel=\"noreferrer noopener\">G-8 : Groupe des Ocho Comunidades Aleda\u00f1as al Ca\u00f1o Mart\u00edn Pe\u00f1a<\/a><\/li>\n<\/ul>\n","protected":false},"excerpt":{"rendered":"<p>INTRODUCCI\u00d3N : El Fideicomiso de la Tierra del Ca\u00f1o Mart\u00edn Pe\u00f1a (Fideicomiso del Ca\u00f1o) es un fideicomiso comunitario de tierras dise\u00f1ado, creado y administrado por residentes de ocho barrios aleda\u00f1os [&hellip;]<\/p>\n","protected":false},"author":1,"featured_media":0,"parent":3144,"menu_order":0,"comment_status":"closed","ping_status":"closed","template":"","meta":{"give_campaign_id":0,"_tec_requires_first_save":true,"_kad_blocks_custom_css":"","_kad_blocks_head_custom_js":"","_kad_blocks_body_custom_js":"","_kad_blocks_footer_custom_js":"","_EventAllDay":false,"_EventTimezone":"","_EventStartDate":"","_EventEndDate":"","_EventStartDateUTC":"","_EventEndDateUTC":"","_EventShowMap":false,"_EventShowMapLink":false,"_EventURL":"","_EventCost":"","_EventCostDescription":"","_EventCurrencySymbol":"","_EventCurrencyCode":"","_EventCurrencyPosition":"","_EventDateTimeSeparator":"","_EventTimeRangeSeparator":"","_EventOrganizerID":[],"_EventVenueID":[],"_OrganizerEmail":"","_OrganizerPhone":"","_OrganizerWebsite":"","_VenueAddress":"","_VenueCity":"","_VenueCountry":"","_VenueProvince":"","_VenueState":"","_VenueZip":"","_VenuePhone":"","_VenueURL":"","_VenueStateProvince":"","_VenueLat":"","_VenueLng":"","_VenueShowMap":false,"_VenueShowMapLink":false,"_tribe_blocks_recurrence_rules":"","_tribe_blocks_recurrence_description":"","_tribe_blocks_recurrence_exclusions":"","footnotes":""},"categories":[159],"tags":[],"class_list":["post-3815","page","type-page","status-publish","hentry","category-sud-mondial"],"blocksy_meta":[],"yoast_head":"<!-- This site is optimized with the Yoast SEO Premium plugin v27.4 (Yoast SEO v27.5) - https:\/\/yoast.com\/product\/yoast-seo-premium-wordpress\/ -->\n<title>Porto Rico - International Center for Community Land Trusts<\/title>\n<meta name=\"robots\" content=\"index, follow, max-snippet:-1, max-image-preview:large, max-video-preview:-1\" \/>\n<link rel=\"canonical\" href=\"https:\/\/www.cltweb.org\/fr\/bibliotheque-de-ressources\/sud-mondial\/porto-rico\/\" \/>\n<meta property=\"og:locale\" content=\"fr_FR\" \/>\n<meta property=\"og:type\" content=\"article\" \/>\n<meta property=\"og:title\" content=\"Porto Rico\" \/>\n<meta property=\"og:description\" content=\"INTRODUCCI\u00d3N : El Fideicomiso de la Tierra del Ca\u00f1o Mart\u00edn Pe\u00f1a (Fideicomiso del Ca\u00f1o) es un fideicomiso comunitario de tierras dise\u00f1ado, creado y administrado por residentes de ocho barrios aleda\u00f1os [&hellip;]\" \/>\n<meta property=\"og:url\" content=\"https:\/\/www.cltweb.org\/fr\/bibliotheque-de-ressources\/sud-mondial\/porto-rico\/\" \/>\n<meta property=\"og:site_name\" content=\"International Center for Community Land Trusts\" \/>\n<meta property=\"article:publisher\" content=\"https:\/\/www.facebook.com\/cltcenter\" \/>\n<meta property=\"article:modified_time\" content=\"2025-01-09T15:38:20+00:00\" \/>\n<meta property=\"og:image\" content=\"https:\/\/www.cltweb.org\/wp-content\/uploads\/2024\/10\/cano-martin-pena-clt-logo.png\" \/>\n\t<meta property=\"og:image:width\" content=\"1374\" \/>\n\t<meta property=\"og:image:height\" content=\"429\" \/>\n\t<meta property=\"og:image:type\" content=\"image\/png\" \/>\n<meta name=\"twitter:card\" content=\"summary_large_image\" \/>\n<meta name=\"twitter:site\" content=\"@Center4CLTs\" \/>\n<meta name=\"twitter:label1\" content=\"Dur\u00e9e de lecture estim\u00e9e\" \/>\n\t<meta name=\"twitter:data1\" content=\"10 minutes\" \/>\n<script type=\"application\/ld+json\" class=\"yoast-schema-graph\">{\"@context\":\"https:\\\/\\\/schema.org\",\"@graph\":[{\"@type\":\"WebPage\",\"@id\":\"https:\\\/\\\/www.cltweb.org\\\/fr\\\/bibliotheque-de-ressources\\\/sud-mondial\\\/porto-rico\\\/\",\"url\":\"https:\\\/\\\/www.cltweb.org\\\/fr\\\/bibliotheque-de-ressources\\\/sud-mondial\\\/porto-rico\\\/\",\"name\":\"Porto Rico - International Center for Community Land Trusts\",\"isPartOf\":{\"@id\":\"https:\\\/\\\/www.cltweb.org\\\/fr\\\/#website\"},\"primaryImageOfPage\":{\"@id\":\"https:\\\/\\\/www.cltweb.org\\\/fr\\\/bibliotheque-de-ressources\\\/sud-mondial\\\/porto-rico\\\/#primaryimage\"},\"image\":{\"@id\":\"https:\\\/\\\/www.cltweb.org\\\/fr\\\/bibliotheque-de-ressources\\\/sud-mondial\\\/porto-rico\\\/#primaryimage\"},\"thumbnailUrl\":\"https:\\\/\\\/www.cltweb.org\\\/wp-content\\\/uploads\\\/2024\\\/10\\\/cano-martin-pena-clt-logo.png\",\"datePublished\":\"2024-10-19T20:01:37+00:00\",\"dateModified\":\"2025-01-09T15:38:20+00:00\",\"breadcrumb\":{\"@id\":\"https:\\\/\\\/www.cltweb.org\\\/fr\\\/bibliotheque-de-ressources\\\/sud-mondial\\\/porto-rico\\\/#breadcrumb\"},\"inLanguage\":\"fr-FR\",\"potentialAction\":[{\"@type\":\"ReadAction\",\"target\":[\"https:\\\/\\\/www.cltweb.org\\\/fr\\\/bibliotheque-de-ressources\\\/sud-mondial\\\/porto-rico\\\/\"]}]},{\"@type\":\"ImageObject\",\"inLanguage\":\"fr-FR\",\"@id\":\"https:\\\/\\\/www.cltweb.org\\\/fr\\\/bibliotheque-de-ressources\\\/sud-mondial\\\/porto-rico\\\/#primaryimage\",\"url\":\"https:\\\/\\\/www.cltweb.org\\\/wp-content\\\/uploads\\\/2024\\\/10\\\/cano-martin-pena-clt-logo.png\",\"contentUrl\":\"https:\\\/\\\/www.cltweb.org\\\/wp-content\\\/uploads\\\/2024\\\/10\\\/cano-martin-pena-clt-logo.png\"},{\"@type\":\"BreadcrumbList\",\"@id\":\"https:\\\/\\\/www.cltweb.org\\\/fr\\\/bibliotheque-de-ressources\\\/sud-mondial\\\/porto-rico\\\/#breadcrumb\",\"itemListElement\":[{\"@type\":\"ListItem\",\"position\":1,\"name\":\"Home\",\"item\":\"https:\\\/\\\/www.cltweb.org\\\/fr\\\/\"},{\"@type\":\"ListItem\",\"position\":2,\"name\":\"Biblioth\u00e8que de ressources\",\"item\":\"https:\\\/\\\/www.cltweb.org\\\/fr\\\/bibliotheque-de-ressources\\\/\"},{\"@type\":\"ListItem\",\"position\":3,\"name\":\"Sud mondial\",\"item\":\"https:\\\/\\\/www.cltweb.org\\\/fr\\\/bibliotheque-de-ressources\\\/sud-mondial\\\/\"},{\"@type\":\"ListItem\",\"position\":4,\"name\":\"Porto Rico\"}]},{\"@type\":\"WebSite\",\"@id\":\"https:\\\/\\\/www.cltweb.org\\\/fr\\\/#website\",\"url\":\"https:\\\/\\\/www.cltweb.org\\\/fr\\\/\",\"name\":\"International Center for Community Land Trusts\",\"description\":\"\",\"publisher\":{\"@id\":\"https:\\\/\\\/www.cltweb.org\\\/fr\\\/#organization\"},\"potentialAction\":[{\"@type\":\"SearchAction\",\"target\":{\"@type\":\"EntryPoint\",\"urlTemplate\":\"https:\\\/\\\/www.cltweb.org\\\/fr\\\/?s={search_term_string}\"},\"query-input\":{\"@type\":\"PropertyValueSpecification\",\"valueRequired\":true,\"valueName\":\"search_term_string\"}}],\"inLanguage\":\"fr-FR\"},{\"@type\":\"Organization\",\"@id\":\"https:\\\/\\\/www.cltweb.org\\\/fr\\\/#organization\",\"name\":\"International Center for Community Land Trusts\",\"url\":\"https:\\\/\\\/www.cltweb.org\\\/fr\\\/\",\"logo\":{\"@type\":\"ImageObject\",\"inLanguage\":\"fr-FR\",\"@id\":\"https:\\\/\\\/www.cltweb.org\\\/fr\\\/#\\\/schema\\\/logo\\\/image\\\/\",\"url\":\"https:\\\/\\\/www.cltweb.org\\\/wp-content\\\/uploads\\\/2024\\\/11\\\/New-CLT-Center-Text-logo.png\",\"contentUrl\":\"https:\\\/\\\/www.cltweb.org\\\/wp-content\\\/uploads\\\/2024\\\/11\\\/New-CLT-Center-Text-logo.png\",\"width\":227,\"height\":80,\"caption\":\"International Center for Community Land Trusts\"},\"image\":{\"@id\":\"https:\\\/\\\/www.cltweb.org\\\/fr\\\/#\\\/schema\\\/logo\\\/image\\\/\"},\"sameAs\":[\"https:\\\/\\\/www.facebook.com\\\/cltcenter\",\"https:\\\/\\\/x.com\\\/Center4CLTs\",\"https:\\\/\\\/www.instagram.com\\\/cltcenter\\\/\",\"https:\\\/\\\/www.linkedin.com\\\/company\\\/cltcenter\",\"https:\\\/\\\/www.youtube.com\\\/@centerforcltinnovation5313\"],\"description\":\"The International Center for Community Land Trusts is a not-for-profit nongovernmental organization established in 2018 to promote and to support community land trusts and similar strategies of community-led development on community-owned land in countries throughout the world.\",\"email\":\"info@communitylandtrust.net\",\"legalName\":\"International Center for Community Land Trusts\",\"foundingDate\":\"2018-12-01\",\"taxID\":\"84-3858933\",\"numberOfEmployees\":{\"@type\":\"QuantitativeValue\",\"minValue\":\"1\",\"maxValue\":\"10\"}}]}<\/script>\n<!-- \/ Yoast SEO Premium plugin. -->","yoast_head_json":{"title":"Porto Rico - International Center for Community Land Trusts","robots":{"index":"index","follow":"follow","max-snippet":"max-snippet:-1","max-image-preview":"max-image-preview:large","max-video-preview":"max-video-preview:-1"},"canonical":"https:\/\/www.cltweb.org\/fr\/bibliotheque-de-ressources\/sud-mondial\/porto-rico\/","og_locale":"fr_FR","og_type":"article","og_title":"Porto Rico","og_description":"INTRODUCCI\u00d3N : El Fideicomiso de la Tierra del Ca\u00f1o Mart\u00edn Pe\u00f1a (Fideicomiso del Ca\u00f1o) es un fideicomiso comunitario de tierras dise\u00f1ado, creado y administrado por residentes de ocho barrios aleda\u00f1os [&hellip;]","og_url":"https:\/\/www.cltweb.org\/fr\/bibliotheque-de-ressources\/sud-mondial\/porto-rico\/","og_site_name":"International Center for Community Land Trusts","article_publisher":"https:\/\/www.facebook.com\/cltcenter","article_modified_time":"2025-01-09T15:38:20+00:00","og_image":[{"width":1374,"height":429,"url":"https:\/\/www.cltweb.org\/wp-content\/uploads\/2024\/10\/cano-martin-pena-clt-logo.png","type":"image\/png"}],"twitter_card":"summary_large_image","twitter_site":"@Center4CLTs","twitter_misc":{"Dur\u00e9e de lecture estim\u00e9e":"10 minutes"},"schema":{"@context":"https:\/\/schema.org","@graph":[{"@type":"WebPage","@id":"https:\/\/www.cltweb.org\/fr\/bibliotheque-de-ressources\/sud-mondial\/porto-rico\/","url":"https:\/\/www.cltweb.org\/fr\/bibliotheque-de-ressources\/sud-mondial\/porto-rico\/","name":"Porto Rico - International Center for Community Land Trusts","isPartOf":{"@id":"https:\/\/www.cltweb.org\/fr\/#website"},"primaryImageOfPage":{"@id":"https:\/\/www.cltweb.org\/fr\/bibliotheque-de-ressources\/sud-mondial\/porto-rico\/#primaryimage"},"image":{"@id":"https:\/\/www.cltweb.org\/fr\/bibliotheque-de-ressources\/sud-mondial\/porto-rico\/#primaryimage"},"thumbnailUrl":"https:\/\/www.cltweb.org\/wp-content\/uploads\/2024\/10\/cano-martin-pena-clt-logo.png","datePublished":"2024-10-19T20:01:37+00:00","dateModified":"2025-01-09T15:38:20+00:00","breadcrumb":{"@id":"https:\/\/www.cltweb.org\/fr\/bibliotheque-de-ressources\/sud-mondial\/porto-rico\/#breadcrumb"},"inLanguage":"fr-FR","potentialAction":[{"@type":"ReadAction","target":["https:\/\/www.cltweb.org\/fr\/bibliotheque-de-ressources\/sud-mondial\/porto-rico\/"]}]},{"@type":"ImageObject","inLanguage":"fr-FR","@id":"https:\/\/www.cltweb.org\/fr\/bibliotheque-de-ressources\/sud-mondial\/porto-rico\/#primaryimage","url":"https:\/\/www.cltweb.org\/wp-content\/uploads\/2024\/10\/cano-martin-pena-clt-logo.png","contentUrl":"https:\/\/www.cltweb.org\/wp-content\/uploads\/2024\/10\/cano-martin-pena-clt-logo.png"},{"@type":"BreadcrumbList","@id":"https:\/\/www.cltweb.org\/fr\/bibliotheque-de-ressources\/sud-mondial\/porto-rico\/#breadcrumb","itemListElement":[{"@type":"ListItem","position":1,"name":"Home","item":"https:\/\/www.cltweb.org\/fr\/"},{"@type":"ListItem","position":2,"name":"Biblioth\u00e8que de ressources","item":"https:\/\/www.cltweb.org\/fr\/bibliotheque-de-ressources\/"},{"@type":"ListItem","position":3,"name":"Sud mondial","item":"https:\/\/www.cltweb.org\/fr\/bibliotheque-de-ressources\/sud-mondial\/"},{"@type":"ListItem","position":4,"name":"Porto Rico"}]},{"@type":"WebSite","@id":"https:\/\/www.cltweb.org\/fr\/#website","url":"https:\/\/www.cltweb.org\/fr\/","name":"International Center for Community Land Trusts","description":"","publisher":{"@id":"https:\/\/www.cltweb.org\/fr\/#organization"},"potentialAction":[{"@type":"SearchAction","target":{"@type":"EntryPoint","urlTemplate":"https:\/\/www.cltweb.org\/fr\/?s={search_term_string}"},"query-input":{"@type":"PropertyValueSpecification","valueRequired":true,"valueName":"search_term_string"}}],"inLanguage":"fr-FR"},{"@type":"Organization","@id":"https:\/\/www.cltweb.org\/fr\/#organization","name":"International Center for Community Land Trusts","url":"https:\/\/www.cltweb.org\/fr\/","logo":{"@type":"ImageObject","inLanguage":"fr-FR","@id":"https:\/\/www.cltweb.org\/fr\/#\/schema\/logo\/image\/","url":"https:\/\/www.cltweb.org\/wp-content\/uploads\/2024\/11\/New-CLT-Center-Text-logo.png","contentUrl":"https:\/\/www.cltweb.org\/wp-content\/uploads\/2024\/11\/New-CLT-Center-Text-logo.png","width":227,"height":80,"caption":"International Center for Community Land Trusts"},"image":{"@id":"https:\/\/www.cltweb.org\/fr\/#\/schema\/logo\/image\/"},"sameAs":["https:\/\/www.facebook.com\/cltcenter","https:\/\/x.com\/Center4CLTs","https:\/\/www.instagram.com\/cltcenter\/","https:\/\/www.linkedin.com\/company\/cltcenter","https:\/\/www.youtube.com\/@centerforcltinnovation5313"],"description":"The International Center for Community Land Trusts is a not-for-profit nongovernmental organization established in 2018 to promote and to support community land trusts and similar strategies of community-led development on community-owned land in countries throughout the world.","email":"info@communitylandtrust.net","legalName":"International Center for Community Land Trusts","foundingDate":"2018-12-01","taxID":"84-3858933","numberOfEmployees":{"@type":"QuantitativeValue","minValue":"1","maxValue":"10"}}]}},"campaignId":"","taxonomy_info":{"category":[{"value":159,"label":"Sud mondial"}]},"featured_image_src_large":false,"author_info":{"display_name":"cltredesign_0jp0l4","author_link":"https:\/\/www.cltweb.org\/fr\/author\/cltredesign_0jp0l4\/"},"comment_info":0,"jetpack_sharing_enabled":true,"jetpack-related-posts":[{"id":3144,"url":"https:\/\/www.cltweb.org\/fr\/bibliotheque-de-ressources\/sud-mondial\/","url_meta":{"origin":3815,"position":0},"title":"Sud mondial","author":"cltredesign_0jp0l4","date":"4 octobre 2024","format":false,"excerpt":"Fonds fonciers communautaires dans les pays du Sud Gr\u00e2ce au travail de pionnier du Tanzania-Bondeni Community Land Trust au Kenya, du Fideicomiso de la Tierra del Ca\u00f1o Mart\u00edn Pe\u00f1a \u00e0 Porto Rico et de Catalytic Communities au Br\u00e9sil, il existe un grand potentiel d'expansion des fiducies fonci\u00e8res communautaires dans le\u2026","rel":"","context":"Dans &quot;Biblioth\u00e8que de ressources&quot;","block_context":{"text":"Biblioth\u00e8que de ressources","link":"https:\/\/www.cltweb.org\/fr\/category\/bibliotheque-de-ressources\/"},"img":{"alt_text":"","src":"","width":0,"height":0},"classes":[]},{"id":822,"url":"https:\/\/www.cltweb.org\/fr\/ce-que-font-les-clt\/sud-mondial\/","url_meta":{"origin":3815,"position":1},"title":"Sud mondial","author":"cltredesign_0jp0l4","date":"26 juillet 2024","format":false,"excerpt":"","rel":"","context":"Dans &quot;Ce que font les CLT&quot;","block_context":{"text":"Ce que font les CLT","link":"https:\/\/www.cltweb.org\/fr\/category\/ce-que-font-les-clt\/"},"img":{"alt_text":"","src":"","width":0,"height":0},"classes":[]},{"id":866,"url":"https:\/\/www.cltweb.org\/fr\/a-propos-de-nous\/conseil-dadministration\/","url_meta":{"origin":3815,"position":2},"title":"Conseil d&#8217;administration et personnel","author":"cltredesign_0jp0l4","date":"26 juillet 2024","format":false,"excerpt":"L'\u00e9quipe qui dirige les travaux du Centre CLT.","rel":"","context":"Dans &quot;A propos de nous&quot;","block_context":{"text":"A propos de nous","link":"https:\/\/www.cltweb.org\/fr\/category\/a-propos-de-nous\/"},"img":{"alt_text":"","src":"","width":0,"height":0},"classes":[]},{"id":3791,"url":"https:\/\/www.cltweb.org\/fr\/bibliotheque-de-ressources\/sud-mondial\/bresil\/projeto-do-termo-territorial-coletivo\/","url_meta":{"origin":3815,"position":3},"title":"Projeto do Termo Territorial Coletivo","author":"cltredesign_0jp0l4","date":"19 octobre 2024","format":false,"excerpt":"Le projet du Termo Territorial Coletivo a vu le jour en 2018, peu de temps apr\u00e8s que la ville de Rio de Janeiro ait connu la plus grande op\u00e9ration de r\u00e9novation de son histoire. \u00c0 cette occasion, pr\u00e8s de 80 000 personnes ont \u00e9t\u00e9 retir\u00e9es de leurs maisons, ce qui\u2026","rel":"","context":"Article similaire","block_context":{"text":"Article similaire","link":""},"img":{"alt_text":"","src":"","width":0,"height":0},"classes":[]},{"id":3718,"url":"https:\/\/www.cltweb.org\/fr\/bibliotheque-de-ressources\/sud-mondial\/afrique\/","url_meta":{"origin":3815,"position":4},"title":"Afrique","author":"cltredesign_0jp0l4","date":"19 octobre 2024","format":false,"excerpt":"Kenya et Afrique du SudLes Community Land Trusts sont apparus pour la premi\u00e8re fois dans l'h\u00e9misph\u00e8re sud \u00e0 Voi, au Kenya, avec le Tanzania-Bondeni Community Land Trust. L'application du mod\u00e8le CLT en Afrique du Sud suscite de plus en plus d'int\u00e9r\u00eat. Kenya Articles Anglais Seeding the CLT in Africa :\u2026","rel":"","context":"Dans &quot;Sud mondial&quot;","block_context":{"text":"Sud mondial","link":"https:\/\/www.cltweb.org\/fr\/category\/sud-mondial\/"},"img":{"alt_text":"","src":"","width":0,"height":0},"classes":[]},{"id":8094,"url":"https:\/\/www.cltweb.org\/fr\/bibliotheque-de-ressources\/modele-de-sous-section-des-ressources\/","url_meta":{"origin":3815,"position":5},"title":"R\u00e9seau mondial CLT","author":"cltredesign_0jp0l4","date":"28 d\u00e9cembre 2024","format":false,"excerpt":"R\u00e9seau mondial CLT Il existe 616 CLT dans 13 pays. Consultez la carte mondiale, notre liste de r\u00e9seaux de CLT et une section consacr\u00e9e aux CLT dans le Sud.","rel":"","context":"Article similaire","block_context":{"text":"Article similaire","link":""},"img":{"alt_text":"","src":"","width":0,"height":0},"classes":[]}],"_links":{"self":[{"href":"https:\/\/www.cltweb.org\/fr\/wp-json\/wp\/v2\/pages\/3815","targetHints":{"allow":["GET"]}}],"collection":[{"href":"https:\/\/www.cltweb.org\/fr\/wp-json\/wp\/v2\/pages"}],"about":[{"href":"https:\/\/www.cltweb.org\/fr\/wp-json\/wp\/v2\/types\/page"}],"author":[{"embeddable":true,"href":"https:\/\/www.cltweb.org\/fr\/wp-json\/wp\/v2\/users\/1"}],"replies":[{"embeddable":true,"href":"https:\/\/www.cltweb.org\/fr\/wp-json\/wp\/v2\/comments?post=3815"}],"version-history":[{"count":9,"href":"https:\/\/www.cltweb.org\/fr\/wp-json\/wp\/v2\/pages\/3815\/revisions"}],"predecessor-version":[{"id":8507,"href":"https:\/\/www.cltweb.org\/fr\/wp-json\/wp\/v2\/pages\/3815\/revisions\/8507"}],"up":[{"embeddable":true,"href":"https:\/\/www.cltweb.org\/fr\/wp-json\/wp\/v2\/pages\/3144"}],"wp:attachment":[{"href":"https:\/\/www.cltweb.org\/fr\/wp-json\/wp\/v2\/media?parent=3815"}],"wp:term":[{"taxonomy":"category","embeddable":true,"href":"https:\/\/www.cltweb.org\/fr\/wp-json\/wp\/v2\/categories?post=3815"},{"taxonomy":"post_tag","embeddable":true,"href":"https:\/\/www.cltweb.org\/fr\/wp-json\/wp\/v2\/tags?post=3815"}],"curies":[{"name":"wp","href":"https:\/\/api.w.org\/{rel}","templated":true}]}}