{"id":3894,"date":"2024-10-19T20:50:09","date_gmt":"2024-10-19T20:50:09","guid":{"rendered":"https:\/\/www.cltweb.org\/bibliographie-internationale-clt-non-anglais\/"},"modified":"2024-10-19T20:54:19","modified_gmt":"2024-10-19T20:54:19","slug":"bibliographie-internationale-clt-non-anglais","status":"publish","type":"page","link":"https:\/\/www.cltweb.org\/fr\/bibliotheque-de-ressources\/bibliographie\/bibliographie-internationale-clt-non-anglais\/","title":{"rendered":"Bibliographie internationale CLT &#8211; Non-anglais"},"content":{"rendered":"\n<p><strong>Mise \u00e0 jour 7\/1\/24<\/strong><\/p>\n<style>.wp-block-kadence-advancedbtn.kb-btns3881_b92f4b-ff{gap:var(--global-kb-gap-md, 2rem);justify-content:flex-start;align-items:center;}.kt-btns3881_b92f4b-ff .kt-button{font-weight:normal;font-style:normal;}.kt-btns3881_b92f4b-ff .kt-btn-wrap-0{margin-right:5px;}.wp-block-kadence-advancedbtn.kt-btns3881_b92f4b-ff .kt-btn-wrap-0 .kt-button{color:#555555;border-color:#555555;}.wp-block-kadence-advancedbtn.kt-btns3881_b92f4b-ff .kt-btn-wrap-0 .kt-button:hover, .wp-block-kadence-advancedbtn.kt-btns3881_b92f4b-ff .kt-btn-wrap-0 .kt-button:focus{color:#ffffff;border-color:#444444;}.wp-block-kadence-advancedbtn.kt-btns3881_b92f4b-ff .kt-btn-wrap-0 .kt-button::before{display:none;}.wp-block-kadence-advancedbtn.kt-btns3881_b92f4b-ff .kt-btn-wrap-0 .kt-button:hover, .wp-block-kadence-advancedbtn.kt-btns3881_b92f4b-ff .kt-btn-wrap-0 .kt-button:focus{background:#444444;}<\/style>\n<div class=\"wp-block-kadence-advancedbtn kb-buttons-wrap kb-btns3881_b92f4b-ff\"><style>ul.menu .wp-block-kadence-advancedbtn .kb-btn3881_5f9f12-fd.kb-button{width:initial;}<\/style><a class=\"kb-button kt-button button kb-btn3881_5f9f12-fd kt-btn-size-large kt-btn-width-type-auto kb-btn-global-inherit  kt-btn-has-text-true kt-btn-has-svg-false  wp-block-button__link wp-block-kadence-singlebtn\" href=\"#Spanish\"><span class=\"kt-btn-inner-text\">Espagnol<\/span><\/a>\n\n<style>ul.menu .wp-block-kadence-advancedbtn .kb-btn3881_71cea4-15.kb-button{width:initial;}<\/style><a class=\"kb-button kt-button button kb-btn3881_71cea4-15 kt-btn-size-large kt-btn-width-type-auto kb-btn-global-inherit  kt-btn-has-text-true kt-btn-has-svg-false  wp-block-button__link wp-block-kadence-singlebtn\" href=\"#French\"><span class=\"kt-btn-inner-text\">Fran\u00e7ais<\/span><\/a>\n\n<style>ul.menu .wp-block-kadence-advancedbtn .kb-btn3881_9d10d1-3d.kb-button{width:initial;}<\/style><a class=\"kb-button kt-button button kb-btn3881_9d10d1-3d kt-btn-size-large kt-btn-width-type-auto kb-btn-global-inherit  kt-btn-has-text-true kt-btn-has-svg-false  wp-block-button__link wp-block-kadence-singlebtn\" href=\"#Dutch\"><span class=\"kt-btn-inner-text\">N\u00e9erlandais<\/span><\/a>\n\n<style>ul.menu .wp-block-kadence-advancedbtn .kb-btn3881_5ba88d-5c.kb-button{width:initial;}<\/style><a class=\"kb-button kt-button button kb-btn3881_5ba88d-5c kt-btn-size-large kt-btn-width-type-auto kb-btn-global-inherit  kt-btn-has-text-true kt-btn-has-svg-false  wp-block-button__link wp-block-kadence-singlebtn\" href=\"#Portuguese\"><span class=\"kt-btn-inner-text\">Portugais<\/span><\/a>\n\n<style>ul.menu .wp-block-kadence-advancedbtn .kb-btn3881_0dfc0e-e3.kb-button{width:initial;}<\/style><a class=\"kb-button kt-button button kb-btn3881_0dfc0e-e3 kt-btn-size-large kt-btn-width-type-auto kb-btn-global-inherit  kt-btn-has-text-true kt-btn-has-svg-false  wp-block-button__link wp-block-kadence-singlebtn\" href=\"#Italian\"><span class=\"kt-btn-inner-text\">Italien<\/span><\/a>\n\n<style>ul.menu .wp-block-kadence-advancedbtn .kb-btn3881_cd9386-f1.kb-button{width:initial;}<\/style><a class=\"kb-button kt-button button kb-btn3881_cd9386-f1 kt-btn-size-large kt-btn-width-type-auto kb-btn-global-inherit  kt-btn-has-text-true kt-btn-has-svg-false  wp-block-button__link wp-block-kadence-singlebtn\" href=\"#German\"><span class=\"kt-btn-inner-text\">Allemand<\/span><\/a><\/div>\n\n<h2 class=\"wp-block-heading\" id=\"Spanish\">Publications du CLT en espagnol<\/h2>\n\n<p>Algoed, Line, Maria E. Hernandez Torrales, et Lyvia Rodriguez Del Valle. 2018. El Fideicomiso de la Tierra del Ca\u00f1o Mart\u00edn Pe\u00f1a instrumento notable de regularizaci\u00f3n de suelo en asentamientos informales. Document de travail. Cambridge, MA : Lincoln Institute of Land Policy.    <\/p>\n\n<p>Davis, John Emmeus, Line Algoed et Maria E. Hernandez-Torrales (eds.). 2020. <em>L&#8217;ins\u00e9curit\u00e9 de la propri\u00e9t\u00e9 de la terre en Am\u00e9rique latine et dans les Cara\u00efbes : El control comunitario de la tierra como prevenci\u00f3n del desplazamiento<\/em>. <wpcodeself wptype=\"\" wpml_attr_0=\"\" wpml_attr_1=\"\" wpml_attr_2=\"\" wpml_attr_3=\"\" wpml_attr_4=\"\"> Madison, WI : Terra Nostra Press. <\/wpcodeself><\/p>\n\n<p>Davis, John Emmeus, Line Algoed et Maria E. Hernandez-Torrales (eds.). 2021.   <em>Pourquoi l&#8217;association des communes de montagne ?  <\/em><em>La filosof\u00eda que subyace una forma no convencional de titularidad del terreno.<\/em> [Una monograf\u00eda de En terreno com\u00fan]  Madison, WI : Terra Nostra Press.<\/p>\n\n<p>Davis, John Emmeus, Line Algoed et Maria E. Hernandez-Torrales (eds.). 2021.   <em>En terreno com\u00fan : Perspectivas internacionales sobre los fideicomisos comunitarios de tierras.  <\/em>Madison, WI : Terra Nostra Press.<\/p>\n\n<p>De Las Casas, Gerson Barboza. 2023. Le mod\u00e8le de fiducie fonci\u00e8re communautaire en tant qu&#8217;outil utile pour le logement abordable au P\u00e9rou : Challenges, potential objections, and opportunities (El fideicomiso comunitario de tierras como instrumento \u00fatil para la generaci\u00f3n de vivienda asequible en Per\u00fa : retos, potenciales objeciones y oportunidades). TH\u0112MIS Revista de Derecho.   <\/p>\n\n<p>Hern\u00e1ndez Torrales, Mar\u00eda E. 2015.  <em>La participation citoyenne effective \u00e0 l&#8217;information : la cl\u00e9 du succ\u00e8s  <\/em><\/p>\n\n<p><em>\u00e9xito en el Proyecto ENLACE del Ca\u00f1o Mart\u00edn Pe\u00f1a<\/em>. 1\u00e8re \u00e9dition, UPR Bus.L.J. 621-642.<\/p>\n\n<p>Hern\u00e1ndez Torrales, Mar\u00eda E. 2007. <em>El Fideicomiso de la Tierra del Ca\u00f1o Mart\u00edn Pe\u00f1a : Colorario de un modelo de participaci\u00f3n comunitaria en marcha<\/em>. 68 Rev. Col. Abog. PR. 68(4) : 794-817.   <\/p>\n\n<p>Mathivet, Charlotte (\u00e9d.). 2014.   <em>Reprendre la terre. La fonction sociale de la terre et du logement, R\u00e9sistances et alternatives. <\/em>Collection Passerelle du Coredem. Produit par la Coredem<em>(Communaut\u00e9 des <\/em>sites<em>ressources pour une d\u00e9mocratie mondiale <\/em>). Paris : Ritimo. Disponible en espagnol \u00e0 l&#8217;adresse <a href=\"https:\/\/www.coredem.info\/IMG\/pdf\/tierra_es_nuestra.pdf\">suivante : https:\/\/www.coredem.info\/IMG\/pdf\/tierra_es_nuestra.pdf<\/a>   <\/p>\n\n<p>Tognato, Dario, Martim Ferraz Costa Furtado. 2022. Panorama des pratiques communautaires dans les fiducies fonci\u00e8res communautaires (Panorama das pr\u00e1ticas comunit\u00e1rias em community land trusts). Sociologie urbaine.   <\/p>\n\n<h2 class=\"wp-block-heading\" id=\"French\">Publications du CLT en fran\u00e7ais<\/h2>\n\n<p>Arnold, Pierre. 2017. Porto Rico. Une exp\u00e9rience de fiducie fonci\u00e8re communautaire. <em>La Revue Fonci\u00e8re<\/em>, num\u00e9ro 16, pp. 46-48 <a href=\"\">: https:\/\/www.researchgate.net\/publication\/353481892_Une_experience_portoricaine_de_fiducie_Fonciere_Communautaire<\/a>   <\/p>\n\n<p>Attard, Jean-Philippe. 2012. <em>Dissociation de la propri\u00e9t\u00e9 du sol et du logement : Transposition des practiques des community land trusts aux activites de l&#8217;etablissement public foncier D&#8217;ile de France<\/em>. Paris : \u00c9tablissement Public Foncier.  <\/p>\n\n<p>Attard, Jean-Philippe. 2013. Un logement fonci\u00e8rement solidaire : le mod\u00e8le des <em>community land trusts<\/em>, <em>Mouvements<\/em>, vol. 74, no. 2, pp. 143-153.   <\/p>\n\n<p>Attard, Jean-Philippe. 2014. Du community land trust aux organismes fonciers solidaires : Histoire d&#8217;une filiation et introduction du CLT en France. Chapitre 12 dans J.E. Davis (ed.) <em>Manuel d&#8217;antisp\u00e9culation immobiliere<\/em>. Montr\u00e9al : Les Editions Ecosociete.    <\/p>\n\n<p>Bernard, N., 2017. Les limites de la propri\u00e9t\u00e9 par les droits de l&#8217;homme. In <em>La propri\u00e9t\u00e9 et ses limite \/ Das Eigentum und seine Grenzen<\/em>. Stuttgart : Franz Steiner Verlag.   <\/p>\n\n<p>&#8212;. 2018. Le <em>community land trust<\/em> comme nouveau paradigme de l&#8217;habitat acquisitif (ou les communs appliqu\u00e9s \u00e0 la propri\u00e9t\u00e9 du logement), <em>Revue interdisciplinaire d&#8217;\u00e9tudes juridiques<\/em>, vol. 81, pp. 243-266. DOI : 10.3917\/riej.081.0243. URL <a href=\"https:\/\/www.cairn.info\/revue-interdisciplinaire-d-etudes-juridiques-2018-2-page-243.htm\">: https:\/\/www.cairn.info\/revue-interdisciplinaire-d-etudes-juridiques-2018-2-page-243.htm<\/a>     <\/p>\n\n<p>Bernard, N., De Pauw, G. &amp; G\u00e9ronnez, L., 2010. Coop\u00e9ratives de logement et Community Land Trusts. <em>Courrier hebdomadaire du CRISP<\/em>, 2073, pp.5-52 <a href=\"\">: https:\/\/www.cairn.info\/revue-courrier-hebdomadaire-du-crisp-2010-28-page-5.htm<\/a> <\/p>\n\n<p>Cabannes, Yves, 2014. Les formes coop\u00e9ratives, communautaires et collectives d&#8217;occupation du foncier et leur contribution \u00e0 la fonction sociale du foncier et du logement. En :    <em>La terre est \u00e0 nous ! Pour la fonction sociale du logement et du foncier, r\u00e9sistances et alternatives.   <\/em>Paris : Ritimo, pp. 137-144 <a href=\"https:\/\/aitec.reseau-ipam.org\/IMG\/pdf\/Pass10_Pages-FR-OKweb.pdf\">: https:\/\/aitec.reseau-ipam.org\/IMG\/pdf\/Pass10_Pages-FR-OKweb.pdf<\/a><\/p>\n\n<p>Davis, John Emmeus (ed.) 2014. <em>Manuel d&#8217;antisp\u00e9culation immobiliere<\/em>. Montr\u00e9al : Les Editions Ecosociete. <\/p>\n\n<p>De Pauw, Geert. 2009. Les Community Land Trusts : un mod\u00e8le qui rend la propri\u00e9t\u00e9 \u00e0 nouveau accessible ? <em>art 23<\/em>, (Le logement coop\u00e9ratif : une nouvelle vie Actes du colloque du 23 Octobre 2009).  <\/p>\n\n<p>&#8212;. 2018. Grond niet te koop. Gemeenschapsgrond als basis voor een rechtvaardige en duurzame stad in het Community Land Trust model. Dans A. Kuhk, Holemans, D. &amp; Van den Broeck, P. (eds.).      <em>Sur le terrain de la solidarit\u00e9. Woningen, voedsel en trage wegen als heruitgevonden commons <\/em>. Leuven: EPO. <\/p>\n\n<p>De Pauw, Geert et Orlando Sereno Regis. 2011.   <em>Etude de faisabilit\u00e9 des community land trusts<\/em><\/p>\n\n<p> <em> en r\u00e9gion bruxelloise<\/em>. Rapport pr\u00e9sent\u00e9 au Cabinet du secr\u00e9taire d&#8217;Etat au Logement par le consortium compos\u00e9 de Periferia, Maison de Quartier Bonnevie, CREDAL, Development of Planning Unit, Gut-T et Lydian Lawyers. <\/p>\n\n<p>Jablon, Samuel. 2014. Les Community Land Trusts ou la propri\u00e9t\u00e9 commune de la terre. En :     <em>La terre est \u00e0 nous ! Pour la fonction sociale du logement et du foncier, r\u00e9sistances et initiatives.   <\/em>Paris : Ritimo, pp. 186-191 <a href=\"https:\/\/aitec.reseau-ipam.org\/IMG\/pdf\/Pass10_Pages-FR-OKweb.pdf\">: https:\/\/aitec.reseau-ipam.org\/IMG\/pdf\/Pass10_Pages-FR-OKweb.pdf<\/a><\/p>\n\n<p>Le Rouzic, Vincent. 2017. Le bail r\u00e9el solidaire : une petite r\u00e9volution du droit de propri\u00e9t\u00e9 \u00e0 mettre en perspective. <em>La Gazette du Palais<\/em>, Septembre, Volumen Dossier sur les nouveaux modes de gestion de l&#8217;habitat.  <\/p>\n\n<p>Le Rouzic, Vincent. 2019. <em>Essais sur la post-propri\u00e9t\u00e9. Les organismes de foncier solidaire face au d\u00e9fi du logement abordable. Th\u00e8se de doctorat en urbanisme. <\/em>Paris : Universit\u00e9 Paris 1 Panth\u00e9on Sorbonne. <a href=\"\">http:\/\/www.theses.fr\/2019PA01H075<\/a> (r\u00e9sum\u00e9 en fran\u00e7ais et en anglais) <\/p>\n\n<p>Le Rouzic, Vincent, 2021. Cooper Square est l\u00e0 pour rester : Une relecture institutionnaliste du droit \u00e0 la ville. <em>M\u00e9tropoles<\/em>, 26 Janvier, Issue 27. Disponible \u00e0 l&#8217;<a href=\"\">adresse : https:\/\/journals.openedition.org\/metropoles\/7477<\/a>  <\/p>\n\n<p>Le Rouzic, Vincent, 2021. Apr\u00e8s la propri\u00e9t\u00e9. <em>Esprit<\/em>, septembre 2021, num\u00e9ro 477. Disponible \u00e0 l&#8217;adresse : <a href=\"\">https:\/\/esprit.presse.fr\/article\/vincent-le-rouzic\/apres-la-propriete-43524<\/a>  <\/p>\n\n<p>Mathivet, Charlotte (\u00e9d.). 2014.   <em>Reprendre la terre. La fonction sociale de la terre et du logement, R\u00e9sistances et alternatives. <\/em>Collection Passerelle du Coredem. Produit par la Coredem<em>(Communaut\u00e9 des <\/em>sites<em>ressources pour une d\u00e9mocratie mondiale <\/em>). Paris : Ritimo. Disponible en fran\u00e7ais <a href=\"\">: https:\/\/aitec.reseau-ipam.org\/IMG\/pdf\/Pass10_Pages-FR-OKweb.pdf<\/a>   <\/p>\n\n<p>Simonneau, Claire. 2018. Le Community Land Trust aux \u00c9tats- Unis, au Kenya et en Belgique. Canaux de circulation d&#8217;un mod\u00e8le alternatif et jeu d&#8217;intersexualit\u00e9.     <em>RIURBA. Revue internationale d&#8217;urbanisme <\/em>, n\u00b0 6.<\/p>\n\n<p>Simonneau, Claire, \u00c9ric Denis, Issa Sory. 2019. QUEL POTENTIEL POUR LES APPROCHES COOP\u00c9RATIVES ET COLLECTIVES POUR L&#8217;HABITAT POPULAIRE ? \u00c9l\u00e9ments du d\u00e9bat, grille d&#8217;analyse et exemples burkinab\u00e9 et kenyan. Cairn.info pour De Boeck Sup\u00e9rieur <a href=\"\">: https:\/\/www.cairn.info\/revue-afrique-contemporaine-2019-1-page-155.htm ;<\/a> \u00e9galement disponible sur <a href=\"\">: https:\/\/www.cltweb.org\/resources\/research-and-scholarship\/<\/a>    <\/p>\n\n<p>Simonneau Claire, Denis \u00c9ric (coord.). 2021.   <em>Communs fonciers pour des villes inclusives. Produire et s\u00e9curiser l&#8217;habitat populaire autour de la propri\u00e9t\u00e9 partag\u00e9e du sol : une diversit\u00e9 de mod\u00e8les, leurs int\u00e9r\u00eats et leurs limites <\/em>Agence fran\u00e7aise de d\u00e9veloppement, Papiers de recherche. Disponible \u00e0 l&#8217;adresse <a href=\"\">: https:\/\/www.cairn.info\/papiers-de-recherche&#8211;1000000148966-page-1.htm<\/a> <\/p>\n\n<p>Simonneau Claire, Denis \u00c9ric, Benjamin Salomon <em>et al.<\/em> 2021. Communs fonciers pour des villes inclusives. Produire et s\u00e9curiser l&#8217;habitat populaire autour de la propri\u00e9t\u00e9 partag\u00e9e du sol : une diversit\u00e9 de mod\u00e8les, leurs int\u00e9r\u00eats et leurs limites &#8220;, dans :     <em>Communs fonciers pour des villes inclusives. Produire et s\u00e9curiser l&#8217;habitat populaire autour de la propri\u00e9t\u00e9 partag\u00e9e du sol : une diversit\u00e9 de mod\u00e8les, leurs int\u00e9r\u00eats et leurs limites <\/em>, coordination Cl\u00e9ment Jeanne. Paris Cedex 12, Agence fran\u00e7aise de d\u00e9veloppement, &#8221; Papiers de recherche, pp. 1-80. <\/p>\n\n<p>Logement durable pour des villes inclusives et durables (SHICC). 2021.<em>Community land trusts urbains en europe<strong>: <\/strong>vers un mouvement transnational.<\/em><a href=\"https:\/\/esprit.presse.fr\/article\/vincent-le-rouzic\/apres-la-propriete-43524\">https:\/\/www.nweurope.eu\/media\/11754\/shicc_eu-clt-guide_2020_fr.pdf<\/a> <\/p>\n\n<h2 class=\"wp-block-heading\" id=\"Dutch\">Publications du CLT en n\u00e9erlandais<\/h2>\n\n<p>Algoed, Line et Geert De Pauw. 2020. Les objectifs de l&#8217;international community land trust beweging.    <em>AGORA.<\/em>  2020-1 Jaargang 36 : 15-18.<\/p>\n\n<p>Bacchus, Kris. 2013. HET COMMUNITY LAND TRUST MODEL Innovatief financieringsinstrument voor duurzaamheidstransities in Vlaanderen ? KULeuven, Leuven.<\/p>\n\n<p>Baets, Laura, Geert De Pauw, Michael Ryckewaert, Linde Smits. 2020. Haalbaarheidsstudie naar het oprichten van een CLT in Leuven. Bruxelles, Community Land Trust Brussels <a href=\"https:\/\/researchportal.vub.be\/en\/publications\/haalbaarheidsonderzoek-naar-het-oprichten-van-een-clt-in-leuven-d\">https:\/\/www.agsl.be\/sites\/agsl.be\/files\/documents\/2021-06\/CLTB_VUB_2020_HaalbaarheidsstudieCLTLeuven_digitaal.pdf<\/a>   <\/p>\n\n<p>De Pauw, Geert. 2018. Grond niet te koop. Gemeenschapsgrond als basis voor een rechtvaardige en duurzame stad in het Community Land Trust model. Dans A. Kuhk, Holemans, D. &amp; Van den Broeck, P. (eds.).      <em>Sur le terrain de la solidarit\u00e9. Woningen, voedsel en trage wegen als heruitgevonden commons <\/em>. Leuven: EPO. <\/p>\n\n<p>Logement durable pour des villes inclusives et durables (SHICC). 2021. <em>Stedelijke community land trusts in europa : naar een transnationale beweging.<\/em> <a href=\"\" target=\"\" rel=\"noopener\">https:\/\/www.nweurope.eu\/media\/11752\/shicc_eu-clt-guide_2020_nl.pdf<\/a> <\/p>\n\n<h2 class=\"wp-block-heading\" id=\"Portuguese\">Publications du CLT en portugais<\/h2>\n\n<p>Ant\u00e3o, Renata. C. N. et Tarcyla Fidalgo Ribeiro. 2019. Termo Territorial Coletivo : Instrumento de &#8220;costura&#8221; entre o Planejamento Urbano e o Direito em Prol do Incremento da Seguran\u00e7a da Posse. XVIII Enanpur. Anais. Natal : ANPUR, 2019. Disponible \u00e0 l&#8217;adresse <a href=\"\" target=\"\" rel=\"noopener\">: https:\/\/www.termoterritorialcoletivo.org\/biblioteca-termo-territorial-coletivo\/termo-territorial-coletivo-planejamento-urbano-e-o-direito-em-prol-do-incremento-da-segurana-da-posse.<\/a>       <\/p>\n\n<p>&#8212;. 2020. Le coop\u00e9rativisme habituel et la gestion collective de la propri\u00e9t\u00e9 comme garantie de la s\u00e9curit\u00e9 de la population vuln\u00e9rable : O Community Land Trust. Revista De Gest\u00e3o E Organiza\u00e7\u00f5es Cooperativas, <em>7<\/em>(14), 119-132. Disponible sur : <a href=\"https:\/\/www.researchgate.net\/publication\/349187072_O_cooperativismo_habitacional_e_a_gestao_coletiva_da_propriedade_como_garantia_da_seguranca_da_posse_de_populacoes_vulnerabilizadas_O_Community_Land_Trust\">&lt;https:\/\/www.researchgate.net\/publication\/349187072_O_cooperativismo_habitacional_e_a_gestao_coletiva_da_propriedade_como_garantia_da_seguranca_da_posse_de_populacoes_vulnerabilizadas_O_Community_Land_Trust&gt;<\/a>    <\/p>\n\n<p>Cotto C\u00e1ndida. 2020. En busca de tierras a perpetuidad para la agricultura sostenible. <em>Clart\u00e9<\/em> <a href=\"\">: https:\/\/www.claridadpuertorico.com\/en-busca-de-tierras-a-perpetuidad-para-la-agricultura-sostenible\/<\/a>  <\/p>\n\n<p>Fidalgo Ribeiro, Tarcyla et Renata Ant\u00e3o. 2018. A gest\u00e3o coletiva da propriedade como garantia da seguran\u00e7a da posse de popula\u00e7\u00f5es vulnerabilizadas : os termos comunit\u00e1rios territoriais (tct) e as possibilidades no ordenamento jur\u00eddico brasileiro. In : Congresso observat\u00f3rio das metr\u00f3poles 20 anos : 2018, Rio de Janeiro. As metr\u00f3poles e o direito \u00e0 cidade : dilemas, desafios e esperan\u00e7as, p. 2329-2352. Disponible \u00e0 l&#8217;adresse suivante : <a href=\"\">&lt;https:\/\/www.researchgate.net\/publication\/335255662_A_GESTAO_COLETIVA_DA_PROPRIEDADE_COMO_GARANTIA_DA_SEGURANCA_DA_POSSE_DE_POPULACOES_VULNERABILIZADAS_OS_TERMOS_COMUNITARIOS_TERRITORIAIS_TCT_E_AS_POSSIBILIDADES_NO_ORDENAMENTO_JURIDICO_BRASILEIRO&gt;<\/a>     <\/p>\n\n<p>&#8212;. 2019. Os community land trusts como instrumento de resist\u00eancia aos projetos urbanos neoliberais. Revista do programa de p\u00f3s-gradua\u00e7\u00e3o em arquitetura e urbanismo da FAU-USP, v. 26, p. 01. Disponible \u00e0 l&#8217;adresse suivante : <a href=\"\">&lt;https:\/\/www.revistas.usp.br\/posfau\/article\/view\/154694\/158304&gt;<\/a>    <\/p>\n\n<p>&#8212;. 2021. O Termo Territorial Coletivo como Alternativa Emancipat\u00f3ria \u00e0 Aplica\u00e7\u00e3o da Propriedade Privada Cl\u00e1ssica : Uma Mudan\u00e7a de Perspectiva. In : Diogo R. Coutinho ; Fl\u00e1vio Marques Prol ; D\u00e9bora Ungaretti ; Iag\u00ea Z. Miola ; Tomaso Ferrando. (Org.). Propriedades em transforma\u00e7\u00e3o : expandindo a agenda de pesquisa. S\u00e3o Paulo : Blucher, 2021, v. 2, p. 188-2010. Disponible \u00e0 l&#8217;adresse suivante : <a href=\"https:\/\/www.researchgate.net\/publication\/335255345_O_TERMO_TERRITORIAL_COLETIVO_COMO_ALTERNATIVA_EMANCIPATORIA_A_APLICACAO_DA_PROPRIEDADE_PRIVADA_CLASSICA_UMA_MUDANCA_DE_PERSPECTIVA\">&lt;https:\/\/www.researchgate.net\/publication\/335255345_O_TERMO_TERRITORIAL_COLETIVO_COMO_ALTERNATIVA_EMANCIPATORIA_A_APLICACAO_DA_PROPRIEDADE_PRIVADA_CLASSICA_UMA_MUDANCA_DE_PERSPECTIVA&gt;<\/a>       <\/p>\n\n<p>Fidalgo Ribeiro, Tarcyla. 2018. Parecer Jur\u00eddico sobre Legisla\u00e7\u00e3o Brasileira em Rela\u00e7\u00e3o ao Instrumento TTC, Preparado para o Lincoln Institute of Land Policy. Disponible sur <a href=\"\" target=\"\" rel=\"noopener\">&lt;https:\/\/comcat.org\/wp-content\/uploads\/2018\/08\/2018-04-Parecer-juridico-TTC-por-Tarcyla-Fidalgo-LILP.pdf&gt;<\/a>.   <\/p>\n\n<p>&#8212;. 2020. &#8220;Os &#8220;Community Land Trusts&#8221; : potencialidades e desafios de sua implementa\u00e7\u00e3o nas cidades brasileiras&#8221;. Revista de Direito da Cidade, Rio de Janeiro, v. 12, n.1, 609-631. Disponible sur : <a href=\"\">&lt;https:\/\/www.researchgate.net\/publication\/341037661_Os_Community_Land_Trusts_potencialidades_e_desafios_de_sua_implementacao_nas_cidades_brasileiras&gt;<\/a>.    <\/p>\n\n<p>&#8212;. 2021. O &#8216;Community Land Trust&#8217; como instrumento de resili\u00eancia urbana : possibilidades a partir da expectativa de sua implementa\u00e7\u00e3o. In : II Encuentro de la Red de Asentamientos Populares &#8211; ENRAP, Buenos Aires. Pandemia, crisis y oportunidades para el h\u00e1bitat popular. Buenos Aires : FAu-UNNE, 2021. v. 1. p. 601-613. Disponible sur :<a href=\"https:\/\/drive.google.com\/file\/d\/15N1UPsiV1c9fSOqAawNCdHqsnOJ0unS0\/view\">&lt;https:\/\/drive.google.com\/file\/d\/15N1UPsiV1c9fSOqAawNCdHqsnOJ0unS0\/view&gt;<\/a>        <\/p>\n\n<p>&#8212;. 2021. O Termo Territorial Coletivo e o Direito \u00e0 Moradia Adequada : potencialidades a partir de uma experi\u00eancia do Programa Minha Casa Minha Vida &#8211; Entidades. In : Adauto L. Cardoso ; Camila D&#8217;Ottaviano. (Org.). Habita\u00e7\u00e3o e Direito \u00e0 Cidade desafios para as metr\u00f3poles em tempos de crise. 1ed. Rio de Janeiro : <em>Letra Capital<\/em>, v. 1, p. 78-107. Disponible \u00e0 l&#8217;adresse suivante : <a href=\"https:\/\/www.researchgate.net\/publication\/350887240_O_TERMO_TERRITORIAL_COLETIVO_E_O_DIREITO_A_MORADIA_ADEQUADA_potencialidades_a_partir_de_uma_experiencia_do_Programa_Minha_Casa_Minha_Vida-Entidades\">&lt;https:\/\/www.researchgate.net\/publication\/350887240_O_TERMO_TERRITORIAL_COLETIVO_E_O_DIREITO_A_MORADIA_ADEQUADA_potencialidades_a_partir_de_uma_experiencia_do_Programa_Minha_Casa_Minha_Vida-Entidades&gt;<\/a>        <\/p>\n\n<p>&#8212;. 2021. Nouvelles perspectives pour la gestion territoriale et financi\u00e8re de l&#8217;\u00e9ducation : O termo territorial coletivo. In : Margareth Matiko Uemura et al. (Org.). ATHIS para o direito \u00e0 moradia. S\u00e3o Paulo : <em>P\u00f3lis<\/em>, v. 1, p. 153-162. Disponible sur : <a href=\"https:\/\/polis.org.br\/wp-content\/uploads\/2021\/12\/ATHIS-DIREITO-A-MORADIA_nov2021.pdf\">&lt;https:\/\/polis.org.br\/wp-content\/uploads\/2021\/12\/ATHIS-DIREITO-A-MORADIA_nov2021.pdf&gt;<\/a>       <\/p>\n\n<p>&#8212;. 2021. O termo territorial coletivo como alternativa emancipat\u00f3ria \u00e0 aplica\u00e7\u00e3o da propriedade privada cl\u00e1ssica uma mudan\u00e7a de perspectiva. <em>Academia<\/em>.  <\/p>\n\n<p>Fidalgo Ribeiro, Tarcyla et F. Litsek. 2020. Novos olhares sobre a Lei 13.465\/17 : Potencialidades no Fortalecimento das Comunidades atrav\u00e9s dos Termos Territoriais Coletivos. InSURg\u00eancia : revista de direitos e movimentos sociais, <em>Bras\u00edlia<\/em>, v. 6, n. 2, 2020. Disponible sur : <a href=\"\">&lt;https:\/\/periodicos.unb.br\/index.php\/insurgencia\/article\/view\/31968&gt;<\/a>.     <\/p>\n\n<p>&#8212;. 2021. Construindo caminhos para o direito \u00e0 cidade : a contribui\u00e7\u00e3o do Termo Territorial Coletivo. In : Edesio Fernandes et al. (Org.). El derecho a la ciudad frente a los desaf\u00edos actuales. 1ed. Buenos Aires : <em>CLACSO<\/em>, 2021, v. 2, p. 107-118. Dispon\u00edvel em: <a href=\"\">&lt;https:\/\/static1.squarespace.com\/static\/604bd897618ad1188169cd5a\/t\/61aa8482c932dd0babc66710\/1638565014300\/V2_Desigualdades-urbanas_CuadN2+%281%29.pdf&gt;<\/a> <\/p>\n\n<p>Fidalgo Ribeiro, Tarcyla, Felipe Cruz Akos Litsek, Clarissa Sapori Avelar et Martim Ferraz Costa Furtado. 2022. Experi\u00eancias internacionais de Community Land Trusts e li\u00e7\u00f5es para a implementa\u00e7\u00e3o do modelo no Brasil (Fonds fonciers communautaires internationaux : exp\u00e9riences et le\u00e7ons pour la mise en \u0153uvre de ce mod\u00e8le au Br\u00e9sil). Revista brasileira de estudos urbanos e regionais. v. 24. Disponible \u00e0 l&#8217;<a href=\"\" target=\"\" rel=\"noopener\">adresse : https:\/\/rbeur.anpur.org.br\/rbeur\/article\/view\/7113<\/a>     <\/p>\n\n<p>Fidalgo Ribeiro, Tarcyla, Felipe Cruz Akos Litsek, Rebeca Landeiro dos Santos, Monica Mendon\u00e7a Nunes. 2023. \u00c0 la recherche de nouvelles solutions pour garantir la s\u00e9curit\u00e9 d&#8217;occupation dans les villes : l&#8217;exp\u00e9rience du projet de fiducie fonci\u00e8re communautaire de favela \u00e0 Rio de Janeiro. (Em Busca de Novas Solu\u00e7\u00f5es para a Garantia de Seguran\u00e7a da Posse nas Cidades : A Experi\u00eancia do Projeto Termo Territorial Coletivo no Rio de Janeiro). Anais do XX ENANPUR.    <\/p>\n\n<p>Litsek, F. A. 2019. Experi\u00eancia dos Termos Territoriais Coletivos na Promo\u00e7\u00e3o de Moradia Acess\u00edvel e Resist\u00eancia \u00e0 Mercantiliza\u00e7\u00e3o da Terra. Revista E-Metropolis, Rio de Janeiro, n. 39, ano 10, 2019. Dispon\u00edvel em : <a href=\"http:\/\/emetropolis.net\/artigo\/305?name=a-experiencia-dos-termos-territoriais-coletivos-na-promocao-de-moradia-acessivel-e-resistencia-a-mercantilizacao-da-terra\">&lt;http:\/\/emetropolis.net\/artigo\/305?name=a-experiencia-dos-termos-territoriais-coletivos-na-promocao-de-moradia-acessivel-e-resistencia-a-mercantilizacao-da-terra&gt;<\/a>.    <\/p>\n\n<p>Litsek, Felipe &amp; Rebeca Landeiro. 2021. O Termo Territorial Coletivo na Am\u00e9rica Latina : Di\u00e1logos entre Brasil e Porto Rico. <em>RioOnWatch<\/em> (02-12-21). <a href=\"https:\/\/rioonwatch.org.br\/?p=59554\">https:\/\/rioonwatch.org.br\/?p=59554<\/a>  <\/p>\n\n<p>Santos, R. L. 2021. O Estado e a Especula\u00e7\u00e3o Fundi\u00e1ria em Favelas : Um estudo sobre o Termo Territorial Coletivo. Disponible \u00e0 l&#8217;adresse : <a href=\"https:\/\/issuu.com\/rebecalandeiro\/docs\/csderno_ilustrado_para_issuu\">&lt;https:\/\/issuu.com\/rebecalandeiro\/docs\/csderno_ilustrado_para_issuu&gt;<\/a>  <\/p>\n\n<p>Sotto, D. 2017. Redescobrindo o direito de superf\u00edcie atrav\u00e9s dos Community Land Trusts : alternativas para a realiza\u00e7\u00e3o do direito \u00e0 moradia adequada no Brasil. In : Vieira, Bruno Soeiro. (Org.). Instrumentos Urban\u00edsticos e sua (in)efetividade. 1ed. Rio de Janeiro : Lumen Juris, v. 1, p. 157-174. Disponible sur : <a href=\"https:\/\/www.researchgate.net\/publication\/323548192_Redescobrindo_o_direito_de_superficie_atraves_dos_Community_Land_Trusts_alternativas_para_a_realizacao_do_direito_a_moradia_adequada_no_Brasil\">&lt;https:\/\/www.researchgate.net\/publication\/323548192_Redescobrindo_o_direito_de_superficie_atraves_dos_Community_Land_Trusts_alternativas_para_a_realizacao_do_direito_a_moradia_adequada_no_Brasil&gt;<\/a>.       <\/p>\n\n<p>Williamson, Theresa. 2018. O Termo Territorial Coletivo (TTC) Aplicado \u00e0s Favelas Poderia Resolver a Crise Mundial de Moradia ? <em>Land Lines<\/em>, p. 8-23. Dispon\u00edvel em : <a href=\"https:\/\/comcat.org\/wp-content\/uploads\/2018\/08\/O-Termo-Territorial-Coletivo-TTC-Aplicado-a%CC%80s-Favelas-Poderia-Resolver-a-Crise-Mundial-de-Moradia.pdf\">&lt;https:\/\/comcat.org\/wp-content\/uploads\/2018\/08\/O-Termo-Territorial-Coletivo-TTC-Aplicado-a%CC%80s-Favelas-Poderia-Resolver-a-Crise-Mundial-de-Moradia.pdf&gt;<\/a>   <\/p>\n\n<h2 class=\"wp-block-heading\" id=\"Italian\">Publications du CLT en italien<\/h2>\n\n<p>Cuccia, Andrea. 2019. Community land trust e beni comuni. Le implicazioni della dimensione comunitaria e i risvolti applicativi in Italia. PAPIER LABSUS <a href=\"http:\/\/emetropolis.net\/artigo\/305?name=a-experiencia-dos-termos-territoriais-coletivos-na-promocao-de-moradia-acessivel-e-resistencia-a-mercantilizacao-da-terra\">: https:\/\/www.academia.edu\/38761978\/Community_Land_Trust_e_beni_comuni_Le_implicazioni_della_dimensione_comunitaria_e_i_risvolti_applicativi_in_Italia<\/a>    <\/p>\n\n<p>Lenna, Verena. 2019. Riconoscimento e responsabilit\u00e0. <em>Ardeth<\/em> 4 : 30-55.  <\/p>\n\n<p>Nessi, Cecilia. 2013. Terra, casa e proprieta&#8217; collettiva : il caso dei community land trusts. Universita&#8217; Degli Studi di Torino, Dipartimento di Economia Cognetti De Martiis.   <\/p>\n\n<p>Vercellone, Antonio. 2016. Urban commons e modelli di governo, Il community land trust. <em>A. QUARTA, M. SPANO&#8217; (a cura di), Beni Comuni 2.0<\/em>. Contro-egemonia, Nuove Istituzioni, Mimesis, Milano &#8211; Udine.   <\/p>\n\n<p>&#8212;. 2020. Il community land trust. Autonomia privata, conformazione della propriet\u00e0, distribuzione della rendita urbana, Giuffr\u00e9. Francis Lefebvre, Milano.<\/p>\n\n<h2 class=\"wp-block-heading\" id=\"German\">Publications du CLT en allemand<\/h2>\n\n<p>Horlitz, Sabine. 2020. Die Stadtbodenstiftung &#8211; \u00dcber den boden zur solidarischen stadt. <em>ARCH+<\/em> (d\u00e9cembre).  <\/p>\n\n<p>&#8212;. 2021 &#8211; Entretien avec Sabine Horlitz : <em>&#8220;Wie sich Boden dauerhaft dem Markt entziehen l\u00e4sst&#8221; Deutschlandfunk Kultur<\/em>. (9 septembre).  <\/p>\n\n<p>LaFond, Michael et Larisa Tsvetkova (eds.). 2017. <em>Cohousing inclusive : self-organized community-led housing for all<\/em>. Berlin : Jovis Verlag. (allemand et anglais). Disponible \u00e0 l&#8217;<a href=\"\">adresse : https:\/\/www.amazon.com\/CoHousing-Inclusive-Self-Organized-Community-Led-Housing\/dp\/3868594620<\/a>    <\/p>\n\n<p>Sch\u00f6nberg, Philip. 2020. &#8220;Community land trust : die idee einer sozialen bodenplattform&#8221; <em>polis<\/em> (15 janvier).  <\/p>\n\n<p>Schr\u00f6der, Catalina. 2020. &#8220;Mit Stiftungen gegen bodenspekulation &#8211; <em>Wie Wohnen erschwinglich bleiben kann&#8221; Deutschlandfunk Kultur<\/em>. (3 mars).   <\/p>\n\n<p>Logement durable pour des villes inclusives et durables (SHICC). 2021. <em>Urbane community land trusts in Europa : <\/em><em>auf dem weg zu einer l\u00e4nder\u00fcbergreifenden bewegung.<\/em> <a href=\"\">https:\/\/www.nweurope.eu\/media\/11755\/shicc_eu-clt-guide_2020_de.pdf<\/a> <\/p>\n","protected":false},"excerpt":{"rendered":"<p>Mise \u00e0 jour 7\/1\/24 Publications du CLT en espagnol Algoed, Line, Maria E. Hernandez Torrales, et Lyvia Rodriguez Del Valle. 2018. El Fideicomiso de la Tierra del Ca\u00f1o Mart\u00edn Pe\u00f1a [&hellip;]<\/p>\n","protected":false},"author":1,"featured_media":0,"parent":1871,"menu_order":0,"comment_status":"closed","ping_status":"closed","template":"","meta":{"give_campaign_id":0,"_tec_requires_first_save":true,"_kad_blocks_custom_css":"","_kad_blocks_head_custom_js":"","_kad_blocks_body_custom_js":"","_kad_blocks_footer_custom_js":"","_EventAllDay":false,"_EventTimezone":"","_EventStartDate":"","_EventEndDate":"","_EventStartDateUTC":"","_EventEndDateUTC":"","_EventShowMap":false,"_EventShowMapLink":false,"_EventURL":"","_EventCost":"","_EventCostDescription":"","_EventCurrencySymbol":"","_EventCurrencyCode":"","_EventCurrencyPosition":"","_EventDateTimeSeparator":"","_EventTimeRangeSeparator":"","_EventOrganizerID":[],"_EventVenueID":[],"_OrganizerEmail":"","_OrganizerPhone":"","_OrganizerWebsite":"","_VenueAddress":"","_VenueCity":"","_VenueCountry":"","_VenueProvince":"","_VenueState":"","_VenueZip":"","_VenuePhone":"","_VenueURL":"","_VenueStateProvince":"","_VenueLat":"","_VenueLng":"","_VenueShowMap":false,"_VenueShowMapLink":false,"_tribe_blocks_recurrence_rules":"","_tribe_blocks_recurrence_description":"","_tribe_blocks_recurrence_exclusions":"","footnotes":""},"categories":[],"tags":[],"class_list":["post-3894","page","type-page","status-publish","hentry"],"blocksy_meta":[],"yoast_head":"<!-- This site is optimized with the Yoast SEO Premium plugin v27.5 (Yoast SEO v27.5) - https:\/\/yoast.com\/product\/yoast-seo-premium-wordpress\/ -->\n<title>Bibliographie internationale CLT - Non-anglais - International Center for Community Land Trusts<\/title>\n<meta name=\"robots\" content=\"index, follow, max-snippet:-1, max-image-preview:large, max-video-preview:-1\" \/>\n<link rel=\"canonical\" href=\"https:\/\/www.cltweb.org\/fr\/bibliotheque-de-ressources\/bibliographie\/bibliographie-internationale-clt-non-anglais\/\" \/>\n<meta property=\"og:locale\" content=\"fr_FR\" \/>\n<meta property=\"og:type\" content=\"article\" \/>\n<meta property=\"og:title\" content=\"Bibliographie internationale CLT - Non-anglais\" \/>\n<meta property=\"og:description\" content=\"Mise \u00e0 jour 7\/1\/24 Publications du CLT en espagnol Algoed, Line, Maria E. Hernandez Torrales, et Lyvia Rodriguez Del Valle. 2018. El Fideicomiso de la Tierra del Ca\u00f1o Mart\u00edn Pe\u00f1a [&hellip;]\" \/>\n<meta property=\"og:url\" content=\"https:\/\/www.cltweb.org\/fr\/bibliotheque-de-ressources\/bibliographie\/bibliographie-internationale-clt-non-anglais\/\" \/>\n<meta property=\"og:site_name\" content=\"International Center for Community Land Trusts\" \/>\n<meta property=\"article:publisher\" content=\"https:\/\/www.facebook.com\/cltcenter\" \/>\n<meta property=\"article:modified_time\" content=\"2024-10-19T20:54:19+00:00\" \/>\n<meta name=\"twitter:card\" content=\"summary_large_image\" \/>\n<meta name=\"twitter:site\" content=\"@Center4CLTs\" \/>\n<meta name=\"twitter:label1\" content=\"Dur\u00e9e de lecture estim\u00e9e\" \/>\n\t<meta name=\"twitter:data1\" content=\"14 minutes\" \/>\n<script type=\"application\/ld+json\" class=\"yoast-schema-graph\">{\"@context\":\"https:\\\/\\\/schema.org\",\"@graph\":[{\"@type\":\"WebPage\",\"@id\":\"https:\\\/\\\/www.cltweb.org\\\/fr\\\/bibliotheque-de-ressources\\\/bibliographie\\\/bibliographie-internationale-clt-non-anglais\\\/\",\"url\":\"https:\\\/\\\/www.cltweb.org\\\/fr\\\/bibliotheque-de-ressources\\\/bibliographie\\\/bibliographie-internationale-clt-non-anglais\\\/\",\"name\":\"Bibliographie internationale CLT - Non-anglais - International Center for Community Land Trusts\",\"isPartOf\":{\"@id\":\"https:\\\/\\\/www.cltweb.org\\\/fr\\\/#website\"},\"datePublished\":\"2024-10-19T20:50:09+00:00\",\"dateModified\":\"2024-10-19T20:54:19+00:00\",\"breadcrumb\":{\"@id\":\"https:\\\/\\\/www.cltweb.org\\\/fr\\\/bibliotheque-de-ressources\\\/bibliographie\\\/bibliographie-internationale-clt-non-anglais\\\/#breadcrumb\"},\"inLanguage\":\"fr-FR\",\"potentialAction\":[{\"@type\":\"ReadAction\",\"target\":[\"https:\\\/\\\/www.cltweb.org\\\/fr\\\/bibliotheque-de-ressources\\\/bibliographie\\\/bibliographie-internationale-clt-non-anglais\\\/\"]}]},{\"@type\":\"BreadcrumbList\",\"@id\":\"https:\\\/\\\/www.cltweb.org\\\/fr\\\/bibliotheque-de-ressources\\\/bibliographie\\\/bibliographie-internationale-clt-non-anglais\\\/#breadcrumb\",\"itemListElement\":[{\"@type\":\"ListItem\",\"position\":1,\"name\":\"Home\",\"item\":\"https:\\\/\\\/www.cltweb.org\\\/fr\\\/\"},{\"@type\":\"ListItem\",\"position\":2,\"name\":\"Biblioth\u00e8que de ressources\",\"item\":\"https:\\\/\\\/www.cltweb.org\\\/fr\\\/bibliotheque-de-ressources\\\/\"},{\"@type\":\"ListItem\",\"position\":3,\"name\":\"Bibliographie\",\"item\":\"https:\\\/\\\/www.cltweb.org\\\/fr\\\/bibliotheque-de-ressources\\\/bibliographie\\\/\"},{\"@type\":\"ListItem\",\"position\":4,\"name\":\"Bibliographie internationale CLT &#8211; Non-anglais\"}]},{\"@type\":\"WebSite\",\"@id\":\"https:\\\/\\\/www.cltweb.org\\\/fr\\\/#website\",\"url\":\"https:\\\/\\\/www.cltweb.org\\\/fr\\\/\",\"name\":\"International Center for Community Land Trusts\",\"description\":\"\",\"publisher\":{\"@id\":\"https:\\\/\\\/www.cltweb.org\\\/fr\\\/#organization\"},\"potentialAction\":[{\"@type\":\"SearchAction\",\"target\":{\"@type\":\"EntryPoint\",\"urlTemplate\":\"https:\\\/\\\/www.cltweb.org\\\/fr\\\/?s={search_term_string}\"},\"query-input\":{\"@type\":\"PropertyValueSpecification\",\"valueRequired\":true,\"valueName\":\"search_term_string\"}}],\"inLanguage\":\"fr-FR\"},{\"@type\":\"Organization\",\"@id\":\"https:\\\/\\\/www.cltweb.org\\\/fr\\\/#organization\",\"name\":\"International Center for Community Land Trusts\",\"url\":\"https:\\\/\\\/www.cltweb.org\\\/fr\\\/\",\"logo\":{\"@type\":\"ImageObject\",\"inLanguage\":\"fr-FR\",\"@id\":\"https:\\\/\\\/www.cltweb.org\\\/fr\\\/#\\\/schema\\\/logo\\\/image\\\/\",\"url\":\"https:\\\/\\\/www.cltweb.org\\\/wp-content\\\/uploads\\\/2024\\\/11\\\/New-CLT-Center-Text-logo.png\",\"contentUrl\":\"https:\\\/\\\/www.cltweb.org\\\/wp-content\\\/uploads\\\/2024\\\/11\\\/New-CLT-Center-Text-logo.png\",\"width\":227,\"height\":80,\"caption\":\"International Center for Community Land Trusts\"},\"image\":{\"@id\":\"https:\\\/\\\/www.cltweb.org\\\/fr\\\/#\\\/schema\\\/logo\\\/image\\\/\"},\"sameAs\":[\"https:\\\/\\\/www.facebook.com\\\/cltcenter\",\"https:\\\/\\\/x.com\\\/Center4CLTs\",\"https:\\\/\\\/www.instagram.com\\\/cltcenter\\\/\",\"https:\\\/\\\/www.linkedin.com\\\/company\\\/cltcenter\",\"https:\\\/\\\/www.youtube.com\\\/@centerforcltinnovation5313\"],\"description\":\"The International Center for Community Land Trusts is a not-for-profit nongovernmental organization established in 2018 to promote and to support community land trusts and similar strategies of community-led development on community-owned land in countries throughout the world.\",\"email\":\"info@communitylandtrust.net\",\"legalName\":\"International Center for Community Land Trusts\",\"foundingDate\":\"2018-12-01\",\"taxID\":\"84-3858933\",\"numberOfEmployees\":{\"@type\":\"QuantitativeValue\",\"minValue\":\"1\",\"maxValue\":\"10\"}}]}<\/script>\n<!-- \/ Yoast SEO Premium plugin. -->","yoast_head_json":{"title":"Bibliographie internationale CLT - Non-anglais - International Center for Community Land Trusts","robots":{"index":"index","follow":"follow","max-snippet":"max-snippet:-1","max-image-preview":"max-image-preview:large","max-video-preview":"max-video-preview:-1"},"canonical":"https:\/\/www.cltweb.org\/fr\/bibliotheque-de-ressources\/bibliographie\/bibliographie-internationale-clt-non-anglais\/","og_locale":"fr_FR","og_type":"article","og_title":"Bibliographie internationale CLT - Non-anglais","og_description":"Mise \u00e0 jour 7\/1\/24 Publications du CLT en espagnol Algoed, Line, Maria E. Hernandez Torrales, et Lyvia Rodriguez Del Valle. 2018. El Fideicomiso de la Tierra del Ca\u00f1o Mart\u00edn Pe\u00f1a [&hellip;]","og_url":"https:\/\/www.cltweb.org\/fr\/bibliotheque-de-ressources\/bibliographie\/bibliographie-internationale-clt-non-anglais\/","og_site_name":"International Center for Community Land Trusts","article_publisher":"https:\/\/www.facebook.com\/cltcenter","article_modified_time":"2024-10-19T20:54:19+00:00","twitter_card":"summary_large_image","twitter_site":"@Center4CLTs","twitter_misc":{"Dur\u00e9e de lecture estim\u00e9e":"14 minutes"},"schema":{"@context":"https:\/\/schema.org","@graph":[{"@type":"WebPage","@id":"https:\/\/www.cltweb.org\/fr\/bibliotheque-de-ressources\/bibliographie\/bibliographie-internationale-clt-non-anglais\/","url":"https:\/\/www.cltweb.org\/fr\/bibliotheque-de-ressources\/bibliographie\/bibliographie-internationale-clt-non-anglais\/","name":"Bibliographie internationale CLT - Non-anglais - International Center for Community Land Trusts","isPartOf":{"@id":"https:\/\/www.cltweb.org\/fr\/#website"},"datePublished":"2024-10-19T20:50:09+00:00","dateModified":"2024-10-19T20:54:19+00:00","breadcrumb":{"@id":"https:\/\/www.cltweb.org\/fr\/bibliotheque-de-ressources\/bibliographie\/bibliographie-internationale-clt-non-anglais\/#breadcrumb"},"inLanguage":"fr-FR","potentialAction":[{"@type":"ReadAction","target":["https:\/\/www.cltweb.org\/fr\/bibliotheque-de-ressources\/bibliographie\/bibliographie-internationale-clt-non-anglais\/"]}]},{"@type":"BreadcrumbList","@id":"https:\/\/www.cltweb.org\/fr\/bibliotheque-de-ressources\/bibliographie\/bibliographie-internationale-clt-non-anglais\/#breadcrumb","itemListElement":[{"@type":"ListItem","position":1,"name":"Home","item":"https:\/\/www.cltweb.org\/fr\/"},{"@type":"ListItem","position":2,"name":"Biblioth\u00e8que de ressources","item":"https:\/\/www.cltweb.org\/fr\/bibliotheque-de-ressources\/"},{"@type":"ListItem","position":3,"name":"Bibliographie","item":"https:\/\/www.cltweb.org\/fr\/bibliotheque-de-ressources\/bibliographie\/"},{"@type":"ListItem","position":4,"name":"Bibliographie internationale CLT &#8211; Non-anglais"}]},{"@type":"WebSite","@id":"https:\/\/www.cltweb.org\/fr\/#website","url":"https:\/\/www.cltweb.org\/fr\/","name":"International Center for Community Land Trusts","description":"","publisher":{"@id":"https:\/\/www.cltweb.org\/fr\/#organization"},"potentialAction":[{"@type":"SearchAction","target":{"@type":"EntryPoint","urlTemplate":"https:\/\/www.cltweb.org\/fr\/?s={search_term_string}"},"query-input":{"@type":"PropertyValueSpecification","valueRequired":true,"valueName":"search_term_string"}}],"inLanguage":"fr-FR"},{"@type":"Organization","@id":"https:\/\/www.cltweb.org\/fr\/#organization","name":"International Center for Community Land Trusts","url":"https:\/\/www.cltweb.org\/fr\/","logo":{"@type":"ImageObject","inLanguage":"fr-FR","@id":"https:\/\/www.cltweb.org\/fr\/#\/schema\/logo\/image\/","url":"https:\/\/www.cltweb.org\/wp-content\/uploads\/2024\/11\/New-CLT-Center-Text-logo.png","contentUrl":"https:\/\/www.cltweb.org\/wp-content\/uploads\/2024\/11\/New-CLT-Center-Text-logo.png","width":227,"height":80,"caption":"International Center for Community Land Trusts"},"image":{"@id":"https:\/\/www.cltweb.org\/fr\/#\/schema\/logo\/image\/"},"sameAs":["https:\/\/www.facebook.com\/cltcenter","https:\/\/x.com\/Center4CLTs","https:\/\/www.instagram.com\/cltcenter\/","https:\/\/www.linkedin.com\/company\/cltcenter","https:\/\/www.youtube.com\/@centerforcltinnovation5313"],"description":"The International Center for Community Land Trusts is a not-for-profit nongovernmental organization established in 2018 to promote and to support community land trusts and similar strategies of community-led development on community-owned land in countries throughout the world.","email":"info@communitylandtrust.net","legalName":"International Center for Community Land Trusts","foundingDate":"2018-12-01","taxID":"84-3858933","numberOfEmployees":{"@type":"QuantitativeValue","minValue":"1","maxValue":"10"}}]}},"campaignId":"","taxonomy_info":[],"featured_image_src_large":false,"author_info":{"display_name":"cltredesign_0jp0l4","author_link":"https:\/\/www.cltweb.org\/fr\/author\/cltredesign_0jp0l4\/"},"comment_info":0,"jetpack_sharing_enabled":true,"jetpack-related-posts":[{"id":1871,"url":"https:\/\/www.cltweb.org\/fr\/bibliotheque-de-ressources\/bibliographie\/","url_meta":{"origin":3894,"position":0},"title":"Bibliographie","author":"cltredesign_0jp0l4","date":"26 juillet 2024","format":false,"excerpt":"Introduction Cette bibliographie est un travail en cours. Elle a d\u00e9but\u00e9 il y a plus de vingt-cinq ans en r\u00e9ponse \u00e0 des demandes r\u00e9p\u00e9t\u00e9es d'universitaires et de praticiens qui me demandaient si je pouvais les orienter vers \"plus d'informations\" sur les community land trusts. J'ai commenc\u00e9 \u00e0 compiler et \u00e0\u2026","rel":"","context":"Dans &quot;Biblioth\u00e8que de ressources&quot;","block_context":{"text":"Biblioth\u00e8que de ressources","link":"https:\/\/www.cltweb.org\/fr\/category\/bibliotheque-de-ressources\/"},"img":{"alt_text":"","src":"","width":0,"height":0},"classes":[]},{"id":879,"url":"https:\/\/www.cltweb.org\/fr\/bibliotheque-de-ressources\/quest-ce-quun-clt\/","url_meta":{"origin":3894,"position":1},"title":"Qu&#8217;est-ce qu&#8217;une fiducie fonci\u00e8re communautaire ?","author":"cltredesign_0jp0l4","date":"26 juillet 2024","format":false,"excerpt":"Un community land trust(CLT) est une soci\u00e9t\u00e9 \u00e0 but non lucratif qui d\u00e9tient des terrains pour le compte d'une communaut\u00e9 locale, tout en assurant la gestion \u00e0 long terme de logements abordables, de jardins communautaires, de b\u00e2timents municipaux, d'espaces commerciaux et d'autres actifs communautaires pour le compte d'une communaut\u00e9. Les\u2026","rel":"","context":"Dans &quot;Biblioth\u00e8que de ressources&quot;","block_context":{"text":"Biblioth\u00e8que de ressources","link":"https:\/\/www.cltweb.org\/fr\/category\/bibliotheque-de-ressources\/"},"img":{"alt_text":"","src":"","width":0,"height":0},"classes":[]},{"id":1875,"url":"https:\/\/www.cltweb.org\/de\/ressourcenbibliothek\/bibliographie\/","url_meta":{"origin":3894,"position":2},"title":"Bibliographie","author":"cltredesign_0jp0l4","date":"26 juillet 2024","format":false,"excerpt":"Einf\u00fchrung Diese Bibliographie ist eine fortlaufende Arbeit. Sie entstand vor mehr als f\u00fcnfundzwanzig Jahren als Antwort auf wiederholte Anfragen von Akademikern und Praktikern, die mich baten, ihnen \"mehr Informationen\" \u00fcber kommunale Land Trusts zukommen zu lassen. Ich begann, eine immer l\u00e4nger werdende Liste von B\u00fcchern, Artikeln, Forschungsberichten und akademischen Abhandlungen\u2026","rel":"","context":"Dans &quot;Forschung&quot;","block_context":{"text":"Forschung","link":"https:\/\/www.cltweb.org\/de\/category\/forschung\/"},"img":{"alt_text":"","src":"","width":0,"height":0},"classes":[]},{"id":262,"url":"https:\/\/www.cltweb.org\/resources\/bibliography\/","url_meta":{"origin":3894,"position":3},"title":"Bibliography","author":"cltredesign_0jp0l4","date":"26 juillet 2024","format":false,"excerpt":"Introduction This bibliography is a work-in-progress. It got its start over twenty-five years ago in response to repeated requests from academics and practitioners, asking if I could steer them toward \u201cmore information\u201d about community land trusts. I began compiling and distributing a lengthening list of books, articles, research reports, and\u2026","rel":"","context":"Dans &quot;Research&quot;","block_context":{"text":"Research","link":"https:\/\/www.cltweb.org\/category\/research\/"},"img":{"alt_text":"","src":"","width":0,"height":0},"classes":[]},{"id":1956,"url":"https:\/\/www.cltweb.org\/fr\/nouvelles-et-evenements\/bulletins-dinformation\/","url_meta":{"origin":3894,"position":4},"title":"Bulletins d&#8217;information","author":"cltredesign_0jp0l4","date":"26 juillet 2024","format":false,"excerpt":"Bulletins d'information du Centre CLT.","rel":"","context":"Dans &quot;Nouvelles et \u00e9v\u00e9nements&quot;","block_context":{"text":"Nouvelles et \u00e9v\u00e9nements","link":"https:\/\/www.cltweb.org\/fr\/category\/nouvelles-et-evenements\/"},"img":{"alt_text":"","src":"","width":0,"height":0},"classes":[]},{"id":1698,"url":"https:\/\/www.cltweb.org\/fr\/bibliotheque-de-ressources\/les-racines-du-clt\/precurseurs-internationaux\/","url_meta":{"origin":3894,"position":5},"title":"Pr\u00e9curseurs internationaux","author":"cltredesign_0jp0l4","date":"29 juillet 2024","format":false,"excerpt":"Introduction La fiducie fonci\u00e8re communautaire s'inspire largement de concepts th\u00e9oriques et d'exp\u00e9riences pratiques en mati\u00e8re de location de terrains qui ont vu le jour en dehors des \u00c9tats-Unis. Dans certains cas, ces \"graines import\u00e9es\" ont directement influenc\u00e9 la r\u00e9flexion et le bricolage des Am\u00e9ricains qui ont cr\u00e9\u00e9 des pr\u00e9curseurs et\u2026","rel":"","context":"Dans &quot;Les racines du CLT&quot;","block_context":{"text":"Les racines du CLT","link":"https:\/\/www.cltweb.org\/fr\/category\/les-racines-du-clt\/"},"img":{"alt_text":"","src":"","width":0,"height":0},"classes":[]}],"_links":{"self":[{"href":"https:\/\/www.cltweb.org\/fr\/wp-json\/wp\/v2\/pages\/3894","targetHints":{"allow":["GET"]}}],"collection":[{"href":"https:\/\/www.cltweb.org\/fr\/wp-json\/wp\/v2\/pages"}],"about":[{"href":"https:\/\/www.cltweb.org\/fr\/wp-json\/wp\/v2\/types\/page"}],"author":[{"embeddable":true,"href":"https:\/\/www.cltweb.org\/fr\/wp-json\/wp\/v2\/users\/1"}],"replies":[{"embeddable":true,"href":"https:\/\/www.cltweb.org\/fr\/wp-json\/wp\/v2\/comments?post=3894"}],"version-history":[{"count":2,"href":"https:\/\/www.cltweb.org\/fr\/wp-json\/wp\/v2\/pages\/3894\/revisions"}],"predecessor-version":[{"id":3908,"href":"https:\/\/www.cltweb.org\/fr\/wp-json\/wp\/v2\/pages\/3894\/revisions\/3908"}],"up":[{"embeddable":true,"href":"https:\/\/www.cltweb.org\/fr\/wp-json\/wp\/v2\/pages\/1871"}],"wp:attachment":[{"href":"https:\/\/www.cltweb.org\/fr\/wp-json\/wp\/v2\/media?parent=3894"}],"wp:term":[{"taxonomy":"category","embeddable":true,"href":"https:\/\/www.cltweb.org\/fr\/wp-json\/wp\/v2\/categories?post=3894"},{"taxonomy":"post_tag","embeddable":true,"href":"https:\/\/www.cltweb.org\/fr\/wp-json\/wp\/v2\/tags?post=3894"}],"curies":[{"name":"wp","href":"https:\/\/api.w.org\/{rel}","templated":true}]}}