{"id":4034,"date":"2024-10-21T20:55:22","date_gmt":"2024-10-21T20:55:22","guid":{"rendered":"https:\/\/www.cltweb.org\/bibliotheque-de-ressources\/interviews\/"},"modified":"2024-10-26T18:08:15","modified_gmt":"2024-10-26T18:08:15","slug":"interviews","status":"publish","type":"page","link":"https:\/\/www.cltweb.org\/fr\/bibliotheque-de-ressources\/interviews\/","title":{"rendered":"Interviews"},"content":{"rendered":"<style>.kb-posts-id-4029_c0bfe7-00 .entry.loop-entry .entry-header .entry-title{font-size:24px;}.kb-posts-id-4029_c0bfe7-00 .kb-post-list-item{display:grid;}<\/style><ul class=\"wp-block-kadence-posts kb-posts kadence-posts-list kb-posts-id-4029_c0bfe7-00 content-wrap grid-cols kb-posts-style-boxed grid-sm-col-1 grid-lg-col-1 item-image-style-beside\"><li class=\"kb-post-list-item\">\n\t<article class=\"entry content-bg loop-entry post-4331 page type-page status-publish hentry category-interviews-fr\">\n\t\t\t\t<div class=\"entry-content-wrap\">\n\t\t\t<header class=\"entry-header\">\n\t<h2 class=\"entry-title\"><a href=\"https:\/\/www.cltweb.org\/fr\/bibliotheque-de-ressources\/interviews\/ralph-borsodi\/\" rel=\"bookmark\">Ralph Borsodi (1974)<\/a><\/h2><\/header><!-- .entry-header -->\n\t<div class=\"entry-summary\">\n\t\t<p>Mother Earth News a interview\u00e9 Ralph Borsodi en 1974, apr\u00e8s qu&#8217;il eut pris sa retraite en tant que directeur ex\u00e9cutif de l&#8217;Institut international pour l&#8217;ind\u00e9pendance, l&#8217;organisation qu&#8217;il avait fond\u00e9e en 1967. Il \u00e9tait \u00e2g\u00e9 de 88 ans au moment de l&#8217;entretien et se rem\u00e9morait une longue vie de r\u00e9alisations consid\u00e9rables en tant qu&#8217;\u00e9crivain, homesteader et philosophe social. Inspir\u00e9 par les id\u00e9es d&#8217;Henry George, il avait fond\u00e9 en 1936 une communaut\u00e9 intentionnelle appel\u00e9e &#8220;School of Living&#8221;, o\u00f9 les b\u00e2timents appartenaient \u00e0 des particuliers et le terrain \u00e0 une organisation \u00e0 but non lucratif. Il a \u00e9t\u00e9 le premier \u00e0 qualifier cet arrangement de &#8220;land trust&#8221; (fiducie fonci\u00e8re). Il a ensuite pass\u00e9 cinq ans en Inde, o\u00f9 il a \u00e9tudi\u00e9 le mouvement Gramdan. De retour aux \u00c9tats-Unis en 1967, il a fond\u00e9 l&#8217;International Independence Institute (rebaptis\u00e9 Institute for Community Economics en 1972) afin de promouvoir les fiducies fonci\u00e8res, la monnaie locale, la s\u00e9curit\u00e9 alimentaire et l&#8217;\u00e9conomie d\u00e9centralis\u00e9e &#8211; des id\u00e9es jeunes qu&#8217;il continuait de d\u00e9fendre et d&#8217;affiner \u00e0 88 ans.     <\/p>\n\t<\/div><!-- .entry-summary -->\n\t<footer class=\"entry-footer\">\n\t\t\t<div class=\"entry-actions\">\n\t\t\t<p class=\"more-link-wrap\">\n\t\t\t\t<a href=\"https:\/\/www.cltweb.org\/fr\/bibliotheque-de-ressources\/interviews\/ralph-borsodi\/\" class=\"post-more-link\">\n\t\t\t\t\tLire la suite<span class=\"screen-reader-text\"> Ralph Borsodi (1974)<\/span><span class=\"kadence-svg-iconset svg-baseline\"><svg aria-hidden=\"true\" class=\"kadence-svg-icon kadence-arrow-right-alt-svg\" fill=\"currentColor\" version=\"1.1\" xmlns=\"http:\/\/www.w3.org\/2000\/svg\" width=\"27\" height=\"28\" viewBox=\"0 0 27 28\"><title>Continuer<\/title><path d=\"M27 13.953c0 0.141-0.063 0.281-0.156 0.375l-6 5.531c-0.156 0.141-0.359 0.172-0.547 0.094-0.172-0.078-0.297-0.25-0.297-0.453v-3.5h-19.5c-0.281 0-0.5-0.219-0.5-0.5v-3c0-0.281 0.219-0.5 0.5-0.5h19.5v-3.5c0-0.203 0.109-0.375 0.297-0.453s0.391-0.047 0.547 0.078l6 5.469c0.094 0.094 0.156 0.219 0.156 0.359v0z\"><\/path>\n\t\t\t<\/svg><\/span>\t\t\t\t<\/a>\n\t\t\t<\/p>\n\t\t<\/div><!-- .entry-actions -->\n\t\t<\/footer><!-- .entry-footer -->\t\t<\/div>\n\t<\/article>\n<\/li>\n<li class=\"kb-post-list-item\">\n\t<article class=\"entry content-bg loop-entry post-4373 page type-page status-publish hentry category-interviews-fr\">\n\t\t\t\t<div class=\"entry-content-wrap\">\n\t\t\t<header class=\"entry-header\">\n\t<h2 class=\"entry-title\"><a href=\"https:\/\/www.cltweb.org\/fr\/bibliotheque-de-ressources\/interviews\/john-emmus-davis\/\" rel=\"bookmark\">John Emmus Davis (2011)<\/a><\/h2><\/header><!-- .entry-header -->\n\t<div class=\"entry-summary\">\n\t\t<p>En 2011, cela faisait 30 ans que John contribuait au d\u00e9veloppement des community land trusts en tant qu&#8217;auteur, enseignant et fournisseur d&#8217;assistance technique. L&#8217;\u00e9volution de son implication personnelle et professionnelle dans le mouvement CLT a \u00e9t\u00e9 explor\u00e9e dans cet entretien enregistr\u00e9 par Steve Dubb, alors directeur de la recherche au Democracy Collaborative et aujourd&#8217;hui r\u00e9dacteur en chef de Nonprofit Quarterly. Ils ont \u00e9galement discut\u00e9 des diff\u00e9rents r\u00f4les que les CLT peuvent jouer quand et o\u00f9 les march\u00e9s immobiliers sont forts &#8211; et quand et o\u00f9 ils sont faibles.  <\/p>\n\t<\/div><!-- .entry-summary -->\n\t<footer class=\"entry-footer\">\n\t\t\t<div class=\"entry-actions\">\n\t\t\t<p class=\"more-link-wrap\">\n\t\t\t\t<a href=\"https:\/\/www.cltweb.org\/fr\/bibliotheque-de-ressources\/interviews\/john-emmus-davis\/\" class=\"post-more-link\">\n\t\t\t\t\tLire la suite<span class=\"screen-reader-text\"> John Emmus Davis (2011)<\/span><span class=\"kadence-svg-iconset svg-baseline\"><svg aria-hidden=\"true\" class=\"kadence-svg-icon kadence-arrow-right-alt-svg\" fill=\"currentColor\" version=\"1.1\" xmlns=\"http:\/\/www.w3.org\/2000\/svg\" width=\"27\" height=\"28\" viewBox=\"0 0 27 28\"><title>Continuer<\/title><path d=\"M27 13.953c0 0.141-0.063 0.281-0.156 0.375l-6 5.531c-0.156 0.141-0.359 0.172-0.547 0.094-0.172-0.078-0.297-0.25-0.297-0.453v-3.5h-19.5c-0.281 0-0.5-0.219-0.5-0.5v-3c0-0.281 0.219-0.5 0.5-0.5h19.5v-3.5c0-0.203 0.109-0.375 0.297-0.453s0.391-0.047 0.547 0.078l6 5.469c0.094 0.094 0.156 0.219 0.156 0.359v0z\"><\/path>\n\t\t\t<\/svg><\/span>\t\t\t\t<\/a>\n\t\t\t<\/p>\n\t\t<\/div><!-- .entry-actions -->\n\t\t<\/footer><!-- .entry-footer -->\t\t<\/div>\n\t<\/article>\n<\/li>\n<li class=\"kb-post-list-item\">\n\t<article class=\"entry content-bg loop-entry post-4381 page type-page status-publish hentry category-interviews-fr\">\n\t\t\t\t<div class=\"entry-content-wrap\">\n\t\t\t<header class=\"entry-header\">\n\t<h2 class=\"entry-title\"><a href=\"https:\/\/www.cltweb.org\/fr\/bibliotheque-de-ressources\/interviews\/roz-greenstein\/\" rel=\"bookmark\">Roz Greenstein (2007)<\/a><\/h2><\/header><!-- .entry-header -->\n\t<div class=\"entry-summary\">\n\t\t<p>Roz \u00e9tait pr\u00e9sidente du d\u00e9partement de d\u00e9veloppement \u00e9conomique et communautaire du Lincoln Institute of Land Policy en 2005 lorsqu&#8217;une conf\u00e9rence nationale sur les CLT, pr\u00e9vue \u00e0 Portland (Oregon), a \u00e9t\u00e9 brusquement annul\u00e9e par manque de fonds. Elle est intervenue gr\u00e2ce au financement du Lincoln Institute pour sauver la conf\u00e9rence. Un an plus tard, elle a contribu\u00e9 \u00e0 la cr\u00e9ation de la National CLT Academy, a \u00e9t\u00e9 pendant trois ans copr\u00e9sidente du conseil d&#8217;administration fondateur et a utilis\u00e9 les ressources de Lincoln pour subventionner les premi\u00e8res formations r\u00e9gionales de l&#8217;Acad\u00e9mie. Elle a \u00e9galement jou\u00e9 un r\u00f4le essentiel dans la stimulation et le financement de la recherche universitaire sur les CLT et dans la publication par Lincoln en 2010 du Community Land Trust Reader.   <\/p>\n\t<\/div><!-- .entry-summary -->\n\t<footer class=\"entry-footer\">\n\t\t\t<div class=\"entry-actions\">\n\t\t\t<p class=\"more-link-wrap\">\n\t\t\t\t<a href=\"https:\/\/www.cltweb.org\/fr\/bibliotheque-de-ressources\/interviews\/roz-greenstein\/\" class=\"post-more-link\">\n\t\t\t\t\tLire la suite<span class=\"screen-reader-text\"> Roz Greenstein (2007)<\/span><span class=\"kadence-svg-iconset svg-baseline\"><svg aria-hidden=\"true\" class=\"kadence-svg-icon kadence-arrow-right-alt-svg\" fill=\"currentColor\" version=\"1.1\" xmlns=\"http:\/\/www.w3.org\/2000\/svg\" width=\"27\" height=\"28\" viewBox=\"0 0 27 28\"><title>Continuer<\/title><path d=\"M27 13.953c0 0.141-0.063 0.281-0.156 0.375l-6 5.531c-0.156 0.141-0.359 0.172-0.547 0.094-0.172-0.078-0.297-0.25-0.297-0.453v-3.5h-19.5c-0.281 0-0.5-0.219-0.5-0.5v-3c0-0.281 0.219-0.5 0.5-0.5h19.5v-3.5c0-0.203 0.109-0.375 0.297-0.453s0.391-0.047 0.547 0.078l6 5.469c0.094 0.094 0.156 0.219 0.156 0.359v0z\"><\/path>\n\t\t\t<\/svg><\/span>\t\t\t\t<\/a>\n\t\t\t<\/p>\n\t\t<\/div><!-- .entry-actions -->\n\t\t<\/footer><!-- .entry-footer -->\t\t<\/div>\n\t<\/article>\n<\/li>\n<li class=\"kb-post-list-item\">\n\t<article class=\"entry content-bg loop-entry post-4403 page type-page status-publish hentry category-interviews-fr\">\n\t\t\t\t<div class=\"entry-content-wrap\">\n\t\t\t<header class=\"entry-header\">\n\t<h2 class=\"entry-title\"><a href=\"https:\/\/www.cltweb.org\/fr\/bibliotheque-de-ressources\/interviews\/david-ireland-et-jerry-maldonado-2020\/\" rel=\"bookmark\">David Ireland et Jerry Maldonado (2020)<\/a><\/h2><\/header><!-- .entry-header -->\n\t<div class=\"entry-summary\">\n\t\t<p>David Ireland et Jerry Maldonado ont \u00e9t\u00e9 les principaux d\u00e9fenseurs du mouvement des community land trust et ont contribu\u00e9 \u00e0 la pr\u00e9face de On Common Ground. David est directeur g\u00e9n\u00e9ral de World Habitat, une organisation caritative internationale bas\u00e9e au Royaume-Uni qui aide \u00e0 trouver des solutions aux probl\u00e8mes de logement dans le monde, qu&#8217;il s&#8217;agisse de l&#8217;am\u00e9lioration des bidonvilles, de l&#8217;h\u00e9bergement apr\u00e8s une catastrophe ou de la lutte contre le sans-abrisme. Son organisation g\u00e8re \u00e9galement les World Habitat Awards en partenariat avec UN-Habitat, et dirige des programmes visant \u00e0 mettre fin au sans-abrisme et \u00e0 d\u00e9velopper les logements g\u00e9r\u00e9s par les communaut\u00e9s. Jerry est directeur du programme Villes et \u00c9tats \u00e0 la Fondation Ford. Il a rejoint Ford au lendemain des ouragans Katrina et Rita, o\u00f9 il a supervis\u00e9 l&#8217;initiative de transformation de la c\u00f4te du Golfe de la Fondation. Au cours de la derni\u00e8re d\u00e9cennie, il a d\u00e9velopp\u00e9 et g\u00e9r\u00e9 plusieurs initiatives de subventions nationales, r\u00e9gionales et \u00e9tatiques de la Fondation, travaillant \u00e0 l&#8217;intersection du d\u00e9veloppement \u00e9quitable et de l&#8217;engagement civique.     <\/p>\n\t<\/div><!-- .entry-summary -->\n\t<footer class=\"entry-footer\">\n\t\t\t<div class=\"entry-actions\">\n\t\t\t<p class=\"more-link-wrap\">\n\t\t\t\t<a href=\"https:\/\/www.cltweb.org\/fr\/bibliotheque-de-ressources\/interviews\/david-ireland-et-jerry-maldonado-2020\/\" class=\"post-more-link\">\n\t\t\t\t\tLire la suite<span class=\"screen-reader-text\"> David Ireland et Jerry Maldonado (2020)<\/span><span class=\"kadence-svg-iconset svg-baseline\"><svg aria-hidden=\"true\" class=\"kadence-svg-icon kadence-arrow-right-alt-svg\" fill=\"currentColor\" version=\"1.1\" xmlns=\"http:\/\/www.w3.org\/2000\/svg\" width=\"27\" height=\"28\" viewBox=\"0 0 27 28\"><title>Continuer<\/title><path d=\"M27 13.953c0 0.141-0.063 0.281-0.156 0.375l-6 5.531c-0.156 0.141-0.359 0.172-0.547 0.094-0.172-0.078-0.297-0.25-0.297-0.453v-3.5h-19.5c-0.281 0-0.5-0.219-0.5-0.5v-3c0-0.281 0.219-0.5 0.5-0.5h19.5v-3.5c0-0.203 0.109-0.375 0.297-0.453s0.391-0.047 0.547 0.078l6 5.469c0.094 0.094 0.156 0.219 0.156 0.359v0z\"><\/path>\n\t\t\t<\/svg><\/span>\t\t\t\t<\/a>\n\t\t\t<\/p>\n\t\t<\/div><!-- .entry-actions -->\n\t\t<\/footer><!-- .entry-footer -->\t\t<\/div>\n\t<\/article>\n<\/li>\n<li class=\"kb-post-list-item\">\n\t<article class=\"entry content-bg loop-entry post-4442 page type-page status-publish hentry category-interviews-fr\">\n\t\t\t\t<div class=\"entry-content-wrap\">\n\t\t\t<header class=\"entry-header\">\n\t<h2 class=\"entry-title\"><a href=\"https:\/\/www.cltweb.org\/fr\/bibliotheque-de-ressources\/interviews\/les-principes-communautaires-de-la-terre-et-les-valeurs-quils-apportent-a-lensemble-de-la-population-2020\/\" rel=\"bookmark\">Les principes communautaires de la terre et les valeurs qu&#8217;ils apportent \u00e0 l&#8217;ensemble de la population (2020)<\/a><\/h2><\/header><!-- .entry-header -->\n\t<div class=\"entry-summary\">\n\t\t<p>Cette vid\u00e9o pr\u00e9sente une conversation anim\u00e9e par des \u00e9tudiants du Pro-Bono Ca\u00f1o\/CAUCE avec des repr\u00e9sentants des trois fideicomisos comunitarios de tierras qui ont \u00e9t\u00e9 cr\u00e9\u00e9s \u00e0 Porto Rico jusqu&#8217;\u00e0 ce jour. Chacun de ces Fideicomisos utilise des \u00e9l\u00e9ments communs pour atteindre des objectifs allemands, mais diff\u00e9rents. Les \u00e9l\u00e9ments communs sont le contr\u00f4le communautaire de la terre par le biais d&#8217;une organisation dont la gouvernance est assur\u00e9e en grande partie par les membres de la communaut\u00e9. Le d\u00e9veloppement des zones concern\u00e9es par ces enjeux est pris en charge par la communaut\u00e9 \u00e0 laquelle il s&#8217;adresse. L&#8217;objectif du d\u00e9bat \u00e9tait de r\u00e9affirmer les valeurs qui sont \u00e0 la base de la cr\u00e9ation de ces organisations communautaires qui sont guid\u00e9es dans leurs r\u00e9alisations pour et vers le bien commun.    <\/p>\n\t<\/div><!-- .entry-summary -->\n\t<footer class=\"entry-footer\">\n\t\t\t<div class=\"entry-actions\">\n\t\t\t<p class=\"more-link-wrap\">\n\t\t\t\t<a href=\"https:\/\/www.cltweb.org\/fr\/bibliotheque-de-ressources\/interviews\/les-principes-communautaires-de-la-terre-et-les-valeurs-quils-apportent-a-lensemble-de-la-population-2020\/\" class=\"post-more-link\">\n\t\t\t\t\tLire la suite<span class=\"screen-reader-text\"> Les principes communautaires de la terre et les valeurs qu&#8217;ils apportent \u00e0 l&#8217;ensemble de la population (2020)<\/span><span class=\"kadence-svg-iconset svg-baseline\"><svg aria-hidden=\"true\" class=\"kadence-svg-icon kadence-arrow-right-alt-svg\" fill=\"currentColor\" version=\"1.1\" xmlns=\"http:\/\/www.w3.org\/2000\/svg\" width=\"27\" height=\"28\" viewBox=\"0 0 27 28\"><title>Continuer<\/title><path d=\"M27 13.953c0 0.141-0.063 0.281-0.156 0.375l-6 5.531c-0.156 0.141-0.359 0.172-0.547 0.094-0.172-0.078-0.297-0.25-0.297-0.453v-3.5h-19.5c-0.281 0-0.5-0.219-0.5-0.5v-3c0-0.281 0.219-0.5 0.5-0.5h19.5v-3.5c0-0.203 0.109-0.375 0.297-0.453s0.391-0.047 0.547 0.078l6 5.469c0.094 0.094 0.156 0.219 0.156 0.359v0z\"><\/path>\n\t\t\t<\/svg><\/span>\t\t\t\t<\/a>\n\t\t\t<\/p>\n\t\t<\/div><!-- .entry-actions -->\n\t\t<\/footer><!-- .entry-footer -->\t\t<\/div>\n\t<\/article>\n<\/li>\n<li class=\"kb-post-list-item\">\n\t<article class=\"entry content-bg loop-entry post-4454 page type-page status-publish hentry category-interviews-fr\">\n\t\t\t\t<div class=\"entry-content-wrap\">\n\t\t\t<header class=\"entry-header\">\n\t<h2 class=\"entry-title\"><a href=\"https:\/\/www.cltweb.org\/fr\/bibliotheque-de-ressources\/interviews\/gus-newport-2020\/\" rel=\"bookmark\">Gus Newport (2020)<\/a><\/h2><\/header><!-- .entry-header -->\n\t<div class=\"entry-summary\">\n\t\t<p>Eugene &#8220;Gus&#8221; Newport est l&#8217;ancien maire de Berkeley (Californie). Il a ensuite \u00e9t\u00e9 directeur ex\u00e9cutif de la Dudley Street Neighborhood Initiative \u00e0 Boston MA, de l&#8217;Institute for Community Economics \u00e0 Springfield MA et du Partnership for Neighborhood Initiatives dans le comt\u00e9 de Palm Beach FL. Il a \u00e9t\u00e9 chercheur invit\u00e9 dans plusieurs universit\u00e9s, dont le MIT, Yale, Portland State, l&#8217;universit\u00e9 du Massachusetts-Boston et l&#8217;universit\u00e9 de Californie-Santa Cruz. Il a \u00e9t\u00e9 vice-pr\u00e9sident des \u00c9tats-Unis au Conseil mondial de la paix de 1980 \u00e0 1986 et a fait partie de deux comit\u00e9s aux Nations unies. Au d\u00e9but de sa carri\u00e8re, il a travaill\u00e9 pour le minist\u00e8re am\u00e9ricain du travail \u00e0 Porto Rico et dans les \u00eeles Vierges.    <\/p>\n\t<\/div><!-- .entry-summary -->\n\t<footer class=\"entry-footer\">\n\t\t\t<div class=\"entry-actions\">\n\t\t\t<p class=\"more-link-wrap\">\n\t\t\t\t<a href=\"https:\/\/www.cltweb.org\/fr\/bibliotheque-de-ressources\/interviews\/gus-newport-2020\/\" class=\"post-more-link\">\n\t\t\t\t\tLire la suite<span class=\"screen-reader-text\"> Gus Newport (2020)<\/span><span class=\"kadence-svg-iconset svg-baseline\"><svg aria-hidden=\"true\" class=\"kadence-svg-icon kadence-arrow-right-alt-svg\" fill=\"currentColor\" version=\"1.1\" xmlns=\"http:\/\/www.w3.org\/2000\/svg\" width=\"27\" height=\"28\" viewBox=\"0 0 27 28\"><title>Continuer<\/title><path d=\"M27 13.953c0 0.141-0.063 0.281-0.156 0.375l-6 5.531c-0.156 0.141-0.359 0.172-0.547 0.094-0.172-0.078-0.297-0.25-0.297-0.453v-3.5h-19.5c-0.281 0-0.5-0.219-0.5-0.5v-3c0-0.281 0.219-0.5 0.5-0.5h19.5v-3.5c0-0.203 0.109-0.375 0.297-0.453s0.391-0.047 0.547 0.078l6 5.469c0.094 0.094 0.156 0.219 0.156 0.359v0z\"><\/path>\n\t\t\t<\/svg><\/span>\t\t\t\t<\/a>\n\t\t\t<\/p>\n\t\t<\/div><!-- .entry-actions -->\n\t\t<\/footer><!-- .entry-footer -->\t\t<\/div>\n\t<\/article>\n<\/li>\n<li class=\"kb-post-list-item\">\n\t<article class=\"entry content-bg loop-entry post-4467 page type-page status-publish hentry category-interviews-fr\">\n\t\t\t\t<div class=\"entry-content-wrap\">\n\t\t\t<header class=\"entry-header\">\n\t<h2 class=\"entry-title\"><a href=\"https:\/\/www.cltweb.org\/fr\/bibliotheque-de-ressources\/interviews\/garantir-les-droits-fonciers-les-clt-dans-les-etablissements-informels-2020\/\" rel=\"bookmark\">Garantir les droits fonciers : Les CLT dans les \u00e9tablissements informels (2020)<\/a><\/h2><\/header><!-- .entry-header -->\n\t<div class=\"entry-summary\">\n\t\t<p>Le 29 octobre 2020, World Habitat a organis\u00e9 une table ronde sur le r\u00f4le des fiducies fonci\u00e8res communautaires dans la garantie des droits fonciers des habitants des quartiers informels. Les pan\u00e9listes \u00e9taient les suivants : Mariolga Juli\u00e1 Pacheco et Don Jos\u00e9 Caraballo, du CLT Ca\u00f1o Mart\u00edn Pe\u00f1a, Porto Rico ; Theresa Williamson, du Favela CLT \/ Catalytic Communities, Br\u00e9sil ; et Khalid Hussain et Rabeya Rahman, du Community-Led Development of the Urdu-Speaking Bihari Camps, Bangladesh. La mod\u00e9ratrice \u00e9tait Line Algoed du Center for CLT Innovation (et co-\u00e9ditrice de On Common Ground : International Perspectives of Community Land Trusts). L&#8217;animatrice \u00e9tait Mariangela Veronesi, responsable du programme &#8220;Global Community-led Housing&#8221;, World Habitat.   <\/p>\n\t<\/div><!-- .entry-summary -->\n\t<footer class=\"entry-footer\">\n\t\t\t<div class=\"entry-actions\">\n\t\t\t<p class=\"more-link-wrap\">\n\t\t\t\t<a href=\"https:\/\/www.cltweb.org\/fr\/bibliotheque-de-ressources\/interviews\/garantir-les-droits-fonciers-les-clt-dans-les-etablissements-informels-2020\/\" class=\"post-more-link\">\n\t\t\t\t\tLire la suite<span class=\"screen-reader-text\"> Garantir les droits fonciers : Les CLT dans les \u00e9tablissements informels (2020)<\/span><span class=\"kadence-svg-iconset svg-baseline\"><svg aria-hidden=\"true\" class=\"kadence-svg-icon kadence-arrow-right-alt-svg\" fill=\"currentColor\" version=\"1.1\" xmlns=\"http:\/\/www.w3.org\/2000\/svg\" width=\"27\" height=\"28\" viewBox=\"0 0 27 28\"><title>Continuer<\/title><path d=\"M27 13.953c0 0.141-0.063 0.281-0.156 0.375l-6 5.531c-0.156 0.141-0.359 0.172-0.547 0.094-0.172-0.078-0.297-0.25-0.297-0.453v-3.5h-19.5c-0.281 0-0.5-0.219-0.5-0.5v-3c0-0.281 0.219-0.5 0.5-0.5h19.5v-3.5c0-0.203 0.109-0.375 0.297-0.453s0.391-0.047 0.547 0.078l6 5.469c0.094 0.094 0.156 0.219 0.156 0.359v0z\"><\/path>\n\t\t\t<\/svg><\/span>\t\t\t\t<\/a>\n\t\t\t<\/p>\n\t\t<\/div><!-- .entry-actions -->\n\t\t<\/footer><!-- .entry-footer -->\t\t<\/div>\n\t<\/article>\n<\/li>\n<li class=\"kb-post-list-item\">\n\t<article class=\"entry content-bg loop-entry post-4474 page type-page status-publish hentry category-interviews-fr\">\n\t\t\t\t<div class=\"entry-content-wrap\">\n\t\t\t<header class=\"entry-header\">\n\t<h2 class=\"entry-title\"><a href=\"https:\/\/www.cltweb.org\/fr\/bibliotheque-de-ressources\/interviews\/charles-sherrod-1982\/\" rel=\"bookmark\">Charles Sherrod (1982)<\/a><\/h2><\/header><!-- .entry-header -->\n\t<div class=\"entry-summary\">\n\t\t<p>\u00c0 23 ans, Charles Sherrod est arriv\u00e9 \u00e0 Albany, en G\u00e9orgie, pour s&#8217;occuper de l&#8217;organisation de la communaut\u00e9 et de l&#8217;inscription sur les listes \u00e9lectorales pour le Comit\u00e9 de coordination des \u00e9tudiants non violents (Student Non-Violent Coordinating Committee). Il n&#8217;en est jamais reparti. En 1968, il fait partie des huit Am\u00e9ricains qui se rendent en Isra\u00ebl pour \u00e9tudier la location de terres et les coop\u00e9ratives agricoles. \u00c0 son retour aux \u00c9tats-Unis, il a fait partie du comit\u00e9 de planification qui a fond\u00e9 New Communities, Inc. (NCI). Lorsque le pr\u00e9sident fondateur de l&#8217;organisation, Slater King, a \u00e9t\u00e9 tu\u00e9 dans un accident de voiture en 1969, Charles en a assum\u00e9 la pr\u00e9sidence, fonction qu&#8217;il a occup\u00e9e pendant 16 ans. NCI \u00e9tait encore en activit\u00e9 en 1981 lorsque John Davis s&#8217;est rendu dans le sud-ouest de la G\u00e9orgie pour enregistrer une interview de Charles qui devait figurer dans le manuel The Community Land Trust Handbook, publi\u00e9 par Rodale Press l&#8217;ann\u00e9e suivante.     <\/p>\n\t<\/div><!-- .entry-summary -->\n\t<footer class=\"entry-footer\">\n\t\t\t<div class=\"entry-actions\">\n\t\t\t<p class=\"more-link-wrap\">\n\t\t\t\t<a href=\"https:\/\/www.cltweb.org\/fr\/bibliotheque-de-ressources\/interviews\/charles-sherrod-1982\/\" class=\"post-more-link\">\n\t\t\t\t\tLire la suite<span class=\"screen-reader-text\"> Charles Sherrod (1982)<\/span><span class=\"kadence-svg-iconset svg-baseline\"><svg aria-hidden=\"true\" class=\"kadence-svg-icon kadence-arrow-right-alt-svg\" fill=\"currentColor\" version=\"1.1\" xmlns=\"http:\/\/www.w3.org\/2000\/svg\" width=\"27\" height=\"28\" viewBox=\"0 0 27 28\"><title>Continuer<\/title><path d=\"M27 13.953c0 0.141-0.063 0.281-0.156 0.375l-6 5.531c-0.156 0.141-0.359 0.172-0.547 0.094-0.172-0.078-0.297-0.25-0.297-0.453v-3.5h-19.5c-0.281 0-0.5-0.219-0.5-0.5v-3c0-0.281 0.219-0.5 0.5-0.5h19.5v-3.5c0-0.203 0.109-0.375 0.297-0.453s0.391-0.047 0.547 0.078l6 5.469c0.094 0.094 0.156 0.219 0.156 0.359v0z\"><\/path>\n\t\t\t<\/svg><\/span>\t\t\t\t<\/a>\n\t\t\t<\/p>\n\t\t<\/div><!-- .entry-actions -->\n\t\t<\/footer><!-- .entry-footer -->\t\t<\/div>\n\t<\/article>\n<\/li>\n<li class=\"kb-post-list-item\">\n\t<article class=\"entry content-bg loop-entry post-4497 page type-page status-publish hentry category-interviews-fr\">\n\t\t\t\t<div class=\"entry-content-wrap\">\n\t\t\t<header class=\"entry-header\">\n\t<h2 class=\"entry-title\"><a href=\"https:\/\/www.cltweb.org\/fr\/bibliotheque-de-ressources\/interviews\/bob-swann-1973\/\" rel=\"bookmark\">Bob Swann (1973)<\/a><\/h2><\/header><!-- .entry-header -->\n\t<div class=\"entry-summary\">\n\t\t<p>Il s&#8217;agit de l&#8217;une des premi\u00e8res interviews donn\u00e9es par Bob Swann. Elle a \u00e9t\u00e9 publi\u00e9e dans le magazine Lifestyle ! Magazine, peu apr\u00e8s que lui et trois de ses coll\u00e8gues aient publi\u00e9 The Community Land Trust : A Guide to a New Model for Land Tenure in America, et peu apr\u00e8s que Bob soit devenu directeur ex\u00e9cutif de l&#8217;Institute for Community Economics, \u00e0 la suite du d\u00e9part \u00e0 la retraite de Ralph Borsodi. \u00c0 l&#8217;\u00e9poque de cet entretien, il existait peu d&#8217;organisations ressemblant au &#8220;nouveau mod\u00e8le de propri\u00e9t\u00e9 fonci\u00e8re&#8221; d\u00e9crit dans son livre. Cet entretien offre un rare aper\u00e7u de la pens\u00e9e de Bob, alors que les CLT commen\u00e7aient \u00e0 peine \u00e0 voir le jour aux \u00c9tats-Unis.    <\/p>\n\t<\/div><!-- .entry-summary -->\n\t<footer class=\"entry-footer\">\n\t\t\t<div class=\"entry-actions\">\n\t\t\t<p class=\"more-link-wrap\">\n\t\t\t\t<a href=\"https:\/\/www.cltweb.org\/fr\/bibliotheque-de-ressources\/interviews\/bob-swann-1973\/\" class=\"post-more-link\">\n\t\t\t\t\tLire la suite<span class=\"screen-reader-text\"> Bob Swann (1973)<\/span><span class=\"kadence-svg-iconset svg-baseline\"><svg aria-hidden=\"true\" class=\"kadence-svg-icon kadence-arrow-right-alt-svg\" fill=\"currentColor\" version=\"1.1\" xmlns=\"http:\/\/www.w3.org\/2000\/svg\" width=\"27\" height=\"28\" viewBox=\"0 0 27 28\"><title>Continuer<\/title><path d=\"M27 13.953c0 0.141-0.063 0.281-0.156 0.375l-6 5.531c-0.156 0.141-0.359 0.172-0.547 0.094-0.172-0.078-0.297-0.25-0.297-0.453v-3.5h-19.5c-0.281 0-0.5-0.219-0.5-0.5v-3c0-0.281 0.219-0.5 0.5-0.5h19.5v-3.5c0-0.203 0.109-0.375 0.297-0.453s0.391-0.047 0.547 0.078l6 5.469c0.094 0.094 0.156 0.219 0.156 0.359v0z\"><\/path>\n\t\t\t<\/svg><\/span>\t\t\t\t<\/a>\n\t\t\t<\/p>\n\t\t<\/div><!-- .entry-actions -->\n\t\t<\/footer><!-- .entry-footer -->\t\t<\/div>\n\t<\/article>\n<\/li>\n<li class=\"kb-post-list-item\">\n\t<article class=\"entry content-bg loop-entry post-4509 page type-page status-publish hentry category-interviews-fr\">\n\t\t\t\t<div class=\"entry-content-wrap\">\n\t\t\t<header class=\"entry-header\">\n\t<h2 class=\"entry-title\"><a href=\"https:\/\/www.cltweb.org\/fr\/bibliotheque-de-ressources\/interviews\/bob-swann-1992\/\" rel=\"bookmark\">Bob Swann (1992)<\/a><\/h2><\/header><!-- .entry-header -->\n\t<div class=\"entry-summary\">\n\t\t<p>Deux d\u00e9cennies apr\u00e8s avoir \u00e9t\u00e9 interview\u00e9 par le magazine Lifestyle ! Magazine, Bob s&#8217;est entretenu avec Kirby White, co-r\u00e9dacteur en chef de Community Economics, une lettre d&#8217;information publi\u00e9e pendant quatorze ans par l&#8217;Institute for Community Economics. Entre-temps, de nombreux changements sont intervenus dans la vie de Bob et dans le mouvement CLT qu&#8217;il avait contribu\u00e9 \u00e0 lancer. Il a quitt\u00e9 son poste de directeur ex\u00e9cutif de l&#8217;Institut en 1980 et s&#8217;est install\u00e9 dans l&#8217;ouest du Massachusetts avec sa compagne, Susan Witt. Ensemble, ils ont cr\u00e9\u00e9 le Community Land Trust dans le sud des Berkshires et la E.F. Schumacher Society (aujourd&#8217;hui appel\u00e9e Schumacher Center for a New Economics). Entre-temps, le nombre de CLT est pass\u00e9 d&#8217;une poign\u00e9e d&#8217;exp\u00e9riences rurales \u00e0 pr\u00e8s d&#8217;une centaine, op\u00e9rant principalement dans les villes, les banlieues et les agglom\u00e9rations. Cet entretien a permis \u00e0 Bob de r\u00e9fl\u00e9chir \u00e0 l&#8217;\u00e9volution du mod\u00e8le et de d\u00e9plorer la tendance des CLT actuels \u00e0 se concentrer uniquement sur le logement abordable.      <\/p>\n\t<\/div><!-- .entry-summary -->\n\t<footer class=\"entry-footer\">\n\t\t\t<div class=\"entry-actions\">\n\t\t\t<p class=\"more-link-wrap\">\n\t\t\t\t<a href=\"https:\/\/www.cltweb.org\/fr\/bibliotheque-de-ressources\/interviews\/bob-swann-1992\/\" class=\"post-more-link\">\n\t\t\t\t\tLire la suite<span class=\"screen-reader-text\"> Bob Swann (1992)<\/span><span class=\"kadence-svg-iconset svg-baseline\"><svg aria-hidden=\"true\" class=\"kadence-svg-icon kadence-arrow-right-alt-svg\" fill=\"currentColor\" version=\"1.1\" xmlns=\"http:\/\/www.w3.org\/2000\/svg\" width=\"27\" height=\"28\" viewBox=\"0 0 27 28\"><title>Continuer<\/title><path d=\"M27 13.953c0 0.141-0.063 0.281-0.156 0.375l-6 5.531c-0.156 0.141-0.359 0.172-0.547 0.094-0.172-0.078-0.297-0.25-0.297-0.453v-3.5h-19.5c-0.281 0-0.5-0.219-0.5-0.5v-3c0-0.281 0.219-0.5 0.5-0.5h19.5v-3.5c0-0.203 0.109-0.375 0.297-0.453s0.391-0.047 0.547 0.078l6 5.469c0.094 0.094 0.156 0.219 0.156 0.359v0z\"><\/path>\n\t\t\t<\/svg><\/span>\t\t\t\t<\/a>\n\t\t\t<\/p>\n\t\t<\/div><!-- .entry-actions -->\n\t\t<\/footer><!-- .entry-footer -->\t\t<\/div>\n\t<\/article>\n<\/li>\n<li class=\"kb-post-list-item\">\n\t<article class=\"entry content-bg loop-entry post-4522 page type-page status-publish hentry category-interviews-fr\">\n\t\t\t\t<div class=\"entry-content-wrap\">\n\t\t\t<header class=\"entry-header\">\n\t<h2 class=\"entry-title\"><a href=\"https:\/\/www.cltweb.org\/fr\/bibliotheque-de-ressources\/interviews\/liz-alden-wily-2020\/\" rel=\"bookmark\">Liz Alden Wily (2020)<\/a><\/h2><\/header><!-- .entry-header -->\n\t<div class=\"entry-summary\">\n\t\t<p>Liz Alden Wily, docteur en sciences politiques, est une sp\u00e9cialiste des r\u00e9gimes fonciers. Elle travaille comme chercheuse, conseill\u00e8re technique et praticienne dans le domaine de la propri\u00e9t\u00e9 fonci\u00e8re communautaire. Elle a travaill\u00e9 sur cette question dans une vingtaine de pays. Elle a r\u00e9dig\u00e9 un chapitre dans On Common Ground intitul\u00e9 &#8220;Challenges for the New Kid on the Block &#8212; Collective Property&#8221;. Elle a contribu\u00e9 au lancement d&#8217;initiatives r\u00e9gionales et mondiales en faveur des droits fonciers communautaires, telles que LandMark, un service en ligne qui rassemble et met \u00e0 la disposition du public des cartes et des informations sur les terres communautaires. Liz est membre de l&#8217;Institut Van Vollenhoven de la Leiden Law School, de l&#8217;Institut Katiba, un organisme de d\u00e9fense des droits constitutionnels en Afrique, et de la Rights and Resources Initiative, une coalition mondiale.    <\/p>\n\t<\/div><!-- .entry-summary -->\n\t<footer class=\"entry-footer\">\n\t\t\t<div class=\"entry-actions\">\n\t\t\t<p class=\"more-link-wrap\">\n\t\t\t\t<a href=\"https:\/\/www.cltweb.org\/fr\/bibliotheque-de-ressources\/interviews\/liz-alden-wily-2020\/\" class=\"post-more-link\">\n\t\t\t\t\tLire la suite<span class=\"screen-reader-text\"> Liz Alden Wily (2020)<\/span><span class=\"kadence-svg-iconset svg-baseline\"><svg aria-hidden=\"true\" class=\"kadence-svg-icon kadence-arrow-right-alt-svg\" fill=\"currentColor\" version=\"1.1\" xmlns=\"http:\/\/www.w3.org\/2000\/svg\" width=\"27\" height=\"28\" viewBox=\"0 0 27 28\"><title>Continuer<\/title><path d=\"M27 13.953c0 0.141-0.063 0.281-0.156 0.375l-6 5.531c-0.156 0.141-0.359 0.172-0.547 0.094-0.172-0.078-0.297-0.25-0.297-0.453v-3.5h-19.5c-0.281 0-0.5-0.219-0.5-0.5v-3c0-0.281 0.219-0.5 0.5-0.5h19.5v-3.5c0-0.203 0.109-0.375 0.297-0.453s0.391-0.047 0.547 0.078l6 5.469c0.094 0.094 0.156 0.219 0.156 0.359v0z\"><\/path>\n\t\t\t<\/svg><\/span>\t\t\t\t<\/a>\n\t\t\t<\/p>\n\t\t<\/div><!-- .entry-actions -->\n\t\t<\/footer><!-- .entry-footer -->\t\t<\/div>\n\t<\/article>\n<\/li>\n<li class=\"kb-post-list-item\">\n\t<article class=\"entry content-bg loop-entry post-4360 page type-page status-publish hentry category-interviews-fr\">\n\t\t\t\t<div class=\"entry-content-wrap\">\n\t\t\t<header class=\"entry-header\">\n\t<h2 class=\"entry-title\"><a href=\"https:\/\/www.cltweb.org\/fr\/bibliotheque-de-ressources\/interviews\/pionniers-des-nouvelles-communautes\/\" rel=\"bookmark\">Les pionniers des nouvelles communaut\u00e9s (1971)<\/a><\/h2><\/header><!-- .entry-header -->\n\t<div class=\"entry-summary\">\n\t\t<p>Au fil des ans, quelques dirigeants de New Communities Inc. (NCI) ont fait l&#8217;objet d&#8217;articles et de films. Les voix de participants moins connus \u00e0 cette histoire inspirante ont rarement \u00e9t\u00e9 entendues. Une exception est une rare interview r\u00e9alis\u00e9e par Ed Feaver en 1971, un an apr\u00e8s que New Communities ait achev\u00e9 l&#8217;achat de 5 735 acres de terres rurales pr\u00e8s d&#8217;Albany, en G\u00e9orgie. Huit personnes qui s&#8217;organisaient alors au nom de NCI, qui si\u00e9geaient au conseil d&#8217;administration de NCI, qui cultivaient les terres de NCI ou qui faisaient la queue pour avoir la chance de vivre sur les terres de NCI ont exprim\u00e9 leurs espoirs personnels pour le voyage \u00e0 venir.   <\/p>\n\t<\/div><!-- .entry-summary -->\n\t<footer class=\"entry-footer\">\n\t\t\t<div class=\"entry-actions\">\n\t\t\t<p class=\"more-link-wrap\">\n\t\t\t\t<a href=\"https:\/\/www.cltweb.org\/fr\/bibliotheque-de-ressources\/interviews\/pionniers-des-nouvelles-communautes\/\" class=\"post-more-link\">\n\t\t\t\t\tLire la suite<span class=\"screen-reader-text\"> Les pionniers des nouvelles communaut\u00e9s (1971)<\/span><span class=\"kadence-svg-iconset svg-baseline\"><svg aria-hidden=\"true\" class=\"kadence-svg-icon kadence-arrow-right-alt-svg\" fill=\"currentColor\" version=\"1.1\" xmlns=\"http:\/\/www.w3.org\/2000\/svg\" width=\"27\" height=\"28\" viewBox=\"0 0 27 28\"><title>Continuer<\/title><path d=\"M27 13.953c0 0.141-0.063 0.281-0.156 0.375l-6 5.531c-0.156 0.141-0.359 0.172-0.547 0.094-0.172-0.078-0.297-0.25-0.297-0.453v-3.5h-19.5c-0.281 0-0.5-0.219-0.5-0.5v-3c0-0.281 0.219-0.5 0.5-0.5h19.5v-3.5c0-0.203 0.109-0.375 0.297-0.453s0.391-0.047 0.547 0.078l6 5.469c0.094 0.094 0.156 0.219 0.156 0.359v0z\"><\/path>\n\t\t\t<\/svg><\/span>\t\t\t\t<\/a>\n\t\t\t<\/p>\n\t\t<\/div><!-- .entry-actions -->\n\t\t<\/footer><!-- .entry-footer -->\t\t<\/div>\n\t<\/article>\n<\/li>\n<\/ul>","protected":false},"excerpt":{"rendered":"","protected":false},"author":1,"featured_media":0,"parent":906,"menu_order":0,"comment_status":"closed","ping_status":"closed","template":"","meta":{"give_campaign_id":0,"_tec_requires_first_save":true,"_kad_blocks_custom_css":"","_kad_blocks_head_custom_js":"","_kad_blocks_body_custom_js":"","_kad_blocks_footer_custom_js":"","_EventAllDay":false,"_EventTimezone":"","_EventStartDate":"","_EventEndDate":"","_EventStartDateUTC":"","_EventEndDateUTC":"","_EventShowMap":false,"_EventShowMapLink":false,"_EventURL":"","_EventCost":"","_EventCostDescription":"","_EventCurrencySymbol":"","_EventCurrencyCode":"","_EventCurrencyPosition":"","_EventDateTimeSeparator":"","_EventTimeRangeSeparator":"","_EventOrganizerID":[],"_EventVenueID":[],"_OrganizerEmail":"","_OrganizerPhone":"","_OrganizerWebsite":"","_VenueAddress":"","_VenueCity":"","_VenueCountry":"","_VenueProvince":"","_VenueState":"","_VenueZip":"","_VenuePhone":"","_VenueURL":"","_VenueStateProvince":"","_VenueLat":"","_VenueLng":"","_VenueShowMap":false,"_VenueShowMapLink":false,"_tribe_blocks_recurrence_rules":"","_tribe_blocks_recurrence_description":"","_tribe_blocks_recurrence_exclusions":"","footnotes":""},"categories":[85,231],"tags":[],"class_list":["post-4034","page","type-page","status-publish","hentry","category-bibliotheque-de-ressources","category-profils"],"blocksy_meta":[],"yoast_head":"<!-- This site is optimized with the Yoast SEO Premium plugin v27.4 (Yoast SEO v27.5) - https:\/\/yoast.com\/product\/yoast-seo-premium-wordpress\/ -->\n<title>Interviews - International Center for Community Land Trusts<\/title>\n<meta name=\"robots\" content=\"index, follow, max-snippet:-1, max-image-preview:large, max-video-preview:-1\" \/>\n<link rel=\"canonical\" href=\"https:\/\/www.cltweb.org\/fr\/bibliotheque-de-ressources\/interviews\/\" \/>\n<meta property=\"og:locale\" content=\"fr_FR\" \/>\n<meta property=\"og:type\" content=\"article\" \/>\n<meta property=\"og:title\" content=\"Interviews\" \/>\n<meta property=\"og:url\" content=\"https:\/\/www.cltweb.org\/fr\/bibliotheque-de-ressources\/interviews\/\" \/>\n<meta property=\"og:site_name\" content=\"International Center for Community Land Trusts\" \/>\n<meta property=\"article:publisher\" content=\"https:\/\/www.facebook.com\/cltcenter\" \/>\n<meta property=\"article:modified_time\" content=\"2024-10-26T18:08:15+00:00\" \/>\n<meta name=\"twitter:card\" content=\"summary_large_image\" \/>\n<meta name=\"twitter:site\" content=\"@Center4CLTs\" \/>\n<script type=\"application\/ld+json\" class=\"yoast-schema-graph\">{\"@context\":\"https:\\\/\\\/schema.org\",\"@graph\":[{\"@type\":\"WebPage\",\"@id\":\"https:\\\/\\\/www.cltweb.org\\\/fr\\\/bibliotheque-de-ressources\\\/interviews\\\/\",\"url\":\"https:\\\/\\\/www.cltweb.org\\\/fr\\\/bibliotheque-de-ressources\\\/interviews\\\/\",\"name\":\"Interviews - International Center for Community Land Trusts\",\"isPartOf\":{\"@id\":\"https:\\\/\\\/www.cltweb.org\\\/fr\\\/#website\"},\"datePublished\":\"2024-10-21T20:55:22+00:00\",\"dateModified\":\"2024-10-26T18:08:15+00:00\",\"breadcrumb\":{\"@id\":\"https:\\\/\\\/www.cltweb.org\\\/fr\\\/bibliotheque-de-ressources\\\/interviews\\\/#breadcrumb\"},\"inLanguage\":\"fr-FR\",\"potentialAction\":[{\"@type\":\"ReadAction\",\"target\":[\"https:\\\/\\\/www.cltweb.org\\\/fr\\\/bibliotheque-de-ressources\\\/interviews\\\/\"]}]},{\"@type\":\"BreadcrumbList\",\"@id\":\"https:\\\/\\\/www.cltweb.org\\\/fr\\\/bibliotheque-de-ressources\\\/interviews\\\/#breadcrumb\",\"itemListElement\":[{\"@type\":\"ListItem\",\"position\":1,\"name\":\"Home\",\"item\":\"https:\\\/\\\/www.cltweb.org\\\/fr\\\/\"},{\"@type\":\"ListItem\",\"position\":2,\"name\":\"Biblioth\u00e8que de ressources\",\"item\":\"https:\\\/\\\/www.cltweb.org\\\/fr\\\/bibliotheque-de-ressources\\\/\"},{\"@type\":\"ListItem\",\"position\":3,\"name\":\"Interviews\"}]},{\"@type\":\"WebSite\",\"@id\":\"https:\\\/\\\/www.cltweb.org\\\/fr\\\/#website\",\"url\":\"https:\\\/\\\/www.cltweb.org\\\/fr\\\/\",\"name\":\"International Center for Community Land Trusts\",\"description\":\"\",\"publisher\":{\"@id\":\"https:\\\/\\\/www.cltweb.org\\\/fr\\\/#organization\"},\"potentialAction\":[{\"@type\":\"SearchAction\",\"target\":{\"@type\":\"EntryPoint\",\"urlTemplate\":\"https:\\\/\\\/www.cltweb.org\\\/fr\\\/?s={search_term_string}\"},\"query-input\":{\"@type\":\"PropertyValueSpecification\",\"valueRequired\":true,\"valueName\":\"search_term_string\"}}],\"inLanguage\":\"fr-FR\"},{\"@type\":\"Organization\",\"@id\":\"https:\\\/\\\/www.cltweb.org\\\/fr\\\/#organization\",\"name\":\"International Center for Community Land Trusts\",\"url\":\"https:\\\/\\\/www.cltweb.org\\\/fr\\\/\",\"logo\":{\"@type\":\"ImageObject\",\"inLanguage\":\"fr-FR\",\"@id\":\"https:\\\/\\\/www.cltweb.org\\\/fr\\\/#\\\/schema\\\/logo\\\/image\\\/\",\"url\":\"https:\\\/\\\/www.cltweb.org\\\/wp-content\\\/uploads\\\/2024\\\/11\\\/New-CLT-Center-Text-logo.png\",\"contentUrl\":\"https:\\\/\\\/www.cltweb.org\\\/wp-content\\\/uploads\\\/2024\\\/11\\\/New-CLT-Center-Text-logo.png\",\"width\":227,\"height\":80,\"caption\":\"International Center for Community Land Trusts\"},\"image\":{\"@id\":\"https:\\\/\\\/www.cltweb.org\\\/fr\\\/#\\\/schema\\\/logo\\\/image\\\/\"},\"sameAs\":[\"https:\\\/\\\/www.facebook.com\\\/cltcenter\",\"https:\\\/\\\/x.com\\\/Center4CLTs\",\"https:\\\/\\\/www.instagram.com\\\/cltcenter\\\/\",\"https:\\\/\\\/www.linkedin.com\\\/company\\\/cltcenter\",\"https:\\\/\\\/www.youtube.com\\\/@centerforcltinnovation5313\"],\"description\":\"The International Center for Community Land Trusts is a not-for-profit nongovernmental organization established in 2018 to promote and to support community land trusts and similar strategies of community-led development on community-owned land in countries throughout the world.\",\"email\":\"info@communitylandtrust.net\",\"legalName\":\"International Center for Community Land Trusts\",\"foundingDate\":\"2018-12-01\",\"taxID\":\"84-3858933\",\"numberOfEmployees\":{\"@type\":\"QuantitativeValue\",\"minValue\":\"1\",\"maxValue\":\"10\"}}]}<\/script>\n<!-- \/ Yoast SEO Premium plugin. -->","yoast_head_json":{"title":"Interviews - International Center for Community Land Trusts","robots":{"index":"index","follow":"follow","max-snippet":"max-snippet:-1","max-image-preview":"max-image-preview:large","max-video-preview":"max-video-preview:-1"},"canonical":"https:\/\/www.cltweb.org\/fr\/bibliotheque-de-ressources\/interviews\/","og_locale":"fr_FR","og_type":"article","og_title":"Interviews","og_url":"https:\/\/www.cltweb.org\/fr\/bibliotheque-de-ressources\/interviews\/","og_site_name":"International Center for Community Land Trusts","article_publisher":"https:\/\/www.facebook.com\/cltcenter","article_modified_time":"2024-10-26T18:08:15+00:00","twitter_card":"summary_large_image","twitter_site":"@Center4CLTs","schema":{"@context":"https:\/\/schema.org","@graph":[{"@type":"WebPage","@id":"https:\/\/www.cltweb.org\/fr\/bibliotheque-de-ressources\/interviews\/","url":"https:\/\/www.cltweb.org\/fr\/bibliotheque-de-ressources\/interviews\/","name":"Interviews - International Center for Community Land Trusts","isPartOf":{"@id":"https:\/\/www.cltweb.org\/fr\/#website"},"datePublished":"2024-10-21T20:55:22+00:00","dateModified":"2024-10-26T18:08:15+00:00","breadcrumb":{"@id":"https:\/\/www.cltweb.org\/fr\/bibliotheque-de-ressources\/interviews\/#breadcrumb"},"inLanguage":"fr-FR","potentialAction":[{"@type":"ReadAction","target":["https:\/\/www.cltweb.org\/fr\/bibliotheque-de-ressources\/interviews\/"]}]},{"@type":"BreadcrumbList","@id":"https:\/\/www.cltweb.org\/fr\/bibliotheque-de-ressources\/interviews\/#breadcrumb","itemListElement":[{"@type":"ListItem","position":1,"name":"Home","item":"https:\/\/www.cltweb.org\/fr\/"},{"@type":"ListItem","position":2,"name":"Biblioth\u00e8que de ressources","item":"https:\/\/www.cltweb.org\/fr\/bibliotheque-de-ressources\/"},{"@type":"ListItem","position":3,"name":"Interviews"}]},{"@type":"WebSite","@id":"https:\/\/www.cltweb.org\/fr\/#website","url":"https:\/\/www.cltweb.org\/fr\/","name":"International Center for Community Land Trusts","description":"","publisher":{"@id":"https:\/\/www.cltweb.org\/fr\/#organization"},"potentialAction":[{"@type":"SearchAction","target":{"@type":"EntryPoint","urlTemplate":"https:\/\/www.cltweb.org\/fr\/?s={search_term_string}"},"query-input":{"@type":"PropertyValueSpecification","valueRequired":true,"valueName":"search_term_string"}}],"inLanguage":"fr-FR"},{"@type":"Organization","@id":"https:\/\/www.cltweb.org\/fr\/#organization","name":"International Center for Community Land Trusts","url":"https:\/\/www.cltweb.org\/fr\/","logo":{"@type":"ImageObject","inLanguage":"fr-FR","@id":"https:\/\/www.cltweb.org\/fr\/#\/schema\/logo\/image\/","url":"https:\/\/www.cltweb.org\/wp-content\/uploads\/2024\/11\/New-CLT-Center-Text-logo.png","contentUrl":"https:\/\/www.cltweb.org\/wp-content\/uploads\/2024\/11\/New-CLT-Center-Text-logo.png","width":227,"height":80,"caption":"International Center for Community Land Trusts"},"image":{"@id":"https:\/\/www.cltweb.org\/fr\/#\/schema\/logo\/image\/"},"sameAs":["https:\/\/www.facebook.com\/cltcenter","https:\/\/x.com\/Center4CLTs","https:\/\/www.instagram.com\/cltcenter\/","https:\/\/www.linkedin.com\/company\/cltcenter","https:\/\/www.youtube.com\/@centerforcltinnovation5313"],"description":"The International Center for Community Land Trusts is a not-for-profit nongovernmental organization established in 2018 to promote and to support community land trusts and similar strategies of community-led development on community-owned land in countries throughout the world.","email":"info@communitylandtrust.net","legalName":"International Center for Community Land Trusts","foundingDate":"2018-12-01","taxID":"84-3858933","numberOfEmployees":{"@type":"QuantitativeValue","minValue":"1","maxValue":"10"}}]}},"campaignId":"","taxonomy_info":{"category":[{"value":85,"label":"Biblioth\u00e8que de ressources"},{"value":231,"label":"Profils"}]},"featured_image_src_large":false,"author_info":{"display_name":"cltredesign_0jp0l4","author_link":"https:\/\/www.cltweb.org\/fr\/author\/cltredesign_0jp0l4\/"},"comment_info":0,"jetpack_sharing_enabled":true,"jetpack-related-posts":[{"id":906,"url":"https:\/\/www.cltweb.org\/fr\/bibliotheque-de-ressources\/","url_meta":{"origin":4034,"position":0},"title":"Biblioth\u00e8que de ressources","author":"cltredesign_0jp0l4","date":"26 juillet 2024","format":false,"excerpt":"R\u00e9seau mondial Il existe 616 CLT dans 13 pays. Consultez la carte mondiale, notre liste de r\u00e9seaux de CLT et une section consacr\u00e9e aux CLT dans le Sud. Profils Nous avons recueilli des \u00e9tudes de cas sur le CLT, ainsi que des entretiens avec des personnalit\u00e9s cl\u00e9s du mouvement CLT.\u2026","rel":"","context":"Dans &quot;Biblioth\u00e8que de ressources&quot;","block_context":{"text":"Biblioth\u00e8que de ressources","link":"https:\/\/www.cltweb.org\/fr\/category\/bibliotheque-de-ressources\/"},"img":{"alt_text":"","src":"","width":0,"height":0},"classes":[]},{"id":4360,"url":"https:\/\/www.cltweb.org\/fr\/bibliotheque-de-ressources\/interviews\/pionniers-des-nouvelles-communautes\/","url_meta":{"origin":4034,"position":1},"title":"Les pionniers des nouvelles communaut\u00e9s (1971)","author":"cltredesign_0jp0l4","date":"22 octobre 2024","format":false,"excerpt":"Au fil des ans, quelques dirigeants de New Communities Inc. (NCI) ont fait l'objet d'articles et de films. Les voix de participants moins connus \u00e0 cette histoire inspirante ont rarement \u00e9t\u00e9 entendues. Une exception est une rare interview r\u00e9alis\u00e9e par Ed Feaver en 1971, un an apr\u00e8s que New Communities\u2026","rel":"","context":"Dans &quot;Interviews&quot;","block_context":{"text":"Interviews","link":"https:\/\/www.cltweb.org\/fr\/category\/interviews-fr\/"},"img":{"alt_text":"","src":"","width":0,"height":0},"classes":[]},{"id":1852,"url":"https:\/\/www.cltweb.org\/fr\/bibliotheque-de-ressources\/blogs\/","url_meta":{"origin":4034,"position":2},"title":"Blogs","author":"cltredesign_0jp0l4","date":"29 juillet 2024","format":false,"excerpt":"","rel":"","context":"Dans &quot;Biblioth\u00e8que de ressources&quot;","block_context":{"text":"Biblioth\u00e8que de ressources","link":"https:\/\/www.cltweb.org\/fr\/category\/bibliotheque-de-ressources\/"},"img":{"alt_text":"","src":"","width":0,"height":0},"classes":[]},{"id":1969,"url":"https:\/\/www.cltweb.org\/fr\/bibliotheque-de-ressources\/etudes-de-cas-et-entretiens\/","url_meta":{"origin":4034,"position":3},"title":"\u00c9tudes de cas et entretiens","author":"cltredesign_0jp0l4","date":"26 juillet 2024","format":false,"excerpt":"","rel":"","context":"Dans &quot;Biblioth\u00e8que de ressources&quot;","block_context":{"text":"Biblioth\u00e8que de ressources","link":"https:\/\/www.cltweb.org\/fr\/category\/bibliotheque-de-ressources\/"},"img":{"alt_text":"","src":"","width":0,"height":0},"classes":[]},{"id":1920,"url":"https:\/\/www.cltweb.org\/fr\/bibliotheque-de-ressources\/archives-des-webinaires\/","url_meta":{"origin":4034,"position":4},"title":"Archives des webinaires","author":"cltredesign_0jp0l4","date":"26 juillet 2024","format":false,"excerpt":"","rel":"","context":"Dans &quot;Biblioth\u00e8que de ressources&quot;","block_context":{"text":"Biblioth\u00e8que de ressources","link":"https:\/\/www.cltweb.org\/fr\/category\/bibliotheque-de-ressources\/"},"img":{"alt_text":"","src":"","width":0,"height":0},"classes":[]},{"id":1942,"url":"https:\/\/www.cltweb.org\/fr\/bibliotheque-de-ressources\/videotheque\/","url_meta":{"origin":4034,"position":5},"title":"Vid\u00e9oth\u00e8que","author":"cltredesign_0jp0l4","date":"26 juillet 2024","format":false,"excerpt":"","rel":"","context":"Dans &quot;Biblioth\u00e8que de ressources&quot;","block_context":{"text":"Biblioth\u00e8que de ressources","link":"https:\/\/www.cltweb.org\/fr\/category\/bibliotheque-de-ressources\/"},"img":{"alt_text":"","src":"","width":0,"height":0},"classes":[]}],"_links":{"self":[{"href":"https:\/\/www.cltweb.org\/fr\/wp-json\/wp\/v2\/pages\/4034","targetHints":{"allow":["GET"]}}],"collection":[{"href":"https:\/\/www.cltweb.org\/fr\/wp-json\/wp\/v2\/pages"}],"about":[{"href":"https:\/\/www.cltweb.org\/fr\/wp-json\/wp\/v2\/types\/page"}],"author":[{"embeddable":true,"href":"https:\/\/www.cltweb.org\/fr\/wp-json\/wp\/v2\/users\/1"}],"replies":[{"embeddable":true,"href":"https:\/\/www.cltweb.org\/fr\/wp-json\/wp\/v2\/comments?post=4034"}],"version-history":[{"count":4,"href":"https:\/\/www.cltweb.org\/fr\/wp-json\/wp\/v2\/pages\/4034\/revisions"}],"predecessor-version":[{"id":4528,"href":"https:\/\/www.cltweb.org\/fr\/wp-json\/wp\/v2\/pages\/4034\/revisions\/4528"}],"up":[{"embeddable":true,"href":"https:\/\/www.cltweb.org\/fr\/wp-json\/wp\/v2\/pages\/906"}],"wp:attachment":[{"href":"https:\/\/www.cltweb.org\/fr\/wp-json\/wp\/v2\/media?parent=4034"}],"wp:term":[{"taxonomy":"category","embeddable":true,"href":"https:\/\/www.cltweb.org\/fr\/wp-json\/wp\/v2\/categories?post=4034"},{"taxonomy":"post_tag","embeddable":true,"href":"https:\/\/www.cltweb.org\/fr\/wp-json\/wp\/v2\/tags?post=4034"}],"curies":[{"name":"wp","href":"https:\/\/api.w.org\/{rel}","templated":true}]}}