{"id":4188,"date":"2024-10-22T17:47:58","date_gmt":"2024-10-22T17:47:58","guid":{"rendered":"https:\/\/www.cltweb.org\/bibliotheque-de-ressources\/histoire-du-mouvement-clt\/les-racines-du-clt\/precurseurs-internationaux\/cereales-anciennes\/"},"modified":"2024-10-22T19:00:18","modified_gmt":"2024-10-22T19:00:18","slug":"cereales-anciennes","status":"publish","type":"page","link":"https:\/\/www.cltweb.org\/fr\/bibliotheque-de-ressources\/les-racines-du-clt\/precurseurs-internationaux\/cereales-anciennes\/","title":{"rendered":"C\u00e9r\u00e9ales anciennes"},"content":{"rendered":"\n<p>En dehors des \u00c9tats-Unis, l&#8217;id\u00e9e de traiter la terre diff\u00e9remment de ce qui y est construit &#8211; un principe au c\u0153ur de la fiducie fonci\u00e8re communautaire moderne &#8211; a un long et noble pedigree. Un certain nombre de traditions culturelles et religieuses consid\u00e8rent la terre comme un don g\u00e9n\u00e9reux offert \u00e0 l&#8217;humanit\u00e9 par un Dieu g\u00e9n\u00e9reux. La terre est un patrimoine sacr\u00e9. Elle peut \u00eatre utilis\u00e9e temporairement par des individus, mais ne peut \u00eatre poss\u00e9d\u00e9e de mani\u00e8re permanente.   <\/p>\n\n<p>Dans l&#8217;Inde ancienne, il existait une interdiction v\u00e9dique de c\u00e9der des terres. Dans l&#8217;ancien Isra\u00ebl, la Torah r\u00e9v\u00e8le que Yahv\u00e9 a ordonn\u00e9 que &#8220;la terre ne doit pas \u00eatre vendue \u00e0 perp\u00e9tuit\u00e9, car la terre est \u00e0 moi ; avec moi, vous n&#8217;\u00eates que des \u00e9trangers et des locataires&#8221;<em>(L\u00e9vitique<\/em> 25:23). Dans le m\u00eame ordre d&#8217;id\u00e9es, les philosophes de l&#8217;\u00c9glise chr\u00e9tienne primitive ont contest\u00e9 la coutume romaine selon laquelle les individus d\u00e9tenaient la terre en tant que propri\u00e9t\u00e9 en fief simple absolu. Ils consid\u00e9raient la terre comme un moyen de vie et de subsistance communautaire qui devait \u00eatre accessible \u00e0 l&#8217;ensemble de la communaut\u00e9.   <\/p>\n\n<p>De nombreux peuples autochtones ont eu le m\u00eame sentiment que la terre, les rivi\u00e8res, les montagnes et le ciel sont des dons sacr\u00e9s qui sont partag\u00e9s par tous et n&#8217;appartiennent \u00e0 personne. En effet, pour eux, l&#8217;id\u00e9e m\u00eame de poss\u00e9der des terres semblait ridicule. La lettre \u00e9loquente du chef Seattle de 1854, en r\u00e9ponse \u00e0 une demande du gouvernement f\u00e9d\u00e9ral d&#8217;acheter des terres tribales dans le nord-ouest du Pacifique, r\u00e9sume bien ce sentiment :  <\/p>\n\n<p><em>Le pr\u00e9sident \u00e0 Washington fait savoir qu&#8217;il souhaite acheter notre terre. Mais comment acheter ou vendre le ciel ? La terre ? L&#8217;id\u00e9e nous para\u00eet \u00e9trange. Si la fra\u00eecheur de l&#8217;air et l&#8217;\u00e9clat de l&#8217;eau ne nous appartiennent pas, comment peut-on les acheter ?    <\/em><\/p>\n\n<p>Il existe un second courant \u00e9thique, pr\u00e9sent dans de nombreuses traditions culturelles et religieuses, qui ne trouve rien de mal en soi \u00e0 la propri\u00e9t\u00e9 fonci\u00e8re ; en effet, la validit\u00e9 de toute propri\u00e9t\u00e9 priv\u00e9e est affirm\u00e9e. Mais accumuler plus que ce qui est n\u00e9cessaire \u00e0 son bien-\u00eatre personnel est consid\u00e9r\u00e9 comme immoral. Les biens mat\u00e9riels doivent \u00eatre utilis\u00e9s non seulement pour l&#8217;am\u00e9lioration de leurs propri\u00e9taires, mais aussi pour le b\u00e9n\u00e9fice de la communaut\u00e9 dans son ensemble, pr\u00e9sente et future. C&#8217;est particuli\u00e8rement vrai pour les ressources limit\u00e9es comme la terre et l&#8217;eau, dont la propri\u00e9t\u00e9 concentr\u00e9e par une minorit\u00e9 privil\u00e9gi\u00e9e peut priver la majorit\u00e9 de ce dont elle a besoin pour vivre et prosp\u00e9rer. Selon Saint Augustin, &#8220;celui qui poss\u00e8de un surplus poss\u00e8de les biens d&#8217;autrui&#8221;.    <\/p>\n\n<p>Des g\u00e9n\u00e9rations plus tard, cette \u00e9thique a trouv\u00e9 un \u00e9cho asiatique dans le concept de &#8220;tutelle&#8221; du Mahatma Gandhi. Malgr\u00e9 son asc\u00e9tisme personnel, Gandhi n&#8217;a pas suppos\u00e9 que les autres renonceraient aux biens mat\u00e9riels, pas plus qu&#8217;il n&#8217;a condamn\u00e9 la propri\u00e9t\u00e9 priv\u00e9e de la terre. Ce qu&#8217;il condamnait, dans un pays d&#8217;une grande pauvret\u00e9 qui \u00e9mergeait encore d&#8217;un si\u00e8cle de colonisation britannique, c&#8217;\u00e9tait l&#8217;accumulation de biens au-del\u00e0 des besoins personnels. Selon ses propres termes :   <\/p>\n\n<p><em>Ce qui m&#8217;appartient, c&#8217;est le droit \u00e0 une subsistance honorable, qui n&#8217;est pas meilleure que celle dont jouissent des millions d&#8217;autres personnes. Le reste de ma richesse appartient \u00e0 la communaut\u00e9 et doit \u00eatre utilis\u00e9 pour le bien-\u00eatre de la communaut\u00e9 <\/em>.<\/p>\n\n<p>Ou, comme l&#8217;a dit l&#8217;\u00c9glise catholique romaine dans une s\u00e9rie d&#8217;encycliques publi\u00e9es entre 1891 et 1991, il existe une &#8220;hypoth\u00e8que sociale&#8221; sur tous les biens priv\u00e9s.<\/p>\n\n<p>Le community land trust est loin d&#8217;\u00eatre la premi\u00e8re institution \u00e0 consid\u00e9rer la terre comme un bien qui doit \u00eatre g\u00e9r\u00e9 pour l&#8217;ensemble de la communaut\u00e9, pr\u00e9sente et future. Elle n&#8217;est pas non plus la premi\u00e8re \u00e0 trouver une justification \u00e9thique \u00e0 la limitation de l&#8217;\u00e9quit\u00e9 que les individus peuvent retirer de la propri\u00e9t\u00e9 afin de garantir l&#8217;acc\u00e8s aux personnes dans le besoin. Ces pr\u00e9ceptes \u00e9thiques existent depuis tr\u00e8s longtemps.  <\/p>\n\n<h2 class=\"wp-block-heading\">Lectures compl\u00e9mentaires<\/h2>\n\n<ul class=\"wp-block-list\">\n<li>C. Avilia, <em>Propri\u00e9t\u00e9 : Early Christian Teaching<\/em> (Maryknoll NY : Orbis Books, 1983).<\/li>\n\n\n\n<li>V. Bartlett, &#8220;The Biblical and Early Christian Idea of Property&#8221;, dans A.J. Carlyle (ed.), <a href=\"http:\/\/www.gregoryrosenberg.net\/clt\/wp-content\/uploads\/sites\/3\/2013\/10\/Jubilee-ram-horn.jpeg\"><\/a><em>Property : Its Duties and Rights<\/em> (Londres : McMillian, 1915).<\/li>\n\n\n\n<li>J.W. Bruce, &#8220;A Perspective on Indigenous Land Tenure Systems and Land Concentration&#8221;, dans R.E. Downs et S.P. Reyna (eds.), <em>Land and Society in Contemporary Africa<\/em> (Hanover NH : University Press of New England, 1988).<\/li>\n\n\n\n<li>\u00c9v\u00eaques catholiques du Heartland,<em> Strangers and Guests, Toward Community in the Heartland<\/em>: (Sioux Falls SD : Heartland Project, 1980. D\u00e9claration sur les questions fonci\u00e8res sign\u00e9e et publi\u00e9e par les \u00e9v\u00eaques catholiques repr\u00e9sentant le Colorado, l&#8217;Illinois, l&#8217;Indiana, l&#8217;Iowa, le Kansas, le Minnesota, le Missouri, le Nebraska, le Dakota du Nord, le Dakota du Sud et le Wyoming).<\/li>\n\n\n\n<li>R.C. Ellickson et C. Thorland, &#8220;Ancient Law : M\u00e9sopotamie, \u00c9gypte, Isra\u00ebl&#8221;, <em>Chicago-Kent Law Review<\/em> 71-321-411, 1995.<\/li>\n\n\n\n<li>Mohandas K. Gandhi, <em>Trusteeship<\/em> (Ahemadabad, Inde : Navajivan Trust, 1960).<\/li>\n\n\n\n<li>Vicki Lindsay, &#8220;Cultural &amp; Religious Roots of the Community Land Trust Movement&#8221; (essai non publi\u00e9, 2001).<\/li>\n\n\n\n<li>D. Novak, <em>Jewish Social Ethics<\/em> (New York : Oxford University Press, 1992).<\/li>\n\n\n\n<li>D.J. O&#8217;Brien et T.A. Shannon (eds.), <em>Renewing the Earth : Catholic Documents on Peace, Justice, and Liberation<\/em> (Garden City NY : Image Books, 1977).<\/li>\n\n\n\n<li>Peter W. Salsich, &#8220;Toward a Property Ethic of Stewardship&#8221;, p. 21-40 dans Charles Geisler et Gail Daneker (eds.). <em>Property and Values : Alternatives to Public and Private Ownership<\/em> (Washington DC : Island Press, 2000). R\u00e9imprim\u00e9 dans J.E. Davis (ed.), <em>The Community Land Trust Reader<\/em> (Cambridge MA : Lincoln Institute of Land Policy, 2010). <\/li>\n\n\n\n<li><a href=\"http:\/\/link.springer.com\/search?facet-author=%22Richard+Worrell%22\">Richard Worrell<\/a> et Michael C. Appleby, &#8220;Stewardship of Natural Resources : Definition, Ethical and Practical Aspects&#8221;, <em>Journal of Agricultural and Environmental Ethics<\/em>, Vol.12, <a href=\"http:\/\/link.springer.com\/journal\/10806\/12\/3\/page\/1\">Issue 3<\/a>, 2000 : 263-277.<\/li>\n<\/ul>\n\n<h2 class=\"wp-block-heading\">Liens<\/h2>\n\n<ul class=\"wp-block-list\">\n<li>Catholic Rural Life, <a href=\"http:\/\/www.ncrlc.com\/page.aspx?ID=79\" target=\"_blank\" rel=\"noreferrer noopener\">Principles for Stewardship of Land (Principes de gestion de la terre)<\/a><\/li>\n\n\n\n<li>J. Patrick Dobel, &#8220;<a href=\"http:\/\/www.religion-online.org\/showarticle.asp?title=1180\" target=\"_blank\" rel=\"noreferrer noopener\">Stewards of the Earth&#8217;s Resources : Une r\u00e9ponse chr\u00e9tienne \u00e0 l&#8217;\u00e9cologie<\/a>&#8220;<\/li>\n\n\n\n<li><a href=\"http:\/\/www.creativespirits.info\/aboriginalculture\/land\/meaning-of-land-to-aboriginal-people\" target=\"_blank\" rel=\"noreferrer noopener\">Signification de la terre pour les peuples autochtones<\/a><\/li>\n\n\n\n<li><a href=\"http:\/\/www.webofcreation.org\/\" target=\"_blank\" rel=\"noreferrer noopener\">La toile de la cr\u00e9ation : Ressources \u00e9cologiques pour transformer les communaut\u00e9s religieuses et la soci\u00e9t\u00e9<\/a><\/li>\n<\/ul>\n","protected":false},"excerpt":{"rendered":"<p>En dehors des \u00c9tats-Unis, l&#8217;id\u00e9e de traiter la terre diff\u00e9remment de ce qui y est construit &#8211; un principe au c\u0153ur de la fiducie fonci\u00e8re communautaire moderne &#8211; a un [&hellip;]<\/p>\n","protected":false},"author":1,"featured_media":0,"parent":1698,"menu_order":0,"comment_status":"closed","ping_status":"closed","template":"","meta":{"give_campaign_id":0,"_tec_requires_first_save":true,"_kad_blocks_custom_css":"","_kad_blocks_head_custom_js":"","_kad_blocks_body_custom_js":"","_kad_blocks_footer_custom_js":"","_EventAllDay":false,"_EventTimezone":"","_EventStartDate":"","_EventEndDate":"","_EventStartDateUTC":"","_EventEndDateUTC":"","_EventShowMap":false,"_EventShowMapLink":false,"_EventURL":"","_EventCost":"","_EventCostDescription":"","_EventCurrencySymbol":"","_EventCurrencyCode":"","_EventCurrencyPosition":"","_EventDateTimeSeparator":"","_EventTimeRangeSeparator":"","_EventOrganizerID":[],"_EventVenueID":[],"_OrganizerEmail":"","_OrganizerPhone":"","_OrganizerWebsite":"","_VenueAddress":"","_VenueCity":"","_VenueCountry":"","_VenueProvince":"","_VenueState":"","_VenueZip":"","_VenuePhone":"","_VenueURL":"","_VenueStateProvince":"","_VenueLat":"","_VenueLng":"","_VenueShowMap":false,"_VenueShowMapLink":false,"_tribe_blocks_recurrence_rules":"","_tribe_blocks_recurrence_description":"","_tribe_blocks_recurrence_exclusions":"","footnotes":""},"categories":[195],"tags":[],"class_list":["post-4188","page","type-page","status-publish","hentry","category-precurseurs-internationaux"],"blocksy_meta":[],"yoast_head":"<!-- This site is optimized with the Yoast SEO Premium plugin v27.4 (Yoast SEO v27.5) - https:\/\/yoast.com\/product\/yoast-seo-premium-wordpress\/ -->\n<title>C\u00e9r\u00e9ales anciennes - International Center for Community Land Trusts<\/title>\n<meta name=\"robots\" content=\"index, follow, max-snippet:-1, max-image-preview:large, max-video-preview:-1\" \/>\n<link rel=\"canonical\" href=\"https:\/\/www.cltweb.org\/fr\/bibliotheque-de-ressources\/les-racines-du-clt\/precurseurs-internationaux\/cereales-anciennes\/\" \/>\n<meta property=\"og:locale\" content=\"fr_FR\" \/>\n<meta property=\"og:type\" content=\"article\" \/>\n<meta property=\"og:title\" content=\"C\u00e9r\u00e9ales anciennes\" \/>\n<meta property=\"og:description\" content=\"En dehors des \u00c9tats-Unis, l&#8217;id\u00e9e de traiter la terre diff\u00e9remment de ce qui y est construit &#8211; un principe au c\u0153ur de la fiducie fonci\u00e8re communautaire moderne &#8211; a un [&hellip;]\" \/>\n<meta property=\"og:url\" content=\"https:\/\/www.cltweb.org\/fr\/bibliotheque-de-ressources\/les-racines-du-clt\/precurseurs-internationaux\/cereales-anciennes\/\" \/>\n<meta property=\"og:site_name\" content=\"International Center for Community Land Trusts\" \/>\n<meta property=\"article:publisher\" content=\"https:\/\/www.facebook.com\/cltcenter\" \/>\n<meta property=\"article:modified_time\" content=\"2024-10-22T19:00:18+00:00\" \/>\n<meta name=\"twitter:card\" content=\"summary_large_image\" \/>\n<meta name=\"twitter:site\" content=\"@Center4CLTs\" \/>\n<meta name=\"twitter:label1\" content=\"Dur\u00e9e de lecture estim\u00e9e\" \/>\n\t<meta name=\"twitter:data1\" content=\"5 minutes\" \/>\n<script type=\"application\/ld+json\" class=\"yoast-schema-graph\">{\"@context\":\"https:\\\/\\\/schema.org\",\"@graph\":[{\"@type\":\"WebPage\",\"@id\":\"https:\\\/\\\/www.cltweb.org\\\/fr\\\/bibliotheque-de-ressources\\\/les-racines-du-clt\\\/precurseurs-internationaux\\\/cereales-anciennes\\\/\",\"url\":\"https:\\\/\\\/www.cltweb.org\\\/fr\\\/bibliotheque-de-ressources\\\/les-racines-du-clt\\\/precurseurs-internationaux\\\/cereales-anciennes\\\/\",\"name\":\"C\u00e9r\u00e9ales anciennes - International Center for Community Land Trusts\",\"isPartOf\":{\"@id\":\"https:\\\/\\\/www.cltweb.org\\\/fr\\\/#website\"},\"datePublished\":\"2024-10-22T17:47:58+00:00\",\"dateModified\":\"2024-10-22T19:00:18+00:00\",\"breadcrumb\":{\"@id\":\"https:\\\/\\\/www.cltweb.org\\\/fr\\\/bibliotheque-de-ressources\\\/les-racines-du-clt\\\/precurseurs-internationaux\\\/cereales-anciennes\\\/#breadcrumb\"},\"inLanguage\":\"fr-FR\",\"potentialAction\":[{\"@type\":\"ReadAction\",\"target\":[\"https:\\\/\\\/www.cltweb.org\\\/fr\\\/bibliotheque-de-ressources\\\/les-racines-du-clt\\\/precurseurs-internationaux\\\/cereales-anciennes\\\/\"]}]},{\"@type\":\"BreadcrumbList\",\"@id\":\"https:\\\/\\\/www.cltweb.org\\\/fr\\\/bibliotheque-de-ressources\\\/les-racines-du-clt\\\/precurseurs-internationaux\\\/cereales-anciennes\\\/#breadcrumb\",\"itemListElement\":[{\"@type\":\"ListItem\",\"position\":1,\"name\":\"Home\",\"item\":\"https:\\\/\\\/www.cltweb.org\\\/fr\\\/\"},{\"@type\":\"ListItem\",\"position\":2,\"name\":\"Biblioth\u00e8que de ressources\",\"item\":\"https:\\\/\\\/www.cltweb.org\\\/fr\\\/bibliotheque-de-ressources\\\/\"},{\"@type\":\"ListItem\",\"position\":3,\"name\":\"Les racines du CLT\",\"item\":\"https:\\\/\\\/www.cltweb.org\\\/fr\\\/bibliotheque-de-ressources\\\/les-racines-du-clt\\\/\"},{\"@type\":\"ListItem\",\"position\":4,\"name\":\"Pr\u00e9curseurs internationaux\",\"item\":\"https:\\\/\\\/www.cltweb.org\\\/fr\\\/bibliotheque-de-ressources\\\/les-racines-du-clt\\\/precurseurs-internationaux\\\/\"},{\"@type\":\"ListItem\",\"position\":5,\"name\":\"C\u00e9r\u00e9ales anciennes\"}]},{\"@type\":\"WebSite\",\"@id\":\"https:\\\/\\\/www.cltweb.org\\\/fr\\\/#website\",\"url\":\"https:\\\/\\\/www.cltweb.org\\\/fr\\\/\",\"name\":\"International Center for Community Land Trusts\",\"description\":\"\",\"publisher\":{\"@id\":\"https:\\\/\\\/www.cltweb.org\\\/fr\\\/#organization\"},\"potentialAction\":[{\"@type\":\"SearchAction\",\"target\":{\"@type\":\"EntryPoint\",\"urlTemplate\":\"https:\\\/\\\/www.cltweb.org\\\/fr\\\/?s={search_term_string}\"},\"query-input\":{\"@type\":\"PropertyValueSpecification\",\"valueRequired\":true,\"valueName\":\"search_term_string\"}}],\"inLanguage\":\"fr-FR\"},{\"@type\":\"Organization\",\"@id\":\"https:\\\/\\\/www.cltweb.org\\\/fr\\\/#organization\",\"name\":\"International Center for Community Land Trusts\",\"url\":\"https:\\\/\\\/www.cltweb.org\\\/fr\\\/\",\"logo\":{\"@type\":\"ImageObject\",\"inLanguage\":\"fr-FR\",\"@id\":\"https:\\\/\\\/www.cltweb.org\\\/fr\\\/#\\\/schema\\\/logo\\\/image\\\/\",\"url\":\"https:\\\/\\\/www.cltweb.org\\\/wp-content\\\/uploads\\\/2024\\\/11\\\/New-CLT-Center-Text-logo.png\",\"contentUrl\":\"https:\\\/\\\/www.cltweb.org\\\/wp-content\\\/uploads\\\/2024\\\/11\\\/New-CLT-Center-Text-logo.png\",\"width\":227,\"height\":80,\"caption\":\"International Center for Community Land Trusts\"},\"image\":{\"@id\":\"https:\\\/\\\/www.cltweb.org\\\/fr\\\/#\\\/schema\\\/logo\\\/image\\\/\"},\"sameAs\":[\"https:\\\/\\\/www.facebook.com\\\/cltcenter\",\"https:\\\/\\\/x.com\\\/Center4CLTs\",\"https:\\\/\\\/www.instagram.com\\\/cltcenter\\\/\",\"https:\\\/\\\/www.linkedin.com\\\/company\\\/cltcenter\",\"https:\\\/\\\/www.youtube.com\\\/@centerforcltinnovation5313\"],\"description\":\"The International Center for Community Land Trusts is a not-for-profit nongovernmental organization established in 2018 to promote and to support community land trusts and similar strategies of community-led development on community-owned land in countries throughout the world.\",\"email\":\"info@communitylandtrust.net\",\"legalName\":\"International Center for Community Land Trusts\",\"foundingDate\":\"2018-12-01\",\"taxID\":\"84-3858933\",\"numberOfEmployees\":{\"@type\":\"QuantitativeValue\",\"minValue\":\"1\",\"maxValue\":\"10\"}}]}<\/script>\n<!-- \/ Yoast SEO Premium plugin. -->","yoast_head_json":{"title":"C\u00e9r\u00e9ales anciennes - International Center for Community Land Trusts","robots":{"index":"index","follow":"follow","max-snippet":"max-snippet:-1","max-image-preview":"max-image-preview:large","max-video-preview":"max-video-preview:-1"},"canonical":"https:\/\/www.cltweb.org\/fr\/bibliotheque-de-ressources\/les-racines-du-clt\/precurseurs-internationaux\/cereales-anciennes\/","og_locale":"fr_FR","og_type":"article","og_title":"C\u00e9r\u00e9ales anciennes","og_description":"En dehors des \u00c9tats-Unis, l&#8217;id\u00e9e de traiter la terre diff\u00e9remment de ce qui y est construit &#8211; un principe au c\u0153ur de la fiducie fonci\u00e8re communautaire moderne &#8211; a un [&hellip;]","og_url":"https:\/\/www.cltweb.org\/fr\/bibliotheque-de-ressources\/les-racines-du-clt\/precurseurs-internationaux\/cereales-anciennes\/","og_site_name":"International Center for Community Land Trusts","article_publisher":"https:\/\/www.facebook.com\/cltcenter","article_modified_time":"2024-10-22T19:00:18+00:00","twitter_card":"summary_large_image","twitter_site":"@Center4CLTs","twitter_misc":{"Dur\u00e9e de lecture estim\u00e9e":"5 minutes"},"schema":{"@context":"https:\/\/schema.org","@graph":[{"@type":"WebPage","@id":"https:\/\/www.cltweb.org\/fr\/bibliotheque-de-ressources\/les-racines-du-clt\/precurseurs-internationaux\/cereales-anciennes\/","url":"https:\/\/www.cltweb.org\/fr\/bibliotheque-de-ressources\/les-racines-du-clt\/precurseurs-internationaux\/cereales-anciennes\/","name":"C\u00e9r\u00e9ales anciennes - International Center for Community Land Trusts","isPartOf":{"@id":"https:\/\/www.cltweb.org\/fr\/#website"},"datePublished":"2024-10-22T17:47:58+00:00","dateModified":"2024-10-22T19:00:18+00:00","breadcrumb":{"@id":"https:\/\/www.cltweb.org\/fr\/bibliotheque-de-ressources\/les-racines-du-clt\/precurseurs-internationaux\/cereales-anciennes\/#breadcrumb"},"inLanguage":"fr-FR","potentialAction":[{"@type":"ReadAction","target":["https:\/\/www.cltweb.org\/fr\/bibliotheque-de-ressources\/les-racines-du-clt\/precurseurs-internationaux\/cereales-anciennes\/"]}]},{"@type":"BreadcrumbList","@id":"https:\/\/www.cltweb.org\/fr\/bibliotheque-de-ressources\/les-racines-du-clt\/precurseurs-internationaux\/cereales-anciennes\/#breadcrumb","itemListElement":[{"@type":"ListItem","position":1,"name":"Home","item":"https:\/\/www.cltweb.org\/fr\/"},{"@type":"ListItem","position":2,"name":"Biblioth\u00e8que de ressources","item":"https:\/\/www.cltweb.org\/fr\/bibliotheque-de-ressources\/"},{"@type":"ListItem","position":3,"name":"Les racines du CLT","item":"https:\/\/www.cltweb.org\/fr\/bibliotheque-de-ressources\/les-racines-du-clt\/"},{"@type":"ListItem","position":4,"name":"Pr\u00e9curseurs internationaux","item":"https:\/\/www.cltweb.org\/fr\/bibliotheque-de-ressources\/les-racines-du-clt\/precurseurs-internationaux\/"},{"@type":"ListItem","position":5,"name":"C\u00e9r\u00e9ales anciennes"}]},{"@type":"WebSite","@id":"https:\/\/www.cltweb.org\/fr\/#website","url":"https:\/\/www.cltweb.org\/fr\/","name":"International Center for Community Land Trusts","description":"","publisher":{"@id":"https:\/\/www.cltweb.org\/fr\/#organization"},"potentialAction":[{"@type":"SearchAction","target":{"@type":"EntryPoint","urlTemplate":"https:\/\/www.cltweb.org\/fr\/?s={search_term_string}"},"query-input":{"@type":"PropertyValueSpecification","valueRequired":true,"valueName":"search_term_string"}}],"inLanguage":"fr-FR"},{"@type":"Organization","@id":"https:\/\/www.cltweb.org\/fr\/#organization","name":"International Center for Community Land Trusts","url":"https:\/\/www.cltweb.org\/fr\/","logo":{"@type":"ImageObject","inLanguage":"fr-FR","@id":"https:\/\/www.cltweb.org\/fr\/#\/schema\/logo\/image\/","url":"https:\/\/www.cltweb.org\/wp-content\/uploads\/2024\/11\/New-CLT-Center-Text-logo.png","contentUrl":"https:\/\/www.cltweb.org\/wp-content\/uploads\/2024\/11\/New-CLT-Center-Text-logo.png","width":227,"height":80,"caption":"International Center for Community Land Trusts"},"image":{"@id":"https:\/\/www.cltweb.org\/fr\/#\/schema\/logo\/image\/"},"sameAs":["https:\/\/www.facebook.com\/cltcenter","https:\/\/x.com\/Center4CLTs","https:\/\/www.instagram.com\/cltcenter\/","https:\/\/www.linkedin.com\/company\/cltcenter","https:\/\/www.youtube.com\/@centerforcltinnovation5313"],"description":"The International Center for Community Land Trusts is a not-for-profit nongovernmental organization established in 2018 to promote and to support community land trusts and similar strategies of community-led development on community-owned land in countries throughout the world.","email":"info@communitylandtrust.net","legalName":"International Center for Community Land Trusts","foundingDate":"2018-12-01","taxID":"84-3858933","numberOfEmployees":{"@type":"QuantitativeValue","minValue":"1","maxValue":"10"}}]}},"campaignId":"","taxonomy_info":{"category":[{"value":195,"label":"Pr\u00e9curseurs internationaux"}]},"featured_image_src_large":false,"author_info":{"display_name":"cltredesign_0jp0l4","author_link":"https:\/\/www.cltweb.org\/fr\/author\/cltredesign_0jp0l4\/"},"comment_info":0,"jetpack_sharing_enabled":true,"jetpack-related-posts":[{"id":8719,"url":"https:\/\/www.cltweb.org\/fr\/bibliotheque-de-ressources\/agriculture\/concepts-cles\/lagriculture-engagee-dans-la-communaute\/","url_meta":{"origin":4188,"position":0},"title":"L&#8217;agriculture engag\u00e9e dans la communaut\u00e9","author":"cltredesign_0jp0l4","date":"2 f\u00e9vrier 2025","format":false,"excerpt":"En dehors des villes, les agriculteurs peuvent travailler leurs terres sans trop se soucier de leurs voisins. Mais en milieu urbain, les voisins sont beaucoup plus proches - les agriculteurs urbains seront probablement soumis \u00e0 de fortes pressions pour \u00eatre de bons membres de la communaut\u00e9. En s'engageant activement aupr\u00e8s\u2026","rel":"","context":"Dans &quot;Agriculture&quot;","block_context":{"text":"Agriculture","link":"https:\/\/www.cltweb.org\/fr\/category\/agriculture-fr\/"},"img":{"alt_text":"","src":"","width":0,"height":0},"classes":[]},{"id":8696,"url":"https:\/\/www.cltweb.org\/fr\/bibliotheque-de-ressources\/agriculture\/concepts-cles\/fiscalite-fonciere\/","url_meta":{"origin":4188,"position":1},"title":"Fiscalit\u00e9 fonci\u00e8re","author":"cltredesign_0jp0l4","date":"2 f\u00e9vrier 2025","format":false,"excerpt":"Du point de vue de l'agriculteur et du propri\u00e9taire foncier, il est toujours pr\u00e9f\u00e9rable de r\u00e9duire ou d'\u00e9liminer les imp\u00f4ts fonciers afin de prot\u00e9ger l'accessibilit\u00e9 des terres agricoles urbaines. Bien s\u00fbr, l'autorit\u00e9 fiscale peut avoir un point de vue diff\u00e9rent, mais il existe des moyens de structurer la propri\u00e9t\u00e9 fonci\u00e8re\u2026","rel":"","context":"Dans &quot;Agriculture&quot;","block_context":{"text":"Agriculture","link":"https:\/\/www.cltweb.org\/fr\/category\/agriculture-fr\/"},"img":{"alt_text":"","src":"","width":0,"height":0},"classes":[]},{"id":4522,"url":"https:\/\/www.cltweb.org\/fr\/bibliotheque-de-ressources\/interviews\/liz-alden-wily-2020\/","url_meta":{"origin":4188,"position":2},"title":"Liz Alden Wily (2020)","author":"cltredesign_0jp0l4","date":"22 octobre 2024","format":false,"excerpt":"Liz Alden Wily, docteur en sciences politiques, est une sp\u00e9cialiste des r\u00e9gimes fonciers. Elle travaille comme chercheuse, conseill\u00e8re technique et praticienne dans le domaine de la propri\u00e9t\u00e9 fonci\u00e8re communautaire. Elle a travaill\u00e9 sur cette question dans une vingtaine de pays. Elle a r\u00e9dig\u00e9 un chapitre dans On Common Ground intitul\u00e9\u2026","rel":"","context":"Dans &quot;Interviews&quot;","block_context":{"text":"Interviews","link":"https:\/\/www.cltweb.org\/fr\/category\/interviews-fr\/"},"img":{"alt_text":"","src":"","width":0,"height":0},"classes":[]},{"id":4497,"url":"https:\/\/www.cltweb.org\/fr\/bibliotheque-de-ressources\/interviews\/bob-swann-1973\/","url_meta":{"origin":4188,"position":3},"title":"Bob Swann (1973)","author":"cltredesign_0jp0l4","date":"22 octobre 2024","format":false,"excerpt":"Il s'agit de l'une des premi\u00e8res interviews donn\u00e9es par Bob Swann. Elle a \u00e9t\u00e9 publi\u00e9e dans le magazine Lifestyle ! Magazine, peu apr\u00e8s que lui et trois de ses coll\u00e8gues aient publi\u00e9 The Community Land Trust : A Guide to a New Model for Land Tenure in America, et peu\u2026","rel":"","context":"Dans &quot;Interviews&quot;","block_context":{"text":"Interviews","link":"https:\/\/www.cltweb.org\/fr\/category\/interviews-fr\/"},"img":{"alt_text":"","src":"","width":0,"height":0},"classes":[]},{"id":8714,"url":"https:\/\/www.cltweb.org\/fr\/bibliotheque-de-ressources\/agriculture\/concepts-cles\/respect-du-lieu\/","url_meta":{"origin":4188,"position":4},"title":"Respect du lieu","author":"cltredesign_0jp0l4","date":"2 f\u00e9vrier 2025","format":false,"excerpt":"En intervenant dans ce paysage, les cultivateurs urbains et leurs alli\u00e9s doivent comprendre que lorsque la terre est bon march\u00e9, elle l'est pour une raison. Un terrain vague qui pourrait \u00eatre un site abordable pour une ferme urbaine a presque toujours une histoire sociale et environnementale compliqu\u00e9e qui est inscrite\u2026","rel":"","context":"Dans &quot;Agriculture&quot;","block_context":{"text":"Agriculture","link":"https:\/\/www.cltweb.org\/fr\/category\/agriculture-fr\/"},"img":{"alt_text":"","src":"","width":0,"height":0},"classes":[]},{"id":8986,"url":"https:\/\/www.cltweb.org\/fr\/bibliotheque-de-ressources\/agriculture\/ressources-complementaires\/comment-les-clt-securisent-et-protegent-les-terres\/baux-fonciers\/","url_meta":{"origin":4188,"position":5},"title":"Baux fonciers","author":"cltredesign_0jp0l4","date":"3 f\u00e9vrier 2025","format":false,"excerpt":"Les baux fonciers sont un deuxi\u00e8me mode de tenure utilis\u00e9 par les CLT pour s\u00e9curiser les terres. Un CLT peut \u00eatre le bailleur ou le preneur d'un bail agricole. Parfois, le CLT peut \u00eatre le propri\u00e9taire foncier et louer des terres \u00e0 une entit\u00e9 externe pour g\u00e9rer des programmes agricoles,\u2026","rel":"","context":"Dans &quot;Agriculture&quot;","block_context":{"text":"Agriculture","link":"https:\/\/www.cltweb.org\/fr\/category\/agriculture-fr\/"},"img":{"alt_text":"","src":"","width":0,"height":0},"classes":[]}],"_links":{"self":[{"href":"https:\/\/www.cltweb.org\/fr\/wp-json\/wp\/v2\/pages\/4188","targetHints":{"allow":["GET"]}}],"collection":[{"href":"https:\/\/www.cltweb.org\/fr\/wp-json\/wp\/v2\/pages"}],"about":[{"href":"https:\/\/www.cltweb.org\/fr\/wp-json\/wp\/v2\/types\/page"}],"author":[{"embeddable":true,"href":"https:\/\/www.cltweb.org\/fr\/wp-json\/wp\/v2\/users\/1"}],"replies":[{"embeddable":true,"href":"https:\/\/www.cltweb.org\/fr\/wp-json\/wp\/v2\/comments?post=4188"}],"version-history":[{"count":2,"href":"https:\/\/www.cltweb.org\/fr\/wp-json\/wp\/v2\/pages\/4188\/revisions"}],"predecessor-version":[{"id":4236,"href":"https:\/\/www.cltweb.org\/fr\/wp-json\/wp\/v2\/pages\/4188\/revisions\/4236"}],"up":[{"embeddable":true,"href":"https:\/\/www.cltweb.org\/fr\/wp-json\/wp\/v2\/pages\/1698"}],"wp:attachment":[{"href":"https:\/\/www.cltweb.org\/fr\/wp-json\/wp\/v2\/media?parent=4188"}],"wp:term":[{"taxonomy":"category","embeddable":true,"href":"https:\/\/www.cltweb.org\/fr\/wp-json\/wp\/v2\/categories?post=4188"},{"taxonomy":"post_tag","embeddable":true,"href":"https:\/\/www.cltweb.org\/fr\/wp-json\/wp\/v2\/tags?post=4188"}],"curies":[{"name":"wp","href":"https:\/\/api.w.org\/{rel}","templated":true}]}}