{"id":4442,"date":"2024-10-22T19:56:08","date_gmt":"2024-10-22T19:56:08","guid":{"rendered":"https:\/\/www.cltweb.org\/bibliotheque-de-ressources\/interviews\/les-principes-communautaires-de-la-terre-et-les-valeurs-quils-apportent-a-lensemble-de-la-population-2020\/"},"modified":"2024-10-22T20:46:34","modified_gmt":"2024-10-22T20:46:34","slug":"les-principes-communautaires-de-la-terre-et-les-valeurs-quils-apportent-a-lensemble-de-la-population-2020","status":"publish","type":"page","link":"https:\/\/www.cltweb.org\/fr\/bibliotheque-de-ressources\/interviews\/les-principes-communautaires-de-la-terre-et-les-valeurs-quils-apportent-a-lensemble-de-la-population-2020\/","title":{"rendered":"Les principes communautaires de la terre et les valeurs qu&#8217;ils apportent \u00e0 l&#8217;ensemble de la population (2020)"},"content":{"rendered":"\n<p><strong>Transcription de la conversation\/du panel<\/strong><br\/><strong>Les id\u00e9aux communautaires de la terre et les valeurs qu&#8217;ils apportent au collectif humain <\/strong> <\/p>\n\n<p>Licenciada Mar\u00eda E. Hern\u00e1ndez Torrales, mentora del Pro Bono Ca\u00f1o\/Cauce<br\/>Natalia M. Ortiz Berm\u00fadez, portavoz del Pro Bono Ca\u00f1o\/Cauce<br\/>Naudelis Fern\u00e1ndez Reyes, portavoz del Pro Bono Ca\u00f1o\/ Cauce<\/p>\n\n<p>Lire la vid\u00e9o<\/p>\n\n<p><strong>Panelistes :<\/strong><\/p>\n\n<p>Doctora Mariolga Reyes Cruz, pr\u00e9sidente de la Junta de Fiduciarios del Fideicomiso de Tierras Comunitarias para la Agricultura Sostenible ;<br\/>Planificadora Cristina Miranda Palacios, pr\u00e9sidente de la Junta de Fiduciarios del Fideicomiso para el Desarrollo de R\u00edo Piedras ;<\/p>\n\n<p>Licenciada Sarah Delgado Brayfield, pr\u00e9sidente de la Junta de Fiduciarios del Fideicomiso de la Tierra del Ca\u00f1o Mart\u00edn Pe\u00f1a ;<br\/>Se\u00f1or Mario N\u00fa\u00f1ez Mercado, director ejecutivo de la Corporaci\u00f3n del Proyecto ENLACE del Ca\u00f1o Mart\u00edn Pe\u00f1a y director ejecutivo del Fideicomiso de la Tierra del Ca\u00f1o Mart\u00edn Pe\u00f1a ;<\/p>\n\n<p>Licenci\u00e9e Niria Berm\u00fadez, g\u00e9rante des projets sp\u00e9ciaux dans le domaine de la terre du Ca\u00f1o Mart\u00edn Pe\u00f1a<\/p>\n\n<p>Licenci\u00e9e Mar\u00eda E. Hern\u00e1ndez Torrales : bienvenidas et bienvenidos al conversatorio sobre los fideicomisos comunitarios de tierra y los valores que esta forma de tenencia de la tierra aporta al colectivo humano. Mon nom est Mar\u00eda Hern\u00e1ndez Torrales, dit le Programa Pro Bono de la Escuela de Derecho et je m&#8217;honore d&#8217;\u00eatre la mentor du Pro Bono Ca\u00f1o\/Cauce. Un saludo muy especial a los distinguidos y distinguidas personas que componen este panel, amigos y amigas, todas ; a la directora Mariolga Reyes, presidenta de la Junta de Fiduciarios del Fideicomiso de Tierras Comunitarias para la Agricultura Sostenible ; \u00e0 la planificatrice Cristina Miranda Palacios, pr\u00e9sidente de la Junta de Fiduciarios del Fideicomiso para el Desarrollo de R\u00edo Piedras ; \u00e0 la licenci\u00e9e, Sara Delgado Brayfiled, pr\u00e9sidente de la Junta de Fiduciarios del Fideicomiso de la Tierra del Ca\u00f1o Mart\u00edn Pe\u00f1a ; al se\u00f1or Mario N\u00fa\u00f1ez Mercado, director ejecutivo de la Corporaci\u00f3n del Proyecto ENLACE del Ca\u00f1o Mart\u00edn Pe\u00f1a y director ejecutivo del Fideicomiso de la Tierra del Ca\u00f1o Mart\u00edn Pe\u00f1a, tambi\u00e9n, a la licenciada N\u00edria Berm\u00fadez Zaccheus, gerente de Proyectos Especiales en el Fideicomiso de la Tierra del Ca\u00f1o Mart\u00edn Pe\u00f1a. Bienvenidos et bienvenidas, un saludo muy especial a todas las personas que nos est\u00e1n acompa\u00f1ando mediante las plataformas virtuales.   <\/p>\n\n<p>Lorsque nous pensons \u00e0 toutes les conditions qui r\u00e8gnent \u00e0 Puerto Rico et dans le monde entier, nous pouvons dire que nous vivons sur une plan\u00e8te en ruine et que cette d\u00e9t\u00e9rioration tant physique que morale est imputable \u00e0 nous-m\u00eames, \u00e0 la propre humanit\u00e9. Nous pouvons citer, entre autres, un syst\u00e8me d&#8217;alimentation corrompu, un syst\u00e8me o\u00f9 la vie n&#8217;est plus qu&#8217;une structure et o\u00f9 garantir un investissement n&#8217;a pas d&#8217;importance s&#8217;il y a des gens qui vivent ou non. Le syst\u00e8me de soins de sant\u00e9 est uniquement destin\u00e9 \u00e0 ceux qui peuvent le payer et l&#8217;argent destin\u00e9 \u00e0 l&#8217;\u00e9ducation peut \u00eatre vers\u00e9 sur le compte sans qu&#8217;il soit important de savoir si les enfants apprennent ou non, Mais nous continuons \u00e0 chercher plus loin que toutes ces trag\u00e9dies et finalement nous trouvons des gens, des gens ordinaires, des gens bien qui font des choses diff\u00e9rentes, qui agissent pour trouver des solutions aux in\u00e9galit\u00e9s qui nous conduisent \u00e0 des injustices, \u00e0 de graves injustices. C&#8217;est pour cette raison qu&#8217;aujourd&#8217;hui, nous voulons mettre en \u00e9vidence les trois fid\u00e9icomisos de tierra comunitarios qui ont \u00e9t\u00e9 cr\u00e9\u00e9s \u00e0 Porto Rico pour r\u00e9pondre aux besoins des habitants de notre \u00eele, en particulier en ce qui concerne la subsistance, la s\u00e9curit\u00e9 alimentaire et le d\u00e9veloppement \u00e9conomique de la communaut\u00e9. Les fideicomisos comunitarios de tierra sont une nouveaut\u00e9 \u00e0 Porto Rico, mais aux \u00c9tats-Unis, leur cr\u00e9ation remonte \u00e0 un peu plus de 50 ans et il existe pr\u00e8s de 260 fideicomisos comunitarios. Il en existe en Angleterre, en plus grand nombre qu&#8217;aux \u00c9tats-Unis, au Br\u00e9sil, au Canada, un au Kenya, tous ax\u00e9s sur la fourniture d&#8217;un logement abordable et de terres pour assurer une agriculture durable, Nous en connaissons un au Honduras, dont l&#8217;objectif est de garantir des terres o\u00f9 l&#8217;on trouve des puits souterrains pour fournir de l&#8217;eau et garantir l&#8217;acc\u00e8s \u00e0 l&#8217;eau pour les personnes \u00e0 faible revenu. Les projets communautaires ont pour principale composante la population, la communaut\u00e9, la participation de la communaut\u00e9 aux d\u00e9cisions qu&#8217;elle prend et qui l&#8217;affectent. Leur objectif est le bien commun, le bien g\u00e9n\u00e9ral, ce qui signifie qu&#8217;ils apportent des valeurs au collectif humain et qu&#8217;ils enseignent une nouvelle \u00e9thique n\u00e9cessaire pour r\u00e9duire et, dans la plupart des cas, \u00e9liminer les dommages et les souffrances que nous avons caus\u00e9s \u00e0 notre plan\u00e8te et \u00e0 notre propre humanit\u00e9.       <\/p>\n\n<p>Apr\u00e8s avoir termin\u00e9 les pr\u00e9sentations et la discussion sur les questions, ce panel va nous inspirer et nous inspirer \u00e0 regarder vers l&#8217;avenir avec l&#8217;espoir que rien n&#8217;est perdu et que si nous ne proposons rien, il y aura un meilleur avenir, un avenir plus juste, un avenir sans in\u00e9galit\u00e9s injustes. Le panel se compose de deux parties, en premier lieu la pr\u00e9sentation de chaque fideicomiso et de sa raison d&#8217;\u00eatre, ensuite les \u00e9tudiants de Pro Bono Ca\u00f1o\/Cauce entament une discussion en posant des questions \u00e0 l&#8217;attention du panel. Nous commencerons par l&#8217;assembl\u00e9e g\u00e9n\u00e9rale de Ca\u00f1o\/Cauce, pardon, nous commencerons par l&#8217;assembl\u00e9e g\u00e9n\u00e9rale des r\u00e9gions communautaires pour l&#8217;agriculture durable, puis nous continuerons par l&#8217;assembl\u00e9e g\u00e9n\u00e9rale pour le d\u00e9veloppement de R\u00edo Piedras et, enfin, par l&#8217;assembl\u00e9e g\u00e9n\u00e9rale de la Terre du Ca\u00f1o Mart\u00edn Pe\u00f1a. Nous vous demandons de poser vos questions et de faire part de vos commentaires afin qu&#8217;ils fassent partie de cette conversation. Je ne voudrais pas terminer cette intervention sans remercier les participants de Pro Bono Ca\u00f1o\/Cauce, les porte-parole de Pro Bono, Natalia Ortiz Berm\u00fadez et Naudelis Fern\u00e1ndez pour l&#8217;organisation de cet atelier. Merci \u00e0 elles, merci aux autres membres de Pro Bono Ca\u00f1o\/Cauce, merci \u00e0 nos pan\u00e9listes et je souhaite \u00e0 la premi\u00e8re pan\u00e9liste, la doctoresse Mariolga Reyes, beaucoup de gratitude et de plaisir dans cette conversation.     <\/p>\n\n<p>Docteur Mariolga Reyes Cruz : Saludos, muchas gracias por esta invitaci\u00f3n y este esfuerzo, la verdad es que me pongo nerviosa porque voyacer la primera y este es el fideicomiso y y creo que m\u00e1s jovencito. C&#8217;est pourquoi je vais vous parler de notre exp\u00e9rience. Mon nom est Mariolga Reyes Cruz, je suis l&#8217;une des g\u00e9rantes du Fideicomiso de Tierras Comunitarias para la Agricultura Sostenible, c&#8217;est le premier fideicomiso agr\u00edcola de Puerto Rico et la premi\u00e8re question que nous posent les coll\u00e8gues est la suivante : &#8220;Pour quelle raison le Fideicomiso a-t-il \u00e9t\u00e9 cr\u00e9\u00e9 ? <\/p>\n\n<p>La plupart des gens savent que nous importons 85 % des aliments que nous consommons, ce qui est le cas \u00e0 Porto Rico. Cette d\u00e9pendance \u00e0 l&#8217;\u00e9gard des importations d&#8217;aliments nous place dans une situation tr\u00e8s vuln\u00e9rable face \u00e0 des \u00e9v\u00e9nements climatiques extr\u00eames, tant dans les pays o\u00f9 l&#8217;on importe des produits alimentaires que dans notre propre pays. Si vous pensez au syst\u00e8me alimentaire mondial et aux \u00e9v\u00e9nements que nous avons vus dans les journaux et chez nous, les incendies de for\u00eat, les s\u00e9ismes extr\u00eames, les cyclones, les inondations, tout cela affecte la cha\u00eene alimentaire. C&#8217;est pourquoi, en partie, l&#8217;une des choses que nous devons reconna\u00eetre est que l&#8217;intensit\u00e9 et la fr\u00e9quence de ces \u00e9v\u00e9nements vont augmenter en m\u00eame temps que la plan\u00e8te continuera \u00e0 s&#8217;affaiblir et que la crise climatique s&#8217;aggravera. Cette d\u00e9pendance \u00e0 l&#8217;\u00e9gard des importations n&#8217;a pas garanti le droit \u00e0 l&#8217;alimentation. Un tiers de la population mondiale vit dans l&#8217;ins\u00e9curit\u00e9 alimentaire et nous savons que plus de la moiti\u00e9 vit en dessous des niveaux de pauvret\u00e9. C&#8217;est pourquoi, face \u00e0 cela, l&#8217;agriculture familiale et \u00e0 petite \u00e9chelle, respectueuse des sols et de l&#8217;\u00e9cosyst\u00e8me, est vraiment la seule \u00e0 pouvoir r\u00e9duire le r\u00e9chauffement de la plan\u00e8te et \u00e0 nourrir le plus grand nombre. El Fideicomiso de Tierras Comunitarias para la Agricultura Sostenible, que llamar\u00e9 de ahora en adelante, Fideicomiso Agr\u00edcola, es una entidad sin fines de lucro, fundada a fines del a\u00f1o pasado, del 2019 como una iniciativa ciudadana entre gente activa en el movimiento agroecol\u00f3gico y otros sectores para impulsar la seguridad sobre el inventario de Puerto Rico garantizando el acceso de los y las agricultoras ecol\u00f3gicas sin tierra, ni capital a tierras cultivables como bienes comunes. Il s&#8217;agit d&#8217;un effort de transition juste face \u00e0 la crise climatique qui a une grande valeur publique, car d&#8217;un c\u00f4t\u00e9, il y a la possibilit\u00e9 d&#8217;utiliser des formes de production en harmonie avec la nature, y compris des formes qui \u00e9liminent le carbone au lieu d&#8217;en lib\u00e9rer davantage, favorisent la production d&#8217;aliments pour la nourriture de base de notre population, ont le potentiel d&#8217;accro\u00eetre l&#8217;\u00e9conomie communautaire dans le cadre d&#8217;une agriculture durable et de prot\u00e9ger les terres cultivables, non seulement pour les g\u00e9n\u00e9rations actuelles, mais aussi pour les g\u00e9n\u00e9rations futures.       <\/p>\n\n<p>\u00c0 Porto Rico, chaque ann\u00e9e, des dizaines de jeunes sont form\u00e9s \u00e0 l&#8217;agriculture durable, au Josco Gravo, \u00e0 l&#8217;UPR d&#8217;Utuado, \u00e0 l&#8217;UPR de Mayag\u00fcez et \u00e0 bien d&#8217;autres initiatives communautaires, mais les terres cultivables ne sont pas \u00e0 leur port\u00e9e. Le nombre de fermes agricoles \u00e0 Porto Rico n&#8217;a cess\u00e9 de diminuer au cours des 100 derni\u00e8res ann\u00e9es, alors que le prix de la terre est soumis \u00e0 la sp\u00e9culation du march\u00e9 des produits de la terre et aux politiques qui affectent les terres cultivables. Bien qu&#8217;une agricultrice sans terre puisse commencer \u00e0 acqu\u00e9rir des terres publiques aupr\u00e8s de l&#8217;autorit\u00e9 des terres, selon le m\u00eame secr\u00e9taire \u00e0 l&#8217;agriculture, l&#8217;agronome Carlos Flores Ortega, il n&#8217;y a pas de terres de moins de cinquante (50) hectares disponibles. La plupart de ces fermes ne disposent pas de l&#8217;infrastructure agricole de base comme l&#8217;acc\u00e8s \u00e0 l&#8217;eau, de sorte que la personne qui s&#8217;engage doit faire un investissement initial pouvant aller jusqu&#8217;\u00e0 50 000 dollars. En outre, les personnes qui cultivent ces terres ne peuvent pas y construire des habitations permanentes, ce qui augmente encore le co\u00fbt de l&#8217;installation et de l&#8217;exploitation en g\u00e9n\u00e9ral, y compris pour les personnes qui ont d\u00e9j\u00e0 de l&#8217;exp\u00e9rience. Par cons\u00e9quent, pour des raisons pratiques, il n&#8217;y a pas de terres publiques disponibles pour que les agriculteurs et les exploitations agricoles sans capital puissent vivre et d\u00e9velopper des projets \u00e0 petite \u00e9chelle. Les personnes qui pratiquent l&#8217;agriculture \u00e9cologique travaillent avec la nature pour pr\u00e9server la sant\u00e9 des sols et des \u00e9cosyst\u00e8mes qui entourent la ferme et soutiennent ces cultures. Les organisations internationales reconnaissent que c&#8217;est pr\u00e9cis\u00e9ment l&#8217;agriculture familiale \u00e0 petite \u00e9chelle qui nourrit les plus grandes majorit\u00e9s de la population mondiale. Dans le cas des Cara\u00efbes, ce chiffre s&#8217;\u00e9l\u00e8ve \u00e0 pr\u00e8s de 70 %, alors qu&#8217;il faut s&#8217;occuper des sols, de l&#8217;eau, des poissons et des habitants. Ces derni\u00e8res ann\u00e9es, les rapporteurs sp\u00e9ciaux des Nations unies sur le droit \u00e0 l&#8217;alimentation ont insist\u00e9 sur le fait que les pays doivent promouvoir l&#8217;agro\u00e9cologie, car c&#8217;est le type d&#8217;agriculture qui peut prot\u00e9ger la plan\u00e8te tout en pr\u00e9servant les biens naturels et en attirant le plus de monde. Ce type d&#8217;agriculture n\u00e9cessite du temps, de l&#8217;\u00e9nergie et de la patience, et est donc \u00e9galement susceptible de g\u00e9n\u00e9rer plus de travail que l&#8217;agriculture conventionnelle. Cependant, sans acc\u00e8s permanent \u00e0 la terre et sans s\u00e9curit\u00e9 pour les habitants \u00e0 proximit\u00e9 des fermes, il est difficile de maintenir les projets agro\u00e9cologiques visant \u00e0 produire des denr\u00e9es alimentaires pour la consommation locale. Selon le dernier recensement agricole qui a eu lieu cette ann\u00e9e, la majorit\u00e9 des exploitants de fermes, qu&#8217;il s&#8217;agisse de propri\u00e9taires ou d&#8217;employ\u00e9s, gagnent moins de cinq millions de dollars (20 000 $) par an et leur \u00e2ge moyen est de 61 ans, ce qui signifie qu&#8217;il existe un point de transition entre les g\u00e9n\u00e9rations d&#8217;agriculteurs. Entonces el Fideicomiso Agr\u00edcola se propone precisamente enfrentan este reto, estableciendo zonas de tierras agroecolog\u00edas en distintas regiones de nuestra isla donde proyectos aut\u00f3nomos, aleados puedan desarrollarse sin comprometer el acceso a la tierra de las pr\u00f3ximas generaciones.            <\/p>\n\n<p>Natalia Ortiz Berm\u00fadez : Muchas gracias Mariolga, ahora vamos con Cristina, por favor.<\/p>\n\n<p>Planificatrice Cristina Miranda Palacios : (proyecta presentaci\u00f3n de Fideicomiso para el Desarrollo de R\u00edo Piedras) Muy buenas tardes a todos y a todas, honrada y agradecida de la invitaci\u00f3n. En suivant Mariolga, je crois que nous sommes les deuxi\u00e8mes enfants du temps o\u00f9 nous avons appris le Fideicomiso, c&#8217;est pourquoi je vais vous parler un peu de qui nous sommes et de ce que nous avons fait ; je vais d&#8217;abord vous donner un peu de contexte du Fide, comme nous le disons \u00e0 notre Fideicomiso. Le Fideicomiso est n\u00e9 d&#8217;une vision strat\u00e9gique de la communaut\u00e9, qui a \u00e9t\u00e9 mise en \u0153uvre dans notre communaut\u00e9 \u00e0 R\u00edo Piedras ; il existe la loi n\u00b0 75, qui r\u00e9git la revitalisation de la zone urbaine de R\u00edo Piedras, d\u00e9finie par la loi comme \u00e9tant compos\u00e9e de deux communaut\u00e9s. C&#8217;est ainsi que la communaut\u00e9 a voulu entreprendre ce processus de r\u00e9vision de cette loi de politique publique et que, de haut en bas et de bas en haut, un processus de r\u00e9vision de la loi a \u00e9t\u00e9 lanc\u00e9. Conform\u00e9ment \u00e0 cette vision strat\u00e9gique, en 2016, d&#8217;importantes modifications ont \u00e9t\u00e9 apport\u00e9es \u00e0 la loi n\u00b0 75. Ces modifications ont \u00e9t\u00e9 le r\u00e9sultat de nombreuses r\u00e9unions communautaires, de diff\u00e9rents types de conversations, de r\u00e9unions de d\u00e9tente, de prises de d\u00e9cisions et, bien entendu, de l&#8217;apprentissage de nouveaux mod\u00e8les et de nouvelles m\u00e9thodes. Nous reconnaissons toujours l&#8217;impact qu&#8217;a eu sur notre communaut\u00e9 et sur la conception du Fideicomiso pour le d\u00e9veloppement de R\u00edo Piedras l&#8217;existence et les enseignements du Ca\u00f1o Mart\u00edn Pe\u00f1a. Nous avons pris ce comit\u00e9 comme mod\u00e8le, nous devons le faire, et nous vous remercions toujours d&#8217;avoir r\u00e9ellement pris mod\u00e8le sur le comit\u00e9 Mart\u00edn Pe\u00f1a, au motif que le comit\u00e9 Mart\u00edn Pe\u00f1a est plus attach\u00e9 \u00e0 la pr\u00e9servation des terres et que nous sommes plus attach\u00e9s \u00e0 d&#8217;autres strat\u00e9gies de d\u00e9veloppement. Nous sommes une petite communaut\u00e9 g\u00e9ographique, compos\u00e9e de deux communes, mais nous sommes en r\u00e9alit\u00e9 une seule \u00e9quipe de travail. \u00c0 R\u00edo Piedras, tout comme au Cap, il existe diff\u00e9rentes entit\u00e9s qui travaillent pour le m\u00eame bien commun, pour le d\u00e9veloppement int\u00e9gral que nous souhaitons pour notre communaut\u00e9. Le groupe le plus important est la Junta Comunitaria del Caso Urbano, qui r\u00e9unit les dirigeants des deux communaut\u00e9s de R\u00edo Piedras, mais aussi des groupes particuliers tels que les \u00e9tudiants, les employeurs et les organisations sans but lucratif. En r\u00e9alit\u00e9, la Junta Comunitaria est la voix de la communaut\u00e9, et c&#8217;est pourquoi nous disons toujours dans le discours que la Junta Comunitaria est notre chef, que nous sommes un bras op\u00e9rationnel de la Junta. Esta el Cuerpo Consultivo que es un ente que tambi\u00e9n se reconoce en la ley que est\u00e1 llamado a actualizar ese plan de desarrollo integral de nuestra comunidad que es un plan que data del mismo 1995. Le R\u00edo Piedras de 1995 et le R\u00edo Piedras de 2020 sont deux espaces diff\u00e9rents, m\u00eame si nous nous retrouvons dans des situations similaires. C&#8217;est pourquoi nous avons besoin d&#8217;une personne qui nous parle, Mme Cauce, repr\u00e9sentante de l&#8217;universit\u00e9 de Porto Rico, dans le district de R\u00edo Piedras et un comit\u00e9 interagences qui r\u00e9unit des repr\u00e9sentants de diff\u00e9rentes agences nationales et municipales afin d&#8217;am\u00e9liorer et de faciliter l&#8217;acc\u00e8s aux solutions de notre communaut\u00e9.             <\/p>\n\n<p>Les amendements de la loi 75 comportent diff\u00e9rents \u00e9l\u00e9ments essentiels, dont la cr\u00e9ation du comit\u00e9 pour le d\u00e9veloppement de R\u00edo Piedras. Si bien la ley se enmend\u00f3 en el 2016, el Fideicomiso nace en el 2017. La licenciada Sara Delgado fue la persona que prepar\u00f3 nuestra escritura, as\u00ed que tambi\u00e9n siempre estamos agradecidos a la licenciada, as\u00ed qu&#8217;en el 2017 es que nace el Fideicomiso. Nosotros tenemos como visi\u00f3n que la gestamos a ra\u00edz de un proceso de planificaci\u00f3n estrategias, cuando empezamos quisimos ser estrat\u00e9gicos en nuestros procesos y la gente quer\u00eda que empez\u00e1ramos a adquirir propiedades y nosotros dec\u00edamos adquirir propiedad con qu\u00e9 y para qu\u00e9, primero ten\u00edamos que tener una visi\u00f3n estrat\u00e9gica. Ainsi, notre vision est ax\u00e9e sur &#8220;Ser un modelo de sustentabilidad, enfocado en el desarrollo comunitario de R\u00edo Piedras, con la participaci\u00f3n ciudadana y la equidad como su base filos\u00f3fica para la trasformaci\u00f3n urbana&#8221;. Nous avons toujours insist\u00e9 sur l&#8217;aspect de la durabilit\u00e9, car le Fideicomiso est un outil de d\u00e9veloppement, et le d\u00e9veloppement n&#8217;est pas mauvais, le d\u00e9veloppement est bon toujours et quand il s&#8217;agit d&#8217;un d\u00e9veloppement qui a un sens pour la communaut\u00e9. Notre vision est celle d&#8217;un mod\u00e8le durable et, bien entendu, de la participation citoyenne et de l&#8217;\u00e9quit\u00e9. Notre mission s&#8217;inspire des objectifs de la loi : &#8220;Acqu\u00e9rir, administrer et conserver des propri\u00e9t\u00e9s qui contribuent au d\u00e9veloppement de R\u00edo Piedras, afin d&#8217;appliquer les principes et les objectifs \u00e9nonc\u00e9s dans la loi 75-1995 et son plan de d\u00e9veloppement int\u00e9gral&#8221;. Nosotros tenemos por Ley cuatro objetivos principales, son unos objetivos que se parecen son : recuperar estructura y terrenos, solares en desuso o abandonados para el desarrollo, adquirirades propiedades, facilitar la reconstrucci\u00f3n y valoraci\u00f3n de los espacios urbanos y adquiriros terrenos y solares bald\u00edos. L&#8217;id\u00e9e est que nous puissions \u00eatre comme ce groupe qui acquiert et qui assigne, qui vend ou qui permet \u00e0 diff\u00e9rents groupes qui veulent venir se d\u00e9velopper dans notre communaut\u00e9. Nosotros tenemos una junta compuesta de trece miembros, tenemos cinco residentes, yo estoy en la Junta, yo ocupo uno de los espacios de residente, yo vivo aqu\u00ed en la comunidad en R\u00edo Piedras, vivo en Santa Rita y tenemos entonces, un repr\u00e9sentant \u00e0 l&#8217;IUPI de Rio Piedras, un repr\u00e9sentant de la municipalit\u00e9 de San Juan, un de la Junta Comunitaria, un du Cuerpo Consultivo, un repr\u00e9sentant estudiantin, un repr\u00e9sentant du secteur \u00e9conomique et deux repr\u00e9sentants experts. Ainsi, comme vous le voyez, il s&#8217;agit d&#8217;une assembl\u00e9e vari\u00e9e qui repr\u00e9sente la communaut\u00e9. C&#8217;est une assembl\u00e9e tr\u00e8s active, nous nous r\u00e9unissons une fois par mois, nous n&#8217;avons jamais cess\u00e9 de nous r\u00e9unir, nous nous r\u00e9unissons une fois par mois au minimum, c&#8217;est une assembl\u00e9e tr\u00e8s active et tr\u00e8s motiv\u00e9e. L&#8217;un des aspects int\u00e9ressants de notre association est que nous disposons d&#8217;un m\u00e9canisme de repr\u00e9sentation qui nous permet de garantir une communication constante entre les diff\u00e9rents acteurs. C&#8217;est pourquoi notre association compte un repr\u00e9sentant de la Junta Comunitaria, qui sont les chefs de notre organisation, de la municipalit\u00e9, du corps consultatif et de l&#8217;universit\u00e9, car c&#8217;est une fa\u00e7on de garantir, de faciliter ou de viabiliser la communication entre les diff\u00e9rents groupes. Pour ce qui est de la discussion et de l&#8217;accord dans le cadre de la r\u00e9union, ces repr\u00e9sentants se concertent \u00e0 leur tour avec leurs groupes. Dans le cadre de ce que nous avons accompli, m\u00eame si nous sommes n\u00e9s en 2017 avec l&#8217;ouragan Mar\u00eda au-dessus de nous, nous avons accompli de grandes choses.                 Nous sommes tr\u00e8s satisfaits de la planification strat\u00e9gique et de la distribution des fonds de la municipalit\u00e9 de San Juan, qui sont reconnus par la loi, mais nous avons d\u00fb mettre en place un processus pour obtenir ces fonds. Hemos recibidos donativos, de los principales logros, obviamente, est\u00e1 la adquisici\u00f3n de propiedad excedidas por el municipio de San Juan. Cette semaine, le maire a annonc\u00e9 que nous allions transf\u00e9rer La Milagrosa, qui est l&#8217;\u00e9glise de la couronne de Rio Piedras, pour ceux qui ne la connaissent pas, est une \u00e9glise\/\u00e9cole qui a \u00e9t\u00e9 ferm\u00e9e il y a plus de 10 ans. Il s&#8217;agit d&#8217;un espace id\u00e9al pour le d\u00e9veloppement, qui poss\u00e8de plus d&#8217;une couronne de terre, qui est plus grand que la place du march\u00e9 et qui comprend des b\u00e2timents ayant des caract\u00e9ristiques morphologiques diff\u00e9rentes, ce qui nous permettra de d\u00e9velopper un projet d&#8217;utilisation combin\u00e9e pour la communaut\u00e9. Ainsi, nous envisageons de mettre en place un projet \u00e9ducatif, de cr\u00e9er un centre \u00e9ducatif, une universit\u00e9 qui augmenterait le flux thermique diurne et nocturne, mais nous voulons \u00e9galement construire des logements et un projet artistique. Se logr\u00f3 conseguir la secci\u00f3n del Paradise de parte del DTOP eso tambi\u00e9n fue un gran logro, ya empezamos ese proceso de rehabilitaci\u00f3n a trav\u00e9s de los estudios estructurales que estamos haciendo, y tambi\u00e9n hemos sido bien consecuentes en asumir postura publica como son al plan de CDBG-DR, el reglamente conjunto 2020 de la Junta de Planificaci\u00f3n que podr\u00eda ser un desastre para nuestras comunidades y para el pa\u00eds y otras cosas que estamos haciendo incluyendo el desarrollo de un programa de calidad de vida. Nosotros tenemos que guiar nuestros esfuerzos de desarrollo por el programa de Desarrollo Integral de R\u00edo Piedras, pero como les mencione es un programa de 1995, as\u00ed que nosotros quer\u00edamos tener un documento m\u00e1s nuevo que nos permitiera accionar estrategia por los pr\u00f3ximos a\u00f1os.      <\/p>\n\n<p>Dans le cadre de nos efforts organisationnels, bien s\u00fbr, tout ce qui a trait \u00e0 la r\u00e9glementation interne, aux audits et depuis deux mois, nous avons engag\u00e9 un directeur ex\u00e9cutif, ce qui est un grand pas en avant pour l&#8217;organisation, car tout ce que nous avons fait a \u00e9t\u00e9 fait gr\u00e2ce au travail volontaire de la Junta de Fiduciarios. Le fait d&#8217;avoir un directeur ex\u00e9cutif \u00e0 temps plein permet de stabiliser et de maximiser les impacts que nous avons dans la communaut\u00e9. Esta es la visi\u00f3n del programa de Calidad de Vida, yo les puedo enviar este documento, pero nosotros estamos apostando por una comunidad segura, limpia, caminable y de ingresos mixtos que acoja a estudiantes, familiar y personas de todas las edades a sus pr\u00f3speros barrios, todos s\u00f3lidamente vinculados a un n\u00facleo comercial activo y un R\u00edo Piedras bien conectado. Cette vision s&#8217;est d\u00e9velopp\u00e9e dans le cadre d&#8217;un processus de planification participative \u00e0 travers un exercice qui a dur\u00e9 des mois, a \u00e9t\u00e9 tr\u00e8s long, mais nous disposons d&#8217;un document solide qui contient trois projets strat\u00e9giques importants pour notre communaut\u00e9. Le premier consiste \u00e0 rendre visible R\u00edo Piedras, car une grande partie de ce qui se passe dans notre communaut\u00e9 a trait \u00e0 la perception que la population a de R\u00edo Piedras, \u00e0 savoir que R\u00edo Piedras est mort et qu&#8217;il n&#8217;y a rien \u00e0 faire, et c&#8217;est pourquoi nous travaillons avec eux. D&#8217;autre part, le d\u00e9veloppement de l&#8217;avenue Ponce de Le\u00f3n et du paseo de Diego, la r\u00e9habilitation du quartier de La Milagrosa et la r\u00e9habilitation et la reconstruction des logements vacants. Tous ces efforts sont men\u00e9s depuis toujours par la communaut\u00e9. Ainsi, ce qui est un peu le reflet de qui nous sommes \u00e0 R\u00edo Piedras, je peux maintenant envoyer \u00e0 tous ceux que cela int\u00e9resse le programme de qualit\u00e9 de vie, pour qu&#8217;ils le voient, bien s\u00fbr, le processus de d\u00e9sarmement s&#8217;est interrompu avec l&#8217;arriv\u00e9e du COVID \u00e0 Porto Rico et dans le monde entier. Nous avions un processus d\u00e9fini, aujourd&#8217;hui tout se fait par le biais de Zoom, mais pour ceux que cela int\u00e9resse, nous pouvons faire en sorte que cela se passe bien. C&#8217;est notre m\u00e9tier.         <\/p>\n\n<p>Naudelis Fern\u00e1ndez Reyes : Merci beaucoup Cristina, nous pouvons continuer avec la Fid\u00e9lit\u00e9 du Capitaine Mart\u00edn Pe\u00f1a.<\/p>\n\n<p>Licenciada Sarah Delgado Brayfield : Hola, muy buenas tardes a todas y a todos. Pour moi, c&#8217;est un grand privil\u00e8ge d&#8217;\u00eatre ici avec vous, je suis Sarah Delgado Brayfield, pr\u00e9sidente de la Junta de Fiduciarios. J&#8217;ai l&#8217;honneur de vous dire que j&#8217;ai une relation \u00e9troite avec le Comit\u00e9 pour le d\u00e9veloppement de R\u00edo Piedras et avec le Comit\u00e9 des r\u00e9gions communautaires pour l&#8217;agriculture durable, gr\u00e2ce \u00e0 notre travail commun qui est celui qui rend les choses possibles aujourd&#8217;hui, la licenci\u00e9e et professeure Mar\u00eda Hern\u00e1ndez Torrales, \u00e0 qui j&#8217;ai adress\u00e9 un salut cordial et mes plus grands respects et admirations pour avoir jou\u00e9 un r\u00f4le essentiel dans chacun de ces projets.  <\/p>\n\n<p>Pour quelle raison la Fideicomiso a-t-elle \u00e9t\u00e9 cr\u00e9\u00e9e et quelle est exactement la Fideicomiso de la Tierra del Ca\u00f1o Mart\u00edn Pe\u00f1a ? Le Fideicomiso de Tierra est une organisation priv\u00e9e, sans but lucratif, avec une personnalit\u00e9 juridique ind\u00e9pendante et une existence perp\u00e9tuelle, qui a \u00e9t\u00e9 cr\u00e9\u00e9e en vertu d&#8217;une loi, la Ley 489 de 2004, connue sous le nom de loi pour le d\u00e9veloppement int\u00e9gral du district de planification sp\u00e9cial du Ca\u00f1o Martin Pe\u00f1a. Le Fideicomiso de la Tierra del Ca\u00f1o a \u00e9t\u00e9 le mod\u00e8le choisi par les habitants de sept des huit communaut\u00e9s situ\u00e9es \u00e0 proximit\u00e9 du Ca\u00f1o Martin Pe\u00f1a, qui sont \u00e9galement les m\u00eames que dans le cas de R\u00edo Piedras. Il s&#8217;agit de Barrio Obrero, Barrio Obrero-Marina, Buena Vista-Santurce, Parada 27, Las Monjas, Buena Vista-Hato Reye Israel et Bitumul. Se cre\u00f3 con el prop\u00f3sito de administrar y liderar el desarrollo de m\u00e1s de doscientas (200) cuerdas de terreno, que est\u00e1n densamente pobladas ubicadas dentro de la zona urbana en la ciudad de San Juan, con el fin de evitar el desplazamiento f\u00edsico y econ\u00f3mico de los residentes de esta zona. En raison de l&#8217;emplacement strat\u00e9gique de ces communaut\u00e9s, la zone du Ca\u00f1o Martin Pe\u00f1a, pour ceux qui ne la connaissent pas, s&#8217;\u00e9tend de Hato Rey \u00e0 Santurce en passant par la vall\u00e9e de l&#8217;or, ce qui en fait une zone privil\u00e9gi\u00e9e et souhaitable. Ces communaut\u00e9s se sont form\u00e9es de mani\u00e8re spontan\u00e9e et, par cons\u00e9quent, de nombreux r\u00e9sidents se soucient des titres officiels, ce qui, ajout\u00e9 \u00e0 la localisation strat\u00e9gique, facilite le d\u00e9placement des grands int\u00e9r\u00eats. Al escoger el modelo del fideicomiso que fue de manera informada dentro de un modelo de participaci\u00f3n ciudadana de reuniones y reuniones por calle, por calle, la comunidad entendi\u00f3 que el fideicomiso era lo m\u00e1s beneficioso para ellos, porque adem\u00e1s de proteger su t\u00edtulo de propiedad evitando el desplazamiento y la desintegraci\u00f3n de las comunidades, pues hay otras cualidades. Par exemple, garantir des conditions de vie acceptables dans le district pour les familles et les personnes \u00e0 faible revenu, de mani\u00e8re \u00e0 cr\u00e9er des ressources \u00e9valuables, individuelles et collectives d\u00e9riv\u00e9es de la terre, adem\u00e1s, asegura que los hijos e hijas de los residentes de las comunidades puedan heredar tal riqueza y tal utilizaci\u00f3n de las tierras, fortaleciendo de esa manera la comunidad a largo plazo. Il est \u00e9galement possible de r\u00e9cup\u00e9rer l&#8217;environnement de l&#8217;\u00e9cosyst\u00e8me du lac Martin Pe\u00f1a et de drainer et canaliser cette masse d&#8217;eau, en \u00e9vitant la fr\u00e9quence des inondations avec des eaux tr\u00e8s contamin\u00e9es, qui, dans la plupart des cas, touchent les habitations de la communaut\u00e9. La mise en \u0153uvre du plan de d\u00e9veloppement int\u00e9gral de l&#8217;utilisation du sol dans le district d&#8217;am\u00e9nagement sp\u00e9cial du Ca\u00f1o Martin Pe\u00f1a, \u00e9labor\u00e9 avec la participation effective et inform\u00e9e des r\u00e9sidents, facilite la participation des r\u00e9sidents aux questions qui touchent les communaut\u00e9s et facilite l&#8217;investissement strat\u00e9gique du secteur priv\u00e9 et la reconstruction des espaces urbains, entre autres choses. En l&#8217;occurrence, le projet \u00e9vitera que les forces du march\u00e9 n&#8217;abandonnent les habitants lorsque la valeur des terrains o\u00f9 ils habitent augmentera. Ces terrains sont situ\u00e9s au c\u0153ur d&#8217;une zone m\u00e9tropolitaine, \u00e0 quelques pas du centre financier de Hato Rey et du r\u00e9seau urbain, car le futur maire du canton Mart\u00edn Pe\u00f1a devra restaurer l&#8217;environnement et le flux d&#8217;eau entre la lagune San Jos\u00e9 et la ville de San Juan. Il devra favoriser le d\u00e9veloppement touristique, r\u00e9cr\u00e9atif, financier et commercial, ainsi que l&#8217;infrastructure de la zone.             Le Fideicomiso de la Tierra compte deux entit\u00e9s h\u00e9riti\u00e8res, \u00e0 savoir la Corporaci\u00f3n del proyecto ENLACE del Ca\u00f1o Mart\u00edn Pe\u00f1a et le groupe des deux communaut\u00e9s aleda\u00f1as du Ca\u00f1o Martin Pe\u00f1a, qui sont les sept qui mentionnent le plus la p\u00e9ninsule de Cantera, qui poss\u00e8de son propre plan de d\u00e9veloppement ; y tenemos una subsidiaria que es Desarrollo Mart\u00edn Pe\u00f1a que se encarga del desarrollo de nueva vivienda para garantizar que las familias no tengan que irse de la comunidad.<\/p>\n\n<p>En plus de tout cela, pourquoi avoir choisi ce type de mod\u00e8le au lieu d&#8217;un mod\u00e8le corrig\u00e9 dans la communaut\u00e9 pour r\u00e9gulariser la possession de la terre ? Lorsque j&#8217;ai commenc\u00e9 \u00e0 travailler au Fideicomiso de la Tierra en tant qu&#8217;avocat notaire il y a 7 ans, j&#8217;ai appris que les mod\u00e8les traditionnels, comme le titre de propri\u00e9t\u00e9 individuel, pouvaient parfois impliquer et garantir la destruction de la communaut\u00e9 par l&#8217;achat de propri\u00e9t\u00e9s au prix de l&#8217;esp\u00e9rance de vie. Les communaut\u00e9s du Ca\u00f1o ont en m\u00e9moire des histoires des cas des communaut\u00e9s de Tokyo dans la zone de Hato Rey, o\u00f9 se trouve la construction d&#8217;Aqua Expreso \u00e0 proximit\u00e9 du Coliseo, qui compte aujourd&#8217;hui cinq complexes d&#8217;habitation Walkups et un condominium de luxe \u00e0 c\u00f4t\u00e9 de la commission des services publics. Une autre communaut\u00e9 que les communaut\u00e9s du Cap ont vu dispara\u00eetre \u00e9tait la communaut\u00e9 du Fanguito, o\u00f9 se trouve le distributeur de gaz San Juan Gas \u00e0 Miramar. C&#8217;est ce souvenir qui a fait na\u00eetre l&#8217;espoir et le sentiment d&#8217;appartenance des communaut\u00e9s du G-8 et de la population catalane, afin que les communaut\u00e9s recherchent une solution au probl\u00e8me de l&#8217;absence de titre de propri\u00e9t\u00e9 sur le territoire qui d\u00e9coule de l&#8217;occupation informelle des sols. Parmi les projets que nous r\u00e9alisons, le plus important pour nous est le droit de superficie. L&#8217;un des principaux objectifs du fideicomiso est de faciliter l&#8217;acc\u00e8s l\u00e9gal \u00e0 la terre et la communaut\u00e9 a \u00e9t\u00e9 form\u00e9e par des familles humbles d\u00e8s le d\u00e9but du si\u00e8cle XX. Elles ont occup\u00e9 les maisons du village par manque de logements ad\u00e9quats et beaucoup d&#8217;entre elles n&#8217;ont pas le titre de propri\u00e9t\u00e9 des terres et des maisons qu&#8217;elles occupent, ce qui entrave l&#8217;acc\u00e8s aux subventions, aux permis de construire n\u00e9cessaires \u00e0 l&#8217;am\u00e9lioration des maisons, etc. El Fideicomiso vendra donc a posibilitar el desarrollo y el acceso a una vivienda digna mediante el mecanismo legal del Derecho de Superficie. El Derecho de Superficie se concede a perpetuidad y es una figura muy poca usada en Puerto Rico que ante estaba solamente en un art\u00edculo peque\u00f1o en el reglamento general para la ejecuci\u00f3n de la ley hipotecaria del 1979 y luego fue incorporado a la ley de registro de la propiedad inmobiliaria en el 2015 y en el nuevo c\u00f3digo civil del 2020 est\u00e1 incorporada la figura de Derecho de Superficie. El Derecho de Superficie es constitutivo lo que significa que para que exista tiene que estar inscrito en el Registro de la Propiedad, los residentes del Ca\u00f1o cuando obtienen su Derecho de Superficie mediante el otorgamiento de la escritura tienen un t\u00edtulo formal en el Registro de la Propiedad. Las escrituras p\u00fablicas de Derecho de Superficie son autorizadas por notario voluntarios, que si desean pueden obtener cr\u00e9dito Pro Bono ante el Tribunal Supremo de Puerto Rico a trav\u00e9s del Colegio de Notario, y as\u00ed fue que yo llegue en el a\u00f1o 2014-2015 como notaria voluntaria. Esta estrategia legal fue dise\u00f1ada con la participaci\u00f3n de profesores y juristas destacados y registradores de la propiedad y al presente hemos otorgado 115 escrituras de Derecho de Superficie y est\u00e1n siendo escritas en el Registro de la Propiedad. De esas 115 escrituras 23 de ellas han sido para familias de realojo como parte de las medidas dentro del plan integral para viabilizar el dragado del Ca\u00f1o Mart\u00edn Pe\u00f1a. Il est \u00e9vident que nous avons un \u00e9norme travail d&#8217;administration des propri\u00e9t\u00e9s et que nous avons h\u00e9rit\u00e9, par le biais de la loi 489, de toutes les terres du district qui appartiennent au gouvernement de Porto Rico, notamment la Cruz, l&#8217;Autoridad de Tierra et la Municipio de San Juan.               Nous parlons d&#8217;environ 280 terres dens\u00e9ment peupl\u00e9es, avec des propri\u00e9t\u00e9s commerciales et r\u00e9sidentielles. L&#8217;administration de toutes ces propri\u00e9t\u00e9s prend en grande partie le temps de l&#8217;inspection du personnel de l&#8217;inspection, y compris la gestion des sols et des balcons. <\/p>\n\n<p>En ce qui concerne le d\u00e9veloppement de l&#8217;habitat, nous avons r\u00e9cemment construit deux habitations \u00e9cologiques pour y loger des familiers de la vie r\u00e9elle, qui pr\u00e9sentent une s\u00e9rie de caract\u00e9ristiques dont la structure est r\u00e9siliente et qui correspondent \u00e0 la politique institutionnelle visant \u00e0 contribuer \u00e0 la construction d&#8217;\u00e9difices qui ont le moins d&#8217;impact possible sur l&#8217;environnement.<\/p>\n\n<p>Natalia M. Ortiz Berm\u00fadez : Licenciada, disculpe que la interrumpa, pero es que ahora debido al time line que tenemos es un poco reducido, porque pr\u00f3ximamente tenemos otra actividad tambi\u00e9n. Toutes les informations que nous vous donnons sont extr\u00eamement pr\u00e9cieuses et je suis s\u00fbr que tout le monde est pr\u00eat et int\u00e9ress\u00e9, mais pour la prochaine \u00e9tape. <\/p>\n\n<p>Licenci\u00e9e Sarah Delgado Brayfield : Si seguro que s\u00ed.<\/p>\n\n<p>Natalia M. Ortiz Berm\u00fadez : Apr\u00e8s avoir culmin\u00e9 avec l&#8217;\u00e9tape de que expusieran m\u00e1s o menos de que se tratan cada uno de sus Fideicomisos, pues se puede decir que los Fideicomisos se han caracterizado como herramienta para prevenir problem\u00e1ticas como lo son la gentrificaci\u00f3n y preservar la asequibilidad a largo plazo y tambi\u00e9n han servido como veh\u00edculos para la deliberaci\u00f3n colectiva. D&#8217;apr\u00e8s leurs exp\u00e9riences respectives, comment ce m\u00e9canisme a-t-il contribu\u00e9 \u00e0 renforcer la d\u00e9mocratie et le pouvoir dans les communaut\u00e9s ? Nous pouvons commencer par Cristina, car Mariolga a perdu le contact.  <\/p>\n\n<p>Planificatrice Cristina Miranda Palacios : Mariolga a l&#8217;intention d&#8217;entrer si elle veut s&#8217;adresser d&#8217;abord \u00e0 elle.<\/p>\n\n<p>Natalia M. Ortiz Berm\u00fadez : Es que no escucho la pregunta, se la puede escribir por el chat.<\/p>\n\n<p>Planificatrice Cristina Miranda Palacios : Okey, se puede repetir la pregunta, ya que yo estaba pendiente a entrar a Mariolga.<\/p>\n\n<p>Natalia M. Ortiz Berm\u00fadez : Claro, los Fideicomisos no solo han caracterizado como herramienta para prevenir problem\u00e1ticas como lo son la gentrificaci\u00f3n y preservar la asequibilidad a largo plazo, sino tambi\u00e9n han servido como veh\u00edculos para la deliberaci\u00f3n colectiva. D&#8217;apr\u00e8s leurs exp\u00e9riences respectives, comment ce m\u00e9canisme a-t-il contribu\u00e9 \u00e0 renforcer la d\u00e9mocratie et le pouvoir dans les communaut\u00e9s ? <\/p>\n\n<p>Planificatrice Cristina Miranda Palacios : Dans le cas de Fide, sa cr\u00e9ation est le meilleur exemple de ce m\u00e9canisme visant \u00e0 renforcer la d\u00e9mocratie. Comme je l&#8217;ai dit dans la pr\u00e9sentation, le fideicomiso est n\u00e9 d&#8217;une demande et d&#8217;une exigence de la communaut\u00e9 qui s&#8217;est ins\u00e9r\u00e9e dans le processus de r\u00e9vision de la politique publique de l&#8217;\u00c9tat afin de l&#8217;adapter \u00e0 ses besoins et \u00e0 ses d\u00e9sirs. Dans notre cas, la cr\u00e9ation de la fondation est le fruit d&#8217;un effort de la communaut\u00e9 et a \u00e9t\u00e9 r\u00e9alis\u00e9e par le biais d&#8217;une loi sp\u00e9ciale dont l&#8217;objectif principal \u00e9tait la r\u00e9habilitation de R\u00edo Piedras. Esto hace que nosotros seamos un fideicomiso bastante particular tambi\u00e9n, porque nosotros no nos regimos por disposiciones de la Ley de Fideicomiso de Puerto Rico, sino por la Ley 75. C&#8217;est pourquoi cette association de nos amis est g\u00e9r\u00e9e par la communaut\u00e9 et con\u00e7ue \u00e0 partir de la communaut\u00e9 pour constituer le principal outil de r\u00e9habilitation de R\u00edo Piedras, mais aussi pour pr\u00e9venir la gentrification, car l&#8217;une des choses sp\u00e9cifi\u00e9es dans la loi est d&#8217;emp\u00eacher le d\u00e9veloppement de la ville de R\u00edo Piedras, nuestro Fideicomiso tiene que estar alerta a que estas obras no resulten en el desplazamiento involuntario de residentes, comerciante o actividades sin fines de lucro que han estado habitando nuestras comunidad u operando en R\u00edo Piedras a pesar de las condiciones decadentes que nos han afectado por muchos a\u00f1os. Nosotros tenemos que asegurarnos que todo lo que hacemos no termine en un desplazamiento de aquellas personas que llevan a\u00f1os aqu\u00ed, eso aplica tambi\u00e9n, por ejemplo, nosotros tenemos una poblaci\u00f3n bastante alta de personas que alquilan, no puede ser que los procesos de desarrollo que nosotros hagamos terminen sacando del mercado a las personas que han definido y que han vivido en R\u00edo Piedras durante tantos a\u00f1os. C&#8217;est pourquoi, de ce point de vue, la cr\u00e9ation de notre Fideicomiso est en soi un exercice de pouvoir et de d\u00e9mocratie et, sans aucun doute, elle a contribu\u00e9 \u00e0 accro\u00eetre la participation, la d\u00e9mocratie et le pouvoir de la communaut\u00e9. La participation de la communaut\u00e9 est pour nous l&#8217;un de nos principaux objectifs et cela se v\u00e9rifie \u00e9galement avec la composition de la Junta de nosotros qui compte cinq r\u00e9sidents des diverses communaut\u00e9s de R\u00edo Piedras, mais aussi des repr\u00e9sentants des secteurs sp\u00e9ciaux de notre communaut\u00e9. Cette composition renforce le pouvoir qu&#8217;a obtenu la communaut\u00e9 avec la cr\u00e9ation du fideicomiso. Le fideicomiso est un outil de la communaut\u00e9. Nous sommes, dans ce sens, ce bras et nous esp\u00e9rons continuer \u00e0 agir de la sorte.         <\/p>\n\n<p>Natalia M. Ortiz Berm\u00fadez : Merci beaucoup, si vous pouvez continuer la licence, s&#8217;il vous pla\u00eet.<\/p>\n\n<p>Licenciada Sarah Delgado Brayfield : \u00bfCon la misma pregunta ?<\/p>\n\n<p>Natalia M. Ortiz Berm\u00fadez : Si quiere abundar algo, s\u00ed.<\/p>\n\n<p>Licenciada Sarah Delgado Brayfield : En nuestro caso no se toma una decisi\u00f3n sin consultar primero la comunidad, nosotros tenemos muy presente que las tierras son de la comunidad y que nos debemos a la comunidad y el hecho de que la participaci\u00f3n ciudadana este de por medio tanto por las consultas comunitarias que hacemos directamente en las calles del distrito, ainsi que celles qui correspondent \u00e0 la Junta de Fiduciarios qui comptent des repr\u00e9sentants des membres du Fideicomiso de la Tierra, ainsi que du G8, fait participer la population concern\u00e9e par ces d\u00e9cisions \u00e0 l&#8217;\u00e9laboration de ces derni\u00e8res. Cela donne confiance dans l&#8217;institution, ce qui incite \u00e0 s&#8217;impliquer encore plus et \u00e0 \u00eatre inform\u00e9 de tout ce qui se passe, et donc \u00e0 se transformer en petits groupes de fiscalistes qui assurent la bonne administration et la prise de d\u00e9cision en fonction de leurs besoins et de leurs r\u00e8gles. Je ne sais pas si Niria ou Mario veulent ajouter quelque chose. Il n&#8217;y a pas de monopole, nous sommes trois dans le pays.   <\/p>\n\n<p>Se\u00f1or Mario N\u00fa\u00f1ez Mercado : Comme l&#8217;a dit Cristina, il est \u00e9vident que ce trait\u00e9 est n\u00e9 d&#8217;un besoin de r\u00e9gulariser une occupation de la terre, de sorte que, d&#8217;une mani\u00e8re ou d&#8217;une autre, la communaut\u00e9 est la protagoniste de tous les processus d\u00e9cisionnels, as\u00ed que eso promueve la democracia participativa y yo creo que va consol\u00f3 con la Pol\u00edtica de la Corporaci\u00f3n de lograr una participaci\u00f3n real y efectiva en todos los procesos que se llevan a cabo desde las diferentes comunidades y desde las diferentes instituciones enti\u00e9ndase, Fideicomiso, G8 y Corporaci\u00f3n. Ainsi, dans ce processus d\u00e9mocratique, comme l&#8217;a dit la licenci\u00e9e Sarah Delgado Brayfield, la composition de la Junta de Fiduciarios del Fideicomiso de la Tierra del Ca\u00f1o Mart\u00edn Pe\u00f1a los miembros en su mayor\u00eda son miembros de registro de miembros de las comunidades y del G8. C&#8217;est pourquoi tant la Corporaci\u00f3n que le G8 ont un repr\u00e9sentant au sein de cette r\u00e9union de fiduciaires et les autres membres font \u00e9videmment des recommandations, repr\u00e9sentant les deux secteurs, tant au nord qu&#8217;au sud du pays. Ainsi, si nous ne promouvons pas la participation, nous ne parlons pas de processus d\u00e9mocratiques et dans cette direction, je pense que nous sommes en harmonie, je pense que tous les facteurs qui font que ces \u00e9l\u00e9ments, o\u00f9 le r\u00f4le de protagoniste est celui de la communaut\u00e9, ne sont pas ceux des institutions, les institutions, certaines sont perp\u00e9tuelles, d&#8217;autres sont transitoires, comme c&#8217;est le cas pour la Corporaci\u00f3n. Ainsi, d&#8217;une mani\u00e8re ou d&#8217;une autre, ces d\u00e9cisions doivent \u00eatre prises par la communaut\u00e9 et ses r\u00e9sidents.    <\/p>\n\n<p>Naudelis Fern\u00e1ndez Reyes : Gracias Mario, tenemos otra pregunta dentro de esta misma categor\u00eda que Mariolga podr\u00eda contestar. Le mod\u00e8le \u00e9conomique actuel a particip\u00e9 \u00e0 la marginalisation de nombreuses communaut\u00e9s \u00e0 Porto Rico, ce qui a favoris\u00e9 le racisme structurel et l&#8217;exclusion sociale. Face \u00e0 ces probl\u00e8mes, les Fideicomisos peuvent-ils vraiment faire la diff\u00e9rence ? L&#8217;organisation de la Fideicomiso est-elle une voie viable pour parvenir \u00e0 la justice sociale ?   <\/p>\n\n<p>Doctora Mariolga Reyes Cruz : A la pregunta, quiero un poco abordar, otras preguntas que hab\u00edan planteado por lo menos que nos hab\u00edan tra\u00eddo antes. El Fideicomiso Agr\u00edcola es un poco distinto a los fideicomisos comunitarios hermanos que est\u00e1n aqu\u00ed presentes en el sentido de que empiezan de una iniciativa ciudadana sin una Ley que los mueva, sin tierra ni capital, realmente empieza como un sue\u00f1o de que haya acceso permanente a las tierras cultivables. Cela a \u00e9t\u00e9 un sujet de conversation entre les gens actifs dans le (se perdi\u00f3 el audio) pendant longtemps et le th\u00e8me de la possibilit\u00e9 de rester dans la terre est fondamental parce que le travail est avec la terre et dans la terre. Il s&#8217;agit d&#8217;un travail qui prend de l&#8217;ampleur chaque fois qu&#8217;un agriculteur ou une agricultrice doit se d\u00e9placer parce qu&#8217;il n&#8217;a pas les moyens de payer l&#8217;achat ou la location, parce que les contrats ne sont pas renouvel\u00e9s, parce qu&#8217;il est soumis \u00e0 la productivit\u00e9 des mod\u00e8les conventionnels d&#8217;agriculture ou parce qu&#8217;il vit tr\u00e8s loin de la terre qu&#8217;il cultive. En ce sens, l&#8217;acc\u00e8s \u00e0 la terre est un acc\u00e8s \u00e0 la justice, car l&#8217;acc\u00e8s \u00e0 la terre est pr\u00e9vu dans la propri\u00e9t\u00e9 priv\u00e9e et dans le capital. Nosotros en gran medida el proceso de identificaci\u00f3n de la estructura que m\u00e1s nos atra\u00eda involucr\u00f3 mucho antes de Mar\u00eda conversaciones incluyendo un conversatorio con el compa\u00f1ero Juan Delgado en Casa Pueblo, a\u00f1os atr\u00e1s para reconocer que tipos de estructuras legales facilitaba la tenencia colectiva de tierra y ah\u00ed hablamos de servidumbre de conservaci\u00f3n, de compra colectivo y de fideicomisos de tierras, tambi\u00e9n hab\u00edamos explorado sociedades cooperativas, corporaciones de trabajo, trabajadores y trabajadoras. Tous ces outils permettent de d\u00e9mocratiser les processus de prise de d\u00e9cision et d&#8217;augmenter le nombre de participants. Escogimos fideicomiso porque nos pareci\u00f3 que era la herramienta que garantizaba ese acceso y esa democratizaci\u00f3n de los procesos, no solamente para quienes est\u00e1n presentes ahora, sino tambi\u00e9n para quienes vienen y eso es fundamental en el \u00e1rea de la agricultura, parce qu&#8217;il y a un probl\u00e8me de transition d&#8217;une g\u00e9n\u00e9ration \u00e0 l&#8217;autre d&#8217;agriculteurs et d&#8217;agricultures et parce que jusqu&#8217;\u00e0 pr\u00e9sent les terres ont \u00e9t\u00e9 vues et sont rest\u00e9es longtemps, comme un capital avec la possibilit\u00e9 de g\u00e9n\u00e9rer un capital au sein d&#8217;une famille. La terre agricole est donc menac\u00e9e d&#8217;une g\u00e9n\u00e9ration \u00e0 l&#8217;autre. C&#8217;est pourquoi la figure du fid\u00e9icommis pour nous est l&#8217;outil qui garantit aujourd&#8217;hui ce pr\u00e9sent et cet avenir. Je ne sais pas si j&#8217;ai r\u00e9pondu exactement \u00e0 votre question.          <\/p>\n\n<p>Naudelis Fern\u00e1ndez Reyes : Oui, c&#8217;est parfait. Je ne sais pas si Cristina souhaiterait en savoir plus sur cette question. <\/p>\n\n<p>Planificatrice Cristina Miranda Palacios : Nosotros por la experiencia que hemos tenido en el Fide y realmente nacimos en el 2017, pero si podemos decir que el modelo del fideicomiso puede marcar esta diferencia, car il permet d&#8217;aider \u00e0 r\u00e9duire la fracture sociale et d&#8217;offrir des opportunit\u00e9s aux secteurs sociaux qui aujourd&#8217;hui n&#8217;ont pas acc\u00e8s \u00e0 la vie, \u00e0 l&#8217;emploi, aux loisirs ou aux espaces culturels. Cependant, r\u00e9duire cette fracture est toujours compliqu\u00e9, car le fid\u00e9icommis a besoin d&#8217;acc\u00e9der au capital. Par cons\u00e9quent, on peut avoir une structure id\u00e9ale, mais cela ne garantit pas que l&#8217;on dispose des ressources n\u00e9cessaires \u00e0 la viabilit\u00e9 de cette structure. Dimos un pas en avant como los dem\u00e1s compa\u00f1eros y compa\u00f1eras con los fideicomisos, tenemos la herramienta que necesitamos para accionar las actividades que tenemos que hacer, pero de nuevo no es una garant\u00eda que se pueda lograr, porque hay muchas intercesionalidades que tenemos que atender para poder viabilizar esa herramienta ; mais en r\u00e9alit\u00e9, il s&#8217;agit d&#8217;une structure de d\u00e9mocratisation, d&#8217;un outil qui permet d&#8217;acc\u00e9der \u00e0 la justice sociale que nous recherchons, mais qui ne fonctionne pas dans le vide. Je voudrais \u00eatre transparent sur ce point, car nous ne travaillons pas dans un vide, nous travaillons dans un \u00e9cosyst\u00e8me et nous d\u00e9pendons d&#8217;autres r\u00e9alit\u00e9s, mais si, c&#8217;est vrai, je suis d&#8217;accord avec cette br\u00e8che.   <\/p>\n\n<p>Natalia M. Ortiz Berm\u00fadez : Parfait. Cerrando esta categor\u00eda del fideicomiso y la democracia, le pregunta a la licenciada Sara Delgado o a Mario el que se sienta c\u00f3modo respondiendo. \u00c0 l&#8217;heure o\u00f9 les Fideicomisos travaillent \u00e0 la s\u00e9curit\u00e9 alimentaire, \u00e0 l&#8217;am\u00e9lioration des conditions de vie et \u00e0 la revitalisation \u00e9conomique, ils accomplissent un travail qui rel\u00e8ve du gouvernement. Qu&#8217;attendez-vous du gouvernement national et du gouvernement municipal en termes de collaboration et de ressources ?  <\/p>\n\n<p>Licenci\u00e9e Sarah Delgado Brayfield : Niria quieres contestar esa pregunta. Niria a \u00e9labor\u00e9 une r\u00e9ponse \u00e0 cette question. <\/p>\n\n<p>Licenciada N\u00edria Berm\u00fadez : Lo que consideramos es que principalmente el Gobierno tanto central como municipal se tiene que informar de estos otros modelos alternativos que existen. Bien que notre exp\u00e9rience ait \u00e9t\u00e9 assez frustrante, la v\u00e9rit\u00e9 est que l&#8217;on peut se contenter de ces structures qui sont d\u00e9j\u00e0 en place dans toutes les agences o\u00f9 nous travaillons, il n&#8217;est pas n\u00e9cessaire de les encombrer parce qu&#8217;elles sont syst\u00e9matiques et que notre loi, le district de planification sp\u00e9cial, a ses particularit\u00e9s. Nous devons constamment effectuer tous les types de transactions par voie \u00e9lectronique parce que tout cela a \u00e9t\u00e9 mis en place sur des plates-formes num\u00e9riques, mais cela n&#8217;a pas abouti. Nous devons effectuer le traitement num\u00e9rique, puis contacter l&#8217;agence de toutes les mani\u00e8res possibles et expliquer aux personnes qui nous assistent ce qu&#8217;est le probl\u00e8me, ce qu&#8217;est le Fideicomiso, ce qu&#8217;est le district de planification sp\u00e9cial, ce qu&#8217;implique la loi et comment elle fonctionne. Esto lo hemos enfrentado desde el CRIM, OPER, Registro de la Propiedad, en realidad&#8230;.    <\/p>\n\n<p>Licenciada Sarah Delgado Brayfield : el propio municipio.<\/p>\n\n<p>Licenciada N\u00edria Berm\u00fadez : Mi exhortaci\u00f3n principal al Gobierno tanto central como municipal es que ampl\u00eden sus plataformas y sus conocimientos con respecto algunos modelos alternativos porque no todo necesariamente va a encajar en ese cuadrito.<\/p>\n\n<p>Se\u00f1or Mario N\u00fa\u00f1ez Mercado : Natalia si me permite. Natalia M. Ortiz Berm\u00fadez : Claro, adelante. <\/p>\n\n<p>Se\u00f1or Mario N\u00fa\u00f1ez Mercado : Marcando la responsabilidad del estado y municipio, el municipio ni el estado puede sacar mano afuera en este trabajo que hacemos. Ahora mismo estas estructuras y estas entidades est\u00e1n cumpliendo con unas responsabilidades que le corresponden al estado, de alguna manera tiene que haber un reconocimiento tanto del estado como del municipio a los trabajos que se hace en estas entidades y a la misma vez tienen que estar en la mesa del trabajo, por qu\u00e9 ser\u00eda muy f\u00e1cil dejar que estas entidades hagan lo que les corresponde a ellos. Para los cuales tienen unos presupuestos anuales, billonarios, y que muchas veces no se traducen servicios a las mismas. Par cons\u00e9quent, je pense que ces entit\u00e9s ont pour but de cr\u00e9er un espace, de r\u00e9pondre \u00e0 des besoins, d&#8217;apporter la justice sociale aux communaut\u00e9s et que l&#8217;\u00c9tat doit soutenir ces gestions, mais il n&#8217;est pas possible que ces organisations, associ\u00e9es aux communaut\u00e9s, soient solitaires. C&#8217;est pourquoi, je pense qu&#8217;il faut r\u00e9clamer que l&#8217;\u00c9tat soit \u00e0 la base du travail.    <\/p>\n\n<p>Planificatrice Cristina Miranda Palacios : Natalia, si je peux dire quelque chose de rapide, je suis tout \u00e0 fait d&#8217;accord avec Niria et Mario, je crois que ce qui manque vraiment au gouvernement, c&#8217;est la facilitation et la reconnaissance du fait que, pour r\u00e9aliser la transformation souhait\u00e9e, il faut travailler en \u00e9quipe avec la communaut\u00e9 pour diriger la conception de la vision et du d\u00e9veloppement. L&#8217;aide ne se limite pas \u00e0 l&#8217;apport de fonds, ni \u00e0 la cession de propri\u00e9t\u00e9s, elle consiste \u00e9galement \u00e0 fournir et \u00e0 entretenir cette infrastructure qui rel\u00e8ve de la responsabilit\u00e9 de l&#8217;\u00c9tat, tant central que municipal, afin qu&#8217;elle soit attrayante pour la communaut\u00e9 et pour les principaux investisseurs. C&#8217;est pourquoi, cette facilitation de la reconnaissance des acteurs et des intervenants dans la r\u00e9gion est importante, cette facilitation et cette viabilisation, et je suis tout \u00e0 fait d&#8217;accord avec les compa\u00f1eros.  <\/p>\n\n<p>Se\u00f1or Mario N\u00fa\u00f1ez Mercado : Cristina, et un peu les proc\u00e9dures, parfois le processus d&#8217;autorisation dans ces agences est si compliqu\u00e9 que vous pouvez attendre sept, huit, neuf mois. No es que nos den un tratamiento expedito, pero si debe de haber unas consideraciones y un tratamiento especial que cuando esto llegue a x o y entidad sea estatal o municipal, por lo menos no lo pongan en una bandeja y lo atiendan, cuando entonces el funcionario decida verlo conforme, sino que debe de haber unas prioridades. <\/p>\n\n<p>Planificatrice Cristina Miranda Palacios : Y yo creo que debe ser expedito, Mario, porque realmente es el retorno de inversi\u00f3n de apoyar a modelos como lo de nosotros, verdad, al estado y al gobierno municipal el retorno de inversi\u00f3n de apoyar entidades como nosotros, es m\u00e1s, es brutal. As\u00ed que, apoyarnos a nosotros, viabilizar a nosotros realmente es como una bola de nieve que va creciendo. C&#8217;est pourquoi, si cette reconnaissance est n\u00e9cessaire, il faut nous consid\u00e9rer comme des acteurs cl\u00e9s du d\u00e9veloppement de nos communaut\u00e9s.  <\/p>\n\n<p>Naudelis Fern\u00e1ndez Reyes : Tr\u00e8s bien. Aujourd&#8217;hui, nous aimerions aborder le th\u00e8me suivant, \u00e0 savoir la protection contre les \u00e9v\u00e9nements extr\u00eames qui touchent les communaut\u00e9s. Nous allons parler, en particulier, de l&#8217;ouragan Mar\u00eda et maintenant que nous passons \u00e0 la pand\u00e9mie, au COVID-19, la premi\u00e8re question qui se pose est : &#8220;Quelles mesures avez-vous adopt\u00e9es ou pensez-vous adopter pour att\u00e9nuer les dommages caus\u00e9s par ces \u00e9v\u00e9nements ? Nous pouvons commencer par Mariolga.   <\/p>\n\n<p>Docteur Mariolga Reyes Cruz : Le Fideicomiso Agr\u00edcola est aujourd&#8217;hui un r\u00eave, nous travaillons \u00e0 la mise en place d&#8217;une structure organisationnelle permettant d&#8217;acqu\u00e9rir des terres qui feront partie du Fideicomiso et de les mettre \u00e0 la disposition des agriculteurs et des exploitants agricoles qui ne disposent ni de terre ni de capital pour produire de mani\u00e8re durable. Cette aide est essentielle pour garantir l&#8217;acc\u00e8s aux produits alimentaires, en particulier face \u00e0 des \u00e9v\u00e9nements catastrophiques tels que les ouragans et les pand\u00e9mies. Cette situation n&#8217;a pas seulement des cons\u00e9quences directes pour nous, mais elle touche \u00e9galement les pays du monde entier. Il s&#8217;agit en particulier de la diversit\u00e9 des esp\u00e8ces, r\u00e9parties sur l&#8217;ensemble de l&#8217;archipel, de l&#8217;agroforesterie, de la production de petites rumeurs, de la socialisation des connaissances en mati\u00e8re de conservation des aliments cultiv\u00e9s dans nos propres r\u00e9gions, le d\u00e9veloppement de relations directes avec les agriculteurs et les exploitants agricoles, ce qui nous permettra de renforcer la s\u00e9curit\u00e9 et la sobri\u00e9t\u00e9 alimentaire. C&#8217;est pourquoi, chez nous, ce que nous faisons, c&#8217;est d&#8217;avoir des fermes diversifi\u00e9es avec des barri\u00e8res boscosas, qui sont moins sensibles aux emb\u00e2cles des ouragans que les fermes de monocultures sans arbustes, et de contribuer ainsi \u00e0 la r\u00e9silience de la communaut\u00e9 et \u00e0 celle des communaut\u00e9s agricoles qui se construisent, se constituyan en el territorio en el Fideicomiso Agr\u00edcola, como las comunidades vecinas que tambi\u00e9n se beneficiaran de este proceso.    <\/p>\n\n<p>Naudelis Fern\u00e1ndez Reyes : Merci Mariolga. Ahora podr\u00eda un representante del Ca\u00f1o, abundar m\u00e1s en la pregunta. <\/p>\n\n<p>Licenci\u00e9e Sarah Delgado Brayfield : Oui. Nosotros tenemos dos programas bien bonitos, uno por cada uno de los desastres que son los que quiero mencionar. Uno es el Programa de Techo Digno que surgi\u00f3 en el 2016, pero del 2017 para ac\u00e1 ha sido una manera de adquir tiempo donado, materiales y mano de obra para hacer las mejoras necesarias a residentes y residencias en el distrito y los miembros del Fideicomiso que sufrieron da\u00f1os en sus estructuras. Contre la pand\u00e9mie, en collaboration avec le G-8, nous avons r\u00e9parti plus de 8 000 achats et offert \u00e0 chacun de nos membres une incitation ou un soutien \u00e9conomique de 75 dollars par famille. Bien s\u00fbr, nous sommes toujours l\u00e0, disponibles pour ce que vous voulez, vous n&#8217;avez qu&#8217;\u00e0 ouvrir la porte et nous vous aiderons.    <\/p>\n\n<p>Se\u00f1or Mario N\u00fa\u00f1ez Mercado : Si je peux me permettre un moment Natalia et Naurelis, dans le cas&#8230;<\/p>\n\n<p>Naudelis Fern\u00e1ndez Reyes : S\u00ed, Claro<\/p>\n\n<p>Se\u00f1or Mario N\u00fa\u00f1ez Mercado : Dans le cas du Ca\u00f1o Mart\u00edn Pe\u00f1a tanto enmarcado en los eventos atmosf\u00e9ricos del Hurac\u00e1n Mar\u00eda y ahora con lo del COVID, yo creo que tambi\u00e9n nuestras organizaciones deben ir a crear unos espacios dentro de las comunidades que sean m\u00e1s resilientes a estos fen\u00f3menos. J&#8217;explique que dans le cas de l&#8217;effet de l&#8217;ouragan Mar\u00eda, les communaut\u00e9s sont rest\u00e9es jusqu&#8217;en f\u00e9vrier sans service d&#8217;\u00e9nergie \u00e9lectrique. C&#8217;est pourquoi, l&#8217;une des choses que nous avons d\u00fb faire est de doter de panneaux solaires trois centres au sein des communaut\u00e9s, de mani\u00e8re \u00e0 ce qu&#8217;ils puissent servir de lieu de rencontre. Nous avons beaucoup de familles d&#8217;immigr\u00e9s dans la r\u00e9gion, soit un quart (25 %). \u00c0 ce moment-l\u00e0, \u00e9videmment, \u00e0 cause de la p\u00e9nurie d&#8217;\u00e9nergie \u00e9lectrique, personne ne pouvait communiquer avec sa famille \u00e0 l&#8217;ext\u00e9rieur, y compris en R\u00e9publique dominicaine, aux \u00c9tats-Unis, les m\u00eames personnes qui vivaient dans ces communaut\u00e9s et qui avaient de la famille aux \u00c9tats-Unis, n&#8217;avaient pas de m\u00e9canisme de communication. Le fait de doter ces infrastructures de panneaux solaires permet de les alimenter en \u00e9nergie, de cr\u00e9er des points chauds et d&#8217;am\u00e9liorer, dans un premier temps, la communication avec les membres de la famille \u00e0 l&#8217;ext\u00e9rieur, pero n\u00famero dos tambi\u00e9n que fuera un lugar de encuentro de la comunidad, ya que todo estaba cerrado e inoperante para que recargaran sus tel\u00e9fonos, para compartir alimentos, en muchas instancias en muchos de estos centros se distribu\u00eda comida caliente. Tout cela montre que l&#8217;on va un peu s&#8217;\u00e9loigner de ces r\u00e9seaux de solidarit\u00e9 dans les moments d&#8217;urgence, comme le dit la licenci\u00e9e Sara Delgado Brayfield, entre le Fideicomiso et, bien s\u00fbr, entre les deux autres institutions d&#8217;aide, corporaci\u00f3n y G8, pues tambi\u00e9n repartimos Kit para la prevenci\u00f3n con mascarillas, hand sanitizer, guantes, alcohol, necesarios para poder controlar una pandemia como la que estamos viendo a nivel mundial. En plus de cela, il faut \u00e9galement apporter un soutien technique aux commer\u00e7ants. Il est \u00e9vident qu&#8217;il existe une \u00e9conomie informelle dans les quartiers, des gens qui sont de petits commer\u00e7ants, des chauffeurs, guag\u00fcitas que hacen expendios de verduras y sus operaciones se vieron afectadas y para viabilizar que sus operaciones se restablecieran con medidas de seguridad tuvimos que dar apoyo a preparar los planes para que lo presentaran al Estado y el Estado les permitiera operar a un menor ritmo o menor capacidad. Todo eso va dirigido a fortalecer esas redes entre esas mismas comunidades y entre los residentes del barrio.        <\/p>\n\n<p>Naudelis Fern\u00e1ndez Reyes : Tenemos tiempo para que Fide concluya esta categor\u00eda.<\/p>\n\n<p>Planificatrice Cristina Miranda Palacios : Avec l&#8217;ouragan Mar\u00eda, nous avons soutenu une action de solidarit\u00e9 incroyable, l&#8217;\u00e9glise baptiste, la communaut\u00e9, beaucoup de gens, ce qui nous a permis de r\u00e9habiliter plus de vingt-cinq techniciens et de compl\u00e9ter deux maisons qui avaient \u00e9t\u00e9 d\u00e9truites par les ouragans. En outre, nous avons obtenu et g\u00e9r\u00e9 des fonds pour faire face aux situations provoqu\u00e9es par le COVID. Nosotros en el Fideicomiso, en nuestro caso, cumplimos con un agente fiscal y hemos sido bien cauteloso en no entrar en asuntos de servicio directo porque para eso est\u00e1 la junta comunitaria, as\u00ed que, nosotros lo que hacemos es servir como agente fiscal y como facilitador para acceder a esos fondos y esos fondos han permitido que se provea alimentaci\u00f3n y medicina a cientos de familias en los ocho barrios. En outre, le contrat de la Casa Ruth avec la municipalit\u00e9 de San Juan comprend une clause selon laquelle la Casa Ruth doit servir de centre de services \u00e0 la communaut\u00e9 en cas d&#8217;\u00e9v\u00e9nement naturel, comme les cyclones ou le sismo. C&#8217;est pourquoi, avec la municipalit\u00e9, nous pr\u00e9parons actuellement des installations solaires, ce qui sera int\u00e9ressant, car il s&#8217;agit d&#8217;une maison historique en mad\u00e8re, et c&#8217;est ce qui est int\u00e9ressant dans ce processus, pero tambi\u00e9n nosotros tenemos que pensar en estrategias claves para comenzar el desarrollo econ\u00f3mico y acompa\u00f1ar a los comerciantes que llevan a\u00f1os sobreviviendo con todas las interseccionalidades que ustedes saben que pasan en el pa\u00eds que van desde la crisis de los huracanes, COVID, mais aussi tambi\u00e9n las crisis de gobernanzas y obviamente la crisis fiscal y econ\u00f3mica. Les efforts d\u00e9ploy\u00e9s par la Fideicomisos sont ax\u00e9s sur des mesures \u00e0 long terme visant \u00e0 att\u00e9nuer les cons\u00e9quences de ces catastrophes et de la pand\u00e9mie. En r\u00e9alit\u00e9, le COVID commencera bient\u00f4t, et nous allons devoir supporter les effets du COVID pendant tr\u00e8s longtemps, si bien que nous devrons utiliser la mascara et laver les mains, mais il faut aussi r\u00e9fl\u00e9chir \u00e0 la fa\u00e7on dont le pays va faire face \u00e0 cette nouvelle r\u00e9alit\u00e9 de distanciation sociale dans le d\u00e9veloppement \u00e9conomique, dans le d\u00e9veloppement culturel, jusqu&#8217;aux activit\u00e9s ludiques des enfants qui sont si importantes. Nous travaillons en tant qu&#8217;agent facilitateur et int\u00e9grons \u00e9galement cette nouvelle r\u00e9alit\u00e9 dans nos plans.       <\/p>\n\n<p>Natalia M. Ortiz Berm\u00fadez : Si definitivamente el COVID ha sido algo, tanto el Hurac\u00e1n Mar\u00eda desde el 2017 bueno desde antes, pero Mar\u00eda marco un periodo de crisis en Puerto Rico sumamente importante, pero me alegro que Fideicomisos como ustedes han existido para darle la cara ante el Gobierno que en ocasiones como esa que verdaderamente que el pueblo lo necesita pues ellos no est\u00e1n. Entonces, vamos ahora con la categor\u00eda de victoria ante la adversidad. La figure sociale que impera actualmente es evidente que la estructuraci\u00f3n de sus respectivos Fideicomiso ha sido tarea f\u00e1cil. Cependant, les communaut\u00e9s ont r\u00e9ussi \u00e0 conserver leur pouvoir. Apr\u00e8s tout cela, quelles sont vos plus grandes satisfactions, vos plus grandes d\u00e9ceptions et comment envisagez-vous l&#8217;avenir ? Nous pouvons commencer par Mariolga, si vous le souhaitez.<\/p>\n\n<p>Doctora Mariolga Reyes Cruz : Si bueno, como dec\u00eda antes, nosotros apenas cumplimos un a\u00f1o en noviembre y empezamos a operar enero, \u00f3sea que empezamos a operar en medio de enjambre s\u00edsmico y despu\u00e9s con el COVID. Literalmente est\u00e1bamos en Hacienda tramitando exenci\u00f3n contributiva y nos evacuaron por los sismos. Ainsi, nous travaillons sans capital, tout le travail est b\u00e9n\u00e9vole de la part de la Junta qui est \u00e9galement le groupe de travail, mais nous sommes bien contents parce que la quantit\u00e9 d&#8217;aide, d&#8217;id\u00e9es, de personnes qui ont fait don de leurs connaissances, de leur temps et de leurs efforts pour nous aider est extraordinaire. Nous avons d\u00e9j\u00e0 obtenu l&#8217;agr\u00e9ment local et f\u00e9d\u00e9ral. Nous disposons d&#8217;une premi\u00e8re subvention de la Fondation Segarra Boerman pour laquelle nous r\u00e9alisons deux projets, l&#8217;un de consultation des agriculteurs et des exploitations agricoles sur la possession de terres en commun et la gestion de ces terres, et l&#8217;autre d&#8217;identification des terres dans les zones prioritaires pour le financement. Nous travaillons avec sept organisations diff\u00e9rentes qui soutiennent des organisations telles que la n\u00f4tre et nous sommes \u00e9galement en train de g\u00e9rer ce qui constitue les instruments de mise en \u0153uvre de la directive, ce que nous faisons en partie gr\u00e2ce \u00e0 l&#8217;aide de la clinique et au r\u00e9sultat des consultations que nous menons. Ainsi, nous avons \u00e9t\u00e9 tr\u00e8s satisfaits de voir que cette id\u00e9e, qui semble \u00eatre une id\u00e9e locale, a trouv\u00e9 un grand \u00e9cho parmi les diff\u00e9rents secteurs qui, d&#8217;une mani\u00e8re ou d&#8217;une autre, se sont reconnus dans cet effort et ont reconnu qu&#8217;il \u00e9tait n\u00e9cessaire et qu&#8217;il \u00e9tait temps de le faire. Las mayores decepciones, yo no dir\u00eda decepci\u00f3n a este punto, pero si reto, es saber y ver el panorama de todo lo que queda por hacer e ir caminando a paso de caracol. Literalmente, no tengo que decir lo que ha implicado la pandemia para la gente en mi caso que soy la persona que le dedica tiempo todos los d\u00edas al Fideicomiso tambi\u00e9n estoy criando, con escuela, en la casa, etc. Il s&#8217;agit donc d&#8217;une t\u00e2che ardue et l&#8217;on souhaite aller plus vite que ce que l&#8217;on peut r\u00e9ellement faire. En regardant vers l&#8217;avenir, nous sommes en train d&#8217;apostropher des fermes agro\u00e9cologiques dans chaque r\u00e9gion, \u00e0 chaque point du pays, des fermes avec des projets autonomes et des alli\u00e9s qui sont gouvern\u00e9s par ces projets et par la population qui les habite et qui g\u00e9n\u00e8rent une \u00e9conomie solidaire et durable au profit des r\u00e9gions o\u00f9 elles sont \u00e9tablies, c&#8217;est une attente. Il s&#8217;agit d&#8217;une promesse que nous nous effor\u00e7ons de r\u00e9aliser au cours de cette d\u00e9cennie, car cette d\u00e9cennie, cruciale pour l&#8217;avenir de l&#8217;humanit\u00e9 face \u00e0 la crise climatique, nous a permis de nous mettre en mouvement d\u00e8s \u00e0 pr\u00e9sent. C&#8217;est ainsi que nous nous trouvons aujourd&#8217;hui avec beaucoup d&#8217;enthousiasme, beaucoup de travail et beaucoup d&#8217;espoir, car ce que nous faisons est pour le bien et le bien-\u00eatre des agriculteurs et de toute la population de l&#8217;\u00eele.            <\/p>\n\n<p>Natalia M. Ortiz Berm\u00fadez : D\u00e9finitivement. Nous pouvons continuer avec Cristina pour maintenir cet ordre du plus jeune et du plus exp\u00e9riment\u00e9 dans le domaine. <\/p>\n\n<p>Cristina Miranda Palacios, planificatrice : Nous sommes les enfants du milieu. La plus grande satisfaction pour nous, je crois que c&#8217;est chaque fois que nous d\u00e9finissons la section d&#8217;une propri\u00e9t\u00e9, lorsque nous avons d\u00e9fini dans le DTOP la section du PARADIS, c&#8217;\u00e9tait comme si quelqu&#8217;un voulait faire une danse joyeuse, mais qu&#8217;il se trouvait dans un espace officiel du gouvernement et qu&#8217;il ne pouvait pas tirer en bailecito. La section de la maison Ruth est \u00e9galement une grande satisfaction, mais la plus grande a \u00e9t\u00e9 lorsque l&#8217;alcaldea m&#8217;a appel\u00e9 pour me dire qu&#8217;elle allait officialiser la section de la Casa de la Milagrosa, qui est la joie de la couronne de notre communaut\u00e9, et que je voulais danser, briller, faire du bruit. C&#8217;est pourquoi, cela a \u00e9t\u00e9 une grande satisfaction parce que c&#8217;est quelque chose que l&#8217;on peut dire \u00e0 la communaut\u00e9 de l&#8217;\u00e9vidence de ce qui se passe dans le Fideicomiso, c&#8217;est quelque chose de palpable, c&#8217;est quelque chose qui est l\u00e0 et que l&#8217;on voit et que l&#8217;on va voir comment il va se transformer, etc. Ce sont les plus grandes satisfactions et, bien entendu, la satisfaction de voir que l&#8217;on reconna\u00eet et que l&#8217;on conna\u00eet de proche en proche et que l&#8217;on occupe l&#8217;espace. Yo dir\u00eda que en la parte de la segunda pregunta que son las decepciones yo creo que, esto puede sonar raro, a m\u00ed me encanta el trabajo en colectivo, me encanta el trabajo comunitario, pero tambi\u00e9n es muy frustrante porque hay muchos actores y mucha agenda y a veces hay muchos mensajes y nosotros tendemos a romantizar el trabajo en comunidad, Mais en r\u00e9alit\u00e9, il se passe la m\u00eame chose qu&#8217;au gouvernement, il se passe la m\u00eame chose que dans les organisations sans but lucratif et parfois, c&#8217;est d\u00e9cevant et frustrant parce que nous voulons continuer et continuer et avancer, mais parfois, des choses personnelles incitent et affectent le travail et l&#8217;une des choses que l&#8217;on veut, c&#8217;est de dire \u00e0 tout le monde que l&#8217;on va bien travailler. Je pense qu&#8217;il est important de le reconna\u00eetre publiquement, car nous avons tendance \u00e0 rompre le travail communautaire et \u00e0 rompre le collectif, et je suis amoureux du collectif et de la communaut\u00e9, mais je reconnais que, comme cela se passe au gouvernement, comme cela se passe dans tous les domaines, il arrive que l&#8217;ordre du jour nous \u00e9chappe pour des raisons qui ne sont pas claires. Par cons\u00e9quent, nous perdons du temps \u00e0 examiner des questions qui ne sont pas vraiment n\u00e9cessaires, qu&#8217;il faut examiner en profondeur parce qu&#8217;elles sont importantes, mais pour moi, dans ma carri\u00e8re personnelle et ma formation, je planifie, je planifie, je planifie, c&#8217;est tr\u00e8s frustrant et je pense que c&#8217;est tr\u00e8s important pour moi de le reconna\u00eetre. Nous regardons vers l&#8217;avenir, car nous avons un plan tr\u00e8s ambitieux, mais nous avons aussi un plan r\u00e9aliste. La Milagrosa est un projet qui va n\u00e9cessiter un investissement millonaire pour acc\u00e9der aux fonds du CDBG-DR. Nous savons que ce n&#8217;est pas une t\u00e2che facile, mais nous travaillons au moins avec deux propri\u00e9t\u00e9s par an. L&#8217;une des propri\u00e9t\u00e9s que nous avons c\u00e9d\u00e9es est un immeuble de sept logements \u00e0 Garc\u00eda Obari. Cette propri\u00e9t\u00e9 a \u00e9t\u00e9 une grande victoire, car elle a \u00e9t\u00e9 c\u00e9d\u00e9e \u00e0 une organisation sans but lucratif qui fournit des logements et des services importants pour le pays, iba a cambiar, iba a alterar a\u00fan m\u00e1s la realidad de una comunidad que es residencial que ha ido perdiendo su car\u00e1cter residencial por los \u00faltimos a\u00f1os. Ainsi, nous avons d\u00e9velopp\u00e9 deux propri\u00e9t\u00e9s par an ou commenc\u00e9 \u00e0 en d\u00e9velopper deux par an et c&#8217;est l&#8217;agenda que nous devons suivre sans faire de promesses irr\u00e9alisables \u00e0 la communaut\u00e9 parce que la Milagrosa nous a donn\u00e9 l&#8217;occasion de le faire, bien s\u00fbr, quand nous l&#8217;aurons, mais il s&#8217;agira d&#8217;un processus par \u00e9tapes, car ce sont des choses qui prennent du temps et la population du Cap sait mieux que nous ce qu&#8217;il en est. C&#8217;est ainsi que nous voyons les choses.            <\/p>\n\n<p>Licenciada Sarah Delgado Brayfield : Lo que el Ca\u00f1o respecta, yo personalmente puedo hablar de lo poco, desde que estoy all\u00ed, pero s\u00e9 que las luchas sido muy grandes y las mayores satisfacciones para la comunidad tienen que ser que han logrado tan grande de recibir todas estas tierras para ellos poder permanecer en su comunidad a largo plazo, pour qu&#8217;ils puissent l\u00e9galiser ou formaliser leur titre de propri\u00e9t\u00e9 non seulement en une fois, mais en deux fois. Il y a eu une occasion o\u00f9 la communaut\u00e9 a perdu toutes ses terres et les a gagn\u00e9es une autre fois par l&#8217;interm\u00e9diaire du tribunal, ce qui a constitu\u00e9 un progr\u00e8s consid\u00e9rable. Chaque petit effort pour nous est un effort \u00e9norme, la reconnaissance d&#8217;une \u00e9criture de droit de superficie, chaque fois que nous r\u00e9solvons un probl\u00e8me est un effort tr\u00e8s grand, parce que nous avons beaucoup de probl\u00e8mes. Como dice Mariolga a nosotros tambi\u00e9n, a nosotros se nos dio esta gran responsabilidad de ser los tenedores o administradores de una extensi\u00f3n territorial vasta, con veinti\u00fan mil (21,000) personas residentes en el \u00e1rea, con un mont\u00f3n de propiedades comerciales y no nos dieron di un centavo y hacer este tipo de cosa todos los d\u00edas cada logro es grande. Je pense que c&#8217;est la plus grande d\u00e9ception, je sens qu&#8217;il y a un malentendu institutionnel, je sens qu&#8217;il n&#8217;y a pas d&#8217;appui pour quoi que ce soit. Je ne sais pas si Mario veut abonder.     <\/p>\n\n<p>Se\u00f1or Mario N\u00fa\u00f1ez Mercado : Si quiero comentar algo, pero tambi\u00e9n quiero escuchar a Niria que ella trabaja desde el Pro Bono desde Fideicomiso. Je pense que l&#8217;un des plus grands probl\u00e8mes auxquels nous avons \u00e9t\u00e9 confront\u00e9s est d&#8217;avoir re\u00e7u une grande quantit\u00e9 de terres que l&#8217;\u00c9tat n&#8217;avait pas, bien entendu, document\u00e9es dans de nombreux cas, avec de nombreuses situations juridiques et administratives que nous avons d\u00fb r\u00e9gler au fil du temps. La situation que nous avons v\u00e9cue en 2009, qui consistait \u00e0 annuler ce transfert de terres \u00e0 ses agences d&#8217;origine, a \u00e9t\u00e9, selon moi, un v\u00e9ritable coup de massue dans le quartier, tant pour l&#8217;institution que pour les communaut\u00e9s et leurs habitants. Le fait d&#8217;autoriser les \u00e9critures, les droits de propri\u00e9t\u00e9, de r\u00e9gulariser l&#8217;occupation avec les r\u00e9sidents, de rendre la justice sociale, je pense que c&#8217;est la plus grande satisfaction que l&#8217;on puisse recevoir en voyant cette population humaine, cette population simple, esa familia that por muchos a\u00f1os estaba esperando que las administraciones de turno le dieran un derecho a una escritura y que ahora no tienen que estar sujeto a los van y ven pol\u00edticos de cada cuatro a\u00f1o y que mediante un mecanismo seleccionado por la comunidad hecho a la medida y a la necesidad que tienen las comunidades, pues creo que se le hace justicia todos los d\u00edas. En ce qui concerne les retomb\u00e9es, nous avons aujourd&#8217;hui deux propri\u00e9t\u00e9s, dont l&#8217;une est Quisqueya 125. Nous avons r\u00e9cemment re\u00e7u le transfert d&#8217;ACG \u00e0 Fideicomiso, ce qui constitue un grand progr\u00e8s. Une propri\u00e9t\u00e9 avec un potentiel de d\u00e9veloppement tanto de vivienda, pero con un potencial de arrendamiento que si logramos mercadearla bien puede mantener y garantizar las operaciones del Fideicomiso y estamos en esa direcci\u00f3n. Ce sont des d\u00e9fis et des objectifs que nous devons relever tous les jours et auxquels nous devons r\u00e9pondre. Cristina horita trajo un elemento, y yo hablo como el director del Fideicomiso, pero tambi\u00e9n como residente y como l\u00edder comunitario que estuve muchos a\u00f1os en estas instituciones, el trabajar con la comunidad da una gran satisfacci\u00f3n, mais aussi, de plus en plus, une pression lourde pour r\u00e9pondre aux demandes ou aux besoins personnels des gens, aux agendas personnels, parce que parfois, nous perdons du temps dans la r\u00e9flexion et cela ne nous permet pas d&#8217;avancer dans la grande t\u00e2che que nous devons accomplir d&#8217;une mani\u00e8re ou d&#8217;une autre. As\u00ed que, son retos que tambi\u00e9n que tenemos que ir armonizando, tenemos que ir atendiendo porque la gente tambi\u00e9n quiere ser escuchada, traen argumentos, traen planteamientos y tenemos entonces que hacerles entender, obviamente que sin que se entienda que su planteamientos no tienen validez o no tienen argumentos, porque aqu\u00ed todos los planteamientos tienen validez, como le damos la forma de manera que lo podamos viabilizar sin tener que dejar de atender los objetivos del fideicomiso, la visi\u00f3n, la misi\u00f3n y las metas estrat\u00e9gicas que se han dise\u00f1ado. Je vais donc laisser un moment \u00e0 N\u00edria, car je sais que cette question lui tient \u00e0 c\u0153ur et qu&#8217;elle aimerait en parler un peu avec vous.         <\/p>\n\n<p>Licenciada N\u00edria Berm\u00fadez : Tanto como Sarah como Mario han resumido a grandes rasgos, pues lo que en realidad nos satisface con mayor placer y reconociendo pues el tipo de trabajo que hacemos y todo eso se englob\u00f3 tambi\u00e9n en el reconocimiento que recibimos en el a\u00f1o 2015 de Premio Habitad, eso fue como que esto funciona en realidad, en verdad que el modelo que adoptamos y el trabajo que estamos haciendo pues al menos est\u00e1 siendo reconocido, y dejarles saber que tambi\u00e9n fue como un nuevo aire, un nuevo impulso que se le dio a la instituci\u00f3n en ese momento que fue como que vamos a seguir d\u00e1ndole a esto con todo. Habiendo dicho eso, tambi\u00e9n fue la consolidaci\u00f3n de todas las aportaciones que hemos recibido de diferentes colaboradores de esta llamada, en esa Zoom tanto a la licenciada Font\u00e1nez, la licenciada Hern\u00e1ndez Torrales, la misma Cristina y Line, nous savons que cela a \u00e9t\u00e9 une t\u00e2che ardue de plusieurs ann\u00e9es, mais nous sommes tr\u00e8s satisfaits de notre travail, tr\u00e8s satisfaits des collaborations que nous avons eues au fil des ans, et nous continuerons \u00e0 travailler avec eux et \u00e0 continuer \u00e0 travailler pour le bien du Ca\u00f1o. <\/p>\n\n<p>Naudelis Fern\u00e1ndez Reyes : Merci N\u00edria. Apr\u00e8s avoir r\u00e9fl\u00e9chi aux retomb\u00e9es et aux victoires de chaque Fideicomiso, nous aimerions que le public sache comment soutenir chaque Fideicomiso, avec le motif de la cl\u00f4ture et de mani\u00e8re br\u00e8ve, car nous voulons laisser un espace au public pour qu&#8217;il puisse poser ses questions, Quelle contribution la communaut\u00e9 universitaire et le public en g\u00e9n\u00e9ral peuvent-ils apporter \u00e0 l&#8217;objectif de leur Fideicomiso ? Mariolga, vous pouvez commencer.  <\/p>\n\n<p>Docteur Mariolga Reyes Cruz : El Fideicomiso Agr\u00edcola como he dicho est\u00e1 empezando y necesita todo tipo de apoyo, buscamos forjar alianzas con entidades hermanas que nos apoyen a desarrollar el potencial de este Fideicomiso y a gestar su propia sostenibilidad. Nous avons besoin de personnes qui entendent la voix, qui font leur temps, qui n&#8217;aident pas \u00e0 identifier les ressources ou qui ne font pas les ressources et qui font la m\u00eame chose avec les for\u00eats, avec la terre. En outre, nous sommes en train d&#8217;entamer des conversations avec les b\u00e9n\u00e9ficiaires potentiels et les b\u00e9n\u00e9ficiaires du Fideicomiso, afin que ceux qui ont commenc\u00e9 \u00e0 travailler ou qui veulent commencer \u00e0 travailler de mani\u00e8re durable, le invitamos a visitar nuestra p\u00e1gina y a comunicarse con nosotros all\u00ed tenemos una hoja de registro para personas interesadas en donde puede ir cont\u00e1ndonos un poco sobres sus proyectos para en un futuro cercano tener una reuni\u00f3n con posibles beneficiarios y beneficiarias. D&#8217;autre part, rappelez-vous que nous n&#8217;avons pas encore de fonds et que nous nous effor\u00e7ons d&#8217;atteindre ce premier objectif qui est d&#8217;avoir le premier fonds. Nous sommes en conversation avec diff\u00e9rentes institutions pour y parvenir. Une fois que nous aurons une ferme, nous pourrons parler d&#8217;un endroit bien concret, d&#8217;un \u00e9cosyst\u00e8me concret lui aussi, o\u00f9 nous pourrons commencer \u00e0 mettre en \u0153uvre des projets. Ainsi, dans le chat, nous avons mis la page de Fideicomiso et nous pouvons \u00e9galement la suivre sur Facebook. Quer\u00eda tambi\u00e9n aprovechar para comentar algo que se discuti\u00f3, pero es importante, estaba en sus preguntas, que era el asunto de viviendas porque los fideicomisos son una herramienta, pero quiero decir que hay tambi\u00e9n otras herramientas importantes como las Cooperativas de Viviendas Mancomunadas. De hecho, eso es un modelo que nosotras estamos considerando dentro del Fideicomiso como una herramienta para garantizar la vivienda a lo largo de la vida de las personas sin quitarle derecho a la posibilidad de vivienda a otras. C&#8217;est pourquoi je pense qu&#8217;il est important de discuter, de r\u00e9fl\u00e9chir et de continuer \u00e0 encourager d&#8217;autres formes de r\u00e9ponse \u00e0 nos besoins qui ne d\u00e9pendent ni de la propri\u00e9t\u00e9 priv\u00e9e, ni de l&#8217;habitat, ni de la terre. Les Fideicomisos offrent cette possibilit\u00e9, les coop\u00e9ratives de logement se d\u00e9veloppant \u00e9galement dans d&#8217;autres espaces, y compris les fideicomisos. Voici ce qu&#8217;il faut faire          <\/p>\n\n<p>Naudelis Fern\u00e1ndez Reyes : Merci Mariolga. Nous disposons de peu de temps, Cristina et un autre membre du comit\u00e9 peuvent travailler une ou deux minutes chacun. <\/p>\n\n<p>Planificatrice Cristina Miranda Palacios : Oui, je le dis rapidement. La contestaci\u00f3n sobre como nos puede ayudar la comunidad universitaria y la comunidad en general es diferente, la respuesta es diferente ahora con el COVID, porque antes del COVID yo les hubiese dich vengan a R\u00edo Piedras, caminen nuestras calles, compren en nuestros negocios, aporten nuestros comerciantes, est\u00e1n abierto la plaza del mercado es espectacular hay mucho que ver. Le fait d&#8217;occuper l&#8217;espace en si est une grande contribution, comme vous l&#8217;avez dit au d\u00e9but, une partie de ce qui affecte R\u00edo Piedras est la perception que l&#8217;on a de notre communaut\u00e9, que notre communaut\u00e9 est morte. C&#8217;est pourquoi notre refrain est R\u00edo Vive, nous sommes vivants, nous sommes l\u00e0, nous voyons, nous participons. Nous avons une grande collaboration avec l&#8217;UPR R\u00edo Piedras par l&#8217;interm\u00e9diaire du CAUCE, de sa directrice ex\u00e9cutive, de son \u00e9quipe de travail social. De m\u00eame, nous collaborons beaucoup avec des \u00e9tudiants de diff\u00e9rentes \u00e9coles, des architectes, etc. Nous fonctionnons donc tr\u00e8s bien en tant que communaut\u00e9 ayant un centre universitaire aussi important que celui de R\u00edo Piedras, car il s&#8217;agit d&#8217;une grande collaboration. Je pense qu&#8217;il n&#8217;y a pas de meilleur soutien que la visite de notre communaut\u00e9, l&#8217;apport de notre commerce, de la culture \u00e0 R\u00edo Piedras, je vis \u00e0 Santa Rita et c&#8217;est spectaculaire, l&#8217;alquilen, la venue de l&#8217;\u00e9tranger, parce que l&#8217;occupation de l&#8217;espace est le meilleur soutien.       <\/p>\n\n<p>Licenciada N\u00edria Berm\u00fadez : Creo que tambi\u00e9n aparte de lo que indic\u00f3 Cristina y Mariolga, que se incluya estos modelos en los curr\u00edculos de las clases. Ciertamente esto son proyectos interdisciplinarios que pueden estar estudi\u00e1ndose desde diferentes disciplinas, valga la redundancia. C&#8217;est pourquoi je pense que cet aspect est extr\u00eamement important et que nous devons continuer \u00e0 collaborer de cette mani\u00e8re. Aqu\u00ed nosotros hemos contado con apoyo desde la disciplina de planificaci\u00f3n, ingenier\u00eda, derecho, trabajo social comunitario, que es de suma importancia ac\u00e1 para nosotros y nosotras. C&#8217;est pourquoi nous vous demandons de bien vouloir vous inscrire aux cours.    <\/p>\n\n<p>Licenciada Sarah Delgado Brayfield : S\u00e9 que estamos en el curr\u00edculo de \u00c9rika por lo menos. Saludos \u00c9rika. <\/p>\n\n<p>Natalia M. Ortiz Berm\u00fadez : Nous devons ouvrir un espace, nous avons encore du temps, pour un espace de questions au public qui est ici pr\u00e9sent. Cela peut se faire tant par le chat que par le micro, mais il arrive que les gens nous posent des questions, \u00e0 moi aussi, cela peut se faire par le chat, cela peut se faire de mani\u00e8re sp\u00e9cifique ou g\u00e9n\u00e9rale. Nous sommes en train de pr\u00e9parer pour le chat un formulaire qui nous aidera beaucoup si vous pouvez le contester, il vous faudra une minute pour le faire. Adelante las personas que tengan cualquier duda o pregunta.  <\/p>\n\n<p>Participante : Je n&#8217;ai pas pu bien comprendre un concept que vous avez exprim\u00e9 \u00e0 la fin, dans le cadre de la coop\u00e9ration communautaire, car je n&#8217;ai pas pu bien comprendre le concept complet sur Internet, mais j&#8217;ai pu expliquer \u00e0 l&#8217;avance ce que vous avez dit pour le comprendre.<\/p>\n\n<p>Doctora Mariolga Reyes Cruz : Le commentaire que j&#8217;ai fait, Mariolga, sur les coop\u00e9ratives d&#8217;habitation collective, est une autre structure visant \u00e0 garantir le droit \u00e0 l&#8217;habitation, l&#8217;acc\u00e8s \u00e0 l&#8217;habitation pour les personnes qui n&#8217;ont pas de capital pour acheter. \u00c0 Porto Rico, il y a douze coop\u00e9ratives d&#8217;habitation communes, dont la plupart se transforment en d&#8217;autres types de coop\u00e9ratives, comme les coop\u00e9ratives de propri\u00e9taires, pero la mancomunadas b\u00e1sicamente uno se hace socia o socio de la Cooperativa con una aportaci\u00f3n que est\u00e1 muy por debajo de cualquier portaci\u00f3n que uno tenga que hacer para comprar una vivienda y hace una aportaci\u00f3n mensual ajustada a tus ingresos para tener acceso mientras desees vivir en la cooperativa. Yo soy socia de una de esas cooperativas, sino fuese porque soy socia de esta cooperativa no tendr\u00eda una vivienda seguir\u00e1 con los altos y bajas de los ingresos por los \u00faltimos 10 a\u00f1os. C&#8217;est une figure que je crois qu&#8217;il faut sauver et promouvoir, car celles qui ont \u00e9t\u00e9 construites il y a 40 ans se sont transform\u00e9es et nous avons besoin de plus, surtout dans le contexte \u00e9conomique actuel. Je le dis parce que c&#8217;est le mod\u00e8le que nous envisageons pour l&#8217;habitat dans le cadre du Fideicomiso, car l&#8217;un des probl\u00e8mes que posent les Fideicomisos en ce qui concerne la terre agricole, c&#8217;est pr\u00e9cis\u00e9ment que la population puisse rester en vie tout en faisant partie d&#8217;une communaut\u00e9 agricole. Cuando las personas dejan de sembrar, qu\u00e9 pasa con la vivienda, qu\u00e9 pasa con las tierras, es parte de la conversaci\u00f3n que estamos teniendo. C&#8217;est pourquoi nous lan\u00e7ons un peu plus haut le concept, car il y a peu d&#8217;occasions de parler de cette structure et nous pensons qu&#8217;elle est bien importante, sobre todo reconociendo que en los \u00faltimos 60 a\u00f1os en Puerto Rico mientras ha crecido el \u00edndice de riquezas econ\u00f3mico, el producto interno bruto en los \u00faltimos 60 a\u00f1os la mitad de la poblaci\u00f3n se ha mantenido a los niveles de pobreza. Aujourd&#8217;hui encore, pr\u00e8s de la moiti\u00e9 des municipalit\u00e9s ont un taux de pauvret\u00e9 sup\u00e9rieur \u00e0 60 %. Nous devons mettre en place des formes de logement qui garantissent ce droit aux grandes majorit\u00e9s qui ne disposent pas d&#8217;un revenu s\u00fbr et qui sont soumises aux al\u00e9as du march\u00e9 des biens de consommation.        <\/p>\n\n<p>Participante : Muchas gracias.<\/p>\n\n<p>Licenciada N\u00edria Berm\u00fadez : Yo ten\u00eda un comentario muy breve y era para Cristina. Je vous remercie d&#8217;avoir mentionn\u00e9 la question du co\u00fbt suppl\u00e9mentaire qu&#8217;implique ce type de travail, communautaire et autre. Je pense qu&#8217;il s&#8217;agit d&#8217;une conversation que nous pourrions \u00e9largir \u00e0 un moment donn\u00e9 et qui ne porte pas beaucoup sur le fait qu&#8217;il est tout aussi d\u00e9licat de le reconna\u00eetre, mais je vous remercie de l&#8217;avoir fait avec beaucoup de clart\u00e9.  <\/p>\n\n<p>Cristina Miranda Palacios, planificatrice : Hagamos un grupo de apoyo, yo creo que s\u00ed, que es importante, no nos hace d\u00e9biles aceptar las diferencias y que hay que reconocer que somos humanos y tenemos diferentes personalidades, diferentes estilos y el trabajo en colectivo no siempre es f\u00e1cil pero siempre es necesario y reconocerlo nos permite seguir. Uno se lame las heridas, pero seguimos. <\/p>\n\n<p>Natalia M. Ortiz Berm\u00fadez : Nous disposons de deux minutes si quelqu&#8217;un souhaite les utiliser.<\/p>\n\n<p>Cristina Miranda Palacios, planificatrice : Si quelqu&#8217;un pense que je veux m&#8217;associer aux paroles de Sarah, la professeure Mar\u00eda a \u00e9t\u00e9 tr\u00e8s utile. La r\u00e9alit\u00e9 est que sans Mar\u00eda, je crois que beaucoup d&#8217;entre nous ne seraient pas l\u00e0 et qu&#8217;il faudrait plus de personnes dans le pays comme elle, en v\u00e9rit\u00e9, c&#8217;est si facile de la suivre et de s&#8217;unir \u00e0 ses efforts. Cada vez que la veo trato de dec\u00edrselo porque realmente es un ejemplo de lo que se puede hacer. C&#8217;est pourquoi je pense qu&#8217;il est toujours important de la reconna\u00eetre, car dans le cas de R\u00edo Piedras, sans elle, il est tr\u00e8s probable que la Fide n&#8217;aurait pas \u00e9t\u00e9 l\u00e0 o\u00f9 nous sommes aujourd&#8217;hui. C&#8217;est pourquoi Mar\u00eda n&#8217;est pas l\u00e0, mais nous lui adressons toujours nos f\u00e9licitations et notre reconnaissance.    <\/p>\n\n<p>Se\u00f1or Mario N\u00fa\u00f1ez Mercado : Al igual que Cristina yo creo que las aportaciones de la licenciada Mar\u00eda Hern\u00e1ndez Torrales yo creo que para todas las entidades, creo que han sido sumamente importante, en caso en el Fideicomiso Ca\u00f1o Mart\u00edn Pe\u00f1a fue nuestra primera mentora, nuestro primer recurso que lleg\u00f3 aqu\u00ed, luego se uni\u00f3 la licenciada \u00c9rika Font\u00e1nez, que ese binomio fue lo que ayud\u00f3 a los residentes y a las comunidades a gestar, obviamente, esta iniciativa del Fideicomiso. Nous sommes fiers que cette premi\u00e8re initiative ait donn\u00e9 naissance \u00e0 deux femmes suppl\u00e9mentaires, tant \u00e0 R\u00edo Piedras qu&#8217;au sein du Fideicomiso Agr\u00edcola. Le savoir, je crois qu&#8217;il faut le transmettre, le partager, l&#8217;\u00e9change de connaissances, personne n&#8217;a de v\u00e9rit\u00e9 absolue, je crois que si chacun apporte sa v\u00e9rit\u00e9, nous pourrons finalement atteindre une grande v\u00e9rit\u00e9. Dans cette direction, nous r\u00e9it\u00e9rons notre compromis selon lequel, lorsque nous avons besoin d&#8217;une aide, d&#8217;un partage, d&#8217;une rencontre, d&#8217;un accueil, nous sommes \u00e9galement \u00e0 la meilleure disposition.   <\/p>\n\n<p>Planificatrice Cristina Miranda Palacios : Siempre hemos hablado de hacer un junte de Fideicomisos, as\u00ed que nosotros deber\u00edamos de crear nuestra propia comunidad de aprendizaje, porque en procesos de abogac\u00eda y ante lo que est\u00e1 pasando con los fondos de resiliencia, mitigaci\u00f3n y todo eso, yo creo que todos los fideicomisos unidos podr\u00edamos hacer un frente com\u00fan dentro de las comunidades, as\u00ed que eso es una asignatura que tenemos pendiente.<\/p>\n\n<p>Se\u00f1or Mario N\u00fa\u00f1ez Mercado : Nos llevamos la asignaci\u00f3n Cristina. Doctora Mariolga Reyes Cruz : Me apunto.<br\/>Natalia M. Ortiz Berm\u00fadez : Nosotras nos apuntamos para ayudar. Licenciada Sarah Delgado Brayfield : Merci.  <\/p>\n\n<p>Natalia M. Ortiz Berm\u00fadez : Pues con esas palabras, vamos a dar por concluida la actividad. Queremos agradecerle al p\u00fablico que se mantuvo sintonizado. La professeure s&#8217;excuse, mais elle n&#8217;a pas \u00e0 s&#8217;excuser d&#8217;avoir eu des probl\u00e8mes de connexion. Nous tenons \u00e0 remercier officiellement Mariolga, Cristina, la licenci\u00e9e Sarah Delgado, Mario et N\u00edria pour leur temps, car nous savons que vous avez fait cinq choses, ce que nous appr\u00e9cions \u00e9norm\u00e9ment. Esperemos seguir en contacto para futuras actividades, que yo creo que el tema del Fideicomiso tiene que escucharse m\u00e1s y las personas tiene que educarse m\u00e1s al respecto definitivamente.    <\/p>\n\n<p>Licenciada Sarah Delgado Brayfield : Gracias a ustedes por invitarnos y por coordinar este conversatorio tan bello.<\/p>\n\n<p>Se\u00f1or Mario N\u00fa\u00f1ez Mercado : Natalia, \u00bfel cuestionario esta puesto ? Naudelis Fern\u00e1ndez Reyes : Quiero mencionar rapidito : Quiero mencionar rapidito.<br\/>Natalia M. Ortiz Berm\u00fadez : S\u00ed el cuestionario est\u00e1 en el chat <\/p>\n\n<p>Naudelis Fern\u00e1ndez Reyes : Pour ajouter ce qu&#8217;a dit Natalia, le Pro Bono veut organiser plus d&#8217;\u00e9v\u00e9nements au cours du prochain semestre et avec chaque Fideicomisos pour que chacun puisse briller parce qu&#8217;ils sont tous tr\u00e8s divers, diff\u00e9rents et tr\u00e8s sp\u00e9ciaux. Envoyez par chat le Facebook du Pro Bono et vous y trouverez les informations relatives \u00e0 chaque Fideicomiso et vous pourrez \u00e9galement voir nos \u00e9v\u00e9nements. <\/p>\n\n<p>Se\u00f1or Mario N\u00fa\u00f1ez Mercado : Merci et bonne fin de semaine. Planificatrice Cristina Miranda Palacios : Gracias y buen fin de semana Licenciada Sarah Delgado Brayfield : Gracias hasta luego.<br\/>Naudelis Fern\u00e1ndez Reyes : S\u00ed, habr\u00e1 una grabaci\u00f3n disponible. <\/p>\n","protected":false},"excerpt":{"rendered":"<p>Cette vid\u00e9o pr\u00e9sente une conversation anim\u00e9e par des \u00e9tudiants du Pro-Bono Ca\u00f1o\/CAUCE avec des repr\u00e9sentants des trois fideicomisos comunitarios de tierras qui ont \u00e9t\u00e9 cr\u00e9\u00e9s \u00e0 Porto Rico jusqu&#8217;\u00e0 ce jour. Chacun de ces Fideicomisos utilise des \u00e9l\u00e9ments communs pour atteindre des objectifs allemands, mais diff\u00e9rents. Les \u00e9l\u00e9ments communs sont le contr\u00f4le communautaire de la terre par le biais d&#8217;une organisation dont la gouvernance est assur\u00e9e en grande partie par les membres de la communaut\u00e9. Le d\u00e9veloppement des zones concern\u00e9es par ces enjeux est pris en charge par la communaut\u00e9 \u00e0 laquelle il s&#8217;adresse. L&#8217;objectif du d\u00e9bat \u00e9tait de r\u00e9affirmer les valeurs qui sont \u00e0 la base de la cr\u00e9ation de ces organisations communautaires qui sont guid\u00e9es dans leurs r\u00e9alisations pour et vers le bien commun.    <\/p>\n","protected":false},"author":1,"featured_media":0,"parent":4034,"menu_order":0,"comment_status":"closed","ping_status":"closed","template":"","meta":{"give_campaign_id":0,"_tec_requires_first_save":true,"_kad_blocks_custom_css":"","_kad_blocks_head_custom_js":"","_kad_blocks_body_custom_js":"","_kad_blocks_footer_custom_js":"","_EventAllDay":false,"_EventTimezone":"","_EventStartDate":"","_EventEndDate":"","_EventStartDateUTC":"","_EventEndDateUTC":"","_EventShowMap":false,"_EventShowMapLink":false,"_EventURL":"","_EventCost":"","_EventCostDescription":"","_EventCurrencySymbol":"","_EventCurrencyCode":"","_EventCurrencyPosition":"","_EventDateTimeSeparator":"","_EventTimeRangeSeparator":"","_EventOrganizerID":[],"_EventVenueID":[],"_OrganizerEmail":"","_OrganizerPhone":"","_OrganizerWebsite":"","_VenueAddress":"","_VenueCity":"","_VenueCountry":"","_VenueProvince":"","_VenueState":"","_VenueZip":"","_VenuePhone":"","_VenueURL":"","_VenueStateProvince":"","_VenueLat":"","_VenueLng":"","_VenueShowMap":false,"_VenueShowMapLink":false,"_tribe_blocks_recurrence_rules":"","_tribe_blocks_recurrence_description":"","_tribe_blocks_recurrence_exclusions":"","footnotes":""},"categories":[208],"tags":[],"class_list":["post-4442","page","type-page","status-publish","hentry","category-interviews-fr"],"blocksy_meta":[],"yoast_head":"<!-- This site is optimized with the Yoast SEO Premium plugin v27.5 (Yoast SEO v27.5) - https:\/\/yoast.com\/product\/yoast-seo-premium-wordpress\/ -->\n<title>Les principes communautaires de la terre et les valeurs qu&#039;ils apportent \u00e0 l&#039;ensemble de la population (2020) - International Center for Community Land Trusts<\/title>\n<meta name=\"robots\" content=\"index, follow, max-snippet:-1, max-image-preview:large, max-video-preview:-1\" \/>\n<link rel=\"canonical\" href=\"https:\/\/www.cltweb.org\/fr\/bibliotheque-de-ressources\/interviews\/les-principes-communautaires-de-la-terre-et-les-valeurs-quils-apportent-a-lensemble-de-la-population-2020\/\" \/>\n<meta property=\"og:locale\" content=\"fr_FR\" \/>\n<meta property=\"og:type\" content=\"article\" \/>\n<meta property=\"og:title\" content=\"Les principes communautaires de la terre et les valeurs qu&#039;ils apportent \u00e0 l&#039;ensemble de la population (2020)\" \/>\n<meta property=\"og:description\" content=\"Cette vid\u00e9o pr\u00e9sente une conversation anim\u00e9e par des \u00e9tudiants du Pro-Bono Ca\u00f1o\/CAUCE avec des repr\u00e9sentants des trois fideicomisos comunitarios de tierras qui ont \u00e9t\u00e9 cr\u00e9\u00e9s \u00e0 Porto Rico jusqu&#039;\u00e0 ce jour. Chacun de ces Fideicomisos utilise des \u00e9l\u00e9ments communs pour atteindre des objectifs allemands, mais diff\u00e9rents. Les \u00e9l\u00e9ments communs sont le contr\u00f4le communautaire de la terre par le biais d&#039;une organisation dont la gouvernance est assur\u00e9e en grande partie par les membres de la communaut\u00e9. Le d\u00e9veloppement des zones concern\u00e9es par ces enjeux est pris en charge par la communaut\u00e9 \u00e0 laquelle il s&#039;adresse. L&#039;objectif du d\u00e9bat \u00e9tait de r\u00e9affirmer les valeurs qui sont \u00e0 la base de la cr\u00e9ation de ces organisations communautaires qui sont guid\u00e9es dans leurs r\u00e9alisations pour et vers le bien commun.\" \/>\n<meta property=\"og:url\" content=\"https:\/\/www.cltweb.org\/fr\/bibliotheque-de-ressources\/interviews\/les-principes-communautaires-de-la-terre-et-les-valeurs-quils-apportent-a-lensemble-de-la-population-2020\/\" \/>\n<meta property=\"og:site_name\" content=\"International Center for Community Land Trusts\" \/>\n<meta property=\"article:publisher\" content=\"https:\/\/www.facebook.com\/cltcenter\" \/>\n<meta property=\"article:modified_time\" content=\"2024-10-22T20:46:34+00:00\" \/>\n<meta name=\"twitter:card\" content=\"summary_large_image\" \/>\n<meta name=\"twitter:site\" content=\"@Center4CLTs\" \/>\n<meta name=\"twitter:label1\" content=\"Dur\u00e9e de lecture estim\u00e9e\" \/>\n\t<meta name=\"twitter:data1\" content=\"73 minutes\" \/>\n<script type=\"application\/ld+json\" class=\"yoast-schema-graph\">{\"@context\":\"https:\\\/\\\/schema.org\",\"@graph\":[{\"@type\":\"WebPage\",\"@id\":\"https:\\\/\\\/www.cltweb.org\\\/fr\\\/bibliotheque-de-ressources\\\/interviews\\\/les-principes-communautaires-de-la-terre-et-les-valeurs-quils-apportent-a-lensemble-de-la-population-2020\\\/\",\"url\":\"https:\\\/\\\/www.cltweb.org\\\/fr\\\/bibliotheque-de-ressources\\\/interviews\\\/les-principes-communautaires-de-la-terre-et-les-valeurs-quils-apportent-a-lensemble-de-la-population-2020\\\/\",\"name\":\"Les principes communautaires de la terre et les valeurs qu'ils apportent \u00e0 l'ensemble de la population (2020) - International Center for Community Land Trusts\",\"isPartOf\":{\"@id\":\"https:\\\/\\\/www.cltweb.org\\\/fr\\\/#website\"},\"datePublished\":\"2024-10-22T19:56:08+00:00\",\"dateModified\":\"2024-10-22T20:46:34+00:00\",\"breadcrumb\":{\"@id\":\"https:\\\/\\\/www.cltweb.org\\\/fr\\\/bibliotheque-de-ressources\\\/interviews\\\/les-principes-communautaires-de-la-terre-et-les-valeurs-quils-apportent-a-lensemble-de-la-population-2020\\\/#breadcrumb\"},\"inLanguage\":\"fr-FR\",\"potentialAction\":[{\"@type\":\"ReadAction\",\"target\":[\"https:\\\/\\\/www.cltweb.org\\\/fr\\\/bibliotheque-de-ressources\\\/interviews\\\/les-principes-communautaires-de-la-terre-et-les-valeurs-quils-apportent-a-lensemble-de-la-population-2020\\\/\"]}]},{\"@type\":\"BreadcrumbList\",\"@id\":\"https:\\\/\\\/www.cltweb.org\\\/fr\\\/bibliotheque-de-ressources\\\/interviews\\\/les-principes-communautaires-de-la-terre-et-les-valeurs-quils-apportent-a-lensemble-de-la-population-2020\\\/#breadcrumb\",\"itemListElement\":[{\"@type\":\"ListItem\",\"position\":1,\"name\":\"Home\",\"item\":\"https:\\\/\\\/www.cltweb.org\\\/fr\\\/\"},{\"@type\":\"ListItem\",\"position\":2,\"name\":\"Biblioth\u00e8que de ressources\",\"item\":\"https:\\\/\\\/www.cltweb.org\\\/fr\\\/bibliotheque-de-ressources\\\/\"},{\"@type\":\"ListItem\",\"position\":3,\"name\":\"Interviews\",\"item\":\"https:\\\/\\\/www.cltweb.org\\\/fr\\\/bibliotheque-de-ressources\\\/interviews\\\/\"},{\"@type\":\"ListItem\",\"position\":4,\"name\":\"Les principes communautaires de la terre et les valeurs qu&#8217;ils apportent \u00e0 l&#8217;ensemble de la population (2020)\"}]},{\"@type\":\"WebSite\",\"@id\":\"https:\\\/\\\/www.cltweb.org\\\/fr\\\/#website\",\"url\":\"https:\\\/\\\/www.cltweb.org\\\/fr\\\/\",\"name\":\"International Center for Community Land Trusts\",\"description\":\"\",\"publisher\":{\"@id\":\"https:\\\/\\\/www.cltweb.org\\\/fr\\\/#organization\"},\"potentialAction\":[{\"@type\":\"SearchAction\",\"target\":{\"@type\":\"EntryPoint\",\"urlTemplate\":\"https:\\\/\\\/www.cltweb.org\\\/fr\\\/?s={search_term_string}\"},\"query-input\":{\"@type\":\"PropertyValueSpecification\",\"valueRequired\":true,\"valueName\":\"search_term_string\"}}],\"inLanguage\":\"fr-FR\"},{\"@type\":\"Organization\",\"@id\":\"https:\\\/\\\/www.cltweb.org\\\/fr\\\/#organization\",\"name\":\"International Center for Community Land Trusts\",\"url\":\"https:\\\/\\\/www.cltweb.org\\\/fr\\\/\",\"logo\":{\"@type\":\"ImageObject\",\"inLanguage\":\"fr-FR\",\"@id\":\"https:\\\/\\\/www.cltweb.org\\\/fr\\\/#\\\/schema\\\/logo\\\/image\\\/\",\"url\":\"https:\\\/\\\/www.cltweb.org\\\/wp-content\\\/uploads\\\/2024\\\/11\\\/New-CLT-Center-Text-logo.png\",\"contentUrl\":\"https:\\\/\\\/www.cltweb.org\\\/wp-content\\\/uploads\\\/2024\\\/11\\\/New-CLT-Center-Text-logo.png\",\"width\":227,\"height\":80,\"caption\":\"International Center for Community Land Trusts\"},\"image\":{\"@id\":\"https:\\\/\\\/www.cltweb.org\\\/fr\\\/#\\\/schema\\\/logo\\\/image\\\/\"},\"sameAs\":[\"https:\\\/\\\/www.facebook.com\\\/cltcenter\",\"https:\\\/\\\/x.com\\\/Center4CLTs\",\"https:\\\/\\\/www.instagram.com\\\/cltcenter\\\/\",\"https:\\\/\\\/www.linkedin.com\\\/company\\\/cltcenter\",\"https:\\\/\\\/www.youtube.com\\\/@centerforcltinnovation5313\"],\"description\":\"The International Center for Community Land Trusts is a not-for-profit nongovernmental organization established in 2018 to promote and to support community land trusts and similar strategies of community-led development on community-owned land in countries throughout the world.\",\"email\":\"info@communitylandtrust.net\",\"legalName\":\"International Center for Community Land Trusts\",\"foundingDate\":\"2018-12-01\",\"taxID\":\"84-3858933\",\"numberOfEmployees\":{\"@type\":\"QuantitativeValue\",\"minValue\":\"1\",\"maxValue\":\"10\"}}]}<\/script>\n<!-- \/ Yoast SEO Premium plugin. -->","yoast_head_json":{"title":"Les principes communautaires de la terre et les valeurs qu'ils apportent \u00e0 l'ensemble de la population (2020) - International Center for Community Land Trusts","robots":{"index":"index","follow":"follow","max-snippet":"max-snippet:-1","max-image-preview":"max-image-preview:large","max-video-preview":"max-video-preview:-1"},"canonical":"https:\/\/www.cltweb.org\/fr\/bibliotheque-de-ressources\/interviews\/les-principes-communautaires-de-la-terre-et-les-valeurs-quils-apportent-a-lensemble-de-la-population-2020\/","og_locale":"fr_FR","og_type":"article","og_title":"Les principes communautaires de la terre et les valeurs qu'ils apportent \u00e0 l'ensemble de la population (2020)","og_description":"Cette vid\u00e9o pr\u00e9sente une conversation anim\u00e9e par des \u00e9tudiants du Pro-Bono Ca\u00f1o\/CAUCE avec des repr\u00e9sentants des trois fideicomisos comunitarios de tierras qui ont \u00e9t\u00e9 cr\u00e9\u00e9s \u00e0 Porto Rico jusqu'\u00e0 ce jour. Chacun de ces Fideicomisos utilise des \u00e9l\u00e9ments communs pour atteindre des objectifs allemands, mais diff\u00e9rents. Les \u00e9l\u00e9ments communs sont le contr\u00f4le communautaire de la terre par le biais d'une organisation dont la gouvernance est assur\u00e9e en grande partie par les membres de la communaut\u00e9. Le d\u00e9veloppement des zones concern\u00e9es par ces enjeux est pris en charge par la communaut\u00e9 \u00e0 laquelle il s'adresse. L'objectif du d\u00e9bat \u00e9tait de r\u00e9affirmer les valeurs qui sont \u00e0 la base de la cr\u00e9ation de ces organisations communautaires qui sont guid\u00e9es dans leurs r\u00e9alisations pour et vers le bien commun.","og_url":"https:\/\/www.cltweb.org\/fr\/bibliotheque-de-ressources\/interviews\/les-principes-communautaires-de-la-terre-et-les-valeurs-quils-apportent-a-lensemble-de-la-population-2020\/","og_site_name":"International Center for Community Land Trusts","article_publisher":"https:\/\/www.facebook.com\/cltcenter","article_modified_time":"2024-10-22T20:46:34+00:00","twitter_card":"summary_large_image","twitter_site":"@Center4CLTs","twitter_misc":{"Dur\u00e9e de lecture estim\u00e9e":"73 minutes"},"schema":{"@context":"https:\/\/schema.org","@graph":[{"@type":"WebPage","@id":"https:\/\/www.cltweb.org\/fr\/bibliotheque-de-ressources\/interviews\/les-principes-communautaires-de-la-terre-et-les-valeurs-quils-apportent-a-lensemble-de-la-population-2020\/","url":"https:\/\/www.cltweb.org\/fr\/bibliotheque-de-ressources\/interviews\/les-principes-communautaires-de-la-terre-et-les-valeurs-quils-apportent-a-lensemble-de-la-population-2020\/","name":"Les principes communautaires de la terre et les valeurs qu'ils apportent \u00e0 l'ensemble de la population (2020) - International Center for Community Land Trusts","isPartOf":{"@id":"https:\/\/www.cltweb.org\/fr\/#website"},"datePublished":"2024-10-22T19:56:08+00:00","dateModified":"2024-10-22T20:46:34+00:00","breadcrumb":{"@id":"https:\/\/www.cltweb.org\/fr\/bibliotheque-de-ressources\/interviews\/les-principes-communautaires-de-la-terre-et-les-valeurs-quils-apportent-a-lensemble-de-la-population-2020\/#breadcrumb"},"inLanguage":"fr-FR","potentialAction":[{"@type":"ReadAction","target":["https:\/\/www.cltweb.org\/fr\/bibliotheque-de-ressources\/interviews\/les-principes-communautaires-de-la-terre-et-les-valeurs-quils-apportent-a-lensemble-de-la-population-2020\/"]}]},{"@type":"BreadcrumbList","@id":"https:\/\/www.cltweb.org\/fr\/bibliotheque-de-ressources\/interviews\/les-principes-communautaires-de-la-terre-et-les-valeurs-quils-apportent-a-lensemble-de-la-population-2020\/#breadcrumb","itemListElement":[{"@type":"ListItem","position":1,"name":"Home","item":"https:\/\/www.cltweb.org\/fr\/"},{"@type":"ListItem","position":2,"name":"Biblioth\u00e8que de ressources","item":"https:\/\/www.cltweb.org\/fr\/bibliotheque-de-ressources\/"},{"@type":"ListItem","position":3,"name":"Interviews","item":"https:\/\/www.cltweb.org\/fr\/bibliotheque-de-ressources\/interviews\/"},{"@type":"ListItem","position":4,"name":"Les principes communautaires de la terre et les valeurs qu&#8217;ils apportent \u00e0 l&#8217;ensemble de la population (2020)"}]},{"@type":"WebSite","@id":"https:\/\/www.cltweb.org\/fr\/#website","url":"https:\/\/www.cltweb.org\/fr\/","name":"International Center for Community Land Trusts","description":"","publisher":{"@id":"https:\/\/www.cltweb.org\/fr\/#organization"},"potentialAction":[{"@type":"SearchAction","target":{"@type":"EntryPoint","urlTemplate":"https:\/\/www.cltweb.org\/fr\/?s={search_term_string}"},"query-input":{"@type":"PropertyValueSpecification","valueRequired":true,"valueName":"search_term_string"}}],"inLanguage":"fr-FR"},{"@type":"Organization","@id":"https:\/\/www.cltweb.org\/fr\/#organization","name":"International Center for Community Land Trusts","url":"https:\/\/www.cltweb.org\/fr\/","logo":{"@type":"ImageObject","inLanguage":"fr-FR","@id":"https:\/\/www.cltweb.org\/fr\/#\/schema\/logo\/image\/","url":"https:\/\/www.cltweb.org\/wp-content\/uploads\/2024\/11\/New-CLT-Center-Text-logo.png","contentUrl":"https:\/\/www.cltweb.org\/wp-content\/uploads\/2024\/11\/New-CLT-Center-Text-logo.png","width":227,"height":80,"caption":"International Center for Community Land Trusts"},"image":{"@id":"https:\/\/www.cltweb.org\/fr\/#\/schema\/logo\/image\/"},"sameAs":["https:\/\/www.facebook.com\/cltcenter","https:\/\/x.com\/Center4CLTs","https:\/\/www.instagram.com\/cltcenter\/","https:\/\/www.linkedin.com\/company\/cltcenter","https:\/\/www.youtube.com\/@centerforcltinnovation5313"],"description":"The International Center for Community Land Trusts is a not-for-profit nongovernmental organization established in 2018 to promote and to support community land trusts and similar strategies of community-led development on community-owned land in countries throughout the world.","email":"info@communitylandtrust.net","legalName":"International Center for Community Land Trusts","foundingDate":"2018-12-01","taxID":"84-3858933","numberOfEmployees":{"@type":"QuantitativeValue","minValue":"1","maxValue":"10"}}]}},"campaignId":"","taxonomy_info":{"category":[{"value":208,"label":"Interviews"}]},"featured_image_src_large":false,"author_info":{"display_name":"cltredesign_0jp0l4","author_link":"https:\/\/www.cltweb.org\/fr\/author\/cltredesign_0jp0l4\/"},"comment_info":0,"jetpack_sharing_enabled":true,"jetpack-related-posts":[{"id":4436,"url":"https:\/\/www.cltweb.org\/es\/biblioteca-de-recursos\/entrevistas\/los-fideicomisos-comunitarios-de-tierra-y-los-valores-que-aportan-al-colectivo-humano-2020\/","url_meta":{"origin":4442,"position":0},"title":"Los Fideicomisos Comunitarios de Tierra y los Valores que Aportan al Colectivo Humano (2020)","author":"cltredesign_0jp0l4","date":"22 octobre 2024","format":false,"excerpt":"Este v\u00eddeo presenta un conversatorio guiado por estudiantes del Pro-Bono Ca\u00f1o\/CAUCE con representantes de los tres fideicomisos comunitarios de tierras que est\u00e1n creados en Puerto Rico hasta la fecha. Cada uno de estos Fideicomisos utiliza elementos comunes para cumplir con objetivos alemanes, pero diferentes. Los elementos comunes son el control\u2026","rel":"","context":"Dans &quot;Entrevistas&quot;","block_context":{"text":"Entrevistas","link":"https:\/\/www.cltweb.org\/es\/category\/entrevistas\/"},"img":{"alt_text":"","src":"","width":0,"height":0},"classes":[]},{"id":4421,"url":"https:\/\/www.cltweb.org\/resources\/interviews\/los-fideicomisos-comunitarios-de-tierra-y-los-valores-que-aportan-al-colectivo-humano-2020\/","url_meta":{"origin":4442,"position":1},"title":"Los Fideicomisos Comunitarios de Tierra y los Valores que Aportan al Colectivo Humano (2020)","author":"cltredesign_0jp0l4","date":"22 octobre 2024","format":false,"excerpt":"Este video presenta un conversatorio guiado por estudiantes del Pro-Bono Ca\u00f1o\/CAUCE con representantes de los tres fideicomisos comunitarios de tierras que est\u00e1n creados en Puerto Rico hasta la fecha. Cada uno de estos Fideicomisos utiliza elementos comunes para cumplir con objetivos germanos, pero diferentes. Los elementos comunes son el control\u2026","rel":"","context":"Dans &quot;Interviews&quot;","block_context":{"text":"Interviews","link":"https:\/\/www.cltweb.org\/category\/interviews\/"},"img":{"alt_text":"","src":"","width":0,"height":0},"classes":[]},{"id":4440,"url":"https:\/\/www.cltweb.org\/de\/ressourcenbibliothek\/interviews\/los-fideicomisos-comunitarios-de-tierra-y-los-valores-que-aportan-al-colectivo-humano-2020\/","url_meta":{"origin":4442,"position":2},"title":"Los Fideicomisos Comunitarios de Tierra y los Valores que Aportan al Colectivo Humano (2020)","author":"cltredesign_0jp0l4","date":"22 octobre 2024","format":false,"excerpt":"Este video presenta un conversatorio guiado por estudiantes del Pro-Bono Ca\u00f1o\/CAUCE con representantes de los tres fideicomisos comunitarios de tierras que est\u00e1n creados en Puerto Rico hasta la fecha. Cada uno de estos Fideicomisos utiliza elementos comunes para cumplir con objetivos germanos, pero diferentes. Los elementos comunes son el control\u2026","rel":"","context":"Dans &quot;Interviews&quot;","block_context":{"text":"Interviews","link":"https:\/\/www.cltweb.org\/de\/category\/interviews-de\/"},"img":{"alt_text":"","src":"","width":0,"height":0},"classes":[]},{"id":4444,"url":"https:\/\/www.cltweb.org\/nl\/bibliotheek-met-bronnen\/interviews\/de-gemeentelijke-waarden-van-het-land-en-de-waarden-die-bijdragen-aan-het-menselijke-collectief-2020\/","url_meta":{"origin":4442,"position":3},"title":"De gemeentelijke waarden van het land en de waarden die bijdragen aan het menselijke collectief (2020)","author":"cltredesign_0jp0l4","date":"22 octobre 2024","format":false,"excerpt":"Deze video toont een conversatie geleid door studenten van Pro-Bono Ca\u00f1o\/CAUCE met vertegenwoordigers van de drie fideicomisos comunitarios de tierras que est\u00e1n creados en Puerto Rico hasta la fecha. Cada uno de estos Fideicomisos utiliza elementos comunes para cumplir con objetivos germanos, pero diferentes. Los elementos comunes son el control\u2026","rel":"","context":"Dans &quot;Interviews&quot;","block_context":{"text":"Interviews","link":"https:\/\/www.cltweb.org\/nl\/category\/interviews-nl\/"},"img":{"alt_text":"","src":"","width":0,"height":0},"classes":[]},{"id":4438,"url":"https:\/\/www.cltweb.org\/pt-br\/biblioteca-de-recursos\/entrevistas\/os-fideicomissos-comunitarios-da-terra-e-os-valores-que-contribuem-para-o-coletivo-humano-2020\/","url_meta":{"origin":4442,"position":4},"title":"Os Fideicomissos Comunit\u00e1rios da Terra e os Valores que Contribuem para o Coletivo Humano (2020)","author":"cltredesign_0jp0l4","date":"22 octobre 2024","format":false,"excerpt":"Este v\u00eddeo apresenta uma conversa conduzida por estudantes do Pro-Bono Ca\u00f1o\/CAUCE com representantes dos tr\u00eas fideicomissos comunit\u00e1rios de terras que foram criados em Porto Rico at\u00e9 o momento. Cada um desses Fideicomisos utiliza elementos comuns para cumprir os objetivos alem\u00e3es, por\u00e9m diferentes. Os elementos comuns s\u00e3o o controle comunit\u00e1rio da\u2026","rel":"","context":"Dans &quot;Entrevistas&quot;","block_context":{"text":"Entrevistas","link":"https:\/\/www.cltweb.org\/pt-br\/category\/entrevistas-pt-br\/"},"img":{"alt_text":"","src":"","width":0,"height":0},"classes":[]},{"id":3815,"url":"https:\/\/www.cltweb.org\/fr\/bibliotheque-de-ressources\/sud-mondial\/porto-rico\/","url_meta":{"origin":4442,"position":5},"title":"Porto Rico","author":"cltredesign_0jp0l4","date":"19 octobre 2024","format":false,"excerpt":"Comit\u00e9 de la Terre du Ca\u00f1o Mart\u00edn Pe\u00f1aLe Ca\u00f1o Mart\u00edn Pe\u00f1a Land Trust de San Juan, \u00e0 Porto Rico, a pilot\u00e9 une approche des fiducies fonci\u00e8res communautaires dans les communaut\u00e9s informelles qui inspire des efforts dans l'ensemble des pays du Sud. INTRODUCCI\u00d3N : El Fideicomiso de la Tierra del Ca\u00f1o\u2026","rel":"","context":"Dans &quot;Sud mondial&quot;","block_context":{"text":"Sud mondial","link":"https:\/\/www.cltweb.org\/fr\/category\/sud-mondial\/"},"img":{"alt_text":"Logo for the Cano Mart\u00edn Pe\u00f1a CLT","src":"https:\/\/i0.wp.com\/www.cltweb.org\/wp-content\/uploads\/2024\/10\/cano-martin-pena-clt-logo.png?resize=350%2C200&ssl=1","width":350,"height":200,"srcset":"https:\/\/i0.wp.com\/www.cltweb.org\/wp-content\/uploads\/2024\/10\/cano-martin-pena-clt-logo.png?resize=350%2C200&ssl=1 1x, https:\/\/i0.wp.com\/www.cltweb.org\/wp-content\/uploads\/2024\/10\/cano-martin-pena-clt-logo.png?resize=525%2C300&ssl=1 1.5x, https:\/\/i0.wp.com\/www.cltweb.org\/wp-content\/uploads\/2024\/10\/cano-martin-pena-clt-logo.png?resize=700%2C400&ssl=1 2x, https:\/\/i0.wp.com\/www.cltweb.org\/wp-content\/uploads\/2024\/10\/cano-martin-pena-clt-logo.png?resize=1050%2C600&ssl=1 3x"},"classes":[]}],"_links":{"self":[{"href":"https:\/\/www.cltweb.org\/fr\/wp-json\/wp\/v2\/pages\/4442","targetHints":{"allow":["GET"]}}],"collection":[{"href":"https:\/\/www.cltweb.org\/fr\/wp-json\/wp\/v2\/pages"}],"about":[{"href":"https:\/\/www.cltweb.org\/fr\/wp-json\/wp\/v2\/types\/page"}],"author":[{"embeddable":true,"href":"https:\/\/www.cltweb.org\/fr\/wp-json\/wp\/v2\/users\/1"}],"replies":[{"embeddable":true,"href":"https:\/\/www.cltweb.org\/fr\/wp-json\/wp\/v2\/comments?post=4442"}],"version-history":[{"count":1,"href":"https:\/\/www.cltweb.org\/fr\/wp-json\/wp\/v2\/pages\/4442\/revisions"}],"predecessor-version":[{"id":4443,"href":"https:\/\/www.cltweb.org\/fr\/wp-json\/wp\/v2\/pages\/4442\/revisions\/4443"}],"up":[{"embeddable":true,"href":"https:\/\/www.cltweb.org\/fr\/wp-json\/wp\/v2\/pages\/4034"}],"wp:attachment":[{"href":"https:\/\/www.cltweb.org\/fr\/wp-json\/wp\/v2\/media?parent=4442"}],"wp:term":[{"taxonomy":"category","embeddable":true,"href":"https:\/\/www.cltweb.org\/fr\/wp-json\/wp\/v2\/categories?post=4442"},{"taxonomy":"post_tag","embeddable":true,"href":"https:\/\/www.cltweb.org\/fr\/wp-json\/wp\/v2\/tags?post=4442"}],"curies":[{"name":"wp","href":"https:\/\/api.w.org\/{rel}","templated":true}]}}