{"id":4467,"date":"2024-10-22T20:00:57","date_gmt":"2024-10-22T20:00:57","guid":{"rendered":"https:\/\/www.cltweb.org\/bibliotheque-de-ressources\/interviews\/garantir-les-droits-fonciers-les-clt-dans-les-etablissements-informels-2020\/"},"modified":"2024-10-22T20:46:48","modified_gmt":"2024-10-22T20:46:48","slug":"garantir-les-droits-fonciers-les-clt-dans-les-etablissements-informels-2020","status":"publish","type":"page","link":"https:\/\/www.cltweb.org\/fr\/bibliotheque-de-ressources\/interviews\/garantir-les-droits-fonciers-les-clt-dans-les-etablissements-informels-2020\/","title":{"rendered":"Garantir les droits fonciers : Les CLT dans les \u00e9tablissements informels (2020)"},"content":{"rendered":"\n<p>Le 29 octobre 2020, <strong><a href=\"https:\/\/world-habitat.org\/\" target=\"_blank\" rel=\"noreferrer noopener\">World Habitat<\/a><\/strong> a organis\u00e9 une table ronde sur le r\u00f4le des fiducies fonci\u00e8res communautaires dans la garantie des droits fonciers des habitants des quartiers informels. Les <strong>pan\u00e9listes<\/strong> \u00e9taient les suivants : Mariolga Juli\u00e1 Pacheco et Don Jos\u00e9 Caraballo, du CLT Ca\u00f1o Mart\u00edn Pe\u00f1a, Porto Rico ; Theresa Williamson, du Favela CLT \/ Catalytic Communities, Br\u00e9sil ; et Khalid Hussain et Rabeya Rahman, du Community-Led Development of the Urdu-Speaking Bihari Camps, Bangladesh. La mod\u00e9ratrice \u00e9tait Line Algoed du Center for CLT Innovation (et co-\u00e9ditrice <em>de On Common Ground : International Perspectives of Community Land Trusts). <\/em>L&#8217;animatrice \u00e9tait Mariangela Veronesi, responsable de programme, Global Community-led Housing, World Habitat. <\/p>\n\n<p><strong>[Mariangela]<\/strong>  Bonjour \u00e0 tous et bienvenue au webinaire d&#8217;aujourd&#8217;hui. Je m&#8217;appelle Mariangela Veronesi et je suis responsable du programme Global Community-led Housing de World Habitat. Je vous remercie de vous joindre \u00e0 nous pour notre session sur les fiducies fonci\u00e8res communautaires dans les \u00e9tablissements informels, au cours de laquelle nous r\u00e9unirons des repr\u00e9sentants de trois projets exceptionnels qui ouvrent la voie \u00e0 la cr\u00e9ation de mod\u00e8les durables dirig\u00e9s par les populations dans certaines des r\u00e9gions du monde o\u00f9 ces mod\u00e8les peuvent avoir le plus d&#8217;impact. Pour ceux qui ne sont pas familiers avec le mod\u00e8le de fiducie fonci\u00e8re communautaire ou avec le contexte des quartiers informels, nous allons explorer et expliquer tout cela dans un instant. Mais avant d&#8217;entrer dans le vif du sujet, je voulais juste vous dire quelques mots sur qui nous sommes ici, \u00e0 World Habitat, et pourquoi nous tenons \u00e0 partager des histoires et des le\u00e7ons comme celles pr\u00e9sent\u00e9es ici.   <\/p>\n\n<p>World Habitat est une organisation caritative mondiale sp\u00e9cialis\u00e9e dans le logement. Nous sommes bas\u00e9s au Royaume-Uni, mais nous travaillons \u00e0 l&#8217;\u00e9chelle internationale et, en ce qui concerne le logement, nous soutenons, partageons et c\u00e9l\u00e9brons les id\u00e9es et les actions qui ont un impact extr\u00eamement positif sur les individus, les familles et les communaut\u00e9s. Dans le cadre de notre travail, nous disposons d&#8217;un programme sp\u00e9cifique consacr\u00e9 aux logements g\u00e9r\u00e9s par les communaut\u00e9s. Par logement communautaire, nous entendons un terme g\u00e9n\u00e9rique qui d\u00e9signe les logements organis\u00e9s et fournis par leurs r\u00e9sidents, notamment les fonds fonciers communautaires, les coop\u00e9ratives de logement, les projets d&#8217;auto-assistance, etc. Nous travaillons de diff\u00e9rentes mani\u00e8res, notamment par le renforcement des capacit\u00e9s et le d\u00e9veloppement de projets, mais aussi par une s\u00e9rie d&#8217;\u00e9changes de connaissances, y compris des opportunit\u00e9s d&#8217;apprentissage entre pairs, comme par exemple celle-ci. Dans ce domaine, nous n&#8217;agissons pas de mani\u00e8re isol\u00e9e. En fait, World Habitat est l&#8217;un des partenaires du r\u00e9seau CoHabitat, qui rassemble des organisations de logement g\u00e9r\u00e9es par les communaut\u00e9s et leurs alli\u00e9s du monde entier, qui \u0153uvrent pour garantir le logement gr\u00e2ce \u00e0 des solutions collectives et non sp\u00e9culatives g\u00e9r\u00e9es par les populations. Ce mois-ci, le r\u00e9seau CoHabitat a men\u00e9 une campagne dans le cadre de #UrbanOctober que vous pouvez suivre gr\u00e2ce au hashtag #CoHabitatNetwork o\u00f9 nous partageons des le\u00e7ons tir\u00e9es de projets, mais aussi des outils pertinents, des \u00e9v\u00e9nements et des moyens de se connecter autour du logement g\u00e9r\u00e9 par la communaut\u00e9.       <\/p>\n\n<p>A World Habitat, nous avons voulu profiter de l&#8217;occasion de #UrbanOctober pour rassembler les exp\u00e9riences de trois projets avec lesquels nous travaillons actuellement ou avec lesquels nous avons travaill\u00e9 dans le pass\u00e9 et qui nous semblent tout simplement incroyables. Nous pensons qu&#8217;ils ont beaucoup \u00e0 dire sur la fa\u00e7on dont les projets men\u00e9s par les r\u00e9sidents peuvent vraiment cr\u00e9er des solutions \u00e0 long terme pour les quartiers informels. Nous tweeterons en direct sur l&#8217;\u00e9v\u00e9nement \u00e0 #CoHabitatNetwork, alors n&#8217;h\u00e9sitez pas \u00e0 nous rejoindre, mais profitez aussi de notre fonction de chat, n&#8217;h\u00e9sitez pas \u00e0 dire bonjour et \u00e0 vous pr\u00e9senter, et n&#8217;h\u00e9sitez pas \u00e0 poser des questions. Bien, je pense que j&#8217;en ai assez dit, si ce n&#8217;est pour vous pr\u00e9senter Line, notre mod\u00e9ratrice pour aujourd&#8217;hui. Line Algoed est chercheuse \u00e0 Cosmopolis &#8211; le Centre de recherche urbaine \u00e0 Bruxelles et elle est \u00e9galement associ\u00e9e au Centre pour l&#8217;innovation CLT et co-\u00e9ditrice du livre <em>&#8216;On Common Ground : International Perspectives on the Community Land Trust&#8221;<\/em>, dont nous parlerons un peu plus tard. En fait, toutes les organisations participant \u00e0 ce webinaire ont la chance d&#8217;avoir travaill\u00e9 avec Line d&#8217;une mani\u00e8re ou d&#8217;une autre dans le pass\u00e9, puisqu&#8217;elle \u00e9tait une coll\u00e8gue ici \u00e0 World Habitat et qu&#8217;elle a \u00e9galement travaill\u00e9 \u00e0 l&#8217;organisation d&#8217;\u00e9changes entre pairs lorsqu&#8217;elle \u00e9tait \u00e0 Porto Rico avec le CLT Ca\u00f1o Mart\u00edn Pe\u00f1a, o\u00f9 elle a \u00e9galement rencontr\u00e9 les repr\u00e9sentants du Br\u00e9sil et du Bangladesh qui sont pr\u00e9sents ici aujourd&#8217;hui. Je vous laisse donc la parole, Line, et je vous remercie d&#8217;avoir anim\u00e9 cette session.     <\/p>\n\n<p><strong>[Line]<\/strong>  Nous sommes donc accompagn\u00e9s aujourd&#8217;hui par Mariolga Juli\u00e1 Pacheco, du Community Land Trust du quartier Ca\u00f1o Mart\u00edn Pe\u00f1a de San Juan, \u00e0 Porto Rico. Nous aurions \u00e9galement d\u00fb accueillir Don Jos\u00e9 Caraballo, un r\u00e9sident du Community Land Trust de San Juan, \u00e0 Porto Rico, mais il n&#8217;a malheureusement pas pu se joindre \u00e0 nous aujourd&#8217;hui. Mais le CLT, le Ca\u00f1o Mart\u00edn Pe\u00f1a Community Land Trust, a vraiment prouv\u00e9 depuis sa cr\u00e9ation il y a environ 15 ans qu&#8217;un CLT peut aider \u00e0 relever les nombreux d\u00e9fis auxquels les r\u00e9sidents vivant dans des conditions d&#8217;informalit\u00e9 sont confront\u00e9s aujourd&#8217;hui. Ainsi, le Ca\u00f1o Mart\u00edn Pe\u00f1a Community Land Trust a remport\u00e9 \u00e0 juste titre le World Habitat Awards en 2015, d\u00e9cern\u00e9 par UN-Habitat et World Habitat (l&#8217;organisateur du webinaire d&#8217;aujourd&#8217;hui), et l&#8217;obtention de ce prix a \u00e9galement acc\u00e9l\u00e9r\u00e9 l&#8217;attention internationale que les communaut\u00e9s de Ca\u00f1o recevaient pour leur travail. Je pense que c&#8217;est aussi la raison pour laquelle Catalytic Communities a pris contact avec le CLT de Ca\u00f1o, car Catalytic Communities travaille depuis des ann\u00e9es sur le potentiel des CLT dans les favelas de Rio de Janeiro pour garantir les droits fonciers et lutter contre l&#8217;embourgeoisement qui se produit \u00e0 un rythme tr\u00e8s rapide dans de nombreuses communaut\u00e9s au Br\u00e9sil. Catalytic Communities est aujourd&#8217;hui repr\u00e9sent\u00e9 dans ce webinaire par le Dr Theresa Williamson. D&#8217;autres organisations communautaires s&#8217;int\u00e9ressent \u00e9galement \u00e0 ce m\u00eame m\u00e9canisme qu&#8217;est le CLT, comme l&#8217;ONG Council of Minorities au Bangladesh, qui cherche \u00e0 appliquer les principes du CLT dans les camps de Bihari parlant l&#8217;ourdou afin de garantir les droits fonciers et d&#8217;aider les r\u00e9sidents \u00e0 officialiser ce camp de r\u00e9fugi\u00e9s. Les communaut\u00e9s Bihari du Bangladesh sont donc repr\u00e9sent\u00e9es aujourd&#8217;hui dans ce webinaire par Khalid Hussain et Rabeya Rahman. Comme l&#8217;a dit Mariangela, nous nous sommes tous retrouv\u00e9s lors d&#8217;un \u00e9change international entre pairs que nous avons organis\u00e9 \u00e0 San Juan, Porto Rico, l&#8217;ann\u00e9e derni\u00e8re, et c&#8217;est vraiment un plaisir de revoir tout le monde, m\u00eame si c&#8217;est maintenant derri\u00e8re l&#8217;\u00e9cran.        <\/p>\n\n<p>Avant de commencer ce webinaire, j&#8217;aimerais donc &#8211; et avant de pr\u00e9senter nos intervenants plus en d\u00e9tail &#8211; passer rapidement en revue quelques-uns des concepts cl\u00e9s dont nous allons discuter aujourd&#8217;hui, afin que nous sachions tous de quoi nous parlons.<\/p>\n\n<p>Tout d&#8217;abord, je pense qu&#8217;il est important de comprendre ce que nous entendons par &#8220;quartiers informels&#8221;, car c&#8217;est un terme qui est utilis\u00e9 tr\u00e8s souvent, mais je pense qu&#8217;il a besoin d&#8217;\u00eatre clarifi\u00e9 avant que nous commencions vraiment \u00e0 en parler. Par quartiers informels, nous entendons les quartiers o\u00f9 les habitants ont construit eux-m\u00eames leurs maisons dans des zones communes sur des terrains dont ils n&#8217;ont pas la propri\u00e9t\u00e9 l\u00e9gale et sur lesquels ils continuent de vivre aujourd&#8217;hui. Nombre de ces quartiers existent depuis plusieurs g\u00e9n\u00e9rations et se sont consolid\u00e9s au fil du temps, de sorte que le parc immobilier, les liens communautaires et le mode de vie se sont r\u00e9ellement \u00e9tablis, m\u00eame si la propri\u00e9t\u00e9 fonci\u00e8re des habitants est rest\u00e9e pr\u00e9caire. En d&#8217;autres termes, leur droit l\u00e9gal d&#8217;occuper les terrains situ\u00e9s sous leurs maisons est rest\u00e9 informel. La r\u00e9gularisation devient donc un objectif primordial dans ces zones et par r\u00e9gularisation, nous entendons le processus visant \u00e0 s\u00e9curiser l\u00e9galement l&#8217;occupation et l&#8217;utilisation des terres sur lesquelles les gens vivent.    <\/p>\n\n<p>J&#8217;esp\u00e8re que nous pouvons voir les diapositives que je viens de pr\u00e9parer &#8211; quelques diapositives pour clarifier ce dont nous parlons, parce que je voudrais aussi discuter rapidement de ce que nous entendons par &#8220;Community Land Trust&#8221;. C&#8217;est un autre de ces termes que nous utilisons si souvent. Oui, il y a d&#8217;autres diapositives. C&#8217;est tr\u00e8s bien. En quelques mots tr\u00e8s simples &#8211; en &#8220;arroz y habichuelas&#8221;, ou dans la langue du riz et des haricots comme on dit \u00e0 Porto Rico : la maison, dans un Community Land Trust, est la v\u00f4tre. Mais le terrain appartient \u00e0 tout le monde. Les terres ne peuvent donc pas \u00eatre vendues. Sur cette autre diapositive, nous voyons qu&#8217;en effet, dans un CLT, le fonctionnement est le suivant : les titres de propri\u00e9t\u00e9 de plusieurs parcelles de terre sont dispers\u00e9s dans une certaine zone et ces titres sont d\u00e9tenus par une seule soci\u00e9t\u00e9 \u00e0 but non lucratif : la fiducie. Il s&#8217;agit d&#8217;une organisation. Ces terrains ne sont jamais revendus. Ils sont d\u00e9finitivement retir\u00e9s du march\u00e9 et g\u00e9r\u00e9s au nom d&#8217;une communaut\u00e9 locale. Ainsi, le propri\u00e9taire foncier \u00e0 but non lucratif qu&#8217;est le Community Land Trust est ouvert \u00e0 toute personne vivant dans la zone de service de l&#8217;organisation. Le conseil d&#8217;administration de cette organisation est \u00e9lu par les membres et ce conseil repr\u00e9sente g\u00e9n\u00e9ralement trois groupes. Tout d&#8217;abord, les personnes vivant sur les terres du CLT : les d\u00e9tenteurs de baux fonciers. Le deuxi\u00e8me groupe est constitu\u00e9 des r\u00e9sidents de la zone de service du CLT qui ne vivent pas sur les terres du CLT mais qui ont un int\u00e9r\u00eat dans la zone. Enfin, le troisi\u00e8me groupe est constitu\u00e9 des personnes qui repr\u00e9sentent l&#8217;int\u00e9r\u00eat public.               <\/p>\n\n<p>Alors pourquoi les habitants des quartiers informels ont-ils commenc\u00e9 \u00e0 s&#8217;int\u00e9resser aux CLT ? Chacun de nos intervenants en parlera bien s\u00fbr plus en d\u00e9tail aujourd&#8217;hui, mais je voudrais simplement \u00e9num\u00e9rer quelques-uns de ces besoins et expliquer un peu plus pourquoi nous parlons du potentiel des CLT dans les quartiers informels. Les CLT peuvent contribuer \u00e0 garantir les droits fonciers &#8211; c&#8217;est ce dont nous parlons aujourd&#8217;hui &#8211; et cela a \u00e9t\u00e9 prouv\u00e9 par le Ca\u00f1o Community Land Trust. Ces droits fonciers peuvent rendre ces quartiers moins pr\u00e9caires et donc moins sujets aux expulsions forc\u00e9es par le pouvoir des gouvernements. Au fil du temps, certaines de ces terres peuvent \u00eatre devenues tr\u00e8s strat\u00e9giques, tr\u00e8s d\u00e9sirables pour les personnes qui veulent sp\u00e9culer sur les terres. C&#8217;est certainement le cas pour les terres des trois r\u00e9gions qui sont ici avec nous dans ce webinaire aujourd&#8217;hui. C&#8217;est le cas au Bangladesh, \u00e0 Porto Rico et au Br\u00e9sil. De nombreux habitants de ces r\u00e9gions ont refus\u00e9 les efforts du gouvernement visant \u00e0 accorder des titres fonciers individuels aux habitants vivant de mani\u00e8re informelle dans ces zones, car ils pensent que ces titres fonciers ne sont qu&#8217;un outil de plus pour ajouter leurs terres &#8211; leurs terres tr\u00e8s strat\u00e9giques &#8211; \u00e0 un march\u00e9 foncier tr\u00e8s hostile qui finira par d\u00e9placer les habitants \u00e0 faibles revenus. Ces habitants ont donc commenc\u00e9 \u00e0 chercher des m\u00e9canismes alternatifs. Pour conclure, je voudrais souligner que les CLT dans ces quartiers informels prennent une forme tr\u00e8s diff\u00e9rente de celle des CLT dans les villes aux \u00c9tats-Unis, par exemple, o\u00f9 l&#8217;on voit beaucoup de Community Land Trusts, ou au Royaume-Uni, ou en Europe &#8211; moins, mais cela commence vraiment \u00e0 se faire. Dans les quartiers \u00e9tablis de mani\u00e8re informelle, des logements existent d\u00e9j\u00e0 et les personnes qui vivent dans ces logements peuvent d\u00e9j\u00e0 avoir un certain sentiment de propri\u00e9t\u00e9 sur le terrain, simplement parce qu&#8217;elles y vivent depuis de nombreuses ann\u00e9es. Dans les villes du &#8220;Nord global&#8221;, comme nous le disons, la plupart des CLT construisent de nouveaux logements \u00e0 partir de z\u00e9ro et cr\u00e9ent ainsi de nouvelles communaut\u00e9s. Mais dans les endroits dont nous parlons aujourd&#8217;hui, ces communaut\u00e9s existent d\u00e9j\u00e0. Des liens \u00e9troits et une organisation solide de la communaut\u00e9 auront pr\u00e9c\u00e9d\u00e9 la cr\u00e9ation d&#8217;un CLT. Mais permettez-moi de m&#8217;arr\u00eater ici. Bien s\u00fbr, nous voulons entendre les personnes qui travaillent jour apr\u00e8s jour pour faire fonctionner ces CLT, ou les personnes qui travaillent \u00e0 la cr\u00e9ation de ces r\u00e9gimes fonciers selon les principes des CLT, c&#8217;est-\u00e0-dire des terres d\u00e9tenues en commun pour le bien commun de la communaut\u00e9 dans leurs quartiers. J&#8217;ai le plaisir de vous pr\u00e9senter aujourd&#8217;hui les intervenants de ce webinaire. J&#8217;esp\u00e8re que nous disposons \u00e9galement d&#8217;une diapositive. Excellent ! Nous accueillons aujourd&#8217;hui Khalid Hussain et Rabeya Rahman du Bangladesh. Khalid est le fondateur du Conseil des minorit\u00e9s, une ONG qui travaille avec la communaut\u00e9 bihari au Bangladesh et qui tente de garantir un certain nombre de droits dans les camps de r\u00e9fugi\u00e9s biharis, notamment en ce qui concerne les documents de citoyennet\u00e9, l&#8217;am\u00e9lioration et la r\u00e9gularisation de ces camps. Rabeya, l&#8217;architecte du projet de d\u00e9veloppement communautaire des camps de Bihari, est \u00e9galement parmi nous aujourd&#8217;hui.                     Depuis le Br\u00e9sil, nous recevons aujourd&#8217;hui le Dr Theresa Williamson, directrice de l&#8217;ONG Catalytic Communities, bas\u00e9e \u00e0 Rio. Cette organisation m\u00e8ne un effort collectif pour \u00e9tablir des Community Land Trusts dans diff\u00e9rentes communaut\u00e9s de favelas \u00e0 Rio de Janeiro, au Br\u00e9sil, afin de lutter contre les expulsions forc\u00e9es et les d\u00e9placements dus \u00e0 la gentrification qui se produit dans ces communaut\u00e9s. Enfin, depuis le Ca\u00f1o Mart\u00edn Pe\u00f1a Community Land Trust \u00e0 San Juan, Porto Rico, nous avons Mariolga, directrice de la participation communautaire au projet Enlace, une soci\u00e9t\u00e9 publique charg\u00e9e de mettre en \u0153uvre le plan de d\u00e9veloppement global de la communaut\u00e9. Voil\u00e0 nos intervenants. Je vous propose de commencer par la premi\u00e8re question. Je vais donner cinq minutes \u00e0 tout le monde et je suis vraiment d\u00e9sol\u00e9, je vais \u00eatre tr\u00e8s strict, sinon nous risquons de manquer de temps dans ce webinaire. Mais essayons d&#8217;abord de comprendre un peu mieux le contexte de ces lieux. Chacun d&#8217;entre vous peut-il expliquer les concepts du contexte dans lequel s&#8217;inscrit chaque projet ? J&#8217;aimerais commencer par le Ca\u00f1o Mart\u00edn Pe\u00f1a Community Land Trust. Mariolga &#8211; Pouvez-vous nous en dire un peu plus sur le contexte ?        <\/p>\n\n<p><strong>[Mariolga]<\/strong>  Je voudrais tout d&#8217;abord saluer tous ceux qui ont particip\u00e9 au webinaire. C&#8217;est formidable de rencontrer tout le monde autour de l&#8217;\u00e9cran. Nous sommes d&#8217;accord avec Line &#8211; nous pr\u00e9f\u00e9rerions nous voir face \u00e0 face, mais c&#8217;est la nouvelle r\u00e9alit\u00e9, et nous devons y faire face. En ce qui concerne le contexte du projet que les communaut\u00e9s ont construit au cours des 15 derni\u00e8res ann\u00e9es, la premi\u00e8re chose est que nous sommes huit communaut\u00e9s entourant un plan d&#8217;eau endommag\u00e9 appel\u00e9 Ca\u00f1o Mart\u00edn Pe\u00f1a, qui se trouve juste entre la ville, comme vous pouvez le voir sur cette image, et la zone touristique. Nous sommes voisins de l&#8217;a\u00e9roport international, du quartier financier de Porto Rico et de la baie de San Juan. Nous sommes le plus important plan d&#8217;eau de l&#8217;estuaire de la baie de San Juan de Porto Rico, de San Juan. Il s&#8217;agit donc d&#8217;un \u00e9l\u00e9ment tr\u00e8s important en termes d&#8217;\u00e9cologie et de changement climatique auquel nous sommes confront\u00e9s dans le monde entier, en particulier \u00e0 San Juan, car ces communaut\u00e9s ont \u00e9t\u00e9 construites sur la mangrove. Certaines d&#8217;entre elles ont plus de 100 ans, d&#8217;autres 80 ans, etc. Elles ont \u00e9t\u00e9 construites de mani\u00e8re informelle, comme vous l&#8217;avez pr\u00e9sent\u00e9 au d\u00e9but du webinaire. La plupart d&#8217;entre eux, sept d&#8217;entre eux, ont \u00e9t\u00e9 construits de mani\u00e8re informelle parce qu&#8217;il y a eu un processus de migration \u00e0 Porto Rico. Les gens sont venus des zones rurales vers la zone urbaine de San Juan \u00e0 la recherche de travail et de meilleures conditions de vie. Nos habitants ont donc une m\u00e9moire collective et une histoire des d\u00e9placements, car la plupart d&#8217;entre eux ont \u00e9t\u00e9 d\u00e9plac\u00e9s \u00e0 un moment de leur vie ou leurs parents ont \u00e9t\u00e9 d\u00e9plac\u00e9s d&#8217;autres communaut\u00e9s qui ont \u00e9galement \u00e9t\u00e9 construites de mani\u00e8re informelle \u00e0 San Juan. Ainsi, lorsque le processus de planification du dragage et des diff\u00e9rentes infrastructures n\u00e9cessaires a \u00e9t\u00e9 lanc\u00e9 en 2001, la communaut\u00e9 a commenc\u00e9 \u00e0 poser une question cl\u00e9 : pour qui le dragage va-t-il \u00eatre effectu\u00e9 ? Parce que nous sommes voisins du quartier financier, nous nous trouvons dans une zone privil\u00e9gi\u00e9e de San Juan. Nous risquons donc fort de dispara\u00eetre un jour ou l&#8217;autre. Ils ont donc commenc\u00e9 \u00e0 se poser la question : comment pouvons-nous nous prot\u00e9ger ? et c&#8217;est \u00e0 ce moment-l\u00e0 que le processus de planification s&#8217;est orient\u00e9 vers l&#8217;examen de la situation des terres. D&#8217;autant plus que la plupart des terres appartenaient au gouvernement. La plupart des terres. Il y avait vraiment <wpcodeself wptype=\"\"> trois ou quatre parcelles priv\u00e9es, de grandes parcelles. Les gens ont donc commenc\u00e9 \u00e0 dire : &#8221; Oh oui, quand le dragage sera termin\u00e9, nous dispara\u00eetrons. Comment pouvons-nous les prot\u00e9ger ? Et ils ont commenc\u00e9 \u00e0 chercher des options pour prot\u00e9ger la communaut\u00e9 dans les ann\u00e9es \u00e0 venir apr\u00e8s le dragage. C&#8217;est ainsi que le CLT a vu le jour. J&#8217;ai vu John Davis parmi les participants. Merci pour votre aide tout au long de ces 18 ann\u00e9es d&#8217;histoire. Vous avez \u00e9t\u00e9 un acteur cl\u00e9 ici \u00e0 Porto Rico. J&#8217;aimerais vous rencontrer un jour et vous savez que le CLT est devenu un \u00e9l\u00e9ment du processus. Cela n&#8217;a jamais \u00e9t\u00e9 une fin en soi. C&#8217;\u00e9tait le r\u00e9sultat du processus d&#8217;organisation de la communaut\u00e9 et de la d\u00e9fense de la communaut\u00e9 pour les g\u00e9n\u00e9rations futures. Ainsi, dans le cadre de ce processus de planification, de planification participative, ils ont commenc\u00e9 \u00e0 \u00e9valuer &#8211; les gens \u00e0 cette \u00e9poque ont commenc\u00e9 \u00e0 \u00e9valuer diff\u00e9rentes alternatives.                              Ils ont \u00e9valu\u00e9 le titre priv\u00e9, le mod\u00e8le coop\u00e9ratif et le mod\u00e8le CLT introduit par les \u00c9tats-Unis. Un \u00e9l\u00e9ment int\u00e9ressant que nous avons en tant que CLT, et qui pourrait \u00eatre unique pour nous, est notre relation coloniale avec les \u00c9tats-Unis. Nous sommes actuellement une colonie, et ce depuis 1492. D&#8217;abord par l&#8217;Espagne, maintenant par les \u00c9tats-Unis. C&#8217;est donc un aspect tr\u00e8s int\u00e9ressant, car nous avons pris le mod\u00e8le CLT am\u00e9ricain et l&#8217;avons appliqu\u00e9 \u00e0 notre contexte. Mais comme nous sommes r\u00e9gis par le Code civil espagnol, nous appliquons les actes relatifs aux taux de surface &#8211; et c&#8217;est une diff\u00e9rence entre nos CLT et ceux des \u00c9tats-Unis, parce qu&#8217;ils utilisent les accords de bail foncier. Peut-\u00eatre que lors de mon prochain expos\u00e9, nous pourrons approfondir ce concept d&#8217;actes de surface. Mais c&#8217;est le r\u00e9sultat direct de notre situation coloniale.       <\/wpcodeself><\/p>\n\n<p><strong>[Line]<\/strong>  Merci beaucoup Mariolga, c&#8217;\u00e9tait formidable. Deuxi\u00e8mement, Theresa de Rio, pourriez-vous nous en dire un peu plus sur le contexte dans lequel vous cr\u00e9ez ces CLT ? <\/p>\n\n<p><strong>[Theresa]<\/strong>  Absolument. Nous avons \u00e9t\u00e9 inspir\u00e9s par ces projets, en particulier par le Ca\u00f1o, que vous avez mentionn\u00e9 d\u00e8s le d\u00e9but. Et dans le public, c&#8217;est un plaisir de savoir que John est ici. Il a \u00e9galement jou\u00e9 un r\u00f4le d\u00e9terminant dans notre travail. Il est \u00e9tonnant de constater que le travail du CLT ne concerne pas seulement des communaut\u00e9s individuelles qui s&#8217;organisent collectivement, mais un mouvement plus large qui nous apporte une \u00e9nergie collective dans les quartiers du monde entier. Je vais vous pr\u00e9senter quelques diapositives. \u00c9tant donn\u00e9 que cette toute premi\u00e8re section porte sur le contexte, je vais me concentrer moins sur les CLT dans cette premi\u00e8re s\u00e9rie de diapositives et davantage sur Rio, afin que tout le monde ait une id\u00e9e claire du contexte dans lequel nous travaillons. En fait, cette photo &#8211; que World Habitat a publi\u00e9e sur son Facebook pour cet \u00e9v\u00e9nement &#8211; a \u00e9t\u00e9 prise \u00e0 Trapicheiros, l&#8217;une des communaut\u00e9s de Rio qui a travaill\u00e9 \u00e0 la mise en place d&#8217;un CLT pilote. Le contexte de Rio : comme nous le savons, les favelas sont omnipr\u00e9sentes dans la ville. Vous pouvez voir cette image au milieu. Les favelas sont omnipr\u00e9sentes dans le tissu urbain. Lorsque les gens pensent \u00e0 Rio, ils pensent aux images touristiques. Mais dans les favelas, la vie communautaire est tr\u00e8s forte. Encore une fois, lorsque les gens pensent \u00e0 Rio, ils pensent au tourisme, aux vues, au carnaval. Mais ils ne pensent pas \u00e0 l&#8217;histoire de la ville, qui s&#8217;est construite sur l&#8217;esclavage. Et c&#8217;est absolument essentiel pour comprendre le contexte des favelas de Rio aujourd&#8217;hui, car Rio a \u00e9t\u00e9 le plus grand port d&#8217;esclaves de l&#8217;histoire. Une seule ville &#8211; Rio &#8211; a accueilli cinq fois plus d&#8217;Africains r\u00e9duits en esclavage que l&#8217;ensemble des \u00c9tats-Unis. Et l&#8217;esclavage a dur\u00e9 60 % plus longtemps au Br\u00e9sil qu&#8217;aux \u00c9tats-Unis. Nous nous trouvons donc dans un contexte marqu\u00e9 par cette histoire. Mais cette histoire est rarement \u00e9voqu\u00e9e ou r\u00e9ellement abord\u00e9e lorsqu&#8217;il s&#8217;agit de r\u00e9fl\u00e9chir \u00e0 l&#8217;h\u00e9ritage qu&#8217;elle a laiss\u00e9, notamment dans les favelas. Rio \u00e9tait la capitale du Br\u00e9sil dans les ann\u00e9es 1890, peu apr\u00e8s l&#8217;abolition. La toute premi\u00e8re favela a \u00e9t\u00e9 cr\u00e9\u00e9e \u00e0 cette \u00e9poque, dans les ann\u00e9es 1890. Elle est aujourd&#8217;hui connue sous le nom de Provid\u00eancia, mais elle s&#8217;appelait alors Favela Hill. Le mot favela n&#8217;a pas de traduction directe en anglais et, \u00e9tymologiquement, il trouve son origine dans cette plante que vous voyez ici en bas \u00e0 gauche. Lorsque les soldats participaient \u00e0 une bataille, ils se trouvaient dans le nord-est du Br\u00e9sil, o\u00f9 cette plante \u00e9tait r\u00e9pandue sur les collines, et ils venaient \u00e0 Rio pour \u00eatre pay\u00e9s pour leur service. Nombre d&#8217;entre eux \u00e9taient d&#8217;anciens esclaves qui avaient \u00e9t\u00e9 lib\u00e9r\u00e9s lors de l&#8217;abolition dix ans plus t\u00f4t. Ils sont venus \u00e0 Rio pour \u00eatre pay\u00e9s &#8211; ils \u00e9taient cens\u00e9s obtenir des terres ou un logement. Ils n&#8217;en ont pas eu. Ils se sont install\u00e9s sur la colline. Ils l&#8217;ont appel\u00e9e Favela Hill et c&#8217;est ainsi que le terme &#8220;favela&#8221; a commenc\u00e9 \u00e0 \u00eatre appliqu\u00e9 au logement. Aujourd&#8217;hui, 120 \u00e0 130 ans plus tard, les cycles de n\u00e9gligence et de r\u00e9pression caract\u00e9risent la politique men\u00e9e \u00e0 l&#8217;\u00e9gard des favelas.                               Vous pouvez voir sur les cartes raciales de la ville la relation tr\u00e8s forte entre la race et la localisation, et plus particuli\u00e8rement en termes de zones formelles et informelles \u00e0 travers la ville, ce qui conduit \u00e0 une situation o\u00f9 pr\u00e8s de 24 % de la population de la ville vit dans ces communaut\u00e9s et la plupart d&#8217;entre elles sont des communaut\u00e9s \u00e9tablies depuis des g\u00e9n\u00e9rations &#8211; il ne s&#8217;agit pas de nouveaux bidonvilles ou de communaut\u00e9s de squatters. Il s&#8217;agit de quartiers bien \u00e9tablis. Vous pouvez voir ici que le parc immobilier est constitu\u00e9 d&#8217;unit\u00e9s de briques, de b\u00e9ton, d&#8217;acier renforc\u00e9 et de plusieurs \u00e9tages. Souvent, les logements publics se trouvent dans les m\u00eames paysages que les favelas. Je vais vous montrer quelques photos qui illustrent la diversit\u00e9 de ces communaut\u00e9s, la diversit\u00e9 des investissements au cours de leur histoire, ainsi que les p\u00e9riodes o\u00f9 le gouvernement a investi davantage dans ces communaut\u00e9s par rapport aux communaut\u00e9s qui ont b\u00e9n\u00e9fici\u00e9 de moins d&#8217;investissements de la part du gouvernement. Vous savez, la qualit\u00e9 al\u00e9atoire de la prestation des services publics, parfois l&#8217;absence de prestation de services publics, parfois les communaut\u00e9s doivent improviser&#8230; mais en fin de compte, ces communaut\u00e9s sont tr\u00e8s robustes, diversifi\u00e9es et dynamiques \u00e0 bien des \u00e9gards, avec des r\u00e9seaux de solidarit\u00e9 et une production culturelle tr\u00e8s solides, etc. Voil\u00e0 ce que je voulais dire dans cette introduction, puis dans la prochaine partie, je parlerai plus pr\u00e9cis\u00e9ment de la mani\u00e8re dont les CLT sont entr\u00e9s dans notre travail en relation avec ces communaut\u00e9s.      <\/p>\n\n<p><strong>[Line]<\/strong>  Merci beaucoup Theresa, c&#8217;\u00e9tait tr\u00e8s int\u00e9ressant. Merci \u00e9galement pour les magnifiques diapositives. J&#8217;aimerais passer au Bangladesh, au Conseil des minorit\u00e9s. Pouvez-vous nous en dire un peu plus sur le contexte de votre projet ?   <\/p>\n\n<p><strong>[Khalid]<\/strong>  Bien s\u00fbr, merci Line. Je voudrais tout d&#8217;abord vous parler du contexte de la communaut\u00e9, de son histoire. Les Biharis ont \u00e9migr\u00e9 de l&#8217;Inde, de diff\u00e9rents \u00c9tats de l&#8217;Inde comme le Bihar, l&#8217;Uttar Pradesh et le Bengale occidental. Lorsque l&#8217;Inde et le Pakistan ont \u00e9t\u00e9 divis\u00e9s, en 1947, ils ont migr\u00e9 vers le Pakistan oriental (aujourd&#8217;hui le Bangladesh). Mais en l&#8217;espace de 24 ans, le Pakistan a \u00e9t\u00e9 divis\u00e9 en deux. Au Bangladesh, une partie de la communaut\u00e9 ourdouphone s&#8217;est oppos\u00e9e \u00e0 la cr\u00e9ation du pays. Ils ont donc perdu leurs biens, leurs maisons et toutes ces choses. La communaut\u00e9 internationale, par l&#8217;interm\u00e9diaire de la Croix-Rouge, s&#8217;est alors r\u00e9unie et a construit 116 camps dans tout le Bangladesh. Ainsi, depuis 1972, les gens vivent toujours dans des camps de r\u00e9fugi\u00e9s. C&#8217;est comme un camp de r\u00e9fugi\u00e9s et la situation du camp est tr\u00e8s mauvaise. Les gens vivent dans des maisons de 2 \u00e0 3 m\u00e8tres. Et huit \u00e0 dix personnes vivent ensemble. Il n&#8217;y a pas d&#8217;intimit\u00e9 entre les membres de la famille, il n&#8217;y a pas d&#8217;espace pour cuisiner, se laver ou quoi que ce soit d&#8217;autre. Ils doivent utiliser les toilettes communautaires \u00e0 l&#8217;ext\u00e9rieur, dans le camp. Voil\u00e0 donc l&#8217;histoire de leur apatridie : juste apr\u00e8s le <wpcodeself wptype=\"\" wpml_attr_0=\"\"> Bangladesh, cette communaut\u00e9 a perdu sa citoyennet\u00e9 et est devenue apatride. Ensuite, lorsque nous grandissons dans les camps &#8211; je suis n\u00e9e dans le camp de Gen\u00e8ve &#8211; lorsque nous grandissons dans le camp de Gen\u00e8ve, nous r\u00e9alisons : quelle est notre identit\u00e9 ? \u00e0 quel pays appartenons-nous ? Et la vie en camp n&#8217;est pas une solution permanente. Ensuite, nous nous sommes adress\u00e9s \u00e0 la Haute Cour et nous avons intent\u00e9 une action en justice devant la Haute Cour en affirmant que nous \u00e9tions des citoyens bangladais de naissance. La premi\u00e8re fois, en 2003, la Cour a d\u00e9clar\u00e9 que les Biharis \u00e9taient des citoyens bangladais. Puis, en 2008, nous avons d\u00e9pos\u00e9 un autre litige et nous avons affirm\u00e9 que ceux qui vivent dans les 116 camps sont des citoyens bangladais. Ils doivent inscrire leur nom sur les listes \u00e9lectorales et fournir leur carte d&#8217;identit\u00e9 nationale. En 2008, nous avons donc tous re\u00e7u la nationalit\u00e9 et la carte d&#8217;identit\u00e9 nationale. Mais les conditions de vie et les droits fondamentaux n&#8217;ont pas chang\u00e9. Alors pourquoi aborder ce projet dans le camp ? Le gouvernement s&#8217;est rel\u00e2ch\u00e9, les Biharis n&#8217;ont aucune intention de construire leurs maisons ou quoi que ce soit d&#8217;autre. Ils souffrent donc de ces conditions inhumaines dans le camp. Maintenant que la population a augment\u00e9 dans le camp, les gens construisent leurs propres b\u00e2timents et structures, ce qui est vraiment tr\u00e8s dangereux. Dans le camp, vous pouvez voir &#8211; c&#8217;est un tr\u00e8s petit camp ici &#8211; pr\u00e8s de cinq mille huit cents familles qui vivent. Environ cinq mille huit cents familles vivent dans ce camp. Et pr\u00e8s de trente mille personnes vivent dans ce camp. Vous pouvez donc constater que les structures du camp sont tr\u00e8s peu s\u00fbres. Chaque fois qu&#8217;il y a un tremblement de terre ou quoi que ce soit d&#8217;autre, c&#8217;est la catastrophe. Mais il n&#8217;y a aucun moyen pour la communaut\u00e9, parce que les membres de leur famille vont se retrouver en position de force. Nous essayons donc de lancer le CLT et de travailler \u00e0 l&#8217;am\u00e9lioration de la situation des Biharis en mati\u00e8re de logement.                                   Nous avons donc lanc\u00e9 ce projet et nous avons r\u00e9alis\u00e9 que nous devions d&#8217;abord discuter avec les membres de la communaut\u00e9, car ce projet de logement leur est destin\u00e9. Qu&#8217;est-ce qui est le plus important pour les Biharis ? Nous sommes confront\u00e9s \u00e0 de nombreuses discriminations dans tous les domaines de notre vie, notamment en ce qui concerne les documents d&#8217;\u00e9tat civil. Lorsque les Biharis veulent obtenir des papiers d&#8217;\u00e9tat civil, ils doivent faire face \u00e0 de nombreuses discriminations. Les fonctionnaires disent que vous n&#8217;avez pas de documents de propri\u00e9t\u00e9, que vous n&#8217;avez pas d&#8217;adresse permanente. Les Biharis vivent donc dans des camps, qui ne sont pas des adresses permanentes. Ils sont donc victimes de discrimination pour obtenir des papiers d&#8217;\u00e9tat civil, ce qui est tr\u00e8s important au Bangladesh \u00e0 l&#8217;heure actuelle. Le logement et la r\u00e9habilitation sont donc essentiels. Nous sommes conscients que la seule solution, la r\u00e9habilitation, est la seule solution pour les Biharis. Que font-ils donc ici ? Les habitants du camp investissent leur propre argent et essaient de construire leurs propres b\u00e2timents, dont les structures ne sont pas s\u00fbres. Le gouvernement essaie toujours d&#8217;expulser les membres de la communaut\u00e9. Ils ont presque expuls\u00e9 six camps \u00e0 Mirpur et les gens vivent maintenant \u00e0 ciel ouvert. Il n&#8217;y a pas de place pour le camp. Une chose est importante : vous savez, les Biharis n&#8217;ont que le camp pour espace et pour abri. Si le camp est expuls\u00e9, ils n&#8217;ont plus d&#8217;espace, ou ils n&#8217;ont aucun moyen de sortir. Il s&#8217;agit donc d&#8217;un projet tr\u00e8s important pour la communaut\u00e9 de langue ourdou, car elle vit ici depuis pr\u00e8s de 48 ans et la g\u00e9n\u00e9ration plus \u00e2g\u00e9e aime vivre ici, mais elle souhaite une meilleure situation en mati\u00e8re de logement. Nous voulons donc apporter des changements structurels dans ce camp et nous essaierons de suivre le mod\u00e8le CLT pour les Biharis. Je vous remercie de votre attention.                  <\/wpcodeself><\/p>\n\n<p><strong>[Line]<\/strong>  Merci beaucoup Khalid, c&#8217;\u00e9tait tr\u00e8s clair, tr\u00e8s int\u00e9ressant et je pense qu&#8217;il est vraiment int\u00e9ressant de voir comment vous avez tous exprim\u00e9 des contextes tr\u00e8s diff\u00e9rents, mais il y a n\u00e9anmoins beaucoup de d\u00e9fis similaires auxquels vous \u00eates tous confront\u00e9s. Ces d\u00e9fis sont souvent li\u00e9s \u00e0 l&#8217;absence ou \u00e0 l&#8217;insuffisance des efforts d\u00e9ploy\u00e9s par les gouvernements pour am\u00e9liorer les conditions de vie dans ces quartiers. C&#8217;est pourquoi je pense qu&#8217;il est tr\u00e8s important que des webinaires comme celui-ci permettent aux participants de partager des strat\u00e9gies sur la mani\u00e8re dont ils s&#8217;attaquent \u00e0 ce probl\u00e8me. Je vous propose donc de passer \u00e0 un autre sujet qui porterait davantage sur les raisons pour lesquelles un CLT est ou pourrait \u00eatre la bonne r\u00e9ponse aux probl\u00e8mes locaux sp\u00e9cifiques qui se posent dans vos villes. Il s&#8217;agit donc de questions locales et des raisons pour lesquelles vous pensez que le CLT pourrait aider \u00e0 r\u00e9soudre ces probl\u00e8mes. J&#8217;aimerais donc commencer par Theresa et voir pourquoi les CLT pourraient en effet aider \u00e0 relever les diff\u00e9rents d\u00e9fis qui se posent dans les favelas de Rio. Theresa ?      <\/p>\n\n<p><strong>[Theresa]<\/strong>  Oui, je vous remercie. J&#8217;ai donc pr\u00e9sent\u00e9 un peu la formation des favelas et leur importance dans la ville de Rio. Elles repr\u00e9sentent pr\u00e8s d&#8217;un quart des logements. Elles constituent le parc de logements abordables de la ville et la plupart des habitants des favelas, la grande majorit\u00e9, veulent y rester. Ils veulent voir leur communaut\u00e9 s&#8217;am\u00e9liorer et n&#8217;ont aucune envie d&#8217;\u00eatre relog\u00e9s dans des logements sociaux. Et souvent, m\u00eame lorsque leur vie s&#8217;am\u00e9liore sur le plan \u00e9conomique, ils restent et investissent dans leur communaut\u00e9. C&#8217;est dans cet esprit que nous nous sommes demand\u00e9s pourquoi un CLT ? Pendant la p\u00e9riode pr\u00e9c\u00e9dant les Jeux olympiques &#8211; je pense que la plupart des personnes ici pr\u00e9sentes savent que Rio a accueilli les Jeux olympiques de 2016 &#8211; nous avons vu une s\u00e9rie de probl\u00e8mes surgir autour des lois sur le droit au logement et les favelas. Vous pouvez voir ici une s\u00e9rie d&#8217;images concernant sp\u00e9cifiquement la favela Vila Aut\u00f3dromo. En haut \u00e0 gauche, vous voyez la communaut\u00e9 telle qu&#8217;elle \u00e9tait avant les jeux &#8211; il s&#8217;agissait d&#8217;un quartier vieux de 40 ans avec des titres de concession d&#8217;utilisation du gouvernement de l&#8217;\u00c9tat. Les habitants avaient donc le droit de rester l\u00e0, de rester sur le terrain. La deuxi\u00e8me image est celle d&#8217;une journ\u00e9e o\u00f9 la police a attaqu\u00e9 les habitants de la communaut\u00e9 alors qu&#8217;elle tentait de les expulser. La troisi\u00e8me est une image de Maria da Penha, qui est active dans le groupe de travail CLT ici \u00e0 Rio, et qui est l&#8217;une des r\u00e9sidentes qui s&#8217;est battue jusqu&#8217;au bout et qui a pu rester. Et sur une communaut\u00e9 de 700 maisons, 20 familles ont pu rester \u00e0 la fin. Sur l&#8217;image que vous voyez en bas \u00e0 droite, vous voyez ces petites unit\u00e9s qui ont \u00e9t\u00e9 produites par le gouvernement et qui sont en fait pour la plupart plus petites que ce qu&#8217;elles avaient auparavant. Au cours des ann\u00e9es qui ont pr\u00e9c\u00e9d\u00e9 les Jeux olympiques, les habitants des favelas ont \u00e9t\u00e9 expuls\u00e9s des quartiers centraux de l&#8217;est de la ville vers des quartiers \u00e9loign\u00e9s de l&#8217;ouest. Le centre de la ville se trouve donc en r\u00e9alit\u00e9 \u00e0 l&#8217;est. Maria da Penha, dont je viens de montrer l&#8217;image, a d\u00e9clar\u00e9 r\u00e9cemment ou l&#8217;ann\u00e9e derni\u00e8re lors d&#8217;une r\u00e9union du groupe de travail CLT : &#8220;Les titres ne garantissent pas que nous puissions rester sur nos terres. En effet, j&#8217;avais deux concessions d&#8217;utilisation de l&#8217;\u00c9tat, et pour pouvoir rester, je suis pratiquement morte&#8221;. Alors que nous assistions \u00e0 des expulsions forc\u00e9es par l&#8217;\u00c9tat, voici une image d&#8217;une vid\u00e9o montrant une femme d&#8217;une favela situ\u00e9e dans un quartier central et touristique de la ville, qui d\u00e9clare ne pas vouloir de titre de propri\u00e9t\u00e9 pour sa maison. Pourquoi ne veut-elle pas de titre de propri\u00e9t\u00e9 ? Parce que sa communaut\u00e9 se trouve dans une zone cibl\u00e9e par les sp\u00e9culateurs immobiliers. Il s&#8217;agit d&#8217;une image du journal Financial Times qui tente de promouvoir la vente de maisons dans les favelas de Rio \u00e0 des investisseurs internationaux. \u00c0 l&#8217;\u00e9poque, c&#8217;est l\u00e0 que nous avons commenc\u00e9 \u00e0 travailler sur les CLT : nous avons collabor\u00e9 avec les dirigeants de la communaut\u00e9 de la favela Vidigal, qui \u00e9tait la plus touch\u00e9e par la gentrification et la sp\u00e9culation immobili\u00e8re, afin d&#8217;organiser une s\u00e9rie d&#8217;ateliers pour comprendre ce qu&#8217;est la gentrification. En effet, si vous viviez dans une favela, vous n&#8217;\u00e9tiez pas habitu\u00e9 \u00e0 l&#8217;id\u00e9e que des gens veuillent venir s&#8217;installer chez vous et acheter vos maisons, et que pouvons-nous faire ? Et lorsque nous avons d\u00e9battu de la mani\u00e8re de prot\u00e9ger les communaut\u00e9s, de la protection maximale que les r\u00e9sidents pourraient obtenir, c&#8217;est l\u00e0 que le mod\u00e8le CLT est apparu dans la conversation et que nous avons commenc\u00e9 \u00e0 y r\u00e9fl\u00e9chir.                         Mais nous ne connaissions pas l&#8217;exemple de Porto Rico &#8211; nous ne connaissions que des exemples nord-am\u00e9ricains, et nous avons commenc\u00e9 \u00e0 r\u00e9fl\u00e9chir en ces termes, mais cela nous a sembl\u00e9 \u00eatre une chim\u00e8re. Cela nous paraissait tr\u00e8s lointain. En effet, la r\u00e9alit\u00e9 des CLT aux \u00c9tats-Unis et en Europe est tr\u00e8s diff\u00e9rente de celle d&#8217;une communaut\u00e9 d\u00e9j\u00e0 existante qui d\u00e9cide : &#8220;Nous allons obtenir des titres de propri\u00e9t\u00e9, mais nous allons enlever le terrain et le s\u00e9parer pour obtenir un titre de propri\u00e9t\u00e9 collectif&#8221;. Quoi qu&#8217;il en soit, dans le cadre de ce processus, nous avons eu une s\u00e9rie de d\u00e9bats avec les r\u00e9sidents, ou les r\u00e9sidents ont eu une s\u00e9rie de d\u00e9bats que nous avons aid\u00e9 \u00e0 organiser. Voici un exemple de l&#8217;un d&#8217;entre eux. C&#8217;est dans ce contexte que les id\u00e9es autour des CLT ont vraiment fleuri. Ce n&#8217;est qu&#8217;un an plus tard &#8211; heureusement lorsque World Habitat a d\u00e9cern\u00e9 le prix \u00e0 Porto Rico &#8211; que nous avons appris l&#8217;existence du Ca\u00f1o Mart\u00edn Pe\u00f1a, que nous avons commenc\u00e9 \u00e0 l&#8217;\u00e9tudier et que nous avons publi\u00e9 un article \u00e0 son sujet. Nous les avons interrog\u00e9s sur le mod\u00e8le et sur ce qu&#8217;ils avaient fait \u00e0 Porto Rico, puis depuis lors &#8211; et j&#8217;en parlerai dans la section suivante &#8211; sur ce que nous faisons en tant que groupe de travail CLT \u00e0 Rio. Mais ce que nous avons identifi\u00e9, c&#8217;est que les Community Land Trusts des favelas, par opposition aux titres de propri\u00e9t\u00e9 individuels, r\u00e9pondent tout d&#8217;abord \u00e0 la principale pr\u00e9occupation des r\u00e9sidents, \u00e0 savoir la permanence, la capacit\u00e9 \u00e0 rester. Ils ne veulent pas n\u00e9cessairement vendre, ce n&#8217;est pas pour cela qu&#8217;ils veulent un logement, ce n&#8217;est pas pour cela qu&#8217;ils veulent des titres de propri\u00e9t\u00e9. Cela permet \u00e9galement de maintenir les actifs communautaires d\u00e9velopp\u00e9s gr\u00e2ce \u00e0 l&#8217;informalit\u00e9, car l&#8217;informalit\u00e9 n&#8217;est pas si mauvaise que cela. Elle permet en fait un certain nombre de d\u00e9veloppements positifs autour de la solidarit\u00e9, de l&#8217;entraide, de l&#8217;architecture flexible, et elle maintient ce qui est devenu de <em>facto<\/em> ces stocks de logements abordables. Ainsi, si un quart de la ville est d\u00e9j\u00e0 constitu\u00e9 de logements abordables, cela vous permet de maintenir ces logements abordables. Enfin, non seulement il permet, mais il encourage les favelas \u00e0 continuer \u00e0 s&#8217;auto-organiser plut\u00f4t que d&#8217;atomiser la nature collective de ces communaut\u00e9s par une orientation individualis\u00e9e qui va de pair avec des titres individuels.            <\/p>\n\n<p><strong>[Line]<\/strong>  Merci beaucoup Theresa, c&#8217;\u00e9tait tr\u00e8s clair. J&#8217;aimerais passer au Conseil des minorit\u00e9s du Bangladesh : pourquoi un CLT pourrait-il constituer pour vous une r\u00e9ponse ad\u00e9quate \u00e0 vos probl\u00e8mes locaux sp\u00e9cifiques ? <\/p>\n\n<p><strong>[Rabeya]<\/strong>  Merci Line. Bonjour \u00e0 tous. Je pense qu&#8217;avant d&#8217;expliquer pourquoi, j&#8217;aimerais vous dire un peu comment nous en sommes arriv\u00e9s \u00e0 nous lancer dans le CLT. Au tout d\u00e9but de notre projet, nous nous sommes inspir\u00e9s du projet pilote Orangi \u00e0 Karachi, en particulier parce qu&#8217;il \u00e9tait financ\u00e9 et g\u00e9r\u00e9 par la communaut\u00e9, et que c&#8217;est gr\u00e2ce \u00e0 cela que le gouvernement leur a ensuite accord\u00e9 le titre de propri\u00e9t\u00e9 priv\u00e9. Nous avons \u00e9galement pens\u00e9 qu&#8217;il s&#8217;agissait d&#8217;un projet auquel notre communaut\u00e9 bihari pouvait s&#8217;identifier, car de nombreux membres de leur famille vivent encore aujourd&#8217;hui dans la ville d&#8217;Orangi, et nous avons pens\u00e9 que ce projet les inspirerait et les motiverait \u00e0 faire quelque chose de similaire avec leur propre communaut\u00e9. Nous avons donc voulu montrer quelques photos de la ville d&#8217;Orangi &#8211; la photo d&#8217;avant est en haut \u00e0 droite, et celle du bas est celle que nous voyons aujourd&#8217;hui. Vous pouvez voir la communaut\u00e9 participer \u00e0 la construction, \u00e0 la cartographie et \u00e0 la prise de d\u00e9cision. C&#8217;est ainsi que nous avons commenc\u00e9. Nous avons r\u00e9alis\u00e9 que le prix des terrains \u00e0 Dhaka avait augment\u00e9 au fil des ans en raison de l&#8217;urbanisation rapide. Il y a donc une forte demande pour que le secteur priv\u00e9 et formel investisse et d\u00e9veloppe des terrains. Et comme le camp de Gen\u00e8ve est situ\u00e9 sur un terrain de grande valeur, nous avons r\u00e9alis\u00e9 que sans une vision bien \u00e9labor\u00e9e pour des initiatives appropri\u00e9es de partage des terres, ces communaut\u00e9s pourraient, au fil du temps, soit \u00eatre expuls\u00e9es, soit subir le processus d&#8217;embourgeoisement. Elles risquent donc de perdre leur propri\u00e9t\u00e9 et leur maison. Et pour la communaut\u00e9, au vu de toutes ces circonstances, nous avons estim\u00e9 qu&#8217;un titre de propri\u00e9t\u00e9 communal serait le mieux \u00e0 m\u00eame de servir les r\u00e9sidents et c&#8217;est ainsi que nous sommes arriv\u00e9s au mod\u00e8le CLT. Premi\u00e8rement, il r\u00e9soudra les probl\u00e8mes de titres fonciers et \u00e9vitera ainsi le d\u00e9placement involontaire des habitants, et donc la sp\u00e9culation. Deuxi\u00e8mement, il permettra d&#8217;acqu\u00e9rir et d&#8217;entretenir les propri\u00e9t\u00e9s au profit des communaut\u00e9s pour les ann\u00e9es \u00e0 venir, ce qui maintiendra la coh\u00e9sion des communaut\u00e9s et garantira des logements abordables pour ces communaut\u00e9s &#8211; contrairement aux titres de propri\u00e9t\u00e9 priv\u00e9s o\u00f9 les habitants ont la possibilit\u00e9 de vendre et de partir, ce qui entra\u00eene la dissolution des communaut\u00e9s. Enfin, et c&#8217;est le plus important, le CLT permettra aux communaut\u00e9s de prendre le contr\u00f4le et de disposer d&#8217;un pouvoir de d\u00e9cision qui les aidera \u00e0 travailler avec le gouvernement et d&#8217;autres professionnels techniques de mani\u00e8re participative, et donc \u00e0 travailler ensemble pour pr\u00e9server leur communaut\u00e9 et se d\u00e9velopper. Nous avons donc pens\u00e9 que ce CLT serait une bonne option \u00e0 tester pour cette communaut\u00e9.                <\/p>\n\n<p><strong>[Line]<\/strong>  Merci beaucoup Rabeya, c&#8217;est tr\u00e8s clair. Enfin, le Ca\u00f1o Mart\u00edn Pe\u00f1a \u00e0 Porto Rico, pourriez-vous nous en dire un peu plus, Mariolga, sur les probl\u00e8mes locaux auxquels le CLT r\u00e9pond ? <\/p>\n\n<p><strong>[Mariolga]<\/strong>  Je vois que Caraballo a pu se joindre \u00e0 nous. Je voudrais d&#8217;abord confirmer qu&#8217;il nous entend et, s&#8217;il le peut, vous pouvez peut-\u00eatre r\u00e9p\u00e9ter la question Line et peut-\u00eatre ajouter quelque chose avant que je ne prenne la parole.<\/p>\n\n<p><strong>[Line]<\/strong>  Bien s\u00fbr, Don Caraballo, \u00eates-vous avec nous ? J&#8217;esp\u00e8re que vous nous entendez&#8230; J&#8217;esp\u00e8re que nous pourrons lui demander son avis pour la prochaine question.  <\/p>\n\n<p><strong>[Mariolga]<\/strong>  Nous pouvons commencer \u00e0 r\u00e9pondre \u00e0 la question et s&#8217;il est capable de parler, je lui laisserai la parole.<\/p>\n\n<p>Tout d&#8217;abord, je voudrais compl\u00e9ter ce que je disais \u00e0 propos des droits de surface. Nous avons constat\u00e9 qu&#8217;il s&#8217;agit d&#8217;un \u00e9quilibre et c&#8217;\u00e9tait l&#8217;un des souhaits et des aspirations des communaut\u00e9s que d&#8217;avoir un \u00e9quilibre entre les droits individuels et les aspirations \u00e0 venir des individus, et aussi les droits collectifs. Et les droits de surface \u00e9taient sp\u00e9cialement ax\u00e9s sur ces deux aspects. Comme vous l&#8217;avez dit dans l&#8217;introduction, Line est un \u00e9quilibre entre la maison qui vous appartient et le terrain sur lequel vous vivez. Mais vous ne pouvez pas vendre le terrain. Il s&#8217;agit donc d&#8217;un \u00e9quilibre parfait entre les droits individuels des familles et des r\u00e9sidents, mais aussi les protections collectives que le Community Land Trust apporte aux diff\u00e9rentes communaut\u00e9s dans lesquelles il est mis en \u0153uvre. Je dirais qu&#8217;il r\u00e9pond \u00e0 une probl\u00e9matique locale car, dans notre cas, il est n\u00e9 de la communaut\u00e9 et avec la communaut\u00e9, et la mise en \u0153uvre se fait avec la communaut\u00e9. Vous savez, le processus de participation est la chose la plus importante. Rabeya disait qu&#8217;il fallait participer \u00e0 la prise de d\u00e9cision, ce qui est important. Dans notre mod\u00e8le, la participation de la communaut\u00e9 ne se limite pas au conseil d&#8217;administration du Community Land Trust, mais s&#8217;\u00e9tend \u00e9galement aux diff\u00e9rentes phases et aux diff\u00e9rents sc\u00e9narios de gestion, d&#8217;autogestion du Community Land Trust. C&#8217;est la cl\u00e9 pour que les gens restent impliqu\u00e9s et qu&#8217;ils restent autour de la table, et surtout pour que nous, les professionnels qui accompagnent ces groupes, restions attach\u00e9s \u00e0 la terre. En effet, nous pouvons parcourir le monde, vous savez, et parler, parler et parler, mais nous n&#8217;avons pas l&#8217;oreille et les pieds sur terre. C&#8217;est pourquoi il est si important d&#8217;avoir une participation continue et \u00e0 diff\u00e9rents niveaux de la prise de d\u00e9cision de l&#8217;organisation. J&#8217;aimerais \u00e9galement ajouter qu&#8217;en termes de r\u00e9ponse aux probl\u00e8mes locaux, la qualit\u00e9 de vie est un \u00e9l\u00e9ment tr\u00e8s important pour nos communaut\u00e9s. Et nous avons l\u00e0 un d\u00e9fi et une responsabilit\u00e9 en ce qui concerne les terrains vagues. Nous disposons de diff\u00e9rentes options en ce qui concerne les terrains vagues. Nous avons la possibilit\u00e9, pour ceux qui remplissent les conditions requises, de construire de nouvelles maisons pour les personnes qui vont \u00eatre relog\u00e9es \u00e0 la suite du processus de dragage ou de construction d&#8217;infrastructures, mais aussi de convertir ces terrains, comme vous pouvez le voir sur cette image, en diff\u00e9rents espaces pour la communaut\u00e9, avec la communaut\u00e9. Je dirais donc qu&#8217;il s&#8217;agit l\u00e0 d&#8217;un \u00e9l\u00e9ment cl\u00e9 : visualiser la qualit\u00e9 de vie que les communaut\u00e9s souhaitent, d\u00e9sirent et construisent. Et \u00eatre un facilitateur dans ce processus de construction. Dans notre cas, le manque d&#8217;infrastructures est \u00e9galement tr\u00e8s important et constitue un \u00e9l\u00e9ment cl\u00e9 de notre histoire en tant que projet, et il doit faire partie de la conversation dans chaque sc\u00e9nario avec lequel nous travaillons. Parce que nos populations aspirent \u00e0 la dignit\u00e9 et qu&#8217;elles la m\u00e9ritent. Et cela fait partie de mon prochain tour. Je ne sais pas si Caraballo, si vous nous entendez maintenant et si vous pouvez participer \u00e0 la conversation ?                      <\/p>\n\n<p><strong>[Line]<\/strong>  Cela ne semble pas \u00eatre le cas&#8230; [Mariolga] No parece&#8221; (Il ne semble pas que ce soit le cas) &#8230; [Line] Voulez-vous ajouter quelque chose Mariolga dans une minute ?<\/p>\n\n<p><strong>[Mariolga]<\/strong>  Oui, c&#8217;est le moment ou jamais ! Je pense que je dirai aussi que les CLT doivent \u00eatre des institutions flexibles et qu&#8217;elles doivent \u00e9voluer au fil du temps avec les communaut\u00e9s &#8211; parce que les d\u00e9fis changent. Si vous \u00eates en mesure d&#8217;atteindre le point que vous souhaitez, vous aurez de nouveaux d\u00e9fis \u00e0 relever et, dans ce sens, le processus d&#8217;organisation communautaire et l&#8217;implication de la communaut\u00e9 dans le processus de prise de d\u00e9cision sont la cl\u00e9 de la r\u00e9ussite de ce mod\u00e8le ou d&#8217;autres mod\u00e8les de mode de propri\u00e9t\u00e9 fonci\u00e8re collective.  <\/p>\n\n<p><strong>[Line]<\/strong>  Merci beaucoup Mariolga. Encore une fois, il semble qu&#8217;il y ait beaucoup de d\u00e9fis diff\u00e9rents, beaucoup de probl\u00e8mes locaux diff\u00e9rents dans ces r\u00e9gions, mais encore une fois, il semble que tous ces projets et toutes ces personnes croient vraiment que ce n&#8217;est pas par le biais de titres priv\u00e9s mais par la gestion collective de la terre que les r\u00e9sidents peuvent vraiment reprendre le contr\u00f4le du d\u00e9veloppement des quartiers et s&#8217;assurer que toutes les am\u00e9liorations apport\u00e9es \u00e0 la r\u00e9gion, \u00e0 l&#8217;infrastructure par exemple, sont faites pour le bien collectif et pas seulement pour augmenter les int\u00e9r\u00eats financiers sur la terre. C&#8217;est un ph\u00e9nom\u00e8ne que l&#8217;on observe non seulement dans ces trois r\u00e9gions, mais aussi dans de nombreuses r\u00e9gions du monde \u00e0 l&#8217;heure actuelle. J&#8217;aimerais donc passer \u00e0 la question suivante que nous aimerions aborder aujourd&#8217;hui, \u00e0 savoir le type d&#8217;activit\u00e9s entreprises dans le cadre de la mise en place du CLT. Quels ont \u00e9t\u00e9 les obstacles rencontr\u00e9s lors de la cr\u00e9ation de ces CLT ? J&#8217;aimerais d&#8217;abord me rendre au Br\u00e9sil, \u00e0 Theresa, pour parler un peu de ce qui se passe dans les favelas.    <\/p>\n\n<p><strong>[Theresa]<\/strong>  Je vous remercie. Je vais maintenant me concentrer sur le travail lui-m\u00eame avec le groupe de travail CLT ici \u00e0 Rio. Dans le contexte des expulsions et de la gentrification que j&#8217;ai \u00e9voqu\u00e9 plus t\u00f4t, nous avons commenc\u00e9 \u00e0 r\u00e9fl\u00e9chir aux CLT. Nous avons d\u00e9couvert qu&#8217;il existait un exemple incroyable \u00e0 Porto Rico et nous les avons contact\u00e9s. Puis, heureusement, nous avons eu l&#8217;opportunit\u00e9 de les faire venir ici \u00e0 Rio gr\u00e2ce au Lincoln Institute of Land Policy. Je crois que Martim Smolka est \u00e9galement pr\u00e9sent. Voici donc quelques-unes des activit\u00e9s que nous avons men\u00e9es et qui ont commenc\u00e9 il y a deux ans, en ao\u00fbt, lorsque Line et quatre repr\u00e9sentants du Ca\u00f1o Mart\u00edn Pe\u00f1a sont venus \u00e0 Rio et que nous avons organis\u00e9 une s\u00e9rie d&#8217;ateliers de cinq jours, dont un jour avec des dirigeants communautaires de diverses favelas et quilombos de Rio, un jour avec des l\u00e9gislateurs du gouvernement et ainsi de suite, et un jour avec des techniciens d&#8217;universit\u00e9s et ainsi de suite. Le jour o\u00f9 nous avons organis\u00e9 des ateliers avec des organisateurs communautaires, nous avons fait une activit\u00e9 sur les menaces auxquelles les communaut\u00e9s sont confront\u00e9es en mati\u00e8re de logement et, en g\u00e9n\u00e9ral, sur les attributs qu&#8217;elles veulent pr\u00e9server en ce qui concerne les caract\u00e9ristiques positives &#8211; vous savez, des choses comme l&#8217;unit\u00e9, la vocation culturelle, les entreprises locales fortes ou la diversit\u00e9 &#8211; \u00e9taient communes. Lorsque nous avons pass\u00e9 la journ\u00e9e avec des alli\u00e9s techniques provenant essentiellement d&#8217;universit\u00e9s et de bureaux gouvernementaux, nous avons discut\u00e9 des possibilit\u00e9s l\u00e9gislatives au Br\u00e9sil et actuellement, en vertu de la loi br\u00e9silienne, nous pouvons cr\u00e9er des CLT sur une base individuelle, mais nous envisageons maintenant d&#8217;\u00e9tendre cette possibilit\u00e9 par le biais de la l\u00e9gislation. Au cours de cette visite, nous avons \u00e9galement organis\u00e9 des ateliers dans les favelas. Voici la communaut\u00e9 de Bahina \u00e0 Vidigal. Cela a conduit \u00e0 la cr\u00e9ation du groupe de travail sur les fiducies fonci\u00e8res communautaires dans les favelas. Apr\u00e8s que nos amis du Ca\u00f1o ont quitt\u00e9 Rio, nous avons lanc\u00e9 un groupe de travail qui comptait initialement 130 membres, et qui en compte aujourd&#8217;hui environ 200, issus de diff\u00e9rentes favelas, d&#8217;universit\u00e9s comme je l&#8217;ai dit, mais aussi d&#8217;agences publiques, du bureau du d\u00e9fenseur public, de l&#8217;agence nationale des titres fonciers. Nous avons organis\u00e9 des r\u00e9unions dans diverses communaut\u00e9s de favelas et il y en a deux en particulier. Les activit\u00e9s du groupe de travail ont donc essentiellement pris deux dimensions. La premi\u00e8re concerne la l\u00e9gislation : un groupe de juristes et de responsables communautaires r\u00e9fl\u00e9chit \u00e0 la mani\u00e8re d&#8217;introduire les CLT dans la l\u00e9gislation br\u00e9silienne, du niveau f\u00e9d\u00e9ral jusqu&#8217;au bas de l&#8217;\u00e9chelle. D&#8217;autre part, nous avons des groupes qui travaillent sur le terrain avec des communaut\u00e9s int\u00e9ress\u00e9es par l&#8217;exploration du mod\u00e8le CLT. Le premier exemple est celui de Trapicheiros, une petite favela. Nous travaillons d&#8217;abord avec de tr\u00e8s petites communaut\u00e9s car, dans le cadre d&#8217;un projet pilote, nous voulons \u00eatre en mesure de nous occuper de tous les d\u00e9tails et d&#8217;\u00eatre au sein de communaut\u00e9s o\u00f9 nous pouvons de mani\u00e8re r\u00e9aliste parler \u00e0 tous les r\u00e9sidents et impliquer tout le monde dans le processus. Ainsi, la favela de Trapicheiros compte 52 familles, c&#8217;est une communaut\u00e9 vieille de 80 ans. Elle a \u00e9t\u00e9 menac\u00e9e d&#8217;expulsion en 2015. Ils ont des conflits avec le condominium voisin qui vient d&#8217;\u00eatre construit ces derni\u00e8res ann\u00e9es, m\u00eame si la favela elle-m\u00eame a environ 100 ans. Nous avons donc organis\u00e9 diff\u00e9rents ateliers avec les habitants. Encore une fois, tout ce processus, o\u00f9 qu&#8217;il commence, d\u00e9bute par&#8230; nous suivons un mod\u00e8le du Ca\u00f1o&#8230; nous commen\u00e7ons par un atelier de plusieurs heures o\u00f9 nous nous engageons.                        Avant m\u00eame de parler des CLT, nous analysons ce que les habitants appr\u00e9cient dans la communaut\u00e9, ce qu&#8217;ils veulent aborder, pourquoi ils veulent un titre de propri\u00e9t\u00e9 et peut-\u00eatre aussi pourquoi ils craignent un titre de propri\u00e9t\u00e9. Dans le cas pr\u00e9sent, \u00e0 Trapicheiros, les habitants appr\u00e9cient le contact avec la nature, l&#8217;absence de violence, la proximit\u00e9 du m\u00e9tro et les bonnes opportunit\u00e9s de travail. Mais ils craignent d&#8217;\u00eatre expuls\u00e9s, d&#8217;\u00eatre envahis par des \u00e9trangers. Et puis, pour ce qui est de la raison pour laquelle ils veulent un titre de propri\u00e9t\u00e9 : ils veulent que la s\u00e9curit\u00e9 reste &#8211; c&#8217;est toujours la premi\u00e8re chose \u00e0 faire. Et la raison pour laquelle ils pourraient ne pas le faire, c&#8217;est le co\u00fbt de la vie qui pourrait augmenter. C&#8217;est donc un th\u00e8me qui revient r\u00e9guli\u00e8rement lors de ces r\u00e9unions. Voici d&#8217;autres activit\u00e9s que nous avons organis\u00e9es \u00e0 Trapicheiros, notamment un atelier de planification communautaire qui s&#8217;est av\u00e9r\u00e9 \u00eatre davantage une f\u00eate, mais nous avons tout de m\u00eame planifi\u00e9 quelque chose. Et puis, bien s\u00fbr, la pand\u00e9mie frappe, de sorte que ces activit\u00e9s sont en ligne depuis des mois maintenant. L&#8217;autre communaut\u00e9 avec laquelle nous avons travaill\u00e9 est Esperan\u00e7a, un projet de logement public auto-construit dans la zone ouest de Rio. Ils sont \u00e9galement engag\u00e9s dans ce processus. Dans la prochaine section, je vous montrerai une vid\u00e9o de l&#8217;un des dirigeants. Ils parlent des CLT. Encore une fois, les aspects positifs et n\u00e9gatifs de la communaut\u00e9, et ce qu&#8217;ils veulent. Chaque fois que nous proc\u00e9dons \u00e0 ce processus, il semble tr\u00e8s fr\u00e9quent que les gens aient des raisons de vouloir un titre de propri\u00e9t\u00e9 et des raisons de ne pas en vouloir. Par cons\u00e9quent, lorsque nous \u00e9voquons le mod\u00e8le CLT apr\u00e8s cela, c&#8217;est dans un contexte o\u00f9 nous nous disons : wow, il r\u00e9pond vraiment \u00e0 tous ces points. Il prend en compte les \u00e9l\u00e9ments positifs que nous voulons maintenir, il le permet, et il r\u00e9pond \u00e9galement aux besoins que nous avons en mati\u00e8re de titres de propri\u00e9t\u00e9 &#8211; mais pas aux craintes qu&#8217;ils suscitent. C&#8217;est tout pour l&#8217;instant. Je vous remercie de votre attention.                 <\/p>\n\n<p><strong>[Line]<\/strong>  Merci Theresa, c&#8217;est excellent. Avant de passer au Conseil des minorit\u00e9s du Bangladesh, je voudrais juste rappeler \u00e0 nos participants qu&#8217;ils peuvent poser des questions dans la bo\u00eete de questions et r\u00e9ponses sur le zoom, car nous aurons un peu de temps pour r\u00e9pondre \u00e0 vos questions. Je vois qu&#8217;il y a beaucoup de participants diff\u00e9rents, beaucoup de personnes que nous connaissons aussi, donc nous aimerions entendre vos commentaires \u00e0 tous. J&#8217;aimerais maintenant passer \u00e0 Rabeya. Pouvez-vous nous en dire un peu plus sur le type d&#8217;activit\u00e9s que vous entreprenez ? Je vous remercie.     <\/p>\n\n<p><strong>[Rabeya]<\/strong>  Lorsque nous nous sommes lanc\u00e9s dans ce projet, nous avons strat\u00e9giquement choisi deux camps pour notre projet pilote &#8211; en partie parce qu&#8217;ils sont totalement diff\u00e9rents en termes d&#8217;emplacement, de situation fonci\u00e8re, de conditions de vie et de densit\u00e9 de population et qu&#8217;il serait \u00e9galement int\u00e9ressant de voir comment le mod\u00e8le CLT fonctionne dans ces deux camps diff\u00e9rents. C&#8217;\u00e9tait donc notre id\u00e9e. Jusqu&#8217;\u00e0 pr\u00e9sent, nous avons men\u00e9 plusieurs petits projets et activit\u00e9s, notamment : la toute premi\u00e8re chose que nous avons faite a \u00e9t\u00e9 d&#8217;organiser des discussions avec des groupes restreints de dirigeants communautaires, de femmes et de jeunes afin de comprendre leur perception de la situation actuelle, de la r\u00e9habilitation et de leurs pr\u00e9f\u00e9rences. Nous avons donc une photo de ce groupe, celle qui se trouve tout en haut \u00e0 gauche. Ensuite, nous sommes pass\u00e9s \u00e0 la cartographie de la communaut\u00e9, et pour nous, il s&#8217;agissait d&#8217;un exercice important car nous pensons que personne ne conna\u00eet la situation des camps, pas plus que les r\u00e9sidents du camp eux-m\u00eames. C&#8217;est pourquoi, en impliquant les membres de la communaut\u00e9, nous pourrons non seulement extraire des informations authentiques, mais aussi les encourager \u00e0 s&#8217;impliquer dans le processus de s\u00e9curisation de leurs propres titres fonciers. Nous les avons donc encourag\u00e9s \u00e0 cr\u00e9er leurs propres cartes dessin\u00e9es \u00e0 la main, qui n&#8217;ont pas besoin de ressembler aux dessins professionnels. Ils ont fait cela en petits groupes et plus tard, nous les avons compil\u00e9s. Dans le premier exercice, ils ont identifi\u00e9 les structures importantes du camp et plus tard, ils ont dessin\u00e9 les diff\u00e9rents foyers du camp. Voici donc quelques-uns des dessins r\u00e9alis\u00e9s par la communaut\u00e9, que nous avons ensuite compil\u00e9s et num\u00e9ris\u00e9s. Nous avons d\u00fb faire une pause en raison de l&#8217;\u00e9pid\u00e9mie de COVID, mais nous avons r\u00e9cemment organis\u00e9 un \u00e9change entre pairs. L&#8217;id\u00e9e \u00e9tait de permettre aux participants et aux responsables communautaires de partager et de comparer leurs exp\u00e9riences de la vie dans leur propre camp. L&#8217;id\u00e9e \u00e9tait de permettre aux participants et aux chefs de communaut\u00e9s de partager et de comparer leurs exp\u00e9riences de vie dans leur propre camp, de faire ce qu&#8217;ils ont ressenti pendant qu&#8217;ils faisaient cette cartographie et quelle est leur vision de l&#8217;avenir. Si vous regardez les photos en haut \u00e0 droite et en bas, vous verrez que ce sont les activit\u00e9s que nous avons men\u00e9es. Certains participants portaient des masques et \u00e9taient enthousiastes \u00e0 l&#8217;id\u00e9e de se joindre \u00e0 nous, m\u00eame au milieu de cette pand\u00e9mie, et de partager leurs exp\u00e9riences. C&#8217;\u00e9tait donc une activit\u00e9 merveilleuse. Pour l&#8217;instant, nous travaillons \u00e0 distance \u00e0 la finalisation d&#8217;une \u00e9tude fonci\u00e8re compl\u00e8te et \u00e0 l&#8217;exploration des outils de cartographie SIG. Nous esp\u00e9rons donc pouvoir recommencer \u00e0 travailler avec la communaut\u00e9 \u00e0 partir du mois prochain. En ce qui concerne les obstacles, je pense que le principal probl\u00e8me, ou d\u00e9fi, est l&#8217;attitude ou la mentalit\u00e9 des r\u00e9sidents du camp qui d\u00e9pendent des \u00e9trangers pour r\u00e9soudre leurs probl\u00e8mes. Je pense que c&#8217;est parce que la Croix-Rouge s&#8217;occupe d&#8217;eux depuis si longtemps que les gens sont devenus d\u00e9pendants des donateurs. Mais nous essayons de changer cet \u00e9tat d&#8217;esprit, et Khalid et Hannah Sholder, qui fait \u00e9galement partie de notre \u00e9quipe et je suis s\u00fbr qu&#8217;elle est ici avec nous, travaillent depuis 10 ans \u00e0 organiser des formations au leadership pour les jeunes du camp et aussi pour d&#8217;autres minorit\u00e9s. Nous continuons donc \u00e0 former ces jeunes g\u00e9n\u00e9rations dans l&#8217;espoir qu&#8217;elles commenceront \u00e0 penser diff\u00e9remment et qu&#8217;elles deviendront des leaders et des acteurs du changement.                    <\/p>\n\n<p><strong>[Line]<\/strong>  Merci beaucoup Rabeya, ces images sont vraiment puissantes et j&#8217;aimerais passer \u00e0 Ca\u00f1o Mart\u00edn Pe\u00f1a \u00e0 Porto Rico. Je ne sais pas si Don Caraballo est avec nous maintenant ou si Mariolga peut &#8230;<\/p>\n\n<p><strong>[Mariolga]<\/strong>  J&#8217;\u00e9tais au t\u00e9l\u00e9phone avec lui, je sais qu&#8217;il a des difficult\u00e9s, alors il envoie ses salutations et ses &#8220;bendiciones&#8221; \u00e0 tout le monde. Je voudrais simplement dire, en son nom, qu&#8217;en termes de d\u00e9fis, la coordination avec le gouvernement local et les agences locales est toujours un d\u00e9fi. Il y a beaucoup d&#8217;informations et beaucoup de coordination \u00e0 faire et nous trouvons toujours des pierres sur notre chemin. Quelle que soit l&#8217;administration de la municipalit\u00e9 ou du gouvernement central. Je dirais que les revenus, comme le disait Rabeya, sont un probl\u00e8me, m\u00eame si nous pouvons tirer des revenus de certains de nos terrains situ\u00e9s dans des zones commerciales de notre district. C&#8217;est un d\u00e9fi parce qu&#8217;il faut donner les op\u00e9rations et c&#8217;est cher, donc c&#8217;est un \u00e9quilibre que nous devons surmonter dans les ann\u00e9es \u00e0 venir. Par ailleurs, un aspect tr\u00e8s sp\u00e9cifique dans le contexte de Porto Rico apr\u00e8s les ouragans et les tremblements de terre est l&#8217;acc\u00e8s aux fonds de reconstruction. Trump dit qu&#8217;il a envoy\u00e9 beaucoup d&#8217;argent \u00e0 Porto Rico, mais ce n&#8217;est pas vrai et les autorit\u00e9s locales font preuve d&#8217;une grande incomp\u00e9tence dans la mise en \u0153uvre de l&#8217;argent et dans la r\u00e9cup\u00e9ration de ces fonds. Il y a donc un gros probl\u00e8me et nous n&#8217;avons pas d&#8217;orientation claire et directe pour les diff\u00e9rents fonds de r\u00e9cup\u00e9ration et de reconstruction. Il est donc difficile d&#8217;\u00eatre pr\u00eat et pr\u00e9par\u00e9 \u00e0 postuler \u00e0 ces fonds si vous ne connaissez pas les r\u00e8gles selon lesquelles vous allez \u00eatre \u00e9valu\u00e9. C&#8217;est un peu comme si nous connaissions les diff\u00e9rents projets qui vont \u00eatre mis en concurrence et que nous allions soumettre, mais que nous ne connaissions pas les r\u00e8gles, de sorte que nous ne pouvons pas profiter du temps, du retard du gouvernement et \u00eatre plus pr\u00eats \u00e0 demander cet argent. L&#8217;autre \u00e9l\u00e9ment est le cadre juridique, en particulier en termes d&#8217;h\u00e9ritage. Comme les communaut\u00e9s partagent, h\u00e9ritent des maisons de g\u00e9n\u00e9ration en g\u00e9n\u00e9ration, il y a beaucoup de choses l\u00e9gales \u00e0 faire avant de donner un acte de droit de service, par exemple. Ou tout autre aspect juridique ou transaction. Il s&#8217;agit donc d&#8217;un probl\u00e8me et nous nous effor\u00e7ons de d\u00e9terminer dans quelle mesure nous pouvons \u00e9tablir nos propres r\u00e8gles. Parce que nous sommes une fiducie fonci\u00e8re communautaire priv\u00e9e \u00e0 but non lucratif, nous cherchons \u00e0 contourner le cadre juridique, mais ce n&#8217;est pas toujours facile, en particulier parce que les actes sont \u00e9tablis par des notaires b\u00e9n\u00e9voles &#8211; leurs titres sont donc menac\u00e9s &#8211; et nous devons donc disposer d&#8217;un moyen s\u00fbr de contester le cadre juridique afin que les b\u00e9n\u00e9voles puissent aller de l&#8217;avant avec la m\u00e9thodologie que nous s\u00e9lectionnons. En ce qui concerne nos pr\u00e9visions, nous cherchons avant tout \u00e0 maintenir l&#8217;acc\u00e8s \u00e0 la ville, \u00e0 l&#8217;am\u00e9liorer, \u00e0 obtenir de meilleures conditions de reconnaissance des droits de l&#8217;homme et des libert\u00e9s fondamentales. Obtenir de meilleures conditions pour reconna\u00eetre la dignit\u00e9 de nos communaut\u00e9s et de leurs r\u00e9sidents, la diversit\u00e9 des r\u00e9sidents de nos communaut\u00e9s et leur importance pour l&#8217;\u00e9conomie de Porto Rico et pour l&#8217;\u00e9conomie de la ville de Porto Rico. Nous disons que pour nous et pour les communaut\u00e9s, le CLT repr\u00e9sente le progr\u00e8s, la s\u00e9curit\u00e9 et la permanence. Je pense que ces trois concepts r\u00e9sument ce que le CLT doit apporter aux r\u00e9sidents, en plus de la participation \u00e0 tous les niveaux.                   <\/p>\n\n<p><strong>[Line]<\/strong>  Merci beaucoup Mariolga, c&#8217;\u00e9tait tr\u00e8s clair. Je pense que pour vous tous, il est tr\u00e8s clair qu&#8217;un CLT met l&#8217;accent sur la participation continue des communaut\u00e9s. Il ne s&#8217;agit pas d&#8217;un simple samedi apr\u00e8s-midi, mais d&#8217;un processus continu d&#8217;implication des communaut\u00e9s. Un CLT ne peut tout simplement pas \u00eatre cr\u00e9\u00e9 de haut en bas d\u00e8s les premi\u00e8res r\u00e9unions. Il est \u00e9vident que les habitants doivent \u00eatre pr\u00e9sents, qu&#8217;ils doivent diriger l&#8217;ensemble du processus, comme l&#8217;ont dit certains de nos coll\u00e8gues l&#8217;ann\u00e9e derni\u00e8re lors de l&#8217;\u00e9change entre pairs que nous avons eu \u00e0 Porto Rico : &#8220;Rien pour nous sans nous&#8221;. Je pense donc qu&#8217;il s&#8217;agit l\u00e0 d&#8217;un principe fondamental dans ce que vous dites tous. Cet effort tr\u00e8s fort pour garantir le droit \u00e0 la ville de tous les r\u00e9sidents et cette id\u00e9e de progr\u00e8s, de s\u00e9curit\u00e9 et de permanence. Je pense que c&#8217;est une tr\u00e8s bonne chose.       <\/p>\n\n<p>Don Caraballo &#8211; c&#8217;est vous, vous nous entendez ? il ne semble pas&#8230; <\/p>\n\n<p>Bonjour !<\/p>\n\n<p><strong>[Jos\u00e9]  Buenos d\u00edas, bonjour !<\/strong><\/p>\n\n<p><strong>[Line]<\/strong>  Bonjour, comment allez-vous ? C&#8217;est un plaisir de vous recevoir. <\/p>\n\n<p><strong>[Jos\u00e9]<\/strong>  Mucho amore y mucho cari\u00f1o&#8221;, vous avez l&#8217;air en pleine forme.<\/p>\n\n<p><strong>[Line]<\/strong>  Excellent ! Oui, Carballo, nous passons \u00e0 la question suivante, alors peut-\u00eatre pourriez-vous nous en parler un peu.<\/p>\n\n<p><strong>[Jos\u00e9]<\/strong>  D&#8217;accord.<\/p>\n\n<p><strong>[Line]<\/strong>  La question suivante que j&#8217;ai pos\u00e9e \u00e0 tous les intervenants, et nous pourrions peut-\u00eatre commencer par Don Caraballo, est un peu la suivante : quelle est la vision et quels sont les espoirs des communaut\u00e9s avec lesquelles vous travaillez ? les communaut\u00e9s du Ca\u00f1o dans votre cas. Quels sont les espoirs, les visions, les id\u00e9es et les points de vue de personnes comme vous qui sont r\u00e9ellement pr\u00e9sentes tous les jours pour aider cette communaut\u00e9 par le biais du Community Land Trust, bien entendu. Pouvez-vous nous en dire un peu plus \u00e0 ce sujet ?   <\/p>\n\n<p><strong>[Jos\u00e9]<\/strong>  D\u00e8s le d\u00e9but, nous esp\u00e9rions que la fiducie fonci\u00e8re serait reproduite &#8220;que se replicara&#8221; dans le reste de l&#8217;\u00eele, en raison de notre condition de colonie des \u00c9tats-Unis. C&#8217;est l&#8217;une des choses que nous devons faire pour d\u00e9fendre nos terres et nos droits. Je pense donc que la fiducie fonci\u00e8re &#8211; pas seulement \u00e0 Porto Rico mais partout o\u00f9 nous avons ce probl\u00e8me &#8211; devrait \u00eatre consid\u00e9r\u00e9e comme une option pour l&#8217;avenir et pour les jours que nous vivons actuellement.  <\/p>\n\n<p><strong>[Line]<\/strong>  Tout \u00e0 fait. Mariolga, voulez-vous ajouter quelque chose \u00e0 cela ? <\/p>\n\n<p><strong>[Mariolga]<\/strong>  Je dirais d&#8217;abord que : que bueno Caraballo que lo logramos, que entrara y que est\u00e1s ac\u00e1&#8221; (que nous avons r\u00e9ussi Caraballo, que vous avez r\u00e9ussi et que vous \u00eates ici).<\/p>\n\n<p>Je voudrais ajouter que c&#8217;est une option pour les communaut\u00e9s marginalis\u00e9es d&#8217;avoir un face-\u00e0-face avec d&#8217;autres secteurs de pouvoir. Vous savez, vous ne menez pas un combat individuel. Il s&#8217;agit d&#8217;un combat collectif et, en espagnol, &#8220;en la unidad esta la fuerza&#8221; (le pouvoir dans l&#8217;unit\u00e9). C&#8217;est vrai parce que vous ne regardez pas le banquier le plus puissant de votre pays, comme moi Mariolga ou Jos\u00e9 Caraballo. Nous avons 200 acres de terrain juste \u00e0 c\u00f4t\u00e9 de votre quartier financier, nous faisons donc partie de cette conversation et nous devons en faire partie, et vous ne pouvez pas penser \u00e0 cette ville, dans le cas de San Juan, sans nous. Parce que nous faisons avancer cette ville jour apr\u00e8s jour. Cela vous donne le pouvoir collectif d&#8217;op\u00e9rer des transformations, d&#8217;\u00e9laborer une politique et de la mettre en \u0153uvre, et de r\u00e9clamer la justice sociale pour nos communaut\u00e9s et pour les autres.     <\/p>\n\n<p><strong>[Line]<\/strong>  C&#8217;est excellent. Jos\u00e9 voudrait-il ajouter quelque chose \u00e0 cela ? <\/p>\n\n<p><strong>[Jos\u00e9]<\/strong>  Qu&#8217;est-ce que je peux dire ? Vous savez, c&#8217;est tr\u00e8s difficile de se battre pour ses droits. Vous devez, comme le dit Mariolga, vous organiser parce que c&#8217;est la seule fa\u00e7on de d\u00e9finir vos droits et ceux de la communaut\u00e9. La t\u00e2che est ardue, mais nous n&#8217;en sommes qu&#8217;au d\u00e9but. Avec la fiducie fonci\u00e8re, nous esp\u00e9rons y arriver. Et tout Porto Rico, et les Portoricains nous rejoindront dans cette lutte. Et nous esp\u00e9rons dans le monde entier que ces organisations qui sont des fiducies fonci\u00e8res prendront le dessus sur les gens qui nous maintiennent au sol. Je voudrais juste dire que Delia vous salue !       <\/p>\n\n<p><strong>[Line]<\/strong>  Bonjour Delia ! C&#8217;est un plaisir de vous entendre et je suis tr\u00e8s heureux que vous ayez pu vous joindre \u00e0 nous car, comme nous l&#8217;avons d\u00e9j\u00e0 dit, aucune de ces discussions ne devrait avoir lieu sans la pr\u00e9sence des r\u00e9sidents. Nous sommes donc tr\u00e8s, tr\u00e8s heureux que vous puissiez \u00eatre ici avec nous. <\/p>\n\n<p><strong>[Jos\u00e9]<\/strong>  C&#8217;est l&#8217;une des choses pour lesquelles les gens doivent se battre : la participation. Car une fois que la participation existe, la communaut\u00e9 est impliqu\u00e9e dans tout. Vous savez, qu&#8217;il s&#8217;agisse du ramassage des ordures, de l&#8217;\u00e9ducation ou de tout le reste. Mais il faut qu&#8217;il y ait une participation, parce que s&#8217;il n&#8217;y a pas de participation, vous savez qu&#8217;on vous fait avaler des choses de force. En tant que membre de la fiducie fonci\u00e8re, vous devez donc vous battre pour la participation, car il ne sert \u00e0 rien d&#8217;avoir une fiducie fonci\u00e8re sans participer au reste du gouvernement ou du pays.    <\/p>\n\n<p><strong>[Line]<\/strong>  C&#8217;est tout \u00e0 fait exact. La lucha continua&#8221;, comme vous le dites toujours : la lutte continue. <\/p>\n\n<p><strong>[Jos\u00e9]<\/strong>  C&#8217;est vrai.<\/p>\n\n<p><strong>[Line]<\/strong>  Merci beaucoup Don Caraballo pour votre point de vue. Je voudrais maintenant parler du Bangladesh et du Conseil des minorit\u00e9s.  Peut-\u00eatre pourriez-vous nous en dire un peu plus sur la vision et les espoirs des communaut\u00e9s avec lesquelles vous travaillez ou dont vous faites partie.<\/p>\n\n<p><strong>[Khalid]<\/strong>  Bien s\u00fbr, merci. Comme je l&#8217;ai dit, nous vivons dans une situation de camp de r\u00e9fugi\u00e9s depuis 48 ans. Et les gens luttent contre cette situation malsaine. Aujourd&#8217;hui, nous n&#8217;avons plus de probl\u00e8me juridique &#8211; nous sommes tous des Bangladais &#8211; et les gens n&#8217;ont plus qu&#8217;\u00e0 esp\u00e9rer qu&#8217;ils changeront de logement. La r\u00e9habilitation est la question la plus importante. Les gens n&#8217;ont donc qu&#8217;un seul espoir : quand quelqu&#8217;un viendra changer leur logement, et qu&#8217;ils commenceront \u00e0 vivre dans un logement ad\u00e9quat ? Ce que nous avons vu dans ce projet, c&#8217;est que les jeunes sont tr\u00e8s optimistes et qu&#8217;ils ont beaucoup de pouvoir. Ils peuvent faire quelque chose au sein de la communaut\u00e9. Car, comme vous le savez, le Bangladesh est un pays tr\u00e8s pauvre, qui conna\u00eet de nombreux probl\u00e8mes et o\u00f9 les Bengalis vivent dans de nombreux bidonvilles. Le gouvernement s&#8217;int\u00e9resse tr\u00e8s peu \u00e0 l&#8217;am\u00e9lioration des logements pour les Biharis et cela prendra beaucoup de temps et de fonds. Nous sommes donc tout \u00e0 fait conscients du comportement du gouvernement. Alors, que devons-nous faire nous-m\u00eames ? C&#8217;est le seul moyen. Le CLT est le seul moyen de travailler au sein de la communaut\u00e9, d&#8217;impliquer les membres de la communaut\u00e9 et d&#8217;essayer d&#8217;agir collectivement pour changer leur vie. Ils peuvent changer leur logement. Il y a donc un d\u00e9fi \u00e0 relever. Lorsque nous avons lanc\u00e9 ce projet, nous avons constat\u00e9 deux diff\u00e9rences id\u00e9ologiques. Les jeunes ne veulent plus de la vie en camp parce qu&#8217;elle n&#8217;est pas s\u00e9curis\u00e9e et qu&#8217;elle est malsaine. Mais la g\u00e9n\u00e9ration plus \u00e2g\u00e9e aime y vivre parce que c&#8217;est une relation avec son \u00e2me. Ils ont presque pass\u00e9 48 ans et ils ont investi. Ils ont beaucoup investi. Ils essaient de construire leur propre structure. Ils ne veulent donc pas quitter cet endroit. Mais les jeunes, eux, veulent partir d&#8217;ici et vivre dans une bonne situation. Voil\u00e0 donc les d\u00e9fis \u00e0 relever. Mais nous sommes pleins d&#8217;espoir parce que nous avons une jeunesse puissante. Nous avons la communaut\u00e9 et maintenant la communaut\u00e9 est tr\u00e8s unie au nom de la r\u00e9habilitation. En effet, ils n&#8217;ont aucun probl\u00e8me \u00e0 l&#8217;heure actuelle, si ce n&#8217;est celui de la r\u00e9habilitation. Si la r\u00e9habilitation est compl\u00e8te, ils seront facilement assimil\u00e9s dans la soci\u00e9t\u00e9. Nous devons donc nous occuper des jeunes et de la g\u00e9n\u00e9ration plus \u00e2g\u00e9e. Nous avons donc maintenant un groupe de jeunes, des chefs de communaut\u00e9s et des chefs de blocs. Nous essayons d&#8217;appliquer ce projet CLT dans les camps. Peut-\u00eatre qu&#8217;\u00e0 l&#8217;avenir, nous pourrons changer le nom &#8211; mais l&#8217;attitude et le comportement seront ceux du CLT &#8211; mais nous pourrons utiliser d&#8217;autres noms comme soci\u00e9t\u00e9 de logement ou r\u00e9gime foncier de logement. Mais nous avons bon espoir. Si nous parvenons \u00e0 mener \u00e0 bien ce projet dans le camp de Gen\u00e8ve et \u00e0 Adam Gee, nous reproduirons ce mod\u00e8le dans d&#8217;autres camps. Car nous avons 116 camps. Il ne s&#8217;agit donc pas d&#8217;une fin en soi pour les camps t\u00e9moins. Adam Gee et le camp de Gen\u00e8ve. Nous devons aller de l&#8217;avant.                                       Car ce sera le mod\u00e8le \u00e0 suivre et le projet pilote. Si vous r\u00e9ussissez, les autres habitants du camp seront pr\u00eats \u00e0 lancer ce mod\u00e8le ou ce m\u00e9canisme dans leur camp. J&#8217;esp\u00e8re donc que ce projet sera couronn\u00e9 de succ\u00e8s dans les ann\u00e9es \u00e0 venir. Nous n&#8217;en sommes qu&#8217;au tout d\u00e9but, et l&#8217;essentiel est ici &#8211; vous savez &#8211; que le CLT est un concept tr\u00e8s nouveau au Bangladesh. Il n&#8217;existe m\u00eame aucun projet CLT au Bangladesh. Nous venons juste de commencer. C&#8217;est donc un concept tr\u00e8s nouveau pour la communaut\u00e9, pour les experts et pour la communaut\u00e9 bangladaise. Il y a donc une menace, mais nous esp\u00e9rons que nous pourrons faire quelque chose, quelques changements positifs au sein de cette communaut\u00e9. Ensuite, nous irons de l&#8217;avant avec les autres communaut\u00e9s et les autres camps. Je vous remercie de votre attention.         <\/p>\n\n<p><strong>[Line]<\/strong>  Merci beaucoup Khalid, je vous souhaite beaucoup de succ\u00e8s dans ce projet et je tiens \u00e0 vous faire savoir que le r\u00e9seau international qui est ici aujourd&#8217;hui est l\u00e0 pour vous soutenir dans la mesure de ses possibilit\u00e9s. C&#8217;est un effort vraiment formidable que vous faites. Enfin, j&#8217;aimerais revenir au Br\u00e9sil et \u00e0 Theresa. Peut-\u00eatre pourriez-vous nous en dire un peu plus sur la vision et les espoirs des communaut\u00e9s avec lesquelles vous travaillez ?   <\/p>\n\n<p><strong>[Theresa]<\/strong>  Merci Line. Tout d&#8217;abord, il est important de noter que nous sommes le seul pays dont l&#8217;anglais n&#8217;est pas la langue officielle&#8230; il est donc tr\u00e8s rare que les responsables des communaut\u00e9s et des favelas parlent anglais. Je vais donc vous montrer quelques vid\u00e9os de dirigeants communautaires qui ont r\u00e9fl\u00e9chi au projet CLT la semaine derni\u00e8re. Mais permettez-moi d&#8217;abord de dire qu&#8217;en termes de d\u00e9fis &#8211; parce que nous n&#8217;y sommes pas parvenus &#8211; comme cela a \u00e9t\u00e9 mentionn\u00e9 ici, il y a des pays o\u00f9 il n&#8217;y a pas de CLT. \u00c0 Porto Rico, par exemple, il a fallu un certain temps pour introduire le concept. Ils ont d\u00fb litt\u00e9ralement y r\u00e9fl\u00e9chir d\u00e8s le d\u00e9part. Nous sommes dans la m\u00eame situation. Nous avons donc d\u00fb penser aux CLT d\u00e8s le d\u00e9but. Cela a \u00e9t\u00e9 un d\u00e9fi, \u00e9videmment, d&#8217;introduire quelque chose de totalement nouveau. Cependant, je pense que nous avons tr\u00e8s bien r\u00e9ussi \u00e0 le faire et que l&#8217;int\u00e9r\u00eat est croissant. En ce qui concerne les autres d\u00e9fis : le parti pris pr\u00e9existant en faveur des titres individuels. Je pense que tout le monde est au courant. C&#8217;est un probl\u00e8me que nous avons surmont\u00e9 mieux que nous ne l&#8217;avions pr\u00e9vu. Mais le plus gros probl\u00e8me ici \u00e0 Rio est probablement le crime organis\u00e9 &#8211; les milices et les trafiquants de drogue dans les communaut\u00e9s. Il y a aussi la complexit\u00e9 des favelas. Certaines d&#8217;entre elles peuvent compter &#8211; vous savez, la plus grande favela compte 200 000 habitants. Par cons\u00e9quent, si nous envisageons d&#8217;\u00e9tendre les CLT &#8211; et c&#8217;est vraiment la raison pour laquelle nous avons commenc\u00e9 par ces petits projets pilotes. Je vais donc vous montrer une vid\u00e9o de la semaine derni\u00e8re. La semaine derni\u00e8re, nous avons organis\u00e9 un \u00e9v\u00e9nement #UrbanOctober avec des leaders communautaires de quatre favelas qui ont parl\u00e9 du projet CLT ici \u00e0 Rio. Si quelqu&#8217;un veut la regarder plus tard, je peux fournir le lien. Bien s\u00fbr, c&#8217;est en portugais. Je vais donc vous montrer quelques extraits de leurs commentaires. J&#8217;esp\u00e8re que vous pourrez les entendre. D\u00e9sol\u00e9, c&#8217;est A\u00edlton, je crois que c&#8217;est A\u00edlton&#8230; oh d\u00e9sol\u00e9, nous les avons mis au mauvais endroit. Voici donc Neide Belem Mattos, du Grupo Esperan\u00e7a, et j&#8217;esp\u00e8re que vous pourrez l&#8217;entendre.                        <\/p>\n\n<p>Selon elle, les CLT constituent une base solide qui lui permettra de conserver ses droits fonciers et de les transmettre \u00e0 ses enfants. Je vais venir ici ; je pense que c&#8217;est A\u00edlton. <\/p>\n\n<p>A\u00edlton parle du voyage de l&#8217;ann\u00e9e derni\u00e8re au cours duquel Paolo, le pr\u00e9sident de l&#8217;association des r\u00e9sidents de Trapicheiros, a pu participer \u00e0 l&#8217;\u00e9change international \u00e0 Porto Rico et \u00e0 quel point cela a \u00e9t\u00e9 transformateur. Et c&#8217;est vraiment l&#8217;une de nos grandes luttes ici : tant que nous n&#8217;avons pas de projet pilote, tant que nous n&#8217;avons pas d&#8217;exemple concret au niveau local, tout cela reste th\u00e9orique. Mais comme je l&#8217;ai dit, nous avons surmont\u00e9 cet obstacle. De plus en plus, les gens comprennent le potentiel, et c&#8217;est en grande partie gr\u00e2ce \u00e0 l&#8217;exemple du Ca\u00f1o. Enfin, voici Maria Da Penha de Vila Aut\u00f3dromo. J&#8217;ai mentionn\u00e9 plus t\u00f4t leur communaut\u00e9 qui a \u00e9t\u00e9 en grande partie expuls\u00e9e pour les Jeux olympiques, mais certains habitants ont pu rester, dont elle. Elle parle ici de sa participation au groupe de travail du CLT et du CLT en g\u00e9n\u00e9ral.      <\/p>\n\n<p>Je vous prie de m&#8217;excuser. Je ne sais pas de combien de temps nous disposons&#8230; Penha disait qu&#8217;elle esp\u00e9rait que le CLT deviendrait une r\u00e9alit\u00e9 \u00e0 Rio parce qu&#8217;elle y voit un potentiel \u00e9norme en tant qu&#8217;instrument, et qu&#8217;elle est impatiente de voir, d&#8217;avoir un cas concret. Et elle esp\u00e8re que cela se fera aussi dans sa communaut\u00e9. Elle a \u00e9galement mentionn\u00e9 Indiana, une autre favela qui a \u00e9t\u00e9 tr\u00e8s active au sein du groupe de travail, mais elle est assez grande, alors nous avons commenc\u00e9 avec des communaut\u00e9s plus petites en attendant.    <\/p>\n\n<p><strong>[Line]<\/strong>  Merci beaucoup Theresa, c&#8217;\u00e9tait vraiment bien d&#8217;entendre ces personnes et merci beaucoup d&#8217;avoir mis en place les vid\u00e9os, c&#8217;\u00e9tait tr\u00e8s bien. Nous retenons donc de tout cela que la force r\u00e9side dans le collectif. Je pense que vous faites tous de grands efforts et je voudrais r\u00e9p\u00e9ter que le r\u00e9seau international qui ne cesse de cro\u00eetre est l\u00e0 pour soutenir tous ces efforts. Et je pense que nous devrions continuer \u00e0 \u00e9changer. Nous avons un peu d\u00e9pass\u00e9 le temps imparti, mais j&#8217;aimerais maintenant passer aux questions que nous avions dans la bo\u00eete de questions et r\u00e9ponses. Je crois savoir qu&#8217;il y a une question qui n&#8217;a pas \u00e9t\u00e9 pos\u00e9e dans la bo\u00eete de questions-r\u00e9ponses, mais qui est maintenant dans le chat. J&#8217;aimerais donc commencer par la question de l&#8217;une de nos participantes, Lourdes Perez, de Porto Rico. Elle demande quels sont les d\u00e9fis et les avantages de la mise en \u0153uvre d&#8217;infrastructures, de tous types, par le biais d&#8217;un CLT, par opposition aux approches descendantes habituelles. Qui souhaite s&#8217;exprimer \u00e0 ce sujet ? Peut-\u00eatre que Mariolga peut en parler ? Ou peut-\u00eatre d&#8217;autres, mais commen\u00e7ons par Mariolga.         <\/p>\n\n<p>Je pense qu&#8217;il y a deux aspects : vous avez plus de contr\u00f4le sur le processus de conception et le processus de mise en \u0153uvre, la supervision des travaux. Mais aussi, cela pourrait \u00eatre accrocheur parce que le gouvernement pourrait dire &#8221; bas les pattes ! &#8221; parce que vous \u00eates une entreprise priv\u00e9e &#8211; donc comme vous g\u00e9rez actuellement des terres de plus de 200 acres et que vous \u00eates une entreprise priv\u00e9e et que vous avez \u00e9t\u00e9 tr\u00e8s clair avec nous sur le fait que vous \u00eates une organisation priv\u00e9e communautaire &#8211; eh bien, allez-y et faites-le vous-m\u00eames. Et ils pourraient essayer de prendre ce virage \u00e0 un moment donn\u00e9 de notre histoire \u00e0 venir, car il s&#8217;agit d&#8217;un processus de longue haleine, je pense que cela pourrait \u00eatre un &#8220;talon d&#8217;Aquil\u00e8s&#8221;, Lourdes&#8230; y saludos ! Mais je pense aussi que cela vous donne la force d&#8217;amener d&#8217;autres personnes \u00e0 la table et de prouver que les choses peuvent \u00eatre faites et qu&#8217;elles peuvent \u00eatre faites correctement. En ce moment, nous sommes en train de concevoir et d&#8217;ex\u00e9cuter &#8220;un plan maestro de infraestructura&#8221; (un plan directeur d&#8217;infrastructure). Nous concevons tous les \u00e9l\u00e9ments de l&#8217;infrastructure verte qui feront partie de la conception de l&#8217;infrastructure pour l&#8217;avenir des communaut\u00e9s, ainsi que les conceptions finales afin de pouvoir construire ces infrastructures, si possible avec les fonds CDBG qui sont les fonds de r\u00e9cup\u00e9ration. J&#8217;aimerais ajouter une ligne \u00e0 la premi\u00e8re question qui \u00e9tait dans la bo\u00eete de questions et r\u00e9ponses, donc j&#8217;utilise le tour une fois &#8211; de Katie Pickett. Je dirai que nous avons des visions diff\u00e9rentes du progr\u00e8s et du d\u00e9veloppement. Et c&#8217;est un probl\u00e8me. Car pour de nombreuses personnes, de nombreux promoteurs, de nombreuses personnes au sein du gouvernement et du secteur priv\u00e9, le progr\u00e8s et le d\u00e9veloppement se r\u00e9sument \u00e0 prendre une machine et \u00e0 laver tous ces gens de l&#8217;endroit. Et nous nous occuperons plus tard du changement climatique, et de tous ces types de choses et de sujets &#8211; que vous pouvez traiter avec les personnes pr\u00e9sentes autour de la table. Les gens ont des solutions pour cela, et vous devez entendre toutes les voix. Dans notre cas, tous nos plans et toutes nos conceptions tiennent compte du changement climatique, de l&#8217;\u00e9l\u00e9vation du niveau de la mer et constituent des m\u00e9thodes d&#8217;att\u00e9nuation ou des processus d&#8217;att\u00e9nuation en soi.            <\/p>\n\n<p><strong>[Line]<\/strong>  Merci beaucoup Mariolga, et merci \u00e9galement d&#8217;avoir r\u00e9pondu \u00e0 la question de Katie Pickett sur les obstacles potentiels au changement pour la mise en \u0153uvre et sur le fait de savoir s&#8217;ils incluent les catastrophes naturelles et non naturelles, ce qui est malheureusement une chose dont tous les projets ici pr\u00e9sents ont fait l&#8217;exp\u00e9rience. J&#8217;aimerais passer \u00e0 la question suivante, qui concerne le Br\u00e9sil. Il s&#8217;agit d&#8217;une question de Shoko Sakuma : le Br\u00e9sil est souvent cit\u00e9, dit-il, comme un bon exemple de pays qui reconna\u00eet la fonction sociale de la terre dans les statuts de la ville constitutionnelle. Pourtant, il semble que les expulsions de r\u00e9sidents informels se poursuivent. Quelle est la force des protections contre les expulsions au Br\u00e9sil ? La reconnaissance de la fonction sociale facilite-t-elle la t\u00e2che des CLT ? Peut-\u00eatre que Theresa, vous pouvez nous dire quelque chose \u00e0 ce sujet ?      <\/p>\n\n<p><strong>[Theresa]<\/strong>  Oui, je n&#8217;ai pas eu l&#8217;occasion de le mentionner, mais le Br\u00e9sil dispose en th\u00e9orie de solides droits pour les squatters. La constitution pr\u00e9voit un d\u00e9lai de possession d\u00e9favorable de cinq ans dans les zones urbaines, qui s&#8217;applique aux terrains priv\u00e9s, et le droit de rester sur les terrains publics apr\u00e8s cette p\u00e9riode en se battant pour obtenir une concession d&#8217;utilisation, etc. Mais nous avons aussi les zones d&#8217;int\u00e9r\u00eat social sp\u00e9cial, qui sont mandat\u00e9es au niveau national, et o\u00f9 les zones locales marquent les r\u00e9gions, principalement les favelas, comme des zones favorables ou r\u00e9serv\u00e9es \u00e0 des logements abordables. Les r\u00e8glements de zonage sont \u00e9galement plus souples pour reconna\u00eetre les constructions informelles, \u00e0 condition qu&#8217;elles soient s\u00fbres. Vous avez donc des lois diff\u00e9rentes. Il existe \u00e9galement d&#8217;autres lois au niveau local. Il y a toute une s\u00e9rie de lois qui, en th\u00e9orie, sont cens\u00e9es prot\u00e9ger les r\u00e9sidents. Dans une certaine mesure, c&#8217;est le cas. Mais en m\u00eame temps, comme vous l&#8217;avez dit, au cours de la p\u00e9riode pr\u00e9olympique, 80 000 personnes ont \u00e9t\u00e9 expuls\u00e9es de leur logement, et m\u00eame avec toutes ces lois en vigueur. Ce qui se passe dans la pratique est souvent tr\u00e8s diff\u00e9rent de ce qui est \u00e9tabli l\u00e9galement. Il est donc rare que ces lois, du moins \u00e0 Rio, se transforment en titres physiques. Il est donc tr\u00e8s difficile pour les communaut\u00e9s de se prot\u00e9ger. Nous disposons d&#8217;une institution extraordinaire, le Bureau du d\u00e9fenseur public, qui comprend un noyau charg\u00e9 du logement et des droits fonciers, lequel fait un travail incroyable pour d\u00e9fendre ces communaut\u00e9s. Mais les pressions sont vraiment extr\u00eames, et les communaut\u00e9s doivent ensuite le prouver. Par exemple, en ce qui concerne la possession adverse, m\u00eame si elle est pr\u00e9vue par la constitution, si une communaut\u00e9 comme Trapicheiros &#8211; qui a le droit de possession adverse &#8211; a obtenu tous les documents n\u00e9cessaires pour entamer le processus l\u00e9galement, cela peut prendre de 15 \u00e0 20 ans pour obtenir ce document. Cela dit, dans le cadre du projet CLT, l&#8217;existence de ces lois est b\u00e9n\u00e9fique, car nous pouvons nous y r\u00e9f\u00e9rer, les adapter et les lier entre elles de certaines mani\u00e8res. Nous sommes tous d&#8217;accord pour dire que ces lois sont favorables, que les gens devraient obtenir leurs droits fonciers, que les gens de ces r\u00e9gions devraient \u00eatre trait\u00e9s d&#8217;une mani\u00e8re sp\u00e9ciale. Ce sont donc des choses qui font l&#8217;objet d&#8217;un dialogue constant, c&#8217;est certain. Par ailleurs, si quelqu&#8217;un dans l&#8217;assistance souhaite contacter Tarcyla Fidalgo, c&#8217;est l&#8217;avocate qui supervise le travail l\u00e9gislatif que nous effectuons ici \u00e0 Rio.                   <\/p>\n\n<p><strong>[Line]<\/strong>  Excellent, merci beaucoup. Je voudrais juste demander rapidement \u00e0 Mariangela si nous respectons le temps imparti. Nous avons plusieurs autres questions qui me semblent tr\u00e8s int\u00e9ressantes et je me demandais si nous pouvions d\u00e9passer le temps imparti de cinq minutes.  <\/p>\n\n<p><strong>[Mariangela]<\/strong>  Oui, nous pouvons prolonger de cinq minutes et j&#8217;esp\u00e8re que tout le monde sera d&#8217;accord pour rester cinq minutes de plus \u00e0 bord. J&#8217;esp\u00e8re donc que tout le monde sera d&#8217;accord pour rester cinq minutes de plus \u00e0 bord. <\/p>\n\n<p><strong>[Line]<\/strong>  Je vous remercie et j&#8217;aimerais passer \u00e0 la question suivante, celle de Richard Kruger Delgado, qui vient lui aussi de Porto Rico. Je pense qu&#8217;il demande : quels ont \u00e9t\u00e9 les d\u00e9fis rencontr\u00e9s lors de la communication, de l&#8217;\u00e9ducation des r\u00e9sidents et des partenaires du gouvernement local au sujet du mod\u00e8le CLT ? Quelles ont \u00e9t\u00e9 les principales pr\u00e9occupations des r\u00e9sidents et celles des collectivit\u00e9s locales partenaires ? En fait, cela pourrait \u00eatre int\u00e9ressant si Khalid pouvait dire quelque chose \u00e0 ce sujet ?   <\/p>\n\n<p><strong>[Khalid]<\/strong>  Oui, c&#8217;est une question importante selon nous. En effet, lorsque nous avons commenc\u00e9 \u00e0 parler du CLT avec les habitants du camp, nous avons d&#8217;abord organis\u00e9 quatre types de groupes de discussion avec les hommes, les femmes, les jeunes, les filles et les gar\u00e7ons. Ainsi, lorsque nous avons discut\u00e9 du CLT, il s&#8217;agissait d&#8217;un nouveau concept pour eux. Ils se sentent menac\u00e9s parce qu&#8217;ils vivent dans cet endroit et qu&#8217;ils sont souvent confront\u00e9s \u00e0 l&#8217;expulsion par le gouvernement. Alors, ils nous demandent simplement si c&#8217;est la voie de l&#8217;expulsion. Si vous allez jusqu&#8217;au bout, nous serons peut-\u00eatre expuls\u00e9s par le gouvernement. C&#8217;est ce genre de questions qu&#8217;ils soul\u00e8vent. Et la chose la plus importante qu&#8217;ils soul\u00e8vent, c&#8217;est que leurs moyens de subsistance sont compl\u00e8tement li\u00e9s \u00e0 cet endroit. Les gens vivent dans une zone urbaine. Si ce type de projet est mis en \u0153uvre \u00e0 l&#8217;ext\u00e9rieur du camp et de la ville, ce sera un v\u00e9ritable d\u00e9fi pour eux, car leurs moyens de subsistance sont enti\u00e8rement bas\u00e9s sur cette zone environnante. De plus, ils pensent qu&#8217;ils ont investi beaucoup d&#8217;argent en ce moment. Dans le camp de Gen\u00e8ve, la plupart des gens ont construit un b\u00e2timent structurel et ont investi pr\u00e8s de 500 000 taka. Ils craignent que si nous adoptons ce mod\u00e8le CLT, nous perdions l&#8217;argent que nous avons investi. C&#8217;est donc \u00e0 ce type de menace que nous sommes confront\u00e9s et les membres de la communaut\u00e9 y r\u00e9fl\u00e9chissent. Mais nous ne sommes pas en contact avec le gouvernement local pour l&#8217;instant, et nous n&#8217;avons donc aucune id\u00e9e de leurs pr\u00e9occupations. Nous esp\u00e9rons donc que la prochaine fois, nous impliquerons \u00e9galement les autorit\u00e9s locales et que nous pourrons ainsi observer leur exp\u00e9rience. Je vous remercie de votre attention.                <\/p>\n\n<p><strong>[Line]<\/strong>  Merci beaucoup Khalid. Il y a une autre question qui est tr\u00e8s li\u00e9e \u00e0 ce dont nous venons de parler, je vous propose donc de passer \u00e0 une autre question. Je vois \u00e9galement que notre coll\u00e8gue Geoffrey Payne a pos\u00e9 la question dans la bo\u00eete de dialogue. Dans quelle mesure, demande-t-il, l&#8217;expansion des CLT dans un pays donn\u00e9 n\u00e9cessite-t-elle un cadre juridique en plus du soutien de la communaut\u00e9 locale ? C&#8217;est une question tr\u00e8s importante, je pense, et nous en avons beaucoup discut\u00e9 au sein de nos r\u00e9seaux. Je ne sais pas si Mariolga peut nous en dire plus \u00e0 ce sujet.     <\/p>\n\n<p><strong>[Mariolga]<\/strong>  La premi\u00e8re chose \u00e0 faire est de se poser la question suivante : avez-vous besoin d&#8217;une l\u00e9gislation ? Il est n\u00e9cessaire de le faire ou vous avez un cadre juridique ou vous avez des politiques existantes que vous pouvez en espagnol &#8220;amarrar&#8221; &#8211; tourner les aiguillages, et faire un processus de r\u00e9clamation avec la l\u00e9gislation existante. Je pense que la premi\u00e8re chose \u00e0 faire est d&#8217;analyser si cette \u00e9tape est n\u00e9cessaire ou non. Et selon cette analyse, qui est tr\u00e8s particuli\u00e8re \u00e0 chaque contexte, il n&#8217;y a pas de r\u00e9ponse g\u00e9n\u00e9rale. Dans notre cas, \u00e0 Porto Rico, nous ne disposions pas d&#8217;un cadre qui nous permettait de faire les choses que les gens concevaient dans le processus de planification participative et nous n&#8217;avions pas de loi ou de cadre similaire au mod\u00e8le CLT. Nous avons donc d\u00fb \u00e9laborer une l\u00e9gislation \u00e0 cet effet. Mais dans d&#8217;autres contextes, il se peut que vous disposiez d\u00e9j\u00e0 d&#8217;une l\u00e9gislation existante et qu&#8217;il vous suffise d&#8217;une grande strat\u00e9gie pour la mettre au service de la population. Je ne sais pas si cela r\u00e9pond \u00e0 votre question       <\/p>\n\n<p><strong>[Line]<\/strong>  D\u00e9finitivement. Don Caraballo, si vous \u00eates encore l\u00e0, peut-\u00eatre voudriez-vous ajouter quelque chose ? Je ne sais pas si la connexion est bonne&#8230; si ce n&#8217;est pas le cas, nous pouvons passer \u00e0 la question suivante&#8230;. oh pardon, passons \u00e0 la question suivante. Peut-\u00eatre et si Caraballo est encore l\u00e0, n&#8217;h\u00e9sitez pas \u00e0 intervenir. La question suivante est, laissez-moi voir, je veux la poser \u00e0 tous les pan\u00e9listes : le d\u00e9veloppement du logement, les demandes publiques, ou ces mots qui sonnent bien, sont-ils toujours la raison principale de l&#8217;expulsion ? ils sont presque toujours la raison principale de l&#8217;expulsion dans tous les pays. D&#8217;un autre c\u00f4t\u00e9, nous savons tous que prendre le droit de quelqu&#8217;un sans son consentement est contraire aux droits de l&#8217;homme, mais qui punira le gouvernement ou la loi elle-m\u00eame ?       <\/p>\n\n<p><strong>[Mariangela]<\/strong>  Line, je suis vraiment d\u00e9sol\u00e9e de devoir vous interrompre, bien que la question soit tr\u00e8s int\u00e9ressante, mais elle va d\u00e9passer le temps imparti. Je m&#8217;excuse donc aupr\u00e8s de la personne qui a pos\u00e9 une question int\u00e9ressante, mais nous allons conclure. <\/p>\n\n<p><strong>[Line]<\/strong>  Il y a d&#8217;ailleurs quelques autres questions, mais nous pourrions y r\u00e9pondre plus tard par \u00e9crit, ou bien nous pourrions organiser un webinaire de suivi \u00e0 un moment donn\u00e9. Mais en fait, je vais passer la parole \u00e0 Mariangela. Malheureusement, nous n&#8217;avons pas le temps de r\u00e9pondre aux autres questions. Je passe la parole \u00e0 Mariangela pour quelques remarques finales. Je vous remercie de votre attention.    <\/p>\n\n<p><strong>[Mariangela]<\/strong>  Merci beaucoup Line. Oui, c&#8217;est une t\u00e2che tr\u00e8s difficile et frustrante que de mettre un terme \u00e0 un d\u00e9bat quand on sait qu&#8217;il y a encore tant de choses int\u00e9ressantes \u00e0 dire. Mais je voulais vraiment remercier tous les intervenants d&#8217;avoir partag\u00e9 leur exp\u00e9rience, ainsi que les r\u00e9sidents qui ont pu apporter leur contribution par vid\u00e9o, et c&#8217;est formidable que nous ayons pu entendre un peu Jos\u00e9 Caraballo. Malheureusement, nous n&#8217;avons pas pu l&#8217;entendre autant que nous le souhaitions aujourd&#8217;hui, mais c&#8217;est aussi un moyen d&#8217;en savoir un peu plus. Merci beaucoup \u00e0 Line d&#8217;avoir si bien coordonn\u00e9 l&#8217;ensemble, ainsi qu&#8217;aux participants venus du monde entier pour se connecter aujourd&#8217;hui. C&#8217;est un plaisir de vous recevoir. Je tiens \u00e9galement \u00e0 remercier mes coll\u00e8gues Celeste et Mariana, ainsi que notre \u00e9quipe de communication, Ed et Elena, qui ont travaill\u00e9 dans l&#8217;ombre pour que cet \u00e9v\u00e9nement ait lieu. Je remercie \u00e9galement nos partenaires du r\u00e9seau CoHabitat, en particulier urbaMonde Cooperative Housing International et le Center for CLT Innovation, qui nous ont tous beaucoup aid\u00e9s \u00e0 partager et \u00e0 organiser cet \u00e9v\u00e9nement. Et comme pour tout ce qui concerne le logement communautaire, les choses s&#8217;am\u00e9liorent toujours lorsque vous collaborez, et je pense que c&#8217;est un excellent exemple.        <\/p>\n\n<p>Nous venons de terminer, mais avant de nous quitter, je voulais vous faire part de quelques ressources que vous pourriez trouver int\u00e9ressantes sur les th\u00e8mes que nous avons abord\u00e9s aujourd&#8217;hui. Tout d&#8217;abord, dans le chat, nous partagerons certains liens vers les sites web de toutes ces organisations sur la vid\u00e9o que j&#8217;ai mentionn\u00e9e afin que vous puissiez en savoir plus \u00e0 leur sujet, mais je voulais \u00e9galement mentionner le livre : On Common Ground : International Perspectives on the Community Land Trust&#8217; par le Center for CLT innovation qui est co-\u00e9dit\u00e9 par Line avec John Davis qui est pr\u00e9sent ici et Maria Hernandez-Torrales qui est \u00e9galement impliqu\u00e9e dans le Ca\u00f1o Mart\u00edn Pe\u00f1a Community Land Trust. Tous les projets pr\u00e9sent\u00e9s lors de ce webinaire sont d\u00e9crits dans ce livre, ainsi que de nombreux autres community land trusts du monde entier qui sont implant\u00e9s dans des lieux et des contextes diff\u00e9rents et qui abordent des questions diff\u00e9rentes. On y trouve \u00e9galement des syst\u00e8mes qui fonctionnent essentiellement comme des Community Land Trusts, mais qui peuvent \u00eatre des syst\u00e8mes traditionnels qui ne se qualifient pas eux-m\u00eames de Community Land Trust, mais qui font plus ou moins la m\u00eame chose. Si vous souhaitez en savoir plus sur ces syst\u00e8mes, c&#8217;est l&#8217;endroit id\u00e9al pour le faire. Il regorge de joyaux en mati\u00e8re de logement g\u00e9r\u00e9 par les communaut\u00e9s. De mani\u00e8re g\u00e9n\u00e9rale, le site web du Center for CLT Innovation regorge de vid\u00e9os, de mises \u00e0 jour et de ressources. Si vous souhaitez en savoir plus sur ce qui se passe dans le monde en mati\u00e8re de CLT, c&#8217;est \u00e9galement un bon endroit pour le faire. Je voulais \u00e9galement vous encourager \u00e0 vous inscrire \u00e0 la lettre d&#8217;information de World Habitat &#8211; si vous allez sur notre site web, vous pouvez vous inscrire en bas de la page. En particulier, nous collaborons avec tous les projets ici, vous pourrez donc en savoir plus sur eux. Nous publions \u00e9galement un rapport d&#8217;impact pour le Programme mondial de logement pilot\u00e9 par les communaut\u00e9s. Vous pourrez donc en savoir plus sur ces partenariats et sur d&#8217;autres dans ce rapport qui devrait \u00eatre publi\u00e9 d&#8217;ici quelques semaines. Enfin, je voulais \u00e9galement mentionner le r\u00e9seau CoHabitat, qui constitue un excellent moyen d&#8217;entrer en contact avec les Community Land Trusts et d&#8217;autres projets de logement g\u00e9r\u00e9s par la communaut\u00e9, tels que les coop\u00e9ratives, les exp\u00e9riences d&#8217;\u00e9pargne communautaire, et bien d&#8217;autres choses encore. Je vous recommande donc d&#8217;y jeter un coup d&#8217;\u0153il \u00e9galement. C&#8217;est tout pour aujourd&#8217;hui. Merci beaucoup d&#8217;avoir \u00e9t\u00e9 parmi nous. Cet \u00e9v\u00e9nement a \u00e9t\u00e9 enregistr\u00e9 et sera disponible sur la cha\u00eene YouTube de World Habitat plus ou moins demain ou en tout cas tr\u00e8s bient\u00f4t. Merci \u00e0 tous, bonne chance et au plaisir de vous retrouver \u00e0 l&#8217;avenir.               <\/p>\n\n<p><strong>[Everyone]<\/strong>  Merci et au revoir \u00e0 tous !<\/p>\n","protected":false},"excerpt":{"rendered":"<p>Le 29 octobre 2020, World Habitat a organis\u00e9 une table ronde sur le r\u00f4le des fiducies fonci\u00e8res communautaires dans la garantie des droits fonciers des habitants des quartiers informels. Les pan\u00e9listes \u00e9taient les suivants : Mariolga Juli\u00e1 Pacheco et Don Jos\u00e9 Caraballo, du CLT Ca\u00f1o Mart\u00edn Pe\u00f1a, Porto Rico ; Theresa Williamson, du Favela CLT \/ Catalytic Communities, Br\u00e9sil ; et Khalid Hussain et Rabeya Rahman, du Community-Led Development of the Urdu-Speaking Bihari Camps, Bangladesh. La mod\u00e9ratrice \u00e9tait Line Algoed du Center for CLT Innovation (et co-\u00e9ditrice de On Common Ground : International Perspectives of Community Land Trusts). L&#8217;animatrice \u00e9tait Mariangela Veronesi, responsable du programme &#8220;Global Community-led Housing&#8221;, World Habitat.   <\/p>\n","protected":false},"author":1,"featured_media":0,"parent":4034,"menu_order":0,"comment_status":"closed","ping_status":"closed","template":"","meta":{"give_campaign_id":0,"_tec_requires_first_save":true,"_kad_blocks_custom_css":"","_kad_blocks_head_custom_js":"","_kad_blocks_body_custom_js":"","_kad_blocks_footer_custom_js":"","_EventAllDay":false,"_EventTimezone":"","_EventStartDate":"","_EventEndDate":"","_EventStartDateUTC":"","_EventEndDateUTC":"","_EventShowMap":false,"_EventShowMapLink":false,"_EventURL":"","_EventCost":"","_EventCostDescription":"","_EventCurrencySymbol":"","_EventCurrencyCode":"","_EventCurrencyPosition":"","_EventDateTimeSeparator":"","_EventTimeRangeSeparator":"","_EventOrganizerID":[],"_EventVenueID":[],"_OrganizerEmail":"","_OrganizerPhone":"","_OrganizerWebsite":"","_VenueAddress":"","_VenueCity":"","_VenueCountry":"","_VenueProvince":"","_VenueState":"","_VenueZip":"","_VenuePhone":"","_VenueURL":"","_VenueStateProvince":"","_VenueLat":"","_VenueLng":"","_VenueShowMap":false,"_VenueShowMapLink":false,"_tribe_blocks_recurrence_rules":"","_tribe_blocks_recurrence_description":"","_tribe_blocks_recurrence_exclusions":"","footnotes":""},"categories":[208],"tags":[],"class_list":["post-4467","page","type-page","status-publish","hentry","category-interviews-fr"],"blocksy_meta":[],"yoast_head":"<!-- This site is optimized with the Yoast SEO Premium plugin v27.4 (Yoast SEO v27.5) - https:\/\/yoast.com\/product\/yoast-seo-premium-wordpress\/ -->\n<title>Garantir les droits fonciers : Les CLT dans les \u00e9tablissements informels (2020) - International Center for Community Land Trusts<\/title>\n<meta name=\"robots\" content=\"index, follow, max-snippet:-1, max-image-preview:large, max-video-preview:-1\" \/>\n<link rel=\"canonical\" href=\"https:\/\/www.cltweb.org\/fr\/bibliotheque-de-ressources\/interviews\/garantir-les-droits-fonciers-les-clt-dans-les-etablissements-informels-2020\/\" \/>\n<meta property=\"og:locale\" content=\"fr_FR\" \/>\n<meta property=\"og:type\" content=\"article\" \/>\n<meta property=\"og:title\" content=\"Garantir les droits fonciers : Les CLT dans les \u00e9tablissements informels (2020)\" \/>\n<meta property=\"og:description\" content=\"Le 29 octobre 2020, World Habitat a organis\u00e9 une table ronde sur le r\u00f4le des fiducies fonci\u00e8res communautaires dans la garantie des droits fonciers des habitants des quartiers informels. Les pan\u00e9listes \u00e9taient les suivants : Mariolga Juli\u00e1 Pacheco et Don Jos\u00e9 Caraballo, du CLT Ca\u00f1o Mart\u00edn Pe\u00f1a, Porto Rico ; Theresa Williamson, du Favela CLT \/ Catalytic Communities, Br\u00e9sil ; et Khalid Hussain et Rabeya Rahman, du Community-Led Development of the Urdu-Speaking Bihari Camps, Bangladesh. La mod\u00e9ratrice \u00e9tait Line Algoed du Center for CLT Innovation (et co-\u00e9ditrice de On Common Ground : International Perspectives of Community Land Trusts). L&#039;animatrice \u00e9tait Mariangela Veronesi, responsable du programme &quot;Global Community-led Housing&quot;, World Habitat.\" \/>\n<meta property=\"og:url\" content=\"https:\/\/www.cltweb.org\/fr\/bibliotheque-de-ressources\/interviews\/garantir-les-droits-fonciers-les-clt-dans-les-etablissements-informels-2020\/\" \/>\n<meta property=\"og:site_name\" content=\"International Center for Community Land Trusts\" \/>\n<meta property=\"article:publisher\" content=\"https:\/\/www.facebook.com\/cltcenter\" \/>\n<meta property=\"article:modified_time\" content=\"2024-10-22T20:46:48+00:00\" \/>\n<meta name=\"twitter:card\" content=\"summary_large_image\" \/>\n<meta name=\"twitter:site\" content=\"@Center4CLTs\" \/>\n<meta name=\"twitter:label1\" content=\"Dur\u00e9e de lecture estim\u00e9e\" \/>\n\t<meta name=\"twitter:data1\" content=\"78 minutes\" \/>\n<script type=\"application\/ld+json\" class=\"yoast-schema-graph\">{\"@context\":\"https:\\\/\\\/schema.org\",\"@graph\":[{\"@type\":\"WebPage\",\"@id\":\"https:\\\/\\\/www.cltweb.org\\\/fr\\\/bibliotheque-de-ressources\\\/interviews\\\/garantir-les-droits-fonciers-les-clt-dans-les-etablissements-informels-2020\\\/\",\"url\":\"https:\\\/\\\/www.cltweb.org\\\/fr\\\/bibliotheque-de-ressources\\\/interviews\\\/garantir-les-droits-fonciers-les-clt-dans-les-etablissements-informels-2020\\\/\",\"name\":\"Garantir les droits fonciers : Les CLT dans les \u00e9tablissements informels (2020) - International Center for Community Land Trusts\",\"isPartOf\":{\"@id\":\"https:\\\/\\\/www.cltweb.org\\\/fr\\\/#website\"},\"datePublished\":\"2024-10-22T20:00:57+00:00\",\"dateModified\":\"2024-10-22T20:46:48+00:00\",\"breadcrumb\":{\"@id\":\"https:\\\/\\\/www.cltweb.org\\\/fr\\\/bibliotheque-de-ressources\\\/interviews\\\/garantir-les-droits-fonciers-les-clt-dans-les-etablissements-informels-2020\\\/#breadcrumb\"},\"inLanguage\":\"fr-FR\",\"potentialAction\":[{\"@type\":\"ReadAction\",\"target\":[\"https:\\\/\\\/www.cltweb.org\\\/fr\\\/bibliotheque-de-ressources\\\/interviews\\\/garantir-les-droits-fonciers-les-clt-dans-les-etablissements-informels-2020\\\/\"]}]},{\"@type\":\"BreadcrumbList\",\"@id\":\"https:\\\/\\\/www.cltweb.org\\\/fr\\\/bibliotheque-de-ressources\\\/interviews\\\/garantir-les-droits-fonciers-les-clt-dans-les-etablissements-informels-2020\\\/#breadcrumb\",\"itemListElement\":[{\"@type\":\"ListItem\",\"position\":1,\"name\":\"Home\",\"item\":\"https:\\\/\\\/www.cltweb.org\\\/fr\\\/\"},{\"@type\":\"ListItem\",\"position\":2,\"name\":\"Biblioth\u00e8que de ressources\",\"item\":\"https:\\\/\\\/www.cltweb.org\\\/fr\\\/bibliotheque-de-ressources\\\/\"},{\"@type\":\"ListItem\",\"position\":3,\"name\":\"Interviews\",\"item\":\"https:\\\/\\\/www.cltweb.org\\\/fr\\\/bibliotheque-de-ressources\\\/interviews\\\/\"},{\"@type\":\"ListItem\",\"position\":4,\"name\":\"Garantir les droits fonciers : Les CLT dans les \u00e9tablissements informels (2020)\"}]},{\"@type\":\"WebSite\",\"@id\":\"https:\\\/\\\/www.cltweb.org\\\/fr\\\/#website\",\"url\":\"https:\\\/\\\/www.cltweb.org\\\/fr\\\/\",\"name\":\"International Center for Community Land Trusts\",\"description\":\"\",\"publisher\":{\"@id\":\"https:\\\/\\\/www.cltweb.org\\\/fr\\\/#organization\"},\"potentialAction\":[{\"@type\":\"SearchAction\",\"target\":{\"@type\":\"EntryPoint\",\"urlTemplate\":\"https:\\\/\\\/www.cltweb.org\\\/fr\\\/?s={search_term_string}\"},\"query-input\":{\"@type\":\"PropertyValueSpecification\",\"valueRequired\":true,\"valueName\":\"search_term_string\"}}],\"inLanguage\":\"fr-FR\"},{\"@type\":\"Organization\",\"@id\":\"https:\\\/\\\/www.cltweb.org\\\/fr\\\/#organization\",\"name\":\"International Center for Community Land Trusts\",\"url\":\"https:\\\/\\\/www.cltweb.org\\\/fr\\\/\",\"logo\":{\"@type\":\"ImageObject\",\"inLanguage\":\"fr-FR\",\"@id\":\"https:\\\/\\\/www.cltweb.org\\\/fr\\\/#\\\/schema\\\/logo\\\/image\\\/\",\"url\":\"https:\\\/\\\/www.cltweb.org\\\/wp-content\\\/uploads\\\/2024\\\/11\\\/New-CLT-Center-Text-logo.png\",\"contentUrl\":\"https:\\\/\\\/www.cltweb.org\\\/wp-content\\\/uploads\\\/2024\\\/11\\\/New-CLT-Center-Text-logo.png\",\"width\":227,\"height\":80,\"caption\":\"International Center for Community Land Trusts\"},\"image\":{\"@id\":\"https:\\\/\\\/www.cltweb.org\\\/fr\\\/#\\\/schema\\\/logo\\\/image\\\/\"},\"sameAs\":[\"https:\\\/\\\/www.facebook.com\\\/cltcenter\",\"https:\\\/\\\/x.com\\\/Center4CLTs\",\"https:\\\/\\\/www.instagram.com\\\/cltcenter\\\/\",\"https:\\\/\\\/www.linkedin.com\\\/company\\\/cltcenter\",\"https:\\\/\\\/www.youtube.com\\\/@centerforcltinnovation5313\"],\"description\":\"The International Center for Community Land Trusts is a not-for-profit nongovernmental organization established in 2018 to promote and to support community land trusts and similar strategies of community-led development on community-owned land in countries throughout the world.\",\"email\":\"info@communitylandtrust.net\",\"legalName\":\"International Center for Community Land Trusts\",\"foundingDate\":\"2018-12-01\",\"taxID\":\"84-3858933\",\"numberOfEmployees\":{\"@type\":\"QuantitativeValue\",\"minValue\":\"1\",\"maxValue\":\"10\"}}]}<\/script>\n<!-- \/ Yoast SEO Premium plugin. -->","yoast_head_json":{"title":"Garantir les droits fonciers : Les CLT dans les \u00e9tablissements informels (2020) - International Center for Community Land Trusts","robots":{"index":"index","follow":"follow","max-snippet":"max-snippet:-1","max-image-preview":"max-image-preview:large","max-video-preview":"max-video-preview:-1"},"canonical":"https:\/\/www.cltweb.org\/fr\/bibliotheque-de-ressources\/interviews\/garantir-les-droits-fonciers-les-clt-dans-les-etablissements-informels-2020\/","og_locale":"fr_FR","og_type":"article","og_title":"Garantir les droits fonciers : Les CLT dans les \u00e9tablissements informels (2020)","og_description":"Le 29 octobre 2020, World Habitat a organis\u00e9 une table ronde sur le r\u00f4le des fiducies fonci\u00e8res communautaires dans la garantie des droits fonciers des habitants des quartiers informels. Les pan\u00e9listes \u00e9taient les suivants : Mariolga Juli\u00e1 Pacheco et Don Jos\u00e9 Caraballo, du CLT Ca\u00f1o Mart\u00edn Pe\u00f1a, Porto Rico ; Theresa Williamson, du Favela CLT \/ Catalytic Communities, Br\u00e9sil ; et Khalid Hussain et Rabeya Rahman, du Community-Led Development of the Urdu-Speaking Bihari Camps, Bangladesh. La mod\u00e9ratrice \u00e9tait Line Algoed du Center for CLT Innovation (et co-\u00e9ditrice de On Common Ground : International Perspectives of Community Land Trusts). L'animatrice \u00e9tait Mariangela Veronesi, responsable du programme \"Global Community-led Housing\", World Habitat.","og_url":"https:\/\/www.cltweb.org\/fr\/bibliotheque-de-ressources\/interviews\/garantir-les-droits-fonciers-les-clt-dans-les-etablissements-informels-2020\/","og_site_name":"International Center for Community Land Trusts","article_publisher":"https:\/\/www.facebook.com\/cltcenter","article_modified_time":"2024-10-22T20:46:48+00:00","twitter_card":"summary_large_image","twitter_site":"@Center4CLTs","twitter_misc":{"Dur\u00e9e de lecture estim\u00e9e":"78 minutes"},"schema":{"@context":"https:\/\/schema.org","@graph":[{"@type":"WebPage","@id":"https:\/\/www.cltweb.org\/fr\/bibliotheque-de-ressources\/interviews\/garantir-les-droits-fonciers-les-clt-dans-les-etablissements-informels-2020\/","url":"https:\/\/www.cltweb.org\/fr\/bibliotheque-de-ressources\/interviews\/garantir-les-droits-fonciers-les-clt-dans-les-etablissements-informels-2020\/","name":"Garantir les droits fonciers : Les CLT dans les \u00e9tablissements informels (2020) - International Center for Community Land Trusts","isPartOf":{"@id":"https:\/\/www.cltweb.org\/fr\/#website"},"datePublished":"2024-10-22T20:00:57+00:00","dateModified":"2024-10-22T20:46:48+00:00","breadcrumb":{"@id":"https:\/\/www.cltweb.org\/fr\/bibliotheque-de-ressources\/interviews\/garantir-les-droits-fonciers-les-clt-dans-les-etablissements-informels-2020\/#breadcrumb"},"inLanguage":"fr-FR","potentialAction":[{"@type":"ReadAction","target":["https:\/\/www.cltweb.org\/fr\/bibliotheque-de-ressources\/interviews\/garantir-les-droits-fonciers-les-clt-dans-les-etablissements-informels-2020\/"]}]},{"@type":"BreadcrumbList","@id":"https:\/\/www.cltweb.org\/fr\/bibliotheque-de-ressources\/interviews\/garantir-les-droits-fonciers-les-clt-dans-les-etablissements-informels-2020\/#breadcrumb","itemListElement":[{"@type":"ListItem","position":1,"name":"Home","item":"https:\/\/www.cltweb.org\/fr\/"},{"@type":"ListItem","position":2,"name":"Biblioth\u00e8que de ressources","item":"https:\/\/www.cltweb.org\/fr\/bibliotheque-de-ressources\/"},{"@type":"ListItem","position":3,"name":"Interviews","item":"https:\/\/www.cltweb.org\/fr\/bibliotheque-de-ressources\/interviews\/"},{"@type":"ListItem","position":4,"name":"Garantir les droits fonciers : Les CLT dans les \u00e9tablissements informels (2020)"}]},{"@type":"WebSite","@id":"https:\/\/www.cltweb.org\/fr\/#website","url":"https:\/\/www.cltweb.org\/fr\/","name":"International Center for Community Land Trusts","description":"","publisher":{"@id":"https:\/\/www.cltweb.org\/fr\/#organization"},"potentialAction":[{"@type":"SearchAction","target":{"@type":"EntryPoint","urlTemplate":"https:\/\/www.cltweb.org\/fr\/?s={search_term_string}"},"query-input":{"@type":"PropertyValueSpecification","valueRequired":true,"valueName":"search_term_string"}}],"inLanguage":"fr-FR"},{"@type":"Organization","@id":"https:\/\/www.cltweb.org\/fr\/#organization","name":"International Center for Community Land Trusts","url":"https:\/\/www.cltweb.org\/fr\/","logo":{"@type":"ImageObject","inLanguage":"fr-FR","@id":"https:\/\/www.cltweb.org\/fr\/#\/schema\/logo\/image\/","url":"https:\/\/www.cltweb.org\/wp-content\/uploads\/2024\/11\/New-CLT-Center-Text-logo.png","contentUrl":"https:\/\/www.cltweb.org\/wp-content\/uploads\/2024\/11\/New-CLT-Center-Text-logo.png","width":227,"height":80,"caption":"International Center for Community Land Trusts"},"image":{"@id":"https:\/\/www.cltweb.org\/fr\/#\/schema\/logo\/image\/"},"sameAs":["https:\/\/www.facebook.com\/cltcenter","https:\/\/x.com\/Center4CLTs","https:\/\/www.instagram.com\/cltcenter\/","https:\/\/www.linkedin.com\/company\/cltcenter","https:\/\/www.youtube.com\/@centerforcltinnovation5313"],"description":"The International Center for Community Land Trusts is a not-for-profit nongovernmental organization established in 2018 to promote and to support community land trusts and similar strategies of community-led development on community-owned land in countries throughout the world.","email":"info@communitylandtrust.net","legalName":"International Center for Community Land Trusts","foundingDate":"2018-12-01","taxID":"84-3858933","numberOfEmployees":{"@type":"QuantitativeValue","minValue":"1","maxValue":"10"}}]}},"campaignId":"","taxonomy_info":{"category":[{"value":208,"label":"Interviews"}]},"featured_image_src_large":false,"author_info":{"display_name":"cltredesign_0jp0l4","author_link":"https:\/\/www.cltweb.org\/fr\/author\/cltredesign_0jp0l4\/"},"comment_info":0,"jetpack_sharing_enabled":true,"jetpack-related-posts":[{"id":1589,"url":"https:\/\/www.cltweb.org\/fr\/terra-nostra-press\/catalogue\/fonds-fonciers-communautaires-et-etablissements-informels-dans-les-pays-du-sud\/","url_meta":{"origin":4467,"position":0},"title":"Fonds fonciers communautaires et \u00e9tablissements informels dans les pays du Sud","author":"cltredesign_0jp0l4","date":"29 juillet 2024","format":false,"excerpt":"Disponible d\u00e8s maintenant dans le monde entier, 158 pages.PAPERBACK ISBN 9781736275917 $15.00 USEBOOK ISBN 9781736275924 $5.00 US Les ONG peuvent b\u00e9n\u00e9ficier de remises sur les commandes en gros. Pour plus d'informations et pour passer votre commande, consultez notre page sur les commandes group\u00e9es. Fiducies fonci\u00e8res communautaires et \u00e9tablissements informels dans\u2026","rel":"","context":"Dans &quot;Catalogue&quot;","block_context":{"text":"Catalogue","link":"https:\/\/www.cltweb.org\/fr\/category\/catalogue\/"},"img":{"alt_text":"Global South Book Cover","src":"https:\/\/i0.wp.com\/www.cltweb.org\/wp-content\/uploads\/2024\/10\/Global-South-Cover.jpg?resize=350%2C200&ssl=1","width":350,"height":200,"srcset":"https:\/\/i0.wp.com\/www.cltweb.org\/wp-content\/uploads\/2024\/10\/Global-South-Cover.jpg?resize=350%2C200&ssl=1 1x, https:\/\/i0.wp.com\/www.cltweb.org\/wp-content\/uploads\/2024\/10\/Global-South-Cover.jpg?resize=525%2C300&ssl=1 1.5x, https:\/\/i0.wp.com\/www.cltweb.org\/wp-content\/uploads\/2024\/10\/Global-South-Cover.jpg?resize=700%2C400&ssl=1 2x, https:\/\/i0.wp.com\/www.cltweb.org\/wp-content\/uploads\/2024\/10\/Global-South-Cover.jpg?resize=1050%2C600&ssl=1 3x, https:\/\/i0.wp.com\/www.cltweb.org\/wp-content\/uploads\/2024\/10\/Global-South-Cover.jpg?resize=1400%2C800&ssl=1 4x"},"classes":[]},{"id":1598,"url":"https:\/\/www.cltweb.org\/fr\/terra-nostra-press\/catalogue\/applications-des-fonds-fonciers-communautaires-dans-les-quartiers-urbains\/","url_meta":{"origin":4467,"position":1},"title":"Applications des fonds fonciers communautaires dans les quartiers urbains","author":"cltredesign_0jp0l4","date":"29 juillet 2024","format":false,"excerpt":"Disponible d\u00e8s maintenant dans le monde entier, 110 pages.PAPERBACK ISBN 9781734403077 $15.00 USEBOOK ISBN 9781734403084 $5.00 US Les ONG peuvent b\u00e9n\u00e9ficier de remises sur les commandes en gros. Pour plus d'informations et pour passer votre commande, consultez notre page sur les commandes group\u00e9es. Les huit essais contenus dans cette monographie\u2026","rel":"","context":"Dans &quot;Catalogue&quot;","block_context":{"text":"Catalogue","link":"https:\/\/www.cltweb.org\/fr\/category\/catalogue\/"},"img":{"alt_text":"Book Cover for Urban Applications","src":"https:\/\/i0.wp.com\/www.cltweb.org\/wp-content\/uploads\/2024\/10\/Urban-Applications-Cover.jpg?resize=350%2C200&ssl=1","width":350,"height":200,"srcset":"https:\/\/i0.wp.com\/www.cltweb.org\/wp-content\/uploads\/2024\/10\/Urban-Applications-Cover.jpg?resize=350%2C200&ssl=1 1x, https:\/\/i0.wp.com\/www.cltweb.org\/wp-content\/uploads\/2024\/10\/Urban-Applications-Cover.jpg?resize=525%2C300&ssl=1 1.5x, https:\/\/i0.wp.com\/www.cltweb.org\/wp-content\/uploads\/2024\/10\/Urban-Applications-Cover.jpg?resize=700%2C400&ssl=1 2x, https:\/\/i0.wp.com\/www.cltweb.org\/wp-content\/uploads\/2024\/10\/Urban-Applications-Cover.jpg?resize=1050%2C600&ssl=1 3x, https:\/\/i0.wp.com\/www.cltweb.org\/wp-content\/uploads\/2024\/10\/Urban-Applications-Cover.jpg?resize=1400%2C800&ssl=1 4x"},"classes":[]},{"id":857,"url":"https:\/\/www.cltweb.org\/fr\/a-propos-de-nous\/lhistoire\/","url_meta":{"origin":4467,"position":2},"title":"Notre histoire","author":"cltredesign_0jp0l4","date":"26 juillet 2024","format":false,"excerpt":"Une chronologie de l'\u00e9volution du mouvement CLT international.","rel":"","context":"Dans &quot;A propos de nous&quot;","block_context":{"text":"A propos de nous","link":"https:\/\/www.cltweb.org\/fr\/category\/a-propos-de-nous\/"},"img":{"alt_text":"","src":"","width":0,"height":0},"classes":[]},{"id":779,"url":"https:\/\/www.cltweb.org\/fr\/programmes-et-projets\/initiative-clt-dans-le-sud\/","url_meta":{"origin":4467,"position":3},"title":"Initiative de fiducie fonci\u00e8re communautaire dans les pays du Sud","author":"cltredesign_0jp0l4","date":"26 juillet 2024","format":false,"excerpt":"Faire progresser le droit au logement et la propri\u00e9t\u00e9 collective dans les pays du Sud Vue d'ensemble La s\u00e9curit\u00e9 des terres et des logements est un droit de l'homme - et une lutte mondiale. Dans toute l'Afrique, l'Asie, l'Am\u00e9rique latine et les Cara\u00efbes, les communaut\u00e9s construisent des mouvements puissants pour\u2026","rel":"","context":"Dans &quot;Programmes et projets&quot;","block_context":{"text":"Programmes et projets","link":"https:\/\/www.cltweb.org\/fr\/category\/programmes-et-projets\/"},"img":{"alt_text":"","src":"","width":0,"height":0},"classes":[]},{"id":1629,"url":"https:\/\/www.cltweb.org\/fr\/terra-nostra-press\/catalogue\/sur-un-terrain-dentente-perspectives-internationales-sur-le-community-land-trust\/","url_meta":{"origin":4467,"position":4},"title":"Sur un terrain d&#8217;entente","author":"cltredesign_0jp0l4","date":"29 juillet 2024","format":false,"excerpt":"On Common Ground : International Perspectives on the Community Land Trust est une collection de vingt-six essais originaux, r\u00e9dig\u00e9s par quarante-deux universitaires et praticiens d'une douzaine de pays, qui retracent la croissance et la diversification du mouvement international des community land trusts. Disponible d\u00e8s maintenant dans le monde entier502 p.,\u2026","rel":"","context":"Dans &quot;Catalogue&quot;","block_context":{"text":"Catalogue","link":"https:\/\/www.cltweb.org\/fr\/category\/catalogue\/"},"img":{"alt_text":"","src":"https:\/\/i0.wp.com\/www.cltweb.org\/wp-content\/uploads\/2024\/08\/On_Common_Ground_cover-scaled.jpg?resize=350%2C200&ssl=1","width":350,"height":200,"srcset":"https:\/\/i0.wp.com\/www.cltweb.org\/wp-content\/uploads\/2024\/08\/On_Common_Ground_cover-scaled.jpg?resize=350%2C200&ssl=1 1x, https:\/\/i0.wp.com\/www.cltweb.org\/wp-content\/uploads\/2024\/08\/On_Common_Ground_cover-scaled.jpg?resize=525%2C300&ssl=1 1.5x, https:\/\/i0.wp.com\/www.cltweb.org\/wp-content\/uploads\/2024\/08\/On_Common_Ground_cover-scaled.jpg?resize=700%2C400&ssl=1 2x, https:\/\/i0.wp.com\/www.cltweb.org\/wp-content\/uploads\/2024\/08\/On_Common_Ground_cover-scaled.jpg?resize=1050%2C600&ssl=1 3x, https:\/\/i0.wp.com\/www.cltweb.org\/wp-content\/uploads\/2024\/08\/On_Common_Ground_cover-scaled.jpg?resize=1400%2C800&ssl=1 4x"},"classes":[]},{"id":1862,"url":"https:\/\/www.cltweb.org\/fr\/bibliotheque-de-ressources\/rapports\/","url_meta":{"origin":4467,"position":5},"title":"Rapports","author":"cltredesign_0jp0l4","date":"26 juillet 2024","format":false,"excerpt":"L'accession \u00e0 la propri\u00e9t\u00e9 en fonds propres partag\u00e9s (2006) Par John Emmeus Davis, Institut national du logement La copropri\u00e9t\u00e9 garantit que les logements restent abordables \u00e0 long terme pour les m\u00e9nages \u00e0 faibles revenus en limitant la plus-value que le propri\u00e9taire peut conserver, pr\u00e9servant ainsi des logements abordables dans des\u2026","rel":"","context":"Dans &quot;Biblioth\u00e8que de ressources&quot;","block_context":{"text":"Biblioth\u00e8que de ressources","link":"https:\/\/www.cltweb.org\/fr\/category\/bibliotheque-de-ressources\/"},"img":{"alt_text":"","src":"","width":0,"height":0},"classes":[]}],"_links":{"self":[{"href":"https:\/\/www.cltweb.org\/fr\/wp-json\/wp\/v2\/pages\/4467","targetHints":{"allow":["GET"]}}],"collection":[{"href":"https:\/\/www.cltweb.org\/fr\/wp-json\/wp\/v2\/pages"}],"about":[{"href":"https:\/\/www.cltweb.org\/fr\/wp-json\/wp\/v2\/types\/page"}],"author":[{"embeddable":true,"href":"https:\/\/www.cltweb.org\/fr\/wp-json\/wp\/v2\/users\/1"}],"replies":[{"embeddable":true,"href":"https:\/\/www.cltweb.org\/fr\/wp-json\/wp\/v2\/comments?post=4467"}],"version-history":[{"count":1,"href":"https:\/\/www.cltweb.org\/fr\/wp-json\/wp\/v2\/pages\/4467\/revisions"}],"predecessor-version":[{"id":4468,"href":"https:\/\/www.cltweb.org\/fr\/wp-json\/wp\/v2\/pages\/4467\/revisions\/4468"}],"up":[{"embeddable":true,"href":"https:\/\/www.cltweb.org\/fr\/wp-json\/wp\/v2\/pages\/4034"}],"wp:attachment":[{"href":"https:\/\/www.cltweb.org\/fr\/wp-json\/wp\/v2\/media?parent=4467"}],"wp:term":[{"taxonomy":"category","embeddable":true,"href":"https:\/\/www.cltweb.org\/fr\/wp-json\/wp\/v2\/categories?post=4467"},{"taxonomy":"post_tag","embeddable":true,"href":"https:\/\/www.cltweb.org\/fr\/wp-json\/wp\/v2\/tags?post=4467"}],"curies":[{"name":"wp","href":"https:\/\/api.w.org\/{rel}","templated":true}]}}