{"id":808,"date":"2024-07-26T16:31:08","date_gmt":"2024-07-26T16:31:08","guid":{"rendered":"https:\/\/www.cltweb.org\/ce-que-font-les-clt\/equite-raciale\/"},"modified":"2024-07-26T16:31:08","modified_gmt":"2024-07-26T16:31:08","slug":"equite-raciale","status":"publish","type":"page","link":"https:\/\/www.cltweb.org\/fr\/ce-que-font-les-clt\/equite-raciale\/","title":{"rendered":"\u00c9quit\u00e9 raciale"},"content":{"rendered":"","protected":false},"excerpt":{"rendered":"","protected":false},"author":1,"featured_media":0,"parent":740,"menu_order":0,"comment_status":"closed","ping_status":"closed","template":"","meta":{"give_campaign_id":0,"_tec_requires_first_save":true,"_kad_blocks_custom_css":"","_kad_blocks_head_custom_js":"","_kad_blocks_body_custom_js":"","_kad_blocks_footer_custom_js":"","_EventAllDay":false,"_EventTimezone":"","_EventStartDate":"","_EventEndDate":"","_EventStartDateUTC":"","_EventEndDateUTC":"","_EventShowMap":false,"_EventShowMapLink":false,"_EventURL":"","_EventCost":"","_EventCostDescription":"","_EventCurrencySymbol":"","_EventCurrencyCode":"","_EventCurrencyPosition":"","_EventDateTimeSeparator":"","_EventTimeRangeSeparator":"","_EventOrganizerID":[],"_EventVenueID":[],"_OrganizerEmail":"","_OrganizerPhone":"","_OrganizerWebsite":"","_VenueAddress":"","_VenueCity":"","_VenueCountry":"","_VenueProvince":"","_VenueState":"","_VenueZip":"","_VenuePhone":"","_VenueURL":"","_VenueStateProvince":"","_VenueLat":"","_VenueLng":"","_VenueShowMap":false,"_VenueShowMapLink":false,"_tribe_blocks_recurrence_rules":"","_tribe_blocks_recurrence_description":"","_tribe_blocks_recurrence_exclusions":"","footnotes":""},"categories":[72],"tags":[],"class_list":["post-808","page","type-page","status-publish","hentry","category-ce-que-font-les-clt"],"blocksy_meta":[],"yoast_head":"<!-- This site is optimized with the Yoast SEO Premium plugin v27.4 (Yoast SEO v27.5) - https:\/\/yoast.com\/product\/yoast-seo-premium-wordpress\/ -->\n<title>\u00c9quit\u00e9 raciale - International Center for Community Land Trusts<\/title>\n<meta name=\"robots\" content=\"index, follow, max-snippet:-1, max-image-preview:large, max-video-preview:-1\" \/>\n<link rel=\"canonical\" href=\"https:\/\/www.cltweb.org\/fr\/ce-que-font-les-clt\/equite-raciale\/\" \/>\n<meta property=\"og:locale\" content=\"fr_FR\" \/>\n<meta property=\"og:type\" content=\"article\" \/>\n<meta property=\"og:title\" content=\"\u00c9quit\u00e9 raciale\" \/>\n<meta property=\"og:url\" content=\"https:\/\/www.cltweb.org\/fr\/ce-que-font-les-clt\/equite-raciale\/\" \/>\n<meta property=\"og:site_name\" content=\"International Center for Community Land Trusts\" \/>\n<meta property=\"article:publisher\" content=\"https:\/\/www.facebook.com\/cltcenter\" \/>\n<meta name=\"twitter:card\" content=\"summary_large_image\" \/>\n<meta name=\"twitter:site\" content=\"@Center4CLTs\" \/>\n<script type=\"application\/ld+json\" class=\"yoast-schema-graph\">{\"@context\":\"https:\\\/\\\/schema.org\",\"@graph\":[{\"@type\":\"WebPage\",\"@id\":\"https:\\\/\\\/www.cltweb.org\\\/fr\\\/ce-que-font-les-clt\\\/equite-raciale\\\/\",\"url\":\"https:\\\/\\\/www.cltweb.org\\\/fr\\\/ce-que-font-les-clt\\\/equite-raciale\\\/\",\"name\":\"\u00c9quit\u00e9 raciale - International Center for Community Land Trusts\",\"isPartOf\":{\"@id\":\"https:\\\/\\\/www.cltweb.org\\\/fr\\\/#website\"},\"datePublished\":\"2024-07-26T16:31:08+00:00\",\"breadcrumb\":{\"@id\":\"https:\\\/\\\/www.cltweb.org\\\/fr\\\/ce-que-font-les-clt\\\/equite-raciale\\\/#breadcrumb\"},\"inLanguage\":\"fr-FR\",\"potentialAction\":[{\"@type\":\"ReadAction\",\"target\":[\"https:\\\/\\\/www.cltweb.org\\\/fr\\\/ce-que-font-les-clt\\\/equite-raciale\\\/\"]}]},{\"@type\":\"BreadcrumbList\",\"@id\":\"https:\\\/\\\/www.cltweb.org\\\/fr\\\/ce-que-font-les-clt\\\/equite-raciale\\\/#breadcrumb\",\"itemListElement\":[{\"@type\":\"ListItem\",\"position\":1,\"name\":\"Home\",\"item\":\"https:\\\/\\\/www.cltweb.org\\\/fr\\\/\"},{\"@type\":\"ListItem\",\"position\":2,\"name\":\"Ce que font les CLT\",\"item\":\"https:\\\/\\\/www.cltweb.org\\\/fr\\\/what-clts-do\\\/\"},{\"@type\":\"ListItem\",\"position\":3,\"name\":\"\u00c9quit\u00e9 raciale\"}]},{\"@type\":\"WebSite\",\"@id\":\"https:\\\/\\\/www.cltweb.org\\\/fr\\\/#website\",\"url\":\"https:\\\/\\\/www.cltweb.org\\\/fr\\\/\",\"name\":\"International Center for Community Land Trusts\",\"description\":\"\",\"publisher\":{\"@id\":\"https:\\\/\\\/www.cltweb.org\\\/fr\\\/#organization\"},\"potentialAction\":[{\"@type\":\"SearchAction\",\"target\":{\"@type\":\"EntryPoint\",\"urlTemplate\":\"https:\\\/\\\/www.cltweb.org\\\/fr\\\/?s={search_term_string}\"},\"query-input\":{\"@type\":\"PropertyValueSpecification\",\"valueRequired\":true,\"valueName\":\"search_term_string\"}}],\"inLanguage\":\"fr-FR\"},{\"@type\":\"Organization\",\"@id\":\"https:\\\/\\\/www.cltweb.org\\\/fr\\\/#organization\",\"name\":\"International Center for Community Land Trusts\",\"url\":\"https:\\\/\\\/www.cltweb.org\\\/fr\\\/\",\"logo\":{\"@type\":\"ImageObject\",\"inLanguage\":\"fr-FR\",\"@id\":\"https:\\\/\\\/www.cltweb.org\\\/fr\\\/#\\\/schema\\\/logo\\\/image\\\/\",\"url\":\"https:\\\/\\\/www.cltweb.org\\\/wp-content\\\/uploads\\\/2024\\\/11\\\/New-CLT-Center-Text-logo.png\",\"contentUrl\":\"https:\\\/\\\/www.cltweb.org\\\/wp-content\\\/uploads\\\/2024\\\/11\\\/New-CLT-Center-Text-logo.png\",\"width\":227,\"height\":80,\"caption\":\"International Center for Community Land Trusts\"},\"image\":{\"@id\":\"https:\\\/\\\/www.cltweb.org\\\/fr\\\/#\\\/schema\\\/logo\\\/image\\\/\"},\"sameAs\":[\"https:\\\/\\\/www.facebook.com\\\/cltcenter\",\"https:\\\/\\\/x.com\\\/Center4CLTs\",\"https:\\\/\\\/www.instagram.com\\\/cltcenter\\\/\",\"https:\\\/\\\/www.linkedin.com\\\/company\\\/cltcenter\",\"https:\\\/\\\/www.youtube.com\\\/@centerforcltinnovation5313\"],\"description\":\"The International Center for Community Land Trusts is a not-for-profit nongovernmental organization established in 2018 to promote and to support community land trusts and similar strategies of community-led development on community-owned land in countries throughout the world.\",\"email\":\"info@communitylandtrust.net\",\"legalName\":\"International Center for Community Land Trusts\",\"foundingDate\":\"2018-12-01\",\"taxID\":\"84-3858933\",\"numberOfEmployees\":{\"@type\":\"QuantitativeValue\",\"minValue\":\"1\",\"maxValue\":\"10\"}}]}<\/script>\n<!-- \/ Yoast SEO Premium plugin. -->","yoast_head_json":{"title":"\u00c9quit\u00e9 raciale - International Center for Community Land Trusts","robots":{"index":"index","follow":"follow","max-snippet":"max-snippet:-1","max-image-preview":"max-image-preview:large","max-video-preview":"max-video-preview:-1"},"canonical":"https:\/\/www.cltweb.org\/fr\/ce-que-font-les-clt\/equite-raciale\/","og_locale":"fr_FR","og_type":"article","og_title":"\u00c9quit\u00e9 raciale","og_url":"https:\/\/www.cltweb.org\/fr\/ce-que-font-les-clt\/equite-raciale\/","og_site_name":"International Center for Community Land Trusts","article_publisher":"https:\/\/www.facebook.com\/cltcenter","twitter_card":"summary_large_image","twitter_site":"@Center4CLTs","schema":{"@context":"https:\/\/schema.org","@graph":[{"@type":"WebPage","@id":"https:\/\/www.cltweb.org\/fr\/ce-que-font-les-clt\/equite-raciale\/","url":"https:\/\/www.cltweb.org\/fr\/ce-que-font-les-clt\/equite-raciale\/","name":"\u00c9quit\u00e9 raciale - International Center for Community Land Trusts","isPartOf":{"@id":"https:\/\/www.cltweb.org\/fr\/#website"},"datePublished":"2024-07-26T16:31:08+00:00","breadcrumb":{"@id":"https:\/\/www.cltweb.org\/fr\/ce-que-font-les-clt\/equite-raciale\/#breadcrumb"},"inLanguage":"fr-FR","potentialAction":[{"@type":"ReadAction","target":["https:\/\/www.cltweb.org\/fr\/ce-que-font-les-clt\/equite-raciale\/"]}]},{"@type":"BreadcrumbList","@id":"https:\/\/www.cltweb.org\/fr\/ce-que-font-les-clt\/equite-raciale\/#breadcrumb","itemListElement":[{"@type":"ListItem","position":1,"name":"Home","item":"https:\/\/www.cltweb.org\/fr\/"},{"@type":"ListItem","position":2,"name":"Ce que font les CLT","item":"https:\/\/www.cltweb.org\/fr\/what-clts-do\/"},{"@type":"ListItem","position":3,"name":"\u00c9quit\u00e9 raciale"}]},{"@type":"WebSite","@id":"https:\/\/www.cltweb.org\/fr\/#website","url":"https:\/\/www.cltweb.org\/fr\/","name":"International Center for Community Land Trusts","description":"","publisher":{"@id":"https:\/\/www.cltweb.org\/fr\/#organization"},"potentialAction":[{"@type":"SearchAction","target":{"@type":"EntryPoint","urlTemplate":"https:\/\/www.cltweb.org\/fr\/?s={search_term_string}"},"query-input":{"@type":"PropertyValueSpecification","valueRequired":true,"valueName":"search_term_string"}}],"inLanguage":"fr-FR"},{"@type":"Organization","@id":"https:\/\/www.cltweb.org\/fr\/#organization","name":"International Center for Community Land Trusts","url":"https:\/\/www.cltweb.org\/fr\/","logo":{"@type":"ImageObject","inLanguage":"fr-FR","@id":"https:\/\/www.cltweb.org\/fr\/#\/schema\/logo\/image\/","url":"https:\/\/www.cltweb.org\/wp-content\/uploads\/2024\/11\/New-CLT-Center-Text-logo.png","contentUrl":"https:\/\/www.cltweb.org\/wp-content\/uploads\/2024\/11\/New-CLT-Center-Text-logo.png","width":227,"height":80,"caption":"International Center for Community Land Trusts"},"image":{"@id":"https:\/\/www.cltweb.org\/fr\/#\/schema\/logo\/image\/"},"sameAs":["https:\/\/www.facebook.com\/cltcenter","https:\/\/x.com\/Center4CLTs","https:\/\/www.instagram.com\/cltcenter\/","https:\/\/www.linkedin.com\/company\/cltcenter","https:\/\/www.youtube.com\/@centerforcltinnovation5313"],"description":"The International Center for Community Land Trusts is a not-for-profit nongovernmental organization established in 2018 to promote and to support community land trusts and similar strategies of community-led development on community-owned land in countries throughout the world.","email":"info@communitylandtrust.net","legalName":"International Center for Community Land Trusts","foundingDate":"2018-12-01","taxID":"84-3858933","numberOfEmployees":{"@type":"QuantitativeValue","minValue":"1","maxValue":"10"}}]}},"campaignId":"","taxonomy_info":{"category":[{"value":72,"label":"Ce que font les CLT"}]},"featured_image_src_large":false,"author_info":{"display_name":"cltredesign_0jp0l4","author_link":"https:\/\/www.cltweb.org\/fr\/author\/cltredesign_0jp0l4\/"},"comment_info":0,"jetpack_sharing_enabled":true,"jetpack-related-posts":[{"id":740,"url":"https:\/\/www.cltweb.org\/fr\/ce-que-font-les-clt\/","url_meta":{"origin":808,"position":0},"title":"Ce que font les CLT","author":"cltredesign_0jp0l4","date":"26 juillet 2024","format":false,"excerpt":"Surligne Ce que font les CLT Parlez de vous ou de votre organisation, des produits ou services que vous proposez ou de votre raison d'\u00eatre. Gardez un style de communication coh\u00e9rent. Envisagez de l'utiliser si vous avez besoin d'expliquer plus en d\u00e9tail pourquoi vous faites ce que vous faites. Soyez\u2026","rel":"","context":"Dans &quot;Non classifi\u00e9(e)&quot;","block_context":{"text":"Non classifi\u00e9(e)","link":"https:\/\/www.cltweb.org\/fr\/category\/non-classifiee\/"},"img":{"alt_text":"","src":"","width":0,"height":0},"classes":[]},{"id":797,"url":"https:\/\/www.cltweb.org\/fr\/ce-que-font-les-clt\/lintendance\/","url_meta":{"origin":808,"position":1},"title":"L&#8217;intendance","author":"cltredesign_0jp0l4","date":"26 juillet 2024","format":false,"excerpt":"","rel":"","context":"Dans &quot;Ce que font les CLT&quot;","block_context":{"text":"Ce que font les CLT","link":"https:\/\/www.cltweb.org\/fr\/category\/ce-que-font-les-clt\/"},"img":{"alt_text":"","src":"","width":0,"height":0},"classes":[]},{"id":821,"url":"https:\/\/www.cltweb.org\/fr\/ce-que-font-les-clt\/changement-climatique\/","url_meta":{"origin":808,"position":2},"title":"Changement climatique","author":"cltredesign_0jp0l4","date":"26 juillet 2024","format":false,"excerpt":"","rel":"","context":"Dans &quot;Ce que font les CLT&quot;","block_context":{"text":"Ce que font les CLT","link":"https:\/\/www.cltweb.org\/fr\/category\/ce-que-font-les-clt\/"},"img":{"alt_text":"","src":"","width":0,"height":0},"classes":[]},{"id":822,"url":"https:\/\/www.cltweb.org\/fr\/ce-que-font-les-clt\/sud-mondial\/","url_meta":{"origin":808,"position":3},"title":"Sud mondial","author":"cltredesign_0jp0l4","date":"26 juillet 2024","format":false,"excerpt":"","rel":"","context":"Dans &quot;Ce que font les CLT&quot;","block_context":{"text":"Ce que font les CLT","link":"https:\/\/www.cltweb.org\/fr\/category\/ce-que-font-les-clt\/"},"img":{"alt_text":"","src":"","width":0,"height":0},"classes":[]},{"id":1535,"url":"https:\/\/www.cltweb.org\/fr\/ce-que-font-les-clt\/justice-fonciere\/","url_meta":{"origin":808,"position":4},"title":"Justice fonci\u00e8re","author":"cltredesign_0jp0l4","date":"22 ao\u00fbt 2024","format":false,"excerpt":"","rel":"","context":"Dans &quot;Ce que font les CLT&quot;","block_context":{"text":"Ce que font les CLT","link":"https:\/\/www.cltweb.org\/fr\/category\/ce-que-font-les-clt\/"},"img":{"alt_text":"","src":"","width":0,"height":0},"classes":[]},{"id":1568,"url":"https:\/\/www.cltweb.org\/fr\/ce-que-font-les-clt\/developpement-commercial\/","url_meta":{"origin":808,"position":5},"title":"D\u00e9veloppement commercial","author":"cltredesign_0jp0l4","date":"3 ao\u00fbt 2024","format":false,"excerpt":"","rel":"","context":"Dans &quot;Ce que font les CLT&quot;","block_context":{"text":"Ce que font les CLT","link":"https:\/\/www.cltweb.org\/fr\/category\/ce-que-font-les-clt\/"},"img":{"alt_text":"","src":"","width":0,"height":0},"classes":[]}],"_links":{"self":[{"href":"https:\/\/www.cltweb.org\/fr\/wp-json\/wp\/v2\/pages\/808","targetHints":{"allow":["GET"]}}],"collection":[{"href":"https:\/\/www.cltweb.org\/fr\/wp-json\/wp\/v2\/pages"}],"about":[{"href":"https:\/\/www.cltweb.org\/fr\/wp-json\/wp\/v2\/types\/page"}],"author":[{"embeddable":true,"href":"https:\/\/www.cltweb.org\/fr\/wp-json\/wp\/v2\/users\/1"}],"replies":[{"embeddable":true,"href":"https:\/\/www.cltweb.org\/fr\/wp-json\/wp\/v2\/comments?post=808"}],"version-history":[{"count":0,"href":"https:\/\/www.cltweb.org\/fr\/wp-json\/wp\/v2\/pages\/808\/revisions"}],"up":[{"embeddable":true,"href":"https:\/\/www.cltweb.org\/fr\/wp-json\/wp\/v2\/pages\/740"}],"wp:attachment":[{"href":"https:\/\/www.cltweb.org\/fr\/wp-json\/wp\/v2\/media?parent=808"}],"wp:term":[{"taxonomy":"category","embeddable":true,"href":"https:\/\/www.cltweb.org\/fr\/wp-json\/wp\/v2\/categories?post=808"},{"taxonomy":"post_tag","embeddable":true,"href":"https:\/\/www.cltweb.org\/fr\/wp-json\/wp\/v2\/tags?post=808"}],"curies":[{"name":"wp","href":"https:\/\/api.w.org\/{rel}","templated":true}]}}