{"id":857,"date":"2024-07-26T16:04:28","date_gmt":"2024-07-26T16:04:28","guid":{"rendered":"https:\/\/www.cltweb.org\/a-propos-de-nous\/lhistoire\/"},"modified":"2024-10-28T14:09:24","modified_gmt":"2024-10-28T14:09:24","slug":"lhistoire","status":"publish","type":"page","link":"https:\/\/www.cltweb.org\/fr\/a-propos-de-nous\/lhistoire\/","title":{"rendered":"Notre histoire"},"content":{"rendered":"\n<h2 class=\"wp-block-heading\"><strong>Chronologie du Centre international pour les CLT<\/strong><\/h2>\n\n<h3 class=\"wp-block-heading\"><a><\/a>2009<\/h3>\n\n<p>Une visite d&#8217;\u00e9tude internationale, organis\u00e9e par la Building and Social Housing Foundation, a r\u00e9uni deux douzaines d&#8217;activistes du logement du monde entier \u00e0 Burlington, dans le Vermont, pour d\u00e9couvrir le mod\u00e8le CLT aupr\u00e8s du Champlain Housing Trust, qui venait de recevoir le World Habitat Award. La d\u00e9l\u00e9gation s\u00e9lectionn\u00e9e pour visiter Burlington, VT, comprenait les futurs membres du conseil d&#8217;administration du Centre CLT, Dave Smith et Geert De Pauw, rejoints par les futurs troubadours du CLT, Louise Crabtree et Yves Cabannes. John Davis et Brenda Torpy, qui ont particip\u00e9 \u00e0 la cr\u00e9ation du Burlington Community Land Trust en 1984, figuraient parmi les orateurs. Ce rassemblement a inspir\u00e9 les efforts des CLT en Australie, \u00e0 Londres et \u00e0 Bruxelles, et a permis de cr\u00e9er le premier r\u00e9seau international informel de CLT.  <\/p>\n\n<h3 class=\"wp-block-heading\"><a><\/a>2010<\/h3>\n\n<ul class=\"wp-block-list\">\n<li>Inspir\u00e9 par l&#8217;\u00e9change entre pairs \u00e0 Burlington, Vermont, Dave Smith du London CITIZENS Community Land Trust \u00e9crit un article intitul\u00e9 &#8220;Community Land Trusts : Towards an International Movement&#8221;, dans lequel il propose la cr\u00e9ation d&#8217;un groupe exploratoire charg\u00e9 d&#8217;identifier les &#8220;principes universels&#8221; du mouvement CLT, qui pourraient \u00e0 leur tour servir de base \u00e0 l&#8217;\u00e9laboration d&#8217;outils p\u00e9dagogiques susceptibles d&#8217;\u00eatre int\u00e9gr\u00e9s \u00e0 la prochaine conf\u00e9rence du National CLT Network, qui se tiendra en novembre \u00e0 Albuquerque, au Nouveau-Mexique.<\/li>\n\n\n\n<li>Greg Rosenberg, directeur de la National CLT Academy, dirige un comit\u00e9 de pilotage du r\u00e9seau international CLT, qui \u00e9labore un ensemble de principes directeurs comprenant l&#8217;apprentissage mutuel, le respect des organisations fa\u00eeti\u00e8res nationales, la cr\u00e9ation d&#8217;opportunit\u00e9s pour les \u00e2mes br\u00fblantes et l&#8217;organisation de r\u00e9unions internationales. Dave Smith, Geert De Pauw, Louise Crabtree, John Davis, Brenda Torpy et Roger Lewis ont particip\u00e9 aux appels Skype du comit\u00e9 de pilotage. La premi\u00e8re r\u00e9union en personne du comit\u00e9 de pilotage aura lieu le<sup>11<\/sup> novembre lors de la conf\u00e9rence annuelle du National CLT Network \u00e0 Albuquerque, au Nouveau Mexique.  <\/li>\n\n\n\n<li>John Davis et Connie Chavez, pr\u00e9sidente du r\u00e9seau national des CLT aux \u00c9tats-Unis, sont invit\u00e9s \u00e0 San Juan Puerto, Rico. Ils rencontrent ENLACE et le CLT Ca\u00f1o Mart\u00edn Pe\u00f1a, ainsi que les futurs membres du conseil d&#8217;administration du Centre, Maria Hernandez Torrales et Lyvia Rodriguez Del Valle.   <\/li>\n<\/ul>\n\n<h3 class=\"wp-block-heading\">2011<\/h3>\n\n<p>John Davis et Dev Goetschius, pr\u00e9sident du CLT Network aux Etats-Unis et futur membre du conseil d&#8217;administration du CLT Center, assistent \u00e0 la premi\u00e8re assembl\u00e9e g\u00e9n\u00e9rale du National CLT Network au Royaume-Uni. Dave Smith est \u00e9lu au premier conseil d&#8217;administration du r\u00e9seau britannique. <\/p>\n\n<h3 class=\"wp-block-heading\"><a><\/a>2013<\/h3>\n\n<ul class=\"wp-block-list\">\n<li>Publication de Roots of the Community Land Trust, un diaporama en quatre parties retra\u00e7ant les origines et l&#8217;\u00e9volution du CLT. Ce diaporama a \u00e9t\u00e9 produit et narr\u00e9 par John Davis, qui s&#8217;est appuy\u00e9 sur une histoire \u00e9tudi\u00e9e et pr\u00e9sent\u00e9e pour la premi\u00e8re fois lors de la National CLT Academy \u00e0 Seabeck (WA) en 2006.   <\/li>\n\n\n\n<li>Dans un article intitul\u00e9 &#8220;Building the Singular City : Land Tenure and Urban Planning in Rio de Janeiro&#8217;s Favelas&#8221; publi\u00e9 le<sup>19 <\/sup>septembre par RioOnWatch, Theresa Williamson propose le CLT comme une approche innovante pour s\u00e9curiser la propri\u00e9t\u00e9 fonci\u00e8re collective dans les favelas de Rio.  <\/li>\n<\/ul>\n\n<h3 class=\"wp-block-heading\"><a><\/a>2014<\/h3>\n\n<p>Le 22 avril 2014, <em>Roots and Branches<\/em> a \u00e9t\u00e9 lanc\u00e9. Cr\u00e9\u00e9 par John Davis et Greg Rosenberg, avec des graphiques produits par Bonnie Acker, ce site web est une archive num\u00e9rique d&#8217;histoires, de photographies, de vid\u00e9os, d&#8217;interviews et de documents du mouvement CLT dans le monde entier. Il s&#8217;appuie sur le diaporama enregistr\u00e9, &#8220;Roots of the CLT&#8221;, produit par John Davis en 2013.  <\/p>\n\n<h3 class=\"wp-block-heading\">2015<\/h3>\n\n<p>Le diaporama &#8221; <em>Roots of the CLT<\/em> &#8221; est traduit en n\u00e9erlandais par le Brussels Community Land Trust sous la supervision de Geert De Pauw.<\/p>\n\n<h3 class=\"wp-block-heading\"><a><\/a>2016<\/h3>\n\n<ul class=\"wp-block-list\">\n<li>Le CLT Ca\u00f1o Mart\u00edn Pe\u00f1a \u00e0 San Juan, Porto Rico, re\u00e7oit le Prix mondial de l&#8217;habitat de l&#8217;ONU de la Fondation pour la construction et le logement social. Yves Cabannes \u00e9tait membre du jury qui a s\u00e9lectionn\u00e9 les laur\u00e9ats, et John Davis les a aid\u00e9s \u00e0 soumettre leur candidature. <\/li>\n\n\n\n<li>Yves Cabannes et Greg Rosenberg participent \u00e0 une r\u00e9union du groupe d&#8217;experts des Nations unies \u00e0 New York, o\u00f9 ils plaident en faveur de l&#8217;inclusion des fiducies fonci\u00e8res communautaires dans le <em>nouvel agenda urbain<\/em> \u00e0 venir.<\/li>\n\n\n\n<li>La troisi\u00e8me conf\u00e9rence mondiale sur le logement et le d\u00e9veloppement urbain durable (Habitat III) est organis\u00e9e \u00e0 Quito, en \u00c9quateur, par les Nations unies. Les CLT sont consid\u00e9r\u00e9s comme une strat\u00e9gie efficace pour loger les populations \u00e0 faible revenu dans le<em> nouvel agenda urbain des<\/em> Nations unies, adopt\u00e9 lors de cette conf\u00e9rence. Le Ca\u00f1o Mart\u00edn Pe\u00f1a Community Land Trust est pr\u00e9sent\u00e9 lors d&#8217;un \u00e9v\u00e9nement parall\u00e8le intitul\u00e9 &#8220;People-powered housing&#8221; et re\u00e7oit le troph\u00e9e du World Habitat Award.    <\/li>\n<\/ul>\n\n<h3 class=\"wp-block-heading\">2017<\/h3>\n\n<ul class=\"wp-block-list\">\n<li><strong>12 mars : <\/strong>Un \u00e9change entre pairs \u00e0 San Juan, Porto Rico, organis\u00e9 par le CLT Ca\u00f1o Mart\u00edn Pe\u00f1a et sponsoris\u00e9 par World Habitat, rassemble des activistes du monde entier pour apprendre comment un CLT peut \u00eatre \u00e9tabli dans une communaut\u00e9 informelle. Comme la visite d&#8217;\u00e9tude \u00e0 Burlington, Vermont en 2009, cet \u00e9change a suscit\u00e9 un \u00e9norme enthousiasme quant au potentiel d&#8217;expansion du mouvement CLT &#8211; cette fois-ci ax\u00e9 sur le Sud global. \u00c9taient pr\u00e9sents les futurs membres du conseil d&#8217;administration et du personnel du Centre CLT, Lyvia Rodriguez Del Valle, Maria Hernandez, Line Algoed, Greg Rosenberg et Mariolga Julia Pacheco.    <\/li>\n\n\n\n<li><strong>28 mars : <\/strong> Le CLT Ca\u00f1o Mart\u00edn Pe\u00f1a et Catalytic Communities se sont rencontr\u00e9s pour la premi\u00e8re fois afin de discuter des efforts du CLT au Br\u00e9sil. Cela a conduit \u00e0 un \u00e9change en personne \u00e0 Rio de Janeiro, qui a jou\u00e9 un r\u00f4le essentiel dans la cr\u00e9ation du r\u00e9seau Favela CLT. <\/li>\n\n\n\n<li><strong><sup>11<\/sup> mai :<\/strong> Un appel Skype est organis\u00e9 pour discuter des collaborations possibles pour soutenir le travail du CLT Ca\u00f1o Mart\u00edn Pe\u00f1a et l&#8217;\u00e9tablissement potentiel du mod\u00e8le CLT au Br\u00e9sil. Lyvia Rodriguez Del Valle, Line Algoed, Malcolm Childress, John Davis et Greg Rosenberg ont particip\u00e9 \u00e0 cette r\u00e9union. En outre, une discussion a eu lieu sur la traduction en espagnol d&#8217;une deuxi\u00e8me \u00e9dition de <em><a href=\"\">The Community Land Trust Reader<\/a><\/em> que John souhaite produire. Les participants \u00e0 la r\u00e9union ont \u00e9galement discut\u00e9 d&#8217;un nouveau document d\u00e9crivant un certain nombre d&#8217;activit\u00e9s de collaboration internationale, intitul\u00e9 &#8220;New Directions for Community Land Trusts&#8221;.     <\/li>\n\n\n\n<li><strong><sup>3<\/sup> juillet :<\/strong> la premi\u00e8re r\u00e9union Skype du groupe de travail international CLT a lieu, avec les nouveaux membres Theresa Williamson et Yves Cabannes qui se joignent \u00e0 la conversation qui a commenc\u00e9 le<sup>11<\/sup> mai.<\/li>\n\n\n\n<li><strong><sup>31<\/sup> ao\u00fbt :<\/strong> John Davis \u00e9labore un cadre initial pour un &#8220;Centre d&#8217;\u00e9tudes strat\u00e9giques CLT&#8221; afin de favoriser la croissance du mouvement CLT dans le monde entier.<\/li>\n\n\n\n<li><strong>Septembre :<\/strong> &#8220;Sustainable Housing for Inclusive and Cohesive Cities&#8221; (SHICC), financ\u00e9 par l&#8217;Union europ\u00e9enne et h\u00e9berg\u00e9 au sein du CLT de Bruxelles, est cr\u00e9\u00e9 pour promouvoir la communication, la recherche et la formation entre les CLT de Belgique, d&#8217;Angleterre et de France.  <\/li>\n\n\n\n<li><strong><sup>28<\/sup> octobre : <\/strong>John Davis envoie la premi\u00e8re proposition de plan pour l&#8217;\u00e9dition espagnole de 2019 du <em>Community Land Trust Reader.<\/em><\/li>\n\n\n\n<li><strong><sup>3<\/sup> novembre :<\/strong> Theresa Williamson (Catalytic Communities, Rio de Janeiro) vient \u00e0 Madison, Wisconsin, pour parler \u00e0 l&#8217;Universit\u00e9 du Wisconsin. Pendant son s\u00e9jour, elle participe \u00e0 une session de travail hybride qui inclut les participants locaux Alberto Vargas, Martin Bailkey, Greg Rosenberg et Malcolm Childress, avec la participation \u00e0 distance de Line Algoed, Tarcyla Fidalgo et John Davis. <\/li>\n<\/ul>\n\n<h3 class=\"wp-block-heading\"><a><\/a>2018<\/h3>\n\n<ul class=\"wp-block-list\">\n<li><strong>Le<sup>2<\/sup> f\u00e9vrier :<\/strong> Nous annon\u00e7ons la cr\u00e9ation d&#8217;un nouveau programme sous l&#8217;\u00e9gide de la Global Land Alliance, le Center for Community Land Trust Innovation, dont John Davis et Greg Rosenberg seront les codirecteurs. Selon l&#8217;annonce, &#8220;la premi\u00e8re priorit\u00e9 du Centre sera de documenter et de soutenir le travail d&#8217;ENLACE et du CLT Ca\u00f1o Mart\u00edn Pe\u00f1a \u00e0 Porto Rico, ainsi que le plan de Catalytic Communities visant \u00e0 \u00e9tablir des CLT dans les favelas du Br\u00e9sil&#8221;. <a href=\"\">Lien vers le site d&#8217;archives<\/a>. Nous avons \u00e9galement annonc\u00e9 la cr\u00e9ation de notre comit\u00e9 consultatif technique, qui est compos\u00e9 des personnes suivantes :    <span style=\"font-family: var(--theme-font-family); font-size: var(--theme-font-size); font-style: var(--theme-font-style, inherit); letter-spacing: var(--theme-letter-spacing); text-transform: var(--theme-text-transform); text-decoration: var(--theme-text-decoration);\">Pierre Arnold : urbaMonde (France), Gautam Bhan : Institute for Human Settlements (Inde), Yves Cabannes : University College London (Portugal), Louise Crabtree : Western Sydney University &#8211; Institute for Culture and Society (Australie), Geert De Pauw : Community Land Trust Brussels (Belgique), Devika Goetschius : Housing Land Trust of Sonoma County (\u00c9tats-Unis), Arif Hasan : Projet pilote d&#8217;Orangi (Pakistan), Mar\u00eda Hern\u00e1ndez Torrales : Facult\u00e9 de droit de l&#8217;Universit\u00e9 de Porto Rico, Ca\u00f1o Mart\u00edn Pena Community Land Trust (Porto Rico\/\u00c9tats-Unis), Stephen Hill : C<\/span><sub style=\"font-family: var(--theme-font-family); font-style: var(--theme-font-style, inherit); letter-spacing: var(--theme-letter-spacing); text-transform: var(--theme-text-transform); text-decoration: var(--theme-text-decoration);\">2<\/sub><span style=\"font-family: var(--theme-font-family); font-size: var(--theme-font-size); font-style: var(--theme-font-style, inherit); letter-spacing: var(--theme-letter-spacing); text-transform: var(--theme-text-transform); text-decoration: var(--theme-text-decoration);\">O futureplanners, Churchill Fellow (Royaume-Uni), Tony Picket : Grounded Solutions Network (\u00c9tats-Unis), Lyvia Rodriguez Del Valle : Proyecto ENLACE, Ca\u00f1o Mart\u00edn Pena Community Land Trust (Porto Rico\/\u00c9tats-Unis), David Smith : London Community Land Trust, National Housing Federation (UK), Harry Smith : Consultant ind\u00e9pendant (US), Brenda Torpy : Champlain Housing Trust (US), Bea Varnai : urbaMonde (S\u00e9n\u00e9gal), Mariangela Veronesi : World Habitat (Royaume-Uni)<\/span>Theresa Williamson : Communaut\u00e9s catalytiques (Br\u00e9sil).<\/li>\n\n\n\n<li><strong><sup>23<\/sup> septembre :<\/strong> John Davis informe nos 41 auteurs que notre livre s&#8217;intitule d\u00e9sormais <em>On Common Ground : International Perspectives on the Community Land<\/em>, avec une date de publication pr\u00e9vue pour mai 2020.<\/li>\n\n\n\n<li><strong>3 octobre :<\/strong> La premi\u00e8re r\u00e9union en personne du comit\u00e9 consultatif technique du Centre CLT se tient lors de la conf\u00e9rence nationale du Grounded Solutions Network \u00e0 Pittsburgh, en Pennsylvanie, au mois d&#8217;octobre. Y assistent, outre le futur coordinateur du Centre CLT, Greg Rosenberg, six futurs membres du conseil d&#8217;administration du Centre : John Davis, Theresa Williamson, Dev Goetschius, Maria Hernandez, Bea Varnarna, et le pr\u00e9sident du Conseil d&#8217;administration du Centre CLT. Maria Hernandez, Bea Varnai et Harry Smith.  <\/li>\n\n\n\n<li>Une d\u00e9l\u00e9gation du CLT Ca\u00f1o Martin Pe\u00f1a de Porto Rico se rend au Br\u00e9sil pour pr\u00e9senter le mod\u00e8le CLT aux organisateurs communautaires travaillant dans les favelas de Rio.  <\/li>\n<\/ul>\n\n<h3 class=\"wp-block-heading\"><a><\/a>2019<\/h3>\n\n<ul class=\"wp-block-list\">\n<li><strong>11 janvier :<\/strong> Lors d&#8217;une r\u00e9union des co-\u00e9diteurs de <em>On Common Ground<\/em> (John Davis, Line Algoed et Maria Hernandez Torrales), \u00e0 laquelle participaient \u00e9galement Geert De Pauw et Joaquin dos Santos, la d\u00e9cision a \u00e9t\u00e9 prise d&#8217;auto-publier le livre.<\/li>\n\n\n\n<li><strong>22 novembre :<\/strong> Le comit\u00e9 consultatif technique devient le conseil consultatif du Centre CLT. Lors de cette r\u00e9union, Geert DePauw a pr\u00e9sent\u00e9 son id\u00e9e de Journ\u00e9e mondiale du CLT, qui a \u00e9t\u00e9 accueillie avec enthousiasme. Une proposition de nom pour notre nouvelle maison d&#8217;\u00e9dition, Terra Nostra Press, a \u00e9galement \u00e9t\u00e9 discut\u00e9e et approuv\u00e9e.  <\/li>\n\n\n\n<li>En <strong>novembre <\/strong>, nous d\u00e9poserons nos statuts et notre r\u00e8glement int\u00e9rieur et nous lancerons un nouveau site web : cltweb.org<a href=\"https:\/\/web.archive.org\/web\/20191205152946\/https:\/cltweb.org\/\">(lien vers le site d&#8217;archives)<\/a>.  <\/li>\n\n\n\n<li><strong>19 d\u00e9cembre :<\/strong> Nous avons particip\u00e9 \u00e0 une r\u00e9union de planification pour une conf\u00e9rence internationale CLT au printemps 2020 qui se tiendra \u00e0 Bruxelles, en Belgique. Thomas Dawance, Geert De Pauw, Line Algoed, Joaquin de Santos, John Davis et Greg Rosenberg \u00e9taient pr\u00e9sents. En raison de la pand\u00e9mie de grippe aviaire, cette conf\u00e9rence a \u00e9t\u00e9 remplac\u00e9e par une conf\u00e9rence en ligne qui s&#8217;est tenue le 4 d\u00e9cembre 2020.  <\/li>\n<\/ul>\n\n<h3 class=\"wp-block-heading\"><a><\/a>2020<\/h3>\n\n<ul class=\"wp-block-list\">\n<li>En <strong>janvier,<\/strong> nous avons r\u00e9uni notre premier conseil d&#8217;administration, compos\u00e9 de Maria Hernandez, Line Algoed et John Davis. Greg Rosenberg a apport\u00e9 son soutien au personnel en tant que contractuel \u00e0 temps partiel.   <\/li>\n\n\n\n<li>Tout au long de l&#8217;ann\u00e9e, nous avons consacr\u00e9 beaucoup de temps \u00e0 l&#8217;\u00e9laboration de notre biblioth\u00e8que de ressources en ligne sur cltweb.org, avec de nouvelles interviews de David Ireland, Jerry Maldonado, Gus Newport, Geert De Pauw, Brenda Torpy et Tony Pickett. Nous avons \u00e9labor\u00e9 la premi\u00e8re carte mondiale et le premier r\u00e9pertoire des CLT. Et nous avons recueilli des informations sur les CLT dans le monde entier.  <\/li>\n\n\n\n<li><strong>Between June and November,<\/strong>&nbsp;we published four books:\n<ul class=\"wp-block-list\">\n<li><em>Sur un terrain d&#8217;entente<\/em><\/li>\n\n\n\n<li><em>L&#8217;ins\u00e9curit\u00e9 de la propri\u00e9t\u00e9 de la terre en Am\u00e9rique latine et dans les Cara\u00efbes<\/em><\/li>\n\n\n\n<li><em>Pourquoi des fonds fonciers communautaires ?<\/em><\/li>\n\n\n\n<li><em>Applications des fonds fonciers communautaires dans les quartiers urbains<\/em><\/li>\n<\/ul>\n<\/li>\n\n\n\n<li>En <strong>novembre<\/strong>, nous avons d\u00e9pos\u00e9 une demande d&#8217;exon\u00e9ration fiscale aupr\u00e8s de l&#8217;IRS.  <\/li>\n<\/ul>\n\n<h3 class=\"wp-block-heading\"><a><\/a>2021<\/h3>\n\n<ul class=\"wp-block-list\">\n<li>En <strong>janvier<\/strong>, le conseil d&#8217;administration a \u00e9t\u00e9 \u00e9largi aux nouveaux membres suivants : Geert De Pauw, Dev Goetschius, Gus Newport, Mariolga Julia Pacheco, Dave Smith, Harry Smith, Bea Varnai, le r\u00e9v\u00e9rend John Whitfield et Theresa Williamson.<\/li>\n\n\n\n<li><strong>Entre janvier et d\u00e9cembre<\/strong>, nous avons publi\u00e9 les livres suivants :<ul><li><em>D\u00e9veloppement efficace et autonomisation des communaut\u00e9s<\/em><\/li><li><em>Fonds fonciers communautaires et \u00e9tablissements informels dans les pays du Sud<\/em><\/li><li><em>Pourquoi la communaut\u00e9 de communes de montagne ?<\/em><\/li><li><em>En terreno com\u00fan : Perspectivas internacionales sobre los fideicomisos comunitarios de tierras<\/em>. Il s&#8217;agit d&#8217;une traduction espagnole de <em>On Common Ground<\/em> et de la premi\u00e8re publication approfondie sur les CLT en espagnol. Maria Hernandez Torrales a \u00e9t\u00e9 la r\u00e9dactrice en chef de l&#8217;\u00e9dition espagnole, avec sa co-r\u00e9dactrice Line Algoed.   <\/li><\/ul><\/li>\n\n\n\n<li>Le <strong>13 mai<\/strong>, l&#8217;IRS nous a accord\u00e9 le statut d&#8217;exon\u00e9ration fiscale, avec effet r\u00e9troactif \u00e0 la date de notre constitution.<\/li>\n\n\n\n<li>En collaboration avec SHICC et CLT Bruxelles, nous avons organis\u00e9 la toute premi\u00e8re <strong>Journ\u00e9e mondiale du CLT<\/strong> le 29 octobre, ainsi qu&#8217;une s\u00e9rie de webinaires \u00e9ducatifs qui ont constitu\u00e9 le premier Festival international du CLT.  [Insert an image of the logo from the first World CLT Day.]<\/li>\n\n\n\n<li><strong>WEBINARS: <\/strong>&nbsp;We presented five webinars in 2021:\n<ul class=\"wp-block-list\">\n<li>&#8220;Les CLT et l&#8217;organisation communautaire<\/li>\n\n\n\n<li>&#8220;Applications du mod\u00e8le CLT au-del\u00e0 du logement&#8221;.<\/li>\n\n\n\n<li>&#8220;Construire la communaut\u00e9 bien-aim\u00e9e<\/li>\n\n\n\n<li>&#8220;D\u00e9veloppement efficace et autonomisation des communaut\u00e9s&#8221;.<\/li>\n\n\n\n<li>&#8220;Combiner les CLT et d&#8217;autres mod\u00e8les de propri\u00e9t\u00e9 collective&#8221;.<\/li>\n<\/ul>\n<\/li>\n<\/ul>\n\n<h3 class=\"wp-block-heading\">2022<\/h3>\n\n<ul class=\"wp-block-list\">\n<li><strong><sup>16<\/sup> juillet :<\/strong> Le r\u00e9v\u00e9rend John Whitfield, membre du conseil d&#8217;administration du Centre CLT et militant de longue date du CLT, d\u00e9c\u00e8de.<\/li>\n\n\n\n<li>Le <strong>18 ao\u00fbt<\/strong>, nous avons publi\u00e9 <em>Community Matters : Conversations avec des praticiens r\u00e9fl\u00e9chis sur la valeur et la vari\u00e9t\u00e9 de l&#8217;engagement des r\u00e9sidents dans les Community Land Trusts<\/em>.<\/li>\n\n\n\n<li>Nous avons organis\u00e9 la deuxi\u00e8me <strong>Journ\u00e9e mondiale des CLT<\/strong>, qui s&#8217;est d\u00e9roul\u00e9e cette fois sur deux jours (les 28 et 29 octobre), en collaboration avec un comit\u00e9 de planification repr\u00e9sentant des CLT de Belgique, du Royaume-Uni (y compris l&#8217;\u00c9cosse), d&#8217;Allemagne, des \u00c9tats-Unis, de Porto Rico et du Br\u00e9sil.<\/li>\n\n\n\n<li><strong>WEBINARS : <\/strong> Nous avons pr\u00e9sent\u00e9 deux webinaires en 2022<ul><li>Manifestation de lancement de <em>Community Matters<\/em>&#8220;Land Reform in Scotland&#8221; (R\u00e9forme fonci\u00e8re en \u00c9cosse)<\/li><\/ul><\/li>\n<\/ul>\n\n<h3 class=\"wp-block-heading\">2023<\/h3>\n\n<ul class=\"wp-block-list\">\n<li>Lyvia Rodriguez Del Valle, Razia Khanom, Annabel Pidgeon, Ashley Allen et Enrique Silva ont rejoint le conseil d&#8217;administration.<\/li>\n\n\n\n<li><strong><sup>17<\/sup> juin :<\/strong> D\u00e9c\u00e8s de Gus Newport, membre du conseil d&#8217;administration du Centre CLT et l\u00e9gendaire militant des droits civiques.<\/li>\n\n\n\n<li>Le <strong>1er juillet<\/strong>, Greg Rosenberg est devenu le premier employ\u00e9 du Centre CLT (Coordinateur). Il deviendra directeur ex\u00e9cutif en juin 2024. <\/li>\n\n\n\n<li>En<strong> septembre<\/strong>, nous avons lanc\u00e9 le projet CLT Legal Collaborative, sous la direction de Kristin King-Ries, dont l&#8217;objectif pour la premi\u00e8re ann\u00e9e est d&#8217;organiser un consortium de facult\u00e9s de droit cliniques aux \u00c9tats-Unis et \u00e0 Porto Rico.<\/li>\n\n\n\n<li>Le <strong>23 septembre<\/strong>, nous avons publi\u00e9 Reweaving the <em>Tapestry of Tenure : Eight Elders of the CLT Movement Who Championed Community Ownership of Land <\/em>[Ins\u00e9rez une photo de la couverture du livre, notre couverture la plus color\u00e9e et la plus attrayante].<\/li>\n\n\n\n<li>Le <strong>2 octobre<\/strong>, Ben Harris est devenu le deuxi\u00e8me employ\u00e9 du Centre CLT (responsable de la communication).<\/li>\n\n\n\n<li>Le <strong><sup>21<\/sup> octobre<\/strong>, Brenda Torpy repr\u00e9sente le Centre \u00e0 la premi\u00e8re AGA du r\u00e9seau canadien des CLT.<\/li>\n\n\n\n<li>Nous avons pr\u00e9sent\u00e9 un webinaire en 2023 : &#8220;Les fiducies fonci\u00e8res et l&#8217;agriculture communautaire&#8221;<\/li>\n\n\n\n<li>Nous avons conclu un accord avec le Lincoln Institute of Land Policy pour r\u00e9diger la deuxi\u00e8me \u00e9dition de The City-CLT Partnership, dans le cadre de leur s\u00e9rie Policy Focus Report, qui sera publi\u00e9e en novembre 2024. Intitul\u00e9 <em>The Preservation Partnership : Cities, Counties, and CLTs Collaborating to Create Homes That Last<\/em>, la publication sera co-\u00e9crite par John Davis et Kristin King-Ries, avec des contributions de Rick Jacobus et Greg Rosenberg.  <\/li>\n<\/ul>\n\n<h3 class=\"wp-block-heading\">2024<\/h3>\n\n<ul class=\"wp-block-list\">\n<li>Nous avons ajout\u00e9 Eduard Cabr\u00e9 Romans au conseil d&#8217;administration et dit au revoir \u00e0 Maria Hernandez Torrales et Enrique Silva, membres du conseil.<\/li>\n\n\n\n<li>Le <strong>22 janvier<\/strong>, Richard Kruger Delgado est devenu notre troisi\u00e8me employ\u00e9 (responsable de l&#8217;\u00e9ducation et de la sensibilisation).<\/li>\n\n\n\n<li>En <strong>mars,<\/strong> nous avons chang\u00e9 de nom pour devenir le Centre international pour les fonds fonciers communautaires.  <\/li>\n\n\n\n<li>En <strong>avril<\/strong>, nous avons effectu\u00e9 notre premier audit financier, que nous avons r\u00e9ussi haut la main.<\/li>\n\n\n\n<li>Nous avons organis\u00e9 la troisi\u00e8me <strong>Journ\u00e9e mondiale du CLT<\/strong>, qui s&#8217;est d\u00e9roul\u00e9e cette fois les 17 et 18 mai, en collaboration avec un comit\u00e9 de planification qui a \u00e9largi sa repr\u00e9sentation au Canada et \u00e0 l&#8217;Australie.<\/li>\n\n\n\n<li>En <strong>mai<\/strong> \u00e9galement, Annabel Pidgeon, membre du conseil d&#8217;administration du Centre CLT, repr\u00e9sente le Centre \u00e0 la premi\u00e8re assembl\u00e9e g\u00e9n\u00e9rale annuelle du r\u00e9seau europ\u00e9en CLT \u00e0 Berlin,<\/li>\n\n\n\n<li>Le <strong>30 mai,<\/strong> nous avons achev\u00e9 le travail sur le manuscrit du projet Policy Focus Report avec l&#8217;Institut Lincoln,<\/li>\n\n\n\n<li>Le <strong>20 juin<\/strong>, le conseil d&#8217;administration a approuv\u00e9 notre premier plan strat\u00e9gique.<\/li>\n<\/ul>\n\n<p><\/p>\n","protected":false},"excerpt":{"rendered":"<p>Une chronologie de l&#8217;\u00e9volution du mouvement CLT international.<\/p>\n","protected":false},"author":1,"featured_media":0,"parent":743,"menu_order":3,"comment_status":"closed","ping_status":"closed","template":"","meta":{"give_campaign_id":0,"_tec_requires_first_save":true,"_kad_blocks_custom_css":"","_kad_blocks_head_custom_js":"","_kad_blocks_body_custom_js":"","_kad_blocks_footer_custom_js":"","_EventAllDay":false,"_EventTimezone":"","_EventStartDate":"","_EventEndDate":"","_EventStartDateUTC":"","_EventEndDateUTC":"","_EventShowMap":false,"_EventShowMapLink":false,"_EventURL":"","_EventCost":"","_EventCostDescription":"","_EventCurrencySymbol":"","_EventCurrencyCode":"","_EventCurrencyPosition":"","_EventDateTimeSeparator":"","_EventTimeRangeSeparator":"","_EventOrganizerID":[],"_EventVenueID":[],"_OrganizerEmail":"","_OrganizerPhone":"","_OrganizerWebsite":"","_VenueAddress":"","_VenueCity":"","_VenueCountry":"","_VenueProvince":"","_VenueState":"","_VenueZip":"","_VenuePhone":"","_VenueURL":"","_VenueStateProvince":"","_VenueLat":"","_VenueLng":"","_VenueShowMap":false,"_VenueShowMapLink":false,"_tribe_blocks_recurrence_rules":"","_tribe_blocks_recurrence_description":"","_tribe_blocks_recurrence_exclusions":"","footnotes":""},"categories":[78],"tags":[],"class_list":["post-857","page","type-page","status-publish","hentry","category-a-propos-de-nous"],"blocksy_meta":[],"yoast_head":"<!-- This site is optimized with the Yoast SEO Premium plugin v27.4 (Yoast SEO v27.5) - https:\/\/yoast.com\/product\/yoast-seo-premium-wordpress\/ -->\n<title>Notre histoire - International Center for Community Land Trusts<\/title>\n<meta name=\"robots\" content=\"index, follow, max-snippet:-1, max-image-preview:large, max-video-preview:-1\" \/>\n<link rel=\"canonical\" href=\"https:\/\/www.cltweb.org\/fr\/a-propos-de-nous\/lhistoire\/\" \/>\n<meta property=\"og:locale\" content=\"fr_FR\" \/>\n<meta property=\"og:type\" content=\"article\" \/>\n<meta property=\"og:title\" content=\"Notre histoire\" \/>\n<meta property=\"og:description\" content=\"Une chronologie de l&#039;\u00e9volution du mouvement CLT international.\" \/>\n<meta property=\"og:url\" content=\"https:\/\/www.cltweb.org\/fr\/a-propos-de-nous\/lhistoire\/\" \/>\n<meta property=\"og:site_name\" content=\"International Center for Community Land Trusts\" \/>\n<meta property=\"article:publisher\" content=\"https:\/\/www.facebook.com\/cltcenter\" \/>\n<meta property=\"article:modified_time\" content=\"2024-10-28T14:09:24+00:00\" \/>\n<meta name=\"twitter:card\" content=\"summary_large_image\" \/>\n<meta name=\"twitter:site\" content=\"@Center4CLTs\" \/>\n<meta name=\"twitter:label1\" content=\"Dur\u00e9e de lecture estim\u00e9e\" \/>\n\t<meta name=\"twitter:data1\" content=\"14 minutes\" \/>\n<script type=\"application\/ld+json\" class=\"yoast-schema-graph\">{\"@context\":\"https:\\\/\\\/schema.org\",\"@graph\":[{\"@type\":\"WebPage\",\"@id\":\"https:\\\/\\\/www.cltweb.org\\\/fr\\\/a-propos-de-nous\\\/lhistoire\\\/\",\"url\":\"https:\\\/\\\/www.cltweb.org\\\/fr\\\/a-propos-de-nous\\\/lhistoire\\\/\",\"name\":\"Notre histoire - International Center for Community Land Trusts\",\"isPartOf\":{\"@id\":\"https:\\\/\\\/www.cltweb.org\\\/fr\\\/#website\"},\"datePublished\":\"2024-07-26T16:04:28+00:00\",\"dateModified\":\"2024-10-28T14:09:24+00:00\",\"breadcrumb\":{\"@id\":\"https:\\\/\\\/www.cltweb.org\\\/fr\\\/a-propos-de-nous\\\/lhistoire\\\/#breadcrumb\"},\"inLanguage\":\"fr-FR\",\"potentialAction\":[{\"@type\":\"ReadAction\",\"target\":[\"https:\\\/\\\/www.cltweb.org\\\/fr\\\/a-propos-de-nous\\\/lhistoire\\\/\"]}]},{\"@type\":\"BreadcrumbList\",\"@id\":\"https:\\\/\\\/www.cltweb.org\\\/fr\\\/a-propos-de-nous\\\/lhistoire\\\/#breadcrumb\",\"itemListElement\":[{\"@type\":\"ListItem\",\"position\":1,\"name\":\"Home\",\"item\":\"https:\\\/\\\/www.cltweb.org\\\/fr\\\/\"},{\"@type\":\"ListItem\",\"position\":2,\"name\":\"A propos de nous\",\"item\":\"https:\\\/\\\/www.cltweb.org\\\/fr\\\/a-propos-de-nous\\\/\"},{\"@type\":\"ListItem\",\"position\":3,\"name\":\"Notre histoire\"}]},{\"@type\":\"WebSite\",\"@id\":\"https:\\\/\\\/www.cltweb.org\\\/fr\\\/#website\",\"url\":\"https:\\\/\\\/www.cltweb.org\\\/fr\\\/\",\"name\":\"International Center for Community Land Trusts\",\"description\":\"\",\"publisher\":{\"@id\":\"https:\\\/\\\/www.cltweb.org\\\/fr\\\/#organization\"},\"potentialAction\":[{\"@type\":\"SearchAction\",\"target\":{\"@type\":\"EntryPoint\",\"urlTemplate\":\"https:\\\/\\\/www.cltweb.org\\\/fr\\\/?s={search_term_string}\"},\"query-input\":{\"@type\":\"PropertyValueSpecification\",\"valueRequired\":true,\"valueName\":\"search_term_string\"}}],\"inLanguage\":\"fr-FR\"},{\"@type\":\"Organization\",\"@id\":\"https:\\\/\\\/www.cltweb.org\\\/fr\\\/#organization\",\"name\":\"International Center for Community Land Trusts\",\"url\":\"https:\\\/\\\/www.cltweb.org\\\/fr\\\/\",\"logo\":{\"@type\":\"ImageObject\",\"inLanguage\":\"fr-FR\",\"@id\":\"https:\\\/\\\/www.cltweb.org\\\/fr\\\/#\\\/schema\\\/logo\\\/image\\\/\",\"url\":\"https:\\\/\\\/www.cltweb.org\\\/wp-content\\\/uploads\\\/2024\\\/11\\\/New-CLT-Center-Text-logo.png\",\"contentUrl\":\"https:\\\/\\\/www.cltweb.org\\\/wp-content\\\/uploads\\\/2024\\\/11\\\/New-CLT-Center-Text-logo.png\",\"width\":227,\"height\":80,\"caption\":\"International Center for Community Land Trusts\"},\"image\":{\"@id\":\"https:\\\/\\\/www.cltweb.org\\\/fr\\\/#\\\/schema\\\/logo\\\/image\\\/\"},\"sameAs\":[\"https:\\\/\\\/www.facebook.com\\\/cltcenter\",\"https:\\\/\\\/x.com\\\/Center4CLTs\",\"https:\\\/\\\/www.instagram.com\\\/cltcenter\\\/\",\"https:\\\/\\\/www.linkedin.com\\\/company\\\/cltcenter\",\"https:\\\/\\\/www.youtube.com\\\/@centerforcltinnovation5313\"],\"description\":\"The International Center for Community Land Trusts is a not-for-profit nongovernmental organization established in 2018 to promote and to support community land trusts and similar strategies of community-led development on community-owned land in countries throughout the world.\",\"email\":\"info@communitylandtrust.net\",\"legalName\":\"International Center for Community Land Trusts\",\"foundingDate\":\"2018-12-01\",\"taxID\":\"84-3858933\",\"numberOfEmployees\":{\"@type\":\"QuantitativeValue\",\"minValue\":\"1\",\"maxValue\":\"10\"}}]}<\/script>\n<!-- \/ Yoast SEO Premium plugin. -->","yoast_head_json":{"title":"Notre histoire - International Center for Community Land Trusts","robots":{"index":"index","follow":"follow","max-snippet":"max-snippet:-1","max-image-preview":"max-image-preview:large","max-video-preview":"max-video-preview:-1"},"canonical":"https:\/\/www.cltweb.org\/fr\/a-propos-de-nous\/lhistoire\/","og_locale":"fr_FR","og_type":"article","og_title":"Notre histoire","og_description":"Une chronologie de l'\u00e9volution du mouvement CLT international.","og_url":"https:\/\/www.cltweb.org\/fr\/a-propos-de-nous\/lhistoire\/","og_site_name":"International Center for Community Land Trusts","article_publisher":"https:\/\/www.facebook.com\/cltcenter","article_modified_time":"2024-10-28T14:09:24+00:00","twitter_card":"summary_large_image","twitter_site":"@Center4CLTs","twitter_misc":{"Dur\u00e9e de lecture estim\u00e9e":"14 minutes"},"schema":{"@context":"https:\/\/schema.org","@graph":[{"@type":"WebPage","@id":"https:\/\/www.cltweb.org\/fr\/a-propos-de-nous\/lhistoire\/","url":"https:\/\/www.cltweb.org\/fr\/a-propos-de-nous\/lhistoire\/","name":"Notre histoire - International Center for Community Land Trusts","isPartOf":{"@id":"https:\/\/www.cltweb.org\/fr\/#website"},"datePublished":"2024-07-26T16:04:28+00:00","dateModified":"2024-10-28T14:09:24+00:00","breadcrumb":{"@id":"https:\/\/www.cltweb.org\/fr\/a-propos-de-nous\/lhistoire\/#breadcrumb"},"inLanguage":"fr-FR","potentialAction":[{"@type":"ReadAction","target":["https:\/\/www.cltweb.org\/fr\/a-propos-de-nous\/lhistoire\/"]}]},{"@type":"BreadcrumbList","@id":"https:\/\/www.cltweb.org\/fr\/a-propos-de-nous\/lhistoire\/#breadcrumb","itemListElement":[{"@type":"ListItem","position":1,"name":"Home","item":"https:\/\/www.cltweb.org\/fr\/"},{"@type":"ListItem","position":2,"name":"A propos de nous","item":"https:\/\/www.cltweb.org\/fr\/a-propos-de-nous\/"},{"@type":"ListItem","position":3,"name":"Notre histoire"}]},{"@type":"WebSite","@id":"https:\/\/www.cltweb.org\/fr\/#website","url":"https:\/\/www.cltweb.org\/fr\/","name":"International Center for Community Land Trusts","description":"","publisher":{"@id":"https:\/\/www.cltweb.org\/fr\/#organization"},"potentialAction":[{"@type":"SearchAction","target":{"@type":"EntryPoint","urlTemplate":"https:\/\/www.cltweb.org\/fr\/?s={search_term_string}"},"query-input":{"@type":"PropertyValueSpecification","valueRequired":true,"valueName":"search_term_string"}}],"inLanguage":"fr-FR"},{"@type":"Organization","@id":"https:\/\/www.cltweb.org\/fr\/#organization","name":"International Center for Community Land Trusts","url":"https:\/\/www.cltweb.org\/fr\/","logo":{"@type":"ImageObject","inLanguage":"fr-FR","@id":"https:\/\/www.cltweb.org\/fr\/#\/schema\/logo\/image\/","url":"https:\/\/www.cltweb.org\/wp-content\/uploads\/2024\/11\/New-CLT-Center-Text-logo.png","contentUrl":"https:\/\/www.cltweb.org\/wp-content\/uploads\/2024\/11\/New-CLT-Center-Text-logo.png","width":227,"height":80,"caption":"International Center for Community Land Trusts"},"image":{"@id":"https:\/\/www.cltweb.org\/fr\/#\/schema\/logo\/image\/"},"sameAs":["https:\/\/www.facebook.com\/cltcenter","https:\/\/x.com\/Center4CLTs","https:\/\/www.instagram.com\/cltcenter\/","https:\/\/www.linkedin.com\/company\/cltcenter","https:\/\/www.youtube.com\/@centerforcltinnovation5313"],"description":"The International Center for Community Land Trusts is a not-for-profit nongovernmental organization established in 2018 to promote and to support community land trusts and similar strategies of community-led development on community-owned land in countries throughout the world.","email":"info@communitylandtrust.net","legalName":"International Center for Community Land Trusts","foundingDate":"2018-12-01","taxID":"84-3858933","numberOfEmployees":{"@type":"QuantitativeValue","minValue":"1","maxValue":"10"}}]}},"campaignId":"","taxonomy_info":{"category":[{"value":78,"label":"A propos de nous"}]},"featured_image_src_large":false,"author_info":{"display_name":"cltredesign_0jp0l4","author_link":"https:\/\/www.cltweb.org\/fr\/author\/cltredesign_0jp0l4\/"},"comment_info":0,"jetpack_sharing_enabled":true,"jetpack-related-posts":[{"id":7443,"url":"https:\/\/www.cltweb.org\/fr\/bibliotheque-de-ressources\/les-racines-du-mouvement-clt\/","url_meta":{"origin":857,"position":0},"title":"Les racines du mouvement CLT","author":"cltredesign_0jp0l4","date":"5 novembre 2024","format":false,"excerpt":"Racines et branchesRacines et branches : Guide du jardinier sur les origines et l'\u00e9volution du Community Land Trust est une archive num\u00e9rique de documents historiques retra\u00e7ant les origines et l'\u00e9volution du community land trust. Racines et branches a \u00e9t\u00e9 d\u00e9velopp\u00e9 par John Emmeus Davis, Greg Rosenberg et l'artiste Bonnie Acker\u2026","rel":"","context":"Dans &quot;Histoire du mouvement&quot;","block_context":{"text":"Histoire du mouvement","link":"https:\/\/www.cltweb.org\/fr\/category\/histoire-du-mouvement\/"},"img":{"alt_text":"Roots and Branches graphic","src":"https:\/\/i0.wp.com\/www.cltweb.org\/wp-content\/uploads\/2024\/11\/Roots-and-Branches-1536x1265-1.jpg?resize=350%2C200&ssl=1","width":350,"height":200,"srcset":"https:\/\/i0.wp.com\/www.cltweb.org\/wp-content\/uploads\/2024\/11\/Roots-and-Branches-1536x1265-1.jpg?resize=350%2C200&ssl=1 1x, https:\/\/i0.wp.com\/www.cltweb.org\/wp-content\/uploads\/2024\/11\/Roots-and-Branches-1536x1265-1.jpg?resize=525%2C300&ssl=1 1.5x, https:\/\/i0.wp.com\/www.cltweb.org\/wp-content\/uploads\/2024\/11\/Roots-and-Branches-1536x1265-1.jpg?resize=700%2C400&ssl=1 2x, https:\/\/i0.wp.com\/www.cltweb.org\/wp-content\/uploads\/2024\/11\/Roots-and-Branches-1536x1265-1.jpg?resize=1050%2C600&ssl=1 3x, https:\/\/i0.wp.com\/www.cltweb.org\/wp-content\/uploads\/2024\/11\/Roots-and-Branches-1536x1265-1.jpg?resize=1400%2C800&ssl=1 4x"},"classes":[]},{"id":3998,"url":"https:\/\/www.cltweb.org\/fr\/bibliotheque-de-ressources\/etudes-de-cas-clt\/champlain-housing-trust\/","url_meta":{"origin":857,"position":1},"title":"Champlain Housing Trust","author":"cltredesign_0jp0l4","date":"20 octobre 2024","format":false,"excerpt":"\u00c9tabli en 1984 (Burlington, Vermont) Profil \u00e9tabli par Brenda Torpy (2015) Le Champlain Housing Trust (CHT) est n\u00e9 dans une petite ville avec une grande id\u00e9e : en cr\u00e9ant un parc de logements abordables en permanence, tout le monde pourrait avoir acc\u00e8s \u00e0 un logement d\u00e9cent et abordable, quel que\u2026","rel":"","context":"Dans &quot;\u00c9tudes de cas&quot;","block_context":{"text":"\u00c9tudes de cas","link":"https:\/\/www.cltweb.org\/fr\/category\/etudes-de-cas\/"},"img":{"alt_text":"","src":"","width":0,"height":0},"classes":[]},{"id":11319,"url":"https:\/\/www.cltweb.org\/fr\/ressources-livres-aba\/","url_meta":{"origin":857,"position":2},"title":"Ressources livres ABA","author":"cltredesign_0jp0l4","date":"17 mars 2026","format":false,"excerpt":"Articles de juristes Nous aurions aim\u00e9 inclure un certain nombre d'articles de revues dans A Community Land Trust Digest, mais nous n'avons pas pu le faire pour des raisons d'espace. Voici quelques articles suppl\u00e9mentaires qui valent la peine d'\u00eatre publi\u00e9s. Barbara L. Bezdek. 2020. \"Avoir et d\u00e9tenir ? La fiducie\u2026","rel":"","context":"Article similaire","block_context":{"text":"Article similaire","link":""},"img":{"alt_text":"","src":"","width":0,"height":0},"classes":[]},{"id":879,"url":"https:\/\/www.cltweb.org\/fr\/bibliotheque-de-ressources\/quest-ce-quun-clt\/","url_meta":{"origin":857,"position":3},"title":"Qu&#8217;est-ce qu&#8217;une fiducie fonci\u00e8re communautaire ?","author":"cltredesign_0jp0l4","date":"26 juillet 2024","format":false,"excerpt":"Un community land trust(CLT) est une soci\u00e9t\u00e9 \u00e0 but non lucratif qui d\u00e9tient des terrains pour le compte d'une communaut\u00e9 locale, tout en assurant la gestion \u00e0 long terme de logements abordables, de jardins communautaires, de b\u00e2timents municipaux, d'espaces commerciaux et d'autres actifs communautaires pour le compte d'une communaut\u00e9. Les\u2026","rel":"","context":"Dans &quot;Biblioth\u00e8que de ressources&quot;","block_context":{"text":"Biblioth\u00e8que de ressources","link":"https:\/\/www.cltweb.org\/fr\/category\/bibliotheque-de-ressources\/"},"img":{"alt_text":"","src":"","width":0,"height":0},"classes":[]},{"id":1629,"url":"https:\/\/www.cltweb.org\/fr\/terra-nostra-press\/catalogue\/sur-un-terrain-dentente-perspectives-internationales-sur-le-community-land-trust\/","url_meta":{"origin":857,"position":4},"title":"Sur un terrain d&#8217;entente","author":"cltredesign_0jp0l4","date":"29 juillet 2024","format":false,"excerpt":"On Common Ground : International Perspectives on the Community Land Trust est une collection de vingt-six essais originaux, r\u00e9dig\u00e9s par quarante-deux universitaires et praticiens d'une douzaine de pays, qui retracent la croissance et la diversification du mouvement international des community land trusts. Disponible d\u00e8s maintenant dans le monde entier502 p.,\u2026","rel":"","context":"Dans &quot;Catalogue&quot;","block_context":{"text":"Catalogue","link":"https:\/\/www.cltweb.org\/fr\/category\/catalogue\/"},"img":{"alt_text":"","src":"https:\/\/i0.wp.com\/www.cltweb.org\/wp-content\/uploads\/2024\/08\/On_Common_Ground_cover-scaled.jpg?resize=350%2C200&ssl=1","width":350,"height":200,"srcset":"https:\/\/i0.wp.com\/www.cltweb.org\/wp-content\/uploads\/2024\/08\/On_Common_Ground_cover-scaled.jpg?resize=350%2C200&ssl=1 1x, https:\/\/i0.wp.com\/www.cltweb.org\/wp-content\/uploads\/2024\/08\/On_Common_Ground_cover-scaled.jpg?resize=525%2C300&ssl=1 1.5x, https:\/\/i0.wp.com\/www.cltweb.org\/wp-content\/uploads\/2024\/08\/On_Common_Ground_cover-scaled.jpg?resize=700%2C400&ssl=1 2x, https:\/\/i0.wp.com\/www.cltweb.org\/wp-content\/uploads\/2024\/08\/On_Common_Ground_cover-scaled.jpg?resize=1050%2C600&ssl=1 3x, https:\/\/i0.wp.com\/www.cltweb.org\/wp-content\/uploads\/2024\/08\/On_Common_Ground_cover-scaled.jpg?resize=1400%2C800&ssl=1 4x"},"classes":[]},{"id":4373,"url":"https:\/\/www.cltweb.org\/fr\/bibliotheque-de-ressources\/interviews\/john-emmus-davis\/","url_meta":{"origin":857,"position":5},"title":"John Emmus Davis (2011)","author":"cltredesign_0jp0l4","date":"22 octobre 2024","format":false,"excerpt":"En 2011, cela faisait 30 ans que John contribuait au d\u00e9veloppement des community land trusts en tant qu'auteur, enseignant et fournisseur d'assistance technique. L'\u00e9volution de son implication personnelle et professionnelle dans le mouvement CLT a \u00e9t\u00e9 explor\u00e9e dans cet entretien enregistr\u00e9 par Steve Dubb, alors directeur de la recherche au\u2026","rel":"","context":"Dans &quot;Interviews&quot;","block_context":{"text":"Interviews","link":"https:\/\/www.cltweb.org\/fr\/category\/interviews-fr\/"},"img":{"alt_text":"","src":"","width":0,"height":0},"classes":[]}],"_links":{"self":[{"href":"https:\/\/www.cltweb.org\/fr\/wp-json\/wp\/v2\/pages\/857","targetHints":{"allow":["GET"]}}],"collection":[{"href":"https:\/\/www.cltweb.org\/fr\/wp-json\/wp\/v2\/pages"}],"about":[{"href":"https:\/\/www.cltweb.org\/fr\/wp-json\/wp\/v2\/types\/page"}],"author":[{"embeddable":true,"href":"https:\/\/www.cltweb.org\/fr\/wp-json\/wp\/v2\/users\/1"}],"replies":[{"embeddable":true,"href":"https:\/\/www.cltweb.org\/fr\/wp-json\/wp\/v2\/comments?post=857"}],"version-history":[{"count":10,"href":"https:\/\/www.cltweb.org\/fr\/wp-json\/wp\/v2\/pages\/857\/revisions"}],"predecessor-version":[{"id":6023,"href":"https:\/\/www.cltweb.org\/fr\/wp-json\/wp\/v2\/pages\/857\/revisions\/6023"}],"up":[{"embeddable":true,"href":"https:\/\/www.cltweb.org\/fr\/wp-json\/wp\/v2\/pages\/743"}],"wp:attachment":[{"href":"https:\/\/www.cltweb.org\/fr\/wp-json\/wp\/v2\/media?parent=857"}],"wp:term":[{"taxonomy":"category","embeddable":true,"href":"https:\/\/www.cltweb.org\/fr\/wp-json\/wp\/v2\/categories?post=857"},{"taxonomy":"post_tag","embeddable":true,"href":"https:\/\/www.cltweb.org\/fr\/wp-json\/wp\/v2\/tags?post=857"}],"curies":[{"name":"wp","href":"https:\/\/api.w.org\/{rel}","templated":true}]}}