{"id":9982,"date":"2025-10-20T21:21:47","date_gmt":"2025-10-20T21:21:47","guid":{"rendered":"https:\/\/www.cltweb.org\/terra-nostra-press\/catalogue\/notre-terre-notre-lutte\/"},"modified":"2026-02-27T18:31:17","modified_gmt":"2026-02-27T18:31:17","slug":"notre-terre-notre-lutte","status":"publish","type":"page","link":"https:\/\/www.cltweb.org\/fr\/terra-nostra-press\/catalogue\/notre-terre-notre-lutte\/","title":{"rendered":"Notre terre, notre survie"},"content":{"rendered":"\n<div class=\"wp-block-columns is-layout-flex wp-container-core-columns-is-layout-28f84493 wp-block-columns-is-layout-flex\">\n<div class=\"wp-block-column is-layout-flow wp-block-column-is-layout-flow\"><\/div>\n<\/div>\n\n<div class=\"wp-block-columns is-layout-flex wp-container-core-columns-is-layout-28f84493 wp-block-columns-is-layout-flex\">\n<div class=\"wp-block-column is-layout-flow wp-block-column-is-layout-flow\" style=\"flex-basis:30%\"><style>.kb-image9976_bb5bce-0b .kb-image-has-overlay:after{opacity:0.3;}<\/style>\n<figure class=\"wp-block-kadence-image kb-image9976_bb5bce-0b size-large\"><img loading=\"lazy\" decoding=\"async\" width=\"719\" height=\"1024\" src=\"https:\/\/www.cltweb.org\/wp-content\/uploads\/2025\/10\/Cover-for-Our-Land-Our-Struggle-final-719x1024.jpg\" alt=\"Cover of Our Land Our Struggle\" class=\"kb-img wp-image-9972\" srcset=\"https:\/\/www.cltweb.org\/wp-content\/uploads\/2025\/10\/Cover-for-Our-Land-Our-Struggle-final-719x1024.jpg 719w, https:\/\/www.cltweb.org\/wp-content\/uploads\/2025\/10\/Cover-for-Our-Land-Our-Struggle-final-211x300.jpg 211w, https:\/\/www.cltweb.org\/wp-content\/uploads\/2025\/10\/Cover-for-Our-Land-Our-Struggle-final-768x1094.jpg 768w, https:\/\/www.cltweb.org\/wp-content\/uploads\/2025\/10\/Cover-for-Our-Land-Our-Struggle-final-1079x1536.jpg 1079w, https:\/\/www.cltweb.org\/wp-content\/uploads\/2025\/10\/Cover-for-Our-Land-Our-Struggle-final-1438x2048.jpg 1438w, https:\/\/www.cltweb.org\/wp-content\/uploads\/2025\/10\/Cover-for-Our-Land-Our-Struggle-final.jpg 1741w\" sizes=\"auto, (max-width: 719px) 100vw, 719px\" \/><\/figure>\n<\/div>\n\n\n\n<div class=\"wp-block-column is-layout-flow wp-block-column-is-layout-flow\" style=\"flex-basis:70%\">\n<div class=\"wp-block-group is-layout-constrained wp-block-group-is-layout-constrained\">\n<p><strong>NOUVELLE PUBLICATION (21 octobre 2025)<\/strong><br\/><strong><em>Notre terre, notre survie <\/em><br\/>Par Line Algoed <\/strong><br\/>PAPERBACK ISBN : 9798986177649 ($14.99 US) <br\/>EBOOK ISBN : 9798986177656 ($9.99 US) <br\/>222 pages<\/p>\n<\/div>\n\n\n\n<p>Dans <strong><em>Our Land, Our Survival<\/em>,<\/strong> l&#8217;auteure Line Algoed explore le r\u00f4le vital des terres communales dans la protection des communaut\u00e9s et de l&#8217;environnement \u00e0 la suite d&#8217;une catastrophe. En se concentrant sur Barbuda et la r\u00e9gion de Ca\u00f1o Mart\u00edn Pe\u00f1a \u00e0 Porto Rico apr\u00e8s les ouragans de 2017, elle r\u00e9v\u00e8le comment l&#8217;accaparement des terres, les d\u00e9placements et le capital mondial menacent les modes de vie locaux. Face \u00e0 ces pressions, les communaut\u00e9s d\u00e9fendent leurs terres, renforcent la solidarit\u00e9 et d\u00e9veloppent des pratiques durables qui profitent \u00e0 la fois aux populations et \u00e0 la nature. Algoed et ses coauteurs c\u00e9l\u00e8brent la r\u00e9sistance et la cr\u00e9ativit\u00e9 de ces communaut\u00e9s, en montrant comment leurs modes alternatifs de propri\u00e9t\u00e9 et de gestion des terres offrent de puissantes le\u00e7ons pour la survie, la justice et un avenir plus \u00e9quitable.    <\/p>\n\n\n\n<p><em><strong>Notre terre, notre survie<\/strong><\/em> comprend \u00e9galement des contributions des auteurs Antonio Carmona B\u00e1ez, Ellen M. Bassett, Mar\u00eda E. Hern\u00e1ndez Torrales et Lyvia N. Rodriguez Del Valle.<\/p>\n\n\n\n<p><em>La propri\u00e9t\u00e9 fonci\u00e8re collective a servi de &#8220;strat\u00e9gie de r\u00e9sistance&#8221;. Elle a permis aux communaut\u00e9s de r\u00e9sister aux pressions exerc\u00e9es par les ouragans qui d\u00e9truisent les terres et par les capitalistes qui s&#8217;emparent des terres et qui apparaissent de fa\u00e7on pr\u00e9visible dans leur sillage. Elle a permis aux communaut\u00e9s d\u00e9vast\u00e9es de se r\u00e9tablir plus rapidement et de se d\u00e9velopper plus \u00e9quitablement&#8221;. JOHN EMMEUS DAVIS (extrait de l&#8217;avant-propos)<\/em><\/p>\n\n\n\n<p class=\"has-medium-font-size\">Disponible aupr\u00e8s de ces librairies en ligne<\/p>\n\n\n\n<ul class=\"wp-block-list\">\n<li><a href=\"https:\/\/www.barnesandnoble.com\/w\/our-land-our-survival-line-algoed\/1148590887?ean=9798986177649\" target=\"_blank\" rel=\"noreferrer noopener\">Barnes et Noble<\/a><\/li>\n\n\n\n<li><a href=\"https:\/\/bookshop.org\/p\/books\/our-land-our-survival-vulnerabilization-and-decolonial-resistance-through-communal-land-in-puerto-rico-and-barbuda-line-algoed\/845525991a9d42d7?ean=9798986177649&amp;next=t\" target=\"_blank\" rel=\"noreferrer noopener\">Librairie<\/a><\/li>\n\n\n\n<li><a href=\"https:\/\/bookshop.org\/p\/books\/our-land-our-survival-vulnerabilization-and-decolonial-resistance-through-communal-land-in-puerto-rico-and-barbuda-line-algoed\/845525991a9d42d7?ean=9798986177649&amp;next=t\" target=\"_blank\" rel=\"noreferrer noopener\">IndieBound<\/a><\/li>\n\n\n\n<li><a href=\"https:\/\/www.bol.com\/nl\/nl\/p\/our-land-our-survival\/9300000244861255\/?cid=1772201991732-8920470566058&amp;bltgh=5800983c-927a-43d6-9877-559c2c8591cd.ProductList_Middle.0.ProductImage\" type=\"link\" id=\"https:\/\/www.bol.com\/nl\/nl\/p\/our-land-our-survival\/9300000244861255\/?cid=1772201991732-8920470566058&amp;bltgh=5800983c-927a-43d6-9877-559c2c8591cd.ProductList_Middle.0.ProductImage\" target=\"_blank\" rel=\"noreferrer noopener\">Bol.com<\/a><\/li>\n<\/ul>\n<\/div>\n<\/div>\n\n<p><\/p>\n","protected":false},"excerpt":{"rendered":"<p>NOUVELLE PUBLICATION (21 octobre 2025)Notre terre, notre survie Par Line Algoed PAPERBACK ISBN : 9798986177649 ($14.99 US) EBOOK ISBN : 9798986177656 ($9.99 US) 222 pages Dans Our Land, Our Survival, [&hellip;]<\/p>\n","protected":false},"author":1,"featured_media":9973,"parent":757,"menu_order":0,"comment_status":"closed","ping_status":"closed","template":"","meta":{"give_campaign_id":0,"_tec_requires_first_save":true,"_kad_blocks_custom_css":"","_kad_blocks_head_custom_js":"","_kad_blocks_body_custom_js":"","_kad_blocks_footer_custom_js":"","_EventAllDay":false,"_EventTimezone":"","_EventStartDate":"","_EventEndDate":"","_EventStartDateUTC":"","_EventEndDateUTC":"","_EventShowMap":false,"_EventShowMapLink":false,"_EventURL":"","_EventCost":"","_EventCostDescription":"","_EventCurrencySymbol":"","_EventCurrencyCode":"","_EventCurrencyPosition":"","_EventDateTimeSeparator":"","_EventTimeRangeSeparator":"","_EventOrganizerID":[],"_EventVenueID":[],"_OrganizerEmail":"","_OrganizerPhone":"","_OrganizerWebsite":"","_VenueAddress":"","_VenueCity":"","_VenueCountry":"","_VenueProvince":"","_VenueState":"","_VenueZip":"","_VenuePhone":"","_VenueURL":"","_VenueStateProvince":"","_VenueLat":"","_VenueLng":"","_VenueShowMap":false,"_VenueShowMapLink":false,"_tribe_blocks_recurrence_rules":"","_tribe_blocks_recurrence_description":"","_tribe_blocks_recurrence_exclusions":"","footnotes":""},"categories":[119],"tags":[],"class_list":["post-9982","page","type-page","status-publish","has-post-thumbnail","hentry","category-catalogue"],"blocksy_meta":[],"yoast_head":"<!-- This site is optimized with the Yoast SEO Premium plugin v27.4 (Yoast SEO v27.5) - https:\/\/yoast.com\/product\/yoast-seo-premium-wordpress\/ -->\n<title>Notre terre, notre survie - International Center for Community Land Trusts<\/title>\n<meta name=\"robots\" content=\"index, follow, max-snippet:-1, max-image-preview:large, max-video-preview:-1\" \/>\n<link rel=\"canonical\" href=\"https:\/\/www.cltweb.org\/fr\/terra-nostra-press\/catalogue\/notre-terre-notre-lutte\/\" \/>\n<meta property=\"og:locale\" content=\"fr_FR\" \/>\n<meta property=\"og:type\" content=\"article\" \/>\n<meta property=\"og:title\" content=\"Notre terre, notre survie\" \/>\n<meta property=\"og:description\" content=\"NOUVELLE PUBLICATION (21 octobre 2025)Notre terre, notre survie Par Line Algoed PAPERBACK ISBN : 9798986177649 ($14.99 US) EBOOK ISBN : 9798986177656 ($9.99 US) 222 pages Dans Our Land, Our Survival, [&hellip;]\" \/>\n<meta property=\"og:url\" content=\"https:\/\/www.cltweb.org\/fr\/terra-nostra-press\/catalogue\/notre-terre-notre-lutte\/\" \/>\n<meta property=\"og:site_name\" content=\"International Center for Community Land Trusts\" \/>\n<meta property=\"article:publisher\" content=\"https:\/\/www.facebook.com\/cltcenter\" \/>\n<meta property=\"article:modified_time\" content=\"2026-02-27T18:31:17+00:00\" \/>\n<meta property=\"og:image\" content=\"https:\/\/www.cltweb.org\/wp-content\/uploads\/2025\/10\/Cover-for-Our-Land-Our-Struggle-final-719x1024.jpg\" \/>\n\t<meta property=\"og:image:width\" content=\"719\" \/>\n\t<meta property=\"og:image:height\" content=\"1024\" \/>\n\t<meta property=\"og:image:type\" content=\"image\/jpeg\" \/>\n<meta name=\"twitter:card\" content=\"summary_large_image\" \/>\n<meta name=\"twitter:site\" content=\"@Center4CLTs\" \/>\n<meta name=\"twitter:label1\" content=\"Dur\u00e9e de lecture estim\u00e9e\" \/>\n\t<meta name=\"twitter:data1\" content=\"1 minute\" \/>\n<script type=\"application\/ld+json\" class=\"yoast-schema-graph\">{\"@context\":\"https:\\\/\\\/schema.org\",\"@graph\":[{\"@type\":\"WebPage\",\"@id\":\"https:\\\/\\\/www.cltweb.org\\\/fr\\\/terra-nostra-press\\\/catalogue\\\/notre-terre-notre-lutte\\\/\",\"url\":\"https:\\\/\\\/www.cltweb.org\\\/fr\\\/terra-nostra-press\\\/catalogue\\\/notre-terre-notre-lutte\\\/\",\"name\":\"Notre terre, notre survie - International Center for Community Land Trusts\",\"isPartOf\":{\"@id\":\"https:\\\/\\\/www.cltweb.org\\\/fr\\\/#website\"},\"primaryImageOfPage\":{\"@id\":\"https:\\\/\\\/www.cltweb.org\\\/fr\\\/terra-nostra-press\\\/catalogue\\\/notre-terre-notre-lutte\\\/#primaryimage\"},\"image\":{\"@id\":\"https:\\\/\\\/www.cltweb.org\\\/fr\\\/terra-nostra-press\\\/catalogue\\\/notre-terre-notre-lutte\\\/#primaryimage\"},\"thumbnailUrl\":\"https:\\\/\\\/www.cltweb.org\\\/wp-content\\\/uploads\\\/2025\\\/10\\\/Cover-for-Our-Land-Our-Struggle-final.jpg\",\"datePublished\":\"2025-10-20T21:21:47+00:00\",\"dateModified\":\"2026-02-27T18:31:17+00:00\",\"breadcrumb\":{\"@id\":\"https:\\\/\\\/www.cltweb.org\\\/fr\\\/terra-nostra-press\\\/catalogue\\\/notre-terre-notre-lutte\\\/#breadcrumb\"},\"inLanguage\":\"fr-FR\",\"potentialAction\":[{\"@type\":\"ReadAction\",\"target\":[\"https:\\\/\\\/www.cltweb.org\\\/fr\\\/terra-nostra-press\\\/catalogue\\\/notre-terre-notre-lutte\\\/\"]}]},{\"@type\":\"ImageObject\",\"inLanguage\":\"fr-FR\",\"@id\":\"https:\\\/\\\/www.cltweb.org\\\/fr\\\/terra-nostra-press\\\/catalogue\\\/notre-terre-notre-lutte\\\/#primaryimage\",\"url\":\"https:\\\/\\\/www.cltweb.org\\\/wp-content\\\/uploads\\\/2025\\\/10\\\/Cover-for-Our-Land-Our-Struggle-final.jpg\",\"contentUrl\":\"https:\\\/\\\/www.cltweb.org\\\/wp-content\\\/uploads\\\/2025\\\/10\\\/Cover-for-Our-Land-Our-Struggle-final.jpg\",\"width\":1741,\"height\":2479,\"caption\":\"Couverture de Our Land Our Struggle (Notre terre, notre lutte)\"},{\"@type\":\"BreadcrumbList\",\"@id\":\"https:\\\/\\\/www.cltweb.org\\\/fr\\\/terra-nostra-press\\\/catalogue\\\/notre-terre-notre-lutte\\\/#breadcrumb\",\"itemListElement\":[{\"@type\":\"ListItem\",\"position\":1,\"name\":\"Home\",\"item\":\"https:\\\/\\\/www.cltweb.org\\\/fr\\\/\"},{\"@type\":\"ListItem\",\"position\":2,\"name\":\"Terra Nostra Press\",\"item\":\"https:\\\/\\\/www.cltweb.org\\\/fr\\\/terra-nostra-press\\\/\"},{\"@type\":\"ListItem\",\"position\":3,\"name\":\"Catalogue\",\"item\":\"https:\\\/\\\/www.cltweb.org\\\/fr\\\/terra-nostra-press\\\/catalogue\\\/\"},{\"@type\":\"ListItem\",\"position\":4,\"name\":\"Notre terre, notre survie\"}]},{\"@type\":\"WebSite\",\"@id\":\"https:\\\/\\\/www.cltweb.org\\\/fr\\\/#website\",\"url\":\"https:\\\/\\\/www.cltweb.org\\\/fr\\\/\",\"name\":\"International Center for Community Land Trusts\",\"description\":\"\",\"publisher\":{\"@id\":\"https:\\\/\\\/www.cltweb.org\\\/fr\\\/#organization\"},\"potentialAction\":[{\"@type\":\"SearchAction\",\"target\":{\"@type\":\"EntryPoint\",\"urlTemplate\":\"https:\\\/\\\/www.cltweb.org\\\/fr\\\/?s={search_term_string}\"},\"query-input\":{\"@type\":\"PropertyValueSpecification\",\"valueRequired\":true,\"valueName\":\"search_term_string\"}}],\"inLanguage\":\"fr-FR\"},{\"@type\":\"Organization\",\"@id\":\"https:\\\/\\\/www.cltweb.org\\\/fr\\\/#organization\",\"name\":\"International Center for Community Land Trusts\",\"url\":\"https:\\\/\\\/www.cltweb.org\\\/fr\\\/\",\"logo\":{\"@type\":\"ImageObject\",\"inLanguage\":\"fr-FR\",\"@id\":\"https:\\\/\\\/www.cltweb.org\\\/fr\\\/#\\\/schema\\\/logo\\\/image\\\/\",\"url\":\"https:\\\/\\\/www.cltweb.org\\\/wp-content\\\/uploads\\\/2024\\\/11\\\/New-CLT-Center-Text-logo.png\",\"contentUrl\":\"https:\\\/\\\/www.cltweb.org\\\/wp-content\\\/uploads\\\/2024\\\/11\\\/New-CLT-Center-Text-logo.png\",\"width\":227,\"height\":80,\"caption\":\"International Center for Community Land Trusts\"},\"image\":{\"@id\":\"https:\\\/\\\/www.cltweb.org\\\/fr\\\/#\\\/schema\\\/logo\\\/image\\\/\"},\"sameAs\":[\"https:\\\/\\\/www.facebook.com\\\/cltcenter\",\"https:\\\/\\\/x.com\\\/Center4CLTs\",\"https:\\\/\\\/www.instagram.com\\\/cltcenter\\\/\",\"https:\\\/\\\/www.linkedin.com\\\/company\\\/cltcenter\",\"https:\\\/\\\/www.youtube.com\\\/@centerforcltinnovation5313\"],\"description\":\"The International Center for Community Land Trusts is a not-for-profit nongovernmental organization established in 2018 to promote and to support community land trusts and similar strategies of community-led development on community-owned land in countries throughout the world.\",\"email\":\"info@communitylandtrust.net\",\"legalName\":\"International Center for Community Land Trusts\",\"foundingDate\":\"2018-12-01\",\"taxID\":\"84-3858933\",\"numberOfEmployees\":{\"@type\":\"QuantitativeValue\",\"minValue\":\"1\",\"maxValue\":\"10\"}}]}<\/script>\n<!-- \/ Yoast SEO Premium plugin. -->","yoast_head_json":{"title":"Notre terre, notre survie - International Center for Community Land Trusts","robots":{"index":"index","follow":"follow","max-snippet":"max-snippet:-1","max-image-preview":"max-image-preview:large","max-video-preview":"max-video-preview:-1"},"canonical":"https:\/\/www.cltweb.org\/fr\/terra-nostra-press\/catalogue\/notre-terre-notre-lutte\/","og_locale":"fr_FR","og_type":"article","og_title":"Notre terre, notre survie","og_description":"NOUVELLE PUBLICATION (21 octobre 2025)Notre terre, notre survie Par Line Algoed PAPERBACK ISBN : 9798986177649 ($14.99 US) EBOOK ISBN : 9798986177656 ($9.99 US) 222 pages Dans Our Land, Our Survival, [&hellip;]","og_url":"https:\/\/www.cltweb.org\/fr\/terra-nostra-press\/catalogue\/notre-terre-notre-lutte\/","og_site_name":"International Center for Community Land Trusts","article_publisher":"https:\/\/www.facebook.com\/cltcenter","article_modified_time":"2026-02-27T18:31:17+00:00","og_image":[{"width":719,"height":1024,"url":"https:\/\/www.cltweb.org\/wp-content\/uploads\/2025\/10\/Cover-for-Our-Land-Our-Struggle-final-719x1024.jpg","type":"image\/jpeg"}],"twitter_card":"summary_large_image","twitter_site":"@Center4CLTs","twitter_misc":{"Dur\u00e9e de lecture estim\u00e9e":"1 minute"},"schema":{"@context":"https:\/\/schema.org","@graph":[{"@type":"WebPage","@id":"https:\/\/www.cltweb.org\/fr\/terra-nostra-press\/catalogue\/notre-terre-notre-lutte\/","url":"https:\/\/www.cltweb.org\/fr\/terra-nostra-press\/catalogue\/notre-terre-notre-lutte\/","name":"Notre terre, notre survie - International Center for Community Land Trusts","isPartOf":{"@id":"https:\/\/www.cltweb.org\/fr\/#website"},"primaryImageOfPage":{"@id":"https:\/\/www.cltweb.org\/fr\/terra-nostra-press\/catalogue\/notre-terre-notre-lutte\/#primaryimage"},"image":{"@id":"https:\/\/www.cltweb.org\/fr\/terra-nostra-press\/catalogue\/notre-terre-notre-lutte\/#primaryimage"},"thumbnailUrl":"https:\/\/www.cltweb.org\/wp-content\/uploads\/2025\/10\/Cover-for-Our-Land-Our-Struggle-final.jpg","datePublished":"2025-10-20T21:21:47+00:00","dateModified":"2026-02-27T18:31:17+00:00","breadcrumb":{"@id":"https:\/\/www.cltweb.org\/fr\/terra-nostra-press\/catalogue\/notre-terre-notre-lutte\/#breadcrumb"},"inLanguage":"fr-FR","potentialAction":[{"@type":"ReadAction","target":["https:\/\/www.cltweb.org\/fr\/terra-nostra-press\/catalogue\/notre-terre-notre-lutte\/"]}]},{"@type":"ImageObject","inLanguage":"fr-FR","@id":"https:\/\/www.cltweb.org\/fr\/terra-nostra-press\/catalogue\/notre-terre-notre-lutte\/#primaryimage","url":"https:\/\/www.cltweb.org\/wp-content\/uploads\/2025\/10\/Cover-for-Our-Land-Our-Struggle-final.jpg","contentUrl":"https:\/\/www.cltweb.org\/wp-content\/uploads\/2025\/10\/Cover-for-Our-Land-Our-Struggle-final.jpg","width":1741,"height":2479,"caption":"Couverture de Our Land Our Struggle (Notre terre, notre lutte)"},{"@type":"BreadcrumbList","@id":"https:\/\/www.cltweb.org\/fr\/terra-nostra-press\/catalogue\/notre-terre-notre-lutte\/#breadcrumb","itemListElement":[{"@type":"ListItem","position":1,"name":"Home","item":"https:\/\/www.cltweb.org\/fr\/"},{"@type":"ListItem","position":2,"name":"Terra Nostra Press","item":"https:\/\/www.cltweb.org\/fr\/terra-nostra-press\/"},{"@type":"ListItem","position":3,"name":"Catalogue","item":"https:\/\/www.cltweb.org\/fr\/terra-nostra-press\/catalogue\/"},{"@type":"ListItem","position":4,"name":"Notre terre, notre survie"}]},{"@type":"WebSite","@id":"https:\/\/www.cltweb.org\/fr\/#website","url":"https:\/\/www.cltweb.org\/fr\/","name":"International Center for Community Land Trusts","description":"","publisher":{"@id":"https:\/\/www.cltweb.org\/fr\/#organization"},"potentialAction":[{"@type":"SearchAction","target":{"@type":"EntryPoint","urlTemplate":"https:\/\/www.cltweb.org\/fr\/?s={search_term_string}"},"query-input":{"@type":"PropertyValueSpecification","valueRequired":true,"valueName":"search_term_string"}}],"inLanguage":"fr-FR"},{"@type":"Organization","@id":"https:\/\/www.cltweb.org\/fr\/#organization","name":"International Center for Community Land Trusts","url":"https:\/\/www.cltweb.org\/fr\/","logo":{"@type":"ImageObject","inLanguage":"fr-FR","@id":"https:\/\/www.cltweb.org\/fr\/#\/schema\/logo\/image\/","url":"https:\/\/www.cltweb.org\/wp-content\/uploads\/2024\/11\/New-CLT-Center-Text-logo.png","contentUrl":"https:\/\/www.cltweb.org\/wp-content\/uploads\/2024\/11\/New-CLT-Center-Text-logo.png","width":227,"height":80,"caption":"International Center for Community Land Trusts"},"image":{"@id":"https:\/\/www.cltweb.org\/fr\/#\/schema\/logo\/image\/"},"sameAs":["https:\/\/www.facebook.com\/cltcenter","https:\/\/x.com\/Center4CLTs","https:\/\/www.instagram.com\/cltcenter\/","https:\/\/www.linkedin.com\/company\/cltcenter","https:\/\/www.youtube.com\/@centerforcltinnovation5313"],"description":"The International Center for Community Land Trusts is a not-for-profit nongovernmental organization established in 2018 to promote and to support community land trusts and similar strategies of community-led development on community-owned land in countries throughout the world.","email":"info@communitylandtrust.net","legalName":"International Center for Community Land Trusts","foundingDate":"2018-12-01","taxID":"84-3858933","numberOfEmployees":{"@type":"QuantitativeValue","minValue":"1","maxValue":"10"}}]}},"campaignId":"","taxonomy_info":{"category":[{"value":119,"label":"Catalogue"}]},"featured_image_src_large":["https:\/\/www.cltweb.org\/wp-content\/uploads\/2025\/10\/Cover-for-Our-Land-Our-Struggle-final-719x1024.jpg",719,1024,true],"author_info":{"display_name":"cltredesign_0jp0l4","author_link":"https:\/\/www.cltweb.org\/fr\/author\/cltredesign_0jp0l4\/"},"comment_info":0,"jetpack_sharing_enabled":true,"jetpack-related-posts":[{"id":4474,"url":"https:\/\/www.cltweb.org\/fr\/bibliotheque-de-ressources\/interviews\/charles-sherrod-1982\/","url_meta":{"origin":9982,"position":0},"title":"Charles Sherrod (1982)","author":"cltredesign_0jp0l4","date":"22 octobre 2024","format":false,"excerpt":"\u00c0 23 ans, Charles Sherrod est arriv\u00e9 \u00e0 Albany, en G\u00e9orgie, pour s'occuper de l'organisation de la communaut\u00e9 et de l'inscription sur les listes \u00e9lectorales pour le Comit\u00e9 de coordination des \u00e9tudiants non violents (Student Non-Violent Coordinating Committee). Il n'en est jamais reparti. En 1968, il fait partie des huit\u2026","rel":"","context":"Dans &quot;Interviews&quot;","block_context":{"text":"Interviews","link":"https:\/\/www.cltweb.org\/fr\/category\/interviews-fr\/"},"img":{"alt_text":"","src":"","width":0,"height":0},"classes":[]},{"id":857,"url":"https:\/\/www.cltweb.org\/fr\/a-propos-de-nous\/lhistoire\/","url_meta":{"origin":9982,"position":1},"title":"Notre histoire","author":"cltredesign_0jp0l4","date":"26 juillet 2024","format":false,"excerpt":"Une chronologie de l'\u00e9volution du mouvement CLT international.","rel":"","context":"Dans &quot;A propos de nous&quot;","block_context":{"text":"A propos de nous","link":"https:\/\/www.cltweb.org\/fr\/category\/a-propos-de-nous\/"},"img":{"alt_text":"","src":"","width":0,"height":0},"classes":[]},{"id":4522,"url":"https:\/\/www.cltweb.org\/fr\/bibliotheque-de-ressources\/interviews\/liz-alden-wily-2020\/","url_meta":{"origin":9982,"position":2},"title":"Liz Alden Wily (2020)","author":"cltredesign_0jp0l4","date":"22 octobre 2024","format":false,"excerpt":"Liz Alden Wily, docteur en sciences politiques, est une sp\u00e9cialiste des r\u00e9gimes fonciers. Elle travaille comme chercheuse, conseill\u00e8re technique et praticienne dans le domaine de la propri\u00e9t\u00e9 fonci\u00e8re communautaire. Elle a travaill\u00e9 sur cette question dans une vingtaine de pays. Elle a r\u00e9dig\u00e9 un chapitre dans On Common Ground intitul\u00e9\u2026","rel":"","context":"Dans &quot;Interviews&quot;","block_context":{"text":"Interviews","link":"https:\/\/www.cltweb.org\/fr\/category\/interviews-fr\/"},"img":{"alt_text":"","src":"","width":0,"height":0},"classes":[]},{"id":1589,"url":"https:\/\/www.cltweb.org\/fr\/terra-nostra-press\/catalogue\/fonds-fonciers-communautaires-et-etablissements-informels-dans-les-pays-du-sud\/","url_meta":{"origin":9982,"position":3},"title":"Fonds fonciers communautaires et \u00e9tablissements informels dans les pays du Sud","author":"cltredesign_0jp0l4","date":"29 juillet 2024","format":false,"excerpt":"Disponible d\u00e8s maintenant dans le monde entier, 158 pages.PAPERBACK ISBN 9781736275917 $15.00 USEBOOK ISBN 9781736275924 $5.00 US Les ONG peuvent b\u00e9n\u00e9ficier de remises sur les commandes en gros. Pour plus d'informations et pour passer votre commande, consultez notre page sur les commandes group\u00e9es. Fiducies fonci\u00e8res communautaires et \u00e9tablissements informels dans\u2026","rel":"","context":"Dans &quot;Catalogue&quot;","block_context":{"text":"Catalogue","link":"https:\/\/www.cltweb.org\/fr\/category\/catalogue\/"},"img":{"alt_text":"Global South Book Cover","src":"https:\/\/i0.wp.com\/www.cltweb.org\/wp-content\/uploads\/2024\/10\/Global-South-Cover.jpg?resize=350%2C200&ssl=1","width":350,"height":200,"srcset":"https:\/\/i0.wp.com\/www.cltweb.org\/wp-content\/uploads\/2024\/10\/Global-South-Cover.jpg?resize=350%2C200&ssl=1 1x, https:\/\/i0.wp.com\/www.cltweb.org\/wp-content\/uploads\/2024\/10\/Global-South-Cover.jpg?resize=525%2C300&ssl=1 1.5x, https:\/\/i0.wp.com\/www.cltweb.org\/wp-content\/uploads\/2024\/10\/Global-South-Cover.jpg?resize=700%2C400&ssl=1 2x, https:\/\/i0.wp.com\/www.cltweb.org\/wp-content\/uploads\/2024\/10\/Global-South-Cover.jpg?resize=1050%2C600&ssl=1 3x, https:\/\/i0.wp.com\/www.cltweb.org\/wp-content\/uploads\/2024\/10\/Global-South-Cover.jpg?resize=1400%2C800&ssl=1 4x"},"classes":[]},{"id":1618,"url":"https:\/\/www.cltweb.org\/fr\/terra-nostra-press\/catalogue\/pourquoi-des-fonds-fonciers-communautaires\/","url_meta":{"origin":9982,"position":4},"title":"Pourquoi des fonds fonciers communautaires ?","author":"cltredesign_0jp0l4","date":"29 juillet 2024","format":false,"excerpt":"Disponible d\u00e8s maintenant dans le monde entier, 110 pages.PAPERBACK ISBN 9781734403046 $12.50 USEBOOK ISBN 9781734403060 $5.00 US Les ONG peuvent b\u00e9n\u00e9ficier de remises sur les commandes en gros. Pour plus d'informations et pour passer votre commande, consultez notre page sur les commandes group\u00e9es. Pourquoi les Community Land Trusts : The\u2026","rel":"","context":"Dans &quot;Catalogue&quot;","block_context":{"text":"Catalogue","link":"https:\/\/www.cltweb.org\/fr\/category\/catalogue\/"},"img":{"alt_text":"Book cover for Why CLTs","src":"https:\/\/i0.wp.com\/www.cltweb.org\/wp-content\/uploads\/2024\/10\/Why-CLTs-cover.jpg?resize=350%2C200&ssl=1","width":350,"height":200,"srcset":"https:\/\/i0.wp.com\/www.cltweb.org\/wp-content\/uploads\/2024\/10\/Why-CLTs-cover.jpg?resize=350%2C200&ssl=1 1x, https:\/\/i0.wp.com\/www.cltweb.org\/wp-content\/uploads\/2024\/10\/Why-CLTs-cover.jpg?resize=525%2C300&ssl=1 1.5x, https:\/\/i0.wp.com\/www.cltweb.org\/wp-content\/uploads\/2024\/10\/Why-CLTs-cover.jpg?resize=700%2C400&ssl=1 2x, https:\/\/i0.wp.com\/www.cltweb.org\/wp-content\/uploads\/2024\/10\/Why-CLTs-cover.jpg?resize=1050%2C600&ssl=1 3x, https:\/\/i0.wp.com\/www.cltweb.org\/wp-content\/uploads\/2024\/10\/Why-CLTs-cover.jpg?resize=1400%2C800&ssl=1 4x"},"classes":[]},{"id":1973,"url":"https:\/\/www.cltweb.org\/fr\/bibliotheque-de-ressources\/carte-mondiale-du-clt\/","url_meta":{"origin":9982,"position":5},"title":"Carte et annuaire des CLT","author":"cltredesign_0jp0l4","date":"26 juillet 2024","format":false,"excerpt":"A propos de Global Map + Directory Cette carte mondiale et ce r\u00e9pertoire ne pr\u00e9tendent pas \u00eatre exhaustifs ou complets. Dans certains cas, il existe des organisations qui se d\u00e9crivent elles-m\u00eames comme des CLT et qui pr\u00e9sentent les caract\u00e9ristiques essentielles d'un CLT, que nous avons peut-\u00eatre accidentellement oubli\u00e9es. En effet,\u2026","rel":"","context":"Dans &quot;Biblioth\u00e8que de ressources&quot;","block_context":{"text":"Biblioth\u00e8que de ressources","link":"https:\/\/www.cltweb.org\/fr\/category\/bibliotheque-de-ressources\/"},"img":{"alt_text":"","src":"","width":0,"height":0},"classes":[]}],"_links":{"self":[{"href":"https:\/\/www.cltweb.org\/fr\/wp-json\/wp\/v2\/pages\/9982","targetHints":{"allow":["GET"]}}],"collection":[{"href":"https:\/\/www.cltweb.org\/fr\/wp-json\/wp\/v2\/pages"}],"about":[{"href":"https:\/\/www.cltweb.org\/fr\/wp-json\/wp\/v2\/types\/page"}],"author":[{"embeddable":true,"href":"https:\/\/www.cltweb.org\/fr\/wp-json\/wp\/v2\/users\/1"}],"replies":[{"embeddable":true,"href":"https:\/\/www.cltweb.org\/fr\/wp-json\/wp\/v2\/comments?post=9982"}],"version-history":[{"count":15,"href":"https:\/\/www.cltweb.org\/fr\/wp-json\/wp\/v2\/pages\/9982\/revisions"}],"predecessor-version":[{"id":11271,"href":"https:\/\/www.cltweb.org\/fr\/wp-json\/wp\/v2\/pages\/9982\/revisions\/11271"}],"up":[{"embeddable":true,"href":"https:\/\/www.cltweb.org\/fr\/wp-json\/wp\/v2\/pages\/757"}],"wp:featuredmedia":[{"embeddable":true,"href":"https:\/\/www.cltweb.org\/fr\/wp-json\/wp\/v2\/media\/9973"}],"wp:attachment":[{"href":"https:\/\/www.cltweb.org\/fr\/wp-json\/wp\/v2\/media?parent=9982"}],"wp:term":[{"taxonomy":"category","embeddable":true,"href":"https:\/\/www.cltweb.org\/fr\/wp-json\/wp\/v2\/categories?post=9982"},{"taxonomy":"post_tag","embeddable":true,"href":"https:\/\/www.cltweb.org\/fr\/wp-json\/wp\/v2\/tags?post=9982"}],"curies":[{"name":"wp","href":"https:\/\/api.w.org\/{rel}","templated":true}]}}