{"id":10538,"date":"2025-11-04T15:21:22","date_gmt":"2025-11-04T15:21:22","guid":{"rendered":"https:\/\/www.cltweb.org\/event\/partenariats-habitat-pour-lhumanite-clt-pour-une-accessibilite-durable-2\/"},"modified":"2025-12-11T20:40:37","modified_gmt":"2025-12-11T20:40:37","slug":"partenariats-habitat-pour-lhumanite-clt-pour-une-accessibilite-durable-2","status":"publish","type":"tribe_events","link":"https:\/\/www.cltweb.org\/fr\/event\/partenariats-habitat-pour-lhumanite-clt-pour-une-accessibilite-durable-2\/","title":{"rendered":"Partenariats Habitat pour l&#8217;humanit\u00e9-CLT pour une accessibilit\u00e9 durable"},"content":{"rendered":"<div  class=\"tribe-events-schedule tribe-clearfix\" >\n\t<p class=\"tribe-events-schedule__datetime\">\n\t\t<span class=\"tribe-events-schedule__date tribe-events-schedule__date--start\">\n\t\t\tjuillet 1, 2025\t\t<\/span>\n\n\t\t\t\t\t<span class=\"tribe-events-schedule__separator tribe-events-schedule__separator--date\">\n\t\t\t\t @ \t\t\t<\/span>\n\t\t\t<span class=\"tribe-events-schedule__time tribe-events-schedule__time--start\">\n\t\t\t\t14h00\t\t\t<\/span>\n\t\t\n\t\t\t\t\t\t\t\t\t<span class=\"tribe-events-schedule__separator tribe-events-schedule__separator--time\">\n\t\t\t\t\t &#8211; \t\t\t\t<\/span>\n\t\t\t\n\t\t\t\t\t\t\t<span class=\"tribe-events-schedule__time tribe-events-schedule__time--end\">\n\t\t\t\t\t15h15\t\t\t\t<\/span>\n\t\t\t\n\t\t\t\t\t\t\t<span class=\"tribe-events-schedule__timezone\">UTC+0<\/span>\n\t\t\t\t\t\t<\/p>\n<\/div>\n\n<figure class=\"wp-block-embed is-type-video is-provider-youtube wp-block-embed-youtube wp-embed-aspect-16-9 wp-has-aspect-ratio\"><div class=\"wp-block-embed__wrapper\">\n<iframe loading=\"lazy\" title=\"Habitat-CLT Partnerships for Lasting Affordability\" width=\"1290\" height=\"726\" src=\"https:\/\/www.youtube.com\/embed\/_iUoED1ZTn4?feature=oembed\" frameborder=\"0\" allow=\"accelerometer; autoplay; clipboard-write; encrypted-media; gyroscope; picture-in-picture; web-share\" referrerpolicy=\"strict-origin-when-cross-origin\" allowfullscreen><\/iframe>\n<\/div><\/figure>\n\n<h2 class=\"wp-block-heading\" id=\"h-webinar-description\">Description du webinaire<\/h2>\n\n<p>Que faut-il pour cr\u00e9er des logements qui restent abordables d&#8217;une g\u00e9n\u00e9ration \u00e0 l&#8217;autre ? Rejoignez l&#8217;International Center for CLTs, Habitat for Humanity et le Lincoln Institute of Land Policy pour une conversation dynamique sur le pouvoir des community land trusts (CLT) en tant qu&#8217;outil permettant d&#8217;assurer une accessibilit\u00e9 durable gr\u00e2ce \u00e0 une gestion \u00e0 long terme. Ce webinaire retrace l&#8217;histoire du mouvement CLT aux \u00c9tats-Unis, examine le paysage actuel de la pr\u00e9servation des logements abordables et met en lumi\u00e8re un nouveau rapport politique sur la formation de partenariats CLT solides et \u00e9quitables.  <\/p>\n\n<p>Les pan\u00e9listes offrent un aper\u00e7u pratique de la fa\u00e7on dont les CLT fonctionnent en tant qu&#8217;intendants &#8211; en prot\u00e9geant l&#8217;accessibilit\u00e9 \u00e0 la revente, en soutenant les propri\u00e9taires au fil du temps et en pr\u00e9servant l&#8217;int\u00e9grit\u00e9 physique des maisons afin qu&#8217;elles puissent servir \u00e0 plusieurs g\u00e9n\u00e9rations de familles. Gr\u00e2ce \u00e0 une collaboration de longue date, les CLT et les filiales d&#8217;Habitat for Humanity sont des partenaires naturels dans ce travail. Les participants apprendront comment les partenariats CLT-Habitat ont \u00e9t\u00e9 form\u00e9s et \u00e9tendus avec succ\u00e8s et ce qu&#8217;il faut vraiment &#8211; sur le terrain et dans les coulisses &#8211; pour que les communaut\u00e9s prennent le contr\u00f4le collectif des terrains et des logements.  <\/p>\n\n<p>Que vous soyez un d\u00e9fenseur du logement, un d\u00e9cideur politique, un membre du personnel ou du conseil d&#8217;administration des filiales d&#8217;Habitat for Humanity et des CLT, ou un citoyen curieux, cette session vous fournira \u00e0 la fois de l&#8217;inspiration et une strat\u00e9gie fond\u00e9e pour garantir que l&#8217;accessibilit\u00e9 perdure au-del\u00e0 d&#8217;une seule vente, au-del\u00e0 d&#8217;un seul propri\u00e9taire &#8211; pour les g\u00e9n\u00e9rations \u00e0 venir.<\/p>\n<style>.wp-block-kadence-spacer.kt-block-spacer-10532_3b53e2-cc .kt-block-spacer{height:25px;}.wp-block-kadence-spacer.kt-block-spacer-10532_3b53e2-cc .kt-divider{border-top-width:1px;height:1px;border-top-color:#eee;width:80%;border-top-style:solid;}<\/style>\n<div class=\"wp-block-kadence-spacer aligncenter kt-block-spacer-10532_3b53e2-cc\"><div class=\"kt-block-spacer kt-block-spacer-halign-center\"><hr class=\"kt-divider\"\/><\/div><\/div>\n\n<h2 class=\"wp-block-heading\" id=\"h-speakers-and-panelists\">Orateurs et pan\u00e9listes<\/h2>\n\n<figure class=\"wp-block-image alignright size-full is-resized\"><img loading=\"lazy\" decoding=\"async\" width=\"206\" height=\"178\" src=\"https:\/\/www.cltweb.org\/wp-content\/uploads\/2025\/06\/John-Emmeus-Davis.png\" alt=\"\" class=\"wp-image-9567\" style=\"width:144px;height:auto\"\/><\/figure>\n\n<p><strong>John Emmeus Davis<\/strong>, membre fondateur du conseil d&#8217;administration de l&#8217;International Center for Community Land Trusts ; r\u00e9dacteur en chef de Terra Nostra Press<\/p>\n\n<p>JOHN EMMEUS DAVIS est cofondateur de Burlington Associates in Community Development, une coop\u00e9rative nationale de conseil. John a fait partie de l&#8217;\u00e9quipe de l&#8217;Institute for Community Economics de 1981 \u00e0 1985 et a ensuite \u00e9t\u00e9 directeur du logement de la ville de Burlington, dans le Vermont, pendant dix ans. Il a co-r\u00e9dig\u00e9 la d\u00e9finition f\u00e9d\u00e9rale d&#8217;un CLT qui a \u00e9t\u00e9 promulgu\u00e9e dans la loi am\u00e9ricaine en 1992.  <\/p>\n\n<figure class=\"wp-block-image alignright size-full is-resized\"><img decoding=\"async\" src=\"https:\/\/www.cltweb.org\/wp-content\/uploads\/2025\/06\/Screenshot-2025-06-13-at-11.34.34&#x202F;AM.png\" alt=\"\" class=\"wp-image-9587\" style=\"width:145px;height:auto\"\/><\/figure>\n\n<p><strong>Assan Sosseh<\/strong>, responsable du programme &#8220;Lasting Affordability&#8221;, <a href=\"https:\/\/www.habitat.org\/\">Habitat for Humanity International<\/a><\/p>\n\n<p>ASSAN SOSSEH est un professionnel chevronn\u00e9 du logement abordable qui occupe actuellement le poste de responsable du programme &#8220;Lasting Affordability&#8221; chez Habitat for Humanity International (HFHI). \u00c0 ce titre, il dirige des initiatives visant \u00e0 accro\u00eetre l&#8217;adoption de mod\u00e8les d&#8217;accession durable \u00e0 la propri\u00e9t\u00e9 au sein du r\u00e9seau Habitat. Ces mod\u00e8les comprennent des strat\u00e9gies telles que les fiducies fonci\u00e8res communautaires, les baux fonciers et les restrictions de propri\u00e9t\u00e9 \u00e0 long terme, toutes con\u00e7ues pour garantir que les logements restent abordables pour les g\u00e9n\u00e9rations futures.  <\/p>\n\n<figure class=\"wp-block-image alignright size-full is-resized\"><img loading=\"lazy\" decoding=\"async\" width=\"607\" height=\"607\" src=\"https:\/\/www.cltweb.org\/wp-content\/uploads\/2025\/06\/Derby-Swanson.jpg\" alt=\"\" class=\"wp-image-9583\" style=\"width:142px;height:auto\" srcset=\"https:\/\/www.cltweb.org\/wp-content\/uploads\/2025\/06\/Derby-Swanson.jpg 607w, https:\/\/www.cltweb.org\/wp-content\/uploads\/2025\/06\/Derby-Swanson-300x300.jpg 300w, https:\/\/www.cltweb.org\/wp-content\/uploads\/2025\/06\/Derby-Swanson-150x150.jpg 150w\" sizes=\"auto, (max-width: 607px) 100vw, 607px\" \/><\/figure>\n\n<p><strong>Derby Swanson, <\/strong>directeur des services aux propri\u00e9taires et aux communaut\u00e9s, <a href=\"https:\/\/frederickhabitat.org\/\" target=\"_blank\" rel=\"noreferrer noopener\">Habitat for Humanity of Frederick County<\/a><\/p>\n\n<p>DERBY A SWANSON poss\u00e8de un parcours professionnel diversifi\u00e9 et une vaste exp\u00e9rience des services communautaires, des \u00e9tudes de march\u00e9 et de la gestion de projets. Actuellement directeur des services aux propri\u00e9taires et \u00e0 la communaut\u00e9 chez Habitat for Humanity of Frederick County depuis septembre 2022, Derby a pr\u00e9c\u00e9demment occup\u00e9 des fonctions telles que responsable de l&#8217;impact sur la communaut\u00e9 et administrateur des cultes \u00e0 la Trinity Church dans la ville de Boston. Derby A. Swanson a dirig\u00e9 un cabinet de conseil ind\u00e9pendant ax\u00e9 sur les m\u00e9thodologies de recherche de 2011 \u00e0 juin 2016 et a \u00e9galement occup\u00e9 des postes importants chez Sentient Decision Science, Applied Marketing Science et le dioc\u00e8se \u00e9piscopal du Massachusetts, contribuant \u00e0 diverses initiatives strat\u00e9giques et de gestion. Il est titulaire d&#8217;un MBA en \u00e9tudes de march\u00e9 de la Questrom School of Business de l&#8217;universit\u00e9 de Boston, d&#8217;une ma\u00eetrise en th\u00e9ologie de l&#8217;\u00e9cole th\u00e9ologique d&#8217;Andover Newton et d&#8217;une licence en th\u00e9\u00e2tre de l&#8217;universit\u00e9 de Northwestern.   <\/p>\n\n<figure class=\"wp-block-image alignright size-full is-resized\"><img loading=\"lazy\" decoding=\"async\" width=\"700\" height=\"700\" src=\"https:\/\/www.cltweb.org\/wp-content\/uploads\/2025\/06\/Matina.jpg\" alt=\"\" class=\"wp-image-9579\" style=\"width:141px;height:auto\" srcset=\"https:\/\/www.cltweb.org\/wp-content\/uploads\/2025\/06\/Matina.jpg 700w, https:\/\/www.cltweb.org\/wp-content\/uploads\/2025\/06\/Matina-300x300.jpg 300w, https:\/\/www.cltweb.org\/wp-content\/uploads\/2025\/06\/Matina-150x150.jpg 150w\" sizes=\"auto, (max-width: 700px) 100vw, 700px\" \/><\/figure>\n\n<p><strong>Matina Kauffman,<\/strong> vice-pr\u00e9sidente des programmes d&#8217;accession \u00e0 la propri\u00e9t\u00e9 et de voisinage, <a href=\"https:\/\/habitatportlandregion.org\/\" target=\"_blank\" rel=\"noreferrer noopener\">Habitat for Humanity Portland Region<\/a><\/p>\n\n<p>MATINA KAUFFMAN est vice-pr\u00e9sidente des programmes d&#8217;accession \u00e0 la propri\u00e9t\u00e9 et de voisinage chez Habitat for Humanity Portland Region. Elle travaille pour l&#8217;association depuis 18 ans et a jou\u00e9 un r\u00f4le d\u00e9terminant dans la transition vers l&#8217;accessibilit\u00e9 permanente gr\u00e2ce \u00e0 un partenariat avec la fiducie fonci\u00e8re communautaire locale, Proud Ground. Elle est une fervente partisane de l&#8217;expansion des mod\u00e8les d&#8217;\u00e9quit\u00e9 partag\u00e9e dans le r\u00e9seau Habitat et du partage des meilleures pratiques. Elle a contribu\u00e9 \u00e0 la mise en place d&#8217;un centre de ressources sur l&#8217;accessibilit\u00e9 permanente pour les filiales dans le cadre d&#8217;une bourse avec Habitat for Humanity pour Humanity International.   <\/p>\n\n<figure class=\"wp-block-image alignright size-full is-resized\"><img decoding=\"async\" src=\"https:\/\/www.cltweb.org\/wp-content\/uploads\/2025\/06\/Screenshot-2025-06-13-at-11.22.13&#x202F;AM.png\" alt=\"\" class=\"wp-image-9575\" style=\"width:143px;height:auto\"\/><\/figure>\n\n<p><strong>Megan McDonough,<\/strong> directrice ex\u00e9cutive, <a href=\"https:\/\/pvhabitat.org\/\" target=\"_blank\" rel=\"noreferrer noopener\">Pioneer Valley Habitat for Humanity<\/a><\/p>\n\n<p>MEGAN MCDONOUGH est directrice ex\u00e9cutive de Pioneer Valley Habitat for Humanity depuis 2014. Megan a travaill\u00e9 avec Habitat pour affiner le mod\u00e8le de l&#8217;accession \u00e0 la propri\u00e9t\u00e9 \u00e0 petite \u00e9chelle et \u00e9cologique &#8211; en posant la question de savoir ce qui est \u00ab assez grand \u00bb pour contenir le r\u00eave de l&#8217;accession \u00e0 la propri\u00e9t\u00e9. Avant de travailler avec Habitat, Megan a pass\u00e9 sept ans au Center for Ecotechnology, o\u00f9 elle a apport\u00e9 son soutien \u00e0 des programmes de certification de b\u00e2timents \u00e9cologiques tels que LEED for Homes et ENERGY STAR Homes. Elle est titulaire d&#8217;un master en planification r\u00e9gionale de l&#8217;UMass Amherst et vit avec sa famille dans une maison \u00e0 \u00e9nergie nette presque nulle dans les collines de l&#8217;ouest du Massachusetts.   <\/p>\n\n<figure class=\"wp-block-image alignright size-full is-resized\"><img loading=\"lazy\" decoding=\"async\" width=\"190\" height=\"185\" src=\"https:\/\/www.cltweb.org\/wp-content\/uploads\/2025\/06\/Dev-Goetchius.png\" alt=\"\" class=\"wp-image-9571\" style=\"width:142px;height:auto\"\/><\/figure>\n\n<p><strong>Devika Goetschius,<\/strong> directrice ex\u00e9cutive, <a href=\"https:\/\/www.housinglandtrust.org\/\" target=\"_blank\" rel=\"noreferrer noopener\">Housing Land Trust of the North Bay<\/a><\/p>\n\n<p><strong>DEVIKA \u00ab DEV \u00bb GOETSCHIUS<\/strong> est un leader reconnu au niveau national dans le domaine des fonds fonciers communautaires et de l&#8217;accession \u00e0 la propri\u00e9t\u00e9 \u00e0 des prix abordables en permanence, avec plus de vingt ans d&#8217;exp\u00e9rience dans le d\u00e9veloppement de logements \u00e9quitables. En tant que directrice ex\u00e9cutive du Housing Land Trust of Sonoma County et partenaire de Burlington Associates in Community Development, Dev a contribu\u00e9 \u00e0 lancer et \u00e0 soutenir des dizaines de programmes de logements en propri\u00e9t\u00e9 partag\u00e9e \u00e0 travers les \u00c9tats-Unis. Elle si\u00e8ge \u00e9galement aux conseils d&#8217;administration de Generation Housing et de l&#8217;International Center for Community Land Trusts, et est une conseill\u00e8re de confiance pour les gouvernements locaux, les organisations \u00e0 but non lucratif et les filiales d&#8217;Habitat for Humanity. Parlant couramment l&#8217;espagnol, l&#8217;hindi et le sindhi, Dev apporte \u00e0 son travail une approche multilingue centr\u00e9e sur la communaut\u00e9, fond\u00e9e sur un engagement en faveur de l&#8217;accessibilit\u00e9 \u00e0 long terme et de la justice en mati\u00e8re de logement.   <br\/><\/p>\n<div  class=\"tribe-block tribe-block__organizer__details tribe-clearfix\" >\n\t<div class=\"tribe-block__organizer__title\">\n\t\t<h3><a href=\"https:\/\/www.cltweb.org\/organisateur\/international-center-for-community-land-trusts\/\" title=\"International Center for Community Land Trusts\" target=\"_self\" rel=\"\">International Center for Community Land Trusts<\/a><\/h3>\n\t<\/div>\n\t\t\t\t<p class=\"tribe-block__organizer__website\"><a href=\"https:\/\/www.cltweb.org\" target=\"_blank\" rel=\"noopener noreferrer\">Voir le site Organisateur<\/a><\/p>\n\t\t\t\t<p class=\"tribe-block__organizer__email\">&#105;n&#102;o&#064;c&#111;m&#109;&#117;ni&#116;&#121;&#108;a&#110;&#100;trust.net<\/p>\n\t<\/div>\n\n<p><\/p>\n","protected":false},"excerpt":{"rendered":"<p>Description du webinaire Que faut-il pour cr\u00e9er des logements qui restent abordables d&#8217;une g\u00e9n\u00e9ration \u00e0 l&#8217;autre ? Rejoignez l&#8217;International Center for CLTs, Habitat for Humanity et le Lincoln Institute of [&hellip;]<\/p>\n","protected":false},"author":2,"featured_media":9594,"template":"","meta":{"give_campaign_id":0,"_tec_requires_first_save":false,"_kad_blocks_custom_css":"","_kad_blocks_head_custom_js":"","_kad_blocks_body_custom_js":"","_kad_blocks_footer_custom_js":"","_EventAllDay":false,"_EventTimezone":"UTC+0","_EventStartDate":"2025-07-01 14:00:00","_EventEndDate":"2025-07-01 15:15:00","_EventStartDateUTC":"2025-07-01 14:00:00","_EventEndDateUTC":"2025-07-01 15:15:00","_EventShowMap":false,"_EventShowMapLink":false,"_EventURL":"","_EventCost":"","_EventCostDescription":"","_EventCurrencySymbol":"","_EventCurrencyCode":"","_EventCurrencyPosition":"","_EventDateTimeSeparator":"","_EventTimeRangeSeparator":"","_EventOrganizerID":[],"_EventVenueID":[],"_OrganizerEmail":"","_OrganizerPhone":"","_OrganizerWebsite":"","_VenueAddress":"","_VenueCity":"","_VenueCountry":"","_VenueProvince":"","_VenueState":"","_VenueZip":"","_VenuePhone":"","_VenueURL":"","_VenueStateProvince":"","_VenueLat":"","_VenueLng":"","_VenueShowMap":false,"_VenueShowMapLink":false,"_tribe_blocks_recurrence_rules":"","_tribe_blocks_recurrence_description":"","_tribe_blocks_recurrence_exclusions":"","_tribe_events_status":"","_tribe_events_status_reason":"","_tribe_events_is_hybrid":"","_tribe_events_is_virtual":"","_tribe_events_virtual_video_source":"","_tribe_events_virtual_embed_video":"","_tribe_events_virtual_linked_button_text":"","_tribe_events_virtual_linked_button":"","_tribe_events_virtual_show_embed_at":"","_tribe_events_virtual_show_embed_to":[],"_tribe_events_virtual_show_on_event":"","_tribe_events_virtual_show_on_views":"","_tribe_events_virtual_url":"","footnotes":""},"tags":[],"tribe_events_cat":[],"class_list":["post-10538","tribe_events","type-tribe_events","status-publish","has-post-thumbnail","hentry"],"blocksy_meta":[],"yoast_head":"<!-- This site is optimized with the Yoast SEO Premium plugin v27.4 (Yoast SEO v27.5) - https:\/\/yoast.com\/product\/yoast-seo-premium-wordpress\/ -->\n<title>Partenariats Habitat pour l&#039;humanit\u00e9-CLT pour une accessibilit\u00e9 durable - International Center for Community Land Trusts<\/title>\n<meta name=\"robots\" content=\"index, follow, max-snippet:-1, max-image-preview:large, max-video-preview:-1\" \/>\n<link rel=\"canonical\" href=\"https:\/\/www.cltweb.org\/fr\/event\/partenariats-habitat-pour-lhumanite-clt-pour-une-accessibilite-durable-2\/\" \/>\n<meta property=\"og:locale\" content=\"fr_FR\" \/>\n<meta property=\"og:type\" content=\"article\" \/>\n<meta property=\"og:title\" content=\"Partenariats Habitat pour l&#039;humanit\u00e9-CLT pour une accessibilit\u00e9 durable\" \/>\n<meta property=\"og:description\" content=\"Description du webinaire Que faut-il pour cr\u00e9er des logements qui restent abordables d&#8217;une g\u00e9n\u00e9ration \u00e0 l&#8217;autre ? Rejoignez l&#8217;International Center for CLTs, Habitat for Humanity et le Lincoln Institute of [&hellip;]\" \/>\n<meta property=\"og:url\" content=\"https:\/\/www.cltweb.org\/fr\/event\/partenariats-habitat-pour-lhumanite-clt-pour-une-accessibilite-durable-2\/\" \/>\n<meta property=\"og:site_name\" content=\"International Center for Community Land Trusts\" \/>\n<meta property=\"article:publisher\" content=\"https:\/\/www.facebook.com\/cltcenter\" \/>\n<meta property=\"article:modified_time\" content=\"2025-12-11T20:40:37+00:00\" \/>\n<meta property=\"og:image\" content=\"https:\/\/www.cltweb.org\/wp-content\/uploads\/2025\/06\/Habitat-for-Humanity-2025_Graphic-3.png\" \/>\n\t<meta property=\"og:image:width\" content=\"1\" \/>\n\t<meta property=\"og:image:height\" content=\"1\" \/>\n\t<meta property=\"og:image:type\" content=\"image\/png\" \/>\n<meta name=\"twitter:card\" content=\"summary_large_image\" \/>\n<meta name=\"twitter:site\" content=\"@Center4CLTs\" \/>\n<meta name=\"twitter:label1\" content=\"Dur\u00e9e de lecture estim\u00e9e\" \/>\n\t<meta name=\"twitter:data1\" content=\"6 minutes\" \/>\n<script type=\"application\/ld+json\" class=\"yoast-schema-graph\">{\"@context\":\"https:\\\/\\\/schema.org\",\"@graph\":[{\"@type\":\"WebPage\",\"@id\":\"https:\\\/\\\/www.cltweb.org\\\/fr\\\/event\\\/partenariats-habitat-pour-lhumanite-clt-pour-une-accessibilite-durable-2\\\/\",\"url\":\"https:\\\/\\\/www.cltweb.org\\\/fr\\\/event\\\/partenariats-habitat-pour-lhumanite-clt-pour-une-accessibilite-durable-2\\\/\",\"name\":\"Partenariats Habitat pour l'humanit\u00e9-CLT pour une accessibilit\u00e9 durable - International Center for Community Land Trusts\",\"isPartOf\":{\"@id\":\"https:\\\/\\\/www.cltweb.org\\\/fr\\\/#website\"},\"primaryImageOfPage\":{\"@id\":\"https:\\\/\\\/www.cltweb.org\\\/fr\\\/event\\\/partenariats-habitat-pour-lhumanite-clt-pour-une-accessibilite-durable-2\\\/#primaryimage\"},\"image\":{\"@id\":\"https:\\\/\\\/www.cltweb.org\\\/fr\\\/event\\\/partenariats-habitat-pour-lhumanite-clt-pour-une-accessibilite-durable-2\\\/#primaryimage\"},\"thumbnailUrl\":\"https:\\\/\\\/www.cltweb.org\\\/wp-content\\\/uploads\\\/2025\\\/06\\\/Habitat-for-Humanity-2025_Graphic-3.png\",\"datePublished\":\"2025-11-04T15:21:22+00:00\",\"dateModified\":\"2025-12-11T20:40:37+00:00\",\"breadcrumb\":{\"@id\":\"https:\\\/\\\/www.cltweb.org\\\/fr\\\/event\\\/partenariats-habitat-pour-lhumanite-clt-pour-une-accessibilite-durable-2\\\/#breadcrumb\"},\"inLanguage\":\"fr-FR\",\"potentialAction\":[{\"@type\":\"ReadAction\",\"target\":[\"https:\\\/\\\/www.cltweb.org\\\/fr\\\/event\\\/partenariats-habitat-pour-lhumanite-clt-pour-une-accessibilite-durable-2\\\/\"]}]},{\"@type\":\"ImageObject\",\"inLanguage\":\"fr-FR\",\"@id\":\"https:\\\/\\\/www.cltweb.org\\\/fr\\\/event\\\/partenariats-habitat-pour-lhumanite-clt-pour-une-accessibilite-durable-2\\\/#primaryimage\",\"url\":\"https:\\\/\\\/www.cltweb.org\\\/wp-content\\\/uploads\\\/2025\\\/06\\\/Habitat-for-Humanity-2025_Graphic-3.png\",\"contentUrl\":\"https:\\\/\\\/www.cltweb.org\\\/wp-content\\\/uploads\\\/2025\\\/06\\\/Habitat-for-Humanity-2025_Graphic-3.png\"},{\"@type\":\"BreadcrumbList\",\"@id\":\"https:\\\/\\\/www.cltweb.org\\\/fr\\\/event\\\/partenariats-habitat-pour-lhumanite-clt-pour-une-accessibilite-durable-2\\\/#breadcrumb\",\"itemListElement\":[{\"@type\":\"ListItem\",\"position\":1,\"name\":\"Home\",\"item\":\"https:\\\/\\\/www.cltweb.org\\\/fr\\\/\"},{\"@type\":\"ListItem\",\"position\":2,\"name\":\"\u00c9v\u00e8nements\",\"item\":\"https:\\\/\\\/www.cltweb.org\\\/fr\\\/events\\\/\"},{\"@type\":\"ListItem\",\"position\":3,\"name\":\"Partenariats Habitat pour l&#8217;humanit\u00e9-CLT pour une accessibilit\u00e9 durable\"}]},{\"@type\":\"WebSite\",\"@id\":\"https:\\\/\\\/www.cltweb.org\\\/fr\\\/#website\",\"url\":\"https:\\\/\\\/www.cltweb.org\\\/fr\\\/\",\"name\":\"International Center for Community Land Trusts\",\"description\":\"\",\"publisher\":{\"@id\":\"https:\\\/\\\/www.cltweb.org\\\/fr\\\/#organization\"},\"potentialAction\":[{\"@type\":\"SearchAction\",\"target\":{\"@type\":\"EntryPoint\",\"urlTemplate\":\"https:\\\/\\\/www.cltweb.org\\\/fr\\\/?s={search_term_string}\"},\"query-input\":{\"@type\":\"PropertyValueSpecification\",\"valueRequired\":true,\"valueName\":\"search_term_string\"}}],\"inLanguage\":\"fr-FR\"},{\"@type\":\"Organization\",\"@id\":\"https:\\\/\\\/www.cltweb.org\\\/fr\\\/#organization\",\"name\":\"International Center for Community Land Trusts\",\"url\":\"https:\\\/\\\/www.cltweb.org\\\/fr\\\/\",\"logo\":{\"@type\":\"ImageObject\",\"inLanguage\":\"fr-FR\",\"@id\":\"https:\\\/\\\/www.cltweb.org\\\/fr\\\/#\\\/schema\\\/logo\\\/image\\\/\",\"url\":\"https:\\\/\\\/www.cltweb.org\\\/wp-content\\\/uploads\\\/2024\\\/11\\\/New-CLT-Center-Text-logo.png\",\"contentUrl\":\"https:\\\/\\\/www.cltweb.org\\\/wp-content\\\/uploads\\\/2024\\\/11\\\/New-CLT-Center-Text-logo.png\",\"width\":227,\"height\":80,\"caption\":\"International Center for Community Land Trusts\"},\"image\":{\"@id\":\"https:\\\/\\\/www.cltweb.org\\\/fr\\\/#\\\/schema\\\/logo\\\/image\\\/\"},\"sameAs\":[\"https:\\\/\\\/www.facebook.com\\\/cltcenter\",\"https:\\\/\\\/x.com\\\/Center4CLTs\",\"https:\\\/\\\/www.instagram.com\\\/cltcenter\\\/\",\"https:\\\/\\\/www.linkedin.com\\\/company\\\/cltcenter\",\"https:\\\/\\\/www.youtube.com\\\/@centerforcltinnovation5313\"],\"description\":\"The International Center for Community Land Trusts is a not-for-profit nongovernmental organization established in 2018 to promote and to support community land trusts and similar strategies of community-led development on community-owned land in countries throughout the world.\",\"email\":\"info@communitylandtrust.net\",\"legalName\":\"International Center for Community Land Trusts\",\"foundingDate\":\"2018-12-01\",\"taxID\":\"84-3858933\",\"numberOfEmployees\":{\"@type\":\"QuantitativeValue\",\"minValue\":\"1\",\"maxValue\":\"10\"}}]}<\/script>\n<!-- \/ Yoast SEO Premium plugin. -->","yoast_head_json":{"title":"Partenariats Habitat pour l'humanit\u00e9-CLT pour une accessibilit\u00e9 durable - International Center for Community Land Trusts","robots":{"index":"index","follow":"follow","max-snippet":"max-snippet:-1","max-image-preview":"max-image-preview:large","max-video-preview":"max-video-preview:-1"},"canonical":"https:\/\/www.cltweb.org\/fr\/event\/partenariats-habitat-pour-lhumanite-clt-pour-une-accessibilite-durable-2\/","og_locale":"fr_FR","og_type":"article","og_title":"Partenariats Habitat pour l'humanit\u00e9-CLT pour une accessibilit\u00e9 durable","og_description":"Description du webinaire Que faut-il pour cr\u00e9er des logements qui restent abordables d&#8217;une g\u00e9n\u00e9ration \u00e0 l&#8217;autre ? Rejoignez l&#8217;International Center for CLTs, Habitat for Humanity et le Lincoln Institute of [&hellip;]","og_url":"https:\/\/www.cltweb.org\/fr\/event\/partenariats-habitat-pour-lhumanite-clt-pour-une-accessibilite-durable-2\/","og_site_name":"International Center for Community Land Trusts","article_publisher":"https:\/\/www.facebook.com\/cltcenter","article_modified_time":"2025-12-11T20:40:37+00:00","og_image":[{"url":"https:\/\/www.cltweb.org\/wp-content\/uploads\/2025\/06\/Habitat-for-Humanity-2025_Graphic-3.png","width":1,"height":1,"type":"image\/png"}],"twitter_card":"summary_large_image","twitter_site":"@Center4CLTs","twitter_misc":{"Dur\u00e9e de lecture estim\u00e9e":"6 minutes"},"schema":{"@context":"https:\/\/schema.org","@graph":[{"@type":"WebPage","@id":"https:\/\/www.cltweb.org\/fr\/event\/partenariats-habitat-pour-lhumanite-clt-pour-une-accessibilite-durable-2\/","url":"https:\/\/www.cltweb.org\/fr\/event\/partenariats-habitat-pour-lhumanite-clt-pour-une-accessibilite-durable-2\/","name":"Partenariats Habitat pour l'humanit\u00e9-CLT pour une accessibilit\u00e9 durable - International Center for Community Land Trusts","isPartOf":{"@id":"https:\/\/www.cltweb.org\/fr\/#website"},"primaryImageOfPage":{"@id":"https:\/\/www.cltweb.org\/fr\/event\/partenariats-habitat-pour-lhumanite-clt-pour-une-accessibilite-durable-2\/#primaryimage"},"image":{"@id":"https:\/\/www.cltweb.org\/fr\/event\/partenariats-habitat-pour-lhumanite-clt-pour-une-accessibilite-durable-2\/#primaryimage"},"thumbnailUrl":"https:\/\/www.cltweb.org\/wp-content\/uploads\/2025\/06\/Habitat-for-Humanity-2025_Graphic-3.png","datePublished":"2025-11-04T15:21:22+00:00","dateModified":"2025-12-11T20:40:37+00:00","breadcrumb":{"@id":"https:\/\/www.cltweb.org\/fr\/event\/partenariats-habitat-pour-lhumanite-clt-pour-une-accessibilite-durable-2\/#breadcrumb"},"inLanguage":"fr-FR","potentialAction":[{"@type":"ReadAction","target":["https:\/\/www.cltweb.org\/fr\/event\/partenariats-habitat-pour-lhumanite-clt-pour-une-accessibilite-durable-2\/"]}]},{"@type":"ImageObject","inLanguage":"fr-FR","@id":"https:\/\/www.cltweb.org\/fr\/event\/partenariats-habitat-pour-lhumanite-clt-pour-une-accessibilite-durable-2\/#primaryimage","url":"https:\/\/www.cltweb.org\/wp-content\/uploads\/2025\/06\/Habitat-for-Humanity-2025_Graphic-3.png","contentUrl":"https:\/\/www.cltweb.org\/wp-content\/uploads\/2025\/06\/Habitat-for-Humanity-2025_Graphic-3.png"},{"@type":"BreadcrumbList","@id":"https:\/\/www.cltweb.org\/fr\/event\/partenariats-habitat-pour-lhumanite-clt-pour-une-accessibilite-durable-2\/#breadcrumb","itemListElement":[{"@type":"ListItem","position":1,"name":"Home","item":"https:\/\/www.cltweb.org\/fr\/"},{"@type":"ListItem","position":2,"name":"\u00c9v\u00e8nements","item":"https:\/\/www.cltweb.org\/fr\/events\/"},{"@type":"ListItem","position":3,"name":"Partenariats Habitat pour l&#8217;humanit\u00e9-CLT pour une accessibilit\u00e9 durable"}]},{"@type":"WebSite","@id":"https:\/\/www.cltweb.org\/fr\/#website","url":"https:\/\/www.cltweb.org\/fr\/","name":"International Center for Community Land Trusts","description":"","publisher":{"@id":"https:\/\/www.cltweb.org\/fr\/#organization"},"potentialAction":[{"@type":"SearchAction","target":{"@type":"EntryPoint","urlTemplate":"https:\/\/www.cltweb.org\/fr\/?s={search_term_string}"},"query-input":{"@type":"PropertyValueSpecification","valueRequired":true,"valueName":"search_term_string"}}],"inLanguage":"fr-FR"},{"@type":"Organization","@id":"https:\/\/www.cltweb.org\/fr\/#organization","name":"International Center for Community Land Trusts","url":"https:\/\/www.cltweb.org\/fr\/","logo":{"@type":"ImageObject","inLanguage":"fr-FR","@id":"https:\/\/www.cltweb.org\/fr\/#\/schema\/logo\/image\/","url":"https:\/\/www.cltweb.org\/wp-content\/uploads\/2024\/11\/New-CLT-Center-Text-logo.png","contentUrl":"https:\/\/www.cltweb.org\/wp-content\/uploads\/2024\/11\/New-CLT-Center-Text-logo.png","width":227,"height":80,"caption":"International Center for Community Land Trusts"},"image":{"@id":"https:\/\/www.cltweb.org\/fr\/#\/schema\/logo\/image\/"},"sameAs":["https:\/\/www.facebook.com\/cltcenter","https:\/\/x.com\/Center4CLTs","https:\/\/www.instagram.com\/cltcenter\/","https:\/\/www.linkedin.com\/company\/cltcenter","https:\/\/www.youtube.com\/@centerforcltinnovation5313"],"description":"The International Center for Community Land Trusts is a not-for-profit nongovernmental organization established in 2018 to promote and to support community land trusts and similar strategies of community-led development on community-owned land in countries throughout the world.","email":"info@communitylandtrust.net","legalName":"International Center for Community Land Trusts","foundingDate":"2018-12-01","taxID":"84-3858933","numberOfEmployees":{"@type":"QuantitativeValue","minValue":"1","maxValue":"10"}}]}},"taxonomy_info":[],"featured_image_src_large":["https:\/\/www.cltweb.org\/wp-content\/uploads\/2025\/06\/Habitat-for-Humanity-2025_Graphic-3.png",1,1,false],"author_info":{"display_name":"Ben Harris","author_link":"https:\/\/www.cltweb.org\/fr\/author\/ben\/"},"comment_info":"","jetpack_sharing_enabled":true,"_links":{"self":[{"href":"https:\/\/www.cltweb.org\/fr\/wp-json\/wp\/v2\/tribe_events\/10538","targetHints":{"allow":["GET"]}}],"collection":[{"href":"https:\/\/www.cltweb.org\/fr\/wp-json\/wp\/v2\/tribe_events"}],"about":[{"href":"https:\/\/www.cltweb.org\/fr\/wp-json\/wp\/v2\/types\/tribe_events"}],"author":[{"embeddable":true,"href":"https:\/\/www.cltweb.org\/fr\/wp-json\/wp\/v2\/users\/2"}],"version-history":[{"count":2,"href":"https:\/\/www.cltweb.org\/fr\/wp-json\/wp\/v2\/tribe_events\/10538\/revisions"}],"predecessor-version":[{"id":10961,"href":"https:\/\/www.cltweb.org\/fr\/wp-json\/wp\/v2\/tribe_events\/10538\/revisions\/10961"}],"wp:featuredmedia":[{"embeddable":true,"href":"https:\/\/www.cltweb.org\/fr\/wp-json\/wp\/v2\/media\/9594"}],"wp:attachment":[{"href":"https:\/\/www.cltweb.org\/fr\/wp-json\/wp\/v2\/media?parent=10538"}],"wp:term":[{"taxonomy":"post_tag","embeddable":true,"href":"https:\/\/www.cltweb.org\/fr\/wp-json\/wp\/v2\/tags?post=10538"},{"taxonomy":"tribe_events_cat","embeddable":true,"href":"https:\/\/www.cltweb.org\/fr\/wp-json\/wp\/v2\/tribe_events_cat?post=10538"}],"curies":[{"name":"wp","href":"https:\/\/api.w.org\/{rel}","templated":true}]}}