{"id":10564,"date":"2025-11-04T17:56:37","date_gmt":"2025-11-04T17:56:37","guid":{"rendered":"https:\/\/www.cltweb.org\/event\/les-clt-une-etape-vers-la-decolonisation-de-nos-relations-a-la-terre\/"},"modified":"2025-11-26T17:36:31","modified_gmt":"2025-11-26T17:36:31","slug":"les-clt-une-etape-vers-la-decolonisation-de-nos-relations-a-la-terre","status":"publish","type":"tribe_events","link":"https:\/\/www.cltweb.org\/fr\/event\/les-clt-une-etape-vers-la-decolonisation-de-nos-relations-a-la-terre\/","title":{"rendered":"Les CLT, une \u00e9tape vers la d\u00e9colonisation de nos relations \u00e0 la terre"},"content":{"rendered":"<div  class=\"tribe-events-schedule tribe-clearfix\" >\n\t<p class=\"tribe-events-schedule__datetime\">\n\t\t<span class=\"tribe-events-schedule__date tribe-events-schedule__date--start\">\n\t\t\tnovembre 25, 2025\t\t<\/span>\n\n\t\t\t\t\t<span class=\"tribe-events-schedule__separator tribe-events-schedule__separator--date\">\n\t\t\t\t @ \t\t\t<\/span>\n\t\t\t<span class=\"tribe-events-schedule__time tribe-events-schedule__time--start\">\n\t\t\t\t13h30\t\t\t<\/span>\n\t\t\n\t\t\t\t\t\t\t\t\t<span class=\"tribe-events-schedule__separator tribe-events-schedule__separator--time\">\n\t\t\t\t\t &#8211; \t\t\t\t<\/span>\n\t\t\t\n\t\t\t\t\t\t\t<span class=\"tribe-events-schedule__time tribe-events-schedule__time--end\">\n\t\t\t\t\t15h00\t\t\t\t<\/span>\n\t\t\t\n\t\t\t\t\t\t\t<span class=\"tribe-events-schedule__timezone\">UTC+0<\/span>\n\t\t\t\t\t\t<\/p>\n<\/div>\n\n<h2 class=\"wp-block-heading\" id=\"h-recordings\">Enregistrements<\/h2>\n\n<div class=\"wp-block-columns is-layout-flex wp-container-core-columns-is-layout-28f84493 wp-block-columns-is-layout-flex\">\n<div class=\"wp-block-column is-layout-flow wp-block-column-is-layout-flow\">\n<h3 class=\"wp-block-heading has-text-align-center\" id=\"h-english-recording\">Enregistrement en anglais<\/h3>\n\n\n\n<figure class=\"wp-block-embed is-type-video is-provider-youtube wp-block-embed-youtube wp-embed-aspect-16-9 wp-has-aspect-ratio\"><div class=\"wp-block-embed__wrapper\">\n<iframe loading=\"lazy\" title=\"CLTs as a Step Towards Decolonizing Our Relationships to Land\" width=\"1290\" height=\"726\" src=\"https:\/\/www.youtube.com\/embed\/1hSXGbkfiDM?feature=oembed\" frameborder=\"0\" allow=\"accelerometer; autoplay; clipboard-write; encrypted-media; gyroscope; picture-in-picture; web-share\" referrerpolicy=\"strict-origin-when-cross-origin\" allowfullscreen><\/iframe>\n<\/div><\/figure>\n<\/div>\n\n\n\n<div class=\"wp-block-column is-layout-flow wp-block-column-is-layout-flow\">\n<h3 class=\"wp-block-heading has-text-align-center\" id=\"h-grabacion-en-espanol\">T\u00e9l\u00e9charger l&#8217;article en espagnol<\/h3>\n\n\n\n<figure class=\"wp-block-embed is-type-video is-provider-youtube wp-block-embed-youtube wp-embed-aspect-16-9 wp-has-aspect-ratio\"><div class=\"wp-block-embed__wrapper\">\n<iframe loading=\"lazy\" title=\"Fideicomisos comunitarios de tierra como un paso hacia la decolonizacio\u0301n de nuestras relaciones con\" width=\"1290\" height=\"968\" src=\"https:\/\/www.youtube.com\/embed\/Ri8RgIAuX4s?feature=oembed\" frameborder=\"0\" allow=\"accelerometer; autoplay; clipboard-write; encrypted-media; gyroscope; picture-in-picture; web-share\" referrerpolicy=\"strict-origin-when-cross-origin\" allowfullscreen><\/iframe>\n<\/div><\/figure>\n<\/div>\n<\/div>\n\n<h2 class=\"wp-block-heading\" id=\"h-webinar-resources\">Ressources pour le webinaire<\/h2>\n\n<ul class=\"wp-block-list\">\n<li><a href=\"https:\/\/www.cltweb.org\/wp-content\/uploads\/2025\/11\/CLTs-as-a-Step-Towards-Decolonizing-Our-Relationships-to-Land_otter_ai-1.pdf\" target=\"_blank\" rel=\"noreferrer noopener\">Diaporama pr\u00e9sent\u00e9 par Autumn Ness, Lahaina CLT<\/a><\/li>\n\n\n\n<li><a href=\"https:\/\/www.cltweb.org\/wp-content\/uploads\/2025\/11\/Norm-Slides-1.pdf\">Diaporama pr\u00e9sent\u00e9 par Norm Leech, Downtown Eastside CLT<\/a><\/li>\n\n\n\n<li><a href=\"https:\/\/www.cltweb.org\/wp-content\/uploads\/2025\/11\/Short-Sogorea-Te-Land-Trust_-Rematriation.pdf\" target=\"_blank\" rel=\"noreferrer noopener\">Diaporama pr\u00e9sent\u00e9 par Corrina Gould, Sogorea Te&#8217; Land Trust<\/a><\/li>\n\n\n\n<li><a href=\"https:\/\/www.cltweb.org\/wp-content\/uploads\/2025\/11\/CLTs-as-a-Step-Towards-Decolonizing-Our-Relationships-to-Land_otter_ai-1.pdf\" target=\"_blank\" rel=\"noreferrer noopener\">ANGLAIS Transcription<\/a><\/li>\n<\/ul>\n\n<h2 class=\"wp-block-heading\" id=\"h-webinar-description\">Description du webinaire<\/h2>\n\n<p>Pendant des milliers d&#8217;ann\u00e9es, avant l&#8217;invasion et la colonisation des Am\u00e9riques, des Cara\u00efbes et des \u00eeles du Pacifique, les peuples autochtones de ces r\u00e9gions ont entretenu des relations profondes avec la terre, qu&#8217;ils consid\u00e9raient comme sacr\u00e9e et partag\u00e9e. L&#8217;imposition de la propri\u00e9t\u00e9 priv\u00e9e, du capitalisme et de l&#8217;extractivisme au cours des cinq derniers si\u00e8cles a profond\u00e9ment perturb\u00e9 cette relation, d\u00e9connectant les communaut\u00e9s de la terre et de l&#8217;environnement. <\/p>\n\n<p>Ce webinaire a r\u00e9uni des repr\u00e9sentants de CLT dirig\u00e9s par des autochtones aux \u00c9tats-Unis et au Canada, qui ont expliqu\u00e9 comment les CLT peuvent contribuer \u00e0 d\u00e9coloniser notre relation collective \u00e0 la terre, \u00e0 rendre les terres sacr\u00e9es \u00e0 la gestion autochtone et \u00e0 r\u00e9sister au capitalisme du d\u00e9sastre.<\/p>\n\n<h2 class=\"wp-block-heading\" id=\"h-speakers-and-panelists\">Orateurs et pan\u00e9listes<\/h2>\n\n<figure class=\"wp-block-image alignright size-full is-resized\"><img loading=\"lazy\" decoding=\"async\" width=\"427\" height=\"640\" src=\"https:\/\/www.cltweb.org\/wp-content\/uploads\/2025\/11\/Autumn-Ness.jpg\" alt=\"\" class=\"wp-image-10547\" style=\"aspect-ratio:1;object-fit:cover;width:144px;height:auto\" srcset=\"https:\/\/www.cltweb.org\/wp-content\/uploads\/2025\/11\/Autumn-Ness.jpg 427w, https:\/\/www.cltweb.org\/wp-content\/uploads\/2025\/11\/Autumn-Ness-200x300.jpg 200w\" sizes=\"auto, (max-width: 427px) 100vw, 427px\" \/><\/figure>\n\n<p><strong>Autumn Ness<\/strong>, directrice ex\u00e9cutive, <a href=\"https:\/\/lahainacommunitylandtrust.org\/\" target=\"_blank\" rel=\"noreferrer noopener\">Lahaina CLT<\/a> (Hawai&#8217;i, \u00c9tats-Unis)<\/p>\n\n<p>AUTUMN NESS est la directrice ex\u00e9cutive de LCLT, responsable devant les g\u00e9n\u00e9rations pass\u00e9es et futures de Lahaina. Elle nourrit la vision \u00e0 long terme d&#8217;une propri\u00e9t\u00e9 fonci\u00e8re communautaire qui red\u00e9finit l&#8217;accession \u00e0 la propri\u00e9t\u00e9 et les syst\u00e8mes \u00e9conomiques en dehors du capitalisme extractif et plus en accord avec &#8216;ike Hawai&#8217;i (les valeurs et la sagesse de ce lieu). Elle a une exp\u00e9rience intime du d\u00e9placement post-catastrophe et de ses effets permanents sur l&#8217;environnement et la culture, apr\u00e8s avoir \u00e9t\u00e9 d\u00e9plac\u00e9e \u00e0 la suite du tsunami et de la fusion nucl\u00e9aire au Japon. Install\u00e9e depuis \u00e0 Maui, elle a travaill\u00e9 sur les questions de justice en mati\u00e8re de terre, d&#8217;eau et d&#8217;agriculture dans l&#8217;optique d&#8217;un changement de syst\u00e8me, en travaillant main dans la main avec la communaut\u00e9 pour reprendre en main ces syst\u00e8mes de mani\u00e8re \u00e0 renforcer le pouvoir local et le bien-\u00eatre collectif. Elle a \u00e9t\u00e9 conseill\u00e8re principale en mati\u00e8re de politique de logement abordable aupr\u00e8s de M. Johnson, membre du conseil municipal et pr\u00e9sident de la commission du logement abordable. Elle a travaill\u00e9 avec le conseil du comt\u00e9 de Maui pour mettre en \u0153uvre un ensemble progressiste de projets de loi sur le logement abordable qui comprennent les politiques anti-d\u00e9placement les plus fortes d&#8217;Hawaii et des m\u00e9canismes de financement accrus pour l&#8217;infrastructure et le logement abordable. Elle est \u00e9galement la fondatrice du Maui Food Hub, une r\u00e9ponse \u00e0 COVID qui est devenue une infrastructure vitale et permanente de la ferme au consommateur.     <\/p>\n\n<figure class=\"wp-block-image alignright size-full is-resized\"><img loading=\"lazy\" decoding=\"async\" width=\"1500\" height=\"1546\" src=\"https:\/\/www.cltweb.org\/wp-content\/uploads\/2025\/11\/Corrina-Headshot-2022_byKarinaGonzales-1-755101986.jpg\" alt=\"\" class=\"wp-image-10548\" style=\"aspect-ratio:1;object-fit:cover;width:145px;height:auto\" srcset=\"https:\/\/www.cltweb.org\/wp-content\/uploads\/2025\/11\/Corrina-Headshot-2022_byKarinaGonzales-1-755101986.jpg 1500w, https:\/\/www.cltweb.org\/wp-content\/uploads\/2025\/11\/Corrina-Headshot-2022_byKarinaGonzales-1-755101986-291x300.jpg 291w, https:\/\/www.cltweb.org\/wp-content\/uploads\/2025\/11\/Corrina-Headshot-2022_byKarinaGonzales-1-755101986-994x1024.jpg 994w, https:\/\/www.cltweb.org\/wp-content\/uploads\/2025\/11\/Corrina-Headshot-2022_byKarinaGonzales-1-755101986-768x792.jpg 768w, https:\/\/www.cltweb.org\/wp-content\/uploads\/2025\/11\/Corrina-Headshot-2022_byKarinaGonzales-1-755101986-1490x1536.jpg 1490w\" sizes=\"auto, (max-width: 1500px) 100vw, 1500px\" \/><\/figure>\n\n<p><strong>Corrina<\/strong> <strong>Gould<\/strong>, codirectrice, <a href=\"https:\/\/sogoreate-landtrust.org\/\" target=\"_blank\" rel=\"noreferrer noopener\">Sogorea Te&#8217; Land Trust<\/a> (Californie, \u00c9tats-Unis)<\/p>\n\n<p>CORRINA GOULD (pr\u00e9sidente tribale des villages conf\u00e9d\u00e9r\u00e9s de la nation Lisjan) est n\u00e9e et a grandi dans le village de Huichin, aujourd&#8217;hui connu sous le nom d&#8217;Oakland, en Californie. Elle est cofondatrice et organisatrice principale d&#8217;Indian People Organizing for Change, une petite organisation autochtone, et de Sogorea Te&#8217; Land Trust, une organisation urbaine dirig\u00e9e par des femmes autochtones sur le territoire de ses anc\u00eatres. Gr\u00e2ce aux pratiques de rapatriement, de revitalisation culturelle et de restauration des terres, le Land Trust appelle les peuples autochtones et non autochtones \u00e0 gu\u00e9rir et \u00e0 transformer les h\u00e9ritages de la colonisation et du g\u00e9nocide, et \u00e0 accomplir le travail que nos anc\u00eatres et les g\u00e9n\u00e9rations futures nous demandent de faire.    <\/p>\n\n<figure class=\"wp-block-image alignright size-full is-resized\"><img loading=\"lazy\" decoding=\"async\" width=\"300\" height=\"300\" src=\"https:\/\/www.cltweb.org\/wp-content\/uploads\/2025\/11\/norm-leech.jpg\" alt=\"\" class=\"wp-image-10550\" style=\"aspect-ratio:1;object-fit:cover;width:142px;height:auto\" srcset=\"https:\/\/www.cltweb.org\/wp-content\/uploads\/2025\/11\/norm-leech.jpg 300w, https:\/\/www.cltweb.org\/wp-content\/uploads\/2025\/11\/norm-leech-150x150.jpg 150w\" sizes=\"auto, (max-width: 300px) 100vw, 300px\" \/><\/figure>\n\n<p><strong>Norm Leech<\/strong>, Pr\u00e9sident, <a href=\"https:\/\/dtescommunitylandtrust.ca\/\" target=\"_blank\" rel=\"noreferrer noopener\">Downtown Eastside CLT<\/a> (Vancouver, Canada)<\/p>\n\n<p>NORM LEECH est le pr\u00e9sident du Downtown Eastside CLT (DTES CLT). Le DTES CLT s&#8217;oriente vers une relation plus autochtone avec la terre, qui soit durable, responsable et curative. Cela peut aider \u00e0 pr\u00e9server les logements abordables en prot\u00e9geant les propri\u00e9t\u00e9s du march\u00e9 mondial qui augmente les co\u00fbts du logement dans le monde entier.  <\/p>\n\n<p>Norm s&#8217;exprime largement sur les traumatismes interg\u00e9n\u00e9rationnels dus \u00e0 la colonisation. Il a grandi \u00e0 Vancouver-Est et a des anc\u00eatres dans la communaut\u00e9 T&#8217;it&#8217;q&#8217;et de la nation St&#8217;at&#8217;imc, o\u00f9 il a occup\u00e9 les fonctions de chef et d&#8217;administrateur. Il s&#8217;inspire de son exp\u00e9rience d&#8217;alcoolique et de toxicomane en voie de gu\u00e9rison, de survivant interg\u00e9n\u00e9rationnel et d&#8217;explorateur spirituel pour alimenter son travail actuel, qui comprend plusieurs conseils et comit\u00e9s.    <\/p>\n\n<figure class=\"wp-block-image alignright size-full is-resized\"><img loading=\"lazy\" decoding=\"async\" width=\"2230\" height=\"2047\" src=\"https:\/\/www.cltweb.org\/wp-content\/uploads\/2025\/11\/headshot_AKhan.jpg\" alt=\"\" class=\"wp-image-10549\" style=\"aspect-ratio:1;object-fit:cover;width:141px;height:auto\" srcset=\"https:\/\/www.cltweb.org\/wp-content\/uploads\/2025\/11\/headshot_AKhan.jpg 2230w, https:\/\/www.cltweb.org\/wp-content\/uploads\/2025\/11\/headshot_AKhan-300x275.jpg 300w, https:\/\/www.cltweb.org\/wp-content\/uploads\/2025\/11\/headshot_AKhan-1024x940.jpg 1024w, https:\/\/www.cltweb.org\/wp-content\/uploads\/2025\/11\/headshot_AKhan-768x705.jpg 768w, https:\/\/www.cltweb.org\/wp-content\/uploads\/2025\/11\/headshot_AKhan-1536x1410.jpg 1536w, https:\/\/www.cltweb.org\/wp-content\/uploads\/2025\/11\/headshot_AKhan-2048x1880.jpg 2048w\" sizes=\"auto, (max-width: 2230px) 100vw, 2230px\" \/><\/figure>\n\n<p><strong>Amber Khan,<\/strong> chercheur postdoctoral, Universit\u00e9 de Washington<\/p>\n\n<p>AMBER KHAN, PhD, MPH, est une chercheuse interdisciplinaire appliqu\u00e9e aux catastrophes qui se concentre sur les solutions communautaires \u00e0 la crise climatique, en mettant l&#8217;accent sur l&#8217;utilisation des terres et les politiques communautaires, les logements abordables et la pr\u00e9vention des d\u00e9placements et de l&#8217;embourgeoisement. Dans son r\u00f4le actuel de chercheuse postdoctorale \u00e0 l&#8217;Universit\u00e9 de Washington, elle dirige une \u00e9tude internationale avec le Centre international pour les CLT sur l&#8217;application des CLT dans le renforcement de la r\u00e9silience au climat et aux catastrophes. En tant que chercheuse en action participative \u00e0 l&#8217;Unitarian Universalist Service Committee (UUSC), elle con\u00e7oit et m\u00e8ne des recherches sur les d\u00e9placements climatiques, les migrations et la r\u00e9installation avec des organisations dirig\u00e9es par des autochtones.  <br\/><br\/><\/p>\n<div  class=\"tribe-block tribe-block__organizer__details tribe-clearfix\" >\n\t<div class=\"tribe-block__organizer__title\">\n\t\t<h3><a href=\"https:\/\/www.cltweb.org\/organisateur\/international-center-for-community-land-trusts\/\" title=\"International Center for Community Land Trusts\" target=\"_self\" rel=\"\">International Center for Community Land Trusts<\/a><\/h3>\n\t<\/div>\n\t\t\t\t<p class=\"tribe-block__organizer__website\"><a href=\"https:\/\/www.cltweb.org\" target=\"_blank\" rel=\"noopener noreferrer\">Voir le site Organisateur<\/a><\/p>\n\t\t\t\t<p class=\"tribe-block__organizer__email\">i&#110;fo&#064;c&#111;mmu&#110;i&#116;&#121;l&#097;n&#100;tr&#117;st.n&#101;t<\/p>\n\t<\/div>\n\t<div  class=\"tribe-block tribe-block__events-link\" >\n\t\t<div class=\"tribe-events tribe-common\">\n\t\t\t<div class=\"tribe-events-c-subscribe-dropdown__container\">\n\t\t\t\t<div class=\"tribe-events-c-subscribe-dropdown\">\n\t\t\t\t\t<div class=\"tribe-common-c-btn-border tribe-events-c-subscribe-dropdown__button\">\n\t\t\t\t\t\t<svg\n\t class=\"tribe-common-c-svgicon tribe-common-c-svgicon--cal-export tribe-events-c-subscribe-dropdown__export-icon\" \taria-hidden=\"true\"\n\tviewBox=\"0 0 23 17\"\n\txmlns=\"http:\/\/www.w3.org\/2000\/svg\"\n>\n\t<path fill-rule=\"evenodd\" clip-rule=\"evenodd\" d=\"M.128.896V16.13c0 .211.145.383.323.383h15.354c.179 0 .323-.172.323-.383V.896c0-.212-.144-.383-.323-.383H.451C.273.513.128.684.128.896Zm16 6.742h-.901V4.679H1.009v10.729h14.218v-3.336h.901V7.638ZM1.01 1.614h14.218v2.058H1.009V1.614Z\" \/>\n\t<path d=\"M20.5 9.846H8.312M18.524 6.953l2.89 2.909-2.855 2.855\" stroke-width=\"1.2\" stroke-linecap=\"round\" stroke-linejoin=\"round\"\/>\n<\/svg>\n\t\t\t\t\t\t<button\n\t\t\t\t\t\t\tclass=\"tribe-events-c-subscribe-dropdown__button-text\"\n\t\t\t\t\t\t\taria-expanded=\"false\"\n\t\t\t\t\t\t\taria-controls=\"tribe-events-subscribe-dropdown-content\"\n\t\t\t\t\t\t\taria-label=\"Afficher les liens permettant d\u2019ajouter des \u00e9v\u00e8nements \u00e0 votre calendrier\"\n\t\t\t\t\t\t>\n\t\t\t\t\t\t\tAjouter au calendrier\t\t\t\t\t\t<\/button>\n\t\t\t\t\t\t<svg\n\t class=\"tribe-common-c-svgicon tribe-common-c-svgicon--caret-down tribe-events-c-subscribe-dropdown__button-icon\" \taria-hidden=\"true\"\n\tviewBox=\"0 0 10 7\"\n\txmlns=\"http:\/\/www.w3.org\/2000\/svg\"\n>\n\t<path fill-rule=\"evenodd\" clip-rule=\"evenodd\" d=\"M1.008.609L5 4.6 8.992.61l.958.958L5 6.517.05 1.566l.958-.958z\" class=\"tribe-common-c-svgicon__svg-fill\"\/>\n<\/svg>\n\t\t\t\t\t<\/div>\n\t\t\t\t\t<div id=\"tribe-events-subscribe-dropdown-content\" class=\"tribe-events-c-subscribe-dropdown__content\">\n\t\t\t\t\t\t<ul class=\"tribe-events-c-subscribe-dropdown__list\">\n\t\t\t\t\t\t\t\t\t\t\t\t\t\t\t<li class=\"tribe-events-c-subscribe-dropdown__list-item tribe-events-c-subscribe-dropdown__list-item--gcal\">\n\t\t\t\t\t\t\t\t\t<a\n\t\t\t\t\t\t\t\t\t\thref=\"https:\/\/www.google.com\/calendar\/event?action=TEMPLATE&#038;dates=20251125T133000\/20251125T150000&#038;text=Les%20CLT%2C%20une%20%C3%A9tape%20vers%20la%20d%C3%A9colonisation%20de%20nos%20relations%20%C3%A0%20la%20terre&#038;details=%3Ch2+class%3D%22wp-block-heading%22+id%3D%22h-recordings%22%3EEnregistrements%3C%2Fh2%3E%3Cdiv+class%3D%22wp-block-columns%22%3E%3Cdiv+class%3D%22wp-block-column%22%3E%3Ch3+class%3D%22wp-block-heading+has-text-align-center%22+id%3D%22h-english-recording%22%3EEnregistrement+en+anglais%3C%2Fh3%3E%3Cfigure+class%3D%22wp-block-embed+is-type-video+is-provider-youtube+wp-block-embed-youtube+wp-embed-aspect-16-9+wp-has-aspect-ratio%22%3E%3Cdiv+class%3D%22wp-block-embed__wrapper%22%3Ehttps%3A%2F%2Fyoutu.be%2F1hSXGbkfiDM%3C%2Fdiv%3E%3C%2Ffigure%3E%3C%2Fdiv%3E%3Cdiv+class%3D%22wp-block-column%22%3E%3Ch3+class%3D%22wp-block-heading+has-text-align-center%22+id%3D%22h-grabacion-en-espanol%22%3ET%C3%A9l%C3%A9charger+l%27article+en+espagnol%3C%2Fh3%3E%3Cfigure+class%3D%22wp-block-embed+is-type-video+is-provider-youtube+wp-block-embed-youtube+wp-embed-aspect-16-9+wp-has-aspect-ratio%22%3E%3Cdiv+class%3D%22wp-block-embed__wrapper%22%3Ehttps%3A%2F%2Fyoutu.be%2FRi8RgIAuX4s%3C%2Fdiv%3E%3C%2Ffigure%3E%3C%2Fdiv%3E%3C%2Fdiv%3E%3Ch2+class%3D%22wp-block-heading%22+id%3D%22h-webinar-resources%22%3ERessources+pour+le+webinaire%3C%2Fh2%3E%3Cul+class%3D%22wp-block-list%22%3E%3Cli%3E%3Ca+href%3D%22https%3A%2F%2Fwww.cltweb.org%2Fw%3C%2Fli%3E%3C%2Ful%3E%28Voir+toute+la+description+de+%C3%A9v%C3%A8nement+ici%C2%A0%3A+https%3A%2F%2Fwww.cltweb.org%2Ffr%2Fevent%2Fles-clt-une-etape-vers-la-decolonisation-de-nos-relations-a-la-terre%2F%29&#038;trp=false&#038;ctz=UTC+0&#038;sprop=website:https:\/\/www.cltweb.org\/fr\/\"\n\t\t\t\t\t\t\t\t\t\tclass=\"tribe-events-c-subscribe-dropdown__list-item-link\"\n\t\t\t\t\t\t\t\t\t\ttarget=\"_blank\"\n\t\t\t\t\t\t\t\t\t\trel=\"noopener noreferrer nofollow noindex\"\n\t\t\t\t\t\t\t\t\t>\n\t\t\t\t\t\t\t\t\t\tGoogle Agenda\t\t\t\t\t\t\t\t\t<\/a>\n\t\t\t\t\t\t\t\t<\/li>\n\t\t\t\t\t\t\t\t\t\t\t\t\t\t\t<li class=\"tribe-events-c-subscribe-dropdown__list-item tribe-events-c-subscribe-dropdown__list-item--ical\">\n\t\t\t\t\t\t\t\t\t<a\n\t\t\t\t\t\t\t\t\t\thref=\"\"\n\t\t\t\t\t\t\t\t\t\tclass=\"tribe-events-c-subscribe-dropdown__list-item-link\"\n\t\t\t\t\t\t\t\t\t\ttarget=\"_blank\"\n\t\t\t\t\t\t\t\t\t\trel=\"noopener noreferrer nofollow noindex\"\n\t\t\t\t\t\t\t\t\t>\n\t\t\t\t\t\t\t\t\t\tiCalendar\t\t\t\t\t\t\t\t\t<\/a>\n\t\t\t\t\t\t\t\t<\/li>\n\t\t\t\t\t\t\t\t\t\t\t\t\t\t\t<li class=\"tribe-events-c-subscribe-dropdown__list-item tribe-events-c-subscribe-dropdown__list-item--outlook-365\">\n\t\t\t\t\t\t\t\t\t<a\n\t\t\t\t\t\t\t\t\t\thref=\"\"\n\t\t\t\t\t\t\t\t\t\tclass=\"tribe-events-c-subscribe-dropdown__list-item-link\"\n\t\t\t\t\t\t\t\t\t\ttarget=\"_blank\"\n\t\t\t\t\t\t\t\t\t\trel=\"noopener noreferrer nofollow noindex\"\n\t\t\t\t\t\t\t\t\t>\n\t\t\t\t\t\t\t\t\t\tOutlook 365\t\t\t\t\t\t\t\t\t<\/a>\n\t\t\t\t\t\t\t\t<\/li>\n\t\t\t\t\t\t\t\t\t\t\t\t\t\t\t<li class=\"tribe-events-c-subscribe-dropdown__list-item tribe-events-c-subscribe-dropdown__list-item--outlook-live\">\n\t\t\t\t\t\t\t\t\t<a\n\t\t\t\t\t\t\t\t\t\thref=\"\"\n\t\t\t\t\t\t\t\t\t\tclass=\"tribe-events-c-subscribe-dropdown__list-item-link\"\n\t\t\t\t\t\t\t\t\t\ttarget=\"_blank\"\n\t\t\t\t\t\t\t\t\t\trel=\"noopener noreferrer nofollow noindex\"\n\t\t\t\t\t\t\t\t\t>\n\t\t\t\t\t\t\t\t\t\tOutlook Live\t\t\t\t\t\t\t\t\t<\/a>\n\t\t\t\t\t\t\t\t<\/li>\n\t\t\t\t\t\t\t\t\t\t\t\t\t<\/ul>\n\t\t\t\t\t<\/div>\n\t\t\t\t<\/div>\n\t\t\t<\/div>\n\t\t<\/div>\n\t<\/div>\n\n","protected":false},"excerpt":{"rendered":"<p>Enregistrements Enregistrement en anglais T\u00e9l\u00e9charger l&#8217;article en espagnol Ressources pour le webinaire Description du webinaire Pendant des milliers d&#8217;ann\u00e9es, avant l&#8217;invasion et la colonisation des Am\u00e9riques, des Cara\u00efbes et des [&hellip;]<\/p>\n","protected":false},"author":2,"featured_media":10566,"template":"","meta":{"give_campaign_id":0,"_tec_requires_first_save":false,"_kad_blocks_custom_css":"","_kad_blocks_head_custom_js":"","_kad_blocks_body_custom_js":"","_kad_blocks_footer_custom_js":"","_EventAllDay":false,"_EventTimezone":"UTC+0","_EventStartDate":"2025-11-25 13:30:00","_EventEndDate":"2025-11-25 15:00:00","_EventStartDateUTC":"2025-11-25 13:30:00","_EventEndDateUTC":"2025-11-25 15:00:00","_EventShowMap":false,"_EventShowMapLink":false,"_EventURL":"https:\/\/us06web.zoom.us\/webinar\/register\/WN_jaYW-pD5RGGAyzid6Jcksg#\/registration","_EventCost":"","_EventCostDescription":"","_EventCurrencySymbol":"","_EventCurrencyCode":"","_EventCurrencyPosition":"","_EventDateTimeSeparator":"","_EventTimeRangeSeparator":"","_EventOrganizerID":[],"_EventVenueID":[],"_OrganizerEmail":"","_OrganizerPhone":"","_OrganizerWebsite":"","_VenueAddress":"","_VenueCity":"","_VenueCountry":"","_VenueProvince":"","_VenueState":"","_VenueZip":"","_VenuePhone":"","_VenueURL":"","_VenueStateProvince":"","_VenueLat":"","_VenueLng":"","_VenueShowMap":false,"_VenueShowMapLink":false,"_tribe_blocks_recurrence_rules":"","_tribe_blocks_recurrence_description":"","_tribe_blocks_recurrence_exclusions":"","_tribe_events_status":"","_tribe_events_status_reason":"","_tribe_events_is_hybrid":"","_tribe_events_is_virtual":"","_tribe_events_virtual_video_source":"","_tribe_events_virtual_embed_video":"","_tribe_events_virtual_linked_button_text":"","_tribe_events_virtual_linked_button":"","_tribe_events_virtual_show_embed_at":"","_tribe_events_virtual_show_embed_to":[],"_tribe_events_virtual_show_on_event":"","_tribe_events_virtual_show_on_views":"","_tribe_events_virtual_url":"","footnotes":""},"tags":[],"tribe_events_cat":[],"class_list":["post-10564","tribe_events","type-tribe_events","status-publish","has-post-thumbnail","hentry"],"blocksy_meta":[],"yoast_head":"<!-- This site is optimized with the Yoast SEO Premium plugin v27.4 (Yoast SEO v27.5) - https:\/\/yoast.com\/product\/yoast-seo-premium-wordpress\/ -->\n<title>Les CLT, une \u00e9tape vers la d\u00e9colonisation de nos relations \u00e0 la terre - International Center for Community Land Trusts<\/title>\n<meta name=\"robots\" content=\"index, follow, max-snippet:-1, max-image-preview:large, max-video-preview:-1\" \/>\n<link rel=\"canonical\" href=\"https:\/\/www.cltweb.org\/fr\/event\/les-clt-une-etape-vers-la-decolonisation-de-nos-relations-a-la-terre\/\" \/>\n<meta property=\"og:locale\" content=\"fr_FR\" \/>\n<meta property=\"og:type\" content=\"article\" \/>\n<meta property=\"og:title\" content=\"Les CLT, une \u00e9tape vers la d\u00e9colonisation de nos relations \u00e0 la terre\" \/>\n<meta property=\"og:description\" content=\"Enregistrements Enregistrement en anglais T\u00e9l\u00e9charger l&#8217;article en espagnol Ressources pour le webinaire Description du webinaire Pendant des milliers d&#8217;ann\u00e9es, avant l&#8217;invasion et la colonisation des Am\u00e9riques, des Cara\u00efbes et des [&hellip;]\" \/>\n<meta property=\"og:url\" content=\"https:\/\/www.cltweb.org\/fr\/event\/les-clt-une-etape-vers-la-decolonisation-de-nos-relations-a-la-terre\/\" \/>\n<meta property=\"og:site_name\" content=\"International Center for Community Land Trusts\" \/>\n<meta property=\"article:publisher\" content=\"https:\/\/www.facebook.com\/cltcenter\" \/>\n<meta property=\"article:modified_time\" content=\"2025-11-26T17:36:31+00:00\" \/>\n<meta property=\"og:image\" content=\"https:\/\/www.cltweb.org\/wp-content\/uploads\/2025\/11\/Social-media-1-scaled.png\" \/>\n\t<meta property=\"og:image:width\" content=\"2560\" \/>\n\t<meta property=\"og:image:height\" content=\"1707\" \/>\n\t<meta property=\"og:image:type\" content=\"image\/png\" \/>\n<meta name=\"twitter:card\" content=\"summary_large_image\" \/>\n<meta name=\"twitter:site\" content=\"@Center4CLTs\" \/>\n<meta name=\"twitter:label1\" content=\"Dur\u00e9e de lecture estim\u00e9e\" \/>\n\t<meta name=\"twitter:data1\" content=\"4 minutes\" \/>\n<script type=\"application\/ld+json\" class=\"yoast-schema-graph\">{\"@context\":\"https:\\\/\\\/schema.org\",\"@graph\":[{\"@type\":\"WebPage\",\"@id\":\"https:\\\/\\\/www.cltweb.org\\\/fr\\\/event\\\/les-clt-une-etape-vers-la-decolonisation-de-nos-relations-a-la-terre\\\/\",\"url\":\"https:\\\/\\\/www.cltweb.org\\\/fr\\\/event\\\/les-clt-une-etape-vers-la-decolonisation-de-nos-relations-a-la-terre\\\/\",\"name\":\"Les CLT, une \u00e9tape vers la d\u00e9colonisation de nos relations \u00e0 la terre - International Center for Community Land Trusts\",\"isPartOf\":{\"@id\":\"https:\\\/\\\/www.cltweb.org\\\/fr\\\/#website\"},\"primaryImageOfPage\":{\"@id\":\"https:\\\/\\\/www.cltweb.org\\\/fr\\\/event\\\/les-clt-une-etape-vers-la-decolonisation-de-nos-relations-a-la-terre\\\/#primaryimage\"},\"image\":{\"@id\":\"https:\\\/\\\/www.cltweb.org\\\/fr\\\/event\\\/les-clt-une-etape-vers-la-decolonisation-de-nos-relations-a-la-terre\\\/#primaryimage\"},\"thumbnailUrl\":\"https:\\\/\\\/www.cltweb.org\\\/wp-content\\\/uploads\\\/2025\\\/11\\\/Social-media-1-scaled.png\",\"datePublished\":\"2025-11-04T17:56:37+00:00\",\"dateModified\":\"2025-11-26T17:36:31+00:00\",\"breadcrumb\":{\"@id\":\"https:\\\/\\\/www.cltweb.org\\\/fr\\\/event\\\/les-clt-une-etape-vers-la-decolonisation-de-nos-relations-a-la-terre\\\/#breadcrumb\"},\"inLanguage\":\"fr-FR\",\"potentialAction\":[{\"@type\":\"ReadAction\",\"target\":[\"https:\\\/\\\/www.cltweb.org\\\/fr\\\/event\\\/les-clt-une-etape-vers-la-decolonisation-de-nos-relations-a-la-terre\\\/\"]}]},{\"@type\":\"ImageObject\",\"inLanguage\":\"fr-FR\",\"@id\":\"https:\\\/\\\/www.cltweb.org\\\/fr\\\/event\\\/les-clt-une-etape-vers-la-decolonisation-de-nos-relations-a-la-terre\\\/#primaryimage\",\"url\":\"https:\\\/\\\/www.cltweb.org\\\/wp-content\\\/uploads\\\/2025\\\/11\\\/Social-media-1-scaled.png\",\"contentUrl\":\"https:\\\/\\\/www.cltweb.org\\\/wp-content\\\/uploads\\\/2025\\\/11\\\/Social-media-1-scaled.png\",\"width\":2560,\"height\":1707},{\"@type\":\"BreadcrumbList\",\"@id\":\"https:\\\/\\\/www.cltweb.org\\\/fr\\\/event\\\/les-clt-une-etape-vers-la-decolonisation-de-nos-relations-a-la-terre\\\/#breadcrumb\",\"itemListElement\":[{\"@type\":\"ListItem\",\"position\":1,\"name\":\"Home\",\"item\":\"https:\\\/\\\/www.cltweb.org\\\/fr\\\/\"},{\"@type\":\"ListItem\",\"position\":2,\"name\":\"\u00c9v\u00e8nements\",\"item\":\"https:\\\/\\\/www.cltweb.org\\\/fr\\\/events\\\/\"},{\"@type\":\"ListItem\",\"position\":3,\"name\":\"Les CLT, une \u00e9tape vers la d\u00e9colonisation de nos relations \u00e0 la terre\"}]},{\"@type\":\"WebSite\",\"@id\":\"https:\\\/\\\/www.cltweb.org\\\/fr\\\/#website\",\"url\":\"https:\\\/\\\/www.cltweb.org\\\/fr\\\/\",\"name\":\"International Center for Community Land Trusts\",\"description\":\"\",\"publisher\":{\"@id\":\"https:\\\/\\\/www.cltweb.org\\\/fr\\\/#organization\"},\"potentialAction\":[{\"@type\":\"SearchAction\",\"target\":{\"@type\":\"EntryPoint\",\"urlTemplate\":\"https:\\\/\\\/www.cltweb.org\\\/fr\\\/?s={search_term_string}\"},\"query-input\":{\"@type\":\"PropertyValueSpecification\",\"valueRequired\":true,\"valueName\":\"search_term_string\"}}],\"inLanguage\":\"fr-FR\"},{\"@type\":\"Organization\",\"@id\":\"https:\\\/\\\/www.cltweb.org\\\/fr\\\/#organization\",\"name\":\"International Center for Community Land Trusts\",\"url\":\"https:\\\/\\\/www.cltweb.org\\\/fr\\\/\",\"logo\":{\"@type\":\"ImageObject\",\"inLanguage\":\"fr-FR\",\"@id\":\"https:\\\/\\\/www.cltweb.org\\\/fr\\\/#\\\/schema\\\/logo\\\/image\\\/\",\"url\":\"https:\\\/\\\/www.cltweb.org\\\/wp-content\\\/uploads\\\/2024\\\/11\\\/New-CLT-Center-Text-logo.png\",\"contentUrl\":\"https:\\\/\\\/www.cltweb.org\\\/wp-content\\\/uploads\\\/2024\\\/11\\\/New-CLT-Center-Text-logo.png\",\"width\":227,\"height\":80,\"caption\":\"International Center for Community Land Trusts\"},\"image\":{\"@id\":\"https:\\\/\\\/www.cltweb.org\\\/fr\\\/#\\\/schema\\\/logo\\\/image\\\/\"},\"sameAs\":[\"https:\\\/\\\/www.facebook.com\\\/cltcenter\",\"https:\\\/\\\/x.com\\\/Center4CLTs\",\"https:\\\/\\\/www.instagram.com\\\/cltcenter\\\/\",\"https:\\\/\\\/www.linkedin.com\\\/company\\\/cltcenter\",\"https:\\\/\\\/www.youtube.com\\\/@centerforcltinnovation5313\"],\"description\":\"The International Center for Community Land Trusts is a not-for-profit nongovernmental organization established in 2018 to promote and to support community land trusts and similar strategies of community-led development on community-owned land in countries throughout the world.\",\"email\":\"info@communitylandtrust.net\",\"legalName\":\"International Center for Community Land Trusts\",\"foundingDate\":\"2018-12-01\",\"taxID\":\"84-3858933\",\"numberOfEmployees\":{\"@type\":\"QuantitativeValue\",\"minValue\":\"1\",\"maxValue\":\"10\"}}]}<\/script>\n<!-- \/ Yoast SEO Premium plugin. -->","yoast_head_json":{"title":"Les CLT, une \u00e9tape vers la d\u00e9colonisation de nos relations \u00e0 la terre - International Center for Community Land Trusts","robots":{"index":"index","follow":"follow","max-snippet":"max-snippet:-1","max-image-preview":"max-image-preview:large","max-video-preview":"max-video-preview:-1"},"canonical":"https:\/\/www.cltweb.org\/fr\/event\/les-clt-une-etape-vers-la-decolonisation-de-nos-relations-a-la-terre\/","og_locale":"fr_FR","og_type":"article","og_title":"Les CLT, une \u00e9tape vers la d\u00e9colonisation de nos relations \u00e0 la terre","og_description":"Enregistrements Enregistrement en anglais T\u00e9l\u00e9charger l&#8217;article en espagnol Ressources pour le webinaire Description du webinaire Pendant des milliers d&#8217;ann\u00e9es, avant l&#8217;invasion et la colonisation des Am\u00e9riques, des Cara\u00efbes et des [&hellip;]","og_url":"https:\/\/www.cltweb.org\/fr\/event\/les-clt-une-etape-vers-la-decolonisation-de-nos-relations-a-la-terre\/","og_site_name":"International Center for Community Land Trusts","article_publisher":"https:\/\/www.facebook.com\/cltcenter","article_modified_time":"2025-11-26T17:36:31+00:00","og_image":[{"width":2560,"height":1707,"url":"https:\/\/www.cltweb.org\/wp-content\/uploads\/2025\/11\/Social-media-1-scaled.png","type":"image\/png"}],"twitter_card":"summary_large_image","twitter_site":"@Center4CLTs","twitter_misc":{"Dur\u00e9e de lecture estim\u00e9e":"4 minutes"},"schema":{"@context":"https:\/\/schema.org","@graph":[{"@type":"WebPage","@id":"https:\/\/www.cltweb.org\/fr\/event\/les-clt-une-etape-vers-la-decolonisation-de-nos-relations-a-la-terre\/","url":"https:\/\/www.cltweb.org\/fr\/event\/les-clt-une-etape-vers-la-decolonisation-de-nos-relations-a-la-terre\/","name":"Les CLT, une \u00e9tape vers la d\u00e9colonisation de nos relations \u00e0 la terre - International Center for Community Land Trusts","isPartOf":{"@id":"https:\/\/www.cltweb.org\/fr\/#website"},"primaryImageOfPage":{"@id":"https:\/\/www.cltweb.org\/fr\/event\/les-clt-une-etape-vers-la-decolonisation-de-nos-relations-a-la-terre\/#primaryimage"},"image":{"@id":"https:\/\/www.cltweb.org\/fr\/event\/les-clt-une-etape-vers-la-decolonisation-de-nos-relations-a-la-terre\/#primaryimage"},"thumbnailUrl":"https:\/\/www.cltweb.org\/wp-content\/uploads\/2025\/11\/Social-media-1-scaled.png","datePublished":"2025-11-04T17:56:37+00:00","dateModified":"2025-11-26T17:36:31+00:00","breadcrumb":{"@id":"https:\/\/www.cltweb.org\/fr\/event\/les-clt-une-etape-vers-la-decolonisation-de-nos-relations-a-la-terre\/#breadcrumb"},"inLanguage":"fr-FR","potentialAction":[{"@type":"ReadAction","target":["https:\/\/www.cltweb.org\/fr\/event\/les-clt-une-etape-vers-la-decolonisation-de-nos-relations-a-la-terre\/"]}]},{"@type":"ImageObject","inLanguage":"fr-FR","@id":"https:\/\/www.cltweb.org\/fr\/event\/les-clt-une-etape-vers-la-decolonisation-de-nos-relations-a-la-terre\/#primaryimage","url":"https:\/\/www.cltweb.org\/wp-content\/uploads\/2025\/11\/Social-media-1-scaled.png","contentUrl":"https:\/\/www.cltweb.org\/wp-content\/uploads\/2025\/11\/Social-media-1-scaled.png","width":2560,"height":1707},{"@type":"BreadcrumbList","@id":"https:\/\/www.cltweb.org\/fr\/event\/les-clt-une-etape-vers-la-decolonisation-de-nos-relations-a-la-terre\/#breadcrumb","itemListElement":[{"@type":"ListItem","position":1,"name":"Home","item":"https:\/\/www.cltweb.org\/fr\/"},{"@type":"ListItem","position":2,"name":"\u00c9v\u00e8nements","item":"https:\/\/www.cltweb.org\/fr\/events\/"},{"@type":"ListItem","position":3,"name":"Les CLT, une \u00e9tape vers la d\u00e9colonisation de nos relations \u00e0 la terre"}]},{"@type":"WebSite","@id":"https:\/\/www.cltweb.org\/fr\/#website","url":"https:\/\/www.cltweb.org\/fr\/","name":"International Center for Community Land Trusts","description":"","publisher":{"@id":"https:\/\/www.cltweb.org\/fr\/#organization"},"potentialAction":[{"@type":"SearchAction","target":{"@type":"EntryPoint","urlTemplate":"https:\/\/www.cltweb.org\/fr\/?s={search_term_string}"},"query-input":{"@type":"PropertyValueSpecification","valueRequired":true,"valueName":"search_term_string"}}],"inLanguage":"fr-FR"},{"@type":"Organization","@id":"https:\/\/www.cltweb.org\/fr\/#organization","name":"International Center for Community Land Trusts","url":"https:\/\/www.cltweb.org\/fr\/","logo":{"@type":"ImageObject","inLanguage":"fr-FR","@id":"https:\/\/www.cltweb.org\/fr\/#\/schema\/logo\/image\/","url":"https:\/\/www.cltweb.org\/wp-content\/uploads\/2024\/11\/New-CLT-Center-Text-logo.png","contentUrl":"https:\/\/www.cltweb.org\/wp-content\/uploads\/2024\/11\/New-CLT-Center-Text-logo.png","width":227,"height":80,"caption":"International Center for Community Land Trusts"},"image":{"@id":"https:\/\/www.cltweb.org\/fr\/#\/schema\/logo\/image\/"},"sameAs":["https:\/\/www.facebook.com\/cltcenter","https:\/\/x.com\/Center4CLTs","https:\/\/www.instagram.com\/cltcenter\/","https:\/\/www.linkedin.com\/company\/cltcenter","https:\/\/www.youtube.com\/@centerforcltinnovation5313"],"description":"The International Center for Community Land Trusts is a not-for-profit nongovernmental organization established in 2018 to promote and to support community land trusts and similar strategies of community-led development on community-owned land in countries throughout the world.","email":"info@communitylandtrust.net","legalName":"International Center for Community Land Trusts","foundingDate":"2018-12-01","taxID":"84-3858933","numberOfEmployees":{"@type":"QuantitativeValue","minValue":"1","maxValue":"10"}}]}},"taxonomy_info":[],"featured_image_src_large":["https:\/\/www.cltweb.org\/wp-content\/uploads\/2025\/11\/Social-media-1-scaled.png",1024,683,false],"author_info":{"display_name":"Ben Harris","author_link":"https:\/\/www.cltweb.org\/fr\/author\/ben\/"},"comment_info":"","jetpack_sharing_enabled":true,"_links":{"self":[{"href":"https:\/\/www.cltweb.org\/fr\/wp-json\/wp\/v2\/tribe_events\/10564","targetHints":{"allow":["GET"]}}],"collection":[{"href":"https:\/\/www.cltweb.org\/fr\/wp-json\/wp\/v2\/tribe_events"}],"about":[{"href":"https:\/\/www.cltweb.org\/fr\/wp-json\/wp\/v2\/types\/tribe_events"}],"author":[{"embeddable":true,"href":"https:\/\/www.cltweb.org\/fr\/wp-json\/wp\/v2\/users\/2"}],"version-history":[{"count":8,"href":"https:\/\/www.cltweb.org\/fr\/wp-json\/wp\/v2\/tribe_events\/10564\/revisions"}],"predecessor-version":[{"id":10787,"href":"https:\/\/www.cltweb.org\/fr\/wp-json\/wp\/v2\/tribe_events\/10564\/revisions\/10787"}],"wp:featuredmedia":[{"embeddable":true,"href":"https:\/\/www.cltweb.org\/fr\/wp-json\/wp\/v2\/media\/10566"}],"wp:attachment":[{"href":"https:\/\/www.cltweb.org\/fr\/wp-json\/wp\/v2\/media?parent=10564"}],"wp:term":[{"taxonomy":"post_tag","embeddable":true,"href":"https:\/\/www.cltweb.org\/fr\/wp-json\/wp\/v2\/tags?post=10564"},{"taxonomy":"tribe_events_cat","embeddable":true,"href":"https:\/\/www.cltweb.org\/fr\/wp-json\/wp\/v2\/tribe_events_cat?post=10564"}],"curies":[{"name":"wp","href":"https:\/\/api.w.org\/{rel}","templated":true}]}}