{"id":10986,"date":"2026-01-06T22:12:06","date_gmt":"2026-01-06T22:12:06","guid":{"rendered":"https:\/\/www.cltweb.org\/event\/le-logement-inclusif-et-le-role-des-clt-perspectives-interregionales-sur-la-politique-fonciere-et-laccessibilite-a-long-terme\/"},"modified":"2026-01-22T21:51:50","modified_gmt":"2026-01-22T21:51:50","slug":"le-logement-inclusif-et-le-role-des-clt-perspectives-interregionales-sur-la-politique-fonciere-et-laccessibilite-a-long-terme","status":"publish","type":"tribe_events","link":"https:\/\/www.cltweb.org\/fr\/event\/le-logement-inclusif-et-le-role-des-clt-perspectives-interregionales-sur-la-politique-fonciere-et-laccessibilite-a-long-terme\/","title":{"rendered":"Le logement inclusif et le r\u00f4le des CLT : Perspectives interr\u00e9gionales sur la politique fonci\u00e8re et l&#8217;accessibilit\u00e9 \u00e0 long terme"},"content":{"rendered":"<div  class=\"tribe-events-schedule tribe-clearfix\" >\n\t<p class=\"tribe-events-schedule__datetime\">\n\t\t<span class=\"tribe-events-schedule__date tribe-events-schedule__date--start\">\n\t\t\tf\u00e9vrier 3\t\t<\/span>\n\n\t\t\t\t\t<span class=\"tribe-events-schedule__separator tribe-events-schedule__separator--date\">\n\t\t\t\t @ \t\t\t<\/span>\n\t\t\t<span class=\"tribe-events-schedule__time tribe-events-schedule__time--start\">\n\t\t\t\t11h00\t\t\t<\/span>\n\t\t\n\t\t\t\t\t\t\t\t\t<span class=\"tribe-events-schedule__separator tribe-events-schedule__separator--time\">\n\t\t\t\t\t &#8211; \t\t\t\t<\/span>\n\t\t\t\n\t\t\t\t\t\t\t<span class=\"tribe-events-schedule__time tribe-events-schedule__time--end\">\n\t\t\t\t\t12h30\t\t\t\t<\/span>\n\t\t\t\n\t\t\t\t\t\t\t<span class=\"tribe-events-schedule__timezone\">UTC+0<\/span>\n\t\t\t\t\t\t<\/p>\n<\/div>\n\n<div class=\"wp-block-buttons alignwide is-content-justification-center is-layout-flex wp-container-core-buttons-is-layout-a89b3969 wp-block-buttons-is-layout-flex\">\n<div class=\"wp-block-button is-style-outline is-style-outline--2\"><a class=\"wp-block-button__link has-text-align-center wp-element-button\" href=\"https:\/\/us06web.zoom.us\/webinar\/register\/WN_K7nghILbTGOFGOl3rRkBcA\" style=\"padding-top:0;padding-right:var(--wp--preset--spacing--80);padding-bottom:0;padding-left:var(--wp--preset--spacing--80)\" target=\"_blank\" rel=\"noreferrer noopener\"><strong>Inscrivez-vous ici<\/strong><\/a><\/div>\n<\/div>\n\n<div style=\"height:42px\" aria-hidden=\"true\" class=\"wp-block-spacer\"><\/div>\n\n<figure class=\"wp-block-image aligncenter size-large\"><a href=\"https:\/\/us06web.zoom.us\/webinar\/register\/WN_K7nghILbTGOFGOl3rRkBcA\" target=\"_blank\" rel=\" noreferrer noopener\"><img loading=\"lazy\" decoding=\"async\" width=\"1024\" height=\"683\" src=\"https:\/\/www.cltweb.org\/wp-content\/uploads\/2026\/01\/Graphic_EN-1024x683.png\" alt=\"\" class=\"wp-image-11027\" srcset=\"https:\/\/www.cltweb.org\/wp-content\/uploads\/2026\/01\/Graphic_EN-1024x683.png 1024w, https:\/\/www.cltweb.org\/wp-content\/uploads\/2026\/01\/Graphic_EN-300x200.png 300w, https:\/\/www.cltweb.org\/wp-content\/uploads\/2026\/01\/Graphic_EN-768x512.png 768w, https:\/\/www.cltweb.org\/wp-content\/uploads\/2026\/01\/Graphic_EN-1536x1024.png 1536w, https:\/\/www.cltweb.org\/wp-content\/uploads\/2026\/01\/Graphic_EN-2048x1365.png 2048w\" sizes=\"auto, (max-width: 1024px) 100vw, 1024px\" \/><\/a><\/figure>\n\n<h2 class=\"wp-block-heading\" id=\"h-webinar-description\">Description du webinaire<\/h2>\n\n<p>Alors que les villes du monde entier sont confront\u00e9es \u00e0 des crises de plus en plus graves en mati\u00e8re de logement abordable, les politiques de logement inclusif se r\u00e9v\u00e8lent \u00eatre des outils puissants pour \u00e9largir l&#8217;acc\u00e8s \u00e0 des logements abordables en permanence. Toutefois, des questions subsistent quant \u00e0 la mani\u00e8re dont ces logements sont g\u00e9r\u00e9s dans le temps et dont l&#8217;accessibilit\u00e9 peut \u00eatre prot\u00e9g\u00e9e au-del\u00e0 des p\u00e9riodes r\u00e9glementaires initiales. <\/p>\n\n<p>Le 3 f\u00e9vrier 2026, le European CLT Network et l&#8217;International Center for Community Land Trusts co-organiseront un webinaire international explorant la mani\u00e8re dont les politiques de logement inclusif peuvent \u00eatre associ\u00e9es aux CLT pour garantir une accessibilit\u00e9 durable, renforcer la gestion des terres, promouvoir la coh\u00e9sion sociale et \u00e9largir l&#8217;acc\u00e8s \u00e0 des logements stables et contr\u00f4l\u00e9s par la communaut\u00e9. Les termes &#8220;logement inclusif&#8221; et &#8220;zonage inclusif&#8221; font r\u00e9f\u00e9rence \u00e0 une s\u00e9rie de politiques locales (ou parfois \u00e9tatiques) qui incitent les promoteurs r\u00e9sidentiels \u00e0 inclure des logements abordables dans les nouvelles constructions ou les nouveaux lotissements. Dans certains cas, ces politiques exigent que chaque nouveau projet comprenne un certain pourcentage de logements abordables. Dans d&#8217;autres cas, la juridiction offre des incitations telles qu&#8217;une augmentation de la densit\u00e9 ou des r\u00e9ductions de taxes qui ne sont disponibles que pour les projets qui choisissent volontairement d&#8217;inclure des logements abordables.   <\/p>\n\n<p>En s&#8217;appuyant sur les exp\u00e9riences des \u00c9tats-Unis et de l&#8217;Europe, la session examinera comment les CLT peuvent servir de gestionnaires \u00e0 long terme des logements produits dans le cadre des programmes de logement inclusif, et pourquoi ce partenariat est essentiel pour pr\u00e9server l&#8217;accessibilit\u00e9 au fil des g\u00e9n\u00e9rations. Les intervenants souligneront les principaux d\u00e9fis et opportunit\u00e9s, notamment la complexit\u00e9 administrative des m\u00e9canismes d&#8217;inclusion, les le\u00e7ons tir\u00e9es de la pratique du zonage inclusif aux \u00c9tats-Unis et le potentiel d&#8217;adaptation et d&#8217;affinement de ces outils dans les cadres politiques europ\u00e9ens. <\/p>\n\n<p>Mod\u00e9r\u00e9 par Eduard Cabr\u00e9 (Espagne), les intervenants sont les suivants :<\/p>\n\n<ul class=\"wp-block-list\">\n<li style=\"font-size:clamp(14px, 0.875rem + ((1vw - 3.2px) * 0.313), 18px);\">Dev Goetschius, Housing Land Trust of the North Bay, Directeur ex\u00e9cutif (USA)<\/li>\n\n\n\n<li style=\"font-size:clamp(14px, 0.875rem + ((1vw - 3.2px) * 0.313), 18px);\">Jean-Baptiste Debrandt, Ville de Lille, Chef du service logement (France)<\/li>\n\n\n\n<li style=\"font-size:clamp(14px, 0.875rem + ((1vw - 3.2px) * 0.313), 18px);\">Jean-Marie Halleux, Universit\u00e9 de Li\u00e8ge (Belgique)<\/li>\n\n\n\n<li style=\"font-size:clamp(14px, 0.875rem + ((1vw - 3.2px) * 0.313), 18px);\">Rick Jacobus, Street Level Advisors, directeur (\u00c9tats-Unis)<\/li>\n<\/ul>\n\n<p>Con\u00e7u pour les praticiens des CLT, les d\u00e9cideurs politiques, les d\u00e9fenseurs du logement et les fonctionnaires municipaux, les participants repartiront avec une meilleure compr\u00e9hension du fonctionnement des politiques de logement inclusif, de ce qui les rend efficaces et de la mani\u00e8re dont les CLT peuvent s&#8217;associer avec les autorit\u00e9s publiques pour g\u00e9rer les unit\u00e9s, int\u00e9grer l&#8217;\u00e9quit\u00e9 et assurer un b\u00e9n\u00e9fice communautaire \u00e0 long terme. Le webinaire se d\u00e9roulera en anglais, et des sous-titres en fran\u00e7ais et en espagnol seront ajout\u00e9s \u00e0 l&#8217;enregistrement lorsqu&#8217;il sera publi\u00e9 sur YouTube. <\/p>\n\n<h3 class=\"wp-block-heading\" id=\"h-support-this-work\"><strong>Soutenez ce travail<\/strong><\/h3>\n\n<p>Le Centre CLT r\u00e9unit des praticiens, des chercheurs et des communaut\u00e9s de diff\u00e9rentes r\u00e9gions pour partager leurs exp\u00e9riences et renforcer le mouvement CLT au niveau mondial. Cet \u00e9v\u00e9nement est gratuit et ouvert \u00e0 tous. Si vous \u00eates en mesure de soutenir notre travail, votre contribution nous aide \u00e0 continuer \u00e0 offrir des \u00e9v\u00e9nements gratuits, des ressources et des opportunit\u00e9s d&#8217;\u00e9change entre pairs dans tous les contextes.  <\/p>\n\n<div class=\"wp-block-buttons alignwide is-content-justification-center is-layout-flex wp-container-core-buttons-is-layout-a89b3969 wp-block-buttons-is-layout-flex\">\n<div class=\"wp-block-button is-style-outline is-style-outline--3\"><a class=\"wp-block-button__link has-text-align-center wp-element-button\" href=\"https:\/\/www.cltweb.org\/fr\/a-propos-de-nous\/faire-un-don\/\" style=\"padding-top:0;padding-right:var(--wp--preset--spacing--80);padding-bottom:0;padding-left:var(--wp--preset--spacing--80)\" target=\"_blank\" rel=\"noreferrer noopener\"><strong>Soutenez notre travail<\/strong><\/a><\/div>\n<\/div>\n\n<div style=\"height:42px\" aria-hidden=\"true\" class=\"wp-block-spacer\"><\/div>\n\n<h2 class=\"wp-block-heading\" id=\"h-moderator-and-speakers\">Mod\u00e9rateur et intervenants<\/h2>\n\n<figure class=\"wp-block-image alignright size-full is-resized\"><img loading=\"lazy\" decoding=\"async\" width=\"1376\" height=\"1294\" src=\"https:\/\/www.cltweb.org\/wp-content\/uploads\/2026\/01\/Eduard-Dublin-2025.png\" alt=\"\" class=\"wp-image-10976\" style=\"width:145px;height:auto\" srcset=\"https:\/\/www.cltweb.org\/wp-content\/uploads\/2026\/01\/Eduard-Dublin-2025.png 1376w, https:\/\/www.cltweb.org\/wp-content\/uploads\/2026\/01\/Eduard-Dublin-2025-300x282.png 300w, https:\/\/www.cltweb.org\/wp-content\/uploads\/2026\/01\/Eduard-Dublin-2025-1024x963.png 1024w, https:\/\/www.cltweb.org\/wp-content\/uploads\/2026\/01\/Eduard-Dublin-2025-768x722.png 768w\" sizes=\"auto, (max-width: 1376px) 100vw, 1376px\" \/><\/figure>\n\n<p><strong>Eduard Cabr\u00e9<\/strong>, consultant en politique du logement (Espagne)<\/p>\n\n<p>EDUARD CABR\u00c9 travaille comme consultant en politique du logement pour des gouvernements locaux et des organisations \u00e0 but non lucratif. Il conseille actuellement l&#8217;Institut municipal du logement et de la r\u00e9novation de Barcelone sur des projets europ\u00e9ens et d&#8217;innovation, et collabore r\u00e9guli\u00e8rement avec le conseil provincial de Barcelone, le conseil provincial de G\u00e9rone et les conseils municipaux de toute la Catalogne. <\/p>\n\n<p>Il est titulaire d&#8217;un dipl\u00f4me en sciences politiques de l&#8217;universit\u00e9 Pompeu Fabra, d&#8217;un master en gestion et \u00e9valuation urbaines de l&#8217;universit\u00e9 polytechnique de Catalogne et d&#8217;un master en planification urbaine de l&#8217;universit\u00e9 de New York.<\/p>\n\n<figure class=\"wp-block-image alignright size-full is-resized\"><img loading=\"lazy\" decoding=\"async\" width=\"279\" height=\"271\" src=\"https:\/\/www.cltweb.org\/wp-content\/uploads\/2026\/01\/Screenshot-2026-01-06-at-5.09.42-PM.png\" alt=\"\" class=\"wp-image-10992\" style=\"width:142px\"\/><\/figure>\n\n<p><strong>Jean-Baptiste Debrandt<\/strong>, Ville de Lille, Chef du service logement (France)<\/p>\n\n<p>JEAN-BAPTISTE DEBRANDT est fonctionnaire de la ville de Lille, o\u00f9 il occupe le poste de chef du service du logement. Il est impliqu\u00e9 dans des projets europ\u00e9ens li\u00e9s au d\u00e9veloppement durable. <\/p>\n\n<div style=\"height:61px\" aria-hidden=\"true\" class=\"wp-block-spacer\"><\/div>\n\n<figure class=\"wp-block-image alignright size-full is-resized\"><img loading=\"lazy\" decoding=\"async\" width=\"190\" height=\"185\" src=\"https:\/\/www.cltweb.org\/wp-content\/uploads\/2026\/01\/Dev.png\" alt=\"\" class=\"wp-image-10977\" style=\"aspect-ratio:1;object-fit:cover;width:142px;height:auto\"\/><\/figure>\n\n<p><strong>Dev Goetschius, <\/strong><a href=\"https:\/\/www.housinglandtrust.org\/\" target=\"_blank\" rel=\"noreferrer noopener\">Housing Land Trust of the North Bay<\/a>, Directeur ex\u00e9cutif (USA)<\/p>\n\n<p>DEVIKA &#8220;DEV&#8221; GOETSCHIUS est un leader reconnu au niveau national dans le domaine des fonds fonciers communautaires et de l&#8217;accession \u00e0 la propri\u00e9t\u00e9 \u00e0 des prix abordables en permanence, avec plus de vingt ans d&#8217;exp\u00e9rience dans le d\u00e9veloppement de logements \u00e9quitables. En tant que directrice ex\u00e9cutive du Housing Land Trust of Sonoma County et partenaire de Burlington Associates in Community Development, Dev a contribu\u00e9 \u00e0 lancer et \u00e0 soutenir des dizaines de programmes de logements en propri\u00e9t\u00e9 partag\u00e9e \u00e0 travers les \u00c9tats-Unis. Elle si\u00e8ge \u00e9galement aux conseils d&#8217;administration de Generation Housing et de l&#8217;International Center for Community Land Trusts, et est une conseill\u00e8re de confiance pour les gouvernements locaux, les organisations \u00e0 but non lucratif et les filiales d&#8217;Habitat for Humanity. Parlant couramment l&#8217;espagnol, l&#8217;hindi et le sindhi, Dev apporte \u00e0 son travail une approche multilingue centr\u00e9e sur la communaut\u00e9, fond\u00e9e sur un engagement en faveur de l&#8217;accessibilit\u00e9 \u00e0 long terme et de la justice en mati\u00e8re de logement.   <\/p>\n\n<figure class=\"wp-block-image alignright size-full is-resized\"><img loading=\"lazy\" decoding=\"async\" width=\"640\" height=\"480\" src=\"https:\/\/www.cltweb.org\/wp-content\/uploads\/2026\/01\/Jean-Marie.jpg\" alt=\"\" class=\"wp-image-10978\" style=\"aspect-ratio:1;object-fit:cover;width:141px\" srcset=\"https:\/\/www.cltweb.org\/wp-content\/uploads\/2026\/01\/Jean-Marie.jpg 640w, https:\/\/www.cltweb.org\/wp-content\/uploads\/2026\/01\/Jean-Marie-300x225.jpg 300w\" sizes=\"auto, (max-width: 640px) 100vw, 640px\" \/><\/figure>\n\n<p><strong>Jean-Marie Halleux,<\/strong> Universit\u00e9 de Li\u00e8ge, Professeur (Belgique)<\/p>\n\n<p>JEAN-MARIE HALLEUX est professeur \u00e0 l&#8217;Universit\u00e9 de Li\u00e8ge (Belgique), o\u00f9 il enseigne la g\u00e9ographie \u00e9conomique et l&#8217;am\u00e9nagement du territoire. Ses recherches portent sur les relations entre la g\u00e9ographie, l&#8217;\u00e9conomie urbaine et l&#8217;am\u00e9nagement du territoire. Il a particip\u00e9 \u00e0 plusieurs programmes de recherche europ\u00e9ens (Interreg, COST, PUCA, JPI Urban Europe), gr\u00e2ce auxquels il a d\u00e9velopp\u00e9 une expertise dans la comparaison internationale des politiques fonci\u00e8res et des syst\u00e8mes de planification. Ses recherches comparatives portent sur les cultures de planification, la densification douce, la sobri\u00e9t\u00e9 fonci\u00e8re (pas de prise nette de terres), la capture de la valeur fonci\u00e8re et l&#8217;impact des terrains industriels sur le d\u00e9veloppement \u00e9conomique. En 2022, il a \u00e9t\u00e9 l&#8217;un des \u00e9diteurs du livre <em>Public Value Capture of Increasing Property Values across Europe<\/em>, qui fournit une vue d&#8217;ensemble et une discussion sur les instruments et les pratiques de capture de la valeur fonci\u00e8re dans 29 pays.    <\/p>\n\n<figure class=\"wp-block-image alignright size-full is-resized\"><img loading=\"lazy\" decoding=\"async\" width=\"604\" height=\"566\" src=\"https:\/\/www.cltweb.org\/wp-content\/uploads\/2026\/01\/RickJacobus.jpg\" alt=\"\" class=\"wp-image-10979\" style=\"aspect-ratio:1;object-fit:cover;width:141px;height:auto\" srcset=\"https:\/\/www.cltweb.org\/wp-content\/uploads\/2026\/01\/RickJacobus.jpg 604w, https:\/\/www.cltweb.org\/wp-content\/uploads\/2026\/01\/RickJacobus-300x281.jpg 300w\" sizes=\"auto, (max-width: 604px) 100vw, 604px\" \/><\/figure>\n\n<p><strong>Rick Jacobus,<\/strong> <a href=\"http:\/\/streetleveladvisors.com\" target=\"_blank\" rel=\"noreferrer noopener\">Street Level Urban Impact Advisors<\/a>, Prinicipal (\u00c9tats-Unis)<\/p>\n\n<p>RICK JACOBUS est l&#8217;un des principaux experts nationaux en mati\u00e8re de logement inclusif et d&#8217;accession abordable \u00e0 la propri\u00e9t\u00e9.<\/p>\n\n<p>Rick est l&#8217;auteur de Inclusionary Housing : Creating and Maintaining Equitable Communities, qui a \u00e9t\u00e9 qualifi\u00e9 de guide de r\u00e9f\u00e9rence pour l&#8217;\u00e9laboration de politiques de logement inclusif. Rick a travaill\u00e9 directement avec les conseils municipaux de Denver, Seattle et San Jose pour guider la refonte du programme de logement inclusif de chaque ville. En outre, il a \u00e9t\u00e9 consult\u00e9 sur la conception et la mise en \u0153uvre de programmes de logements inclusifs dans plus d&#8217;une douzaine de villes, dont New York, Minneapolis, San Francisco, Santa Monica, Palo Alto, Chicago et Atlanta.  <\/p>\n\n<p>Il a \u00e9galement \u00e9t\u00e9 membre du Lincoln Institute for Land Policy, conf\u00e9rencier au d\u00e9partement d&#8217;urbanisme et d&#8217;am\u00e9nagement du territoire de l&#8217;universit\u00e9 de Berkeley et charg\u00e9 de programme principal pour la Local Initiatives Support Corporation (Soci\u00e9t\u00e9 de soutien aux initiatives locales).<\/p>\n\n<p>Il est titulaire d&#8217;une licence de l&#8217;Oberlin College et d&#8217;un master en urbanisme de l&#8217;Universit\u00e9 de Californie \u00e0 Berkeley.<\/p>\n\n<p><br\/><\/p>\n<div  class=\"tribe-block tribe-block__organizer__details tribe-clearfix\" >\n\t<div class=\"tribe-block__organizer__title\">\n\t\t<h3><a href=\"https:\/\/www.cltweb.org\/organisateur\/international-center-for-community-land-trusts\/\" title=\"International Center for Community Land Trusts\" target=\"_self\" rel=\"\">International Center for Community Land Trusts<\/a><\/h3>\n\t<\/div>\n\t\t\t\t<p class=\"tribe-block__organizer__website\"><a href=\"https:\/\/www.cltweb.org\" target=\"_blank\" rel=\"noopener noreferrer\">Voir le site Organisateur<\/a><\/p>\n\t\t\t\t<p class=\"tribe-block__organizer__email\">&#105;&#110;&#102;&#111;&#064;&#099;&#111;mm&#117;n&#105;&#116;ylandtr&#117;st.n&#101;&#116;<\/p>\n\t<\/div>\n<div  class=\"tribe-block tribe-block__venue tribe-clearfix\" >\n\t\n\t\t\n\t<\/div>\n\t<div  class=\"tribe-block tribe-block__events-link\" >\n\t\t<div class=\"tribe-events tribe-common\">\n\t\t\t<div class=\"tribe-events-c-subscribe-dropdown__container\">\n\t\t\t\t<div class=\"tribe-events-c-subscribe-dropdown\">\n\t\t\t\t\t<div class=\"tribe-common-c-btn-border tribe-events-c-subscribe-dropdown__button\">\n\t\t\t\t\t\t<svg\n\t class=\"tribe-common-c-svgicon tribe-common-c-svgicon--cal-export tribe-events-c-subscribe-dropdown__export-icon\" \taria-hidden=\"true\"\n\tviewBox=\"0 0 23 17\"\n\txmlns=\"http:\/\/www.w3.org\/2000\/svg\"\n>\n\t<path fill-rule=\"evenodd\" clip-rule=\"evenodd\" d=\"M.128.896V16.13c0 .211.145.383.323.383h15.354c.179 0 .323-.172.323-.383V.896c0-.212-.144-.383-.323-.383H.451C.273.513.128.684.128.896Zm16 6.742h-.901V4.679H1.009v10.729h14.218v-3.336h.901V7.638ZM1.01 1.614h14.218v2.058H1.009V1.614Z\" \/>\n\t<path d=\"M20.5 9.846H8.312M18.524 6.953l2.89 2.909-2.855 2.855\" stroke-width=\"1.2\" stroke-linecap=\"round\" stroke-linejoin=\"round\"\/>\n<\/svg>\n\t\t\t\t\t\t<button\n\t\t\t\t\t\t\tclass=\"tribe-events-c-subscribe-dropdown__button-text\"\n\t\t\t\t\t\t\taria-expanded=\"false\"\n\t\t\t\t\t\t\taria-controls=\"tribe-events-subscribe-dropdown-content\"\n\t\t\t\t\t\t\taria-label=\"Afficher les liens permettant d\u2019ajouter des \u00e9v\u00e8nements \u00e0 votre calendrier\"\n\t\t\t\t\t\t>\n\t\t\t\t\t\t\tAjouter au calendrier\t\t\t\t\t\t<\/button>\n\t\t\t\t\t\t<svg\n\t class=\"tribe-common-c-svgicon tribe-common-c-svgicon--caret-down tribe-events-c-subscribe-dropdown__button-icon\" \taria-hidden=\"true\"\n\tviewBox=\"0 0 10 7\"\n\txmlns=\"http:\/\/www.w3.org\/2000\/svg\"\n>\n\t<path fill-rule=\"evenodd\" clip-rule=\"evenodd\" d=\"M1.008.609L5 4.6 8.992.61l.958.958L5 6.517.05 1.566l.958-.958z\" class=\"tribe-common-c-svgicon__svg-fill\"\/>\n<\/svg>\n\t\t\t\t\t<\/div>\n\t\t\t\t\t<div id=\"tribe-events-subscribe-dropdown-content\" class=\"tribe-events-c-subscribe-dropdown__content\">\n\t\t\t\t\t\t<ul class=\"tribe-events-c-subscribe-dropdown__list\">\n\t\t\t\t\t\t\t\t\t\t\t\t\t\t\t<li class=\"tribe-events-c-subscribe-dropdown__list-item tribe-events-c-subscribe-dropdown__list-item--gcal\">\n\t\t\t\t\t\t\t\t\t<a\n\t\t\t\t\t\t\t\t\t\thref=\"https:\/\/www.google.com\/calendar\/event?action=TEMPLATE&#038;dates=20260203T110000\/20260203T123000&#038;text=Le%20logement%20inclusif%20et%20le%20r%C3%B4le%20des%20CLT%20%3A%20Perspectives%20interr%C3%A9gionales%20sur%20la%20politique%20fonci%C3%A8re%20et%20l%26%238217%3Baccessibilit%C3%A9%20%C3%A0%20long%20terme&#038;details=%3Cdiv+class%3D%22wp-block-buttons+alignwide%22%3E%3Cdiv+class%3D%22wp-block-button+is-style-outline%22%3E%3Ca+class%3D%22wp-block-button__link+has-text-align-center+wp-element-button%22+href%3D%22https%3A%2F%2Fus06web.zoom.us%2Fwebinar%2Fregister%2FWN_K7nghILbTGOFGOl3rRkBcA%22+style%3D%22padding-top%3A0%3Bpadding-right%3Avar%28--wp--preset--spacing--80%29%3Bpadding-bottom%3A0%3Bpadding-left%3Avar%28--wp--preset--spacing--80%29%22+target%3D%22_blank%22+rel%3D%22noreferrer+noopener%22%3E%3Cstrong%3EInscrivez-vous+ici%3C%2Fstrong%3E%3C%2Fa%3E%3C%2Fdiv%3E%3C%2Fdiv%3E%3Cdiv+style%3D%22height%3A42px%22+aria-hidden%3D%22true%22+class%3D%22wp-block-spacer%22%3E%3C%2Fdiv%3E%3Cfigure+class%3D%22wp-block-image+aligncenter+size-large%22%3E%3Ca+href%3D%22https%3A%2F%2Fus06web.zoom.us%2Fwebinar%2Fregister%2FWN_K7nghILbTGOFGOl3rRkBcA%22+target%3D%22_blank%22+rel%3D%22+noreferrer+noopener%22%3E%3Cimg+src%3D%22https%3A%2F%2Fwww.cltweb.org%2Fwp-content%2Fuploads%2F2026%2F01%2FGraphic_EN-1024x683.png%22+alt%3D%22%22+class%3D%22wp-image-11027%22%2F%3E%3C%2Fa%3E%3C%2Ffigure%3E%3Ch2+class%3D%22wp-block-heading%22+id%3D%22h-webinar-description%22%3EDescription+du+webinaire%3C%2Fh2%3E%3Cp%3EAlors+que+les+villes+du+monde+entier+sont+confront%C3%A9es+%C3%A0+des+cris%3C%2Fp%3E%28Voir+toute+la+description+de+%C3%A9v%C3%A8nement+ici%C2%A0%3A+https%3A%2F%2Fwww.cltweb.org%2Ffr%2Fevent%2Fle-logement-inclusif-et-le-role-des-clt-perspectives-interregionales-sur-la-politique-fonciere-et-laccessibilite-a-long-terme%2F%29&#038;trp=false&#038;ctz=UTC+0&#038;sprop=website:https:\/\/www.cltweb.org\/fr\/\"\n\t\t\t\t\t\t\t\t\t\tclass=\"tribe-events-c-subscribe-dropdown__list-item-link\"\n\t\t\t\t\t\t\t\t\t\ttarget=\"_blank\"\n\t\t\t\t\t\t\t\t\t\trel=\"noopener noreferrer nofollow noindex\"\n\t\t\t\t\t\t\t\t\t>\n\t\t\t\t\t\t\t\t\t\tGoogle Agenda\t\t\t\t\t\t\t\t\t<\/a>\n\t\t\t\t\t\t\t\t<\/li>\n\t\t\t\t\t\t\t\t\t\t\t\t\t\t\t<li class=\"tribe-events-c-subscribe-dropdown__list-item tribe-events-c-subscribe-dropdown__list-item--ical\">\n\t\t\t\t\t\t\t\t\t<a\n\t\t\t\t\t\t\t\t\t\thref=\"\"\n\t\t\t\t\t\t\t\t\t\tclass=\"tribe-events-c-subscribe-dropdown__list-item-link\"\n\t\t\t\t\t\t\t\t\t\ttarget=\"_blank\"\n\t\t\t\t\t\t\t\t\t\trel=\"noopener noreferrer nofollow noindex\"\n\t\t\t\t\t\t\t\t\t>\n\t\t\t\t\t\t\t\t\t\tiCalendar\t\t\t\t\t\t\t\t\t<\/a>\n\t\t\t\t\t\t\t\t<\/li>\n\t\t\t\t\t\t\t\t\t\t\t\t\t\t\t<li class=\"tribe-events-c-subscribe-dropdown__list-item tribe-events-c-subscribe-dropdown__list-item--outlook-365\">\n\t\t\t\t\t\t\t\t\t<a\n\t\t\t\t\t\t\t\t\t\thref=\"\"\n\t\t\t\t\t\t\t\t\t\tclass=\"tribe-events-c-subscribe-dropdown__list-item-link\"\n\t\t\t\t\t\t\t\t\t\ttarget=\"_blank\"\n\t\t\t\t\t\t\t\t\t\trel=\"noopener noreferrer nofollow noindex\"\n\t\t\t\t\t\t\t\t\t>\n\t\t\t\t\t\t\t\t\t\tOutlook 365\t\t\t\t\t\t\t\t\t<\/a>\n\t\t\t\t\t\t\t\t<\/li>\n\t\t\t\t\t\t\t\t\t\t\t\t\t\t\t<li class=\"tribe-events-c-subscribe-dropdown__list-item tribe-events-c-subscribe-dropdown__list-item--outlook-live\">\n\t\t\t\t\t\t\t\t\t<a\n\t\t\t\t\t\t\t\t\t\thref=\"\"\n\t\t\t\t\t\t\t\t\t\tclass=\"tribe-events-c-subscribe-dropdown__list-item-link\"\n\t\t\t\t\t\t\t\t\t\ttarget=\"_blank\"\n\t\t\t\t\t\t\t\t\t\trel=\"noopener noreferrer nofollow noindex\"\n\t\t\t\t\t\t\t\t\t>\n\t\t\t\t\t\t\t\t\t\tOutlook Live\t\t\t\t\t\t\t\t\t<\/a>\n\t\t\t\t\t\t\t\t<\/li>\n\t\t\t\t\t\t\t\t\t\t\t\t\t<\/ul>\n\t\t\t\t\t<\/div>\n\t\t\t\t<\/div>\n\t\t\t<\/div>\n\t\t<\/div>\n\t<\/div>\n\n<h2 class=\"tribe-block__related-events__title\">\u00c9v\u00e9nements li\u00e9s<\/h2>\n\n<ul  class=\"tribe-related-events tribe-clearfix\" >\n\t\t\t<li>\n\t\n<div class=\"tribe-related-events-thumbnail\">\n\t<a href=\"https:\/\/www.cltweb.org\/fr\/event\/enracine-dans-la-justice-centrer-les-communautes-mal-desservies-dans-la-pratique-clt\/\" class=\"url\" rel=\"bookmark\" tabindex=\"-1\" aria-hidden=\"true\"><img loading=\"lazy\" decoding=\"async\" width=\"1024\" height=\"1024\" src=\"https:\/\/www.cltweb.org\/wp-content\/uploads\/2026\/03\/Rondo-Event-Square-1-1024x1024.png\" class=\"attachment-large size-large wp-post-image\" alt=\"\" \/><\/a>\n<\/div>\n\t<div class=\"tribe-related-event-info\">\n\t<h3 class=\"tribe-related-events-title\">\n\t\t<a href=\"https:\/\/www.cltweb.org\/fr\/event\/enracine-dans-la-justice-centrer-les-communautes-mal-desservies-dans-la-pratique-clt\/\" class=\"tribe-event-url\" rel=\"bookmark\">\n\t\t\tEnracin\u00e9 dans la justice : Centrer les communaut\u00e9s mal desservies dans la pratique CLT\t\t<\/a>\n\t<\/h3>\n\t<span class=\"tribe-event-date-start\">mai 5 @ 10h00<\/span> &#8211; <span class=\"tribe-event-time\">11h30<\/span> <span class='timezone'> UTC-4 <\/span><\/div>\n<\/li>\n\t\t\t<li>\n\t\n<div class=\"tribe-related-events-thumbnail\">\n\t<a href=\"https:\/\/www.cltweb.org\/fr\/event\/termos-territoriais-coletivos-no-brasil-connaissances-difficultes-et-perspectives\/\" class=\"url\" rel=\"bookmark\" tabindex=\"-1\" aria-hidden=\"true\"><img loading=\"lazy\" decoding=\"async\" width=\"1024\" height=\"1024\" src=\"https:\/\/www.cltweb.org\/wp-content\/uploads\/2026\/03\/5-May_Brazil-1024x1024.png\" class=\"attachment-large size-large wp-post-image\" alt=\"\" \/><\/a>\n<\/div>\n\t<div class=\"tribe-related-event-info\">\n\t<h3 class=\"tribe-related-events-title\">\n\t\t<a href=\"https:\/\/www.cltweb.org\/fr\/event\/termos-territoriais-coletivos-no-brasil-connaissances-difficultes-et-perspectives\/\" class=\"tribe-event-url\" rel=\"bookmark\">\n\t\t\tTermos Territoriais Coletivos no Brasil : Connaissances, difficult\u00e9s et perspectives\t\t<\/a>\n\t<\/h3>\n\t<span class=\"tribe-event-date-start\">mai 5 @ 13h00<\/span> &#8211; <span class=\"tribe-event-time\">14h30<\/span> <span class='timezone'> UTC-4 <\/span><\/div>\n<\/li>\n\t\t\t<li>\n\t\n<div class=\"tribe-related-events-thumbnail\">\n\t<a href=\"https:\/\/www.cltweb.org\/fr\/event\/ce-que-nous-apprenons-dans-le-sud-global-une-conversation-sur-les-clt-a-travers-les-contextes\/\" class=\"url\" rel=\"bookmark\" tabindex=\"-1\" aria-hidden=\"true\"><img loading=\"lazy\" decoding=\"async\" width=\"1024\" height=\"1024\" src=\"https:\/\/www.cltweb.org\/wp-content\/uploads\/2026\/03\/CLT-Center-Event-Square-1024x1024.png\" class=\"attachment-large size-large wp-post-image\" alt=\"\" \/><\/a>\n<\/div>\n\t<div class=\"tribe-related-event-info\">\n\t<h3 class=\"tribe-related-events-title\">\n\t\t<a href=\"https:\/\/www.cltweb.org\/fr\/event\/ce-que-nous-apprenons-dans-le-sud-global-une-conversation-sur-les-clt-a-travers-les-contextes\/\" class=\"tribe-event-url\" rel=\"bookmark\">\n\t\t\tCe que nous apprenons dans le Sud global : Une conversation sur les CLT \u00e0 travers les contextes\t\t<\/a>\n\t<\/h3>\n\t<span class=\"tribe-event-date-start\">mai 12 @ 13h00<\/span> &#8211; <span class=\"tribe-event-time\">13h30<\/span> <span class='timezone'> UTC-3 <\/span><\/div>\n<\/li>\n\t<\/ul>\n","protected":false},"excerpt":{"rendered":"<p>Description du webinaire Alors que les villes du monde entier sont confront\u00e9es \u00e0 des crises de plus en plus graves en mati\u00e8re de logement abordable, les politiques de logement inclusif [&hellip;]<\/p>\n","protected":false},"author":2,"featured_media":0,"template":"","meta":{"give_campaign_id":0,"_tec_requires_first_save":false,"_kad_blocks_custom_css":"","_kad_blocks_head_custom_js":"","_kad_blocks_body_custom_js":"","_kad_blocks_footer_custom_js":"","_EventAllDay":false,"_EventTimezone":"UTC+0","_EventStartDate":"2026-02-03 11:00:00","_EventEndDate":"2026-02-03 12:30:00","_EventStartDateUTC":"2026-02-03 11:00:00","_EventEndDateUTC":"2026-02-03 12:30:00","_EventShowMap":false,"_EventShowMapLink":false,"_EventURL":"https:\/\/us06web.zoom.us\/webinar\/register\/WN_Dw8Ono2cSXC08TCyMWqauA","_EventCost":"","_EventCostDescription":"","_EventCurrencySymbol":"","_EventCurrencyCode":"","_EventCurrencyPosition":"","_EventDateTimeSeparator":"","_EventTimeRangeSeparator":"","_EventOrganizerID":[],"_EventVenueID":[],"_OrganizerEmail":"","_OrganizerPhone":"","_OrganizerWebsite":"","_VenueAddress":"","_VenueCity":"","_VenueCountry":"","_VenueProvince":"","_VenueState":"","_VenueZip":"","_VenuePhone":"","_VenueURL":"","_VenueStateProvince":"","_VenueLat":"","_VenueLng":"","_VenueShowMap":false,"_VenueShowMapLink":false,"_tribe_blocks_recurrence_rules":"","_tribe_blocks_recurrence_description":"","_tribe_blocks_recurrence_exclusions":"","_tribe_events_status":"","_tribe_events_status_reason":"","_tribe_events_is_hybrid":"","_tribe_events_is_virtual":"","_tribe_events_virtual_video_source":"","_tribe_events_virtual_embed_video":"","_tribe_events_virtual_linked_button_text":"","_tribe_events_virtual_linked_button":"","_tribe_events_virtual_show_embed_at":"","_tribe_events_virtual_show_embed_to":[],"_tribe_events_virtual_show_on_event":"","_tribe_events_virtual_show_on_views":"","_tribe_events_virtual_url":"","footnotes":""},"tags":[338,344,300],"tribe_events_cat":[],"class_list":["post-10986","tribe_events","type-tribe_events","status-publish","hentry","tag-fonds-foncier-communautaire","tag-habitat-pour-lhumanite","tag-webinaire"],"blocksy_meta":[],"yoast_head":"<!-- This site is optimized with the Yoast SEO Premium plugin v27.4 (Yoast SEO v27.5) - https:\/\/yoast.com\/product\/yoast-seo-premium-wordpress\/ -->\n<title>Le logement inclusif et le r\u00f4le des CLT : Perspectives interr\u00e9gionales sur la politique fonci\u00e8re et l&#039;accessibilit\u00e9 \u00e0 long terme - International Center for Community Land Trusts<\/title>\n<meta name=\"robots\" content=\"index, follow, max-snippet:-1, max-image-preview:large, max-video-preview:-1\" \/>\n<link rel=\"canonical\" href=\"https:\/\/www.cltweb.org\/fr\/event\/le-logement-inclusif-et-le-role-des-clt-perspectives-interregionales-sur-la-politique-fonciere-et-laccessibilite-a-long-terme\/\" \/>\n<meta property=\"og:locale\" content=\"fr_FR\" \/>\n<meta property=\"og:type\" content=\"article\" \/>\n<meta property=\"og:title\" content=\"Le logement inclusif et le r\u00f4le des CLT : Perspectives interr\u00e9gionales sur la politique fonci\u00e8re et l&#039;accessibilit\u00e9 \u00e0 long terme\" \/>\n<meta property=\"og:description\" content=\"Description du webinaire Alors que les villes du monde entier sont confront\u00e9es \u00e0 des crises de plus en plus graves en mati\u00e8re de logement abordable, les politiques de logement inclusif [&hellip;]\" \/>\n<meta property=\"og:url\" content=\"https:\/\/www.cltweb.org\/fr\/event\/le-logement-inclusif-et-le-role-des-clt-perspectives-interregionales-sur-la-politique-fonciere-et-laccessibilite-a-long-terme\/\" \/>\n<meta property=\"og:site_name\" content=\"International Center for Community Land Trusts\" \/>\n<meta property=\"article:publisher\" content=\"https:\/\/www.facebook.com\/cltcenter\" \/>\n<meta property=\"article:modified_time\" content=\"2026-01-22T21:51:50+00:00\" \/>\n<meta property=\"og:image\" content=\"https:\/\/www.cltweb.org\/wp-content\/uploads\/2026\/01\/Graphic_EN-scaled.png\" \/>\n\t<meta property=\"og:image:width\" content=\"2560\" \/>\n\t<meta property=\"og:image:height\" content=\"1707\" \/>\n\t<meta property=\"og:image:type\" content=\"image\/png\" \/>\n<meta name=\"twitter:card\" content=\"summary_large_image\" \/>\n<meta name=\"twitter:site\" content=\"@Center4CLTs\" \/>\n<meta name=\"twitter:label1\" content=\"Dur\u00e9e de lecture estim\u00e9e\" \/>\n\t<meta name=\"twitter:data1\" content=\"6 minutes\" \/>\n<script type=\"application\/ld+json\" class=\"yoast-schema-graph\">{\"@context\":\"https:\\\/\\\/schema.org\",\"@graph\":[{\"@type\":\"WebPage\",\"@id\":\"https:\\\/\\\/www.cltweb.org\\\/fr\\\/event\\\/le-logement-inclusif-et-le-role-des-clt-perspectives-interregionales-sur-la-politique-fonciere-et-laccessibilite-a-long-terme\\\/\",\"url\":\"https:\\\/\\\/www.cltweb.org\\\/fr\\\/event\\\/le-logement-inclusif-et-le-role-des-clt-perspectives-interregionales-sur-la-politique-fonciere-et-laccessibilite-a-long-terme\\\/\",\"name\":\"Le logement inclusif et le r\u00f4le des CLT : Perspectives interr\u00e9gionales sur la politique fonci\u00e8re et l'accessibilit\u00e9 \u00e0 long terme - International Center for Community Land Trusts\",\"isPartOf\":{\"@id\":\"https:\\\/\\\/www.cltweb.org\\\/fr\\\/#website\"},\"primaryImageOfPage\":{\"@id\":\"https:\\\/\\\/www.cltweb.org\\\/fr\\\/event\\\/le-logement-inclusif-et-le-role-des-clt-perspectives-interregionales-sur-la-politique-fonciere-et-laccessibilite-a-long-terme\\\/#primaryimage\"},\"image\":{\"@id\":\"https:\\\/\\\/www.cltweb.org\\\/fr\\\/event\\\/le-logement-inclusif-et-le-role-des-clt-perspectives-interregionales-sur-la-politique-fonciere-et-laccessibilite-a-long-terme\\\/#primaryimage\"},\"thumbnailUrl\":\"https:\\\/\\\/www.cltweb.org\\\/wp-content\\\/uploads\\\/2026\\\/01\\\/Graphic_EN-1024x683.png\",\"datePublished\":\"2026-01-06T22:12:06+00:00\",\"dateModified\":\"2026-01-22T21:51:50+00:00\",\"breadcrumb\":{\"@id\":\"https:\\\/\\\/www.cltweb.org\\\/fr\\\/event\\\/le-logement-inclusif-et-le-role-des-clt-perspectives-interregionales-sur-la-politique-fonciere-et-laccessibilite-a-long-terme\\\/#breadcrumb\"},\"inLanguage\":\"fr-FR\",\"potentialAction\":[{\"@type\":\"ReadAction\",\"target\":[\"https:\\\/\\\/www.cltweb.org\\\/fr\\\/event\\\/le-logement-inclusif-et-le-role-des-clt-perspectives-interregionales-sur-la-politique-fonciere-et-laccessibilite-a-long-terme\\\/\"]}]},{\"@type\":\"ImageObject\",\"inLanguage\":\"fr-FR\",\"@id\":\"https:\\\/\\\/www.cltweb.org\\\/fr\\\/event\\\/le-logement-inclusif-et-le-role-des-clt-perspectives-interregionales-sur-la-politique-fonciere-et-laccessibilite-a-long-terme\\\/#primaryimage\",\"url\":\"https:\\\/\\\/www.cltweb.org\\\/wp-content\\\/uploads\\\/2026\\\/01\\\/Graphic_EN-1024x683.png\",\"contentUrl\":\"https:\\\/\\\/www.cltweb.org\\\/wp-content\\\/uploads\\\/2026\\\/01\\\/Graphic_EN-1024x683.png\"},{\"@type\":\"BreadcrumbList\",\"@id\":\"https:\\\/\\\/www.cltweb.org\\\/fr\\\/event\\\/le-logement-inclusif-et-le-role-des-clt-perspectives-interregionales-sur-la-politique-fonciere-et-laccessibilite-a-long-terme\\\/#breadcrumb\",\"itemListElement\":[{\"@type\":\"ListItem\",\"position\":1,\"name\":\"Home\",\"item\":\"https:\\\/\\\/www.cltweb.org\\\/fr\\\/\"},{\"@type\":\"ListItem\",\"position\":2,\"name\":\"\u00c9v\u00e8nements\",\"item\":\"https:\\\/\\\/www.cltweb.org\\\/fr\\\/events\\\/\"},{\"@type\":\"ListItem\",\"position\":3,\"name\":\"Le logement inclusif et le r\u00f4le des CLT : Perspectives interr\u00e9gionales sur la politique fonci\u00e8re et l&#8217;accessibilit\u00e9 \u00e0 long terme\"}]},{\"@type\":\"WebSite\",\"@id\":\"https:\\\/\\\/www.cltweb.org\\\/fr\\\/#website\",\"url\":\"https:\\\/\\\/www.cltweb.org\\\/fr\\\/\",\"name\":\"International Center for Community Land Trusts\",\"description\":\"\",\"publisher\":{\"@id\":\"https:\\\/\\\/www.cltweb.org\\\/fr\\\/#organization\"},\"potentialAction\":[{\"@type\":\"SearchAction\",\"target\":{\"@type\":\"EntryPoint\",\"urlTemplate\":\"https:\\\/\\\/www.cltweb.org\\\/fr\\\/?s={search_term_string}\"},\"query-input\":{\"@type\":\"PropertyValueSpecification\",\"valueRequired\":true,\"valueName\":\"search_term_string\"}}],\"inLanguage\":\"fr-FR\"},{\"@type\":\"Organization\",\"@id\":\"https:\\\/\\\/www.cltweb.org\\\/fr\\\/#organization\",\"name\":\"International Center for Community Land Trusts\",\"url\":\"https:\\\/\\\/www.cltweb.org\\\/fr\\\/\",\"logo\":{\"@type\":\"ImageObject\",\"inLanguage\":\"fr-FR\",\"@id\":\"https:\\\/\\\/www.cltweb.org\\\/fr\\\/#\\\/schema\\\/logo\\\/image\\\/\",\"url\":\"https:\\\/\\\/www.cltweb.org\\\/wp-content\\\/uploads\\\/2024\\\/11\\\/New-CLT-Center-Text-logo.png\",\"contentUrl\":\"https:\\\/\\\/www.cltweb.org\\\/wp-content\\\/uploads\\\/2024\\\/11\\\/New-CLT-Center-Text-logo.png\",\"width\":227,\"height\":80,\"caption\":\"International Center for Community Land Trusts\"},\"image\":{\"@id\":\"https:\\\/\\\/www.cltweb.org\\\/fr\\\/#\\\/schema\\\/logo\\\/image\\\/\"},\"sameAs\":[\"https:\\\/\\\/www.facebook.com\\\/cltcenter\",\"https:\\\/\\\/x.com\\\/Center4CLTs\",\"https:\\\/\\\/www.instagram.com\\\/cltcenter\\\/\",\"https:\\\/\\\/www.linkedin.com\\\/company\\\/cltcenter\",\"https:\\\/\\\/www.youtube.com\\\/@centerforcltinnovation5313\"],\"description\":\"The International Center for Community Land Trusts is a not-for-profit nongovernmental organization established in 2018 to promote and to support community land trusts and similar strategies of community-led development on community-owned land in countries throughout the world.\",\"email\":\"info@communitylandtrust.net\",\"legalName\":\"International Center for Community Land Trusts\",\"foundingDate\":\"2018-12-01\",\"taxID\":\"84-3858933\",\"numberOfEmployees\":{\"@type\":\"QuantitativeValue\",\"minValue\":\"1\",\"maxValue\":\"10\"}}]}<\/script>\n<!-- \/ Yoast SEO Premium plugin. -->","yoast_head_json":{"title":"Le logement inclusif et le r\u00f4le des CLT : Perspectives interr\u00e9gionales sur la politique fonci\u00e8re et l'accessibilit\u00e9 \u00e0 long terme - International Center for Community Land Trusts","robots":{"index":"index","follow":"follow","max-snippet":"max-snippet:-1","max-image-preview":"max-image-preview:large","max-video-preview":"max-video-preview:-1"},"canonical":"https:\/\/www.cltweb.org\/fr\/event\/le-logement-inclusif-et-le-role-des-clt-perspectives-interregionales-sur-la-politique-fonciere-et-laccessibilite-a-long-terme\/","og_locale":"fr_FR","og_type":"article","og_title":"Le logement inclusif et le r\u00f4le des CLT : Perspectives interr\u00e9gionales sur la politique fonci\u00e8re et l'accessibilit\u00e9 \u00e0 long terme","og_description":"Description du webinaire Alors que les villes du monde entier sont confront\u00e9es \u00e0 des crises de plus en plus graves en mati\u00e8re de logement abordable, les politiques de logement inclusif [&hellip;]","og_url":"https:\/\/www.cltweb.org\/fr\/event\/le-logement-inclusif-et-le-role-des-clt-perspectives-interregionales-sur-la-politique-fonciere-et-laccessibilite-a-long-terme\/","og_site_name":"International Center for Community Land Trusts","article_publisher":"https:\/\/www.facebook.com\/cltcenter","article_modified_time":"2026-01-22T21:51:50+00:00","og_image":[{"width":2560,"height":1707,"url":"https:\/\/www.cltweb.org\/wp-content\/uploads\/2026\/01\/Graphic_EN-scaled.png","type":"image\/png"}],"twitter_card":"summary_large_image","twitter_site":"@Center4CLTs","twitter_misc":{"Dur\u00e9e de lecture estim\u00e9e":"6 minutes"},"schema":{"@context":"https:\/\/schema.org","@graph":[{"@type":"WebPage","@id":"https:\/\/www.cltweb.org\/fr\/event\/le-logement-inclusif-et-le-role-des-clt-perspectives-interregionales-sur-la-politique-fonciere-et-laccessibilite-a-long-terme\/","url":"https:\/\/www.cltweb.org\/fr\/event\/le-logement-inclusif-et-le-role-des-clt-perspectives-interregionales-sur-la-politique-fonciere-et-laccessibilite-a-long-terme\/","name":"Le logement inclusif et le r\u00f4le des CLT : Perspectives interr\u00e9gionales sur la politique fonci\u00e8re et l'accessibilit\u00e9 \u00e0 long terme - International Center for Community Land Trusts","isPartOf":{"@id":"https:\/\/www.cltweb.org\/fr\/#website"},"primaryImageOfPage":{"@id":"https:\/\/www.cltweb.org\/fr\/event\/le-logement-inclusif-et-le-role-des-clt-perspectives-interregionales-sur-la-politique-fonciere-et-laccessibilite-a-long-terme\/#primaryimage"},"image":{"@id":"https:\/\/www.cltweb.org\/fr\/event\/le-logement-inclusif-et-le-role-des-clt-perspectives-interregionales-sur-la-politique-fonciere-et-laccessibilite-a-long-terme\/#primaryimage"},"thumbnailUrl":"https:\/\/www.cltweb.org\/wp-content\/uploads\/2026\/01\/Graphic_EN-1024x683.png","datePublished":"2026-01-06T22:12:06+00:00","dateModified":"2026-01-22T21:51:50+00:00","breadcrumb":{"@id":"https:\/\/www.cltweb.org\/fr\/event\/le-logement-inclusif-et-le-role-des-clt-perspectives-interregionales-sur-la-politique-fonciere-et-laccessibilite-a-long-terme\/#breadcrumb"},"inLanguage":"fr-FR","potentialAction":[{"@type":"ReadAction","target":["https:\/\/www.cltweb.org\/fr\/event\/le-logement-inclusif-et-le-role-des-clt-perspectives-interregionales-sur-la-politique-fonciere-et-laccessibilite-a-long-terme\/"]}]},{"@type":"ImageObject","inLanguage":"fr-FR","@id":"https:\/\/www.cltweb.org\/fr\/event\/le-logement-inclusif-et-le-role-des-clt-perspectives-interregionales-sur-la-politique-fonciere-et-laccessibilite-a-long-terme\/#primaryimage","url":"https:\/\/www.cltweb.org\/wp-content\/uploads\/2026\/01\/Graphic_EN-1024x683.png","contentUrl":"https:\/\/www.cltweb.org\/wp-content\/uploads\/2026\/01\/Graphic_EN-1024x683.png"},{"@type":"BreadcrumbList","@id":"https:\/\/www.cltweb.org\/fr\/event\/le-logement-inclusif-et-le-role-des-clt-perspectives-interregionales-sur-la-politique-fonciere-et-laccessibilite-a-long-terme\/#breadcrumb","itemListElement":[{"@type":"ListItem","position":1,"name":"Home","item":"https:\/\/www.cltweb.org\/fr\/"},{"@type":"ListItem","position":2,"name":"\u00c9v\u00e8nements","item":"https:\/\/www.cltweb.org\/fr\/events\/"},{"@type":"ListItem","position":3,"name":"Le logement inclusif et le r\u00f4le des CLT : Perspectives interr\u00e9gionales sur la politique fonci\u00e8re et l&#8217;accessibilit\u00e9 \u00e0 long terme"}]},{"@type":"WebSite","@id":"https:\/\/www.cltweb.org\/fr\/#website","url":"https:\/\/www.cltweb.org\/fr\/","name":"International Center for Community Land Trusts","description":"","publisher":{"@id":"https:\/\/www.cltweb.org\/fr\/#organization"},"potentialAction":[{"@type":"SearchAction","target":{"@type":"EntryPoint","urlTemplate":"https:\/\/www.cltweb.org\/fr\/?s={search_term_string}"},"query-input":{"@type":"PropertyValueSpecification","valueRequired":true,"valueName":"search_term_string"}}],"inLanguage":"fr-FR"},{"@type":"Organization","@id":"https:\/\/www.cltweb.org\/fr\/#organization","name":"International Center for Community Land Trusts","url":"https:\/\/www.cltweb.org\/fr\/","logo":{"@type":"ImageObject","inLanguage":"fr-FR","@id":"https:\/\/www.cltweb.org\/fr\/#\/schema\/logo\/image\/","url":"https:\/\/www.cltweb.org\/wp-content\/uploads\/2024\/11\/New-CLT-Center-Text-logo.png","contentUrl":"https:\/\/www.cltweb.org\/wp-content\/uploads\/2024\/11\/New-CLT-Center-Text-logo.png","width":227,"height":80,"caption":"International Center for Community Land Trusts"},"image":{"@id":"https:\/\/www.cltweb.org\/fr\/#\/schema\/logo\/image\/"},"sameAs":["https:\/\/www.facebook.com\/cltcenter","https:\/\/x.com\/Center4CLTs","https:\/\/www.instagram.com\/cltcenter\/","https:\/\/www.linkedin.com\/company\/cltcenter","https:\/\/www.youtube.com\/@centerforcltinnovation5313"],"description":"The International Center for Community Land Trusts is a not-for-profit nongovernmental organization established in 2018 to promote and to support community land trusts and similar strategies of community-led development on community-owned land in countries throughout the world.","email":"info@communitylandtrust.net","legalName":"International Center for Community Land Trusts","foundingDate":"2018-12-01","taxID":"84-3858933","numberOfEmployees":{"@type":"QuantitativeValue","minValue":"1","maxValue":"10"}}]}},"taxonomy_info":{"post_tag":[{"value":338,"label":"fonds foncier communautaire"},{"value":344,"label":"habitat pour l'humanit\u00e9"},{"value":300,"label":"webinaire"}]},"featured_image_src_large":false,"author_info":{"display_name":"Ben Harris","author_link":"https:\/\/www.cltweb.org\/fr\/author\/ben\/"},"comment_info":"","jetpack_sharing_enabled":true,"_links":{"self":[{"href":"https:\/\/www.cltweb.org\/fr\/wp-json\/wp\/v2\/tribe_events\/10986","targetHints":{"allow":["GET"]}}],"collection":[{"href":"https:\/\/www.cltweb.org\/fr\/wp-json\/wp\/v2\/tribe_events"}],"about":[{"href":"https:\/\/www.cltweb.org\/fr\/wp-json\/wp\/v2\/types\/tribe_events"}],"author":[{"embeddable":true,"href":"https:\/\/www.cltweb.org\/fr\/wp-json\/wp\/v2\/users\/2"}],"version-history":[{"count":10,"href":"https:\/\/www.cltweb.org\/fr\/wp-json\/wp\/v2\/tribe_events\/10986\/revisions"}],"predecessor-version":[{"id":11129,"href":"https:\/\/www.cltweb.org\/fr\/wp-json\/wp\/v2\/tribe_events\/10986\/revisions\/11129"}],"wp:attachment":[{"href":"https:\/\/www.cltweb.org\/fr\/wp-json\/wp\/v2\/media?parent=10986"}],"wp:term":[{"taxonomy":"post_tag","embeddable":true,"href":"https:\/\/www.cltweb.org\/fr\/wp-json\/wp\/v2\/tags?post=10986"},{"taxonomy":"tribe_events_cat","embeddable":true,"href":"https:\/\/www.cltweb.org\/fr\/wp-json\/wp\/v2\/tribe_events_cat?post=10986"}],"curies":[{"name":"wp","href":"https:\/\/api.w.org\/{rel}","templated":true}]}}