{"id":6719,"date":"2024-10-30T00:00:00","date_gmt":"2024-10-30T00:00:00","guid":{"rendered":"https:\/\/www.cltweb.org\/event\/table-ronde-sur-la-gestion-de-lavenir-le-pouvoir-et-le-leadership-des-jeunes-dans-la-pratique-des-fonds-fonciers-communautaires-2\/"},"modified":"2024-12-10T20:44:30","modified_gmt":"2024-12-10T20:44:30","slug":"table-ronde-sur-la-gestion-de-lavenir-le-pouvoir-et-le-leadership-des-jeunes-dans-la-pratique-des-fonds-fonciers-communautaires-2","status":"publish","type":"tribe_events","link":"https:\/\/www.cltweb.org\/fr\/event\/table-ronde-sur-la-gestion-de-lavenir-le-pouvoir-et-le-leadership-des-jeunes-dans-la-pratique-des-fonds-fonciers-communautaires-2\/","title":{"rendered":"Table ronde sur la gestion de l&#8217;avenir : Le pouvoir et le leadership des jeunes dans la pratique des fonds fonciers communautaires"},"content":{"rendered":"<div  class=\"tribe-events-schedule tribe-clearfix\" >\n\t<p class=\"tribe-events-schedule__datetime\">\n\t\t<span class=\"tribe-events-schedule__date tribe-events-schedule__date--start\">\n\t\t\td\u00e9cembre 4, 2024\t\t<\/span>\n\n\t\t\t\t\t<span class=\"tribe-events-schedule__separator tribe-events-schedule__separator--date\">\n\t\t\t\t @ \t\t\t<\/span>\n\t\t\t<span class=\"tribe-events-schedule__time tribe-events-schedule__time--start\">\n\t\t\t\t12h00\t\t\t<\/span>\n\t\t\n\t\t\t\t\t\t\t\t\t<span class=\"tribe-events-schedule__separator tribe-events-schedule__separator--time\">\n\t\t\t\t\t &#8211; \t\t\t\t<\/span>\n\t\t\t\n\t\t\t\t\t\t\t<span class=\"tribe-events-schedule__time tribe-events-schedule__time--end\">\n\t\t\t\t\t13h15\t\t\t\t<\/span>\n\t\t\t\n\t\t\t\t\t\t\t<span class=\"tribe-events-schedule__timezone\">EST<\/span>\n\t\t\t\t\t\t<\/p>\n<\/div>\n\n<h2 class=\"wp-block-heading\" id=\"h-webinar-resources\">Ressources pour le webinaire<\/h2>\n\n<figure class=\"wp-block-embed aligncenter is-type-video is-provider-youtube wp-block-embed-youtube wp-embed-aspect-4-3 wp-has-aspect-ratio\"><div class=\"wp-block-embed__wrapper\">\n<iframe loading=\"lazy\" title=\"Panel Discussion on Youth Power and Leadership in CLT Practice\" width=\"1290\" height=\"968\" src=\"https:\/\/www.youtube.com\/embed\/UF1qD6WZTwg?feature=oembed\" frameborder=\"0\" allow=\"accelerometer; autoplay; clipboard-write; encrypted-media; gyroscope; picture-in-picture; web-share\" referrerpolicy=\"strict-origin-when-cross-origin\" allowfullscreen><\/iframe>\n<\/div><\/figure>\n\n<h3 class=\"wp-block-heading\" id=\"h-slide-decks\">Ponts coulissants<\/h3>\n\n<ul class=\"wp-block-list\">\n<li><strong><a href=\"https:\/\/www.cltweb.org\/wp-content\/uploads\/2024\/12\/Ashley-Allen-Presentation.pdf\" target=\"_blank\" rel=\"noreferrer noopener\">Ashley Allen, PhD<\/a><\/strong>Directeur ex\u00e9cutif du CLT de Houston<\/li>\n\n\n\n<li><strong><a href=\"https:\/\/www.cltweb.org\/wp-content\/uploads\/2024\/12\/Carlos-Sanchez-Gonzales-Presentation.pdf\" target=\"_blank\" rel=\"noreferrer noopener\">Carlos Sanchez-Gonzales<\/a><\/strong>South Baltimore CLT, sp\u00e9cialiste de la sensibilisation des jeunes<\/li>\n\n\n\n<li><strong><a href=\"https:\/\/www.cltweb.org\/wp-content\/uploads\/2024\/12\/Jason-Webb-Presentation-.pdf\" target=\"_blank\" rel=\"noreferrer noopener\">Jason Webb<\/a><\/strong>R\u00e9seau des solutions enracin\u00e9es, responsable de l&#8217;assistance technique et communautaire<\/li>\n<\/ul>\n\n<h2 class=\"wp-block-heading has-large-font-size\" id=\"h-webinar-description\">Description du webinaire<\/h2>\n\n<p><b>Le 4 d\u00e9cembre 2024, nous avons organis\u00e9 une table ronde avec une br\u00e8ve s\u00e9ance de questions-r\u00e9ponses sur l&#8217;engagement et le leadership des jeunes au sein des community land trusts.<\/b> <span style=\"font-weight: 400;\">La gestion des biens de la communaut\u00e9 pour les g\u00e9n\u00e9rations actuelles et futures est au c\u0153ur de la mission du CLT. Pour r\u00e9pondre aux d\u00e9fis sociaux, \u00e9conomiques et environnementaux urgents d&#8217;aujourd&#8217;hui, en particulier ceux pos\u00e9s par le changement climatique, il faut \u00e9couter et faire entendre la voix de ceux qui seront les plus touch\u00e9s : nos jeunes. L&#8217;engagement des jeunes dans les terrains et les logements appartenant \u00e0 la communaut\u00e9 sera crucial pour construire des communaut\u00e9s durables et faire progresser la mission d&#8217;intendance des CLT.  <\/span> <span style=\"font-weight: 400;\">Ce webinaire a \u00e9t\u00e9 l&#8217;occasion d&#8217;une conversation engageante avec des praticiens du CLT et deux jeunes leaders. Ensemble, nous avons explor\u00e9 des questions telles que : <\/span><\/p>\n\n<ul class=\"wp-block-list\">\n<li><span style=\"font-weight: 400;\">Comment les CLT impliquent-ils les repr\u00e9sentants des jeunes dans la prise de d\u00e9cision ?<\/span><\/li>\n\n\n\n<li><span style=\"font-weight: 400;\">Comment les pr\u00e9occupations des jeunes membres des CLT influencent-elles la pratique des CLT ?<\/span><\/li>\n\n\n\n<li><span style=\"font-weight: 400;\">Comment pouvons-nous mieux impliquer les jeunes et mettre en \u00e9vidence leur r\u00f4le dans la construction de l&#8217;avenir des communaut\u00e9s ?<\/span><\/li>\n<\/ul>\n\n<h2 class=\"wp-block-heading has-large-font-size\" id=\"h-panelists\">Les pan\u00e9listes<\/h2>\n\n<ul class=\"wp-block-list\">\n<li><em><b>Ashley Allen<\/b><\/em><span style=\"font-weight: 400;\"><span style=\"font-weight: 400;\"> <em> est directrice ex\u00e9cutive du <a href=\"https:\/\/www.houstonclt.org\/\" target=\"_blank\" rel=\"noopener\">Houston Community Land Trust<\/a>.<\/em> Elle apporte \u00e0 cette fonction une exp\u00e9rience de leadership et de d\u00e9veloppement de programmes \u00e0 but non lucratif dans les domaines de l&#8217;\u00e9ducation, du S.T.E.M., du d\u00e9veloppement de la main-d&#8217;\u0153uvre et du logement abordable. En tant qu&#8217;organisatrice communautaire pendant plus de 10 ans, elle a aid\u00e9 \u00e0 d\u00e9velopper et \u00e0 mener des campagnes pour l&#8217;am\u00e9lioration des services aux sans-abri, la politique de logement abordable et l&#8217;\u00e9ducation \u00e0 Chicago, IL.<\/span><\/span>Ashley a \u00e9t\u00e9 consultante aupr\u00e8s de la Fondation Barack Obama, o\u00f9 elle \u00e9tait responsable de la planification et de la mise en \u0153uvre de l&#8217;initiative de la fondation visant \u00e0 former la prochaine g\u00e9n\u00e9ration d&#8217;organisateurs et de d\u00e9fenseurs de la communaut\u00e9.L&#8217;exp\u00e9rience d&#8217;Ashley en tant que jeune sans-abri est \u00e0 l&#8217;origine de sa passion pour l&#8217;am\u00e9lioration de l&#8217;accessibilit\u00e9 et de l&#8217;abordabilit\u00e9 des logements pour ceux qui en ont le plus besoin. Elle si\u00e8ge au conseil d&#8217;administration de la Coalition for the Homeless of Houston\/Harris County et est membre du Houston Alumnae Chapter of Delta Sigma Theta, Sorority, Inc. Ashley est titulaire d&#8217;une licence en sciences alimentaires de la Florida A&amp;M University, d&#8217;un M.P.A. de la Governors State University et d&#8217;un doctorat en politique culturelle et \u00e9ducative avec une sp\u00e9cialisation en sociologie de la Loyola University Chicago.  <\/li>\n\n\n\n<li><em><b>Carlos Sanchez-Gonzales<\/b><\/em><span style=\"font-weight: 400;\"> <em> est un jeune leader et un r\u00e9sident de South Baltimore qui travaille avec <a href=\"https:\/\/www.sbclt.org\/our-team\/\" target=\"_blank\" rel=\"noopener\">South Baltimore Community Land Trust<\/a>.<\/em> Dans son travail, il se concentre sur la sensibilisation et l&#8217;\u00e9ducation \u00e0 l&#8217;\u00e9chelle de la ville afin de connecter davantage de r\u00e9sidents au mouvement de cr\u00e9ation de d\u00e9veloppement communautaire. En tant qu&#8217;\u00e9tudiant \u00e0 Benjamin Franklin HS \u00e0 Curtis Bay, Carlos a commenc\u00e9 \u00e0 apprendre des leaders de la justice environnementale qui ont fond\u00e9 Free Your Voice (Lib\u00e9rez votre voix). Carlos a mis en pratique ces le\u00e7ons en aidant \u00e0 d\u00e9velopper le premier plan z\u00e9ro d\u00e9chet de Baltimore \u00e0 l&#8217;\u00e9chelle de la ville et en plaidant en faveur d&#8217;un nouveau financement pour un d\u00e9veloppement communautaire abordable et permanent. Aujourd&#8217;hui, Carlos continue de faire progresser la justice environnementale par la recherche et l&#8217;action, tout en \u00e9largissant notre port\u00e9e \u00e0 la prochaine g\u00e9n\u00e9ration de jeunes leaders.  <\/span> <\/li>\n\n\n\n<li><em><b>Jason Webb <\/b>est responsable de l&#8217;assistance technique et communautaire au <a href=\"https:\/\/groundedsolutions.org\/\" target=\"_blank\" rel=\"noopener\">Grounded Solutions Network.<\/a><\/em> Il est  <span style=\"font-weight: 400;\">a pr\u00e8s de 40 ans d&#8217;exp\u00e9rience dans l&#8217;organisation et la revitalisation des communaut\u00e9s. Il a jou\u00e9 un r\u00f4le d\u00e9terminant dans la revitalisation d&#8217;une communaut\u00e9 de Roxbury, dans le Massachusetts, appel\u00e9e &#8220;Dudley Street&#8221;, comme le montrent les documentaires prim\u00e9s Holding Ground et Gaining Ground, ainsi que le livre Streets of Hope. En tant que 9ason, il supervise la formation et l&#8217;assistance technique pour les villes, les organisations \u00e0 but non lucratif et les groupes communautaires. Il aide \u00e0 explorer, adopter et mettre en \u0153uvre des politiques et des programmes de logement durablement abordables qui favorisent l&#8217;\u00e9quit\u00e9 raciale et l&#8217;inclusion. Jason a d\u00e9velopp\u00e9 des outils essentiels qui ont aid\u00e9 des centaines de groupes \u00e0 se familiariser avec le mod\u00e8le de la fiducie fonci\u00e8re communautaire, comme le &#8220;Community Land Trust Start-up Hub&#8221;. Jason a \u00e9t\u00e9 copr\u00e9sident du comit\u00e9 du personnel pour l&#8217;\u00e9quit\u00e9 raciale et l&#8217;inclusion de 2020 \u00e0 2023.     <\/span> <span style=\"font-weight: 400;\"><span style=\"font-weight: 400;\">  Avant de rejoindre Grounded Solutions, Jason a travaill\u00e9 pendant 15 ans pour Dudley Street Neighborhood Initiative (DSNI) et Dudley Neighbors Inc. (DNI), membre du r\u00e9seau. Il a occup\u00e9 plusieurs fonctions, notamment celles de directeur de l&#8217;immobilier et de la technologie, de directeur de DNI &#8220;The Community Land Trust&#8221; et de directeur de l&#8217;administration et des finances. Jason a supervis\u00e9 le d\u00e9veloppement de plusieurs projets de community land trust et a cr\u00e9\u00e9 un programme de d\u00e9veloppement et d&#8217;emploi des jeunes appel\u00e9 CommunityScapes.  <\/span><\/span>Originaire du Massachusetts, Jason a fr\u00e9quent\u00e9 l&#8217;\u00e9cole de gestion de l&#8217;universit\u00e9 de Boston. Jason r\u00e9side actuellement \u00e0 New Bedford, dans le Massachusetts, o\u00f9 il profite avec sa famille de la ville portuaire connue pour son industrie de la p\u00eache et de la chasse \u00e0 la baleine. <\/li>\n<\/ul>\n\n<figure class=\"wp-block-image aligncenter\"><img decoding=\"async\" src=\"https:\/\/www.cltweb.org\/wp-content\/uploads\/2024\/10\/Youth-Engagement-Logos.png\" alt=\"\" class=\"wp-image-7856\"\/><\/figure>\n\n<p><\/p>\n\t<div  class=\"tribe-block tribe-block__events-link\" >\n\t\t<div class=\"tribe-events tribe-common\">\n\t\t\t<div class=\"tribe-events-c-subscribe-dropdown__container\">\n\t\t\t\t<div class=\"tribe-events-c-subscribe-dropdown\">\n\t\t\t\t\t<div class=\"tribe-common-c-btn-border tribe-events-c-subscribe-dropdown__button\">\n\t\t\t\t\t\t<svg\n\t class=\"tribe-common-c-svgicon tribe-common-c-svgicon--cal-export tribe-events-c-subscribe-dropdown__export-icon\" \taria-hidden=\"true\"\n\tviewBox=\"0 0 23 17\"\n\txmlns=\"http:\/\/www.w3.org\/2000\/svg\"\n>\n\t<path fill-rule=\"evenodd\" clip-rule=\"evenodd\" d=\"M.128.896V16.13c0 .211.145.383.323.383h15.354c.179 0 .323-.172.323-.383V.896c0-.212-.144-.383-.323-.383H.451C.273.513.128.684.128.896Zm16 6.742h-.901V4.679H1.009v10.729h14.218v-3.336h.901V7.638ZM1.01 1.614h14.218v2.058H1.009V1.614Z\" \/>\n\t<path d=\"M20.5 9.846H8.312M18.524 6.953l2.89 2.909-2.855 2.855\" stroke-width=\"1.2\" stroke-linecap=\"round\" stroke-linejoin=\"round\"\/>\n<\/svg>\n\t\t\t\t\t\t<button\n\t\t\t\t\t\t\tclass=\"tribe-events-c-subscribe-dropdown__button-text\"\n\t\t\t\t\t\t\taria-expanded=\"false\"\n\t\t\t\t\t\t\taria-controls=\"tribe-events-subscribe-dropdown-content\"\n\t\t\t\t\t\t\taria-label=\"Afficher les liens permettant d\u2019ajouter des \u00e9v\u00e8nements \u00e0 votre calendrier\"\n\t\t\t\t\t\t>\n\t\t\t\t\t\t\tAjouter au calendrier\t\t\t\t\t\t<\/button>\n\t\t\t\t\t\t<svg\n\t class=\"tribe-common-c-svgicon tribe-common-c-svgicon--caret-down tribe-events-c-subscribe-dropdown__button-icon\" \taria-hidden=\"true\"\n\tviewBox=\"0 0 10 7\"\n\txmlns=\"http:\/\/www.w3.org\/2000\/svg\"\n>\n\t<path fill-rule=\"evenodd\" clip-rule=\"evenodd\" d=\"M1.008.609L5 4.6 8.992.61l.958.958L5 6.517.05 1.566l.958-.958z\" class=\"tribe-common-c-svgicon__svg-fill\"\/>\n<\/svg>\n\t\t\t\t\t<\/div>\n\t\t\t\t\t<div id=\"tribe-events-subscribe-dropdown-content\" class=\"tribe-events-c-subscribe-dropdown__content\">\n\t\t\t\t\t\t<ul class=\"tribe-events-c-subscribe-dropdown__list\">\n\t\t\t\t\t\t\t\t\t\t\t\t\t\t\t<li class=\"tribe-events-c-subscribe-dropdown__list-item tribe-events-c-subscribe-dropdown__list-item--gcal\">\n\t\t\t\t\t\t\t\t\t<a\n\t\t\t\t\t\t\t\t\t\thref=\"https:\/\/www.google.com\/calendar\/event?action=TEMPLATE&#038;dates=20241204T120000\/20241204T131500&#038;text=Table%20ronde%20sur%20la%20gestion%20de%20l%26%238217%3Bavenir%20%3A%20Le%20pouvoir%20et%20le%20leadership%20des%20jeunes%20dans%20la%20pratique%20des%20fonds%20fonciers%20communautaires&#038;details=%3Ch2+class%3D%22wp-block-heading%22+id%3D%22h-webinar-resources%22%3ERessources+pour+le+webinaire%3C%2Fh2%3E%3Cfigure+class%3D%22wp-block-embed+aligncenter+is-type-video+is-provider-youtube+wp-block-embed-youtube+wp-embed-aspect-4-3+wp-has-aspect-ratio%22%3E%3Cdiv+class%3D%22wp-block-embed__wrapper%22%3Ehttps%3A%2F%2Fyoutu.be%2FUF1qD6WZTwg%3C%2Fdiv%3E%3C%2Ffigure%3E%3Ch3+class%3D%22wp-block-heading%22+id%3D%22h-slide-decks%22%3EPonts+coulissants%3C%2Fh3%3E%3Cul+class%3D%22wp-block-list%22%3E%3Cli%3E%3Cstrong%3E%3Ca+href%3D%22https%3A%2F%2Fwww.cltweb.org%2Fwp-content%2Fuploads%2F2024%2F12%2FAshley-Allen-Presentation.pdf%22+target%3D%22_blank%22+rel%3D%22noreferrer+noopener%22%3EAshley+Allen%2C+PhD%3C%2Fa%3E%3C%2Fstrong%3EDirecteur+ex%C3%A9cutif+du+CLT+de+Houston%3C%2Fli%3E%3Cli%3E%3Cstrong%3E%3Ca+href%3D%22https%3A%2F%2Fwww.cltweb.org%2Fwp-content%2Fuploads%2F2024%2F12%2FCarlos-Sanchez-Gonzales-Presentation.pdf%22+target%3D%22_blank%22+rel%3D%22noreferrer+noopener%22%3ECarlos+Sanchez-Gonzales%3C%2Fa%3E%3C%2Fstrong%3ESouth+Baltimore+CLT%2C+sp%C3%A9cialiste+de+la+sensibilisation+des+jeunes%3C%2Fli%3E%3Cli%3E%3Cstrong%3E%3Ca+href%3D%22https%3A%2F%2Fwww.cltweb.org%2Fwp-content%2Fuploads%2F2024%2F12%2FJason-Webb-Presentation-.p%3C%2Fstrong%3E%3C%2Fli%3E%3C%2Ful%3E%28Voir+toute+la+description+de+%C3%A9v%C3%A8nement+ici%C2%A0%3A+https%3A%2F%2Fwww.cltweb.org%2Ffr%2Fevent%2Ftable-ronde-sur-la-gestion-de-lavenir-le-pouvoir-et-le-leadership-des-jeunes-dans-la-pratique-des-fonds-fonciers-communautaires-2%2F%29&#038;trp=false&#038;ctz=America\/New_York&#038;sprop=website:https:\/\/www.cltweb.org\/fr\/\"\n\t\t\t\t\t\t\t\t\t\tclass=\"tribe-events-c-subscribe-dropdown__list-item-link\"\n\t\t\t\t\t\t\t\t\t\ttarget=\"_blank\"\n\t\t\t\t\t\t\t\t\t\trel=\"noopener noreferrer nofollow noindex\"\n\t\t\t\t\t\t\t\t\t>\n\t\t\t\t\t\t\t\t\t\tGoogle Agenda\t\t\t\t\t\t\t\t\t<\/a>\n\t\t\t\t\t\t\t\t<\/li>\n\t\t\t\t\t\t\t\t\t\t\t\t\t\t\t<li class=\"tribe-events-c-subscribe-dropdown__list-item tribe-events-c-subscribe-dropdown__list-item--ical\">\n\t\t\t\t\t\t\t\t\t<a\n\t\t\t\t\t\t\t\t\t\thref=\"\"\n\t\t\t\t\t\t\t\t\t\tclass=\"tribe-events-c-subscribe-dropdown__list-item-link\"\n\t\t\t\t\t\t\t\t\t\ttarget=\"_blank\"\n\t\t\t\t\t\t\t\t\t\trel=\"noopener noreferrer nofollow noindex\"\n\t\t\t\t\t\t\t\t\t>\n\t\t\t\t\t\t\t\t\t\tiCalendar\t\t\t\t\t\t\t\t\t<\/a>\n\t\t\t\t\t\t\t\t<\/li>\n\t\t\t\t\t\t\t\t\t\t\t\t\t\t\t<li class=\"tribe-events-c-subscribe-dropdown__list-item tribe-events-c-subscribe-dropdown__list-item--outlook-365\">\n\t\t\t\t\t\t\t\t\t<a\n\t\t\t\t\t\t\t\t\t\thref=\"\"\n\t\t\t\t\t\t\t\t\t\tclass=\"tribe-events-c-subscribe-dropdown__list-item-link\"\n\t\t\t\t\t\t\t\t\t\ttarget=\"_blank\"\n\t\t\t\t\t\t\t\t\t\trel=\"noopener noreferrer nofollow noindex\"\n\t\t\t\t\t\t\t\t\t>\n\t\t\t\t\t\t\t\t\t\tOutlook 365\t\t\t\t\t\t\t\t\t<\/a>\n\t\t\t\t\t\t\t\t<\/li>\n\t\t\t\t\t\t\t\t\t\t\t\t\t\t\t<li class=\"tribe-events-c-subscribe-dropdown__list-item tribe-events-c-subscribe-dropdown__list-item--outlook-live\">\n\t\t\t\t\t\t\t\t\t<a\n\t\t\t\t\t\t\t\t\t\thref=\"\"\n\t\t\t\t\t\t\t\t\t\tclass=\"tribe-events-c-subscribe-dropdown__list-item-link\"\n\t\t\t\t\t\t\t\t\t\ttarget=\"_blank\"\n\t\t\t\t\t\t\t\t\t\trel=\"noopener noreferrer nofollow noindex\"\n\t\t\t\t\t\t\t\t\t>\n\t\t\t\t\t\t\t\t\t\tOutlook Live\t\t\t\t\t\t\t\t\t<\/a>\n\t\t\t\t\t\t\t\t<\/li>\n\t\t\t\t\t\t\t\t\t\t\t\t\t<\/ul>\n\t\t\t\t\t<\/div>\n\t\t\t\t<\/div>\n\t\t\t<\/div>\n\t\t<\/div>\n\t<\/div>\n\n<div  class=\"tribe-events-single-section tribe-events-event-meta primary tribe-clearfix\" >\n\t\n\t\n<div class=\"tribe-events-meta-group tribe-events-meta-group-details\">\n\t<h3 class=\"tribe-events-single-section-title\">\n\t\t\t\t\tD\u00e9tails\t\t\n\t<\/h3>\n\t<ul class=\"tribe-events-meta-list\">\n\n\t\t\n\t\t\t<li class=\"tribe-events-meta-item\">\n\t\t\t\t<span class=\"tribe-events-meta-label\">Date :<\/span>\n\t\t\t\t<span class=\"tribe-events-meta-value\">\n\t\t\t\t\t<abbr class=\"tribe-events-abbr tribe-events-start-date published dtstart\" title=\"2024-12-04\"> d\u00e9cembre 4, 2024 <\/abbr>\n\t\t\t\t<\/span>\n\t\t\t<\/li>\n\n\t\t\t<li class=\"tribe-events-meta-item\">\n\t\t\t\t<span class=\"tribe-events-meta-label\">Heure\u00a0:<\/span>\n\t\t\t\t<span class=\"tribe-events-meta-value\">\n\t\t\t\t\t<div class=\"tribe-events-abbr tribe-events-start-time published dtstart\" title=\"2024-12-04\">\n\t\t\t\t\t\t12h00 &#8211; 13h15\t\t\t\t\t\t\t\t\t\t\t\t\t<span class=\"tribe-events-abbr tribe-events-time-zone published\">EST<\/span>\n\t\t\t\t\t\t\t\t\t\t\t<\/div>\n\t\t\t\t<\/span>\n\t\t\t<\/li>\n\n\t\t\n\t\t\n\t\t\n\t\t\n\t\t<li class=\"tribe-events-meta-item\"><span class=\"tribe-event-tags-label tribe-events-meta-label\">\u00c9v\u00e8nement Tags:<\/span><span class=\"tribe-event-tags tribe-events-meta-value\"><a href=\"https:\/\/www.cltweb.org\/fr\/\u00e9v\u00e9nements\/\u00e9tiquette\/debat-dexperts\/\" rel=\"tag\">d\u00e9bat d&#8217;experts<\/a>, <a href=\"https:\/\/www.cltweb.org\/fr\/\u00e9v\u00e9nements\/\u00e9tiquette\/engagement-des-jeunes\/\" rel=\"tag\">Engagement des jeunes<\/a>, <a href=\"https:\/\/www.cltweb.org\/fr\/\u00e9v\u00e9nements\/\u00e9tiquette\/intendance\/\" rel=\"tag\">intendance<\/a><\/span><\/li>\n\t\t\n\t\t\t<\/ul>\n<\/div>\n\t\n<div class=\"tribe-events-meta-group tribe-events-meta-group-organizer\">\n\t<h3 class=\"tribe-events-single-section-title\">\n\t\t\t\t\tOrganisateur\t\t\t<\/h3>\n\t<ul class=\"tribe-events-meta-list tribe-events-meta-list-organizer\">\n\t\t\t\t\t<li class=\"tribe-events-meta-item\">\n\t\t\t\t<span class=\"tribe-organizer tribe-events-meta-value\">\n\t\t\t\t\t<a href=\"https:\/\/www.cltweb.org\/fr\/organisateur\/centre-international-pour-les-fonds-fonciers-communautaires\/\" title=\"Centre international pour les fonds fonciers communautaires\" target=\"_self\" rel=\"\">Centre international pour les fonds fonciers communautaires<\/a>\t\t\t\t<\/span>\n\t\t\t<\/li>\n\t\t\t\t\t\t\t<li class=\"tribe-events-meta-item\">\n\t\t\t\t\t<span class=\"tribe-organizer-email-label tribe-events-meta-label\">\n\t\t\t\t\t\tE-mail\t\t\t\t\t<\/span>\n\t\t\t\t\t<span class=\"tribe-organizer-email tribe-events-meta-value\">\n\t\t\t\t\t\ti&#110;fo&#064;c&#111;mmunityl&#097;n&#100;t&#114;u&#115;t&#046;net\t\t\t\t\t<\/span>\n\t\t\t\t<\/li>\n\t\t\t\t\t\t\t\t<li class=\"tribe-events-meta-item\">\n\t\t\t\t\t<span class=\"tribe-organizer-url-label tribe-events-meta-label\">\n\t\t\t\t\t\tSite\t\t\t\t\t<\/span>\n\t\t\t\t\t<span class=\"tribe-organizer-url tribe-events-meta-value\">\n\t\t\t\t\t\t<a href=\"https:\/\/www.cltweb.org\" target=\"_blank\" rel=\"noopener noreferrer\">Voir le site Organisateur<\/a>\t\t\t\t\t<\/span>\n\t\t\t\t<\/li>\n\t\t\t\t\t<\/ul>\n<\/div>\n\n\t<\/div>\n<div  class=\"tribe-block tribe-block__venue tribe-clearfix\" >\n\t\n\t\t\n\t<\/div>\n","protected":false},"excerpt":{"rendered":"<p>Ressources pour le webinaire Ponts coulissants Description du webinaire Le 4 d\u00e9cembre 2024, nous avons organis\u00e9 une table ronde avec une br\u00e8ve s\u00e9ance de questions-r\u00e9ponses sur l&#8217;engagement et le leadership [&hellip;]<\/p>\n","protected":false},"author":2,"featured_media":0,"template":"","meta":{"give_campaign_id":0,"_tec_requires_first_save":false,"_kad_blocks_custom_css":"","_kad_blocks_head_custom_js":"","_kad_blocks_body_custom_js":"","_kad_blocks_footer_custom_js":"","_EventAllDay":false,"_EventTimezone":"America\/New_York","_EventStartDate":"2024-12-04 12:00:00","_EventEndDate":"2024-12-04 13:15:00","_EventStartDateUTC":"2024-12-04 17:00:00","_EventEndDateUTC":"2024-12-04 18:15:00","_EventShowMap":false,"_EventShowMapLink":false,"_EventURL":"","_EventCost":"","_EventCostDescription":"","_EventCurrencySymbol":"","_EventCurrencyCode":"","_EventCurrencyPosition":"","_EventDateTimeSeparator":"","_EventTimeRangeSeparator":"","_EventOrganizerID":[6680],"_EventVenueID":[],"_OrganizerEmail":"","_OrganizerPhone":"","_OrganizerWebsite":"","_VenueAddress":"","_VenueCity":"","_VenueCountry":"","_VenueProvince":"","_VenueState":"","_VenueZip":"","_VenuePhone":"","_VenueURL":"","_VenueStateProvince":"","_VenueLat":"","_VenueLng":"","_VenueShowMap":false,"_VenueShowMapLink":false,"_tribe_blocks_recurrence_rules":"","_tribe_blocks_recurrence_description":"","_tribe_blocks_recurrence_exclusions":"","_tribe_events_status":"","_tribe_events_status_reason":"","_tribe_events_is_hybrid":"","_tribe_events_is_virtual":"","_tribe_events_virtual_video_source":"","_tribe_events_virtual_embed_video":"","_tribe_events_virtual_linked_button_text":"","_tribe_events_virtual_linked_button":"","_tribe_events_virtual_show_embed_at":"","_tribe_events_virtual_show_embed_to":[],"_tribe_events_virtual_show_on_event":"","_tribe_events_virtual_show_on_views":"","_tribe_events_virtual_url":"","footnotes":""},"tags":[274,276,275],"tribe_events_cat":[],"class_list":["post-6719","tribe_events","type-tribe_events","status-publish","hentry","tag-debat-dexperts","tag-engagement-des-jeunes","tag-intendance"],"blocksy_meta":[],"yoast_head":"<!-- This site is optimized with the Yoast SEO Premium plugin v27.5 (Yoast SEO v27.5) - https:\/\/yoast.com\/product\/yoast-seo-premium-wordpress\/ -->\n<title>Table ronde sur la gestion de l&#039;avenir : Le pouvoir et le leadership des jeunes dans la pratique des fonds fonciers communautaires - International Center for Community Land Trusts<\/title>\n<meta name=\"robots\" content=\"index, follow, max-snippet:-1, max-image-preview:large, max-video-preview:-1\" \/>\n<link rel=\"canonical\" href=\"https:\/\/www.cltweb.org\/fr\/event\/table-ronde-sur-la-gestion-de-lavenir-le-pouvoir-et-le-leadership-des-jeunes-dans-la-pratique-des-fonds-fonciers-communautaires-2\/\" \/>\n<meta property=\"og:locale\" content=\"fr_FR\" \/>\n<meta property=\"og:type\" content=\"article\" \/>\n<meta property=\"og:title\" content=\"Table ronde sur la gestion de l&#039;avenir : Le pouvoir et le leadership des jeunes dans la pratique des fonds fonciers communautaires\" \/>\n<meta property=\"og:description\" content=\"Ressources pour le webinaire Ponts coulissants Description du webinaire Le 4 d\u00e9cembre 2024, nous avons organis\u00e9 une table ronde avec une br\u00e8ve s\u00e9ance de questions-r\u00e9ponses sur l&#8217;engagement et le leadership [&hellip;]\" \/>\n<meta property=\"og:url\" content=\"https:\/\/www.cltweb.org\/fr\/event\/table-ronde-sur-la-gestion-de-lavenir-le-pouvoir-et-le-leadership-des-jeunes-dans-la-pratique-des-fonds-fonciers-communautaires-2\/\" \/>\n<meta property=\"og:site_name\" content=\"International Center for Community Land Trusts\" \/>\n<meta property=\"article:publisher\" content=\"https:\/\/www.facebook.com\/cltcenter\" \/>\n<meta property=\"article:modified_time\" content=\"2024-12-10T20:44:30+00:00\" \/>\n<meta property=\"og:image\" content=\"https:\/\/www.cltweb.org\/wp-content\/uploads\/2024\/11\/20160229_105905-1-scaled.jpg\" \/>\n\t<meta property=\"og:image:width\" content=\"1\" \/>\n\t<meta property=\"og:image:height\" content=\"1\" \/>\n\t<meta property=\"og:image:type\" content=\"image\/jpeg\" \/>\n<meta name=\"twitter:card\" content=\"summary_large_image\" \/>\n<meta name=\"twitter:site\" content=\"@Center4CLTs\" \/>\n<meta name=\"twitter:label1\" content=\"Dur\u00e9e de lecture estim\u00e9e\" \/>\n\t<meta name=\"twitter:data1\" content=\"5 minutes\" \/>\n<script type=\"application\/ld+json\" class=\"yoast-schema-graph\">{\"@context\":\"https:\\\/\\\/schema.org\",\"@graph\":[{\"@type\":\"WebPage\",\"@id\":\"https:\\\/\\\/www.cltweb.org\\\/fr\\\/event\\\/table-ronde-sur-la-gestion-de-lavenir-le-pouvoir-et-le-leadership-des-jeunes-dans-la-pratique-des-fonds-fonciers-communautaires-2\\\/\",\"url\":\"https:\\\/\\\/www.cltweb.org\\\/fr\\\/event\\\/table-ronde-sur-la-gestion-de-lavenir-le-pouvoir-et-le-leadership-des-jeunes-dans-la-pratique-des-fonds-fonciers-communautaires-2\\\/\",\"name\":\"Table ronde sur la gestion de l'avenir : Le pouvoir et le leadership des jeunes dans la pratique des fonds fonciers communautaires - International Center for Community Land Trusts\",\"isPartOf\":{\"@id\":\"https:\\\/\\\/www.cltweb.org\\\/fr\\\/#website\"},\"primaryImageOfPage\":{\"@id\":\"https:\\\/\\\/www.cltweb.org\\\/fr\\\/event\\\/table-ronde-sur-la-gestion-de-lavenir-le-pouvoir-et-le-leadership-des-jeunes-dans-la-pratique-des-fonds-fonciers-communautaires-2\\\/#primaryimage\"},\"image\":{\"@id\":\"https:\\\/\\\/www.cltweb.org\\\/fr\\\/event\\\/table-ronde-sur-la-gestion-de-lavenir-le-pouvoir-et-le-leadership-des-jeunes-dans-la-pratique-des-fonds-fonciers-communautaires-2\\\/#primaryimage\"},\"thumbnailUrl\":\"https:\\\/\\\/www.cltweb.org\\\/wp-content\\\/uploads\\\/2024\\\/10\\\/Youth-Engagement-Logos.png\",\"datePublished\":\"2024-10-30T00:00:00+00:00\",\"dateModified\":\"2024-12-10T20:44:30+00:00\",\"breadcrumb\":{\"@id\":\"https:\\\/\\\/www.cltweb.org\\\/fr\\\/event\\\/table-ronde-sur-la-gestion-de-lavenir-le-pouvoir-et-le-leadership-des-jeunes-dans-la-pratique-des-fonds-fonciers-communautaires-2\\\/#breadcrumb\"},\"inLanguage\":\"fr-FR\",\"potentialAction\":[{\"@type\":\"ReadAction\",\"target\":[\"https:\\\/\\\/www.cltweb.org\\\/fr\\\/event\\\/table-ronde-sur-la-gestion-de-lavenir-le-pouvoir-et-le-leadership-des-jeunes-dans-la-pratique-des-fonds-fonciers-communautaires-2\\\/\"]}]},{\"@type\":\"ImageObject\",\"inLanguage\":\"fr-FR\",\"@id\":\"https:\\\/\\\/www.cltweb.org\\\/fr\\\/event\\\/table-ronde-sur-la-gestion-de-lavenir-le-pouvoir-et-le-leadership-des-jeunes-dans-la-pratique-des-fonds-fonciers-communautaires-2\\\/#primaryimage\",\"url\":\"https:\\\/\\\/www.cltweb.org\\\/wp-content\\\/uploads\\\/2024\\\/10\\\/Youth-Engagement-Logos.png\",\"contentUrl\":\"https:\\\/\\\/www.cltweb.org\\\/wp-content\\\/uploads\\\/2024\\\/10\\\/Youth-Engagement-Logos.png\"},{\"@type\":\"BreadcrumbList\",\"@id\":\"https:\\\/\\\/www.cltweb.org\\\/fr\\\/event\\\/table-ronde-sur-la-gestion-de-lavenir-le-pouvoir-et-le-leadership-des-jeunes-dans-la-pratique-des-fonds-fonciers-communautaires-2\\\/#breadcrumb\",\"itemListElement\":[{\"@type\":\"ListItem\",\"position\":1,\"name\":\"Home\",\"item\":\"https:\\\/\\\/www.cltweb.org\\\/fr\\\/\"},{\"@type\":\"ListItem\",\"position\":2,\"name\":\"\u00c9v\u00e8nements\",\"item\":\"https:\\\/\\\/www.cltweb.org\\\/fr\\\/events\\\/\"},{\"@type\":\"ListItem\",\"position\":3,\"name\":\"Table ronde sur la gestion de l&#8217;avenir : Le pouvoir et le leadership des jeunes dans la pratique des fonds fonciers communautaires\"}]},{\"@type\":\"WebSite\",\"@id\":\"https:\\\/\\\/www.cltweb.org\\\/fr\\\/#website\",\"url\":\"https:\\\/\\\/www.cltweb.org\\\/fr\\\/\",\"name\":\"International Center for Community Land Trusts\",\"description\":\"\",\"publisher\":{\"@id\":\"https:\\\/\\\/www.cltweb.org\\\/fr\\\/#organization\"},\"potentialAction\":[{\"@type\":\"SearchAction\",\"target\":{\"@type\":\"EntryPoint\",\"urlTemplate\":\"https:\\\/\\\/www.cltweb.org\\\/fr\\\/?s={search_term_string}\"},\"query-input\":{\"@type\":\"PropertyValueSpecification\",\"valueRequired\":true,\"valueName\":\"search_term_string\"}}],\"inLanguage\":\"fr-FR\"},{\"@type\":\"Organization\",\"@id\":\"https:\\\/\\\/www.cltweb.org\\\/fr\\\/#organization\",\"name\":\"International Center for Community Land Trusts\",\"url\":\"https:\\\/\\\/www.cltweb.org\\\/fr\\\/\",\"logo\":{\"@type\":\"ImageObject\",\"inLanguage\":\"fr-FR\",\"@id\":\"https:\\\/\\\/www.cltweb.org\\\/fr\\\/#\\\/schema\\\/logo\\\/image\\\/\",\"url\":\"https:\\\/\\\/www.cltweb.org\\\/wp-content\\\/uploads\\\/2024\\\/11\\\/New-CLT-Center-Text-logo.png\",\"contentUrl\":\"https:\\\/\\\/www.cltweb.org\\\/wp-content\\\/uploads\\\/2024\\\/11\\\/New-CLT-Center-Text-logo.png\",\"width\":227,\"height\":80,\"caption\":\"International Center for Community Land Trusts\"},\"image\":{\"@id\":\"https:\\\/\\\/www.cltweb.org\\\/fr\\\/#\\\/schema\\\/logo\\\/image\\\/\"},\"sameAs\":[\"https:\\\/\\\/www.facebook.com\\\/cltcenter\",\"https:\\\/\\\/x.com\\\/Center4CLTs\",\"https:\\\/\\\/www.instagram.com\\\/cltcenter\\\/\",\"https:\\\/\\\/www.linkedin.com\\\/company\\\/cltcenter\",\"https:\\\/\\\/www.youtube.com\\\/@centerforcltinnovation5313\"],\"description\":\"The International Center for Community Land Trusts is a not-for-profit nongovernmental organization established in 2018 to promote and to support community land trusts and similar strategies of community-led development on community-owned land in countries throughout the world.\",\"email\":\"info@communitylandtrust.net\",\"legalName\":\"International Center for Community Land Trusts\",\"foundingDate\":\"2018-12-01\",\"taxID\":\"84-3858933\",\"numberOfEmployees\":{\"@type\":\"QuantitativeValue\",\"minValue\":\"1\",\"maxValue\":\"10\"}}]}<\/script>\n<!-- \/ Yoast SEO Premium plugin. -->","yoast_head_json":{"title":"Table ronde sur la gestion de l'avenir : Le pouvoir et le leadership des jeunes dans la pratique des fonds fonciers communautaires - International Center for Community Land Trusts","robots":{"index":"index","follow":"follow","max-snippet":"max-snippet:-1","max-image-preview":"max-image-preview:large","max-video-preview":"max-video-preview:-1"},"canonical":"https:\/\/www.cltweb.org\/fr\/event\/table-ronde-sur-la-gestion-de-lavenir-le-pouvoir-et-le-leadership-des-jeunes-dans-la-pratique-des-fonds-fonciers-communautaires-2\/","og_locale":"fr_FR","og_type":"article","og_title":"Table ronde sur la gestion de l'avenir : Le pouvoir et le leadership des jeunes dans la pratique des fonds fonciers communautaires","og_description":"Ressources pour le webinaire Ponts coulissants Description du webinaire Le 4 d\u00e9cembre 2024, nous avons organis\u00e9 une table ronde avec une br\u00e8ve s\u00e9ance de questions-r\u00e9ponses sur l&#8217;engagement et le leadership [&hellip;]","og_url":"https:\/\/www.cltweb.org\/fr\/event\/table-ronde-sur-la-gestion-de-lavenir-le-pouvoir-et-le-leadership-des-jeunes-dans-la-pratique-des-fonds-fonciers-communautaires-2\/","og_site_name":"International Center for Community Land Trusts","article_publisher":"https:\/\/www.facebook.com\/cltcenter","article_modified_time":"2024-12-10T20:44:30+00:00","og_image":[{"url":"https:\/\/www.cltweb.org\/wp-content\/uploads\/2024\/11\/20160229_105905-1-scaled.jpg","width":1,"height":1,"type":"image\/jpeg"}],"twitter_card":"summary_large_image","twitter_site":"@Center4CLTs","twitter_misc":{"Dur\u00e9e de lecture estim\u00e9e":"5 minutes"},"schema":{"@context":"https:\/\/schema.org","@graph":[{"@type":"WebPage","@id":"https:\/\/www.cltweb.org\/fr\/event\/table-ronde-sur-la-gestion-de-lavenir-le-pouvoir-et-le-leadership-des-jeunes-dans-la-pratique-des-fonds-fonciers-communautaires-2\/","url":"https:\/\/www.cltweb.org\/fr\/event\/table-ronde-sur-la-gestion-de-lavenir-le-pouvoir-et-le-leadership-des-jeunes-dans-la-pratique-des-fonds-fonciers-communautaires-2\/","name":"Table ronde sur la gestion de l'avenir : Le pouvoir et le leadership des jeunes dans la pratique des fonds fonciers communautaires - International Center for Community Land Trusts","isPartOf":{"@id":"https:\/\/www.cltweb.org\/fr\/#website"},"primaryImageOfPage":{"@id":"https:\/\/www.cltweb.org\/fr\/event\/table-ronde-sur-la-gestion-de-lavenir-le-pouvoir-et-le-leadership-des-jeunes-dans-la-pratique-des-fonds-fonciers-communautaires-2\/#primaryimage"},"image":{"@id":"https:\/\/www.cltweb.org\/fr\/event\/table-ronde-sur-la-gestion-de-lavenir-le-pouvoir-et-le-leadership-des-jeunes-dans-la-pratique-des-fonds-fonciers-communautaires-2\/#primaryimage"},"thumbnailUrl":"https:\/\/www.cltweb.org\/wp-content\/uploads\/2024\/10\/Youth-Engagement-Logos.png","datePublished":"2024-10-30T00:00:00+00:00","dateModified":"2024-12-10T20:44:30+00:00","breadcrumb":{"@id":"https:\/\/www.cltweb.org\/fr\/event\/table-ronde-sur-la-gestion-de-lavenir-le-pouvoir-et-le-leadership-des-jeunes-dans-la-pratique-des-fonds-fonciers-communautaires-2\/#breadcrumb"},"inLanguage":"fr-FR","potentialAction":[{"@type":"ReadAction","target":["https:\/\/www.cltweb.org\/fr\/event\/table-ronde-sur-la-gestion-de-lavenir-le-pouvoir-et-le-leadership-des-jeunes-dans-la-pratique-des-fonds-fonciers-communautaires-2\/"]}]},{"@type":"ImageObject","inLanguage":"fr-FR","@id":"https:\/\/www.cltweb.org\/fr\/event\/table-ronde-sur-la-gestion-de-lavenir-le-pouvoir-et-le-leadership-des-jeunes-dans-la-pratique-des-fonds-fonciers-communautaires-2\/#primaryimage","url":"https:\/\/www.cltweb.org\/wp-content\/uploads\/2024\/10\/Youth-Engagement-Logos.png","contentUrl":"https:\/\/www.cltweb.org\/wp-content\/uploads\/2024\/10\/Youth-Engagement-Logos.png"},{"@type":"BreadcrumbList","@id":"https:\/\/www.cltweb.org\/fr\/event\/table-ronde-sur-la-gestion-de-lavenir-le-pouvoir-et-le-leadership-des-jeunes-dans-la-pratique-des-fonds-fonciers-communautaires-2\/#breadcrumb","itemListElement":[{"@type":"ListItem","position":1,"name":"Home","item":"https:\/\/www.cltweb.org\/fr\/"},{"@type":"ListItem","position":2,"name":"\u00c9v\u00e8nements","item":"https:\/\/www.cltweb.org\/fr\/events\/"},{"@type":"ListItem","position":3,"name":"Table ronde sur la gestion de l&#8217;avenir : Le pouvoir et le leadership des jeunes dans la pratique des fonds fonciers communautaires"}]},{"@type":"WebSite","@id":"https:\/\/www.cltweb.org\/fr\/#website","url":"https:\/\/www.cltweb.org\/fr\/","name":"International Center for Community Land Trusts","description":"","publisher":{"@id":"https:\/\/www.cltweb.org\/fr\/#organization"},"potentialAction":[{"@type":"SearchAction","target":{"@type":"EntryPoint","urlTemplate":"https:\/\/www.cltweb.org\/fr\/?s={search_term_string}"},"query-input":{"@type":"PropertyValueSpecification","valueRequired":true,"valueName":"search_term_string"}}],"inLanguage":"fr-FR"},{"@type":"Organization","@id":"https:\/\/www.cltweb.org\/fr\/#organization","name":"International Center for Community Land Trusts","url":"https:\/\/www.cltweb.org\/fr\/","logo":{"@type":"ImageObject","inLanguage":"fr-FR","@id":"https:\/\/www.cltweb.org\/fr\/#\/schema\/logo\/image\/","url":"https:\/\/www.cltweb.org\/wp-content\/uploads\/2024\/11\/New-CLT-Center-Text-logo.png","contentUrl":"https:\/\/www.cltweb.org\/wp-content\/uploads\/2024\/11\/New-CLT-Center-Text-logo.png","width":227,"height":80,"caption":"International Center for Community Land Trusts"},"image":{"@id":"https:\/\/www.cltweb.org\/fr\/#\/schema\/logo\/image\/"},"sameAs":["https:\/\/www.facebook.com\/cltcenter","https:\/\/x.com\/Center4CLTs","https:\/\/www.instagram.com\/cltcenter\/","https:\/\/www.linkedin.com\/company\/cltcenter","https:\/\/www.youtube.com\/@centerforcltinnovation5313"],"description":"The International Center for Community Land Trusts is a not-for-profit nongovernmental organization established in 2018 to promote and to support community land trusts and similar strategies of community-led development on community-owned land in countries throughout the world.","email":"info@communitylandtrust.net","legalName":"International Center for Community Land Trusts","foundingDate":"2018-12-01","taxID":"84-3858933","numberOfEmployees":{"@type":"QuantitativeValue","minValue":"1","maxValue":"10"}}]}},"taxonomy_info":{"post_tag":[{"value":274,"label":"d\u00e9bat d'experts"},{"value":276,"label":"Engagement des jeunes"},{"value":275,"label":"intendance"}]},"featured_image_src_large":false,"author_info":{"display_name":"Ben Harris","author_link":"https:\/\/www.cltweb.org\/fr\/author\/ben\/"},"comment_info":"","jetpack_sharing_enabled":true,"_links":{"self":[{"href":"https:\/\/www.cltweb.org\/fr\/wp-json\/wp\/v2\/tribe_events\/6719","targetHints":{"allow":["GET"]}}],"collection":[{"href":"https:\/\/www.cltweb.org\/fr\/wp-json\/wp\/v2\/tribe_events"}],"about":[{"href":"https:\/\/www.cltweb.org\/fr\/wp-json\/wp\/v2\/types\/tribe_events"}],"author":[{"embeddable":true,"href":"https:\/\/www.cltweb.org\/fr\/wp-json\/wp\/v2\/users\/2"}],"version-history":[{"count":12,"href":"https:\/\/www.cltweb.org\/fr\/wp-json\/wp\/v2\/tribe_events\/6719\/revisions"}],"predecessor-version":[{"id":7919,"href":"https:\/\/www.cltweb.org\/fr\/wp-json\/wp\/v2\/tribe_events\/6719\/revisions\/7919"}],"wp:attachment":[{"href":"https:\/\/www.cltweb.org\/fr\/wp-json\/wp\/v2\/media?parent=6719"}],"wp:term":[{"taxonomy":"post_tag","embeddable":true,"href":"https:\/\/www.cltweb.org\/fr\/wp-json\/wp\/v2\/tags?post=6719"},{"taxonomy":"tribe_events_cat","embeddable":true,"href":"https:\/\/www.cltweb.org\/fr\/wp-json\/wp\/v2\/tribe_events_cat?post=6719"}],"curies":[{"name":"wp","href":"https:\/\/api.w.org\/{rel}","templated":true}]}}