{"id":6722,"date":"2024-08-22T00:00:00","date_gmt":"2024-08-22T00:00:00","guid":{"rendered":"https:\/\/www.cltweb.org\/event\/utiliser-les-clt-pour-renover-les-logements-existants-sur-le-plan-energetique-et-les-rendre-plus-abordables-en-permanence-2\/"},"modified":"2024-12-17T22:49:23","modified_gmt":"2024-12-17T22:49:23","slug":"utiliser-les-clt-pour-renover-les-logements-existants-sur-le-plan-energetique-et-les-rendre-plus-abordables-en-permanence-2","status":"publish","type":"tribe_events","link":"https:\/\/www.cltweb.org\/fr\/event\/utiliser-les-clt-pour-renover-les-logements-existants-sur-le-plan-energetique-et-les-rendre-plus-abordables-en-permanence-2\/","title":{"rendered":"Utiliser les CLT pour r\u00e9nover les logements existants sur le plan \u00e9nerg\u00e9tique et les rendre plus abordables en permanence"},"content":{"rendered":"<div  class=\"tribe-events-schedule tribe-clearfix\" >\n\t<p class=\"tribe-events-schedule__datetime\">\n\t\t<span class=\"tribe-events-schedule__date tribe-events-schedule__date--start\">\n\t\t\tseptembre 25, 2024\t\t<\/span>\n\n\t\t\t\t\t<span class=\"tribe-events-schedule__separator tribe-events-schedule__separator--date\">\n\t\t\t\t @ \t\t\t<\/span>\n\t\t\t<span class=\"tribe-events-schedule__time tribe-events-schedule__time--start\">\n\t\t\t\t11h00\t\t\t<\/span>\n\t\t\n\t\t\t\t\t\t\t\t\t<span class=\"tribe-events-schedule__separator tribe-events-schedule__separator--time\">\n\t\t\t\t\t &#8211; \t\t\t\t<\/span>\n\t\t\t\n\t\t\t\t\t\t\t<span class=\"tribe-events-schedule__time tribe-events-schedule__time--end\">\n\t\t\t\t\t12h00\t\t\t\t<\/span>\n\t\t\t\n\t\t\t\t\t\t\t<span class=\"tribe-events-schedule__timezone\">EDT<\/span>\n\t\t\t\t\t\t<\/p>\n<\/div>\n\n<h2 class=\"wp-block-heading has-medium-font-size\" id=\"h-presentation-recordings\">Enregistrements de pr\u00e9sentations<!-- notionvc: 1b0cde71-bd0b-417c-80c0-2566a7236d6c --><\/h2>\n\n<p class=\"has-text-align-left\" style=\"font-size:clamp(14px, 0.875rem + ((1vw - 3.2px) * 0.313), 18px);\"><strong>Jeanne Mosseray, Vrije Universiteit Brussel (14 minutes &#8211; Fran\u00e7ais) :<\/strong><br\/><iframe loading=\"lazy\" title=\"Lecteur vid&#xE9;o YouTube\" src=\"https:\/\/www.youtube.com\/embed\/VIoYh-EnzcI?si=RDS8ln5UVhP9gFSt\" width=\"560\" height=\"315\" frameborder=\"0\" allowfullscreen=\"allowfullscreen\"><\/iframe><\/p>\n\n<p style=\"font-size:clamp(14px, 0.875rem + ((1vw - 3.2px) * 0.313), 18px);\"><strong>Staci Horwitz, City of Lakes Community Land Trust (13 minutes &#8211; en anglais) :<\/strong><br\/><iframe loading=\"lazy\" title=\"Lecteur vid&#xE9;o YouTube\" src=\"https:\/\/www.youtube.com\/embed\/LJTDGHOHk18?si=P9LNA6F_rq4J8EVw\" width=\"560\" height=\"315\" frameborder=\"0\" allowfullscreen=\"allowfullscreen\"><\/iframe><\/p>\n\n<p style=\"font-size:clamp(14px, 0.875rem + ((1vw - 3.2px) * 0.313), 18px);\"><strong>Virginie Scho\u00ebff, Community Land Trust Brussels (19 minutes) :<\/strong><br\/><iframe loading=\"lazy\" title=\"Lecteur vid&#xE9;o YouTube\" src=\"https:\/\/www.youtube.com\/embed\/qx1IDzwmhu4?si=XwcZG6H8svlXkEQk\" width=\"560\" height=\"315\" frameborder=\"0\" allowfullscreen=\"allowfullscreen\"><\/iframe><\/p>\n\n<h2 class=\"wp-block-heading has-medium-font-size\" id=\"h-presentation-slides\">Diapositives de pr\u00e9sentation<\/h2>\n\n<ul class=\"wp-block-list\">\n<li><a href=\"https:\/\/www.cltweb.org\/wp-content\/uploads\/2024\/11\/Jeanne-Mosseray-%E2%80%93-Upcycling-Trust-Partnership-Slides.pdf\" data-type=\"attachment\" data-id=\"7121\">Jeanne Mosseray, Vrije Universiteit Brussel<\/a><\/li>\n\n\n\n<li><a href=\"https:\/\/www.cltweb.org\/wp-content\/uploads\/2024\/11\/Staci-Horwitz-%E2%80%93-Project-Sustained-Legacy.pdf\" data-type=\"attachment\" data-id=\"7117\">Staci Horwitz, Fonds foncier communautaire de la ville des lacs<\/a><\/li>\n\n\n\n<li><a href=\"https:\/\/www.cltweb.org\/wp-content\/uploads\/2024\/11\/Virginie-Schoeff-CLT-Reno-Solidarity-Pack-Presentation.pdf\" data-type=\"attachment\" data-id=\"7113\">Virginie Scho\u00ebff, Community Land Trust Bruxelles<\/a><\/li>\n<\/ul>\n\n<h2 class=\"wp-block-heading has-medium-font-size\" id=\"h-presentation-transcripts-in-english-and-french\">Transcriptions des pr\u00e9sentations en anglais et en fran\u00e7ais<\/h2>\n\n<ul class=\"wp-block-list\">\n<li><a href=\"https:\/\/www.cltweb.org\/wp-content\/uploads\/2024\/11\/Jeanne-Mosseray-%E2%80%93-Transcript-EN_FR.pdf\" data-type=\"attachment\" data-id=\"7400\" target=\"_blank\" rel=\"noreferrer noopener\">Jeanne Mosseray, Vrije Universiteit Brussel<\/a><\/li>\n\n\n\n<li><a href=\"https:\/\/www.cltweb.org\/wp-content\/uploads\/2024\/11\/Staci-Horwitz-Transcript-EN_FR.pdf\" data-type=\"attachment\" data-id=\"7109\">Staci Horwitz, Fonds foncier communautaire de la ville des lacs<\/a><\/li>\n\n\n\n<li><a href=\"https:\/\/www.cltweb.org\/wp-content\/uploads\/2024\/11\/Virginie-Schoeff-Transcript-EN_FR.pdf\" data-type=\"attachment\" data-id=\"7105\">Virginie Scho\u00ebff, Community Land Trust Bruxelles<\/a><\/li>\n<\/ul>\n\n<h2 class=\"wp-block-heading has-medium-font-size\" id=\"h-blog-posts\">Articles de blog<\/h2>\n\n<ul class=\"wp-block-list\">\n<li><em><a href=\"https:\/\/www.cltweb.org\/fr\/2024\/09\/03\/introduction-a-lutilisation-des-clt-pour-la-renovation-energetique-et-laccessibilite-permanente-des-logements-existants\/\" data-type=\"post\" data-id=\"7242\">Introduction \u00e0 l&#8217;utilisation des CLT pour la r\u00e9novation \u00e9nerg\u00e9tique et l&#8217;accessibilit\u00e9 permanente des logements existants<\/a><\/em>par Rich Kruger Delgado, responsable de l&#8217;\u00e9ducation et de la sensibilisation, International Center for Community Land Trusts<\/li>\n\n\n\n<li><em><a href=\"https:\/\/www.cltweb.org\/fr\/2024\/09\/10\/les-clt-peuvent-ils-jouer-un-role-dans-la-politique-climatique\/\" data-type=\"post\" data-id=\"7229\">Les CLT peuvent-ils jouer un r\u00f4le dans la politique climatique ?<\/a><\/em>par Geert De Pauw, coordinateur du Community Land Trust Brussels et co-pr\u00e9sident de l&#8217;International Center for Community Land Trusts.<\/li>\n\n\n\n<li><em><a href=\"https:\/\/www.cltweb.org\/fr\/2024\/09\/16\/soutenir-le-projet-upcycling-trust-le-point-de-vue-dun-chercheur\/\" data-type=\"post\" data-id=\"7206\">Soutenir le projet Upcycling Trust : Le point de vue d&#8217;une chercheuse<\/a><\/em>par Jeanne Mosseray, Vrije Universiteit Brussel<\/li>\n<\/ul>\n\n<h2 class=\"wp-block-heading has-medium-font-size\" id=\"h-webinar-description\">Description du webinaire<\/h2>\n\n<p>Confront\u00e9es au double d\u00e9fi de produire davantage de logements abordables et de lutter contre le changement climatique, les villes du monde entier sont prises en \u00e9tau entre la n\u00e9cessit\u00e9 de produire davantage de logements tout en prot\u00e9geant les espaces ouverts existants et en d\u00e9carbonisant l&#8217;environnement b\u00e2ti. En liant la durabilit\u00e9 de l&#8217;environnement b\u00e2ti \u00e0 la cr\u00e9ation de logements abordables permanents, les CLT peuvent r\u00e9pondre simultan\u00e9ment \u00e0 la crise du logement et \u00e0 la crise climatique de mani\u00e8re \u00e0 garantir la justice et l&#8217;\u00e9quit\u00e9. <\/p>\n\n<p>Ce webinaire de 75 minutes mettra en lumi\u00e8re les approches innovantes des CLT pour fournir des solutions justes et \u00e9quitables qui r\u00e9pondent \u00e0 ces d\u00e9fis en pr\u00e9sentant deux initiatives exemplaires de CLT en Europe et aux \u00c9tats-Unis : Le Upcycling Trust, un partenariat entre cinq CLT europ\u00e9ens et les autorit\u00e9s municipales locales en France ; et le Sustained Legacy Project de City of Lakes CLT dans la ville de Minneapolis, MN. Le partenariat Upcycling Trust vise \u00e0 r\u00e9nover les logements de mani\u00e8re durable tout en permettant \u00e0 la collectivit\u00e9 de s&#8217;approprier les logements existants. Le projet Sustained Legacy de City of Lakes CLT utilise le CLT comme moyen d&#8217;aider les propri\u00e9taires \u00e2g\u00e9s \u00e0 faibles revenus confront\u00e9s \u00e0 d&#8217;importants probl\u00e8mes de r\u00e9habilitation de leur logement, tout en c\u00e9dant le terrain au CLT. Nos pr\u00e9sentateurs donneront un aper\u00e7u de leurs projets respectifs, tout en abordant les d\u00e9fis sp\u00e9cifiques auxquels ils sont confront\u00e9s et les strat\u00e9gies qu&#8217;ils emploient pour surmonter ces obstacles, fournissant ainsi des informations pr\u00e9cieuses pour les praticiens et les d\u00e9cideurs politiques. Apr\u00e8s les pr\u00e9sentations, il y aura \u00e9galement une courte s\u00e9ance de questions-r\u00e9ponses pour vous donner l&#8217;occasion de poser des questions \u00e0 nos pan\u00e9listes.    <\/p>\n\n<h2 class=\"wp-block-heading has-medium-font-size\" id=\"h-presenters\">Pr\u00e9sentateurs<\/h2>\n\n<h4 class=\"wp-block-heading\" id=\"h-jeanne-mosseray-post-doctoral-researcher-cosmopolis-centre-for-urban-research-vrije-universiteit-brussel\" style=\"font-size:clamp(14px, 0.875rem + ((1vw - 3.2px) * 0.469), 20px);\"><b>Jeanne Mosseray, <span style=\"font-weight: 400;\">chercheuse post-doctorale, <a href=\"https:\/\/cosmopolis.research.vub.be\/en\" target=\"_blank\" rel=\"noopener\">Cosmopolis Centre for Urban Research, Vrije Universiteit Brussel<\/a><\/span><\/b><\/h4>\n\n<p>Jeanne a re\u00e7u une formation d&#8217;anthropologue et a poursuivi des \u00e9tudes en urbanisme et en planification strat\u00e9gique. Aujourd&#8217;hui, en tant qu'&#8221;urbaniste-anthropologue&#8221;, elle combine la recherche urbaine socio-spatiale et le design urbain. Ses recherches portent principalement sur le logement, les quartiers d&#8217;habitat social et l&#8217;inclusion des habitants dans la ville par le biais de l&#8217;urbanisme.  <\/p>\n\n<h4 class=\"wp-block-heading\" id=\"h-staci-horwitz-operations-director-city-of-lakes-community-land-trust\" style=\"font-size:clamp(14px, 0.875rem + ((1vw - 3.2px) * 0.469), 20px);\"><b>Staci Horwitz, directrice des op\u00e9rations, <a href=\"https:\/\/www.clclt.org\/\" target=\"_blank\" rel=\"noopener\">City of Lakes Community Land Trust<\/a><\/b><\/h4>\n\n<p>Staci Horwitz est directrice des op\u00e9rations \u00e0 City of Lakes CLT, o\u00f9 elle supervise les programmes d&#8217;accession \u00e0 la propri\u00e9t\u00e9 et les projets de d\u00e9veloppement immobilier. Elle a rejoint le CLCLT en 2006 et poss\u00e8de une exp\u00e9rience diversifi\u00e9e, notamment en tant que pr\u00e9sidente d&#8217;une entreprise de logiciels, consultante en r\u00e9daction de demandes de subventions, sp\u00e9cialiste de la jeunesse et consultante en vente de produits m\u00e9dicaux. L&#8217;expertise de Staci couvre l&#8217;administration d&#8217;organisations \u00e0 but non lucratif, le d\u00e9veloppement de programmes, la gestion financi\u00e8re et l&#8217;intendance de fiducies fonci\u00e8res communautaires. Elle a \u00e9galement anim\u00e9 des ateliers pour NeighborWorks\u00ae America et Grounded Solutions Network. Staci est titulaire d&#8217;une licence en di\u00e9t\u00e9tique du College of St. Scholastica et r\u00e9side \u00e0 North Minneapolis.    <\/p>\n\n<h4 class=\"wp-block-heading\" id=\"h-virginia-schoeff-project-manager-for-sustainable-and-inclusive-renovation-community-land-trust-brussels\" style=\"font-size:clamp(14px, 0.875rem + ((1vw - 3.2px) * 0.469), 20px);\"><b>Virginia Scho\u00ebff, chef de projet pour la r\u00e9novation durable et inclusive, <a href=\"https:\/\/www.cltb.be\/\" target=\"_blank\" rel=\"noopener\">Community Land Trust Brussels<\/a><\/b><\/h4>\n\n<p>Virginie Shoeff est chef de projet pour la r\u00e9novation durable et inclusive au CLTB. Virginie est architecte de formation. De 2004 \u00e0 2011, elle a \u00e9t\u00e9 responsable de la co-cr\u00e9ation des &#8220;Ateliers Mommens&#8221;, la premi\u00e8re r\u00e9sidence sociale d&#8217;artistes \u00e0 Bruxelles. Elle s&#8217;est ensuite sp\u00e9cialis\u00e9e dans la r\u00e9novation \u00e9cologique et l&#8217;accompagnement de l&#8217;auto-r\u00e9novation. Apr\u00e8s une carri\u00e8re d&#8217;architecte ind\u00e9pendante, elle travaille depuis 2023 pour Community Land Trust Brussels, o\u00f9 elle est responsable d&#8217;une recherche-action sur l&#8217;utilisation du mod\u00e8le CLT pour aider les propri\u00e9taires \u00e0 revenus modestes dans la r\u00e9novation \u00e9nerg\u00e9tique de leur logement.    <\/p>\n\n<figure class=\"wp-block-image aligncenter size-full is-resized\"><img loading=\"lazy\" decoding=\"async\" width=\"1000\" height=\"200\" src=\"https:\/\/www.cltweb.org\/wp-content\/uploads\/2024\/11\/Upcycling-Trust-Webinar-Org-Banner.png\" alt=\"Webinaire Upcycling Trust Organisations\" class=\"wp-image-7174\" style=\"width:660px;height:auto\" srcset=\"https:\/\/www.cltweb.org\/wp-content\/uploads\/2024\/11\/Upcycling-Trust-Webinar-Org-Banner.png 1000w, https:\/\/www.cltweb.org\/wp-content\/uploads\/2024\/11\/Upcycling-Trust-Webinar-Org-Banner-300x60.png 300w, https:\/\/www.cltweb.org\/wp-content\/uploads\/2024\/11\/Upcycling-Trust-Webinar-Org-Banner-768x154.png 768w\" sizes=\"auto, (max-width: 1000px) 100vw, 1000px\" \/><\/figure>\n\t<div  class=\"tribe-block tribe-block__events-link\" >\n\t\t<div class=\"tribe-events tribe-common\">\n\t\t\t<div class=\"tribe-events-c-subscribe-dropdown__container\">\n\t\t\t\t<div class=\"tribe-events-c-subscribe-dropdown\">\n\t\t\t\t\t<div class=\"tribe-common-c-btn-border tribe-events-c-subscribe-dropdown__button\">\n\t\t\t\t\t\t<svg\n\t class=\"tribe-common-c-svgicon tribe-common-c-svgicon--cal-export tribe-events-c-subscribe-dropdown__export-icon\" \taria-hidden=\"true\"\n\tviewBox=\"0 0 23 17\"\n\txmlns=\"http:\/\/www.w3.org\/2000\/svg\"\n>\n\t<path fill-rule=\"evenodd\" clip-rule=\"evenodd\" d=\"M.128.896V16.13c0 .211.145.383.323.383h15.354c.179 0 .323-.172.323-.383V.896c0-.212-.144-.383-.323-.383H.451C.273.513.128.684.128.896Zm16 6.742h-.901V4.679H1.009v10.729h14.218v-3.336h.901V7.638ZM1.01 1.614h14.218v2.058H1.009V1.614Z\" \/>\n\t<path d=\"M20.5 9.846H8.312M18.524 6.953l2.89 2.909-2.855 2.855\" stroke-width=\"1.2\" stroke-linecap=\"round\" stroke-linejoin=\"round\"\/>\n<\/svg>\n\t\t\t\t\t\t<button\n\t\t\t\t\t\t\tclass=\"tribe-events-c-subscribe-dropdown__button-text\"\n\t\t\t\t\t\t\taria-expanded=\"false\"\n\t\t\t\t\t\t\taria-controls=\"tribe-events-subscribe-dropdown-content\"\n\t\t\t\t\t\t\taria-label=\"Afficher les liens permettant d\u2019ajouter des \u00e9v\u00e8nements \u00e0 votre calendrier\"\n\t\t\t\t\t\t>\n\t\t\t\t\t\t\tAjouter au calendrier\t\t\t\t\t\t<\/button>\n\t\t\t\t\t\t<svg\n\t class=\"tribe-common-c-svgicon tribe-common-c-svgicon--caret-down tribe-events-c-subscribe-dropdown__button-icon\" \taria-hidden=\"true\"\n\tviewBox=\"0 0 10 7\"\n\txmlns=\"http:\/\/www.w3.org\/2000\/svg\"\n>\n\t<path fill-rule=\"evenodd\" clip-rule=\"evenodd\" d=\"M1.008.609L5 4.6 8.992.61l.958.958L5 6.517.05 1.566l.958-.958z\" class=\"tribe-common-c-svgicon__svg-fill\"\/>\n<\/svg>\n\t\t\t\t\t<\/div>\n\t\t\t\t\t<div id=\"tribe-events-subscribe-dropdown-content\" class=\"tribe-events-c-subscribe-dropdown__content\">\n\t\t\t\t\t\t<ul class=\"tribe-events-c-subscribe-dropdown__list\">\n\t\t\t\t\t\t\t\t\t\t\t\t\t\t\t<li class=\"tribe-events-c-subscribe-dropdown__list-item tribe-events-c-subscribe-dropdown__list-item--gcal\">\n\t\t\t\t\t\t\t\t\t<a\n\t\t\t\t\t\t\t\t\t\thref=\"https:\/\/www.google.com\/calendar\/event?action=TEMPLATE&#038;dates=20240925T110000\/20240925T120000&#038;text=Utiliser%20les%20CLT%20pour%20r%C3%A9nover%20les%20logements%20existants%20sur%20le%20plan%20%C3%A9nerg%C3%A9tique%20et%20les%20rendre%20plus%20abordables%20en%20permanence&#038;details=%3Ch2+class%3D%22wp-block-heading+has-medium-font-size%22+id%3D%22h-presentation-recordings%22%3EEnregistrements+de+pr%C3%A9sentations%3C%2Fh2%3E%3Cp+class%3D%22has-text-align-left%22+style%3D%22font-size%3A18px%22%3E%3Cstrong%3EJeanne+Mosseray%2C+Vrije+Universiteit+Brussel+%2814+minutes+-+Fran%C3%A7ais%29+%3A%3C%2Fstrong%3E%3Cbr+%2F%3E%3Ciframe+title%3D%22Lecteur+vid%26%23xE9%3Bo+YouTube%22+src%3D%22https%3A%2F%2Fwww.youtube.com%2Fembed%2FVIoYh-EnzcI%3Fsi%3DRDS8ln5UVhP9gFSt%22+width%3D%22560%22+height%3D%22315%22+frameborder%3D%220%22+allowfullscreen%3D%22allowfullscreen%22%3E%3C%2Fiframe%3E%3C%2Fp%3E+%3Cp+style%3D%22font-size%3A18px%22%3E%3Cstrong%3EStaci+Horwitz%2C+City+of+Lakes+Community+Land+Trust+%2813+minutes+-+en+anglais%29+%3A%3C%2Fstrong%3E%3Cbr+%2F%3E%3Ciframe+title%3D%22Lecteur+vid%26%23xE9%3Bo+YouTube%22+src%3D%22https%3A%2F%2Fwww.youtube.com%2Fembed%2FLJTDGHOHk18%3Fsi%3DP9LNA6F_rq4J8EVw%22+width%3D%22560%22+height%3D%22315%22+frameborder%3D%220%22+allowfullscreen%3D%22allowfullscreen%22%3E%3C%2Fiframe%3E%3C%2Fp%3E+%3Cp+style%3D%22font-size%3A18px%22%3E%3Cstrong%3EVirginie+Scho%C3%ABff%2C+Community+Land+Trust+Brussels+%2819+minutes%29+%3A%3C%2Fstrong%3E%3Cbr+%2F%3E%3Ciframe+title%3D%22Lecteur+vid%26%23xE9%3Bo+YouTube%22+src%3D%22https%3A%2F%2Fwww.youtube.com%2Fembed%2Fqx1IDzwmhu%3C%2Fp%3E%28Voir+toute+la+description+de+%C3%A9v%C3%A8nement+ici%C2%A0%3A+https%3A%2F%2Fwww.cltweb.org%2Ffr%2Fevent%2Futiliser-les-clt-pour-renover-les-logements-existants-sur-le-plan-energetique-et-les-rendre-plus-abordables-en-permanence-2%2F%29&#038;trp=false&#038;ctz=America\/New_York&#038;sprop=website:https:\/\/www.cltweb.org\/fr\/\"\n\t\t\t\t\t\t\t\t\t\tclass=\"tribe-events-c-subscribe-dropdown__list-item-link\"\n\t\t\t\t\t\t\t\t\t\ttarget=\"_blank\"\n\t\t\t\t\t\t\t\t\t\trel=\"noopener noreferrer nofollow noindex\"\n\t\t\t\t\t\t\t\t\t>\n\t\t\t\t\t\t\t\t\t\tGoogle Agenda\t\t\t\t\t\t\t\t\t<\/a>\n\t\t\t\t\t\t\t\t<\/li>\n\t\t\t\t\t\t\t\t\t\t\t\t\t\t\t<li class=\"tribe-events-c-subscribe-dropdown__list-item tribe-events-c-subscribe-dropdown__list-item--ical\">\n\t\t\t\t\t\t\t\t\t<a\n\t\t\t\t\t\t\t\t\t\thref=\"\"\n\t\t\t\t\t\t\t\t\t\tclass=\"tribe-events-c-subscribe-dropdown__list-item-link\"\n\t\t\t\t\t\t\t\t\t\ttarget=\"_blank\"\n\t\t\t\t\t\t\t\t\t\trel=\"noopener noreferrer nofollow noindex\"\n\t\t\t\t\t\t\t\t\t>\n\t\t\t\t\t\t\t\t\t\tiCalendar\t\t\t\t\t\t\t\t\t<\/a>\n\t\t\t\t\t\t\t\t<\/li>\n\t\t\t\t\t\t\t\t\t\t\t\t\t\t\t<li class=\"tribe-events-c-subscribe-dropdown__list-item tribe-events-c-subscribe-dropdown__list-item--outlook-365\">\n\t\t\t\t\t\t\t\t\t<a\n\t\t\t\t\t\t\t\t\t\thref=\"\"\n\t\t\t\t\t\t\t\t\t\tclass=\"tribe-events-c-subscribe-dropdown__list-item-link\"\n\t\t\t\t\t\t\t\t\t\ttarget=\"_blank\"\n\t\t\t\t\t\t\t\t\t\trel=\"noopener noreferrer nofollow noindex\"\n\t\t\t\t\t\t\t\t\t>\n\t\t\t\t\t\t\t\t\t\tOutlook 365\t\t\t\t\t\t\t\t\t<\/a>\n\t\t\t\t\t\t\t\t<\/li>\n\t\t\t\t\t\t\t\t\t\t\t\t\t\t\t<li class=\"tribe-events-c-subscribe-dropdown__list-item tribe-events-c-subscribe-dropdown__list-item--outlook-live\">\n\t\t\t\t\t\t\t\t\t<a\n\t\t\t\t\t\t\t\t\t\thref=\"\"\n\t\t\t\t\t\t\t\t\t\tclass=\"tribe-events-c-subscribe-dropdown__list-item-link\"\n\t\t\t\t\t\t\t\t\t\ttarget=\"_blank\"\n\t\t\t\t\t\t\t\t\t\trel=\"noopener noreferrer nofollow noindex\"\n\t\t\t\t\t\t\t\t\t>\n\t\t\t\t\t\t\t\t\t\tOutlook Live\t\t\t\t\t\t\t\t\t<\/a>\n\t\t\t\t\t\t\t\t<\/li>\n\t\t\t\t\t\t\t\t\t\t\t\t\t<\/ul>\n\t\t\t\t\t<\/div>\n\t\t\t\t<\/div>\n\t\t\t<\/div>\n\t\t<\/div>\n\t<\/div>\n\n<div  class=\"tribe-events-single-section tribe-events-event-meta primary tribe-clearfix\" >\n\t\n\t\n<div class=\"tribe-events-meta-group tribe-events-meta-group-details\">\n\t<h3 class=\"tribe-events-single-section-title\">\n\t\t\t\t\tD\u00e9tails\t\t\n\t<\/h3>\n\t<ul class=\"tribe-events-meta-list\">\n\n\t\t\n\t\t\t<li class=\"tribe-events-meta-item\">\n\t\t\t\t<span class=\"tribe-events-meta-label\">Date :<\/span>\n\t\t\t\t<span class=\"tribe-events-meta-value\">\n\t\t\t\t\t<abbr class=\"tribe-events-abbr tribe-events-start-date published dtstart\" title=\"2024-09-25\"> septembre 25, 2024 <\/abbr>\n\t\t\t\t<\/span>\n\t\t\t<\/li>\n\n\t\t\t<li class=\"tribe-events-meta-item\">\n\t\t\t\t<span class=\"tribe-events-meta-label\">Heure\u00a0:<\/span>\n\t\t\t\t<span class=\"tribe-events-meta-value\">\n\t\t\t\t\t<div class=\"tribe-events-abbr tribe-events-start-time published dtstart\" title=\"2024-09-25\">\n\t\t\t\t\t\t11h00 &#8211; 12h00\t\t\t\t\t\t\t\t\t\t\t\t\t<span class=\"tribe-events-abbr tribe-events-time-zone published\">EDT<\/span>\n\t\t\t\t\t\t\t\t\t\t\t<\/div>\n\t\t\t\t<\/span>\n\t\t\t<\/li>\n\n\t\t\n\t\t\n\t\t\n\t\t\n\t\t<li class=\"tribe-events-meta-item\"><span class=\"tribe-event-tags-label tribe-events-meta-label\">\u00c9v\u00e8nement Tags:<\/span><span class=\"tribe-event-tags tribe-events-meta-value\"><a href=\"https:\/\/www.cltweb.org\/fr\/\u00e9v\u00e9nements\/\u00e9tiquette\/fonds-fonciers-communautaires\/\" rel=\"tag\">Fonds fonciers communautaires<\/a>, <a href=\"https:\/\/www.cltweb.org\/fr\/\u00e9v\u00e9nements\/\u00e9tiquette\/une-simple-transition\/\" rel=\"tag\">une simple transition<\/a>, <a href=\"https:\/\/www.cltweb.org\/fr\/\u00e9v\u00e9nements\/\u00e9tiquette\/upcycling-trust-fr\/\" rel=\"tag\">upcycling trust<\/a><\/span><\/li>\n\t\t\n\t\t\t<\/ul>\n<\/div>\n\t\n<div class=\"tribe-events-meta-group tribe-events-meta-group-organizer\">\n\t<h3 class=\"tribe-events-single-section-title\">\n\t\t\t\t\tOrganisateur\t\t\t<\/h3>\n\t<ul class=\"tribe-events-meta-list tribe-events-meta-list-organizer\">\n\t\t\t\t\t<li class=\"tribe-events-meta-item\">\n\t\t\t\t<span class=\"tribe-organizer tribe-events-meta-value\">\n\t\t\t\t\t<a href=\"https:\/\/www.cltweb.org\/fr\/organisateur\/centre-international-pour-les-fonds-fonciers-communautaires\/\" title=\"Centre international pour les fonds fonciers communautaires\" target=\"_self\" rel=\"\">Centre international pour les fonds fonciers communautaires<\/a>\t\t\t\t<\/span>\n\t\t\t<\/li>\n\t\t\t\t\t\t\t<li class=\"tribe-events-meta-item\">\n\t\t\t\t\t<span class=\"tribe-organizer-email-label tribe-events-meta-label\">\n\t\t\t\t\t\tE-mail\t\t\t\t\t<\/span>\n\t\t\t\t\t<span class=\"tribe-organizer-email tribe-events-meta-value\">\n\t\t\t\t\t\ti&#110;&#102;o&#064;&#099;&#111;&#109;&#109;&#117;&#110;ityland&#116;rust.ne&#116;\t\t\t\t\t<\/span>\n\t\t\t\t<\/li>\n\t\t\t\t\t\t\t\t<li class=\"tribe-events-meta-item\">\n\t\t\t\t\t<span class=\"tribe-organizer-url-label tribe-events-meta-label\">\n\t\t\t\t\t\tSite\t\t\t\t\t<\/span>\n\t\t\t\t\t<span class=\"tribe-organizer-url tribe-events-meta-value\">\n\t\t\t\t\t\t<a href=\"https:\/\/www.cltweb.org\" target=\"_blank\" rel=\"noopener noreferrer\">Voir le site Organisateur<\/a>\t\t\t\t\t<\/span>\n\t\t\t\t<\/li>\n\t\t\t\t\t<\/ul>\n<\/div>\n\n\t<\/div>\n<div  class=\"tribe-block tribe-block__venue tribe-clearfix\" >\n\t\n\t\t\n\t<\/div>\n","protected":false},"excerpt":{"rendered":"<p>Rejoignez-nous le 25 septembre 2024 pour un webinaire sur la fa\u00e7on dont les CLT peuvent \u00eatre utilis\u00e9s pour fournir une r\u00e9novation \u00e9nerg\u00e9tique et une accessibilit\u00e9 permanente aux logements existants. Vous entendrez des praticiens CLT de premier plan qui m\u00e8nent des approches innovantes pour la r\u00e9novation \u00e9nerg\u00e9tique des logements existants, avec une discussion \u00e0 suivre. L&#8217;\u00e9v\u00e9nement est gratuit et tout le monde est le bienvenu !  <\/p>\n","protected":false},"author":2,"featured_media":0,"template":"","meta":{"give_campaign_id":0,"_tec_requires_first_save":false,"_kad_blocks_custom_css":"","_kad_blocks_head_custom_js":"","_kad_blocks_body_custom_js":"","_kad_blocks_footer_custom_js":"","_EventAllDay":false,"_EventTimezone":"America\/New_York","_EventStartDate":"2024-09-25 11:00:00","_EventEndDate":"2024-09-25 12:00:00","_EventStartDateUTC":"2024-09-25 15:00:00","_EventEndDateUTC":"2024-09-25 16:00:00","_EventShowMap":false,"_EventShowMapLink":false,"_EventURL":"","_EventCost":"","_EventCostDescription":"","_EventCurrencySymbol":"","_EventCurrencyCode":"","_EventCurrencyPosition":"","_EventDateTimeSeparator":"","_EventTimeRangeSeparator":"","_EventOrganizerID":[6680],"_EventVenueID":[],"_OrganizerEmail":"","_OrganizerPhone":"","_OrganizerWebsite":"","_VenueAddress":"","_VenueCity":"","_VenueCountry":"","_VenueProvince":"","_VenueState":"","_VenueZip":"","_VenuePhone":"","_VenueURL":"","_VenueStateProvince":"","_VenueLat":"","_VenueLng":"","_VenueShowMap":false,"_VenueShowMapLink":false,"_tribe_blocks_recurrence_rules":"","_tribe_blocks_recurrence_description":"","_tribe_blocks_recurrence_exclusions":"","_tribe_events_status":"","_tribe_events_status_reason":"","_tribe_events_is_hybrid":"","_tribe_events_is_virtual":"","_tribe_events_virtual_video_source":"","_tribe_events_virtual_embed_video":"","_tribe_events_virtual_linked_button_text":"","_tribe_events_virtual_linked_button":"","_tribe_events_virtual_show_embed_at":"","_tribe_events_virtual_show_embed_to":[],"_tribe_events_virtual_show_on_event":"","_tribe_events_virtual_show_on_views":"","_tribe_events_virtual_url":"","footnotes":""},"tags":[287,281,288],"tribe_events_cat":[],"class_list":["post-6722","tribe_events","type-tribe_events","status-publish","hentry","tag-fonds-fonciers-communautaires","tag-une-simple-transition","tag-upcycling-trust-fr"],"blocksy_meta":[],"yoast_head":"<!-- This site is optimized with the Yoast SEO Premium plugin v27.5 (Yoast SEO v27.5) - https:\/\/yoast.com\/product\/yoast-seo-premium-wordpress\/ -->\n<title>Utiliser les CLT pour r\u00e9nover les logements existants sur le plan \u00e9nerg\u00e9tique et les rendre plus abordables en permanence - International Center for Community Land Trusts<\/title>\n<meta name=\"robots\" content=\"index, follow, max-snippet:-1, max-image-preview:large, max-video-preview:-1\" \/>\n<link rel=\"canonical\" href=\"https:\/\/www.cltweb.org\/fr\/event\/utiliser-les-clt-pour-renover-les-logements-existants-sur-le-plan-energetique-et-les-rendre-plus-abordables-en-permanence-2\/\" \/>\n<meta property=\"og:locale\" content=\"fr_FR\" \/>\n<meta property=\"og:type\" content=\"article\" \/>\n<meta property=\"og:title\" content=\"Utiliser les CLT pour r\u00e9nover les logements existants sur le plan \u00e9nerg\u00e9tique et les rendre plus abordables en permanence\" \/>\n<meta property=\"og:description\" content=\"Rejoignez-nous le 25 septembre 2024 pour un webinaire sur la fa\u00e7on dont les CLT peuvent \u00eatre utilis\u00e9s pour fournir une r\u00e9novation \u00e9nerg\u00e9tique et une accessibilit\u00e9 permanente aux logements existants. Vous entendrez des praticiens CLT de premier plan qui m\u00e8nent des approches innovantes pour la r\u00e9novation \u00e9nerg\u00e9tique des logements existants, avec une discussion \u00e0 suivre. L&#039;\u00e9v\u00e9nement est gratuit et tout le monde est le bienvenu !\" \/>\n<meta property=\"og:url\" content=\"https:\/\/www.cltweb.org\/fr\/event\/utiliser-les-clt-pour-renover-les-logements-existants-sur-le-plan-energetique-et-les-rendre-plus-abordables-en-permanence-2\/\" \/>\n<meta property=\"og:site_name\" content=\"International Center for Community Land Trusts\" \/>\n<meta property=\"article:publisher\" content=\"https:\/\/www.facebook.com\/cltcenter\" \/>\n<meta property=\"article:modified_time\" content=\"2024-12-17T22:49:23+00:00\" \/>\n<meta property=\"og:image\" content=\"https:\/\/www.cltweb.org\/wp-content\/uploads\/2024\/11\/Upcycling-Trust-Webinar-Org-Banner.png\" \/>\n\t<meta property=\"og:image:width\" content=\"1000\" \/>\n\t<meta property=\"og:image:height\" content=\"200\" \/>\n\t<meta property=\"og:image:type\" content=\"image\/png\" \/>\n<meta name=\"twitter:card\" content=\"summary_large_image\" \/>\n<meta name=\"twitter:site\" content=\"@Center4CLTs\" \/>\n<meta name=\"twitter:label1\" content=\"Dur\u00e9e de lecture estim\u00e9e\" \/>\n\t<meta name=\"twitter:data1\" content=\"4 minutes\" \/>\n<script type=\"application\/ld+json\" class=\"yoast-schema-graph\">{\"@context\":\"https:\\\/\\\/schema.org\",\"@graph\":[{\"@type\":\"WebPage\",\"@id\":\"https:\\\/\\\/www.cltweb.org\\\/fr\\\/event\\\/utiliser-les-clt-pour-renover-les-logements-existants-sur-le-plan-energetique-et-les-rendre-plus-abordables-en-permanence-2\\\/\",\"url\":\"https:\\\/\\\/www.cltweb.org\\\/fr\\\/event\\\/utiliser-les-clt-pour-renover-les-logements-existants-sur-le-plan-energetique-et-les-rendre-plus-abordables-en-permanence-2\\\/\",\"name\":\"Utiliser les CLT pour r\u00e9nover les logements existants sur le plan \u00e9nerg\u00e9tique et les rendre plus abordables en permanence - International Center for Community Land Trusts\",\"isPartOf\":{\"@id\":\"https:\\\/\\\/www.cltweb.org\\\/fr\\\/#website\"},\"primaryImageOfPage\":{\"@id\":\"https:\\\/\\\/www.cltweb.org\\\/fr\\\/event\\\/utiliser-les-clt-pour-renover-les-logements-existants-sur-le-plan-energetique-et-les-rendre-plus-abordables-en-permanence-2\\\/#primaryimage\"},\"image\":{\"@id\":\"https:\\\/\\\/www.cltweb.org\\\/fr\\\/event\\\/utiliser-les-clt-pour-renover-les-logements-existants-sur-le-plan-energetique-et-les-rendre-plus-abordables-en-permanence-2\\\/#primaryimage\"},\"thumbnailUrl\":\"https:\\\/\\\/www.cltweb.org\\\/wp-content\\\/uploads\\\/2024\\\/11\\\/Upcycling-Trust-Webinar-Org-Banner.png\",\"datePublished\":\"2024-08-22T00:00:00+00:00\",\"dateModified\":\"2024-12-17T22:49:23+00:00\",\"breadcrumb\":{\"@id\":\"https:\\\/\\\/www.cltweb.org\\\/fr\\\/event\\\/utiliser-les-clt-pour-renover-les-logements-existants-sur-le-plan-energetique-et-les-rendre-plus-abordables-en-permanence-2\\\/#breadcrumb\"},\"inLanguage\":\"fr-FR\",\"potentialAction\":[{\"@type\":\"ReadAction\",\"target\":[\"https:\\\/\\\/www.cltweb.org\\\/fr\\\/event\\\/utiliser-les-clt-pour-renover-les-logements-existants-sur-le-plan-energetique-et-les-rendre-plus-abordables-en-permanence-2\\\/\"]}]},{\"@type\":\"ImageObject\",\"inLanguage\":\"fr-FR\",\"@id\":\"https:\\\/\\\/www.cltweb.org\\\/fr\\\/event\\\/utiliser-les-clt-pour-renover-les-logements-existants-sur-le-plan-energetique-et-les-rendre-plus-abordables-en-permanence-2\\\/#primaryimage\",\"url\":\"https:\\\/\\\/www.cltweb.org\\\/wp-content\\\/uploads\\\/2024\\\/11\\\/Upcycling-Trust-Webinar-Org-Banner.png\",\"contentUrl\":\"https:\\\/\\\/www.cltweb.org\\\/wp-content\\\/uploads\\\/2024\\\/11\\\/Upcycling-Trust-Webinar-Org-Banner.png\"},{\"@type\":\"BreadcrumbList\",\"@id\":\"https:\\\/\\\/www.cltweb.org\\\/fr\\\/event\\\/utiliser-les-clt-pour-renover-les-logements-existants-sur-le-plan-energetique-et-les-rendre-plus-abordables-en-permanence-2\\\/#breadcrumb\",\"itemListElement\":[{\"@type\":\"ListItem\",\"position\":1,\"name\":\"Home\",\"item\":\"https:\\\/\\\/www.cltweb.org\\\/fr\\\/\"},{\"@type\":\"ListItem\",\"position\":2,\"name\":\"\u00c9v\u00e8nements\",\"item\":\"https:\\\/\\\/www.cltweb.org\\\/fr\\\/events\\\/\"},{\"@type\":\"ListItem\",\"position\":3,\"name\":\"Utiliser les CLT pour r\u00e9nover les logements existants sur le plan \u00e9nerg\u00e9tique et les rendre plus abordables en permanence\"}]},{\"@type\":\"WebSite\",\"@id\":\"https:\\\/\\\/www.cltweb.org\\\/fr\\\/#website\",\"url\":\"https:\\\/\\\/www.cltweb.org\\\/fr\\\/\",\"name\":\"International Center for Community Land Trusts\",\"description\":\"\",\"publisher\":{\"@id\":\"https:\\\/\\\/www.cltweb.org\\\/fr\\\/#organization\"},\"potentialAction\":[{\"@type\":\"SearchAction\",\"target\":{\"@type\":\"EntryPoint\",\"urlTemplate\":\"https:\\\/\\\/www.cltweb.org\\\/fr\\\/?s={search_term_string}\"},\"query-input\":{\"@type\":\"PropertyValueSpecification\",\"valueRequired\":true,\"valueName\":\"search_term_string\"}}],\"inLanguage\":\"fr-FR\"},{\"@type\":\"Organization\",\"@id\":\"https:\\\/\\\/www.cltweb.org\\\/fr\\\/#organization\",\"name\":\"International Center for Community Land Trusts\",\"url\":\"https:\\\/\\\/www.cltweb.org\\\/fr\\\/\",\"logo\":{\"@type\":\"ImageObject\",\"inLanguage\":\"fr-FR\",\"@id\":\"https:\\\/\\\/www.cltweb.org\\\/fr\\\/#\\\/schema\\\/logo\\\/image\\\/\",\"url\":\"https:\\\/\\\/www.cltweb.org\\\/wp-content\\\/uploads\\\/2024\\\/11\\\/New-CLT-Center-Text-logo.png\",\"contentUrl\":\"https:\\\/\\\/www.cltweb.org\\\/wp-content\\\/uploads\\\/2024\\\/11\\\/New-CLT-Center-Text-logo.png\",\"width\":227,\"height\":80,\"caption\":\"International Center for Community Land Trusts\"},\"image\":{\"@id\":\"https:\\\/\\\/www.cltweb.org\\\/fr\\\/#\\\/schema\\\/logo\\\/image\\\/\"},\"sameAs\":[\"https:\\\/\\\/www.facebook.com\\\/cltcenter\",\"https:\\\/\\\/x.com\\\/Center4CLTs\",\"https:\\\/\\\/www.instagram.com\\\/cltcenter\\\/\",\"https:\\\/\\\/www.linkedin.com\\\/company\\\/cltcenter\",\"https:\\\/\\\/www.youtube.com\\\/@centerforcltinnovation5313\"],\"description\":\"The International Center for Community Land Trusts is a not-for-profit nongovernmental organization established in 2018 to promote and to support community land trusts and similar strategies of community-led development on community-owned land in countries throughout the world.\",\"email\":\"info@communitylandtrust.net\",\"legalName\":\"International Center for Community Land Trusts\",\"foundingDate\":\"2018-12-01\",\"taxID\":\"84-3858933\",\"numberOfEmployees\":{\"@type\":\"QuantitativeValue\",\"minValue\":\"1\",\"maxValue\":\"10\"}}]}<\/script>\n<!-- \/ Yoast SEO Premium plugin. -->","yoast_head_json":{"title":"Utiliser les CLT pour r\u00e9nover les logements existants sur le plan \u00e9nerg\u00e9tique et les rendre plus abordables en permanence - International Center for Community Land Trusts","robots":{"index":"index","follow":"follow","max-snippet":"max-snippet:-1","max-image-preview":"max-image-preview:large","max-video-preview":"max-video-preview:-1"},"canonical":"https:\/\/www.cltweb.org\/fr\/event\/utiliser-les-clt-pour-renover-les-logements-existants-sur-le-plan-energetique-et-les-rendre-plus-abordables-en-permanence-2\/","og_locale":"fr_FR","og_type":"article","og_title":"Utiliser les CLT pour r\u00e9nover les logements existants sur le plan \u00e9nerg\u00e9tique et les rendre plus abordables en permanence","og_description":"Rejoignez-nous le 25 septembre 2024 pour un webinaire sur la fa\u00e7on dont les CLT peuvent \u00eatre utilis\u00e9s pour fournir une r\u00e9novation \u00e9nerg\u00e9tique et une accessibilit\u00e9 permanente aux logements existants. Vous entendrez des praticiens CLT de premier plan qui m\u00e8nent des approches innovantes pour la r\u00e9novation \u00e9nerg\u00e9tique des logements existants, avec une discussion \u00e0 suivre. L'\u00e9v\u00e9nement est gratuit et tout le monde est le bienvenu !","og_url":"https:\/\/www.cltweb.org\/fr\/event\/utiliser-les-clt-pour-renover-les-logements-existants-sur-le-plan-energetique-et-les-rendre-plus-abordables-en-permanence-2\/","og_site_name":"International Center for Community Land Trusts","article_publisher":"https:\/\/www.facebook.com\/cltcenter","article_modified_time":"2024-12-17T22:49:23+00:00","og_image":[{"width":1000,"height":200,"url":"https:\/\/www.cltweb.org\/wp-content\/uploads\/2024\/11\/Upcycling-Trust-Webinar-Org-Banner.png","type":"image\/png"}],"twitter_card":"summary_large_image","twitter_site":"@Center4CLTs","twitter_misc":{"Dur\u00e9e de lecture estim\u00e9e":"4 minutes"},"schema":{"@context":"https:\/\/schema.org","@graph":[{"@type":"WebPage","@id":"https:\/\/www.cltweb.org\/fr\/event\/utiliser-les-clt-pour-renover-les-logements-existants-sur-le-plan-energetique-et-les-rendre-plus-abordables-en-permanence-2\/","url":"https:\/\/www.cltweb.org\/fr\/event\/utiliser-les-clt-pour-renover-les-logements-existants-sur-le-plan-energetique-et-les-rendre-plus-abordables-en-permanence-2\/","name":"Utiliser les CLT pour r\u00e9nover les logements existants sur le plan \u00e9nerg\u00e9tique et les rendre plus abordables en permanence - International Center for Community Land Trusts","isPartOf":{"@id":"https:\/\/www.cltweb.org\/fr\/#website"},"primaryImageOfPage":{"@id":"https:\/\/www.cltweb.org\/fr\/event\/utiliser-les-clt-pour-renover-les-logements-existants-sur-le-plan-energetique-et-les-rendre-plus-abordables-en-permanence-2\/#primaryimage"},"image":{"@id":"https:\/\/www.cltweb.org\/fr\/event\/utiliser-les-clt-pour-renover-les-logements-existants-sur-le-plan-energetique-et-les-rendre-plus-abordables-en-permanence-2\/#primaryimage"},"thumbnailUrl":"https:\/\/www.cltweb.org\/wp-content\/uploads\/2024\/11\/Upcycling-Trust-Webinar-Org-Banner.png","datePublished":"2024-08-22T00:00:00+00:00","dateModified":"2024-12-17T22:49:23+00:00","breadcrumb":{"@id":"https:\/\/www.cltweb.org\/fr\/event\/utiliser-les-clt-pour-renover-les-logements-existants-sur-le-plan-energetique-et-les-rendre-plus-abordables-en-permanence-2\/#breadcrumb"},"inLanguage":"fr-FR","potentialAction":[{"@type":"ReadAction","target":["https:\/\/www.cltweb.org\/fr\/event\/utiliser-les-clt-pour-renover-les-logements-existants-sur-le-plan-energetique-et-les-rendre-plus-abordables-en-permanence-2\/"]}]},{"@type":"ImageObject","inLanguage":"fr-FR","@id":"https:\/\/www.cltweb.org\/fr\/event\/utiliser-les-clt-pour-renover-les-logements-existants-sur-le-plan-energetique-et-les-rendre-plus-abordables-en-permanence-2\/#primaryimage","url":"https:\/\/www.cltweb.org\/wp-content\/uploads\/2024\/11\/Upcycling-Trust-Webinar-Org-Banner.png","contentUrl":"https:\/\/www.cltweb.org\/wp-content\/uploads\/2024\/11\/Upcycling-Trust-Webinar-Org-Banner.png"},{"@type":"BreadcrumbList","@id":"https:\/\/www.cltweb.org\/fr\/event\/utiliser-les-clt-pour-renover-les-logements-existants-sur-le-plan-energetique-et-les-rendre-plus-abordables-en-permanence-2\/#breadcrumb","itemListElement":[{"@type":"ListItem","position":1,"name":"Home","item":"https:\/\/www.cltweb.org\/fr\/"},{"@type":"ListItem","position":2,"name":"\u00c9v\u00e8nements","item":"https:\/\/www.cltweb.org\/fr\/events\/"},{"@type":"ListItem","position":3,"name":"Utiliser les CLT pour r\u00e9nover les logements existants sur le plan \u00e9nerg\u00e9tique et les rendre plus abordables en permanence"}]},{"@type":"WebSite","@id":"https:\/\/www.cltweb.org\/fr\/#website","url":"https:\/\/www.cltweb.org\/fr\/","name":"International Center for Community Land Trusts","description":"","publisher":{"@id":"https:\/\/www.cltweb.org\/fr\/#organization"},"potentialAction":[{"@type":"SearchAction","target":{"@type":"EntryPoint","urlTemplate":"https:\/\/www.cltweb.org\/fr\/?s={search_term_string}"},"query-input":{"@type":"PropertyValueSpecification","valueRequired":true,"valueName":"search_term_string"}}],"inLanguage":"fr-FR"},{"@type":"Organization","@id":"https:\/\/www.cltweb.org\/fr\/#organization","name":"International Center for Community Land Trusts","url":"https:\/\/www.cltweb.org\/fr\/","logo":{"@type":"ImageObject","inLanguage":"fr-FR","@id":"https:\/\/www.cltweb.org\/fr\/#\/schema\/logo\/image\/","url":"https:\/\/www.cltweb.org\/wp-content\/uploads\/2024\/11\/New-CLT-Center-Text-logo.png","contentUrl":"https:\/\/www.cltweb.org\/wp-content\/uploads\/2024\/11\/New-CLT-Center-Text-logo.png","width":227,"height":80,"caption":"International Center for Community Land Trusts"},"image":{"@id":"https:\/\/www.cltweb.org\/fr\/#\/schema\/logo\/image\/"},"sameAs":["https:\/\/www.facebook.com\/cltcenter","https:\/\/x.com\/Center4CLTs","https:\/\/www.instagram.com\/cltcenter\/","https:\/\/www.linkedin.com\/company\/cltcenter","https:\/\/www.youtube.com\/@centerforcltinnovation5313"],"description":"The International Center for Community Land Trusts is a not-for-profit nongovernmental organization established in 2018 to promote and to support community land trusts and similar strategies of community-led development on community-owned land in countries throughout the world.","email":"info@communitylandtrust.net","legalName":"International Center for Community Land Trusts","foundingDate":"2018-12-01","taxID":"84-3858933","numberOfEmployees":{"@type":"QuantitativeValue","minValue":"1","maxValue":"10"}}]}},"taxonomy_info":{"post_tag":[{"value":287,"label":"Fonds fonciers communautaires"},{"value":281,"label":"une simple transition"},{"value":288,"label":"upcycling trust"}]},"featured_image_src_large":false,"author_info":{"display_name":"Ben Harris","author_link":"https:\/\/www.cltweb.org\/fr\/author\/ben\/"},"comment_info":"","jetpack_sharing_enabled":true,"_links":{"self":[{"href":"https:\/\/www.cltweb.org\/fr\/wp-json\/wp\/v2\/tribe_events\/6722","targetHints":{"allow":["GET"]}}],"collection":[{"href":"https:\/\/www.cltweb.org\/fr\/wp-json\/wp\/v2\/tribe_events"}],"about":[{"href":"https:\/\/www.cltweb.org\/fr\/wp-json\/wp\/v2\/types\/tribe_events"}],"author":[{"embeddable":true,"href":"https:\/\/www.cltweb.org\/fr\/wp-json\/wp\/v2\/users\/2"}],"version-history":[{"count":16,"href":"https:\/\/www.cltweb.org\/fr\/wp-json\/wp\/v2\/tribe_events\/6722\/revisions"}],"predecessor-version":[{"id":7992,"href":"https:\/\/www.cltweb.org\/fr\/wp-json\/wp\/v2\/tribe_events\/6722\/revisions\/7992"}],"wp:attachment":[{"href":"https:\/\/www.cltweb.org\/fr\/wp-json\/wp\/v2\/media?parent=6722"}],"wp:term":[{"taxonomy":"post_tag","embeddable":true,"href":"https:\/\/www.cltweb.org\/fr\/wp-json\/wp\/v2\/tags?post=6722"},{"taxonomy":"tribe_events_cat","embeddable":true,"href":"https:\/\/www.cltweb.org\/fr\/wp-json\/wp\/v2\/tribe_events_cat?post=6722"}],"curies":[{"name":"wp","href":"https:\/\/api.w.org\/{rel}","templated":true}]}}