{"id":9556,"date":"2025-11-04T15:15:07","date_gmt":"2025-11-04T15:15:07","guid":{"rendered":"https:\/\/www.cltweb.org\/event\/partenariats-habitat-pour-lhumanite-clt-pour-une-accessibilite-durable\/"},"modified":"2025-12-11T20:37:51","modified_gmt":"2025-12-11T20:37:51","slug":"partenariats-habitat-pour-lhumanite-clt-pour-une-accessibilite-durable","status":"publish","type":"tribe_events","link":"https:\/\/www.cltweb.org\/fr\/event\/partenariats-habitat-pour-lhumanite-clt-pour-une-accessibilite-durable\/","title":{"rendered":"Augmenter l&#8217;offre de logements gr\u00e2ce aux partenariats Habitat pour l&#8217;humanit\u00e9-CLT"},"content":{"rendered":"<div  class=\"tribe-events-schedule tribe-clearfix\" >\n\t<p class=\"tribe-events-schedule__datetime\">\n\t\t<span class=\"tribe-events-schedule__date tribe-events-schedule__date--start\">\n\t\t\td\u00e9cembre 10, 2025\t\t<\/span>\n\n\t\t\t\t\t<span class=\"tribe-events-schedule__separator tribe-events-schedule__separator--date\">\n\t\t\t\t @ \t\t\t<\/span>\n\t\t\t<span class=\"tribe-events-schedule__time tribe-events-schedule__time--start\">\n\t\t\t\t15h00\t\t\t<\/span>\n\t\t\n\t\t\t\t\t\t\t\t\t<span class=\"tribe-events-schedule__separator tribe-events-schedule__separator--time\">\n\t\t\t\t\t &#8211; \t\t\t\t<\/span>\n\t\t\t\n\t\t\t\t\t\t\t<span class=\"tribe-events-schedule__time tribe-events-schedule__time--end\">\n\t\t\t\t\t16h30\t\t\t\t<\/span>\n\t\t\t\n\t\t\t\t\t\t\t<span class=\"tribe-events-schedule__timezone\">UTC+0<\/span>\n\t\t\t\t\t\t<\/p>\n<\/div>\n\n<h2 class=\"wp-block-heading\" id=\"h-recording\">Enregistrement<\/h2>\n\n<figure class=\"wp-block-embed is-type-video is-provider-youtube wp-block-embed-youtube wp-embed-aspect-16-9 wp-has-aspect-ratio\"><div class=\"wp-block-embed__wrapper\">\n<iframe loading=\"lazy\" title=\"Scaling Housing Supply through Habitat for Humanity-CLT Partnerships\" width=\"1290\" height=\"726\" src=\"https:\/\/www.youtube.com\/embed\/pt6YLhfNeQg?feature=oembed\" frameborder=\"0\" allow=\"accelerometer; autoplay; clipboard-write; encrypted-media; gyroscope; picture-in-picture; web-share\" referrerpolicy=\"strict-origin-when-cross-origin\" allowfullscreen><\/iframe>\n<\/div><\/figure>\n\n<h2 class=\"wp-block-heading\" id=\"h-resources\">Ressources<\/h2>\n\n<ul class=\"wp-block-list\">\n<li><a href=\"https:\/\/www.cltweb.org\/wp-content\/uploads\/2025\/12\/CLT-Webinar-PPT.pdf\" target=\"_blank\" rel=\"noreferrer noopener\">Pr\u00e9sentation sous forme de diaporama<\/a><\/li>\n\n\n\n<li><a href=\"https:\/\/www.cltweb.org\/wp-content\/uploads\/2025\/12\/Scaling-Housing-Supply-through-Habitat-for-Humanity-CLT-Partnerships.pdf\" target=\"_blank\" rel=\"noreferrer noopener\">Transcription compl\u00e8te<\/a><\/li>\n<\/ul>\n\n<h2 class=\"wp-block-heading\" id=\"h-webinar-description\">Description du webinaire<\/h2>\n\n<p>Le deuxi\u00e8me webinaire de la s\u00e9rie &#8220;Lasting Affordability&#8221; organis\u00e9 par Habitat for Humanity International explorera les strat\u00e9gies permettant d&#8217;\u00e9tablir des partenariats solides et durables avec les Community Land Trusts (CLT) afin de faire progresser l&#8217;accessibilit\u00e9 durable et la pr\u00e9servation des logements.  <\/p>\n\n<p>S&#8217;appuyant sur les le\u00e7ons tir\u00e9es des collaborations de Twin Cities Habitat for Humanity avec Homes Within Reach, d&#8217;autres partenaires CLT, et le travail plus large de construction de coalition avec la Minnesota Statewide CLT Coalition, ce webinaire examine les d\u00e9fis cl\u00e9s : tels que la participation bas\u00e9e sur le financement, les limitations de rachat, l&#8217;\u00e9volution de la formule de revente, et met en \u00e9vidence les approches r\u00e9ussies pour l&#8217;expansion des CLT au niveau de l&#8217;\u00c9tat. Des intervenants de la Minnesota CLT Coalition, de Homes Within Reach et de Twin Cities Habitat for Humanity ont partag\u00e9 leurs points de vue sur les partenariats avec les CLT et les filiales d&#8217;Habitat, sur l&#8217;influence des politiques et sur leur travail de cr\u00e9ation de coalitions.   <\/p>\n\n<p>Con\u00e7u pour les affili\u00e9s d&#8217;Habitat, les partenaires CLT, les coalitions nationales, les d\u00e9fenseurs du logement et les d\u00e9cideurs politiques, les participants repartiront avec une meilleure compr\u00e9hension de la mani\u00e8re d&#8217;engager les CLT, de naviguer dans les \u00e9cosyst\u00e8mes de financement et de favoriser les partenariats fond\u00e9s sur la confiance, la flexibilit\u00e9 et l&#8217;impact communautaire \u00e0 long terme.<\/p>\n\n<h2 class=\"wp-block-heading\" id=\"h-speakers-and-panelists\">Orateurs et pan\u00e9listes<\/h2>\n\n<figure class=\"wp-block-image alignright size-full is-resized\"><img decoding=\"async\" src=\"https:\/\/www.cltweb.org\/wp-content\/uploads\/2025\/06\/Screenshot-2025-06-13-at-11.34.34&#x202F;AM.png\" alt=\"\" class=\"wp-image-9587\" style=\"width:145px;height:auto\"\/><\/figure>\n\n<p><strong>Assan Sosseh<\/strong>, responsable du programme &#8220;Lasting Affordability&#8221;, <a href=\"https:\/\/www.habitat.org\/\">Habitat for Humanity International<\/a><\/p>\n\n<p>ASSAN SOSSEH est un professionnel chevronn\u00e9 du logement abordable qui occupe actuellement le poste de responsable du programme &#8220;Lasting Affordability&#8221; chez Habitat for Humanity International (HFHI). \u00c0 ce titre, il dirige des initiatives visant \u00e0 accro\u00eetre l&#8217;adoption de mod\u00e8les d&#8217;accession durable \u00e0 la propri\u00e9t\u00e9 au sein du r\u00e9seau Habitat. Ces mod\u00e8les comprennent des strat\u00e9gies telles que les fiducies fonci\u00e8res communautaires, les baux fonciers et les restrictions de propri\u00e9t\u00e9 \u00e0 long terme, toutes con\u00e7ues pour garantir que les logements restent abordables pour les g\u00e9n\u00e9rations futures.  <\/p>\n\n<figure class=\"wp-block-image alignright size-full is-resized\"><img loading=\"lazy\" decoding=\"async\" width=\"2560\" height=\"1709\" src=\"https:\/\/www.cltweb.org\/wp-content\/uploads\/2025\/06\/Ben-Post-1-1-scaled.jpg\" alt=\"\" class=\"wp-image-10517\" style=\"aspect-ratio:1;object-fit:cover;width:142px;height:auto\" srcset=\"https:\/\/www.cltweb.org\/wp-content\/uploads\/2025\/06\/Ben-Post-1-1-scaled.jpg 2560w, https:\/\/www.cltweb.org\/wp-content\/uploads\/2025\/06\/Ben-Post-1-1-300x200.jpg 300w, https:\/\/www.cltweb.org\/wp-content\/uploads\/2025\/06\/Ben-Post-1-1-1024x684.jpg 1024w\" sizes=\"auto, (max-width: 2560px) 100vw, 2560px\" \/><\/figure>\n\n<p><strong>Ben Post, <\/strong>vice-pr\u00e9sident, strat\u00e9gie et impact, <a href=\"https:\/\/www.tchabitat.org\/\" target=\"_blank\" rel=\"noreferrer noopener\">Twin Cities Habitat for Humanity<\/a><\/p>\n\n<p>BEN POST a rejoint Twin Cities Habitat en 2018. Ben dirige l&#8217;\u00e9quipe Strat\u00e9gie qui est responsable de la gestion du plan strat\u00e9gique de l&#8217;organisation. L&#8217;\u00e9quipe de Ben met \u00e9galement en \u0153uvre de nouvelles initiatives strat\u00e9giques con\u00e7ues pour am\u00e9liorer et accro\u00eetre l&#8217;impact de Twin Cities Habitat. Ben est titulaire d&#8217;une licence de l&#8217;universit\u00e9 de Bethel et travaille dans le domaine du logement abordable depuis plus de 20 ans. Son exp\u00e9rience porte sur la location de logements collectifs, l&#8217;accession \u00e0 la propri\u00e9t\u00e9, les mod\u00e8les d&#8217;accessibilit\u00e9 durable et d&#8217;\u00e9quit\u00e9 partag\u00e9e, la mise en \u0153uvre de programmes et la gestion.    <\/p>\n\n<figure class=\"wp-block-image alignright size-full is-resized\"><img loading=\"lazy\" decoding=\"async\" width=\"264\" height=\"264\" src=\"https:\/\/www.cltweb.org\/wp-content\/uploads\/2025\/11\/Screenshot-2025-11-13-at-8.48.06-AM.png\" alt=\"\" class=\"wp-image-10645\" style=\"width:141px\" srcset=\"https:\/\/www.cltweb.org\/wp-content\/uploads\/2025\/11\/Screenshot-2025-11-13-at-8.48.06-AM.png 264w, https:\/\/www.cltweb.org\/wp-content\/uploads\/2025\/11\/Screenshot-2025-11-13-at-8.48.06-AM-150x150.png 150w\" sizes=\"auto, (max-width: 264px) 100vw, 264px\" \/><\/figure>\n\n<p><strong>Brenda Lano-Wolke,<\/strong> directrice ex\u00e9cutive, <a href=\"https:\/\/homeswithinreach.org\/wp\/\" target=\"_blank\" rel=\"noreferrer noopener\">Homes Within Reach<\/a><\/p>\n\n<p>BRENDA LANO-WOLKE est la directrice ex\u00e9cutive de Homes Within Reach.<\/p>\n\n<figure class=\"wp-block-image alignright size-full is-resized\"><img decoding=\"async\" src=\"https:\/\/www.cltweb.org\/wp-content\/uploads\/2025\/06\/JW-Mug-2019.jpg\" alt=\"\" class=\"wp-image-10518\" style=\"aspect-ratio:1;object-fit:cover;width:141px;height:auto\"\/><\/figure>\n\n<p><strong>Jeff Washbourne,<\/strong> administrateur, <a href=\"https:\/\/habitatportlandregion.org\/\" target=\"_blank\" rel=\"noreferrer noopener\">Minnesota Community Land Trust Coalition<\/a><\/p>\n\n<p>JEFF WASHBOURNE est partenaire de Burlington Associates et travaille ou a travaill\u00e9 avec plus de 50 community land trusts au niveau national. Il a quitt\u00e9 le City of Lakes Community Land Trust (CLCLT) en 2023 apr\u00e8s en avoir \u00e9t\u00e9 le directeur depuis sa cr\u00e9ation en novembre 2002. Pendant plus de 20 ans, l&#8217;organisation a pu aider plus de 490 propri\u00e9taires \u00e0 faibles revenus \u00e0 acc\u00e9der \u00e0 la propri\u00e9t\u00e9 dans le cadre du Community Land Trust, avec plus de 375 maisons en fiducie. Pendant son mandat, la CLCLT s&#8217;est d\u00e9velopp\u00e9e pour devenir la plus grande Community Land Trust de MN et la<sup>troisi\u00e8me<\/sup> plus grande au niveau national, en utilisant la Community Land Trust de mani\u00e8re cr\u00e9ative et innovante. Au fil du temps, la CLCLT a cr\u00e9\u00e9 et essaim\u00e9 une fiducie fonci\u00e8re commerciale, une fiducie fonci\u00e8re agricole et travaille actuellement avec des organisations partenaires pour \u00e9tablir la premi\u00e8re fiducie fonci\u00e8re communautaire afro-am\u00e9ricaine dans les villes jumelles.      <\/p>\n\n<p>Avant de rejoindre le CLCLT, il a travaill\u00e9 pour Twin Cities Neighborhood Housing Services de 1997 \u00e0 2000 et de 2001 \u00e0 2002, en tant que directeur ex\u00e9cutif ces deux derni\u00e8res ann\u00e9es. Avant son exp\u00e9rience dans le domaine du logement \u00e0 but non lucratif, Jeff a travaill\u00e9 comme superviseur de la construction\/formateur pour une entreprise de construction r\u00e9sidentielle en Cor\u00e9e du Sud, comme directeur de programme pour le YMCA au Nouveau-Mexique et comme volontaire du Corps de la Paix au Honduras. Il est titulaire d&#8217;une ma\u00eetrise en administration publique de l&#8217;universit\u00e9 Hamline et d&#8217;une licence en psychologie de l&#8217;universit\u00e9 DePauw. Il a obtenu des certificats de la Harvard Kennedy School\/NeighborWorks America Achieving Excellence et du Bank of America Neighborhood Builder Leadership Programs. Au cours des 25 derni\u00e8res ann\u00e9es \u00e0 Minneapolis, il a si\u00e9g\u00e9 \u00e0 des dizaines de conseils d&#8217;administration d&#8217;organisations \u00e0 but non lucratif. Il vit \u00e0 Minneapolis depuis 1997.     <\/p>\n\n<p>Pour le travail dans le Minnesota o\u00f9 Jeff a des relations pr\u00e9existantes, il utilise sa propre soci\u00e9t\u00e9 de conseil, Everlong Consulting. \u00c0 ce titre, il est l&#8217;administrateur contractuel de la MN CLT Coalition, qui soutient les 14 community land trusts du Minnesota en mati\u00e8re de plaidoyer, de politique, d&#8217;assistance technique, de collecte de fonds et de cr\u00e9ation de coalitions. <\/p>\n\n<p><strong>John Emmeus Davis,<\/strong> membre du conseil d&#8217;administration, r\u00e9dacteur en chef, Centre international pour les CLT ; Terra Nostra Press<\/p>\n\n<figure class=\"wp-block-image alignright size-full is-resized\"><img loading=\"lazy\" decoding=\"async\" width=\"206\" height=\"178\" src=\"https:\/\/www.cltweb.org\/wp-content\/uploads\/2025\/06\/John-Emmeus-Davis.png\" alt=\"\" class=\"wp-image-9567\" style=\"width:141px\"\/><\/figure>\n\n<p>JOHN EMMEUS DAVIS est un urbaniste qui a pass\u00e9 la majeure partie de ses 40 ans de carri\u00e8re \u00e0 fournir une assistance technique aux CLT et \u00e0 documenter leur histoire et leurs performances. Il est coauteur de la publication de 2008 du Lincoln Institute intitul\u00e9e <em>The City-CLT Partnership (Le partenariat ville-CLT)<\/em>. Il a pr\u00e9c\u00e9demment occup\u00e9 le poste de directeur du logement \u00e0 Burlington, dans le Vermont, et a \u00e9t\u00e9 doyen de la National CLT Academy. Il est partenaire de Burlington Associates in Community Development LLC, une coop\u00e9rative nationale de conseil. Il est membre du conseil d&#8217;administration fondateur du Centre international pour les CLT et r\u00e9dacteur en chef de la publication du centre, Terra Nostra Press.    <br\/><\/p>\n<div  class=\"tribe-block tribe-block__organizer__details tribe-clearfix\" >\n\t<div class=\"tribe-block__organizer__title\">\n\t\t<h3><a href=\"https:\/\/www.cltweb.org\/organisateur\/international-center-for-community-land-trusts\/\" title=\"International Center for Community Land Trusts\" target=\"_self\" rel=\"\">International Center for Community Land Trusts<\/a><\/h3>\n\t<\/div>\n\t\t\t\t<p class=\"tribe-block__organizer__website\"><a href=\"https:\/\/www.cltweb.org\" target=\"_blank\" rel=\"noopener noreferrer\">Voir le site Organisateur<\/a><\/p>\n\t\t\t\t<p class=\"tribe-block__organizer__email\">&#105;n&#102;&#111;&#064;&#099;&#111;&#109;mu&#110;&#105;tyl&#097;&#110;dt&#114;&#117;&#115;t.n&#101;&#116;<\/p>\n\t<\/div>\n<div  class=\"tribe-block tribe-block__venue tribe-clearfix\" >\n\t\n\t\t\n\t<\/div>\n\t<div  class=\"tribe-block tribe-block__events-link\" >\n\t\t<div class=\"tribe-events tribe-common\">\n\t\t\t<div class=\"tribe-events-c-subscribe-dropdown__container\">\n\t\t\t\t<div class=\"tribe-events-c-subscribe-dropdown\">\n\t\t\t\t\t<div class=\"tribe-common-c-btn-border tribe-events-c-subscribe-dropdown__button\">\n\t\t\t\t\t\t<svg\n\t class=\"tribe-common-c-svgicon tribe-common-c-svgicon--cal-export tribe-events-c-subscribe-dropdown__export-icon\" \taria-hidden=\"true\"\n\tviewBox=\"0 0 23 17\"\n\txmlns=\"http:\/\/www.w3.org\/2000\/svg\"\n>\n\t<path fill-rule=\"evenodd\" clip-rule=\"evenodd\" d=\"M.128.896V16.13c0 .211.145.383.323.383h15.354c.179 0 .323-.172.323-.383V.896c0-.212-.144-.383-.323-.383H.451C.273.513.128.684.128.896Zm16 6.742h-.901V4.679H1.009v10.729h14.218v-3.336h.901V7.638ZM1.01 1.614h14.218v2.058H1.009V1.614Z\" \/>\n\t<path d=\"M20.5 9.846H8.312M18.524 6.953l2.89 2.909-2.855 2.855\" stroke-width=\"1.2\" stroke-linecap=\"round\" stroke-linejoin=\"round\"\/>\n<\/svg>\n\t\t\t\t\t\t<button\n\t\t\t\t\t\t\tclass=\"tribe-events-c-subscribe-dropdown__button-text\"\n\t\t\t\t\t\t\taria-expanded=\"false\"\n\t\t\t\t\t\t\taria-controls=\"tribe-events-subscribe-dropdown-content\"\n\t\t\t\t\t\t\taria-label=\"Afficher les liens permettant d\u2019ajouter des \u00e9v\u00e8nements \u00e0 votre calendrier\"\n\t\t\t\t\t\t>\n\t\t\t\t\t\t\tAjouter au calendrier\t\t\t\t\t\t<\/button>\n\t\t\t\t\t\t<svg\n\t class=\"tribe-common-c-svgicon tribe-common-c-svgicon--caret-down tribe-events-c-subscribe-dropdown__button-icon\" \taria-hidden=\"true\"\n\tviewBox=\"0 0 10 7\"\n\txmlns=\"http:\/\/www.w3.org\/2000\/svg\"\n>\n\t<path fill-rule=\"evenodd\" clip-rule=\"evenodd\" d=\"M1.008.609L5 4.6 8.992.61l.958.958L5 6.517.05 1.566l.958-.958z\" class=\"tribe-common-c-svgicon__svg-fill\"\/>\n<\/svg>\n\t\t\t\t\t<\/div>\n\t\t\t\t\t<div id=\"tribe-events-subscribe-dropdown-content\" class=\"tribe-events-c-subscribe-dropdown__content\">\n\t\t\t\t\t\t<ul class=\"tribe-events-c-subscribe-dropdown__list\">\n\t\t\t\t\t\t\t\t\t\t\t\t\t\t\t<li class=\"tribe-events-c-subscribe-dropdown__list-item tribe-events-c-subscribe-dropdown__list-item--gcal\">\n\t\t\t\t\t\t\t\t\t<a\n\t\t\t\t\t\t\t\t\t\thref=\"https:\/\/www.google.com\/calendar\/event?action=TEMPLATE&#038;dates=20251210T150000\/20251210T163000&#038;text=Augmenter%20l%26%238217%3Boffre%20de%20logements%20gr%C3%A2ce%20aux%20partenariats%20Habitat%20pour%20l%26%238217%3Bhumanit%C3%A9-CLT&#038;details=%3Ch2+class%3D%22wp-block-heading%22+id%3D%22h-recording%22%3EEnregistrement%3C%2Fh2%3E%3Cfigure+class%3D%22wp-block-embed+is-type-video+is-provider-youtube+wp-block-embed-youtube+wp-embed-aspect-16-9+wp-has-aspect-ratio%22%3E%3Cdiv+class%3D%22wp-block-embed__wrapper%22%3Ehttps%3A%2F%2Fyoutu.be%2Fpt6YLhfNeQg%3C%2Fdiv%3E%3C%2Ffigure%3E%3Ch2+class%3D%22wp-block-heading%22+id%3D%22h-resources%22%3ERessources%3C%2Fh2%3E%3Cul+class%3D%22wp-block-list%22%3E%3Cli%3E%3Ca+href%3D%22https%3A%2F%2Fwww.cltweb.org%2Fwp-content%2Fuploads%2F2025%2F12%2FCLT-Webinar-PPT.pdf%22+target%3D%22_blank%22+rel%3D%22noreferrer+noopener%22%3EPr%C3%A9sentation+sous+forme+de+diaporama%3C%2Fa%3E%3C%2Fli%3E%3Cli%3E%3Ca+href%3D%22https%3A%2F%2Fwww.cltweb.org%2Fwp-content%2Fuploads%2F2025%2F12%2FScaling-Housing-Supply-through-Habitat-for-Humanity-CLT-Partnerships.pdf%22+target%3D%22_blank%22+rel%3D%22noreferrer+noopener%22%3ETranscription+compl%C3%A8te%3C%2Fa%3E%3C%2Fli%3E%3C%2Ful%3E%3Ch2+class%3D%22wp-block-heading%22+id%3D%22h-webinar-description%22%3EDescription+du+webinaire%3C%2Fh2%3E%3Cp%3ELe+deuxi%C3%A8me+webinaire+de+la+s%C3%A9rie+%22Lasting+Affordability%22+organis%C3%A9+par+Habitat+for+Humanity+International+explorera+les+strat%C3%A9gies+perme%3C%2Fp%3E%28Voir+toute+la+description+de+%C3%A9v%C3%A8nement+ici%C2%A0%3A+https%3A%2F%2Fwww.cltweb.org%2Ffr%2Fevent%2Fpartenariats-habitat-pour-lhumanite-clt-pour-une-accessibilite-durable%2F%29&#038;trp=false&#038;ctz=UTC+0&#038;sprop=website:https:\/\/www.cltweb.org\/fr\/\"\n\t\t\t\t\t\t\t\t\t\tclass=\"tribe-events-c-subscribe-dropdown__list-item-link\"\n\t\t\t\t\t\t\t\t\t\ttarget=\"_blank\"\n\t\t\t\t\t\t\t\t\t\trel=\"noopener noreferrer nofollow noindex\"\n\t\t\t\t\t\t\t\t\t>\n\t\t\t\t\t\t\t\t\t\tGoogle Agenda\t\t\t\t\t\t\t\t\t<\/a>\n\t\t\t\t\t\t\t\t<\/li>\n\t\t\t\t\t\t\t\t\t\t\t\t\t\t\t<li class=\"tribe-events-c-subscribe-dropdown__list-item tribe-events-c-subscribe-dropdown__list-item--ical\">\n\t\t\t\t\t\t\t\t\t<a\n\t\t\t\t\t\t\t\t\t\thref=\"\"\n\t\t\t\t\t\t\t\t\t\tclass=\"tribe-events-c-subscribe-dropdown__list-item-link\"\n\t\t\t\t\t\t\t\t\t\ttarget=\"_blank\"\n\t\t\t\t\t\t\t\t\t\trel=\"noopener noreferrer nofollow noindex\"\n\t\t\t\t\t\t\t\t\t>\n\t\t\t\t\t\t\t\t\t\tiCalendar\t\t\t\t\t\t\t\t\t<\/a>\n\t\t\t\t\t\t\t\t<\/li>\n\t\t\t\t\t\t\t\t\t\t\t\t\t\t\t<li class=\"tribe-events-c-subscribe-dropdown__list-item tribe-events-c-subscribe-dropdown__list-item--outlook-365\">\n\t\t\t\t\t\t\t\t\t<a\n\t\t\t\t\t\t\t\t\t\thref=\"\"\n\t\t\t\t\t\t\t\t\t\tclass=\"tribe-events-c-subscribe-dropdown__list-item-link\"\n\t\t\t\t\t\t\t\t\t\ttarget=\"_blank\"\n\t\t\t\t\t\t\t\t\t\trel=\"noopener noreferrer nofollow noindex\"\n\t\t\t\t\t\t\t\t\t>\n\t\t\t\t\t\t\t\t\t\tOutlook 365\t\t\t\t\t\t\t\t\t<\/a>\n\t\t\t\t\t\t\t\t<\/li>\n\t\t\t\t\t\t\t\t\t\t\t\t\t\t\t<li class=\"tribe-events-c-subscribe-dropdown__list-item tribe-events-c-subscribe-dropdown__list-item--outlook-live\">\n\t\t\t\t\t\t\t\t\t<a\n\t\t\t\t\t\t\t\t\t\thref=\"\"\n\t\t\t\t\t\t\t\t\t\tclass=\"tribe-events-c-subscribe-dropdown__list-item-link\"\n\t\t\t\t\t\t\t\t\t\ttarget=\"_blank\"\n\t\t\t\t\t\t\t\t\t\trel=\"noopener noreferrer nofollow noindex\"\n\t\t\t\t\t\t\t\t\t>\n\t\t\t\t\t\t\t\t\t\tOutlook Live\t\t\t\t\t\t\t\t\t<\/a>\n\t\t\t\t\t\t\t\t<\/li>\n\t\t\t\t\t\t\t\t\t\t\t\t\t<\/ul>\n\t\t\t\t\t<\/div>\n\t\t\t\t<\/div>\n\t\t\t<\/div>\n\t\t<\/div>\n\t<\/div>\n\n<h2 class=\"tribe-block__related-events__title\">\u00c9v\u00e9nements li\u00e9s<\/h2>\n\n<ul  class=\"tribe-related-events tribe-clearfix\" >\n\t\t\t<li>\n\t\n<div class=\"tribe-related-events-thumbnail\">\n\t<a href=\"https:\/\/www.cltweb.org\/fr\/event\/enracine-dans-la-justice-centrer-les-communautes-mal-desservies-dans-la-pratique-clt\/\" class=\"url\" rel=\"bookmark\" tabindex=\"-1\" aria-hidden=\"true\"><img loading=\"lazy\" decoding=\"async\" width=\"1024\" height=\"1024\" src=\"https:\/\/www.cltweb.org\/wp-content\/uploads\/2026\/03\/Rondo-Event-Square-1-1024x1024.png\" class=\"attachment-large size-large wp-post-image\" alt=\"\" \/><\/a>\n<\/div>\n\t<div class=\"tribe-related-event-info\">\n\t<h3 class=\"tribe-related-events-title\">\n\t\t<a href=\"https:\/\/www.cltweb.org\/fr\/event\/enracine-dans-la-justice-centrer-les-communautes-mal-desservies-dans-la-pratique-clt\/\" class=\"tribe-event-url\" rel=\"bookmark\">\n\t\t\tEnracin\u00e9 dans la justice : Centrer les communaut\u00e9s mal desservies dans la pratique CLT\t\t<\/a>\n\t<\/h3>\n\t<span class=\"tribe-event-date-start\">mai 5 @ 10h00<\/span> &#8211; <span class=\"tribe-event-time\">11h30<\/span> <span class='timezone'> UTC-4 <\/span><\/div>\n<\/li>\n\t\t\t<li>\n\t\n<div class=\"tribe-related-events-thumbnail\">\n\t<a href=\"https:\/\/www.cltweb.org\/fr\/event\/termos-territoriais-coletivos-no-brasil-connaissances-difficultes-et-perspectives\/\" class=\"url\" rel=\"bookmark\" tabindex=\"-1\" aria-hidden=\"true\"><img loading=\"lazy\" decoding=\"async\" width=\"1024\" height=\"1024\" src=\"https:\/\/www.cltweb.org\/wp-content\/uploads\/2026\/03\/5-May_Brazil-1024x1024.png\" class=\"attachment-large size-large wp-post-image\" alt=\"\" \/><\/a>\n<\/div>\n\t<div class=\"tribe-related-event-info\">\n\t<h3 class=\"tribe-related-events-title\">\n\t\t<a href=\"https:\/\/www.cltweb.org\/fr\/event\/termos-territoriais-coletivos-no-brasil-connaissances-difficultes-et-perspectives\/\" class=\"tribe-event-url\" rel=\"bookmark\">\n\t\t\tTermos Territoriais Coletivos no Brasil : Connaissances, difficult\u00e9s et perspectives\t\t<\/a>\n\t<\/h3>\n\t<span class=\"tribe-event-date-start\">mai 5 @ 13h00<\/span> &#8211; <span class=\"tribe-event-time\">14h30<\/span> <span class='timezone'> UTC-4 <\/span><\/div>\n<\/li>\n\t\t\t<li>\n\t\n<div class=\"tribe-related-events-thumbnail\">\n\t<a href=\"https:\/\/www.cltweb.org\/fr\/event\/ce-que-nous-apprenons-dans-le-sud-global-une-conversation-sur-les-clt-a-travers-les-contextes\/\" class=\"url\" rel=\"bookmark\" tabindex=\"-1\" aria-hidden=\"true\"><img loading=\"lazy\" decoding=\"async\" width=\"1024\" height=\"1024\" src=\"https:\/\/www.cltweb.org\/wp-content\/uploads\/2026\/03\/CLT-Center-Event-Square-1024x1024.png\" class=\"attachment-large size-large wp-post-image\" alt=\"\" \/><\/a>\n<\/div>\n\t<div class=\"tribe-related-event-info\">\n\t<h3 class=\"tribe-related-events-title\">\n\t\t<a href=\"https:\/\/www.cltweb.org\/fr\/event\/ce-que-nous-apprenons-dans-le-sud-global-une-conversation-sur-les-clt-a-travers-les-contextes\/\" class=\"tribe-event-url\" rel=\"bookmark\">\n\t\t\tCe que nous apprenons dans le Sud global : Une conversation sur les CLT \u00e0 travers les contextes\t\t<\/a>\n\t<\/h3>\n\t<span class=\"tribe-event-date-start\">mai 12 @ 13h00<\/span> &#8211; <span class=\"tribe-event-time\">13h30<\/span> <span class='timezone'> UTC-3 <\/span><\/div>\n<\/li>\n\t<\/ul>\n","protected":false},"excerpt":{"rendered":"<p>Enregistrement Ressources Description du webinaire Le deuxi\u00e8me webinaire de la s\u00e9rie &#8220;Lasting Affordability&#8221; organis\u00e9 par Habitat for Humanity International explorera les strat\u00e9gies permettant d&#8217;\u00e9tablir des partenariats solides et durables avec [&hellip;]<\/p>\n","protected":false},"author":2,"featured_media":10638,"template":"","meta":{"give_campaign_id":0,"_tec_requires_first_save":false,"_kad_blocks_custom_css":"","_kad_blocks_head_custom_js":"","_kad_blocks_body_custom_js":"","_kad_blocks_footer_custom_js":"","_EventAllDay":false,"_EventTimezone":"UTC+0","_EventStartDate":"2025-12-10 15:00:00","_EventEndDate":"2025-12-10 16:30:00","_EventStartDateUTC":"2025-12-10 15:00:00","_EventEndDateUTC":"2025-12-10 16:30:00","_EventShowMap":false,"_EventShowMapLink":false,"_EventURL":"https:\/\/us06web.zoom.us\/webinar\/register\/WN_Dw8Ono2cSXC08TCyMWqauA","_EventCost":"","_EventCostDescription":"","_EventCurrencySymbol":"","_EventCurrencyCode":"","_EventCurrencyPosition":"","_EventDateTimeSeparator":"","_EventTimeRangeSeparator":"","_EventOrganizerID":[],"_EventVenueID":[],"_OrganizerEmail":"","_OrganizerPhone":"","_OrganizerWebsite":"","_VenueAddress":"","_VenueCity":"","_VenueCountry":"","_VenueProvince":"","_VenueState":"","_VenueZip":"","_VenuePhone":"","_VenueURL":"","_VenueStateProvince":"","_VenueLat":"","_VenueLng":"","_VenueShowMap":false,"_VenueShowMapLink":false,"_tribe_blocks_recurrence_rules":"","_tribe_blocks_recurrence_description":"","_tribe_blocks_recurrence_exclusions":"","_tribe_events_status":"","_tribe_events_status_reason":"","_tribe_events_is_hybrid":"","_tribe_events_is_virtual":"","_tribe_events_virtual_video_source":"","_tribe_events_virtual_embed_video":"","_tribe_events_virtual_linked_button_text":"","_tribe_events_virtual_linked_button":"","_tribe_events_virtual_show_embed_at":"","_tribe_events_virtual_show_embed_to":[],"_tribe_events_virtual_show_on_event":"","_tribe_events_virtual_show_on_views":"","_tribe_events_virtual_url":"","footnotes":""},"tags":[338,344,300],"tribe_events_cat":[],"class_list":["post-9556","tribe_events","type-tribe_events","status-publish","has-post-thumbnail","hentry","tag-fonds-foncier-communautaire","tag-habitat-pour-lhumanite","tag-webinaire"],"blocksy_meta":[],"yoast_head":"<!-- This site is optimized with the Yoast SEO Premium plugin v27.4 (Yoast SEO v27.5) - https:\/\/yoast.com\/product\/yoast-seo-premium-wordpress\/ -->\n<title>Augmenter l&#039;offre de logements gr\u00e2ce aux partenariats Habitat pour l&#039;humanit\u00e9-CLT - International Center for Community Land Trusts<\/title>\n<meta name=\"robots\" content=\"index, follow, max-snippet:-1, max-image-preview:large, max-video-preview:-1\" \/>\n<link rel=\"canonical\" href=\"https:\/\/www.cltweb.org\/fr\/event\/partenariats-habitat-pour-lhumanite-clt-pour-une-accessibilite-durable\/\" \/>\n<meta property=\"og:locale\" content=\"fr_FR\" \/>\n<meta property=\"og:type\" content=\"article\" \/>\n<meta property=\"og:title\" content=\"Augmenter l&#039;offre de logements gr\u00e2ce aux partenariats Habitat pour l&#039;humanit\u00e9-CLT\" \/>\n<meta property=\"og:description\" content=\"Enregistrement Ressources Description du webinaire Le deuxi\u00e8me webinaire de la s\u00e9rie &#8220;Lasting Affordability&#8221; organis\u00e9 par Habitat for Humanity International explorera les strat\u00e9gies permettant d&#8217;\u00e9tablir des partenariats solides et durables avec [&hellip;]\" \/>\n<meta property=\"og:url\" content=\"https:\/\/www.cltweb.org\/fr\/event\/partenariats-habitat-pour-lhumanite-clt-pour-une-accessibilite-durable\/\" \/>\n<meta property=\"og:site_name\" content=\"International Center for Community Land Trusts\" \/>\n<meta property=\"article:publisher\" content=\"https:\/\/www.facebook.com\/cltcenter\" \/>\n<meta property=\"article:modified_time\" content=\"2025-12-11T20:37:51+00:00\" \/>\n<meta property=\"og:image\" content=\"https:\/\/www.cltweb.org\/wp-content\/uploads\/2025\/11\/Social-Graphic_Landscape-scaled.png\" \/>\n\t<meta property=\"og:image:width\" content=\"2560\" \/>\n\t<meta property=\"og:image:height\" content=\"1707\" \/>\n\t<meta property=\"og:image:type\" content=\"image\/png\" \/>\n<meta name=\"twitter:card\" content=\"summary_large_image\" \/>\n<meta name=\"twitter:site\" content=\"@Center4CLTs\" \/>\n<meta name=\"twitter:label1\" content=\"Dur\u00e9e de lecture estim\u00e9e\" \/>\n\t<meta name=\"twitter:data1\" content=\"5 minutes\" \/>\n<script type=\"application\/ld+json\" class=\"yoast-schema-graph\">{\"@context\":\"https:\\\/\\\/schema.org\",\"@graph\":[{\"@type\":\"WebPage\",\"@id\":\"https:\\\/\\\/www.cltweb.org\\\/fr\\\/event\\\/partenariats-habitat-pour-lhumanite-clt-pour-une-accessibilite-durable\\\/\",\"url\":\"https:\\\/\\\/www.cltweb.org\\\/fr\\\/event\\\/partenariats-habitat-pour-lhumanite-clt-pour-une-accessibilite-durable\\\/\",\"name\":\"Augmenter l'offre de logements gr\u00e2ce aux partenariats Habitat pour l'humanit\u00e9-CLT - International Center for Community Land Trusts\",\"isPartOf\":{\"@id\":\"https:\\\/\\\/www.cltweb.org\\\/fr\\\/#website\"},\"primaryImageOfPage\":{\"@id\":\"https:\\\/\\\/www.cltweb.org\\\/fr\\\/event\\\/partenariats-habitat-pour-lhumanite-clt-pour-une-accessibilite-durable\\\/#primaryimage\"},\"image\":{\"@id\":\"https:\\\/\\\/www.cltweb.org\\\/fr\\\/event\\\/partenariats-habitat-pour-lhumanite-clt-pour-une-accessibilite-durable\\\/#primaryimage\"},\"thumbnailUrl\":\"https:\\\/\\\/www.cltweb.org\\\/wp-content\\\/uploads\\\/2025\\\/11\\\/Social-Graphic_Landscape-scaled.png\",\"datePublished\":\"2025-11-04T15:15:07+00:00\",\"dateModified\":\"2025-12-11T20:37:51+00:00\",\"breadcrumb\":{\"@id\":\"https:\\\/\\\/www.cltweb.org\\\/fr\\\/event\\\/partenariats-habitat-pour-lhumanite-clt-pour-une-accessibilite-durable\\\/#breadcrumb\"},\"inLanguage\":\"fr-FR\",\"potentialAction\":[{\"@type\":\"ReadAction\",\"target\":[\"https:\\\/\\\/www.cltweb.org\\\/fr\\\/event\\\/partenariats-habitat-pour-lhumanite-clt-pour-une-accessibilite-durable\\\/\"]}]},{\"@type\":\"ImageObject\",\"inLanguage\":\"fr-FR\",\"@id\":\"https:\\\/\\\/www.cltweb.org\\\/fr\\\/event\\\/partenariats-habitat-pour-lhumanite-clt-pour-une-accessibilite-durable\\\/#primaryimage\",\"url\":\"https:\\\/\\\/www.cltweb.org\\\/wp-content\\\/uploads\\\/2025\\\/11\\\/Social-Graphic_Landscape-scaled.png\",\"contentUrl\":\"https:\\\/\\\/www.cltweb.org\\\/wp-content\\\/uploads\\\/2025\\\/11\\\/Social-Graphic_Landscape-scaled.png\",\"width\":2560,\"height\":1707},{\"@type\":\"BreadcrumbList\",\"@id\":\"https:\\\/\\\/www.cltweb.org\\\/fr\\\/event\\\/partenariats-habitat-pour-lhumanite-clt-pour-une-accessibilite-durable\\\/#breadcrumb\",\"itemListElement\":[{\"@type\":\"ListItem\",\"position\":1,\"name\":\"Home\",\"item\":\"https:\\\/\\\/www.cltweb.org\\\/fr\\\/\"},{\"@type\":\"ListItem\",\"position\":2,\"name\":\"\u00c9v\u00e8nements\",\"item\":\"https:\\\/\\\/www.cltweb.org\\\/fr\\\/events\\\/\"},{\"@type\":\"ListItem\",\"position\":3,\"name\":\"Augmenter l&#8217;offre de logements gr\u00e2ce aux partenariats Habitat pour l&#8217;humanit\u00e9-CLT\"}]},{\"@type\":\"WebSite\",\"@id\":\"https:\\\/\\\/www.cltweb.org\\\/fr\\\/#website\",\"url\":\"https:\\\/\\\/www.cltweb.org\\\/fr\\\/\",\"name\":\"International Center for Community Land Trusts\",\"description\":\"\",\"publisher\":{\"@id\":\"https:\\\/\\\/www.cltweb.org\\\/fr\\\/#organization\"},\"potentialAction\":[{\"@type\":\"SearchAction\",\"target\":{\"@type\":\"EntryPoint\",\"urlTemplate\":\"https:\\\/\\\/www.cltweb.org\\\/fr\\\/?s={search_term_string}\"},\"query-input\":{\"@type\":\"PropertyValueSpecification\",\"valueRequired\":true,\"valueName\":\"search_term_string\"}}],\"inLanguage\":\"fr-FR\"},{\"@type\":\"Organization\",\"@id\":\"https:\\\/\\\/www.cltweb.org\\\/fr\\\/#organization\",\"name\":\"International Center for Community Land Trusts\",\"url\":\"https:\\\/\\\/www.cltweb.org\\\/fr\\\/\",\"logo\":{\"@type\":\"ImageObject\",\"inLanguage\":\"fr-FR\",\"@id\":\"https:\\\/\\\/www.cltweb.org\\\/fr\\\/#\\\/schema\\\/logo\\\/image\\\/\",\"url\":\"https:\\\/\\\/www.cltweb.org\\\/wp-content\\\/uploads\\\/2024\\\/11\\\/New-CLT-Center-Text-logo.png\",\"contentUrl\":\"https:\\\/\\\/www.cltweb.org\\\/wp-content\\\/uploads\\\/2024\\\/11\\\/New-CLT-Center-Text-logo.png\",\"width\":227,\"height\":80,\"caption\":\"International Center for Community Land Trusts\"},\"image\":{\"@id\":\"https:\\\/\\\/www.cltweb.org\\\/fr\\\/#\\\/schema\\\/logo\\\/image\\\/\"},\"sameAs\":[\"https:\\\/\\\/www.facebook.com\\\/cltcenter\",\"https:\\\/\\\/x.com\\\/Center4CLTs\",\"https:\\\/\\\/www.instagram.com\\\/cltcenter\\\/\",\"https:\\\/\\\/www.linkedin.com\\\/company\\\/cltcenter\",\"https:\\\/\\\/www.youtube.com\\\/@centerforcltinnovation5313\"],\"description\":\"The International Center for Community Land Trusts is a not-for-profit nongovernmental organization established in 2018 to promote and to support community land trusts and similar strategies of community-led development on community-owned land in countries throughout the world.\",\"email\":\"info@communitylandtrust.net\",\"legalName\":\"International Center for Community Land Trusts\",\"foundingDate\":\"2018-12-01\",\"taxID\":\"84-3858933\",\"numberOfEmployees\":{\"@type\":\"QuantitativeValue\",\"minValue\":\"1\",\"maxValue\":\"10\"}}]}<\/script>\n<!-- \/ Yoast SEO Premium plugin. -->","yoast_head_json":{"title":"Augmenter l'offre de logements gr\u00e2ce aux partenariats Habitat pour l'humanit\u00e9-CLT - International Center for Community Land Trusts","robots":{"index":"index","follow":"follow","max-snippet":"max-snippet:-1","max-image-preview":"max-image-preview:large","max-video-preview":"max-video-preview:-1"},"canonical":"https:\/\/www.cltweb.org\/fr\/event\/partenariats-habitat-pour-lhumanite-clt-pour-une-accessibilite-durable\/","og_locale":"fr_FR","og_type":"article","og_title":"Augmenter l'offre de logements gr\u00e2ce aux partenariats Habitat pour l'humanit\u00e9-CLT","og_description":"Enregistrement Ressources Description du webinaire Le deuxi\u00e8me webinaire de la s\u00e9rie &#8220;Lasting Affordability&#8221; organis\u00e9 par Habitat for Humanity International explorera les strat\u00e9gies permettant d&#8217;\u00e9tablir des partenariats solides et durables avec [&hellip;]","og_url":"https:\/\/www.cltweb.org\/fr\/event\/partenariats-habitat-pour-lhumanite-clt-pour-une-accessibilite-durable\/","og_site_name":"International Center for Community Land Trusts","article_publisher":"https:\/\/www.facebook.com\/cltcenter","article_modified_time":"2025-12-11T20:37:51+00:00","og_image":[{"width":2560,"height":1707,"url":"https:\/\/www.cltweb.org\/wp-content\/uploads\/2025\/11\/Social-Graphic_Landscape-scaled.png","type":"image\/png"}],"twitter_card":"summary_large_image","twitter_site":"@Center4CLTs","twitter_misc":{"Dur\u00e9e de lecture estim\u00e9e":"5 minutes"},"schema":{"@context":"https:\/\/schema.org","@graph":[{"@type":"WebPage","@id":"https:\/\/www.cltweb.org\/fr\/event\/partenariats-habitat-pour-lhumanite-clt-pour-une-accessibilite-durable\/","url":"https:\/\/www.cltweb.org\/fr\/event\/partenariats-habitat-pour-lhumanite-clt-pour-une-accessibilite-durable\/","name":"Augmenter l'offre de logements gr\u00e2ce aux partenariats Habitat pour l'humanit\u00e9-CLT - International Center for Community Land Trusts","isPartOf":{"@id":"https:\/\/www.cltweb.org\/fr\/#website"},"primaryImageOfPage":{"@id":"https:\/\/www.cltweb.org\/fr\/event\/partenariats-habitat-pour-lhumanite-clt-pour-une-accessibilite-durable\/#primaryimage"},"image":{"@id":"https:\/\/www.cltweb.org\/fr\/event\/partenariats-habitat-pour-lhumanite-clt-pour-une-accessibilite-durable\/#primaryimage"},"thumbnailUrl":"https:\/\/www.cltweb.org\/wp-content\/uploads\/2025\/11\/Social-Graphic_Landscape-scaled.png","datePublished":"2025-11-04T15:15:07+00:00","dateModified":"2025-12-11T20:37:51+00:00","breadcrumb":{"@id":"https:\/\/www.cltweb.org\/fr\/event\/partenariats-habitat-pour-lhumanite-clt-pour-une-accessibilite-durable\/#breadcrumb"},"inLanguage":"fr-FR","potentialAction":[{"@type":"ReadAction","target":["https:\/\/www.cltweb.org\/fr\/event\/partenariats-habitat-pour-lhumanite-clt-pour-une-accessibilite-durable\/"]}]},{"@type":"ImageObject","inLanguage":"fr-FR","@id":"https:\/\/www.cltweb.org\/fr\/event\/partenariats-habitat-pour-lhumanite-clt-pour-une-accessibilite-durable\/#primaryimage","url":"https:\/\/www.cltweb.org\/wp-content\/uploads\/2025\/11\/Social-Graphic_Landscape-scaled.png","contentUrl":"https:\/\/www.cltweb.org\/wp-content\/uploads\/2025\/11\/Social-Graphic_Landscape-scaled.png","width":2560,"height":1707},{"@type":"BreadcrumbList","@id":"https:\/\/www.cltweb.org\/fr\/event\/partenariats-habitat-pour-lhumanite-clt-pour-une-accessibilite-durable\/#breadcrumb","itemListElement":[{"@type":"ListItem","position":1,"name":"Home","item":"https:\/\/www.cltweb.org\/fr\/"},{"@type":"ListItem","position":2,"name":"\u00c9v\u00e8nements","item":"https:\/\/www.cltweb.org\/fr\/events\/"},{"@type":"ListItem","position":3,"name":"Augmenter l&#8217;offre de logements gr\u00e2ce aux partenariats Habitat pour l&#8217;humanit\u00e9-CLT"}]},{"@type":"WebSite","@id":"https:\/\/www.cltweb.org\/fr\/#website","url":"https:\/\/www.cltweb.org\/fr\/","name":"International Center for Community Land Trusts","description":"","publisher":{"@id":"https:\/\/www.cltweb.org\/fr\/#organization"},"potentialAction":[{"@type":"SearchAction","target":{"@type":"EntryPoint","urlTemplate":"https:\/\/www.cltweb.org\/fr\/?s={search_term_string}"},"query-input":{"@type":"PropertyValueSpecification","valueRequired":true,"valueName":"search_term_string"}}],"inLanguage":"fr-FR"},{"@type":"Organization","@id":"https:\/\/www.cltweb.org\/fr\/#organization","name":"International Center for Community Land Trusts","url":"https:\/\/www.cltweb.org\/fr\/","logo":{"@type":"ImageObject","inLanguage":"fr-FR","@id":"https:\/\/www.cltweb.org\/fr\/#\/schema\/logo\/image\/","url":"https:\/\/www.cltweb.org\/wp-content\/uploads\/2024\/11\/New-CLT-Center-Text-logo.png","contentUrl":"https:\/\/www.cltweb.org\/wp-content\/uploads\/2024\/11\/New-CLT-Center-Text-logo.png","width":227,"height":80,"caption":"International Center for Community Land Trusts"},"image":{"@id":"https:\/\/www.cltweb.org\/fr\/#\/schema\/logo\/image\/"},"sameAs":["https:\/\/www.facebook.com\/cltcenter","https:\/\/x.com\/Center4CLTs","https:\/\/www.instagram.com\/cltcenter\/","https:\/\/www.linkedin.com\/company\/cltcenter","https:\/\/www.youtube.com\/@centerforcltinnovation5313"],"description":"The International Center for Community Land Trusts is a not-for-profit nongovernmental organization established in 2018 to promote and to support community land trusts and similar strategies of community-led development on community-owned land in countries throughout the world.","email":"info@communitylandtrust.net","legalName":"International Center for Community Land Trusts","foundingDate":"2018-12-01","taxID":"84-3858933","numberOfEmployees":{"@type":"QuantitativeValue","minValue":"1","maxValue":"10"}}]}},"taxonomy_info":{"post_tag":[{"value":338,"label":"fonds foncier communautaire"},{"value":344,"label":"habitat pour l'humanit\u00e9"},{"value":300,"label":"webinaire"}]},"featured_image_src_large":["https:\/\/www.cltweb.org\/wp-content\/uploads\/2025\/11\/Social-Graphic_Landscape-scaled.png",1024,683,false],"author_info":{"display_name":"Ben Harris","author_link":"https:\/\/www.cltweb.org\/fr\/author\/ben\/"},"comment_info":"","jetpack_sharing_enabled":true,"_links":{"self":[{"href":"https:\/\/www.cltweb.org\/fr\/wp-json\/wp\/v2\/tribe_events\/9556","targetHints":{"allow":["GET"]}}],"collection":[{"href":"https:\/\/www.cltweb.org\/fr\/wp-json\/wp\/v2\/tribe_events"}],"about":[{"href":"https:\/\/www.cltweb.org\/fr\/wp-json\/wp\/v2\/types\/tribe_events"}],"author":[{"embeddable":true,"href":"https:\/\/www.cltweb.org\/fr\/wp-json\/wp\/v2\/users\/2"}],"version-history":[{"count":14,"href":"https:\/\/www.cltweb.org\/fr\/wp-json\/wp\/v2\/tribe_events\/9556\/revisions"}],"predecessor-version":[{"id":10957,"href":"https:\/\/www.cltweb.org\/fr\/wp-json\/wp\/v2\/tribe_events\/9556\/revisions\/10957"}],"wp:featuredmedia":[{"embeddable":true,"href":"https:\/\/www.cltweb.org\/fr\/wp-json\/wp\/v2\/media\/10638"}],"wp:attachment":[{"href":"https:\/\/www.cltweb.org\/fr\/wp-json\/wp\/v2\/media?parent=9556"}],"wp:term":[{"taxonomy":"post_tag","embeddable":true,"href":"https:\/\/www.cltweb.org\/fr\/wp-json\/wp\/v2\/tags?post=9556"},{"taxonomy":"tribe_events_cat","embeddable":true,"href":"https:\/\/www.cltweb.org\/fr\/wp-json\/wp\/v2\/tribe_events_cat?post=9556"}],"curies":[{"name":"wp","href":"https:\/\/api.w.org\/{rel}","templated":true}]}}