{"id":1508,"date":"2024-07-26T17:04:49","date_gmt":"2024-07-26T17:04:49","guid":{"rendered":"https:\/\/www.cltweb.org\/programas-e-projetos\/dia-mundial-da-clt\/"},"modified":"2024-11-02T17:16:30","modified_gmt":"2024-11-02T17:16:30","slug":"dia-mundial-da-clt","status":"publish","type":"page","link":"https:\/\/www.cltweb.org\/pt-br\/biblioteca-de-recursos\/dia-mundial-da-clt\/","title":{"rendered":"Dia Mundial da CLT"},"content":{"rendered":"\n<p><\/p>\n<style>.kb-row-layout-id116_13970f-b0 > .kt-row-column-wrap{align-content:start;}:where(.kb-row-layout-id116_13970f-b0 > .kt-row-column-wrap) > .wp-block-kadence-column{justify-content:start;}.kb-row-layout-id116_13970f-b0 > .kt-row-column-wrap{column-gap:var(--global-kb-gap-md, 2rem);row-gap:var(--global-kb-gap-sm, 1rem);max-width:1290px;padding-top:var(--global-kb-spacing-xs, 1rem);padding-bottom:var(--global-kb-spacing-sm, 1.5rem);grid-template-columns:minmax(0, calc(55% - ((var(--global-kb-gap-md, 2rem) * 1 )\/2)))minmax(0, calc(45% - ((var(--global-kb-gap-md, 2rem) * 1 )\/2)));}.kb-row-layout-id116_13970f-b0{box-shadow:0px 0px 14px 0px rgba(0, 0, 0, 0.2);}.kb-row-layout-id116_13970f-b0{background-image:url('https:\/\/icclt.org\/wp-content\/uploads\/2024\/07\/Image-5-1.jpeg');background-size:cover;background-position:center center;background-attachment:fixed;background-repeat:no-repeat;}.kb-row-layout-id116_13970f-b0 > .kt-row-layout-overlay{opacity:0.80;}.kb-row-layout-id116_13970f-b0 ,.kb-row-layout-id116_13970f-b0 h1,.kb-row-layout-id116_13970f-b0 h2,.kb-row-layout-id116_13970f-b0 h3,.kb-row-layout-id116_13970f-b0 h4,.kb-row-layout-id116_13970f-b0 h5,.kb-row-layout-id116_13970f-b0 h6{color:var(--global-palette3, #1A202C);}.kb-row-layout-id116_13970f-b0 a{color:var(--global-palette4, #2D3748);}.kb-row-layout-id116_13970f-b0 a:hover{color:var(--global-palette5, #4A5568);}@media all and (max-width: 1024px), only screen and (min-device-width: 1024px) and (max-device-width: 1366px) and (-webkit-min-device-pixel-ratio: 2) and (hover: none){.kb-row-layout-id116_13970f-b0{background-attachment:scroll;}}@media all and (max-width: 1024px){.kb-row-layout-id116_13970f-b0 > .kt-row-column-wrap{grid-template-columns:minmax(0, 1fr);}}@media all and (max-width: 767px){.kb-row-layout-id116_13970f-b0 > .kt-row-column-wrap{grid-template-columns:minmax(0, 1fr);}}<\/style><div class=\"kb-row-layout-wrap kb-row-layout-id116_13970f-b0 alignfull kt-row-has-bg wp-block-kadence-rowlayout\"><div class=\"kt-row-column-wrap kt-has-2-columns kt-row-layout-right-golden kt-tab-layout-row kt-mobile-layout-row kt-row-valign-top kb-theme-content-width\">\n<style>.kadence-column116_cbf98e-5f > .kt-inside-inner-col,.kadence-column116_cbf98e-5f > .kt-inside-inner-col:before{border-top-left-radius:0px;border-top-right-radius:0px;border-bottom-right-radius:0px;border-bottom-left-radius:0px;}.kadence-column116_cbf98e-5f > .kt-inside-inner-col{column-gap:var(--global-kb-gap-sm, 1rem);}.kadence-column116_cbf98e-5f > .kt-inside-inner-col{flex-direction:column;}.kadence-column116_cbf98e-5f > .kt-inside-inner-col > .aligncenter{width:100%;}.kadence-column116_cbf98e-5f > .kt-inside-inner-col:before{opacity:0.3;}.kadence-column116_cbf98e-5f{position:relative;}@media all and (max-width: 1024px){.kadence-column116_cbf98e-5f > .kt-inside-inner-col{flex-direction:column;justify-content:center;}}@media all and (max-width: 767px){.kadence-column116_cbf98e-5f > .kt-inside-inner-col{flex-direction:column;justify-content:center;}}<\/style>\n<div class=\"wp-block-kadence-column kadence-column116_cbf98e-5f\"><div class=\"kt-inside-inner-col\">\n<p class=\"has-medium-font-size\"><strong><em>Reserve a data para o pr\u00f3ximo ano: 16 e 17 de maio de 2025!<\/em><\/strong><\/p>\n\n\n\n<p class=\"has-medium-font-size\">Como uma comemora\u00e7\u00e3o anual, os principais objetivos do Dia Mundial da CLT s\u00e3o celebrar, promover e ampliar o movimento global da CLT. \u00c9 uma oportunidade de destacar nossa comunidade diversificada de CLT, mostrar projetos impactantes para colegas de todo o mundo e celebrar a moradia acess\u00edvel, a justi\u00e7a fundi\u00e1ria e o empoderamento da comunidade.   <\/p>\n\n\n<style>.wp-block-kadence-advancedbtn.kb-btns116_91f3cc-ff{gap:var(--global-kb-gap-xs, 0.5rem );justify-content:center;align-items:center;}.kt-btns116_91f3cc-ff .kt-button{font-weight:normal;font-style:normal;}.kt-btns116_91f3cc-ff .kt-btn-wrap-0{margin-right:5px;}.wp-block-kadence-advancedbtn.kt-btns116_91f3cc-ff .kt-btn-wrap-0 .kt-button{color:#555555;border-color:#555555;}.wp-block-kadence-advancedbtn.kt-btns116_91f3cc-ff .kt-btn-wrap-0 .kt-button:hover, .wp-block-kadence-advancedbtn.kt-btns116_91f3cc-ff .kt-btn-wrap-0 .kt-button:focus{color:#ffffff;border-color:#444444;}.wp-block-kadence-advancedbtn.kt-btns116_91f3cc-ff .kt-btn-wrap-0 .kt-button::before{display:none;}.wp-block-kadence-advancedbtn.kt-btns116_91f3cc-ff .kt-btn-wrap-0 .kt-button:hover, .wp-block-kadence-advancedbtn.kt-btns116_91f3cc-ff .kt-btn-wrap-0 .kt-button:focus{background:#444444;}<\/style>\n<div class=\"wp-block-kadence-advancedbtn kb-buttons-wrap kb-btns116_91f3cc-ff\"><style>ul.menu .wp-block-kadence-advancedbtn .kb-btn116_39df25-cd.kb-button{width:initial;}.wp-block-kadence-advancedbtn .kb-btn116_39df25-cd.kb-button{color:var(--theme-palette-color-8, #ffffff);font-size:24px;}.wp-block-kadence-advancedbtn .kb-btn116_39df25-cd.kb-button:hover, .wp-block-kadence-advancedbtn .kb-btn116_39df25-cd.kb-button:focus{color:var(--theme-palette-color-8, #ffffff);}<\/style><a class=\"kb-button kt-button button kb-btn116_39df25-cd kt-btn-size-standard kt-btn-width-type-full kb-btn-global-inherit  kt-btn-has-text-true kt-btn-has-svg-false  wp-block-button__link wp-block-kadence-singlebtn\" href=\"https:\/\/worldcltday.org\" target=\"_blank\" rel=\"noreferrer noopener\"><span class=\"kt-btn-inner-text\">Site do Dia Mundial da CLT<\/span><\/a><\/div>\n<\/div><\/div>\n\n\n<style>.kadence-column116_86f30d-e7 > .kt-inside-inner-col,.kadence-column116_86f30d-e7 > .kt-inside-inner-col:before{border-top-left-radius:0px;border-top-right-radius:0px;border-bottom-right-radius:0px;border-bottom-left-radius:0px;}.kadence-column116_86f30d-e7 > .kt-inside-inner-col{column-gap:var(--global-kb-gap-sm, 1rem);}.kadence-column116_86f30d-e7 > .kt-inside-inner-col{flex-direction:column;}.kadence-column116_86f30d-e7 > .kt-inside-inner-col > .aligncenter{width:100%;}.kadence-column116_86f30d-e7 > .kt-inside-inner-col:before{opacity:0.3;}.kadence-column116_86f30d-e7{position:relative;}@media all and (max-width: 1024px){.kadence-column116_86f30d-e7 > .kt-inside-inner-col{flex-direction:column;justify-content:center;}}@media all and (max-width: 767px){.kadence-column116_86f30d-e7 > .kt-inside-inner-col{flex-direction:column;justify-content:center;}}<\/style>\n<div class=\"wp-block-kadence-column kadence-column116_86f30d-e7\"><div class=\"kt-inside-inner-col\"><style>.kb-image116_1e43cf-40.kb-image-is-ratio-size, .kb-image116_1e43cf-40 .kb-image-is-ratio-size{max-width:310px;width:100%;}.wp-block-kadence-column > .kt-inside-inner-col > .kb-image116_1e43cf-40.kb-image-is-ratio-size, .wp-block-kadence-column > .kt-inside-inner-col > .kb-image116_1e43cf-40 .kb-image-is-ratio-size{align-self:unset;}.kb-image116_1e43cf-40 figure{max-width:310px;}.kb-image116_1e43cf-40 .image-is-svg, .kb-image116_1e43cf-40 .image-is-svg img{width:100%;}.kb-image116_1e43cf-40 .kb-image-has-overlay:after{opacity:0.3;border-top-left-radius:200px;border-top-right-radius:200px;border-bottom-right-radius:200px;border-bottom-left-radius:200px;}.kb-image116_1e43cf-40 img.kb-img, .kb-image116_1e43cf-40 .kb-img img{border-top-left-radius:200px;border-top-right-radius:200px;border-bottom-right-radius:200px;border-bottom-left-radius:200px;}<\/style>\n<div class=\"wp-block-kadence-image kb-image116_1e43cf-40\"><figure class=\"aligncenter size-full kb-image-is-ratio-size\"><div class=\"kb-is-ratio-image kb-image-ratio-square\"><img loading=\"lazy\" decoding=\"async\" width=\"500\" height=\"500\" src=\"https:\/\/www.cltweb.org\/wp-content\/uploads\/2024\/11\/WCLTD-Logo-No-Year.png\" alt=\"Logotipo do Dia Mundial da CLT\" class=\"kb-img wp-image-6880\" srcset=\"https:\/\/www.cltweb.org\/wp-content\/uploads\/2024\/11\/WCLTD-Logo-No-Year.png 500w, https:\/\/www.cltweb.org\/wp-content\/uploads\/2024\/11\/WCLTD-Logo-No-Year-300x300.png 300w, https:\/\/www.cltweb.org\/wp-content\/uploads\/2024\/11\/WCLTD-Logo-No-Year-150x150.png 150w\" sizes=\"auto, (max-width: 500px) 100vw, 500px\" \/><\/div><\/figure><\/div>\n<\/div><\/div>\n\n<\/div><\/div>\n<p><\/p>\n","protected":false},"excerpt":{"rendered":"<p>Reserve a data para o pr\u00f3ximo ano: 16 e 17 de maio de 2025! Como uma comemora\u00e7\u00e3o anual, os principais objetivos do Dia Mundial da CLT s\u00e3o celebrar, promover e [&hellip;]<\/p>\n","protected":false},"author":1,"featured_media":0,"parent":890,"menu_order":0,"comment_status":"closed","ping_status":"closed","template":"","meta":{"give_campaign_id":0,"_tec_requires_first_save":true,"_kad_blocks_custom_css":"","_kad_blocks_head_custom_js":"","_kad_blocks_body_custom_js":"","_kad_blocks_footer_custom_js":"","_EventAllDay":false,"_EventTimezone":"","_EventStartDate":"","_EventEndDate":"","_EventStartDateUTC":"","_EventEndDateUTC":"","_EventShowMap":false,"_EventShowMapLink":false,"_EventURL":"","_EventCost":"","_EventCostDescription":"","_EventCurrencySymbol":"","_EventCurrencyCode":"","_EventCurrencyPosition":"","_EventDateTimeSeparator":"","_EventTimeRangeSeparator":"","_EventOrganizerID":[],"_EventVenueID":[],"_OrganizerEmail":"","_OrganizerPhone":"","_OrganizerWebsite":"","_VenueAddress":"","_VenueCity":"","_VenueCountry":"","_VenueProvince":"","_VenueState":"","_VenueZip":"","_VenuePhone":"","_VenueURL":"","_VenueStateProvince":"","_VenueLat":"","_VenueLng":"","_VenueShowMap":false,"_VenueShowMapLink":false,"_tribe_blocks_recurrence_rules":"","_tribe_blocks_recurrence_description":"","_tribe_blocks_recurrence_exclusions":"","footnotes":""},"categories":[256,56],"tags":[],"class_list":["post-1508","page","type-page","status-publish","hentry","category-clts-em-todo-o-mundo","category-programas-e-projetos"],"blocksy_meta":[],"yoast_head":"<!-- This site is optimized with the Yoast SEO Premium plugin v27.5 (Yoast SEO v27.5) - https:\/\/yoast.com\/product\/yoast-seo-premium-wordpress\/ -->\n<title>Dia Mundial da CLT - International Center for Community Land Trusts<\/title>\n<meta name=\"robots\" content=\"index, follow, max-snippet:-1, max-image-preview:large, max-video-preview:-1\" \/>\n<link rel=\"canonical\" href=\"https:\/\/www.cltweb.org\/pt-br\/biblioteca-de-recursos\/dia-mundial-da-clt\/\" \/>\n<meta property=\"og:locale\" content=\"pt_BR\" \/>\n<meta property=\"og:type\" content=\"article\" \/>\n<meta property=\"og:title\" content=\"Dia Mundial da CLT\" \/>\n<meta property=\"og:description\" content=\"Reserve a data para o pr\u00f3ximo ano: 16 e 17 de maio de 2025! Como uma comemora\u00e7\u00e3o anual, os principais objetivos do Dia Mundial da CLT s\u00e3o celebrar, promover e [&hellip;]\" \/>\n<meta property=\"og:url\" content=\"https:\/\/www.cltweb.org\/pt-br\/biblioteca-de-recursos\/dia-mundial-da-clt\/\" \/>\n<meta property=\"og:site_name\" content=\"International Center for Community Land Trusts\" \/>\n<meta property=\"article:publisher\" content=\"https:\/\/www.facebook.com\/cltcenter\" \/>\n<meta property=\"article:modified_time\" content=\"2024-11-02T17:16:30+00:00\" \/>\n<meta property=\"og:image\" content=\"https:\/\/www.cltweb.org\/wp-content\/uploads\/2024\/11\/WCLTD-Logo-No-Year.png\" \/>\n<meta name=\"twitter:card\" content=\"summary_large_image\" \/>\n<meta name=\"twitter:site\" content=\"@Center4CLTs\" \/>\n<script type=\"application\/ld+json\" class=\"yoast-schema-graph\">{\"@context\":\"https:\\\/\\\/schema.org\",\"@graph\":[{\"@type\":\"WebPage\",\"@id\":\"https:\\\/\\\/www.cltweb.org\\\/pt-br\\\/biblioteca-de-recursos\\\/dia-mundial-da-clt\\\/\",\"url\":\"https:\\\/\\\/www.cltweb.org\\\/pt-br\\\/biblioteca-de-recursos\\\/dia-mundial-da-clt\\\/\",\"name\":\"Dia Mundial da CLT - International Center for Community Land Trusts\",\"isPartOf\":{\"@id\":\"https:\\\/\\\/www.cltweb.org\\\/pt-br\\\/#website\"},\"primaryImageOfPage\":{\"@id\":\"https:\\\/\\\/www.cltweb.org\\\/pt-br\\\/biblioteca-de-recursos\\\/dia-mundial-da-clt\\\/#primaryimage\"},\"image\":{\"@id\":\"https:\\\/\\\/www.cltweb.org\\\/pt-br\\\/biblioteca-de-recursos\\\/dia-mundial-da-clt\\\/#primaryimage\"},\"thumbnailUrl\":\"https:\\\/\\\/www.cltweb.org\\\/wp-content\\\/uploads\\\/2024\\\/11\\\/WCLTD-Logo-No-Year.png\",\"datePublished\":\"2024-07-26T17:04:49+00:00\",\"dateModified\":\"2024-11-02T17:16:30+00:00\",\"breadcrumb\":{\"@id\":\"https:\\\/\\\/www.cltweb.org\\\/pt-br\\\/biblioteca-de-recursos\\\/dia-mundial-da-clt\\\/#breadcrumb\"},\"inLanguage\":\"pt-BR\",\"potentialAction\":[{\"@type\":\"ReadAction\",\"target\":[\"https:\\\/\\\/www.cltweb.org\\\/pt-br\\\/biblioteca-de-recursos\\\/dia-mundial-da-clt\\\/\"]}]},{\"@type\":\"ImageObject\",\"inLanguage\":\"pt-BR\",\"@id\":\"https:\\\/\\\/www.cltweb.org\\\/pt-br\\\/biblioteca-de-recursos\\\/dia-mundial-da-clt\\\/#primaryimage\",\"url\":\"https:\\\/\\\/www.cltweb.org\\\/wp-content\\\/uploads\\\/2024\\\/11\\\/WCLTD-Logo-No-Year.png\",\"contentUrl\":\"https:\\\/\\\/www.cltweb.org\\\/wp-content\\\/uploads\\\/2024\\\/11\\\/WCLTD-Logo-No-Year.png\"},{\"@type\":\"BreadcrumbList\",\"@id\":\"https:\\\/\\\/www.cltweb.org\\\/pt-br\\\/biblioteca-de-recursos\\\/dia-mundial-da-clt\\\/#breadcrumb\",\"itemListElement\":[{\"@type\":\"ListItem\",\"position\":1,\"name\":\"Home\",\"item\":\"https:\\\/\\\/www.cltweb.org\\\/pt-br\\\/\"},{\"@type\":\"ListItem\",\"position\":2,\"name\":\"Biblioteca de recursos\",\"item\":\"https:\\\/\\\/www.cltweb.org\\\/pt-br\\\/biblioteca-de-recursos\\\/\"},{\"@type\":\"ListItem\",\"position\":3,\"name\":\"Dia Mundial da CLT\"}]},{\"@type\":\"WebSite\",\"@id\":\"https:\\\/\\\/www.cltweb.org\\\/pt-br\\\/#website\",\"url\":\"https:\\\/\\\/www.cltweb.org\\\/pt-br\\\/\",\"name\":\"International Center for Community Land Trusts\",\"description\":\"\",\"publisher\":{\"@id\":\"https:\\\/\\\/www.cltweb.org\\\/pt-br\\\/#organization\"},\"potentialAction\":[{\"@type\":\"SearchAction\",\"target\":{\"@type\":\"EntryPoint\",\"urlTemplate\":\"https:\\\/\\\/www.cltweb.org\\\/pt-br\\\/?s={search_term_string}\"},\"query-input\":{\"@type\":\"PropertyValueSpecification\",\"valueRequired\":true,\"valueName\":\"search_term_string\"}}],\"inLanguage\":\"pt-BR\"},{\"@type\":\"Organization\",\"@id\":\"https:\\\/\\\/www.cltweb.org\\\/pt-br\\\/#organization\",\"name\":\"International Center for Community Land Trusts\",\"url\":\"https:\\\/\\\/www.cltweb.org\\\/pt-br\\\/\",\"logo\":{\"@type\":\"ImageObject\",\"inLanguage\":\"pt-BR\",\"@id\":\"https:\\\/\\\/www.cltweb.org\\\/pt-br\\\/#\\\/schema\\\/logo\\\/image\\\/\",\"url\":\"https:\\\/\\\/www.cltweb.org\\\/wp-content\\\/uploads\\\/2024\\\/11\\\/New-CLT-Center-Text-logo.png\",\"contentUrl\":\"https:\\\/\\\/www.cltweb.org\\\/wp-content\\\/uploads\\\/2024\\\/11\\\/New-CLT-Center-Text-logo.png\",\"width\":227,\"height\":80,\"caption\":\"International Center for Community Land Trusts\"},\"image\":{\"@id\":\"https:\\\/\\\/www.cltweb.org\\\/pt-br\\\/#\\\/schema\\\/logo\\\/image\\\/\"},\"sameAs\":[\"https:\\\/\\\/www.facebook.com\\\/cltcenter\",\"https:\\\/\\\/x.com\\\/Center4CLTs\",\"https:\\\/\\\/www.instagram.com\\\/cltcenter\\\/\",\"https:\\\/\\\/www.linkedin.com\\\/company\\\/cltcenter\",\"https:\\\/\\\/www.youtube.com\\\/@centerforcltinnovation5313\"],\"description\":\"The International Center for Community Land Trusts is a not-for-profit nongovernmental organization established in 2018 to promote and to support community land trusts and similar strategies of community-led development on community-owned land in countries throughout the world.\",\"email\":\"info@communitylandtrust.net\",\"legalName\":\"International Center for Community Land Trusts\",\"foundingDate\":\"2018-12-01\",\"taxID\":\"84-3858933\",\"numberOfEmployees\":{\"@type\":\"QuantitativeValue\",\"minValue\":\"1\",\"maxValue\":\"10\"}}]}<\/script>\n<!-- \/ Yoast SEO Premium plugin. -->","yoast_head_json":{"title":"Dia Mundial da CLT - International Center for Community Land Trusts","robots":{"index":"index","follow":"follow","max-snippet":"max-snippet:-1","max-image-preview":"max-image-preview:large","max-video-preview":"max-video-preview:-1"},"canonical":"https:\/\/www.cltweb.org\/pt-br\/biblioteca-de-recursos\/dia-mundial-da-clt\/","og_locale":"pt_BR","og_type":"article","og_title":"Dia Mundial da CLT","og_description":"Reserve a data para o pr\u00f3ximo ano: 16 e 17 de maio de 2025! Como uma comemora\u00e7\u00e3o anual, os principais objetivos do Dia Mundial da CLT s\u00e3o celebrar, promover e [&hellip;]","og_url":"https:\/\/www.cltweb.org\/pt-br\/biblioteca-de-recursos\/dia-mundial-da-clt\/","og_site_name":"International Center for Community Land Trusts","article_publisher":"https:\/\/www.facebook.com\/cltcenter","article_modified_time":"2024-11-02T17:16:30+00:00","og_image":[{"url":"https:\/\/www.cltweb.org\/wp-content\/uploads\/2024\/11\/WCLTD-Logo-No-Year.png","type":"","width":"","height":""}],"twitter_card":"summary_large_image","twitter_site":"@Center4CLTs","schema":{"@context":"https:\/\/schema.org","@graph":[{"@type":"WebPage","@id":"https:\/\/www.cltweb.org\/pt-br\/biblioteca-de-recursos\/dia-mundial-da-clt\/","url":"https:\/\/www.cltweb.org\/pt-br\/biblioteca-de-recursos\/dia-mundial-da-clt\/","name":"Dia Mundial da CLT - International Center for Community Land Trusts","isPartOf":{"@id":"https:\/\/www.cltweb.org\/pt-br\/#website"},"primaryImageOfPage":{"@id":"https:\/\/www.cltweb.org\/pt-br\/biblioteca-de-recursos\/dia-mundial-da-clt\/#primaryimage"},"image":{"@id":"https:\/\/www.cltweb.org\/pt-br\/biblioteca-de-recursos\/dia-mundial-da-clt\/#primaryimage"},"thumbnailUrl":"https:\/\/www.cltweb.org\/wp-content\/uploads\/2024\/11\/WCLTD-Logo-No-Year.png","datePublished":"2024-07-26T17:04:49+00:00","dateModified":"2024-11-02T17:16:30+00:00","breadcrumb":{"@id":"https:\/\/www.cltweb.org\/pt-br\/biblioteca-de-recursos\/dia-mundial-da-clt\/#breadcrumb"},"inLanguage":"pt-BR","potentialAction":[{"@type":"ReadAction","target":["https:\/\/www.cltweb.org\/pt-br\/biblioteca-de-recursos\/dia-mundial-da-clt\/"]}]},{"@type":"ImageObject","inLanguage":"pt-BR","@id":"https:\/\/www.cltweb.org\/pt-br\/biblioteca-de-recursos\/dia-mundial-da-clt\/#primaryimage","url":"https:\/\/www.cltweb.org\/wp-content\/uploads\/2024\/11\/WCLTD-Logo-No-Year.png","contentUrl":"https:\/\/www.cltweb.org\/wp-content\/uploads\/2024\/11\/WCLTD-Logo-No-Year.png"},{"@type":"BreadcrumbList","@id":"https:\/\/www.cltweb.org\/pt-br\/biblioteca-de-recursos\/dia-mundial-da-clt\/#breadcrumb","itemListElement":[{"@type":"ListItem","position":1,"name":"Home","item":"https:\/\/www.cltweb.org\/pt-br\/"},{"@type":"ListItem","position":2,"name":"Biblioteca de recursos","item":"https:\/\/www.cltweb.org\/pt-br\/biblioteca-de-recursos\/"},{"@type":"ListItem","position":3,"name":"Dia Mundial da CLT"}]},{"@type":"WebSite","@id":"https:\/\/www.cltweb.org\/pt-br\/#website","url":"https:\/\/www.cltweb.org\/pt-br\/","name":"International Center for Community Land Trusts","description":"","publisher":{"@id":"https:\/\/www.cltweb.org\/pt-br\/#organization"},"potentialAction":[{"@type":"SearchAction","target":{"@type":"EntryPoint","urlTemplate":"https:\/\/www.cltweb.org\/pt-br\/?s={search_term_string}"},"query-input":{"@type":"PropertyValueSpecification","valueRequired":true,"valueName":"search_term_string"}}],"inLanguage":"pt-BR"},{"@type":"Organization","@id":"https:\/\/www.cltweb.org\/pt-br\/#organization","name":"International Center for Community Land Trusts","url":"https:\/\/www.cltweb.org\/pt-br\/","logo":{"@type":"ImageObject","inLanguage":"pt-BR","@id":"https:\/\/www.cltweb.org\/pt-br\/#\/schema\/logo\/image\/","url":"https:\/\/www.cltweb.org\/wp-content\/uploads\/2024\/11\/New-CLT-Center-Text-logo.png","contentUrl":"https:\/\/www.cltweb.org\/wp-content\/uploads\/2024\/11\/New-CLT-Center-Text-logo.png","width":227,"height":80,"caption":"International Center for Community Land Trusts"},"image":{"@id":"https:\/\/www.cltweb.org\/pt-br\/#\/schema\/logo\/image\/"},"sameAs":["https:\/\/www.facebook.com\/cltcenter","https:\/\/x.com\/Center4CLTs","https:\/\/www.instagram.com\/cltcenter\/","https:\/\/www.linkedin.com\/company\/cltcenter","https:\/\/www.youtube.com\/@centerforcltinnovation5313"],"description":"The International Center for Community Land Trusts is a not-for-profit nongovernmental organization established in 2018 to promote and to support community land trusts and similar strategies of community-led development on community-owned land in countries throughout the world.","email":"info@communitylandtrust.net","legalName":"International Center for Community Land Trusts","foundingDate":"2018-12-01","taxID":"84-3858933","numberOfEmployees":{"@type":"QuantitativeValue","minValue":"1","maxValue":"10"}}]}},"campaignId":"","taxonomy_info":{"category":[{"value":256,"label":"CLTs em todo o mundo"},{"value":56,"label":"Programas e projetos"}]},"featured_image_src_large":false,"author_info":{"display_name":"cltredesign_0jp0l4","author_link":"https:\/\/www.cltweb.org\/pt-br\/author\/cltredesign_0jp0l4\/"},"comment_info":0,"jetpack_sharing_enabled":true,"jetpack-related-posts":[{"id":891,"url":"https:\/\/www.cltweb.org\/pt-br\/programas-e-projetos\/","url_meta":{"origin":1508,"position":0},"title":"Programas e projetos","author":"cltredesign_0jp0l4","date":"26 de julho de 2024","format":false,"excerpt":"Educa\u00e7\u00e3o Aprimorar o alcance educacional, os recursos e o apoio aos profissionais e \u00e0s comunidades do CLT. Biblioteca on-line e arquivo CLT: Coletar e curar materiais - em v\u00e1rios idiomas - introduzindo o CLT, apresentando estudos de caso, documentando as melhores pr\u00e1ticas e tra\u00e7ando a hist\u00f3ria do movimento CLT. Mapa\u2026","rel":"","context":"Em &quot;N\u00e3o categorizado&quot;","block_context":{"text":"N\u00e3o categorizado","link":"https:\/\/www.cltweb.org\/pt-br\/category\/nao-categorizado\/"},"img":{"alt_text":"","src":"","width":0,"height":0},"classes":[]},{"id":852,"url":"https:\/\/www.cltweb.org\/pt-br\/sobre-nos\/historia\/","url_meta":{"origin":1508,"position":1},"title":"Nossa hist\u00f3ria","author":"cltredesign_0jp0l4","date":"26 de julho de 2024","format":false,"excerpt":"Uma linha do tempo da evolu\u00e7\u00e3o do movimento internacional do CLT.","rel":"","context":"Em &quot;Sobre n\u00f3s&quot;","block_context":{"text":"Sobre n\u00f3s","link":"https:\/\/www.cltweb.org\/pt-br\/category\/sobre-nos\/"},"img":{"alt_text":"","src":"","width":0,"height":0},"classes":[]},{"id":6195,"url":"https:\/\/www.cltweb.org\/pt-br\/","url_meta":{"origin":1508,"position":2},"title":"In\u00edcio","author":"cltredesign_0jp0l4","date":"29 de outubro de 2024","format":false,"excerpt":"Centro Internacional para Fundos de Terras Comunit\u00e1rios Somos uma organiza\u00e7\u00e3o n\u00e3o governamental sem fins lucrativos criada em 2018 para promover e apoiar fundos de terras comunit\u00e1rios e estrat\u00e9gias semelhantes de desenvolvimento liderado pela comunidade em terras de propriedade da comunidade em pa\u00edses de todo o mundo. Foto da comunidade do\u2026","rel":"","context":"Post similar","block_context":{"text":"Post similar","link":""},"img":{"alt_text":"Virtual Summit Banner","src":"https:\/\/i0.wp.com\/www.cltweb.org\/wp-content\/uploads\/2026\/03\/VS-banner-2026.png?resize=350%2C200&ssl=1","width":350,"height":200,"srcset":"https:\/\/i0.wp.com\/www.cltweb.org\/wp-content\/uploads\/2026\/03\/VS-banner-2026.png?resize=350%2C200&ssl=1 1x, https:\/\/i0.wp.com\/www.cltweb.org\/wp-content\/uploads\/2026\/03\/VS-banner-2026.png?resize=525%2C300&ssl=1 1.5x, https:\/\/i0.wp.com\/www.cltweb.org\/wp-content\/uploads\/2026\/03\/VS-banner-2026.png?resize=700%2C400&ssl=1 2x"},"classes":[]},{"id":9447,"url":"https:\/\/www.cltweb.org\/pt-br\/sobre-nos\/oportunidades-de-carreira\/consultor-de-desenvolvimento\/","url_meta":{"origin":1508,"position":3},"title":"Consultor de desenvolvimento","author":"cltredesign_0jp0l4","date":"19 de maio de 2025","format":false,"excerpt":"Estamos buscando um consultor de desenvolvimento experiente para ajudar a liderar nossos esfor\u00e7os de capta\u00e7\u00e3o de recursos. Esse cargo contratado trabalhar\u00e1 vinte (20) horas por semana em estreita colabora\u00e7\u00e3o com nosso Diretor Executivo, Diretor de Comunica\u00e7\u00f5es, consultores de projetos, bem como membros do conselho que estejam ativamente envolvidos em esfor\u00e7os\u2026","rel":"","context":"Em &quot;Empregos&quot;","block_context":{"text":"Empregos","link":"https:\/\/www.cltweb.org\/pt-br\/category\/empregos\/"},"img":{"alt_text":"","src":"","width":0,"height":0},"classes":[]},{"id":1976,"url":"https:\/\/www.cltweb.org\/pt-br\/biblioteca-de-recursos\/mapa-global-clt\/","url_meta":{"origin":1508,"position":4},"title":"Mapa e diret\u00f3rio do CLT","author":"cltredesign_0jp0l4","date":"26 de julho de 2024","format":false,"excerpt":"Sobre o Global Map + Directory Este mapa global + diret\u00f3rio n\u00e3o tem a pretens\u00e3o de ser abrangente ou completo. Em alguns casos, h\u00e1 organiza\u00e7\u00f5es que se descrevem como CLT e exibem as principais caracter\u00edsticas de uma CLT que podem ter passado despercebidas acidentalmente. Isso ocorre porque novos CLTs est\u00e3o\u2026","rel":"","context":"Em &quot;Biblioteca de recursos&quot;","block_context":{"text":"Biblioteca de recursos","link":"https:\/\/www.cltweb.org\/pt-br\/category\/biblioteca-de-recursos\/"},"img":{"alt_text":"","src":"","width":0,"height":0},"classes":[]},{"id":4055,"url":"https:\/\/www.cltweb.org\/pt-br\/biblioteca-de-recursos\/estudos-de-caso-clt\/community-land-trust-bruxelas\/","url_meta":{"origin":1508,"position":5},"title":"Community Land Trust Bruxelas","author":"cltredesign_0jp0l4","date":"21 de outubro de 2024","format":false,"excerpt":"Estabelecida em 2012 (Bruxelas, B\u00e9lgica) Perfil contribu\u00eddo por Geert De Pauw (2015) O Community Land Trust Bruxelles (CLTB) foi formalmente incorporado em 2012, ap\u00f3s quatro anos de planejamento e organiza\u00e7\u00e3o, uma iniciativa liderada por ativistas de v\u00e1rias associa\u00e7\u00f5es de moradia e de bairro existentes. O CLTB foi estabelecido para atender\u2026","rel":"","context":"Em &quot;Estudos de caso&quot;","block_context":{"text":"Estudos de caso","link":"https:\/\/www.cltweb.org\/pt-br\/category\/estudos-de-caso\/"},"img":{"alt_text":"","src":"","width":0,"height":0},"classes":[]}],"_links":{"self":[{"href":"https:\/\/www.cltweb.org\/pt-br\/wp-json\/wp\/v2\/pages\/1508","targetHints":{"allow":["GET"]}}],"collection":[{"href":"https:\/\/www.cltweb.org\/pt-br\/wp-json\/wp\/v2\/pages"}],"about":[{"href":"https:\/\/www.cltweb.org\/pt-br\/wp-json\/wp\/v2\/types\/page"}],"author":[{"embeddable":true,"href":"https:\/\/www.cltweb.org\/pt-br\/wp-json\/wp\/v2\/users\/1"}],"replies":[{"embeddable":true,"href":"https:\/\/www.cltweb.org\/pt-br\/wp-json\/wp\/v2\/comments?post=1508"}],"version-history":[{"count":6,"href":"https:\/\/www.cltweb.org\/pt-br\/wp-json\/wp\/v2\/pages\/1508\/revisions"}],"predecessor-version":[{"id":6915,"href":"https:\/\/www.cltweb.org\/pt-br\/wp-json\/wp\/v2\/pages\/1508\/revisions\/6915"}],"up":[{"embeddable":true,"href":"https:\/\/www.cltweb.org\/pt-br\/wp-json\/wp\/v2\/pages\/890"}],"wp:attachment":[{"href":"https:\/\/www.cltweb.org\/pt-br\/wp-json\/wp\/v2\/media?parent=1508"}],"wp:term":[{"taxonomy":"category","embeddable":true,"href":"https:\/\/www.cltweb.org\/pt-br\/wp-json\/wp\/v2\/categories?post=1508"},{"taxonomy":"post_tag","embeddable":true,"href":"https:\/\/www.cltweb.org\/pt-br\/wp-json\/wp\/v2\/tags?post=1508"}],"curies":[{"name":"wp","href":"https:\/\/api.w.org\/{rel}","templated":true}]}}