{"id":1625,"date":"2024-07-29T23:47:30","date_gmt":"2024-07-29T23:47:30","guid":{"rendered":"https:\/\/www.cltweb.org\/em-um-terreno-comum-perspectivas-internacionais-sobre-o-community-land-trust\/"},"modified":"2025-01-02T20:49:51","modified_gmt":"2025-01-02T20:49:51","slug":"em-um-terreno-comum-perspectivas-internacionais-sobre-o-community-land-trust","status":"publish","type":"page","link":"https:\/\/www.cltweb.org\/pt-br\/terra-nostra-press\/catalogo\/em-um-terreno-comum-perspectivas-internacionais-sobre-o-community-land-trust\/","title":{"rendered":"Em um terreno comum"},"content":{"rendered":"\n<div class=\"wp-block-columns is-layout-flex wp-container-core-columns-is-layout-28f84493 wp-block-columns-is-layout-flex\">\n<div class=\"wp-block-column is-layout-flow wp-block-column-is-layout-flow\" style=\"flex-basis:30%\"><style>.kb-image493_454dd2-ba .kb-image-has-overlay:after{opacity:0.3;}<\/style>\n<figure class=\"wp-block-kadence-image kb-image493_454dd2-ba size-large\"><img loading=\"lazy\" decoding=\"async\" width=\"717\" height=\"1024\" src=\"https:\/\/www.cltweb.org\/wp-content\/uploads\/2024\/10\/On-Common-Ground-Cover-717x1024.jpg\" alt=\"Capa do livro On Common Ground\" class=\"kb-img wp-image-2382\" srcset=\"https:\/\/www.cltweb.org\/wp-content\/uploads\/2024\/10\/On-Common-Ground-Cover-717x1024.jpg 717w, https:\/\/www.cltweb.org\/wp-content\/uploads\/2024\/10\/On-Common-Ground-Cover-210x300.jpg 210w, https:\/\/www.cltweb.org\/wp-content\/uploads\/2024\/10\/On-Common-Ground-Cover-768x1097.jpg 768w, https:\/\/www.cltweb.org\/wp-content\/uploads\/2024\/10\/On-Common-Ground-Cover.jpg 900w\" sizes=\"auto, (max-width: 717px) 100vw, 717px\" \/><\/figure>\n<\/div>\n\n\n\n<div class=\"wp-block-column is-layout-flow wp-block-column-is-layout-flow\" style=\"flex-basis:70%\">\n<p><strong>On Common Ground: International Perspectives <\/strong><strong>on the Community Land Trust<\/strong> \u00e9 uma colet\u00e2nea de vinte e seis ensaios originais, escritos por quarenta e dois acad\u00eamicos e profissionais de uma d\u00fazia de pa\u00edses, tra\u00e7ando o crescimento e a diversifica\u00e7\u00e3o do movimento internacional de community land trust.<\/p>\n\n\n\n<p><strong>Dispon\u00edvel agora em todo o mundo<\/strong><br\/>502 pp., 70 ilustra\u00e7\u00f5es, \u00edndice<br\/>PAPERBACK ISBN 9781734403022 $27.50 US<br\/>HARDCOVER ISBN 9781734403008 $45.00 US<br\/>EBOOK ISBN 9781734403015 $15.00 US<\/p>\n\n\n\n<p><strong>Voc\u00ea pode obter descontos para pedidos em massa para ONGs. <\/strong> Para obter mais informa\u00e7\u00f5es e fazer seu pedido, acesse nossa p\u00e1gina de <a href=\"https:\/\/www.cltweb.org\/pt-br\/terra-nostra-press\/pedidos-em-massa\/\" data-type=\"page\" data-id=\"532\">pedidos em massa<\/a>.<\/p>\n\n\n\n<ul class=\"wp-block-list\">\n<li><a href=\"https:\/\/www.indiebound.org\/book\/9781736275948\">Amazon<\/a><\/li>\n\n\n\n<li><a href=\"https:\/\/www.barnesandnoble.com\/w\/en-terreno-com-n-john-emmeus-davis\/1139703873?ean=9781736275955\">Barnes and Noble<\/a><\/li>\n\n\n\n<li><a href=\"https:\/\/blackwells.co.uk\/bookshop\/product\/En-terreno-comn-Perspectivas-internacionales-sobre-los-fideicomisos-comunitarios-de-tierras-by-Davis-John-Emmeus\/9781736275948\">Blackwell&#8217;s<\/a><\/li>\n\n\n\n<li><a href=\"https:\/\/bookshop.org\/p\/books\/on-common-ground-international-perspectives-on-the-community-land-trust-john-emmeus-davis\/14809301?ean=9781734403022\">Livraria<\/a><\/li>\n\n\n\n<li><a href=\"https:\/\/www.indiebound.org\/book\/9781736275948\">IndieBound<\/a><\/li>\n<\/ul>\n<\/div>\n<\/div>\n<style>.wp-block-kadence-spacer.kt-block-spacer-493_47ac83-ad .kt-block-spacer{height:20px;}.wp-block-kadence-spacer.kt-block-spacer-493_47ac83-ad .kt-divider{border-top-width:1px;height:1px;border-top-color:var(--theme-palette-color-4, #192a3d);width:80%;border-top-style:solid;}<\/style>\n<div class=\"wp-block-kadence-spacer aligncenter kt-block-spacer-493_47ac83-ad\"><div class=\"kt-block-spacer kt-block-spacer-halign-center\"><hr class=\"kt-divider\"\/><\/div><\/div>\n\n<p class=\"has-text-align-center\"><strong>&#8221; Os l\u00edderes vision\u00e1rios, as comunidades e as organiza\u00e7\u00f5es apresentadas neste livro est\u00e3o na vanguarda de um movimento nacional e global mais amplo para recalibrar a rela\u00e7\u00e3o entre governos e mercados na pol\u00edtica de habita\u00e7\u00e3o e desenvolvimento.&#8221;<\/strong><\/p>\n\n<p class=\"has-text-align-center\"><strong>JERRY MALDONADO, Funda\u00e7\u00e3o Ford (do pref\u00e1cio)<\/strong><\/p>\n<style>.wp-block-kadence-spacer.kt-block-spacer-493_763058-07 .kt-block-spacer{height:20px;}.wp-block-kadence-spacer.kt-block-spacer-493_763058-07 .kt-divider{border-top-width:1px;height:1px;border-top-color:var(--theme-palette-color-4, #192a3d);width:80%;border-top-style:solid;}<\/style>\n<div class=\"wp-block-kadence-spacer aligncenter kt-block-spacer-493_763058-07\"><div class=\"kt-block-spacer kt-block-spacer-halign-center\"><hr class=\"kt-divider\"\/><\/div><\/div>\n<style>.kt-accordion-id493_1936c5-f9 .kt-accordion-inner-wrap{column-gap:var(--global-kb-gap-md, 2rem);row-gap:8px;}.kt-accordion-id493_1936c5-f9 .kt-accordion-panel-inner{padding-top:var(--global-kb-spacing-sm, 1.5rem);padding-right:var(--global-kb-spacing-sm, 1.5rem);padding-bottom:var(--global-kb-spacing-sm, 1.5rem);padding-left:var(--global-kb-spacing-sm, 1.5rem);}.kt-accordion-id493_1936c5-f9 > .kt-accordion-inner-wrap > .wp-block-kadence-pane > .kt-accordion-header-wrap > .kt-blocks-accordion-header{font-weight:bold;padding-top:var(--global-kb-spacing-xxs, 0.5rem);padding-right:var(--global-kb-spacing-xs, 1rem);padding-bottom:var(--global-kb-spacing-xxs, 0.5rem);padding-left:var(--global-kb-spacing-xs, 1rem);}@media all and (max-width: 767px){.kt-accordion-id493_1936c5-f9 .kt-accordion-inner-wrap{display:block;}.kt-accordion-id493_1936c5-f9 .kt-accordion-inner-wrap .kt-accordion-pane:not(:first-child){margin-top:8px;}}<\/style>\n<div class=\"wp-block-kadence-accordion alignnone\"><div class=\"kt-accordion-wrap kt-accordion-id493_1936c5-f9 kt-accordion-has-8-panes kt-active-pane-0 kt-accordion-block kt-pane-header-alignment-left kt-accodion-icon-style-basic kt-accodion-icon-side-right\" style=\"max-width:none\"><div class=\"kt-accordion-inner-wrap\" data-allow-multiple-open=\"false\" data-start-open=\"none\">\n<div class=\"wp-block-kadence-pane kt-accordion-pane kt-accordion-pane-1 kt-pane493_b970fc-f6\"><div class=\"kt-accordion-header-wrap\"><button class=\"kt-blocks-accordion-header kt-acccordion-button-label-show\"><span class=\"kt-blocks-accordion-title-wrap\"><span class=\"kt-blocks-accordion-title\">Cap\u00edtulos de \u00e1udio<\/span><\/span><span class=\"kt-blocks-accordion-icon-trigger\"><\/span><\/button><\/div><div class=\"kt-accordion-panel kt-accordion-panel-hidden\"><div class=\"kt-accordion-panel-inner\">\n  Estamos disponibilizando vers\u00f5es de \u00e1udio gratuitas de cap\u00edtulos selecionados de On Common Ground, narrados pelos pr\u00f3prios autores. Voc\u00ea pode transmiti-los aqui on-line ou ouvi-los no <a href=\"https:\/\/podcasts.apple.com\/us\/podcast\/on-common-ground\/id1515354261\" target=\"_blank\" rel=\"noopener\">Apple Podcasts<\/a> e no <a href=\"https:\/\/open.spotify.com\/show\/1MrfWisXv3u4d3lCa1WvcO?si=ceJHFK2zTByKbHCTZTkSYg\" target=\"_blank\" rel=\"noopener\">Spotify<\/a>.   <iframe loading=\"lazy\" src=\"https:\/\/share.transistor.fm\/e\/on-common-ground\/playlist\" width=\"90%\" height=\"390\" frameborder=\"no\" scrolling=\"no\" seamless=\"\"><\/iframe>\n<\/div><\/div><\/div>\n\n\n\n<div class=\"wp-block-kadence-pane kt-accordion-pane kt-accordion-pane-2 kt-pane493_67c035-8f\"><div class=\"kt-accordion-header-wrap\"><button class=\"kt-blocks-accordion-header kt-acccordion-button-label-show\"><span class=\"kt-blocks-accordion-title-wrap\"><span class=\"kt-blocks-accordion-title\">Descri\u00e7\u00e3o do livro<\/span><\/span><span class=\"kt-blocks-accordion-icon-trigger\"><\/span><\/button><\/div><div class=\"kt-accordion-panel kt-accordion-panel-hidden\"><div class=\"kt-accordion-panel-inner\">\n<p>H\u00e1 cinquenta anos, ativistas afro-americanos de Albany, Ge\u00f3rgia, estenderam sua luta pol\u00edtica pelos direitos civis para o \u00e2mbito econ\u00f4mico, criando a New Communities Inc., uma empresa de propriedade de terras. Eles acreditavam que a propriedade da terra era essencial para garantir maior independ\u00eancia para seu povo. Mas a propriedade de terras estava fora do alcance da maioria dos afro-americanos no sul profundo dos anos 60 e era muito f\u00e1cil perd\u00ea-la se eles conseguissem adquirir uma pequena fazenda, um lote de terra ou uma casa na cidade. Os vision\u00e1rios fundadores da New Communities conclu\u00edram, portanto, que a propriedade <em>comunit\u00e1ria <\/em>seria uma forma mais segura de posse. Al\u00e9m disso, a terra de propriedade da comunidade poderia ser combinada com a propriedade <em>individual <\/em>de casas rec\u00e9m-constru\u00eddas, oferecendo \u00e0s pessoas de baixa renda a oportunidade de se tornarem propriet\u00e1rios. A terra de propriedade da comunidade tamb\u00e9m poderia fornecer uma plataforma para a organiza\u00e7\u00e3o cooperativa de v\u00e1rias empresas, oferecendo \u00e0s pessoas de baixa renda uma chance de prosperidade econ\u00f4mica.     <\/p>\n\n\n\n<p>Esse h\u00edbrido engenhoso, que mescla v\u00e1rios propriet\u00e1rios e usos sob o olhar atento de uma organiza\u00e7\u00e3o sem fins lucrativos controlada pela comunidade, foi o prot\u00f3tipo do que acabou se tornando, ap\u00f3s alguns ajustes nos anos seguintes, o &#8220;community land trust&#8221; (CLT).<\/p>\n\n\n\n<p>Atualmente, existem mais de 260 CLTs nos Estados Unidos e mais de 300 na Inglaterra e no Pa\u00eds de Gales. Outras foram estabelecidas na Austr\u00e1lia, B\u00e9lgica, Canad\u00e1 e Fran\u00e7a. O interesse tamb\u00e9m tem aumentado na Alemanha, Irlanda, It\u00e1lia, Holanda, Portugal, Esc\u00f3cia e Espanha. Mais recentemente, as sementes de novos CLTs tamb\u00e9m se espalharam pelo Sul Global, inspiradas por um CLT de alto n\u00edvel em Porto Rico que est\u00e1 garantindo as casas de centenas de fam\u00edlias que residem em assentamentos informais em San Juan. Isso atraiu a aten\u00e7\u00e3o das comunidades que lutam contra a inseguran\u00e7a de terras e moradias em toda a Am\u00e9rica Latina e no Caribe, desde os moradores urbanos das <em>favelas <\/em>do Brasil at\u00e9 os povos ind\u00edgenas das regi\u00f5es rurais, onde o uso costumeiro e coletivo de propriedades, florestas e bacias hidrogr\u00e1ficas geralmente n\u00e3o \u00e9 protegido por t\u00edtulos formais. Ativistas na \u00c1frica e no sul da \u00c1sia tamb\u00e9m tomaram nota, avaliando se um CLT poderia promover o desenvolvimento equitativo e sustent\u00e1vel em suas pr\u00f3prias comunidades.     <\/p>\n\n\n\n<p><em>Em Comum: International Perspectives on the Community Land Trust <\/em>explora o crescimento desse movimento mundial de CLT. Os vinte e seis ensaios originais do livro, com a contribui\u00e7\u00e3o de quarenta e dois autores de uma d\u00fazia de pa\u00edses diferentes, abrangem cinco t\u00f3picos gerais:   <strong>IDEIAS BRILHANTES  <\/strong>pesquisar as justificativas conceituais e pr\u00e1ticas para o desenvolvimento liderado pela comunidade em terras de propriedade da comunidade;  <strong>REDES NACIONAIS  <\/strong>examinar a prolifera\u00e7\u00e3o e a poliniza\u00e7\u00e3o cruzada dos CLTs no Norte Global;  <strong>SEMENTEIRAS REGIONAIS  <\/strong>explorar o potencial de desenvolvimento do CLT no Sul Global;  <strong>APLICATIVOS URBANOS  <\/strong>mostrar o sucesso de CLTs selecionados em Londres, Bruxelas, Boston, Burlington e Denver, um punhado de CLTs altamente produtivos que est\u00e3o fornecendo moradias acess\u00edveis, estimulando a revitaliza\u00e7\u00e3o de bairros e garantindo terras para a agricultura urbana;  <strong>PERSPECTIVAS CR\u00cdTICAS  <\/strong>refletir sobre as mudan\u00e7as no ambiente \u00e0s quais os CLTs devem se adaptar se quiserem &#8220;ganhar escala&#8221; e, ao mesmo tempo, permanecer respons\u00e1veis perante as comunidades que atendem.<\/p>\n<\/div><\/div><\/div>\n\n\n\n<div class=\"wp-block-kadence-pane kt-accordion-pane kt-accordion-pane-3 kt-pane493_12d58d-07\"><div class=\"kt-accordion-header-wrap\"><button class=\"kt-blocks-accordion-header kt-acccordion-button-label-show\"><span class=\"kt-blocks-accordion-title-wrap\"><span class=\"kt-blocks-accordion-title\">Descri\u00e7\u00f5es dos cap\u00edtulos<\/span><\/span><span class=\"kt-blocks-accordion-icon-trigger\"><\/span><\/button><\/div><div class=\"kt-accordion-panel kt-accordion-panel-hidden\"><div class=\"kt-accordion-panel-inner\">\n<p><strong>INTRODU\u00c7\u00c3O: Em um terreno comum<\/strong><br\/>John Emmeus Davis, Line Algoed e Mar\u00eda E. Hern\u00e1ndez-Torrales<\/p>\n\n\n\n<p>Os editores do livro explicam por que decidiram produzir On Common Ground, o que ele cont\u00e9m e como eles esperam que o livro seja usado. Eles reconhecem a variedade de maneiras pelas quais os CLTs est\u00e3o sendo organizados, operados e aplicados em todo o mundo, ao mesmo tempo em que apontam para valores e compromissos que s\u00e3o compartilhados pela maioria dos profissionais e acad\u00eamicos do CLT, incluindo os 42 colaboradores deste volume.<\/p>\n\n\n\n<p><strong>CAP\u00cdTULO 1: In Land We Trust: Principais caracter\u00edsticas e varia\u00e7\u00f5es comuns dos Community Land Trusts nos EUA<\/strong><br\/>John Emmeus Davis<\/p>\n\n\n\n<p>O cen\u00e1rio global do CLT \u00e9 de enorme diversidade, mesmo nos Estados Unidos, onde o CLT &#8220;cl\u00e1ssico&#8221; foi concebido. A defini\u00e7\u00e3o das caracter\u00edsticas de propriedade, organizacionais e operacionais desse modelo &#8220;cl\u00e1ssico&#8221; \u00e9 detalhada no presente cap\u00edtulo, juntamente com as varia\u00e7\u00f5es mais comuns de cada uma delas. Tamb\u00e9m s\u00e3o consideradas cinco &#8220;causas de varia\u00e7\u00e3o cont\u00ednua&#8221;.<\/p>\n\n\n\n<p><strong>CAP\u00cdTULO 2: A antiga e futura cidade-jardim<\/strong><br\/>Yves Cabannes e Philip Ross<\/p>\n\n\n\n<p>Cabannes e Ross revisitam a Cidade Jardim, originalmente proposta por Ebenezer Howard h\u00e1 mais de 100 anos, para perguntar como sua vis\u00e3o poderia ser realizada em um ambiente moderno. Os fundos fiduci\u00e1rios comunit\u00e1rios, segundo eles, oferecem uma resposta parcial, servindo como &#8220;um ve\u00edculo para reunir gradualmente terras e colocar em pr\u00e1tica os princ\u00edpios da Cidade Jardim &#8211; agora e n\u00e3o mais tarde&#8221;.<\/p>\n\n\n\n<p><strong>CAP\u00cdTULO 3: Terreno comum: A terra de propriedade da comunidade como plataforma para o desenvolvimento equitativo e sustent\u00e1vel<\/strong><br\/>John Emmeus Davis<\/p>\n\n\n\n<p>&#8220;Terreno comum&#8221; \u00e9 uma descri\u00e7\u00e3o abreviada para o desenvolvimento liderado pela comunidade de moradias permanentemente acess\u00edveis em terrenos de propriedade da comunidade, a estrat\u00e9gia empregada por fundos de terrenos comunit\u00e1rios e outras ONGs que operam de maneira semelhante. Em uma plataforma comum, argumenta John Emmeus Davis, a propriedade e o poder podem ser distribu\u00eddos de forma equitativa e quaisquer ganhos em equidade podem ser sustentados de forma confi\u00e1vel, apesar das press\u00f5es pol\u00edticas e das for\u00e7as do mercado que, de outra forma, poderiam corroer esses ganhos. Trata-se de uma &#8220;reforma n\u00e3o reformista&#8221;, uma estrat\u00e9gia transformadora para promover o desenvolvimento com justi\u00e7a em uma comunidade local &#8211; e uma justi\u00e7a duradoura.<\/p>\n\n\n\n<p><strong>CAP\u00cdTULO 4: Defendendo os CLTs em todos os mercados, mesmo os frios<\/strong><br\/>Steve King<\/p>\n\n\n\n<p>Os argumentos que justificam os CLTs tendem a se concentrar em sua efic\u00e1cia para preservar a acessibilidade e evitar o deslocamento em mercados imobili\u00e1rios fortes, onde os pre\u00e7os da terra e da moradia est\u00e3o subindo. A maioria das justificativas regularmente ignora os v\u00e1rios pap\u00e9is que os CLTs tamb\u00e9m podem desempenhar para melhorar as condi\u00e7\u00f5es e capacitar os residentes onde os mercados imobili\u00e1rios s\u00e3o fracos. O diretor executivo do Oakland Community Land Trust, na Calif\u00f3rnia, se esfor\u00e7a para corrigir esse desequil\u00edbrio ret\u00f3rico, defendendo a efic\u00e1cia antic\u00edclica do CLT em todos os mercados, quentes e frios.<\/p>\n\n\n\n<p><strong>CAP\u00cdTULO 5: Desafios para o novo garoto do peda\u00e7o &#8211; Propriedade coletiva<\/strong><br\/>Liz Alden Wily<\/p>\n\n\n\n<p>Em todo o mundo, quase tr\u00eas bilh\u00f5es de pessoas ocupam terras ou fazem uso de recursos baseados na terra (por exemplo, bacias hidrogr\u00e1ficas, florestas, pastagens) por meio de sistemas formais ou informais de propriedade coletiva. Dependendo da estrutura jur\u00eddica de um determinado pa\u00eds, essa propriedade \u00e9 denominada terra comunal, coletiva, consuetudin\u00e1ria, nativa, ind\u00edgena ou comunit\u00e1ria. Liz Alden Wily, especialista internacional em posse de terra, oferece uma vis\u00e3o geral da natureza e da extens\u00e3o da propriedade coletiva e explora por que algumas comunidades preferem garantir terras coletivamente em vez de por meio de direitos individuais.<\/p>\n\n\n\n<p><strong>CAP\u00cdTULO 6: Do modelo ao movimento: O crescimento dos Community Land Trusts nos Estados Unidos<\/strong><br\/>John Emmeus Davis<\/p>\n\n\n\n<p>Como um &#8220;modelo&#8221; experimental de desenvolvimento liderado pela comunidade em terras de propriedade da comunidade cresceu de um \u00fanico prot\u00f3tipo de CLT em 1969, semeado por ativistas afro-americanos em um canto remoto dos EUA, para um &#8220;movimento&#8221; nacional de mais de 280 CLTs atualmente? A resposta pode ser encontrada em cinco &#8220;fatores de crescimento&#8221;: mensagem; campe\u00f5es; desempenho; pol\u00edtica; e vigor h\u00edbrido. Apesar de um aumento constante no n\u00famero de CLTs e no tamanho de suas propriedades, no entanto, as principais caracter\u00edsticas do modelo e os valores centrais do movimento s\u00e3o prec\u00e1rios. O futuro pode parecer diferente do passado.<\/p>\n\n\n\n<p><strong>CAP\u00cdTULO 7: Origens e evolu\u00e7\u00e3o dos fundos fiduci\u00e1rios comunit\u00e1rios urbanos no Canad\u00e1<\/strong><br\/>Susannah Bunce e Joshua Barndt<\/p>\n\n\n\n<p>O desenvolvimento de fundos fiduci\u00e1rios comunit\u00e1rios no Canad\u00e1 ocorreu em um per\u00edodo de 40 anos em duas fases distintas. A primeira gera\u00e7\u00e3o de CLTs canadenses (1980 &#8211; 2012) combinou terrenos de propriedade da comunidade com cooperativas habitacionais de v\u00e1rias unidades em Toronto e Montreal ou promoveu a propriedade individual de casas no oeste e na regi\u00e3o central do Canad\u00e1. Mais recentemente, uma segunda gera\u00e7\u00e3o de CLTs surgiu em cidades de todo o pa\u00eds em resposta a uma crise crescente de moradias acess\u00edveis, assumindo a forma de iniciativas baseadas na comunidade ou no setor. Desde 2017, CLTs mais antigos e mais novos se uniram por meio da Rede Canadense de CLTs.<\/p>\n\n\n\n<p><strong>CAP\u00cdTULO 8: Bagun\u00e7a \u00e9 bom! Origens e evolu\u00e7\u00e3o do movimento CLT na Inglaterra <\/strong><br\/>Stephen Hill, Catherine Harrington e Tom Archer<\/p>\n\n\n\n<p>Os tr\u00eas autores s\u00e3o acompanhados por cinco comentaristas convidados para tra\u00e7ar a trajet\u00f3ria do desenvolvimento do CLT na Inglaterra, abrangendo tr\u00eas per\u00edodos: &#8220;origens do pensamento e da pr\u00e1tica do CLT&#8221; (1986 &#8211; 2008); &#8220;consolida\u00e7\u00e3o e crescimento&#8221; (2008-2018); e &#8220;futuros potenciais para os CLTs&#8221; (presente e futuro). Na conclus\u00e3o do cap\u00edtulo, voc\u00ea se pergunta: &#8220;O que s\u00e3o realmente os CLTs?&#8221;<\/p>\n\n\n\n<p><strong>CAP\u00cdTULO 9: Al\u00e9m da Inglaterra: Origens e evolu\u00e7\u00e3o do movimento Community Land Trust na Europa<\/strong><br\/>Geert De Pauw e Joaquin de Santos<\/p>\n\n\n\n<p>Desde a forma\u00e7\u00e3o do Brussels Community Land Trust em 2010, o interesse pelo modelo tem crescido constantemente em toda a Europa. O cap\u00edtulo faz um balan\u00e7o da situa\u00e7\u00e3o atual do movimento CLT europeu, examinando os desenvolvimentos do CLT na B\u00e9lgica, Fran\u00e7a, Holanda, Alemanha, It\u00e1lia, Su\u00ed\u00e7a, Espanha, Portugal e Europa Central e Oriental. Embora o foco seja a Europa, os desenvolvimentos recentes na Esc\u00f3cia e na Irlanda tamb\u00e9m est\u00e3o inclu\u00eddos. O cap\u00edtulo termina com uma descri\u00e7\u00e3o do SHICC (Sustainable Housing for Inclusive and Cohesive Cities, Moradia Sustent\u00e1vel para Cidades Inclusivas e Coesas), uma colabora\u00e7\u00e3o internacional financiada pela Uni\u00e3o Europeia para promover o desenvolvimento do CLT.<\/p>\n\n\n\n<p><strong>CAP\u00cdTULO 10: Posse coletiva de terras na Am\u00e9rica Latina e no Caribe, passado e presente<\/strong><br\/>Pierre Arnold, Jer\u00f3nimo D\u00edaz e Line Algoed<\/p>\n\n\n\n<p>A posse coletiva da terra \u00e9 considerada por muitos ativistas na Am\u00e9rica Latina e no Caribe como um fator fundamental para proteger o territ\u00f3rio ind\u00edgena, promover a produ\u00e7\u00e3o social de habitat e consolidar comunidades urbanas. Com exce\u00e7\u00e3o do Ca\u00f1o Martin Pe\u00f1a Community Land Trust em San Juan, Porto Rico, o modelo CLT ainda n\u00e3o foi amplamente aplicado na regi\u00e3o, mas h\u00e1 precursores e equivalentes modernos nos ejidos do M\u00e9xico, nos territ\u00f3rios comunais do Equador e nas estrat\u00e9gias de recupera\u00e7\u00e3o das terras dos povos ind\u00edgenas na Bol\u00edvia, no Brasil e em v\u00e1rios pa\u00edses do Caribe. Nas \u00e1reas urbanas, a propriedade cooperativa da terra e da moradia e a gest\u00e3o cooperativa das reservas municipais extra\u00eddas do mercado s\u00e3o encontradas nas Cooperativas de Vivienda por Ayuda Matua, no Uruguai, e em v\u00e1rias lutas e iniciativas na Argentina, no Brasil e na Venezuela.<\/p>\n\n\n\n<p><strong>CAP\u00cdTULO 11: Semeando o CLT na Am\u00e9rica Latina e no Caribe: origens, conquistas e o exemplo de prova de conceito do Ca\u00f1o Mart\u00edn Pe\u00f1a Community Land Trust<\/strong><br\/>Mar\u00eda E. Hern\u00e1ndez-Torrales, Lyvia Rodr\u00edguez Del Valle, Line Algoed e Karla Torres Sueiro<\/p>\n\n\n\n<p>O Ca\u00f1o Martin Pe\u00f1a Community Land Trust em San Juan, Porto Rico, vencedor do Pr\u00eamio Mundial Habitat das Na\u00e7\u00f5es Unidas em 2016, tornou-se uma inspira\u00e7\u00e3o para ativistas comunit\u00e1rios em pa\u00edses do Sul Global que est\u00e3o procurando uma nova maneira de regularizar a posse da terra e garantir as casas das pessoas que vivem em assentamentos informais. Este cap\u00edtulo examina as origens de base e a estrutura organizacional desse CLT pioneiro e seu potencial para uso mais amplo em outros pa\u00edses.<\/p>\n\n\n\n<p><strong>CAP\u00cdTULO 12: Fundos de Terras Comunit\u00e1rios em Assentamentos Informais: Adapta\u00e7\u00e3o de caracter\u00edsticas do CLT Ca\u00f1o Mart\u00edn Pe\u00f1a de Porto Rico para lidar com a inseguran\u00e7a fundi\u00e1ria nas favelas do Rio de Janeiro, Brasil<\/strong><br\/>Tarcyla Fidalgo Ribeiro, Line Algoed, Mar\u00eda E. Hern\u00e1ndez-Torrales, Lyvia Rodr\u00edguez Del Valle, Alejandro Cott\u00e9 Morales e Theresa Williamson<\/p>\n\n\n\n<p>Nos assentamentos informais da Am\u00e9rica Latina, especialmente nas favelas do Brasil, h\u00e1 uma urg\u00eancia em encontrar novas estrat\u00e9gias para garantir a posse da terra. A precariedade jur\u00eddica da posse da terra nas favelas permitiu despejos arbitr\u00e1rios, como os que ocorreram no Rio de Janeiro antes da Copa do Mundo de 2014 e dos Jogos Ol\u00edmpicos de 2016. A informalidade da posse tamb\u00e9m serviu de desculpa para que os governos negligenciassem o desenvolvimento da infraestrutura local nas favelas e a presta\u00e7\u00e3o de servi\u00e7os p\u00fablicos adequados. Em 2010, a Catalytic Communities, uma ONG sediada no Rio de Janeiro, come\u00e7ou a estudar o CLT como uma estrat\u00e9gia em potencial para ajudar os moradores de favelas a conseguirem permanecer em casas e bairros nos quais est\u00e3o investidos financeira e emocionalmente. Com base na experi\u00eancia do primeiro CLT na Am\u00e9rica Latina, o Ca\u00f1o Martin Pe\u00f1a Community Land Trust, a Catalytic Communities prop\u00f4s uma estrutura legal e identificou as condi\u00e7\u00f5es sociais em que seria vi\u00e1vel desenvolver um CLT em assentamentos informais como as favelas.<\/p>\n\n\n\n<p><strong>CAP\u00cdTULO 13: Um Fundo de Terras de Bacias Hidrogr\u00e1ficas em Honduras: Perfil da Foundation Eco Verde Sostenible<\/strong><br\/>Kirby White e Nola White<\/p>\n\n\n\n<p>Fundada em 2002, a FECOVESCO \u00e9 um fundo regional de terras que adquire, gerencia e protege permanentemente fontes de \u00e1gua e bacias hidrogr\u00e1ficas das quais dependem comunidades remotas nas montanhas de Honduras. O controle dessas terras ribeirinhas \u00e9 fundamental para evitar que propriet\u00e1rios ausentes re\u00fanam parcelas maiores para extra\u00e7\u00e3o de madeira ou pastoreio comercial de gado, atividades que poluem os c\u00f3rregos dos quais a \u00e1gua \u00e9 retirada pelas pessoas de baixa renda que vivem nas proximidades. A FECOVESCO funciona como um fundo de terras controlado localmente, atuando como propriet\u00e1ria e administradora das terras da bacia hidrogr\u00e1fica, e como uma organiza\u00e7\u00e3o de desenvolvimento comunit\u00e1rio, construindo e expandindo sistemas de \u00e1gua e construindo e consertando escolas rurais remotas.<\/p>\n\n\n\n<p><strong>CAP\u00cdTULO 14: Semeando o TTC na \u00c1frica: Li\u00e7\u00f5es dos primeiros esfor\u00e7os para estabelecer fundos fiduci\u00e1rios comunit\u00e1rios no Qu\u00eania<\/strong><br\/>Claire Simonneau e Ellen Bassett, com Emmanuel Midheme<\/p>\n\n\n\n<p>O Tanzania-Bondeni Community Land Trust surgiu como uma rea\u00e7\u00e3o ao fracasso de respostas pol\u00edticas anteriores que tentaram melhorar as condi\u00e7\u00f5es em assentamentos carentes desenvolvidos por meio da ocupa\u00e7\u00e3o n\u00e3o autorizada e insegura de terras urbanas. Tanz\u00e2nia-Bondeni \u00e9 um assentamento informal de 3.000 pessoas localizado na periferia de Voi, uma cidade secund\u00e1ria no Qu\u00eania. Em 1994, um processo de planejamento participativo liderado pelos idosos do assentamento resultou em uma decis\u00e3o entre os residentes de longa data de formar um CLT. O processo de cria\u00e7\u00e3o do Tanzania-Bondeni Community Land Trust \u00e9 explorado no presente cap\u00edtulo. Tamb\u00e9m s\u00e3o considerados os impactos positivos da organiza\u00e7\u00e3o, as falhas internas e as perspectivas de um desenvolvimento mais amplo da CLT no Qu\u00eania e na \u00c1frica.<\/p>\n\n\n\n<p><strong>CAP\u00cdTULO 15: As origens e a evolu\u00e7\u00e3o do modelo CLT no sul da \u00c1sia<\/strong><br\/>Hannah Sholder e Arif Hasan<\/p>\n\n\n\n<p>O cap\u00edtulo come\u00e7a com o rastreamento da influ\u00eancia dos movimentos Bhoodan e Gramdan na \u00cdndia sobre o modelo CLT nos Estados Unidos. Shoulder e Hasan apresentam uma vis\u00e3o geral do Orangi Pilot Project (OPP) no Paquist\u00e3o, um exemplo significativo de desenvolvimento liderado pela comunidade para a melhoria da infraestrutura e da habita\u00e7\u00e3o. Com base nas li\u00e7\u00f5es do movimento Gramdan e dos programas da OPP, eles concluem examinando um esfor\u00e7o recente para adaptar o modelo CLT nos Bihari Camps de Bangladesh e sugerem que o modelo pode ter potencial para ser uma ferramenta \u00fatil para a regulariza\u00e7\u00e3o da posse e melhoria das moradias em assentamentos informais em todo o subcontinente sul-asi\u00e1tico.<\/p>\n\n\n\n<p><strong>CAP\u00cdTULO 16: Tome uma posi\u00e7\u00e3o, seja dono da terra: Dudley Neighbors Inc., um Fundo Comunit\u00e1rio de Terras em Boston, Massachusetts<\/strong><br\/>Harry Smith e Tony Hernandez<\/p>\n\n\n\n<p>O grito de guerra de uma campanha lan\u00e7ada pela Dudley Street Neighborhood Initiative em 1989, &#8220;Take a Stand, Own the Land&#8221;, tinha como objetivo for\u00e7ar a transfer\u00eancia de 30 acres de terras baldias e degradadas para as m\u00e3os de uma subsidi\u00e1ria do CLT criada no ano anterior. Metade era de propriedade da cidade de Boston e a outra metade de pessoas f\u00edsicas ou jur\u00eddicas. O sucesso dessa campanha de base \u00e9 o ponto central da hist\u00f3ria contada por Hernandez e Smith ao descreverem os esfor\u00e7os da DSNI para construir moradias permanentemente acess\u00edveis, construir uma vila urbana e criar uma rede de novas CLTs em toda a cidade de Boston.<\/p>\n\n\n\n<p><strong>CAP\u00cdTULO 17: Terras em confian\u00e7a para agricultura urbana: Rumo a um modelo escal\u00e1vel<\/strong><br\/>Nate Ela e Greg Rosenberg<\/p>\n\n\n\n<p>Os fundos fiduci\u00e1rios comunit\u00e1rios preservam a acessibilidade e protegem a seguran\u00e7a da posse para propriet\u00e1rios e locat\u00e1rios, mas os CLTs n\u00e3o se referem apenas \u00e0 moradia. Eles tamb\u00e9m est\u00e3o sendo usados para enfrentar o desafio de fornecer e proteger terras para a agricultura urbana. Ela e Rosenberg citam exemplos importantes nos Estados Unidos, ao mesmo tempo em que oferecem orienta\u00e7\u00e3o sobre &#8220;oito quest\u00f5es estrat\u00e9gicas&#8221; que os agricultores urbanos devem considerar ao buscar acesso de longo prazo \u00e0 terra. Eles tamb\u00e9m discutem as fun\u00e7\u00f5es que um &#8220;servidor central&#8221; pode desempenhar na garantia de terras agr\u00edcolas e no fornecimento de servi\u00e7os para produtores individuais e organiza\u00e7\u00f5es de bairro em uma \u00e1rea metropolitana.<\/p>\n\n\n\n<p><strong>CAP\u00cdTULO 18: As melhores coisas da vida s\u00e3o sempre acess\u00edveis: Perfil do Champlain Housing Trust, Burlington, Vermont<\/strong><br\/>Brenda M. Torpy<\/p>\n\n\n\n<p>Em 1984, a administra\u00e7\u00e3o do prefeito Bernie Sanders ajudou a criar o Burlington Community Land Trust, o primeiro CLT de iniciativa e apoio municipal nos Estados Unidos. Agora conhecido como Champlain Housing Trust (CHT), tornou-se o maior CLT do pa\u00eds, com um portf\u00f3lio imobili\u00e1rio de mais de 3.000 unidades de moradias permanentemente acess\u00edveis e mais de 160.000 p\u00e9s quadrados de espa\u00e7o n\u00e3o residencial, espalhados por uma \u00e1rea de servi\u00e7o de tr\u00eas condados. A hist\u00f3ria do CHT \u00e9 contada por sua presidente fundadora, Brenda Torpy, que mais tarde se tornou a diretora executiva mais antiga da organiza\u00e7\u00e3o.<\/p>\n\n\n\n<p><strong>CAP\u00cdTULO 19: Administra\u00e7\u00e3o de im\u00f3veis urbanos para benef\u00edcio comunit\u00e1rio de longo prazo: perfil da Urban Land Conservancy em Denver, Colorado<\/strong><br\/>Alan Gottlieb e Aaron Miripol<\/p>\n\n\n\n<p>Fundada em 2003, com uma \u00e1rea de servi\u00e7o que abrange toda a regi\u00e3o metropolitana, a Urban Land Conservancy se tornou um importante ator no cen\u00e1rio imobili\u00e1rio de Denver. Uma parte integral de seu sucesso se deve ao fato de a organiza\u00e7\u00e3o ter adotado as principais caracter\u00edsticas do CLT, incluindo a propriedade permanente da terra, o arrendamento do solo a longo prazo e a acessibilidade permanente de moradias e outros edif\u00edcios localizados em suas terras. Mais do que a maioria dos CLTs nos EUA e em outros lugares, a ULC aproveitou a versatilidade do modelo para ir al\u00e9m da propriedade da casa pr\u00f3pria &#8211; e al\u00e9m da moradia. A ULC apoiou o desenvolvimento de mais de 1.000 unidades de moradias multifamiliares para aluguel, al\u00e9m de ajudar a desenvolver 700.000 p\u00e9s quadrados de espa\u00e7o n\u00e3o residencial para parceiros sem fins lucrativos. Recentemente, ela incubou a Elevation CLT, uma nova organiza\u00e7\u00e3o que (diferentemente da ULC) se concentrar\u00e1 no desenvolvimento e na administra\u00e7\u00e3o de moradias ocupadas pelo propriet\u00e1rio com restri\u00e7\u00e3o de revenda.<\/p>\n\n\n\n<p><strong>CAP\u00cdTULO 20: London Community Land Trust: Uma hist\u00f3ria de pessoas, poder e perseveran\u00e7a<\/strong><br\/>Dave Smith<\/p>\n\n\n\n<p>O diretor executivo fundador do maior CLT do Reino Unido descreve o processo e a pol\u00edtica por tr\u00e1s da cria\u00e7\u00e3o do London Community Land Trust. No centro dessa hist\u00f3ria est\u00e1 uma campanha de 10 anos realizada pela LCLT para adquirir e converter um antigo hospital do NHS em moradias econ\u00f4micas. Com base nessa experi\u00eancia, que acabou sendo um sucesso, ele oferece tr\u00eas li\u00e7\u00f5es que s\u00e3o &#8220;relevantes para o movimento CLT em todo o mundo&#8221;.<\/p>\n\n\n\n<p><strong>Cap\u00edtulo 21: De grupo de press\u00e3o a parceiro do governo: A hist\u00f3ria do Community Land Trust de Bruxelas<\/strong><br\/>Geert De Pauw e Nele Aernouts<\/p>\n\n\n\n<p>Em 2013, o primeiro fundo comunit\u00e1rio de terras da Europa foi estabelecido por ativistas habitacionais de base em Bruxelas com o apoio financeiro do governo regional. Geert De Pauw, organizador e coordenador do CLT de Bruxelas, e Nele Aernouts, pesquisadora e professora da Vrije Universiteit, descrevem o processo de in\u00edcio desse CLT urbano e a conclus\u00e3o de seus primeiros projetos. Tamb\u00e9m s\u00e3o discutidas as perspectivas e os planos da CLT para o crescimento futuro.<\/p>\n\n\n\n<p><strong>CAP\u00cdTULO 22: O \u00f4nus da paci\u00eancia em uma longa marcha rumo \u00e0 justi\u00e7a racial<\/strong><br\/>Tony Pickett<\/p>\n\n\n\n<p>Os ativistas afro-americanos que criaram a CLT moderna pretendiam que ela fosse uma plataforma para aumentar a prosperidade e o poder das pessoas de cor. Houve progresso, mas ainda h\u00e1 muito a ser feito. Este \u00e9 um momento hist\u00f3rico na marcha em dire\u00e7\u00e3o \u00e0 justi\u00e7a racial, argumenta o diretor executivo da Grounded Solutions Network, que exige um autoexame entre os CLTs nos Estados Unidos &#8211; e em outros lugares. Os CLTs devem fazer um trabalho melhor, em particular, para ganhar escala e abrir espa\u00e7o para a pr\u00f3xima gera\u00e7\u00e3o de especialistas e l\u00edderes do CLT, que devem ser &#8220;coletivamente diversos e intencionalmente representativos das comunidades que atendem&#8221;.<\/p>\n\n\n\n<p><strong>CAP\u00cdTULO 23: Uma reflex\u00e3o sobre a bio\u00e9tica dos fundos fiduci\u00e1rios comunit\u00e1rios<\/strong><br\/>Mar\u00eda E. Hern\u00e1ndez-Torrales<\/p>\n\n\n\n<p>Nos \u00faltimos cinquenta anos, a bio\u00e9tica se tornou um dos campos mais desenvolvidos no estudo da \u00e9tica aplicada. Mar\u00eda E. Hern\u00e1ndez-Torrales aplica os princ\u00edpios gerais da an\u00e1lise bio\u00e9tica para defender o direito \u00e0 moradia. Em seguida, ela aplica os mesmos princ\u00edpios para argumentar que o CLT \u00e9 um &#8220;modelo \u00e9tico&#8221; na medida em que garante moradia segura, decente e acess\u00edvel para os indiv\u00edduos, mesmo levando em considera\u00e7\u00e3o as necessidades ambientais, culturais e sociais da comunidade em geral.<\/p>\n\n\n\n<p><strong>CAP\u00cdTULO 24: Controle comunit\u00e1rio da terra: Pensando al\u00e9m do Community Land Trust gen\u00e9rico<\/strong><br\/>Olivia R. Williams<\/p>\n\n\n\n<p>Como o modelo CLT cresceu e se proliferou nos Estados Unidos, ele se desviou de seu objetivo original, de acordo com Olivia Williams. Em vez de ser um mecanismo para a tomada de decis\u00f5es coletivas e o controle de longo prazo por pessoas pobres, da classe trabalhadora e marginalizadas sobre o desenvolvimento da terra, o modelo \u00e9 cada vez mais percebido e promovido principalmente como uma estrat\u00e9gia economicamente eficiente para a produ\u00e7\u00e3o de moradias acess\u00edveis. Como isso aconteceu? E o que pode ser feito agora para que os CLTs voltem a ser um movimento de controle comunit\u00e1rio da terra e da moradia, um movimento que seja respons\u00e1vel por &#8220;aqueles que est\u00e3o na linha de frente das lutas populares&#8221;?<\/p>\n\n\n\n<p><strong>CAP\u00cdTULO 25: Preservando a generatividade urbana: O papel dos espa\u00e7os porosos em projetos CLT<\/strong><br\/>Verena Lenna<\/p>\n\n\n\n<p>A arquiteta e urbanista Verena Lenna teoriza sobre as condi\u00e7\u00f5es necess\u00e1rias para promover e preservar os bens comuns urbanos. Em sua an\u00e1lise, a riqueza comum das cidades depende da possibilidade de intera\u00e7\u00f5es espont\u00e2neas entre indiv\u00edduos e comunidades, permitindo que eles desenvolvam reciprocidades, reajam a condi\u00e7\u00f5es opressivas e combinem recursos e conhecimentos especializados de maneiras novas, gerando solu\u00e7\u00f5es inovadoras para problemas emergentes. Com base no exemplo concreto do Le Nid (&#8220;o ninho&#8221;), um dos primeiros projetos residenciais desenvolvidos pelo CLT de Bruxelas, ela argumenta que os fundos comunit\u00e1rios de terras funcionam como &#8220;laborat\u00f3rios de generatividade urbana&#8221;. Eles oferecem espa\u00e7os porosos nos quais diversas coletividades interagem. Eles realizam experimentos de governan\u00e7a, novas formas de reciprocidade e colabora\u00e7\u00e3o e inova\u00e7\u00f5es institucionais que abordam uma variedade de quest\u00f5es, beneficiando a cidade como um todo.<\/p>\n\n\n\n<p><strong>CAP\u00cdTULO 26: Melhor juntos: A complexidade desafiadora e transformadora da comunidade, da terra e do fundo<\/strong><br\/>John Emmeus Davis<\/p>\n\n\n\n<p>Um community land trust \u00e9 um ve\u00edculo com muitas partes m\u00f3veis, uma montagem inteligente de v\u00e1rios ajustes na forma como a terra \u00e9 possu\u00edda, a moradia \u00e9 operada e um desenvolvedor sem fins lucrativos \u00e9 organizado. Separadamente, cada inova\u00e7\u00e3o \u00e9 um aprimoramento da forma como o desenvolvimento comunit\u00e1rio \u00e9 normalmente realizado. Mas eles s\u00e3o melhores juntos. Mais do que a reinven\u00e7\u00e3o da propriedade, da opera\u00e7\u00e3o e da organiza\u00e7\u00e3o, \u00e9 a combina\u00e7\u00e3o dessas caracter\u00edsticas que d\u00e1 ao CLT a vitalidade, a resili\u00eancia e o poder de transformar uma comunidade local.<\/p>\n<\/div><\/div><\/div>\n\n\n\n<div class=\"wp-block-kadence-pane kt-accordion-pane kt-accordion-pane-4 kt-pane493_34681d-60\"><div class=\"kt-accordion-header-wrap\"><button class=\"kt-blocks-accordion-header kt-acccordion-button-label-show\"><span class=\"kt-blocks-accordion-title-wrap\"><span class=\"kt-blocks-accordion-title\">Colaboradores<\/span><\/span><span class=\"kt-blocks-accordion-icon-trigger\"><\/span><\/button><\/div><div class=\"kt-accordion-panel kt-accordion-panel-hidden\"><div class=\"kt-accordion-panel-inner\">\n<div class=\"wp-block-columns is-layout-flex wp-container-core-columns-is-layout-28f84493 wp-block-columns-is-layout-flex\">\n<div class=\"wp-block-column is-layout-flow wp-block-column-is-layout-flow\">\n<p>Nele Aernouts<br\/>Line Algoed (co-editora)<br\/>Tom Archer<br\/>Pierre Arnold<br\/>Joshua Barndt<br\/>Ellen Bassett<br\/>Susannah Bunce<br\/>Yves Cabannes<br\/>John Emmeus Davis (co-editor)<br\/>Lyvia Rodr\u00edguez Del Valle<br\/>Geert De Pauw<br\/>Joaqu\u00edn de Santos<br\/>Jer\u00f4nimo D\u00edaz<br\/>Nate Ela<br\/>Alan Gottlieb<br\/>Catherine Harrington<br\/>Arif Hasan<br\/>Mar\u00eda E. Hern\u00e1ndez-Torrales (co-editora)<br\/>Tony Hernandez<br\/>Stephen Hill<br\/>David Ireland<\/p>\n<\/div>\n\n\n\n<div class=\"wp-block-column is-layout-flow wp-block-column-is-layout-flow\">\n<p>Steve King<br\/>Verena Lenna<br\/>Jerry Maldonado<br\/>Emmanuel Midheme<br\/>Aaron Miripol<br\/>Tony Pickett<br\/>Tarcyla Fidalgo Ribeiro<br\/>Greg Rosenberg<br\/>Philip Ross<br\/>Hannah Sholder<br\/>Claire Simonneau<br\/>Dave Smith<br\/>Harry Smith<br\/>Karla Torres Sueiro<br\/>Brenda Torpy<br\/>Kirby White<br\/>Nola White<br\/>Olivia R. Williams<br\/>Theresa Williamson<br\/>Liz Alden Wily<\/p>\n<\/div>\n<\/div>\n<\/div><\/div><\/div>\n\n\n\n<div class=\"wp-block-kadence-pane kt-accordion-pane kt-accordion-pane-5 kt-pane493_a96b42-b6\"><div class=\"kt-accordion-header-wrap\"><button class=\"kt-blocks-accordion-header kt-acccordion-button-label-show\"><span class=\"kt-blocks-accordion-title-wrap\"><span class=\"kt-blocks-accordion-title\">Biografias de editores<\/span><\/span><span class=\"kt-blocks-accordion-icon-trigger\"><\/span><\/button><\/div><div class=\"kt-accordion-panel kt-accordion-panel-hidden\"><div class=\"kt-accordion-panel-inner\">\n<p><strong>Line Algoed<\/strong> \u00e9 pesquisadora de doutorado no Cosmopolis, Centro de Pesquisa Urbana da Vrije Universiteit, em Bruxelas, e pesquisadora do Instituto Internacional de Estudos Sociais, em Haia. Ela trabalha com o CLT Ca\u00f1o Mart\u00edn Pe\u00f1a em Porto Rico em interc\u00e2mbios internacionais entre comunidades envolvidas em lutas pela terra. Ela tamb\u00e9m \u00e9 associada do Center for CLT Innovation. Anteriormente, Line foi gerente do programa World Habitat Awards na BSHF (agora World Habitat). Ela tem mestrado em Antropologia Cultural pela Universidade de Leiden e mestrado em Sociologia pela London School of Economics.    <\/p>\n\n\n\n<p><strong>John Emmeus Davis<\/strong> \u00e9 s\u00f3cio fundador da Burlington Associates in Community Development, uma cooperativa nacional de consultoria nos EUA. Possui mestrado e doutorado pela Cornell University e lecionou pol\u00edtica habitacional e planejamento de bairros no New Hampshire College, na University of Vermont e no Massachusetts Institute of Technology. Atuou por dez anos como diretor de habita\u00e7\u00e3o da cidade de Burlington, Vermont, sob o comando dos prefeitos Bernie Sanders e Peter Clavelle. Os fundos de terras comunit\u00e1rios (CLTs) t\u00eam sido uma parte importante de sua pr\u00e1tica profissional e de seus escritos acad\u00eamicos h\u00e1 40 anos. Al\u00e9m de publicar v\u00e1rios livros e artigos sobre CLTs, ele foi coprodutor do document\u00e1rio Arc of Justice. Ele \u00e9 codiretor do Center for CLT Innovation. (Consulte tamb\u00e9m: <a href=\"https:\/\/en.wikipedia.org\/wiki\/John_Emmeus_Davis\" target=\"_blank\" rel=\"noreferrer noopener\">https:\/\/en.wikipedia.org\/wiki\/John_Emmeus_Davis)<\/a>      <\/p>\n\n\n\n<p><strong>Mar\u00eda E. Hern\u00e1ndez-Torrales<\/strong> tem mestrado em direito ambiental pela Vermont Law School e mestrado em educa\u00e7\u00e3o empresarial pela New York University. Ela cursou a gradua\u00e7\u00e3o e o doutorado em direito na Universidade de Porto Rico. Desde 2005, ela tem feito trabalho jur\u00eddico pro bono para o Projeto ENLACE e para o Fideicomiso de la Tierra del Ca\u00f1o Mart\u00edn Pe\u00f1a. Desde 2008, Hern\u00e1ndez-Torrales trabalha como advogada e professora cl\u00ednica na Faculdade de Direito da Universidade de Porto Rico, onde leciona na Cl\u00ednica de Desenvolvimento Econ\u00f4mico Comunit\u00e1rio.   <\/p>\n<\/div><\/div><\/div>\n\n\n\n<div class=\"wp-block-kadence-pane kt-accordion-pane kt-accordion-pane-6 kt-pane493_7d850a-66\"><div class=\"kt-accordion-header-wrap\"><button class=\"kt-blocks-accordion-header kt-acccordion-button-label-show\"><span class=\"kt-blocks-accordion-title-wrap\"><span class=\"kt-blocks-accordion-title\">T\u00f3picos em destaque<\/span><\/span><span class=\"kt-blocks-accordion-icon-trigger\"><\/span><\/button><\/div><div class=\"kt-accordion-panel kt-accordion-panel-hidden\"><div class=\"kt-accordion-panel-inner\">\n<p><strong>I. IDEIAS BRILHANTES.<\/strong>  Levantamento do cen\u00e1rio diversificado de estruturas, estrat\u00e9gias e justificativas para o community land trust.<\/p>\n\n\n\n<ul class=\"wp-block-list\">\n<li>A antiga e futura Cidade Jardim<\/li>\n\n\n\n<li>Caracter\u00edsticas e varia\u00e7\u00f5es do &#8220;CLT cl\u00e1ssico&#8221;<\/li>\n\n\n\n<li>CLTs em mercados frios<\/li>\n\n\n\n<li>Desafios para a propriedade coletiva<\/li>\n\n\n\n<li>Terras de propriedade da comunidade: uma plataforma para o desenvolvimento equitativo e sustent\u00e1vel<\/li>\n<\/ul>\n\n\n\n<p><strong>II. REDES NACIONAIS. <\/strong>  Examinando a prolifera\u00e7\u00e3o e a poliniza\u00e7\u00e3o cruzada dos CLTs no Norte Global.<\/p>\n\n\n\n<ul class=\"wp-block-list\">\n<li>Crescimento dos CLTs nos Estados Unidos<\/li>\n\n\n\n<li>Evolu\u00e7\u00e3o do movimento CLT na Inglaterra<\/li>\n\n\n\n<li>Crescimento dos CLTs urbanos no Canad\u00e1<\/li>\n\n\n\n<li>Evolu\u00e7\u00e3o do movimento CLT na Europa<\/li>\n<\/ul>\n\n\n\n<p><strong>III. SEMENTEIRAS REGIONAIS<\/strong>. Exploring the potential for CLT development in the Global South. <\/p>\n\n\n\n<ul class=\"wp-block-list\">\n<li>Propriedade coletiva da terra na Am\u00e9rica Latina e no Caribe<\/li>\n\n\n\n<li>Regulariza\u00e7\u00e3o da posse nas favelas do Brasil e em outros assentamentos informais<\/li>\n\n\n\n<li>Ca\u00f1o Mart\u00edn Pe\u00f1a CLT em Porto Rico<\/li>\n\n\n\n<li>Um fundo de terra de bacia hidrogr\u00e1fica em Honduras<\/li>\n\n\n\n<li>Li\u00e7\u00f5es das iniciativas de CLT no Qu\u00eania<\/li>\n\n\n\n<li>Evolu\u00e7\u00e3o da CLT no sul da \u00c1sia<\/li>\n<\/ul>\n\n\n\n<p><strong>IV. APLICA\u00c7\u00d5ES URBANAS. <\/strong>  Apresentando os projetos e o desempenho dos CLTs em cidades selecionadas.<\/p>\n\n\n\n<ul class=\"wp-block-list\">\n<li>London Community Land Trust<\/li>\n\n\n\n<li>Fundo Comunit\u00e1rio de Terras de Bruxelas<\/li>\n\n\n\n<li>Iniciativa da vizinhan\u00e7a da Dudley Street<\/li>\n\n\n\n<li>Conserva\u00e7\u00e3o de terras urbanas de Denver<\/li>\n\n\n\n<li>Champlain Housing Trust<\/li>\n\n\n\n<li>Terras em confian\u00e7a para agricultura urbana<\/li>\n<\/ul>\n\n\n\n<p><strong>V. PERSPECTIVAS CR\u00cdTICAS.<\/strong>  Refletir sobre as mudan\u00e7as no ambiente \u00e0s quais os CLTs devem se adaptar se quiserem &#8220;ganhar escala&#8221; e, ao mesmo tempo, permanecer respons\u00e1veis perante suas comunidades.<\/p>\n\n\n\n<ul class=\"wp-block-list\">\n<li>A longa marcha em dire\u00e7\u00e3o \u00e0 justi\u00e7a racial<\/li>\n\n\n\n<li>Bio\u00e9tica e a CLT<\/li>\n\n\n\n<li>Preserva\u00e7\u00e3o da generatividade urbana<\/li>\n\n\n\n<li>Pensando al\u00e9m do CLT gen\u00e9rico<\/li>\n\n\n\n<li>A complexidade desafiadora e transformadora<\/li>\n<\/ul>\n<\/div><\/div><\/div>\n\n\n\n<div class=\"wp-block-kadence-pane kt-accordion-pane kt-accordion-pane-7 kt-pane493_64f8e5-cc\"><div class=\"kt-accordion-header-wrap\"><button class=\"kt-blocks-accordion-header kt-acccordion-button-label-show\"><span class=\"kt-blocks-accordion-title-wrap\"><span class=\"kt-blocks-accordion-title\">Materiais de marketing<\/span><\/span><span class=\"kt-blocks-accordion-icon-trigger\"><\/span><\/button><\/div><div class=\"kt-accordion-panel kt-accordion-panel-hidden\"><div class=\"kt-accordion-panel-inner\">\n<p><a href=\"https:\/\/www.cltweb.org\/wp-content\/uploads\/2024\/10\/On-Common-Ground-Brochure-061020.pdf\" data-type=\"attachment\" data-id=\"2413\">Folheto de marketing<\/a><\/p>\n<\/div><\/div><\/div>\n\n\n\n<div class=\"wp-block-kadence-pane kt-accordion-pane kt-accordion-pane-8 kt-pane493_8899aa-36\"><div class=\"kt-accordion-header-wrap\"><button class=\"kt-blocks-accordion-header kt-acccordion-button-label-show\"><span class=\"kt-blocks-accordion-title-wrap\"><span class=\"kt-blocks-accordion-title\">\u00cdndice<\/span><\/span><span class=\"kt-blocks-accordion-icon-trigger\"><\/span><\/button><\/div><div class=\"kt-accordion-panel kt-accordion-panel-hidden\"><div class=\"kt-accordion-panel-inner\">\n<p><strong>N\u00fameros<\/strong><\/p>\n\n\n\n<p><strong>Pref\u00e1cio:<\/strong> Jerry Maldonado, Funda\u00e7\u00e3o Ford; David Ireland, World Habitat<\/p>\n\n\n\n<p><strong>Introdu\u00e7\u00e3o:<\/strong> Em um terreno comum<\/p>\n\n\n\n<p><strong>Primeira parte. Ideias brilhantes: Surveying the Diverse Landscape of Common Ground: Estruturas, estrat\u00e9gias e justificativas<br\/>1. <\/strong>  In Land We Trust: Principais caracter\u00edsticas e varia\u00e7\u00f5es comuns dos Community Land Trusts nos EUA <strong>2.<\/strong> A antiga e futura cidade-jardim<strong> 3<\/strong>. Common Ground: A terra de propriedade da comunidade como uma plataforma para o desenvolvimento equitativo e sustent\u00e1vel <strong>4.<\/strong> Defendendo os CLTs em todos os mercados, mesmo os frios <strong>5<\/strong>. Desafios para o novo garoto do peda\u00e7o &#8211; a propriedade coletiva  <\/p>\n\n\n\n<p><strong>Segunda parte. Redes nacionais: Examinando a prolifera\u00e7\u00e3o e a poliniza\u00e7\u00e3o cruzada dos CLTs no Norte Global <\/strong><br\/><strong>6.<\/strong> Do modelo ao movimento: O crescimento dos Community Land Trusts nos Estados Unidos <strong>7.<\/strong> Origens e evolu\u00e7\u00e3o dos Community Land Trusts urbanos no Canad\u00e1 <strong>8.<\/strong> Bagun\u00e7a \u00e9 bom! Origens e evolu\u00e7\u00e3o do movimento CLT na Inglaterra <strong>9.<\/strong> Al\u00e9m da Inglaterra: Origens e evolu\u00e7\u00e3o do movimento Community Land Trust na Europa <\/p>\n\n\n\n<p><strong>Terceira parte. Sementes regionais: Explorando o potencial de crescimento do CLT no Sul Global <\/strong><br\/><strong>10.<\/strong> Posse coletiva da terra na Am\u00e9rica Latina e no Caribe, passado e presente <strong>11. <\/strong>Semeando o CLT na Am\u00e9rica Latina e no Caribe: origens, conquistas e o exemplo de prova de conceito do Community Land Trust de Ca\u00f1o Mart\u00edn Pe\u00f1a <strong>12.<\/strong> Community Land Trusts em assentamentos informais: Adapta\u00e7\u00e3o das caracter\u00edsticas do Ca\u00f1o Mart\u00edn Pe\u00f1a CLT de Porto Rico para lidar com a inseguran\u00e7a fundi\u00e1ria nas favelas do Rio de Janeiro, Brasil <strong>13.<\/strong> Um fideicomisso de terra de bacia hidrogr\u00e1fica em Honduras: Perfil da Funda\u00e7\u00e3o Eco Verde Sostenible <strong>14.<\/strong> Semeando o CLT na \u00c1frica: Li\u00e7\u00f5es dos primeiros esfor\u00e7os para estabelecer Community Land Trusts no Qu\u00eania <strong>15.<\/strong> As origens e a evolu\u00e7\u00e3o do modelo CLT no sul da \u00c1sia     <\/p>\n\n\n\n<p><strong>Quarta parte. Aplica\u00e7\u00f5es urbanas: Medindo o progresso dos CLTs de alto desempenho em cidades selecionadas<br\/>16. <\/strong>  Tome uma posi\u00e7\u00e3o, seja dono da terra: Dudley Neighbors Inc., um Community Land Trust em Boston, Massachusetts <strong>17.<\/strong> Terras em fideicomisso para agricultura urbana: Rumo a um modelo escal\u00e1vel <strong>18<\/strong>. The Best Things in Life Are Perpetually Affordable (As Melhores Coisas da Vida S\u00e3o Perpetuamente Acess\u00edveis): Perfil do Champlain Housing Trust, Burlington, Vermont <strong>19.<\/strong> Stewardship of Urban Real Estate for Long-Term Community Benefit: Profile of the Urban Land Conservancy in Denver, Colorado <strong>20.<\/strong> London Community Land Trust: A Story of People, Power, and Perseverance <strong>(<\/strong> Uma hist\u00f3ria de pessoas, poder e perseveran\u00e7a <strong>) 21.<\/strong> De grupo de press\u00e3o a parceiro do governo: A hist\u00f3ria do Brussels Community Land Trust <\/p>\n\n\n\n<p><strong>Quinta parte. Perspectivas cr\u00edticas: Enfrentando os desafios de um ambiente em mudan\u00e7a <\/strong><br\/><strong>22.<\/strong> O \u00f4nus da paci\u00eancia em uma longa marcha rumo \u00e0 justi\u00e7a racial <strong>23.<\/strong> A Reflection on the Bioethics of Community Land Trusts (Uma Reflex\u00e3o sobre a Bio\u00e9tica dos Fundos Comunit\u00e1rios de Terras) <strong>24.<\/strong> Controle comunit\u00e1rio da terra: Pensando al\u00e9m do Community Land Trust gen\u00e9rico <strong>25.<\/strong> Preservando a generatividade urbana: O papel dos espa\u00e7os porosos em projetos CLT <strong>26.<\/strong> Better Together: A complexidade desafiadora e transformadora da comunidade, da terra e do fideicomisso<\/p>\n\n\n\n<p><strong>Colaboradores<\/strong><\/p>\n\n\n\n<p><strong>\u00cdndice<\/strong><\/p>\n<\/div><\/div><\/div>\n<\/div><\/div><\/div>\n\n<p><\/p>\n","protected":false},"excerpt":{"rendered":"<p>On Common Ground: International Perspectives on the Community Land Trust \u00e9 uma colet\u00e2nea de vinte e seis ensaios originais, escritos por quarenta e dois acad\u00eamicos e profissionais de uma d\u00fazia [&hellip;]<\/p>\n","protected":false},"author":1,"featured_media":720,"parent":1947,"menu_order":0,"comment_status":"closed","ping_status":"closed","template":"","meta":{"give_campaign_id":0,"_tec_requires_first_save":true,"_kad_blocks_custom_css":"","_kad_blocks_head_custom_js":"","_kad_blocks_body_custom_js":"","_kad_blocks_footer_custom_js":"","_EventAllDay":false,"_EventTimezone":"","_EventStartDate":"","_EventEndDate":"","_EventStartDateUTC":"","_EventEndDateUTC":"","_EventShowMap":false,"_EventShowMapLink":false,"_EventURL":"","_EventCost":"","_EventCostDescription":"","_EventCurrencySymbol":"","_EventCurrencyCode":"","_EventCurrencyPosition":"","_EventDateTimeSeparator":"","_EventTimeRangeSeparator":"","_EventOrganizerID":[],"_EventVenueID":[],"_OrganizerEmail":"","_OrganizerPhone":"","_OrganizerWebsite":"","_VenueAddress":"","_VenueCity":"","_VenueCountry":"","_VenueProvince":"","_VenueState":"","_VenueZip":"","_VenuePhone":"","_VenueURL":"","_VenueStateProvince":"","_VenueLat":"","_VenueLng":"","_VenueShowMap":false,"_VenueShowMapLink":false,"_tribe_blocks_recurrence_rules":"","_tribe_blocks_recurrence_description":"","_tribe_blocks_recurrence_exclusions":"","footnotes":""},"categories":[117],"tags":[],"class_list":["post-1625","page","type-page","status-publish","has-post-thumbnail","hentry","category-catalogo"],"blocksy_meta":[],"yoast_head":"<!-- This site is optimized with the Yoast SEO Premium plugin v27.5 (Yoast SEO v27.5) - https:\/\/yoast.com\/product\/yoast-seo-premium-wordpress\/ -->\n<title>Em um terreno comum - International Center for Community Land Trusts<\/title>\n<meta name=\"robots\" content=\"index, follow, max-snippet:-1, max-image-preview:large, max-video-preview:-1\" \/>\n<link rel=\"canonical\" href=\"https:\/\/www.cltweb.org\/pt-br\/terra-nostra-press\/catalogo\/em-um-terreno-comum-perspectivas-internacionais-sobre-o-community-land-trust\/\" \/>\n<meta property=\"og:locale\" content=\"pt_BR\" \/>\n<meta property=\"og:type\" content=\"article\" \/>\n<meta property=\"og:title\" content=\"Em um terreno comum\" \/>\n<meta property=\"og:description\" content=\"On Common Ground: International Perspectives on the Community Land Trust \u00e9 uma colet\u00e2nea de vinte e seis ensaios originais, escritos por quarenta e dois acad\u00eamicos e profissionais de uma d\u00fazia [&hellip;]\" \/>\n<meta property=\"og:url\" content=\"https:\/\/www.cltweb.org\/pt-br\/terra-nostra-press\/catalogo\/em-um-terreno-comum-perspectivas-internacionais-sobre-o-community-land-trust\/\" \/>\n<meta property=\"og:site_name\" content=\"International Center for Community Land Trusts\" \/>\n<meta property=\"article:publisher\" content=\"https:\/\/www.facebook.com\/cltcenter\" \/>\n<meta property=\"article:modified_time\" content=\"2025-01-02T20:49:51+00:00\" \/>\n<meta property=\"og:image\" content=\"https:\/\/www.cltweb.org\/wp-content\/uploads\/2024\/08\/On_Common_Ground_cover-scaled.jpg\" \/>\n\t<meta property=\"og:image:width\" content=\"1803\" \/>\n\t<meta property=\"og:image:height\" content=\"2560\" \/>\n\t<meta property=\"og:image:type\" content=\"image\/jpeg\" \/>\n<meta name=\"twitter:card\" content=\"summary_large_image\" \/>\n<meta name=\"twitter:site\" content=\"@Center4CLTs\" \/>\n<meta name=\"twitter:label1\" content=\"Est. tempo de leitura\" \/>\n\t<meta name=\"twitter:data1\" content=\"28 minutos\" \/>\n<script type=\"application\/ld+json\" class=\"yoast-schema-graph\">{\"@context\":\"https:\\\/\\\/schema.org\",\"@graph\":[{\"@type\":\"WebPage\",\"@id\":\"https:\\\/\\\/www.cltweb.org\\\/pt-br\\\/terra-nostra-press\\\/catalogo\\\/em-um-terreno-comum-perspectivas-internacionais-sobre-o-community-land-trust\\\/\",\"url\":\"https:\\\/\\\/www.cltweb.org\\\/pt-br\\\/terra-nostra-press\\\/catalogo\\\/em-um-terreno-comum-perspectivas-internacionais-sobre-o-community-land-trust\\\/\",\"name\":\"Em um terreno comum - International Center for Community Land Trusts\",\"isPartOf\":{\"@id\":\"https:\\\/\\\/www.cltweb.org\\\/pt-br\\\/#website\"},\"primaryImageOfPage\":{\"@id\":\"https:\\\/\\\/www.cltweb.org\\\/pt-br\\\/terra-nostra-press\\\/catalogo\\\/em-um-terreno-comum-perspectivas-internacionais-sobre-o-community-land-trust\\\/#primaryimage\"},\"image\":{\"@id\":\"https:\\\/\\\/www.cltweb.org\\\/pt-br\\\/terra-nostra-press\\\/catalogo\\\/em-um-terreno-comum-perspectivas-internacionais-sobre-o-community-land-trust\\\/#primaryimage\"},\"thumbnailUrl\":\"https:\\\/\\\/www.cltweb.org\\\/wp-content\\\/uploads\\\/2024\\\/08\\\/On_Common_Ground_cover-scaled.jpg\",\"datePublished\":\"2024-07-29T23:47:30+00:00\",\"dateModified\":\"2025-01-02T20:49:51+00:00\",\"breadcrumb\":{\"@id\":\"https:\\\/\\\/www.cltweb.org\\\/pt-br\\\/terra-nostra-press\\\/catalogo\\\/em-um-terreno-comum-perspectivas-internacionais-sobre-o-community-land-trust\\\/#breadcrumb\"},\"inLanguage\":\"pt-BR\",\"potentialAction\":[{\"@type\":\"ReadAction\",\"target\":[\"https:\\\/\\\/www.cltweb.org\\\/pt-br\\\/terra-nostra-press\\\/catalogo\\\/em-um-terreno-comum-perspectivas-internacionais-sobre-o-community-land-trust\\\/\"]}]},{\"@type\":\"ImageObject\",\"inLanguage\":\"pt-BR\",\"@id\":\"https:\\\/\\\/www.cltweb.org\\\/pt-br\\\/terra-nostra-press\\\/catalogo\\\/em-um-terreno-comum-perspectivas-internacionais-sobre-o-community-land-trust\\\/#primaryimage\",\"url\":\"https:\\\/\\\/www.cltweb.org\\\/wp-content\\\/uploads\\\/2024\\\/08\\\/On_Common_Ground_cover-scaled.jpg\",\"contentUrl\":\"https:\\\/\\\/www.cltweb.org\\\/wp-content\\\/uploads\\\/2024\\\/08\\\/On_Common_Ground_cover-scaled.jpg\",\"width\":1803,\"height\":2560},{\"@type\":\"BreadcrumbList\",\"@id\":\"https:\\\/\\\/www.cltweb.org\\\/pt-br\\\/terra-nostra-press\\\/catalogo\\\/em-um-terreno-comum-perspectivas-internacionais-sobre-o-community-land-trust\\\/#breadcrumb\",\"itemListElement\":[{\"@type\":\"ListItem\",\"position\":1,\"name\":\"Home\",\"item\":\"https:\\\/\\\/www.cltweb.org\\\/pt-br\\\/\"},{\"@type\":\"ListItem\",\"position\":2,\"name\":\"Terra Nostra Press\",\"item\":\"https:\\\/\\\/www.cltweb.org\\\/pt-br\\\/terra-nostra-press\\\/\"},{\"@type\":\"ListItem\",\"position\":3,\"name\":\"Cat\u00e1logo\",\"item\":\"https:\\\/\\\/www.cltweb.org\\\/pt-br\\\/terra-nostra-press\\\/catalogo\\\/\"},{\"@type\":\"ListItem\",\"position\":4,\"name\":\"Em um terreno comum\"}]},{\"@type\":\"WebSite\",\"@id\":\"https:\\\/\\\/www.cltweb.org\\\/pt-br\\\/#website\",\"url\":\"https:\\\/\\\/www.cltweb.org\\\/pt-br\\\/\",\"name\":\"International Center for Community Land Trusts\",\"description\":\"\",\"publisher\":{\"@id\":\"https:\\\/\\\/www.cltweb.org\\\/pt-br\\\/#organization\"},\"potentialAction\":[{\"@type\":\"SearchAction\",\"target\":{\"@type\":\"EntryPoint\",\"urlTemplate\":\"https:\\\/\\\/www.cltweb.org\\\/pt-br\\\/?s={search_term_string}\"},\"query-input\":{\"@type\":\"PropertyValueSpecification\",\"valueRequired\":true,\"valueName\":\"search_term_string\"}}],\"inLanguage\":\"pt-BR\"},{\"@type\":\"Organization\",\"@id\":\"https:\\\/\\\/www.cltweb.org\\\/pt-br\\\/#organization\",\"name\":\"International Center for Community Land Trusts\",\"url\":\"https:\\\/\\\/www.cltweb.org\\\/pt-br\\\/\",\"logo\":{\"@type\":\"ImageObject\",\"inLanguage\":\"pt-BR\",\"@id\":\"https:\\\/\\\/www.cltweb.org\\\/pt-br\\\/#\\\/schema\\\/logo\\\/image\\\/\",\"url\":\"https:\\\/\\\/www.cltweb.org\\\/wp-content\\\/uploads\\\/2024\\\/11\\\/New-CLT-Center-Text-logo.png\",\"contentUrl\":\"https:\\\/\\\/www.cltweb.org\\\/wp-content\\\/uploads\\\/2024\\\/11\\\/New-CLT-Center-Text-logo.png\",\"width\":227,\"height\":80,\"caption\":\"International Center for Community Land Trusts\"},\"image\":{\"@id\":\"https:\\\/\\\/www.cltweb.org\\\/pt-br\\\/#\\\/schema\\\/logo\\\/image\\\/\"},\"sameAs\":[\"https:\\\/\\\/www.facebook.com\\\/cltcenter\",\"https:\\\/\\\/x.com\\\/Center4CLTs\",\"https:\\\/\\\/www.instagram.com\\\/cltcenter\\\/\",\"https:\\\/\\\/www.linkedin.com\\\/company\\\/cltcenter\",\"https:\\\/\\\/www.youtube.com\\\/@centerforcltinnovation5313\"],\"description\":\"The International Center for Community Land Trusts is a not-for-profit nongovernmental organization established in 2018 to promote and to support community land trusts and similar strategies of community-led development on community-owned land in countries throughout the world.\",\"email\":\"info@communitylandtrust.net\",\"legalName\":\"International Center for Community Land Trusts\",\"foundingDate\":\"2018-12-01\",\"taxID\":\"84-3858933\",\"numberOfEmployees\":{\"@type\":\"QuantitativeValue\",\"minValue\":\"1\",\"maxValue\":\"10\"}}]}<\/script>\n<!-- \/ Yoast SEO Premium plugin. -->","yoast_head_json":{"title":"Em um terreno comum - International Center for Community Land Trusts","robots":{"index":"index","follow":"follow","max-snippet":"max-snippet:-1","max-image-preview":"max-image-preview:large","max-video-preview":"max-video-preview:-1"},"canonical":"https:\/\/www.cltweb.org\/pt-br\/terra-nostra-press\/catalogo\/em-um-terreno-comum-perspectivas-internacionais-sobre-o-community-land-trust\/","og_locale":"pt_BR","og_type":"article","og_title":"Em um terreno comum","og_description":"On Common Ground: International Perspectives on the Community Land Trust \u00e9 uma colet\u00e2nea de vinte e seis ensaios originais, escritos por quarenta e dois acad\u00eamicos e profissionais de uma d\u00fazia [&hellip;]","og_url":"https:\/\/www.cltweb.org\/pt-br\/terra-nostra-press\/catalogo\/em-um-terreno-comum-perspectivas-internacionais-sobre-o-community-land-trust\/","og_site_name":"International Center for Community Land Trusts","article_publisher":"https:\/\/www.facebook.com\/cltcenter","article_modified_time":"2025-01-02T20:49:51+00:00","og_image":[{"width":1803,"height":2560,"url":"https:\/\/www.cltweb.org\/wp-content\/uploads\/2024\/08\/On_Common_Ground_cover-scaled.jpg","type":"image\/jpeg"}],"twitter_card":"summary_large_image","twitter_site":"@Center4CLTs","twitter_misc":{"Est. tempo de leitura":"28 minutos"},"schema":{"@context":"https:\/\/schema.org","@graph":[{"@type":"WebPage","@id":"https:\/\/www.cltweb.org\/pt-br\/terra-nostra-press\/catalogo\/em-um-terreno-comum-perspectivas-internacionais-sobre-o-community-land-trust\/","url":"https:\/\/www.cltweb.org\/pt-br\/terra-nostra-press\/catalogo\/em-um-terreno-comum-perspectivas-internacionais-sobre-o-community-land-trust\/","name":"Em um terreno comum - International Center for Community Land Trusts","isPartOf":{"@id":"https:\/\/www.cltweb.org\/pt-br\/#website"},"primaryImageOfPage":{"@id":"https:\/\/www.cltweb.org\/pt-br\/terra-nostra-press\/catalogo\/em-um-terreno-comum-perspectivas-internacionais-sobre-o-community-land-trust\/#primaryimage"},"image":{"@id":"https:\/\/www.cltweb.org\/pt-br\/terra-nostra-press\/catalogo\/em-um-terreno-comum-perspectivas-internacionais-sobre-o-community-land-trust\/#primaryimage"},"thumbnailUrl":"https:\/\/www.cltweb.org\/wp-content\/uploads\/2024\/08\/On_Common_Ground_cover-scaled.jpg","datePublished":"2024-07-29T23:47:30+00:00","dateModified":"2025-01-02T20:49:51+00:00","breadcrumb":{"@id":"https:\/\/www.cltweb.org\/pt-br\/terra-nostra-press\/catalogo\/em-um-terreno-comum-perspectivas-internacionais-sobre-o-community-land-trust\/#breadcrumb"},"inLanguage":"pt-BR","potentialAction":[{"@type":"ReadAction","target":["https:\/\/www.cltweb.org\/pt-br\/terra-nostra-press\/catalogo\/em-um-terreno-comum-perspectivas-internacionais-sobre-o-community-land-trust\/"]}]},{"@type":"ImageObject","inLanguage":"pt-BR","@id":"https:\/\/www.cltweb.org\/pt-br\/terra-nostra-press\/catalogo\/em-um-terreno-comum-perspectivas-internacionais-sobre-o-community-land-trust\/#primaryimage","url":"https:\/\/www.cltweb.org\/wp-content\/uploads\/2024\/08\/On_Common_Ground_cover-scaled.jpg","contentUrl":"https:\/\/www.cltweb.org\/wp-content\/uploads\/2024\/08\/On_Common_Ground_cover-scaled.jpg","width":1803,"height":2560},{"@type":"BreadcrumbList","@id":"https:\/\/www.cltweb.org\/pt-br\/terra-nostra-press\/catalogo\/em-um-terreno-comum-perspectivas-internacionais-sobre-o-community-land-trust\/#breadcrumb","itemListElement":[{"@type":"ListItem","position":1,"name":"Home","item":"https:\/\/www.cltweb.org\/pt-br\/"},{"@type":"ListItem","position":2,"name":"Terra Nostra Press","item":"https:\/\/www.cltweb.org\/pt-br\/terra-nostra-press\/"},{"@type":"ListItem","position":3,"name":"Cat\u00e1logo","item":"https:\/\/www.cltweb.org\/pt-br\/terra-nostra-press\/catalogo\/"},{"@type":"ListItem","position":4,"name":"Em um terreno comum"}]},{"@type":"WebSite","@id":"https:\/\/www.cltweb.org\/pt-br\/#website","url":"https:\/\/www.cltweb.org\/pt-br\/","name":"International Center for Community Land Trusts","description":"","publisher":{"@id":"https:\/\/www.cltweb.org\/pt-br\/#organization"},"potentialAction":[{"@type":"SearchAction","target":{"@type":"EntryPoint","urlTemplate":"https:\/\/www.cltweb.org\/pt-br\/?s={search_term_string}"},"query-input":{"@type":"PropertyValueSpecification","valueRequired":true,"valueName":"search_term_string"}}],"inLanguage":"pt-BR"},{"@type":"Organization","@id":"https:\/\/www.cltweb.org\/pt-br\/#organization","name":"International Center for Community Land Trusts","url":"https:\/\/www.cltweb.org\/pt-br\/","logo":{"@type":"ImageObject","inLanguage":"pt-BR","@id":"https:\/\/www.cltweb.org\/pt-br\/#\/schema\/logo\/image\/","url":"https:\/\/www.cltweb.org\/wp-content\/uploads\/2024\/11\/New-CLT-Center-Text-logo.png","contentUrl":"https:\/\/www.cltweb.org\/wp-content\/uploads\/2024\/11\/New-CLT-Center-Text-logo.png","width":227,"height":80,"caption":"International Center for Community Land Trusts"},"image":{"@id":"https:\/\/www.cltweb.org\/pt-br\/#\/schema\/logo\/image\/"},"sameAs":["https:\/\/www.facebook.com\/cltcenter","https:\/\/x.com\/Center4CLTs","https:\/\/www.instagram.com\/cltcenter\/","https:\/\/www.linkedin.com\/company\/cltcenter","https:\/\/www.youtube.com\/@centerforcltinnovation5313"],"description":"The International Center for Community Land Trusts is a not-for-profit nongovernmental organization established in 2018 to promote and to support community land trusts and similar strategies of community-led development on community-owned land in countries throughout the world.","email":"info@communitylandtrust.net","legalName":"International Center for Community Land Trusts","foundingDate":"2018-12-01","taxID":"84-3858933","numberOfEmployees":{"@type":"QuantitativeValue","minValue":"1","maxValue":"10"}}]}},"campaignId":"","taxonomy_info":{"category":[{"value":117,"label":"Cat\u00e1logo"}]},"featured_image_src_large":["https:\/\/www.cltweb.org\/wp-content\/uploads\/2024\/08\/On_Common_Ground_cover-721x1024.jpg",721,1024,true],"author_info":{"display_name":"cltredesign_0jp0l4","author_link":"https:\/\/www.cltweb.org\/pt-br\/author\/cltredesign_0jp0l4\/"},"comment_info":0,"jetpack_sharing_enabled":true,"jetpack-related-posts":[{"id":1614,"url":"https:\/\/www.cltweb.org\/pt-br\/terra-nostra-press\/catalogo\/por-que-community-land-trusts\/","url_meta":{"origin":1625,"position":0},"title":"Por que Community Land Trusts?","author":"cltredesign_0jp0l4","date":"29 de julho de 2024","format":false,"excerpt":"Dispon\u00edvel agora em todo o mundo, 110 pp.PAPERBACK ISBN 9781734403046 $12.50 USEBOOK ISBN 9781734403060 $5.00 US Voc\u00ea pode obter descontos para pedidos em massa para ONGs. Para obter mais informa\u00e7\u00f5es e fazer seu pedido, acesse nossa p\u00e1gina de pedidos em massa. Why Community Land Trusts: The Philosophy Behind an Unconventional\u2026","rel":"","context":"Em &quot;Cat\u00e1logo&quot;","block_context":{"text":"Cat\u00e1logo","link":"https:\/\/www.cltweb.org\/pt-br\/category\/catalogo\/"},"img":{"alt_text":"Book cover for Why CLTs","src":"https:\/\/i0.wp.com\/www.cltweb.org\/wp-content\/uploads\/2024\/10\/Why-CLTs-cover.jpg?resize=350%2C200&ssl=1","width":350,"height":200,"srcset":"https:\/\/i0.wp.com\/www.cltweb.org\/wp-content\/uploads\/2024\/10\/Why-CLTs-cover.jpg?resize=350%2C200&ssl=1 1x, https:\/\/i0.wp.com\/www.cltweb.org\/wp-content\/uploads\/2024\/10\/Why-CLTs-cover.jpg?resize=525%2C300&ssl=1 1.5x, https:\/\/i0.wp.com\/www.cltweb.org\/wp-content\/uploads\/2024\/10\/Why-CLTs-cover.jpg?resize=700%2C400&ssl=1 2x, https:\/\/i0.wp.com\/www.cltweb.org\/wp-content\/uploads\/2024\/10\/Why-CLTs-cover.jpg?resize=1050%2C600&ssl=1 3x, https:\/\/i0.wp.com\/www.cltweb.org\/wp-content\/uploads\/2024\/10\/Why-CLTs-cover.jpg?resize=1400%2C800&ssl=1 4x"},"classes":[]},{"id":4369,"url":"https:\/\/www.cltweb.org\/pt-br\/biblioteca-de-recursos\/entrevistas\/john-emmus-davis\/","url_meta":{"origin":1625,"position":1},"title":"John Emmus Davis (2011)","author":"cltredesign_0jp0l4","date":"22 de outubro de 2024","format":false,"excerpt":"Em 2011, John j\u00e1 estava promovendo o desenvolvimento de fundos fiduci\u00e1rios comunit\u00e1rios h\u00e1 30 anos como escritor, professor e prestador de assist\u00eancia t\u00e9cnica. A evolu\u00e7\u00e3o de seu envolvimento pessoal e profissional com o movimento CLT foi explorada nesta entrevista gravada por Steve Dubb, ent\u00e3o diretor de pesquisa da Democracy Collaborative\u2026","rel":"","context":"Em &quot;Entrevistas&quot;","block_context":{"text":"Entrevistas","link":"https:\/\/www.cltweb.org\/pt-br\/category\/entrevistas-pt-br\/"},"img":{"alt_text":"","src":"","width":0,"height":0},"classes":[]},{"id":873,"url":"https:\/\/www.cltweb.org\/pt-br\/biblioteca-de-recursos\/o-que-e-um-clt\/","url_meta":{"origin":1625,"position":2},"title":"O que \u00e9 um Community Land Trust?","author":"cltredesign_0jp0l4","date":"26 de julho de 2024","format":false,"excerpt":"Um community land trust(CLT) \u00e9 uma corpora\u00e7\u00e3o sem fins lucrativos que det\u00e9m terras em nome de uma comunidade local, ao mesmo tempo em que atua como administrador de longo prazo de moradias acess\u00edveis, jardins comunit\u00e1rios, edif\u00edcios c\u00edvicos, espa\u00e7os comerciais e outros ativos comunit\u00e1rios em nome de uma comunidade. Os fundos\u2026","rel":"","context":"Em &quot;Biblioteca de recursos&quot;","block_context":{"text":"Biblioteca de recursos","link":"https:\/\/www.cltweb.org\/pt-br\/category\/biblioteca-de-recursos\/"},"img":{"alt_text":"","src":"","width":0,"height":0},"classes":[]},{"id":11317,"url":"https:\/\/www.cltweb.org\/pt-br\/recursos-de-livros-da-aba\/","url_meta":{"origin":1625,"position":3},"title":"Recursos de livros da ABA","author":"cltredesign_0jp0l4","date":"17 de mar\u00e7o de 2026","format":false,"excerpt":"Artigos de acad\u00eamicos da \u00e1rea jur\u00eddica H\u00e1 uma s\u00e9rie de artigos de peri\u00f3dicos que gostar\u00edamos de incluir no A Community Land Trust Digest, mas n\u00e3o pudemos faz\u00ea-lo por quest\u00f5es de espa\u00e7o. Aqui est\u00e3o alguns artigos adicionais que valem a pena. Barbara L. Bezdek. 2020. \"Ter e manter? Fundo comunit\u00e1rio de\u2026","rel":"","context":"Post similar","block_context":{"text":"Post similar","link":""},"img":{"alt_text":"","src":"","width":0,"height":0},"classes":[]},{"id":4387,"url":"https:\/\/www.cltweb.org\/pt-br\/biblioteca-de-recursos\/entrevistas\/roz-greenstein\/","url_meta":{"origin":1625,"position":4},"title":"Roz Greenstein (2007)","author":"cltredesign_0jp0l4","date":"22 de outubro de 2024","format":false,"excerpt":"Roz era presidente do Departamento de Desenvolvimento Econ\u00f4mico e Comunit\u00e1rio do Lincoln Institute of Land Policy em 2005, quando uma confer\u00eancia nacional sobre CLT que havia sido planejada para Portland, Oregon, foi abruptamente cancelada por falta de fundos. Ela entrou em cena com o financiamento do Lincoln Institute para salvar\u2026","rel":"","context":"Em &quot;Entrevistas&quot;","block_context":{"text":"Entrevistas","link":"https:\/\/www.cltweb.org\/pt-br\/category\/entrevistas-pt-br\/"},"img":{"alt_text":"","src":"","width":0,"height":0},"classes":[]},{"id":8730,"url":"https:\/\/www.cltweb.org\/pt-br\/biblioteca-de-recursos\/agricultura\/o-papel-dos-fundos-fiduciarios\/fundos-fiduciarios-comunitarios\/","url_meta":{"origin":1625,"position":5},"title":"Fundos fiduci\u00e1rios comunit\u00e1rios","author":"cltredesign_0jp0l4","date":"2 de fevereiro de 2025","format":false,"excerpt":"Desde a d\u00e9cada de 1960, o Community Land Trust foi desenvolvido como um suporte para moradias econ\u00f4micas nos Estados Unidos. No setor habitacional, o modelo CLT combina duas inova\u00e7\u00f5es b\u00e1sicas na governan\u00e7a da terra. A primeira inova\u00e7\u00e3o \u00e9 separar a propriedade de uma casa da propriedade do terreno em que\u2026","rel":"","context":"Post similar","block_context":{"text":"Post similar","link":""},"img":{"alt_text":"","src":"","width":0,"height":0},"classes":[]}],"_links":{"self":[{"href":"https:\/\/www.cltweb.org\/pt-br\/wp-json\/wp\/v2\/pages\/1625","targetHints":{"allow":["GET"]}}],"collection":[{"href":"https:\/\/www.cltweb.org\/pt-br\/wp-json\/wp\/v2\/pages"}],"about":[{"href":"https:\/\/www.cltweb.org\/pt-br\/wp-json\/wp\/v2\/types\/page"}],"author":[{"embeddable":true,"href":"https:\/\/www.cltweb.org\/pt-br\/wp-json\/wp\/v2\/users\/1"}],"replies":[{"embeddable":true,"href":"https:\/\/www.cltweb.org\/pt-br\/wp-json\/wp\/v2\/comments?post=1625"}],"version-history":[{"count":12,"href":"https:\/\/www.cltweb.org\/pt-br\/wp-json\/wp\/v2\/pages\/1625\/revisions"}],"predecessor-version":[{"id":8379,"href":"https:\/\/www.cltweb.org\/pt-br\/wp-json\/wp\/v2\/pages\/1625\/revisions\/8379"}],"up":[{"embeddable":true,"href":"https:\/\/www.cltweb.org\/pt-br\/wp-json\/wp\/v2\/pages\/1947"}],"wp:featuredmedia":[{"embeddable":true,"href":"https:\/\/www.cltweb.org\/pt-br\/wp-json\/wp\/v2\/media\/720"}],"wp:attachment":[{"href":"https:\/\/www.cltweb.org\/pt-br\/wp-json\/wp\/v2\/media?parent=1625"}],"wp:term":[{"taxonomy":"category","embeddable":true,"href":"https:\/\/www.cltweb.org\/pt-br\/wp-json\/wp\/v2\/categories?post=1625"},{"taxonomy":"post_tag","embeddable":true,"href":"https:\/\/www.cltweb.org\/pt-br\/wp-json\/wp\/v2\/tags?post=1625"}],"curies":[{"name":"wp","href":"https:\/\/api.w.org\/{rel}","templated":true}]}}