{"id":1849,"date":"2024-07-30T19:12:22","date_gmt":"2024-07-30T19:12:22","guid":{"rendered":"https:\/\/www.cltweb.org\/envolva-se\/assine-nosso-boletim-informativo\/"},"modified":"2024-07-30T19:12:22","modified_gmt":"2024-07-30T19:12:22","slug":"assine-nosso-boletim-informativo","status":"publish","type":"page","link":"https:\/\/www.cltweb.org\/pt-br\/envolva-se\/assine-nosso-boletim-informativo\/","title":{"rendered":"Assine nosso boletim informativo"},"content":{"rendered":"","protected":false},"excerpt":{"rendered":"","protected":false},"author":1,"featured_media":0,"parent":863,"menu_order":0,"comment_status":"closed","ping_status":"closed","template":"","meta":{"give_campaign_id":0,"_tec_requires_first_save":true,"_kad_blocks_custom_css":"","_kad_blocks_head_custom_js":"","_kad_blocks_body_custom_js":"","_kad_blocks_footer_custom_js":"","_EventAllDay":false,"_EventTimezone":"","_EventStartDate":"","_EventEndDate":"","_EventStartDateUTC":"","_EventEndDateUTC":"","_EventShowMap":false,"_EventShowMapLink":false,"_EventURL":"","_EventCost":"","_EventCostDescription":"","_EventCurrencySymbol":"","_EventCurrencyCode":"","_EventCurrencyPosition":"","_EventDateTimeSeparator":"","_EventTimeRangeSeparator":"","_EventOrganizerID":[],"_EventVenueID":[],"_OrganizerEmail":"","_OrganizerPhone":"","_OrganizerWebsite":"","_VenueAddress":"","_VenueCity":"","_VenueCountry":"","_VenueProvince":"","_VenueState":"","_VenueZip":"","_VenuePhone":"","_VenueURL":"","_VenueStateProvince":"","_VenueLat":"","_VenueLng":"","_VenueShowMap":false,"_VenueShowMapLink":false,"_tribe_blocks_recurrence_rules":"","_tribe_blocks_recurrence_description":"","_tribe_blocks_recurrence_exclusions":"","footnotes":""},"categories":[96],"tags":[],"class_list":["post-1849","page","type-page","status-publish","hentry","category-envolva-se"],"blocksy_meta":[],"yoast_head":"<!-- This site is optimized with the Yoast SEO Premium plugin v27.5 (Yoast SEO v27.5) - https:\/\/yoast.com\/product\/yoast-seo-premium-wordpress\/ -->\n<title>Assine nosso boletim informativo - International Center for Community Land Trusts<\/title>\n<meta name=\"robots\" content=\"index, follow, max-snippet:-1, max-image-preview:large, max-video-preview:-1\" \/>\n<link rel=\"canonical\" href=\"https:\/\/www.cltweb.org\/pt-br\/envolva-se\/assine-nosso-boletim-informativo\/\" \/>\n<meta property=\"og:locale\" content=\"pt_BR\" \/>\n<meta property=\"og:type\" content=\"article\" \/>\n<meta property=\"og:title\" content=\"Assine nosso boletim informativo\" \/>\n<meta property=\"og:url\" content=\"https:\/\/www.cltweb.org\/pt-br\/envolva-se\/assine-nosso-boletim-informativo\/\" \/>\n<meta property=\"og:site_name\" content=\"International Center for Community Land Trusts\" \/>\n<meta property=\"article:publisher\" content=\"https:\/\/www.facebook.com\/cltcenter\" \/>\n<meta name=\"twitter:card\" content=\"summary_large_image\" \/>\n<meta name=\"twitter:site\" content=\"@Center4CLTs\" \/>\n<script type=\"application\/ld+json\" class=\"yoast-schema-graph\">{\"@context\":\"https:\\\/\\\/schema.org\",\"@graph\":[{\"@type\":\"WebPage\",\"@id\":\"https:\\\/\\\/www.cltweb.org\\\/pt-br\\\/envolva-se\\\/assine-nosso-boletim-informativo\\\/\",\"url\":\"https:\\\/\\\/www.cltweb.org\\\/pt-br\\\/envolva-se\\\/assine-nosso-boletim-informativo\\\/\",\"name\":\"Assine nosso boletim informativo - International Center for Community Land Trusts\",\"isPartOf\":{\"@id\":\"https:\\\/\\\/www.cltweb.org\\\/pt-br\\\/#website\"},\"datePublished\":\"2024-07-30T19:12:22+00:00\",\"breadcrumb\":{\"@id\":\"https:\\\/\\\/www.cltweb.org\\\/pt-br\\\/envolva-se\\\/assine-nosso-boletim-informativo\\\/#breadcrumb\"},\"inLanguage\":\"pt-BR\",\"potentialAction\":[{\"@type\":\"ReadAction\",\"target\":[\"https:\\\/\\\/www.cltweb.org\\\/pt-br\\\/envolva-se\\\/assine-nosso-boletim-informativo\\\/\"]}]},{\"@type\":\"BreadcrumbList\",\"@id\":\"https:\\\/\\\/www.cltweb.org\\\/pt-br\\\/envolva-se\\\/assine-nosso-boletim-informativo\\\/#breadcrumb\",\"itemListElement\":[{\"@type\":\"ListItem\",\"position\":1,\"name\":\"Home\",\"item\":\"https:\\\/\\\/www.cltweb.org\\\/pt-br\\\/\"},{\"@type\":\"ListItem\",\"position\":2,\"name\":\"Envolva-se\",\"item\":\"https:\\\/\\\/www.cltweb.org\\\/pt-br\\\/get-involved\\\/\"},{\"@type\":\"ListItem\",\"position\":3,\"name\":\"Assine nosso boletim informativo\"}]},{\"@type\":\"WebSite\",\"@id\":\"https:\\\/\\\/www.cltweb.org\\\/pt-br\\\/#website\",\"url\":\"https:\\\/\\\/www.cltweb.org\\\/pt-br\\\/\",\"name\":\"International Center for Community Land Trusts\",\"description\":\"\",\"publisher\":{\"@id\":\"https:\\\/\\\/www.cltweb.org\\\/pt-br\\\/#organization\"},\"potentialAction\":[{\"@type\":\"SearchAction\",\"target\":{\"@type\":\"EntryPoint\",\"urlTemplate\":\"https:\\\/\\\/www.cltweb.org\\\/pt-br\\\/?s={search_term_string}\"},\"query-input\":{\"@type\":\"PropertyValueSpecification\",\"valueRequired\":true,\"valueName\":\"search_term_string\"}}],\"inLanguage\":\"pt-BR\"},{\"@type\":\"Organization\",\"@id\":\"https:\\\/\\\/www.cltweb.org\\\/pt-br\\\/#organization\",\"name\":\"International Center for Community Land Trusts\",\"url\":\"https:\\\/\\\/www.cltweb.org\\\/pt-br\\\/\",\"logo\":{\"@type\":\"ImageObject\",\"inLanguage\":\"pt-BR\",\"@id\":\"https:\\\/\\\/www.cltweb.org\\\/pt-br\\\/#\\\/schema\\\/logo\\\/image\\\/\",\"url\":\"https:\\\/\\\/www.cltweb.org\\\/wp-content\\\/uploads\\\/2024\\\/11\\\/New-CLT-Center-Text-logo.png\",\"contentUrl\":\"https:\\\/\\\/www.cltweb.org\\\/wp-content\\\/uploads\\\/2024\\\/11\\\/New-CLT-Center-Text-logo.png\",\"width\":227,\"height\":80,\"caption\":\"International Center for Community Land Trusts\"},\"image\":{\"@id\":\"https:\\\/\\\/www.cltweb.org\\\/pt-br\\\/#\\\/schema\\\/logo\\\/image\\\/\"},\"sameAs\":[\"https:\\\/\\\/www.facebook.com\\\/cltcenter\",\"https:\\\/\\\/x.com\\\/Center4CLTs\",\"https:\\\/\\\/www.instagram.com\\\/cltcenter\\\/\",\"https:\\\/\\\/www.linkedin.com\\\/company\\\/cltcenter\",\"https:\\\/\\\/www.youtube.com\\\/@centerforcltinnovation5313\"],\"description\":\"The International Center for Community Land Trusts is a not-for-profit nongovernmental organization established in 2018 to promote and to support community land trusts and similar strategies of community-led development on community-owned land in countries throughout the world.\",\"email\":\"info@communitylandtrust.net\",\"legalName\":\"International Center for Community Land Trusts\",\"foundingDate\":\"2018-12-01\",\"taxID\":\"84-3858933\",\"numberOfEmployees\":{\"@type\":\"QuantitativeValue\",\"minValue\":\"1\",\"maxValue\":\"10\"}}]}<\/script>\n<!-- \/ Yoast SEO Premium plugin. -->","yoast_head_json":{"title":"Assine nosso boletim informativo - International Center for Community Land Trusts","robots":{"index":"index","follow":"follow","max-snippet":"max-snippet:-1","max-image-preview":"max-image-preview:large","max-video-preview":"max-video-preview:-1"},"canonical":"https:\/\/www.cltweb.org\/pt-br\/envolva-se\/assine-nosso-boletim-informativo\/","og_locale":"pt_BR","og_type":"article","og_title":"Assine nosso boletim informativo","og_url":"https:\/\/www.cltweb.org\/pt-br\/envolva-se\/assine-nosso-boletim-informativo\/","og_site_name":"International Center for Community Land Trusts","article_publisher":"https:\/\/www.facebook.com\/cltcenter","twitter_card":"summary_large_image","twitter_site":"@Center4CLTs","schema":{"@context":"https:\/\/schema.org","@graph":[{"@type":"WebPage","@id":"https:\/\/www.cltweb.org\/pt-br\/envolva-se\/assine-nosso-boletim-informativo\/","url":"https:\/\/www.cltweb.org\/pt-br\/envolva-se\/assine-nosso-boletim-informativo\/","name":"Assine nosso boletim informativo - International Center for Community Land Trusts","isPartOf":{"@id":"https:\/\/www.cltweb.org\/pt-br\/#website"},"datePublished":"2024-07-30T19:12:22+00:00","breadcrumb":{"@id":"https:\/\/www.cltweb.org\/pt-br\/envolva-se\/assine-nosso-boletim-informativo\/#breadcrumb"},"inLanguage":"pt-BR","potentialAction":[{"@type":"ReadAction","target":["https:\/\/www.cltweb.org\/pt-br\/envolva-se\/assine-nosso-boletim-informativo\/"]}]},{"@type":"BreadcrumbList","@id":"https:\/\/www.cltweb.org\/pt-br\/envolva-se\/assine-nosso-boletim-informativo\/#breadcrumb","itemListElement":[{"@type":"ListItem","position":1,"name":"Home","item":"https:\/\/www.cltweb.org\/pt-br\/"},{"@type":"ListItem","position":2,"name":"Envolva-se","item":"https:\/\/www.cltweb.org\/pt-br\/get-involved\/"},{"@type":"ListItem","position":3,"name":"Assine nosso boletim informativo"}]},{"@type":"WebSite","@id":"https:\/\/www.cltweb.org\/pt-br\/#website","url":"https:\/\/www.cltweb.org\/pt-br\/","name":"International Center for Community Land Trusts","description":"","publisher":{"@id":"https:\/\/www.cltweb.org\/pt-br\/#organization"},"potentialAction":[{"@type":"SearchAction","target":{"@type":"EntryPoint","urlTemplate":"https:\/\/www.cltweb.org\/pt-br\/?s={search_term_string}"},"query-input":{"@type":"PropertyValueSpecification","valueRequired":true,"valueName":"search_term_string"}}],"inLanguage":"pt-BR"},{"@type":"Organization","@id":"https:\/\/www.cltweb.org\/pt-br\/#organization","name":"International Center for Community Land Trusts","url":"https:\/\/www.cltweb.org\/pt-br\/","logo":{"@type":"ImageObject","inLanguage":"pt-BR","@id":"https:\/\/www.cltweb.org\/pt-br\/#\/schema\/logo\/image\/","url":"https:\/\/www.cltweb.org\/wp-content\/uploads\/2024\/11\/New-CLT-Center-Text-logo.png","contentUrl":"https:\/\/www.cltweb.org\/wp-content\/uploads\/2024\/11\/New-CLT-Center-Text-logo.png","width":227,"height":80,"caption":"International Center for Community Land Trusts"},"image":{"@id":"https:\/\/www.cltweb.org\/pt-br\/#\/schema\/logo\/image\/"},"sameAs":["https:\/\/www.facebook.com\/cltcenter","https:\/\/x.com\/Center4CLTs","https:\/\/www.instagram.com\/cltcenter\/","https:\/\/www.linkedin.com\/company\/cltcenter","https:\/\/www.youtube.com\/@centerforcltinnovation5313"],"description":"The International Center for Community Land Trusts is a not-for-profit nongovernmental organization established in 2018 to promote and to support community land trusts and similar strategies of community-led development on community-owned land in countries throughout the world.","email":"info@communitylandtrust.net","legalName":"International Center for Community Land Trusts","foundingDate":"2018-12-01","taxID":"84-3858933","numberOfEmployees":{"@type":"QuantitativeValue","minValue":"1","maxValue":"10"}}]}},"campaignId":"","taxonomy_info":{"category":[{"value":96,"label":"Envolva-se"}]},"featured_image_src_large":false,"author_info":{"display_name":"cltredesign_0jp0l4","author_link":"https:\/\/www.cltweb.org\/pt-br\/author\/cltredesign_0jp0l4\/"},"comment_info":0,"jetpack_sharing_enabled":true,"jetpack-related-posts":[{"id":937,"url":"https:\/\/www.cltweb.org\/pt-br\/noticias-e-eventos\/","url_meta":{"origin":1849,"position":0},"title":"Not\u00edcias e eventos","author":"cltredesign_0jp0l4","date":"26 de julho de 2024","format":false,"excerpt":"Not\u00edcias e eventos Reunimos not\u00edcias sobre community land trusts de todo o mundo, bem como an\u00fancios de emprego para voc\u00ea que est\u00e1 interessado em trabalhar em um CLT. Tamb\u00e9m temos edi\u00e7\u00f5es anteriores de nosso boletim informativo e uma lista de nossos pr\u00f3ximos eventos educacionais.","rel":"","context":"Em &quot;N\u00e3o categorizado&quot;","block_context":{"text":"N\u00e3o categorizado","link":"https:\/\/www.cltweb.org\/pt-br\/category\/nao-categorizado\/"},"img":{"alt_text":"","src":"","width":0,"height":0},"classes":[]},{"id":1941,"url":"https:\/\/www.cltweb.org\/pt-br\/noticias-e-eventos\/boletins-informativos\/","url_meta":{"origin":1849,"position":1},"title":"Boletins informativos","author":"cltredesign_0jp0l4","date":"26 de julho de 2024","format":false,"excerpt":"Boletins informativos do Centro CLT.","rel":"","context":"Em &quot;Not\u00edcias e eventos&quot;","block_context":{"text":"Not\u00edcias e eventos","link":"https:\/\/www.cltweb.org\/pt-br\/category\/noticias-e-eventos\/"},"img":{"alt_text":"","src":"","width":0,"height":0},"classes":[]},{"id":775,"url":"https:\/\/www.cltweb.org\/pt-br\/programas-e-projetos\/iniciativa-clt-do-sul-global\/","url_meta":{"origin":1849,"position":2},"title":"Iniciativa do Fundo Comunit\u00e1rio de Terras do Sul Global","author":"cltredesign_0jp0l4","date":"26 de julho de 2024","format":false,"excerpt":"Promo\u00e7\u00e3o do direito \u00e0 moradia e da propriedade comunit\u00e1ria no Sul Global Vis\u00e3o geral Terra e moradia seguras s\u00e3o um direito humano - e uma luta global. Na \u00c1frica, na \u00c1sia, na Am\u00e9rica Latina e no Caribe, as comunidades est\u00e3o criando movimentos poderosos para promover o direito \u00e0 moradia, recuperar\u2026","rel":"","context":"Em &quot;Programas e projetos&quot;","block_context":{"text":"Programas e projetos","link":"https:\/\/www.cltweb.org\/pt-br\/category\/programas-e-projetos\/"},"img":{"alt_text":"","src":"","width":0,"height":0},"classes":[]},{"id":863,"url":"https:\/\/www.cltweb.org\/pt-br\/envolva-se\/","url_meta":{"origin":1849,"position":3},"title":"Envolva-se","author":"cltredesign_0jp0l4","date":"26 de julho de 2024","format":false,"excerpt":"Sobreposi\u00e7\u00e3o Envolva-se Use esta se\u00e7\u00e3o de par\u00e1grafo para que os visitantes do seu site conhe\u00e7am voc\u00ea. Escreva sobre voc\u00ea ou sua organiza\u00e7\u00e3o, os produtos ou servi\u00e7os que voc\u00ea oferece ou por que voc\u00ea existe. Mantenha um estilo de comunica\u00e7\u00e3o consistente. Considere us\u00e1-lo se precisar fornecer mais contexto sobre por que\u2026","rel":"","context":"Em &quot;Envolva-se&quot;","block_context":{"text":"Envolva-se","link":"https:\/\/www.cltweb.org\/pt-br\/category\/envolva-se\/"},"img":{"alt_text":"","src":"","width":0,"height":0},"classes":[]},{"id":872,"url":"https:\/\/www.cltweb.org\/pt-br\/entre-em-contato-conosco\/","url_meta":{"origin":1849,"position":4},"title":"Entre em contato conosco","author":"cltredesign_0jp0l4","date":"26 de julho de 2024","format":false,"excerpt":"","rel":"","context":"Em &quot;Envolva-se&quot;","block_context":{"text":"Envolva-se","link":"https:\/\/www.cltweb.org\/pt-br\/category\/envolva-se\/"},"img":{"alt_text":"","src":"","width":0,"height":0},"classes":[]},{"id":9447,"url":"https:\/\/www.cltweb.org\/pt-br\/sobre-nos\/oportunidades-de-carreira\/consultor-de-desenvolvimento\/","url_meta":{"origin":1849,"position":5},"title":"Consultor de desenvolvimento","author":"cltredesign_0jp0l4","date":"19 de maio de 2025","format":false,"excerpt":"Estamos buscando um consultor de desenvolvimento experiente para ajudar a liderar nossos esfor\u00e7os de capta\u00e7\u00e3o de recursos. Esse cargo contratado trabalhar\u00e1 vinte (20) horas por semana em estreita colabora\u00e7\u00e3o com nosso Diretor Executivo, Diretor de Comunica\u00e7\u00f5es, consultores de projetos, bem como membros do conselho que estejam ativamente envolvidos em esfor\u00e7os\u2026","rel":"","context":"Em &quot;Empregos&quot;","block_context":{"text":"Empregos","link":"https:\/\/www.cltweb.org\/pt-br\/category\/empregos\/"},"img":{"alt_text":"","src":"","width":0,"height":0},"classes":[]}],"_links":{"self":[{"href":"https:\/\/www.cltweb.org\/pt-br\/wp-json\/wp\/v2\/pages\/1849","targetHints":{"allow":["GET"]}}],"collection":[{"href":"https:\/\/www.cltweb.org\/pt-br\/wp-json\/wp\/v2\/pages"}],"about":[{"href":"https:\/\/www.cltweb.org\/pt-br\/wp-json\/wp\/v2\/types\/page"}],"author":[{"embeddable":true,"href":"https:\/\/www.cltweb.org\/pt-br\/wp-json\/wp\/v2\/users\/1"}],"replies":[{"embeddable":true,"href":"https:\/\/www.cltweb.org\/pt-br\/wp-json\/wp\/v2\/comments?post=1849"}],"version-history":[{"count":0,"href":"https:\/\/www.cltweb.org\/pt-br\/wp-json\/wp\/v2\/pages\/1849\/revisions"}],"up":[{"embeddable":true,"href":"https:\/\/www.cltweb.org\/pt-br\/wp-json\/wp\/v2\/pages\/863"}],"wp:attachment":[{"href":"https:\/\/www.cltweb.org\/pt-br\/wp-json\/wp\/v2\/media?parent=1849"}],"wp:term":[{"taxonomy":"category","embeddable":true,"href":"https:\/\/www.cltweb.org\/pt-br\/wp-json\/wp\/v2\/categories?post=1849"},{"taxonomy":"post_tag","embeddable":true,"href":"https:\/\/www.cltweb.org\/pt-br\/wp-json\/wp\/v2\/tags?post=1849"}],"curies":[{"name":"wp","href":"https:\/\/api.w.org\/{rel}","templated":true}]}}