{"id":3744,"date":"2024-10-19T19:41:50","date_gmt":"2024-10-19T19:41:50","guid":{"rendered":"https:\/\/www.cltweb.org\/biblioteca-de-recursos\/sul-global\/brasil\/"},"modified":"2025-01-09T15:17:58","modified_gmt":"2025-01-09T15:17:58","slug":"brasil","status":"publish","type":"page","link":"https:\/\/www.cltweb.org\/pt-br\/biblioteca-de-recursos\/sul-global\/brasil\/","title":{"rendered":"Brasil"},"content":{"rendered":"<style>.wp-block-kadence-column.kb-section-dir-horizontal > .kt-inside-inner-col > .kt-info-box3735_b2c11a-ce .kt-blocks-info-box-link-wrap{max-width:unset;}.kt-info-box3735_b2c11a-ce .kt-blocks-info-box-link-wrap{border-top:5px solid var(--global-palette7, #eeeeee);border-right:5px solid var(--global-palette7, #eeeeee);border-bottom:5px solid var(--global-palette7, #eeeeee);border-left:5px solid var(--global-palette7, #eeeeee);border-top-left-radius:30px;border-top-right-radius:30px;border-bottom-right-radius:30px;border-bottom-left-radius:30px;background:#ffffff;padding-top:var(--global-kb-spacing-xs, 1rem);padding-right:var(--global-kb-spacing-xs, 1rem);padding-bottom:var(--global-kb-spacing-xs, 1rem);padding-left:var(--global-kb-spacing-xs, 1rem);}.kt-info-box3735_b2c11a-ce.wp-block-kadence-infobox{max-width:100%;}.kt-info-box3735_b2c11a-ce .kadence-info-box-image-inner-intrisic-container{max-width:150px;}.kt-info-box3735_b2c11a-ce .kadence-info-box-image-inner-intrisic-container .kadence-info-box-image-intrisic{padding-bottom:41.6667%;width:288px;height:0px;max-width:100%;}.kt-info-box3735_b2c11a-ce .kadence-info-box-icon-container .kt-info-svg-icon, .kt-info-box3735_b2c11a-ce .kt-info-svg-icon-flip, .kt-info-box3735_b2c11a-ce .kt-blocks-info-box-number{font-size:50px;}.kt-info-box3735_b2c11a-ce .kt-blocks-info-box-media{border-top-width:0px;border-right-width:0px;border-bottom-width:0px;border-left-width:0px;padding-top:0px;padding-right:0px;padding-bottom:0px;padding-left:0px;margin-top:0px;margin-right:20px;margin-bottom:0px;margin-left:0px;}.kt-info-box3735_b2c11a-ce .kt-infobox-textcontent h2.kt-blocks-info-box-title{padding-top:0px;padding-right:0px;padding-bottom:0px;padding-left:0px;margin-top:5px;margin-right:0px;margin-bottom:10px;margin-left:0px;}.kt-info-box3735_b2c11a-ce .kt-blocks-info-box-learnmore{background:transparent;border-width:0px 0px 0px 0px;padding-top:4px;padding-right:8px;padding-bottom:4px;padding-left:8px;margin-top:10px;margin-right:0px;margin-bottom:10px;margin-left:0px;}@media all and (max-width: 1024px){.kt-info-box3735_b2c11a-ce .kt-blocks-info-box-link-wrap{border-top:5px solid var(--global-palette7, #eeeeee);border-right:5px solid var(--global-palette7, #eeeeee);border-bottom:5px solid var(--global-palette7, #eeeeee);border-left:5px solid var(--global-palette7, #eeeeee);}}@media all and (max-width: 767px){.kt-info-box3735_b2c11a-ce .kt-blocks-info-box-link-wrap{border-top:5px solid var(--global-palette7, #eeeeee);border-right:5px solid var(--global-palette7, #eeeeee);border-bottom:5px solid var(--global-palette7, #eeeeee);border-left:5px solid var(--global-palette7, #eeeeee);}}<\/style>\n<div class=\"wp-block-kadence-infobox kt-info-box3735_b2c11a-ce\"><span class=\"kt-blocks-info-box-link-wrap info-box-link kt-blocks-info-box-media-align-left kt-info-halign-left\"><div class=\"kt-blocks-info-box-media-container\"><div class=\"kt-blocks-info-box-media kt-info-media-animate-none\"><div class=\"kadence-info-box-image-inner-intrisic-container\"><div class=\"kadence-info-box-image-intrisic kt-info-animate-none\"><div class=\"kadence-info-box-image-inner-intrisic\"><img loading=\"lazy\" decoding=\"async\" src=\"https:\/\/www.cltweb.org\/wp-content\/uploads\/2024\/10\/TTC-logo.png\" alt=\"\" width=\"288\" height=\"120\" class=\"kt-info-box-image wp-image-4776\"\/><\/div><\/div><\/div><\/div><\/div><div class=\"kt-infobox-textcontent\"><h2 class=\"kt-blocks-info-box-title\">Termo Territorial Coletivo<\/h2><p class=\"kt-blocks-info-box-text\">Liderados pela Catalytic Communities, os fundos comunit\u00e1rios de terras est\u00e3o sendo estabelecidos no Rio de Janeiro &#8211; e um novo movimento nacional est\u00e1 sendo constru\u00eddo.<\/p><\/div><\/span><\/div>\n\n<p>O projeto brasileiro Favela Community Land Trust<a href=\"https:\/\/www.termoterritorialcoletivo.org\/\" target=\"_blank\" rel=\"noreferrer noopener\">(Termo Territorial Coletivo<\/a>), desenvolvido pela <a href=\"https:\/\/catcomm.org\/\" target=\"_blank\" rel=\"noreferrer noopener\">Catalytic Communities<\/a> em parceria com v\u00e1rios \u00f3rg\u00e3os p\u00fablicos, institui\u00e7\u00f5es privadas, universidades e l\u00edderes comunit\u00e1rios, \u00e9 inspirado no modelo CLT, existente h\u00e1 d\u00e9cadas e presente em v\u00e1rios pa\u00edses do mundo. Sua miss\u00e3o \u00e9 &#8220;executar e garantir o direito \u00e0 moradia adequada e o empoderamento da comunidade por meio da introdu\u00e7\u00e3o do Community Land Trust no Brasil, com foco na realiza\u00e7\u00e3o de pilotos em assentamentos informais e na promulga\u00e7\u00e3o de legisla\u00e7\u00e3o nacional sobre o assunto&#8221;. <\/p>\n<style>.wp-block-kadence-advancedbtn.kb-btns3735_59182e-95{gap:var(--global-kb-gap-md, 2rem);justify-content:flex-start;align-items:center;}.kt-btns3735_59182e-95 .kt-button{font-weight:normal;font-style:normal;}.kt-btns3735_59182e-95 .kt-btn-wrap-0{margin-right:5px;}.wp-block-kadence-advancedbtn.kt-btns3735_59182e-95 .kt-btn-wrap-0 .kt-button{color:#555555;border-color:#555555;}.wp-block-kadence-advancedbtn.kt-btns3735_59182e-95 .kt-btn-wrap-0 .kt-button:hover, .wp-block-kadence-advancedbtn.kt-btns3735_59182e-95 .kt-btn-wrap-0 .kt-button:focus{color:#ffffff;border-color:#444444;}.wp-block-kadence-advancedbtn.kt-btns3735_59182e-95 .kt-btn-wrap-0 .kt-button::before{display:none;}.wp-block-kadence-advancedbtn.kt-btns3735_59182e-95 .kt-btn-wrap-0 .kt-button:hover, .wp-block-kadence-advancedbtn.kt-btns3735_59182e-95 .kt-btn-wrap-0 .kt-button:focus{background:#444444;}<\/style>\n<div class=\"wp-block-kadence-advancedbtn kb-buttons-wrap kb-btns3735_59182e-95\"><style>ul.menu .wp-block-kadence-advancedbtn .kb-btn3735_7ff8b8-8d.kb-button{width:initial;}<\/style><a class=\"kb-button kt-button button kb-btn3735_7ff8b8-8d kt-btn-size-large kt-btn-width-type-auto kb-btn-global-inherit  kt-btn-has-text-true kt-btn-has-svg-false  wp-block-button__link wp-block-kadence-singlebtn\" href=\"https:\/\/www.cltweb.org\/pt-br\/biblioteca-de-recursos\/sul-global\/brasil\/fundo-de-terras-da-comunidade-da-favela\/\"><span class=\"kt-btn-inner-text\">Vis\u00e3o geral &#8211; ingl\u00eas<\/span><\/a>\n\n<style>ul.menu .wp-block-kadence-advancedbtn .kb-btn3735_f409b1-19.kb-button{width:initial;}<\/style><a class=\"kb-button kt-button button kb-btn3735_f409b1-19 kt-btn-size-large kt-btn-width-type-auto kb-btn-global-inherit  kt-btn-has-text-true kt-btn-has-svg-false  wp-block-button__link wp-block-kadence-singlebtn\" href=\"https:\/\/www.cltweb.org\/pt-br\/biblioteca-de-recursos\/sul-global\/brasil\/projeto-do-termo-territorial-coletivo\/\"><span class=\"kt-btn-inner-text\">Vis\u00e3o geral &#8211; Portugu\u00eas<\/span><\/a><\/div>\n\n<h3 class=\"wp-block-heading\" id=\"h-annual-reports\" style=\"font-size:clamp(15.747px, 0.984rem + ((1vw - 3.2px) * 0.645), 24px);\">Relat\u00f3rios anuais<\/h3>\n\n<ul class=\"wp-block-list\">\n<li><a href=\"http:\/\/www.bit.ly\/RelatorioTTC2020\" target=\"_blank\" rel=\"noreferrer noopener\">Relat\u00f3rio anual de 2020<\/a> [Portuguese]<\/li>\n\n\n\n<li><a href=\"http:\/\/bit.ly\/2020CLTReport\" target=\"_blank\" rel=\"noreferrer noopener\">Relat\u00f3rio anual de 2020<\/a> [English]<\/li>\n\n\n\n<li><a href=\"http:\/\/bit.ly\/Relat%C3%B3rioTTC2019\" target=\"_blank\" rel=\"noreferrer noopener\">Relat\u00f3rio anual de 2019<\/a> [Portuguese]<\/li>\n\n\n\n<li><a href=\"https:\/\/static1.squarespace.com\/static\/604bd897618ad1188169cd5a\/t\/622fba075adb581da2c823eb\/1647295008759\/2019-annual-report-favela-clt.pdf\" target=\"_blank\" rel=\"noreferrer noopener\">Relat\u00f3rio anual de 2019<\/a> [English]<\/li>\n<\/ul>\n\n<h3 class=\"wp-block-heading\" id=\"h-articles-by-rioonwatch-english\" style=\"font-size:clamp(15.747px, 0.984rem + ((1vw - 3.2px) * 0.645), 24px);\">Artigos do RioOnWatch (Ingl\u00eas)<\/h3>\n\n<ul class=\"wp-block-list\">\n<li><a href=\"https:\/\/rioonwatch.org\/?p=68482\" target=\"_blank\" rel=\"noreferrer noopener\">Fundos de Terras Comunit\u00e1rios na Am\u00e9rica Latina: Di\u00e1logos entre Brasil e Porto Rico<\/a>, Felipe Litsek, Rebeca Landeiro, 7 de dezembro de 2021<\/li>\n\n\n\n<li><a href=\"https:\/\/rioonwatch.org\/?p=67981\" target=\"_blank\" rel=\"noreferrer noopener\">1\u00aa Audi\u00eancia P\u00fablica sobre o Fundo Comunit\u00e1rio de Terras de Favelas realizada pela C\u00e2mara Municipal do Rio de Janeiro<\/a>, Maria Fernanda Godinho. 21 de outubro de 2021 <\/li>\n\n\n\n<li><a href=\"https:\/\/rioonwatch.org\/?p=66705\" target=\"_blank\" rel=\"noreferrer noopener\">Semin\u00e1rio Nacional Favela CLT, Parte 2: Exemplos Internacionais, Potencialidades e Desafios<\/a>, Gabriela Buffon Vargas e Julio Santos Filho, 5 de setembro de 2021<\/li>\n\n\n\n<li><a href=\"https:\/\/rioonwatch.org\/?p=66660\" target=\"_blank\" rel=\"noreferrer noopener\">Semin\u00e1rio Nacional do Favela Community Land Trust, Parte 1: Collective Property and Security of Tenure<\/a>, Eduardo Antunez Rolle, com tradu\u00e7\u00e3o de Grant Brown e Trisha Ponti, 1\u00ba de setembro de 2021<\/li>\n\n\n\n<li><a href=\"https:\/\/rioonwatch.org\/?p=62711\" target=\"_blank\" rel=\"noreferrer noopener\">Community Land Trusts and the Struggle for the Right to the City: Dialogue on Rio and Mozambique<\/a>, Tom\u00e1s Aboim, com tradu\u00e7\u00e3o de Adrian Hooper, 11 de junho de 2021<\/li>\n\n\n\n<li><a href=\"https:\/\/rioonwatch.org\/?p=62034\" target=\"_blank\" rel=\"noreferrer noopener\">A Pyramidal Approach to Upgrading Rio de Janeiro&#8217;s Favelas, Part 2: Regularization, Basic Needs, and Community Participation<\/a>, Natalia Mel\u00e9ndez Fuentes, 9 de setembro de 2020<\/li>\n\n\n\n<li><a href=\"https:\/\/rioonwatch.org\/?p=56100\" target=\"_blank\" rel=\"noreferrer noopener\">O Crescimento do Movimento Global CLT, Parte 6: Semeando Favela-CLTs no Brasil, Felipe Litsek, com tradu\u00e7\u00e3o de Edmund Ruge<\/a>, 7 de outubro de 2019<\/li>\n\n\n\n<li><a href=\"https:\/\/rioonwatch.org\/?p=46991\" target=\"_blank\" rel=\"noreferrer noopener\">Workshops do Favela CLT, Parte 3: Apresenta\u00e7\u00e3o \u00e0s autoridades p\u00fablicas e reflex\u00f5es finais<\/a>, Tyler Strobl, 29 de dezembro de 2018<\/li>\n\n\n\n<li><a href=\"https:\/\/rioonwatch.org\/?p=49277\" target=\"_blank\" rel=\"noreferrer noopener\">Favela CLT Workshops, Parte 2: Workshop Legislativo, Debatendo uma Lei CLT no Brasil<\/a>, Priscilla Mayrink e Tyler Strobl, com tradu\u00e7\u00e3o de Habib Msallem, 3 de dezembro de 2018<\/li>\n\n\n\n<li><a href=\"https:\/\/rioonwatch.org\/?p=48879\" target=\"_blank\" rel=\"noreferrer noopener\">Fideicomissos de terras comunit\u00e1rias em favelas, blockchain e sustentabilidade s\u00e3o discutidos no ColaborAm\u00e9rica<\/a>, por Jorge Sanchez Garcia, 16 de novembro de 2018<\/li>\n\n\n\n<li><a href=\"https:\/\/rioonwatch.org\/?p=48381\" target=\"_blank\" rel=\"noreferrer noopener\">Workshops de CLT em favelas, Parte 1: Oficina Comunit\u00e1ria, Metodologia e Pr\u00e1tica<\/a>, Priscilla Mayrink, com tradu\u00e7\u00e3o de Carolyn Oliveira, 12 de novembro de 2018<\/li>\n\n\n\n<li><a href=\"https:\/\/rioonwatch.org\/?p=47113\" target=\"_blank\" rel=\"noreferrer noopener\">Favela Community Land Trusts, Parte 4: Aquisi\u00e7\u00e3o de terras pelo CLT<\/a>, Priscilla Mayrink e Tarcyla Fidalgo, com tradu\u00e7\u00e3o de Ava Rose Hoffman, 2 de outubro de 2018<\/li>\n\n\n\n<li><a href=\"https:\/\/rioonwatch.org\/?p=47078\" target=\"_blank\" rel=\"noreferrer noopener\">Favela Community Land Trusts, Parte 3: Criando uma entidade legal para formar um CLT<\/a>, Priscilla Mayrink e Tarcyla Fidalgo, com tradu\u00e7\u00e3o de Jiselle Steele, 1\u00ba de outubro de 2018<\/li>\n\n\n\n<li><a href=\"https:\/\/rioonwatch.org\/?p=46811\" target=\"_blank\" rel=\"noreferrer noopener\">Favela Community Land Trusts, Parte 2: The Basics of Applying the CLT Model in Favelas<\/a>, Priscilla Mayrink e Tarcyla Fidalgo, com tradu\u00e7\u00e3o de Laura Bachmann, 29 de setembro de 2018<\/li>\n\n\n\n<li><a href=\"https:\/\/rioonwatch.org\/?p=46511\" target=\"_blank\" rel=\"noreferrer noopener\">Fundo de Terras Comunit\u00e1rio de Favela, Parte 1: Understanding the Idea and Possibilities for Favelas<\/a>, Priscilla Mayrink e Tarcyla Fidalgo, com tradu\u00e7\u00e3o de Habib Msallem, 26 de setembro de 2018<\/li>\n\n\n\n<li><a href=\"https:\/\/rioonwatch.org\/?p=47186\" target=\"_blank\" rel=\"noreferrer noopener\">Uma ponte longe demais? Titula\u00e7\u00e3o de terras para qu\u00ea? Debates sobre favelas no Rio falam l\u00ednguas muito diferentes <\/a>, Ezra Spira-Cohen, 24 de setembro de 2018<\/li>\n\n\n\n<li><a href=\"https:\/\/rioonwatch.org\/?p=33041\" target=\"_blank\" rel=\"noreferrer noopener\">Housing Policy Lessons from Rio&#8217;s Favelas Part 5: Proposing Solutions<\/a>, David Robertson, 3 de janeiro de 2017<\/li>\n\n\n\n<li><a href=\"https:\/\/rioonwatch.org\/?p=25330\" target=\"_blank\" rel=\"noreferrer noopener\">A favela como um fundo comunit\u00e1rio de terras: Uma solu\u00e7\u00e3o para o despejo e a gentrifica\u00e7\u00e3o?<\/a>David Robertson e Theresa Williamson, 15 de novembro de 2016<\/li>\n\n\n\n<li><a href=\"https:\/\/rioonwatch.org\/?p=33033\" target=\"_blank\" rel=\"noreferrer noopener\">Housing Policy Lessons from Rio&#8217;s Favelas Part 3: Distrust, Gentrification and Titling<\/a>, David Robertson, 31 de outubro de 2016<\/li>\n\n\n\n<li><a href=\"https:\/\/rioonwatch.org\/?p=19916\" target=\"_blank\" rel=\"noreferrer noopener\">Madonna and the Risks of Land Titling<\/a>, Theresa Williamson, com tradu\u00e7\u00e3o de Luana Gama, 29 de janeiro de 2015<\/li>\n\n\n\n<li><a href=\"https:\/\/rioonwatch.org\/?p=14907\" target=\"_blank\" rel=\"noreferrer noopener\">Rumo a uma melhor compreens\u00e3o da participa\u00e7\u00e3o cidad\u00e3: Sherry Arnstein&#8217;s Ladder (A escada de Sherry Arnstein<\/a>), Kimberly Farnham, 29 de maio de 2014<\/li>\n\n\n\n<li><a href=\"https:\/\/rioonwatch.org\/?p=14840\" target=\"_blank\" rel=\"noreferrer noopener\">Instituto Brasileiro de Arquitetos pede prote\u00e7\u00e3o para as favelas<\/a>, Andr\u00e9 Balocco e Tassia Di Carvalho, com tradu\u00e7\u00e3o de Ollie Davies, 10 de maio de 2014<\/li>\n\n\n\n<li><a href=\"https:\/\/rioonwatch.org\/?p=11075\" target=\"_blank\" rel=\"noreferrer noopener\">Construindo a Cidade Singular: Land Tenure and Urban Planning in Rio de Janeiro&#8217;s Favelas<\/a>, Theresa Williamson, 19 de setembro de 2013<\/li>\n\n\n\n<li><a href=\"https:\/\/rioonwatch.org\/?p=3148\" target=\"_blank\" rel=\"noreferrer noopener\">Favela Community Land Trusts?<\/a>, Jake Cummings, 16 de mar\u00e7o de 2012<\/li>\n<\/ul>\n\n<h3 class=\"wp-block-heading\" id=\"h-book-chapters-journal-articles-english\" style=\"font-size:clamp(15.747px, 0.984rem + ((1vw - 3.2px) * 0.645), 24px);\">Cap\u00edtulos de livros \/ Artigos de peri\u00f3dicos (ingl\u00eas)<\/h3>\n\n<ul class=\"wp-block-list\">\n<li><a href=\"https:\/\/www.cltweb.org\/wp-content\/uploads\/2024\/11\/CH12.pdf\" target=\"_blank\" rel=\"noreferrer noopener\">Fundos de Terras Comunit\u00e1rios em Assentamentos Informais: Adapta\u00e7\u00e3o de caracter\u00edsticas do CLT Ca\u00f1o Mart\u00edn Pe\u00f1a de Porto Rico para lidar com a inseguran\u00e7a fundi\u00e1ria nas favelas do Rio de Janeiro, Brasil<\/a><br\/>Tarcyla Fidalgo Ribeiro, Line Algoed, Mar\u00eda E. Hern\u00e1ndez-Torrales, Lyvia Rodr\u00edguez Del Valle, Alejandro Cott\u00e9 Morales e Theresa Williamson, <em>On Common Ground<\/em>, Terra Nostra Press, 2020<\/li>\n\n\n\n<li><a href=\"https:\/\/www.cambridge.org\/core\/journals\/social-policy-and-society\/article\/abs\/collective-property-rights-and-social-citizenship-recent-trends-in-urban-latin-america\/F13ED1CF6D7754A439C579F9774122D4\" target=\"_blank\" rel=\"noreferrer noopener\">Collective Property Rights and Social Citizenship: Tend\u00eancias recentes na Am\u00e9rica Latina urbana<\/a>, Diane Davis E. Davis e Jos\u00e9 Carlos Fern\u00e1ndez, <em>Pol\u00edtica Social e Sociedade<\/em>, 26 de novembro de 2019<\/li>\n<\/ul>\n\n<h3 class=\"wp-block-heading\" id=\"h-other-news-articles-english\" style=\"font-size:clamp(15.747px, 0.984rem + ((1vw - 3.2px) * 0.645), 24px);\">Outros artigos de not\u00edcias (ingl\u00eas)<\/h3>\n\n<ul class=\"wp-block-list\">\n<li><a href=\"https:\/\/world-habitat.org\/news\/news-updates\/next-phase-progresses-for-establishing-community-land-trusts-across-brazil\/\" target=\"_blank\" rel=\"noreferrer noopener\">Pr\u00f3xima fase avan\u00e7a para estabelecer Community Land Trusts em todo o Brasil<\/a>, World Habitat, 14 de junho de 2021<\/li>\n\n\n\n<li><a href=\"https:\/\/diplomatique.org.br\/pandemics-housing-crisis-and-the-value-of-community-led-housing-initiatives-in-the-global-south\/\" target=\"_blank\" rel=\"noreferrer noopener\">Pandemias, crise habitacional e o valor das iniciativas habitacionais lideradas pela comunidade no sul global<\/a>, Thaisa Comelli, Tucker Landesman e Alexandre Apsan Frediani, Le Monde, 13 de maio de 2021<\/li>\n\n\n\n<li><a href=\"https:\/\/world-habitat.org\/news\/news-updates\/brazils-first-community-land-trust\/\" target=\"_blank\" rel=\"noreferrer noopener\">O primeiro Community Land Trust do Brasil<\/a>, World Habitat, 8 de setembro de 2020<\/li>\n\n\n\n<li><a href=\"https:\/\/www.lincolninst.edu\/pt-br\/publications\/articles\/community-land-trusts-rios-favelas\" target=\"_blank\" rel=\"noreferrer noopener\">Fundos de Terras Comunit\u00e1rios nas Favelas do Rio<\/a>, Theresa Williams, <em>Land Lines<\/em>, julho de 2018<\/li>\n\n\n\n<li><a href=\"https:\/\/braziltalkdotorg1.wordpress.com\/2015\/02\/07\/development-without-displacement-in-favela-do-vidigal\/\" target=\"_blank\" rel=\"noreferrer noopener\">Desenvolvimento sem deslocamento na Favela do Vidigal<\/a>, Anthony Scott, <em>palestra no Brasil<\/em>, 7 de fevereiro de 2015<\/li>\n<\/ul>\n\n<h3 class=\"wp-block-heading\" id=\"h-photo-galleries\" style=\"font-size:clamp(15.747px, 0.984rem + ((1vw - 3.2px) * 0.645), 24px);\">Galerias de fotos<\/h3>\n\n<ul class=\"wp-block-list\">\n<li><a href=\"https:\/\/www.flickr.com\/photos\/catcomm\/albums\/72157711455691401\" target=\"_blank\" rel=\"noreferrer noopener\">Comunidade de Trapicheiros<\/a><\/li>\n\n\n\n<li><a href=\"https:\/\/www.flickr.com\/photos\/catcomm\/albums\/72157639180057596\" target=\"_blank\" rel=\"noreferrer noopener\">Comunidade Esperan\u00e7a<\/a><\/li>\n<\/ul>\n\n<h3 class=\"wp-block-heading\" id=\"h-portuguese-outreach-materials\" style=\"font-size:clamp(15.747px, 0.984rem + ((1vw - 3.2px) * 0.645), 24px);\">Materiais de divulga\u00e7\u00e3o em portugu\u00eas<\/h3>\n\n<ul class=\"wp-block-list\">\n<li><a href=\"https:\/\/static1.squarespace.com\/static\/604bd897618ad1188169cd5a\/t\/608c109793b8ff1a678ad3bc\/1619792029884\/Termo-Territorial-Coletivo-folder-2020.pdf\" target=\"_blank\" rel=\"noreferrer noopener\">Folheto do Favela CLT<\/a><\/li>\n\n\n\n<li><a href=\"https:\/\/static1.squarespace.com\/static\/604bd897618ad1188169cd5a\/t\/61b3b210d485a9398f05e634\/1639166484701\/Cartilha+-+Como+come%C3%A7ar+um+TTC_+%281%29+%282%29.pdf\" target=\"_blank\" rel=\"noreferrer noopener\">Como iniciar um CLT<\/a><\/li>\n<\/ul>\n\n<h3 class=\"wp-block-heading\" id=\"h-publications-in-portuguese\" style=\"font-size:clamp(15.747px, 0.984rem + ((1vw - 3.2px) * 0.645), 24px);\">Publica\u00e7\u00f5es em portugu\u00eas<\/h3>\n\n<ul class=\"wp-block-list\">\n<li>Ant\u00e3o, Renata. C. N. e Tarcyla Fidalgo Ribeiro. 2019. Termo Territorial Coletivo: Instrumento de &#8220;costura&#8221; entre o Planejamento Urbano e o Direito em Prol do Incremento da Seguran\u00e7a da Posse. XVIII Enanpur. Anais. Natal: ANPUR, 2019. Dispon\u00edvel em: <a href=\"\">https:\/\/www.termoterritorialcoletivo.org\/biblioteca-termo-territorial-coletivo\/termo-territorial-coletivo-planejamento-urbano-e-o-direito-em-prol-do-incremento-da-segurana-da-posse.<\/a>       <\/li>\n\n\n\n<li>&#8212;. 2020. O cooperativismo habitacional e a gest\u00e3o coletiva da propriedade como garantia da seguran\u00e7a da posse de popula\u00e7\u00f5es vulnerabilizadas: O Community Land Trust. Revista De Gest\u00e3o E Organiza\u00e7\u00f5es Cooperativas, <em>7<\/em>(14), 119\u2013132. Dispon\u00edvel em: <a href=\"\">&lt;https:\/\/www.researchgate.net\/publication\/349187072_O_cooperativismo_habitacional_e_a_gestao_coletiva_da_propriedade_como_garantia_da_seguranca_da_posse_de_populacoes_vulnerabilizadas_O_Community_Land_Trust&gt;<\/a>   <\/li>\n\n\n\n<li>Thaisa Comelli, Thaisa, Landesman, Tucker e Apsan Frediani, Alexandre. 2021. A import\u00e2ncia das experi\u00eancias de moradias de iniciativa comunit\u00e1ria, Le Monde,<\/li>\n\n\n\n<li>Cotto C\u00e1ndida. 2020. En busca de tierras a perpetuidad para la agricultura sostenible. <em>Claridade:<\/em> <a href=\"\">https:\/\/www.claridadpuertorico.com\/en-busca-de-tierras-a-perpetuidad-para-la-agricultura-sostenible\/<\/a>  <\/li>\n\n\n\n<li>Fidalgo Ribeiro, Tarcyla e Renata Ant\u00e3o. 2018. A gest\u00e3o coletiva da propriedade como garantia da seguran\u00e7a da posse de popula\u00e7\u00f5es vulnerabilizadas: os termos comunit\u00e1rios territoriais (tct) e as possibilidades no ordenamento jur\u00eddico brasileiro. In: Congresso observat\u00f3rio das metr\u00f3poles 20 anos: 2018, Rio de Janeiro. As metr\u00f3poles e o direito \u00e0 cidade: dilemas, desafios e esperan\u00e7as, p. 2329-2352. Dispon\u00edvel em: <a href=\"\">&lt;https:\/\/www.researchgate.net\/publication\/335255662_A_GESTAO_COLETIVA_DA_PROPRIEDADE_COMO_GARANTIA_DA_SEGURANCA_DA_POSSE_DE_POPULACOES_VULNERABILIZADAS_OS_TERMOS_COMUNITARIOS_TERRITORIAIS_TCT_E_AS_POSSIBILIDADES_NO_ORDENAMENTO_JURIDICO_BRASILEIRO&gt;<\/a>     <\/li>\n\n\n\n<li>&#8212;. 2019. Os community land trusts como instrumento de resist\u00eancia aos projetos urbanos neoliberais. Revista do programa de p\u00f3s-gradua\u00e7\u00e3o em arquitetura e urbanismo da FAU-USP, v. 26, p. 01. Dispon\u00edvel em: <a href=\"\">&lt;https:\/\/www.revistas.usp.br\/posfau\/article\/view\/154694\/158304&gt;<\/a>   <\/li>\n\n\n\n<li>&#8212;. 2021. O Termo Territorial Coletivo como Alternativa Emancipat\u00f3ria \u00e0 Aplica\u00e7\u00e3o da Propriedade Privada Cl\u00e1ssica: Uma Mudan\u00e7a de Perspectiva. In: Diogo R. Coutinho; Fl\u00e1vio Marques Prol; D\u00e9bora Ungaretti; Iag\u00ea Z. Miola; Tomaso Ferrando. (Org.). Propriedades em transforma\u00e7\u00e3o: expandindo a agenda de pesquisa. 1ed.S\u00e3o Paulo: Blucher, 2021, v. 2, p. 188-2010. Dispon\u00edvel em: <a href=\"\">&lt;https:\/\/www.researchgate.net\/publication\/335255345_O_TERMO_TERRITORIAL_COLETIVO_COMO_ALTERNATIVA_EMANCIPATORIA_A_APLICACAO_DA_PROPRIEDADE_PRIVADA_CLASSICA_UMA_MUDANCA_DE_PERSPECTIVA&gt;<\/a>      <\/li>\n\n\n\n<li>Fidalgo Ribeiro, Tarcyla. 2018. Parecer Jur\u00eddico sobre Legisla\u00e7\u00e3o Brasileira em Rela\u00e7\u00e3o ao Instrumento TTC, Preparado para o Lincoln Institute of Land Policy. Dispon\u00edvel em <a href=\"\" target=\"\" rel=\"\">&lt;https:\/\/comcat.org\/wp-content\/uploads\/2018\/08\/2018-04-Parecer-juridico-TTC-por-Tarcyla-Fidalgo-LILP.pdf&gt;<\/a>.   <\/li>\n\n\n\n<li>&#8212;. 2020. \u201cOs \u201cCommunity Land Trusts\u201d: potencialidades e desafios de sua implementa\u00e7\u00e3o nas cidades brasileiras\u201d. Revista de Direito da Cidade, Rio de Janeiro, v. 12, n.1, 609-631. Dispon\u00edvel em: <a href=\"\">&lt;https:\/\/www.researchgate.net\/publication\/341037661_Os_Community_Land_Trusts_potencialidades_e_desafios_de_sua_implementacao_nas_cidades_brasileiras&gt;<\/a>.   <\/li>\n\n\n\n<li>&#8212;. 2021. O &#8216;Community Land Trust&#8217; como instrumento de resili\u00eancia urbana: possibilidades a partir da expectativa de sua implementa\u00e7\u00e3o. In: II Encuentro de la Red de Asentamientos Populares &#8211; ENRAP, Buenos Aires. Pandemia, crisis y oportunidades para el h\u00e1bitat popular. Buenos Aires: FAu-UNNE, 2021. v. 1. p. 601-613. Dispon\u00edvel em:<a href=\"\">&lt;https:\/\/drive.google.com\/file\/d\/15N1UPsiV1c9fSOqAawNCdHqsnOJ0unS0\/view&gt;<\/a>       <\/li>\n\n\n\n<li>&#8212;. 2021. O Termo Territorial Coletivo e o Direito \u00e0 Moradia Adequada: potencialidades a partir de uma experi\u00eancia do Programa Minha Casa Minha Vida &#8211; Entidades. In: Adauto L. Cardoso; Camila D&#8217;Ottaviano. (Org.). Habita\u00e7\u00e3o e Direito \u00e0 Cidade desafios para as metr\u00f3poles em tempos de crise. 1ed. Rio de Janeiro: <em>Letra Capital<\/em>, v. 1, p. 78-107. Dispon\u00edvel em: <a href=\"\">&lt;https:\/\/www.researchgate.net\/publication\/350887240_O_TERMO_TERRITORIAL_COLETIVO_E_O_DIREITO_A_MORADIA_ADEQUADA_potencialidades_a_partir_de_uma_experiencia_do_Programa_Minha_Casa_Minha_Vida-Entidades&gt;<\/a>       <\/li>\n\n\n\n<li>&#8212;. 2021. Novas perspectivas para a gest\u00e3o coletiva territorial e fundi\u00e1ria: O termo territorial coletivo. In: Margareth Matiko Uemura et al.. (Org.). ATHIS para o direito \u00e0 moradia. 1ed.S\u00e3o Paulo: <em>P\u00f3lis<\/em>, v. 1, p. 153-162. Dispon\u00edvel em: <a href=\"\">&lt;https:\/\/polis.org.br\/wp-content\/uploads\/2021\/12\/ATHIS-DIREITO-A-MORADIA_nov2021.pdf&gt;<\/a>      <\/li>\n\n\n\n<li>&#8212;. 2021. O termo territorial coletivo como alternativa emancipat\u00f3ria \u00e0 aplica\u00e7\u00e3o da propriedade privada cl\u00e1ssica uma mudan\u00e7a de perspectiva. <em>Academia<\/em>. <\/li>\n\n\n\n<li>Fidalgo Ribeiro, Tarcyla e F. Litsek. 2021. O Termo Territorial Coletivo e a gest\u00e3o comunit\u00e1ria da terra, Observat\u00f3rio das Metr\u00f3poles.    <a href=\"https:\/\/www.observatoriodasmetropoles.net.br\/o-termo-territorial-coletivo-e-a-gestao-comunitaria-da-terra\/\" target=\"_blank\" rel=\"noreferrer noopener\">https:\/\/www.observatoriodasmetropoles.net.br\/o-termo-territorial-coletivo-e-a-gestao-comunitaria-da-terra\/<\/a><\/li>\n\n\n\n<li>&#8212;. 2020. Novos olhares sobre a Lei 13.465\/17: Potencialidades no Fortalecimento das Comunidades atrav\u00e9s dos Termos Territoriais Coletivos. InSURg\u00eancia: revista de direitos e movimentos sociais, <em>Bras\u00edlia<\/em>, v. 6, n. 2, 2020. Dispon\u00edvel em: <a href=\"\">&lt;https:\/\/periodicos.unb.br\/index.php\/insurgencia\/article\/view\/31968&gt;<\/a>.    <\/li>\n\n\n\n<li>&#8212;. 2021. Construindo caminhos para o direito \u00e0 cidade: a contribui\u00e7\u00e3o do Termo Territorial Coletivo. In: Edesio Fernandes et al. (Org.). El derecho a la ciudad frente a los desaf\u00edos actuales. 1ed. Buenos Aires: <em>CLACSO<\/em>, 2021, v. 2, p. 107-118. Dispon\u00edvel em: <a href=\"\">&lt;https:\/\/static1.squarespace.com\/static\/604bd897618ad1188169cd5a\/t\/61aa8482c932dd0babc66710\/1638565014300\/V2_Desigualdades-urbanas_CuadN2+%281%29.pdf&gt;<\/a> <\/li>\n\n\n\n<li>Litsek, F. A. 2019. Experi\u00eancia dos Termos Territoriais Coletivos na Promo\u00e7\u00e3o de Moradia Acess\u00edvel e Resist\u00eancia \u00e0 Mercantiliza\u00e7\u00e3o da Terra. Revista E-Metropolis, Rio de Janeiro, n. 39, ano 10, 2019. Dispon\u00edvel em: <a href=\"\">&lt;http:\/\/emetropolis.net\/artigo\/305?name=a-experiencia-dos-termos-territoriais-coletivos-na-promocao-de-moradia-acessivel-e-resistencia-a-mercantilizacao-da-terra&gt;<\/a>.    <\/li>\n\n\n\n<li>Litsek, Felipe e Rebeca Landeiro. 2021. O Termo Territorial Coletivo na Am\u00e9rica Latina: Di\u00e1logos entre Brasil e Porto Rico. <em>RioOnWatch<\/em> (02-12-21). <a href=\"\">https:\/\/rioonwatch.org.br\/?p=59554<\/a>  <\/li>\n\n\n\n<li>Santos, R. L. 2021. O Estado e a Especula\u00e7\u00e3o Fundi\u00e1ria em Favelas: Um estudo sobre o Termo Territorial Coletivo. Dispon\u00edvel em: <a href=\"\">&lt;https:\/\/issuu.com\/rebecalandeiro\/docs\/csderno_ilustrado_para_issuu&gt;<\/a>  <\/li>\n\n\n\n<li>Sotto, D. 2017. Redescobrindo o direito de superf\u00edcie atrav\u00e9s dos Community Land Trusts: alternativas para a realiza\u00e7\u00e3o do direito \u00e0 moradia adequada no Brasil. In: Vieira, Bruno Soeiro. (Org.). Instrumentos Urban\u00edsticos e sua (in)efetividade. 1ed. Rio de Janeiro: Lumen Juris, v. 1, p. 157-174. Dispon\u00edvel em: <a href=\"\">&lt;https:\/\/www.researchgate.net\/publication\/323548192_Redescobrindo_o_direito_de_superficie_atraves_dos_Community_Land_Trusts_alternativas_para_a_realizacao_do_direito_a_moradia_adequada_no_Brasil&gt;<\/a>.       <\/li>\n\n\n\n<li>Williamson, Theresa. 2018. O Termo Territorial Coletivo (TTC) Aplicado \u00e0s Favelas Poderia Resolver a Crise Mundial de Moradia? <em>Land Lines<\/em>, p. 8-23. Dispon\u00edvel em: <a href=\"https:\/\/comcat.org\/wp-content\/uploads\/2018\/08\/O-Termo-Territorial-Coletivo-TTC-Aplicado-a%CC%80s-Favelas-Poderia-Resolver-a-Crise-Mundial-de-Moradia.pdf\">&lt;https:\/\/comcat.org\/wp-content\/uploads\/2018\/08\/O-Termo-Territorial-Coletivo-TTC-Aplicado-a%CC%80s-Favelas-Poderia-Resolver-a-Crise-Mundial-de-Moradia.pdf&gt;<\/a>   <\/li>\n<\/ul>\n\n<h3 class=\"wp-block-heading\" id=\"h-videos\" style=\"font-size:clamp(15.747px, 0.984rem + ((1vw - 3.2px) * 0.645), 24px);\">V\u00eddeos<\/h3>\n\n<ul class=\"wp-block-list\">\n<li>A experi\u00eancia dos CLTs na Am\u00e9rica Latina, Festival Outubro Urbano\/CLT, 21 de outubro de 2021. <a href=\"https:\/\/vimeo.com\/637867077\" target=\"_blank\" rel=\"noreferrer noopener\">Ingl\u00eas<\/a> <a href=\"https:\/\/vimeo.com\/638837316\" target=\"_blank\" rel=\"noreferrer noopener\">Espanhol<\/a><\/li>\n\n\n\n<li><a href=\"https:\/\/youtu.be\/Nwib-mToMHw\" target=\"_blank\" rel=\"noreferrer noopener\">Audi\u00eancia p\u00fablica sobre o Favela-CLT<\/a>, Rio TV C\u00e2mara, 28 de setembro de 2021<\/li>\n\n\n\n<li><a href=\"https:\/\/youtu.be\/gA4UtSQw2Ec\" target=\"_blank\" rel=\"noreferrer noopener\">Termo Territorial Coletivo &#8211; Passeio pela Rocinha<\/a>, v\u00eddeo de Rebeca Landeiro, 8 de setembro de 2021<\/li>\n\n\n\n<li><a href=\"https:\/\/youtu.be\/0-lvmDPtNZc\" target=\"_blank\" rel=\"noreferrer noopener\">O que \u00e9 o Termo Territorial Coletivo (TTC)? #ANIMA\u00c7\u00c3O\n [What&#8217;s a Favela Community Land Trust?]<\/a>, RioOnWatch TV, 21 de maio de 2021<\/li>\n\n\n\n<li><a href=\"https:\/\/youtu.be\/WtN0UrLNEkQ\" target=\"_blank\" rel=\"noreferrer noopener\">Garantia dos direitos \u00e0 terra: Community Land Trusts in Informal Settlements<\/a>, World Habitat, 29 de outubro de 2020<\/li>\n\n\n\n<li><a href=\"https:\/\/youtu.be\/Pkqqwxu_Rgc\" target=\"_blank\" rel=\"noreferrer noopener\">O Termo Territorial Coletivo como Instrumento de Transforma\u00e7\u00e3o da Realidade Urbana<\/a>, Urban October\/RioOnWatch TV, 21 de outubro de 2020<\/li>\n\n\n\n<li><a href=\"https:\/\/youtu.be\/xAVZrpIesqw\" target=\"_blank\" rel=\"noreferrer noopener\">Apresenta\u00e7\u00e3o da Estrutura do Termo Territorial Coletivo (TTC),<\/a> por Tarcyla Fidalgo, RioOnWatch TV, 28 de julho de 2020<\/li>\n\n\n\n<li><a href=\"https:\/\/youtu.be\/1JOkffuPEnU\" target=\"_blank\" rel=\"noreferrer noopener\">The Potential of Community Land Trusts in Rio&#8217;s Favelas<\/a>, Theresa Williamson, Lincoln Institute of Land Policy, 7 de dezembro de 2017<\/li>\n<\/ul>\n\n<h3 class=\"wp-block-heading\" id=\"h-websites\" style=\"font-size:clamp(15.747px, 0.984rem + ((1vw - 3.2px) * 0.645), 24px);\">Sites<\/h3>\n\n<ul class=\"wp-block-list\">\n<li><a href=\"https:\/\/www.termoterritorialcoletivo.org\/\" target=\"_blank\" rel=\"noreferrer noopener\">Favela Community Land Trust \/ Termo Territorial Coletivo<\/a><\/li>\n\n\n\n<li><a href=\"https:\/\/catcomm.org\/favela-community-land-trust\/\" target=\"_blank\" rel=\"noreferrer noopener\">Comunidades catalisadoras<\/a>\n<ul class=\"wp-block-list\">\n<li><a href=\"https:\/\/catcomm.org\/clt-pubs\/\" target=\"_blank\" rel=\"noreferrer noopener\">Publica\u00e7\u00f5es e apresenta\u00e7\u00f5es do Favela Community Land Trust<\/a><\/li>\n\n\n\n<li><a href=\"https:\/\/en.wikipedia.org\/wiki\/Catalytic_Communities\" target=\"_blank\" rel=\"noreferrer noopener\">Entrada na Wikip\u00e9dia<\/a><\/li>\n<\/ul>\n<\/li>\n<\/ul>\n","protected":false},"excerpt":{"rendered":"<p>O projeto brasileiro Favela Community Land Trust(Termo Territorial Coletivo), desenvolvido pela Catalytic Communities em parceria com v\u00e1rios \u00f3rg\u00e3os p\u00fablicos, institui\u00e7\u00f5es privadas, universidades e l\u00edderes comunit\u00e1rios, \u00e9 inspirado no modelo CLT, [&hellip;]<\/p>\n","protected":false},"author":1,"featured_media":0,"parent":3142,"menu_order":0,"comment_status":"closed","ping_status":"closed","template":"","meta":{"give_campaign_id":0,"_tec_requires_first_save":true,"_kad_blocks_custom_css":"","_kad_blocks_head_custom_js":"","_kad_blocks_body_custom_js":"","_kad_blocks_footer_custom_js":"","_EventAllDay":false,"_EventTimezone":"","_EventStartDate":"","_EventEndDate":"","_EventStartDateUTC":"","_EventEndDateUTC":"","_EventShowMap":false,"_EventShowMapLink":false,"_EventURL":"","_EventCost":"","_EventCostDescription":"","_EventCurrencySymbol":"","_EventCurrencyCode":"","_EventCurrencyPosition":"","_EventDateTimeSeparator":"","_EventTimeRangeSeparator":"","_EventOrganizerID":[],"_EventVenueID":[],"_OrganizerEmail":"","_OrganizerPhone":"","_OrganizerWebsite":"","_VenueAddress":"","_VenueCity":"","_VenueCountry":"","_VenueProvince":"","_VenueState":"","_VenueZip":"","_VenuePhone":"","_VenueURL":"","_VenueStateProvince":"","_VenueLat":"","_VenueLng":"","_VenueShowMap":false,"_VenueShowMapLink":false,"_tribe_blocks_recurrence_rules":"","_tribe_blocks_recurrence_description":"","_tribe_blocks_recurrence_exclusions":"","footnotes":""},"categories":[157],"tags":[],"class_list":["post-3744","page","type-page","status-publish","hentry","category-sul-global"],"blocksy_meta":[],"yoast_head":"<!-- This site is optimized with the Yoast SEO Premium plugin v27.5 (Yoast SEO v27.5) - https:\/\/yoast.com\/product\/yoast-seo-premium-wordpress\/ -->\n<title>Brasil - International Center for Community Land Trusts<\/title>\n<meta name=\"robots\" content=\"index, follow, max-snippet:-1, max-image-preview:large, max-video-preview:-1\" \/>\n<link rel=\"canonical\" href=\"https:\/\/www.cltweb.org\/pt-br\/biblioteca-de-recursos\/sul-global\/brasil\/\" \/>\n<meta property=\"og:locale\" content=\"pt_BR\" \/>\n<meta property=\"og:type\" content=\"article\" \/>\n<meta property=\"og:title\" content=\"Brasil\" \/>\n<meta property=\"og:description\" content=\"O projeto brasileiro Favela Community Land Trust(Termo Territorial Coletivo), desenvolvido pela Catalytic Communities em parceria com v\u00e1rios \u00f3rg\u00e3os p\u00fablicos, institui\u00e7\u00f5es privadas, universidades e l\u00edderes comunit\u00e1rios, \u00e9 inspirado no modelo CLT, [&hellip;]\" \/>\n<meta property=\"og:url\" content=\"https:\/\/www.cltweb.org\/pt-br\/biblioteca-de-recursos\/sul-global\/brasil\/\" \/>\n<meta property=\"og:site_name\" content=\"International Center for Community Land Trusts\" \/>\n<meta property=\"article:publisher\" content=\"https:\/\/www.facebook.com\/cltcenter\" \/>\n<meta property=\"article:modified_time\" content=\"2025-01-09T15:17:58+00:00\" \/>\n<meta property=\"og:image\" content=\"https:\/\/www.cltweb.org\/wp-content\/uploads\/2024\/10\/TTC-logo.png\" \/>\n\t<meta property=\"og:image:width\" content=\"288\" \/>\n\t<meta property=\"og:image:height\" content=\"120\" \/>\n\t<meta property=\"og:image:type\" content=\"image\/png\" \/>\n<meta name=\"twitter:card\" content=\"summary_large_image\" \/>\n<meta name=\"twitter:site\" content=\"@Center4CLTs\" \/>\n<meta name=\"twitter:label1\" content=\"Est. tempo de leitura\" \/>\n\t<meta name=\"twitter:data1\" content=\"11 minutos\" \/>\n<script type=\"application\/ld+json\" class=\"yoast-schema-graph\">{\"@context\":\"https:\\\/\\\/schema.org\",\"@graph\":[{\"@type\":\"WebPage\",\"@id\":\"https:\\\/\\\/www.cltweb.org\\\/pt-br\\\/biblioteca-de-recursos\\\/sul-global\\\/brasil\\\/\",\"url\":\"https:\\\/\\\/www.cltweb.org\\\/pt-br\\\/biblioteca-de-recursos\\\/sul-global\\\/brasil\\\/\",\"name\":\"Brasil - International Center for Community Land Trusts\",\"isPartOf\":{\"@id\":\"https:\\\/\\\/www.cltweb.org\\\/pt-br\\\/#website\"},\"primaryImageOfPage\":{\"@id\":\"https:\\\/\\\/www.cltweb.org\\\/pt-br\\\/biblioteca-de-recursos\\\/sul-global\\\/brasil\\\/#primaryimage\"},\"image\":{\"@id\":\"https:\\\/\\\/www.cltweb.org\\\/pt-br\\\/biblioteca-de-recursos\\\/sul-global\\\/brasil\\\/#primaryimage\"},\"thumbnailUrl\":\"https:\\\/\\\/www.cltweb.org\\\/wp-content\\\/uploads\\\/2024\\\/10\\\/TTC-logo.png\",\"datePublished\":\"2024-10-19T19:41:50+00:00\",\"dateModified\":\"2025-01-09T15:17:58+00:00\",\"breadcrumb\":{\"@id\":\"https:\\\/\\\/www.cltweb.org\\\/pt-br\\\/biblioteca-de-recursos\\\/sul-global\\\/brasil\\\/#breadcrumb\"},\"inLanguage\":\"pt-BR\",\"potentialAction\":[{\"@type\":\"ReadAction\",\"target\":[\"https:\\\/\\\/www.cltweb.org\\\/pt-br\\\/biblioteca-de-recursos\\\/sul-global\\\/brasil\\\/\"]}]},{\"@type\":\"ImageObject\",\"inLanguage\":\"pt-BR\",\"@id\":\"https:\\\/\\\/www.cltweb.org\\\/pt-br\\\/biblioteca-de-recursos\\\/sul-global\\\/brasil\\\/#primaryimage\",\"url\":\"https:\\\/\\\/www.cltweb.org\\\/wp-content\\\/uploads\\\/2024\\\/10\\\/TTC-logo.png\",\"contentUrl\":\"https:\\\/\\\/www.cltweb.org\\\/wp-content\\\/uploads\\\/2024\\\/10\\\/TTC-logo.png\"},{\"@type\":\"BreadcrumbList\",\"@id\":\"https:\\\/\\\/www.cltweb.org\\\/pt-br\\\/biblioteca-de-recursos\\\/sul-global\\\/brasil\\\/#breadcrumb\",\"itemListElement\":[{\"@type\":\"ListItem\",\"position\":1,\"name\":\"Home\",\"item\":\"https:\\\/\\\/www.cltweb.org\\\/pt-br\\\/\"},{\"@type\":\"ListItem\",\"position\":2,\"name\":\"Biblioteca de recursos\",\"item\":\"https:\\\/\\\/www.cltweb.org\\\/pt-br\\\/biblioteca-de-recursos\\\/\"},{\"@type\":\"ListItem\",\"position\":3,\"name\":\"Sul Global\",\"item\":\"https:\\\/\\\/www.cltweb.org\\\/pt-br\\\/biblioteca-de-recursos\\\/sul-global\\\/\"},{\"@type\":\"ListItem\",\"position\":4,\"name\":\"Brasil\"}]},{\"@type\":\"WebSite\",\"@id\":\"https:\\\/\\\/www.cltweb.org\\\/pt-br\\\/#website\",\"url\":\"https:\\\/\\\/www.cltweb.org\\\/pt-br\\\/\",\"name\":\"International Center for Community Land Trusts\",\"description\":\"\",\"publisher\":{\"@id\":\"https:\\\/\\\/www.cltweb.org\\\/pt-br\\\/#organization\"},\"potentialAction\":[{\"@type\":\"SearchAction\",\"target\":{\"@type\":\"EntryPoint\",\"urlTemplate\":\"https:\\\/\\\/www.cltweb.org\\\/pt-br\\\/?s={search_term_string}\"},\"query-input\":{\"@type\":\"PropertyValueSpecification\",\"valueRequired\":true,\"valueName\":\"search_term_string\"}}],\"inLanguage\":\"pt-BR\"},{\"@type\":\"Organization\",\"@id\":\"https:\\\/\\\/www.cltweb.org\\\/pt-br\\\/#organization\",\"name\":\"International Center for Community Land Trusts\",\"url\":\"https:\\\/\\\/www.cltweb.org\\\/pt-br\\\/\",\"logo\":{\"@type\":\"ImageObject\",\"inLanguage\":\"pt-BR\",\"@id\":\"https:\\\/\\\/www.cltweb.org\\\/pt-br\\\/#\\\/schema\\\/logo\\\/image\\\/\",\"url\":\"https:\\\/\\\/www.cltweb.org\\\/wp-content\\\/uploads\\\/2024\\\/11\\\/New-CLT-Center-Text-logo.png\",\"contentUrl\":\"https:\\\/\\\/www.cltweb.org\\\/wp-content\\\/uploads\\\/2024\\\/11\\\/New-CLT-Center-Text-logo.png\",\"width\":227,\"height\":80,\"caption\":\"International Center for Community Land Trusts\"},\"image\":{\"@id\":\"https:\\\/\\\/www.cltweb.org\\\/pt-br\\\/#\\\/schema\\\/logo\\\/image\\\/\"},\"sameAs\":[\"https:\\\/\\\/www.facebook.com\\\/cltcenter\",\"https:\\\/\\\/x.com\\\/Center4CLTs\",\"https:\\\/\\\/www.instagram.com\\\/cltcenter\\\/\",\"https:\\\/\\\/www.linkedin.com\\\/company\\\/cltcenter\",\"https:\\\/\\\/www.youtube.com\\\/@centerforcltinnovation5313\"],\"description\":\"The International Center for Community Land Trusts is a not-for-profit nongovernmental organization established in 2018 to promote and to support community land trusts and similar strategies of community-led development on community-owned land in countries throughout the world.\",\"email\":\"info@communitylandtrust.net\",\"legalName\":\"International Center for Community Land Trusts\",\"foundingDate\":\"2018-12-01\",\"taxID\":\"84-3858933\",\"numberOfEmployees\":{\"@type\":\"QuantitativeValue\",\"minValue\":\"1\",\"maxValue\":\"10\"}}]}<\/script>\n<!-- \/ Yoast SEO Premium plugin. -->","yoast_head_json":{"title":"Brasil - International Center for Community Land Trusts","robots":{"index":"index","follow":"follow","max-snippet":"max-snippet:-1","max-image-preview":"max-image-preview:large","max-video-preview":"max-video-preview:-1"},"canonical":"https:\/\/www.cltweb.org\/pt-br\/biblioteca-de-recursos\/sul-global\/brasil\/","og_locale":"pt_BR","og_type":"article","og_title":"Brasil","og_description":"O projeto brasileiro Favela Community Land Trust(Termo Territorial Coletivo), desenvolvido pela Catalytic Communities em parceria com v\u00e1rios \u00f3rg\u00e3os p\u00fablicos, institui\u00e7\u00f5es privadas, universidades e l\u00edderes comunit\u00e1rios, \u00e9 inspirado no modelo CLT, [&hellip;]","og_url":"https:\/\/www.cltweb.org\/pt-br\/biblioteca-de-recursos\/sul-global\/brasil\/","og_site_name":"International Center for Community Land Trusts","article_publisher":"https:\/\/www.facebook.com\/cltcenter","article_modified_time":"2025-01-09T15:17:58+00:00","og_image":[{"width":288,"height":120,"url":"https:\/\/www.cltweb.org\/wp-content\/uploads\/2024\/10\/TTC-logo.png","type":"image\/png"}],"twitter_card":"summary_large_image","twitter_site":"@Center4CLTs","twitter_misc":{"Est. tempo de leitura":"11 minutos"},"schema":{"@context":"https:\/\/schema.org","@graph":[{"@type":"WebPage","@id":"https:\/\/www.cltweb.org\/pt-br\/biblioteca-de-recursos\/sul-global\/brasil\/","url":"https:\/\/www.cltweb.org\/pt-br\/biblioteca-de-recursos\/sul-global\/brasil\/","name":"Brasil - International Center for Community Land Trusts","isPartOf":{"@id":"https:\/\/www.cltweb.org\/pt-br\/#website"},"primaryImageOfPage":{"@id":"https:\/\/www.cltweb.org\/pt-br\/biblioteca-de-recursos\/sul-global\/brasil\/#primaryimage"},"image":{"@id":"https:\/\/www.cltweb.org\/pt-br\/biblioteca-de-recursos\/sul-global\/brasil\/#primaryimage"},"thumbnailUrl":"https:\/\/www.cltweb.org\/wp-content\/uploads\/2024\/10\/TTC-logo.png","datePublished":"2024-10-19T19:41:50+00:00","dateModified":"2025-01-09T15:17:58+00:00","breadcrumb":{"@id":"https:\/\/www.cltweb.org\/pt-br\/biblioteca-de-recursos\/sul-global\/brasil\/#breadcrumb"},"inLanguage":"pt-BR","potentialAction":[{"@type":"ReadAction","target":["https:\/\/www.cltweb.org\/pt-br\/biblioteca-de-recursos\/sul-global\/brasil\/"]}]},{"@type":"ImageObject","inLanguage":"pt-BR","@id":"https:\/\/www.cltweb.org\/pt-br\/biblioteca-de-recursos\/sul-global\/brasil\/#primaryimage","url":"https:\/\/www.cltweb.org\/wp-content\/uploads\/2024\/10\/TTC-logo.png","contentUrl":"https:\/\/www.cltweb.org\/wp-content\/uploads\/2024\/10\/TTC-logo.png"},{"@type":"BreadcrumbList","@id":"https:\/\/www.cltweb.org\/pt-br\/biblioteca-de-recursos\/sul-global\/brasil\/#breadcrumb","itemListElement":[{"@type":"ListItem","position":1,"name":"Home","item":"https:\/\/www.cltweb.org\/pt-br\/"},{"@type":"ListItem","position":2,"name":"Biblioteca de recursos","item":"https:\/\/www.cltweb.org\/pt-br\/biblioteca-de-recursos\/"},{"@type":"ListItem","position":3,"name":"Sul Global","item":"https:\/\/www.cltweb.org\/pt-br\/biblioteca-de-recursos\/sul-global\/"},{"@type":"ListItem","position":4,"name":"Brasil"}]},{"@type":"WebSite","@id":"https:\/\/www.cltweb.org\/pt-br\/#website","url":"https:\/\/www.cltweb.org\/pt-br\/","name":"International Center for Community Land Trusts","description":"","publisher":{"@id":"https:\/\/www.cltweb.org\/pt-br\/#organization"},"potentialAction":[{"@type":"SearchAction","target":{"@type":"EntryPoint","urlTemplate":"https:\/\/www.cltweb.org\/pt-br\/?s={search_term_string}"},"query-input":{"@type":"PropertyValueSpecification","valueRequired":true,"valueName":"search_term_string"}}],"inLanguage":"pt-BR"},{"@type":"Organization","@id":"https:\/\/www.cltweb.org\/pt-br\/#organization","name":"International Center for Community Land Trusts","url":"https:\/\/www.cltweb.org\/pt-br\/","logo":{"@type":"ImageObject","inLanguage":"pt-BR","@id":"https:\/\/www.cltweb.org\/pt-br\/#\/schema\/logo\/image\/","url":"https:\/\/www.cltweb.org\/wp-content\/uploads\/2024\/11\/New-CLT-Center-Text-logo.png","contentUrl":"https:\/\/www.cltweb.org\/wp-content\/uploads\/2024\/11\/New-CLT-Center-Text-logo.png","width":227,"height":80,"caption":"International Center for Community Land Trusts"},"image":{"@id":"https:\/\/www.cltweb.org\/pt-br\/#\/schema\/logo\/image\/"},"sameAs":["https:\/\/www.facebook.com\/cltcenter","https:\/\/x.com\/Center4CLTs","https:\/\/www.instagram.com\/cltcenter\/","https:\/\/www.linkedin.com\/company\/cltcenter","https:\/\/www.youtube.com\/@centerforcltinnovation5313"],"description":"The International Center for Community Land Trusts is a not-for-profit nongovernmental organization established in 2018 to promote and to support community land trusts and similar strategies of community-led development on community-owned land in countries throughout the world.","email":"info@communitylandtrust.net","legalName":"International Center for Community Land Trusts","foundingDate":"2018-12-01","taxID":"84-3858933","numberOfEmployees":{"@type":"QuantitativeValue","minValue":"1","maxValue":"10"}}]}},"campaignId":"","taxonomy_info":{"category":[{"value":157,"label":"Sul Global"}]},"featured_image_src_large":false,"author_info":{"display_name":"cltredesign_0jp0l4","author_link":"https:\/\/www.cltweb.org\/pt-br\/author\/cltredesign_0jp0l4\/"},"comment_info":0,"jetpack_sharing_enabled":true,"jetpack-related-posts":[{"id":3142,"url":"https:\/\/www.cltweb.org\/pt-br\/biblioteca-de-recursos\/sul-global\/","url_meta":{"origin":3744,"position":0},"title":"Sul Global","author":"cltredesign_0jp0l4","date":"4 de outubro de 2024","format":false,"excerpt":"Fundos de Terras Comunit\u00e1rios no Sul Global Gra\u00e7as ao trabalho pioneiro do Tanzania-Bondeni Community Land Trust, no Qu\u00eania, do Fideicomiso de la Tierra del Ca\u00f1o Mart\u00edn Pe\u00f1a, em Porto Rico, e das Comunidades Catalisadoras, no Brasil, h\u00e1 um grande potencial para a expans\u00e3o dos fundos fiduci\u00e1rios comunit\u00e1rios de terras no\u2026","rel":"","context":"Em &quot;Biblioteca de recursos&quot;","block_context":{"text":"Biblioteca de recursos","link":"https:\/\/www.cltweb.org\/pt-br\/category\/biblioteca-de-recursos\/"},"img":{"alt_text":"","src":"","width":0,"height":0},"classes":[]},{"id":862,"url":"https:\/\/www.cltweb.org\/pt-br\/sobre-nos\/diretoria\/","url_meta":{"origin":3744,"position":1},"title":"Diretoria e equipe","author":"cltredesign_0jp0l4","date":"26 de julho de 2024","format":false,"excerpt":"A equipe que est\u00e1 liderando o trabalho do Centro CLT.","rel":"","context":"Em &quot;Sobre n\u00f3s&quot;","block_context":{"text":"Sobre n\u00f3s","link":"https:\/\/www.cltweb.org\/pt-br\/category\/sobre-nos\/"},"img":{"alt_text":"","src":"","width":0,"height":0},"classes":[]},{"id":1584,"url":"https:\/\/www.cltweb.org\/pt-br\/terra-nostra-press\/catalogo\/fundos-de-terras-comunitarios-e-assentamentos-informais-no-sul-global\/","url_meta":{"origin":3744,"position":2},"title":"Fundos de Terras Comunit\u00e1rios e Assentamentos Informais no Sul Global","author":"cltredesign_0jp0l4","date":"29 de julho de 2024","format":false,"excerpt":"Dispon\u00edvel agora em todo o mundo, 158 pp.PAPERBACK ISBN 9781736275917 $15.00 USEBOOK ISBN 9781736275924 $5.00 US Voc\u00ea pode obter descontos para pedidos em massa para ONGs. Para obter mais informa\u00e7\u00f5es e fazer seu pedido, acesse nossa p\u00e1gina de pedidos em massa. Community Land Trusts and Informal Settlements in the Global\u2026","rel":"","context":"Em &quot;Cat\u00e1logo&quot;","block_context":{"text":"Cat\u00e1logo","link":"https:\/\/www.cltweb.org\/pt-br\/category\/catalogo\/"},"img":{"alt_text":"Global South Book Cover","src":"https:\/\/i0.wp.com\/www.cltweb.org\/wp-content\/uploads\/2024\/10\/Global-South-Cover.jpg?resize=350%2C200&ssl=1","width":350,"height":200,"srcset":"https:\/\/i0.wp.com\/www.cltweb.org\/wp-content\/uploads\/2024\/10\/Global-South-Cover.jpg?resize=350%2C200&ssl=1 1x, https:\/\/i0.wp.com\/www.cltweb.org\/wp-content\/uploads\/2024\/10\/Global-South-Cover.jpg?resize=525%2C300&ssl=1 1.5x, https:\/\/i0.wp.com\/www.cltweb.org\/wp-content\/uploads\/2024\/10\/Global-South-Cover.jpg?resize=700%2C400&ssl=1 2x, https:\/\/i0.wp.com\/www.cltweb.org\/wp-content\/uploads\/2024\/10\/Global-South-Cover.jpg?resize=1050%2C600&ssl=1 3x, https:\/\/i0.wp.com\/www.cltweb.org\/wp-content\/uploads\/2024\/10\/Global-South-Cover.jpg?resize=1400%2C800&ssl=1 4x"},"classes":[]},{"id":891,"url":"https:\/\/www.cltweb.org\/pt-br\/programas-e-projetos\/","url_meta":{"origin":3744,"position":3},"title":"Programas e projetos","author":"cltredesign_0jp0l4","date":"26 de julho de 2024","format":false,"excerpt":"Educa\u00e7\u00e3o Aprimorar o alcance educacional, os recursos e o apoio aos profissionais e \u00e0s comunidades do CLT. Biblioteca on-line e arquivo CLT: Coletar e curar materiais - em v\u00e1rios idiomas - introduzindo o CLT, apresentando estudos de caso, documentando as melhores pr\u00e1ticas e tra\u00e7ando a hist\u00f3ria do movimento CLT. Mapa\u2026","rel":"","context":"Em &quot;N\u00e3o categorizado&quot;","block_context":{"text":"N\u00e3o categorizado","link":"https:\/\/www.cltweb.org\/pt-br\/category\/nao-categorizado\/"},"img":{"alt_text":"","src":"","width":0,"height":0},"classes":[]},{"id":818,"url":"https:\/\/www.cltweb.org\/pt-br\/o-que-os-clts-fazem\/sul-global\/","url_meta":{"origin":3744,"position":4},"title":"Sul Global","author":"cltredesign_0jp0l4","date":"26 de julho de 2024","format":false,"excerpt":"","rel":"","context":"Em &quot;O que os CLTs fazem&quot;","block_context":{"text":"O que os CLTs fazem","link":"https:\/\/www.cltweb.org\/pt-br\/category\/o-que-os-clts-fazem\/"},"img":{"alt_text":"","src":"","width":0,"height":0},"classes":[]},{"id":3763,"url":"https:\/\/www.cltweb.org\/pt-br\/biblioteca-de-recursos\/sul-global\/brasil\/fundo-de-terras-da-comunidade-da-favela\/","url_meta":{"origin":3744,"position":5},"title":"Fundo de Terras da Comunidade da Favela","author":"cltredesign_0jp0l4","date":"19 de outubro de 2024","format":false,"excerpt":"O projeto Favela Community Land Trust (Favela-CLT) nasceu em agosto de 2018, logo ap\u00f3s a cidade do Rio de Janeiro ter passado pela maior onda de despejos de sua hist\u00f3ria. Na ocasi\u00e3o, cerca de 80.000 pessoas foram removidas de suas casas, justificadas pela suposta necessidade de preparar a cidade para\u2026","rel":"","context":"Post similar","block_context":{"text":"Post similar","link":""},"img":{"alt_text":"","src":"","width":0,"height":0},"classes":[]}],"_links":{"self":[{"href":"https:\/\/www.cltweb.org\/pt-br\/wp-json\/wp\/v2\/pages\/3744","targetHints":{"allow":["GET"]}}],"collection":[{"href":"https:\/\/www.cltweb.org\/pt-br\/wp-json\/wp\/v2\/pages"}],"about":[{"href":"https:\/\/www.cltweb.org\/pt-br\/wp-json\/wp\/v2\/types\/page"}],"author":[{"embeddable":true,"href":"https:\/\/www.cltweb.org\/pt-br\/wp-json\/wp\/v2\/users\/1"}],"replies":[{"embeddable":true,"href":"https:\/\/www.cltweb.org\/pt-br\/wp-json\/wp\/v2\/comments?post=3744"}],"version-history":[{"count":16,"href":"https:\/\/www.cltweb.org\/pt-br\/wp-json\/wp\/v2\/pages\/3744\/revisions"}],"predecessor-version":[{"id":8474,"href":"https:\/\/www.cltweb.org\/pt-br\/wp-json\/wp\/v2\/pages\/3744\/revisions\/8474"}],"up":[{"embeddable":true,"href":"https:\/\/www.cltweb.org\/pt-br\/wp-json\/wp\/v2\/pages\/3142"}],"wp:attachment":[{"href":"https:\/\/www.cltweb.org\/pt-br\/wp-json\/wp\/v2\/media?parent=3744"}],"wp:term":[{"taxonomy":"category","embeddable":true,"href":"https:\/\/www.cltweb.org\/pt-br\/wp-json\/wp\/v2\/categories?post=3744"},{"taxonomy":"post_tag","embeddable":true,"href":"https:\/\/www.cltweb.org\/pt-br\/wp-json\/wp\/v2\/tags?post=3744"}],"curies":[{"name":"wp","href":"https:\/\/api.w.org\/{rel}","templated":true}]}}