{"id":3763,"date":"2024-10-19T19:49:11","date_gmt":"2024-10-19T19:49:11","guid":{"rendered":"https:\/\/www.cltweb.org\/biblioteca-de-recursos\/sul-global\/brasil\/fundo-de-terras-da-comunidade-da-favela\/"},"modified":"2024-10-19T19:49:39","modified_gmt":"2024-10-19T19:49:39","slug":"fundo-de-terras-da-comunidade-da-favela","status":"publish","type":"page","link":"https:\/\/www.cltweb.org\/pt-br\/biblioteca-de-recursos\/sul-global\/brasil\/fundo-de-terras-da-comunidade-da-favela\/","title":{"rendered":"Fundo de Terras da Comunidade da Favela"},"content":{"rendered":"\n<p>O projeto Favela Community Land Trust (Favela-CLT) nasceu em agosto de 2018, logo ap\u00f3s a cidade do Rio de Janeiro ter passado pela maior onda de despejos de sua hist\u00f3ria. Na ocasi\u00e3o, cerca de 80.000 pessoas foram removidas de suas casas, justificadas pela suposta necessidade de preparar a cidade para os megaeventos que l\u00e1 foram sediados, especialmente as Olimp\u00edadas de 2016. A enorme escala dessa pol\u00edtica de despejo, aliada a um processo de gentrifica\u00e7\u00e3o que afetou v\u00e1rias favelas, deixou clara a incapacidade dos instrumentos fundi\u00e1rios existentes de garantir a perman\u00eancia dos moradores em seus espa\u00e7os. Diante desse cen\u00e1rio, buscamos novas formas de fortalecer a seguran\u00e7a da posse entre as comunidades do Rio, fazendo conex\u00f5es com um modelo inovador que surgiu nos Estados Unidos na d\u00e9cada de 1960 e que hoje est\u00e1 sendo implementado em todo o mundo: o Community Land Trust (CLT).   <\/p>\n\n<p>O potencial dos TTCs para favelas e outras ocupa\u00e7\u00f5es urbanas foi demonstrado pelas comunidades Ca\u00f1o Mart\u00edn Pe\u00f1a, em Porto Rico, onde um grupo de favelas decidiu adotar o modelo como forma de regularizar seu territ\u00f3rio, chamando-o de Fideicomiso de la Tierra. Uma vez estabelecido o CLT, os moradores passaram a exercer a gest\u00e3o coletiva da terra, com sua posse garantida, protegendo-os contra a remo\u00e7\u00e3o do Estado ou a gentrifica\u00e7\u00e3o especulativa, um risco iminente devido \u00e0 centralidade da \u00e1rea que ocupam e aos investimentos p\u00fablicos nela realizados. <\/p>\n\n<p>A experi\u00eancia de Porto Rico demonstrou que o modelo CLT pode se encaixar muito bem na realidade dos assentamentos informais que est\u00e3o passando por processos de regulariza\u00e7\u00e3o fundi\u00e1ria, desviando-se, assim, da aplica\u00e7\u00e3o cl\u00e1ssica do modelo no Norte Global. Inspirada por essa experi\u00eancia, em agosto de 2018, a ONG Catalytic Communities convidou v\u00e1rios membros do Fideicomiso de la Tierra Ca\u00f1o Mart\u00edn Pe\u00f1a ao Rio de Janeiro para oferecer uma s\u00e9rie de workshops aos atores locais. O principal objetivo desses workshops foi aprender com a experi\u00eancia de Puerto Riquean, entender melhor o modelo e discutir como ele poderia ser \u00fatil para promover moradias acess\u00edveis no Brasil.  <\/p>\n\n<p>Ap\u00f3s 5 dias de workshops, foi decidido que seria formado um Grupo de Trabalho permanente, com reuni\u00f5es regulares, para estudar o CLT com mais profundidade, disseminando o conhecimento sobre ele e pensando em como poderia ser implementado no Brasil. A composi\u00e7\u00e3o do grupo era diversa em sua origem, incluindo l\u00edderes comunit\u00e1rios, representantes de \u00f3rg\u00e3os p\u00fablicos, universidades, arquitetos e urbanistas e estudantes. Logo no in\u00edcio, foram estabelecidas duas frentes principais de trabalho: mobiliza\u00e7\u00e3o (com o objetivo de organizar atividades nas comunidades interessadas) e legisla\u00e7\u00e3o (com o objetivo de encontrar solu\u00e7\u00f5es legais para a aplica\u00e7\u00e3o do CLT e construir propostas para regulamentar o modelo e facilitar seu uso).  <\/p>\n\n<p>Logo no in\u00edcio, foi necess\u00e1rio adotar uma nova nomenclatura para o modelo. O nome Community Land Trust n\u00e3o poderia ser replicado literalmente em portugu\u00eas, n\u00e3o s\u00f3 por sua dif\u00edcil compreens\u00e3o, mas tamb\u00e9m pelas diferen\u00e7as entre os sistemas jur\u00eddicos do Brasil e dos EUA. Assim, foi formulado o nome Termo Territorial Coletivo, que consegue captar a ess\u00eancia do modelo: seu car\u00e1ter consensual e de livre manifesta\u00e7\u00e3o da vontade &#8211; um acordo, um termo -, o objeto sob o qual pretende operar &#8211; o territ\u00f3rio &#8211; e, por fim, seu aspecto comunit\u00e1rio e sua forma de organiza\u00e7\u00e3o &#8211; fundamentalmente coletiva. N\u00e3o se trata de uma mera tradu\u00e7\u00e3o, mas de uma adapta\u00e7\u00e3o do modelo \u00e0 realidade brasileira, mantendo suas caracter\u00edsticas fundamentais, mas introduzindo novos elementos.   <\/p>\n\n<p>Assim, nasceu o Projeto Favela-CLT, cuja estrutura b\u00e1sica se mant\u00e9m at\u00e9 hoje. A diversidade de atores que participam do Grupo de Trabalho \u00e9 um dos aspectos mais importantes do projeto, permitindo a cria\u00e7\u00e3o de um ambiente f\u00e9rtil para o interc\u00e2mbio e a colabora\u00e7\u00e3o. Desde o in\u00edcio, duas comunidades do Rio de Janeiro se apresentaram como poss\u00edveis projetos-piloto, nos quais come\u00e7ou a se desenvolver um longo processo de organiza\u00e7\u00e3o comunit\u00e1ria, com ampla participa\u00e7\u00e3o dos moradores.  <\/p>\n\n<p>Atualmente, o Grupo de Trabalho conta com mais de 200 membros. O interesse p\u00fablico pelo Favela-CLT cresceu substancialmente, ultrapassando as fronteiras do Rio de Janeiro, e hoje mantemos contato com atores em diferentes estados do pa\u00eds que desejam trabalhar com o modelo. Em 2021, realizamos a primeira Audi\u00eancia P\u00fablica sobre o tema, na C\u00e2mara Municipal do Rio de Janeiro, e tamb\u00e9m vimos a aprova\u00e7\u00e3o da primeira lei que regulamenta o modelo no Brasil.  <\/p>\n\n<p>O Grupo de Trabalho Favela-CLT est\u00e1 aberto e todos que quiserem contribuir podem participar!<\/p>\n","protected":false},"excerpt":{"rendered":"<p>O projeto Favela Community Land Trust (Favela-CLT) nasceu em agosto de 2018, logo ap\u00f3s a cidade do Rio de Janeiro ter passado pela maior onda de despejos de sua hist\u00f3ria. [&hellip;]<\/p>\n","protected":false},"author":1,"featured_media":0,"parent":3744,"menu_order":0,"comment_status":"closed","ping_status":"closed","template":"","meta":{"give_campaign_id":0,"_tec_requires_first_save":true,"_kad_blocks_custom_css":"","_kad_blocks_head_custom_js":"","_kad_blocks_body_custom_js":"","_kad_blocks_footer_custom_js":"","_EventAllDay":false,"_EventTimezone":"","_EventStartDate":"","_EventEndDate":"","_EventStartDateUTC":"","_EventEndDateUTC":"","_EventShowMap":false,"_EventShowMapLink":false,"_EventURL":"","_EventCost":"","_EventCostDescription":"","_EventCurrencySymbol":"","_EventCurrencyCode":"","_EventCurrencyPosition":"","_EventDateTimeSeparator":"","_EventTimeRangeSeparator":"","_EventOrganizerID":[],"_EventVenueID":[],"_OrganizerEmail":"","_OrganizerPhone":"","_OrganizerWebsite":"","_VenueAddress":"","_VenueCity":"","_VenueCountry":"","_VenueProvince":"","_VenueState":"","_VenueZip":"","_VenuePhone":"","_VenueURL":"","_VenueStateProvince":"","_VenueLat":"","_VenueLng":"","_VenueShowMap":false,"_VenueShowMapLink":false,"_tribe_blocks_recurrence_rules":"","_tribe_blocks_recurrence_description":"","_tribe_blocks_recurrence_exclusions":"","footnotes":""},"categories":[],"tags":[],"class_list":["post-3763","page","type-page","status-publish","hentry"],"blocksy_meta":[],"yoast_head":"<!-- This site is optimized with the Yoast SEO Premium plugin v27.5 (Yoast SEO v27.5) - https:\/\/yoast.com\/product\/yoast-seo-premium-wordpress\/ -->\n<title>Fundo de Terras da Comunidade da Favela - International Center for Community Land Trusts<\/title>\n<meta name=\"robots\" content=\"index, follow, max-snippet:-1, max-image-preview:large, max-video-preview:-1\" \/>\n<link rel=\"canonical\" href=\"https:\/\/www.cltweb.org\/pt-br\/biblioteca-de-recursos\/sul-global\/brasil\/fundo-de-terras-da-comunidade-da-favela\/\" \/>\n<meta property=\"og:locale\" content=\"pt_BR\" \/>\n<meta property=\"og:type\" content=\"article\" \/>\n<meta property=\"og:title\" content=\"Fundo de Terras da Comunidade da Favela\" \/>\n<meta property=\"og:description\" content=\"O projeto Favela Community Land Trust (Favela-CLT) nasceu em agosto de 2018, logo ap\u00f3s a cidade do Rio de Janeiro ter passado pela maior onda de despejos de sua hist\u00f3ria. [&hellip;]\" \/>\n<meta property=\"og:url\" content=\"https:\/\/www.cltweb.org\/pt-br\/biblioteca-de-recursos\/sul-global\/brasil\/fundo-de-terras-da-comunidade-da-favela\/\" \/>\n<meta property=\"og:site_name\" content=\"International Center for Community Land Trusts\" \/>\n<meta property=\"article:publisher\" content=\"https:\/\/www.facebook.com\/cltcenter\" \/>\n<meta property=\"article:modified_time\" content=\"2024-10-19T19:49:39+00:00\" \/>\n<meta name=\"twitter:card\" content=\"summary_large_image\" \/>\n<meta name=\"twitter:site\" content=\"@Center4CLTs\" \/>\n<meta name=\"twitter:label1\" content=\"Est. tempo de leitura\" \/>\n\t<meta name=\"twitter:data1\" content=\"4 minutos\" \/>\n<script type=\"application\/ld+json\" class=\"yoast-schema-graph\">{\"@context\":\"https:\\\/\\\/schema.org\",\"@graph\":[{\"@type\":\"WebPage\",\"@id\":\"https:\\\/\\\/www.cltweb.org\\\/pt-br\\\/biblioteca-de-recursos\\\/sul-global\\\/brasil\\\/fundo-de-terras-da-comunidade-da-favela\\\/\",\"url\":\"https:\\\/\\\/www.cltweb.org\\\/pt-br\\\/biblioteca-de-recursos\\\/sul-global\\\/brasil\\\/fundo-de-terras-da-comunidade-da-favela\\\/\",\"name\":\"Fundo de Terras da Comunidade da Favela - International Center for Community Land Trusts\",\"isPartOf\":{\"@id\":\"https:\\\/\\\/www.cltweb.org\\\/pt-br\\\/#website\"},\"datePublished\":\"2024-10-19T19:49:11+00:00\",\"dateModified\":\"2024-10-19T19:49:39+00:00\",\"breadcrumb\":{\"@id\":\"https:\\\/\\\/www.cltweb.org\\\/pt-br\\\/biblioteca-de-recursos\\\/sul-global\\\/brasil\\\/fundo-de-terras-da-comunidade-da-favela\\\/#breadcrumb\"},\"inLanguage\":\"pt-BR\",\"potentialAction\":[{\"@type\":\"ReadAction\",\"target\":[\"https:\\\/\\\/www.cltweb.org\\\/pt-br\\\/biblioteca-de-recursos\\\/sul-global\\\/brasil\\\/fundo-de-terras-da-comunidade-da-favela\\\/\"]}]},{\"@type\":\"BreadcrumbList\",\"@id\":\"https:\\\/\\\/www.cltweb.org\\\/pt-br\\\/biblioteca-de-recursos\\\/sul-global\\\/brasil\\\/fundo-de-terras-da-comunidade-da-favela\\\/#breadcrumb\",\"itemListElement\":[{\"@type\":\"ListItem\",\"position\":1,\"name\":\"Home\",\"item\":\"https:\\\/\\\/www.cltweb.org\\\/pt-br\\\/\"},{\"@type\":\"ListItem\",\"position\":2,\"name\":\"Biblioteca de recursos\",\"item\":\"https:\\\/\\\/www.cltweb.org\\\/pt-br\\\/biblioteca-de-recursos\\\/\"},{\"@type\":\"ListItem\",\"position\":3,\"name\":\"Sul Global\",\"item\":\"https:\\\/\\\/www.cltweb.org\\\/pt-br\\\/biblioteca-de-recursos\\\/sul-global\\\/\"},{\"@type\":\"ListItem\",\"position\":4,\"name\":\"Brasil\",\"item\":\"https:\\\/\\\/www.cltweb.org\\\/pt-br\\\/biblioteca-de-recursos\\\/sul-global\\\/brasil\\\/\"},{\"@type\":\"ListItem\",\"position\":5,\"name\":\"Fundo de Terras da Comunidade da Favela\"}]},{\"@type\":\"WebSite\",\"@id\":\"https:\\\/\\\/www.cltweb.org\\\/pt-br\\\/#website\",\"url\":\"https:\\\/\\\/www.cltweb.org\\\/pt-br\\\/\",\"name\":\"International Center for Community Land Trusts\",\"description\":\"\",\"publisher\":{\"@id\":\"https:\\\/\\\/www.cltweb.org\\\/pt-br\\\/#organization\"},\"potentialAction\":[{\"@type\":\"SearchAction\",\"target\":{\"@type\":\"EntryPoint\",\"urlTemplate\":\"https:\\\/\\\/www.cltweb.org\\\/pt-br\\\/?s={search_term_string}\"},\"query-input\":{\"@type\":\"PropertyValueSpecification\",\"valueRequired\":true,\"valueName\":\"search_term_string\"}}],\"inLanguage\":\"pt-BR\"},{\"@type\":\"Organization\",\"@id\":\"https:\\\/\\\/www.cltweb.org\\\/pt-br\\\/#organization\",\"name\":\"International Center for Community Land Trusts\",\"url\":\"https:\\\/\\\/www.cltweb.org\\\/pt-br\\\/\",\"logo\":{\"@type\":\"ImageObject\",\"inLanguage\":\"pt-BR\",\"@id\":\"https:\\\/\\\/www.cltweb.org\\\/pt-br\\\/#\\\/schema\\\/logo\\\/image\\\/\",\"url\":\"https:\\\/\\\/www.cltweb.org\\\/wp-content\\\/uploads\\\/2024\\\/11\\\/New-CLT-Center-Text-logo.png\",\"contentUrl\":\"https:\\\/\\\/www.cltweb.org\\\/wp-content\\\/uploads\\\/2024\\\/11\\\/New-CLT-Center-Text-logo.png\",\"width\":227,\"height\":80,\"caption\":\"International Center for Community Land Trusts\"},\"image\":{\"@id\":\"https:\\\/\\\/www.cltweb.org\\\/pt-br\\\/#\\\/schema\\\/logo\\\/image\\\/\"},\"sameAs\":[\"https:\\\/\\\/www.facebook.com\\\/cltcenter\",\"https:\\\/\\\/x.com\\\/Center4CLTs\",\"https:\\\/\\\/www.instagram.com\\\/cltcenter\\\/\",\"https:\\\/\\\/www.linkedin.com\\\/company\\\/cltcenter\",\"https:\\\/\\\/www.youtube.com\\\/@centerforcltinnovation5313\"],\"description\":\"The International Center for Community Land Trusts is a not-for-profit nongovernmental organization established in 2018 to promote and to support community land trusts and similar strategies of community-led development on community-owned land in countries throughout the world.\",\"email\":\"info@communitylandtrust.net\",\"legalName\":\"International Center for Community Land Trusts\",\"foundingDate\":\"2018-12-01\",\"taxID\":\"84-3858933\",\"numberOfEmployees\":{\"@type\":\"QuantitativeValue\",\"minValue\":\"1\",\"maxValue\":\"10\"}}]}<\/script>\n<!-- \/ Yoast SEO Premium plugin. -->","yoast_head_json":{"title":"Fundo de Terras da Comunidade da Favela - International Center for Community Land Trusts","robots":{"index":"index","follow":"follow","max-snippet":"max-snippet:-1","max-image-preview":"max-image-preview:large","max-video-preview":"max-video-preview:-1"},"canonical":"https:\/\/www.cltweb.org\/pt-br\/biblioteca-de-recursos\/sul-global\/brasil\/fundo-de-terras-da-comunidade-da-favela\/","og_locale":"pt_BR","og_type":"article","og_title":"Fundo de Terras da Comunidade da Favela","og_description":"O projeto Favela Community Land Trust (Favela-CLT) nasceu em agosto de 2018, logo ap\u00f3s a cidade do Rio de Janeiro ter passado pela maior onda de despejos de sua hist\u00f3ria. [&hellip;]","og_url":"https:\/\/www.cltweb.org\/pt-br\/biblioteca-de-recursos\/sul-global\/brasil\/fundo-de-terras-da-comunidade-da-favela\/","og_site_name":"International Center for Community Land Trusts","article_publisher":"https:\/\/www.facebook.com\/cltcenter","article_modified_time":"2024-10-19T19:49:39+00:00","twitter_card":"summary_large_image","twitter_site":"@Center4CLTs","twitter_misc":{"Est. tempo de leitura":"4 minutos"},"schema":{"@context":"https:\/\/schema.org","@graph":[{"@type":"WebPage","@id":"https:\/\/www.cltweb.org\/pt-br\/biblioteca-de-recursos\/sul-global\/brasil\/fundo-de-terras-da-comunidade-da-favela\/","url":"https:\/\/www.cltweb.org\/pt-br\/biblioteca-de-recursos\/sul-global\/brasil\/fundo-de-terras-da-comunidade-da-favela\/","name":"Fundo de Terras da Comunidade da Favela - International Center for Community Land Trusts","isPartOf":{"@id":"https:\/\/www.cltweb.org\/pt-br\/#website"},"datePublished":"2024-10-19T19:49:11+00:00","dateModified":"2024-10-19T19:49:39+00:00","breadcrumb":{"@id":"https:\/\/www.cltweb.org\/pt-br\/biblioteca-de-recursos\/sul-global\/brasil\/fundo-de-terras-da-comunidade-da-favela\/#breadcrumb"},"inLanguage":"pt-BR","potentialAction":[{"@type":"ReadAction","target":["https:\/\/www.cltweb.org\/pt-br\/biblioteca-de-recursos\/sul-global\/brasil\/fundo-de-terras-da-comunidade-da-favela\/"]}]},{"@type":"BreadcrumbList","@id":"https:\/\/www.cltweb.org\/pt-br\/biblioteca-de-recursos\/sul-global\/brasil\/fundo-de-terras-da-comunidade-da-favela\/#breadcrumb","itemListElement":[{"@type":"ListItem","position":1,"name":"Home","item":"https:\/\/www.cltweb.org\/pt-br\/"},{"@type":"ListItem","position":2,"name":"Biblioteca de recursos","item":"https:\/\/www.cltweb.org\/pt-br\/biblioteca-de-recursos\/"},{"@type":"ListItem","position":3,"name":"Sul Global","item":"https:\/\/www.cltweb.org\/pt-br\/biblioteca-de-recursos\/sul-global\/"},{"@type":"ListItem","position":4,"name":"Brasil","item":"https:\/\/www.cltweb.org\/pt-br\/biblioteca-de-recursos\/sul-global\/brasil\/"},{"@type":"ListItem","position":5,"name":"Fundo de Terras da Comunidade da Favela"}]},{"@type":"WebSite","@id":"https:\/\/www.cltweb.org\/pt-br\/#website","url":"https:\/\/www.cltweb.org\/pt-br\/","name":"International Center for Community Land Trusts","description":"","publisher":{"@id":"https:\/\/www.cltweb.org\/pt-br\/#organization"},"potentialAction":[{"@type":"SearchAction","target":{"@type":"EntryPoint","urlTemplate":"https:\/\/www.cltweb.org\/pt-br\/?s={search_term_string}"},"query-input":{"@type":"PropertyValueSpecification","valueRequired":true,"valueName":"search_term_string"}}],"inLanguage":"pt-BR"},{"@type":"Organization","@id":"https:\/\/www.cltweb.org\/pt-br\/#organization","name":"International Center for Community Land Trusts","url":"https:\/\/www.cltweb.org\/pt-br\/","logo":{"@type":"ImageObject","inLanguage":"pt-BR","@id":"https:\/\/www.cltweb.org\/pt-br\/#\/schema\/logo\/image\/","url":"https:\/\/www.cltweb.org\/wp-content\/uploads\/2024\/11\/New-CLT-Center-Text-logo.png","contentUrl":"https:\/\/www.cltweb.org\/wp-content\/uploads\/2024\/11\/New-CLT-Center-Text-logo.png","width":227,"height":80,"caption":"International Center for Community Land Trusts"},"image":{"@id":"https:\/\/www.cltweb.org\/pt-br\/#\/schema\/logo\/image\/"},"sameAs":["https:\/\/www.facebook.com\/cltcenter","https:\/\/x.com\/Center4CLTs","https:\/\/www.instagram.com\/cltcenter\/","https:\/\/www.linkedin.com\/company\/cltcenter","https:\/\/www.youtube.com\/@centerforcltinnovation5313"],"description":"The International Center for Community Land Trusts is a not-for-profit nongovernmental organization established in 2018 to promote and to support community land trusts and similar strategies of community-led development on community-owned land in countries throughout the world.","email":"info@communitylandtrust.net","legalName":"International Center for Community Land Trusts","foundingDate":"2018-12-01","taxID":"84-3858933","numberOfEmployees":{"@type":"QuantitativeValue","minValue":"1","maxValue":"10"}}]}},"campaignId":"","taxonomy_info":[],"featured_image_src_large":false,"author_info":{"display_name":"cltredesign_0jp0l4","author_link":"https:\/\/www.cltweb.org\/pt-br\/author\/cltredesign_0jp0l4\/"},"comment_info":0,"jetpack_sharing_enabled":true,"jetpack-related-posts":[{"id":3778,"url":"https:\/\/www.cltweb.org\/resources\/global-south\/brazil\/projeto-do-termo-territorial-coletivo\/","url_meta":{"origin":3763,"position":0},"title":"Projeto do Termo Territorial Coletivo","author":"cltredesign_0jp0l4","date":"19 de outubro de 2024","format":false,"excerpt":"O Projeto do Termo Territorial Coletivo nasceu em 2018, pouco tempo depois da cidade do Rio de Janeiro passar pela maior onda de remo\u00e7\u00f5es da sua hist\u00f3ria. Na ocasi\u00e3o, cerca de 80.000 pessoas foram retiradas das suas casas, sob justificativa da necessidade de preparar a cidade para os megaeventos que\u2026","rel":"","context":"Post similar","block_context":{"text":"Post similar","link":""},"img":{"alt_text":"","src":"","width":0,"height":0},"classes":[]},{"id":3787,"url":"https:\/\/www.cltweb.org\/pt-br\/biblioteca-de-recursos\/sul-global\/brasil\/projeto-do-termo-territorial-coletivo\/","url_meta":{"origin":3763,"position":1},"title":"Projeto do Termo Territorial Coletivo","author":"cltredesign_0jp0l4","date":"19 de outubro de 2024","format":false,"excerpt":"O Projeto do Termo Territorial Coletivo nasceu em 2018, pouco tempo depois da cidade do Rio de Janeiro passar pela maior onda de remo\u00e7\u00f5es da sua hist\u00f3ria. Na ocasi\u00e3o, cerca de 80.000 pessoas foram retiradas de suas casas, o que justifica a necessidade de preparar a cidade para os megaeventos\u2026","rel":"","context":"Post similar","block_context":{"text":"Post similar","link":""},"img":{"alt_text":"","src":"","width":0,"height":0},"classes":[]},{"id":3744,"url":"https:\/\/www.cltweb.org\/pt-br\/biblioteca-de-recursos\/sul-global\/brasil\/","url_meta":{"origin":3763,"position":2},"title":"Brasil","author":"cltredesign_0jp0l4","date":"19 de outubro de 2024","format":false,"excerpt":"Termo Territorial ColetivoLiderados pela Catalytic Communities, os fundos comunit\u00e1rios de terras est\u00e3o sendo estabelecidos no Rio de Janeiro - e um novo movimento nacional est\u00e1 sendo constru\u00eddo. O projeto brasileiro Favela Community Land Trust(Termo Territorial Coletivo), desenvolvido pela Catalytic Communities em parceria com v\u00e1rios \u00f3rg\u00e3os p\u00fablicos, institui\u00e7\u00f5es privadas, universidades e\u2026","rel":"","context":"Em &quot;Sul Global&quot;","block_context":{"text":"Sul Global","link":"https:\/\/www.cltweb.org\/pt-br\/category\/sul-global\/"},"img":{"alt_text":"","src":"https:\/\/i0.wp.com\/www.cltweb.org\/wp-content\/uploads\/2024\/10\/TTC-logo.png?resize=350%2C200&ssl=1","width":350,"height":200},"classes":[]},{"id":4465,"url":"https:\/\/www.cltweb.org\/pt-br\/biblioteca-de-recursos\/entrevistas\/garantia-dos-direitos-a-terra-clts-em-assentamentos-informais-2020\/","url_meta":{"origin":3763,"position":3},"title":"Garantia dos direitos \u00e0 terra: CLTs em assentamentos informais (2020)","author":"cltredesign_0jp0l4","date":"22 de outubro de 2024","format":false,"excerpt":"Em 29 de outubro de 2020, a World Habitat apresentou um painel de discuss\u00e3o com foco no papel do fundo comunit\u00e1rio de terras na garantia dos direitos \u00e0 terra para os moradores de assentamentos informais. Entre os participantes do painel estavam: Mariolga Juli\u00e1 Pacheco e Don Jos\u00e9 Caraballo, do CLT\u2026","rel":"","context":"Em &quot;Entrevistas&quot;","block_context":{"text":"Entrevistas","link":"https:\/\/www.cltweb.org\/pt-br\/category\/entrevistas-pt-br\/"},"img":{"alt_text":"","src":"","width":0,"height":0},"classes":[]},{"id":1625,"url":"https:\/\/www.cltweb.org\/pt-br\/terra-nostra-press\/catalogo\/em-um-terreno-comum-perspectivas-internacionais-sobre-o-community-land-trust\/","url_meta":{"origin":3763,"position":4},"title":"Em um terreno comum","author":"cltredesign_0jp0l4","date":"29 de julho de 2024","format":false,"excerpt":"On Common Ground: International Perspectives on the Community Land Trust \u00e9 uma colet\u00e2nea de vinte e seis ensaios originais, escritos por quarenta e dois acad\u00eamicos e profissionais de uma d\u00fazia de pa\u00edses, tra\u00e7ando o crescimento e a diversifica\u00e7\u00e3o do movimento internacional de community land trust. Dispon\u00edvel agora em todo o\u2026","rel":"","context":"Em &quot;Cat\u00e1logo&quot;","block_context":{"text":"Cat\u00e1logo","link":"https:\/\/www.cltweb.org\/pt-br\/category\/catalogo\/"},"img":{"alt_text":"","src":"https:\/\/i0.wp.com\/www.cltweb.org\/wp-content\/uploads\/2024\/08\/On_Common_Ground_cover-scaled.jpg?resize=350%2C200&ssl=1","width":350,"height":200,"srcset":"https:\/\/i0.wp.com\/www.cltweb.org\/wp-content\/uploads\/2024\/08\/On_Common_Ground_cover-scaled.jpg?resize=350%2C200&ssl=1 1x, https:\/\/i0.wp.com\/www.cltweb.org\/wp-content\/uploads\/2024\/08\/On_Common_Ground_cover-scaled.jpg?resize=525%2C300&ssl=1 1.5x, https:\/\/i0.wp.com\/www.cltweb.org\/wp-content\/uploads\/2024\/08\/On_Common_Ground_cover-scaled.jpg?resize=700%2C400&ssl=1 2x, https:\/\/i0.wp.com\/www.cltweb.org\/wp-content\/uploads\/2024\/08\/On_Common_Ground_cover-scaled.jpg?resize=1050%2C600&ssl=1 3x, https:\/\/i0.wp.com\/www.cltweb.org\/wp-content\/uploads\/2024\/08\/On_Common_Ground_cover-scaled.jpg?resize=1400%2C800&ssl=1 4x"},"classes":[]},{"id":3789,"url":"https:\/\/www.cltweb.org\/de\/ressourcenbibliothek\/globaler-sueden\/brasilien\/projeto-do-termo-territorial-coletivo\/","url_meta":{"origin":3763,"position":5},"title":"Projeto do Termo Territorial Coletivo","author":"cltredesign_0jp0l4","date":"19 de outubro de 2024","format":false,"excerpt":"O Projeto do Termo Territorial Coletivo nasceu em 2018, pouco tempo depois da cidade do Rio de Janeiro passar pela maior onda de remo\u00e7\u00f5es da sua hist\u00f3ria. Bei dieser Gelegenheit wurden ca. 80.000 Menschen aus ihren H\u00e4usern vertrieben, was die Notwendigkeit unterstreicht, die Stadt auf die Mega-Events vorzubereiten, die hier\u2026","rel":"","context":"Post similar","block_context":{"text":"Post similar","link":""},"img":{"alt_text":"","src":"","width":0,"height":0},"classes":[]}],"_links":{"self":[{"href":"https:\/\/www.cltweb.org\/pt-br\/wp-json\/wp\/v2\/pages\/3763","targetHints":{"allow":["GET"]}}],"collection":[{"href":"https:\/\/www.cltweb.org\/pt-br\/wp-json\/wp\/v2\/pages"}],"about":[{"href":"https:\/\/www.cltweb.org\/pt-br\/wp-json\/wp\/v2\/types\/page"}],"author":[{"embeddable":true,"href":"https:\/\/www.cltweb.org\/pt-br\/wp-json\/wp\/v2\/users\/1"}],"replies":[{"embeddable":true,"href":"https:\/\/www.cltweb.org\/pt-br\/wp-json\/wp\/v2\/comments?post=3763"}],"version-history":[{"count":1,"href":"https:\/\/www.cltweb.org\/pt-br\/wp-json\/wp\/v2\/pages\/3763\/revisions"}],"predecessor-version":[{"id":3764,"href":"https:\/\/www.cltweb.org\/pt-br\/wp-json\/wp\/v2\/pages\/3763\/revisions\/3764"}],"up":[{"embeddable":true,"href":"https:\/\/www.cltweb.org\/pt-br\/wp-json\/wp\/v2\/pages\/3744"}],"wp:attachment":[{"href":"https:\/\/www.cltweb.org\/pt-br\/wp-json\/wp\/v2\/media?parent=3763"}],"wp:term":[{"taxonomy":"category","embeddable":true,"href":"https:\/\/www.cltweb.org\/pt-br\/wp-json\/wp\/v2\/categories?post=3763"},{"taxonomy":"post_tag","embeddable":true,"href":"https:\/\/www.cltweb.org\/pt-br\/wp-json\/wp\/v2\/tags?post=3763"}],"curies":[{"name":"wp","href":"https:\/\/api.w.org\/{rel}","templated":true}]}}